{"version":"1.0","provider_name":"Lek\u00e1rska fakulta | UPJ\u0160","provider_url":"https:\/\/www.upjs.sk\/lekarska-fakulta","title":"Inform\u00e1cia o obmedzen\u00ed parkovania a pohybu os\u00f4b po\u010das prij\u00edmac\u00edch sk\u00fa\u0161ok - Lek\u00e1rska fakulta | UPJ\u0160","type":"rich","width":600,"height":338,"html":"<blockquote class=\"wp-embedded-content\" data-secret=\"F6nvsTtgbO\"><a href=\"https:\/\/www.upjs.sk\/lekarska-fakulta\/actual-news\/23360\/\">Inform\u00e1cia o obmedzen\u00ed parkovania a pohybu os\u00f4b po\u010das prij\u00edmac\u00edch sk\u00fa\u0161ok<\/a><\/blockquote><iframe sandbox=\"allow-scripts\" security=\"restricted\" src=\"https:\/\/www.upjs.sk\/lekarska-fakulta\/actual-news\/23360\/embed\/#?secret=F6nvsTtgbO\" width=\"600\" height=\"338\" title=\"&#8220;Inform\u00e1cia o obmedzen\u00ed parkovania a pohybu os\u00f4b po\u010das prij\u00edmac\u00edch sk\u00fa\u0161ok&#8221; &#8212; Lek\u00e1rska fakulta | UPJ\u0160\" data-secret=\"F6nvsTtgbO\" frameborder=\"0\" marginwidth=\"0\" marginheight=\"0\" scrolling=\"no\" class=\"wp-embedded-content\"><\/iframe><script>\n\/*! This file is auto-generated *\/\n!function(d,l){\"use strict\";l.querySelector&&d.addEventListener&&\"undefined\"!=typeof URL&&(d.wp=d.wp||{},d.wp.receiveEmbedMessage||(d.wp.receiveEmbedMessage=function(e){var t=e.data;if((t||t.secret||t.message||t.value)&&!\/[^a-zA-Z0-9]\/.test(t.secret)){for(var s,r,n,a=l.querySelectorAll('iframe[data-secret=\"'+t.secret+'\"]'),o=l.querySelectorAll('blockquote[data-secret=\"'+t.secret+'\"]'),c=new RegExp(\"^https?:$\",\"i\"),i=0;i<o.length;i++)o[i].style.display=\"none\";for(i=0;i<a.length;i++)s=a[i],e.source===s.contentWindow&&(s.removeAttribute(\"style\"),\"height\"===t.message?(1e3<(r=parseInt(t.value,10))?r=1e3:~~r<200&&(r=200),s.height=r):\"link\"===t.message&&(r=new URL(s.getAttribute(\"src\")),n=new URL(t.value),c.test(n.protocol))&&n.host===r.host&&l.activeElement===s&&(d.top.location.href=t.value))}},d.addEventListener(\"message\",d.wp.receiveEmbedMessage,!1),l.addEventListener(\"DOMContentLoaded\",function(){for(var e,t,s=l.querySelectorAll(\"iframe.wp-embedded-content\"),r=0;r<s.length;r++)(t=(e=s[r]).getAttribute(\"data-secret\"))||(t=Math.random().toString(36).substring(2,12),e.src+=\"#?secret=\"+t,e.setAttribute(\"data-secret\",t)),e.contentWindow.postMessage({message:\"ready\",secret:t},\"*\")},!1)))}(window,document);\n\/\/# sourceURL=https:\/\/www.upjs.sk\/lekarska-fakulta\/wp-includes\/js\/wp-embed.min.js\n<\/script>\n","thumbnail_url":"https:\/\/www.upjs.sk\/app\/uploads\/sites\/9\/2022\/09\/akualita2.jpg","thumbnail_width":450,"thumbnail_height":250,"description":"V s\u00favislosti s konan\u00edm prij\u00edmac\u00edch sk\u00fa\u0161ok na Lek\u00e1rsku fakultu UPJ\u0160 v Ko\u0161iciach v d\u0148och 29.6.-3.7.2020 informujeme uch\u00e1dza\u010dov o \u0161t\u00fadium a ich rodi\u010dov o obmedzen\u00ed parkovania pred budovou LF a pohybu os\u00f4b v budove LF..."}