{"version":"1.0","provider_name":"Lek\u00e1rska fakulta | UPJ\u0160","provider_url":"https:\/\/www.upjs.sk\/lekarska-fakulta","title":"Predstavujeme nov\u00fdch prodekanov - Lek\u00e1rska fakulta | UPJ\u0160","type":"rich","width":600,"height":338,"html":"<blockquote class=\"wp-embedded-content\" data-secret=\"MvzQgV5TWW\"><a href=\"https:\/\/www.upjs.sk\/lekarska-fakulta\/actuality\/predstavujeme-vam-novych-prodekanov\/\">Predstavujeme nov\u00fdch prodekanov<\/a><\/blockquote><iframe sandbox=\"allow-scripts\" security=\"restricted\" src=\"https:\/\/www.upjs.sk\/lekarska-fakulta\/actuality\/predstavujeme-vam-novych-prodekanov\/embed\/#?secret=MvzQgV5TWW\" width=\"600\" height=\"338\" title=\"&#8220;Predstavujeme nov\u00fdch prodekanov&#8221; &#8212; Lek\u00e1rska fakulta | UPJ\u0160\" data-secret=\"MvzQgV5TWW\" frameborder=\"0\" marginwidth=\"0\" marginheight=\"0\" scrolling=\"no\" class=\"wp-embedded-content\"><\/iframe><script>\n\/*! This file is auto-generated *\/\n!function(d,l){\"use strict\";l.querySelector&&d.addEventListener&&\"undefined\"!=typeof URL&&(d.wp=d.wp||{},d.wp.receiveEmbedMessage||(d.wp.receiveEmbedMessage=function(e){var t=e.data;if((t||t.secret||t.message||t.value)&&!\/[^a-zA-Z0-9]\/.test(t.secret)){for(var s,r,n,a=l.querySelectorAll('iframe[data-secret=\"'+t.secret+'\"]'),o=l.querySelectorAll('blockquote[data-secret=\"'+t.secret+'\"]'),c=new RegExp(\"^https?:$\",\"i\"),i=0;i<o.length;i++)o[i].style.display=\"none\";for(i=0;i<a.length;i++)s=a[i],e.source===s.contentWindow&&(s.removeAttribute(\"style\"),\"height\"===t.message?(1e3<(r=parseInt(t.value,10))?r=1e3:~~r<200&&(r=200),s.height=r):\"link\"===t.message&&(r=new URL(s.getAttribute(\"src\")),n=new URL(t.value),c.test(n.protocol))&&n.host===r.host&&l.activeElement===s&&(d.top.location.href=t.value))}},d.addEventListener(\"message\",d.wp.receiveEmbedMessage,!1),l.addEventListener(\"DOMContentLoaded\",function(){for(var e,t,s=l.querySelectorAll(\"iframe.wp-embedded-content\"),r=0;r<s.length;r++)(t=(e=s[r]).getAttribute(\"data-secret\"))||(t=Math.random().toString(36).substring(2,12),e.src+=\"#?secret=\"+t,e.setAttribute(\"data-secret\",t)),e.contentWindow.postMessage({message:\"ready\",secret:t},\"*\")},!1)))}(window,document);\n\/\/# sourceURL=https:\/\/www.upjs.sk\/lekarska-fakulta\/wp-includes\/js\/wp-embed.min.js\n<\/script>\n","thumbnail_url":"https:\/\/www.upjs.sk\/app\/uploads\/sites\/9\/2023\/08\/budovaLF.jpg","thumbnail_width":450,"thumbnail_height":257,"description":"V\u00a0s\u00favislosti so zmenou vedenia Univerzity Pavla Jozefa \u0160af\u00e1rika v\u00a0Ko\u0161iciach do\u0161lo v\u00a0utorok 22. augusta 2023 s\u00fa\u010dasne k\u00a0zmene na niektor\u00fdch prodekansk\u00fdch funkci\u00e1ch na na\u0161ej fakulte. Poverovacie dekr\u00e9ty odovzdal nov\u00fdm prodekanom dekan UPJ\u0160 LF prof. MUDr. Peter Jar\u010du\u0161ka, PhD. a zaprial im ve\u013ea s\u00edl,\u00a0entuziazmu a \u00faspechov v\u00a0tejto zodpovednej funkcii. Nov\u00fdmi prodekanmi s\u00fa: Poveren\u00fdm prodekanom srde\u010dne gratulujeme! a prajeme &hellip; \u010c\u00edta\u0165 \u010falej"}