{"version":"1.0","provider_name":"Lek\u00e1rska fakulta | UPJ\u0160","provider_url":"https:\/\/www.upjs.sk\/lekarska-fakulta","title":"Podujatia v roku 2009 - Lek\u00e1rska fakulta | UPJ\u0160","type":"rich","width":600,"height":338,"html":"<blockquote class=\"wp-embedded-content\" data-secret=\"ok8q7bwcwc\"><a href=\"https:\/\/www.upjs.sk\/lekarska-fakulta\/fakulta\/konferencie-a-podujatia\/podujatia-2009\/\">Podujatia v roku 2009<\/a><\/blockquote><iframe sandbox=\"allow-scripts\" security=\"restricted\" src=\"https:\/\/www.upjs.sk\/lekarska-fakulta\/fakulta\/konferencie-a-podujatia\/podujatia-2009\/embed\/#?secret=ok8q7bwcwc\" width=\"600\" height=\"338\" title=\"&#8220;Podujatia v roku 2009&#8221; &#8212; Lek\u00e1rska fakulta | UPJ\u0160\" data-secret=\"ok8q7bwcwc\" frameborder=\"0\" marginwidth=\"0\" marginheight=\"0\" scrolling=\"no\" class=\"wp-embedded-content\"><\/iframe><script>\n\/*! This file is auto-generated *\/\n!function(d,l){\"use strict\";l.querySelector&&d.addEventListener&&\"undefined\"!=typeof URL&&(d.wp=d.wp||{},d.wp.receiveEmbedMessage||(d.wp.receiveEmbedMessage=function(e){var t=e.data;if((t||t.secret||t.message||t.value)&&!\/[^a-zA-Z0-9]\/.test(t.secret)){for(var s,r,n,a=l.querySelectorAll('iframe[data-secret=\"'+t.secret+'\"]'),o=l.querySelectorAll('blockquote[data-secret=\"'+t.secret+'\"]'),c=new RegExp(\"^https?:$\",\"i\"),i=0;i<o.length;i++)o[i].style.display=\"none\";for(i=0;i<a.length;i++)s=a[i],e.source===s.contentWindow&&(s.removeAttribute(\"style\"),\"height\"===t.message?(1e3<(r=parseInt(t.value,10))?r=1e3:~~r<200&&(r=200),s.height=r):\"link\"===t.message&&(r=new URL(s.getAttribute(\"src\")),n=new URL(t.value),c.test(n.protocol))&&n.host===r.host&&l.activeElement===s&&(d.top.location.href=t.value))}},d.addEventListener(\"message\",d.wp.receiveEmbedMessage,!1),l.addEventListener(\"DOMContentLoaded\",function(){for(var e,t,s=l.querySelectorAll(\"iframe.wp-embedded-content\"),r=0;r<s.length;r++)(t=(e=s[r]).getAttribute(\"data-secret\"))||(t=Math.random().toString(36).substring(2,12),e.src+=\"#?secret=\"+t,e.setAttribute(\"data-secret\",t)),e.contentWindow.postMessage({message:\"ready\",secret:t},\"*\")},!1)))}(window,document);\n\/\/# sourceURL=https:\/\/www.upjs.sk\/lekarska-fakulta\/wp-includes\/js\/wp-embed.min.js\n<\/script>\n","description":"JANU\u00c1R 2009 Ko\u0161ick\u00fd kurz region\u00e1lnej anest\u00e9zie Term\u00edn konania: 14.-15.1.2009 Miesto konania: \u00dastav anat\u00f3mie UPJ\u0160 LF, \u0160rob\u00e1rova 2, 041 80 Ko\u0161ice Organizuj\u00faci subjekt: I. klinika anest\u00e9ziol\u00f3gie a intenz\u00edvnej medic\u00edny FNLP Ko\u0161ice a UPJ\u0160 LF \u00dastav anat\u00f3mie UPJ\u0160 LF Spolo\u010dnos\u0165 pre kriticky chor\u00fdch pri I. KAIM Koordin\u00e1tori: doc. MUDr. Jozef Firment, PhD. prof. MUDr. Darina Kluchov\u00e1, PhD. &hellip; \u010c\u00edta\u0165 \u010falej"}