{"version":"1.0","provider_name":"Lek\u00e1rska fakulta | UPJ\u0160","provider_url":"https:\/\/www.upjs.sk\/lekarska-fakulta","title":"Z\u00e1vere\u010dn\u00e9 pr\u00e1ce obh\u00e1jen\u00e9 v akademickom roku 2016\/17 - Lek\u00e1rska fakulta | UPJ\u0160","type":"rich","width":600,"height":338,"html":"<blockquote class=\"wp-embedded-content\" data-secret=\"G62ZAGRhB9\"><a href=\"https:\/\/www.upjs.sk\/lekarska-fakulta\/klinika\/i-stomatologia\/vyucba\/zaverecne-prace\/obhajene\/\">Z\u00e1vere\u010dn\u00e9 pr\u00e1ce obh\u00e1jen\u00e9 v akademickom roku 2016\/17<\/a><\/blockquote><iframe sandbox=\"allow-scripts\" security=\"restricted\" src=\"https:\/\/www.upjs.sk\/lekarska-fakulta\/klinika\/i-stomatologia\/vyucba\/zaverecne-prace\/obhajene\/embed\/#?secret=G62ZAGRhB9\" width=\"600\" height=\"338\" title=\"&#8220;Z\u00e1vere\u010dn\u00e9 pr\u00e1ce obh\u00e1jen\u00e9 v akademickom roku 2016\/17&#8221; &#8212; Lek\u00e1rska fakulta | UPJ\u0160\" data-secret=\"G62ZAGRhB9\" frameborder=\"0\" marginwidth=\"0\" marginheight=\"0\" scrolling=\"no\" class=\"wp-embedded-content\"><\/iframe><script>\n\/*! This file is auto-generated *\/\n!function(d,l){\"use strict\";l.querySelector&&d.addEventListener&&\"undefined\"!=typeof URL&&(d.wp=d.wp||{},d.wp.receiveEmbedMessage||(d.wp.receiveEmbedMessage=function(e){var t=e.data;if((t||t.secret||t.message||t.value)&&!\/[^a-zA-Z0-9]\/.test(t.secret)){for(var s,r,n,a=l.querySelectorAll('iframe[data-secret=\"'+t.secret+'\"]'),o=l.querySelectorAll('blockquote[data-secret=\"'+t.secret+'\"]'),c=new RegExp(\"^https?:$\",\"i\"),i=0;i<o.length;i++)o[i].style.display=\"none\";for(i=0;i<a.length;i++)s=a[i],e.source===s.contentWindow&&(s.removeAttribute(\"style\"),\"height\"===t.message?(1e3<(r=parseInt(t.value,10))?r=1e3:~~r<200&&(r=200),s.height=r):\"link\"===t.message&&(r=new URL(s.getAttribute(\"src\")),n=new URL(t.value),c.test(n.protocol))&&n.host===r.host&&l.activeElement===s&&(d.top.location.href=t.value))}},d.addEventListener(\"message\",d.wp.receiveEmbedMessage,!1),l.addEventListener(\"DOMContentLoaded\",function(){for(var e,t,s=l.querySelectorAll(\"iframe.wp-embedded-content\"),r=0;r<s.length;r++)(t=(e=s[r]).getAttribute(\"data-secret\"))||(t=Math.random().toString(36).substring(2,12),e.src+=\"#?secret=\"+t,e.setAttribute(\"data-secret\",t)),e.contentWindow.postMessage({message:\"ready\",secret:t},\"*\")},!1)))}(window,document);\n\/\/# sourceURL=https:\/\/www.upjs.sk\/lekarska-fakulta\/wp-includes\/js\/wp-embed.min.js\n<\/script>\n","description":"Ortogn\u00e1tna chirurgia Poruchy erupcie mlie\u010dnych zubov Mana\u017ement stomatologick\u00e9ho o\u0161etrenia pacientov s\u00a0antiresorp\u010dnou lie\u010dbou Nepriame v\u00fdplne v\u00a0zubnom lek\u00e1rstve Stav \u00fastneho zdravia vo svete Replant\u00e1cie a\u00a0transplant\u00e1cie zubov Ostit\u00eddy a\u00a0osteomyelit\u00eddy \u010de\u013eust\u00ed. Ochorenia lymfatick\u00e9ho syst\u00e9mu v\u00a0orofaci\u00e1lnej oblasti Oroantr\u00e1lne a\u00a0oronaz\u00e1lne komunik\u00e1cie Rezistencia vo\u010di frakt\u00fare u\u00a0dist\u00e1lnych zubov s\u00a0priamymi kompozitn\u00fdmi materi\u00e1lmi Anal\u00fdza v\u00fdskytu er\u00f3zi\u00ed dutiny \u00fastnej u\u00a0pacientov s\u00a0lichenom a\u00a0bul\u00f3znymi dermat\u00f3zami Retrofarynge\u00e1lny priestor a\u00a0\u0161\u00edrenie &hellip; \u010c\u00edta\u0165 \u010falej"}