{"version":"1.0","provider_name":"Lek\u00e1rska fakulta | UPJ\u0160","provider_url":"https:\/\/www.upjs.sk\/lekarska-fakulta","title":"XXIII. Ko\u0161ick\u00e9 chemoterapeutick\u00e9 dni, XV. Konferencia sestier pracuj\u00facich v onkol\u00f3gii, XV. Pacientsky semin\u00e1r - Lek\u00e1rska fakulta | UPJ\u0160","type":"rich","width":600,"height":338,"html":"<blockquote class=\"wp-embedded-content\" data-secret=\"w97jDJE4pY\"><a href=\"https:\/\/www.upjs.sk\/lekarska-fakulta\/pracoviska\/medipark\/aktuality\/22440-2\/\">XXIII. Ko\u0161ick\u00e9 chemoterapeutick\u00e9 dni, XV. Konferencia sestier pracuj\u00facich v onkol\u00f3gii, XV. Pacientsky semin\u00e1r<\/a><\/blockquote><iframe sandbox=\"allow-scripts\" security=\"restricted\" src=\"https:\/\/www.upjs.sk\/lekarska-fakulta\/pracoviska\/medipark\/aktuality\/22440-2\/embed\/#?secret=w97jDJE4pY\" width=\"600\" height=\"338\" title=\"&#8220;XXIII. Ko\u0161ick\u00e9 chemoterapeutick\u00e9 dni, XV. Konferencia sestier pracuj\u00facich v onkol\u00f3gii, XV. Pacientsky semin\u00e1r&#8221; &#8212; Lek\u00e1rska fakulta | UPJ\u0160\" data-secret=\"w97jDJE4pY\" frameborder=\"0\" marginwidth=\"0\" marginheight=\"0\" scrolling=\"no\" class=\"wp-embedded-content\"><\/iframe><script>\n\/*! This file is auto-generated *\/\n!function(d,l){\"use strict\";l.querySelector&&d.addEventListener&&\"undefined\"!=typeof URL&&(d.wp=d.wp||{},d.wp.receiveEmbedMessage||(d.wp.receiveEmbedMessage=function(e){var t=e.data;if((t||t.secret||t.message||t.value)&&!\/[^a-zA-Z0-9]\/.test(t.secret)){for(var s,r,n,a=l.querySelectorAll('iframe[data-secret=\"'+t.secret+'\"]'),o=l.querySelectorAll('blockquote[data-secret=\"'+t.secret+'\"]'),c=new RegExp(\"^https?:$\",\"i\"),i=0;i<o.length;i++)o[i].style.display=\"none\";for(i=0;i<a.length;i++)s=a[i],e.source===s.contentWindow&&(s.removeAttribute(\"style\"),\"height\"===t.message?(1e3<(r=parseInt(t.value,10))?r=1e3:~~r<200&&(r=200),s.height=r):\"link\"===t.message&&(r=new URL(s.getAttribute(\"src\")),n=new URL(t.value),c.test(n.protocol))&&n.host===r.host&&l.activeElement===s&&(d.top.location.href=t.value))}},d.addEventListener(\"message\",d.wp.receiveEmbedMessage,!1),l.addEventListener(\"DOMContentLoaded\",function(){for(var e,t,s=l.querySelectorAll(\"iframe.wp-embedded-content\"),r=0;r<s.length;r++)(t=(e=s[r]).getAttribute(\"data-secret\"))||(t=Math.random().toString(36).substring(2,12),e.src+=\"#?secret=\"+t,e.setAttribute(\"data-secret\",t)),e.contentWindow.postMessage({message:\"ready\",secret:t},\"*\")},!1)))}(window,document);\n\/\/# sourceURL=https:\/\/www.upjs.sk\/lekarska-fakulta\/wp-includes\/js\/wp-embed.min.js\n<\/script>\n","description":"Koniec novembra roku 2019 patril hne\u010f nieko\u013ek\u00fdm podujatiam. V t\u00fdchto d\u0148och\u00a0sa\u00a0\u00a0uskuto\u010dnili v porad\u00ed\u00a0XXIII. Ko\u0161ick\u00e9\u00a0Chemoterapeutick\u00e9 dni, XV. Konferencia sestier pracuj\u00facich v onkol\u00f3gii a XV. Pacientsky semin\u00e1r, ktor\u00e9 boli zorganizovan\u00e9\u00a0Slovenskou\u00a0chemoterapeutickou\u00a0spolo\u010dnos\u0165ou, Slovenskou\u00a0onkologickou\u00a0spolo\u010dnos\u0165ou, SLS &#8211; sekciou onkologick\u00fdch sestier, V\u00fdchodoslovensk\u00fdm onkologick\u00fdm \u00fastavom, a.s. Ko\u0161ice, Slovenskou\u00a0komorou\u00a0sestier a pop\u00f4rodn\u00fdch asistentiek, Lek\u00e1rskou\u00a0fakultou\u00a0Univerzity Pavla Jozefa \u0160af\u00e1rika v Ko\u0161iciach a ko\u0161ickou\u00a0pobo\u010dkou\u00a0Ligy proti rakovine. Na t\u00fdchto &hellip; \u010c\u00edta\u0165 \u010falej"}