{"id":101586,"date":"2023-10-23T11:25:00","date_gmt":"2023-10-23T10:25:00","guid":{"rendered":"https:\/\/www.upjs.sk\/lekarska-fakulta\/?post_type=cpt_aktuality&#038;p=101586"},"modified":"2023-11-03T09:35:30","modified_gmt":"2023-11-03T08:35:30","slug":"uskutocnili-sa-zlate-promocie-absolventov","status":"publish","type":"cpt_aktuality","link":"https:\/\/www.upjs.sk\/lekarska-fakulta\/actuality\/uskutocnili-sa-zlate-promocie-absolventov\/","title":{"rendered":"Uskuto\u010dnili sa Zlat\u00e9 prom\u00f3cie absolventov"},"content":{"rendered":"\n<p><strong>Dev\u00e4tn\u00e1steho a dvadsiateho okt\u00f3bra sa v Aule LF uskuto\u010dnili Zlat\u00e9 prom\u00f3cie absolventov Lek\u00e1rskej fakulty UPJ\u0160, ktor\u00ed ukon\u010dili \u0161t\u00fadium v\u0161eobecn\u00e9ho lek\u00e1rstva a stomatol\u00f3gie v rokoch 1970, 1971, 1972, 1973<\/strong>.<strong> Z celkov\u00e9ho po\u010dtu 637 vtedaj\u0161\u00edch absolventov sa Zlatej prom\u00f3cie z\u00fa\u010dastnilo 136 dne\u0161n\u00fdch sedemdesiatnikov, ktor\u00ed prijali pozvanie dekana UPJ\u0160 LF prof. MUDr. Petra Jar\u010du\u0161ku, PhD. a pri\u0161li si pripomen\u00fa\u0165 \u010dasy svojich \u00faspe\u0161n\u00fdch \u0161t\u00fadi\u00ed medic\u00edny odmenen\u00e9 sl\u00e1vnostn\u00fdm aktom prom\u00f3cie, ktor\u00e9 sa konali v rokoch 1970-1973 v ko\u0161ickom \u0161t\u00e1tnom divadle.<\/strong><\/p>\n\n\n\n<p>Sl\u00e1vnostn\u00e9ho aktu Zlat\u00fdch prom\u00f3ci\u00ed sa z\u00fa\u010dastnil v zast\u00fapen\u00ed rektora UPJ\u0160 prorektor <strong>prof. MUDr. Pavol Jar\u010du\u0161ka, PhD.<\/strong>, dekan lek\u00e1rskej fakulty <strong>prof. MUDr. Peter Jar\u010du\u0161ka, PhD.<\/strong>, prodekani <strong>prof. MUDr. Pavol Kristian, PhD.<\/strong>, <strong>doc. MUDr. Pavol Joppa, PhD<\/strong>. a <strong>MUDr. Peter Kizek, PhD., MHA, MPH<\/strong> a b\u00fdval\u00ed dekani <strong>Dr.h.c. prof. MUDr. Andrej Jen\u010da, CSc., MPH <\/strong>a<strong> Dr.h.c. prof. MUDr. Leonard Siegfried, CSc.<\/strong><\/p>\n\n\n\n<figure class=\"wp-block-gallery has-nested-images columns-default is-cropped wp-block-gallery-1 is-layout-flex wp-block-gallery-is-layout-flex\">\n<figure class=\"wp-block-image size-large\"><a href=\"https:\/\/www.upjs.sk\/app\/uploads\/sites\/9\/2023\/10\/0-DSC_5665-scaled.jpg\"><img loading=\"lazy\" decoding=\"async\" width=\"1024\" height=\"682\" data-id=\"101588\" src=\"https:\/\/www.upjs.sk\/app\/uploads\/sites\/9\/2023\/10\/0-DSC_5665-1024x682.jpg\" alt=\"\" class=\"wp-image-101588\" srcset=\"https:\/\/www.upjs.sk\/app\/uploads\/sites\/9\/2023\/10\/0-DSC_5665-1024x682.jpg 1024w, https:\/\/www.upjs.sk\/app\/uploads\/sites\/9\/2023\/10\/0-DSC_5665-300x200.jpg 300w, https:\/\/www.upjs.sk\/app\/uploads\/sites\/9\/2023\/10\/0-DSC_5665-768x512.jpg 768w, https:\/\/www.upjs.sk\/app\/uploads\/sites\/9\/2023\/10\/0-DSC_5665-1536x1023.jpg 1536w, https:\/\/www.upjs.sk\/app\/uploads\/sites\/9\/2023\/10\/0-DSC_5665-2048x1364.jpg 2048w\" sizes=\"auto, (max-width: 1024px) 100vw, 1024px\" \/><\/a><\/figure>\n\n\n\n<figure class=\"wp-block-image size-large\"><a href=\"https:\/\/www.upjs.sk\/app\/uploads\/sites\/9\/2023\/10\/1-DSC_5256-1024x683.jpg\"><img loading=\"lazy\" decoding=\"async\" width=\"1024\" height=\"683\" data-id=\"101599\" src=\"https:\/\/www.upjs.sk\/app\/uploads\/sites\/9\/2023\/10\/1-DSC_5256-1024x683.jpg\" alt=\"\" class=\"wp-image-101599\" srcset=\"https:\/\/www.upjs.sk\/app\/uploads\/sites\/9\/2023\/10\/1-DSC_5256-1024x683.jpg 1024w, https:\/\/www.upjs.sk\/app\/uploads\/sites\/9\/2023\/10\/1-DSC_5256-300x200.jpg 300w, https:\/\/www.upjs.sk\/app\/uploads\/sites\/9\/2023\/10\/1-DSC_5256-768x513.jpg 768w, https:\/\/www.upjs.sk\/app\/uploads\/sites\/9\/2023\/10\/1-DSC_5256-1536x1025.jpg 1536w, https:\/\/www.upjs.sk\/app\/uploads\/sites\/9\/2023\/10\/1-DSC_5256-2048x1367.jpg 2048w\" sizes=\"auto, (max-width: 1024px) 100vw, 1024px\" \/><\/a><\/figure>\n\n\n\n<figure class=\"wp-block-image size-large\"><a href=\"https:\/\/www.upjs.sk\/app\/uploads\/sites\/9\/2023\/10\/12-DSC_5656-1024x682.jpg\"><img loading=\"lazy\" decoding=\"async\" width=\"1024\" height=\"682\" data-id=\"101629\" src=\"https:\/\/www.upjs.sk\/app\/uploads\/sites\/9\/2023\/10\/12-DSC_5656-1024x682.jpg\" alt=\"\" class=\"wp-image-101629\" srcset=\"https:\/\/www.upjs.sk\/app\/uploads\/sites\/9\/2023\/10\/12-DSC_5656-1024x682.jpg 1024w, https:\/\/www.upjs.sk\/app\/uploads\/sites\/9\/2023\/10\/12-DSC_5656-300x200.jpg 300w, https:\/\/www.upjs.sk\/app\/uploads\/sites\/9\/2023\/10\/12-DSC_5656-768x512.jpg 768w, https:\/\/www.upjs.sk\/app\/uploads\/sites\/9\/2023\/10\/12-DSC_5656-1536x1023.jpg 1536w, https:\/\/www.upjs.sk\/app\/uploads\/sites\/9\/2023\/10\/12-DSC_5656-2048x1364.jpg 2048w\" sizes=\"auto, (max-width: 1024px) 100vw, 1024px\" \/><\/a><\/figure>\n<\/figure>\n\n\n\n<p>Dekan profesor Peter Jar\u010du\u0161ka odovzdal pr\u00edtomn\u00fdm doktork\u00e1m a doktorom, ktor\u00ed sa zasl\u00fa\u017eili o medic\u00ednu a \u00faspe\u0161ne plnili verejn\u00fa slu\u017ebu lek\u00e1ra p\u00e4\u0165desiat rokov, listiny potvrdzuj\u00face obnovenie diplomu doktora medic\u00edny a zaprial im ve\u013ea dobra, \u0161\u0165astia, blaha a zdaru &#8211; Quod bonum, felix, faustum, fortunatumque sit.<\/p>\n\n\n\n<p><strong><em>\u201e\u00daprimne sa te\u0161\u00edm, \u017ee ste si prevzali diplom Zlatej prom\u00f3cie. \u010eakujem V\u00e1m, \u017ee ste v zodpovednom povolan\u00ed lek\u00e1ra po cel\u00fd doteraj\u0161\u00ed profesijn\u00fd \u017eivot \u0161\u00edrili a \u0161\u00edrite dobr\u00e9 meno svojej Alma Mater &#8211; Lek\u00e1rskej fakulty Univerzity Pavla Jozefa \u0160af\u00e1rika v Ko\u0161iciach. \u00daprimne V\u00e1m blaho\u017eel\u00e1m, \u017eel\u00e1m pevn\u00e9 zdravie a garantujem V\u00e1m, \u017ee v\u017edy budete na svojej Alma Mater v\u00edtan\u00ed,\u201c<\/em><\/strong> prihovoril sa k pr\u00edtomn\u00fdm prorektor prof. MUDr. Pavol Jar\u010du\u0161ka, PhD.<\/p>\n\n\n\n<p>Nasledoval pr\u00edhovor dekana prof. MUDr. Petra Jar\u010du\u0161ku, PhD., ktor\u00fd v jeho \u00favode vyzval pr\u00edtomn\u00fdch, aby venovali tich\u00fa spomienku svojim spolu\u017eiakom, ktor\u00ed u\u017e medzi nami nie s\u00fa. Vo svojom milom pr\u00edhovore pripomenul dekan, \u017ee \u017eivot \u010dloveka je ako hojda\u010dka &#8211; raz je hore, inokedy je dolu.<\/p>\n\n\n\n<p><strong><em>\u201e\u0160tudentsk\u00e9 roky str\u00e1ven\u00e9 na na\u0161ej lek\u00e1rskej fakulte akiste patrili medzi tie kr\u00e1sne a \u0161\u0165astn\u00e9. Po prom\u00f3cii ste sa rozbehli do praxe v ambulanci\u00e1ch, nemocniciach \u010di laborat\u00f3ri\u00e1ch s cie\u013eom pom\u00e1ha\u0165 pacientom. Vid\u00edm tu mnoh\u00fdch svojich u\u010dite\u013eov, niektor\u00fdch z V\u00e1s sa stali riaditelia nemocn\u00edc, p\u00f4sobili ste vo vysok\u00fdch funkci\u00e1ch na ministerstve zdravotn\u00edctva, alebo sa stali prim\u00e1rmi a prednostami. No v prvom rade ste tu boli pre svojich pacientov 24 hod\u00edn denne, sedem dn\u00ed v t\u00fd\u017edni. Va\u0161u gener\u00e1ciu lek\u00e1rov charakterizuj\u00fa tri slov\u00e1 &#8211; hrdos\u0165, slu\u0161nos\u0165 a v\u010faka. Patr\u00ed V\u00e1m ve\u013ek\u00e1 v\u010faka za v\u0161etko, \u010do ste po desa\u0165ro\u010dia svojej praxe robili pre na\u0161ich pacientov, z ktor\u00fdch mnoh\u00fdm ste zachr\u00e1nili \u017eivot, zlep\u0161ili ich kvalitu, \u017eivota, pr\u00edpadne im pomohli slu\u0161ne od\u00eds\u0165 z tohto sveta na druh\u00fa stranu &#8211; ak sa inak pom\u00f4c\u0165 nedalo,\u201c<\/em><\/strong> kon\u0161tatoval profesor Peter Jar\u010du\u0161ka a po\u017eiadal o ve\u013ek\u00fd potlesk pre v\u0161etk\u00fdch pr\u00edtomn\u00fdch \u00fa\u010dastn\u00edkov zlatej prom\u00f3cie, ktor\u00fdm zaprial ve\u013ea zdravia a \u0161\u0165astia, aby ich \u010fal\u0161\u00ed \u017eivot bol naplnen\u00fd u\u017e len v\u0161etk\u00fdm pekn\u00fdm.<\/p>\n\n\n\n<figure class=\"wp-block-gallery has-nested-images columns-default is-cropped wp-block-gallery-2 is-layout-flex wp-block-gallery-is-layout-flex\">\n<figure class=\"wp-block-image size-large\"><a href=\"https:\/\/www.upjs.sk\/app\/uploads\/sites\/9\/2023\/10\/27-DSC_6057-scaled.jpg\"><img loading=\"lazy\" decoding=\"async\" width=\"1024\" height=\"680\" data-id=\"101672\" src=\"https:\/\/www.upjs.sk\/app\/uploads\/sites\/9\/2023\/10\/27-DSC_6057-1024x680.jpg\" alt=\"\" class=\"wp-image-101672\" srcset=\"https:\/\/www.upjs.sk\/app\/uploads\/sites\/9\/2023\/10\/27-DSC_6057-1024x680.jpg 1024w, https:\/\/www.upjs.sk\/app\/uploads\/sites\/9\/2023\/10\/27-DSC_6057-300x199.jpg 300w, https:\/\/www.upjs.sk\/app\/uploads\/sites\/9\/2023\/10\/27-DSC_6057-768x510.jpg 768w, https:\/\/www.upjs.sk\/app\/uploads\/sites\/9\/2023\/10\/27-DSC_6057-1536x1021.jpg 1536w, https:\/\/www.upjs.sk\/app\/uploads\/sites\/9\/2023\/10\/27-DSC_6057-2048x1361.jpg 2048w\" sizes=\"auto, (max-width: 1024px) 100vw, 1024px\" \/><\/a><\/figure>\n\n\n\n<figure class=\"wp-block-image size-large\"><a href=\"https:\/\/www.upjs.sk\/app\/uploads\/sites\/9\/2023\/10\/28-DSC_5721-1024x682.jpg\"><img loading=\"lazy\" decoding=\"async\" width=\"1024\" height=\"682\" data-id=\"101675\" src=\"https:\/\/www.upjs.sk\/app\/uploads\/sites\/9\/2023\/10\/28-DSC_5721-1024x682.jpg\" alt=\"\" class=\"wp-image-101675\" srcset=\"https:\/\/www.upjs.sk\/app\/uploads\/sites\/9\/2023\/10\/28-DSC_5721-1024x682.jpg 1024w, https:\/\/www.upjs.sk\/app\/uploads\/sites\/9\/2023\/10\/28-DSC_5721-300x200.jpg 300w, https:\/\/www.upjs.sk\/app\/uploads\/sites\/9\/2023\/10\/28-DSC_5721-768x512.jpg 768w, https:\/\/www.upjs.sk\/app\/uploads\/sites\/9\/2023\/10\/28-DSC_5721-1536x1023.jpg 1536w, https:\/\/www.upjs.sk\/app\/uploads\/sites\/9\/2023\/10\/28-DSC_5721-2048x1364.jpg 2048w\" sizes=\"auto, (max-width: 1024px) 100vw, 1024px\" \/><\/a><\/figure>\n\n\n\n<figure class=\"wp-block-image size-large\"><a href=\"https:\/\/www.upjs.sk\/app\/uploads\/sites\/9\/2023\/10\/28-DSC_5739-1024x682.jpg\"><img loading=\"lazy\" decoding=\"async\" width=\"1024\" height=\"682\" data-id=\"101678\" src=\"https:\/\/www.upjs.sk\/app\/uploads\/sites\/9\/2023\/10\/28-DSC_5739-1024x682.jpg\" alt=\"\" class=\"wp-image-101678\" srcset=\"https:\/\/www.upjs.sk\/app\/uploads\/sites\/9\/2023\/10\/28-DSC_5739-1024x682.jpg 1024w, https:\/\/www.upjs.sk\/app\/uploads\/sites\/9\/2023\/10\/28-DSC_5739-300x200.jpg 300w, https:\/\/www.upjs.sk\/app\/uploads\/sites\/9\/2023\/10\/28-DSC_5739-768x512.jpg 768w, https:\/\/www.upjs.sk\/app\/uploads\/sites\/9\/2023\/10\/28-DSC_5739-1536x1023.jpg 1536w, https:\/\/www.upjs.sk\/app\/uploads\/sites\/9\/2023\/10\/28-DSC_5739-2048x1364.jpg 2048w\" sizes=\"auto, (max-width: 1024px) 100vw, 1024px\" \/><\/a><\/figure>\n<\/figure>\n\n\n\n<p>Po pr\u00edhovore dekana sa ujali slova absolventi. Sl\u00e1vnostn\u00fd pr\u00edhovor vo \u0161tvrtok 19. okt\u00f3bra predniesol <strong>MUDr. J\u00e1n Gajdo\u0161<\/strong> a na z\u00e1ver zlatej prom\u00f3cie vyst\u00fapil pre umocnenie sl\u00e1vnostnej atmosf\u00e9ry s kult\u00farnym programom zbor Chorus Universitatis \u0160afarikianae, ktor\u00fd viedla a dirigovala Jana Havrilov\u00e1. Zboristi predniesli \u013eudov\u00fa piese\u0148 v \u00faprave Bohumila \u010cen\u011bka Cez zelen\u00e9 \u017eite\u010dko a Lascia ch\u00b4io pianga a Canticorum jubilo od Georgea Friedricha H\u00e4ndela.<\/p>\n\n\n\n<p>V piatok 20. okt\u00f3bra mal sl\u00e1vnostn\u00fd pr\u00edhovor za absolventov <strong>doc. MUDr. Oliver R\u00e1cz, CSc<\/strong>. a kult\u00farnou bodkou na z\u00e1ver tejto kr\u00e1snej sl\u00e1vnosti boli podmaniv\u00e9 skladby Fant\u00e1zia na origin\u00e1lnu t\u00e9mu pre altsaxof\u00f3n a klav\u00edr od Julesa Demerssemana a Peque\u0148a czarda pre altsaxof\u00f3n a klav\u00edr od Pedra Iturraldea v podan\u00ed klaviristky Dagmar Du\u017edovej a saxofonistky Ren\u00e1ty Nasibulina.<\/p>\n","protected":false},"excerpt":{"rendered":"<p>Dev\u00e4tn\u00e1steho a dvadsiateho okt\u00f3bra sa v Aule LF uskuto\u010dnili Zlat\u00e9 prom\u00f3cie absolventov Lek\u00e1rskej fakulty UPJ\u0160, ktor\u00ed ukon\u010dili \u0161t\u00fadium v\u0161eobecn\u00e9ho lek\u00e1rstva a stomatol\u00f3gie v rokoch 1970, 1971, 1972, 1973. Z celkov\u00e9ho po\u010dtu 637 vtedaj\u0161\u00edch absolventov sa Zlatej prom\u00f3cie z\u00fa\u010dastnilo 136 dne\u0161n\u00fdch sedemdesiatnikov, ktor\u00ed prijali pozvanie dekana UPJ\u0160 LF prof. MUDr. Petra Jar\u010du\u0161ku, PhD. a pri\u0161li si &hellip; <a href=\"https:\/\/www.upjs.sk\/lekarska-fakulta\/actuality\/uskutocnili-sa-zlate-promocie-absolventov\/\">\u010c\u00edta\u0165 \u010falej<\/a><\/p>\n","protected":false},"author":53,"featured_media":101596,"template":"","meta":{"_acf_changed":false,"_editorskit_title_hidden":false,"_editorskit_reading_time":0,"_editorskit_is_block_options_detached":false,"_editorskit_block_options_position":"{}","footnotes":""},"categories":[],"tags":[],"tax_aktuality":[],"class_list":["post-101586","cpt_aktuality","type-cpt_aktuality","status-publish","has-post-thumbnail","hentry"],"acf":{"acf_link_na_externy_obsah":"","poradie_clanku":""},"yoast_head":"<!-- This site is optimized with the Yoast SEO plugin v27.4 - https:\/\/yoast.com\/product\/yoast-seo-wordpress\/ -->\n<title>Uskuto\u010dnili sa Zlat\u00e9 prom\u00f3cie absolventov - Lek\u00e1rska fakulta | UPJ\u0160<\/title>\n<meta name=\"robots\" content=\"index, follow, max-snippet:-1, max-image-preview:large, max-video-preview:-1\" \/>\n<link rel=\"canonical\" href=\"https:\/\/www.upjs.sk\/lekarska-fakulta\/actuality\/uskutocnili-sa-zlate-promocie-absolventov\/\" \/>\n<meta property=\"og:locale\" content=\"sk_SK\" \/>\n<meta property=\"og:type\" content=\"article\" \/>\n<meta property=\"og:title\" content=\"Uskuto\u010dnili sa Zlat\u00e9 prom\u00f3cie absolventov - Lek\u00e1rska fakulta | UPJ\u0160\" \/>\n<meta property=\"og:description\" content=\"Dev\u00e4tn\u00e1steho a dvadsiateho okt\u00f3bra sa v Aule LF uskuto\u010dnili Zlat\u00e9 prom\u00f3cie absolventov Lek\u00e1rskej fakulty UPJ\u0160, ktor\u00ed ukon\u010dili \u0161t\u00fadium v\u0161eobecn\u00e9ho lek\u00e1rstva a stomatol\u00f3gie v rokoch 1970, 1971, 1972, 1973. Z celkov\u00e9ho po\u010dtu 637 vtedaj\u0161\u00edch absolventov sa Zlatej prom\u00f3cie z\u00fa\u010dastnilo 136 dne\u0161n\u00fdch sedemdesiatnikov, ktor\u00ed prijali pozvanie dekana UPJ\u0160 LF prof. MUDr. Petra Jar\u010du\u0161ku, PhD. a pri\u0161li si &hellip; \u010c\u00edta\u0165 \u010falej\" \/>\n<meta property=\"og:url\" content=\"https:\/\/www.upjs.sk\/lekarska-fakulta\/actuality\/uskutocnili-sa-zlate-promocie-absolventov\/\" \/>\n<meta property=\"og:site_name\" content=\"Lek\u00e1rska fakulta | UPJ\u0160\" \/>\n<meta property=\"article:modified_time\" content=\"2023-11-03T08:35:30+00:00\" \/>\n<meta property=\"og:image\" content=\"https:\/\/www.upjs.sk\/app\/uploads\/sites\/9\/2023\/10\/0-DSC_5665-1-scaled.jpg\" \/>\n\t<meta property=\"og:image:width\" content=\"2560\" \/>\n\t<meta property=\"og:image:height\" content=\"1705\" \/>\n\t<meta property=\"og:image:type\" content=\"image\/jpeg\" \/>\n<meta name=\"twitter:card\" content=\"summary_large_image\" \/>\n<meta name=\"twitter:label1\" content=\"Predpokladan\u00fd \u010das \u010d\u00edtania\" \/>\n\t<meta name=\"twitter:data1\" content=\"5 min\u00fat\" \/>\n<script type=\"application\/ld+json\" class=\"yoast-schema-graph\">{\"@context\":\"https:\\\/\\\/schema.org\",\"@graph\":[{\"@type\":\"WebPage\",\"@id\":\"https:\\\/\\\/www.upjs.sk\\\/lekarska-fakulta\\\/actuality\\\/uskutocnili-sa-zlate-promocie-absolventov\\\/\",\"url\":\"https:\\\/\\\/www.upjs.sk\\\/lekarska-fakulta\\\/actuality\\\/uskutocnili-sa-zlate-promocie-absolventov\\\/\",\"name\":\"Uskuto\u010dnili sa Zlat\u00e9 prom\u00f3cie absolventov - Lek\u00e1rska fakulta | UPJ\u0160\",\"isPartOf\":{\"@id\":\"https:\\\/\\\/www.upjs.sk\\\/lekarska-fakulta\\\/#website\"},\"primaryImageOfPage\":{\"@id\":\"https:\\\/\\\/www.upjs.sk\\\/lekarska-fakulta\\\/actuality\\\/uskutocnili-sa-zlate-promocie-absolventov\\\/#primaryimage\"},\"image\":{\"@id\":\"https:\\\/\\\/www.upjs.sk\\\/lekarska-fakulta\\\/actuality\\\/uskutocnili-sa-zlate-promocie-absolventov\\\/#primaryimage\"},\"thumbnailUrl\":\"https:\\\/\\\/www.upjs.sk\\\/app\\\/uploads\\\/sites\\\/9\\\/2023\\\/10\\\/0-DSC_5665-1-scaled.jpg\",\"datePublished\":\"2023-10-23T10:25:00+00:00\",\"dateModified\":\"2023-11-03T08:35:30+00:00\",\"breadcrumb\":{\"@id\":\"https:\\\/\\\/www.upjs.sk\\\/lekarska-fakulta\\\/actuality\\\/uskutocnili-sa-zlate-promocie-absolventov\\\/#breadcrumb\"},\"inLanguage\":\"sk-SK\",\"potentialAction\":[{\"@type\":\"ReadAction\",\"target\":[\"https:\\\/\\\/www.upjs.sk\\\/lekarska-fakulta\\\/actuality\\\/uskutocnili-sa-zlate-promocie-absolventov\\\/\"]}]},{\"@type\":\"ImageObject\",\"inLanguage\":\"sk-SK\",\"@id\":\"https:\\\/\\\/www.upjs.sk\\\/lekarska-fakulta\\\/actuality\\\/uskutocnili-sa-zlate-promocie-absolventov\\\/#primaryimage\",\"url\":\"https:\\\/\\\/www.upjs.sk\\\/app\\\/uploads\\\/sites\\\/9\\\/2023\\\/10\\\/0-DSC_5665-1-scaled.jpg\",\"contentUrl\":\"https:\\\/\\\/www.upjs.sk\\\/app\\\/uploads\\\/sites\\\/9\\\/2023\\\/10\\\/0-DSC_5665-1-scaled.jpg\",\"width\":2560,\"height\":1705},{\"@type\":\"BreadcrumbList\",\"@id\":\"https:\\\/\\\/www.upjs.sk\\\/lekarska-fakulta\\\/actuality\\\/uskutocnili-sa-zlate-promocie-absolventov\\\/#breadcrumb\",\"itemListElement\":[{\"@type\":\"ListItem\",\"position\":1,\"name\":\"Home\",\"item\":\"https:\\\/\\\/www.upjs.sk\\\/lekarska-fakulta\\\/\"},{\"@type\":\"ListItem\",\"position\":2,\"name\":\"Aktuality\",\"item\":\"https:\\\/\\\/www.upjs.sk\\\/lekarska-fakulta\\\/actuality\\\/\"},{\"@type\":\"ListItem\",\"position\":3,\"name\":\"Uskuto\u010dnili sa Zlat\u00e9 prom\u00f3cie absolventov\"}]},{\"@type\":\"WebSite\",\"@id\":\"https:\\\/\\\/www.upjs.sk\\\/lekarska-fakulta\\\/#website\",\"url\":\"https:\\\/\\\/www.upjs.sk\\\/lekarska-fakulta\\\/\",\"name\":\"Lek\u00e1rska fakulta | UPJ\u0160\",\"description\":\"\",\"publisher\":{\"@id\":\"https:\\\/\\\/www.upjs.sk\\\/lekarska-fakulta\\\/#organization\"},\"potentialAction\":[{\"@type\":\"SearchAction\",\"target\":{\"@type\":\"EntryPoint\",\"urlTemplate\":\"https:\\\/\\\/www.upjs.sk\\\/lekarska-fakulta\\\/?s={search_term_string}\"},\"query-input\":{\"@type\":\"PropertyValueSpecification\",\"valueRequired\":true,\"valueName\":\"search_term_string\"}}],\"inLanguage\":\"sk-SK\"},{\"@type\":\"Organization\",\"@id\":\"https:\\\/\\\/www.upjs.sk\\\/lekarska-fakulta\\\/#organization\",\"name\":\"Lek\u00e1rska fakulta | UPJ\u0160\",\"url\":\"https:\\\/\\\/www.upjs.sk\\\/lekarska-fakulta\\\/\",\"logo\":{\"@type\":\"ImageObject\",\"inLanguage\":\"sk-SK\",\"@id\":\"https:\\\/\\\/www.upjs.sk\\\/lekarska-fakulta\\\/#\\\/schema\\\/logo\\\/image\\\/\",\"url\":\"https:\\\/\\\/www.upjs.sk\\\/app\\\/uploads\\\/sites\\\/9\\\/2022\\\/09\\\/logo-lekarska-fakulta.png\",\"contentUrl\":\"https:\\\/\\\/www.upjs.sk\\\/app\\\/uploads\\\/sites\\\/9\\\/2022\\\/09\\\/logo-lekarska-fakulta.png\",\"width\":415,\"height\":87,\"caption\":\"Lek\u00e1rska fakulta | UPJ\u0160\"},\"image\":{\"@id\":\"https:\\\/\\\/www.upjs.sk\\\/lekarska-fakulta\\\/#\\\/schema\\\/logo\\\/image\\\/\"}}]}<\/script>\n<!-- \/ Yoast SEO plugin. -->","yoast_head_json":{"title":"Uskuto\u010dnili sa Zlat\u00e9 prom\u00f3cie absolventov - Lek\u00e1rska fakulta | UPJ\u0160","robots":{"index":"index","follow":"follow","max-snippet":"max-snippet:-1","max-image-preview":"max-image-preview:large","max-video-preview":"max-video-preview:-1"},"canonical":"https:\/\/www.upjs.sk\/lekarska-fakulta\/actuality\/uskutocnili-sa-zlate-promocie-absolventov\/","og_locale":"sk_SK","og_type":"article","og_title":"Uskuto\u010dnili sa Zlat\u00e9 prom\u00f3cie absolventov - Lek\u00e1rska fakulta | UPJ\u0160","og_description":"Dev\u00e4tn\u00e1steho a dvadsiateho okt\u00f3bra sa v Aule LF uskuto\u010dnili Zlat\u00e9 prom\u00f3cie absolventov Lek\u00e1rskej fakulty UPJ\u0160, ktor\u00ed ukon\u010dili \u0161t\u00fadium v\u0161eobecn\u00e9ho lek\u00e1rstva a stomatol\u00f3gie v rokoch 1970, 1971, 1972, 1973. Z celkov\u00e9ho po\u010dtu 637 vtedaj\u0161\u00edch absolventov sa Zlatej prom\u00f3cie z\u00fa\u010dastnilo 136 dne\u0161n\u00fdch sedemdesiatnikov, ktor\u00ed prijali pozvanie dekana UPJ\u0160 LF prof. MUDr. Petra Jar\u010du\u0161ku, PhD. a pri\u0161li si &hellip; \u010c\u00edta\u0165 \u010falej","og_url":"https:\/\/www.upjs.sk\/lekarska-fakulta\/actuality\/uskutocnili-sa-zlate-promocie-absolventov\/","og_site_name":"Lek\u00e1rska fakulta | UPJ\u0160","article_modified_time":"2023-11-03T08:35:30+00:00","og_image":[{"width":2560,"height":1705,"url":"https:\/\/www.upjs.sk\/app\/uploads\/sites\/9\/2023\/10\/0-DSC_5665-1-scaled.jpg","type":"image\/jpeg"}],"twitter_card":"summary_large_image","twitter_misc":{"Predpokladan\u00fd \u010das \u010d\u00edtania":"5 min\u00fat"},"schema":{"@context":"https:\/\/schema.org","@graph":[{"@type":"WebPage","@id":"https:\/\/www.upjs.sk\/lekarska-fakulta\/actuality\/uskutocnili-sa-zlate-promocie-absolventov\/","url":"https:\/\/www.upjs.sk\/lekarska-fakulta\/actuality\/uskutocnili-sa-zlate-promocie-absolventov\/","name":"Uskuto\u010dnili sa Zlat\u00e9 prom\u00f3cie absolventov - Lek\u00e1rska fakulta | UPJ\u0160","isPartOf":{"@id":"https:\/\/www.upjs.sk\/lekarska-fakulta\/#website"},"primaryImageOfPage":{"@id":"https:\/\/www.upjs.sk\/lekarska-fakulta\/actuality\/uskutocnili-sa-zlate-promocie-absolventov\/#primaryimage"},"image":{"@id":"https:\/\/www.upjs.sk\/lekarska-fakulta\/actuality\/uskutocnili-sa-zlate-promocie-absolventov\/#primaryimage"},"thumbnailUrl":"https:\/\/www.upjs.sk\/app\/uploads\/sites\/9\/2023\/10\/0-DSC_5665-1-scaled.jpg","datePublished":"2023-10-23T10:25:00+00:00","dateModified":"2023-11-03T08:35:30+00:00","breadcrumb":{"@id":"https:\/\/www.upjs.sk\/lekarska-fakulta\/actuality\/uskutocnili-sa-zlate-promocie-absolventov\/#breadcrumb"},"inLanguage":"sk-SK","potentialAction":[{"@type":"ReadAction","target":["https:\/\/www.upjs.sk\/lekarska-fakulta\/actuality\/uskutocnili-sa-zlate-promocie-absolventov\/"]}]},{"@type":"ImageObject","inLanguage":"sk-SK","@id":"https:\/\/www.upjs.sk\/lekarska-fakulta\/actuality\/uskutocnili-sa-zlate-promocie-absolventov\/#primaryimage","url":"https:\/\/www.upjs.sk\/app\/uploads\/sites\/9\/2023\/10\/0-DSC_5665-1-scaled.jpg","contentUrl":"https:\/\/www.upjs.sk\/app\/uploads\/sites\/9\/2023\/10\/0-DSC_5665-1-scaled.jpg","width":2560,"height":1705},{"@type":"BreadcrumbList","@id":"https:\/\/www.upjs.sk\/lekarska-fakulta\/actuality\/uskutocnili-sa-zlate-promocie-absolventov\/#breadcrumb","itemListElement":[{"@type":"ListItem","position":1,"name":"Home","item":"https:\/\/www.upjs.sk\/lekarska-fakulta\/"},{"@type":"ListItem","position":2,"name":"Aktuality","item":"https:\/\/www.upjs.sk\/lekarska-fakulta\/actuality\/"},{"@type":"ListItem","position":3,"name":"Uskuto\u010dnili sa Zlat\u00e9 prom\u00f3cie absolventov"}]},{"@type":"WebSite","@id":"https:\/\/www.upjs.sk\/lekarska-fakulta\/#website","url":"https:\/\/www.upjs.sk\/lekarska-fakulta\/","name":"Lek\u00e1rska fakulta | UPJ\u0160","description":"","publisher":{"@id":"https:\/\/www.upjs.sk\/lekarska-fakulta\/#organization"},"potentialAction":[{"@type":"SearchAction","target":{"@type":"EntryPoint","urlTemplate":"https:\/\/www.upjs.sk\/lekarska-fakulta\/?s={search_term_string}"},"query-input":{"@type":"PropertyValueSpecification","valueRequired":true,"valueName":"search_term_string"}}],"inLanguage":"sk-SK"},{"@type":"Organization","@id":"https:\/\/www.upjs.sk\/lekarska-fakulta\/#organization","name":"Lek\u00e1rska fakulta | UPJ\u0160","url":"https:\/\/www.upjs.sk\/lekarska-fakulta\/","logo":{"@type":"ImageObject","inLanguage":"sk-SK","@id":"https:\/\/www.upjs.sk\/lekarska-fakulta\/#\/schema\/logo\/image\/","url":"https:\/\/www.upjs.sk\/app\/uploads\/sites\/9\/2022\/09\/logo-lekarska-fakulta.png","contentUrl":"https:\/\/www.upjs.sk\/app\/uploads\/sites\/9\/2022\/09\/logo-lekarska-fakulta.png","width":415,"height":87,"caption":"Lek\u00e1rska fakulta | UPJ\u0160"},"image":{"@id":"https:\/\/www.upjs.sk\/lekarska-fakulta\/#\/schema\/logo\/image\/"}}]}},"_links":{"self":[{"href":"https:\/\/www.upjs.sk\/lekarska-fakulta\/wp-json\/wp\/v2\/cpt_aktuality\/101586","targetHints":{"allow":["GET"]}}],"collection":[{"href":"https:\/\/www.upjs.sk\/lekarska-fakulta\/wp-json\/wp\/v2\/cpt_aktuality"}],"about":[{"href":"https:\/\/www.upjs.sk\/lekarska-fakulta\/wp-json\/wp\/v2\/types\/cpt_aktuality"}],"author":[{"embeddable":true,"href":"https:\/\/www.upjs.sk\/lekarska-fakulta\/wp-json\/wp\/v2\/users\/53"}],"version-history":[{"count":10,"href":"https:\/\/www.upjs.sk\/lekarska-fakulta\/wp-json\/wp\/v2\/cpt_aktuality\/101586\/revisions"}],"predecessor-version":[{"id":101714,"href":"https:\/\/www.upjs.sk\/lekarska-fakulta\/wp-json\/wp\/v2\/cpt_aktuality\/101586\/revisions\/101714"}],"wp:featuredmedia":[{"embeddable":true,"href":"https:\/\/www.upjs.sk\/lekarska-fakulta\/wp-json\/wp\/v2\/media\/101596"}],"wp:attachment":[{"href":"https:\/\/www.upjs.sk\/lekarska-fakulta\/wp-json\/wp\/v2\/media?parent=101586"}],"wp:term":[{"taxonomy":"category","embeddable":true,"href":"https:\/\/www.upjs.sk\/lekarska-fakulta\/wp-json\/wp\/v2\/categories?post=101586"},{"taxonomy":"post_tag","embeddable":true,"href":"https:\/\/www.upjs.sk\/lekarska-fakulta\/wp-json\/wp\/v2\/tags?post=101586"},{"taxonomy":"tax_aktuality","embeddable":true,"href":"https:\/\/www.upjs.sk\/lekarska-fakulta\/wp-json\/wp\/v2\/tax_aktuality?post=101586"}],"curies":[{"name":"wp","href":"https:\/\/api.w.org\/{rel}","templated":true}]}}