{"id":102826,"date":"2023-11-20T11:35:48","date_gmt":"2023-11-20T10:35:48","guid":{"rendered":"https:\/\/www.upjs.sk\/lekarska-fakulta\/?post_type=cpt_aktuality&#038;p=102826"},"modified":"2023-11-20T15:04:15","modified_gmt":"2023-11-20T14:04:15","slug":"uskutocnila-sa-konferencia-mefanet-2023","status":"publish","type":"cpt_aktuality","link":"https:\/\/www.upjs.sk\/lekarska-fakulta\/actuality\/uskutocnila-sa-konferencia-mefanet-2023\/","title":{"rendered":"Uskuto\u010dnila sa konferencia MEFANET 2023"},"content":{"rendered":"\n<p><strong>Lek\u00e1rska fakulta UPJ\u0160 v Ko\u0161iciach spoluorganizovala 16. ro\u010dn\u00edk konferencie MEFANET, ktor\u00e1 sa konala v d\u0148och 7.-8. novembra 2023 v Congress Hotel Centrum, Ko\u0161ice pod z\u00e1\u0161titou dekana UPJ\u0160 LF prof. MUDr. Petra Jar\u010du\u0161ku, PhD.<\/strong> <strong>Nosnou t\u00e9mou dvojd\u0148ov\u00e9ho odborn\u00e9ho podujatia bolo vyu\u017eitie umelej inteligencie a virtu\u00e1lnej reality v medic\u00ednskom vzdel\u00e1van\u00ed. Konferencia bola v\u00fdbornou pr\u00edle\u017eitos\u0165ou na stretnutie s pedag\u00f3gmi a \u0161tudentmi zo v\u0161etk\u00fdch lek\u00e1rskych a zdravotn\u00edckych fak\u00falt v \u010ceskej a Slovenskej republike spolo\u010dne s odborn\u00edkmi v oblastiach elektronickej podpory v\u00fdu\u010dby a z\u00edskanie sk\u00fasenost\u00ed s vyu\u017e\u00edvan\u00edm modern\u00fdch vyu\u010dovac\u00edch met\u00f3d, n\u00e1strojov a pr\u00edstupov pri v\u00fdu\u010dbe \u0161tudentov lek\u00e1rskych a zdravotn\u00edckych fak\u00falt.<\/strong><\/p>\n\n\n\n<p>Konferenciu otvoril jeden zo zakladate\u013eov siete MEFANET doc. Ing. Daniel Schwarz, PhD. a za Lek\u00e1rsku fakultu UPJ\u0160 jej hlavn\u00fd organiz\u00e1tor doc. Ing. Jaroslav Majern\u00edk, PhD. S pr\u00edhovorom k pr\u00edtomn\u00fdm n\u00e1sledne vyst\u00fapil dekan UPJ\u0160 LF prof. MUDr. Peter Jar\u010du\u0161ka, PhD., prorektor TUKE prof. Ing. Juraj Gazda, PhD. a ved\u00faci oddelenia pre d\u00e1ta a technol\u00f3gie Masarykovej univerzity RNDr. Martin Komenda, PhD. Sl\u00e1vnostn\u00e9 otvorenie podujatia spestril krst knihy dr. Komendu nazvanej <a href=\"https:\/\/portal.med.muni.cz\/article-761-data-driven-decision-making-in-medical-education-and-healthcare.html\" class=\"ek-link\">\u201eData-driven decision-making in medical education and healthcare&#8220;.<\/a><\/p>\n\n\n\n<p><strong><em>\u201eV r\u00e1mci popolud\u0148aj\u0161ieho programu odznelo viacero podnetn\u00fdch predn\u00e1\u0161ok, medzi ktor\u00fdmi je treba vyzdvihn\u00fa\u0165 predov\u0161etk\u00fdm \u00favodn\u00fa plen\u00e1rnu predn\u00e1\u0161ku Dr. Baba Sheba zo St. George\u2019s University of London &#8218;Generative AI in Medical Education: Beyond Tools to Strategy&#8216;, v ktorej upriamil poh\u013ead na vyu\u017eitie generat\u00edvnej umelej inteligencie vo vzdel\u00e1van\u00ed a zameral sa na strategick\u00fd pr\u00edstup k technol\u00f3gii nad r\u00e1mec be\u017ene pou\u017e\u00edvan\u00fdch n\u00e1strojov v s\u00fa\u010dasnosti. S\u00fa\u010das\u0165ou programu bolo aj otvoren\u00e9 zasadnutie koordina\u010dnej rady MEFANET.\u201c<\/em><\/strong> hovor\u00ed prednosta \u00dastavu lek\u00e1rskej informatiky a simul\u00e1torovej medic\u00edny UPJ\u0160 LF doc. Ing. Jaroslav Majern\u00edk, PhD.<\/p>\n\n\n\n<p>Druh\u00fd de\u0148 konferencie za\u010dal sekciou moderovan\u00fdch posterov, v r\u00e1mci ktorej si \u00fa\u010dastn\u00edci vypo\u010duli r\u00f4zne t\u00e9my t\u00fdkaj\u00face sa automatiz\u00e1cie procesov, evalu\u00e1cie v\u00fdu\u010dby, pokrokov pri tvorbe simula\u010dn\u00fdch centier a oddelen\u00ed v r\u00e1mci \u010dlenov MEFANET, vyu\u017eitie audiovizu\u00e1lnych pom\u00f4cok a \u010fal\u0161\u00edch zauj\u00edmav\u00fdch t\u00e9m. Program pokra\u010doval p\u00fatav\u00fdmi predn\u00e1\u0161kami a panelov\u00fdmi diskusiami a uzavrel ho dr. Martin Komenda predstaven\u00edm projektu N\u00e1rodn\u00e9ho zdravotn\u00edckeho informa\u010dn\u00e9ho port\u00e1lu nzip.cz, ktor\u00fd poskytuje u\u017e nieko\u013eko rokov \u010desk\u00fdm ob\u010danom garantovan\u00e9 inform\u00e1cie v oblasti zdravia a zdravotn\u00edctva.<\/p>\n\n\n\n<p>\u0160estn\u00e1sty ro\u010dn\u00edk konferencie MEFANET sa konal v\u00f4bec po prv\u00fd kr\u00e1t v hist\u00f3rii mimo \u010ceskej republiky a docenta Jaroslava Majern\u00edka ve\u013emi te\u0161\u00ed, \u017ee sa toto podujatie skuto\u010dne vydarilo. Ako poznamen\u00e1va, niektor\u00e9 aktivity pokra\u010dovali aj po ukon\u010den\u00ed odborn\u00e9ho podujatia v Centre simul\u00e1torovej a virtu\u00e1lnej reality Lek\u00e1rskej fakulty UPJ\u0160. <strong><em>\u201eNapr\u00edklad \u0161panielska spolo\u010dnos\u0165 WAZO technologies n\u00e1m prezentovala syst\u00e9m high-fidelity online USG simul\u00e1tora ur\u010den\u00e9ho pre v\u00fdu\u010dbov\u00e9 \u00fa\u010dely vr\u00e1tane mo\u017enosti testovania vedomost\u00ed \u0161tudentov, pri\u010dom z\u00e1stupcovia tejto spolo\u010dnosti n\u00e1m poskytli aj sk\u00fa\u0161obn\u00fd pr\u00edstup k demo verzii, ktor\u00fa si na\u0161i pedag\u00f3govia m\u00f4\u017eu v priebehu nasleduj\u00facich t\u00fd\u017ed\u0148ov osobne otestova\u0165,\u201c<\/em><\/strong> poznamen\u00e1va doc. Majern\u00edk.<\/p>\n\n\n\n<p><a href=\"https:\/\/www.med.muni.cz\/aktuality\/mefanet-posestnacte-umela-inteligence-v-medicinskem-vzdelavani-virtualni-realita-i-krest-knihy\" class=\"ek-link\">Viac o MEFANET2023 <\/a><\/p>\n\n\n\n<p><a href=\"https:\/\/www.akutne.cz\/news-detail\/cs\/1323-mefanet-2023-v-kosicich-tam-kde-ai-potkala-3d-tiskarnu-\/\" class=\"ek-link\">Akutne.cz<\/a><\/p>\n","protected":false},"excerpt":{"rendered":"<p>Lek\u00e1rska fakulta UPJ\u0160 v Ko\u0161iciach spoluorganizovala 16. ro\u010dn\u00edk konferencie MEFANET, ktor\u00e1 sa konala v d\u0148och 7.-8. novembra 2023 v Congress Hotel Centrum, Ko\u0161ice pod z\u00e1\u0161titou dekana UPJ\u0160 LF prof. MUDr. Petra Jar\u010du\u0161ku, PhD. Nosnou t\u00e9mou dvojd\u0148ov\u00e9ho odborn\u00e9ho podujatia bolo vyu\u017eitie umelej inteligencie a virtu\u00e1lnej reality v medic\u00ednskom vzdel\u00e1van\u00ed. Konferencia bola v\u00fdbornou pr\u00edle\u017eitos\u0165ou na stretnutie s &hellip; <a href=\"https:\/\/www.upjs.sk\/lekarska-fakulta\/actuality\/uskutocnila-sa-konferencia-mefanet-2023\/\">\u010c\u00edta\u0165 \u010falej<\/a><\/p>\n","protected":false},"author":53,"featured_media":102996,"template":"","meta":{"_acf_changed":false,"_editorskit_title_hidden":false,"_editorskit_reading_time":0,"_editorskit_is_block_options_detached":false,"_editorskit_block_options_position":"{}","footnotes":""},"categories":[],"tags":[],"tax_aktuality":[],"class_list":["post-102826","cpt_aktuality","type-cpt_aktuality","status-publish","has-post-thumbnail","hentry"],"acf":{"acf_link_na_externy_obsah":"","poradie_clanku":""},"yoast_head":"<!-- This site is optimized with the Yoast SEO plugin v27.4 - https:\/\/yoast.com\/product\/yoast-seo-wordpress\/ -->\n<title>Uskuto\u010dnila sa konferencia MEFANET 2023 - Lek\u00e1rska fakulta | UPJ\u0160<\/title>\n<meta name=\"robots\" content=\"index, follow, max-snippet:-1, max-image-preview:large, max-video-preview:-1\" \/>\n<link rel=\"canonical\" href=\"https:\/\/www.upjs.sk\/lekarska-fakulta\/actuality\/uskutocnila-sa-konferencia-mefanet-2023\/\" \/>\n<meta property=\"og:locale\" content=\"sk_SK\" \/>\n<meta property=\"og:type\" content=\"article\" \/>\n<meta property=\"og:title\" content=\"Uskuto\u010dnila sa konferencia MEFANET 2023 - Lek\u00e1rska fakulta | UPJ\u0160\" \/>\n<meta property=\"og:description\" content=\"Lek\u00e1rska fakulta UPJ\u0160 v Ko\u0161iciach spoluorganizovala 16. ro\u010dn\u00edk konferencie MEFANET, ktor\u00e1 sa konala v d\u0148och 7.-8. novembra 2023 v Congress Hotel Centrum, Ko\u0161ice pod z\u00e1\u0161titou dekana UPJ\u0160 LF prof. MUDr. Petra Jar\u010du\u0161ku, PhD. Nosnou t\u00e9mou dvojd\u0148ov\u00e9ho odborn\u00e9ho podujatia bolo vyu\u017eitie umelej inteligencie a virtu\u00e1lnej reality v medic\u00ednskom vzdel\u00e1van\u00ed. Konferencia bola v\u00fdbornou pr\u00edle\u017eitos\u0165ou na stretnutie s &hellip; \u010c\u00edta\u0165 \u010falej\" \/>\n<meta property=\"og:url\" content=\"https:\/\/www.upjs.sk\/lekarska-fakulta\/actuality\/uskutocnila-sa-konferencia-mefanet-2023\/\" \/>\n<meta property=\"og:site_name\" content=\"Lek\u00e1rska fakulta | UPJ\u0160\" \/>\n<meta property=\"article:modified_time\" content=\"2023-11-20T14:04:15+00:00\" \/>\n<meta property=\"og:image\" content=\"https:\/\/www.upjs.sk\/app\/uploads\/sites\/9\/2023\/11\/DSC_6753-1-scaled.jpg\" \/>\n\t<meta property=\"og:image:width\" content=\"2560\" \/>\n\t<meta property=\"og:image:height\" content=\"1705\" \/>\n\t<meta property=\"og:image:type\" content=\"image\/jpeg\" \/>\n<meta name=\"twitter:card\" content=\"summary_large_image\" \/>\n<meta name=\"twitter:label1\" content=\"Predpokladan\u00fd \u010das \u010d\u00edtania\" \/>\n\t<meta name=\"twitter:data1\" content=\"3 min\u00faty\" \/>\n<script type=\"application\/ld+json\" class=\"yoast-schema-graph\">{\"@context\":\"https:\\\/\\\/schema.org\",\"@graph\":[{\"@type\":\"WebPage\",\"@id\":\"https:\\\/\\\/www.upjs.sk\\\/lekarska-fakulta\\\/actuality\\\/uskutocnila-sa-konferencia-mefanet-2023\\\/\",\"url\":\"https:\\\/\\\/www.upjs.sk\\\/lekarska-fakulta\\\/actuality\\\/uskutocnila-sa-konferencia-mefanet-2023\\\/\",\"name\":\"Uskuto\u010dnila sa konferencia MEFANET 2023 - Lek\u00e1rska fakulta | UPJ\u0160\",\"isPartOf\":{\"@id\":\"https:\\\/\\\/www.upjs.sk\\\/lekarska-fakulta\\\/#website\"},\"primaryImageOfPage\":{\"@id\":\"https:\\\/\\\/www.upjs.sk\\\/lekarska-fakulta\\\/actuality\\\/uskutocnila-sa-konferencia-mefanet-2023\\\/#primaryimage\"},\"image\":{\"@id\":\"https:\\\/\\\/www.upjs.sk\\\/lekarska-fakulta\\\/actuality\\\/uskutocnila-sa-konferencia-mefanet-2023\\\/#primaryimage\"},\"thumbnailUrl\":\"https:\\\/\\\/www.upjs.sk\\\/app\\\/uploads\\\/sites\\\/9\\\/2023\\\/11\\\/DSC_6753-1-scaled.jpg\",\"datePublished\":\"2023-11-20T10:35:48+00:00\",\"dateModified\":\"2023-11-20T14:04:15+00:00\",\"breadcrumb\":{\"@id\":\"https:\\\/\\\/www.upjs.sk\\\/lekarska-fakulta\\\/actuality\\\/uskutocnila-sa-konferencia-mefanet-2023\\\/#breadcrumb\"},\"inLanguage\":\"sk-SK\",\"potentialAction\":[{\"@type\":\"ReadAction\",\"target\":[\"https:\\\/\\\/www.upjs.sk\\\/lekarska-fakulta\\\/actuality\\\/uskutocnila-sa-konferencia-mefanet-2023\\\/\"]}]},{\"@type\":\"ImageObject\",\"inLanguage\":\"sk-SK\",\"@id\":\"https:\\\/\\\/www.upjs.sk\\\/lekarska-fakulta\\\/actuality\\\/uskutocnila-sa-konferencia-mefanet-2023\\\/#primaryimage\",\"url\":\"https:\\\/\\\/www.upjs.sk\\\/app\\\/uploads\\\/sites\\\/9\\\/2023\\\/11\\\/DSC_6753-1-scaled.jpg\",\"contentUrl\":\"https:\\\/\\\/www.upjs.sk\\\/app\\\/uploads\\\/sites\\\/9\\\/2023\\\/11\\\/DSC_6753-1-scaled.jpg\",\"width\":2560,\"height\":1705},{\"@type\":\"BreadcrumbList\",\"@id\":\"https:\\\/\\\/www.upjs.sk\\\/lekarska-fakulta\\\/actuality\\\/uskutocnila-sa-konferencia-mefanet-2023\\\/#breadcrumb\",\"itemListElement\":[{\"@type\":\"ListItem\",\"position\":1,\"name\":\"Home\",\"item\":\"https:\\\/\\\/www.upjs.sk\\\/lekarska-fakulta\\\/\"},{\"@type\":\"ListItem\",\"position\":2,\"name\":\"Aktuality\",\"item\":\"https:\\\/\\\/www.upjs.sk\\\/lekarska-fakulta\\\/actuality\\\/\"},{\"@type\":\"ListItem\",\"position\":3,\"name\":\"Uskuto\u010dnila sa konferencia MEFANET 2023\"}]},{\"@type\":\"WebSite\",\"@id\":\"https:\\\/\\\/www.upjs.sk\\\/lekarska-fakulta\\\/#website\",\"url\":\"https:\\\/\\\/www.upjs.sk\\\/lekarska-fakulta\\\/\",\"name\":\"Lek\u00e1rska fakulta | UPJ\u0160\",\"description\":\"\",\"publisher\":{\"@id\":\"https:\\\/\\\/www.upjs.sk\\\/lekarska-fakulta\\\/#organization\"},\"potentialAction\":[{\"@type\":\"SearchAction\",\"target\":{\"@type\":\"EntryPoint\",\"urlTemplate\":\"https:\\\/\\\/www.upjs.sk\\\/lekarska-fakulta\\\/?s={search_term_string}\"},\"query-input\":{\"@type\":\"PropertyValueSpecification\",\"valueRequired\":true,\"valueName\":\"search_term_string\"}}],\"inLanguage\":\"sk-SK\"},{\"@type\":\"Organization\",\"@id\":\"https:\\\/\\\/www.upjs.sk\\\/lekarska-fakulta\\\/#organization\",\"name\":\"Lek\u00e1rska fakulta | UPJ\u0160\",\"url\":\"https:\\\/\\\/www.upjs.sk\\\/lekarska-fakulta\\\/\",\"logo\":{\"@type\":\"ImageObject\",\"inLanguage\":\"sk-SK\",\"@id\":\"https:\\\/\\\/www.upjs.sk\\\/lekarska-fakulta\\\/#\\\/schema\\\/logo\\\/image\\\/\",\"url\":\"https:\\\/\\\/www.upjs.sk\\\/app\\\/uploads\\\/sites\\\/9\\\/2022\\\/09\\\/logo-lekarska-fakulta.png\",\"contentUrl\":\"https:\\\/\\\/www.upjs.sk\\\/app\\\/uploads\\\/sites\\\/9\\\/2022\\\/09\\\/logo-lekarska-fakulta.png\",\"width\":415,\"height\":87,\"caption\":\"Lek\u00e1rska fakulta | UPJ\u0160\"},\"image\":{\"@id\":\"https:\\\/\\\/www.upjs.sk\\\/lekarska-fakulta\\\/#\\\/schema\\\/logo\\\/image\\\/\"}}]}<\/script>\n<!-- \/ Yoast SEO plugin. -->","yoast_head_json":{"title":"Uskuto\u010dnila sa konferencia MEFANET 2023 - Lek\u00e1rska fakulta | UPJ\u0160","robots":{"index":"index","follow":"follow","max-snippet":"max-snippet:-1","max-image-preview":"max-image-preview:large","max-video-preview":"max-video-preview:-1"},"canonical":"https:\/\/www.upjs.sk\/lekarska-fakulta\/actuality\/uskutocnila-sa-konferencia-mefanet-2023\/","og_locale":"sk_SK","og_type":"article","og_title":"Uskuto\u010dnila sa konferencia MEFANET 2023 - Lek\u00e1rska fakulta | UPJ\u0160","og_description":"Lek\u00e1rska fakulta UPJ\u0160 v Ko\u0161iciach spoluorganizovala 16. ro\u010dn\u00edk konferencie MEFANET, ktor\u00e1 sa konala v d\u0148och 7.-8. novembra 2023 v Congress Hotel Centrum, Ko\u0161ice pod z\u00e1\u0161titou dekana UPJ\u0160 LF prof. MUDr. Petra Jar\u010du\u0161ku, PhD. Nosnou t\u00e9mou dvojd\u0148ov\u00e9ho odborn\u00e9ho podujatia bolo vyu\u017eitie umelej inteligencie a virtu\u00e1lnej reality v medic\u00ednskom vzdel\u00e1van\u00ed. Konferencia bola v\u00fdbornou pr\u00edle\u017eitos\u0165ou na stretnutie s &hellip; \u010c\u00edta\u0165 \u010falej","og_url":"https:\/\/www.upjs.sk\/lekarska-fakulta\/actuality\/uskutocnila-sa-konferencia-mefanet-2023\/","og_site_name":"Lek\u00e1rska fakulta | UPJ\u0160","article_modified_time":"2023-11-20T14:04:15+00:00","og_image":[{"width":2560,"height":1705,"url":"https:\/\/www.upjs.sk\/app\/uploads\/sites\/9\/2023\/11\/DSC_6753-1-scaled.jpg","type":"image\/jpeg"}],"twitter_card":"summary_large_image","twitter_misc":{"Predpokladan\u00fd \u010das \u010d\u00edtania":"3 min\u00faty"},"schema":{"@context":"https:\/\/schema.org","@graph":[{"@type":"WebPage","@id":"https:\/\/www.upjs.sk\/lekarska-fakulta\/actuality\/uskutocnila-sa-konferencia-mefanet-2023\/","url":"https:\/\/www.upjs.sk\/lekarska-fakulta\/actuality\/uskutocnila-sa-konferencia-mefanet-2023\/","name":"Uskuto\u010dnila sa konferencia MEFANET 2023 - Lek\u00e1rska fakulta | UPJ\u0160","isPartOf":{"@id":"https:\/\/www.upjs.sk\/lekarska-fakulta\/#website"},"primaryImageOfPage":{"@id":"https:\/\/www.upjs.sk\/lekarska-fakulta\/actuality\/uskutocnila-sa-konferencia-mefanet-2023\/#primaryimage"},"image":{"@id":"https:\/\/www.upjs.sk\/lekarska-fakulta\/actuality\/uskutocnila-sa-konferencia-mefanet-2023\/#primaryimage"},"thumbnailUrl":"https:\/\/www.upjs.sk\/app\/uploads\/sites\/9\/2023\/11\/DSC_6753-1-scaled.jpg","datePublished":"2023-11-20T10:35:48+00:00","dateModified":"2023-11-20T14:04:15+00:00","breadcrumb":{"@id":"https:\/\/www.upjs.sk\/lekarska-fakulta\/actuality\/uskutocnila-sa-konferencia-mefanet-2023\/#breadcrumb"},"inLanguage":"sk-SK","potentialAction":[{"@type":"ReadAction","target":["https:\/\/www.upjs.sk\/lekarska-fakulta\/actuality\/uskutocnila-sa-konferencia-mefanet-2023\/"]}]},{"@type":"ImageObject","inLanguage":"sk-SK","@id":"https:\/\/www.upjs.sk\/lekarska-fakulta\/actuality\/uskutocnila-sa-konferencia-mefanet-2023\/#primaryimage","url":"https:\/\/www.upjs.sk\/app\/uploads\/sites\/9\/2023\/11\/DSC_6753-1-scaled.jpg","contentUrl":"https:\/\/www.upjs.sk\/app\/uploads\/sites\/9\/2023\/11\/DSC_6753-1-scaled.jpg","width":2560,"height":1705},{"@type":"BreadcrumbList","@id":"https:\/\/www.upjs.sk\/lekarska-fakulta\/actuality\/uskutocnila-sa-konferencia-mefanet-2023\/#breadcrumb","itemListElement":[{"@type":"ListItem","position":1,"name":"Home","item":"https:\/\/www.upjs.sk\/lekarska-fakulta\/"},{"@type":"ListItem","position":2,"name":"Aktuality","item":"https:\/\/www.upjs.sk\/lekarska-fakulta\/actuality\/"},{"@type":"ListItem","position":3,"name":"Uskuto\u010dnila sa konferencia MEFANET 2023"}]},{"@type":"WebSite","@id":"https:\/\/www.upjs.sk\/lekarska-fakulta\/#website","url":"https:\/\/www.upjs.sk\/lekarska-fakulta\/","name":"Lek\u00e1rska fakulta | UPJ\u0160","description":"","publisher":{"@id":"https:\/\/www.upjs.sk\/lekarska-fakulta\/#organization"},"potentialAction":[{"@type":"SearchAction","target":{"@type":"EntryPoint","urlTemplate":"https:\/\/www.upjs.sk\/lekarska-fakulta\/?s={search_term_string}"},"query-input":{"@type":"PropertyValueSpecification","valueRequired":true,"valueName":"search_term_string"}}],"inLanguage":"sk-SK"},{"@type":"Organization","@id":"https:\/\/www.upjs.sk\/lekarska-fakulta\/#organization","name":"Lek\u00e1rska fakulta | UPJ\u0160","url":"https:\/\/www.upjs.sk\/lekarska-fakulta\/","logo":{"@type":"ImageObject","inLanguage":"sk-SK","@id":"https:\/\/www.upjs.sk\/lekarska-fakulta\/#\/schema\/logo\/image\/","url":"https:\/\/www.upjs.sk\/app\/uploads\/sites\/9\/2022\/09\/logo-lekarska-fakulta.png","contentUrl":"https:\/\/www.upjs.sk\/app\/uploads\/sites\/9\/2022\/09\/logo-lekarska-fakulta.png","width":415,"height":87,"caption":"Lek\u00e1rska fakulta | UPJ\u0160"},"image":{"@id":"https:\/\/www.upjs.sk\/lekarska-fakulta\/#\/schema\/logo\/image\/"}}]}},"_links":{"self":[{"href":"https:\/\/www.upjs.sk\/lekarska-fakulta\/wp-json\/wp\/v2\/cpt_aktuality\/102826","targetHints":{"allow":["GET"]}}],"collection":[{"href":"https:\/\/www.upjs.sk\/lekarska-fakulta\/wp-json\/wp\/v2\/cpt_aktuality"}],"about":[{"href":"https:\/\/www.upjs.sk\/lekarska-fakulta\/wp-json\/wp\/v2\/types\/cpt_aktuality"}],"author":[{"embeddable":true,"href":"https:\/\/www.upjs.sk\/lekarska-fakulta\/wp-json\/wp\/v2\/users\/53"}],"version-history":[{"count":5,"href":"https:\/\/www.upjs.sk\/lekarska-fakulta\/wp-json\/wp\/v2\/cpt_aktuality\/102826\/revisions"}],"predecessor-version":[{"id":103047,"href":"https:\/\/www.upjs.sk\/lekarska-fakulta\/wp-json\/wp\/v2\/cpt_aktuality\/102826\/revisions\/103047"}],"wp:featuredmedia":[{"embeddable":true,"href":"https:\/\/www.upjs.sk\/lekarska-fakulta\/wp-json\/wp\/v2\/media\/102996"}],"wp:attachment":[{"href":"https:\/\/www.upjs.sk\/lekarska-fakulta\/wp-json\/wp\/v2\/media?parent=102826"}],"wp:term":[{"taxonomy":"category","embeddable":true,"href":"https:\/\/www.upjs.sk\/lekarska-fakulta\/wp-json\/wp\/v2\/categories?post=102826"},{"taxonomy":"post_tag","embeddable":true,"href":"https:\/\/www.upjs.sk\/lekarska-fakulta\/wp-json\/wp\/v2\/tags?post=102826"},{"taxonomy":"tax_aktuality","embeddable":true,"href":"https:\/\/www.upjs.sk\/lekarska-fakulta\/wp-json\/wp\/v2\/tax_aktuality?post=102826"}],"curies":[{"name":"wp","href":"https:\/\/api.w.org\/{rel}","templated":true}]}}