{"id":111173,"date":"2024-04-08T09:23:52","date_gmt":"2024-04-08T08:23:52","guid":{"rendered":"https:\/\/www.upjs.sk\/lekarska-fakulta\/?post_type=cpt_aktuality&#038;p=111173"},"modified":"2024-04-08T09:23:55","modified_gmt":"2024-04-08T08:23:55","slug":"xxiii-stomatologicke-dni-kosice","status":"publish","type":"cpt_aktuality","link":"https:\/\/www.upjs.sk\/lekarska-fakulta\/actuality\/xxiii-stomatologicke-dni-kosice\/","title":{"rendered":"XXIII. Stomatologick\u00e9 dni Ko\u0161ice"},"content":{"rendered":"\n<p><strong>Od 3. do 4. apr\u00edla 2024 sa uskuto\u010dnil u\u017e 23. ro\u010dn\u00edk Stomatologick\u00fdch dn\u00ed Ko\u0161ice. S\u00fa\u010das\u0165ou programu bola aj v\u00fdstava v\u00fdrobkov a&nbsp;zariaden\u00ed pre stomatol\u00f3giu, ktor\u00e1 sa uskuto\u010dnila v&nbsp;priestore pred Aulou Lek\u00e1rskej fakulty UPJ\u0160 v&nbsp;Ko\u0161iciach.<\/strong><\/p>\n\n\n\n<p>Celoslovensk\u00e9 odborn\u00e9 podujatie sa uskuto\u010dnilo v\u010faka organiza\u010dn\u00e9mu zastre\u0161eniu UPJ\u0160 LF v&nbsp;Ko\u0161iciach, UNLP v&nbsp;Ko\u0161iciach. Slovenskej stomatologickej spolo\u010dnosti v&nbsp;Bratislave, Kliniky stomatol\u00f3gie a&nbsp;maxiofaci\u00e1lnej chirurgie, I. Stomatologickej kliniky, KSaMFCH UPJ\u0160 LF v&nbsp;Ko\u0161iciach a&nbsp;akad\u00e9mie Ko\u0161ice, n.o., Slovenskej komory zubn\u00fdch lek\u00e1rov, Slovenskej komory sestier a&nbsp;p\u00f4rodn\u00fdch asistentiek,&nbsp;KVV \u2013 Ing. Igora Kubov\u010d\u00edka. Z\u00e1\u0161titu nad usporiadan\u00edm prebral dekan UPJ\u0160 LF v&nbsp;Ko\u0161iciach, prof. MUDr. Peter Jar\u010du\u0161ka, PhD.<\/p>\n\n\n\n<p>Stomatologick\u00e9 dni Ko\u0161ice za\u010dali 3. apr\u00edla od 9tej hodiny v&nbsp;Aule UPJ\u0160 LF pr\u00edhovorom dekana fakulty, prof. Petra Jar\u010du\u0161ku. Vo svojom pr\u00edhovore vyzdvihol d\u00f4le\u017eitos\u0165 a&nbsp;dlhoro\u010dn\u00fa trad\u00edciu tejto udalosti, ktor\u00e1 sa stal pevnou s\u00fa\u010das\u0165ou identity fakulty, ktor\u00e1 poskytuje vzdelanie pr\u00e1ve \u0161tudentom zubn\u00e9ho lek\u00e1rstva. Niektor\u00ed z&nbsp;nich zaujali miesto v&nbsp;audit\u00f3riu Auly UPJ\u0160 LF aj po\u010das predn\u00e1\u0161ok rozdelen\u00fdch do 7 sekci\u00ed,&nbsp;ktor\u00fdch sa po\u010das predch\u00e1dzaj\u00facich ro\u010dn\u00edkov z\u00fa\u010dastnilo viac ako 600 lek\u00e1rov a&nbsp;200 sestier.<\/p>\n\n\n\n<p>Sekcie XXIII. Stomatologick\u00fdch dn\u00ed Ko\u0161ice:<\/p>\n\n\n\n<ul class=\"wp-block-list\">\n<li>Parodontologick\u00e1 sekcia<\/li>\n\n\n\n<li>Protetick\u00e1 sekcia<\/li>\n\n\n\n<li>Sekcia detsk\u00e9ho zubn\u00e9ho lek\u00e1rstva<\/li>\n\n\n\n<li>Sekcia mlad\u00fdch zubn\u00fdch lek\u00e1rov<\/li>\n\n\n\n<li>Sekcia konzerva\u010dn\u00e9ho zubn\u00e9ho lek\u00e1rstva<\/li>\n\n\n\n<li>Sekcia dentoalveol\u00e1rnej a&nbsp;maxilofaci\u00e1lnej chirurgie<\/li>\n\n\n\n<li>Sekcia sestier pracuj\u00facich v&nbsp;zubnom lek\u00e1rstve<\/li>\n<\/ul>\n","protected":false},"excerpt":{"rendered":"<p>Od 3. do 4. apr\u00edla 2024 sa uskuto\u010dnil u\u017e 23. ro\u010dn\u00edk Stomatologick\u00fdch dn\u00ed Ko\u0161ice. S\u00fa\u010das\u0165ou programu bola aj v\u00fdstava v\u00fdrobkov a&nbsp;zariaden\u00ed pre stomatol\u00f3giu, ktor\u00e1 sa uskuto\u010dnila v&nbsp;priestore pred Aulou Lek\u00e1rskej fakulty UPJ\u0160 v&nbsp;Ko\u0161iciach. Celoslovensk\u00e9 odborn\u00e9 podujatie sa uskuto\u010dnilo v\u010faka organiza\u010dn\u00e9mu zastre\u0161eniu UPJ\u0160 LF v&nbsp;Ko\u0161iciach, UNLP v&nbsp;Ko\u0161iciach. Slovenskej stomatologickej spolo\u010dnosti v&nbsp;Bratislave, Kliniky stomatol\u00f3gie a&nbsp;maxiofaci\u00e1lnej chirurgie, I. &hellip; <a href=\"https:\/\/www.upjs.sk\/lekarska-fakulta\/actuality\/xxiii-stomatologicke-dni-kosice\/\">\u010c\u00edta\u0165 \u010falej<\/a><\/p>\n","protected":false},"author":88,"featured_media":111215,"template":"","meta":{"_acf_changed":false,"_editorskit_title_hidden":false,"_editorskit_reading_time":0,"_editorskit_is_block_options_detached":false,"_editorskit_block_options_position":"{}","footnotes":""},"categories":[],"tags":[],"tax_aktuality":[],"class_list":["post-111173","cpt_aktuality","type-cpt_aktuality","status-publish","has-post-thumbnail","hentry"],"acf":{"acf_link_na_externy_obsah":"","poradie_clanku":""},"yoast_head":"<!-- This site is optimized with the Yoast SEO plugin v27.4 - https:\/\/yoast.com\/product\/yoast-seo-wordpress\/ -->\n<title>XXIII. Stomatologick\u00e9 dni Ko\u0161ice - Lek\u00e1rska fakulta | UPJ\u0160<\/title>\n<meta name=\"robots\" content=\"index, follow, max-snippet:-1, max-image-preview:large, max-video-preview:-1\" \/>\n<link rel=\"canonical\" href=\"https:\/\/www.upjs.sk\/lekarska-fakulta\/actuality\/xxiii-stomatologicke-dni-kosice\/\" \/>\n<meta property=\"og:locale\" content=\"sk_SK\" \/>\n<meta property=\"og:type\" content=\"article\" \/>\n<meta property=\"og:title\" content=\"XXIII. Stomatologick\u00e9 dni Ko\u0161ice - Lek\u00e1rska fakulta | UPJ\u0160\" \/>\n<meta property=\"og:description\" content=\"Od 3. do 4. apr\u00edla 2024 sa uskuto\u010dnil u\u017e 23. ro\u010dn\u00edk Stomatologick\u00fdch dn\u00ed Ko\u0161ice. S\u00fa\u010das\u0165ou programu bola aj v\u00fdstava v\u00fdrobkov a&nbsp;zariaden\u00ed pre stomatol\u00f3giu, ktor\u00e1 sa uskuto\u010dnila v&nbsp;priestore pred Aulou Lek\u00e1rskej fakulty UPJ\u0160 v&nbsp;Ko\u0161iciach. Celoslovensk\u00e9 odborn\u00e9 podujatie sa uskuto\u010dnilo v\u010faka organiza\u010dn\u00e9mu zastre\u0161eniu UPJ\u0160 LF v&nbsp;Ko\u0161iciach, UNLP v&nbsp;Ko\u0161iciach. Slovenskej stomatologickej spolo\u010dnosti v&nbsp;Bratislave, Kliniky stomatol\u00f3gie a&nbsp;maxiofaci\u00e1lnej chirurgie, I. &hellip; \u010c\u00edta\u0165 \u010falej\" \/>\n<meta property=\"og:url\" content=\"https:\/\/www.upjs.sk\/lekarska-fakulta\/actuality\/xxiii-stomatologicke-dni-kosice\/\" \/>\n<meta property=\"og:site_name\" content=\"Lek\u00e1rska fakulta | UPJ\u0160\" \/>\n<meta property=\"article:modified_time\" content=\"2024-04-08T08:23:55+00:00\" \/>\n<meta property=\"og:image\" content=\"https:\/\/www.upjs.sk\/app\/uploads\/sites\/9\/2024\/04\/5-1.jpg\" \/>\n\t<meta property=\"og:image:width\" content=\"2048\" \/>\n\t<meta property=\"og:image:height\" content=\"1536\" \/>\n\t<meta property=\"og:image:type\" content=\"image\/jpeg\" \/>\n<meta name=\"twitter:card\" content=\"summary_large_image\" \/>\n<meta name=\"twitter:label1\" content=\"Predpokladan\u00fd \u010das \u010d\u00edtania\" \/>\n\t<meta name=\"twitter:data1\" content=\"2 min\u00faty\" \/>\n<script type=\"application\/ld+json\" class=\"yoast-schema-graph\">{\"@context\":\"https:\\\/\\\/schema.org\",\"@graph\":[{\"@type\":\"WebPage\",\"@id\":\"https:\\\/\\\/www.upjs.sk\\\/lekarska-fakulta\\\/actuality\\\/xxiii-stomatologicke-dni-kosice\\\/\",\"url\":\"https:\\\/\\\/www.upjs.sk\\\/lekarska-fakulta\\\/actuality\\\/xxiii-stomatologicke-dni-kosice\\\/\",\"name\":\"XXIII. Stomatologick\u00e9 dni Ko\u0161ice - Lek\u00e1rska fakulta | UPJ\u0160\",\"isPartOf\":{\"@id\":\"https:\\\/\\\/www.upjs.sk\\\/lekarska-fakulta\\\/#website\"},\"primaryImageOfPage\":{\"@id\":\"https:\\\/\\\/www.upjs.sk\\\/lekarska-fakulta\\\/actuality\\\/xxiii-stomatologicke-dni-kosice\\\/#primaryimage\"},\"image\":{\"@id\":\"https:\\\/\\\/www.upjs.sk\\\/lekarska-fakulta\\\/actuality\\\/xxiii-stomatologicke-dni-kosice\\\/#primaryimage\"},\"thumbnailUrl\":\"https:\\\/\\\/www.upjs.sk\\\/app\\\/uploads\\\/sites\\\/9\\\/2024\\\/04\\\/5-1.jpg\",\"datePublished\":\"2024-04-08T08:23:52+00:00\",\"dateModified\":\"2024-04-08T08:23:55+00:00\",\"breadcrumb\":{\"@id\":\"https:\\\/\\\/www.upjs.sk\\\/lekarska-fakulta\\\/actuality\\\/xxiii-stomatologicke-dni-kosice\\\/#breadcrumb\"},\"inLanguage\":\"sk-SK\",\"potentialAction\":[{\"@type\":\"ReadAction\",\"target\":[\"https:\\\/\\\/www.upjs.sk\\\/lekarska-fakulta\\\/actuality\\\/xxiii-stomatologicke-dni-kosice\\\/\"]}]},{\"@type\":\"ImageObject\",\"inLanguage\":\"sk-SK\",\"@id\":\"https:\\\/\\\/www.upjs.sk\\\/lekarska-fakulta\\\/actuality\\\/xxiii-stomatologicke-dni-kosice\\\/#primaryimage\",\"url\":\"https:\\\/\\\/www.upjs.sk\\\/app\\\/uploads\\\/sites\\\/9\\\/2024\\\/04\\\/5-1.jpg\",\"contentUrl\":\"https:\\\/\\\/www.upjs.sk\\\/app\\\/uploads\\\/sites\\\/9\\\/2024\\\/04\\\/5-1.jpg\",\"width\":2048,\"height\":1536},{\"@type\":\"BreadcrumbList\",\"@id\":\"https:\\\/\\\/www.upjs.sk\\\/lekarska-fakulta\\\/actuality\\\/xxiii-stomatologicke-dni-kosice\\\/#breadcrumb\",\"itemListElement\":[{\"@type\":\"ListItem\",\"position\":1,\"name\":\"Home\",\"item\":\"https:\\\/\\\/www.upjs.sk\\\/lekarska-fakulta\\\/\"},{\"@type\":\"ListItem\",\"position\":2,\"name\":\"Aktuality\",\"item\":\"https:\\\/\\\/www.upjs.sk\\\/lekarska-fakulta\\\/actuality\\\/\"},{\"@type\":\"ListItem\",\"position\":3,\"name\":\"XXIII. Stomatologick\u00e9 dni Ko\u0161ice\"}]},{\"@type\":\"WebSite\",\"@id\":\"https:\\\/\\\/www.upjs.sk\\\/lekarska-fakulta\\\/#website\",\"url\":\"https:\\\/\\\/www.upjs.sk\\\/lekarska-fakulta\\\/\",\"name\":\"Lek\u00e1rska fakulta | UPJ\u0160\",\"description\":\"\",\"publisher\":{\"@id\":\"https:\\\/\\\/www.upjs.sk\\\/lekarska-fakulta\\\/#organization\"},\"potentialAction\":[{\"@type\":\"SearchAction\",\"target\":{\"@type\":\"EntryPoint\",\"urlTemplate\":\"https:\\\/\\\/www.upjs.sk\\\/lekarska-fakulta\\\/?s={search_term_string}\"},\"query-input\":{\"@type\":\"PropertyValueSpecification\",\"valueRequired\":true,\"valueName\":\"search_term_string\"}}],\"inLanguage\":\"sk-SK\"},{\"@type\":\"Organization\",\"@id\":\"https:\\\/\\\/www.upjs.sk\\\/lekarska-fakulta\\\/#organization\",\"name\":\"Lek\u00e1rska fakulta | UPJ\u0160\",\"url\":\"https:\\\/\\\/www.upjs.sk\\\/lekarska-fakulta\\\/\",\"logo\":{\"@type\":\"ImageObject\",\"inLanguage\":\"sk-SK\",\"@id\":\"https:\\\/\\\/www.upjs.sk\\\/lekarska-fakulta\\\/#\\\/schema\\\/logo\\\/image\\\/\",\"url\":\"https:\\\/\\\/www.upjs.sk\\\/app\\\/uploads\\\/sites\\\/9\\\/2022\\\/09\\\/logo-lekarska-fakulta.png\",\"contentUrl\":\"https:\\\/\\\/www.upjs.sk\\\/app\\\/uploads\\\/sites\\\/9\\\/2022\\\/09\\\/logo-lekarska-fakulta.png\",\"width\":415,\"height\":87,\"caption\":\"Lek\u00e1rska fakulta | UPJ\u0160\"},\"image\":{\"@id\":\"https:\\\/\\\/www.upjs.sk\\\/lekarska-fakulta\\\/#\\\/schema\\\/logo\\\/image\\\/\"}}]}<\/script>\n<!-- \/ Yoast SEO plugin. -->","yoast_head_json":{"title":"XXIII. Stomatologick\u00e9 dni Ko\u0161ice - Lek\u00e1rska fakulta | UPJ\u0160","robots":{"index":"index","follow":"follow","max-snippet":"max-snippet:-1","max-image-preview":"max-image-preview:large","max-video-preview":"max-video-preview:-1"},"canonical":"https:\/\/www.upjs.sk\/lekarska-fakulta\/actuality\/xxiii-stomatologicke-dni-kosice\/","og_locale":"sk_SK","og_type":"article","og_title":"XXIII. Stomatologick\u00e9 dni Ko\u0161ice - Lek\u00e1rska fakulta | UPJ\u0160","og_description":"Od 3. do 4. apr\u00edla 2024 sa uskuto\u010dnil u\u017e 23. ro\u010dn\u00edk Stomatologick\u00fdch dn\u00ed Ko\u0161ice. S\u00fa\u010das\u0165ou programu bola aj v\u00fdstava v\u00fdrobkov a&nbsp;zariaden\u00ed pre stomatol\u00f3giu, ktor\u00e1 sa uskuto\u010dnila v&nbsp;priestore pred Aulou Lek\u00e1rskej fakulty UPJ\u0160 v&nbsp;Ko\u0161iciach. Celoslovensk\u00e9 odborn\u00e9 podujatie sa uskuto\u010dnilo v\u010faka organiza\u010dn\u00e9mu zastre\u0161eniu UPJ\u0160 LF v&nbsp;Ko\u0161iciach, UNLP v&nbsp;Ko\u0161iciach. Slovenskej stomatologickej spolo\u010dnosti v&nbsp;Bratislave, Kliniky stomatol\u00f3gie a&nbsp;maxiofaci\u00e1lnej chirurgie, I. &hellip; \u010c\u00edta\u0165 \u010falej","og_url":"https:\/\/www.upjs.sk\/lekarska-fakulta\/actuality\/xxiii-stomatologicke-dni-kosice\/","og_site_name":"Lek\u00e1rska fakulta | UPJ\u0160","article_modified_time":"2024-04-08T08:23:55+00:00","og_image":[{"width":2048,"height":1536,"url":"https:\/\/www.upjs.sk\/app\/uploads\/sites\/9\/2024\/04\/5-1.jpg","type":"image\/jpeg"}],"twitter_card":"summary_large_image","twitter_misc":{"Predpokladan\u00fd \u010das \u010d\u00edtania":"2 min\u00faty"},"schema":{"@context":"https:\/\/schema.org","@graph":[{"@type":"WebPage","@id":"https:\/\/www.upjs.sk\/lekarska-fakulta\/actuality\/xxiii-stomatologicke-dni-kosice\/","url":"https:\/\/www.upjs.sk\/lekarska-fakulta\/actuality\/xxiii-stomatologicke-dni-kosice\/","name":"XXIII. Stomatologick\u00e9 dni Ko\u0161ice - Lek\u00e1rska fakulta | UPJ\u0160","isPartOf":{"@id":"https:\/\/www.upjs.sk\/lekarska-fakulta\/#website"},"primaryImageOfPage":{"@id":"https:\/\/www.upjs.sk\/lekarska-fakulta\/actuality\/xxiii-stomatologicke-dni-kosice\/#primaryimage"},"image":{"@id":"https:\/\/www.upjs.sk\/lekarska-fakulta\/actuality\/xxiii-stomatologicke-dni-kosice\/#primaryimage"},"thumbnailUrl":"https:\/\/www.upjs.sk\/app\/uploads\/sites\/9\/2024\/04\/5-1.jpg","datePublished":"2024-04-08T08:23:52+00:00","dateModified":"2024-04-08T08:23:55+00:00","breadcrumb":{"@id":"https:\/\/www.upjs.sk\/lekarska-fakulta\/actuality\/xxiii-stomatologicke-dni-kosice\/#breadcrumb"},"inLanguage":"sk-SK","potentialAction":[{"@type":"ReadAction","target":["https:\/\/www.upjs.sk\/lekarska-fakulta\/actuality\/xxiii-stomatologicke-dni-kosice\/"]}]},{"@type":"ImageObject","inLanguage":"sk-SK","@id":"https:\/\/www.upjs.sk\/lekarska-fakulta\/actuality\/xxiii-stomatologicke-dni-kosice\/#primaryimage","url":"https:\/\/www.upjs.sk\/app\/uploads\/sites\/9\/2024\/04\/5-1.jpg","contentUrl":"https:\/\/www.upjs.sk\/app\/uploads\/sites\/9\/2024\/04\/5-1.jpg","width":2048,"height":1536},{"@type":"BreadcrumbList","@id":"https:\/\/www.upjs.sk\/lekarska-fakulta\/actuality\/xxiii-stomatologicke-dni-kosice\/#breadcrumb","itemListElement":[{"@type":"ListItem","position":1,"name":"Home","item":"https:\/\/www.upjs.sk\/lekarska-fakulta\/"},{"@type":"ListItem","position":2,"name":"Aktuality","item":"https:\/\/www.upjs.sk\/lekarska-fakulta\/actuality\/"},{"@type":"ListItem","position":3,"name":"XXIII. Stomatologick\u00e9 dni Ko\u0161ice"}]},{"@type":"WebSite","@id":"https:\/\/www.upjs.sk\/lekarska-fakulta\/#website","url":"https:\/\/www.upjs.sk\/lekarska-fakulta\/","name":"Lek\u00e1rska fakulta | UPJ\u0160","description":"","publisher":{"@id":"https:\/\/www.upjs.sk\/lekarska-fakulta\/#organization"},"potentialAction":[{"@type":"SearchAction","target":{"@type":"EntryPoint","urlTemplate":"https:\/\/www.upjs.sk\/lekarska-fakulta\/?s={search_term_string}"},"query-input":{"@type":"PropertyValueSpecification","valueRequired":true,"valueName":"search_term_string"}}],"inLanguage":"sk-SK"},{"@type":"Organization","@id":"https:\/\/www.upjs.sk\/lekarska-fakulta\/#organization","name":"Lek\u00e1rska fakulta | UPJ\u0160","url":"https:\/\/www.upjs.sk\/lekarska-fakulta\/","logo":{"@type":"ImageObject","inLanguage":"sk-SK","@id":"https:\/\/www.upjs.sk\/lekarska-fakulta\/#\/schema\/logo\/image\/","url":"https:\/\/www.upjs.sk\/app\/uploads\/sites\/9\/2022\/09\/logo-lekarska-fakulta.png","contentUrl":"https:\/\/www.upjs.sk\/app\/uploads\/sites\/9\/2022\/09\/logo-lekarska-fakulta.png","width":415,"height":87,"caption":"Lek\u00e1rska fakulta | UPJ\u0160"},"image":{"@id":"https:\/\/www.upjs.sk\/lekarska-fakulta\/#\/schema\/logo\/image\/"}}]}},"_links":{"self":[{"href":"https:\/\/www.upjs.sk\/lekarska-fakulta\/wp-json\/wp\/v2\/cpt_aktuality\/111173","targetHints":{"allow":["GET"]}}],"collection":[{"href":"https:\/\/www.upjs.sk\/lekarska-fakulta\/wp-json\/wp\/v2\/cpt_aktuality"}],"about":[{"href":"https:\/\/www.upjs.sk\/lekarska-fakulta\/wp-json\/wp\/v2\/types\/cpt_aktuality"}],"author":[{"embeddable":true,"href":"https:\/\/www.upjs.sk\/lekarska-fakulta\/wp-json\/wp\/v2\/users\/88"}],"version-history":[{"count":2,"href":"https:\/\/www.upjs.sk\/lekarska-fakulta\/wp-json\/wp\/v2\/cpt_aktuality\/111173\/revisions"}],"predecessor-version":[{"id":111219,"href":"https:\/\/www.upjs.sk\/lekarska-fakulta\/wp-json\/wp\/v2\/cpt_aktuality\/111173\/revisions\/111219"}],"wp:featuredmedia":[{"embeddable":true,"href":"https:\/\/www.upjs.sk\/lekarska-fakulta\/wp-json\/wp\/v2\/media\/111215"}],"wp:attachment":[{"href":"https:\/\/www.upjs.sk\/lekarska-fakulta\/wp-json\/wp\/v2\/media?parent=111173"}],"wp:term":[{"taxonomy":"category","embeddable":true,"href":"https:\/\/www.upjs.sk\/lekarska-fakulta\/wp-json\/wp\/v2\/categories?post=111173"},{"taxonomy":"post_tag","embeddable":true,"href":"https:\/\/www.upjs.sk\/lekarska-fakulta\/wp-json\/wp\/v2\/tags?post=111173"},{"taxonomy":"tax_aktuality","embeddable":true,"href":"https:\/\/www.upjs.sk\/lekarska-fakulta\/wp-json\/wp\/v2\/tax_aktuality?post=111173"}],"curies":[{"name":"wp","href":"https:\/\/api.w.org\/{rel}","templated":true}]}}