{"id":121328,"date":"2025-01-22T10:50:33","date_gmt":"2025-01-22T09:50:33","guid":{"rendered":"https:\/\/www.upjs.sk\/lekarska-fakulta\/?post_type=cpt_aktuality&#038;p=121328"},"modified":"2025-04-02T11:37:15","modified_gmt":"2025-04-02T10:37:15","slug":"stanovisko-vedenia-upjs-lf-k-vyjadreniam-splnomocnenca-vlady-sr-pre-preverenie-procesu-riadenia-a-manazovania-zdrojov-pocas-pandemie-covid-19-mudr-petra-kotlara","status":"publish","type":"cpt_aktuality","link":"https:\/\/www.upjs.sk\/lekarska-fakulta\/actuality\/stanovisko-vedenia-upjs-lf-k-vyjadreniam-splnomocnenca-vlady-sr-pre-preverenie-procesu-riadenia-a-manazovania-zdrojov-pocas-pandemie-covid-19-mudr-petra-kotlara\/","title":{"rendered":"Stanovisko Vedenia UPJ\u0160 LF k vyjadreniam splnomocnenca vl\u00e1dy SR pre preverenie procesu riadenia a mana\u017eovania zdrojov po\u010das pand\u00e9mie COVID-19 MUDr. Petra Kotl\u00e1ra"},"content":{"rendered":"\n<p class=\"has-text-align-right\">Ko\u0161ice, 08. 10. 2024<\/p>\n\n\n\n<p>V medic\u00edne sa pri rozhodovan\u00ed riadime konsenzom odborn\u00edkov, zalo\u017eenom na vedeck\u00fdch d\u00f4kazoch, ktor\u00e9 s\u00fa generovan\u00e9 korektne realizovan\u00fdm v\u00fdskumom. Stanovisk\u00e1 splnomocnenca vl\u00e1dy SR pre preverenie procesu riadenia a mana\u017eovania zdrojov po\u010das pand\u00e9mie COVID-19 MUDr. Petra Kotl\u00e1ra s\u00fa v pr\u00edkrom rozpore s t\u00fdmto pr\u00edstupom. Jeho vyjadrenia, spochyb\u0148uj\u00face protipandemick\u00e9 opatrenia a postupy pou\u017eit\u00e9 na lie\u010dbu infekcie SARS-COV-2, nie s\u00fa v s\u00falade s medzin\u00e1rodn\u00fdmi vedeck\u00fdmi poznatkami, ani s na\u0161imi odborn\u00fdmi klinick\u00fdmi sk\u00fasenos\u0165ami s mana\u017ementom pand\u00e9mie ochorenia COVID-19. Formul\u00e1cie, nab\u00e1daj\u00face \u013eud\u00ed spochyb\u0148ova\u0165 rozhodnutia oh\u013eadom o\u010dkovania a lie\u010dby v s\u00favislosti s ochoren\u00edm COVID-19 hodnot\u00edme ako mimoriadne nebezpe\u010dn\u00e9.<\/p>\n\n\n\n<p>Univerzita Pavla Jozefa \u0160af\u00e1rika, Lek\u00e1rska fakulta v Ko\u0161iciach pripravuje \u0161tudentov na vykon\u00e1vanie medic\u00edny zalo\u017eenej na d\u00f4kazoch. Vyz\u00fdvame na to, aby sa tento pr\u00edstup aplikoval vo v\u0161etk\u00fdch rozhodovac\u00edch procesoch, ktor\u00e9 m\u00f4\u017eu ovplyv\u0148ova\u0165 \u017eivoty a zdravie popul\u00e1cie.<\/p>\n\n\n\n<div style=\"height:20px\" aria-hidden=\"true\" class=\"wp-block-spacer\"><\/div>\n\n\n\n<p>V\u00e1\u017een\u00ed zamestnanci a \u0161tudenti UPJ\u0160 LF,<br>ak sa so stanoviskom vedenia UPJ\u0160 LF stoto\u017e\u0148ujete, pridajte sa aj vy svoj\u00edm podpisom v <a href=\"https:\/\/forms.office.com\/e\/Y5dQ6ck1hk\" target=\"_blank\" rel=\"noreferrer noopener\">podpisovej akcii TU.<\/a><\/p>\n\n\n<style>.wp-block-kadence-spacer.kt-block-spacer-121328_f56ddc-51 .kt-block-spacer{height:20px;}.wp-block-kadence-spacer.kt-block-spacer-121328_f56ddc-51 .kt-divider{border-top-width:6px;border-top-color:#C92432;width:10%;border-top-style:dotted;}<\/style>\n<div class=\"wp-block-kadence-spacer aligncenter kt-block-spacer-121328_f56ddc-51\"><div class=\"kt-block-spacer kt-block-spacer-halign-center\"><hr class=\"kt-divider\"\/><\/div><\/div>\n\n\n\n<p>Podpisov\u00fa akciu u\u017e podporili:<br>10.10.2024 11:53 zamestnanec<br>10.10.2024 11:56 zamestnanec<br>10.10.2024 12:06 zamestnanec<br>10.10.2024 12:41 zamestnanec<br>10.10.2024 12:54 zamestnanec<br>10.10.2024 14:23 zamestnanec<br>10.10.2024 14:29 zamestnanec<br>10.10.2024 14:29 zamestnanec<br>10.10.2024 14:30 zamestnanec<br>10.10.2024 14:43 zamestnanec<br>10.10.2024 14:56 \u0161tudent<br>10.10.2024 16:05 \u0161tudent<br>10.10.2024 17:39 zamestnanec<br>10.10.2024 20:02 \u0161tudent<br>11.10.2024 12:33 zamestnanec<br>11.10.2024 12:44 zamestnanec<br>11.10.2024 15:08 \u0161tudent<br>11.10.2024 15:18 \u0161tudent<br>11.10.2024 15:23 \u0161tudent<br>11.10.2024 15:48 \u0161tudent<br>11.10.2024 16:51 \u0161tudent<br>11.10.2024 20:10 zamestnanec<br>11.10.2024 22:18 \u0161tudent<br>12.10.2024 20:26 zamestnanec<br>12.10.2024 21:33 \u0161tudent<br>12.10.2024 21:35 \u0161tudent<br>12.10.2024 21:35 \u0161tudent<br>12.10.2024 21:36 \u0161tudent<br>12.10.2024 21:41 \u0161tudent<br>12.10.2024 21:51 \u0161tudent<br>13.10.2024 08:05 zamestnanec<br>13.10.2024 08:47 \u0161tudent<br>13.10.2024 15:00 \u0161tudent<br>13.10.2024 22:57 \u0161tudent<br>14.10.2024 12:08 zamestnanec<br>14.10.2024 13:59 zamestnanec<br>14.10.2024 15:58 zamestnanec<br>14.10.2024 16:16 zamestnanec<br>14.10.2024 18:40 \u0161tudent<br>14.10.2024 21:52 zamestnanec<br>15.10.2024 12:15 zamestnanec<br>15.10.2024 17:44 \u0161tudent<br>15.10.2024 21:05 zamestnanec<br>16.10.2024 07:45 zamestnanec<br>16.10.2024 08:09 zamestnanec<br>16.10.2024 08:30 zamestnanec<br>16.10.2024 09:11 zamestnanec<br>16.10.2024 09:13 zamestnanec<br>16.10.2024 10:03 zamestnanec<br>16.10.2024 10:05 zamestnanec<br>16.10.2024 13:16 zamestnanec<br>16.10.2024 14:18 zamestnanec<br>16.10.2024 14:53 zamestnanec<br>16.10.2024 14:54 \u0161tudent<br>16.10.2024 14:57 zamestnanec<br>16.10.2024 14:58 zamestnanec<br>16.10.2024 14:59 zamestnanec<br>16.10.2024 17:34 zamestnanec<br>17.10.2024 07:58 zamestnanec<br>17.10.2024 08:18 zamestnanec<br>20.10.2024 13:43 \u0161tudent<br>21.10.2024 19:13 \u0161tudent<br>22.10.2024 08:03 zamestnanec<br>22.10.2024 14:27 zamestnanec<br>22.01.2025 11:18 zamestnanec<br>22.01.2025 11:19 \u0161tudent<br>22.01.2025 11:24 zamestnanec<br>22.01.2025 11:55 zamestnanec<br>22.01.2025 12:00 zamestnanec<br>22.01.2025 12:19 zamestnanec<br>22.01.2025 12:25 zamestnanec<br>22.01.2025 12:39 \u0161tudent<br>22.01.2025 12:44 zamestnanec<br>22.01.2025 12:47 zamestnanec<br>22.01.2025 12:59 \u0161tudent<br>22.01.2025 13:02 \u0161tudent<br>22.01.2025 13:13 \u0161tudent<br>22.01.2025 13:27 zamestnanec<br>22.01.2025 13:41 zamestnanec<br>22.01.2025 14:41 zamestnanec<br>22.01.2025 16:35 zamestnanec<br>22.01.2025 17:20 \u0161tudent<br>22.01.2025 17:55 \u0161tudent<br>22.01.2025 17:55 \u0161tudent<br>22.01.2025 18:32 zamestnanec<br>22.01.2025 18:46 \u0161tudent<br>22.01.2025 20:18 zamestnanec<br>22.01.2025 20:56 zamestnanec<br>22.01.2025 23:11 zamestnanec<br>24.01.2025 07:43 zamestnanec<br>24.01.2025 08:41 zamestnanec<br>24.01.2025 23:12 zamestnanec<br>25.01.2025 15:52 zamestnanec<br>27.01.2025 12:03 zamestnanec<br>27.01.2025 13:50 \u0161tudent<br>19.02.2025 14:46 zamestnanec<br>21.03.2025 06:52 zamestnanec<br>21.03.2025 08:05 \u0161tudent<br>22.03.2025 08:12 zamestnanec<br>24.03.2025 08:25 zamestnanec<br>25.03.2025 10:12 zamestnanec<br>02.04.2025 12:21 zamestnanec<\/p>\n\n\n\n<p><\/p>\n\n\n\n<p><\/p>\n\n\n\n<p><\/p>\n","protected":false},"excerpt":{"rendered":"<p>Ko\u0161ice, 08. 10. 2024 V medic\u00edne sa pri rozhodovan\u00ed riadime konsenzom odborn\u00edkov, zalo\u017eenom na vedeck\u00fdch d\u00f4kazoch, ktor\u00e9 s\u00fa generovan\u00e9 korektne realizovan\u00fdm v\u00fdskumom. Stanovisk\u00e1 splnomocnenca vl\u00e1dy SR pre preverenie procesu riadenia a mana\u017eovania zdrojov po\u010das pand\u00e9mie COVID-19 MUDr. Petra Kotl\u00e1ra s\u00fa v pr\u00edkrom rozpore s t\u00fdmto pr\u00edstupom. Jeho vyjadrenia, spochyb\u0148uj\u00face protipandemick\u00e9 opatrenia a postupy pou\u017eit\u00e9 na &hellip; <a href=\"https:\/\/www.upjs.sk\/lekarska-fakulta\/actuality\/stanovisko-vedenia-upjs-lf-k-vyjadreniam-splnomocnenca-vlady-sr-pre-preverenie-procesu-riadenia-a-manazovania-zdrojov-pocas-pandemie-covid-19-mudr-petra-kotlara\/\">\u010c\u00edta\u0165 \u010falej<\/a><\/p>\n","protected":false},"author":97,"featured_media":121333,"template":"","meta":{"_acf_changed":false,"_editorskit_title_hidden":false,"_editorskit_reading_time":0,"_editorskit_is_block_options_detached":false,"_editorskit_block_options_position":"{}","footnotes":""},"categories":[],"tags":[],"tax_aktuality":[386],"class_list":["post-121328","cpt_aktuality","type-cpt_aktuality","status-publish","has-post-thumbnail","hentry","tax_aktuality-386"],"acf":{"acf_link_na_externy_obsah":"","poradie_clanku":""},"yoast_head":"<!-- This site is optimized with the Yoast SEO plugin v27.4 - https:\/\/yoast.com\/product\/yoast-seo-wordpress\/ -->\n<title>Stanovisko Vedenia UPJ\u0160 LF k vyjadreniam splnomocnenca vl\u00e1dy SR pre preverenie procesu riadenia a mana\u017eovania zdrojov po\u010das pand\u00e9mie COVID-19 MUDr. Petra Kotl\u00e1ra - Lek\u00e1rska fakulta | UPJ\u0160<\/title>\n<meta name=\"robots\" content=\"index, follow, max-snippet:-1, max-image-preview:large, max-video-preview:-1\" \/>\n<link rel=\"canonical\" href=\"https:\/\/www.upjs.sk\/lekarska-fakulta\/actuality\/stanovisko-vedenia-upjs-lf-k-vyjadreniam-splnomocnenca-vlady-sr-pre-preverenie-procesu-riadenia-a-manazovania-zdrojov-pocas-pandemie-covid-19-mudr-petra-kotlara\/\" \/>\n<meta property=\"og:locale\" content=\"sk_SK\" \/>\n<meta property=\"og:type\" content=\"article\" \/>\n<meta property=\"og:title\" content=\"Stanovisko Vedenia UPJ\u0160 LF k vyjadreniam splnomocnenca vl\u00e1dy SR pre preverenie procesu riadenia a mana\u017eovania zdrojov po\u010das pand\u00e9mie COVID-19 MUDr. Petra Kotl\u00e1ra - Lek\u00e1rska fakulta | UPJ\u0160\" \/>\n<meta property=\"og:description\" content=\"Ko\u0161ice, 08. 10. 2024 V medic\u00edne sa pri rozhodovan\u00ed riadime konsenzom odborn\u00edkov, zalo\u017eenom na vedeck\u00fdch d\u00f4kazoch, ktor\u00e9 s\u00fa generovan\u00e9 korektne realizovan\u00fdm v\u00fdskumom. Stanovisk\u00e1 splnomocnenca vl\u00e1dy SR pre preverenie procesu riadenia a mana\u017eovania zdrojov po\u010das pand\u00e9mie COVID-19 MUDr. Petra Kotl\u00e1ra s\u00fa v pr\u00edkrom rozpore s t\u00fdmto pr\u00edstupom. Jeho vyjadrenia, spochyb\u0148uj\u00face protipandemick\u00e9 opatrenia a postupy pou\u017eit\u00e9 na &hellip; \u010c\u00edta\u0165 \u010falej\" \/>\n<meta property=\"og:url\" content=\"https:\/\/www.upjs.sk\/lekarska-fakulta\/actuality\/stanovisko-vedenia-upjs-lf-k-vyjadreniam-splnomocnenca-vlady-sr-pre-preverenie-procesu-riadenia-a-manazovania-zdrojov-pocas-pandemie-covid-19-mudr-petra-kotlara\/\" \/>\n<meta property=\"og:site_name\" content=\"Lek\u00e1rska fakulta | UPJ\u0160\" \/>\n<meta property=\"article:modified_time\" content=\"2025-04-02T10:37:15+00:00\" \/>\n<meta property=\"og:image\" content=\"https:\/\/www.upjs.sk\/app\/uploads\/sites\/9\/2024\/10\/Logo_UPJS_LF_pozadie.png\" \/>\n\t<meta property=\"og:image:width\" content=\"667\" \/>\n\t<meta property=\"og:image:height\" content=\"667\" \/>\n\t<meta property=\"og:image:type\" content=\"image\/png\" \/>\n<meta name=\"twitter:card\" content=\"summary_large_image\" \/>\n<meta name=\"twitter:label1\" content=\"Predpokladan\u00fd \u010das \u010d\u00edtania\" \/>\n\t<meta name=\"twitter:data1\" content=\"3 min\u00faty\" \/>\n<script type=\"application\/ld+json\" class=\"yoast-schema-graph\">{\"@context\":\"https:\\\/\\\/schema.org\",\"@graph\":[{\"@type\":\"WebPage\",\"@id\":\"https:\\\/\\\/www.upjs.sk\\\/lekarska-fakulta\\\/actuality\\\/stanovisko-vedenia-upjs-lf-k-vyjadreniam-splnomocnenca-vlady-sr-pre-preverenie-procesu-riadenia-a-manazovania-zdrojov-pocas-pandemie-covid-19-mudr-petra-kotlara\\\/\",\"url\":\"https:\\\/\\\/www.upjs.sk\\\/lekarska-fakulta\\\/actuality\\\/stanovisko-vedenia-upjs-lf-k-vyjadreniam-splnomocnenca-vlady-sr-pre-preverenie-procesu-riadenia-a-manazovania-zdrojov-pocas-pandemie-covid-19-mudr-petra-kotlara\\\/\",\"name\":\"Stanovisko Vedenia UPJ\u0160 LF k vyjadreniam splnomocnenca vl\u00e1dy SR pre preverenie procesu riadenia a mana\u017eovania zdrojov po\u010das pand\u00e9mie COVID-19 MUDr. Petra Kotl\u00e1ra - Lek\u00e1rska fakulta | UPJ\u0160\",\"isPartOf\":{\"@id\":\"https:\\\/\\\/www.upjs.sk\\\/lekarska-fakulta\\\/#website\"},\"primaryImageOfPage\":{\"@id\":\"https:\\\/\\\/www.upjs.sk\\\/lekarska-fakulta\\\/actuality\\\/stanovisko-vedenia-upjs-lf-k-vyjadreniam-splnomocnenca-vlady-sr-pre-preverenie-procesu-riadenia-a-manazovania-zdrojov-pocas-pandemie-covid-19-mudr-petra-kotlara\\\/#primaryimage\"},\"image\":{\"@id\":\"https:\\\/\\\/www.upjs.sk\\\/lekarska-fakulta\\\/actuality\\\/stanovisko-vedenia-upjs-lf-k-vyjadreniam-splnomocnenca-vlady-sr-pre-preverenie-procesu-riadenia-a-manazovania-zdrojov-pocas-pandemie-covid-19-mudr-petra-kotlara\\\/#primaryimage\"},\"thumbnailUrl\":\"https:\\\/\\\/www.upjs.sk\\\/app\\\/uploads\\\/sites\\\/9\\\/2024\\\/10\\\/Logo_UPJS_LF_pozadie.png\",\"datePublished\":\"2025-01-22T09:50:33+00:00\",\"dateModified\":\"2025-04-02T10:37:15+00:00\",\"breadcrumb\":{\"@id\":\"https:\\\/\\\/www.upjs.sk\\\/lekarska-fakulta\\\/actuality\\\/stanovisko-vedenia-upjs-lf-k-vyjadreniam-splnomocnenca-vlady-sr-pre-preverenie-procesu-riadenia-a-manazovania-zdrojov-pocas-pandemie-covid-19-mudr-petra-kotlara\\\/#breadcrumb\"},\"inLanguage\":\"sk-SK\",\"potentialAction\":[{\"@type\":\"ReadAction\",\"target\":[\"https:\\\/\\\/www.upjs.sk\\\/lekarska-fakulta\\\/actuality\\\/stanovisko-vedenia-upjs-lf-k-vyjadreniam-splnomocnenca-vlady-sr-pre-preverenie-procesu-riadenia-a-manazovania-zdrojov-pocas-pandemie-covid-19-mudr-petra-kotlara\\\/\"]}]},{\"@type\":\"ImageObject\",\"inLanguage\":\"sk-SK\",\"@id\":\"https:\\\/\\\/www.upjs.sk\\\/lekarska-fakulta\\\/actuality\\\/stanovisko-vedenia-upjs-lf-k-vyjadreniam-splnomocnenca-vlady-sr-pre-preverenie-procesu-riadenia-a-manazovania-zdrojov-pocas-pandemie-covid-19-mudr-petra-kotlara\\\/#primaryimage\",\"url\":\"https:\\\/\\\/www.upjs.sk\\\/app\\\/uploads\\\/sites\\\/9\\\/2024\\\/10\\\/Logo_UPJS_LF_pozadie.png\",\"contentUrl\":\"https:\\\/\\\/www.upjs.sk\\\/app\\\/uploads\\\/sites\\\/9\\\/2024\\\/10\\\/Logo_UPJS_LF_pozadie.png\",\"width\":667,\"height\":667},{\"@type\":\"BreadcrumbList\",\"@id\":\"https:\\\/\\\/www.upjs.sk\\\/lekarska-fakulta\\\/actuality\\\/stanovisko-vedenia-upjs-lf-k-vyjadreniam-splnomocnenca-vlady-sr-pre-preverenie-procesu-riadenia-a-manazovania-zdrojov-pocas-pandemie-covid-19-mudr-petra-kotlara\\\/#breadcrumb\",\"itemListElement\":[{\"@type\":\"ListItem\",\"position\":1,\"name\":\"Home\",\"item\":\"https:\\\/\\\/www.upjs.sk\\\/lekarska-fakulta\\\/\"},{\"@type\":\"ListItem\",\"position\":2,\"name\":\"Aktuality\",\"item\":\"https:\\\/\\\/www.upjs.sk\\\/lekarska-fakulta\\\/actuality\\\/\"},{\"@type\":\"ListItem\",\"position\":3,\"name\":\"Stanovisko Vedenia UPJ\u0160 LF k vyjadreniam splnomocnenca vl\u00e1dy SR pre preverenie procesu riadenia a mana\u017eovania zdrojov po\u010das pand\u00e9mie COVID-19 MUDr. Petra Kotl\u00e1ra\"}]},{\"@type\":\"WebSite\",\"@id\":\"https:\\\/\\\/www.upjs.sk\\\/lekarska-fakulta\\\/#website\",\"url\":\"https:\\\/\\\/www.upjs.sk\\\/lekarska-fakulta\\\/\",\"name\":\"Lek\u00e1rska fakulta | UPJ\u0160\",\"description\":\"\",\"publisher\":{\"@id\":\"https:\\\/\\\/www.upjs.sk\\\/lekarska-fakulta\\\/#organization\"},\"potentialAction\":[{\"@type\":\"SearchAction\",\"target\":{\"@type\":\"EntryPoint\",\"urlTemplate\":\"https:\\\/\\\/www.upjs.sk\\\/lekarska-fakulta\\\/?s={search_term_string}\"},\"query-input\":{\"@type\":\"PropertyValueSpecification\",\"valueRequired\":true,\"valueName\":\"search_term_string\"}}],\"inLanguage\":\"sk-SK\"},{\"@type\":\"Organization\",\"@id\":\"https:\\\/\\\/www.upjs.sk\\\/lekarska-fakulta\\\/#organization\",\"name\":\"Lek\u00e1rska fakulta | UPJ\u0160\",\"url\":\"https:\\\/\\\/www.upjs.sk\\\/lekarska-fakulta\\\/\",\"logo\":{\"@type\":\"ImageObject\",\"inLanguage\":\"sk-SK\",\"@id\":\"https:\\\/\\\/www.upjs.sk\\\/lekarska-fakulta\\\/#\\\/schema\\\/logo\\\/image\\\/\",\"url\":\"https:\\\/\\\/www.upjs.sk\\\/app\\\/uploads\\\/sites\\\/9\\\/2022\\\/09\\\/logo-lekarska-fakulta.png\",\"contentUrl\":\"https:\\\/\\\/www.upjs.sk\\\/app\\\/uploads\\\/sites\\\/9\\\/2022\\\/09\\\/logo-lekarska-fakulta.png\",\"width\":415,\"height\":87,\"caption\":\"Lek\u00e1rska fakulta | UPJ\u0160\"},\"image\":{\"@id\":\"https:\\\/\\\/www.upjs.sk\\\/lekarska-fakulta\\\/#\\\/schema\\\/logo\\\/image\\\/\"}}]}<\/script>\n<!-- \/ Yoast SEO plugin. -->","yoast_head_json":{"title":"Stanovisko Vedenia UPJ\u0160 LF k vyjadreniam splnomocnenca vl\u00e1dy SR pre preverenie procesu riadenia a mana\u017eovania zdrojov po\u010das pand\u00e9mie COVID-19 MUDr. Petra Kotl\u00e1ra - Lek\u00e1rska fakulta | UPJ\u0160","robots":{"index":"index","follow":"follow","max-snippet":"max-snippet:-1","max-image-preview":"max-image-preview:large","max-video-preview":"max-video-preview:-1"},"canonical":"https:\/\/www.upjs.sk\/lekarska-fakulta\/actuality\/stanovisko-vedenia-upjs-lf-k-vyjadreniam-splnomocnenca-vlady-sr-pre-preverenie-procesu-riadenia-a-manazovania-zdrojov-pocas-pandemie-covid-19-mudr-petra-kotlara\/","og_locale":"sk_SK","og_type":"article","og_title":"Stanovisko Vedenia UPJ\u0160 LF k vyjadreniam splnomocnenca vl\u00e1dy SR pre preverenie procesu riadenia a mana\u017eovania zdrojov po\u010das pand\u00e9mie COVID-19 MUDr. Petra Kotl\u00e1ra - Lek\u00e1rska fakulta | UPJ\u0160","og_description":"Ko\u0161ice, 08. 10. 2024 V medic\u00edne sa pri rozhodovan\u00ed riadime konsenzom odborn\u00edkov, zalo\u017eenom na vedeck\u00fdch d\u00f4kazoch, ktor\u00e9 s\u00fa generovan\u00e9 korektne realizovan\u00fdm v\u00fdskumom. Stanovisk\u00e1 splnomocnenca vl\u00e1dy SR pre preverenie procesu riadenia a mana\u017eovania zdrojov po\u010das pand\u00e9mie COVID-19 MUDr. Petra Kotl\u00e1ra s\u00fa v pr\u00edkrom rozpore s t\u00fdmto pr\u00edstupom. Jeho vyjadrenia, spochyb\u0148uj\u00face protipandemick\u00e9 opatrenia a postupy pou\u017eit\u00e9 na &hellip; \u010c\u00edta\u0165 \u010falej","og_url":"https:\/\/www.upjs.sk\/lekarska-fakulta\/actuality\/stanovisko-vedenia-upjs-lf-k-vyjadreniam-splnomocnenca-vlady-sr-pre-preverenie-procesu-riadenia-a-manazovania-zdrojov-pocas-pandemie-covid-19-mudr-petra-kotlara\/","og_site_name":"Lek\u00e1rska fakulta | UPJ\u0160","article_modified_time":"2025-04-02T10:37:15+00:00","og_image":[{"width":667,"height":667,"url":"https:\/\/www.upjs.sk\/app\/uploads\/sites\/9\/2024\/10\/Logo_UPJS_LF_pozadie.png","type":"image\/png"}],"twitter_card":"summary_large_image","twitter_misc":{"Predpokladan\u00fd \u010das \u010d\u00edtania":"3 min\u00faty"},"schema":{"@context":"https:\/\/schema.org","@graph":[{"@type":"WebPage","@id":"https:\/\/www.upjs.sk\/lekarska-fakulta\/actuality\/stanovisko-vedenia-upjs-lf-k-vyjadreniam-splnomocnenca-vlady-sr-pre-preverenie-procesu-riadenia-a-manazovania-zdrojov-pocas-pandemie-covid-19-mudr-petra-kotlara\/","url":"https:\/\/www.upjs.sk\/lekarska-fakulta\/actuality\/stanovisko-vedenia-upjs-lf-k-vyjadreniam-splnomocnenca-vlady-sr-pre-preverenie-procesu-riadenia-a-manazovania-zdrojov-pocas-pandemie-covid-19-mudr-petra-kotlara\/","name":"Stanovisko Vedenia UPJ\u0160 LF k vyjadreniam splnomocnenca vl\u00e1dy SR pre preverenie procesu riadenia a mana\u017eovania zdrojov po\u010das pand\u00e9mie COVID-19 MUDr. Petra Kotl\u00e1ra - Lek\u00e1rska fakulta | UPJ\u0160","isPartOf":{"@id":"https:\/\/www.upjs.sk\/lekarska-fakulta\/#website"},"primaryImageOfPage":{"@id":"https:\/\/www.upjs.sk\/lekarska-fakulta\/actuality\/stanovisko-vedenia-upjs-lf-k-vyjadreniam-splnomocnenca-vlady-sr-pre-preverenie-procesu-riadenia-a-manazovania-zdrojov-pocas-pandemie-covid-19-mudr-petra-kotlara\/#primaryimage"},"image":{"@id":"https:\/\/www.upjs.sk\/lekarska-fakulta\/actuality\/stanovisko-vedenia-upjs-lf-k-vyjadreniam-splnomocnenca-vlady-sr-pre-preverenie-procesu-riadenia-a-manazovania-zdrojov-pocas-pandemie-covid-19-mudr-petra-kotlara\/#primaryimage"},"thumbnailUrl":"https:\/\/www.upjs.sk\/app\/uploads\/sites\/9\/2024\/10\/Logo_UPJS_LF_pozadie.png","datePublished":"2025-01-22T09:50:33+00:00","dateModified":"2025-04-02T10:37:15+00:00","breadcrumb":{"@id":"https:\/\/www.upjs.sk\/lekarska-fakulta\/actuality\/stanovisko-vedenia-upjs-lf-k-vyjadreniam-splnomocnenca-vlady-sr-pre-preverenie-procesu-riadenia-a-manazovania-zdrojov-pocas-pandemie-covid-19-mudr-petra-kotlara\/#breadcrumb"},"inLanguage":"sk-SK","potentialAction":[{"@type":"ReadAction","target":["https:\/\/www.upjs.sk\/lekarska-fakulta\/actuality\/stanovisko-vedenia-upjs-lf-k-vyjadreniam-splnomocnenca-vlady-sr-pre-preverenie-procesu-riadenia-a-manazovania-zdrojov-pocas-pandemie-covid-19-mudr-petra-kotlara\/"]}]},{"@type":"ImageObject","inLanguage":"sk-SK","@id":"https:\/\/www.upjs.sk\/lekarska-fakulta\/actuality\/stanovisko-vedenia-upjs-lf-k-vyjadreniam-splnomocnenca-vlady-sr-pre-preverenie-procesu-riadenia-a-manazovania-zdrojov-pocas-pandemie-covid-19-mudr-petra-kotlara\/#primaryimage","url":"https:\/\/www.upjs.sk\/app\/uploads\/sites\/9\/2024\/10\/Logo_UPJS_LF_pozadie.png","contentUrl":"https:\/\/www.upjs.sk\/app\/uploads\/sites\/9\/2024\/10\/Logo_UPJS_LF_pozadie.png","width":667,"height":667},{"@type":"BreadcrumbList","@id":"https:\/\/www.upjs.sk\/lekarska-fakulta\/actuality\/stanovisko-vedenia-upjs-lf-k-vyjadreniam-splnomocnenca-vlady-sr-pre-preverenie-procesu-riadenia-a-manazovania-zdrojov-pocas-pandemie-covid-19-mudr-petra-kotlara\/#breadcrumb","itemListElement":[{"@type":"ListItem","position":1,"name":"Home","item":"https:\/\/www.upjs.sk\/lekarska-fakulta\/"},{"@type":"ListItem","position":2,"name":"Aktuality","item":"https:\/\/www.upjs.sk\/lekarska-fakulta\/actuality\/"},{"@type":"ListItem","position":3,"name":"Stanovisko Vedenia UPJ\u0160 LF k vyjadreniam splnomocnenca vl\u00e1dy SR pre preverenie procesu riadenia a mana\u017eovania zdrojov po\u010das pand\u00e9mie COVID-19 MUDr. Petra Kotl\u00e1ra"}]},{"@type":"WebSite","@id":"https:\/\/www.upjs.sk\/lekarska-fakulta\/#website","url":"https:\/\/www.upjs.sk\/lekarska-fakulta\/","name":"Lek\u00e1rska fakulta | UPJ\u0160","description":"","publisher":{"@id":"https:\/\/www.upjs.sk\/lekarska-fakulta\/#organization"},"potentialAction":[{"@type":"SearchAction","target":{"@type":"EntryPoint","urlTemplate":"https:\/\/www.upjs.sk\/lekarska-fakulta\/?s={search_term_string}"},"query-input":{"@type":"PropertyValueSpecification","valueRequired":true,"valueName":"search_term_string"}}],"inLanguage":"sk-SK"},{"@type":"Organization","@id":"https:\/\/www.upjs.sk\/lekarska-fakulta\/#organization","name":"Lek\u00e1rska fakulta | UPJ\u0160","url":"https:\/\/www.upjs.sk\/lekarska-fakulta\/","logo":{"@type":"ImageObject","inLanguage":"sk-SK","@id":"https:\/\/www.upjs.sk\/lekarska-fakulta\/#\/schema\/logo\/image\/","url":"https:\/\/www.upjs.sk\/app\/uploads\/sites\/9\/2022\/09\/logo-lekarska-fakulta.png","contentUrl":"https:\/\/www.upjs.sk\/app\/uploads\/sites\/9\/2022\/09\/logo-lekarska-fakulta.png","width":415,"height":87,"caption":"Lek\u00e1rska fakulta | UPJ\u0160"},"image":{"@id":"https:\/\/www.upjs.sk\/lekarska-fakulta\/#\/schema\/logo\/image\/"}}]}},"_links":{"self":[{"href":"https:\/\/www.upjs.sk\/lekarska-fakulta\/wp-json\/wp\/v2\/cpt_aktuality\/121328","targetHints":{"allow":["GET"]}}],"collection":[{"href":"https:\/\/www.upjs.sk\/lekarska-fakulta\/wp-json\/wp\/v2\/cpt_aktuality"}],"about":[{"href":"https:\/\/www.upjs.sk\/lekarska-fakulta\/wp-json\/wp\/v2\/types\/cpt_aktuality"}],"author":[{"embeddable":true,"href":"https:\/\/www.upjs.sk\/lekarska-fakulta\/wp-json\/wp\/v2\/users\/97"}],"version-history":[{"count":19,"href":"https:\/\/www.upjs.sk\/lekarska-fakulta\/wp-json\/wp\/v2\/cpt_aktuality\/121328\/revisions"}],"predecessor-version":[{"id":133588,"href":"https:\/\/www.upjs.sk\/lekarska-fakulta\/wp-json\/wp\/v2\/cpt_aktuality\/121328\/revisions\/133588"}],"wp:featuredmedia":[{"embeddable":true,"href":"https:\/\/www.upjs.sk\/lekarska-fakulta\/wp-json\/wp\/v2\/media\/121333"}],"wp:attachment":[{"href":"https:\/\/www.upjs.sk\/lekarska-fakulta\/wp-json\/wp\/v2\/media?parent=121328"}],"wp:term":[{"taxonomy":"category","embeddable":true,"href":"https:\/\/www.upjs.sk\/lekarska-fakulta\/wp-json\/wp\/v2\/categories?post=121328"},{"taxonomy":"post_tag","embeddable":true,"href":"https:\/\/www.upjs.sk\/lekarska-fakulta\/wp-json\/wp\/v2\/tags?post=121328"},{"taxonomy":"tax_aktuality","embeddable":true,"href":"https:\/\/www.upjs.sk\/lekarska-fakulta\/wp-json\/wp\/v2\/tax_aktuality?post=121328"}],"curies":[{"name":"wp","href":"https:\/\/api.w.org\/{rel}","templated":true}]}}