{"id":125230,"date":"2024-12-06T10:36:51","date_gmt":"2024-12-06T09:36:51","guid":{"rendered":"https:\/\/www.upjs.sk\/lekarska-fakulta\/?post_type=cpt_aktuality&#038;p=125230"},"modified":"2024-12-06T10:42:09","modified_gmt":"2024-12-06T09:42:09","slug":"uspech-nasich-studentov-na-medzinarodnej-konferencii","status":"publish","type":"cpt_aktuality","link":"https:\/\/www.upjs.sk\/lekarska-fakulta\/actuality\/uspech-nasich-studentov-na-medzinarodnej-konferencii\/","title":{"rendered":"\u00daspech na\u0161ich \u0161tudentov na medzin\u00e1rodnej konferencii"},"content":{"rendered":"\n<p>Na\u0161a fakulta m\u00e1 d\u00f4vod na rados\u0165! \u0160tudenti Jana Sabov\u00e1 a Omar Masoud Morshedy Mohamed z\u00edskali v\u00fdznamn\u00e9 ocenenia na 21. ro\u010dn\u00edku <strong>International Medical Doctoral Conference (IMDC)<\/strong>, ktor\u00fd sa konal 20. \u2013 22. novembra 2024 na Lek\u00e1rskej fakulte Karlovej univerzity v Hradci Kr\u00e1lov\u00e9.<\/p>\n\n\n\n<p><strong>Ocenenia na\u0161ich \u0161tudentov:<\/strong><\/p>\n\n\n\n<ul class=\"wp-block-list\">\n<li><strong>Best Poster Award<\/strong>: Jana Sabov\u00e1 \u2013 <em>Assessment of Agrimonia eupatoria L. and lipophosphonoxin combination for wound repair: Bridging the gap between phytomedicine and organic chemistry.<\/em><\/li>\n\n\n\n<li><strong>Speakers Award: Best Lecture<\/strong>: Omar Masoud Morshedy Mohamed \u2013 <em>Effect of Platelet Rich Plasma (PRP) in treatment of late stage osteoarthritis.<\/em><\/li>\n<\/ul>\n\n\n\n<p><\/p>\n\n\n\n<p>Konferencia, ktor\u00e1 u\u017e tradi\u010dne vytv\u00e1ra platformu pre doktorandov a mlad\u00fdch vedcov z oblasti medic\u00edny, bola bohat\u00e1 na prezent\u00e1cie v\u00fdsledkov v\u00fdskumu v oblastiach klinickej a experiment\u00e1lnej medic\u00edny. \u00da\u010dastn\u00edci mali mo\u017enos\u0165 predstavi\u0165 svoje projekty, z\u00edska\u0165 sp\u00e4tn\u00fa v\u00e4zbu od odborn\u00edkov a nadviaza\u0165 nov\u00e9 spolupr\u00e1ce.<\/p>\n\n\n\n<p>Na\u0161i \u0161tudenti tak v\u00fdznamne prispeli k medzin\u00e1rodnej vedeckej diskusii a reprezentovali na\u0161u fakultu na vysokej \u00farovni. \u010eakujeme im za ich \u00fasilie a pr\u00e1cu!<\/p>\n\n\n\n<p>Podrobn\u00e9 v\u00fdsledky a inform\u00e1cie o konferencii n\u00e1jdete na ofici\u00e1lnej str\u00e1nke: <a href=\"https:\/\/imdc.lfhk.cuni.cz\/IMDC-37.html\">IMDC 2024<\/a>\u200b<\/p>\n\n\n\n<p><\/p>\n","protected":false},"excerpt":{"rendered":"<p>Na\u0161a fakulta m\u00e1 d\u00f4vod na rados\u0165! \u0160tudenti Jana Sabov\u00e1 a Omar Masoud Morshedy Mohamed z\u00edskali v\u00fdznamn\u00e9 ocenenia na 21. ro\u010dn\u00edku International Medical Doctoral Conference (IMDC), ktor\u00fd sa konal 20. \u2013 22. novembra 2024 na Lek\u00e1rskej fakulte Karlovej univerzity v Hradci Kr\u00e1lov\u00e9. Ocenenia na\u0161ich \u0161tudentov: Konferencia, ktor\u00e1 u\u017e tradi\u010dne vytv\u00e1ra platformu pre doktorandov a mlad\u00fdch vedcov &hellip; <a href=\"https:\/\/www.upjs.sk\/lekarska-fakulta\/actuality\/uspech-nasich-studentov-na-medzinarodnej-konferencii\/\">\u010c\u00edta\u0165 \u010falej<\/a><\/p>\n","protected":false},"author":97,"featured_media":125231,"template":"","meta":{"_acf_changed":false,"_editorskit_title_hidden":false,"_editorskit_reading_time":0,"_editorskit_is_block_options_detached":false,"_editorskit_block_options_position":"{}","footnotes":""},"categories":[],"tags":[],"tax_aktuality":[],"class_list":["post-125230","cpt_aktuality","type-cpt_aktuality","status-publish","has-post-thumbnail","hentry"],"acf":{"acf_link_na_externy_obsah":"","poradie_clanku":""},"yoast_head":"<!-- This site is optimized with the Yoast SEO plugin v27.4 - https:\/\/yoast.com\/product\/yoast-seo-wordpress\/ -->\n<title>\u00daspech na\u0161ich \u0161tudentov na medzin\u00e1rodnej konferencii - Lek\u00e1rska fakulta | UPJ\u0160<\/title>\n<meta name=\"robots\" content=\"index, follow, max-snippet:-1, max-image-preview:large, max-video-preview:-1\" \/>\n<link rel=\"canonical\" href=\"https:\/\/www.upjs.sk\/lekarska-fakulta\/actuality\/uspech-nasich-studentov-na-medzinarodnej-konferencii\/\" \/>\n<meta property=\"og:locale\" content=\"sk_SK\" \/>\n<meta property=\"og:type\" content=\"article\" \/>\n<meta property=\"og:title\" content=\"\u00daspech na\u0161ich \u0161tudentov na medzin\u00e1rodnej konferencii - Lek\u00e1rska fakulta | UPJ\u0160\" \/>\n<meta property=\"og:description\" content=\"Na\u0161a fakulta m\u00e1 d\u00f4vod na rados\u0165! \u0160tudenti Jana Sabov\u00e1 a Omar Masoud Morshedy Mohamed z\u00edskali v\u00fdznamn\u00e9 ocenenia na 21. ro\u010dn\u00edku International Medical Doctoral Conference (IMDC), ktor\u00fd sa konal 20. \u2013 22. novembra 2024 na Lek\u00e1rskej fakulte Karlovej univerzity v Hradci Kr\u00e1lov\u00e9. Ocenenia na\u0161ich \u0161tudentov: Konferencia, ktor\u00e1 u\u017e tradi\u010dne vytv\u00e1ra platformu pre doktorandov a mlad\u00fdch vedcov &hellip; \u010c\u00edta\u0165 \u010falej\" \/>\n<meta property=\"og:url\" content=\"https:\/\/www.upjs.sk\/lekarska-fakulta\/actuality\/uspech-nasich-studentov-na-medzinarodnej-konferencii\/\" \/>\n<meta property=\"og:site_name\" content=\"Lek\u00e1rska fakulta | UPJ\u0160\" \/>\n<meta property=\"article:modified_time\" content=\"2024-12-06T09:42:09+00:00\" \/>\n<meta property=\"og:image\" content=\"https:\/\/www.upjs.sk\/app\/uploads\/sites\/9\/2024\/12\/IMDC-37-version1-_awards_1_600_400.jpg\" \/>\n\t<meta property=\"og:image:width\" content=\"600\" \/>\n\t<meta property=\"og:image:height\" content=\"400\" \/>\n\t<meta property=\"og:image:type\" content=\"image\/jpeg\" \/>\n<meta name=\"twitter:card\" content=\"summary_large_image\" \/>\n<meta name=\"twitter:label1\" content=\"Predpokladan\u00fd \u010das \u010d\u00edtania\" \/>\n\t<meta name=\"twitter:data1\" content=\"2 min\u00faty\" \/>\n<script type=\"application\/ld+json\" class=\"yoast-schema-graph\">{\"@context\":\"https:\\\/\\\/schema.org\",\"@graph\":[{\"@type\":\"WebPage\",\"@id\":\"https:\\\/\\\/www.upjs.sk\\\/lekarska-fakulta\\\/actuality\\\/uspech-nasich-studentov-na-medzinarodnej-konferencii\\\/\",\"url\":\"https:\\\/\\\/www.upjs.sk\\\/lekarska-fakulta\\\/actuality\\\/uspech-nasich-studentov-na-medzinarodnej-konferencii\\\/\",\"name\":\"\u00daspech na\u0161ich \u0161tudentov na medzin\u00e1rodnej konferencii - Lek\u00e1rska fakulta | UPJ\u0160\",\"isPartOf\":{\"@id\":\"https:\\\/\\\/www.upjs.sk\\\/lekarska-fakulta\\\/#website\"},\"primaryImageOfPage\":{\"@id\":\"https:\\\/\\\/www.upjs.sk\\\/lekarska-fakulta\\\/actuality\\\/uspech-nasich-studentov-na-medzinarodnej-konferencii\\\/#primaryimage\"},\"image\":{\"@id\":\"https:\\\/\\\/www.upjs.sk\\\/lekarska-fakulta\\\/actuality\\\/uspech-nasich-studentov-na-medzinarodnej-konferencii\\\/#primaryimage\"},\"thumbnailUrl\":\"https:\\\/\\\/www.upjs.sk\\\/app\\\/uploads\\\/sites\\\/9\\\/2024\\\/12\\\/IMDC-37-version1-_awards_1_600_400.jpg\",\"datePublished\":\"2024-12-06T09:36:51+00:00\",\"dateModified\":\"2024-12-06T09:42:09+00:00\",\"breadcrumb\":{\"@id\":\"https:\\\/\\\/www.upjs.sk\\\/lekarska-fakulta\\\/actuality\\\/uspech-nasich-studentov-na-medzinarodnej-konferencii\\\/#breadcrumb\"},\"inLanguage\":\"sk-SK\",\"potentialAction\":[{\"@type\":\"ReadAction\",\"target\":[\"https:\\\/\\\/www.upjs.sk\\\/lekarska-fakulta\\\/actuality\\\/uspech-nasich-studentov-na-medzinarodnej-konferencii\\\/\"]}]},{\"@type\":\"ImageObject\",\"inLanguage\":\"sk-SK\",\"@id\":\"https:\\\/\\\/www.upjs.sk\\\/lekarska-fakulta\\\/actuality\\\/uspech-nasich-studentov-na-medzinarodnej-konferencii\\\/#primaryimage\",\"url\":\"https:\\\/\\\/www.upjs.sk\\\/app\\\/uploads\\\/sites\\\/9\\\/2024\\\/12\\\/IMDC-37-version1-_awards_1_600_400.jpg\",\"contentUrl\":\"https:\\\/\\\/www.upjs.sk\\\/app\\\/uploads\\\/sites\\\/9\\\/2024\\\/12\\\/IMDC-37-version1-_awards_1_600_400.jpg\",\"width\":600,\"height\":400},{\"@type\":\"BreadcrumbList\",\"@id\":\"https:\\\/\\\/www.upjs.sk\\\/lekarska-fakulta\\\/actuality\\\/uspech-nasich-studentov-na-medzinarodnej-konferencii\\\/#breadcrumb\",\"itemListElement\":[{\"@type\":\"ListItem\",\"position\":1,\"name\":\"Home\",\"item\":\"https:\\\/\\\/www.upjs.sk\\\/lekarska-fakulta\\\/\"},{\"@type\":\"ListItem\",\"position\":2,\"name\":\"Aktuality\",\"item\":\"https:\\\/\\\/www.upjs.sk\\\/lekarska-fakulta\\\/actuality\\\/\"},{\"@type\":\"ListItem\",\"position\":3,\"name\":\"\u00daspech na\u0161ich \u0161tudentov na medzin\u00e1rodnej konferencii\"}]},{\"@type\":\"WebSite\",\"@id\":\"https:\\\/\\\/www.upjs.sk\\\/lekarska-fakulta\\\/#website\",\"url\":\"https:\\\/\\\/www.upjs.sk\\\/lekarska-fakulta\\\/\",\"name\":\"Lek\u00e1rska fakulta | UPJ\u0160\",\"description\":\"\",\"publisher\":{\"@id\":\"https:\\\/\\\/www.upjs.sk\\\/lekarska-fakulta\\\/#organization\"},\"potentialAction\":[{\"@type\":\"SearchAction\",\"target\":{\"@type\":\"EntryPoint\",\"urlTemplate\":\"https:\\\/\\\/www.upjs.sk\\\/lekarska-fakulta\\\/?s={search_term_string}\"},\"query-input\":{\"@type\":\"PropertyValueSpecification\",\"valueRequired\":true,\"valueName\":\"search_term_string\"}}],\"inLanguage\":\"sk-SK\"},{\"@type\":\"Organization\",\"@id\":\"https:\\\/\\\/www.upjs.sk\\\/lekarska-fakulta\\\/#organization\",\"name\":\"Lek\u00e1rska fakulta | UPJ\u0160\",\"url\":\"https:\\\/\\\/www.upjs.sk\\\/lekarska-fakulta\\\/\",\"logo\":{\"@type\":\"ImageObject\",\"inLanguage\":\"sk-SK\",\"@id\":\"https:\\\/\\\/www.upjs.sk\\\/lekarska-fakulta\\\/#\\\/schema\\\/logo\\\/image\\\/\",\"url\":\"https:\\\/\\\/www.upjs.sk\\\/app\\\/uploads\\\/sites\\\/9\\\/2022\\\/09\\\/logo-lekarska-fakulta.png\",\"contentUrl\":\"https:\\\/\\\/www.upjs.sk\\\/app\\\/uploads\\\/sites\\\/9\\\/2022\\\/09\\\/logo-lekarska-fakulta.png\",\"width\":415,\"height\":87,\"caption\":\"Lek\u00e1rska fakulta | UPJ\u0160\"},\"image\":{\"@id\":\"https:\\\/\\\/www.upjs.sk\\\/lekarska-fakulta\\\/#\\\/schema\\\/logo\\\/image\\\/\"}}]}<\/script>\n<!-- \/ Yoast SEO plugin. -->","yoast_head_json":{"title":"\u00daspech na\u0161ich \u0161tudentov na medzin\u00e1rodnej konferencii - Lek\u00e1rska fakulta | UPJ\u0160","robots":{"index":"index","follow":"follow","max-snippet":"max-snippet:-1","max-image-preview":"max-image-preview:large","max-video-preview":"max-video-preview:-1"},"canonical":"https:\/\/www.upjs.sk\/lekarska-fakulta\/actuality\/uspech-nasich-studentov-na-medzinarodnej-konferencii\/","og_locale":"sk_SK","og_type":"article","og_title":"\u00daspech na\u0161ich \u0161tudentov na medzin\u00e1rodnej konferencii - Lek\u00e1rska fakulta | UPJ\u0160","og_description":"Na\u0161a fakulta m\u00e1 d\u00f4vod na rados\u0165! \u0160tudenti Jana Sabov\u00e1 a Omar Masoud Morshedy Mohamed z\u00edskali v\u00fdznamn\u00e9 ocenenia na 21. ro\u010dn\u00edku International Medical Doctoral Conference (IMDC), ktor\u00fd sa konal 20. \u2013 22. novembra 2024 na Lek\u00e1rskej fakulte Karlovej univerzity v Hradci Kr\u00e1lov\u00e9. Ocenenia na\u0161ich \u0161tudentov: Konferencia, ktor\u00e1 u\u017e tradi\u010dne vytv\u00e1ra platformu pre doktorandov a mlad\u00fdch vedcov &hellip; \u010c\u00edta\u0165 \u010falej","og_url":"https:\/\/www.upjs.sk\/lekarska-fakulta\/actuality\/uspech-nasich-studentov-na-medzinarodnej-konferencii\/","og_site_name":"Lek\u00e1rska fakulta | UPJ\u0160","article_modified_time":"2024-12-06T09:42:09+00:00","og_image":[{"width":600,"height":400,"url":"https:\/\/www.upjs.sk\/app\/uploads\/sites\/9\/2024\/12\/IMDC-37-version1-_awards_1_600_400.jpg","type":"image\/jpeg"}],"twitter_card":"summary_large_image","twitter_misc":{"Predpokladan\u00fd \u010das \u010d\u00edtania":"2 min\u00faty"},"schema":{"@context":"https:\/\/schema.org","@graph":[{"@type":"WebPage","@id":"https:\/\/www.upjs.sk\/lekarska-fakulta\/actuality\/uspech-nasich-studentov-na-medzinarodnej-konferencii\/","url":"https:\/\/www.upjs.sk\/lekarska-fakulta\/actuality\/uspech-nasich-studentov-na-medzinarodnej-konferencii\/","name":"\u00daspech na\u0161ich \u0161tudentov na medzin\u00e1rodnej konferencii - Lek\u00e1rska fakulta | UPJ\u0160","isPartOf":{"@id":"https:\/\/www.upjs.sk\/lekarska-fakulta\/#website"},"primaryImageOfPage":{"@id":"https:\/\/www.upjs.sk\/lekarska-fakulta\/actuality\/uspech-nasich-studentov-na-medzinarodnej-konferencii\/#primaryimage"},"image":{"@id":"https:\/\/www.upjs.sk\/lekarska-fakulta\/actuality\/uspech-nasich-studentov-na-medzinarodnej-konferencii\/#primaryimage"},"thumbnailUrl":"https:\/\/www.upjs.sk\/app\/uploads\/sites\/9\/2024\/12\/IMDC-37-version1-_awards_1_600_400.jpg","datePublished":"2024-12-06T09:36:51+00:00","dateModified":"2024-12-06T09:42:09+00:00","breadcrumb":{"@id":"https:\/\/www.upjs.sk\/lekarska-fakulta\/actuality\/uspech-nasich-studentov-na-medzinarodnej-konferencii\/#breadcrumb"},"inLanguage":"sk-SK","potentialAction":[{"@type":"ReadAction","target":["https:\/\/www.upjs.sk\/lekarska-fakulta\/actuality\/uspech-nasich-studentov-na-medzinarodnej-konferencii\/"]}]},{"@type":"ImageObject","inLanguage":"sk-SK","@id":"https:\/\/www.upjs.sk\/lekarska-fakulta\/actuality\/uspech-nasich-studentov-na-medzinarodnej-konferencii\/#primaryimage","url":"https:\/\/www.upjs.sk\/app\/uploads\/sites\/9\/2024\/12\/IMDC-37-version1-_awards_1_600_400.jpg","contentUrl":"https:\/\/www.upjs.sk\/app\/uploads\/sites\/9\/2024\/12\/IMDC-37-version1-_awards_1_600_400.jpg","width":600,"height":400},{"@type":"BreadcrumbList","@id":"https:\/\/www.upjs.sk\/lekarska-fakulta\/actuality\/uspech-nasich-studentov-na-medzinarodnej-konferencii\/#breadcrumb","itemListElement":[{"@type":"ListItem","position":1,"name":"Home","item":"https:\/\/www.upjs.sk\/lekarska-fakulta\/"},{"@type":"ListItem","position":2,"name":"Aktuality","item":"https:\/\/www.upjs.sk\/lekarska-fakulta\/actuality\/"},{"@type":"ListItem","position":3,"name":"\u00daspech na\u0161ich \u0161tudentov na medzin\u00e1rodnej konferencii"}]},{"@type":"WebSite","@id":"https:\/\/www.upjs.sk\/lekarska-fakulta\/#website","url":"https:\/\/www.upjs.sk\/lekarska-fakulta\/","name":"Lek\u00e1rska fakulta | UPJ\u0160","description":"","publisher":{"@id":"https:\/\/www.upjs.sk\/lekarska-fakulta\/#organization"},"potentialAction":[{"@type":"SearchAction","target":{"@type":"EntryPoint","urlTemplate":"https:\/\/www.upjs.sk\/lekarska-fakulta\/?s={search_term_string}"},"query-input":{"@type":"PropertyValueSpecification","valueRequired":true,"valueName":"search_term_string"}}],"inLanguage":"sk-SK"},{"@type":"Organization","@id":"https:\/\/www.upjs.sk\/lekarska-fakulta\/#organization","name":"Lek\u00e1rska fakulta | UPJ\u0160","url":"https:\/\/www.upjs.sk\/lekarska-fakulta\/","logo":{"@type":"ImageObject","inLanguage":"sk-SK","@id":"https:\/\/www.upjs.sk\/lekarska-fakulta\/#\/schema\/logo\/image\/","url":"https:\/\/www.upjs.sk\/app\/uploads\/sites\/9\/2022\/09\/logo-lekarska-fakulta.png","contentUrl":"https:\/\/www.upjs.sk\/app\/uploads\/sites\/9\/2022\/09\/logo-lekarska-fakulta.png","width":415,"height":87,"caption":"Lek\u00e1rska fakulta | UPJ\u0160"},"image":{"@id":"https:\/\/www.upjs.sk\/lekarska-fakulta\/#\/schema\/logo\/image\/"}}]}},"_links":{"self":[{"href":"https:\/\/www.upjs.sk\/lekarska-fakulta\/wp-json\/wp\/v2\/cpt_aktuality\/125230","targetHints":{"allow":["GET"]}}],"collection":[{"href":"https:\/\/www.upjs.sk\/lekarska-fakulta\/wp-json\/wp\/v2\/cpt_aktuality"}],"about":[{"href":"https:\/\/www.upjs.sk\/lekarska-fakulta\/wp-json\/wp\/v2\/types\/cpt_aktuality"}],"author":[{"embeddable":true,"href":"https:\/\/www.upjs.sk\/lekarska-fakulta\/wp-json\/wp\/v2\/users\/97"}],"version-history":[{"count":3,"href":"https:\/\/www.upjs.sk\/lekarska-fakulta\/wp-json\/wp\/v2\/cpt_aktuality\/125230\/revisions"}],"predecessor-version":[{"id":125236,"href":"https:\/\/www.upjs.sk\/lekarska-fakulta\/wp-json\/wp\/v2\/cpt_aktuality\/125230\/revisions\/125236"}],"wp:featuredmedia":[{"embeddable":true,"href":"https:\/\/www.upjs.sk\/lekarska-fakulta\/wp-json\/wp\/v2\/media\/125231"}],"wp:attachment":[{"href":"https:\/\/www.upjs.sk\/lekarska-fakulta\/wp-json\/wp\/v2\/media?parent=125230"}],"wp:term":[{"taxonomy":"category","embeddable":true,"href":"https:\/\/www.upjs.sk\/lekarska-fakulta\/wp-json\/wp\/v2\/categories?post=125230"},{"taxonomy":"post_tag","embeddable":true,"href":"https:\/\/www.upjs.sk\/lekarska-fakulta\/wp-json\/wp\/v2\/tags?post=125230"},{"taxonomy":"tax_aktuality","embeddable":true,"href":"https:\/\/www.upjs.sk\/lekarska-fakulta\/wp-json\/wp\/v2\/tax_aktuality?post=125230"}],"curies":[{"name":"wp","href":"https:\/\/api.w.org\/{rel}","templated":true}]}}