{"id":143277,"date":"2025-09-11T09:43:50","date_gmt":"2025-09-11T08:43:50","guid":{"rendered":"https:\/\/www.upjs.sk\/lekarska-fakulta\/?post_type=cpt_aktuality&#038;p=143277"},"modified":"2025-09-11T09:46:45","modified_gmt":"2025-09-11T08:46:45","slug":"nasa-fakulta-ma-silneho-reprezentanta-na-svetovej-vystave-expo-v-osake","status":"publish","type":"cpt_aktuality","link":"https:\/\/www.upjs.sk\/lekarska-fakulta\/actuality\/nasa-fakulta-ma-silneho-reprezentanta-na-svetovej-vystave-expo-v-osake\/","title":{"rendered":"Na\u0161a fakulta m\u00e1 siln\u00e9ho reprezentanta na svetovej v\u00fdstave EXPO v Osake"},"content":{"rendered":"\n<p class=\"wp-block-kadence-advancedheading\" data-kb-block=\"kb-adv-headingundefined\">Lek\u00e1rska fakulta UPJ\u0160 a Univerzita Pavla Jozefa \u0160af\u00e1rika v Ko\u0161iciach sa prezentuj\u00fa na svetovej v\u00fdstave EXPO v Osake, kde m\u00e1 na\u0161a fakulta v\u00fdznamn\u00e9ho reprezentanta. <strong>Prof. MUDr. Viliam Doni\u010d, CSc.<\/strong> predstavuje v\u00fdsledky 5-ro\u010dn\u00e9ho v\u00fdskumu projektu IPMVDCov, ktor\u00e9ho s\u00fa\u010das\u0165ou je aj unik\u00e1tny trena\u017e\u00e9r pre n\u00e1cvik pokro\u010dil\u00fdch met\u00f3d mechanickej ventil\u00e1cie p\u013e\u00fac.<\/p>\n\n\n<style>.wp-block-kadence-advancedheading.kt-adv-heading143277_3f6796-a5, .wp-block-kadence-advancedheading.kt-adv-heading143277_3f6796-a5[data-kb-block=\"kb-adv-heading143277_3f6796-a5\"]{font-style:normal;}.wp-block-kadence-advancedheading.kt-adv-heading143277_3f6796-a5 mark.kt-highlight, .wp-block-kadence-advancedheading.kt-adv-heading143277_3f6796-a5[data-kb-block=\"kb-adv-heading143277_3f6796-a5\"] mark.kt-highlight{font-style:normal;color:#f76a0c;-webkit-box-decoration-break:clone;box-decoration-break:clone;padding-top:0px;padding-right:0px;padding-bottom:0px;padding-left:0px;}<\/style>\n<p class=\"kt-adv-heading143277_3f6796-a5 wp-block-kadence-advancedheading\" data-kb-block=\"kb-adv-heading143277_3f6796-a5\"><\/p>\n\n\n<style>.wp-block-kadence-advancedheading.kt-adv-heading143277_11527e-58, .wp-block-kadence-advancedheading.kt-adv-heading143277_11527e-58[data-kb-block=\"kb-adv-heading143277_11527e-58\"]{font-style:normal;}.wp-block-kadence-advancedheading.kt-adv-heading143277_11527e-58 mark.kt-highlight, .wp-block-kadence-advancedheading.kt-adv-heading143277_11527e-58[data-kb-block=\"kb-adv-heading143277_11527e-58\"] mark.kt-highlight{font-style:normal;color:#f76a0c;-webkit-box-decoration-break:clone;box-decoration-break:clone;padding-top:0px;padding-right:0px;padding-bottom:0px;padding-left:0px;}<\/style>\n<p class=\"kt-adv-heading143277_11527e-58 wp-block-kadence-advancedheading\" data-kb-block=\"kb-adv-heading143277_11527e-58\"><strong>Odkaz na \u017eivotn\u00e9 dielo doc. T\u00f6r\u00f6ka<\/strong><\/p>\n\n\n<style>.wp-block-kadence-advancedheading.kt-adv-heading143277_2f3bb7-9e, .wp-block-kadence-advancedheading.kt-adv-heading143277_2f3bb7-9e[data-kb-block=\"kb-adv-heading143277_2f3bb7-9e\"]{font-style:normal;}.wp-block-kadence-advancedheading.kt-adv-heading143277_2f3bb7-9e mark.kt-highlight, .wp-block-kadence-advancedheading.kt-adv-heading143277_2f3bb7-9e[data-kb-block=\"kb-adv-heading143277_2f3bb7-9e\"] mark.kt-highlight{font-style:normal;color:#f76a0c;-webkit-box-decoration-break:clone;box-decoration-break:clone;padding-top:0px;padding-right:0px;padding-bottom:0px;padding-left:0px;}<\/style>\n<p class=\"kt-adv-heading143277_2f3bb7-9e wp-block-kadence-advancedheading\" data-kb-block=\"kb-adv-heading143277_2f3bb7-9e\">Profesor Doni\u010d z\u00e1rove\u0148 pripom\u00edna \u017eivotn\u00e9 dielo <strong>doc. MUDr. Pavla T\u00f6r\u00f6ka, CSc.<\/strong>, ktor\u00fd z\u00e1sadne prispel k rozvoju intenz\u00edvnej medic\u00edny svojou met\u00f3dou 4LV (PMLV \u2013 viac hladinov\u00e1 ventil\u00e1cia s premenliv\u00fdm tlakom, objemom, prietokom a \u010dasom).<\/p>\n\n\n<style>.wp-block-kadence-advancedheading.kt-adv-heading143277_9696b1-7e, .wp-block-kadence-advancedheading.kt-adv-heading143277_9696b1-7e[data-kb-block=\"kb-adv-heading143277_9696b1-7e\"]{font-style:normal;}.wp-block-kadence-advancedheading.kt-adv-heading143277_9696b1-7e mark.kt-highlight, .wp-block-kadence-advancedheading.kt-adv-heading143277_9696b1-7e[data-kb-block=\"kb-adv-heading143277_9696b1-7e\"] mark.kt-highlight{font-style:normal;color:#f76a0c;-webkit-box-decoration-break:clone;box-decoration-break:clone;padding-top:0px;padding-right:0px;padding-bottom:0px;padding-left:0px;}<\/style>\n<p class=\"kt-adv-heading143277_9696b1-7e wp-block-kadence-advancedheading\" data-kb-block=\"kb-adv-heading143277_9696b1-7e\"><strong>Slovensk\u00e1 inov\u00e1cia, ktor\u00e1 nem\u00e1 konkurenciu<\/strong><\/p>\n\n\n\n<p class=\"wp-block-kadence-advancedheading\" data-kb-block=\"kb-adv-headingundefined\">To, \u010do profesor Doni\u010d prezentuje v Osake, nemaj\u00fa k dispoz\u00edcii ani japonsk\u00e9 pracovisk\u00e1 \u2013 a\u017e doned\u00e1vna to bolo pova\u017eovan\u00e9 za nemo\u017en\u00e9. Pand\u00e9mia COVID-19 v\u0161ak uk\u00e1zala, \u017ee met\u00f3da 4LV dok\u00e1\u017ee efekt\u00edvnej\u0161ie ventilova\u0165 pacienta ne\u017e v\u0161etky doteraz pou\u017e\u00edvan\u00e9 ventila\u010dn\u00e9 pr\u00edstupy. Trad\u00edcia a inov\u00e1cie sa spojili aj v\u010faka spolupr\u00e1ci s Chirana Star\u00e1 Tur\u00e1, slovensk\u00fdm v\u00fdrobcom s viac ako 100-ro\u010dnou hist\u00f3riou. Spolo\u010dnos\u0165 dok\u00e1zala implementova\u0165 met\u00f3du 4LV do svojho ventil\u00e1tora Aura V, ktor\u00fd z\u00edskal jedine\u010dn\u00e9 vlastnosti, ak\u00e9 konkurencia nepon\u00faka.<\/p>\n\n\n<style>.wp-block-kadence-advancedheading.kt-adv-heading143277_2163a2-5f, .wp-block-kadence-advancedheading.kt-adv-heading143277_2163a2-5f[data-kb-block=\"kb-adv-heading143277_2163a2-5f\"]{font-style:normal;}.wp-block-kadence-advancedheading.kt-adv-heading143277_2163a2-5f mark.kt-highlight, .wp-block-kadence-advancedheading.kt-adv-heading143277_2163a2-5f[data-kb-block=\"kb-adv-heading143277_2163a2-5f\"] mark.kt-highlight{font-style:normal;color:#f76a0c;-webkit-box-decoration-break:clone;box-decoration-break:clone;padding-top:0px;padding-right:0px;padding-bottom:0px;padding-left:0px;}<\/style>\n<p class=\"kt-adv-heading143277_2163a2-5f wp-block-kadence-advancedheading\" data-kb-block=\"kb-adv-heading143277_2163a2-5f\"><\/p>\n\n\n<style>.wp-block-kadence-advancedheading.kt-adv-heading143277_3feb33-8a, .wp-block-kadence-advancedheading.kt-adv-heading143277_3feb33-8a[data-kb-block=\"kb-adv-heading143277_3feb33-8a\"]{font-style:normal;}.wp-block-kadence-advancedheading.kt-adv-heading143277_3feb33-8a mark.kt-highlight, .wp-block-kadence-advancedheading.kt-adv-heading143277_3feb33-8a[data-kb-block=\"kb-adv-heading143277_3feb33-8a\"] mark.kt-highlight{font-style:normal;color:#f76a0c;-webkit-box-decoration-break:clone;box-decoration-break:clone;padding-top:0px;padding-right:0px;padding-bottom:0px;padding-left:0px;}<\/style>\n<p class=\"kt-adv-heading143277_3feb33-8a wp-block-kadence-advancedheading\" data-kb-block=\"kb-adv-heading143277_3feb33-8a\"><strong>V\u00fdcvik na unik\u00e1tnom trena\u017e\u00e9ri<\/strong><\/p>\n\n\n<style>.wp-block-kadence-advancedheading.kt-adv-heading143277_5d66bc-f4, .wp-block-kadence-advancedheading.kt-adv-heading143277_5d66bc-f4[data-kb-block=\"kb-adv-heading143277_5d66bc-f4\"]{font-style:normal;}.wp-block-kadence-advancedheading.kt-adv-heading143277_5d66bc-f4 mark.kt-highlight, .wp-block-kadence-advancedheading.kt-adv-heading143277_5d66bc-f4[data-kb-block=\"kb-adv-heading143277_5d66bc-f4\"] mark.kt-highlight{font-style:normal;color:#f76a0c;-webkit-box-decoration-break:clone;box-decoration-break:clone;padding-top:0px;padding-right:0px;padding-bottom:0px;padding-left:0px;}<\/style>\n<p class=\"kt-adv-heading143277_5d66bc-f4 wp-block-kadence-advancedheading\" data-kb-block=\"kb-adv-heading143277_5d66bc-f4\">Na podporu vzdel\u00e1vania a klinick\u00e9ho tr\u00e9ningu vznikol aj trena\u017e\u00e9r LUNAS \u2013 elektropneumatick\u00fd viac-kompartmentov\u00fd model p\u013e\u00fac. Umo\u017e\u0148uje simulova\u0165 r\u00f4zne p\u013e\u00facne ochorenia a ich interakciu s ventil\u00e1torom, pri\u010dom pr\u00e1ve na \u0148om sa naplno prejavuj\u00fa v\u00fdhody pr\u00edstroja Aura V s met\u00f3dou 4LV.<\/p>\n\n\n<style>.wp-block-kadence-advancedheading.kt-adv-heading143277_6916f3-36, .wp-block-kadence-advancedheading.kt-adv-heading143277_6916f3-36[data-kb-block=\"kb-adv-heading143277_6916f3-36\"]{font-style:normal;}.wp-block-kadence-advancedheading.kt-adv-heading143277_6916f3-36 mark.kt-highlight, .wp-block-kadence-advancedheading.kt-adv-heading143277_6916f3-36[data-kb-block=\"kb-adv-heading143277_6916f3-36\"] mark.kt-highlight{font-style:normal;color:#f76a0c;-webkit-box-decoration-break:clone;box-decoration-break:clone;padding-top:0px;padding-right:0px;padding-bottom:0px;padding-left:0px;}<\/style>\n<p class=\"kt-adv-heading143277_6916f3-36 wp-block-kadence-advancedheading\" data-kb-block=\"kb-adv-heading143277_6916f3-36\">Lek\u00e1rska fakulta UPJ\u0160 je hrd\u00e1, \u017ee prof. MUDr. Viliam Doni\u010d, CSc. prin\u00e1\u0161a v\u00fdsledky slovensk\u00e9ho v\u00fdskumu medzi svetov\u00fa \u0161pi\u010dku a reprezentuje na\u0161u fakultu na prest\u00ed\u017enom podujat\u00ed, ak\u00fdm je svetov\u00e1 v\u00fdstava EXPO v Osake.<\/p>\n\n\n<style>.wp-block-kadence-advancedheading.kt-adv-heading143277_fd9a5c-25, .wp-block-kadence-advancedheading.kt-adv-heading143277_fd9a5c-25[data-kb-block=\"kb-adv-heading143277_fd9a5c-25\"]{font-style:normal;}.wp-block-kadence-advancedheading.kt-adv-heading143277_fd9a5c-25 mark.kt-highlight, .wp-block-kadence-advancedheading.kt-adv-heading143277_fd9a5c-25[data-kb-block=\"kb-adv-heading143277_fd9a5c-25\"] mark.kt-highlight{font-style:normal;color:#f76a0c;-webkit-box-decoration-break:clone;box-decoration-break:clone;padding-top:0px;padding-right:0px;padding-bottom:0px;padding-left:0px;}<\/style>\n<p class=\"kt-adv-heading143277_fd9a5c-25 wp-block-kadence-advancedheading\" data-kb-block=\"kb-adv-heading143277_fd9a5c-25\"><\/p>\n","protected":false},"excerpt":{"rendered":"<p>Lek\u00e1rska fakulta UPJ\u0160 a Univerzita Pavla Jozefa \u0160af\u00e1rika v Ko\u0161iciach sa prezentuj\u00fa na svetovej v\u00fdstave EXPO v Osake, kde m\u00e1 na\u0161a fakulta v\u00fdznamn\u00e9ho reprezentanta. Prof. MUDr. Viliam Doni\u010d, CSc. predstavuje v\u00fdsledky 5-ro\u010dn\u00e9ho v\u00fdskumu projektu IPMVDCov, ktor\u00e9ho s\u00fa\u010das\u0165ou je aj unik\u00e1tny trena\u017e\u00e9r pre n\u00e1cvik pokro\u010dil\u00fdch met\u00f3d mechanickej ventil\u00e1cie p\u013e\u00fac. Odkaz na \u017eivotn\u00e9 dielo doc. T\u00f6r\u00f6ka Profesor &hellip; <a href=\"https:\/\/www.upjs.sk\/lekarska-fakulta\/actuality\/nasa-fakulta-ma-silneho-reprezentanta-na-svetovej-vystave-expo-v-osake\/\">\u010c\u00edta\u0165 \u010falej<\/a><\/p>\n","protected":false},"author":97,"featured_media":143290,"template":"","meta":{"_acf_changed":false,"_editorskit_title_hidden":false,"_editorskit_reading_time":0,"_editorskit_is_block_options_detached":false,"_editorskit_block_options_position":"{}","footnotes":""},"categories":[],"tags":[],"tax_aktuality":[],"class_list":["post-143277","cpt_aktuality","type-cpt_aktuality","status-publish","has-post-thumbnail","hentry"],"acf":{"acf_link_na_externy_obsah":"","poradie_clanku":""},"yoast_head":"<!-- This site is optimized with the Yoast SEO plugin v27.4 - https:\/\/yoast.com\/product\/yoast-seo-wordpress\/ -->\n<title>Na\u0161a fakulta m\u00e1 siln\u00e9ho reprezentanta na svetovej v\u00fdstave EXPO v Osake - Lek\u00e1rska fakulta | UPJ\u0160<\/title>\n<meta name=\"robots\" content=\"index, follow, max-snippet:-1, max-image-preview:large, max-video-preview:-1\" \/>\n<link rel=\"canonical\" href=\"https:\/\/www.upjs.sk\/lekarska-fakulta\/actuality\/nasa-fakulta-ma-silneho-reprezentanta-na-svetovej-vystave-expo-v-osake\/\" \/>\n<meta property=\"og:locale\" content=\"sk_SK\" \/>\n<meta property=\"og:type\" content=\"article\" \/>\n<meta property=\"og:title\" content=\"Na\u0161a fakulta m\u00e1 siln\u00e9ho reprezentanta na svetovej v\u00fdstave EXPO v Osake - Lek\u00e1rska fakulta | UPJ\u0160\" \/>\n<meta property=\"og:description\" content=\"Lek\u00e1rska fakulta UPJ\u0160 a Univerzita Pavla Jozefa \u0160af\u00e1rika v Ko\u0161iciach sa prezentuj\u00fa na svetovej v\u00fdstave EXPO v Osake, kde m\u00e1 na\u0161a fakulta v\u00fdznamn\u00e9ho reprezentanta. Prof. MUDr. Viliam Doni\u010d, CSc. predstavuje v\u00fdsledky 5-ro\u010dn\u00e9ho v\u00fdskumu projektu IPMVDCov, ktor\u00e9ho s\u00fa\u010das\u0165ou je aj unik\u00e1tny trena\u017e\u00e9r pre n\u00e1cvik pokro\u010dil\u00fdch met\u00f3d mechanickej ventil\u00e1cie p\u013e\u00fac. Odkaz na \u017eivotn\u00e9 dielo doc. T\u00f6r\u00f6ka Profesor &hellip; \u010c\u00edta\u0165 \u010falej\" \/>\n<meta property=\"og:url\" content=\"https:\/\/www.upjs.sk\/lekarska-fakulta\/actuality\/nasa-fakulta-ma-silneho-reprezentanta-na-svetovej-vystave-expo-v-osake\/\" \/>\n<meta property=\"og:site_name\" content=\"Lek\u00e1rska fakulta | UPJ\u0160\" \/>\n<meta property=\"article:modified_time\" content=\"2025-09-11T08:46:45+00:00\" \/>\n<meta property=\"og:image\" content=\"https:\/\/www.upjs.sk\/app\/uploads\/sites\/9\/2025\/09\/DZSO5192.jpg\" \/>\n\t<meta property=\"og:image:width\" content=\"2048\" \/>\n\t<meta property=\"og:image:height\" content=\"1536\" \/>\n\t<meta property=\"og:image:type\" content=\"image\/jpeg\" \/>\n<meta name=\"twitter:card\" content=\"summary_large_image\" \/>\n<meta name=\"twitter:label1\" content=\"Predpokladan\u00fd \u010das \u010d\u00edtania\" \/>\n\t<meta name=\"twitter:data1\" content=\"2 min\u00faty\" \/>\n<script type=\"application\/ld+json\" class=\"yoast-schema-graph\">{\"@context\":\"https:\\\/\\\/schema.org\",\"@graph\":[{\"@type\":\"WebPage\",\"@id\":\"https:\\\/\\\/www.upjs.sk\\\/lekarska-fakulta\\\/actuality\\\/nasa-fakulta-ma-silneho-reprezentanta-na-svetovej-vystave-expo-v-osake\\\/\",\"url\":\"https:\\\/\\\/www.upjs.sk\\\/lekarska-fakulta\\\/actuality\\\/nasa-fakulta-ma-silneho-reprezentanta-na-svetovej-vystave-expo-v-osake\\\/\",\"name\":\"Na\u0161a fakulta m\u00e1 siln\u00e9ho reprezentanta na svetovej v\u00fdstave EXPO v Osake - Lek\u00e1rska fakulta | UPJ\u0160\",\"isPartOf\":{\"@id\":\"https:\\\/\\\/www.upjs.sk\\\/lekarska-fakulta\\\/#website\"},\"primaryImageOfPage\":{\"@id\":\"https:\\\/\\\/www.upjs.sk\\\/lekarska-fakulta\\\/actuality\\\/nasa-fakulta-ma-silneho-reprezentanta-na-svetovej-vystave-expo-v-osake\\\/#primaryimage\"},\"image\":{\"@id\":\"https:\\\/\\\/www.upjs.sk\\\/lekarska-fakulta\\\/actuality\\\/nasa-fakulta-ma-silneho-reprezentanta-na-svetovej-vystave-expo-v-osake\\\/#primaryimage\"},\"thumbnailUrl\":\"https:\\\/\\\/www.upjs.sk\\\/app\\\/uploads\\\/sites\\\/9\\\/2025\\\/09\\\/DZSO5192.jpg\",\"datePublished\":\"2025-09-11T08:43:50+00:00\",\"dateModified\":\"2025-09-11T08:46:45+00:00\",\"breadcrumb\":{\"@id\":\"https:\\\/\\\/www.upjs.sk\\\/lekarska-fakulta\\\/actuality\\\/nasa-fakulta-ma-silneho-reprezentanta-na-svetovej-vystave-expo-v-osake\\\/#breadcrumb\"},\"inLanguage\":\"sk-SK\",\"potentialAction\":[{\"@type\":\"ReadAction\",\"target\":[\"https:\\\/\\\/www.upjs.sk\\\/lekarska-fakulta\\\/actuality\\\/nasa-fakulta-ma-silneho-reprezentanta-na-svetovej-vystave-expo-v-osake\\\/\"]}]},{\"@type\":\"ImageObject\",\"inLanguage\":\"sk-SK\",\"@id\":\"https:\\\/\\\/www.upjs.sk\\\/lekarska-fakulta\\\/actuality\\\/nasa-fakulta-ma-silneho-reprezentanta-na-svetovej-vystave-expo-v-osake\\\/#primaryimage\",\"url\":\"https:\\\/\\\/www.upjs.sk\\\/app\\\/uploads\\\/sites\\\/9\\\/2025\\\/09\\\/DZSO5192.jpg\",\"contentUrl\":\"https:\\\/\\\/www.upjs.sk\\\/app\\\/uploads\\\/sites\\\/9\\\/2025\\\/09\\\/DZSO5192.jpg\",\"width\":2048,\"height\":1536},{\"@type\":\"BreadcrumbList\",\"@id\":\"https:\\\/\\\/www.upjs.sk\\\/lekarska-fakulta\\\/actuality\\\/nasa-fakulta-ma-silneho-reprezentanta-na-svetovej-vystave-expo-v-osake\\\/#breadcrumb\",\"itemListElement\":[{\"@type\":\"ListItem\",\"position\":1,\"name\":\"Home\",\"item\":\"https:\\\/\\\/www.upjs.sk\\\/lekarska-fakulta\\\/\"},{\"@type\":\"ListItem\",\"position\":2,\"name\":\"Aktuality\",\"item\":\"https:\\\/\\\/www.upjs.sk\\\/lekarska-fakulta\\\/actuality\\\/\"},{\"@type\":\"ListItem\",\"position\":3,\"name\":\"Na\u0161a fakulta m\u00e1 siln\u00e9ho reprezentanta na svetovej v\u00fdstave EXPO v Osake\"}]},{\"@type\":\"WebSite\",\"@id\":\"https:\\\/\\\/www.upjs.sk\\\/lekarska-fakulta\\\/#website\",\"url\":\"https:\\\/\\\/www.upjs.sk\\\/lekarska-fakulta\\\/\",\"name\":\"Lek\u00e1rska fakulta | UPJ\u0160\",\"description\":\"\",\"publisher\":{\"@id\":\"https:\\\/\\\/www.upjs.sk\\\/lekarska-fakulta\\\/#organization\"},\"potentialAction\":[{\"@type\":\"SearchAction\",\"target\":{\"@type\":\"EntryPoint\",\"urlTemplate\":\"https:\\\/\\\/www.upjs.sk\\\/lekarska-fakulta\\\/?s={search_term_string}\"},\"query-input\":{\"@type\":\"PropertyValueSpecification\",\"valueRequired\":true,\"valueName\":\"search_term_string\"}}],\"inLanguage\":\"sk-SK\"},{\"@type\":\"Organization\",\"@id\":\"https:\\\/\\\/www.upjs.sk\\\/lekarska-fakulta\\\/#organization\",\"name\":\"Lek\u00e1rska fakulta | UPJ\u0160\",\"url\":\"https:\\\/\\\/www.upjs.sk\\\/lekarska-fakulta\\\/\",\"logo\":{\"@type\":\"ImageObject\",\"inLanguage\":\"sk-SK\",\"@id\":\"https:\\\/\\\/www.upjs.sk\\\/lekarska-fakulta\\\/#\\\/schema\\\/logo\\\/image\\\/\",\"url\":\"https:\\\/\\\/www.upjs.sk\\\/app\\\/uploads\\\/sites\\\/9\\\/2022\\\/09\\\/logo-lekarska-fakulta.png\",\"contentUrl\":\"https:\\\/\\\/www.upjs.sk\\\/app\\\/uploads\\\/sites\\\/9\\\/2022\\\/09\\\/logo-lekarska-fakulta.png\",\"width\":415,\"height\":87,\"caption\":\"Lek\u00e1rska fakulta | UPJ\u0160\"},\"image\":{\"@id\":\"https:\\\/\\\/www.upjs.sk\\\/lekarska-fakulta\\\/#\\\/schema\\\/logo\\\/image\\\/\"}}]}<\/script>\n<!-- \/ Yoast SEO plugin. -->","yoast_head_json":{"title":"Na\u0161a fakulta m\u00e1 siln\u00e9ho reprezentanta na svetovej v\u00fdstave EXPO v Osake - Lek\u00e1rska fakulta | UPJ\u0160","robots":{"index":"index","follow":"follow","max-snippet":"max-snippet:-1","max-image-preview":"max-image-preview:large","max-video-preview":"max-video-preview:-1"},"canonical":"https:\/\/www.upjs.sk\/lekarska-fakulta\/actuality\/nasa-fakulta-ma-silneho-reprezentanta-na-svetovej-vystave-expo-v-osake\/","og_locale":"sk_SK","og_type":"article","og_title":"Na\u0161a fakulta m\u00e1 siln\u00e9ho reprezentanta na svetovej v\u00fdstave EXPO v Osake - Lek\u00e1rska fakulta | UPJ\u0160","og_description":"Lek\u00e1rska fakulta UPJ\u0160 a Univerzita Pavla Jozefa \u0160af\u00e1rika v Ko\u0161iciach sa prezentuj\u00fa na svetovej v\u00fdstave EXPO v Osake, kde m\u00e1 na\u0161a fakulta v\u00fdznamn\u00e9ho reprezentanta. Prof. MUDr. Viliam Doni\u010d, CSc. predstavuje v\u00fdsledky 5-ro\u010dn\u00e9ho v\u00fdskumu projektu IPMVDCov, ktor\u00e9ho s\u00fa\u010das\u0165ou je aj unik\u00e1tny trena\u017e\u00e9r pre n\u00e1cvik pokro\u010dil\u00fdch met\u00f3d mechanickej ventil\u00e1cie p\u013e\u00fac. Odkaz na \u017eivotn\u00e9 dielo doc. T\u00f6r\u00f6ka Profesor &hellip; \u010c\u00edta\u0165 \u010falej","og_url":"https:\/\/www.upjs.sk\/lekarska-fakulta\/actuality\/nasa-fakulta-ma-silneho-reprezentanta-na-svetovej-vystave-expo-v-osake\/","og_site_name":"Lek\u00e1rska fakulta | UPJ\u0160","article_modified_time":"2025-09-11T08:46:45+00:00","og_image":[{"width":2048,"height":1536,"url":"https:\/\/www.upjs.sk\/app\/uploads\/sites\/9\/2025\/09\/DZSO5192.jpg","type":"image\/jpeg"}],"twitter_card":"summary_large_image","twitter_misc":{"Predpokladan\u00fd \u010das \u010d\u00edtania":"2 min\u00faty"},"schema":{"@context":"https:\/\/schema.org","@graph":[{"@type":"WebPage","@id":"https:\/\/www.upjs.sk\/lekarska-fakulta\/actuality\/nasa-fakulta-ma-silneho-reprezentanta-na-svetovej-vystave-expo-v-osake\/","url":"https:\/\/www.upjs.sk\/lekarska-fakulta\/actuality\/nasa-fakulta-ma-silneho-reprezentanta-na-svetovej-vystave-expo-v-osake\/","name":"Na\u0161a fakulta m\u00e1 siln\u00e9ho reprezentanta na svetovej v\u00fdstave EXPO v Osake - Lek\u00e1rska fakulta | UPJ\u0160","isPartOf":{"@id":"https:\/\/www.upjs.sk\/lekarska-fakulta\/#website"},"primaryImageOfPage":{"@id":"https:\/\/www.upjs.sk\/lekarska-fakulta\/actuality\/nasa-fakulta-ma-silneho-reprezentanta-na-svetovej-vystave-expo-v-osake\/#primaryimage"},"image":{"@id":"https:\/\/www.upjs.sk\/lekarska-fakulta\/actuality\/nasa-fakulta-ma-silneho-reprezentanta-na-svetovej-vystave-expo-v-osake\/#primaryimage"},"thumbnailUrl":"https:\/\/www.upjs.sk\/app\/uploads\/sites\/9\/2025\/09\/DZSO5192.jpg","datePublished":"2025-09-11T08:43:50+00:00","dateModified":"2025-09-11T08:46:45+00:00","breadcrumb":{"@id":"https:\/\/www.upjs.sk\/lekarska-fakulta\/actuality\/nasa-fakulta-ma-silneho-reprezentanta-na-svetovej-vystave-expo-v-osake\/#breadcrumb"},"inLanguage":"sk-SK","potentialAction":[{"@type":"ReadAction","target":["https:\/\/www.upjs.sk\/lekarska-fakulta\/actuality\/nasa-fakulta-ma-silneho-reprezentanta-na-svetovej-vystave-expo-v-osake\/"]}]},{"@type":"ImageObject","inLanguage":"sk-SK","@id":"https:\/\/www.upjs.sk\/lekarska-fakulta\/actuality\/nasa-fakulta-ma-silneho-reprezentanta-na-svetovej-vystave-expo-v-osake\/#primaryimage","url":"https:\/\/www.upjs.sk\/app\/uploads\/sites\/9\/2025\/09\/DZSO5192.jpg","contentUrl":"https:\/\/www.upjs.sk\/app\/uploads\/sites\/9\/2025\/09\/DZSO5192.jpg","width":2048,"height":1536},{"@type":"BreadcrumbList","@id":"https:\/\/www.upjs.sk\/lekarska-fakulta\/actuality\/nasa-fakulta-ma-silneho-reprezentanta-na-svetovej-vystave-expo-v-osake\/#breadcrumb","itemListElement":[{"@type":"ListItem","position":1,"name":"Home","item":"https:\/\/www.upjs.sk\/lekarska-fakulta\/"},{"@type":"ListItem","position":2,"name":"Aktuality","item":"https:\/\/www.upjs.sk\/lekarska-fakulta\/actuality\/"},{"@type":"ListItem","position":3,"name":"Na\u0161a fakulta m\u00e1 siln\u00e9ho reprezentanta na svetovej v\u00fdstave EXPO v Osake"}]},{"@type":"WebSite","@id":"https:\/\/www.upjs.sk\/lekarska-fakulta\/#website","url":"https:\/\/www.upjs.sk\/lekarska-fakulta\/","name":"Lek\u00e1rska fakulta | UPJ\u0160","description":"","publisher":{"@id":"https:\/\/www.upjs.sk\/lekarska-fakulta\/#organization"},"potentialAction":[{"@type":"SearchAction","target":{"@type":"EntryPoint","urlTemplate":"https:\/\/www.upjs.sk\/lekarska-fakulta\/?s={search_term_string}"},"query-input":{"@type":"PropertyValueSpecification","valueRequired":true,"valueName":"search_term_string"}}],"inLanguage":"sk-SK"},{"@type":"Organization","@id":"https:\/\/www.upjs.sk\/lekarska-fakulta\/#organization","name":"Lek\u00e1rska fakulta | UPJ\u0160","url":"https:\/\/www.upjs.sk\/lekarska-fakulta\/","logo":{"@type":"ImageObject","inLanguage":"sk-SK","@id":"https:\/\/www.upjs.sk\/lekarska-fakulta\/#\/schema\/logo\/image\/","url":"https:\/\/www.upjs.sk\/app\/uploads\/sites\/9\/2022\/09\/logo-lekarska-fakulta.png","contentUrl":"https:\/\/www.upjs.sk\/app\/uploads\/sites\/9\/2022\/09\/logo-lekarska-fakulta.png","width":415,"height":87,"caption":"Lek\u00e1rska fakulta | UPJ\u0160"},"image":{"@id":"https:\/\/www.upjs.sk\/lekarska-fakulta\/#\/schema\/logo\/image\/"}}]}},"_links":{"self":[{"href":"https:\/\/www.upjs.sk\/lekarska-fakulta\/wp-json\/wp\/v2\/cpt_aktuality\/143277","targetHints":{"allow":["GET"]}}],"collection":[{"href":"https:\/\/www.upjs.sk\/lekarska-fakulta\/wp-json\/wp\/v2\/cpt_aktuality"}],"about":[{"href":"https:\/\/www.upjs.sk\/lekarska-fakulta\/wp-json\/wp\/v2\/types\/cpt_aktuality"}],"author":[{"embeddable":true,"href":"https:\/\/www.upjs.sk\/lekarska-fakulta\/wp-json\/wp\/v2\/users\/97"}],"version-history":[{"count":2,"href":"https:\/\/www.upjs.sk\/lekarska-fakulta\/wp-json\/wp\/v2\/cpt_aktuality\/143277\/revisions"}],"predecessor-version":[{"id":143312,"href":"https:\/\/www.upjs.sk\/lekarska-fakulta\/wp-json\/wp\/v2\/cpt_aktuality\/143277\/revisions\/143312"}],"wp:featuredmedia":[{"embeddable":true,"href":"https:\/\/www.upjs.sk\/lekarska-fakulta\/wp-json\/wp\/v2\/media\/143290"}],"wp:attachment":[{"href":"https:\/\/www.upjs.sk\/lekarska-fakulta\/wp-json\/wp\/v2\/media?parent=143277"}],"wp:term":[{"taxonomy":"category","embeddable":true,"href":"https:\/\/www.upjs.sk\/lekarska-fakulta\/wp-json\/wp\/v2\/categories?post=143277"},{"taxonomy":"post_tag","embeddable":true,"href":"https:\/\/www.upjs.sk\/lekarska-fakulta\/wp-json\/wp\/v2\/tags?post=143277"},{"taxonomy":"tax_aktuality","embeddable":true,"href":"https:\/\/www.upjs.sk\/lekarska-fakulta\/wp-json\/wp\/v2\/tax_aktuality?post=143277"}],"curies":[{"name":"wp","href":"https:\/\/api.w.org\/{rel}","templated":true}]}}