{"id":144545,"date":"2025-09-18T14:01:45","date_gmt":"2025-09-18T13:01:45","guid":{"rendered":"https:\/\/www.upjs.sk\/lekarska-fakulta\/?post_type=cpt_aktuality&#038;p=144545"},"modified":"2025-09-19T14:38:48","modified_gmt":"2025-09-19T13:38:48","slug":"vyhlasenie-doplnujucich-volieb-do-akademickeho-senatu-upjs-lf","status":"publish","type":"cpt_aktuality","link":"https:\/\/www.upjs.sk\/lekarska-fakulta\/actuality\/vyhlasenie-doplnujucich-volieb-do-akademickeho-senatu-upjs-lf\/","title":{"rendered":"Vyhl\u00e1senie dopl\u0148uj\u00facich volieb do Akademick\u00e9ho sen\u00e1tu UPJ\u0160 LF"},"content":{"rendered":"\n<p class=\"has-text-align-center\"><strong><em>V\u00e1\u017een\u00e1 \u0161tudentsk\u00e1 \u010das\u0165 akademickej obce <br><strong>Univerzity Pavla Jozefa \u0160af\u00e1rika v Ko\u0161iciach, Lek\u00e1rskej fakulty<\/strong><\/em><\/strong><br><br>Akademick\u00fd sen\u00e1t UPJ\u0160 LF na z\u00e1klade uznesenia \u010d. 121 zo&nbsp;17. septembra 2025 <br>vyhlasuje pod\u013ea \u010dl. 14 Z\u00e1sad volieb do Akademick\u00e9ho sen\u00e1tu UPJ\u0160 LF<br><br><strong>dopl\u0148uj\u00face vo\u013eby piatich z\u00e1stupcov zo \u0161tudentov UPJ\u0160 LF do<br>\u0160tudentskej \u010dasti Akademick\u00e9ho sen\u00e1tu UPJ\u0160 LF<br><br>na de\u0148 8. okt\u00f3bra 2025 od 8.00 hod. do 16.00 hod.<\/strong><br><br><span style=\"text-decoration: underline;\">Dopl\u0148uj\u00face vo\u013eby bud\u00fa realizovan\u00e9 prostriedkami informa\u010dn\u00fdch a&nbsp;komunika\u010dn\u00fdch technol\u00f3gi\u00ed.<\/span><\/p>\n\n\n\n<p>N\u00e1vrhy kandid\u00e1tov je mo\u017en\u00e9 pod\u00e1va\u0165:<\/p>\n\n\n\n<ul class=\"wp-block-list\">\n<li>v&nbsp;zalepenej ob\u00e1lke po\u0161tou, alebo osobne na podate\u013eni UPJ\u0160 LF, s&nbsp;adresou: Akademick\u00fd sen\u00e1t UPJ\u0160 LF, Trieda SNP 1, 040 11 &nbsp;Ko\u0161ice a&nbsp;s&nbsp;ozna\u010den\u00edm \u201e<strong>N\u00e1vrh na kandid\u00e1ta za \u010dlena AS UPJ\u0160 LF<\/strong>\u201c, alebo<\/li>\n\n\n\n<li>prostredn\u00edctvom univerzitnej elektronickej po\u0161ty ako pr\u00edlohu spr\u00e1vy doru\u010denej na adresu sekretari\u00e1tu Akademick\u00e9ho sen\u00e1tu UPJ\u0160 LF: <a href=\"mailto:henrieta.salokyova@upjs.sk\">henrieta.salokyova@upjs.sk<\/a> s&nbsp;ozna\u010den\u00edm predmetu spr\u00e1vy \u201e<strong>N\u00e1vrh na kandid\u00e1ta za \u010dlena AS UPJ\u0160 LF<\/strong>\u201c.<\/li>\n<\/ul>\n\n\n\n<p>N\u00e1vrhy kandid\u00e1tov m\u00f4\u017ee pod\u00e1va\u0165 ka\u017ed\u00fd \u010dlen \u0160\u010c akademickej obce UPJ\u0160 LF. Kandid\u00e1t m\u00f4\u017ee navrhn\u00fa\u0165 aj s\u00e1m seba. N\u00e1vrh kandid\u00e1ta mus\u00ed obsahova\u0165:<br>a) meno, priezvisko, tituly, vedeck\u00fa hodnos\u0165, funk\u010dn\u00e9 a pracovn\u00e9 zaradenie kandid\u00e1ta a&nbsp;u&nbsp;\u0161tudentov ro\u010dn\u00edk \u0161t\u00fadia,<br>b) p\u00edsomn\u00e9 vyhl\u00e1senie kandid\u00e1ta, \u017ee s\u00fahlas\u00ed s kandidat\u00farou,<br>c) meno, priezvisko a podpis navrhovate\u013ea (navrhovate\u013eov),<br>d) s\u00fahlas navrhovan\u00e9ho kandid\u00e1ta so spracovan\u00edm a zverejnen\u00edm osobn\u00fdch \u00fadajov v&nbsp;rozsahu a&nbsp;na \u00fa\u010del stanoven\u00fd \u010dl. 5 ods. 5 a \u010dl. 6 Z\u00e1sad volieb do Akademick\u00e9ho sen\u00e1tu UPJ\u0160 LF.<\/p>\n\n\n\n<p>Akceptovan\u00e9 bud\u00fa n\u00e1vrhy, ktor\u00e9 sp\u013a\u0148aj\u00fa v\u0161etky n\u00e1le\u017eitosti v&nbsp;s\u00falade so Z\u00e1sadami volieb do Akademick\u00e9ho sen\u00e1tu UPJ\u0160 LF, ktor\u00e9 s\u00fa zverejnen\u00e9 na webovej str\u00e1nke UPJ\u0160 LF v&nbsp;\u010dasti <em><a href=\"https:\/\/www.upjs.sk\/lekarska-fakulta\/fakulta\/organy-fakulty\/akademicky-senat\/\" target=\"_blank\" rel=\"noreferrer noopener\">O&nbsp;fakulte \u2013 Org\u00e1ny fakulty \u2013 Akademick\u00fd sen\u00e1t<\/a><\/em> a&nbsp;bud\u00fa doru\u010den\u00e9<\/p>\n\n\n\n<p class=\"has-text-align-center\"><strong>v&nbsp;term\u00edne do 24. septembra 2025 do 15.00 hod.<\/strong><\/p>\n\n\n\n<p class=\"has-text-align-center has-ek-indent\" style=\"--ek-indent:100px\">doc. Ing. Jaroslav Majern\u00edk, PhD.&nbsp; v. r.<br>predseda Akademick\u00e9ho sen\u00e1tu UPJ\u0160 LF<\/p>\n\n\n\n<p><a href=\"https:\/\/www.upjs.sk\/app\/uploads\/sites\/9\/2025\/09\/AS-UPJS-LF-navrh-na-kandidata-2025-studenti.docx\">Vzor n\u00e1vrhu kandid\u00e1ta na \u010dlena AS UPJ\u0160 LF<\/a><\/p>\n","protected":false},"excerpt":{"rendered":"<p>V\u00e1\u017een\u00e1 \u0161tudentsk\u00e1 \u010das\u0165 akademickej obce Univerzity Pavla Jozefa \u0160af\u00e1rika v Ko\u0161iciach, Lek\u00e1rskej fakulty Akademick\u00fd sen\u00e1t UPJ\u0160 LF na z\u00e1klade uznesenia \u010d. 121 zo&nbsp;17. septembra 2025 vyhlasuje pod\u013ea \u010dl. 14 Z\u00e1sad volieb do Akademick\u00e9ho sen\u00e1tu UPJ\u0160 LF dopl\u0148uj\u00face vo\u013eby piatich z\u00e1stupcov zo \u0161tudentov UPJ\u0160 LF do\u0160tudentskej \u010dasti Akademick\u00e9ho sen\u00e1tu UPJ\u0160 LF na de\u0148 8. okt\u00f3bra 2025 &hellip; <a href=\"https:\/\/www.upjs.sk\/lekarska-fakulta\/actuality\/vyhlasenie-doplnujucich-volieb-do-akademickeho-senatu-upjs-lf\/\">\u010c\u00edta\u0165 \u010falej<\/a><\/p>\n","protected":false},"author":31,"featured_media":73530,"template":"","meta":{"_acf_changed":false,"_editorskit_title_hidden":false,"_editorskit_reading_time":0,"_editorskit_is_block_options_detached":false,"_editorskit_block_options_position":"{}","footnotes":""},"categories":[],"tags":[],"tax_aktuality":[],"class_list":["post-144545","cpt_aktuality","type-cpt_aktuality","status-publish","has-post-thumbnail","hentry"],"acf":{"acf_link_na_externy_obsah":"","poradie_clanku":""},"yoast_head":"<!-- This site is optimized with the Yoast SEO plugin v27.4 - https:\/\/yoast.com\/product\/yoast-seo-wordpress\/ -->\n<title>Vyhl\u00e1senie dopl\u0148uj\u00facich volieb do Akademick\u00e9ho sen\u00e1tu UPJ\u0160 LF - Lek\u00e1rska fakulta | UPJ\u0160<\/title>\n<meta name=\"robots\" content=\"index, follow, max-snippet:-1, max-image-preview:large, max-video-preview:-1\" \/>\n<link rel=\"canonical\" href=\"https:\/\/www.upjs.sk\/lekarska-fakulta\/actuality\/vyhlasenie-doplnujucich-volieb-do-akademickeho-senatu-upjs-lf\/\" \/>\n<meta property=\"og:locale\" content=\"sk_SK\" \/>\n<meta property=\"og:type\" content=\"article\" \/>\n<meta property=\"og:title\" content=\"Vyhl\u00e1senie dopl\u0148uj\u00facich volieb do Akademick\u00e9ho sen\u00e1tu UPJ\u0160 LF - Lek\u00e1rska fakulta | UPJ\u0160\" \/>\n<meta property=\"og:description\" content=\"V\u00e1\u017een\u00e1 \u0161tudentsk\u00e1 \u010das\u0165 akademickej obce Univerzity Pavla Jozefa \u0160af\u00e1rika v Ko\u0161iciach, Lek\u00e1rskej fakulty Akademick\u00fd sen\u00e1t UPJ\u0160 LF na z\u00e1klade uznesenia \u010d. 121 zo&nbsp;17. septembra 2025 vyhlasuje pod\u013ea \u010dl. 14 Z\u00e1sad volieb do Akademick\u00e9ho sen\u00e1tu UPJ\u0160 LF dopl\u0148uj\u00face vo\u013eby piatich z\u00e1stupcov zo \u0161tudentov UPJ\u0160 LF do\u0160tudentskej \u010dasti Akademick\u00e9ho sen\u00e1tu UPJ\u0160 LF na de\u0148 8. okt\u00f3bra 2025 &hellip; \u010c\u00edta\u0165 \u010falej\" \/>\n<meta property=\"og:url\" content=\"https:\/\/www.upjs.sk\/lekarska-fakulta\/actuality\/vyhlasenie-doplnujucich-volieb-do-akademickeho-senatu-upjs-lf\/\" \/>\n<meta property=\"og:site_name\" content=\"Lek\u00e1rska fakulta | UPJ\u0160\" \/>\n<meta property=\"article:modified_time\" content=\"2025-09-19T13:38:48+00:00\" \/>\n<meta property=\"og:image\" content=\"https:\/\/www.upjs.sk\/app\/uploads\/sites\/9\/2023\/01\/volby-as-lf.jpg\" \/>\n\t<meta property=\"og:image:width\" content=\"450\" \/>\n\t<meta property=\"og:image:height\" content=\"310\" \/>\n\t<meta property=\"og:image:type\" content=\"image\/jpeg\" \/>\n<meta name=\"twitter:card\" content=\"summary_large_image\" \/>\n<meta name=\"twitter:label1\" content=\"Predpokladan\u00fd \u010das \u010d\u00edtania\" \/>\n\t<meta name=\"twitter:data1\" content=\"2 min\u00faty\" \/>\n<script type=\"application\/ld+json\" class=\"yoast-schema-graph\">{\"@context\":\"https:\\\/\\\/schema.org\",\"@graph\":[{\"@type\":\"WebPage\",\"@id\":\"https:\\\/\\\/www.upjs.sk\\\/lekarska-fakulta\\\/actuality\\\/vyhlasenie-doplnujucich-volieb-do-akademickeho-senatu-upjs-lf\\\/\",\"url\":\"https:\\\/\\\/www.upjs.sk\\\/lekarska-fakulta\\\/actuality\\\/vyhlasenie-doplnujucich-volieb-do-akademickeho-senatu-upjs-lf\\\/\",\"name\":\"Vyhl\u00e1senie dopl\u0148uj\u00facich volieb do Akademick\u00e9ho sen\u00e1tu UPJ\u0160 LF - Lek\u00e1rska fakulta | UPJ\u0160\",\"isPartOf\":{\"@id\":\"https:\\\/\\\/www.upjs.sk\\\/lekarska-fakulta\\\/#website\"},\"primaryImageOfPage\":{\"@id\":\"https:\\\/\\\/www.upjs.sk\\\/lekarska-fakulta\\\/actuality\\\/vyhlasenie-doplnujucich-volieb-do-akademickeho-senatu-upjs-lf\\\/#primaryimage\"},\"image\":{\"@id\":\"https:\\\/\\\/www.upjs.sk\\\/lekarska-fakulta\\\/actuality\\\/vyhlasenie-doplnujucich-volieb-do-akademickeho-senatu-upjs-lf\\\/#primaryimage\"},\"thumbnailUrl\":\"https:\\\/\\\/www.upjs.sk\\\/app\\\/uploads\\\/sites\\\/9\\\/2023\\\/01\\\/volby-as-lf.jpg\",\"datePublished\":\"2025-09-18T13:01:45+00:00\",\"dateModified\":\"2025-09-19T13:38:48+00:00\",\"breadcrumb\":{\"@id\":\"https:\\\/\\\/www.upjs.sk\\\/lekarska-fakulta\\\/actuality\\\/vyhlasenie-doplnujucich-volieb-do-akademickeho-senatu-upjs-lf\\\/#breadcrumb\"},\"inLanguage\":\"sk-SK\",\"potentialAction\":[{\"@type\":\"ReadAction\",\"target\":[\"https:\\\/\\\/www.upjs.sk\\\/lekarska-fakulta\\\/actuality\\\/vyhlasenie-doplnujucich-volieb-do-akademickeho-senatu-upjs-lf\\\/\"]}]},{\"@type\":\"ImageObject\",\"inLanguage\":\"sk-SK\",\"@id\":\"https:\\\/\\\/www.upjs.sk\\\/lekarska-fakulta\\\/actuality\\\/vyhlasenie-doplnujucich-volieb-do-akademickeho-senatu-upjs-lf\\\/#primaryimage\",\"url\":\"https:\\\/\\\/www.upjs.sk\\\/app\\\/uploads\\\/sites\\\/9\\\/2023\\\/01\\\/volby-as-lf.jpg\",\"contentUrl\":\"https:\\\/\\\/www.upjs.sk\\\/app\\\/uploads\\\/sites\\\/9\\\/2023\\\/01\\\/volby-as-lf.jpg\",\"width\":450,\"height\":310},{\"@type\":\"BreadcrumbList\",\"@id\":\"https:\\\/\\\/www.upjs.sk\\\/lekarska-fakulta\\\/actuality\\\/vyhlasenie-doplnujucich-volieb-do-akademickeho-senatu-upjs-lf\\\/#breadcrumb\",\"itemListElement\":[{\"@type\":\"ListItem\",\"position\":1,\"name\":\"Home\",\"item\":\"https:\\\/\\\/www.upjs.sk\\\/lekarska-fakulta\\\/\"},{\"@type\":\"ListItem\",\"position\":2,\"name\":\"Aktuality\",\"item\":\"https:\\\/\\\/www.upjs.sk\\\/lekarska-fakulta\\\/actuality\\\/\"},{\"@type\":\"ListItem\",\"position\":3,\"name\":\"Vyhl\u00e1senie dopl\u0148uj\u00facich volieb do Akademick\u00e9ho sen\u00e1tu UPJ\u0160 LF\"}]},{\"@type\":\"WebSite\",\"@id\":\"https:\\\/\\\/www.upjs.sk\\\/lekarska-fakulta\\\/#website\",\"url\":\"https:\\\/\\\/www.upjs.sk\\\/lekarska-fakulta\\\/\",\"name\":\"Lek\u00e1rska fakulta | UPJ\u0160\",\"description\":\"\",\"publisher\":{\"@id\":\"https:\\\/\\\/www.upjs.sk\\\/lekarska-fakulta\\\/#organization\"},\"potentialAction\":[{\"@type\":\"SearchAction\",\"target\":{\"@type\":\"EntryPoint\",\"urlTemplate\":\"https:\\\/\\\/www.upjs.sk\\\/lekarska-fakulta\\\/?s={search_term_string}\"},\"query-input\":{\"@type\":\"PropertyValueSpecification\",\"valueRequired\":true,\"valueName\":\"search_term_string\"}}],\"inLanguage\":\"sk-SK\"},{\"@type\":\"Organization\",\"@id\":\"https:\\\/\\\/www.upjs.sk\\\/lekarska-fakulta\\\/#organization\",\"name\":\"Lek\u00e1rska fakulta | UPJ\u0160\",\"url\":\"https:\\\/\\\/www.upjs.sk\\\/lekarska-fakulta\\\/\",\"logo\":{\"@type\":\"ImageObject\",\"inLanguage\":\"sk-SK\",\"@id\":\"https:\\\/\\\/www.upjs.sk\\\/lekarska-fakulta\\\/#\\\/schema\\\/logo\\\/image\\\/\",\"url\":\"https:\\\/\\\/www.upjs.sk\\\/app\\\/uploads\\\/sites\\\/9\\\/2022\\\/09\\\/logo-lekarska-fakulta.png\",\"contentUrl\":\"https:\\\/\\\/www.upjs.sk\\\/app\\\/uploads\\\/sites\\\/9\\\/2022\\\/09\\\/logo-lekarska-fakulta.png\",\"width\":415,\"height\":87,\"caption\":\"Lek\u00e1rska fakulta | UPJ\u0160\"},\"image\":{\"@id\":\"https:\\\/\\\/www.upjs.sk\\\/lekarska-fakulta\\\/#\\\/schema\\\/logo\\\/image\\\/\"}}]}<\/script>\n<!-- \/ Yoast SEO plugin. -->","yoast_head_json":{"title":"Vyhl\u00e1senie dopl\u0148uj\u00facich volieb do Akademick\u00e9ho sen\u00e1tu UPJ\u0160 LF - Lek\u00e1rska fakulta | UPJ\u0160","robots":{"index":"index","follow":"follow","max-snippet":"max-snippet:-1","max-image-preview":"max-image-preview:large","max-video-preview":"max-video-preview:-1"},"canonical":"https:\/\/www.upjs.sk\/lekarska-fakulta\/actuality\/vyhlasenie-doplnujucich-volieb-do-akademickeho-senatu-upjs-lf\/","og_locale":"sk_SK","og_type":"article","og_title":"Vyhl\u00e1senie dopl\u0148uj\u00facich volieb do Akademick\u00e9ho sen\u00e1tu UPJ\u0160 LF - Lek\u00e1rska fakulta | UPJ\u0160","og_description":"V\u00e1\u017een\u00e1 \u0161tudentsk\u00e1 \u010das\u0165 akademickej obce Univerzity Pavla Jozefa \u0160af\u00e1rika v Ko\u0161iciach, Lek\u00e1rskej fakulty Akademick\u00fd sen\u00e1t UPJ\u0160 LF na z\u00e1klade uznesenia \u010d. 121 zo&nbsp;17. septembra 2025 vyhlasuje pod\u013ea \u010dl. 14 Z\u00e1sad volieb do Akademick\u00e9ho sen\u00e1tu UPJ\u0160 LF dopl\u0148uj\u00face vo\u013eby piatich z\u00e1stupcov zo \u0161tudentov UPJ\u0160 LF do\u0160tudentskej \u010dasti Akademick\u00e9ho sen\u00e1tu UPJ\u0160 LF na de\u0148 8. okt\u00f3bra 2025 &hellip; \u010c\u00edta\u0165 \u010falej","og_url":"https:\/\/www.upjs.sk\/lekarska-fakulta\/actuality\/vyhlasenie-doplnujucich-volieb-do-akademickeho-senatu-upjs-lf\/","og_site_name":"Lek\u00e1rska fakulta | UPJ\u0160","article_modified_time":"2025-09-19T13:38:48+00:00","og_image":[{"width":450,"height":310,"url":"https:\/\/www.upjs.sk\/app\/uploads\/sites\/9\/2023\/01\/volby-as-lf.jpg","type":"image\/jpeg"}],"twitter_card":"summary_large_image","twitter_misc":{"Predpokladan\u00fd \u010das \u010d\u00edtania":"2 min\u00faty"},"schema":{"@context":"https:\/\/schema.org","@graph":[{"@type":"WebPage","@id":"https:\/\/www.upjs.sk\/lekarska-fakulta\/actuality\/vyhlasenie-doplnujucich-volieb-do-akademickeho-senatu-upjs-lf\/","url":"https:\/\/www.upjs.sk\/lekarska-fakulta\/actuality\/vyhlasenie-doplnujucich-volieb-do-akademickeho-senatu-upjs-lf\/","name":"Vyhl\u00e1senie dopl\u0148uj\u00facich volieb do Akademick\u00e9ho sen\u00e1tu UPJ\u0160 LF - Lek\u00e1rska fakulta | UPJ\u0160","isPartOf":{"@id":"https:\/\/www.upjs.sk\/lekarska-fakulta\/#website"},"primaryImageOfPage":{"@id":"https:\/\/www.upjs.sk\/lekarska-fakulta\/actuality\/vyhlasenie-doplnujucich-volieb-do-akademickeho-senatu-upjs-lf\/#primaryimage"},"image":{"@id":"https:\/\/www.upjs.sk\/lekarska-fakulta\/actuality\/vyhlasenie-doplnujucich-volieb-do-akademickeho-senatu-upjs-lf\/#primaryimage"},"thumbnailUrl":"https:\/\/www.upjs.sk\/app\/uploads\/sites\/9\/2023\/01\/volby-as-lf.jpg","datePublished":"2025-09-18T13:01:45+00:00","dateModified":"2025-09-19T13:38:48+00:00","breadcrumb":{"@id":"https:\/\/www.upjs.sk\/lekarska-fakulta\/actuality\/vyhlasenie-doplnujucich-volieb-do-akademickeho-senatu-upjs-lf\/#breadcrumb"},"inLanguage":"sk-SK","potentialAction":[{"@type":"ReadAction","target":["https:\/\/www.upjs.sk\/lekarska-fakulta\/actuality\/vyhlasenie-doplnujucich-volieb-do-akademickeho-senatu-upjs-lf\/"]}]},{"@type":"ImageObject","inLanguage":"sk-SK","@id":"https:\/\/www.upjs.sk\/lekarska-fakulta\/actuality\/vyhlasenie-doplnujucich-volieb-do-akademickeho-senatu-upjs-lf\/#primaryimage","url":"https:\/\/www.upjs.sk\/app\/uploads\/sites\/9\/2023\/01\/volby-as-lf.jpg","contentUrl":"https:\/\/www.upjs.sk\/app\/uploads\/sites\/9\/2023\/01\/volby-as-lf.jpg","width":450,"height":310},{"@type":"BreadcrumbList","@id":"https:\/\/www.upjs.sk\/lekarska-fakulta\/actuality\/vyhlasenie-doplnujucich-volieb-do-akademickeho-senatu-upjs-lf\/#breadcrumb","itemListElement":[{"@type":"ListItem","position":1,"name":"Home","item":"https:\/\/www.upjs.sk\/lekarska-fakulta\/"},{"@type":"ListItem","position":2,"name":"Aktuality","item":"https:\/\/www.upjs.sk\/lekarska-fakulta\/actuality\/"},{"@type":"ListItem","position":3,"name":"Vyhl\u00e1senie dopl\u0148uj\u00facich volieb do Akademick\u00e9ho sen\u00e1tu UPJ\u0160 LF"}]},{"@type":"WebSite","@id":"https:\/\/www.upjs.sk\/lekarska-fakulta\/#website","url":"https:\/\/www.upjs.sk\/lekarska-fakulta\/","name":"Lek\u00e1rska fakulta | UPJ\u0160","description":"","publisher":{"@id":"https:\/\/www.upjs.sk\/lekarska-fakulta\/#organization"},"potentialAction":[{"@type":"SearchAction","target":{"@type":"EntryPoint","urlTemplate":"https:\/\/www.upjs.sk\/lekarska-fakulta\/?s={search_term_string}"},"query-input":{"@type":"PropertyValueSpecification","valueRequired":true,"valueName":"search_term_string"}}],"inLanguage":"sk-SK"},{"@type":"Organization","@id":"https:\/\/www.upjs.sk\/lekarska-fakulta\/#organization","name":"Lek\u00e1rska fakulta | UPJ\u0160","url":"https:\/\/www.upjs.sk\/lekarska-fakulta\/","logo":{"@type":"ImageObject","inLanguage":"sk-SK","@id":"https:\/\/www.upjs.sk\/lekarska-fakulta\/#\/schema\/logo\/image\/","url":"https:\/\/www.upjs.sk\/app\/uploads\/sites\/9\/2022\/09\/logo-lekarska-fakulta.png","contentUrl":"https:\/\/www.upjs.sk\/app\/uploads\/sites\/9\/2022\/09\/logo-lekarska-fakulta.png","width":415,"height":87,"caption":"Lek\u00e1rska fakulta | UPJ\u0160"},"image":{"@id":"https:\/\/www.upjs.sk\/lekarska-fakulta\/#\/schema\/logo\/image\/"}}]}},"_links":{"self":[{"href":"https:\/\/www.upjs.sk\/lekarska-fakulta\/wp-json\/wp\/v2\/cpt_aktuality\/144545","targetHints":{"allow":["GET"]}}],"collection":[{"href":"https:\/\/www.upjs.sk\/lekarska-fakulta\/wp-json\/wp\/v2\/cpt_aktuality"}],"about":[{"href":"https:\/\/www.upjs.sk\/lekarska-fakulta\/wp-json\/wp\/v2\/types\/cpt_aktuality"}],"author":[{"embeddable":true,"href":"https:\/\/www.upjs.sk\/lekarska-fakulta\/wp-json\/wp\/v2\/users\/31"}],"version-history":[{"count":1,"href":"https:\/\/www.upjs.sk\/lekarska-fakulta\/wp-json\/wp\/v2\/cpt_aktuality\/144545\/revisions"}],"predecessor-version":[{"id":144547,"href":"https:\/\/www.upjs.sk\/lekarska-fakulta\/wp-json\/wp\/v2\/cpt_aktuality\/144545\/revisions\/144547"}],"wp:featuredmedia":[{"embeddable":true,"href":"https:\/\/www.upjs.sk\/lekarska-fakulta\/wp-json\/wp\/v2\/media\/73530"}],"wp:attachment":[{"href":"https:\/\/www.upjs.sk\/lekarska-fakulta\/wp-json\/wp\/v2\/media?parent=144545"}],"wp:term":[{"taxonomy":"category","embeddable":true,"href":"https:\/\/www.upjs.sk\/lekarska-fakulta\/wp-json\/wp\/v2\/categories?post=144545"},{"taxonomy":"post_tag","embeddable":true,"href":"https:\/\/www.upjs.sk\/lekarska-fakulta\/wp-json\/wp\/v2\/tags?post=144545"},{"taxonomy":"tax_aktuality","embeddable":true,"href":"https:\/\/www.upjs.sk\/lekarska-fakulta\/wp-json\/wp\/v2\/tax_aktuality?post=144545"}],"curies":[{"name":"wp","href":"https:\/\/api.w.org\/{rel}","templated":true}]}}