{"id":148748,"date":"2025-11-26T07:22:44","date_gmt":"2025-11-26T06:22:44","guid":{"rendered":"https:\/\/www.upjs.sk\/lekarska-fakulta\/?post_type=cpt_aktuality&#038;p=148748"},"modified":"2025-11-26T07:29:24","modified_gmt":"2025-11-26T06:29:24","slug":"v-celoslovenskej-ankete-moj-lekar-moja-sestra-sa-stali-laureatkami-ocenenia-moj-lekar-dve-nase-vynimocne-odbornicky","status":"publish","type":"cpt_aktuality","link":"https:\/\/www.upjs.sk\/lekarska-fakulta\/actuality\/v-celoslovenskej-ankete-moj-lekar-moja-sestra-sa-stali-laureatkami-ocenenia-moj-lekar-dve-nase-vynimocne-odbornicky\/","title":{"rendered":"Dve na\u0161e v\u00fdnimo\u010dn\u00e9 odborn\u00ed\u010dky sa stali laure\u00e1tkami ocenenia M\u00d4J LEK\u00c1R"},"content":{"rendered":"<style>.wp-block-kadence-advancedheading.kt-adv-heading148748_59f80f-86, .wp-block-kadence-advancedheading.kt-adv-heading148748_59f80f-86[data-kb-block=\"kb-adv-heading148748_59f80f-86\"]{font-style:normal;}.wp-block-kadence-advancedheading.kt-adv-heading148748_59f80f-86 mark.kt-highlight, .wp-block-kadence-advancedheading.kt-adv-heading148748_59f80f-86[data-kb-block=\"kb-adv-heading148748_59f80f-86\"] mark.kt-highlight{font-style:normal;color:#f76a0c;-webkit-box-decoration-break:clone;box-decoration-break:clone;padding-top:0px;padding-right:0px;padding-bottom:0px;padding-left:0px;}<\/style>\n<p class=\"kt-adv-heading148748_59f80f-86 wp-block-kadence-advancedheading\" data-kb-block=\"kb-adv-heading148748_59f80f-86\">V celoslovenskej ankete <strong>AOPP M\u00d4J LEK\u00c1R, MOJA SESTRA<\/strong> sa stali laure\u00e1tkami ocenenia <strong>M\u00f4j lek\u00e1r<\/strong> dve na\u0161e v\u00fdnimo\u010dn\u00e9 odborn\u00ed\u010dky \u2013 <strong>prof. doc. PhDr. Magdal\u00e9na Hagovsk\u00e1, PhD., Cert. MDT, MPH<\/strong> a <strong>doc. MUDr. Sylvia Dra\u017eilov\u00e1, PhD.<\/strong>, ktor\u00e9 pacienti ocenili za ich odbornos\u0165, empatiu a dlhoro\u010dn\u00fa starostlivos\u0165.<\/p>\n\n\n<style>.wp-block-kadence-advancedheading.kt-adv-heading148748_288553-54, .wp-block-kadence-advancedheading.kt-adv-heading148748_288553-54[data-kb-block=\"kb-adv-heading148748_288553-54\"]{font-style:normal;}.wp-block-kadence-advancedheading.kt-adv-heading148748_288553-54 mark.kt-highlight, .wp-block-kadence-advancedheading.kt-adv-heading148748_288553-54[data-kb-block=\"kb-adv-heading148748_288553-54\"] mark.kt-highlight{font-style:normal;color:#f76a0c;-webkit-box-decoration-break:clone;box-decoration-break:clone;padding-top:0px;padding-right:0px;padding-bottom:0px;padding-left:0px;}<\/style>\n<p class=\"kt-adv-heading148748_288553-54 wp-block-kadence-advancedheading\" data-kb-block=\"kb-adv-heading148748_288553-54\"><strong>Prof. doc. PhDr. Magdal\u00e9na Hagovsk\u00e1, PhD., Cert.MDT, MPH<\/strong> je \u0161pi\u010dkovou odborn\u00ed\u010dkou v oblasti diagnostiky a terapie por\u00fach panvov\u00e9ho dna a inkontinencie. Dlhodobo sa venuje v\u00fdskumu aj v\u00fdu\u010dbe fyzioterapeutov, pri\u010dom na Slovensku garantuje jedin\u00fd akreditovan\u00fd kurz zameran\u00fd na t\u00fato problematiku. Aj v\u010faka nej u\u017e viac ako 70 fyzioterapeutov pom\u00e1ha pacientom \u00fa\u010dinne rie\u0161i\u0165 tieto \u010dast\u00e9 a stigmatizovan\u00e9 \u0165a\u017ekosti. P\u00f4sob\u00ed na Lek\u00e1rskej fakulte UPJ\u0160 v Ko\u0161iciach aj v praxi, kde sa venuje individu\u00e1lnej fyzioterapii pacientov. Jej odbornos\u0165, \u013eudsk\u00fd pr\u00edstup a dlhoro\u010dn\u00e1 pr\u00e1ca v prospech pacientov a odbornej verejnosti si zasl\u00fa\u017eia \u00factu aj ocenenie. <\/p>\n\n\n<style>.wp-block-kadence-advancedheading.kt-adv-heading148748_64efa2-50, .wp-block-kadence-advancedheading.kt-adv-heading148748_64efa2-50[data-kb-block=\"kb-adv-heading148748_64efa2-50\"]{font-style:normal;}.wp-block-kadence-advancedheading.kt-adv-heading148748_64efa2-50 mark.kt-highlight, .wp-block-kadence-advancedheading.kt-adv-heading148748_64efa2-50[data-kb-block=\"kb-adv-heading148748_64efa2-50\"] mark.kt-highlight{font-style:normal;color:#f76a0c;-webkit-box-decoration-break:clone;box-decoration-break:clone;padding-top:0px;padding-right:0px;padding-bottom:0px;padding-left:0px;}<\/style>\n<p class=\"kt-adv-heading148748_64efa2-50 wp-block-kadence-advancedheading\" data-kb-block=\"kb-adv-heading148748_64efa2-50\"><strong>Doc. MUDr. Sylvia Dra\u017eilov\u00e1, PhD.<\/strong> je popredn\u00e1 slovensk\u00e1 hepatologi\u010dka, ktor\u00e1 sa venuje pacientom s ochoreniami pe\u010dene na II. internej klinike UNLP a UPJ\u0160 v Ko\u0161iciach. Zaviedla viacer\u00e9 inovat\u00edvne diagnostick\u00e9 a terapeutick\u00e9 postupy, pri\u010dom d\u00f4raz kladie na individu\u00e1lny a medziodborov\u00fd pr\u00edstup. Ako prezidentka Slovenskej hepatologickej spolo\u010dnosti organizuje odborn\u00e9 aj eduka\u010dn\u00e9 podujatia, publikuje vedeck\u00e9 i pacientsky zrozumite\u013en\u00e9 pr\u00edspevky a spolupracuje na skr\u00edningov\u00fdch a v\u00fdskumn\u00fdch projektoch. Je zn\u00e1ma svoj\u00edm empatick\u00fdm pr\u00edstupom k pacientom a akt\u00edvne sa podie\u013ea na \u010dinnosti OZ \u0160anca pre pe\u010de\u0148. Svojou pr\u00e1cou, odbornos\u0165ou a \u013eudskos\u0165ou v\u00fdrazne prispieva k zlep\u0161eniu starostlivosti o pacientov na Slovensku.<\/p>\n\n\n<style>.wp-block-kadence-advancedheading.kt-adv-heading148748_a8c6cc-25, .wp-block-kadence-advancedheading.kt-adv-heading148748_a8c6cc-25[data-kb-block=\"kb-adv-heading148748_a8c6cc-25\"]{font-style:normal;}.wp-block-kadence-advancedheading.kt-adv-heading148748_a8c6cc-25 mark.kt-highlight, .wp-block-kadence-advancedheading.kt-adv-heading148748_a8c6cc-25[data-kb-block=\"kb-adv-heading148748_a8c6cc-25\"] mark.kt-highlight{font-style:normal;color:#f76a0c;-webkit-box-decoration-break:clone;box-decoration-break:clone;padding-top:0px;padding-right:0px;padding-bottom:0px;padding-left:0px;}<\/style>\n<p class=\"kt-adv-heading148748_a8c6cc-25 wp-block-kadence-advancedheading\" data-kb-block=\"kb-adv-heading148748_a8c6cc-25\">\u010eakujeme obom laure\u00e1tkam za ich mimoriadnu pr\u00e1cu a gratulujeme k zasl\u00fa\u017een\u00e9mu oceneniu! <\/p>\n\n\n<style>.wp-block-kadence-advancedheading.kt-adv-heading148748_b77d73-f1, .wp-block-kadence-advancedheading.kt-adv-heading148748_b77d73-f1[data-kb-block=\"kb-adv-heading148748_b77d73-f1\"]{font-style:normal;}.wp-block-kadence-advancedheading.kt-adv-heading148748_b77d73-f1 mark.kt-highlight, .wp-block-kadence-advancedheading.kt-adv-heading148748_b77d73-f1[data-kb-block=\"kb-adv-heading148748_b77d73-f1\"] mark.kt-highlight{font-style:normal;color:#f76a0c;-webkit-box-decoration-break:clone;box-decoration-break:clone;padding-top:0px;padding-right:0px;padding-bottom:0px;padding-left:0px;}<\/style>\n<p class=\"kt-adv-heading148748_b77d73-f1 wp-block-kadence-advancedheading\" data-kb-block=\"kb-adv-heading148748_b77d73-f1\">zdroj: <a href=\"https:\/\/aopp.sk\/ocenenie-moj-lekar-moja-sestra-2025#\">https:\/\/aopp.sk\/ocenenie-moj-lekar-moja-sestra-2025#<\/a><\/p>\n\n\n<style>.wp-block-kadence-advancedheading.kt-adv-heading148748_e66861-09, .wp-block-kadence-advancedheading.kt-adv-heading148748_e66861-09[data-kb-block=\"kb-adv-heading148748_e66861-09\"]{font-style:normal;}.wp-block-kadence-advancedheading.kt-adv-heading148748_e66861-09 mark.kt-highlight, .wp-block-kadence-advancedheading.kt-adv-heading148748_e66861-09[data-kb-block=\"kb-adv-heading148748_e66861-09\"] mark.kt-highlight{font-style:normal;color:#f76a0c;-webkit-box-decoration-break:clone;box-decoration-break:clone;padding-top:0px;padding-right:0px;padding-bottom:0px;padding-left:0px;}<\/style>\n<p class=\"kt-adv-heading148748_e66861-09 wp-block-kadence-advancedheading\" data-kb-block=\"kb-adv-heading148748_e66861-09\"><\/p>\n\n\n<style>.wp-block-kadence-advancedheading.kt-adv-heading148748_fa7c86-e0, .wp-block-kadence-advancedheading.kt-adv-heading148748_fa7c86-e0[data-kb-block=\"kb-adv-heading148748_fa7c86-e0\"]{font-style:normal;}.wp-block-kadence-advancedheading.kt-adv-heading148748_fa7c86-e0 mark.kt-highlight, .wp-block-kadence-advancedheading.kt-adv-heading148748_fa7c86-e0[data-kb-block=\"kb-adv-heading148748_fa7c86-e0\"] mark.kt-highlight{font-style:normal;color:#f76a0c;-webkit-box-decoration-break:clone;box-decoration-break:clone;padding-top:0px;padding-right:0px;padding-bottom:0px;padding-left:0px;}<\/style>\n<p class=\"kt-adv-heading148748_fa7c86-e0 wp-block-kadence-advancedheading\" data-kb-block=\"kb-adv-heading148748_fa7c86-e0\"><\/p>\n\n\n\n<figure class=\"wp-block-image aligncenter size-large is-resized\"><img loading=\"lazy\" decoding=\"async\" width=\"1024\" height=\"577\" src=\"https:\/\/www.upjs.sk\/app\/uploads\/sites\/9\/2025\/11\/Snimka-obrazovky-2025-11-26-072158-1-1024x577.jpg\" alt=\"\" class=\"wp-image-148752\" style=\"width:780px;height:auto\" srcset=\"https:\/\/www.upjs.sk\/app\/uploads\/sites\/9\/2025\/11\/Snimka-obrazovky-2025-11-26-072158-1-1024x577.jpg 1024w, https:\/\/www.upjs.sk\/app\/uploads\/sites\/9\/2025\/11\/Snimka-obrazovky-2025-11-26-072158-1-300x169.jpg 300w, https:\/\/www.upjs.sk\/app\/uploads\/sites\/9\/2025\/11\/Snimka-obrazovky-2025-11-26-072158-1-768x433.jpg 768w, https:\/\/www.upjs.sk\/app\/uploads\/sites\/9\/2025\/11\/Snimka-obrazovky-2025-11-26-072158-1-1536x865.jpg 1536w, https:\/\/www.upjs.sk\/app\/uploads\/sites\/9\/2025\/11\/Snimka-obrazovky-2025-11-26-072158-1.jpg 1653w\" sizes=\"auto, (max-width: 1024px) 100vw, 1024px\" \/><\/figure>\n","protected":false},"excerpt":{"rendered":"<p>V celoslovenskej ankete AOPP M\u00d4J LEK\u00c1R, MOJA SESTRA sa stali laure\u00e1tkami ocenenia M\u00f4j lek\u00e1r dve na\u0161e v\u00fdnimo\u010dn\u00e9 odborn\u00ed\u010dky \u2013 prof. doc. PhDr. Magdal\u00e9na Hagovsk\u00e1, PhD., Cert. MDT, MPH a doc. MUDr. Sylvia Dra\u017eilov\u00e1, PhD., ktor\u00e9 pacienti ocenili za ich odbornos\u0165, empatiu a dlhoro\u010dn\u00fa starostlivos\u0165. Prof. doc. PhDr. Magdal\u00e9na Hagovsk\u00e1, PhD., Cert.MDT, MPH je \u0161pi\u010dkovou odborn\u00ed\u010dkou &hellip; <a href=\"https:\/\/www.upjs.sk\/lekarska-fakulta\/actuality\/v-celoslovenskej-ankete-moj-lekar-moja-sestra-sa-stali-laureatkami-ocenenia-moj-lekar-dve-nase-vynimocne-odbornicky\/\">\u010c\u00edta\u0165 \u010falej<\/a><\/p>\n","protected":false},"author":97,"featured_media":148749,"template":"","meta":{"_acf_changed":false,"_editorskit_title_hidden":false,"_editorskit_reading_time":0,"_editorskit_is_block_options_detached":false,"_editorskit_block_options_position":"{}","footnotes":""},"categories":[],"tags":[],"tax_aktuality":[],"class_list":["post-148748","cpt_aktuality","type-cpt_aktuality","status-publish","has-post-thumbnail","hentry"],"acf":{"acf_link_na_externy_obsah":"","poradie_clanku":""},"yoast_head":"<!-- This site is optimized with the Yoast SEO plugin v27.4 - https:\/\/yoast.com\/product\/yoast-seo-wordpress\/ -->\n<title>Dve na\u0161e v\u00fdnimo\u010dn\u00e9 odborn\u00ed\u010dky sa stali laure\u00e1tkami ocenenia M\u00d4J LEK\u00c1R - Lek\u00e1rska fakulta | UPJ\u0160<\/title>\n<meta name=\"robots\" content=\"index, follow, max-snippet:-1, max-image-preview:large, max-video-preview:-1\" \/>\n<link rel=\"canonical\" href=\"https:\/\/www.upjs.sk\/lekarska-fakulta\/actuality\/v-celoslovenskej-ankete-moj-lekar-moja-sestra-sa-stali-laureatkami-ocenenia-moj-lekar-dve-nase-vynimocne-odbornicky\/\" \/>\n<meta property=\"og:locale\" content=\"sk_SK\" \/>\n<meta property=\"og:type\" content=\"article\" \/>\n<meta property=\"og:title\" content=\"Dve na\u0161e v\u00fdnimo\u010dn\u00e9 odborn\u00ed\u010dky sa stali laure\u00e1tkami ocenenia M\u00d4J LEK\u00c1R - Lek\u00e1rska fakulta | UPJ\u0160\" \/>\n<meta property=\"og:description\" content=\"V celoslovenskej ankete AOPP M\u00d4J LEK\u00c1R, MOJA SESTRA sa stali laure\u00e1tkami ocenenia M\u00f4j lek\u00e1r dve na\u0161e v\u00fdnimo\u010dn\u00e9 odborn\u00ed\u010dky \u2013 prof. doc. PhDr. Magdal\u00e9na Hagovsk\u00e1, PhD., Cert. MDT, MPH a doc. MUDr. Sylvia Dra\u017eilov\u00e1, PhD., ktor\u00e9 pacienti ocenili za ich odbornos\u0165, empatiu a dlhoro\u010dn\u00fa starostlivos\u0165. Prof. doc. PhDr. Magdal\u00e9na Hagovsk\u00e1, PhD., Cert.MDT, MPH je \u0161pi\u010dkovou odborn\u00ed\u010dkou &hellip; \u010c\u00edta\u0165 \u010falej\" \/>\n<meta property=\"og:url\" content=\"https:\/\/www.upjs.sk\/lekarska-fakulta\/actuality\/v-celoslovenskej-ankete-moj-lekar-moja-sestra-sa-stali-laureatkami-ocenenia-moj-lekar-dve-nase-vynimocne-odbornicky\/\" \/>\n<meta property=\"og:site_name\" content=\"Lek\u00e1rska fakulta | UPJ\u0160\" \/>\n<meta property=\"article:modified_time\" content=\"2025-11-26T06:29:24+00:00\" \/>\n<meta property=\"og:image\" content=\"https:\/\/www.upjs.sk\/app\/uploads\/sites\/9\/2025\/11\/Snimka-obrazovky-2025-11-26-072158.jpg\" \/>\n\t<meta property=\"og:image:width\" content=\"1653\" \/>\n\t<meta property=\"og:image:height\" content=\"931\" \/>\n\t<meta property=\"og:image:type\" content=\"image\/jpeg\" \/>\n<meta name=\"twitter:card\" content=\"summary_large_image\" \/>\n<meta name=\"twitter:label1\" content=\"Predpokladan\u00fd \u010das \u010d\u00edtania\" \/>\n\t<meta name=\"twitter:data1\" content=\"2 min\u00faty\" \/>\n<script type=\"application\/ld+json\" class=\"yoast-schema-graph\">{\"@context\":\"https:\\\/\\\/schema.org\",\"@graph\":[{\"@type\":\"WebPage\",\"@id\":\"https:\\\/\\\/www.upjs.sk\\\/lekarska-fakulta\\\/actuality\\\/v-celoslovenskej-ankete-moj-lekar-moja-sestra-sa-stali-laureatkami-ocenenia-moj-lekar-dve-nase-vynimocne-odbornicky\\\/\",\"url\":\"https:\\\/\\\/www.upjs.sk\\\/lekarska-fakulta\\\/actuality\\\/v-celoslovenskej-ankete-moj-lekar-moja-sestra-sa-stali-laureatkami-ocenenia-moj-lekar-dve-nase-vynimocne-odbornicky\\\/\",\"name\":\"Dve na\u0161e v\u00fdnimo\u010dn\u00e9 odborn\u00ed\u010dky sa stali laure\u00e1tkami ocenenia M\u00d4J LEK\u00c1R - Lek\u00e1rska fakulta | UPJ\u0160\",\"isPartOf\":{\"@id\":\"https:\\\/\\\/www.upjs.sk\\\/lekarska-fakulta\\\/#website\"},\"primaryImageOfPage\":{\"@id\":\"https:\\\/\\\/www.upjs.sk\\\/lekarska-fakulta\\\/actuality\\\/v-celoslovenskej-ankete-moj-lekar-moja-sestra-sa-stali-laureatkami-ocenenia-moj-lekar-dve-nase-vynimocne-odbornicky\\\/#primaryimage\"},\"image\":{\"@id\":\"https:\\\/\\\/www.upjs.sk\\\/lekarska-fakulta\\\/actuality\\\/v-celoslovenskej-ankete-moj-lekar-moja-sestra-sa-stali-laureatkami-ocenenia-moj-lekar-dve-nase-vynimocne-odbornicky\\\/#primaryimage\"},\"thumbnailUrl\":\"https:\\\/\\\/www.upjs.sk\\\/app\\\/uploads\\\/sites\\\/9\\\/2025\\\/11\\\/Snimka-obrazovky-2025-11-26-072158.jpg\",\"datePublished\":\"2025-11-26T06:22:44+00:00\",\"dateModified\":\"2025-11-26T06:29:24+00:00\",\"breadcrumb\":{\"@id\":\"https:\\\/\\\/www.upjs.sk\\\/lekarska-fakulta\\\/actuality\\\/v-celoslovenskej-ankete-moj-lekar-moja-sestra-sa-stali-laureatkami-ocenenia-moj-lekar-dve-nase-vynimocne-odbornicky\\\/#breadcrumb\"},\"inLanguage\":\"sk-SK\",\"potentialAction\":[{\"@type\":\"ReadAction\",\"target\":[\"https:\\\/\\\/www.upjs.sk\\\/lekarska-fakulta\\\/actuality\\\/v-celoslovenskej-ankete-moj-lekar-moja-sestra-sa-stali-laureatkami-ocenenia-moj-lekar-dve-nase-vynimocne-odbornicky\\\/\"]}]},{\"@type\":\"ImageObject\",\"inLanguage\":\"sk-SK\",\"@id\":\"https:\\\/\\\/www.upjs.sk\\\/lekarska-fakulta\\\/actuality\\\/v-celoslovenskej-ankete-moj-lekar-moja-sestra-sa-stali-laureatkami-ocenenia-moj-lekar-dve-nase-vynimocne-odbornicky\\\/#primaryimage\",\"url\":\"https:\\\/\\\/www.upjs.sk\\\/app\\\/uploads\\\/sites\\\/9\\\/2025\\\/11\\\/Snimka-obrazovky-2025-11-26-072158.jpg\",\"contentUrl\":\"https:\\\/\\\/www.upjs.sk\\\/app\\\/uploads\\\/sites\\\/9\\\/2025\\\/11\\\/Snimka-obrazovky-2025-11-26-072158.jpg\",\"width\":1653,\"height\":931},{\"@type\":\"BreadcrumbList\",\"@id\":\"https:\\\/\\\/www.upjs.sk\\\/lekarska-fakulta\\\/actuality\\\/v-celoslovenskej-ankete-moj-lekar-moja-sestra-sa-stali-laureatkami-ocenenia-moj-lekar-dve-nase-vynimocne-odbornicky\\\/#breadcrumb\",\"itemListElement\":[{\"@type\":\"ListItem\",\"position\":1,\"name\":\"Home\",\"item\":\"https:\\\/\\\/www.upjs.sk\\\/lekarska-fakulta\\\/\"},{\"@type\":\"ListItem\",\"position\":2,\"name\":\"Aktuality\",\"item\":\"https:\\\/\\\/www.upjs.sk\\\/lekarska-fakulta\\\/actuality\\\/\"},{\"@type\":\"ListItem\",\"position\":3,\"name\":\"Dve na\u0161e v\u00fdnimo\u010dn\u00e9 odborn\u00ed\u010dky sa stali laure\u00e1tkami ocenenia M\u00d4J LEK\u00c1R\"}]},{\"@type\":\"WebSite\",\"@id\":\"https:\\\/\\\/www.upjs.sk\\\/lekarska-fakulta\\\/#website\",\"url\":\"https:\\\/\\\/www.upjs.sk\\\/lekarska-fakulta\\\/\",\"name\":\"Lek\u00e1rska fakulta | UPJ\u0160\",\"description\":\"\",\"publisher\":{\"@id\":\"https:\\\/\\\/www.upjs.sk\\\/lekarska-fakulta\\\/#organization\"},\"potentialAction\":[{\"@type\":\"SearchAction\",\"target\":{\"@type\":\"EntryPoint\",\"urlTemplate\":\"https:\\\/\\\/www.upjs.sk\\\/lekarska-fakulta\\\/?s={search_term_string}\"},\"query-input\":{\"@type\":\"PropertyValueSpecification\",\"valueRequired\":true,\"valueName\":\"search_term_string\"}}],\"inLanguage\":\"sk-SK\"},{\"@type\":\"Organization\",\"@id\":\"https:\\\/\\\/www.upjs.sk\\\/lekarska-fakulta\\\/#organization\",\"name\":\"Lek\u00e1rska fakulta | UPJ\u0160\",\"url\":\"https:\\\/\\\/www.upjs.sk\\\/lekarska-fakulta\\\/\",\"logo\":{\"@type\":\"ImageObject\",\"inLanguage\":\"sk-SK\",\"@id\":\"https:\\\/\\\/www.upjs.sk\\\/lekarska-fakulta\\\/#\\\/schema\\\/logo\\\/image\\\/\",\"url\":\"https:\\\/\\\/www.upjs.sk\\\/app\\\/uploads\\\/sites\\\/9\\\/2022\\\/09\\\/logo-lekarska-fakulta.png\",\"contentUrl\":\"https:\\\/\\\/www.upjs.sk\\\/app\\\/uploads\\\/sites\\\/9\\\/2022\\\/09\\\/logo-lekarska-fakulta.png\",\"width\":415,\"height\":87,\"caption\":\"Lek\u00e1rska fakulta | UPJ\u0160\"},\"image\":{\"@id\":\"https:\\\/\\\/www.upjs.sk\\\/lekarska-fakulta\\\/#\\\/schema\\\/logo\\\/image\\\/\"}}]}<\/script>\n<!-- \/ Yoast SEO plugin. -->","yoast_head_json":{"title":"Dve na\u0161e v\u00fdnimo\u010dn\u00e9 odborn\u00ed\u010dky sa stali laure\u00e1tkami ocenenia M\u00d4J LEK\u00c1R - Lek\u00e1rska fakulta | UPJ\u0160","robots":{"index":"index","follow":"follow","max-snippet":"max-snippet:-1","max-image-preview":"max-image-preview:large","max-video-preview":"max-video-preview:-1"},"canonical":"https:\/\/www.upjs.sk\/lekarska-fakulta\/actuality\/v-celoslovenskej-ankete-moj-lekar-moja-sestra-sa-stali-laureatkami-ocenenia-moj-lekar-dve-nase-vynimocne-odbornicky\/","og_locale":"sk_SK","og_type":"article","og_title":"Dve na\u0161e v\u00fdnimo\u010dn\u00e9 odborn\u00ed\u010dky sa stali laure\u00e1tkami ocenenia M\u00d4J LEK\u00c1R - Lek\u00e1rska fakulta | UPJ\u0160","og_description":"V celoslovenskej ankete AOPP M\u00d4J LEK\u00c1R, MOJA SESTRA sa stali laure\u00e1tkami ocenenia M\u00f4j lek\u00e1r dve na\u0161e v\u00fdnimo\u010dn\u00e9 odborn\u00ed\u010dky \u2013 prof. doc. PhDr. Magdal\u00e9na Hagovsk\u00e1, PhD., Cert. MDT, MPH a doc. MUDr. Sylvia Dra\u017eilov\u00e1, PhD., ktor\u00e9 pacienti ocenili za ich odbornos\u0165, empatiu a dlhoro\u010dn\u00fa starostlivos\u0165. Prof. doc. PhDr. Magdal\u00e9na Hagovsk\u00e1, PhD., Cert.MDT, MPH je \u0161pi\u010dkovou odborn\u00ed\u010dkou &hellip; \u010c\u00edta\u0165 \u010falej","og_url":"https:\/\/www.upjs.sk\/lekarska-fakulta\/actuality\/v-celoslovenskej-ankete-moj-lekar-moja-sestra-sa-stali-laureatkami-ocenenia-moj-lekar-dve-nase-vynimocne-odbornicky\/","og_site_name":"Lek\u00e1rska fakulta | UPJ\u0160","article_modified_time":"2025-11-26T06:29:24+00:00","og_image":[{"width":1653,"height":931,"url":"https:\/\/www.upjs.sk\/app\/uploads\/sites\/9\/2025\/11\/Snimka-obrazovky-2025-11-26-072158.jpg","type":"image\/jpeg"}],"twitter_card":"summary_large_image","twitter_misc":{"Predpokladan\u00fd \u010das \u010d\u00edtania":"2 min\u00faty"},"schema":{"@context":"https:\/\/schema.org","@graph":[{"@type":"WebPage","@id":"https:\/\/www.upjs.sk\/lekarska-fakulta\/actuality\/v-celoslovenskej-ankete-moj-lekar-moja-sestra-sa-stali-laureatkami-ocenenia-moj-lekar-dve-nase-vynimocne-odbornicky\/","url":"https:\/\/www.upjs.sk\/lekarska-fakulta\/actuality\/v-celoslovenskej-ankete-moj-lekar-moja-sestra-sa-stali-laureatkami-ocenenia-moj-lekar-dve-nase-vynimocne-odbornicky\/","name":"Dve na\u0161e v\u00fdnimo\u010dn\u00e9 odborn\u00ed\u010dky sa stali laure\u00e1tkami ocenenia M\u00d4J LEK\u00c1R - Lek\u00e1rska fakulta | UPJ\u0160","isPartOf":{"@id":"https:\/\/www.upjs.sk\/lekarska-fakulta\/#website"},"primaryImageOfPage":{"@id":"https:\/\/www.upjs.sk\/lekarska-fakulta\/actuality\/v-celoslovenskej-ankete-moj-lekar-moja-sestra-sa-stali-laureatkami-ocenenia-moj-lekar-dve-nase-vynimocne-odbornicky\/#primaryimage"},"image":{"@id":"https:\/\/www.upjs.sk\/lekarska-fakulta\/actuality\/v-celoslovenskej-ankete-moj-lekar-moja-sestra-sa-stali-laureatkami-ocenenia-moj-lekar-dve-nase-vynimocne-odbornicky\/#primaryimage"},"thumbnailUrl":"https:\/\/www.upjs.sk\/app\/uploads\/sites\/9\/2025\/11\/Snimka-obrazovky-2025-11-26-072158.jpg","datePublished":"2025-11-26T06:22:44+00:00","dateModified":"2025-11-26T06:29:24+00:00","breadcrumb":{"@id":"https:\/\/www.upjs.sk\/lekarska-fakulta\/actuality\/v-celoslovenskej-ankete-moj-lekar-moja-sestra-sa-stali-laureatkami-ocenenia-moj-lekar-dve-nase-vynimocne-odbornicky\/#breadcrumb"},"inLanguage":"sk-SK","potentialAction":[{"@type":"ReadAction","target":["https:\/\/www.upjs.sk\/lekarska-fakulta\/actuality\/v-celoslovenskej-ankete-moj-lekar-moja-sestra-sa-stali-laureatkami-ocenenia-moj-lekar-dve-nase-vynimocne-odbornicky\/"]}]},{"@type":"ImageObject","inLanguage":"sk-SK","@id":"https:\/\/www.upjs.sk\/lekarska-fakulta\/actuality\/v-celoslovenskej-ankete-moj-lekar-moja-sestra-sa-stali-laureatkami-ocenenia-moj-lekar-dve-nase-vynimocne-odbornicky\/#primaryimage","url":"https:\/\/www.upjs.sk\/app\/uploads\/sites\/9\/2025\/11\/Snimka-obrazovky-2025-11-26-072158.jpg","contentUrl":"https:\/\/www.upjs.sk\/app\/uploads\/sites\/9\/2025\/11\/Snimka-obrazovky-2025-11-26-072158.jpg","width":1653,"height":931},{"@type":"BreadcrumbList","@id":"https:\/\/www.upjs.sk\/lekarska-fakulta\/actuality\/v-celoslovenskej-ankete-moj-lekar-moja-sestra-sa-stali-laureatkami-ocenenia-moj-lekar-dve-nase-vynimocne-odbornicky\/#breadcrumb","itemListElement":[{"@type":"ListItem","position":1,"name":"Home","item":"https:\/\/www.upjs.sk\/lekarska-fakulta\/"},{"@type":"ListItem","position":2,"name":"Aktuality","item":"https:\/\/www.upjs.sk\/lekarska-fakulta\/actuality\/"},{"@type":"ListItem","position":3,"name":"Dve na\u0161e v\u00fdnimo\u010dn\u00e9 odborn\u00ed\u010dky sa stali laure\u00e1tkami ocenenia M\u00d4J LEK\u00c1R"}]},{"@type":"WebSite","@id":"https:\/\/www.upjs.sk\/lekarska-fakulta\/#website","url":"https:\/\/www.upjs.sk\/lekarska-fakulta\/","name":"Lek\u00e1rska fakulta | UPJ\u0160","description":"","publisher":{"@id":"https:\/\/www.upjs.sk\/lekarska-fakulta\/#organization"},"potentialAction":[{"@type":"SearchAction","target":{"@type":"EntryPoint","urlTemplate":"https:\/\/www.upjs.sk\/lekarska-fakulta\/?s={search_term_string}"},"query-input":{"@type":"PropertyValueSpecification","valueRequired":true,"valueName":"search_term_string"}}],"inLanguage":"sk-SK"},{"@type":"Organization","@id":"https:\/\/www.upjs.sk\/lekarska-fakulta\/#organization","name":"Lek\u00e1rska fakulta | UPJ\u0160","url":"https:\/\/www.upjs.sk\/lekarska-fakulta\/","logo":{"@type":"ImageObject","inLanguage":"sk-SK","@id":"https:\/\/www.upjs.sk\/lekarska-fakulta\/#\/schema\/logo\/image\/","url":"https:\/\/www.upjs.sk\/app\/uploads\/sites\/9\/2022\/09\/logo-lekarska-fakulta.png","contentUrl":"https:\/\/www.upjs.sk\/app\/uploads\/sites\/9\/2022\/09\/logo-lekarska-fakulta.png","width":415,"height":87,"caption":"Lek\u00e1rska fakulta | UPJ\u0160"},"image":{"@id":"https:\/\/www.upjs.sk\/lekarska-fakulta\/#\/schema\/logo\/image\/"}}]}},"_links":{"self":[{"href":"https:\/\/www.upjs.sk\/lekarska-fakulta\/wp-json\/wp\/v2\/cpt_aktuality\/148748","targetHints":{"allow":["GET"]}}],"collection":[{"href":"https:\/\/www.upjs.sk\/lekarska-fakulta\/wp-json\/wp\/v2\/cpt_aktuality"}],"about":[{"href":"https:\/\/www.upjs.sk\/lekarska-fakulta\/wp-json\/wp\/v2\/types\/cpt_aktuality"}],"author":[{"embeddable":true,"href":"https:\/\/www.upjs.sk\/lekarska-fakulta\/wp-json\/wp\/v2\/users\/97"}],"version-history":[{"count":4,"href":"https:\/\/www.upjs.sk\/lekarska-fakulta\/wp-json\/wp\/v2\/cpt_aktuality\/148748\/revisions"}],"predecessor-version":[{"id":148760,"href":"https:\/\/www.upjs.sk\/lekarska-fakulta\/wp-json\/wp\/v2\/cpt_aktuality\/148748\/revisions\/148760"}],"wp:featuredmedia":[{"embeddable":true,"href":"https:\/\/www.upjs.sk\/lekarska-fakulta\/wp-json\/wp\/v2\/media\/148749"}],"wp:attachment":[{"href":"https:\/\/www.upjs.sk\/lekarska-fakulta\/wp-json\/wp\/v2\/media?parent=148748"}],"wp:term":[{"taxonomy":"category","embeddable":true,"href":"https:\/\/www.upjs.sk\/lekarska-fakulta\/wp-json\/wp\/v2\/categories?post=148748"},{"taxonomy":"post_tag","embeddable":true,"href":"https:\/\/www.upjs.sk\/lekarska-fakulta\/wp-json\/wp\/v2\/tags?post=148748"},{"taxonomy":"tax_aktuality","embeddable":true,"href":"https:\/\/www.upjs.sk\/lekarska-fakulta\/wp-json\/wp\/v2\/tax_aktuality?post=148748"}],"curies":[{"name":"wp","href":"https:\/\/api.w.org\/{rel}","templated":true}]}}