{"id":149881,"date":"2025-12-16T12:29:02","date_gmt":"2025-12-16T11:29:02","guid":{"rendered":"https:\/\/www.upjs.sk\/lekarska-fakulta\/?post_type=cpt_aktuality&#038;p=149881"},"modified":"2025-12-16T12:30:08","modified_gmt":"2025-12-16T11:30:08","slug":"predvianocna-recepcia-2025","status":"publish","type":"cpt_aktuality","link":"https:\/\/www.upjs.sk\/lekarska-fakulta\/actuality\/predvianocna-recepcia-2025\/","title":{"rendered":"Predviano\u010dn\u00e1 recepcia 2025"},"content":{"rendered":"<style>.wp-block-kadence-advancedheading.kt-adv-heading149881_32a220-be, .wp-block-kadence-advancedheading.kt-adv-heading149881_32a220-be[data-kb-block=\"kb-adv-heading149881_32a220-be\"]{font-style:normal;}.wp-block-kadence-advancedheading.kt-adv-heading149881_32a220-be mark.kt-highlight, .wp-block-kadence-advancedheading.kt-adv-heading149881_32a220-be[data-kb-block=\"kb-adv-heading149881_32a220-be\"] mark.kt-highlight{font-style:normal;color:#f76a0c;-webkit-box-decoration-break:clone;box-decoration-break:clone;padding-top:0px;padding-right:0px;padding-bottom:0px;padding-left:0px;}<\/style>\n<p class=\"kt-adv-heading149881_32a220-be wp-block-kadence-advancedheading\" data-kb-block=\"kb-adv-heading149881_32a220-be\">V pondelok 15. decembra sa v sl\u00e1vnostn\u00fdch priestoroch <strong>Domu umenia <\/strong>konala tradi\u010dn\u00e1 <strong>Predviano\u010dn\u00e1 recepcia Lek\u00e1rskej fakulty UPJ\u0160 v Ko\u0161iciach<\/strong>. Podujatie vytvorilo priestor na bilancovanie uplynul\u00e9ho roka a z\u00e1rove\u0148 na vyjadrenie po\u010fakovania zamestnancom a \u0161tudentom za ich pr\u00e1cu, nasadenie a reprezent\u00e1ciu fakulty i univerzity.<\/p>\n\n\n<style>.wp-block-kadence-advancedheading.kt-adv-heading149881_96b9b7-f9, .wp-block-kadence-advancedheading.kt-adv-heading149881_96b9b7-f9[data-kb-block=\"kb-adv-heading149881_96b9b7-f9\"]{font-style:normal;}.wp-block-kadence-advancedheading.kt-adv-heading149881_96b9b7-f9 mark.kt-highlight, .wp-block-kadence-advancedheading.kt-adv-heading149881_96b9b7-f9[data-kb-block=\"kb-adv-heading149881_96b9b7-f9\"] mark.kt-highlight{font-style:normal;color:#f76a0c;-webkit-box-decoration-break:clone;box-decoration-break:clone;padding-top:0px;padding-right:0px;padding-bottom:0px;padding-left:0px;}<\/style>\n<p class=\"kt-adv-heading149881_96b9b7-f9 wp-block-kadence-advancedheading\" data-kb-block=\"kb-adv-heading149881_96b9b7-f9\"><strong>Dekan Lek\u00e1rskej fakulty UPJ\u0160 prof. MUDr. Peter Jar\u010du\u0161ka, PhD.<\/strong> vo svojom pr\u00edhovore zhodnotil pracovn\u00e9 \u00faspechy roka 2025 a po\u010fakoval v\u0161etk\u00fdm zamestnancom a \u0161tudentom za ich profesionalitu, odbornos\u0165 a \u013eudsk\u00fd pr\u00edstup. <strong>Rektor Univerzity Pavla Jozefa \u0160af\u00e1rika v Ko\u0161iciach prof. MUDr. Daniel Pella, PhD.<\/strong> vo svojom vyst\u00fapen\u00ed zd\u00f4raznil v\u00fdznam vz\u00e1jomnej spolupr\u00e1ce, solidarity a spolo\u010dn\u00e9ho \u00fasilia pri \u010fal\u0161om rozvoji univerzity a jej fak\u00falt.<\/p>\n\n\n<style>.wp-block-kadence-advancedheading.kt-adv-heading149881_9003cf-15, .wp-block-kadence-advancedheading.kt-adv-heading149881_9003cf-15[data-kb-block=\"kb-adv-heading149881_9003cf-15\"]{font-style:normal;}.wp-block-kadence-advancedheading.kt-adv-heading149881_9003cf-15 mark.kt-highlight, .wp-block-kadence-advancedheading.kt-adv-heading149881_9003cf-15[data-kb-block=\"kb-adv-heading149881_9003cf-15\"] mark.kt-highlight{font-style:normal;color:#f76a0c;-webkit-box-decoration-break:clone;box-decoration-break:clone;padding-top:0px;padding-right:0px;padding-bottom:0px;padding-left:0px;}<\/style>\n<p class=\"kt-adv-heading149881_9003cf-15 wp-block-kadence-advancedheading\" data-kb-block=\"kb-adv-heading149881_9003cf-15\">S\u00fa\u010das\u0165ou sl\u00e1vnostn\u00e9ho ve\u010dera bolo odovzd\u00e1vanie ocenen\u00ed, medzi ktor\u00fdmi nech\u00fdbali strieborn\u00e9 a bronzov\u00e9 medaily, pam\u00e4tn\u00e9 listy, \u010fakovn\u00e9 listy pre zamestnancov a pochvaln\u00e9 uznania dekana pre \u0161tudentov.<\/p>\n\n\n<style>.wp-block-kadence-advancedheading.kt-adv-heading149881_4faf45-82, .wp-block-kadence-advancedheading.kt-adv-heading149881_4faf45-82[data-kb-block=\"kb-adv-heading149881_4faf45-82\"]{font-style:normal;}.wp-block-kadence-advancedheading.kt-adv-heading149881_4faf45-82 mark.kt-highlight, .wp-block-kadence-advancedheading.kt-adv-heading149881_4faf45-82[data-kb-block=\"kb-adv-heading149881_4faf45-82\"] mark.kt-highlight{font-style:normal;color:#f76a0c;-webkit-box-decoration-break:clone;box-decoration-break:clone;padding-top:0px;padding-right:0px;padding-bottom:0px;padding-left:0px;}<\/style>\n<p class=\"kt-adv-heading149881_4faf45-82 wp-block-kadence-advancedheading\" data-kb-block=\"kb-adv-heading149881_4faf45-82\">V\u00fdnimo\u010dn\u00fdm momentom tohto ro\u010dn\u00edka bolo udelenie <strong>\u010eakovn\u00e9ho listu za zavedenie a realiz\u00e1ciu o\u010dkovania nov\u00fdmi vakc\u00ednami po\u010das pand\u00e9mie COVID-19 v Slovenskej republike<\/strong>. Ocenenie bolo udelen\u00e9 t\u00fdmto osobnostiam:<\/p>\n\n\n<style>.wp-block-kadence-advancedheading.kt-adv-heading149881_4bd905-c3, .wp-block-kadence-advancedheading.kt-adv-heading149881_4bd905-c3[data-kb-block=\"kb-adv-heading149881_4bd905-c3\"]{font-style:normal;}.wp-block-kadence-advancedheading.kt-adv-heading149881_4bd905-c3 mark.kt-highlight, .wp-block-kadence-advancedheading.kt-adv-heading149881_4bd905-c3[data-kb-block=\"kb-adv-heading149881_4bd905-c3\"] mark.kt-highlight{font-style:normal;color:#f76a0c;-webkit-box-decoration-break:clone;box-decoration-break:clone;padding-top:0px;padding-right:0px;padding-bottom:0px;padding-left:0px;}<\/style>\n<p class=\"kt-adv-heading149881_4bd905-c3 wp-block-kadence-advancedheading\" data-kb-block=\"kb-adv-heading149881_4bd905-c3\">Dr. h. c. prof. MUDr. <strong>Vladim\u00edr Kr\u010dm\u00e9ry<\/strong>, DrSc. \u2013 in memoriam, pri\u010dom ocenenie prevzal jeho syn Ing. Michal Kr\u010dm\u00e9ry<\/p>\n\n\n<style>.wp-block-kadence-advancedheading.kt-adv-heading149881_3e3e58-6a, .wp-block-kadence-advancedheading.kt-adv-heading149881_3e3e58-6a[data-kb-block=\"kb-adv-heading149881_3e3e58-6a\"]{font-style:normal;}.wp-block-kadence-advancedheading.kt-adv-heading149881_3e3e58-6a mark.kt-highlight, .wp-block-kadence-advancedheading.kt-adv-heading149881_3e3e58-6a[data-kb-block=\"kb-adv-heading149881_3e3e58-6a\"] mark.kt-highlight{font-style:normal;color:#f76a0c;-webkit-box-decoration-break:clone;box-decoration-break:clone;padding-top:0px;padding-right:0px;padding-bottom:0px;padding-left:0px;}<\/style>\n<p class=\"kt-adv-heading149881_3e3e58-6a wp-block-kadence-advancedheading\" data-kb-block=\"kb-adv-heading149881_3e3e58-6a\">prof. MUDr. <strong>Henrieta Hude\u010dkov\u00e1<\/strong>, PhD., MPH<\/p>\n\n\n<style>.wp-block-kadence-advancedheading.kt-adv-heading149881_23dc5f-fe, .wp-block-kadence-advancedheading.kt-adv-heading149881_23dc5f-fe[data-kb-block=\"kb-adv-heading149881_23dc5f-fe\"]{font-style:normal;}.wp-block-kadence-advancedheading.kt-adv-heading149881_23dc5f-fe mark.kt-highlight, .wp-block-kadence-advancedheading.kt-adv-heading149881_23dc5f-fe[data-kb-block=\"kb-adv-heading149881_23dc5f-fe\"] mark.kt-highlight{font-style:normal;color:#f76a0c;-webkit-box-decoration-break:clone;box-decoration-break:clone;padding-top:0px;padding-right:0px;padding-bottom:0px;padding-left:0px;}<\/style>\n<p class=\"kt-adv-heading149881_23dc5f-fe wp-block-kadence-advancedheading\" data-kb-block=\"kb-adv-heading149881_23dc5f-fe\">doc. MUDr. <strong>Peter Sabaka<\/strong>, PhD.<\/p>\n\n\n<style>.wp-block-kadence-advancedheading.kt-adv-heading149881_9637b9-5d, .wp-block-kadence-advancedheading.kt-adv-heading149881_9637b9-5d[data-kb-block=\"kb-adv-heading149881_9637b9-5d\"]{font-style:normal;}.wp-block-kadence-advancedheading.kt-adv-heading149881_9637b9-5d mark.kt-highlight, .wp-block-kadence-advancedheading.kt-adv-heading149881_9637b9-5d[data-kb-block=\"kb-adv-heading149881_9637b9-5d\"] mark.kt-highlight{font-style:normal;color:#f76a0c;-webkit-box-decoration-break:clone;box-decoration-break:clone;padding-top:0px;padding-right:0px;padding-bottom:0px;padding-left:0px;}<\/style>\n<p class=\"kt-adv-heading149881_9637b9-5d wp-block-kadence-advancedheading\" data-kb-block=\"kb-adv-heading149881_9637b9-5d\">Dr. h. c. PhDr. RNDr. MUDr. <strong>J\u00e1n Mikas<\/strong>, PhD., MPH<\/p>\n\n\n<style>.wp-block-kadence-advancedheading.kt-adv-heading149881_281d17-ac, .wp-block-kadence-advancedheading.kt-adv-heading149881_281d17-ac[data-kb-block=\"kb-adv-heading149881_281d17-ac\"]{font-style:normal;}.wp-block-kadence-advancedheading.kt-adv-heading149881_281d17-ac mark.kt-highlight, .wp-block-kadence-advancedheading.kt-adv-heading149881_281d17-ac[data-kb-block=\"kb-adv-heading149881_281d17-ac\"] mark.kt-highlight{font-style:normal;color:#f76a0c;-webkit-box-decoration-break:clone;box-decoration-break:clone;padding-top:0px;padding-right:0px;padding-bottom:0px;padding-left:0px;}<\/style>\n<p class=\"kt-adv-heading149881_281d17-ac wp-block-kadence-advancedheading\" data-kb-block=\"kb-adv-heading149881_281d17-ac\">Dr. h. c. prof. MUDr. <strong>Pavol Jar\u010du\u0161ka<\/strong>, PhD.<\/p>\n\n\n<style>.wp-block-kadence-advancedheading.kt-adv-heading149881_30fb4c-1b, .wp-block-kadence-advancedheading.kt-adv-heading149881_30fb4c-1b[data-kb-block=\"kb-adv-heading149881_30fb4c-1b\"]{font-style:normal;}.wp-block-kadence-advancedheading.kt-adv-heading149881_30fb4c-1b mark.kt-highlight, .wp-block-kadence-advancedheading.kt-adv-heading149881_30fb4c-1b[data-kb-block=\"kb-adv-heading149881_30fb4c-1b\"] mark.kt-highlight{font-style:normal;color:#f76a0c;-webkit-box-decoration-break:clone;box-decoration-break:clone;padding-top:0px;padding-right:0px;padding-bottom:0px;padding-left:0px;}<\/style>\n<p class=\"kt-adv-heading149881_30fb4c-1b wp-block-kadence-advancedheading\" data-kb-block=\"kb-adv-heading149881_30fb4c-1b\">Sl\u00e1vnostn\u00fd program obohatilo vyst\u00fapenie zboru <strong>Chorus Universitatis \u0160afarikianae<\/strong>, ktor\u00fd si v tento de\u0148 pripomenul 11. v\u00fdro\u010die svojho zalo\u017eenia. Zbor pod umeleck\u00fdm veden\u00edm a dirigentskou taktovkou Mgr. Jany Havrilovej vytvoril d\u00f4stojn\u00fa hudobn\u00fa kulisu cel\u00e9ho podujatia.<\/p>\n\n\n<style>.wp-block-kadence-advancedheading.kt-adv-heading149881_b659c2-c8, .wp-block-kadence-advancedheading.kt-adv-heading149881_b659c2-c8[data-kb-block=\"kb-adv-heading149881_b659c2-c8\"]{font-style:normal;}.wp-block-kadence-advancedheading.kt-adv-heading149881_b659c2-c8 mark.kt-highlight, .wp-block-kadence-advancedheading.kt-adv-heading149881_b659c2-c8[data-kb-block=\"kb-adv-heading149881_b659c2-c8\"] mark.kt-highlight{font-style:normal;color:#f76a0c;-webkit-box-decoration-break:clone;box-decoration-break:clone;padding-top:0px;padding-right:0px;padding-bottom:0px;padding-left:0px;}<\/style>\n<p class=\"kt-adv-heading149881_b659c2-c8 wp-block-kadence-advancedheading\" data-kb-block=\"kb-adv-heading149881_b659c2-c8\">Predviano\u010dn\u00e1 recepcia bola sl\u00e1vnostnou bodkou za rokom 2025 a pr\u00edjemn\u00fdm stretnut\u00edm v duchu v\u010faky, spolupatri\u010dnosti a bl\u00ed\u017eiacich sa viano\u010dn\u00fdch sviatkov.<\/p>\n\n\n<style>.wp-block-kadence-advancedheading.kt-adv-heading149881_f5c542-fa, .wp-block-kadence-advancedheading.kt-adv-heading149881_f5c542-fa[data-kb-block=\"kb-adv-heading149881_f5c542-fa\"]{font-style:normal;}.wp-block-kadence-advancedheading.kt-adv-heading149881_f5c542-fa mark.kt-highlight, .wp-block-kadence-advancedheading.kt-adv-heading149881_f5c542-fa[data-kb-block=\"kb-adv-heading149881_f5c542-fa\"] mark.kt-highlight{font-style:normal;color:#f76a0c;-webkit-box-decoration-break:clone;box-decoration-break:clone;padding-top:0px;padding-right:0px;padding-bottom:0px;padding-left:0px;}<\/style>\n<p class=\"kt-adv-heading149881_f5c542-fa wp-block-kadence-advancedheading\" data-kb-block=\"kb-adv-heading149881_f5c542-fa\">Viac fotografi\u00ed n\u00e1jdete <a href=\"https:\/\/www.upjs.sk\/lekarska-fakulta\/fakulta\/zo-zivota-fakulty\/predvianocna-recepcia-zamestnancov-upjs-lf-15-decembra-2025\/\">TU<\/a>.<\/p>\n","protected":false},"excerpt":{"rendered":"<p>V pondelok 15. decembra sa v sl\u00e1vnostn\u00fdch priestoroch Domu umenia konala tradi\u010dn\u00e1 Predviano\u010dn\u00e1 recepcia Lek\u00e1rskej fakulty UPJ\u0160 v Ko\u0161iciach. Podujatie vytvorilo priestor na bilancovanie uplynul\u00e9ho roka a z\u00e1rove\u0148 na vyjadrenie po\u010fakovania zamestnancom a \u0161tudentom za ich pr\u00e1cu, nasadenie a reprezent\u00e1ciu fakulty i univerzity. Dekan Lek\u00e1rskej fakulty UPJ\u0160 prof. MUDr. Peter Jar\u010du\u0161ka, PhD. vo svojom pr\u00edhovore &hellip; <a href=\"https:\/\/www.upjs.sk\/lekarska-fakulta\/actuality\/predvianocna-recepcia-2025\/\">\u010c\u00edta\u0165 \u010falej<\/a><\/p>\n","protected":false},"author":97,"featured_media":149631,"template":"","meta":{"_acf_changed":false,"_editorskit_title_hidden":false,"_editorskit_reading_time":0,"_editorskit_is_block_options_detached":false,"_editorskit_block_options_position":"{}","footnotes":""},"categories":[],"tags":[],"tax_aktuality":[],"class_list":["post-149881","cpt_aktuality","type-cpt_aktuality","status-publish","has-post-thumbnail","hentry"],"acf":{"acf_link_na_externy_obsah":"","poradie_clanku":""},"yoast_head":"<!-- This site is optimized with the Yoast SEO plugin v27.4 - https:\/\/yoast.com\/product\/yoast-seo-wordpress\/ -->\n<title>Predviano\u010dn\u00e1 recepcia 2025 - Lek\u00e1rska fakulta | UPJ\u0160<\/title>\n<meta name=\"robots\" content=\"index, follow, max-snippet:-1, max-image-preview:large, max-video-preview:-1\" \/>\n<link rel=\"canonical\" href=\"https:\/\/www.upjs.sk\/lekarska-fakulta\/actuality\/predvianocna-recepcia-2025\/\" \/>\n<meta property=\"og:locale\" content=\"sk_SK\" \/>\n<meta property=\"og:type\" content=\"article\" \/>\n<meta property=\"og:title\" content=\"Predviano\u010dn\u00e1 recepcia 2025 - Lek\u00e1rska fakulta | UPJ\u0160\" \/>\n<meta property=\"og:description\" content=\"V pondelok 15. decembra sa v sl\u00e1vnostn\u00fdch priestoroch Domu umenia konala tradi\u010dn\u00e1 Predviano\u010dn\u00e1 recepcia Lek\u00e1rskej fakulty UPJ\u0160 v Ko\u0161iciach. Podujatie vytvorilo priestor na bilancovanie uplynul\u00e9ho roka a z\u00e1rove\u0148 na vyjadrenie po\u010fakovania zamestnancom a \u0161tudentom za ich pr\u00e1cu, nasadenie a reprezent\u00e1ciu fakulty i univerzity. Dekan Lek\u00e1rskej fakulty UPJ\u0160 prof. MUDr. Peter Jar\u010du\u0161ka, PhD. vo svojom pr\u00edhovore &hellip; \u010c\u00edta\u0165 \u010falej\" \/>\n<meta property=\"og:url\" content=\"https:\/\/www.upjs.sk\/lekarska-fakulta\/actuality\/predvianocna-recepcia-2025\/\" \/>\n<meta property=\"og:site_name\" content=\"Lek\u00e1rska fakulta | UPJ\u0160\" \/>\n<meta property=\"article:modified_time\" content=\"2025-12-16T11:30:08+00:00\" \/>\n<meta property=\"og:image\" content=\"https:\/\/www.upjs.sk\/app\/uploads\/sites\/9\/2025\/12\/DSC_8540-min.jpg\" \/>\n\t<meta property=\"og:image:width\" content=\"4528\" \/>\n\t<meta property=\"og:image:height\" content=\"3016\" \/>\n\t<meta property=\"og:image:type\" content=\"image\/jpeg\" \/>\n<meta name=\"twitter:card\" content=\"summary_large_image\" \/>\n<meta name=\"twitter:label1\" content=\"Predpokladan\u00fd \u010das \u010d\u00edtania\" \/>\n\t<meta name=\"twitter:data1\" content=\"2 min\u00faty\" \/>\n<script type=\"application\/ld+json\" class=\"yoast-schema-graph\">{\"@context\":\"https:\\\/\\\/schema.org\",\"@graph\":[{\"@type\":\"WebPage\",\"@id\":\"https:\\\/\\\/www.upjs.sk\\\/lekarska-fakulta\\\/actuality\\\/predvianocna-recepcia-2025\\\/\",\"url\":\"https:\\\/\\\/www.upjs.sk\\\/lekarska-fakulta\\\/actuality\\\/predvianocna-recepcia-2025\\\/\",\"name\":\"Predviano\u010dn\u00e1 recepcia 2025 - Lek\u00e1rska fakulta | UPJ\u0160\",\"isPartOf\":{\"@id\":\"https:\\\/\\\/www.upjs.sk\\\/lekarska-fakulta\\\/#website\"},\"primaryImageOfPage\":{\"@id\":\"https:\\\/\\\/www.upjs.sk\\\/lekarska-fakulta\\\/actuality\\\/predvianocna-recepcia-2025\\\/#primaryimage\"},\"image\":{\"@id\":\"https:\\\/\\\/www.upjs.sk\\\/lekarska-fakulta\\\/actuality\\\/predvianocna-recepcia-2025\\\/#primaryimage\"},\"thumbnailUrl\":\"https:\\\/\\\/www.upjs.sk\\\/app\\\/uploads\\\/sites\\\/9\\\/2025\\\/12\\\/DSC_8540-min.jpg\",\"datePublished\":\"2025-12-16T11:29:02+00:00\",\"dateModified\":\"2025-12-16T11:30:08+00:00\",\"breadcrumb\":{\"@id\":\"https:\\\/\\\/www.upjs.sk\\\/lekarska-fakulta\\\/actuality\\\/predvianocna-recepcia-2025\\\/#breadcrumb\"},\"inLanguage\":\"sk-SK\",\"potentialAction\":[{\"@type\":\"ReadAction\",\"target\":[\"https:\\\/\\\/www.upjs.sk\\\/lekarska-fakulta\\\/actuality\\\/predvianocna-recepcia-2025\\\/\"]}]},{\"@type\":\"ImageObject\",\"inLanguage\":\"sk-SK\",\"@id\":\"https:\\\/\\\/www.upjs.sk\\\/lekarska-fakulta\\\/actuality\\\/predvianocna-recepcia-2025\\\/#primaryimage\",\"url\":\"https:\\\/\\\/www.upjs.sk\\\/app\\\/uploads\\\/sites\\\/9\\\/2025\\\/12\\\/DSC_8540-min.jpg\",\"contentUrl\":\"https:\\\/\\\/www.upjs.sk\\\/app\\\/uploads\\\/sites\\\/9\\\/2025\\\/12\\\/DSC_8540-min.jpg\",\"width\":4528,\"height\":3016},{\"@type\":\"BreadcrumbList\",\"@id\":\"https:\\\/\\\/www.upjs.sk\\\/lekarska-fakulta\\\/actuality\\\/predvianocna-recepcia-2025\\\/#breadcrumb\",\"itemListElement\":[{\"@type\":\"ListItem\",\"position\":1,\"name\":\"Home\",\"item\":\"https:\\\/\\\/www.upjs.sk\\\/lekarska-fakulta\\\/\"},{\"@type\":\"ListItem\",\"position\":2,\"name\":\"Aktuality\",\"item\":\"https:\\\/\\\/www.upjs.sk\\\/lekarska-fakulta\\\/actuality\\\/\"},{\"@type\":\"ListItem\",\"position\":3,\"name\":\"Predviano\u010dn\u00e1 recepcia 2025\"}]},{\"@type\":\"WebSite\",\"@id\":\"https:\\\/\\\/www.upjs.sk\\\/lekarska-fakulta\\\/#website\",\"url\":\"https:\\\/\\\/www.upjs.sk\\\/lekarska-fakulta\\\/\",\"name\":\"Lek\u00e1rska fakulta | UPJ\u0160\",\"description\":\"\",\"publisher\":{\"@id\":\"https:\\\/\\\/www.upjs.sk\\\/lekarska-fakulta\\\/#organization\"},\"potentialAction\":[{\"@type\":\"SearchAction\",\"target\":{\"@type\":\"EntryPoint\",\"urlTemplate\":\"https:\\\/\\\/www.upjs.sk\\\/lekarska-fakulta\\\/?s={search_term_string}\"},\"query-input\":{\"@type\":\"PropertyValueSpecification\",\"valueRequired\":true,\"valueName\":\"search_term_string\"}}],\"inLanguage\":\"sk-SK\"},{\"@type\":\"Organization\",\"@id\":\"https:\\\/\\\/www.upjs.sk\\\/lekarska-fakulta\\\/#organization\",\"name\":\"Lek\u00e1rska fakulta | UPJ\u0160\",\"url\":\"https:\\\/\\\/www.upjs.sk\\\/lekarska-fakulta\\\/\",\"logo\":{\"@type\":\"ImageObject\",\"inLanguage\":\"sk-SK\",\"@id\":\"https:\\\/\\\/www.upjs.sk\\\/lekarska-fakulta\\\/#\\\/schema\\\/logo\\\/image\\\/\",\"url\":\"https:\\\/\\\/www.upjs.sk\\\/app\\\/uploads\\\/sites\\\/9\\\/2022\\\/09\\\/logo-lekarska-fakulta.png\",\"contentUrl\":\"https:\\\/\\\/www.upjs.sk\\\/app\\\/uploads\\\/sites\\\/9\\\/2022\\\/09\\\/logo-lekarska-fakulta.png\",\"width\":415,\"height\":87,\"caption\":\"Lek\u00e1rska fakulta | UPJ\u0160\"},\"image\":{\"@id\":\"https:\\\/\\\/www.upjs.sk\\\/lekarska-fakulta\\\/#\\\/schema\\\/logo\\\/image\\\/\"}}]}<\/script>\n<!-- \/ Yoast SEO plugin. -->","yoast_head_json":{"title":"Predviano\u010dn\u00e1 recepcia 2025 - Lek\u00e1rska fakulta | UPJ\u0160","robots":{"index":"index","follow":"follow","max-snippet":"max-snippet:-1","max-image-preview":"max-image-preview:large","max-video-preview":"max-video-preview:-1"},"canonical":"https:\/\/www.upjs.sk\/lekarska-fakulta\/actuality\/predvianocna-recepcia-2025\/","og_locale":"sk_SK","og_type":"article","og_title":"Predviano\u010dn\u00e1 recepcia 2025 - Lek\u00e1rska fakulta | UPJ\u0160","og_description":"V pondelok 15. decembra sa v sl\u00e1vnostn\u00fdch priestoroch Domu umenia konala tradi\u010dn\u00e1 Predviano\u010dn\u00e1 recepcia Lek\u00e1rskej fakulty UPJ\u0160 v Ko\u0161iciach. Podujatie vytvorilo priestor na bilancovanie uplynul\u00e9ho roka a z\u00e1rove\u0148 na vyjadrenie po\u010fakovania zamestnancom a \u0161tudentom za ich pr\u00e1cu, nasadenie a reprezent\u00e1ciu fakulty i univerzity. Dekan Lek\u00e1rskej fakulty UPJ\u0160 prof. MUDr. Peter Jar\u010du\u0161ka, PhD. vo svojom pr\u00edhovore &hellip; \u010c\u00edta\u0165 \u010falej","og_url":"https:\/\/www.upjs.sk\/lekarska-fakulta\/actuality\/predvianocna-recepcia-2025\/","og_site_name":"Lek\u00e1rska fakulta | UPJ\u0160","article_modified_time":"2025-12-16T11:30:08+00:00","og_image":[{"width":4528,"height":3016,"url":"https:\/\/www.upjs.sk\/app\/uploads\/sites\/9\/2025\/12\/DSC_8540-min.jpg","type":"image\/jpeg"}],"twitter_card":"summary_large_image","twitter_misc":{"Predpokladan\u00fd \u010das \u010d\u00edtania":"2 min\u00faty"},"schema":{"@context":"https:\/\/schema.org","@graph":[{"@type":"WebPage","@id":"https:\/\/www.upjs.sk\/lekarska-fakulta\/actuality\/predvianocna-recepcia-2025\/","url":"https:\/\/www.upjs.sk\/lekarska-fakulta\/actuality\/predvianocna-recepcia-2025\/","name":"Predviano\u010dn\u00e1 recepcia 2025 - Lek\u00e1rska fakulta | UPJ\u0160","isPartOf":{"@id":"https:\/\/www.upjs.sk\/lekarska-fakulta\/#website"},"primaryImageOfPage":{"@id":"https:\/\/www.upjs.sk\/lekarska-fakulta\/actuality\/predvianocna-recepcia-2025\/#primaryimage"},"image":{"@id":"https:\/\/www.upjs.sk\/lekarska-fakulta\/actuality\/predvianocna-recepcia-2025\/#primaryimage"},"thumbnailUrl":"https:\/\/www.upjs.sk\/app\/uploads\/sites\/9\/2025\/12\/DSC_8540-min.jpg","datePublished":"2025-12-16T11:29:02+00:00","dateModified":"2025-12-16T11:30:08+00:00","breadcrumb":{"@id":"https:\/\/www.upjs.sk\/lekarska-fakulta\/actuality\/predvianocna-recepcia-2025\/#breadcrumb"},"inLanguage":"sk-SK","potentialAction":[{"@type":"ReadAction","target":["https:\/\/www.upjs.sk\/lekarska-fakulta\/actuality\/predvianocna-recepcia-2025\/"]}]},{"@type":"ImageObject","inLanguage":"sk-SK","@id":"https:\/\/www.upjs.sk\/lekarska-fakulta\/actuality\/predvianocna-recepcia-2025\/#primaryimage","url":"https:\/\/www.upjs.sk\/app\/uploads\/sites\/9\/2025\/12\/DSC_8540-min.jpg","contentUrl":"https:\/\/www.upjs.sk\/app\/uploads\/sites\/9\/2025\/12\/DSC_8540-min.jpg","width":4528,"height":3016},{"@type":"BreadcrumbList","@id":"https:\/\/www.upjs.sk\/lekarska-fakulta\/actuality\/predvianocna-recepcia-2025\/#breadcrumb","itemListElement":[{"@type":"ListItem","position":1,"name":"Home","item":"https:\/\/www.upjs.sk\/lekarska-fakulta\/"},{"@type":"ListItem","position":2,"name":"Aktuality","item":"https:\/\/www.upjs.sk\/lekarska-fakulta\/actuality\/"},{"@type":"ListItem","position":3,"name":"Predviano\u010dn\u00e1 recepcia 2025"}]},{"@type":"WebSite","@id":"https:\/\/www.upjs.sk\/lekarska-fakulta\/#website","url":"https:\/\/www.upjs.sk\/lekarska-fakulta\/","name":"Lek\u00e1rska fakulta | UPJ\u0160","description":"","publisher":{"@id":"https:\/\/www.upjs.sk\/lekarska-fakulta\/#organization"},"potentialAction":[{"@type":"SearchAction","target":{"@type":"EntryPoint","urlTemplate":"https:\/\/www.upjs.sk\/lekarska-fakulta\/?s={search_term_string}"},"query-input":{"@type":"PropertyValueSpecification","valueRequired":true,"valueName":"search_term_string"}}],"inLanguage":"sk-SK"},{"@type":"Organization","@id":"https:\/\/www.upjs.sk\/lekarska-fakulta\/#organization","name":"Lek\u00e1rska fakulta | UPJ\u0160","url":"https:\/\/www.upjs.sk\/lekarska-fakulta\/","logo":{"@type":"ImageObject","inLanguage":"sk-SK","@id":"https:\/\/www.upjs.sk\/lekarska-fakulta\/#\/schema\/logo\/image\/","url":"https:\/\/www.upjs.sk\/app\/uploads\/sites\/9\/2022\/09\/logo-lekarska-fakulta.png","contentUrl":"https:\/\/www.upjs.sk\/app\/uploads\/sites\/9\/2022\/09\/logo-lekarska-fakulta.png","width":415,"height":87,"caption":"Lek\u00e1rska fakulta | UPJ\u0160"},"image":{"@id":"https:\/\/www.upjs.sk\/lekarska-fakulta\/#\/schema\/logo\/image\/"}}]}},"_links":{"self":[{"href":"https:\/\/www.upjs.sk\/lekarska-fakulta\/wp-json\/wp\/v2\/cpt_aktuality\/149881","targetHints":{"allow":["GET"]}}],"collection":[{"href":"https:\/\/www.upjs.sk\/lekarska-fakulta\/wp-json\/wp\/v2\/cpt_aktuality"}],"about":[{"href":"https:\/\/www.upjs.sk\/lekarska-fakulta\/wp-json\/wp\/v2\/types\/cpt_aktuality"}],"author":[{"embeddable":true,"href":"https:\/\/www.upjs.sk\/lekarska-fakulta\/wp-json\/wp\/v2\/users\/97"}],"version-history":[{"count":3,"href":"https:\/\/www.upjs.sk\/lekarska-fakulta\/wp-json\/wp\/v2\/cpt_aktuality\/149881\/revisions"}],"predecessor-version":[{"id":149903,"href":"https:\/\/www.upjs.sk\/lekarska-fakulta\/wp-json\/wp\/v2\/cpt_aktuality\/149881\/revisions\/149903"}],"wp:featuredmedia":[{"embeddable":true,"href":"https:\/\/www.upjs.sk\/lekarska-fakulta\/wp-json\/wp\/v2\/media\/149631"}],"wp:attachment":[{"href":"https:\/\/www.upjs.sk\/lekarska-fakulta\/wp-json\/wp\/v2\/media?parent=149881"}],"wp:term":[{"taxonomy":"category","embeddable":true,"href":"https:\/\/www.upjs.sk\/lekarska-fakulta\/wp-json\/wp\/v2\/categories?post=149881"},{"taxonomy":"post_tag","embeddable":true,"href":"https:\/\/www.upjs.sk\/lekarska-fakulta\/wp-json\/wp\/v2\/tags?post=149881"},{"taxonomy":"tax_aktuality","embeddable":true,"href":"https:\/\/www.upjs.sk\/lekarska-fakulta\/wp-json\/wp\/v2\/tax_aktuality?post=149881"}],"curies":[{"name":"wp","href":"https:\/\/api.w.org\/{rel}","templated":true}]}}