{"id":157613,"date":"2026-04-27T11:23:30","date_gmt":"2026-04-27T10:23:30","guid":{"rendered":"https:\/\/www.upjs.sk\/lekarska-fakulta\/?post_type=cpt_aktuality&#038;p=157613"},"modified":"2026-04-27T11:23:32","modified_gmt":"2026-04-27T10:23:32","slug":"lf-upjs-uspesne-reprezentovala-na-veltrhu-medifutura-ii","status":"publish","type":"cpt_aktuality","link":"https:\/\/www.upjs.sk\/lekarska-fakulta\/actuality\/lf-upjs-uspesne-reprezentovala-na-veltrhu-medifutura-ii\/","title":{"rendered":"LF UPJ\u0160 \u00faspe\u0161ne reprezentovala na ve\u013etrhu MediFutura II."},"content":{"rendered":"<style>.wp-block-kadence-advancedheading.kt-adv-heading157613_04ad1c-b9, .wp-block-kadence-advancedheading.kt-adv-heading157613_04ad1c-b9[data-kb-block=\"kb-adv-heading157613_04ad1c-b9\"]{font-style:normal;}.wp-block-kadence-advancedheading.kt-adv-heading157613_04ad1c-b9 mark.kt-highlight, .wp-block-kadence-advancedheading.kt-adv-heading157613_04ad1c-b9[data-kb-block=\"kb-adv-heading157613_04ad1c-b9\"] mark.kt-highlight{font-style:normal;color:#f76a0c;-webkit-box-decoration-break:clone;box-decoration-break:clone;padding-top:0px;padding-right:0px;padding-bottom:0px;padding-left:0px;}<\/style>\n<p class=\"kt-adv-heading157613_04ad1c-b9 wp-block-kadence-advancedheading\" data-kb-block=\"kb-adv-heading157613_04ad1c-b9\"><strong>Lek\u00e1rska fakulta UPJ\u0160 v Ko\u0161iciach<\/strong> sa akt\u00edvne z\u00fa\u010dastnila prest\u00ed\u017eneho podujatia <strong>MediFutura II. \u2013 Tvoja bud\u00facnos\u0165 je na Slovensku<\/strong>, ktor\u00e9 sa konalo <strong>23. apr\u00edla 2026 v Bratislave<\/strong> pod z\u00e1\u0161titou <strong>Ministerstva zdravotn\u00edctva Slovenskej republiky<\/strong>.<\/p>\n\n\n<style>.wp-block-kadence-advancedheading.kt-adv-heading157613_bf6bed-3c, .wp-block-kadence-advancedheading.kt-adv-heading157613_bf6bed-3c[data-kb-block=\"kb-adv-heading157613_bf6bed-3c\"]{font-style:normal;}.wp-block-kadence-advancedheading.kt-adv-heading157613_bf6bed-3c mark.kt-highlight, .wp-block-kadence-advancedheading.kt-adv-heading157613_bf6bed-3c[data-kb-block=\"kb-adv-heading157613_bf6bed-3c\"] mark.kt-highlight{font-style:normal;color:#f76a0c;-webkit-box-decoration-break:clone;box-decoration-break:clone;padding-top:0px;padding-right:0px;padding-bottom:0px;padding-left:0px;}<\/style>\n<p class=\"kt-adv-heading157613_bf6bed-3c wp-block-kadence-advancedheading\" data-kb-block=\"kb-adv-heading157613_bf6bed-3c\">Fakultu reprezentovala deleg\u00e1cia na \u010dele s <strong>dekanom prof. MUDr. Petrom Jar\u010du\u0161kom, PhD.<\/strong>, spolu so \u0161pi\u010dkov\u00fdmi pedag\u00f3gmi a vybran\u00fdmi \u0161tudentmi. Ve\u013etrh sa konal za osobnej \u00fa\u010dasti <strong>ministra zdravotn\u00edctva SR Kamila \u0160a\u0161ka<\/strong> a <strong>ministra \u0161kolstva, v\u00fdskumu, v\u00fdvoja a ml\u00e1de\u017ee Tom\u00e1\u0161a Druckera<\/strong>, \u010d\u00edm potvrdil svoj v\u00fdznam pre bud\u00facnos\u0165 slovensk\u00e9ho zdravotn\u00edctva.<\/p>\n\n\n<style>.wp-block-kadence-advancedheading.kt-adv-heading157613_e63170-f8, .wp-block-kadence-advancedheading.kt-adv-heading157613_e63170-f8[data-kb-block=\"kb-adv-heading157613_e63170-f8\"]{font-style:normal;}.wp-block-kadence-advancedheading.kt-adv-heading157613_e63170-f8 mark.kt-highlight, .wp-block-kadence-advancedheading.kt-adv-heading157613_e63170-f8[data-kb-block=\"kb-adv-heading157613_e63170-f8\"] mark.kt-highlight{font-style:normal;color:#f76a0c;-webkit-box-decoration-break:clone;box-decoration-break:clone;padding-top:0px;padding-right:0px;padding-bottom:0px;padding-left:0px;}<\/style>\n<p class=\"kt-adv-heading157613_e63170-f8 wp-block-kadence-advancedheading\" data-kb-block=\"kb-adv-heading157613_e63170-f8\"><strong>MediFutura<\/strong> prep\u00e1ja zdravotn\u00edcke profesie, vzdel\u00e1vanie a prax a zd\u00f4raz\u0148uje, \u017ee kvalitn\u00e9 zdravotn\u00edctvo stoj\u00ed na spolupr\u00e1ci cel\u00e9ho t\u00edmu \u2013 lek\u00e1rov, sestier, p\u00f4rodn\u00fdch asistentiek, fyzioterapeutov, laborantov, z\u00e1chran\u00e1rov a \u010fal\u0161\u00edch odborn\u00edkov. Na ploche takmer 10 000 m\u00b2 sa predstavilo viac ako 100 vystavovate\u013eov zo \u0161irok\u00e9ho spektra zdravotn\u00edctva, od nemocn\u00edc a zdravotn\u00fdch pois\u0165ovn\u00ed a\u017e po vzdel\u00e1vacie in\u0161tit\u00facie a \u0161pecializovan\u00e9 pracovisk\u00e1. Program pon\u00fakol odborn\u00e9 diskusie, workshopy aj interakt\u00edvne uk\u00e1\u017eky, ktor\u00e9 n\u00e1v\u0161tevn\u00edkom pribl\u00ed\u017eili zdravotn\u00edctvo v praxi a z\u00e1rove\u0148 prepojili vzdel\u00e1vanie s re\u00e1lnym prostred\u00edm. \u0160tudentom predstavili mo\u017enosti uplatnenia na Slovensku, zatia\u013e \u010do poskytovate\u013eom zdravotnej starostlivosti umo\u017enil autenticky prezentova\u0165 svoju pr\u00e1cu a nadviaza\u0165 kontakt s bud\u00facimi odborn\u00edkmi.<\/p>\n\n\n<style>.wp-block-kadence-advancedheading.kt-adv-heading157613_ef2870-18, .wp-block-kadence-advancedheading.kt-adv-heading157613_ef2870-18[data-kb-block=\"kb-adv-heading157613_ef2870-18\"]{font-style:normal;}.wp-block-kadence-advancedheading.kt-adv-heading157613_ef2870-18 mark.kt-highlight, .wp-block-kadence-advancedheading.kt-adv-heading157613_ef2870-18[data-kb-block=\"kb-adv-heading157613_ef2870-18\"] mark.kt-highlight{font-style:normal;color:#f76a0c;-webkit-box-decoration-break:clone;box-decoration-break:clone;padding-top:0px;padding-right:0px;padding-bottom:0px;padding-left:0px;}<\/style>\n<p class=\"kt-adv-heading157613_ef2870-18 wp-block-kadence-advancedheading\" data-kb-block=\"kb-adv-heading157613_ef2870-18\">\u00da\u010das\u0165 LF UPJ\u0160 bola mimoriadne \u00faspe\u0161n\u00e1. Fakulta z\u00edskala v konkurencii mnoh\u00fdch \u00fa\u010dastn\u00edkov <strong>vynikaj\u00face 2. miesto za prezenta\u010dn\u00e9 video<\/strong>, pri\u010dom o v\u00ed\u0165azoch rozhodovali dosah a interakcie na soci\u00e1lnych sie\u0165ach. Ocenenie si z\u00e1stupcovia fakulty prevzali priamo z r\u00fak ministra zdravotn\u00edctva.<\/p>\n\n\n<style>.wp-block-kadence-advancedheading.kt-adv-heading157613_451e9b-f5, .wp-block-kadence-advancedheading.kt-adv-heading157613_451e9b-f5[data-kb-block=\"kb-adv-heading157613_451e9b-f5\"]{font-style:normal;}.wp-block-kadence-advancedheading.kt-adv-heading157613_451e9b-f5 mark.kt-highlight, .wp-block-kadence-advancedheading.kt-adv-heading157613_451e9b-f5[data-kb-block=\"kb-adv-heading157613_451e9b-f5\"] mark.kt-highlight{font-style:normal;color:#f76a0c;-webkit-box-decoration-break:clone;box-decoration-break:clone;padding-top:0px;padding-right:0px;padding-bottom:0px;padding-left:0px;}<\/style>\n<p class=\"kt-adv-heading157613_451e9b-f5 wp-block-kadence-advancedheading\" data-kb-block=\"kb-adv-heading157613_451e9b-f5\">V\u00fdznamn\u00fd individu\u00e1lny \u00faspech zaznamenala aj <strong>Mgr. Tatiana Ma\u010farov\u00e1, MPH<\/strong>, ktor\u00e1 bola ocenen\u00e1 <strong>Cenou ministra zdravotn\u00edctva SR<\/strong>. Tatiana Ma\u010farov\u00e1 p\u00f4sob\u00ed ako ved\u00faca sestra na Klinike anest\u00e9ziol\u00f3gie a intenz\u00edvnej medic\u00edny a z\u00e1rove\u0148 pracuje ako perfuziologi\u010dka vo V\u00daSCH. Na \u00dastave o\u0161etrovate\u013estva LF UPJ\u0160 sa podie\u013ea na vzdel\u00e1van\u00ed bud\u00facich sestier ako lektorka, je garantkou certifika\u010dn\u00e9ho programu ECMO a pripravovan\u00e9ho \u0161pecializa\u010dn\u00e9ho \u0161tudijn\u00e9ho programu v odbore perfuziol\u00f3gia. Jej profesion\u00e1lny pr\u00edstup, odbornos\u0165 a \u013eudskos\u0165 s\u00fa ka\u017edodennou s\u00fa\u010das\u0165ou starostlivosti o pacientov. Toto ocenenie je zasl\u00fa\u017een\u00fdm uznan\u00edm jej pr\u00e1ce, ako aj pr\u00e1ce cel\u00e9ho o\u0161etrovate\u013esk\u00e9ho t\u00edmu.<\/p>\n\n\n<style>.wp-block-kadence-advancedheading.kt-adv-heading157613_95c22d-9b, .wp-block-kadence-advancedheading.kt-adv-heading157613_95c22d-9b[data-kb-block=\"kb-adv-heading157613_95c22d-9b\"]{font-style:normal;}.wp-block-kadence-advancedheading.kt-adv-heading157613_95c22d-9b mark.kt-highlight, .wp-block-kadence-advancedheading.kt-adv-heading157613_95c22d-9b[data-kb-block=\"kb-adv-heading157613_95c22d-9b\"] mark.kt-highlight{font-style:normal;color:#f76a0c;-webkit-box-decoration-break:clone;box-decoration-break:clone;padding-top:0px;padding-right:0px;padding-bottom:0px;padding-left:0px;}<\/style>\n<p class=\"kt-adv-heading157613_95c22d-9b wp-block-kadence-advancedheading\" data-kb-block=\"kb-adv-heading157613_95c22d-9b\"><em>\u201eSme hrd\u00ed, \u017ee sme mohli by\u0165 s\u00fa\u010das\u0165ou podujatia, ktor\u00e9 akt\u00edvne formuje bud\u00facnos\u0165 zdravotn\u00edctva na Slovensku, a z\u00e1rove\u0148 n\u00e1s te\u0161\u00ed uznanie, ktor\u00e9 sme z\u00edskali,\u201c<\/em> uviedli z\u00e1stupcovia fakulty.<\/p>\n\n\n<style>.wp-block-kadence-advancedheading.kt-adv-heading157613_564cf2-4e, .wp-block-kadence-advancedheading.kt-adv-heading157613_564cf2-4e[data-kb-block=\"kb-adv-heading157613_564cf2-4e\"]{font-style:normal;}.wp-block-kadence-advancedheading.kt-adv-heading157613_564cf2-4e mark.kt-highlight, .wp-block-kadence-advancedheading.kt-adv-heading157613_564cf2-4e[data-kb-block=\"kb-adv-heading157613_564cf2-4e\"] mark.kt-highlight{font-style:normal;color:#f76a0c;-webkit-box-decoration-break:clone;box-decoration-break:clone;padding-top:0px;padding-right:0px;padding-bottom:0px;padding-left:0px;}<\/style>\n<p class=\"kt-adv-heading157613_564cf2-4e wp-block-kadence-advancedheading\" data-kb-block=\"kb-adv-heading157613_564cf2-4e\"><strong>Lek\u00e1rska fakulta UPJ\u0160 v Ko\u0161iciach<\/strong> tak op\u00e4tovne potvrdila svoje v\u00fdznamn\u00e9 postavenie vo vzdel\u00e1van\u00ed zdravotn\u00edckych profesion\u00e1lov a akt\u00edvnu \u00falohu pri rozvoji modern\u00e9ho zdravotn\u00edctva.<\/p>\n\n\n<style>.wp-block-kadence-advancedheading.kt-adv-heading157613_548ad4-ea, .wp-block-kadence-advancedheading.kt-adv-heading157613_548ad4-ea[data-kb-block=\"kb-adv-heading157613_548ad4-ea\"]{font-style:normal;}.wp-block-kadence-advancedheading.kt-adv-heading157613_548ad4-ea mark.kt-highlight, .wp-block-kadence-advancedheading.kt-adv-heading157613_548ad4-ea[data-kb-block=\"kb-adv-heading157613_548ad4-ea\"] mark.kt-highlight{font-style:normal;color:#f76a0c;-webkit-box-decoration-break:clone;box-decoration-break:clone;padding-top:0px;padding-right:0px;padding-bottom:0px;padding-left:0px;}<\/style>\n<p class=\"kt-adv-heading157613_548ad4-ea wp-block-kadence-advancedheading\" data-kb-block=\"kb-adv-heading157613_548ad4-ea\"><\/p>\n\n\n<style>.wp-block-kadence-advancedheading.kt-adv-heading157613_18801b-d0, .wp-block-kadence-advancedheading.kt-adv-heading157613_18801b-d0[data-kb-block=\"kb-adv-heading157613_18801b-d0\"]{font-style:normal;}.wp-block-kadence-advancedheading.kt-adv-heading157613_18801b-d0 mark.kt-highlight, .wp-block-kadence-advancedheading.kt-adv-heading157613_18801b-d0[data-kb-block=\"kb-adv-heading157613_18801b-d0\"] mark.kt-highlight{font-style:normal;color:#f76a0c;-webkit-box-decoration-break:clone;box-decoration-break:clone;padding-top:0px;padding-right:0px;padding-bottom:0px;padding-left:0px;}<\/style>\n<p class=\"kt-adv-heading157613_18801b-d0 wp-block-kadence-advancedheading\" data-kb-block=\"kb-adv-heading157613_18801b-d0\"><\/p>\n\n\n<style>.wp-block-kadence-advancedheading.kt-adv-heading157613_ceb061-c3, .wp-block-kadence-advancedheading.kt-adv-heading157613_ceb061-c3[data-kb-block=\"kb-adv-heading157613_ceb061-c3\"]{font-style:normal;}.wp-block-kadence-advancedheading.kt-adv-heading157613_ceb061-c3 mark.kt-highlight, .wp-block-kadence-advancedheading.kt-adv-heading157613_ceb061-c3[data-kb-block=\"kb-adv-heading157613_ceb061-c3\"] mark.kt-highlight{font-style:normal;color:#f76a0c;-webkit-box-decoration-break:clone;box-decoration-break:clone;padding-top:0px;padding-right:0px;padding-bottom:0px;padding-left:0px;}<\/style>\n<p class=\"kt-adv-heading157613_ceb061-c3 wp-block-kadence-advancedheading\" data-kb-block=\"kb-adv-heading157613_ceb061-c3\"><\/p>\n","protected":false},"excerpt":{"rendered":"<p>Lek\u00e1rska fakulta UPJ\u0160 v Ko\u0161iciach sa akt\u00edvne z\u00fa\u010dastnila prest\u00ed\u017eneho podujatia MediFutura II. \u2013 Tvoja bud\u00facnos\u0165 je na Slovensku, ktor\u00e9 sa konalo 23. apr\u00edla 2026 v Bratislave pod z\u00e1\u0161titou Ministerstva zdravotn\u00edctva Slovenskej republiky. Fakultu reprezentovala deleg\u00e1cia na \u010dele s dekanom prof. MUDr. Petrom Jar\u010du\u0161kom, PhD., spolu so \u0161pi\u010dkov\u00fdmi pedag\u00f3gmi a vybran\u00fdmi \u0161tudentmi. Ve\u013etrh sa konal za &hellip; <a href=\"https:\/\/www.upjs.sk\/lekarska-fakulta\/actuality\/lf-upjs-uspesne-reprezentovala-na-veltrhu-medifutura-ii\/\">\u010c\u00edta\u0165 \u010falej<\/a><\/p>\n","protected":false},"author":97,"featured_media":157623,"template":"","meta":{"_acf_changed":false,"_editorskit_title_hidden":false,"_editorskit_reading_time":0,"_editorskit_is_block_options_detached":false,"_editorskit_block_options_position":"{}","footnotes":""},"categories":[],"tags":[],"tax_aktuality":[],"class_list":["post-157613","cpt_aktuality","type-cpt_aktuality","status-publish","has-post-thumbnail","hentry"],"acf":{"acf_link_na_externy_obsah":"","poradie_clanku":""},"yoast_head":"<!-- This site is optimized with the Yoast SEO plugin v27.4 - https:\/\/yoast.com\/product\/yoast-seo-wordpress\/ -->\n<title>LF UPJ\u0160 \u00faspe\u0161ne reprezentovala na ve\u013etrhu MediFutura II. - Lek\u00e1rska fakulta | UPJ\u0160<\/title>\n<meta name=\"robots\" content=\"index, follow, max-snippet:-1, max-image-preview:large, max-video-preview:-1\" \/>\n<link rel=\"canonical\" href=\"https:\/\/www.upjs.sk\/lekarska-fakulta\/actuality\/lf-upjs-uspesne-reprezentovala-na-veltrhu-medifutura-ii\/\" \/>\n<meta property=\"og:locale\" content=\"sk_SK\" \/>\n<meta property=\"og:type\" content=\"article\" \/>\n<meta property=\"og:title\" content=\"LF UPJ\u0160 \u00faspe\u0161ne reprezentovala na ve\u013etrhu MediFutura II. - Lek\u00e1rska fakulta | UPJ\u0160\" \/>\n<meta property=\"og:description\" content=\"Lek\u00e1rska fakulta UPJ\u0160 v Ko\u0161iciach sa akt\u00edvne z\u00fa\u010dastnila prest\u00ed\u017eneho podujatia MediFutura II. \u2013 Tvoja bud\u00facnos\u0165 je na Slovensku, ktor\u00e9 sa konalo 23. apr\u00edla 2026 v Bratislave pod z\u00e1\u0161titou Ministerstva zdravotn\u00edctva Slovenskej republiky. Fakultu reprezentovala deleg\u00e1cia na \u010dele s dekanom prof. MUDr. Petrom Jar\u010du\u0161kom, PhD., spolu so \u0161pi\u010dkov\u00fdmi pedag\u00f3gmi a vybran\u00fdmi \u0161tudentmi. Ve\u013etrh sa konal za &hellip; \u010c\u00edta\u0165 \u010falej\" \/>\n<meta property=\"og:url\" content=\"https:\/\/www.upjs.sk\/lekarska-fakulta\/actuality\/lf-upjs-uspesne-reprezentovala-na-veltrhu-medifutura-ii\/\" \/>\n<meta property=\"og:site_name\" content=\"Lek\u00e1rska fakulta | UPJ\u0160\" \/>\n<meta property=\"article:modified_time\" content=\"2026-04-27T10:23:32+00:00\" \/>\n<meta property=\"og:image\" content=\"https:\/\/www.upjs.sk\/app\/uploads\/sites\/9\/2026\/04\/Snimka-obrazovky-2026-04-27-122139.jpg\" \/>\n\t<meta property=\"og:image:width\" content=\"1182\" \/>\n\t<meta property=\"og:image:height\" content=\"882\" \/>\n\t<meta property=\"og:image:type\" content=\"image\/jpeg\" \/>\n<meta name=\"twitter:card\" content=\"summary_large_image\" \/>\n<meta name=\"twitter:label1\" content=\"Predpokladan\u00fd \u010das \u010d\u00edtania\" \/>\n\t<meta name=\"twitter:data1\" content=\"3 min\u00faty\" \/>\n<script type=\"application\/ld+json\" class=\"yoast-schema-graph\">{\"@context\":\"https:\\\/\\\/schema.org\",\"@graph\":[{\"@type\":\"WebPage\",\"@id\":\"https:\\\/\\\/www.upjs.sk\\\/lekarska-fakulta\\\/actuality\\\/lf-upjs-uspesne-reprezentovala-na-veltrhu-medifutura-ii\\\/\",\"url\":\"https:\\\/\\\/www.upjs.sk\\\/lekarska-fakulta\\\/actuality\\\/lf-upjs-uspesne-reprezentovala-na-veltrhu-medifutura-ii\\\/\",\"name\":\"LF UPJ\u0160 \u00faspe\u0161ne reprezentovala na ve\u013etrhu MediFutura II. - Lek\u00e1rska fakulta | UPJ\u0160\",\"isPartOf\":{\"@id\":\"https:\\\/\\\/www.upjs.sk\\\/lekarska-fakulta\\\/#website\"},\"primaryImageOfPage\":{\"@id\":\"https:\\\/\\\/www.upjs.sk\\\/lekarska-fakulta\\\/actuality\\\/lf-upjs-uspesne-reprezentovala-na-veltrhu-medifutura-ii\\\/#primaryimage\"},\"image\":{\"@id\":\"https:\\\/\\\/www.upjs.sk\\\/lekarska-fakulta\\\/actuality\\\/lf-upjs-uspesne-reprezentovala-na-veltrhu-medifutura-ii\\\/#primaryimage\"},\"thumbnailUrl\":\"https:\\\/\\\/www.upjs.sk\\\/app\\\/uploads\\\/sites\\\/9\\\/2026\\\/04\\\/Snimka-obrazovky-2026-04-27-122139.jpg\",\"datePublished\":\"2026-04-27T10:23:30+00:00\",\"dateModified\":\"2026-04-27T10:23:32+00:00\",\"breadcrumb\":{\"@id\":\"https:\\\/\\\/www.upjs.sk\\\/lekarska-fakulta\\\/actuality\\\/lf-upjs-uspesne-reprezentovala-na-veltrhu-medifutura-ii\\\/#breadcrumb\"},\"inLanguage\":\"sk-SK\",\"potentialAction\":[{\"@type\":\"ReadAction\",\"target\":[\"https:\\\/\\\/www.upjs.sk\\\/lekarska-fakulta\\\/actuality\\\/lf-upjs-uspesne-reprezentovala-na-veltrhu-medifutura-ii\\\/\"]}]},{\"@type\":\"ImageObject\",\"inLanguage\":\"sk-SK\",\"@id\":\"https:\\\/\\\/www.upjs.sk\\\/lekarska-fakulta\\\/actuality\\\/lf-upjs-uspesne-reprezentovala-na-veltrhu-medifutura-ii\\\/#primaryimage\",\"url\":\"https:\\\/\\\/www.upjs.sk\\\/app\\\/uploads\\\/sites\\\/9\\\/2026\\\/04\\\/Snimka-obrazovky-2026-04-27-122139.jpg\",\"contentUrl\":\"https:\\\/\\\/www.upjs.sk\\\/app\\\/uploads\\\/sites\\\/9\\\/2026\\\/04\\\/Snimka-obrazovky-2026-04-27-122139.jpg\",\"width\":1182,\"height\":882},{\"@type\":\"BreadcrumbList\",\"@id\":\"https:\\\/\\\/www.upjs.sk\\\/lekarska-fakulta\\\/actuality\\\/lf-upjs-uspesne-reprezentovala-na-veltrhu-medifutura-ii\\\/#breadcrumb\",\"itemListElement\":[{\"@type\":\"ListItem\",\"position\":1,\"name\":\"Home\",\"item\":\"https:\\\/\\\/www.upjs.sk\\\/lekarska-fakulta\\\/\"},{\"@type\":\"ListItem\",\"position\":2,\"name\":\"Aktuality\",\"item\":\"https:\\\/\\\/www.upjs.sk\\\/lekarska-fakulta\\\/actuality\\\/\"},{\"@type\":\"ListItem\",\"position\":3,\"name\":\"LF UPJ\u0160 \u00faspe\u0161ne reprezentovala na ve\u013etrhu MediFutura II.\"}]},{\"@type\":\"WebSite\",\"@id\":\"https:\\\/\\\/www.upjs.sk\\\/lekarska-fakulta\\\/#website\",\"url\":\"https:\\\/\\\/www.upjs.sk\\\/lekarska-fakulta\\\/\",\"name\":\"Lek\u00e1rska fakulta | UPJ\u0160\",\"description\":\"\",\"publisher\":{\"@id\":\"https:\\\/\\\/www.upjs.sk\\\/lekarska-fakulta\\\/#organization\"},\"potentialAction\":[{\"@type\":\"SearchAction\",\"target\":{\"@type\":\"EntryPoint\",\"urlTemplate\":\"https:\\\/\\\/www.upjs.sk\\\/lekarska-fakulta\\\/?s={search_term_string}\"},\"query-input\":{\"@type\":\"PropertyValueSpecification\",\"valueRequired\":true,\"valueName\":\"search_term_string\"}}],\"inLanguage\":\"sk-SK\"},{\"@type\":\"Organization\",\"@id\":\"https:\\\/\\\/www.upjs.sk\\\/lekarska-fakulta\\\/#organization\",\"name\":\"Lek\u00e1rska fakulta | UPJ\u0160\",\"url\":\"https:\\\/\\\/www.upjs.sk\\\/lekarska-fakulta\\\/\",\"logo\":{\"@type\":\"ImageObject\",\"inLanguage\":\"sk-SK\",\"@id\":\"https:\\\/\\\/www.upjs.sk\\\/lekarska-fakulta\\\/#\\\/schema\\\/logo\\\/image\\\/\",\"url\":\"https:\\\/\\\/www.upjs.sk\\\/app\\\/uploads\\\/sites\\\/9\\\/2022\\\/09\\\/logo-lekarska-fakulta.png\",\"contentUrl\":\"https:\\\/\\\/www.upjs.sk\\\/app\\\/uploads\\\/sites\\\/9\\\/2022\\\/09\\\/logo-lekarska-fakulta.png\",\"width\":415,\"height\":87,\"caption\":\"Lek\u00e1rska fakulta | UPJ\u0160\"},\"image\":{\"@id\":\"https:\\\/\\\/www.upjs.sk\\\/lekarska-fakulta\\\/#\\\/schema\\\/logo\\\/image\\\/\"}}]}<\/script>\n<!-- \/ Yoast SEO plugin. -->","yoast_head_json":{"title":"LF UPJ\u0160 \u00faspe\u0161ne reprezentovala na ve\u013etrhu MediFutura II. - Lek\u00e1rska fakulta | UPJ\u0160","robots":{"index":"index","follow":"follow","max-snippet":"max-snippet:-1","max-image-preview":"max-image-preview:large","max-video-preview":"max-video-preview:-1"},"canonical":"https:\/\/www.upjs.sk\/lekarska-fakulta\/actuality\/lf-upjs-uspesne-reprezentovala-na-veltrhu-medifutura-ii\/","og_locale":"sk_SK","og_type":"article","og_title":"LF UPJ\u0160 \u00faspe\u0161ne reprezentovala na ve\u013etrhu MediFutura II. - Lek\u00e1rska fakulta | UPJ\u0160","og_description":"Lek\u00e1rska fakulta UPJ\u0160 v Ko\u0161iciach sa akt\u00edvne z\u00fa\u010dastnila prest\u00ed\u017eneho podujatia MediFutura II. \u2013 Tvoja bud\u00facnos\u0165 je na Slovensku, ktor\u00e9 sa konalo 23. apr\u00edla 2026 v Bratislave pod z\u00e1\u0161titou Ministerstva zdravotn\u00edctva Slovenskej republiky. Fakultu reprezentovala deleg\u00e1cia na \u010dele s dekanom prof. MUDr. Petrom Jar\u010du\u0161kom, PhD., spolu so \u0161pi\u010dkov\u00fdmi pedag\u00f3gmi a vybran\u00fdmi \u0161tudentmi. Ve\u013etrh sa konal za &hellip; \u010c\u00edta\u0165 \u010falej","og_url":"https:\/\/www.upjs.sk\/lekarska-fakulta\/actuality\/lf-upjs-uspesne-reprezentovala-na-veltrhu-medifutura-ii\/","og_site_name":"Lek\u00e1rska fakulta | UPJ\u0160","article_modified_time":"2026-04-27T10:23:32+00:00","og_image":[{"width":1182,"height":882,"url":"https:\/\/www.upjs.sk\/app\/uploads\/sites\/9\/2026\/04\/Snimka-obrazovky-2026-04-27-122139.jpg","type":"image\/jpeg"}],"twitter_card":"summary_large_image","twitter_misc":{"Predpokladan\u00fd \u010das \u010d\u00edtania":"3 min\u00faty"},"schema":{"@context":"https:\/\/schema.org","@graph":[{"@type":"WebPage","@id":"https:\/\/www.upjs.sk\/lekarska-fakulta\/actuality\/lf-upjs-uspesne-reprezentovala-na-veltrhu-medifutura-ii\/","url":"https:\/\/www.upjs.sk\/lekarska-fakulta\/actuality\/lf-upjs-uspesne-reprezentovala-na-veltrhu-medifutura-ii\/","name":"LF UPJ\u0160 \u00faspe\u0161ne reprezentovala na ve\u013etrhu MediFutura II. - Lek\u00e1rska fakulta | UPJ\u0160","isPartOf":{"@id":"https:\/\/www.upjs.sk\/lekarska-fakulta\/#website"},"primaryImageOfPage":{"@id":"https:\/\/www.upjs.sk\/lekarska-fakulta\/actuality\/lf-upjs-uspesne-reprezentovala-na-veltrhu-medifutura-ii\/#primaryimage"},"image":{"@id":"https:\/\/www.upjs.sk\/lekarska-fakulta\/actuality\/lf-upjs-uspesne-reprezentovala-na-veltrhu-medifutura-ii\/#primaryimage"},"thumbnailUrl":"https:\/\/www.upjs.sk\/app\/uploads\/sites\/9\/2026\/04\/Snimka-obrazovky-2026-04-27-122139.jpg","datePublished":"2026-04-27T10:23:30+00:00","dateModified":"2026-04-27T10:23:32+00:00","breadcrumb":{"@id":"https:\/\/www.upjs.sk\/lekarska-fakulta\/actuality\/lf-upjs-uspesne-reprezentovala-na-veltrhu-medifutura-ii\/#breadcrumb"},"inLanguage":"sk-SK","potentialAction":[{"@type":"ReadAction","target":["https:\/\/www.upjs.sk\/lekarska-fakulta\/actuality\/lf-upjs-uspesne-reprezentovala-na-veltrhu-medifutura-ii\/"]}]},{"@type":"ImageObject","inLanguage":"sk-SK","@id":"https:\/\/www.upjs.sk\/lekarska-fakulta\/actuality\/lf-upjs-uspesne-reprezentovala-na-veltrhu-medifutura-ii\/#primaryimage","url":"https:\/\/www.upjs.sk\/app\/uploads\/sites\/9\/2026\/04\/Snimka-obrazovky-2026-04-27-122139.jpg","contentUrl":"https:\/\/www.upjs.sk\/app\/uploads\/sites\/9\/2026\/04\/Snimka-obrazovky-2026-04-27-122139.jpg","width":1182,"height":882},{"@type":"BreadcrumbList","@id":"https:\/\/www.upjs.sk\/lekarska-fakulta\/actuality\/lf-upjs-uspesne-reprezentovala-na-veltrhu-medifutura-ii\/#breadcrumb","itemListElement":[{"@type":"ListItem","position":1,"name":"Home","item":"https:\/\/www.upjs.sk\/lekarska-fakulta\/"},{"@type":"ListItem","position":2,"name":"Aktuality","item":"https:\/\/www.upjs.sk\/lekarska-fakulta\/actuality\/"},{"@type":"ListItem","position":3,"name":"LF UPJ\u0160 \u00faspe\u0161ne reprezentovala na ve\u013etrhu MediFutura II."}]},{"@type":"WebSite","@id":"https:\/\/www.upjs.sk\/lekarska-fakulta\/#website","url":"https:\/\/www.upjs.sk\/lekarska-fakulta\/","name":"Lek\u00e1rska fakulta | UPJ\u0160","description":"","publisher":{"@id":"https:\/\/www.upjs.sk\/lekarska-fakulta\/#organization"},"potentialAction":[{"@type":"SearchAction","target":{"@type":"EntryPoint","urlTemplate":"https:\/\/www.upjs.sk\/lekarska-fakulta\/?s={search_term_string}"},"query-input":{"@type":"PropertyValueSpecification","valueRequired":true,"valueName":"search_term_string"}}],"inLanguage":"sk-SK"},{"@type":"Organization","@id":"https:\/\/www.upjs.sk\/lekarska-fakulta\/#organization","name":"Lek\u00e1rska fakulta | UPJ\u0160","url":"https:\/\/www.upjs.sk\/lekarska-fakulta\/","logo":{"@type":"ImageObject","inLanguage":"sk-SK","@id":"https:\/\/www.upjs.sk\/lekarska-fakulta\/#\/schema\/logo\/image\/","url":"https:\/\/www.upjs.sk\/app\/uploads\/sites\/9\/2022\/09\/logo-lekarska-fakulta.png","contentUrl":"https:\/\/www.upjs.sk\/app\/uploads\/sites\/9\/2022\/09\/logo-lekarska-fakulta.png","width":415,"height":87,"caption":"Lek\u00e1rska fakulta | UPJ\u0160"},"image":{"@id":"https:\/\/www.upjs.sk\/lekarska-fakulta\/#\/schema\/logo\/image\/"}}]}},"_links":{"self":[{"href":"https:\/\/www.upjs.sk\/lekarska-fakulta\/wp-json\/wp\/v2\/cpt_aktuality\/157613","targetHints":{"allow":["GET"]}}],"collection":[{"href":"https:\/\/www.upjs.sk\/lekarska-fakulta\/wp-json\/wp\/v2\/cpt_aktuality"}],"about":[{"href":"https:\/\/www.upjs.sk\/lekarska-fakulta\/wp-json\/wp\/v2\/types\/cpt_aktuality"}],"author":[{"embeddable":true,"href":"https:\/\/www.upjs.sk\/lekarska-fakulta\/wp-json\/wp\/v2\/users\/97"}],"version-history":[{"count":1,"href":"https:\/\/www.upjs.sk\/lekarska-fakulta\/wp-json\/wp\/v2\/cpt_aktuality\/157613\/revisions"}],"predecessor-version":[{"id":157632,"href":"https:\/\/www.upjs.sk\/lekarska-fakulta\/wp-json\/wp\/v2\/cpt_aktuality\/157613\/revisions\/157632"}],"wp:featuredmedia":[{"embeddable":true,"href":"https:\/\/www.upjs.sk\/lekarska-fakulta\/wp-json\/wp\/v2\/media\/157623"}],"wp:attachment":[{"href":"https:\/\/www.upjs.sk\/lekarska-fakulta\/wp-json\/wp\/v2\/media?parent=157613"}],"wp:term":[{"taxonomy":"category","embeddable":true,"href":"https:\/\/www.upjs.sk\/lekarska-fakulta\/wp-json\/wp\/v2\/categories?post=157613"},{"taxonomy":"post_tag","embeddable":true,"href":"https:\/\/www.upjs.sk\/lekarska-fakulta\/wp-json\/wp\/v2\/tags?post=157613"},{"taxonomy":"tax_aktuality","embeddable":true,"href":"https:\/\/www.upjs.sk\/lekarska-fakulta\/wp-json\/wp\/v2\/tax_aktuality?post=157613"}],"curies":[{"name":"wp","href":"https:\/\/api.w.org\/{rel}","templated":true}]}}