{"id":162525,"date":"2026-08-31T09:55:54","date_gmt":"2026-08-31T08:55:54","guid":{"rendered":"https:\/\/www.upjs.sk\/lekarska-fakulta\/?post_type=cpt_aktuality&#038;p=162525"},"modified":"2026-08-31T09:55:56","modified_gmt":"2026-08-31T08:55:56","slug":"letna-skola-reumatologie-spojila-buducich-lekarov-z-celeho-slovenska","status":"publish","type":"cpt_aktuality","link":"https:\/\/www.upjs.sk\/lekarska-fakulta\/actuality\/letna-skola-reumatologie-spojila-buducich-lekarov-z-celeho-slovenska\/","title":{"rendered":"Letn\u00e1 \u0161kola reumatol\u00f3gie spojila bud\u00facich lek\u00e1rov z cel\u00e9ho Slovenska"},"content":{"rendered":"<style>.wp-block-kadence-advancedheading.kt-adv-heading162525_1fff19-25_0, .wp-block-kadence-advancedheading.kt-adv-heading162525_1fff19-25_0[data-kb-block=\"kb-adv-heading162525_1fff19-25_0\"]{font-style:normal;}.wp-block-kadence-advancedheading.kt-adv-heading162525_1fff19-25_0 mark.kt-highlight, .wp-block-kadence-advancedheading.kt-adv-heading162525_1fff19-25_0[data-kb-block=\"kb-adv-heading162525_1fff19-25_0\"] mark.kt-highlight{font-style:normal;color:#f76a0c;-webkit-box-decoration-break:clone;box-decoration-break:clone;padding-top:0px;padding-right:0px;padding-bottom:0px;padding-left:0px;}.wp-block-kadence-advancedheading.kt-adv-heading162525_1fff19-25_0 img.kb-inline-image, .wp-block-kadence-advancedheading.kt-adv-heading162525_1fff19-25_0[data-kb-block=\"kb-adv-heading162525_1fff19-25_0\"] img.kb-inline-image{width:150px;vertical-align:baseline;}<\/style>\n<p class=\"kt-adv-heading162525_1fff19-25_0 wp-block-kadence-advancedheading\" data-kb-block=\"kb-adv-heading162525_1fff19-25_0\">V d\u0148och 27. \u2013 29. augusta 2026 sa v Tatransk\u00fdch Matliaroch uskuto\u010dnil <strong>2. ro\u010dn\u00edk Letnej \u0161koly reumatol\u00f3gie<\/strong>. Podujatie, ktor\u00e9 sa konalo pod organiza\u010dn\u00fdm veden\u00edm <strong>Slovenskej reumatologickej spolo\u010dnosti<\/strong> a odbornou garanciou <strong>prof. MUDr. \u017delm\u00edry Macejovej, PhD.<\/strong>, spojilo 35 \u0161tudentov medic\u00edny z cel\u00e9ho Slovenska so sk\u00fasen\u00fdmi odborn\u00edkmi z oblasti reumatol\u00f3gie.<\/p>\n\n\n<style>.wp-block-kadence-advancedheading.kt-adv-heading162525_1fff19-25_1, .wp-block-kadence-advancedheading.kt-adv-heading162525_1fff19-25_1[data-kb-block=\"kb-adv-heading162525_1fff19-25_1\"]{font-style:normal;}.wp-block-kadence-advancedheading.kt-adv-heading162525_1fff19-25_1 mark.kt-highlight, .wp-block-kadence-advancedheading.kt-adv-heading162525_1fff19-25_1[data-kb-block=\"kb-adv-heading162525_1fff19-25_1\"] mark.kt-highlight{font-style:normal;color:#f76a0c;-webkit-box-decoration-break:clone;box-decoration-break:clone;padding-top:0px;padding-right:0px;padding-bottom:0px;padding-left:0px;}.wp-block-kadence-advancedheading.kt-adv-heading162525_1fff19-25_1 img.kb-inline-image, .wp-block-kadence-advancedheading.kt-adv-heading162525_1fff19-25_1[data-kb-block=\"kb-adv-heading162525_1fff19-25_1\"] img.kb-inline-image{width:150px;vertical-align:baseline;}<\/style>\n<p class=\"kt-adv-heading162525_1fff19-25_1 wp-block-kadence-advancedheading\" data-kb-block=\"kb-adv-heading162525_1fff19-25_1\">Po\u010das troch dn\u00ed mali \u00fa\u010dastn\u00edci mo\u017enos\u0165 roz\u0161\u00edri\u0165 si svoje vedomosti o diagnostike a lie\u010dbe reumatick\u00fdch ochoren\u00ed a z\u00e1rove\u0148 sa obozn\u00e1mi\u0165 s praktickou str\u00e1nkou odboru. Program zah\u0155\u0148al odborn\u00e9 predn\u00e1\u0161ky, interakt\u00edvne workshopy a n\u00e1cvik vybran\u00fdch vy\u0161etrovac\u00edch a diagnostick\u00fdch met\u00f3d. \u0160tudenti si mohli vysk\u00fa\u0161a\u0165 ultrasonografick\u00e9 vy\u0161etrenie k\u013abov, punkcie k\u013abov na simul\u00e1toroch, kapilaroskopiu \u010di praktick\u00e9 vy\u0161etrenie pacienta.<\/p>\n\n\n<style>.wp-block-kadence-advancedheading.kt-adv-heading162525_1fff19-25_2, .wp-block-kadence-advancedheading.kt-adv-heading162525_1fff19-25_2[data-kb-block=\"kb-adv-heading162525_1fff19-25_2\"]{font-style:normal;}.wp-block-kadence-advancedheading.kt-adv-heading162525_1fff19-25_2 mark.kt-highlight, .wp-block-kadence-advancedheading.kt-adv-heading162525_1fff19-25_2[data-kb-block=\"kb-adv-heading162525_1fff19-25_2\"] mark.kt-highlight{font-style:normal;color:#f76a0c;-webkit-box-decoration-break:clone;box-decoration-break:clone;padding-top:0px;padding-right:0px;padding-bottom:0px;padding-left:0px;}.wp-block-kadence-advancedheading.kt-adv-heading162525_1fff19-25_2 img.kb-inline-image, .wp-block-kadence-advancedheading.kt-adv-heading162525_1fff19-25_2[data-kb-block=\"kb-adv-heading162525_1fff19-25_2\"] img.kb-inline-image{width:150px;vertical-align:baseline;}<\/style>\n<p class=\"kt-adv-heading162525_1fff19-25_2 wp-block-kadence-advancedheading\" data-kb-block=\"kb-adv-heading162525_1fff19-25_2\">D\u00f4le\u017eitou s\u00fa\u010das\u0165ou podujatia boli aj diskusie s odborn\u00edkmi z klinickej praxe, ktor\u00e9 \u0161tudentom umo\u017enili z\u00edska\u0165 bli\u017e\u0161\u00ed poh\u013ead na ka\u017edodenn\u00fa pr\u00e1cu reumatol\u00f3ga, mo\u017enosti \u010fal\u0161ieho profesijn\u00e9ho rozvoja a aktu\u00e1lne trendy v odbore. Letn\u00e1 \u0161kola tak vytvorila priestor nielen na vzdel\u00e1vanie, ale aj na v\u00fdmenu sk\u00fasenost\u00ed a nadv\u00e4zovanie odborn\u00fdch kontaktov.<\/p>\n\n\n<style>.wp-block-kadence-advancedheading.kt-adv-heading162525_1fff19-25_3, .wp-block-kadence-advancedheading.kt-adv-heading162525_1fff19-25_3[data-kb-block=\"kb-adv-heading162525_1fff19-25_3\"]{font-style:normal;}.wp-block-kadence-advancedheading.kt-adv-heading162525_1fff19-25_3 mark.kt-highlight, .wp-block-kadence-advancedheading.kt-adv-heading162525_1fff19-25_3[data-kb-block=\"kb-adv-heading162525_1fff19-25_3\"] mark.kt-highlight{font-style:normal;color:#f76a0c;-webkit-box-decoration-break:clone;box-decoration-break:clone;padding-top:0px;padding-right:0px;padding-bottom:0px;padding-left:0px;}.wp-block-kadence-advancedheading.kt-adv-heading162525_1fff19-25_3 img.kb-inline-image, .wp-block-kadence-advancedheading.kt-adv-heading162525_1fff19-25_3[data-kb-block=\"kb-adv-heading162525_1fff19-25_3\"] img.kb-inline-image{width:150px;vertical-align:baseline;}<\/style>\n<p class=\"kt-adv-heading162525_1fff19-25_3 wp-block-kadence-advancedheading\" data-kb-block=\"kb-adv-heading162525_1fff19-25_3\">Cie\u013eom je predstavi\u0165 mlad\u00fdm \u013eu\u010fom odbor, ktor\u00fd sp\u00e1ja klinick\u00e9 myslenie, modern\u00e9 diagnostick\u00e9 a lie\u010debn\u00e9 postupy, vedeck\u00fa pr\u00e1cu i dlhodob\u00fa starostlivos\u0165 o pacientov. Druh\u00fd ro\u010dn\u00edk podujatia potvrdil z\u00e1ujem \u0161tudentov o reumatol\u00f3giu a v\u00fdznam podobn\u00fdch vzdel\u00e1vac\u00edch aktiv\u00edt pri formovan\u00ed bud\u00facej gener\u00e1cie lek\u00e1rov.<\/p>\n\n\n<style>.wp-block-kadence-advancedheading.kt-adv-heading162525_c1bbed-d1, .wp-block-kadence-advancedheading.kt-adv-heading162525_c1bbed-d1[data-kb-block=\"kb-adv-heading162525_c1bbed-d1\"]{font-style:normal;}.wp-block-kadence-advancedheading.kt-adv-heading162525_c1bbed-d1 mark.kt-highlight, .wp-block-kadence-advancedheading.kt-adv-heading162525_c1bbed-d1[data-kb-block=\"kb-adv-heading162525_c1bbed-d1\"] mark.kt-highlight{font-style:normal;color:#f76a0c;-webkit-box-decoration-break:clone;box-decoration-break:clone;padding-top:0px;padding-right:0px;padding-bottom:0px;padding-left:0px;}.wp-block-kadence-advancedheading.kt-adv-heading162525_c1bbed-d1 img.kb-inline-image, .wp-block-kadence-advancedheading.kt-adv-heading162525_c1bbed-d1[data-kb-block=\"kb-adv-heading162525_c1bbed-d1\"] img.kb-inline-image{width:150px;vertical-align:baseline;}<\/style>\n<p class=\"kt-adv-heading162525_c1bbed-d1 wp-block-kadence-advancedheading\" data-kb-block=\"kb-adv-heading162525_c1bbed-d1\"><\/p>\n\n\n<style>.wp-block-kadence-advancedheading.kt-adv-heading162525_4ef2ed-da, .wp-block-kadence-advancedheading.kt-adv-heading162525_4ef2ed-da[data-kb-block=\"kb-adv-heading162525_4ef2ed-da\"]{font-style:normal;}.wp-block-kadence-advancedheading.kt-adv-heading162525_4ef2ed-da mark.kt-highlight, .wp-block-kadence-advancedheading.kt-adv-heading162525_4ef2ed-da[data-kb-block=\"kb-adv-heading162525_4ef2ed-da\"] mark.kt-highlight{font-style:normal;color:#f76a0c;-webkit-box-decoration-break:clone;box-decoration-break:clone;padding-top:0px;padding-right:0px;padding-bottom:0px;padding-left:0px;}.wp-block-kadence-advancedheading.kt-adv-heading162525_4ef2ed-da img.kb-inline-image, .wp-block-kadence-advancedheading.kt-adv-heading162525_4ef2ed-da[data-kb-block=\"kb-adv-heading162525_4ef2ed-da\"] img.kb-inline-image{width:150px;vertical-align:baseline;}<\/style>\n<p class=\"kt-adv-heading162525_4ef2ed-da wp-block-kadence-advancedheading\" data-kb-block=\"kb-adv-heading162525_4ef2ed-da\"><\/p>\n\n\n<style>.wp-block-kadence-advancedheading.kt-adv-heading162525_32e074-50, .wp-block-kadence-advancedheading.kt-adv-heading162525_32e074-50[data-kb-block=\"kb-adv-heading162525_32e074-50\"]{font-style:normal;}.wp-block-kadence-advancedheading.kt-adv-heading162525_32e074-50 mark.kt-highlight, .wp-block-kadence-advancedheading.kt-adv-heading162525_32e074-50[data-kb-block=\"kb-adv-heading162525_32e074-50\"] mark.kt-highlight{font-style:normal;color:#f76a0c;-webkit-box-decoration-break:clone;box-decoration-break:clone;padding-top:0px;padding-right:0px;padding-bottom:0px;padding-left:0px;}.wp-block-kadence-advancedheading.kt-adv-heading162525_32e074-50 img.kb-inline-image, .wp-block-kadence-advancedheading.kt-adv-heading162525_32e074-50[data-kb-block=\"kb-adv-heading162525_32e074-50\"] img.kb-inline-image{width:150px;vertical-align:baseline;}<\/style>\n<p class=\"kt-adv-heading162525_32e074-50 wp-block-kadence-advancedheading\" data-kb-block=\"kb-adv-heading162525_32e074-50\"><\/p>\n\n\n<style>.wp-block-kadence-advancedheading.kt-adv-heading162525_507dee-e2, .wp-block-kadence-advancedheading.kt-adv-heading162525_507dee-e2[data-kb-block=\"kb-adv-heading162525_507dee-e2\"]{font-style:normal;}.wp-block-kadence-advancedheading.kt-adv-heading162525_507dee-e2 mark.kt-highlight, .wp-block-kadence-advancedheading.kt-adv-heading162525_507dee-e2[data-kb-block=\"kb-adv-heading162525_507dee-e2\"] mark.kt-highlight{font-style:normal;color:#f76a0c;-webkit-box-decoration-break:clone;box-decoration-break:clone;padding-top:0px;padding-right:0px;padding-bottom:0px;padding-left:0px;}.wp-block-kadence-advancedheading.kt-adv-heading162525_507dee-e2 img.kb-inline-image, .wp-block-kadence-advancedheading.kt-adv-heading162525_507dee-e2[data-kb-block=\"kb-adv-heading162525_507dee-e2\"] img.kb-inline-image{width:150px;vertical-align:baseline;}<\/style>\n<p class=\"kt-adv-heading162525_507dee-e2 wp-block-kadence-advancedheading\" data-kb-block=\"kb-adv-heading162525_507dee-e2\"><\/p>\n\n\n<style>.wp-block-kadence-advancedheading.kt-adv-heading162525_45a772-12, .wp-block-kadence-advancedheading.kt-adv-heading162525_45a772-12[data-kb-block=\"kb-adv-heading162525_45a772-12\"]{font-style:normal;}.wp-block-kadence-advancedheading.kt-adv-heading162525_45a772-12 mark.kt-highlight, .wp-block-kadence-advancedheading.kt-adv-heading162525_45a772-12[data-kb-block=\"kb-adv-heading162525_45a772-12\"] mark.kt-highlight{font-style:normal;color:#f76a0c;-webkit-box-decoration-break:clone;box-decoration-break:clone;padding-top:0px;padding-right:0px;padding-bottom:0px;padding-left:0px;}.wp-block-kadence-advancedheading.kt-adv-heading162525_45a772-12 img.kb-inline-image, .wp-block-kadence-advancedheading.kt-adv-heading162525_45a772-12[data-kb-block=\"kb-adv-heading162525_45a772-12\"] img.kb-inline-image{width:150px;vertical-align:baseline;}<\/style>\n<p class=\"kt-adv-heading162525_45a772-12 wp-block-kadence-advancedheading\" data-kb-block=\"kb-adv-heading162525_45a772-12\"><\/p>\n","protected":false},"excerpt":{"rendered":"<p>V d\u0148och 27. \u2013 29. augusta 2026 sa v Tatransk\u00fdch Matliaroch uskuto\u010dnil 2. ro\u010dn\u00edk Letnej \u0161koly reumatol\u00f3gie. Podujatie, ktor\u00e9 sa konalo pod organiza\u010dn\u00fdm veden\u00edm Slovenskej reumatologickej spolo\u010dnosti a odbornou garanciou prof. MUDr. \u017delm\u00edry Macejovej, PhD., spojilo 35 \u0161tudentov medic\u00edny z cel\u00e9ho Slovenska so sk\u00fasen\u00fdmi odborn\u00edkmi z oblasti reumatol\u00f3gie. Po\u010das troch dn\u00ed mali \u00fa\u010dastn\u00edci mo\u017enos\u0165 roz\u0161\u00edri\u0165 &hellip; <a href=\"https:\/\/www.upjs.sk\/lekarska-fakulta\/actuality\/letna-skola-reumatologie-spojila-buducich-lekarov-z-celeho-slovenska\/\">\u010c\u00edta\u0165 \u010falej<\/a><\/p>\n","protected":false},"author":97,"featured_media":162535,"template":"","meta":{"_acf_changed":false,"footnotes":""},"categories":[],"tags":[],"tax_aktuality":[],"class_list":["post-162525","cpt_aktuality","type-cpt_aktuality","status-publish","has-post-thumbnail","hentry"],"acf":{"acf_link_na_externy_obsah":"","poradie_clanku":""},"yoast_head":"<!-- This site is optimized with the Yoast SEO plugin v28.3 - https:\/\/yoast.com\/product\/yoast-seo-wordpress\/ -->\n<title>Letn\u00e1 \u0161kola reumatol\u00f3gie spojila bud\u00facich lek\u00e1rov z cel\u00e9ho Slovenska - Lek\u00e1rska fakulta | UPJ\u0160<\/title>\n<meta name=\"robots\" content=\"index, follow, max-snippet:-1, max-image-preview:large, max-video-preview:-1\" \/>\n<link rel=\"canonical\" href=\"https:\/\/www.upjs.sk\/lekarska-fakulta\/actuality\/letna-skola-reumatologie-spojila-buducich-lekarov-z-celeho-slovenska\/\" \/>\n<meta property=\"og:locale\" content=\"sk_SK\" \/>\n<meta property=\"og:type\" content=\"article\" \/>\n<meta property=\"og:title\" content=\"Letn\u00e1 \u0161kola reumatol\u00f3gie spojila bud\u00facich lek\u00e1rov z cel\u00e9ho Slovenska - Lek\u00e1rska fakulta | UPJ\u0160\" \/>\n<meta property=\"og:description\" content=\"V d\u0148och 27. \u2013 29. augusta 2026 sa v Tatransk\u00fdch Matliaroch uskuto\u010dnil 2. ro\u010dn\u00edk Letnej \u0161koly reumatol\u00f3gie. Podujatie, ktor\u00e9 sa konalo pod organiza\u010dn\u00fdm veden\u00edm Slovenskej reumatologickej spolo\u010dnosti a odbornou garanciou prof. MUDr. \u017delm\u00edry Macejovej, PhD., spojilo 35 \u0161tudentov medic\u00edny z cel\u00e9ho Slovenska so sk\u00fasen\u00fdmi odborn\u00edkmi z oblasti reumatol\u00f3gie. Po\u010das troch dn\u00ed mali \u00fa\u010dastn\u00edci mo\u017enos\u0165 roz\u0161\u00edri\u0165 &hellip; \u010c\u00edta\u0165 \u010falej\" \/>\n<meta property=\"og:url\" content=\"https:\/\/www.upjs.sk\/lekarska-fakulta\/actuality\/letna-skola-reumatologie-spojila-buducich-lekarov-z-celeho-slovenska\/\" \/>\n<meta property=\"og:site_name\" content=\"Lek\u00e1rska fakulta | UPJ\u0160\" \/>\n<meta property=\"article:modified_time\" content=\"2026-08-31T08:55:56+00:00\" \/>\n<meta property=\"og:image\" content=\"https:\/\/www.upjs.sk\/app\/uploads\/sites\/9\/2026\/08\/IMG-20260831-WA0086.jpg\" \/>\n\t<meta property=\"og:image:width\" content=\"2040\" \/>\n\t<meta property=\"og:image:height\" content=\"1530\" \/>\n\t<meta property=\"og:image:type\" content=\"image\/jpeg\" \/>\n<meta name=\"twitter:card\" content=\"summary_large_image\" \/>\n<meta name=\"twitter:label1\" content=\"Predpokladan\u00fd \u010das \u010d\u00edtania\" \/>\n\t<meta name=\"twitter:data1\" content=\"2 min\u00faty\" \/>\n<script type=\"application\/ld+json\" class=\"yoast-schema-graph\">{\"@context\":\"https:\\\/\\\/schema.org\",\"@graph\":[{\"@type\":\"WebPage\",\"@id\":\"https:\\\/\\\/www.upjs.sk\\\/lekarska-fakulta\\\/actuality\\\/letna-skola-reumatologie-spojila-buducich-lekarov-z-celeho-slovenska\\\/\",\"url\":\"https:\\\/\\\/www.upjs.sk\\\/lekarska-fakulta\\\/actuality\\\/letna-skola-reumatologie-spojila-buducich-lekarov-z-celeho-slovenska\\\/\",\"name\":\"Letn\u00e1 \u0161kola reumatol\u00f3gie spojila bud\u00facich lek\u00e1rov z cel\u00e9ho Slovenska - Lek\u00e1rska fakulta | UPJ\u0160\",\"isPartOf\":{\"@id\":\"https:\\\/\\\/www.upjs.sk\\\/lekarska-fakulta\\\/#website\"},\"primaryImageOfPage\":{\"@id\":\"https:\\\/\\\/www.upjs.sk\\\/lekarska-fakulta\\\/actuality\\\/letna-skola-reumatologie-spojila-buducich-lekarov-z-celeho-slovenska\\\/#primaryimage\"},\"image\":{\"@id\":\"https:\\\/\\\/www.upjs.sk\\\/lekarska-fakulta\\\/actuality\\\/letna-skola-reumatologie-spojila-buducich-lekarov-z-celeho-slovenska\\\/#primaryimage\"},\"thumbnailUrl\":\"https:\\\/\\\/www.upjs.sk\\\/app\\\/uploads\\\/sites\\\/9\\\/2026\\\/08\\\/IMG-20260831-WA0086.jpg\",\"datePublished\":\"2026-08-31T08:55:54+00:00\",\"dateModified\":\"2026-08-31T08:55:56+00:00\",\"breadcrumb\":{\"@id\":\"https:\\\/\\\/www.upjs.sk\\\/lekarska-fakulta\\\/actuality\\\/letna-skola-reumatologie-spojila-buducich-lekarov-z-celeho-slovenska\\\/#breadcrumb\"},\"inLanguage\":\"sk-SK\",\"potentialAction\":[{\"@type\":\"ReadAction\",\"target\":[\"https:\\\/\\\/www.upjs.sk\\\/lekarska-fakulta\\\/actuality\\\/letna-skola-reumatologie-spojila-buducich-lekarov-z-celeho-slovenska\\\/\"]}]},{\"@type\":\"ImageObject\",\"inLanguage\":\"sk-SK\",\"@id\":\"https:\\\/\\\/www.upjs.sk\\\/lekarska-fakulta\\\/actuality\\\/letna-skola-reumatologie-spojila-buducich-lekarov-z-celeho-slovenska\\\/#primaryimage\",\"url\":\"https:\\\/\\\/www.upjs.sk\\\/app\\\/uploads\\\/sites\\\/9\\\/2026\\\/08\\\/IMG-20260831-WA0086.jpg\",\"contentUrl\":\"https:\\\/\\\/www.upjs.sk\\\/app\\\/uploads\\\/sites\\\/9\\\/2026\\\/08\\\/IMG-20260831-WA0086.jpg\",\"width\":2040,\"height\":1530},{\"@type\":\"BreadcrumbList\",\"@id\":\"https:\\\/\\\/www.upjs.sk\\\/lekarska-fakulta\\\/actuality\\\/letna-skola-reumatologie-spojila-buducich-lekarov-z-celeho-slovenska\\\/#breadcrumb\",\"itemListElement\":[{\"@type\":\"ListItem\",\"position\":1,\"name\":\"Home\",\"item\":\"https:\\\/\\\/www.upjs.sk\\\/lekarska-fakulta\\\/\"},{\"@type\":\"ListItem\",\"position\":2,\"name\":\"Aktuality\",\"item\":\"https:\\\/\\\/www.upjs.sk\\\/lekarska-fakulta\\\/actuality\\\/\"},{\"@type\":\"ListItem\",\"position\":3,\"name\":\"Letn\u00e1 \u0161kola reumatol\u00f3gie spojila bud\u00facich lek\u00e1rov z cel\u00e9ho Slovenska\"}]},{\"@type\":\"WebSite\",\"@id\":\"https:\\\/\\\/www.upjs.sk\\\/lekarska-fakulta\\\/#website\",\"url\":\"https:\\\/\\\/www.upjs.sk\\\/lekarska-fakulta\\\/\",\"name\":\"Lek\u00e1rska fakulta | UPJ\u0160\",\"description\":\"\",\"publisher\":{\"@id\":\"https:\\\/\\\/www.upjs.sk\\\/lekarska-fakulta\\\/#organization\"},\"potentialAction\":[{\"@type\":\"SearchAction\",\"target\":{\"@type\":\"EntryPoint\",\"urlTemplate\":\"https:\\\/\\\/www.upjs.sk\\\/lekarska-fakulta\\\/?s={search_term_string}\"},\"query-input\":{\"@type\":\"PropertyValueSpecification\",\"valueRequired\":true,\"valueName\":\"search_term_string\"}}],\"inLanguage\":\"sk-SK\"},{\"@type\":\"Organization\",\"@id\":\"https:\\\/\\\/www.upjs.sk\\\/lekarska-fakulta\\\/#organization\",\"name\":\"Lek\u00e1rska fakulta | UPJ\u0160\",\"url\":\"https:\\\/\\\/www.upjs.sk\\\/lekarska-fakulta\\\/\",\"logo\":{\"@type\":\"ImageObject\",\"inLanguage\":\"sk-SK\",\"@id\":\"https:\\\/\\\/www.upjs.sk\\\/lekarska-fakulta\\\/#\\\/schema\\\/logo\\\/image\\\/\",\"url\":\"https:\\\/\\\/www.upjs.sk\\\/app\\\/uploads\\\/sites\\\/9\\\/2022\\\/09\\\/logo-lekarska-fakulta.png\",\"contentUrl\":\"https:\\\/\\\/www.upjs.sk\\\/app\\\/uploads\\\/sites\\\/9\\\/2022\\\/09\\\/logo-lekarska-fakulta.png\",\"width\":415,\"height\":87,\"caption\":\"Lek\u00e1rska fakulta | UPJ\u0160\"},\"image\":{\"@id\":\"https:\\\/\\\/www.upjs.sk\\\/lekarska-fakulta\\\/#\\\/schema\\\/logo\\\/image\\\/\"}}]}<\/script>\n<!-- \/ Yoast SEO plugin. -->","yoast_head_json":{"title":"Letn\u00e1 \u0161kola reumatol\u00f3gie spojila bud\u00facich lek\u00e1rov z cel\u00e9ho Slovenska - Lek\u00e1rska fakulta | UPJ\u0160","robots":{"index":"index","follow":"follow","max-snippet":"max-snippet:-1","max-image-preview":"max-image-preview:large","max-video-preview":"max-video-preview:-1"},"canonical":"https:\/\/www.upjs.sk\/lekarska-fakulta\/actuality\/letna-skola-reumatologie-spojila-buducich-lekarov-z-celeho-slovenska\/","og_locale":"sk_SK","og_type":"article","og_title":"Letn\u00e1 \u0161kola reumatol\u00f3gie spojila bud\u00facich lek\u00e1rov z cel\u00e9ho Slovenska - Lek\u00e1rska fakulta | UPJ\u0160","og_description":"V d\u0148och 27. \u2013 29. augusta 2026 sa v Tatransk\u00fdch Matliaroch uskuto\u010dnil 2. ro\u010dn\u00edk Letnej \u0161koly reumatol\u00f3gie. Podujatie, ktor\u00e9 sa konalo pod organiza\u010dn\u00fdm veden\u00edm Slovenskej reumatologickej spolo\u010dnosti a odbornou garanciou prof. MUDr. \u017delm\u00edry Macejovej, PhD., spojilo 35 \u0161tudentov medic\u00edny z cel\u00e9ho Slovenska so sk\u00fasen\u00fdmi odborn\u00edkmi z oblasti reumatol\u00f3gie. Po\u010das troch dn\u00ed mali \u00fa\u010dastn\u00edci mo\u017enos\u0165 roz\u0161\u00edri\u0165 &hellip; \u010c\u00edta\u0165 \u010falej","og_url":"https:\/\/www.upjs.sk\/lekarska-fakulta\/actuality\/letna-skola-reumatologie-spojila-buducich-lekarov-z-celeho-slovenska\/","og_site_name":"Lek\u00e1rska fakulta | UPJ\u0160","article_modified_time":"2026-08-31T08:55:56+00:00","og_image":[{"width":2040,"height":1530,"url":"https:\/\/www.upjs.sk\/app\/uploads\/sites\/9\/2026\/08\/IMG-20260831-WA0086.jpg","type":"image\/jpeg"}],"twitter_card":"summary_large_image","twitter_misc":{"Predpokladan\u00fd \u010das \u010d\u00edtania":"2 min\u00faty"},"schema":{"@context":"https:\/\/schema.org","@graph":[{"@type":"WebPage","@id":"https:\/\/www.upjs.sk\/lekarska-fakulta\/actuality\/letna-skola-reumatologie-spojila-buducich-lekarov-z-celeho-slovenska\/","url":"https:\/\/www.upjs.sk\/lekarska-fakulta\/actuality\/letna-skola-reumatologie-spojila-buducich-lekarov-z-celeho-slovenska\/","name":"Letn\u00e1 \u0161kola reumatol\u00f3gie spojila bud\u00facich lek\u00e1rov z cel\u00e9ho Slovenska - Lek\u00e1rska fakulta | UPJ\u0160","isPartOf":{"@id":"https:\/\/www.upjs.sk\/lekarska-fakulta\/#website"},"primaryImageOfPage":{"@id":"https:\/\/www.upjs.sk\/lekarska-fakulta\/actuality\/letna-skola-reumatologie-spojila-buducich-lekarov-z-celeho-slovenska\/#primaryimage"},"image":{"@id":"https:\/\/www.upjs.sk\/lekarska-fakulta\/actuality\/letna-skola-reumatologie-spojila-buducich-lekarov-z-celeho-slovenska\/#primaryimage"},"thumbnailUrl":"https:\/\/www.upjs.sk\/app\/uploads\/sites\/9\/2026\/08\/IMG-20260831-WA0086.jpg","datePublished":"2026-08-31T08:55:54+00:00","dateModified":"2026-08-31T08:55:56+00:00","breadcrumb":{"@id":"https:\/\/www.upjs.sk\/lekarska-fakulta\/actuality\/letna-skola-reumatologie-spojila-buducich-lekarov-z-celeho-slovenska\/#breadcrumb"},"inLanguage":"sk-SK","potentialAction":[{"@type":"ReadAction","target":["https:\/\/www.upjs.sk\/lekarska-fakulta\/actuality\/letna-skola-reumatologie-spojila-buducich-lekarov-z-celeho-slovenska\/"]}]},{"@type":"ImageObject","inLanguage":"sk-SK","@id":"https:\/\/www.upjs.sk\/lekarska-fakulta\/actuality\/letna-skola-reumatologie-spojila-buducich-lekarov-z-celeho-slovenska\/#primaryimage","url":"https:\/\/www.upjs.sk\/app\/uploads\/sites\/9\/2026\/08\/IMG-20260831-WA0086.jpg","contentUrl":"https:\/\/www.upjs.sk\/app\/uploads\/sites\/9\/2026\/08\/IMG-20260831-WA0086.jpg","width":2040,"height":1530},{"@type":"BreadcrumbList","@id":"https:\/\/www.upjs.sk\/lekarska-fakulta\/actuality\/letna-skola-reumatologie-spojila-buducich-lekarov-z-celeho-slovenska\/#breadcrumb","itemListElement":[{"@type":"ListItem","position":1,"name":"Home","item":"https:\/\/www.upjs.sk\/lekarska-fakulta\/"},{"@type":"ListItem","position":2,"name":"Aktuality","item":"https:\/\/www.upjs.sk\/lekarska-fakulta\/actuality\/"},{"@type":"ListItem","position":3,"name":"Letn\u00e1 \u0161kola reumatol\u00f3gie spojila bud\u00facich lek\u00e1rov z cel\u00e9ho Slovenska"}]},{"@type":"WebSite","@id":"https:\/\/www.upjs.sk\/lekarska-fakulta\/#website","url":"https:\/\/www.upjs.sk\/lekarska-fakulta\/","name":"Lek\u00e1rska fakulta | UPJ\u0160","description":"","publisher":{"@id":"https:\/\/www.upjs.sk\/lekarska-fakulta\/#organization"},"potentialAction":[{"@type":"SearchAction","target":{"@type":"EntryPoint","urlTemplate":"https:\/\/www.upjs.sk\/lekarska-fakulta\/?s={search_term_string}"},"query-input":{"@type":"PropertyValueSpecification","valueRequired":true,"valueName":"search_term_string"}}],"inLanguage":"sk-SK"},{"@type":"Organization","@id":"https:\/\/www.upjs.sk\/lekarska-fakulta\/#organization","name":"Lek\u00e1rska fakulta | UPJ\u0160","url":"https:\/\/www.upjs.sk\/lekarska-fakulta\/","logo":{"@type":"ImageObject","inLanguage":"sk-SK","@id":"https:\/\/www.upjs.sk\/lekarska-fakulta\/#\/schema\/logo\/image\/","url":"https:\/\/www.upjs.sk\/app\/uploads\/sites\/9\/2022\/09\/logo-lekarska-fakulta.png","contentUrl":"https:\/\/www.upjs.sk\/app\/uploads\/sites\/9\/2022\/09\/logo-lekarska-fakulta.png","width":415,"height":87,"caption":"Lek\u00e1rska fakulta | UPJ\u0160"},"image":{"@id":"https:\/\/www.upjs.sk\/lekarska-fakulta\/#\/schema\/logo\/image\/"}}]}},"_links":{"self":[{"href":"https:\/\/www.upjs.sk\/lekarska-fakulta\/wp-json\/wp\/v2\/cpt_aktuality\/162525","targetHints":{"allow":["GET"]}}],"collection":[{"href":"https:\/\/www.upjs.sk\/lekarska-fakulta\/wp-json\/wp\/v2\/cpt_aktuality"}],"about":[{"href":"https:\/\/www.upjs.sk\/lekarska-fakulta\/wp-json\/wp\/v2\/types\/cpt_aktuality"}],"author":[{"embeddable":true,"href":"https:\/\/www.upjs.sk\/lekarska-fakulta\/wp-json\/wp\/v2\/users\/97"}],"version-history":[{"count":1,"href":"https:\/\/www.upjs.sk\/lekarska-fakulta\/wp-json\/wp\/v2\/cpt_aktuality\/162525\/revisions"}],"predecessor-version":[{"id":162538,"href":"https:\/\/www.upjs.sk\/lekarska-fakulta\/wp-json\/wp\/v2\/cpt_aktuality\/162525\/revisions\/162538"}],"wp:featuredmedia":[{"embeddable":true,"href":"https:\/\/www.upjs.sk\/lekarska-fakulta\/wp-json\/wp\/v2\/media\/162535"}],"wp:attachment":[{"href":"https:\/\/www.upjs.sk\/lekarska-fakulta\/wp-json\/wp\/v2\/media?parent=162525"}],"wp:term":[{"taxonomy":"category","embeddable":true,"href":"https:\/\/www.upjs.sk\/lekarska-fakulta\/wp-json\/wp\/v2\/categories?post=162525"},{"taxonomy":"post_tag","embeddable":true,"href":"https:\/\/www.upjs.sk\/lekarska-fakulta\/wp-json\/wp\/v2\/tags?post=162525"},{"taxonomy":"tax_aktuality","embeddable":true,"href":"https:\/\/www.upjs.sk\/lekarska-fakulta\/wp-json\/wp\/v2\/tax_aktuality?post=162525"}],"curies":[{"name":"wp","href":"https:\/\/api.w.org\/{rel}","templated":true}]}}