{"id":162854,"date":"2026-09-04T18:28:05","date_gmt":"2026-09-04T17:28:05","guid":{"rendered":"https:\/\/www.upjs.sk\/lekarska-fakulta\/?post_type=cpt_aktuality&#038;p=162854"},"modified":"2026-09-04T19:49:01","modified_gmt":"2026-09-04T18:49:01","slug":"stanovisko-asociacie-lekarskych-fakult-verejnych-vysokych-skol-sr-univerzity-komenskeho-v-bratislave-a-univerzity-pavla-jozefa-safarika-v-kosiciach-k-zameru-zriadit-novu-lekarsku-fakultu-szu-so-sidlo","status":"publish","type":"cpt_aktuality","link":"https:\/\/www.upjs.sk\/lekarska-fakulta\/actuality\/stanovisko-asociacie-lekarskych-fakult-verejnych-vysokych-skol-sr-univerzity-komenskeho-v-bratislave-a-univerzity-pavla-jozefa-safarika-v-kosiciach-k-zameru-zriadit-novu-lekarsku-fakultu-szu-so-sidlo\/","title":{"rendered":"Stanovisko Asoci\u00e1cie lek\u00e1rskych fak\u00falt verejn\u00fdch vysok\u00fdch \u0161k\u00f4l SR"},"content":{"rendered":"<style>.wp-block-kadence-advancedheading.kt-adv-heading162854_806933-da_0, .wp-block-kadence-advancedheading.kt-adv-heading162854_806933-da_0[data-kb-block=\"kb-adv-heading162854_806933-da_0\"]{font-style:normal;}.wp-block-kadence-advancedheading.kt-adv-heading162854_806933-da_0 mark.kt-highlight, .wp-block-kadence-advancedheading.kt-adv-heading162854_806933-da_0[data-kb-block=\"kb-adv-heading162854_806933-da_0\"] mark.kt-highlight{font-style:normal;color:#f76a0c;-webkit-box-decoration-break:clone;box-decoration-break:clone;padding-top:0px;padding-right:0px;padding-bottom:0px;padding-left:0px;}.wp-block-kadence-advancedheading.kt-adv-heading162854_806933-da_0 img.kb-inline-image, .wp-block-kadence-advancedheading.kt-adv-heading162854_806933-da_0[data-kb-block=\"kb-adv-heading162854_806933-da_0\"] img.kb-inline-image{width:150px;vertical-align:baseline;}<\/style>\n<p class=\"kt-adv-heading162854_806933-da_0 wp-block-kadence-advancedheading\" data-kb-block=\"kb-adv-heading162854_806933-da_0\">STANOVISKO ASOCI\u00c1CIE LEK\u00c1RSKYCH FAK\u00daLT VEREJN\u00ddCH VYSOK\u00ddCH \u0160K\u00d4L SR, UNIVERZITY KOMENSK\u00c9HO V BRATISLAVE A UNIVERZITY PAVLA JOZEFA \u0160AF\u00c1RIKA V KO\u0160ICIACH K Z\u00c1MERU ZRIADI\u0164 NOV\u00da LEK\u00c1RSKU FAKULTU SZU SO S\u00cdDLOM V BANSKEJ BYSTRICI<\/p>\n\n\n<style>.wp-block-kadence-advancedheading.kt-adv-heading162854_112d06-ca_0, .wp-block-kadence-advancedheading.kt-adv-heading162854_112d06-ca_0[data-kb-block=\"kb-adv-heading162854_112d06-ca_0\"]{font-style:normal;}.wp-block-kadence-advancedheading.kt-adv-heading162854_112d06-ca_0 mark.kt-highlight, .wp-block-kadence-advancedheading.kt-adv-heading162854_112d06-ca_0[data-kb-block=\"kb-adv-heading162854_112d06-ca_0\"] mark.kt-highlight{font-style:normal;color:#f76a0c;-webkit-box-decoration-break:clone;box-decoration-break:clone;padding-top:0px;padding-right:0px;padding-bottom:0px;padding-left:0px;}.wp-block-kadence-advancedheading.kt-adv-heading162854_112d06-ca_0 img.kb-inline-image, .wp-block-kadence-advancedheading.kt-adv-heading162854_112d06-ca_0[data-kb-block=\"kb-adv-heading162854_112d06-ca_0\"] img.kb-inline-image{width:150px;vertical-align:baseline;}<\/style>\n<p class=\"kt-adv-heading162854_112d06-ca_0 wp-block-kadence-advancedheading\" data-kb-block=\"kb-adv-heading162854_112d06-ca_0\"><strong>Asoci\u00e1cia lek\u00e1rskych fak\u00falt verejn\u00fdch vysok\u00fdch \u0161k\u00f4l SR v\u00edta a podporuje z\u00e1mer pretransformova\u0165 Fakultn\u00fa nemocnicu s poliklinikou F. D. Roosevelta v Banskej Bystrici na univerzitn\u00fa nemocnicu. <\/strong>Nemocnica m\u00e1 na to v\u0161etky predpoklady \u2013 patr\u00ed medzi v\u00fdznamn\u00e9 zdravotn\u00edcke zariadenia na Slovensku, p\u00f4sobia v nej uzn\u00e1van\u00ed odborn\u00edci, disponuje modern\u00fdm pr\u00edstrojov\u00fdm vybaven\u00edm, poskytuje vysoko\u0161pecializovan\u00fa zdravotn\u00fa starostlivos\u0165 a realizuje \u0161pi\u010dkov\u00e9 v\u00fdkony. Vzh\u013eadom na v\u00fdznam nemocnice, rozsah poskytovanej zdravotnej starostlivosti, odborn\u00e9 kapacity a postavenie v slovenskom zdravotn\u00edctve preto pova\u017eujeme tento z\u00e1mer za spr\u00e1vny.<\/p>\n\n\n<style>.wp-block-kadence-advancedheading.kt-adv-heading162854_112d06-ca_2, .wp-block-kadence-advancedheading.kt-adv-heading162854_112d06-ca_2[data-kb-block=\"kb-adv-heading162854_112d06-ca_2\"]{font-style:normal;}.wp-block-kadence-advancedheading.kt-adv-heading162854_112d06-ca_2 mark.kt-highlight, .wp-block-kadence-advancedheading.kt-adv-heading162854_112d06-ca_2[data-kb-block=\"kb-adv-heading162854_112d06-ca_2\"] mark.kt-highlight{font-style:normal;color:#f76a0c;-webkit-box-decoration-break:clone;box-decoration-break:clone;padding-top:0px;padding-right:0px;padding-bottom:0px;padding-left:0px;}.wp-block-kadence-advancedheading.kt-adv-heading162854_112d06-ca_2 img.kb-inline-image, .wp-block-kadence-advancedheading.kt-adv-heading162854_112d06-ca_2[data-kb-block=\"kb-adv-heading162854_112d06-ca_2\"] img.kb-inline-image{width:150px;vertical-align:baseline;}<\/style>\n<p class=\"kt-adv-heading162854_112d06-ca_2 wp-block-kadence-advancedheading\" data-kb-block=\"kb-adv-heading162854_112d06-ca_2\"><strong>Vytvorenie univerzitnej nemocnice v\u0161ak automaticky neznamen\u00e1 potrebu vzniku \u010fal\u0161ej lek\u00e1rskej fakulty.<\/strong> Je potrebn\u00e9 realisticky pos\u00fadi\u0165 najm\u00e4 dostupn\u00e9 kapacity vysoko\u0161kolsk\u00fdch u\u010dite\u013eov, teoretick\u00fdch a klinick\u00fdch pracov\u00edsk, mo\u017enosti zabezpe\u010denia kvalitnej praktickej v\u00fdu\u010dby, v\u00fdu\u010dbov\u00e9 priestory, akredita\u010dn\u00e9 podmienky a dopad vzniku novej lek\u00e1rskej fakulty na existuj\u00face lek\u00e1rske fakulty na Slovensku.<\/p>\n\n\n<style>.wp-block-kadence-advancedheading.kt-adv-heading162854_112d06-ca_4, .wp-block-kadence-advancedheading.kt-adv-heading162854_112d06-ca_4[data-kb-block=\"kb-adv-heading162854_112d06-ca_4\"]{font-style:normal;}.wp-block-kadence-advancedheading.kt-adv-heading162854_112d06-ca_4 mark.kt-highlight, .wp-block-kadence-advancedheading.kt-adv-heading162854_112d06-ca_4[data-kb-block=\"kb-adv-heading162854_112d06-ca_4\"] mark.kt-highlight{font-style:normal;color:#f76a0c;-webkit-box-decoration-break:clone;box-decoration-break:clone;padding-top:0px;padding-right:0px;padding-bottom:0px;padding-left:0px;}.wp-block-kadence-advancedheading.kt-adv-heading162854_112d06-ca_4 img.kb-inline-image, .wp-block-kadence-advancedheading.kt-adv-heading162854_112d06-ca_4[data-kb-block=\"kb-adv-heading162854_112d06-ca_4\"] img.kb-inline-image{width:150px;vertical-align:baseline;}<\/style>\n<p class=\"kt-adv-heading162854_112d06-ca_4 wp-block-kadence-advancedheading\" data-kb-block=\"kb-adv-heading162854_112d06-ca_4\">Na Slovensku v s\u00fa\u010dasnosti zabezpe\u010duj\u00fa vzdel\u00e1vanie medikov a lek\u00e1rov \u0161tyri lek\u00e1rske fakulty. Tri lek\u00e1rske fakulty verejn\u00fdch vysok\u00fdch \u0161k\u00f4l \u2013 Lek\u00e1rska fakulta Univerzity Komensk\u00e9ho v Bratislave (LF UK), Jesseniova lek\u00e1rska fakulta Univerzity Komensk\u00e9ho v Martine (JLF UK), Lek\u00e1rska fakulta Univerzity Pavla Jozefa \u0160af\u00e1rika v Ko\u0161iciach (LF UPJ\u0160) a  \u0161t\u00e1tna Lek\u00e1rska fakulta Slovenskej zdravotn\u00edckej univerzity v Bratislave (LF SZU) pod rezortom Ministerstva zdravotn\u00edctva SR. <strong>Verejn\u00e9 lek\u00e1rske fakulty<\/strong> pripravuj\u00fa<strong> 95 %<\/strong> absolventov medic\u00edny, zatia\u013e \u010do \u0161t\u00e1tna <strong>LF SZU<\/strong> sa na celkovom po\u010dte podie\u013ea pribli\u017ene <strong>5 %<\/strong>.<\/p>\n\n\n<style>.wp-block-kadence-advancedheading.kt-adv-heading162854_112d06-ca_6, .wp-block-kadence-advancedheading.kt-adv-heading162854_112d06-ca_6[data-kb-block=\"kb-adv-heading162854_112d06-ca_6\"]{font-style:normal;}.wp-block-kadence-advancedheading.kt-adv-heading162854_112d06-ca_6 mark.kt-highlight, .wp-block-kadence-advancedheading.kt-adv-heading162854_112d06-ca_6[data-kb-block=\"kb-adv-heading162854_112d06-ca_6\"] mark.kt-highlight{font-style:normal;color:#f76a0c;-webkit-box-decoration-break:clone;box-decoration-break:clone;padding-top:0px;padding-right:0px;padding-bottom:0px;padding-left:0px;}.wp-block-kadence-advancedheading.kt-adv-heading162854_112d06-ca_6 img.kb-inline-image, .wp-block-kadence-advancedheading.kt-adv-heading162854_112d06-ca_6[data-kb-block=\"kb-adv-heading162854_112d06-ca_6\"] img.kb-inline-image{width:150px;vertical-align:baseline;}<\/style>\n<p class=\"kt-adv-heading162854_112d06-ca_6 wp-block-kadence-advancedheading\" data-kb-block=\"kb-adv-heading162854_112d06-ca_6\">V minulom akademickom roku na Slovensku ukon\u010dilo \u0161t\u00fadium medic\u00edny 675 \u0161tudentov. Pri \u00favahe o \u010fal\u0161ej fakulte je preto namieste najsk\u00f4r odpoveda\u0165 na ot\u00e1zku \u2013 <strong>\u201eKo\u013eko lek\u00e1rov bude slovensk\u00e9 zdravotn\u00edctvo v nasleduj\u00facich rokoch skuto\u010dne potrebova\u0165?\u201c<\/strong><\/p>\n\n\n<style>.wp-block-kadence-advancedheading.kt-adv-heading162854_112d06-ca_8, .wp-block-kadence-advancedheading.kt-adv-heading162854_112d06-ca_8[data-kb-block=\"kb-adv-heading162854_112d06-ca_8\"]{font-style:normal;}.wp-block-kadence-advancedheading.kt-adv-heading162854_112d06-ca_8 mark.kt-highlight, .wp-block-kadence-advancedheading.kt-adv-heading162854_112d06-ca_8[data-kb-block=\"kb-adv-heading162854_112d06-ca_8\"] mark.kt-highlight{font-style:normal;color:#f76a0c;-webkit-box-decoration-break:clone;box-decoration-break:clone;padding-top:0px;padding-right:0px;padding-bottom:0px;padding-left:0px;}.wp-block-kadence-advancedheading.kt-adv-heading162854_112d06-ca_8 img.kb-inline-image, .wp-block-kadence-advancedheading.kt-adv-heading162854_112d06-ca_8[data-kb-block=\"kb-adv-heading162854_112d06-ca_8\"] img.kb-inline-image{width:150px;vertical-align:baseline;}<\/style>\n<p class=\"kt-adv-heading162854_112d06-ca_8 wp-block-kadence-advancedheading\" data-kb-block=\"kb-adv-heading162854_112d06-ca_8\"><strong>Pod\u013ea \u00fadajov Eurostatu pripad\u00e1 na Slovensku na stotis\u00edc obyvate\u013eov 19 absolventov medic\u00edny, zatia\u013e \u010do eur\u00f3psky priemer predstavuje 15,5 absolventa. K\u00fdm v Eur\u00f3pe priemerne jedna fakulta pripad\u00e1 na 1,8 mil. obyvate\u013eov, na Slovensku jedna fakulta pripad\u00e1 na 1,35 mili\u00f3na obyvate\u013eov.<\/strong> Je potrebn\u00e9 podotkn\u00fa\u0165, \u017ee univerzitn\u00e9 a fakultn\u00e9 nemocnice na Slovensku zamestnali  v roku 2026 len ve\u013emi mal\u00fa \u010das\u0165 absolventov lek\u00e1rskych fak\u00falt. Aj tieto \u00fadaje je preto potrebn\u00e9 zoh\u013eadni\u0165 pri posudzovan\u00ed opodstatnenosti  vzniku \u010fal\u0161ej lek\u00e1rskej fakulty na Slovensku.<\/p>\n\n\n<style>.wp-block-kadence-advancedheading.kt-adv-heading162854_112d06-ca_10, .wp-block-kadence-advancedheading.kt-adv-heading162854_112d06-ca_10[data-kb-block=\"kb-adv-heading162854_112d06-ca_10\"]{font-style:normal;}.wp-block-kadence-advancedheading.kt-adv-heading162854_112d06-ca_10 mark.kt-highlight, .wp-block-kadence-advancedheading.kt-adv-heading162854_112d06-ca_10[data-kb-block=\"kb-adv-heading162854_112d06-ca_10\"] mark.kt-highlight{font-style:normal;color:#f76a0c;-webkit-box-decoration-break:clone;box-decoration-break:clone;padding-top:0px;padding-right:0px;padding-bottom:0px;padding-left:0px;}.wp-block-kadence-advancedheading.kt-adv-heading162854_112d06-ca_10 img.kb-inline-image, .wp-block-kadence-advancedheading.kt-adv-heading162854_112d06-ca_10[data-kb-block=\"kb-adv-heading162854_112d06-ca_10\"] img.kb-inline-image{width:150px;vertical-align:baseline;}<\/style>\n<p class=\"kt-adv-heading162854_112d06-ca_10 wp-block-kadence-advancedheading\" data-kb-block=\"kb-adv-heading162854_112d06-ca_10\">Rovnako podstatn\u00e9 je, kto a v akom rozsahu bude schopn\u00fd nov\u00fa fakultu aj person\u00e1lne zabezpe\u010di\u0165. Pr\u00edprava lek\u00e1rov si vy\u017eaduje dostatok kvalifikovan\u00fdch vysoko\u0161kolsk\u00fdch pedag\u00f3gov, ale aj primeran\u00e9 priestory, laborat\u00f3ri\u00e1 a technick\u00e9 vybavenie. Rozhoduj\u00face je, \u010di bud\u00fa ma\u0165 \u0161tudenti re\u00e1lny pr\u00edstup ku kvalitnej nielen praktickej, ale aj teoretickej v\u00fdu\u010dbe.<\/p>\n\n\n<style>.wp-block-kadence-advancedheading.kt-adv-heading162854_112d06-ca_12, .wp-block-kadence-advancedheading.kt-adv-heading162854_112d06-ca_12[data-kb-block=\"kb-adv-heading162854_112d06-ca_12\"]{font-style:normal;}.wp-block-kadence-advancedheading.kt-adv-heading162854_112d06-ca_12 mark.kt-highlight, .wp-block-kadence-advancedheading.kt-adv-heading162854_112d06-ca_12[data-kb-block=\"kb-adv-heading162854_112d06-ca_12\"] mark.kt-highlight{font-style:normal;color:#f76a0c;-webkit-box-decoration-break:clone;box-decoration-break:clone;padding-top:0px;padding-right:0px;padding-bottom:0px;padding-left:0px;}.wp-block-kadence-advancedheading.kt-adv-heading162854_112d06-ca_12 img.kb-inline-image, .wp-block-kadence-advancedheading.kt-adv-heading162854_112d06-ca_12[data-kb-block=\"kb-adv-heading162854_112d06-ca_12\"] img.kb-inline-image{width:150px;vertical-align:baseline;}<\/style>\n<p class=\"kt-adv-heading162854_112d06-ca_12 wp-block-kadence-advancedheading\" data-kb-block=\"kb-adv-heading162854_112d06-ca_12\">V\u00fdraznej\u0161ie s\u00fa aj rozdiely v rozsahu vedecko-pedagogick\u00e9ho a postgradu\u00e1lneho z\u00e1zemia jednotliv\u00fdch fak\u00falt. <strong>LF UK m\u00e1 19 odborov habilita\u010dn\u00e9ho a inaugura\u010dn\u00e9ho konania a 23 \u0161tudijn\u00fdch programov doktorandsk\u00e9ho \u0161t\u00fadia, JLF UK m\u00e1 14 odborov habilita\u010dn\u00e9ho a inaugura\u010dn\u00e9ho konania a 17 \u0161tudijn\u00fdch programov doktorandsk\u00e9ho \u0161t\u00fadia, LF UPJ\u0160 m\u00e1 9 odborov habilita\u010dn\u00e9ho a inaugura\u010dn\u00e9ho konania a 14 \u0161tudijn\u00fdch programov doktorandsk\u00e9ho \u0161t\u00fadia.<\/strong> LF SZU m\u00e1 v s\u00fa\u010dasnosti 2 odbory habilita\u010dn\u00e9ho a inaugura\u010dn\u00e9ho konania a 3 programy doktorandsk\u00e9ho \u0161t\u00fadia. Tieto \u00fadaje ilustruj\u00fa rozdiel v potenci\u00e1li, ktor\u00fd je pre rozvoj ka\u017edej lek\u00e1rskej fakulty nevyhnutn\u00fd.<\/p>\n\n\n<style>.wp-block-kadence-advancedheading.kt-adv-heading162854_112d06-ca_14, .wp-block-kadence-advancedheading.kt-adv-heading162854_112d06-ca_14[data-kb-block=\"kb-adv-heading162854_112d06-ca_14\"]{font-style:normal;}.wp-block-kadence-advancedheading.kt-adv-heading162854_112d06-ca_14 mark.kt-highlight, .wp-block-kadence-advancedheading.kt-adv-heading162854_112d06-ca_14[data-kb-block=\"kb-adv-heading162854_112d06-ca_14\"] mark.kt-highlight{font-style:normal;color:#f76a0c;-webkit-box-decoration-break:clone;box-decoration-break:clone;padding-top:0px;padding-right:0px;padding-bottom:0px;padding-left:0px;}.wp-block-kadence-advancedheading.kt-adv-heading162854_112d06-ca_14 img.kb-inline-image, .wp-block-kadence-advancedheading.kt-adv-heading162854_112d06-ca_14[data-kb-block=\"kb-adv-heading162854_112d06-ca_14\"] img.kb-inline-image{width:150px;vertical-align:baseline;}<\/style>\n<p class=\"kt-adv-heading162854_112d06-ca_14 wp-block-kadence-advancedheading\" data-kb-block=\"kb-adv-heading162854_112d06-ca_14\">\u0160t\u00fadium medic\u00edny patr\u00ed k finan\u010dne najn\u00e1ro\u010dnej\u0161\u00edm odborom. <strong>Preto je namieste ot\u00e1zka \u2013 ako bud\u00fa v bud\u00facnosti zabezpe\u010den\u00e9 finan\u010dn\u00e9 zdroje pre cel\u00fd syst\u00e9m medic\u00ednskeho vzdel\u00e1vania?<\/strong> Lek\u00e1rske fakulty dlhodobo upozor\u0148uj\u00fa na skuto\u010dnos\u0165, \u017ee \u0161pecializa\u010dn\u00e9 a certifika\u010dn\u00e9 \u0161t\u00fadium na verejn\u00fdch lek\u00e1rskych fakult\u00e1ch nie je prakticky v\u00f4bec financovan\u00e9 Ministerstvom zdravotn\u00edctva SR, ktor\u00e9 bude musie\u0165 teraz financova\u0165 dve \u0161t\u00e1tne lek\u00e1rske fakulty.<\/p>\n\n\n<style>.wp-block-kadence-advancedheading.kt-adv-heading162854_112d06-ca_16, .wp-block-kadence-advancedheading.kt-adv-heading162854_112d06-ca_16[data-kb-block=\"kb-adv-heading162854_112d06-ca_16\"]{font-style:normal;}.wp-block-kadence-advancedheading.kt-adv-heading162854_112d06-ca_16 mark.kt-highlight, .wp-block-kadence-advancedheading.kt-adv-heading162854_112d06-ca_16[data-kb-block=\"kb-adv-heading162854_112d06-ca_16\"] mark.kt-highlight{font-style:normal;color:#f76a0c;-webkit-box-decoration-break:clone;box-decoration-break:clone;padding-top:0px;padding-right:0px;padding-bottom:0px;padding-left:0px;}.wp-block-kadence-advancedheading.kt-adv-heading162854_112d06-ca_16 img.kb-inline-image, .wp-block-kadence-advancedheading.kt-adv-heading162854_112d06-ca_16[data-kb-block=\"kb-adv-heading162854_112d06-ca_16\"] img.kb-inline-image{width:150px;vertical-align:baseline;}<\/style>\n<p class=\"kt-adv-heading162854_112d06-ca_16 wp-block-kadence-advancedheading\" data-kb-block=\"kb-adv-heading162854_112d06-ca_16\">V zmysle z\u00e1kona o vysok\u00fdch \u0161kol\u00e1ch na zabezpe\u010denie hlavnej \u010dinnosti <strong>zostavuje vysok\u00e1 \u0161kola vyrovnan\u00fd rozpo\u010det<\/strong>. To je hlavn\u00fd predpoklad na mo\u017enos\u0165 \u010derpania grantov a zapojenia sa do medzin\u00e1rodn\u00fdch vedeck\u00fdch projektov. Na z\u00e1klade verejne dostupn\u00fdch inform\u00e1ci\u00ed Slovensk\u00e1 zdravotn\u00edcka univerzita, u\u017e aj so svojou jednou LF SZU, toto nesp\u013a\u0148a.<\/p>\n\n\n<style>.wp-block-kadence-advancedheading.kt-adv-heading162854_112d06-ca_18, .wp-block-kadence-advancedheading.kt-adv-heading162854_112d06-ca_18[data-kb-block=\"kb-adv-heading162854_112d06-ca_18\"]{font-style:normal;}.wp-block-kadence-advancedheading.kt-adv-heading162854_112d06-ca_18 mark.kt-highlight, .wp-block-kadence-advancedheading.kt-adv-heading162854_112d06-ca_18[data-kb-block=\"kb-adv-heading162854_112d06-ca_18\"] mark.kt-highlight{font-style:normal;color:#f76a0c;-webkit-box-decoration-break:clone;box-decoration-break:clone;padding-top:0px;padding-right:0px;padding-bottom:0px;padding-left:0px;}.wp-block-kadence-advancedheading.kt-adv-heading162854_112d06-ca_18 img.kb-inline-image, .wp-block-kadence-advancedheading.kt-adv-heading162854_112d06-ca_18[data-kb-block=\"kb-adv-heading162854_112d06-ca_18\"] img.kb-inline-image{width:150px;vertical-align:baseline;}<\/style>\n<p class=\"kt-adv-heading162854_112d06-ca_18 wp-block-kadence-advancedheading\" data-kb-block=\"kb-adv-heading162854_112d06-ca_18\">Lek\u00e1rske fakulty v Bratislave a v Ko\u0161iciach <strong>st\u00e1le \u010dakaj\u00fa na vybudovanie s\u013eubovan\u00fdch nov\u00fdch univerzitn\u00fdch nemocn\u00edc<\/strong>, no aj v optimistickom scen\u00e1ri to nebude sk\u00f4r ako o 8 rokov. V susednej \u010ceskej republike pritom v posledn\u00fdch rokoch prebehla rozsiahla moderniz\u00e1cia \u0161kolsk\u00fdch i zdravotn\u00edckych priestorov. Vznikli nov\u00e9 kampusy s ubytovan\u00edm pre \u0161tudentov, nov\u00e9 budovy pre teoretick\u00fa a predklinick\u00fa v\u00fdu\u010dbu, pre transla\u010dn\u00fa medic\u00ednu a biomedic\u00ednsky v\u00fdskum. Na Slovensku tak\u00fdto rozsah invest\u00edci\u00ed do existuj\u00facej infra\u0161trukt\u00fary ch\u00fdba. Aj to m\u00f4\u017ee by\u0165 d\u00f4vodom, pre\u010do sa tak\u00fd ve\u013ek\u00fd po\u010det slovensk\u00fdch maturantov napokon rozhodne od\u00eds\u0165 \u0161tudova\u0165 medic\u00ednu do zahrani\u010dia. Vzh\u013eadom na vy\u0161\u0161ie uveden\u00e9 je potrebn\u00e9 intenz\u00edvne rie\u0161i\u0165  moderniz\u00e1ciu infra\u0161trukt\u00fary verejn\u00fdch lek\u00e1rskych fak\u00falt.<\/p>\n\n\n<style>.wp-block-kadence-advancedheading.kt-adv-heading162854_112d06-ca_20, .wp-block-kadence-advancedheading.kt-adv-heading162854_112d06-ca_20[data-kb-block=\"kb-adv-heading162854_112d06-ca_20\"]{font-style:normal;}.wp-block-kadence-advancedheading.kt-adv-heading162854_112d06-ca_20 mark.kt-highlight, .wp-block-kadence-advancedheading.kt-adv-heading162854_112d06-ca_20[data-kb-block=\"kb-adv-heading162854_112d06-ca_20\"] mark.kt-highlight{font-style:normal;color:#f76a0c;-webkit-box-decoration-break:clone;box-decoration-break:clone;padding-top:0px;padding-right:0px;padding-bottom:0px;padding-left:0px;}.wp-block-kadence-advancedheading.kt-adv-heading162854_112d06-ca_20 img.kb-inline-image, .wp-block-kadence-advancedheading.kt-adv-heading162854_112d06-ca_20[data-kb-block=\"kb-adv-heading162854_112d06-ca_20\"] img.kb-inline-image{width:150px;vertical-align:baseline;}<\/style>\n<p class=\"kt-adv-heading162854_112d06-ca_20 wp-block-kadence-advancedheading\" data-kb-block=\"kb-adv-heading162854_112d06-ca_20\"><strong>Slovensko potrebuje dostato\u010dn\u00fd po\u010det kvalitne pripraven\u00fdch lek\u00e1rov<\/strong>, no z\u00e1rove\u0148 mus\u00ed chr\u00e1ni\u0165 kvalitu ich vzdel\u00e1vania a efekt\u00edvne vyu\u017e\u00edva\u0165 obmedzen\u00e9 odborn\u00e9 a person\u00e1lne kapacity. Rozhodnutiu o zriaden\u00ed \u010fal\u0161ej lek\u00e1rskej fakulty by preto mala predch\u00e1dza\u0165 d\u00f4kladn\u00e1 odborn\u00e1 diskusia so v\u0161etk\u00fdmi lek\u00e1rskymi fakultami, rezortmi zdravotn\u00edctva a \u0161kolstva, ako aj samotnou nemocnicou. Vzh\u013eadom na zlo\u017eit\u00fd akredita\u010dn\u00fd proces je nere\u00e1lne, aby prv\u00ed medici nast\u00fapili na klinick\u00fa v\u00fdu\u010dbu u\u017e v roku 2027\/28 do e\u0161te nedostavanej nemocnice, bez garancie predklinickej pr\u00edpravy.<\/p>\n\n\n<style>.wp-block-kadence-advancedheading.kt-adv-heading162854_112d06-ca_22, .wp-block-kadence-advancedheading.kt-adv-heading162854_112d06-ca_22[data-kb-block=\"kb-adv-heading162854_112d06-ca_22\"]{font-style:normal;}.wp-block-kadence-advancedheading.kt-adv-heading162854_112d06-ca_22 mark.kt-highlight, .wp-block-kadence-advancedheading.kt-adv-heading162854_112d06-ca_22[data-kb-block=\"kb-adv-heading162854_112d06-ca_22\"] mark.kt-highlight{font-style:normal;color:#f76a0c;-webkit-box-decoration-break:clone;box-decoration-break:clone;padding-top:0px;padding-right:0px;padding-bottom:0px;padding-left:0px;}.wp-block-kadence-advancedheading.kt-adv-heading162854_112d06-ca_22 img.kb-inline-image, .wp-block-kadence-advancedheading.kt-adv-heading162854_112d06-ca_22[data-kb-block=\"kb-adv-heading162854_112d06-ca_22\"] img.kb-inline-image{width:150px;vertical-align:baseline;}<\/style>\n<p class=\"kt-adv-heading162854_112d06-ca_22 wp-block-kadence-advancedheading\" data-kb-block=\"kb-adv-heading162854_112d06-ca_22\"><strong>S\u00fa\u010das\u0165ou komplexn\u00fdch rie\u0161en\u00ed mus\u00ed by\u0165 aj adekv\u00e1tne financovanie existuj\u00facich verejn\u00fdch lek\u00e1rskych fak\u00falt.<\/strong> Ak m\u00e1 ma\u0165 Slovensko dostatok kvalitn\u00fdch lek\u00e1rov, potrebuje investova\u0165 nielen do po\u010dtu \u0161tudentov, ale najm\u00e4 do podmienok, v ktor\u00fdch sa bud\u00fa pripravova\u0165 na svoje bud\u00face povolanie, ale aj podmienok, v ktor\u00fdch bud\u00fa svoje povolanie realizova\u0165.<\/p>\n\n\n<style>.wp-block-kadence-advancedheading.kt-adv-heading162854_112d06-ca_24, .wp-block-kadence-advancedheading.kt-adv-heading162854_112d06-ca_24[data-kb-block=\"kb-adv-heading162854_112d06-ca_24\"]{font-style:normal;}.wp-block-kadence-advancedheading.kt-adv-heading162854_112d06-ca_24 mark.kt-highlight, .wp-block-kadence-advancedheading.kt-adv-heading162854_112d06-ca_24[data-kb-block=\"kb-adv-heading162854_112d06-ca_24\"] mark.kt-highlight{font-style:normal;color:#f76a0c;-webkit-box-decoration-break:clone;box-decoration-break:clone;padding-top:0px;padding-right:0px;padding-bottom:0px;padding-left:0px;}.wp-block-kadence-advancedheading.kt-adv-heading162854_112d06-ca_24 img.kb-inline-image, .wp-block-kadence-advancedheading.kt-adv-heading162854_112d06-ca_24[data-kb-block=\"kb-adv-heading162854_112d06-ca_24\"] img.kb-inline-image{width:150px;vertical-align:baseline;}<\/style>\n<p class=\"kt-adv-heading162854_112d06-ca_24 wp-block-kadence-advancedheading\" data-kb-block=\"kb-adv-heading162854_112d06-ca_24\"><strong>Asoci\u00e1cia lek\u00e1rskych fak\u00falt verejn\u00fdch vysok\u00fdch \u0161k\u00f4l SR je pripraven\u00e1 by\u0165 odborn\u00fdm partnerom tejto diskusie a podporuje rozvoj kvalitn\u00e9ho medic\u00ednskeho vzdel\u00e1vania.<\/strong><\/p>\n\n\n<style>.wp-block-kadence-advancedheading.kt-adv-heading162854_112d06-ca_26, .wp-block-kadence-advancedheading.kt-adv-heading162854_112d06-ca_26[data-kb-block=\"kb-adv-heading162854_112d06-ca_26\"]{font-style:normal;}.wp-block-kadence-advancedheading.kt-adv-heading162854_112d06-ca_26 mark.kt-highlight, .wp-block-kadence-advancedheading.kt-adv-heading162854_112d06-ca_26[data-kb-block=\"kb-adv-heading162854_112d06-ca_26\"] mark.kt-highlight{font-style:normal;color:#f76a0c;-webkit-box-decoration-break:clone;box-decoration-break:clone;padding-top:0px;padding-right:0px;padding-bottom:0px;padding-left:0px;}.wp-block-kadence-advancedheading.kt-adv-heading162854_112d06-ca_26 img.kb-inline-image, .wp-block-kadence-advancedheading.kt-adv-heading162854_112d06-ca_26[data-kb-block=\"kb-adv-heading162854_112d06-ca_26\"] img.kb-inline-image{width:150px;vertical-align:baseline;}<\/style>\n<p class=\"kt-adv-heading162854_112d06-ca_26 wp-block-kadence-advancedheading\" data-kb-block=\"kb-adv-heading162854_112d06-ca_26\"><strong>Stanovisko lek\u00e1rskych fak\u00falt zdru\u017een\u00fdch v Asoci\u00e1cii lek\u00e1rskych fak\u00falt verejn\u00fdch vysok\u00fdch \u0161k\u00f4l SR podporuj\u00fa aj Univerzita Komensk\u00e9ho v Bratislave a Univerzita Pavla Jozefa \u0160af\u00e1rika v Ko\u0161iciach.<\/strong><\/p>\n\n\n<style>.wp-block-kadence-advancedheading.kt-adv-heading162854_112d06-ca_28, .wp-block-kadence-advancedheading.kt-adv-heading162854_112d06-ca_28[data-kb-block=\"kb-adv-heading162854_112d06-ca_28\"]{font-style:normal;}.wp-block-kadence-advancedheading.kt-adv-heading162854_112d06-ca_28 mark.kt-highlight, .wp-block-kadence-advancedheading.kt-adv-heading162854_112d06-ca_28[data-kb-block=\"kb-adv-heading162854_112d06-ca_28\"] mark.kt-highlight{font-style:normal;color:#f76a0c;-webkit-box-decoration-break:clone;box-decoration-break:clone;padding-top:0px;padding-right:0px;padding-bottom:0px;padding-left:0px;}.wp-block-kadence-advancedheading.kt-adv-heading162854_112d06-ca_28 img.kb-inline-image, .wp-block-kadence-advancedheading.kt-adv-heading162854_112d06-ca_28[data-kb-block=\"kb-adv-heading162854_112d06-ca_28\"] img.kb-inline-image{width:150px;vertical-align:baseline;}<\/style>\n<p class=\"kt-adv-heading162854_112d06-ca_28 wp-block-kadence-advancedheading\" data-kb-block=\"kb-adv-heading162854_112d06-ca_28\">V Bratislave, d\u0148a 04. 09. 2026<\/p>\n\n\n\n<hr class=\"wp-block-separator has-alpha-channel-opacity\"\/>\n\n\n<style>.wp-block-kadence-advancedheading.kt-adv-heading162854_f99e38-87, .wp-block-kadence-advancedheading.kt-adv-heading162854_f99e38-87[data-kb-block=\"kb-adv-heading162854_f99e38-87\"]{font-style:normal;}.wp-block-kadence-advancedheading.kt-adv-heading162854_f99e38-87 mark.kt-highlight, .wp-block-kadence-advancedheading.kt-adv-heading162854_f99e38-87[data-kb-block=\"kb-adv-heading162854_f99e38-87\"] mark.kt-highlight{font-style:normal;color:#f76a0c;-webkit-box-decoration-break:clone;box-decoration-break:clone;padding-top:0px;padding-right:0px;padding-bottom:0px;padding-left:0px;}.wp-block-kadence-advancedheading.kt-adv-heading162854_f99e38-87 img.kb-inline-image, .wp-block-kadence-advancedheading.kt-adv-heading162854_f99e38-87[data-kb-block=\"kb-adv-heading162854_f99e38-87\"] img.kb-inline-image{width:150px;vertical-align:baseline;}<\/style>\n<p class=\"kt-adv-heading162854_f99e38-87 wp-block-kadence-advancedheading\" data-kb-block=\"kb-adv-heading162854_f99e38-87\"><\/p>\n\n\n<style>.wp-block-kadence-advancedheading.kt-adv-heading162854_65e29b-98, .wp-block-kadence-advancedheading.kt-adv-heading162854_65e29b-98[data-kb-block=\"kb-adv-heading162854_65e29b-98\"]{font-style:normal;}.wp-block-kadence-advancedheading.kt-adv-heading162854_65e29b-98 mark.kt-highlight, .wp-block-kadence-advancedheading.kt-adv-heading162854_65e29b-98[data-kb-block=\"kb-adv-heading162854_65e29b-98\"] mark.kt-highlight{font-style:normal;color:#f76a0c;-webkit-box-decoration-break:clone;box-decoration-break:clone;padding-top:0px;padding-right:0px;padding-bottom:0px;padding-left:0px;}.wp-block-kadence-advancedheading.kt-adv-heading162854_65e29b-98 img.kb-inline-image, .wp-block-kadence-advancedheading.kt-adv-heading162854_65e29b-98[data-kb-block=\"kb-adv-heading162854_65e29b-98\"] img.kb-inline-image{width:150px;vertical-align:baseline;}<\/style>\n<p class=\"kt-adv-heading162854_65e29b-98 wp-block-kadence-advancedheading\" data-kb-block=\"kb-adv-heading162854_65e29b-98\"><\/p>\n\n\n<style>.wp-block-kadence-advancedheading.kt-adv-heading162854_112d06-ca_30, .wp-block-kadence-advancedheading.kt-adv-heading162854_112d06-ca_30[data-kb-block=\"kb-adv-heading162854_112d06-ca_30\"]{font-style:normal;}.wp-block-kadence-advancedheading.kt-adv-heading162854_112d06-ca_30 mark.kt-highlight, .wp-block-kadence-advancedheading.kt-adv-heading162854_112d06-ca_30[data-kb-block=\"kb-adv-heading162854_112d06-ca_30\"] mark.kt-highlight{font-style:normal;color:#f76a0c;-webkit-box-decoration-break:clone;box-decoration-break:clone;padding-top:0px;padding-right:0px;padding-bottom:0px;padding-left:0px;}.wp-block-kadence-advancedheading.kt-adv-heading162854_112d06-ca_30 img.kb-inline-image, .wp-block-kadence-advancedheading.kt-adv-heading162854_112d06-ca_30[data-kb-block=\"kb-adv-heading162854_112d06-ca_30\"] img.kb-inline-image{width:150px;vertical-align:baseline;}<\/style>\n<p class=\"kt-adv-heading162854_112d06-ca_30 wp-block-kadence-advancedheading\" data-kb-block=\"kb-adv-heading162854_112d06-ca_30\"><strong>prof. JUDr. Marek \u0160tev\u010dek, DrSc.<\/strong><\/p>\n\n\n<style>.wp-block-kadence-advancedheading.kt-adv-heading162854_112d06-ca_32, .wp-block-kadence-advancedheading.kt-adv-heading162854_112d06-ca_32[data-kb-block=\"kb-adv-heading162854_112d06-ca_32\"]{font-style:normal;}.wp-block-kadence-advancedheading.kt-adv-heading162854_112d06-ca_32 mark.kt-highlight, .wp-block-kadence-advancedheading.kt-adv-heading162854_112d06-ca_32[data-kb-block=\"kb-adv-heading162854_112d06-ca_32\"] mark.kt-highlight{font-style:normal;color:#f76a0c;-webkit-box-decoration-break:clone;box-decoration-break:clone;padding-top:0px;padding-right:0px;padding-bottom:0px;padding-left:0px;}.wp-block-kadence-advancedheading.kt-adv-heading162854_112d06-ca_32 img.kb-inline-image, .wp-block-kadence-advancedheading.kt-adv-heading162854_112d06-ca_32[data-kb-block=\"kb-adv-heading162854_112d06-ca_32\"] img.kb-inline-image{width:150px;vertical-align:baseline;}<\/style>\n<p class=\"kt-adv-heading162854_112d06-ca_32 wp-block-kadence-advancedheading\" data-kb-block=\"kb-adv-heading162854_112d06-ca_32\">rektor<\/p>\n\n\n<style>.wp-block-kadence-advancedheading.kt-adv-heading162854_112d06-ca_34, .wp-block-kadence-advancedheading.kt-adv-heading162854_112d06-ca_34[data-kb-block=\"kb-adv-heading162854_112d06-ca_34\"]{font-style:normal;}.wp-block-kadence-advancedheading.kt-adv-heading162854_112d06-ca_34 mark.kt-highlight, .wp-block-kadence-advancedheading.kt-adv-heading162854_112d06-ca_34[data-kb-block=\"kb-adv-heading162854_112d06-ca_34\"] mark.kt-highlight{font-style:normal;color:#f76a0c;-webkit-box-decoration-break:clone;box-decoration-break:clone;padding-top:0px;padding-right:0px;padding-bottom:0px;padding-left:0px;}.wp-block-kadence-advancedheading.kt-adv-heading162854_112d06-ca_34 img.kb-inline-image, .wp-block-kadence-advancedheading.kt-adv-heading162854_112d06-ca_34[data-kb-block=\"kb-adv-heading162854_112d06-ca_34\"] img.kb-inline-image{width:150px;vertical-align:baseline;}<\/style>\n<p class=\"kt-adv-heading162854_112d06-ca_34 wp-block-kadence-advancedheading\" data-kb-block=\"kb-adv-heading162854_112d06-ca_34\">Univerzita Komensk\u00e9ho v Bratislave<\/p>\n\n\n\n<hr class=\"wp-block-separator has-alpha-channel-opacity\"\/>\n\n\n<style>.wp-block-kadence-advancedheading.kt-adv-heading162854_fbec10-07, .wp-block-kadence-advancedheading.kt-adv-heading162854_fbec10-07[data-kb-block=\"kb-adv-heading162854_fbec10-07\"]{font-style:normal;}.wp-block-kadence-advancedheading.kt-adv-heading162854_fbec10-07 mark.kt-highlight, .wp-block-kadence-advancedheading.kt-adv-heading162854_fbec10-07[data-kb-block=\"kb-adv-heading162854_fbec10-07\"] mark.kt-highlight{font-style:normal;color:#f76a0c;-webkit-box-decoration-break:clone;box-decoration-break:clone;padding-top:0px;padding-right:0px;padding-bottom:0px;padding-left:0px;}.wp-block-kadence-advancedheading.kt-adv-heading162854_fbec10-07 img.kb-inline-image, .wp-block-kadence-advancedheading.kt-adv-heading162854_fbec10-07[data-kb-block=\"kb-adv-heading162854_fbec10-07\"] img.kb-inline-image{width:150px;vertical-align:baseline;}<\/style>\n<p class=\"kt-adv-heading162854_fbec10-07 wp-block-kadence-advancedheading\" data-kb-block=\"kb-adv-heading162854_fbec10-07\"><\/p>\n\n\n<style>.wp-block-kadence-advancedheading.kt-adv-heading162854_112d06-ca_36, .wp-block-kadence-advancedheading.kt-adv-heading162854_112d06-ca_36[data-kb-block=\"kb-adv-heading162854_112d06-ca_36\"]{font-style:normal;}.wp-block-kadence-advancedheading.kt-adv-heading162854_112d06-ca_36 mark.kt-highlight, .wp-block-kadence-advancedheading.kt-adv-heading162854_112d06-ca_36[data-kb-block=\"kb-adv-heading162854_112d06-ca_36\"] mark.kt-highlight{font-style:normal;color:#f76a0c;-webkit-box-decoration-break:clone;box-decoration-break:clone;padding-top:0px;padding-right:0px;padding-bottom:0px;padding-left:0px;}.wp-block-kadence-advancedheading.kt-adv-heading162854_112d06-ca_36 img.kb-inline-image, .wp-block-kadence-advancedheading.kt-adv-heading162854_112d06-ca_36[data-kb-block=\"kb-adv-heading162854_112d06-ca_36\"] img.kb-inline-image{width:150px;vertical-align:baseline;}<\/style>\n<p class=\"kt-adv-heading162854_112d06-ca_36 wp-block-kadence-advancedheading\" data-kb-block=\"kb-adv-heading162854_112d06-ca_36\"><strong>prof. MUDr. Juraj Payer, PhD., MPH,<\/strong><\/p>\n\n\n<style>.wp-block-kadence-advancedheading.kt-adv-heading162854_112d06-ca_38, .wp-block-kadence-advancedheading.kt-adv-heading162854_112d06-ca_38[data-kb-block=\"kb-adv-heading162854_112d06-ca_38\"]{font-style:normal;}.wp-block-kadence-advancedheading.kt-adv-heading162854_112d06-ca_38 mark.kt-highlight, .wp-block-kadence-advancedheading.kt-adv-heading162854_112d06-ca_38[data-kb-block=\"kb-adv-heading162854_112d06-ca_38\"] mark.kt-highlight{font-style:normal;color:#f76a0c;-webkit-box-decoration-break:clone;box-decoration-break:clone;padding-top:0px;padding-right:0px;padding-bottom:0px;padding-left:0px;}.wp-block-kadence-advancedheading.kt-adv-heading162854_112d06-ca_38 img.kb-inline-image, .wp-block-kadence-advancedheading.kt-adv-heading162854_112d06-ca_38[data-kb-block=\"kb-adv-heading162854_112d06-ca_38\"] img.kb-inline-image{width:150px;vertical-align:baseline;}<\/style>\n<p class=\"kt-adv-heading162854_112d06-ca_38 wp-block-kadence-advancedheading\" data-kb-block=\"kb-adv-heading162854_112d06-ca_38\">FRCP, FEFIM<\/p>\n\n\n<style>.wp-block-kadence-advancedheading.kt-adv-heading162854_112d06-ca_40, .wp-block-kadence-advancedheading.kt-adv-heading162854_112d06-ca_40[data-kb-block=\"kb-adv-heading162854_112d06-ca_40\"]{font-style:normal;}.wp-block-kadence-advancedheading.kt-adv-heading162854_112d06-ca_40 mark.kt-highlight, .wp-block-kadence-advancedheading.kt-adv-heading162854_112d06-ca_40[data-kb-block=\"kb-adv-heading162854_112d06-ca_40\"] mark.kt-highlight{font-style:normal;color:#f76a0c;-webkit-box-decoration-break:clone;box-decoration-break:clone;padding-top:0px;padding-right:0px;padding-bottom:0px;padding-left:0px;}.wp-block-kadence-advancedheading.kt-adv-heading162854_112d06-ca_40 img.kb-inline-image, .wp-block-kadence-advancedheading.kt-adv-heading162854_112d06-ca_40[data-kb-block=\"kb-adv-heading162854_112d06-ca_40\"] img.kb-inline-image{width:150px;vertical-align:baseline;}<\/style>\n<p class=\"kt-adv-heading162854_112d06-ca_40 wp-block-kadence-advancedheading\" data-kb-block=\"kb-adv-heading162854_112d06-ca_40\">dekan<\/p>\n\n\n<style>.wp-block-kadence-advancedheading.kt-adv-heading162854_112d06-ca_42, .wp-block-kadence-advancedheading.kt-adv-heading162854_112d06-ca_42[data-kb-block=\"kb-adv-heading162854_112d06-ca_42\"]{font-style:normal;}.wp-block-kadence-advancedheading.kt-adv-heading162854_112d06-ca_42 mark.kt-highlight, .wp-block-kadence-advancedheading.kt-adv-heading162854_112d06-ca_42[data-kb-block=\"kb-adv-heading162854_112d06-ca_42\"] mark.kt-highlight{font-style:normal;color:#f76a0c;-webkit-box-decoration-break:clone;box-decoration-break:clone;padding-top:0px;padding-right:0px;padding-bottom:0px;padding-left:0px;}.wp-block-kadence-advancedheading.kt-adv-heading162854_112d06-ca_42 img.kb-inline-image, .wp-block-kadence-advancedheading.kt-adv-heading162854_112d06-ca_42[data-kb-block=\"kb-adv-heading162854_112d06-ca_42\"] img.kb-inline-image{width:150px;vertical-align:baseline;}<\/style>\n<p class=\"kt-adv-heading162854_112d06-ca_42 wp-block-kadence-advancedheading\" data-kb-block=\"kb-adv-heading162854_112d06-ca_42\">Univerzita Komensk\u00e9ho v Bratislave, Lek\u00e1rska fakulta<\/p>\n\n\n\n<hr class=\"wp-block-separator has-alpha-channel-opacity\"\/>\n\n\n<style>.wp-block-kadence-advancedheading.kt-adv-heading162854_6283ae-04, .wp-block-kadence-advancedheading.kt-adv-heading162854_6283ae-04[data-kb-block=\"kb-adv-heading162854_6283ae-04\"]{font-style:normal;}.wp-block-kadence-advancedheading.kt-adv-heading162854_6283ae-04 mark.kt-highlight, .wp-block-kadence-advancedheading.kt-adv-heading162854_6283ae-04[data-kb-block=\"kb-adv-heading162854_6283ae-04\"] mark.kt-highlight{font-style:normal;color:#f76a0c;-webkit-box-decoration-break:clone;box-decoration-break:clone;padding-top:0px;padding-right:0px;padding-bottom:0px;padding-left:0px;}.wp-block-kadence-advancedheading.kt-adv-heading162854_6283ae-04 img.kb-inline-image, .wp-block-kadence-advancedheading.kt-adv-heading162854_6283ae-04[data-kb-block=\"kb-adv-heading162854_6283ae-04\"] img.kb-inline-image{width:150px;vertical-align:baseline;}<\/style>\n<p class=\"kt-adv-heading162854_6283ae-04 wp-block-kadence-advancedheading\" data-kb-block=\"kb-adv-heading162854_6283ae-04\"><\/p>\n\n\n<style>.wp-block-kadence-advancedheading.kt-adv-heading162854_112d06-ca_44, .wp-block-kadence-advancedheading.kt-adv-heading162854_112d06-ca_44[data-kb-block=\"kb-adv-heading162854_112d06-ca_44\"]{font-style:normal;}.wp-block-kadence-advancedheading.kt-adv-heading162854_112d06-ca_44 mark.kt-highlight, .wp-block-kadence-advancedheading.kt-adv-heading162854_112d06-ca_44[data-kb-block=\"kb-adv-heading162854_112d06-ca_44\"] mark.kt-highlight{font-style:normal;color:#f76a0c;-webkit-box-decoration-break:clone;box-decoration-break:clone;padding-top:0px;padding-right:0px;padding-bottom:0px;padding-left:0px;}.wp-block-kadence-advancedheading.kt-adv-heading162854_112d06-ca_44 img.kb-inline-image, .wp-block-kadence-advancedheading.kt-adv-heading162854_112d06-ca_44[data-kb-block=\"kb-adv-heading162854_112d06-ca_44\"] img.kb-inline-image{width:150px;vertical-align:baseline;}<\/style>\n<p class=\"kt-adv-heading162854_112d06-ca_44 wp-block-kadence-advancedheading\" data-kb-block=\"kb-adv-heading162854_112d06-ca_44\"><strong>prof. MUDr. Andrea \u010calkovsk\u00e1, DrSc.<\/strong><\/p>\n\n\n<style>.wp-block-kadence-advancedheading.kt-adv-heading162854_112d06-ca_46, .wp-block-kadence-advancedheading.kt-adv-heading162854_112d06-ca_46[data-kb-block=\"kb-adv-heading162854_112d06-ca_46\"]{font-style:normal;}.wp-block-kadence-advancedheading.kt-adv-heading162854_112d06-ca_46 mark.kt-highlight, .wp-block-kadence-advancedheading.kt-adv-heading162854_112d06-ca_46[data-kb-block=\"kb-adv-heading162854_112d06-ca_46\"] mark.kt-highlight{font-style:normal;color:#f76a0c;-webkit-box-decoration-break:clone;box-decoration-break:clone;padding-top:0px;padding-right:0px;padding-bottom:0px;padding-left:0px;}.wp-block-kadence-advancedheading.kt-adv-heading162854_112d06-ca_46 img.kb-inline-image, .wp-block-kadence-advancedheading.kt-adv-heading162854_112d06-ca_46[data-kb-block=\"kb-adv-heading162854_112d06-ca_46\"] img.kb-inline-image{width:150px;vertical-align:baseline;}<\/style>\n<p class=\"kt-adv-heading162854_112d06-ca_46 wp-block-kadence-advancedheading\" data-kb-block=\"kb-adv-heading162854_112d06-ca_46\">dekanka<\/p>\n\n\n<style>.wp-block-kadence-advancedheading.kt-adv-heading162854_112d06-ca_48, .wp-block-kadence-advancedheading.kt-adv-heading162854_112d06-ca_48[data-kb-block=\"kb-adv-heading162854_112d06-ca_48\"]{font-style:normal;}.wp-block-kadence-advancedheading.kt-adv-heading162854_112d06-ca_48 mark.kt-highlight, .wp-block-kadence-advancedheading.kt-adv-heading162854_112d06-ca_48[data-kb-block=\"kb-adv-heading162854_112d06-ca_48\"] mark.kt-highlight{font-style:normal;color:#f76a0c;-webkit-box-decoration-break:clone;box-decoration-break:clone;padding-top:0px;padding-right:0px;padding-bottom:0px;padding-left:0px;}.wp-block-kadence-advancedheading.kt-adv-heading162854_112d06-ca_48 img.kb-inline-image, .wp-block-kadence-advancedheading.kt-adv-heading162854_112d06-ca_48[data-kb-block=\"kb-adv-heading162854_112d06-ca_48\"] img.kb-inline-image{width:150px;vertical-align:baseline;}<\/style>\n<p class=\"kt-adv-heading162854_112d06-ca_48 wp-block-kadence-advancedheading\" data-kb-block=\"kb-adv-heading162854_112d06-ca_48\">Univerzita Komensk\u00e9ho v Bratislave, Jesseniova lek\u00e1rska fakulta v Martine<\/p>\n\n\n\n<hr class=\"wp-block-separator has-alpha-channel-opacity\"\/>\n\n\n<style>.wp-block-kadence-advancedheading.kt-adv-heading162854_e45562-ac, .wp-block-kadence-advancedheading.kt-adv-heading162854_e45562-ac[data-kb-block=\"kb-adv-heading162854_e45562-ac\"]{font-style:normal;}.wp-block-kadence-advancedheading.kt-adv-heading162854_e45562-ac mark.kt-highlight, .wp-block-kadence-advancedheading.kt-adv-heading162854_e45562-ac[data-kb-block=\"kb-adv-heading162854_e45562-ac\"] mark.kt-highlight{font-style:normal;color:#f76a0c;-webkit-box-decoration-break:clone;box-decoration-break:clone;padding-top:0px;padding-right:0px;padding-bottom:0px;padding-left:0px;}.wp-block-kadence-advancedheading.kt-adv-heading162854_e45562-ac img.kb-inline-image, .wp-block-kadence-advancedheading.kt-adv-heading162854_e45562-ac[data-kb-block=\"kb-adv-heading162854_e45562-ac\"] img.kb-inline-image{width:150px;vertical-align:baseline;}<\/style>\n<p class=\"kt-adv-heading162854_e45562-ac wp-block-kadence-advancedheading\" data-kb-block=\"kb-adv-heading162854_e45562-ac\"><\/p>\n\n\n<style>.wp-block-kadence-advancedheading.kt-adv-heading162854_112d06-ca_50, .wp-block-kadence-advancedheading.kt-adv-heading162854_112d06-ca_50[data-kb-block=\"kb-adv-heading162854_112d06-ca_50\"]{font-style:normal;}.wp-block-kadence-advancedheading.kt-adv-heading162854_112d06-ca_50 mark.kt-highlight, .wp-block-kadence-advancedheading.kt-adv-heading162854_112d06-ca_50[data-kb-block=\"kb-adv-heading162854_112d06-ca_50\"] mark.kt-highlight{font-style:normal;color:#f76a0c;-webkit-box-decoration-break:clone;box-decoration-break:clone;padding-top:0px;padding-right:0px;padding-bottom:0px;padding-left:0px;}.wp-block-kadence-advancedheading.kt-adv-heading162854_112d06-ca_50 img.kb-inline-image, .wp-block-kadence-advancedheading.kt-adv-heading162854_112d06-ca_50[data-kb-block=\"kb-adv-heading162854_112d06-ca_50\"] img.kb-inline-image{width:150px;vertical-align:baseline;}<\/style>\n<p class=\"kt-adv-heading162854_112d06-ca_50 wp-block-kadence-advancedheading\" data-kb-block=\"kb-adv-heading162854_112d06-ca_50\"><strong>prof. MUDr. Daniel Pella, PhD.<\/strong><\/p>\n\n\n<style>.wp-block-kadence-advancedheading.kt-adv-heading162854_112d06-ca_52, .wp-block-kadence-advancedheading.kt-adv-heading162854_112d06-ca_52[data-kb-block=\"kb-adv-heading162854_112d06-ca_52\"]{font-style:normal;}.wp-block-kadence-advancedheading.kt-adv-heading162854_112d06-ca_52 mark.kt-highlight, .wp-block-kadence-advancedheading.kt-adv-heading162854_112d06-ca_52[data-kb-block=\"kb-adv-heading162854_112d06-ca_52\"] mark.kt-highlight{font-style:normal;color:#f76a0c;-webkit-box-decoration-break:clone;box-decoration-break:clone;padding-top:0px;padding-right:0px;padding-bottom:0px;padding-left:0px;}.wp-block-kadence-advancedheading.kt-adv-heading162854_112d06-ca_52 img.kb-inline-image, .wp-block-kadence-advancedheading.kt-adv-heading162854_112d06-ca_52[data-kb-block=\"kb-adv-heading162854_112d06-ca_52\"] img.kb-inline-image{width:150px;vertical-align:baseline;}<\/style>\n<p class=\"kt-adv-heading162854_112d06-ca_52 wp-block-kadence-advancedheading\" data-kb-block=\"kb-adv-heading162854_112d06-ca_52\">rektor<\/p>\n\n\n<style>.wp-block-kadence-advancedheading.kt-adv-heading162854_112d06-ca_54, .wp-block-kadence-advancedheading.kt-adv-heading162854_112d06-ca_54[data-kb-block=\"kb-adv-heading162854_112d06-ca_54\"]{font-style:normal;}.wp-block-kadence-advancedheading.kt-adv-heading162854_112d06-ca_54 mark.kt-highlight, .wp-block-kadence-advancedheading.kt-adv-heading162854_112d06-ca_54[data-kb-block=\"kb-adv-heading162854_112d06-ca_54\"] mark.kt-highlight{font-style:normal;color:#f76a0c;-webkit-box-decoration-break:clone;box-decoration-break:clone;padding-top:0px;padding-right:0px;padding-bottom:0px;padding-left:0px;}.wp-block-kadence-advancedheading.kt-adv-heading162854_112d06-ca_54 img.kb-inline-image, .wp-block-kadence-advancedheading.kt-adv-heading162854_112d06-ca_54[data-kb-block=\"kb-adv-heading162854_112d06-ca_54\"] img.kb-inline-image{width:150px;vertical-align:baseline;}<\/style>\n<p class=\"kt-adv-heading162854_112d06-ca_54 wp-block-kadence-advancedheading\" data-kb-block=\"kb-adv-heading162854_112d06-ca_54\">Univerzita Pavla Jozefa \u0160af\u00e1rika v Ko\u0161iciach<\/p>\n\n\n\n<hr class=\"wp-block-separator has-alpha-channel-opacity\"\/>\n\n\n<style>.wp-block-kadence-advancedheading.kt-adv-heading162854_afd699-95, .wp-block-kadence-advancedheading.kt-adv-heading162854_afd699-95[data-kb-block=\"kb-adv-heading162854_afd699-95\"]{font-style:normal;}.wp-block-kadence-advancedheading.kt-adv-heading162854_afd699-95 mark.kt-highlight, .wp-block-kadence-advancedheading.kt-adv-heading162854_afd699-95[data-kb-block=\"kb-adv-heading162854_afd699-95\"] mark.kt-highlight{font-style:normal;color:#f76a0c;-webkit-box-decoration-break:clone;box-decoration-break:clone;padding-top:0px;padding-right:0px;padding-bottom:0px;padding-left:0px;}.wp-block-kadence-advancedheading.kt-adv-heading162854_afd699-95 img.kb-inline-image, .wp-block-kadence-advancedheading.kt-adv-heading162854_afd699-95[data-kb-block=\"kb-adv-heading162854_afd699-95\"] img.kb-inline-image{width:150px;vertical-align:baseline;}<\/style>\n<p class=\"kt-adv-heading162854_afd699-95 wp-block-kadence-advancedheading\" data-kb-block=\"kb-adv-heading162854_afd699-95\"><\/p>\n\n\n<style>.wp-block-kadence-advancedheading.kt-adv-heading162854_112d06-ca_56, .wp-block-kadence-advancedheading.kt-adv-heading162854_112d06-ca_56[data-kb-block=\"kb-adv-heading162854_112d06-ca_56\"]{font-style:normal;}.wp-block-kadence-advancedheading.kt-adv-heading162854_112d06-ca_56 mark.kt-highlight, .wp-block-kadence-advancedheading.kt-adv-heading162854_112d06-ca_56[data-kb-block=\"kb-adv-heading162854_112d06-ca_56\"] mark.kt-highlight{font-style:normal;color:#f76a0c;-webkit-box-decoration-break:clone;box-decoration-break:clone;padding-top:0px;padding-right:0px;padding-bottom:0px;padding-left:0px;}.wp-block-kadence-advancedheading.kt-adv-heading162854_112d06-ca_56 img.kb-inline-image, .wp-block-kadence-advancedheading.kt-adv-heading162854_112d06-ca_56[data-kb-block=\"kb-adv-heading162854_112d06-ca_56\"] img.kb-inline-image{width:150px;vertical-align:baseline;}<\/style>\n<p class=\"kt-adv-heading162854_112d06-ca_56 wp-block-kadence-advancedheading\" data-kb-block=\"kb-adv-heading162854_112d06-ca_56\"><strong>prof. MUDr. Peter Jar\u010du\u0161ka, PhD.<\/strong><\/p>\n\n\n<style>.wp-block-kadence-advancedheading.kt-adv-heading162854_112d06-ca_58, .wp-block-kadence-advancedheading.kt-adv-heading162854_112d06-ca_58[data-kb-block=\"kb-adv-heading162854_112d06-ca_58\"]{font-style:normal;}.wp-block-kadence-advancedheading.kt-adv-heading162854_112d06-ca_58 mark.kt-highlight, .wp-block-kadence-advancedheading.kt-adv-heading162854_112d06-ca_58[data-kb-block=\"kb-adv-heading162854_112d06-ca_58\"] mark.kt-highlight{font-style:normal;color:#f76a0c;-webkit-box-decoration-break:clone;box-decoration-break:clone;padding-top:0px;padding-right:0px;padding-bottom:0px;padding-left:0px;}.wp-block-kadence-advancedheading.kt-adv-heading162854_112d06-ca_58 img.kb-inline-image, .wp-block-kadence-advancedheading.kt-adv-heading162854_112d06-ca_58[data-kb-block=\"kb-adv-heading162854_112d06-ca_58\"] img.kb-inline-image{width:150px;vertical-align:baseline;}<\/style>\n<p class=\"kt-adv-heading162854_112d06-ca_58 wp-block-kadence-advancedheading\" data-kb-block=\"kb-adv-heading162854_112d06-ca_58\">dekan<\/p>\n\n\n<style>.wp-block-kadence-advancedheading.kt-adv-heading162854_112d06-ca_60, .wp-block-kadence-advancedheading.kt-adv-heading162854_112d06-ca_60[data-kb-block=\"kb-adv-heading162854_112d06-ca_60\"]{font-style:normal;}.wp-block-kadence-advancedheading.kt-adv-heading162854_112d06-ca_60 mark.kt-highlight, .wp-block-kadence-advancedheading.kt-adv-heading162854_112d06-ca_60[data-kb-block=\"kb-adv-heading162854_112d06-ca_60\"] mark.kt-highlight{font-style:normal;color:#f76a0c;-webkit-box-decoration-break:clone;box-decoration-break:clone;padding-top:0px;padding-right:0px;padding-bottom:0px;padding-left:0px;}.wp-block-kadence-advancedheading.kt-adv-heading162854_112d06-ca_60 img.kb-inline-image, .wp-block-kadence-advancedheading.kt-adv-heading162854_112d06-ca_60[data-kb-block=\"kb-adv-heading162854_112d06-ca_60\"] img.kb-inline-image{width:150px;vertical-align:baseline;}<\/style>\n<p class=\"kt-adv-heading162854_112d06-ca_60 wp-block-kadence-advancedheading\" data-kb-block=\"kb-adv-heading162854_112d06-ca_60\">Univerzita Pavla Jozefa \u0160af\u00e1rika v Ko\u0161iciach, Lek\u00e1rska fakulta<\/p>\n\n\n\n<hr class=\"wp-block-separator has-alpha-channel-opacity\"\/>\n\n\n<style>.wp-block-kadence-advancedheading.kt-adv-heading162854_9b8352-f3, .wp-block-kadence-advancedheading.kt-adv-heading162854_9b8352-f3[data-kb-block=\"kb-adv-heading162854_9b8352-f3\"]{font-style:normal;}.wp-block-kadence-advancedheading.kt-adv-heading162854_9b8352-f3 mark.kt-highlight, .wp-block-kadence-advancedheading.kt-adv-heading162854_9b8352-f3[data-kb-block=\"kb-adv-heading162854_9b8352-f3\"] mark.kt-highlight{font-style:normal;color:#f76a0c;-webkit-box-decoration-break:clone;box-decoration-break:clone;padding-top:0px;padding-right:0px;padding-bottom:0px;padding-left:0px;}.wp-block-kadence-advancedheading.kt-adv-heading162854_9b8352-f3 img.kb-inline-image, .wp-block-kadence-advancedheading.kt-adv-heading162854_9b8352-f3[data-kb-block=\"kb-adv-heading162854_9b8352-f3\"] img.kb-inline-image{width:150px;vertical-align:baseline;}<\/style>\n<p class=\"kt-adv-heading162854_9b8352-f3 wp-block-kadence-advancedheading\" data-kb-block=\"kb-adv-heading162854_9b8352-f3\"><\/p>\n\n\n<style>.wp-block-kadence-advancedheading.kt-adv-heading162854_112d06-ca_62, .wp-block-kadence-advancedheading.kt-adv-heading162854_112d06-ca_62[data-kb-block=\"kb-adv-heading162854_112d06-ca_62\"]{font-style:normal;}.wp-block-kadence-advancedheading.kt-adv-heading162854_112d06-ca_62 mark.kt-highlight, .wp-block-kadence-advancedheading.kt-adv-heading162854_112d06-ca_62[data-kb-block=\"kb-adv-heading162854_112d06-ca_62\"] mark.kt-highlight{font-style:normal;color:#f76a0c;-webkit-box-decoration-break:clone;box-decoration-break:clone;padding-top:0px;padding-right:0px;padding-bottom:0px;padding-left:0px;}.wp-block-kadence-advancedheading.kt-adv-heading162854_112d06-ca_62 img.kb-inline-image, .wp-block-kadence-advancedheading.kt-adv-heading162854_112d06-ca_62[data-kb-block=\"kb-adv-heading162854_112d06-ca_62\"] img.kb-inline-image{width:150px;vertical-align:baseline;}<\/style>\n<p class=\"kt-adv-heading162854_112d06-ca_62 wp-block-kadence-advancedheading\" data-kb-block=\"kb-adv-heading162854_112d06-ca_62\"><strong>O Asoci\u00e1cii lek\u00e1rskych fak\u00falt verejn\u00fdch vysok\u00fdch \u0161k\u00f4l SR<\/strong><\/p>\n\n\n<style>.wp-block-kadence-advancedheading.kt-adv-heading162854_112d06-ca_64, .wp-block-kadence-advancedheading.kt-adv-heading162854_112d06-ca_64[data-kb-block=\"kb-adv-heading162854_112d06-ca_64\"]{font-style:normal;}.wp-block-kadence-advancedheading.kt-adv-heading162854_112d06-ca_64 mark.kt-highlight, .wp-block-kadence-advancedheading.kt-adv-heading162854_112d06-ca_64[data-kb-block=\"kb-adv-heading162854_112d06-ca_64\"] mark.kt-highlight{font-style:normal;color:#f76a0c;-webkit-box-decoration-break:clone;box-decoration-break:clone;padding-top:0px;padding-right:0px;padding-bottom:0px;padding-left:0px;}.wp-block-kadence-advancedheading.kt-adv-heading162854_112d06-ca_64 img.kb-inline-image, .wp-block-kadence-advancedheading.kt-adv-heading162854_112d06-ca_64[data-kb-block=\"kb-adv-heading162854_112d06-ca_64\"] img.kb-inline-image{width:150px;vertical-align:baseline;}<\/style>\n<p class=\"kt-adv-heading162854_112d06-ca_64 wp-block-kadence-advancedheading\" data-kb-block=\"kb-adv-heading162854_112d06-ca_64\">Asoci\u00e1ciu tvoria tri vzdel\u00e1vacie ustanovizne \u2013 Lek\u00e1rska fakulta Univerzity Komensk\u00e9ho v Bratislave, Jesseniova lek\u00e1rska fakulta v Martine Univerzity Komensk\u00e9ho v Bratislave a Lek\u00e1rska fakulta Univerzity Pavla Jozefa \u0160af\u00e1rika v Ko\u0161iciach.  Asoci\u00e1cia zastupuje a spolo\u010dne h\u00e1ji stavovsk\u00e9, odborn\u00e9 a \u010fal\u0161ie z\u00e1ujmy svojich \u010dlenov. Podporuje a koordinuje spolupr\u00e1cu verejn\u00fdch lek\u00e1rskych fak\u00falt na Slovensku vo v\u0161etk\u00fdch oblastiach ich \u010dinnosti s cie\u013eom zlep\u0161ova\u0165 vzdel\u00e1vanie, v\u00fdskum a poskytovanie zdravotnej starostlivosti.<\/p>\n","protected":false},"excerpt":{"rendered":"<p>STANOVISKO ASOCI\u00c1CIE LEK\u00c1RSKYCH FAK\u00daLT VEREJN\u00ddCH VYSOK\u00ddCH \u0160K\u00d4L SR, UNIVERZITY KOMENSK\u00c9HO V BRATISLAVE A UNIVERZITY PAVLA JOZEFA \u0160AF\u00c1RIKA V KO\u0160ICIACH K Z\u00c1MERU ZRIADI\u0164 NOV\u00da LEK\u00c1RSKU FAKULTU SZU SO S\u00cdDLOM V BANSKEJ BYSTRICI Asoci\u00e1cia lek\u00e1rskych fak\u00falt verejn\u00fdch vysok\u00fdch \u0161k\u00f4l SR v\u00edta a podporuje z\u00e1mer pretransformova\u0165 Fakultn\u00fa nemocnicu s poliklinikou F. D. Roosevelta v Banskej Bystrici na univerzitn\u00fa &hellip; <a href=\"https:\/\/www.upjs.sk\/lekarska-fakulta\/actuality\/stanovisko-asociacie-lekarskych-fakult-verejnych-vysokych-skol-sr-univerzity-komenskeho-v-bratislave-a-univerzity-pavla-jozefa-safarika-v-kosiciach-k-zameru-zriadit-novu-lekarsku-fakultu-szu-so-sidlo\/\">\u010c\u00edta\u0165 \u010falej<\/a><\/p>\n","protected":false},"author":97,"featured_media":160194,"template":"","meta":{"_acf_changed":false,"footnotes":""},"categories":[],"tags":[],"tax_aktuality":[],"class_list":["post-162854","cpt_aktuality","type-cpt_aktuality","status-publish","has-post-thumbnail","hentry"],"acf":{"acf_link_na_externy_obsah":"","poradie_clanku":""},"yoast_head":"<!-- This site is optimized with the Yoast SEO plugin v28.4 - https:\/\/yoast.com\/product\/yoast-seo-wordpress\/ -->\n<title>Stanovisko Asoci\u00e1cie lek\u00e1rskych fak\u00falt verejn\u00fdch vysok\u00fdch \u0161k\u00f4l SR - Lek\u00e1rska fakulta | UPJ\u0160<\/title>\n<meta name=\"robots\" content=\"index, follow, max-snippet:-1, max-image-preview:large, max-video-preview:-1\" \/>\n<link rel=\"canonical\" href=\"https:\/\/www.upjs.sk\/lekarska-fakulta\/actuality\/stanovisko-asociacie-lekarskych-fakult-verejnych-vysokych-skol-sr-univerzity-komenskeho-v-bratislave-a-univerzity-pavla-jozefa-safarika-v-kosiciach-k-zameru-zriadit-novu-lekarsku-fakultu-szu-so-sidlo\/\" \/>\n<meta property=\"og:locale\" content=\"sk_SK\" \/>\n<meta property=\"og:type\" content=\"article\" \/>\n<meta property=\"og:title\" content=\"Stanovisko Asoci\u00e1cie lek\u00e1rskych fak\u00falt verejn\u00fdch vysok\u00fdch \u0161k\u00f4l SR - Lek\u00e1rska fakulta | UPJ\u0160\" \/>\n<meta property=\"og:description\" content=\"STANOVISKO ASOCI\u00c1CIE LEK\u00c1RSKYCH FAK\u00daLT VEREJN\u00ddCH VYSOK\u00ddCH \u0160K\u00d4L SR, UNIVERZITY KOMENSK\u00c9HO V BRATISLAVE A UNIVERZITY PAVLA JOZEFA \u0160AF\u00c1RIKA V KO\u0160ICIACH K Z\u00c1MERU ZRIADI\u0164 NOV\u00da LEK\u00c1RSKU FAKULTU SZU SO S\u00cdDLOM V BANSKEJ BYSTRICI Asoci\u00e1cia lek\u00e1rskych fak\u00falt verejn\u00fdch vysok\u00fdch \u0161k\u00f4l SR v\u00edta a podporuje z\u00e1mer pretransformova\u0165 Fakultn\u00fa nemocnicu s poliklinikou F. D. Roosevelta v Banskej Bystrici na univerzitn\u00fa &hellip; \u010c\u00edta\u0165 \u010falej\" \/>\n<meta property=\"og:url\" content=\"https:\/\/www.upjs.sk\/lekarska-fakulta\/actuality\/stanovisko-asociacie-lekarskych-fakult-verejnych-vysokych-skol-sr-univerzity-komenskeho-v-bratislave-a-univerzity-pavla-jozefa-safarika-v-kosiciach-k-zameru-zriadit-novu-lekarsku-fakultu-szu-so-sidlo\/\" \/>\n<meta property=\"og:site_name\" content=\"Lek\u00e1rska fakulta | UPJ\u0160\" \/>\n<meta property=\"article:modified_time\" content=\"2026-09-04T18:49:01+00:00\" \/>\n<meta property=\"og:image\" content=\"https:\/\/www.upjs.sk\/app\/uploads\/sites\/9\/2026\/06\/Univerzita-Pavla-Jozefa-Safarika-v-Kosiciach-Lekarska-Fakulta.png\" \/>\n\t<meta property=\"og:image:width\" content=\"930\" \/>\n\t<meta property=\"og:image:height\" content=\"630\" \/>\n\t<meta property=\"og:image:type\" content=\"image\/png\" \/>\n<meta name=\"twitter:card\" content=\"summary_large_image\" \/>\n<meta name=\"twitter:label1\" content=\"Predpokladan\u00fd \u010das \u010d\u00edtania\" \/>\n\t<meta name=\"twitter:data1\" content=\"6 min\u00fat\" \/>\n<script type=\"application\/ld+json\" class=\"yoast-schema-graph\">{\"@context\":\"https:\\\/\\\/schema.org\",\"@graph\":[{\"@type\":\"WebPage\",\"@id\":\"https:\\\/\\\/www.upjs.sk\\\/lekarska-fakulta\\\/actuality\\\/stanovisko-asociacie-lekarskych-fakult-verejnych-vysokych-skol-sr-univerzity-komenskeho-v-bratislave-a-univerzity-pavla-jozefa-safarika-v-kosiciach-k-zameru-zriadit-novu-lekarsku-fakultu-szu-so-sidlo\\\/\",\"url\":\"https:\\\/\\\/www.upjs.sk\\\/lekarska-fakulta\\\/actuality\\\/stanovisko-asociacie-lekarskych-fakult-verejnych-vysokych-skol-sr-univerzity-komenskeho-v-bratislave-a-univerzity-pavla-jozefa-safarika-v-kosiciach-k-zameru-zriadit-novu-lekarsku-fakultu-szu-so-sidlo\\\/\",\"name\":\"Stanovisko Asoci\u00e1cie lek\u00e1rskych fak\u00falt verejn\u00fdch vysok\u00fdch \u0161k\u00f4l SR - Lek\u00e1rska fakulta | UPJ\u0160\",\"isPartOf\":{\"@id\":\"https:\\\/\\\/www.upjs.sk\\\/lekarska-fakulta\\\/#website\"},\"primaryImageOfPage\":{\"@id\":\"https:\\\/\\\/www.upjs.sk\\\/lekarska-fakulta\\\/actuality\\\/stanovisko-asociacie-lekarskych-fakult-verejnych-vysokych-skol-sr-univerzity-komenskeho-v-bratislave-a-univerzity-pavla-jozefa-safarika-v-kosiciach-k-zameru-zriadit-novu-lekarsku-fakultu-szu-so-sidlo\\\/#primaryimage\"},\"image\":{\"@id\":\"https:\\\/\\\/www.upjs.sk\\\/lekarska-fakulta\\\/actuality\\\/stanovisko-asociacie-lekarskych-fakult-verejnych-vysokych-skol-sr-univerzity-komenskeho-v-bratislave-a-univerzity-pavla-jozefa-safarika-v-kosiciach-k-zameru-zriadit-novu-lekarsku-fakultu-szu-so-sidlo\\\/#primaryimage\"},\"thumbnailUrl\":\"https:\\\/\\\/www.upjs.sk\\\/app\\\/uploads\\\/sites\\\/9\\\/2026\\\/06\\\/Univerzita-Pavla-Jozefa-Safarika-v-Kosiciach-Lekarska-Fakulta.png\",\"datePublished\":\"2026-09-04T17:28:05+00:00\",\"dateModified\":\"2026-09-04T18:49:01+00:00\",\"breadcrumb\":{\"@id\":\"https:\\\/\\\/www.upjs.sk\\\/lekarska-fakulta\\\/actuality\\\/stanovisko-asociacie-lekarskych-fakult-verejnych-vysokych-skol-sr-univerzity-komenskeho-v-bratislave-a-univerzity-pavla-jozefa-safarika-v-kosiciach-k-zameru-zriadit-novu-lekarsku-fakultu-szu-so-sidlo\\\/#breadcrumb\"},\"inLanguage\":\"sk-SK\",\"potentialAction\":[{\"@type\":\"ReadAction\",\"target\":[\"https:\\\/\\\/www.upjs.sk\\\/lekarska-fakulta\\\/actuality\\\/stanovisko-asociacie-lekarskych-fakult-verejnych-vysokych-skol-sr-univerzity-komenskeho-v-bratislave-a-univerzity-pavla-jozefa-safarika-v-kosiciach-k-zameru-zriadit-novu-lekarsku-fakultu-szu-so-sidlo\\\/\"]}]},{\"@type\":\"ImageObject\",\"inLanguage\":\"sk-SK\",\"@id\":\"https:\\\/\\\/www.upjs.sk\\\/lekarska-fakulta\\\/actuality\\\/stanovisko-asociacie-lekarskych-fakult-verejnych-vysokych-skol-sr-univerzity-komenskeho-v-bratislave-a-univerzity-pavla-jozefa-safarika-v-kosiciach-k-zameru-zriadit-novu-lekarsku-fakultu-szu-so-sidlo\\\/#primaryimage\",\"url\":\"https:\\\/\\\/www.upjs.sk\\\/app\\\/uploads\\\/sites\\\/9\\\/2026\\\/06\\\/Univerzita-Pavla-Jozefa-Safarika-v-Kosiciach-Lekarska-Fakulta.png\",\"contentUrl\":\"https:\\\/\\\/www.upjs.sk\\\/app\\\/uploads\\\/sites\\\/9\\\/2026\\\/06\\\/Univerzita-Pavla-Jozefa-Safarika-v-Kosiciach-Lekarska-Fakulta.png\",\"width\":930,\"height\":630},{\"@type\":\"BreadcrumbList\",\"@id\":\"https:\\\/\\\/www.upjs.sk\\\/lekarska-fakulta\\\/actuality\\\/stanovisko-asociacie-lekarskych-fakult-verejnych-vysokych-skol-sr-univerzity-komenskeho-v-bratislave-a-univerzity-pavla-jozefa-safarika-v-kosiciach-k-zameru-zriadit-novu-lekarsku-fakultu-szu-so-sidlo\\\/#breadcrumb\",\"itemListElement\":[{\"@type\":\"ListItem\",\"position\":1,\"name\":\"Home\",\"item\":\"https:\\\/\\\/www.upjs.sk\\\/lekarska-fakulta\\\/\"},{\"@type\":\"ListItem\",\"position\":2,\"name\":\"Aktuality\",\"item\":\"https:\\\/\\\/www.upjs.sk\\\/lekarska-fakulta\\\/actuality\\\/\"},{\"@type\":\"ListItem\",\"position\":3,\"name\":\"Stanovisko Asoci\u00e1cie lek\u00e1rskych fak\u00falt verejn\u00fdch vysok\u00fdch \u0161k\u00f4l SR\"}]},{\"@type\":\"WebSite\",\"@id\":\"https:\\\/\\\/www.upjs.sk\\\/lekarska-fakulta\\\/#website\",\"url\":\"https:\\\/\\\/www.upjs.sk\\\/lekarska-fakulta\\\/\",\"name\":\"Lek\u00e1rska fakulta | UPJ\u0160\",\"description\":\"\",\"publisher\":{\"@id\":\"https:\\\/\\\/www.upjs.sk\\\/lekarska-fakulta\\\/#organization\"},\"potentialAction\":[{\"@type\":\"SearchAction\",\"target\":{\"@type\":\"EntryPoint\",\"urlTemplate\":\"https:\\\/\\\/www.upjs.sk\\\/lekarska-fakulta\\\/?s={search_term_string}\"},\"query-input\":{\"@type\":\"PropertyValueSpecification\",\"valueRequired\":true,\"valueName\":\"search_term_string\"}}],\"inLanguage\":\"sk-SK\"},{\"@type\":\"Organization\",\"@id\":\"https:\\\/\\\/www.upjs.sk\\\/lekarska-fakulta\\\/#organization\",\"name\":\"Lek\u00e1rska fakulta | UPJ\u0160\",\"url\":\"https:\\\/\\\/www.upjs.sk\\\/lekarska-fakulta\\\/\",\"logo\":{\"@type\":\"ImageObject\",\"inLanguage\":\"sk-SK\",\"@id\":\"https:\\\/\\\/www.upjs.sk\\\/lekarska-fakulta\\\/#\\\/schema\\\/logo\\\/image\\\/\",\"url\":\"https:\\\/\\\/www.upjs.sk\\\/app\\\/uploads\\\/sites\\\/9\\\/2022\\\/09\\\/logo-lekarska-fakulta.png\",\"contentUrl\":\"https:\\\/\\\/www.upjs.sk\\\/app\\\/uploads\\\/sites\\\/9\\\/2022\\\/09\\\/logo-lekarska-fakulta.png\",\"width\":415,\"height\":87,\"caption\":\"Lek\u00e1rska fakulta | UPJ\u0160\"},\"image\":{\"@id\":\"https:\\\/\\\/www.upjs.sk\\\/lekarska-fakulta\\\/#\\\/schema\\\/logo\\\/image\\\/\"}}]}<\/script>\n<!-- \/ Yoast SEO plugin. -->","yoast_head_json":{"title":"Stanovisko Asoci\u00e1cie lek\u00e1rskych fak\u00falt verejn\u00fdch vysok\u00fdch \u0161k\u00f4l SR - Lek\u00e1rska fakulta | UPJ\u0160","robots":{"index":"index","follow":"follow","max-snippet":"max-snippet:-1","max-image-preview":"max-image-preview:large","max-video-preview":"max-video-preview:-1"},"canonical":"https:\/\/www.upjs.sk\/lekarska-fakulta\/actuality\/stanovisko-asociacie-lekarskych-fakult-verejnych-vysokych-skol-sr-univerzity-komenskeho-v-bratislave-a-univerzity-pavla-jozefa-safarika-v-kosiciach-k-zameru-zriadit-novu-lekarsku-fakultu-szu-so-sidlo\/","og_locale":"sk_SK","og_type":"article","og_title":"Stanovisko Asoci\u00e1cie lek\u00e1rskych fak\u00falt verejn\u00fdch vysok\u00fdch \u0161k\u00f4l SR - Lek\u00e1rska fakulta | UPJ\u0160","og_description":"STANOVISKO ASOCI\u00c1CIE LEK\u00c1RSKYCH FAK\u00daLT VEREJN\u00ddCH VYSOK\u00ddCH \u0160K\u00d4L SR, UNIVERZITY KOMENSK\u00c9HO V BRATISLAVE A UNIVERZITY PAVLA JOZEFA \u0160AF\u00c1RIKA V KO\u0160ICIACH K Z\u00c1MERU ZRIADI\u0164 NOV\u00da LEK\u00c1RSKU FAKULTU SZU SO S\u00cdDLOM V BANSKEJ BYSTRICI Asoci\u00e1cia lek\u00e1rskych fak\u00falt verejn\u00fdch vysok\u00fdch \u0161k\u00f4l SR v\u00edta a podporuje z\u00e1mer pretransformova\u0165 Fakultn\u00fa nemocnicu s poliklinikou F. D. Roosevelta v Banskej Bystrici na univerzitn\u00fa &hellip; \u010c\u00edta\u0165 \u010falej","og_url":"https:\/\/www.upjs.sk\/lekarska-fakulta\/actuality\/stanovisko-asociacie-lekarskych-fakult-verejnych-vysokych-skol-sr-univerzity-komenskeho-v-bratislave-a-univerzity-pavla-jozefa-safarika-v-kosiciach-k-zameru-zriadit-novu-lekarsku-fakultu-szu-so-sidlo\/","og_site_name":"Lek\u00e1rska fakulta | UPJ\u0160","article_modified_time":"2026-09-04T18:49:01+00:00","og_image":[{"width":930,"height":630,"url":"https:\/\/www.upjs.sk\/app\/uploads\/sites\/9\/2026\/06\/Univerzita-Pavla-Jozefa-Safarika-v-Kosiciach-Lekarska-Fakulta.png","type":"image\/png"}],"twitter_card":"summary_large_image","twitter_misc":{"Predpokladan\u00fd \u010das \u010d\u00edtania":"6 min\u00fat"},"schema":{"@context":"https:\/\/schema.org","@graph":[{"@type":"WebPage","@id":"https:\/\/www.upjs.sk\/lekarska-fakulta\/actuality\/stanovisko-asociacie-lekarskych-fakult-verejnych-vysokych-skol-sr-univerzity-komenskeho-v-bratislave-a-univerzity-pavla-jozefa-safarika-v-kosiciach-k-zameru-zriadit-novu-lekarsku-fakultu-szu-so-sidlo\/","url":"https:\/\/www.upjs.sk\/lekarska-fakulta\/actuality\/stanovisko-asociacie-lekarskych-fakult-verejnych-vysokych-skol-sr-univerzity-komenskeho-v-bratislave-a-univerzity-pavla-jozefa-safarika-v-kosiciach-k-zameru-zriadit-novu-lekarsku-fakultu-szu-so-sidlo\/","name":"Stanovisko Asoci\u00e1cie lek\u00e1rskych fak\u00falt verejn\u00fdch vysok\u00fdch \u0161k\u00f4l SR - Lek\u00e1rska fakulta | UPJ\u0160","isPartOf":{"@id":"https:\/\/www.upjs.sk\/lekarska-fakulta\/#website"},"primaryImageOfPage":{"@id":"https:\/\/www.upjs.sk\/lekarska-fakulta\/actuality\/stanovisko-asociacie-lekarskych-fakult-verejnych-vysokych-skol-sr-univerzity-komenskeho-v-bratislave-a-univerzity-pavla-jozefa-safarika-v-kosiciach-k-zameru-zriadit-novu-lekarsku-fakultu-szu-so-sidlo\/#primaryimage"},"image":{"@id":"https:\/\/www.upjs.sk\/lekarska-fakulta\/actuality\/stanovisko-asociacie-lekarskych-fakult-verejnych-vysokych-skol-sr-univerzity-komenskeho-v-bratislave-a-univerzity-pavla-jozefa-safarika-v-kosiciach-k-zameru-zriadit-novu-lekarsku-fakultu-szu-so-sidlo\/#primaryimage"},"thumbnailUrl":"https:\/\/www.upjs.sk\/app\/uploads\/sites\/9\/2026\/06\/Univerzita-Pavla-Jozefa-Safarika-v-Kosiciach-Lekarska-Fakulta.png","datePublished":"2026-09-04T17:28:05+00:00","dateModified":"2026-09-04T18:49:01+00:00","breadcrumb":{"@id":"https:\/\/www.upjs.sk\/lekarska-fakulta\/actuality\/stanovisko-asociacie-lekarskych-fakult-verejnych-vysokych-skol-sr-univerzity-komenskeho-v-bratislave-a-univerzity-pavla-jozefa-safarika-v-kosiciach-k-zameru-zriadit-novu-lekarsku-fakultu-szu-so-sidlo\/#breadcrumb"},"inLanguage":"sk-SK","potentialAction":[{"@type":"ReadAction","target":["https:\/\/www.upjs.sk\/lekarska-fakulta\/actuality\/stanovisko-asociacie-lekarskych-fakult-verejnych-vysokych-skol-sr-univerzity-komenskeho-v-bratislave-a-univerzity-pavla-jozefa-safarika-v-kosiciach-k-zameru-zriadit-novu-lekarsku-fakultu-szu-so-sidlo\/"]}]},{"@type":"ImageObject","inLanguage":"sk-SK","@id":"https:\/\/www.upjs.sk\/lekarska-fakulta\/actuality\/stanovisko-asociacie-lekarskych-fakult-verejnych-vysokych-skol-sr-univerzity-komenskeho-v-bratislave-a-univerzity-pavla-jozefa-safarika-v-kosiciach-k-zameru-zriadit-novu-lekarsku-fakultu-szu-so-sidlo\/#primaryimage","url":"https:\/\/www.upjs.sk\/app\/uploads\/sites\/9\/2026\/06\/Univerzita-Pavla-Jozefa-Safarika-v-Kosiciach-Lekarska-Fakulta.png","contentUrl":"https:\/\/www.upjs.sk\/app\/uploads\/sites\/9\/2026\/06\/Univerzita-Pavla-Jozefa-Safarika-v-Kosiciach-Lekarska-Fakulta.png","width":930,"height":630},{"@type":"BreadcrumbList","@id":"https:\/\/www.upjs.sk\/lekarska-fakulta\/actuality\/stanovisko-asociacie-lekarskych-fakult-verejnych-vysokych-skol-sr-univerzity-komenskeho-v-bratislave-a-univerzity-pavla-jozefa-safarika-v-kosiciach-k-zameru-zriadit-novu-lekarsku-fakultu-szu-so-sidlo\/#breadcrumb","itemListElement":[{"@type":"ListItem","position":1,"name":"Home","item":"https:\/\/www.upjs.sk\/lekarska-fakulta\/"},{"@type":"ListItem","position":2,"name":"Aktuality","item":"https:\/\/www.upjs.sk\/lekarska-fakulta\/actuality\/"},{"@type":"ListItem","position":3,"name":"Stanovisko Asoci\u00e1cie lek\u00e1rskych fak\u00falt verejn\u00fdch vysok\u00fdch \u0161k\u00f4l SR"}]},{"@type":"WebSite","@id":"https:\/\/www.upjs.sk\/lekarska-fakulta\/#website","url":"https:\/\/www.upjs.sk\/lekarska-fakulta\/","name":"Lek\u00e1rska fakulta | UPJ\u0160","description":"","publisher":{"@id":"https:\/\/www.upjs.sk\/lekarska-fakulta\/#organization"},"potentialAction":[{"@type":"SearchAction","target":{"@type":"EntryPoint","urlTemplate":"https:\/\/www.upjs.sk\/lekarska-fakulta\/?s={search_term_string}"},"query-input":{"@type":"PropertyValueSpecification","valueRequired":true,"valueName":"search_term_string"}}],"inLanguage":"sk-SK"},{"@type":"Organization","@id":"https:\/\/www.upjs.sk\/lekarska-fakulta\/#organization","name":"Lek\u00e1rska fakulta | UPJ\u0160","url":"https:\/\/www.upjs.sk\/lekarska-fakulta\/","logo":{"@type":"ImageObject","inLanguage":"sk-SK","@id":"https:\/\/www.upjs.sk\/lekarska-fakulta\/#\/schema\/logo\/image\/","url":"https:\/\/www.upjs.sk\/app\/uploads\/sites\/9\/2022\/09\/logo-lekarska-fakulta.png","contentUrl":"https:\/\/www.upjs.sk\/app\/uploads\/sites\/9\/2022\/09\/logo-lekarska-fakulta.png","width":415,"height":87,"caption":"Lek\u00e1rska fakulta | UPJ\u0160"},"image":{"@id":"https:\/\/www.upjs.sk\/lekarska-fakulta\/#\/schema\/logo\/image\/"}}]}},"_links":{"self":[{"href":"https:\/\/www.upjs.sk\/lekarska-fakulta\/wp-json\/wp\/v2\/cpt_aktuality\/162854","targetHints":{"allow":["GET"]}}],"collection":[{"href":"https:\/\/www.upjs.sk\/lekarska-fakulta\/wp-json\/wp\/v2\/cpt_aktuality"}],"about":[{"href":"https:\/\/www.upjs.sk\/lekarska-fakulta\/wp-json\/wp\/v2\/types\/cpt_aktuality"}],"author":[{"embeddable":true,"href":"https:\/\/www.upjs.sk\/lekarska-fakulta\/wp-json\/wp\/v2\/users\/97"}],"version-history":[{"count":8,"href":"https:\/\/www.upjs.sk\/lekarska-fakulta\/wp-json\/wp\/v2\/cpt_aktuality\/162854\/revisions"}],"predecessor-version":[{"id":162865,"href":"https:\/\/www.upjs.sk\/lekarska-fakulta\/wp-json\/wp\/v2\/cpt_aktuality\/162854\/revisions\/162865"}],"wp:featuredmedia":[{"embeddable":true,"href":"https:\/\/www.upjs.sk\/lekarska-fakulta\/wp-json\/wp\/v2\/media\/160194"}],"wp:attachment":[{"href":"https:\/\/www.upjs.sk\/lekarska-fakulta\/wp-json\/wp\/v2\/media?parent=162854"}],"wp:term":[{"taxonomy":"category","embeddable":true,"href":"https:\/\/www.upjs.sk\/lekarska-fakulta\/wp-json\/wp\/v2\/categories?post=162854"},{"taxonomy":"post_tag","embeddable":true,"href":"https:\/\/www.upjs.sk\/lekarska-fakulta\/wp-json\/wp\/v2\/tags?post=162854"},{"taxonomy":"tax_aktuality","embeddable":true,"href":"https:\/\/www.upjs.sk\/lekarska-fakulta\/wp-json\/wp\/v2\/tax_aktuality?post=162854"}],"curies":[{"name":"wp","href":"https:\/\/api.w.org\/{rel}","templated":true}]}}