{"id":96188,"date":"2023-09-12T08:19:00","date_gmt":"2023-09-12T07:19:00","guid":{"rendered":"https:\/\/www.upjs.sk\/lekarska-fakulta\/?post_type=cpt_aktuality&#038;p=96188"},"modified":"2023-09-14T15:36:50","modified_gmt":"2023-09-14T14:36:50","slug":"nasi-studenti-radili-slovakom-ako-sa-starat-o-ustne-zdravie","status":"publish","type":"cpt_aktuality","link":"https:\/\/www.upjs.sk\/lekarska-fakulta\/actuality\/nasi-studenti-radili-slovakom-ako-sa-starat-o-ustne-zdravie\/","title":{"rendered":"Na\u0161i \u0161tudenti radili Slov\u00e1kom, ako sa stara\u0165 o \u00fastne zdravie"},"content":{"rendered":"\n<p><strong>V Ko\u0161iciach vyvrcholila v utorok 12. septembra 2023 najv\u00e4\u010d\u0161ia prevent\u00edvna akcia v oblasti \u00fastneho zdravia na Slovensku &#8222;SPOLU ZA ZDRAV\u00dd A KR\u00c1SNY \u00daSMEV&#8220;, ktor\u00fa zorganizovali na\u0161i medici u\u017e po jeden\u00e1sty kr\u00e1t.<\/strong> <\/p>\n\n\n\n<p>\u0160tudenti zubn\u00e9ho lek\u00e1rstva z nav\u0161t\u00edvili po\u010das jeden\u00e1stich dn\u00ed dokopy 20 slovensk\u00fdch miest a poskytli praktick\u00fa in\u0161trukt\u00e1\u017e oh\u013eadom \u010distenia zubov vy\u0161e desa\u0165tis\u00edc osob\u00e1m. V metropole v\u00fdchodu boli 12.9. k dispoz\u00edcii \u0161irokej verejnosti v \u010dase medzi desiatou a osemn\u00e1stou hodinou pred Urbanovou ve\u017eou a robili praktick\u00e9 in\u0161trukt\u00e1\u017ee Ko\u0161i\u010danom symbolicky po\u010das Eur\u00f3pskeho d\u0148a \u00fastneho zdravia.<\/p>\n\n\n\n<p><strong><em>\u201e\u010cistenie zubov sa pova\u017euje za ban\u00e1lnu z\u00e1le\u017eitos\u0165, av\u0161ak ka\u017edoro\u010dne sa ako organiz\u00e1tori celoslovenskej roadshow SPOLU ZA KR\u00c1SNY A ZDRAV\u00dd \u00daSMEV presvied\u010dame o tom, \u017ee spr\u00e1vna technika ch\u00fdba mnoh\u00fdm bez oh\u013eadu na vek a vzdelanie. Te\u0161\u00ed n\u00e1s, \u017ee m\u00f4\u017eeme ob\u010danom v r\u00f4znych mest\u00e1ch pribl\u00ed\u017ei\u0165 spr\u00e1vnu starostlivos\u0165 o \u00fastnu dutinu a pou\u017eitie r\u00f4znych pom\u00f4cok \u2013 klasickej zubnej kefky, jednozv\u00e4zkovej a medzizubnej kefky, \u010di dent\u00e1lnej nite, ktor\u00fdch kombin\u00e1cia spolo\u010dne so spr\u00e1vnou technikou zaru\u010d\u00ed \u00faspech v podobe zdrav\u00e9ho chrupu a kr\u00e1sneho \u00fasmevu,\u201c<\/em><\/strong> hovor\u00ed n\u00e1rodn\u00e1 koordin\u00e1torka Slovensk\u00e9ho spolku \u0161tudentov zubn\u00e9ho lek\u00e1rstva pre prevenciu a \u0161tudentka 5. ro\u010dn\u00edka Lek\u00e1rskej fakulty UPJ\u0160 v Ko\u0161iciach Bianka Felegiov\u00e1.<\/p>\n\n\n\n<figure class=\"wp-block-gallery has-nested-images columns-default is-cropped wp-block-gallery-1 is-layout-flex wp-block-gallery-is-layout-flex\">\n<figure class=\"wp-block-image size-large\"><a href=\"https:\/\/www.upjs.sk\/app\/uploads\/sites\/9\/2023\/09\/0-akt-roadshow-studenti-v-Kosiciach-stvorec.jpg\"><img loading=\"lazy\" decoding=\"async\" width=\"1024\" height=\"749\" data-id=\"96224\" src=\"https:\/\/www.upjs.sk\/app\/uploads\/sites\/9\/2023\/09\/0-akt-roadshow-studenti-v-Kosiciach-stvorec-1024x749.jpg\" alt=\"\" class=\"wp-image-96224\" srcset=\"https:\/\/www.upjs.sk\/app\/uploads\/sites\/9\/2023\/09\/0-akt-roadshow-studenti-v-Kosiciach-stvorec-1024x749.jpg 1024w, https:\/\/www.upjs.sk\/app\/uploads\/sites\/9\/2023\/09\/0-akt-roadshow-studenti-v-Kosiciach-stvorec-300x219.jpg 300w, https:\/\/www.upjs.sk\/app\/uploads\/sites\/9\/2023\/09\/0-akt-roadshow-studenti-v-Kosiciach-stvorec-768x562.jpg 768w, https:\/\/www.upjs.sk\/app\/uploads\/sites\/9\/2023\/09\/0-akt-roadshow-studenti-v-Kosiciach-stvorec.jpg 1199w\" sizes=\"auto, (max-width: 1024px) 100vw, 1024px\" \/><\/a><\/figure>\n\n\n\n<figure class=\"wp-block-image size-large\"><a href=\"https:\/\/www.upjs.sk\/app\/uploads\/sites\/9\/2023\/09\/1-DSC_3324.jpg\"><img loading=\"lazy\" decoding=\"async\" width=\"1024\" height=\"673\" data-id=\"96222\" src=\"https:\/\/www.upjs.sk\/app\/uploads\/sites\/9\/2023\/09\/1-DSC_3324-1024x673.jpg\" alt=\"\" class=\"wp-image-96222\" srcset=\"https:\/\/www.upjs.sk\/app\/uploads\/sites\/9\/2023\/09\/1-DSC_3324-1024x673.jpg 1024w, https:\/\/www.upjs.sk\/app\/uploads\/sites\/9\/2023\/09\/1-DSC_3324-300x197.jpg 300w, https:\/\/www.upjs.sk\/app\/uploads\/sites\/9\/2023\/09\/1-DSC_3324-768x505.jpg 768w, https:\/\/www.upjs.sk\/app\/uploads\/sites\/9\/2023\/09\/1-DSC_3324.jpg 1200w\" sizes=\"auto, (max-width: 1024px) 100vw, 1024px\" \/><\/a><\/figure>\n\n\n\n<figure class=\"wp-block-image size-large\"><a href=\"https:\/\/www.upjs.sk\/app\/uploads\/sites\/9\/2023\/09\/9-DSC_3357-tlacovka-zlava-studentka-Bianka-Felegiova-prof.-Andrej-Jenca-rektor-prof.-Daniel-Pella-prodekan-dr.-Peter-Kizek-student-Michael-Jenca.jpg\"><img loading=\"lazy\" decoding=\"async\" width=\"1024\" height=\"681\" data-id=\"96206\" src=\"https:\/\/www.upjs.sk\/app\/uploads\/sites\/9\/2023\/09\/9-DSC_3357-tlacovka-zlava-studentka-Bianka-Felegiova-prof.-Andrej-Jenca-rektor-prof.-Daniel-Pella-prodekan-dr.-Peter-Kizek-student-Michael-Jenca-1024x681.jpg\" alt=\"\" class=\"wp-image-96206\" srcset=\"https:\/\/www.upjs.sk\/app\/uploads\/sites\/9\/2023\/09\/9-DSC_3357-tlacovka-zlava-studentka-Bianka-Felegiova-prof.-Andrej-Jenca-rektor-prof.-Daniel-Pella-prodekan-dr.-Peter-Kizek-student-Michael-Jenca-1024x681.jpg 1024w, https:\/\/www.upjs.sk\/app\/uploads\/sites\/9\/2023\/09\/9-DSC_3357-tlacovka-zlava-studentka-Bianka-Felegiova-prof.-Andrej-Jenca-rektor-prof.-Daniel-Pella-prodekan-dr.-Peter-Kizek-student-Michael-Jenca-300x200.jpg 300w, https:\/\/www.upjs.sk\/app\/uploads\/sites\/9\/2023\/09\/9-DSC_3357-tlacovka-zlava-studentka-Bianka-Felegiova-prof.-Andrej-Jenca-rektor-prof.-Daniel-Pella-prodekan-dr.-Peter-Kizek-student-Michael-Jenca-768x511.jpg 768w, https:\/\/www.upjs.sk\/app\/uploads\/sites\/9\/2023\/09\/9-DSC_3357-tlacovka-zlava-studentka-Bianka-Felegiova-prof.-Andrej-Jenca-rektor-prof.-Daniel-Pella-prodekan-dr.-Peter-Kizek-student-Michael-Jenca.jpg 1200w\" sizes=\"auto, (max-width: 1024px) 100vw, 1024px\" \/><\/a><\/figure>\n<\/figure>\n\n\n\n<p>U\u0161\u013eachtil\u00fa aktivitu \u0161tudentov zubn\u00e9ho lek\u00e1rstva oce\u0148uje rektor Univerzity Pavla Jozefa \u0160af\u00e1rika v Ko\u0161iciach prof. MUDr. Daniel Pella, PhD. Ako zd\u00f4raz\u0148uje, lek\u00e1rska fakulta a univerzita m\u00f4\u017eu by\u0165 pr\u00e1vom hrd\u00e9 na \u0161tudentov medic\u00edny, ktor\u00ed organizuj\u00fa podujatie tak\u00e9hoto rozsahu a v\u00fdznamu naprie\u010d cel\u00fdm Slovenskom.<strong><em> \u201eZlou hygienou \u00fastnej dutiny m\u00f4\u017eu za\u010da\u0165 skuto\u010dne z\u00e1va\u017en\u00e9 z\u00e1palov\u00e9 ochorenia, preto je eduk\u00e1cia tak\u00e9ho ve\u013ek\u00e9ho mno\u017estva obyvate\u013eov ve\u013ek\u00fdm pr\u00ednosom. Okrem toho t\u00e1to roadshow prispieva populariz\u00e1cii odboru zubn\u00e9ho lek\u00e1rstva a napom\u00e1ha zni\u017eova\u0165 zakorenen\u00fd strach \u013eud\u00ed z n\u00e1v\u0161tevy ambulancie zub\u00e1rov,<\/em><\/strong>\u201c poznamen\u00e1va rektor Daniel Pella.<\/p>\n\n\n\n<p>Pod\u013ea dekana Lek\u00e1rskej fakulty UPJ\u0160 prof. MUDr. Petra Jar\u010du\u0161ku, PhD. <strong><em>\u201eje podujatie SPOLU ZA KR\u00c1SNY A ZDRAV\u00dd \u00daSMEV nielen ve\u013ek\u00fdm benefitom pre zdravie laickej verejnosti, ale s\u00fa\u010dasne popri tom z\u00edskavaj\u00fa \u0161tudenti zubn\u00e9ho lek\u00e1rstva cenn\u00e9 sk\u00fasenosti pre svoj bud\u00faci kontakt s pacientmi. Aj preto je Lek\u00e1rska fakulta UPJ\u0160 od sam\u00e9ho za\u010diatku odborn\u00fdm garantom podujatia a podporuje ho aj finan\u010dne po\u010das celej existencie jeho trvania.\u201c<\/em><\/strong><\/p>\n\n\n\n<p>Ako dod\u00e1va prodekan pre \u0161tudijn\u00fd program zubn\u00e9 lek\u00e1rstvo v slovenskom a anglickom jazyku na UPJ\u0160 LF MUDr. Peter Kizek, PhD., MHA, MPH, <strong><em>\u201ezdrav\u00e1 dutina \u00fastna je odrazom celkov\u00e9ho zdravia organizmu a je treba zd\u00f4razni\u0165, \u017ee dobrou starostlivos\u0165ou o n\u00e1\u0161 chrup a \u010fasn\u00e1 pom\u00e1hame predch\u00e1dza\u0165 mnoh\u00fdm ochoreniam a zni\u017eova\u0165 pr\u00edpadn\u00e9 n\u00e1klady na lie\u010dbu po\u0161koden\u00fdch zubov.\u201c<\/em><\/strong><\/p>\n\n\n\n<p>Sme hrd\u00ed na na\u0161ich \u0161tudentov, ktor\u00ed po\u010das roadshow odv\u00e1dzaj\u00fa ve\u013emi dobr\u00fa pr\u00e1cu \u010do sa t\u00fdka jej organiz\u00e1cie, logistiky aj mno\u017estva zrealizovan\u00fdch in\u0161trukt\u00e1\u017e\u00ed.<\/p>\n\n\n\n<p>Viac:<br><a aria-label=\"tla\u010dov\u00e1 spr\u00e1va (opens in a new tab)\" href=\"https:\/\/www.upjs.sk\/app\/uploads\/sites\/9\/2023\/09\/2023-09-13_TS_UPJS_LF_studentska_roadshow_Spolu-za-krasny-a-zdravy-usmev__pdf.pdf\" target=\"_blank\" rel=\"noreferrer noopener\" class=\"ek-link\">Tla\u010dov\u00e1 spr\u00e1va<\/a><br><a href=\"https:\/\/www.teraz.sk\/regiony\/medici-pocas-roadshow-poucili-tisice\/740264-clanok.html?utm_source=teraz&amp;utm_medium=organic&amp;utm_campaign=click&amp;utm_content=.%253Bsearch&amp;fbclid=IwAR0aZqPHB-MdesiXPHA5L4c2Aptfq1WQHTCSMuDVexTb-9lv8s0f0Z6qi7s\" class=\"ek-link\">Nap\u00edsali o n\u00e1s<\/a><\/p>\n\n\n\n<p><\/p>\n","protected":false},"excerpt":{"rendered":"<p>V Ko\u0161iciach vyvrcholila v utorok 12. septembra 2023 najv\u00e4\u010d\u0161ia prevent\u00edvna akcia v oblasti \u00fastneho zdravia na Slovensku &#8222;SPOLU ZA ZDRAV\u00dd A KR\u00c1SNY \u00daSMEV&#8220;, ktor\u00fa zorganizovali na\u0161i medici u\u017e po jeden\u00e1sty kr\u00e1t. \u0160tudenti zubn\u00e9ho lek\u00e1rstva z nav\u0161t\u00edvili po\u010das jeden\u00e1stich dn\u00ed dokopy 20 slovensk\u00fdch miest a poskytli praktick\u00fa in\u0161trukt\u00e1\u017e oh\u013eadom \u010distenia zubov vy\u0161e desa\u0165tis\u00edc osob\u00e1m. V metropole &hellip; <a href=\"https:\/\/www.upjs.sk\/lekarska-fakulta\/actuality\/nasi-studenti-radili-slovakom-ako-sa-starat-o-ustne-zdravie\/\">\u010c\u00edta\u0165 \u010falej<\/a><\/p>\n","protected":false},"author":53,"featured_media":96224,"template":"","meta":{"_acf_changed":false,"_editorskit_title_hidden":false,"_editorskit_reading_time":0,"_editorskit_is_block_options_detached":false,"_editorskit_block_options_position":"{}","footnotes":""},"categories":[],"tags":[],"tax_aktuality":[],"class_list":["post-96188","cpt_aktuality","type-cpt_aktuality","status-publish","has-post-thumbnail","hentry"],"acf":{"acf_link_na_externy_obsah":"","poradie_clanku":""},"yoast_head":"<!-- This site is optimized with the Yoast SEO plugin v27.4 - https:\/\/yoast.com\/product\/yoast-seo-wordpress\/ -->\n<title>Na\u0161i \u0161tudenti radili Slov\u00e1kom, ako sa stara\u0165 o \u00fastne zdravie - Lek\u00e1rska fakulta | UPJ\u0160<\/title>\n<meta name=\"robots\" content=\"index, follow, max-snippet:-1, max-image-preview:large, max-video-preview:-1\" \/>\n<link rel=\"canonical\" href=\"https:\/\/www.upjs.sk\/lekarska-fakulta\/actuality\/nasi-studenti-radili-slovakom-ako-sa-starat-o-ustne-zdravie\/\" \/>\n<meta property=\"og:locale\" content=\"sk_SK\" \/>\n<meta property=\"og:type\" content=\"article\" \/>\n<meta property=\"og:title\" content=\"Na\u0161i \u0161tudenti radili Slov\u00e1kom, ako sa stara\u0165 o \u00fastne zdravie - Lek\u00e1rska fakulta | UPJ\u0160\" \/>\n<meta property=\"og:description\" content=\"V Ko\u0161iciach vyvrcholila v utorok 12. septembra 2023 najv\u00e4\u010d\u0161ia prevent\u00edvna akcia v oblasti \u00fastneho zdravia na Slovensku &#8222;SPOLU ZA ZDRAV\u00dd A KR\u00c1SNY \u00daSMEV&#8220;, ktor\u00fa zorganizovali na\u0161i medici u\u017e po jeden\u00e1sty kr\u00e1t. \u0160tudenti zubn\u00e9ho lek\u00e1rstva z nav\u0161t\u00edvili po\u010das jeden\u00e1stich dn\u00ed dokopy 20 slovensk\u00fdch miest a poskytli praktick\u00fa in\u0161trukt\u00e1\u017e oh\u013eadom \u010distenia zubov vy\u0161e desa\u0165tis\u00edc osob\u00e1m. V metropole &hellip; \u010c\u00edta\u0165 \u010falej\" \/>\n<meta property=\"og:url\" content=\"https:\/\/www.upjs.sk\/lekarska-fakulta\/actuality\/nasi-studenti-radili-slovakom-ako-sa-starat-o-ustne-zdravie\/\" \/>\n<meta property=\"og:site_name\" content=\"Lek\u00e1rska fakulta | UPJ\u0160\" \/>\n<meta property=\"article:modified_time\" content=\"2023-09-14T14:36:50+00:00\" \/>\n<meta property=\"og:image\" content=\"https:\/\/www.upjs.sk\/app\/uploads\/sites\/9\/2023\/09\/0-akt-roadshow-studenti-v-Kosiciach-stvorec.jpg\" \/>\n\t<meta property=\"og:image:width\" content=\"1199\" \/>\n\t<meta property=\"og:image:height\" content=\"877\" \/>\n\t<meta property=\"og:image:type\" content=\"image\/jpeg\" \/>\n<meta name=\"twitter:card\" content=\"summary_large_image\" \/>\n<meta name=\"twitter:label1\" content=\"Predpokladan\u00fd \u010das \u010d\u00edtania\" \/>\n\t<meta name=\"twitter:data1\" content=\"3 min\u00faty\" \/>\n<script type=\"application\/ld+json\" class=\"yoast-schema-graph\">{\"@context\":\"https:\\\/\\\/schema.org\",\"@graph\":[{\"@type\":\"WebPage\",\"@id\":\"https:\\\/\\\/www.upjs.sk\\\/lekarska-fakulta\\\/actuality\\\/nasi-studenti-radili-slovakom-ako-sa-starat-o-ustne-zdravie\\\/\",\"url\":\"https:\\\/\\\/www.upjs.sk\\\/lekarska-fakulta\\\/actuality\\\/nasi-studenti-radili-slovakom-ako-sa-starat-o-ustne-zdravie\\\/\",\"name\":\"Na\u0161i \u0161tudenti radili Slov\u00e1kom, ako sa stara\u0165 o \u00fastne zdravie - Lek\u00e1rska fakulta | UPJ\u0160\",\"isPartOf\":{\"@id\":\"https:\\\/\\\/www.upjs.sk\\\/lekarska-fakulta\\\/#website\"},\"primaryImageOfPage\":{\"@id\":\"https:\\\/\\\/www.upjs.sk\\\/lekarska-fakulta\\\/actuality\\\/nasi-studenti-radili-slovakom-ako-sa-starat-o-ustne-zdravie\\\/#primaryimage\"},\"image\":{\"@id\":\"https:\\\/\\\/www.upjs.sk\\\/lekarska-fakulta\\\/actuality\\\/nasi-studenti-radili-slovakom-ako-sa-starat-o-ustne-zdravie\\\/#primaryimage\"},\"thumbnailUrl\":\"https:\\\/\\\/www.upjs.sk\\\/app\\\/uploads\\\/sites\\\/9\\\/2023\\\/09\\\/0-akt-roadshow-studenti-v-Kosiciach-stvorec.jpg\",\"datePublished\":\"2023-09-12T07:19:00+00:00\",\"dateModified\":\"2023-09-14T14:36:50+00:00\",\"breadcrumb\":{\"@id\":\"https:\\\/\\\/www.upjs.sk\\\/lekarska-fakulta\\\/actuality\\\/nasi-studenti-radili-slovakom-ako-sa-starat-o-ustne-zdravie\\\/#breadcrumb\"},\"inLanguage\":\"sk-SK\",\"potentialAction\":[{\"@type\":\"ReadAction\",\"target\":[\"https:\\\/\\\/www.upjs.sk\\\/lekarska-fakulta\\\/actuality\\\/nasi-studenti-radili-slovakom-ako-sa-starat-o-ustne-zdravie\\\/\"]}]},{\"@type\":\"ImageObject\",\"inLanguage\":\"sk-SK\",\"@id\":\"https:\\\/\\\/www.upjs.sk\\\/lekarska-fakulta\\\/actuality\\\/nasi-studenti-radili-slovakom-ako-sa-starat-o-ustne-zdravie\\\/#primaryimage\",\"url\":\"https:\\\/\\\/www.upjs.sk\\\/app\\\/uploads\\\/sites\\\/9\\\/2023\\\/09\\\/0-akt-roadshow-studenti-v-Kosiciach-stvorec.jpg\",\"contentUrl\":\"https:\\\/\\\/www.upjs.sk\\\/app\\\/uploads\\\/sites\\\/9\\\/2023\\\/09\\\/0-akt-roadshow-studenti-v-Kosiciach-stvorec.jpg\",\"width\":1199,\"height\":877},{\"@type\":\"BreadcrumbList\",\"@id\":\"https:\\\/\\\/www.upjs.sk\\\/lekarska-fakulta\\\/actuality\\\/nasi-studenti-radili-slovakom-ako-sa-starat-o-ustne-zdravie\\\/#breadcrumb\",\"itemListElement\":[{\"@type\":\"ListItem\",\"position\":1,\"name\":\"Home\",\"item\":\"https:\\\/\\\/www.upjs.sk\\\/lekarska-fakulta\\\/\"},{\"@type\":\"ListItem\",\"position\":2,\"name\":\"Aktuality\",\"item\":\"https:\\\/\\\/www.upjs.sk\\\/lekarska-fakulta\\\/actuality\\\/\"},{\"@type\":\"ListItem\",\"position\":3,\"name\":\"Na\u0161i \u0161tudenti radili Slov\u00e1kom, ako sa stara\u0165 o \u00fastne zdravie\"}]},{\"@type\":\"WebSite\",\"@id\":\"https:\\\/\\\/www.upjs.sk\\\/lekarska-fakulta\\\/#website\",\"url\":\"https:\\\/\\\/www.upjs.sk\\\/lekarska-fakulta\\\/\",\"name\":\"Lek\u00e1rska fakulta | UPJ\u0160\",\"description\":\"\",\"publisher\":{\"@id\":\"https:\\\/\\\/www.upjs.sk\\\/lekarska-fakulta\\\/#organization\"},\"potentialAction\":[{\"@type\":\"SearchAction\",\"target\":{\"@type\":\"EntryPoint\",\"urlTemplate\":\"https:\\\/\\\/www.upjs.sk\\\/lekarska-fakulta\\\/?s={search_term_string}\"},\"query-input\":{\"@type\":\"PropertyValueSpecification\",\"valueRequired\":true,\"valueName\":\"search_term_string\"}}],\"inLanguage\":\"sk-SK\"},{\"@type\":\"Organization\",\"@id\":\"https:\\\/\\\/www.upjs.sk\\\/lekarska-fakulta\\\/#organization\",\"name\":\"Lek\u00e1rska fakulta | UPJ\u0160\",\"url\":\"https:\\\/\\\/www.upjs.sk\\\/lekarska-fakulta\\\/\",\"logo\":{\"@type\":\"ImageObject\",\"inLanguage\":\"sk-SK\",\"@id\":\"https:\\\/\\\/www.upjs.sk\\\/lekarska-fakulta\\\/#\\\/schema\\\/logo\\\/image\\\/\",\"url\":\"https:\\\/\\\/www.upjs.sk\\\/app\\\/uploads\\\/sites\\\/9\\\/2022\\\/09\\\/logo-lekarska-fakulta.png\",\"contentUrl\":\"https:\\\/\\\/www.upjs.sk\\\/app\\\/uploads\\\/sites\\\/9\\\/2022\\\/09\\\/logo-lekarska-fakulta.png\",\"width\":415,\"height\":87,\"caption\":\"Lek\u00e1rska fakulta | UPJ\u0160\"},\"image\":{\"@id\":\"https:\\\/\\\/www.upjs.sk\\\/lekarska-fakulta\\\/#\\\/schema\\\/logo\\\/image\\\/\"}}]}<\/script>\n<!-- \/ Yoast SEO plugin. -->","yoast_head_json":{"title":"Na\u0161i \u0161tudenti radili Slov\u00e1kom, ako sa stara\u0165 o \u00fastne zdravie - Lek\u00e1rska fakulta | UPJ\u0160","robots":{"index":"index","follow":"follow","max-snippet":"max-snippet:-1","max-image-preview":"max-image-preview:large","max-video-preview":"max-video-preview:-1"},"canonical":"https:\/\/www.upjs.sk\/lekarska-fakulta\/actuality\/nasi-studenti-radili-slovakom-ako-sa-starat-o-ustne-zdravie\/","og_locale":"sk_SK","og_type":"article","og_title":"Na\u0161i \u0161tudenti radili Slov\u00e1kom, ako sa stara\u0165 o \u00fastne zdravie - Lek\u00e1rska fakulta | UPJ\u0160","og_description":"V Ko\u0161iciach vyvrcholila v utorok 12. septembra 2023 najv\u00e4\u010d\u0161ia prevent\u00edvna akcia v oblasti \u00fastneho zdravia na Slovensku &#8222;SPOLU ZA ZDRAV\u00dd A KR\u00c1SNY \u00daSMEV&#8220;, ktor\u00fa zorganizovali na\u0161i medici u\u017e po jeden\u00e1sty kr\u00e1t. \u0160tudenti zubn\u00e9ho lek\u00e1rstva z nav\u0161t\u00edvili po\u010das jeden\u00e1stich dn\u00ed dokopy 20 slovensk\u00fdch miest a poskytli praktick\u00fa in\u0161trukt\u00e1\u017e oh\u013eadom \u010distenia zubov vy\u0161e desa\u0165tis\u00edc osob\u00e1m. V metropole &hellip; \u010c\u00edta\u0165 \u010falej","og_url":"https:\/\/www.upjs.sk\/lekarska-fakulta\/actuality\/nasi-studenti-radili-slovakom-ako-sa-starat-o-ustne-zdravie\/","og_site_name":"Lek\u00e1rska fakulta | UPJ\u0160","article_modified_time":"2023-09-14T14:36:50+00:00","og_image":[{"width":1199,"height":877,"url":"https:\/\/www.upjs.sk\/app\/uploads\/sites\/9\/2023\/09\/0-akt-roadshow-studenti-v-Kosiciach-stvorec.jpg","type":"image\/jpeg"}],"twitter_card":"summary_large_image","twitter_misc":{"Predpokladan\u00fd \u010das \u010d\u00edtania":"3 min\u00faty"},"schema":{"@context":"https:\/\/schema.org","@graph":[{"@type":"WebPage","@id":"https:\/\/www.upjs.sk\/lekarska-fakulta\/actuality\/nasi-studenti-radili-slovakom-ako-sa-starat-o-ustne-zdravie\/","url":"https:\/\/www.upjs.sk\/lekarska-fakulta\/actuality\/nasi-studenti-radili-slovakom-ako-sa-starat-o-ustne-zdravie\/","name":"Na\u0161i \u0161tudenti radili Slov\u00e1kom, ako sa stara\u0165 o \u00fastne zdravie - Lek\u00e1rska fakulta | UPJ\u0160","isPartOf":{"@id":"https:\/\/www.upjs.sk\/lekarska-fakulta\/#website"},"primaryImageOfPage":{"@id":"https:\/\/www.upjs.sk\/lekarska-fakulta\/actuality\/nasi-studenti-radili-slovakom-ako-sa-starat-o-ustne-zdravie\/#primaryimage"},"image":{"@id":"https:\/\/www.upjs.sk\/lekarska-fakulta\/actuality\/nasi-studenti-radili-slovakom-ako-sa-starat-o-ustne-zdravie\/#primaryimage"},"thumbnailUrl":"https:\/\/www.upjs.sk\/app\/uploads\/sites\/9\/2023\/09\/0-akt-roadshow-studenti-v-Kosiciach-stvorec.jpg","datePublished":"2023-09-12T07:19:00+00:00","dateModified":"2023-09-14T14:36:50+00:00","breadcrumb":{"@id":"https:\/\/www.upjs.sk\/lekarska-fakulta\/actuality\/nasi-studenti-radili-slovakom-ako-sa-starat-o-ustne-zdravie\/#breadcrumb"},"inLanguage":"sk-SK","potentialAction":[{"@type":"ReadAction","target":["https:\/\/www.upjs.sk\/lekarska-fakulta\/actuality\/nasi-studenti-radili-slovakom-ako-sa-starat-o-ustne-zdravie\/"]}]},{"@type":"ImageObject","inLanguage":"sk-SK","@id":"https:\/\/www.upjs.sk\/lekarska-fakulta\/actuality\/nasi-studenti-radili-slovakom-ako-sa-starat-o-ustne-zdravie\/#primaryimage","url":"https:\/\/www.upjs.sk\/app\/uploads\/sites\/9\/2023\/09\/0-akt-roadshow-studenti-v-Kosiciach-stvorec.jpg","contentUrl":"https:\/\/www.upjs.sk\/app\/uploads\/sites\/9\/2023\/09\/0-akt-roadshow-studenti-v-Kosiciach-stvorec.jpg","width":1199,"height":877},{"@type":"BreadcrumbList","@id":"https:\/\/www.upjs.sk\/lekarska-fakulta\/actuality\/nasi-studenti-radili-slovakom-ako-sa-starat-o-ustne-zdravie\/#breadcrumb","itemListElement":[{"@type":"ListItem","position":1,"name":"Home","item":"https:\/\/www.upjs.sk\/lekarska-fakulta\/"},{"@type":"ListItem","position":2,"name":"Aktuality","item":"https:\/\/www.upjs.sk\/lekarska-fakulta\/actuality\/"},{"@type":"ListItem","position":3,"name":"Na\u0161i \u0161tudenti radili Slov\u00e1kom, ako sa stara\u0165 o \u00fastne zdravie"}]},{"@type":"WebSite","@id":"https:\/\/www.upjs.sk\/lekarska-fakulta\/#website","url":"https:\/\/www.upjs.sk\/lekarska-fakulta\/","name":"Lek\u00e1rska fakulta | UPJ\u0160","description":"","publisher":{"@id":"https:\/\/www.upjs.sk\/lekarska-fakulta\/#organization"},"potentialAction":[{"@type":"SearchAction","target":{"@type":"EntryPoint","urlTemplate":"https:\/\/www.upjs.sk\/lekarska-fakulta\/?s={search_term_string}"},"query-input":{"@type":"PropertyValueSpecification","valueRequired":true,"valueName":"search_term_string"}}],"inLanguage":"sk-SK"},{"@type":"Organization","@id":"https:\/\/www.upjs.sk\/lekarska-fakulta\/#organization","name":"Lek\u00e1rska fakulta | UPJ\u0160","url":"https:\/\/www.upjs.sk\/lekarska-fakulta\/","logo":{"@type":"ImageObject","inLanguage":"sk-SK","@id":"https:\/\/www.upjs.sk\/lekarska-fakulta\/#\/schema\/logo\/image\/","url":"https:\/\/www.upjs.sk\/app\/uploads\/sites\/9\/2022\/09\/logo-lekarska-fakulta.png","contentUrl":"https:\/\/www.upjs.sk\/app\/uploads\/sites\/9\/2022\/09\/logo-lekarska-fakulta.png","width":415,"height":87,"caption":"Lek\u00e1rska fakulta | UPJ\u0160"},"image":{"@id":"https:\/\/www.upjs.sk\/lekarska-fakulta\/#\/schema\/logo\/image\/"}}]}},"_links":{"self":[{"href":"https:\/\/www.upjs.sk\/lekarska-fakulta\/wp-json\/wp\/v2\/cpt_aktuality\/96188","targetHints":{"allow":["GET"]}}],"collection":[{"href":"https:\/\/www.upjs.sk\/lekarska-fakulta\/wp-json\/wp\/v2\/cpt_aktuality"}],"about":[{"href":"https:\/\/www.upjs.sk\/lekarska-fakulta\/wp-json\/wp\/v2\/types\/cpt_aktuality"}],"author":[{"embeddable":true,"href":"https:\/\/www.upjs.sk\/lekarska-fakulta\/wp-json\/wp\/v2\/users\/53"}],"version-history":[{"count":14,"href":"https:\/\/www.upjs.sk\/lekarska-fakulta\/wp-json\/wp\/v2\/cpt_aktuality\/96188\/revisions"}],"predecessor-version":[{"id":96500,"href":"https:\/\/www.upjs.sk\/lekarska-fakulta\/wp-json\/wp\/v2\/cpt_aktuality\/96188\/revisions\/96500"}],"wp:featuredmedia":[{"embeddable":true,"href":"https:\/\/www.upjs.sk\/lekarska-fakulta\/wp-json\/wp\/v2\/media\/96224"}],"wp:attachment":[{"href":"https:\/\/www.upjs.sk\/lekarska-fakulta\/wp-json\/wp\/v2\/media?parent=96188"}],"wp:term":[{"taxonomy":"category","embeddable":true,"href":"https:\/\/www.upjs.sk\/lekarska-fakulta\/wp-json\/wp\/v2\/categories?post=96188"},{"taxonomy":"post_tag","embeddable":true,"href":"https:\/\/www.upjs.sk\/lekarska-fakulta\/wp-json\/wp\/v2\/tags?post=96188"},{"taxonomy":"tax_aktuality","embeddable":true,"href":"https:\/\/www.upjs.sk\/lekarska-fakulta\/wp-json\/wp\/v2\/tax_aktuality?post=96188"}],"curies":[{"name":"wp","href":"https:\/\/api.w.org\/{rel}","templated":true}]}}