{"id":17466,"date":"2022-06-10T08:04:58","date_gmt":"2022-06-10T08:04:58","guid":{"rendered":"https:\/\/www.upjs.sk\/lekarska-fakulta\/actual-news\/27345\/"},"modified":"2022-11-13T20:48:40","modified_gmt":"2022-11-13T19:48:40","slug":"27345","status":"publish","type":"cpt_aktualne_spravy","link":"https:\/\/www.upjs.sk\/lekarska-fakulta\/actual-news\/27345\/","title":{"rendered":"Na\u0161i zahrani\u010dn\u00ed absolventi\u00a0\u010doraz \u010dastej\u0161ie ost\u00e1vaj\u00fa p\u00f4sobi\u0165 na Slovensku"},"content":{"rendered":"<p style=\"text-align:justify\"><strong>\u00a0 \u00a0\u00a0Pote\u0161uj\u00face s\u00fa zistenia prieskumu &#8222;Barometer\u00a0medzi medikmi&#8220; realizovan\u00e9ho\u00a0po\u010das vla\u0148aj\u0161ieho roka. HealtCare Institute v anonymnej ankete medzi \u0161tudentmi 4.-6. ro\u010dn\u00edka slovensk\u00fdch a \u010desk\u00fdch lek\u00e1rskych fak\u00falt zistil ich narastaj\u00faci z\u00e1ujem o pr\u00e1cu v domovskej krajine. A\u017e 78 percent osloven\u00fdch slovensk\u00fdch medikov prejavilo z\u00e1ujem osta\u0165 pracova\u0165 po ukon\u010den\u00ed \u0161t\u00fadia na Slovensku a z\u00e1ujem p\u00f4sobi\u0165 u n\u00e1s m\u00e1 aj 13 percent \u0161tudentov s in\u00fdm ob\u010dianstvom, ako slovensk\u00fdm. Tento trend pozorujeme v posledn\u00fdch rokoch aj na Lek\u00e1rskej fakulte UPJ\u0160 v Ko\u0161iciach.<\/strong><br \/>\n\u00a0\u00a0\u00a0<em><strong>\u00a0\u201eNa na\u0161ej fakulte \u0161tuduje v\u0161eobecn\u00e9 a zubn\u00e9 lek\u00e1rstvo v anglickom jazyku viac ako tis\u00edc \u0161tudentov z vy\u0161e p\u00e4\u0165desiatich kraj\u00edn sveta. M\u00e1me vedomos\u0165 o tom, \u017ee viacer\u00ed na\u0161i zahrani\u010dn\u00ed absolventi, ktor\u00ed promovali v posledn\u00fdch rokoch, ostali po ukon\u010den\u00ed \u0161t\u00fadia p\u00f4sobi\u0165 v slovensk\u00fdch nemocniciach. Tak\u00edto lek\u00e1ri p\u00f4sobia napr\u00edklad v Univerzitnej nemocnici L. Pasteura, Detskej fakultnej nemocnici, ko\u0161ickej \u017eelezni\u010dnej nemocnici, pre\u0161ovskej univerzitnej nemocnici a v r\u00f4znych okresn\u00fdch nemocniciach v na\u0161om regi\u00f3ne, okrem in\u00e9ho\u00a0v Ro\u017e\u0148ave, Levo\u010di, \u010di Vranove nad Top\u013eou,\u201c <\/strong><\/em>kon\u0161tatuje dekan Lek\u00e1rskej fakulty UPJ\u0160 v Ko\u0161iciach prof. MUDr. Daniel Pella, PhD.<br \/>\n\u00a0\u00a0\u00a0\u00a0Ako dod\u00e1va prodekan pre vedeckov\u00fdskumn\u00fa \u010dinnos\u0165 prof. MUDr. Peter Jar\u010du\u0161ka, PhD., na\u0161ich b\u00fdval\u00fdch zahrani\u010dn\u00fdch \u0161tudentov n\u00e1jdeme aj medzi doktorandmi \u0161tuduj\u00facimi na Lek\u00e1rskej fakulte\u00a0UPJ\u0160.<br \/>\n<em><strong>\u00a0\u00a0\u00a0\u00a0\u201eAktu\u00e1lne m\u00e1me na doktorandskom \u0161t\u00fadiu bezm\u00e1la dvesto \u0161tudentov, z ktor\u00fdch je 16 doktorandov s inou \u0161t\u00e1tnou pr\u00edslu\u0161nos\u0165ou ako je slovensk\u00e1 (deviati s\u00fa na dennom \u0161t\u00fadiu a siedmi na externom). Z nich \u0161iesti p\u00f4sobia na \u010diasto\u010dn\u00fd pracovn\u00fd \u00fav\u00e4zok v ko\u0161ick\u00fdch nemocniciach ako lek\u00e1ri,\u201c<\/strong><\/em> hovor\u00ed prof. MUDr. Peter Jar\u010du\u0161ka, PhD.<\/p>\n<p style=\"text-align:justify\">\u00a0\u00a0\u00a0\u00a0<a href=\"http:\/\/www.hc-institute.org\/cz\/projekty\/barometr-mezi-mediky\/barometr-mezi-mediky-2021.html?utm_source=EMM&#038;utm_medium=email&#038;utm_content=Barometrmedici2021-1\">V\u00fdsledky Barometra2021<\/a><\/p>\n<p style=\"text-align:justify\">\u00a0<\/p>\n<p style=\"text-align:center\"><img decoding=\"async\" alt=\"\" src=\"http:\/\/www.upjs.sk\/\/app\/uploads\/sites\/9\/2022\/09\/G5zmensena.jpg\" style=\"height:267px; width:400px\" \/><\/p>\n<p style=\"text-align:center\">\u00a0<\/p>\n<p style=\"text-align:justify\">\u00a0<\/p>\n","protected":false},"excerpt":{"rendered":"<p>HealtCare Institute zverejnil v\u00fdsledky Barometra medzi medikmi 2021, z ktor\u00fdch vypl\u00fdva, \u017ee z\u00e1ujem slovensk\u00fdch aj zahrani\u010dn\u00fdch \u0161tudentov medic\u00edny o pr\u00e1cu na Slovensku rastie. Tento trend pozorujeme v posledn\u00fdch rokoch aj na na\u0161ej fakulte&#8230;<\/p>\n","protected":false},"author":1,"featured_media":17468,"menu_order":0,"template":"","meta":{"_acf_changed":false,"_editorskit_title_hidden":false,"_editorskit_reading_time":0,"_editorskit_is_block_options_detached":false,"_editorskit_block_options_position":"{}"},"categories":[],"tags":[],"tax_aktuality":[],"class_list":["post-17466","cpt_aktualne_spravy","type-cpt_aktualne_spravy","status-publish","has-post-thumbnail","hentry"],"acf":{"acf_link_na_externy_obsah":""},"yoast_head":"<!-- This site is optimized with the Yoast SEO plugin v27.4 - https:\/\/yoast.com\/product\/yoast-seo-wordpress\/ -->\n<title>Na\u0161i zahrani\u010dn\u00ed absolventi\u00a0\u010doraz \u010dastej\u0161ie ost\u00e1vaj\u00fa p\u00f4sobi\u0165 na Slovensku - Lek\u00e1rska fakulta | UPJ\u0160<\/title>\n<meta name=\"robots\" content=\"index, follow, max-snippet:-1, max-image-preview:large, max-video-preview:-1\" \/>\n<link rel=\"canonical\" href=\"https:\/\/www.upjs.sk\/lekarska-fakulta\/actual-news\/27345\/\" \/>\n<meta property=\"og:locale\" content=\"sk_SK\" \/>\n<meta property=\"og:type\" content=\"article\" \/>\n<meta property=\"og:title\" content=\"Na\u0161i zahrani\u010dn\u00ed absolventi\u00a0\u010doraz \u010dastej\u0161ie ost\u00e1vaj\u00fa p\u00f4sobi\u0165 na Slovensku - Lek\u00e1rska fakulta | UPJ\u0160\" \/>\n<meta property=\"og:description\" content=\"HealtCare Institute zverejnil v\u00fdsledky Barometra medzi medikmi 2021, z ktor\u00fdch vypl\u00fdva, \u017ee z\u00e1ujem slovensk\u00fdch aj zahrani\u010dn\u00fdch \u0161tudentov medic\u00edny o pr\u00e1cu na Slovensku rastie. Tento trend pozorujeme v posledn\u00fdch rokoch aj na na\u0161ej fakulte...\" \/>\n<meta property=\"og:url\" content=\"https:\/\/www.upjs.sk\/lekarska-fakulta\/actual-news\/27345\/\" \/>\n<meta property=\"og:site_name\" content=\"Lek\u00e1rska fakulta | UPJ\u0160\" \/>\n<meta property=\"article:modified_time\" content=\"2022-11-13T19:48:40+00:00\" \/>\n<meta property=\"og:image\" content=\"https:\/\/www.upjs.sk\/app\/uploads\/sites\/9\/2022\/09\/barometer.jpg\" \/>\n\t<meta property=\"og:image:width\" content=\"450\" \/>\n\t<meta property=\"og:image:height\" content=\"250\" \/>\n\t<meta property=\"og:image:type\" content=\"image\/jpeg\" \/>\n<meta name=\"twitter:card\" content=\"summary_large_image\" \/>\n<meta name=\"twitter:label1\" content=\"Predpokladan\u00fd \u010das \u010d\u00edtania\" \/>\n\t<meta name=\"twitter:data1\" content=\"2 min\u00faty\" \/>\n<script type=\"application\/ld+json\" class=\"yoast-schema-graph\">{\"@context\":\"https:\\\/\\\/schema.org\",\"@graph\":[{\"@type\":\"WebPage\",\"@id\":\"https:\\\/\\\/www.upjs.sk\\\/lekarska-fakulta\\\/actual-news\\\/27345\\\/\",\"url\":\"https:\\\/\\\/www.upjs.sk\\\/lekarska-fakulta\\\/actual-news\\\/27345\\\/\",\"name\":\"Na\u0161i zahrani\u010dn\u00ed absolventi\u00a0\u010doraz \u010dastej\u0161ie ost\u00e1vaj\u00fa p\u00f4sobi\u0165 na Slovensku - Lek\u00e1rska fakulta | UPJ\u0160\",\"isPartOf\":{\"@id\":\"https:\\\/\\\/www.upjs.sk\\\/lekarska-fakulta\\\/#website\"},\"primaryImageOfPage\":{\"@id\":\"https:\\\/\\\/www.upjs.sk\\\/lekarska-fakulta\\\/actual-news\\\/27345\\\/#primaryimage\"},\"image\":{\"@id\":\"https:\\\/\\\/www.upjs.sk\\\/lekarska-fakulta\\\/actual-news\\\/27345\\\/#primaryimage\"},\"thumbnailUrl\":\"https:\\\/\\\/www.upjs.sk\\\/app\\\/uploads\\\/sites\\\/9\\\/2022\\\/09\\\/barometer.jpg\",\"datePublished\":\"2022-06-10T08:04:58+00:00\",\"dateModified\":\"2022-11-13T19:48:40+00:00\",\"breadcrumb\":{\"@id\":\"https:\\\/\\\/www.upjs.sk\\\/lekarska-fakulta\\\/actual-news\\\/27345\\\/#breadcrumb\"},\"inLanguage\":\"sk-SK\",\"potentialAction\":[{\"@type\":\"ReadAction\",\"target\":[\"https:\\\/\\\/www.upjs.sk\\\/lekarska-fakulta\\\/actual-news\\\/27345\\\/\"]}]},{\"@type\":\"ImageObject\",\"inLanguage\":\"sk-SK\",\"@id\":\"https:\\\/\\\/www.upjs.sk\\\/lekarska-fakulta\\\/actual-news\\\/27345\\\/#primaryimage\",\"url\":\"https:\\\/\\\/www.upjs.sk\\\/app\\\/uploads\\\/sites\\\/9\\\/2022\\\/09\\\/barometer.jpg\",\"contentUrl\":\"https:\\\/\\\/www.upjs.sk\\\/app\\\/uploads\\\/sites\\\/9\\\/2022\\\/09\\\/barometer.jpg\",\"width\":450,\"height\":250,\"caption\":\"22239\"},{\"@type\":\"BreadcrumbList\",\"@id\":\"https:\\\/\\\/www.upjs.sk\\\/lekarska-fakulta\\\/actual-news\\\/27345\\\/#breadcrumb\",\"itemListElement\":[{\"@type\":\"ListItem\",\"position\":1,\"name\":\"Home\",\"item\":\"https:\\\/\\\/www.upjs.sk\\\/lekarska-fakulta\\\/\"},{\"@type\":\"ListItem\",\"position\":2,\"name\":\"Aktu\u00e1lne spr\u00e1vy Lek\u00e1rskej fakulty\",\"item\":\"https:\\\/\\\/www.upjs.sk\\\/lekarska-fakulta\\\/actual-news\\\/\"},{\"@type\":\"ListItem\",\"position\":3,\"name\":\"Na\u0161i zahrani\u010dn\u00ed absolventi\u00a0\u010doraz \u010dastej\u0161ie ost\u00e1vaj\u00fa p\u00f4sobi\u0165 na Slovensku\"}]},{\"@type\":\"WebSite\",\"@id\":\"https:\\\/\\\/www.upjs.sk\\\/lekarska-fakulta\\\/#website\",\"url\":\"https:\\\/\\\/www.upjs.sk\\\/lekarska-fakulta\\\/\",\"name\":\"Lek\u00e1rska fakulta | UPJ\u0160\",\"description\":\"\",\"publisher\":{\"@id\":\"https:\\\/\\\/www.upjs.sk\\\/lekarska-fakulta\\\/#organization\"},\"potentialAction\":[{\"@type\":\"SearchAction\",\"target\":{\"@type\":\"EntryPoint\",\"urlTemplate\":\"https:\\\/\\\/www.upjs.sk\\\/lekarska-fakulta\\\/?s={search_term_string}\"},\"query-input\":{\"@type\":\"PropertyValueSpecification\",\"valueRequired\":true,\"valueName\":\"search_term_string\"}}],\"inLanguage\":\"sk-SK\"},{\"@type\":\"Organization\",\"@id\":\"https:\\\/\\\/www.upjs.sk\\\/lekarska-fakulta\\\/#organization\",\"name\":\"Lek\u00e1rska fakulta | UPJ\u0160\",\"url\":\"https:\\\/\\\/www.upjs.sk\\\/lekarska-fakulta\\\/\",\"logo\":{\"@type\":\"ImageObject\",\"inLanguage\":\"sk-SK\",\"@id\":\"https:\\\/\\\/www.upjs.sk\\\/lekarska-fakulta\\\/#\\\/schema\\\/logo\\\/image\\\/\",\"url\":\"https:\\\/\\\/www.upjs.sk\\\/app\\\/uploads\\\/sites\\\/9\\\/2022\\\/09\\\/logo-lekarska-fakulta.png\",\"contentUrl\":\"https:\\\/\\\/www.upjs.sk\\\/app\\\/uploads\\\/sites\\\/9\\\/2022\\\/09\\\/logo-lekarska-fakulta.png\",\"width\":415,\"height\":87,\"caption\":\"Lek\u00e1rska fakulta | UPJ\u0160\"},\"image\":{\"@id\":\"https:\\\/\\\/www.upjs.sk\\\/lekarska-fakulta\\\/#\\\/schema\\\/logo\\\/image\\\/\"}}]}<\/script>\n<!-- \/ Yoast SEO plugin. -->","yoast_head_json":{"title":"Na\u0161i zahrani\u010dn\u00ed absolventi\u00a0\u010doraz \u010dastej\u0161ie ost\u00e1vaj\u00fa p\u00f4sobi\u0165 na Slovensku - Lek\u00e1rska fakulta | UPJ\u0160","robots":{"index":"index","follow":"follow","max-snippet":"max-snippet:-1","max-image-preview":"max-image-preview:large","max-video-preview":"max-video-preview:-1"},"canonical":"https:\/\/www.upjs.sk\/lekarska-fakulta\/actual-news\/27345\/","og_locale":"sk_SK","og_type":"article","og_title":"Na\u0161i zahrani\u010dn\u00ed absolventi\u00a0\u010doraz \u010dastej\u0161ie ost\u00e1vaj\u00fa p\u00f4sobi\u0165 na Slovensku - Lek\u00e1rska fakulta | UPJ\u0160","og_description":"HealtCare Institute zverejnil v\u00fdsledky Barometra medzi medikmi 2021, z ktor\u00fdch vypl\u00fdva, \u017ee z\u00e1ujem slovensk\u00fdch aj zahrani\u010dn\u00fdch \u0161tudentov medic\u00edny o pr\u00e1cu na Slovensku rastie. Tento trend pozorujeme v posledn\u00fdch rokoch aj na na\u0161ej fakulte...","og_url":"https:\/\/www.upjs.sk\/lekarska-fakulta\/actual-news\/27345\/","og_site_name":"Lek\u00e1rska fakulta | UPJ\u0160","article_modified_time":"2022-11-13T19:48:40+00:00","og_image":[{"width":450,"height":250,"url":"https:\/\/www.upjs.sk\/app\/uploads\/sites\/9\/2022\/09\/barometer.jpg","type":"image\/jpeg"}],"twitter_card":"summary_large_image","twitter_misc":{"Predpokladan\u00fd \u010das \u010d\u00edtania":"2 min\u00faty"},"schema":{"@context":"https:\/\/schema.org","@graph":[{"@type":"WebPage","@id":"https:\/\/www.upjs.sk\/lekarska-fakulta\/actual-news\/27345\/","url":"https:\/\/www.upjs.sk\/lekarska-fakulta\/actual-news\/27345\/","name":"Na\u0161i zahrani\u010dn\u00ed absolventi\u00a0\u010doraz \u010dastej\u0161ie ost\u00e1vaj\u00fa p\u00f4sobi\u0165 na Slovensku - Lek\u00e1rska fakulta | UPJ\u0160","isPartOf":{"@id":"https:\/\/www.upjs.sk\/lekarska-fakulta\/#website"},"primaryImageOfPage":{"@id":"https:\/\/www.upjs.sk\/lekarska-fakulta\/actual-news\/27345\/#primaryimage"},"image":{"@id":"https:\/\/www.upjs.sk\/lekarska-fakulta\/actual-news\/27345\/#primaryimage"},"thumbnailUrl":"https:\/\/www.upjs.sk\/app\/uploads\/sites\/9\/2022\/09\/barometer.jpg","datePublished":"2022-06-10T08:04:58+00:00","dateModified":"2022-11-13T19:48:40+00:00","breadcrumb":{"@id":"https:\/\/www.upjs.sk\/lekarska-fakulta\/actual-news\/27345\/#breadcrumb"},"inLanguage":"sk-SK","potentialAction":[{"@type":"ReadAction","target":["https:\/\/www.upjs.sk\/lekarska-fakulta\/actual-news\/27345\/"]}]},{"@type":"ImageObject","inLanguage":"sk-SK","@id":"https:\/\/www.upjs.sk\/lekarska-fakulta\/actual-news\/27345\/#primaryimage","url":"https:\/\/www.upjs.sk\/app\/uploads\/sites\/9\/2022\/09\/barometer.jpg","contentUrl":"https:\/\/www.upjs.sk\/app\/uploads\/sites\/9\/2022\/09\/barometer.jpg","width":450,"height":250,"caption":"22239"},{"@type":"BreadcrumbList","@id":"https:\/\/www.upjs.sk\/lekarska-fakulta\/actual-news\/27345\/#breadcrumb","itemListElement":[{"@type":"ListItem","position":1,"name":"Home","item":"https:\/\/www.upjs.sk\/lekarska-fakulta\/"},{"@type":"ListItem","position":2,"name":"Aktu\u00e1lne spr\u00e1vy Lek\u00e1rskej fakulty","item":"https:\/\/www.upjs.sk\/lekarska-fakulta\/actual-news\/"},{"@type":"ListItem","position":3,"name":"Na\u0161i zahrani\u010dn\u00ed absolventi\u00a0\u010doraz \u010dastej\u0161ie ost\u00e1vaj\u00fa p\u00f4sobi\u0165 na Slovensku"}]},{"@type":"WebSite","@id":"https:\/\/www.upjs.sk\/lekarska-fakulta\/#website","url":"https:\/\/www.upjs.sk\/lekarska-fakulta\/","name":"Lek\u00e1rska fakulta | UPJ\u0160","description":"","publisher":{"@id":"https:\/\/www.upjs.sk\/lekarska-fakulta\/#organization"},"potentialAction":[{"@type":"SearchAction","target":{"@type":"EntryPoint","urlTemplate":"https:\/\/www.upjs.sk\/lekarska-fakulta\/?s={search_term_string}"},"query-input":{"@type":"PropertyValueSpecification","valueRequired":true,"valueName":"search_term_string"}}],"inLanguage":"sk-SK"},{"@type":"Organization","@id":"https:\/\/www.upjs.sk\/lekarska-fakulta\/#organization","name":"Lek\u00e1rska fakulta | UPJ\u0160","url":"https:\/\/www.upjs.sk\/lekarska-fakulta\/","logo":{"@type":"ImageObject","inLanguage":"sk-SK","@id":"https:\/\/www.upjs.sk\/lekarska-fakulta\/#\/schema\/logo\/image\/","url":"https:\/\/www.upjs.sk\/app\/uploads\/sites\/9\/2022\/09\/logo-lekarska-fakulta.png","contentUrl":"https:\/\/www.upjs.sk\/app\/uploads\/sites\/9\/2022\/09\/logo-lekarska-fakulta.png","width":415,"height":87,"caption":"Lek\u00e1rska fakulta | UPJ\u0160"},"image":{"@id":"https:\/\/www.upjs.sk\/lekarska-fakulta\/#\/schema\/logo\/image\/"}}]}},"_links":{"self":[{"href":"https:\/\/www.upjs.sk\/lekarska-fakulta\/wp-json\/wp\/v2\/cpt_aktualne_spravy\/17466","targetHints":{"allow":["GET"]}}],"collection":[{"href":"https:\/\/www.upjs.sk\/lekarska-fakulta\/wp-json\/wp\/v2\/cpt_aktualne_spravy"}],"about":[{"href":"https:\/\/www.upjs.sk\/lekarska-fakulta\/wp-json\/wp\/v2\/types\/cpt_aktualne_spravy"}],"author":[{"embeddable":true,"href":"https:\/\/www.upjs.sk\/lekarska-fakulta\/wp-json\/wp\/v2\/users\/1"}],"wp:featuredmedia":[{"embeddable":true,"href":"https:\/\/www.upjs.sk\/lekarska-fakulta\/wp-json\/wp\/v2\/media\/17468"}],"wp:attachment":[{"href":"https:\/\/www.upjs.sk\/lekarska-fakulta\/wp-json\/wp\/v2\/media?parent=17466"}],"wp:term":[{"taxonomy":"category","embeddable":true,"href":"https:\/\/www.upjs.sk\/lekarska-fakulta\/wp-json\/wp\/v2\/categories?post=17466"},{"taxonomy":"post_tag","embeddable":true,"href":"https:\/\/www.upjs.sk\/lekarska-fakulta\/wp-json\/wp\/v2\/tags?post=17466"},{"taxonomy":"tax_aktuality","embeddable":true,"href":"https:\/\/www.upjs.sk\/lekarska-fakulta\/wp-json\/wp\/v2\/tax_aktuality?post=17466"}],"curies":[{"name":"wp","href":"https:\/\/api.w.org\/{rel}","templated":true}]}}