{"id":17490,"date":"2022-03-15T17:20:58","date_gmt":"2022-03-15T17:20:58","guid":{"rendered":"https:\/\/www.upjs.sk\/lekarska-fakulta\/actual-news\/26761\/"},"modified":"2022-11-13T20:48:42","modified_gmt":"2022-11-13T19:48:42","slug":"26761","status":"publish","type":"cpt_aktualne_spravy","link":"https:\/\/www.upjs.sk\/lekarska-fakulta\/actual-news\/26761\/","title":{"rendered":"Dekani na\u010falej r\u00e1zne odmietaj\u00fa novelu z\u00e1kona o V\u0160 a avizuj\u00fa \u010fal\u0161ie protesty \u00a0"},"content":{"rendered":"<p style=\"text-align:justify\">\u00a0<strong>\u00a0\u00a0\u00a0V stredu 9. marca 2022 sa v Bratislave uskuto\u010dnilo stretnutie dekanov a z\u00e1stupcov \u0161tudentov niektor\u00fdch slovensk\u00fdch fak\u00falt, ktor\u00ed na n\u00e1slednej tla\u010dovej konferencii informovali m\u00e9di\u00e1 a verejnos\u0165 o chystanom proteste v pr\u00edpade prijatia novely z\u00e1kona o vysok\u00fdch \u0161kol\u00e1ch v jej s\u00fa\u010dasnom znen\u00ed &#8211; \u010di\u017ee bez z\u00e1konn\u00fdch ustanoven\u00ed o fakultnej samospr\u00e1ve a vo\u013ebe dekana, teda v podobe, ako to ur\u010doval z\u00e1kon aj doposia\u013e. Na stretnut\u00ed s novin\u00e1rmi spolo\u010dne deklarovali, \u017ee v boji za zachovanie akademickej slobody bud\u00fa aj na\u010falej poukazova\u0165 na snahy uz\u00e1koni\u0165 odli\u0161n\u00fd pr\u00e1vny stav v porovnan\u00ed s drvivou v\u00e4\u010d\u0161inou kraj\u00edn E\u00da, ako aj na nebezpe\u010dnos\u0165 novely v s\u00favislosti s \u010dlenstvom SR vo viacer\u00fdch akademick\u00fdch a akredita\u010dn\u00fdch \u0161trukt\u00farach Eur\u00f3pskej \u00fanie. \u00a0<\/strong><br \/>\n\u00a0\u00a0<strong>\u00a0\u00a0\u00da\u010dastn\u00edci tla\u010dovej konferencie vyjadrili z\u00e1sadn\u00fd nes\u00fahlas s potl\u00e1\u010dan\u00edm akademickej samospr\u00e1vy a auton\u00f3mie predov\u0161etk\u00fdm na \u00farovni fak\u00falt.<\/strong> Deklarovali, \u017ee po\u017eaduj\u00fa ponecha\u0165 v novele z\u00e1kona vo\u013ebu kandid\u00e1ta na dekana fakulty vo v\u00fdhradnej kompetencii jej akademick\u00e9ho sen\u00e1tu.\u00a0<\/p>\n<p style=\"text-align:center\"><img decoding=\"async\" alt=\"\" src=\"http:\/\/www.upjs.sk\/\/app\/uploads\/sites\/9\/2022\/09\/1-14.jpg\" style=\"height:150px; width:324px\" \/>\u00a0<img decoding=\"async\" alt=\"\" src=\"http:\/\/www.upjs.sk\/\/app\/uploads\/sites\/9\/2022\/09\/2-14.jpg\" style=\"height:150px; width:379px\" \/><\/p>\n<p style=\"text-align:justify\">\u00a0 \u00a0 Autori novely zd\u00f4raz\u0148uj\u00fa podobnos\u0165 novely so z\u00e1konmi platn\u00fdmi na \u00fazem\u00ed Nemeckej spolkovej republiky. Je pravdou, \u017ee dekana tam nevol\u00ed akademick\u00fd sen\u00e1t ale \u201eRada\u201c. <strong>Av\u0161ak, \u010do v novele ch\u00fdba, zatia\u013e \u010do v nemeck\u00fdch z\u00e1konoch je to explicitne definovan\u00e9, je skuto\u010dnos\u0165, \u017ee \u010dlenmi rady nie s\u00fa \u017eiadni externisti, ale iba zamestnanci \u0161koly <\/strong><em>(rozdelen\u00ed na kateg\u00f3rie profesorov a docentov a \u010falej ostatn\u00fdch vysoko\u0161kolsky vzdelan\u00fdch zamestnancov)<\/em><strong> a tie\u017e \u0161tudenti. <\/strong>Takto definovan\u00e9 postavenie dekanov (resp. ved\u00facich zamestnancov na \u00farovni fak\u00falt, \u010di in\u0161tit\u00faci\u00ed odpovedaj\u00facich na\u0161im fakult\u00e1m <em>(v Brit\u00e1nii napr. preva\u017euj\u00fa \u201cDivisions\u201c div\u00edzie, \u010di \u201cColleges\u201c)<\/em> je z\u00e1rove\u0148 spojen\u00e9 s absol\u00fatnou auton\u00f3miou fak\u00falt, ktor\u00e1 dosahuje najvy\u0161\u0161iu mieru pri lek\u00e1rskych fakult\u00e1ch<em> (mo\u017eno uvies\u0165 pr\u00edklady z Franc\u00fazska, Nemecka, N\u00f3rska, ale aj bl\u00edzkej \u010ceskej republiky).<\/em><br \/>\n\u00a0\u00a0\u00a0\u00a0Pr\u00e1ve \u010cesk\u00e1 republika je \u010dasto d\u00e1van\u00e1 slovensk\u00fdm vysok\u00fdm \u0161kol\u00e1m za vzor. Je to krajina, ktor\u00fa v pr\u00edpade odchodu zo Slovenska najviac preferuj\u00fa na\u0161i \u0161tudenti, ale aj mnoh\u00ed absolventi. Pre\u010do teda chceme v Slovenskej republike uz\u00e1koni\u0165 stav, ktor\u00fd je v pr\u00edkrom rozpore s ned\u00e1vno novelizovan\u00fdm vysoko\u0161kolsk\u00fdm z\u00e1konom n\u00e1\u0161ho \u00faspe\u0161n\u00e9ho z\u00e1padn\u00e9ho suseda? <strong>Pre\u010do si neberieme pr\u00edklad z kraj\u00edn, kde s\u00fa demokratick\u00e9 princ\u00edpy nielen \u201eumo\u017enen\u00e9\u201c, ale aj uz\u00e1konen\u00e9?\u00a0<\/strong><br \/>\n\u00a0\u00a0\u00a0\u00a0Novela v sebe skr\u00fdva prvky siln\u00fdch vodcov, \u017eia\u013e ovplyvnite\u013en\u00fdch aj mimo\u0161kolsk\u00fdm prostred\u00edm a aktu\u00e1lnou politickou situ\u00e1ciou, ktor\u00e1 sa pochopite\u013ene v priebehu rokov m\u00f4\u017ee r\u00f4znym sp\u00f4sobom meni\u0165 a tak dramaticky ovplyvni\u0165 aj to, \u010do sa v s\u00fa\u010dasnosti jav\u00ed ako neovplyvnite\u013en\u00e9 a \u00faplne bezpe\u010dn\u00e9.\u00a0<br \/>\n\u00a0\u00a0\u00a0\u00a0Ve\u010f kto si vedel pred p\u00e1r rokmi predstavi\u0165 pand\u00e9miu, ktor\u00e1 n\u00e1s postihla? Kto predpokladal, \u017ee za na\u0161ou v\u00fdchodnou hranicou bude z\u00fari\u0165 vojna?\u00a0<strong>Preto je nutn\u00e9 r\u00e1zne chr\u00e1ni\u0165 akademick\u00fa demokraciu, slobodu a trad\u00edcie, ktor\u00e9 s\u00fa nenahradite\u013en\u00fdmi hodnotami.<\/strong>\u00a0<br \/>\n\u00a0\u00a0\u00a0\u00a0\u00a0Ako na tla\u010dovej konferencii odznelo z \u00fast dekana Lek\u00e1rskej fakulty Univerzity Komensk\u00e9ho prof. MUDr. Juraja \u00a0\u0160te\u0148a, DrSc., IFAANS, <strong>novela vysoko\u0161kolsk\u00e9ho z\u00e1kona v navrhovanej podobe \u00fato\u010d\u00ed na demokraciu<\/strong> a predseda Rady vysok\u00fdch \u0161k\u00f4l doc. RNDr. Martin Putala, PhD. zd\u00f4raznil, \u017ee ju odmietlo a\u017e 83 z celkov\u00e9ho po\u010dtu 106 fak\u00falt \u00a0a stoja pevne za po\u017eiadavkami obhajovan\u00fdmi Radou vysok\u00fdch \u0161k\u00f4l SR. Dekan Lek\u00e1rskej fakulty UPJ\u0160 v Ko\u0161iciach prof. MUDr. Daniel Pella, PhD. v online prenose kon\u0161tatoval, \u017ee <strong>fakulty bojuj\u00fa za pravdu a slobodu.<\/strong><br \/>\n\u00a0\u00a0<em><strong>\u00a0\u00a0\u201eFakulty v r\u00f4znych eur\u00f3pskych krajin\u00e1ch s\u00fa vo svojej odbornosti a intern\u00fdch rozhodovac\u00edch procesoch absol\u00fatne nez\u00e1visl\u00e9. Nehrajme sa preto s terminol\u00f3giou, \u010di r\u00f4znymi n\u00e1zvami (s\u00fa\u010dasn\u00fd n\u00e1vrh potl\u00e1\u010da historick\u00e9 trad\u00edcie okrem in\u00e9ho aj v tomto smere). Pri reforme predsa nem\u00f4\u017ee \u00eds\u0165 o to, \u010di sa rozhodovac\u00ed org\u00e1n bude vola\u0165 sen\u00e1t alebo rada, ale ak\u00e9 bude ma\u0165 pr\u00e1vomoci a kompetencie. Ministerstvo deklaruje, \u017ee z\u00e1kladom novely mal by\u0165 nemeck\u00fd model. Pre\u0161iel som s na\u0161imi nemeck\u00fdmi partnermi p\u00e4\u0165 r\u00f4znych nemeck\u00fdch z\u00e1konov &#8211; ke\u010f\u017ee sa jedn\u00e1 o spolkov\u00fa republiku &#8211; a pod\u013ea ka\u017ed\u00e9ho z nich vol\u00ed dekana nie rada univerzity, ale rada fakulty pozost\u00e1vaj\u00faca zo zamestnancov (profesorov, docentov a asistentov) a \u0161tudentov. \u00a0Na univerzite v Oxforde existuj\u00fa div\u00edzie ako ekvivalenty na\u0161ich fak\u00falt, ktor\u00e9 s\u00fa \u00faplne auton\u00f3mne. V n\u00f3rskom Osle na tamoj\u0161ej univerzite plat\u00ed identick\u00fd z\u00e1kon ako v \u010cR, pokia\u013e ide o samospr\u00e1vu fak\u00falt a vo\u013ebu dekanov a ostatn\u00fdch funkcion\u00e1rov, teda je op\u00e4\u0165 v\u00fdlu\u010dne v kompetencii zamestnancov a \u0161tudentov patri\u010dn\u00fdch fak\u00falt,\u201c<\/strong><\/em> podot\u00fdka profesor Daniel Pella, pod\u013ea ktor\u00e9ho rozhodne nemo\u017eno spochyb\u0148ova\u0165 kvalitu slovensk\u00fdch lek\u00e1rskych fak\u00falt (a nepochybne aj mnoh\u00fdch in\u00fdch fak\u00falt), ke\u010f\u017ee ich absolventi nach\u00e1dzaj\u00fa uplatnenie kdeko\u013evek na svete.<\/p>\n","protected":false},"excerpt":{"rendered":"<p>V stredu 9. marca 2022 sa v Bratislave uskuto\u010dnilo stretnutie dekanov a z\u00e1stupcov \u0161tudentov niektor\u00fdch slovensk\u00fdch fak\u00falt, ktor\u00ed na n\u00e1slednej tla\u010dovej konferencii informovali m\u00e9di\u00e1 a verejnos\u0165 o chystanom proteste v pr\u00edpade prijatia novely z\u00e1kona o vysok\u00fdch \u0161kol\u00e1ch v jej s\u00fa\u010dasnom znen\u00ed&#8230;<\/p>\n","protected":false},"author":1,"featured_media":17493,"menu_order":0,"template":"","meta":{"_acf_changed":false,"_editorskit_title_hidden":false,"_editorskit_reading_time":0,"_editorskit_is_block_options_detached":false,"_editorskit_block_options_position":"{}"},"categories":[],"tags":[],"tax_aktuality":[],"class_list":["post-17490","cpt_aktualne_spravy","type-cpt_aktualne_spravy","status-publish","has-post-thumbnail","hentry"],"acf":{"acf_link_na_externy_obsah":""},"yoast_head":"<!-- This site is optimized with the Yoast SEO plugin v27.4 - https:\/\/yoast.com\/product\/yoast-seo-wordpress\/ -->\n<title>Dekani na\u010falej r\u00e1zne odmietaj\u00fa novelu z\u00e1kona o V\u0160 a avizuj\u00fa \u010fal\u0161ie protesty \u00a0 - Lek\u00e1rska fakulta | UPJ\u0160<\/title>\n<meta name=\"robots\" content=\"index, follow, max-snippet:-1, max-image-preview:large, max-video-preview:-1\" \/>\n<link rel=\"canonical\" href=\"https:\/\/www.upjs.sk\/lekarska-fakulta\/actual-news\/26761\/\" \/>\n<meta property=\"og:locale\" content=\"sk_SK\" \/>\n<meta property=\"og:type\" content=\"article\" \/>\n<meta property=\"og:title\" content=\"Dekani na\u010falej r\u00e1zne odmietaj\u00fa novelu z\u00e1kona o V\u0160 a avizuj\u00fa \u010fal\u0161ie protesty \u00a0 - Lek\u00e1rska fakulta | UPJ\u0160\" \/>\n<meta property=\"og:description\" content=\"V stredu 9. marca 2022 sa v Bratislave uskuto\u010dnilo stretnutie dekanov a z\u00e1stupcov \u0161tudentov niektor\u00fdch slovensk\u00fdch fak\u00falt, ktor\u00ed na n\u00e1slednej tla\u010dovej konferencii informovali m\u00e9di\u00e1 a verejnos\u0165 o chystanom proteste v pr\u00edpade prijatia novely z\u00e1kona o vysok\u00fdch \u0161kol\u00e1ch v jej s\u00fa\u010dasnom znen\u00ed...\" \/>\n<meta property=\"og:url\" content=\"https:\/\/www.upjs.sk\/lekarska-fakulta\/actual-news\/26761\/\" \/>\n<meta property=\"og:site_name\" content=\"Lek\u00e1rska fakulta | UPJ\u0160\" \/>\n<meta property=\"article:modified_time\" content=\"2022-11-13T19:48:42+00:00\" \/>\n<meta property=\"og:image\" content=\"https:\/\/www.upjs.sk\/app\/uploads\/sites\/9\/2022\/09\/2A-2.jpg\" \/>\n\t<meta property=\"og:image:width\" content=\"450\" \/>\n\t<meta property=\"og:image:height\" content=\"250\" \/>\n\t<meta property=\"og:image:type\" content=\"image\/jpeg\" \/>\n<meta name=\"twitter:card\" content=\"summary_large_image\" \/>\n<meta name=\"twitter:label1\" content=\"Predpokladan\u00fd \u010das \u010d\u00edtania\" \/>\n\t<meta name=\"twitter:data1\" content=\"4 min\u00faty\" \/>\n<script type=\"application\/ld+json\" class=\"yoast-schema-graph\">{\"@context\":\"https:\\\/\\\/schema.org\",\"@graph\":[{\"@type\":\"WebPage\",\"@id\":\"https:\\\/\\\/www.upjs.sk\\\/lekarska-fakulta\\\/actual-news\\\/26761\\\/\",\"url\":\"https:\\\/\\\/www.upjs.sk\\\/lekarska-fakulta\\\/actual-news\\\/26761\\\/\",\"name\":\"Dekani na\u010falej r\u00e1zne odmietaj\u00fa novelu z\u00e1kona o V\u0160 a avizuj\u00fa \u010fal\u0161ie protesty \u00a0 - Lek\u00e1rska fakulta | UPJ\u0160\",\"isPartOf\":{\"@id\":\"https:\\\/\\\/www.upjs.sk\\\/lekarska-fakulta\\\/#website\"},\"primaryImageOfPage\":{\"@id\":\"https:\\\/\\\/www.upjs.sk\\\/lekarska-fakulta\\\/actual-news\\\/26761\\\/#primaryimage\"},\"image\":{\"@id\":\"https:\\\/\\\/www.upjs.sk\\\/lekarska-fakulta\\\/actual-news\\\/26761\\\/#primaryimage\"},\"thumbnailUrl\":\"https:\\\/\\\/www.upjs.sk\\\/app\\\/uploads\\\/sites\\\/9\\\/2022\\\/09\\\/2A-2.jpg\",\"datePublished\":\"2022-03-15T17:20:58+00:00\",\"dateModified\":\"2022-11-13T19:48:42+00:00\",\"breadcrumb\":{\"@id\":\"https:\\\/\\\/www.upjs.sk\\\/lekarska-fakulta\\\/actual-news\\\/26761\\\/#breadcrumb\"},\"inLanguage\":\"sk-SK\",\"potentialAction\":[{\"@type\":\"ReadAction\",\"target\":[\"https:\\\/\\\/www.upjs.sk\\\/lekarska-fakulta\\\/actual-news\\\/26761\\\/\"]}]},{\"@type\":\"ImageObject\",\"inLanguage\":\"sk-SK\",\"@id\":\"https:\\\/\\\/www.upjs.sk\\\/lekarska-fakulta\\\/actual-news\\\/26761\\\/#primaryimage\",\"url\":\"https:\\\/\\\/www.upjs.sk\\\/app\\\/uploads\\\/sites\\\/9\\\/2022\\\/09\\\/2A-2.jpg\",\"contentUrl\":\"https:\\\/\\\/www.upjs.sk\\\/app\\\/uploads\\\/sites\\\/9\\\/2022\\\/09\\\/2A-2.jpg\",\"width\":450,\"height\":250,\"caption\":\"26761\"},{\"@type\":\"BreadcrumbList\",\"@id\":\"https:\\\/\\\/www.upjs.sk\\\/lekarska-fakulta\\\/actual-news\\\/26761\\\/#breadcrumb\",\"itemListElement\":[{\"@type\":\"ListItem\",\"position\":1,\"name\":\"Home\",\"item\":\"https:\\\/\\\/www.upjs.sk\\\/lekarska-fakulta\\\/\"},{\"@type\":\"ListItem\",\"position\":2,\"name\":\"Aktu\u00e1lne spr\u00e1vy Lek\u00e1rskej fakulty\",\"item\":\"https:\\\/\\\/www.upjs.sk\\\/lekarska-fakulta\\\/actual-news\\\/\"},{\"@type\":\"ListItem\",\"position\":3,\"name\":\"Dekani na\u010falej r\u00e1zne odmietaj\u00fa novelu z\u00e1kona o V\u0160 a avizuj\u00fa \u010fal\u0161ie protesty \u00a0\"}]},{\"@type\":\"WebSite\",\"@id\":\"https:\\\/\\\/www.upjs.sk\\\/lekarska-fakulta\\\/#website\",\"url\":\"https:\\\/\\\/www.upjs.sk\\\/lekarska-fakulta\\\/\",\"name\":\"Lek\u00e1rska fakulta | UPJ\u0160\",\"description\":\"\",\"publisher\":{\"@id\":\"https:\\\/\\\/www.upjs.sk\\\/lekarska-fakulta\\\/#organization\"},\"potentialAction\":[{\"@type\":\"SearchAction\",\"target\":{\"@type\":\"EntryPoint\",\"urlTemplate\":\"https:\\\/\\\/www.upjs.sk\\\/lekarska-fakulta\\\/?s={search_term_string}\"},\"query-input\":{\"@type\":\"PropertyValueSpecification\",\"valueRequired\":true,\"valueName\":\"search_term_string\"}}],\"inLanguage\":\"sk-SK\"},{\"@type\":\"Organization\",\"@id\":\"https:\\\/\\\/www.upjs.sk\\\/lekarska-fakulta\\\/#organization\",\"name\":\"Lek\u00e1rska fakulta | UPJ\u0160\",\"url\":\"https:\\\/\\\/www.upjs.sk\\\/lekarska-fakulta\\\/\",\"logo\":{\"@type\":\"ImageObject\",\"inLanguage\":\"sk-SK\",\"@id\":\"https:\\\/\\\/www.upjs.sk\\\/lekarska-fakulta\\\/#\\\/schema\\\/logo\\\/image\\\/\",\"url\":\"https:\\\/\\\/www.upjs.sk\\\/app\\\/uploads\\\/sites\\\/9\\\/2022\\\/09\\\/logo-lekarska-fakulta.png\",\"contentUrl\":\"https:\\\/\\\/www.upjs.sk\\\/app\\\/uploads\\\/sites\\\/9\\\/2022\\\/09\\\/logo-lekarska-fakulta.png\",\"width\":415,\"height\":87,\"caption\":\"Lek\u00e1rska fakulta | UPJ\u0160\"},\"image\":{\"@id\":\"https:\\\/\\\/www.upjs.sk\\\/lekarska-fakulta\\\/#\\\/schema\\\/logo\\\/image\\\/\"}}]}<\/script>\n<!-- \/ Yoast SEO plugin. -->","yoast_head_json":{"title":"Dekani na\u010falej r\u00e1zne odmietaj\u00fa novelu z\u00e1kona o V\u0160 a avizuj\u00fa \u010fal\u0161ie protesty \u00a0 - Lek\u00e1rska fakulta | UPJ\u0160","robots":{"index":"index","follow":"follow","max-snippet":"max-snippet:-1","max-image-preview":"max-image-preview:large","max-video-preview":"max-video-preview:-1"},"canonical":"https:\/\/www.upjs.sk\/lekarska-fakulta\/actual-news\/26761\/","og_locale":"sk_SK","og_type":"article","og_title":"Dekani na\u010falej r\u00e1zne odmietaj\u00fa novelu z\u00e1kona o V\u0160 a avizuj\u00fa \u010fal\u0161ie protesty \u00a0 - Lek\u00e1rska fakulta | UPJ\u0160","og_description":"V stredu 9. marca 2022 sa v Bratislave uskuto\u010dnilo stretnutie dekanov a z\u00e1stupcov \u0161tudentov niektor\u00fdch slovensk\u00fdch fak\u00falt, ktor\u00ed na n\u00e1slednej tla\u010dovej konferencii informovali m\u00e9di\u00e1 a verejnos\u0165 o chystanom proteste v pr\u00edpade prijatia novely z\u00e1kona o vysok\u00fdch \u0161kol\u00e1ch v jej s\u00fa\u010dasnom znen\u00ed...","og_url":"https:\/\/www.upjs.sk\/lekarska-fakulta\/actual-news\/26761\/","og_site_name":"Lek\u00e1rska fakulta | UPJ\u0160","article_modified_time":"2022-11-13T19:48:42+00:00","og_image":[{"width":450,"height":250,"url":"https:\/\/www.upjs.sk\/app\/uploads\/sites\/9\/2022\/09\/2A-2.jpg","type":"image\/jpeg"}],"twitter_card":"summary_large_image","twitter_misc":{"Predpokladan\u00fd \u010das \u010d\u00edtania":"4 min\u00faty"},"schema":{"@context":"https:\/\/schema.org","@graph":[{"@type":"WebPage","@id":"https:\/\/www.upjs.sk\/lekarska-fakulta\/actual-news\/26761\/","url":"https:\/\/www.upjs.sk\/lekarska-fakulta\/actual-news\/26761\/","name":"Dekani na\u010falej r\u00e1zne odmietaj\u00fa novelu z\u00e1kona o V\u0160 a avizuj\u00fa \u010fal\u0161ie protesty \u00a0 - Lek\u00e1rska fakulta | UPJ\u0160","isPartOf":{"@id":"https:\/\/www.upjs.sk\/lekarska-fakulta\/#website"},"primaryImageOfPage":{"@id":"https:\/\/www.upjs.sk\/lekarska-fakulta\/actual-news\/26761\/#primaryimage"},"image":{"@id":"https:\/\/www.upjs.sk\/lekarska-fakulta\/actual-news\/26761\/#primaryimage"},"thumbnailUrl":"https:\/\/www.upjs.sk\/app\/uploads\/sites\/9\/2022\/09\/2A-2.jpg","datePublished":"2022-03-15T17:20:58+00:00","dateModified":"2022-11-13T19:48:42+00:00","breadcrumb":{"@id":"https:\/\/www.upjs.sk\/lekarska-fakulta\/actual-news\/26761\/#breadcrumb"},"inLanguage":"sk-SK","potentialAction":[{"@type":"ReadAction","target":["https:\/\/www.upjs.sk\/lekarska-fakulta\/actual-news\/26761\/"]}]},{"@type":"ImageObject","inLanguage":"sk-SK","@id":"https:\/\/www.upjs.sk\/lekarska-fakulta\/actual-news\/26761\/#primaryimage","url":"https:\/\/www.upjs.sk\/app\/uploads\/sites\/9\/2022\/09\/2A-2.jpg","contentUrl":"https:\/\/www.upjs.sk\/app\/uploads\/sites\/9\/2022\/09\/2A-2.jpg","width":450,"height":250,"caption":"26761"},{"@type":"BreadcrumbList","@id":"https:\/\/www.upjs.sk\/lekarska-fakulta\/actual-news\/26761\/#breadcrumb","itemListElement":[{"@type":"ListItem","position":1,"name":"Home","item":"https:\/\/www.upjs.sk\/lekarska-fakulta\/"},{"@type":"ListItem","position":2,"name":"Aktu\u00e1lne spr\u00e1vy Lek\u00e1rskej fakulty","item":"https:\/\/www.upjs.sk\/lekarska-fakulta\/actual-news\/"},{"@type":"ListItem","position":3,"name":"Dekani na\u010falej r\u00e1zne odmietaj\u00fa novelu z\u00e1kona o V\u0160 a avizuj\u00fa \u010fal\u0161ie protesty \u00a0"}]},{"@type":"WebSite","@id":"https:\/\/www.upjs.sk\/lekarska-fakulta\/#website","url":"https:\/\/www.upjs.sk\/lekarska-fakulta\/","name":"Lek\u00e1rska fakulta | UPJ\u0160","description":"","publisher":{"@id":"https:\/\/www.upjs.sk\/lekarska-fakulta\/#organization"},"potentialAction":[{"@type":"SearchAction","target":{"@type":"EntryPoint","urlTemplate":"https:\/\/www.upjs.sk\/lekarska-fakulta\/?s={search_term_string}"},"query-input":{"@type":"PropertyValueSpecification","valueRequired":true,"valueName":"search_term_string"}}],"inLanguage":"sk-SK"},{"@type":"Organization","@id":"https:\/\/www.upjs.sk\/lekarska-fakulta\/#organization","name":"Lek\u00e1rska fakulta | UPJ\u0160","url":"https:\/\/www.upjs.sk\/lekarska-fakulta\/","logo":{"@type":"ImageObject","inLanguage":"sk-SK","@id":"https:\/\/www.upjs.sk\/lekarska-fakulta\/#\/schema\/logo\/image\/","url":"https:\/\/www.upjs.sk\/app\/uploads\/sites\/9\/2022\/09\/logo-lekarska-fakulta.png","contentUrl":"https:\/\/www.upjs.sk\/app\/uploads\/sites\/9\/2022\/09\/logo-lekarska-fakulta.png","width":415,"height":87,"caption":"Lek\u00e1rska fakulta | UPJ\u0160"},"image":{"@id":"https:\/\/www.upjs.sk\/lekarska-fakulta\/#\/schema\/logo\/image\/"}}]}},"_links":{"self":[{"href":"https:\/\/www.upjs.sk\/lekarska-fakulta\/wp-json\/wp\/v2\/cpt_aktualne_spravy\/17490","targetHints":{"allow":["GET"]}}],"collection":[{"href":"https:\/\/www.upjs.sk\/lekarska-fakulta\/wp-json\/wp\/v2\/cpt_aktualne_spravy"}],"about":[{"href":"https:\/\/www.upjs.sk\/lekarska-fakulta\/wp-json\/wp\/v2\/types\/cpt_aktualne_spravy"}],"author":[{"embeddable":true,"href":"https:\/\/www.upjs.sk\/lekarska-fakulta\/wp-json\/wp\/v2\/users\/1"}],"wp:featuredmedia":[{"embeddable":true,"href":"https:\/\/www.upjs.sk\/lekarska-fakulta\/wp-json\/wp\/v2\/media\/17493"}],"wp:attachment":[{"href":"https:\/\/www.upjs.sk\/lekarska-fakulta\/wp-json\/wp\/v2\/media?parent=17490"}],"wp:term":[{"taxonomy":"category","embeddable":true,"href":"https:\/\/www.upjs.sk\/lekarska-fakulta\/wp-json\/wp\/v2\/categories?post=17490"},{"taxonomy":"post_tag","embeddable":true,"href":"https:\/\/www.upjs.sk\/lekarska-fakulta\/wp-json\/wp\/v2\/tags?post=17490"},{"taxonomy":"tax_aktuality","embeddable":true,"href":"https:\/\/www.upjs.sk\/lekarska-fakulta\/wp-json\/wp\/v2\/tax_aktuality?post=17490"}],"curies":[{"name":"wp","href":"https:\/\/api.w.org\/{rel}","templated":true}]}}