{"id":17574,"date":"2021-10-21T12:02:31","date_gmt":"2021-10-21T12:02:31","guid":{"rendered":"https:\/\/www.upjs.sk\/lekarska-fakulta\/actual-news\/25835\/"},"modified":"2022-11-13T20:48:55","modified_gmt":"2022-11-13T19:48:55","slug":"25835","status":"publish","type":"cpt_aktualne_spravy","link":"https:\/\/www.upjs.sk\/lekarska-fakulta\/actual-news\/25835\/","title":{"rendered":"Stanovisko Akademick\u00e9ho sen\u00e1tu Univerzity Pavla Jozefa \u0160af\u00e1rika v Ko\u0161iciach, Lek\u00e1rskej fakulty k n\u00e1vrhu rozpo\u010dtu verejnej spr\u00e1vy"},"content":{"rendered":"<p style=\"text-align:justify\">Akademick\u00fd sen\u00e1t UPJ\u0160 LF pova\u017euje kontinu\u00e1lne zni\u017eovanie v\u00fddavkov na verejn\u00e9 vysok\u00e9 \u0161kolstvo v r\u00e1mci rozpo\u010dtu verejnej spr\u00e1vy na roky 2022 a\u017e 2024 ako negat\u00edvny faktor, ktor\u00fd m\u00f4\u017ee vies\u0165 k spomaleniu rozvoja, zn\u00ed\u017eeniu atraktivity a zhor\u0161eniu medzin\u00e1rodnej konkurencieschopnosti slovensk\u00fdch verejn\u00fdch vysok\u00fdch \u0161k\u00f4l. Akademick\u00fd sen\u00e1t UPJ\u0160 LF sa nestoto\u017e\u0148uje s takto nastaven\u00fdm smerovan\u00edm a prip\u00e1ja sa k vyhl\u00e1seniu Univerzity Komensk\u00e9ho v Bratislave z 11.10.2021, vyhl\u00e1seniu Slovenskej akredita\u010dnej agent\u00fary pre vysok\u00e9 \u0161kolstvo z 13.10.2021 a spolo\u010dn\u00e9mu vyhl\u00e1seniu Slovenskej rektorskej konferencie, Rady vysok\u00fdch \u0161k\u00f4l a\u00a0\u0160tudentskej rady vysok\u00fdch \u0161k\u00f4l z 14.10.2021.<\/p>\n<ul>\n<li><a href=\"https:\/\/uniba.sk\/spravodajsky-portal\/detail-aktuality\/back_to_page\/univerzita-komenskeho\/article\/univerzita-komenskeho-vyjadruje-vazne-obavy-o-buducnost-slovenskeho-vysokeho-skolstva\/\" target=\"_blank\" rel=\"noopener\">Vyhl\u00e1senie Univerzity Komensk\u00e9ho v Bratislave<\/a><\/li>\n<li><a href=\"https:\/\/saavs.sk\/sk\/kratenie-rozpoctu-vysokych-skol-znizuje-atraktivnosti-slovenska-pre-mladych\/\" target=\"_blank\" rel=\"noopener\">Vyhl\u00e1senie\u00a0Slovenskej akredita\u010dnej agent\u00fary pre vysok\u00e9 \u0161kolstvo<\/a><\/li>\n<li><a href=\"https:\/\/www.srk.sk\/sk\/aktuality\/524-spolocne-vyhlasenie-k-navrhu-rozpoctu-na-verejne-vysoke-skoly-v-roku-2022\" target=\"_blank\" rel=\"noopener\">Spolo\u010dn\u00e9 vyhl\u00e1senie\u00a0Slovenskej rektorskej konferencie, Rady vysok\u00fdch \u0161k\u00f4l a \u0160tudentskej rady vysok\u00fdch \u0161k\u00f4l<\/a><\/li>\n<li><a href=\"https:\/\/www.upjs.sk\/aktuality\/navrh-rozpoctu-pre-verejne-VS-2022\/\" target=\"_blank\" rel=\"noopener\">N\u00e1vrh rozpo\u010dtu na verejn\u00e9 vysok\u00e9 \u0161koly v roku 2022 znepokojil UPJ\u0160<\/a><\/li>\n<\/ul>\n","protected":false},"excerpt":{"rendered":"<p>Akademick\u00fd sen\u00e1t UPJ\u0160 LF pova\u017euje kontinu\u00e1lne zni\u017eovanie v\u00fddavkov na verejn\u00e9 vysok\u00e9 \u0161kolstvo v r\u00e1mci rozpo\u010dtu verejnej spr\u00e1vy na roky 2022 a\u017e 2024 ako negat\u00edvny faktor&#8230;<\/p>\n","protected":false},"author":1,"featured_media":17575,"menu_order":0,"template":"","meta":{"_acf_changed":false,"_editorskit_title_hidden":false,"_editorskit_reading_time":0,"_editorskit_is_block_options_detached":false,"_editorskit_block_options_position":"{}"},"categories":[],"tags":[],"tax_aktuality":[21],"class_list":["post-17574","cpt_aktualne_spravy","type-cpt_aktualne_spravy","status-publish","has-post-thumbnail","hentry","tax_aktuality-21"],"acf":{"acf_link_na_externy_obsah":""},"yoast_head":"<!-- This site is optimized with the Yoast SEO plugin v27.4 - https:\/\/yoast.com\/product\/yoast-seo-wordpress\/ -->\n<title>Stanovisko Akademick\u00e9ho sen\u00e1tu Univerzity Pavla Jozefa \u0160af\u00e1rika v Ko\u0161iciach, Lek\u00e1rskej fakulty k n\u00e1vrhu rozpo\u010dtu verejnej spr\u00e1vy - Lek\u00e1rska fakulta | UPJ\u0160<\/title>\n<meta name=\"robots\" content=\"index, follow, max-snippet:-1, max-image-preview:large, max-video-preview:-1\" \/>\n<link rel=\"canonical\" href=\"https:\/\/www.upjs.sk\/lekarska-fakulta\/actual-news\/25835\/\" \/>\n<meta property=\"og:locale\" content=\"sk_SK\" \/>\n<meta property=\"og:type\" content=\"article\" \/>\n<meta property=\"og:title\" content=\"Stanovisko Akademick\u00e9ho sen\u00e1tu Univerzity Pavla Jozefa \u0160af\u00e1rika v Ko\u0161iciach, Lek\u00e1rskej fakulty k n\u00e1vrhu rozpo\u010dtu verejnej spr\u00e1vy - Lek\u00e1rska fakulta | UPJ\u0160\" \/>\n<meta property=\"og:description\" content=\"Akademick\u00fd sen\u00e1t UPJ\u0160 LF pova\u017euje kontinu\u00e1lne zni\u017eovanie v\u00fddavkov na verejn\u00e9 vysok\u00e9 \u0161kolstvo v r\u00e1mci rozpo\u010dtu verejnej spr\u00e1vy na roky 2022 a\u017e 2024 ako negat\u00edvny faktor...\" \/>\n<meta property=\"og:url\" content=\"https:\/\/www.upjs.sk\/lekarska-fakulta\/actual-news\/25835\/\" \/>\n<meta property=\"og:site_name\" content=\"Lek\u00e1rska fakulta | UPJ\u0160\" \/>\n<meta property=\"article:modified_time\" content=\"2022-11-13T19:48:55+00:00\" \/>\n<meta property=\"og:image\" content=\"https:\/\/www.upjs.sk\/app\/uploads\/sites\/9\/2022\/09\/download-lfm-1.jpg\" \/>\n\t<meta property=\"og:image:width\" content=\"250\" \/>\n\t<meta property=\"og:image:height\" content=\"138\" \/>\n\t<meta property=\"og:image:type\" content=\"image\/jpeg\" \/>\n<meta name=\"twitter:card\" content=\"summary_large_image\" \/>\n<meta name=\"twitter:label1\" content=\"Predpokladan\u00fd \u010das \u010d\u00edtania\" \/>\n\t<meta name=\"twitter:data1\" content=\"1 min\u00fata\" \/>\n<script type=\"application\/ld+json\" class=\"yoast-schema-graph\">{\"@context\":\"https:\\\/\\\/schema.org\",\"@graph\":[{\"@type\":\"WebPage\",\"@id\":\"https:\\\/\\\/www.upjs.sk\\\/lekarska-fakulta\\\/actual-news\\\/25835\\\/\",\"url\":\"https:\\\/\\\/www.upjs.sk\\\/lekarska-fakulta\\\/actual-news\\\/25835\\\/\",\"name\":\"Stanovisko Akademick\u00e9ho sen\u00e1tu Univerzity Pavla Jozefa \u0160af\u00e1rika v Ko\u0161iciach, Lek\u00e1rskej fakulty k n\u00e1vrhu rozpo\u010dtu verejnej spr\u00e1vy - Lek\u00e1rska fakulta | UPJ\u0160\",\"isPartOf\":{\"@id\":\"https:\\\/\\\/www.upjs.sk\\\/lekarska-fakulta\\\/#website\"},\"primaryImageOfPage\":{\"@id\":\"https:\\\/\\\/www.upjs.sk\\\/lekarska-fakulta\\\/actual-news\\\/25835\\\/#primaryimage\"},\"image\":{\"@id\":\"https:\\\/\\\/www.upjs.sk\\\/lekarska-fakulta\\\/actual-news\\\/25835\\\/#primaryimage\"},\"thumbnailUrl\":\"https:\\\/\\\/www.upjs.sk\\\/app\\\/uploads\\\/sites\\\/9\\\/2022\\\/09\\\/download-lfm-1.jpg\",\"datePublished\":\"2021-10-21T12:02:31+00:00\",\"dateModified\":\"2022-11-13T19:48:55+00:00\",\"breadcrumb\":{\"@id\":\"https:\\\/\\\/www.upjs.sk\\\/lekarska-fakulta\\\/actual-news\\\/25835\\\/#breadcrumb\"},\"inLanguage\":\"sk-SK\",\"potentialAction\":[{\"@type\":\"ReadAction\",\"target\":[\"https:\\\/\\\/www.upjs.sk\\\/lekarska-fakulta\\\/actual-news\\\/25835\\\/\"]}]},{\"@type\":\"ImageObject\",\"inLanguage\":\"sk-SK\",\"@id\":\"https:\\\/\\\/www.upjs.sk\\\/lekarska-fakulta\\\/actual-news\\\/25835\\\/#primaryimage\",\"url\":\"https:\\\/\\\/www.upjs.sk\\\/app\\\/uploads\\\/sites\\\/9\\\/2022\\\/09\\\/download-lfm-1.jpg\",\"contentUrl\":\"https:\\\/\\\/www.upjs.sk\\\/app\\\/uploads\\\/sites\\\/9\\\/2022\\\/09\\\/download-lfm-1.jpg\",\"width\":250,\"height\":138,\"caption\":\"25835\"},{\"@type\":\"BreadcrumbList\",\"@id\":\"https:\\\/\\\/www.upjs.sk\\\/lekarska-fakulta\\\/actual-news\\\/25835\\\/#breadcrumb\",\"itemListElement\":[{\"@type\":\"ListItem\",\"position\":1,\"name\":\"Home\",\"item\":\"https:\\\/\\\/www.upjs.sk\\\/lekarska-fakulta\\\/\"},{\"@type\":\"ListItem\",\"position\":2,\"name\":\"Aktu\u00e1lne spr\u00e1vy Lek\u00e1rskej fakulty\",\"item\":\"https:\\\/\\\/www.upjs.sk\\\/lekarska-fakulta\\\/actual-news\\\/\"},{\"@type\":\"ListItem\",\"position\":3,\"name\":\"Stanovisko Akademick\u00e9ho sen\u00e1tu Univerzity Pavla Jozefa \u0160af\u00e1rika v Ko\u0161iciach, Lek\u00e1rskej fakulty k n\u00e1vrhu rozpo\u010dtu verejnej spr\u00e1vy\"}]},{\"@type\":\"WebSite\",\"@id\":\"https:\\\/\\\/www.upjs.sk\\\/lekarska-fakulta\\\/#website\",\"url\":\"https:\\\/\\\/www.upjs.sk\\\/lekarska-fakulta\\\/\",\"name\":\"Lek\u00e1rska fakulta | UPJ\u0160\",\"description\":\"\",\"publisher\":{\"@id\":\"https:\\\/\\\/www.upjs.sk\\\/lekarska-fakulta\\\/#organization\"},\"potentialAction\":[{\"@type\":\"SearchAction\",\"target\":{\"@type\":\"EntryPoint\",\"urlTemplate\":\"https:\\\/\\\/www.upjs.sk\\\/lekarska-fakulta\\\/?s={search_term_string}\"},\"query-input\":{\"@type\":\"PropertyValueSpecification\",\"valueRequired\":true,\"valueName\":\"search_term_string\"}}],\"inLanguage\":\"sk-SK\"},{\"@type\":\"Organization\",\"@id\":\"https:\\\/\\\/www.upjs.sk\\\/lekarska-fakulta\\\/#organization\",\"name\":\"Lek\u00e1rska fakulta | UPJ\u0160\",\"url\":\"https:\\\/\\\/www.upjs.sk\\\/lekarska-fakulta\\\/\",\"logo\":{\"@type\":\"ImageObject\",\"inLanguage\":\"sk-SK\",\"@id\":\"https:\\\/\\\/www.upjs.sk\\\/lekarska-fakulta\\\/#\\\/schema\\\/logo\\\/image\\\/\",\"url\":\"https:\\\/\\\/www.upjs.sk\\\/app\\\/uploads\\\/sites\\\/9\\\/2022\\\/09\\\/logo-lekarska-fakulta.png\",\"contentUrl\":\"https:\\\/\\\/www.upjs.sk\\\/app\\\/uploads\\\/sites\\\/9\\\/2022\\\/09\\\/logo-lekarska-fakulta.png\",\"width\":415,\"height\":87,\"caption\":\"Lek\u00e1rska fakulta | UPJ\u0160\"},\"image\":{\"@id\":\"https:\\\/\\\/www.upjs.sk\\\/lekarska-fakulta\\\/#\\\/schema\\\/logo\\\/image\\\/\"}}]}<\/script>\n<!-- \/ Yoast SEO plugin. -->","yoast_head_json":{"title":"Stanovisko Akademick\u00e9ho sen\u00e1tu Univerzity Pavla Jozefa \u0160af\u00e1rika v Ko\u0161iciach, Lek\u00e1rskej fakulty k n\u00e1vrhu rozpo\u010dtu verejnej spr\u00e1vy - Lek\u00e1rska fakulta | UPJ\u0160","robots":{"index":"index","follow":"follow","max-snippet":"max-snippet:-1","max-image-preview":"max-image-preview:large","max-video-preview":"max-video-preview:-1"},"canonical":"https:\/\/www.upjs.sk\/lekarska-fakulta\/actual-news\/25835\/","og_locale":"sk_SK","og_type":"article","og_title":"Stanovisko Akademick\u00e9ho sen\u00e1tu Univerzity Pavla Jozefa \u0160af\u00e1rika v Ko\u0161iciach, Lek\u00e1rskej fakulty k n\u00e1vrhu rozpo\u010dtu verejnej spr\u00e1vy - Lek\u00e1rska fakulta | UPJ\u0160","og_description":"Akademick\u00fd sen\u00e1t UPJ\u0160 LF pova\u017euje kontinu\u00e1lne zni\u017eovanie v\u00fddavkov na verejn\u00e9 vysok\u00e9 \u0161kolstvo v r\u00e1mci rozpo\u010dtu verejnej spr\u00e1vy na roky 2022 a\u017e 2024 ako negat\u00edvny faktor...","og_url":"https:\/\/www.upjs.sk\/lekarska-fakulta\/actual-news\/25835\/","og_site_name":"Lek\u00e1rska fakulta | UPJ\u0160","article_modified_time":"2022-11-13T19:48:55+00:00","og_image":[{"width":250,"height":138,"url":"https:\/\/www.upjs.sk\/app\/uploads\/sites\/9\/2022\/09\/download-lfm-1.jpg","type":"image\/jpeg"}],"twitter_card":"summary_large_image","twitter_misc":{"Predpokladan\u00fd \u010das \u010d\u00edtania":"1 min\u00fata"},"schema":{"@context":"https:\/\/schema.org","@graph":[{"@type":"WebPage","@id":"https:\/\/www.upjs.sk\/lekarska-fakulta\/actual-news\/25835\/","url":"https:\/\/www.upjs.sk\/lekarska-fakulta\/actual-news\/25835\/","name":"Stanovisko Akademick\u00e9ho sen\u00e1tu Univerzity Pavla Jozefa \u0160af\u00e1rika v Ko\u0161iciach, Lek\u00e1rskej fakulty k n\u00e1vrhu rozpo\u010dtu verejnej spr\u00e1vy - Lek\u00e1rska fakulta | UPJ\u0160","isPartOf":{"@id":"https:\/\/www.upjs.sk\/lekarska-fakulta\/#website"},"primaryImageOfPage":{"@id":"https:\/\/www.upjs.sk\/lekarska-fakulta\/actual-news\/25835\/#primaryimage"},"image":{"@id":"https:\/\/www.upjs.sk\/lekarska-fakulta\/actual-news\/25835\/#primaryimage"},"thumbnailUrl":"https:\/\/www.upjs.sk\/app\/uploads\/sites\/9\/2022\/09\/download-lfm-1.jpg","datePublished":"2021-10-21T12:02:31+00:00","dateModified":"2022-11-13T19:48:55+00:00","breadcrumb":{"@id":"https:\/\/www.upjs.sk\/lekarska-fakulta\/actual-news\/25835\/#breadcrumb"},"inLanguage":"sk-SK","potentialAction":[{"@type":"ReadAction","target":["https:\/\/www.upjs.sk\/lekarska-fakulta\/actual-news\/25835\/"]}]},{"@type":"ImageObject","inLanguage":"sk-SK","@id":"https:\/\/www.upjs.sk\/lekarska-fakulta\/actual-news\/25835\/#primaryimage","url":"https:\/\/www.upjs.sk\/app\/uploads\/sites\/9\/2022\/09\/download-lfm-1.jpg","contentUrl":"https:\/\/www.upjs.sk\/app\/uploads\/sites\/9\/2022\/09\/download-lfm-1.jpg","width":250,"height":138,"caption":"25835"},{"@type":"BreadcrumbList","@id":"https:\/\/www.upjs.sk\/lekarska-fakulta\/actual-news\/25835\/#breadcrumb","itemListElement":[{"@type":"ListItem","position":1,"name":"Home","item":"https:\/\/www.upjs.sk\/lekarska-fakulta\/"},{"@type":"ListItem","position":2,"name":"Aktu\u00e1lne spr\u00e1vy Lek\u00e1rskej fakulty","item":"https:\/\/www.upjs.sk\/lekarska-fakulta\/actual-news\/"},{"@type":"ListItem","position":3,"name":"Stanovisko Akademick\u00e9ho sen\u00e1tu Univerzity Pavla Jozefa \u0160af\u00e1rika v Ko\u0161iciach, Lek\u00e1rskej fakulty k n\u00e1vrhu rozpo\u010dtu verejnej spr\u00e1vy"}]},{"@type":"WebSite","@id":"https:\/\/www.upjs.sk\/lekarska-fakulta\/#website","url":"https:\/\/www.upjs.sk\/lekarska-fakulta\/","name":"Lek\u00e1rska fakulta | UPJ\u0160","description":"","publisher":{"@id":"https:\/\/www.upjs.sk\/lekarska-fakulta\/#organization"},"potentialAction":[{"@type":"SearchAction","target":{"@type":"EntryPoint","urlTemplate":"https:\/\/www.upjs.sk\/lekarska-fakulta\/?s={search_term_string}"},"query-input":{"@type":"PropertyValueSpecification","valueRequired":true,"valueName":"search_term_string"}}],"inLanguage":"sk-SK"},{"@type":"Organization","@id":"https:\/\/www.upjs.sk\/lekarska-fakulta\/#organization","name":"Lek\u00e1rska fakulta | UPJ\u0160","url":"https:\/\/www.upjs.sk\/lekarska-fakulta\/","logo":{"@type":"ImageObject","inLanguage":"sk-SK","@id":"https:\/\/www.upjs.sk\/lekarska-fakulta\/#\/schema\/logo\/image\/","url":"https:\/\/www.upjs.sk\/app\/uploads\/sites\/9\/2022\/09\/logo-lekarska-fakulta.png","contentUrl":"https:\/\/www.upjs.sk\/app\/uploads\/sites\/9\/2022\/09\/logo-lekarska-fakulta.png","width":415,"height":87,"caption":"Lek\u00e1rska fakulta | UPJ\u0160"},"image":{"@id":"https:\/\/www.upjs.sk\/lekarska-fakulta\/#\/schema\/logo\/image\/"}}]}},"_links":{"self":[{"href":"https:\/\/www.upjs.sk\/lekarska-fakulta\/wp-json\/wp\/v2\/cpt_aktualne_spravy\/17574","targetHints":{"allow":["GET"]}}],"collection":[{"href":"https:\/\/www.upjs.sk\/lekarska-fakulta\/wp-json\/wp\/v2\/cpt_aktualne_spravy"}],"about":[{"href":"https:\/\/www.upjs.sk\/lekarska-fakulta\/wp-json\/wp\/v2\/types\/cpt_aktualne_spravy"}],"author":[{"embeddable":true,"href":"https:\/\/www.upjs.sk\/lekarska-fakulta\/wp-json\/wp\/v2\/users\/1"}],"wp:featuredmedia":[{"embeddable":true,"href":"https:\/\/www.upjs.sk\/lekarska-fakulta\/wp-json\/wp\/v2\/media\/17575"}],"wp:attachment":[{"href":"https:\/\/www.upjs.sk\/lekarska-fakulta\/wp-json\/wp\/v2\/media?parent=17574"}],"wp:term":[{"taxonomy":"category","embeddable":true,"href":"https:\/\/www.upjs.sk\/lekarska-fakulta\/wp-json\/wp\/v2\/categories?post=17574"},{"taxonomy":"post_tag","embeddable":true,"href":"https:\/\/www.upjs.sk\/lekarska-fakulta\/wp-json\/wp\/v2\/tags?post=17574"},{"taxonomy":"tax_aktuality","embeddable":true,"href":"https:\/\/www.upjs.sk\/lekarska-fakulta\/wp-json\/wp\/v2\/tax_aktuality?post=17574"}],"curies":[{"name":"wp","href":"https:\/\/api.w.org\/{rel}","templated":true}]}}