{"id":17610,"date":"2021-09-06T14:05:26","date_gmt":"2021-09-06T14:05:26","guid":{"rendered":"https:\/\/www.upjs.sk\/lekarska-fakulta\/actual-news\/25521\/"},"modified":"2022-11-13T20:49:00","modified_gmt":"2022-11-13T19:49:00","slug":"25521","status":"publish","type":"cpt_aktualne_spravy","link":"https:\/\/www.upjs.sk\/lekarska-fakulta\/actual-news\/25521\/","title":{"rendered":"POZV\u00c1NKA na br\u00edfing"},"content":{"rendered":"<p style=\"text-align:justify\"><span style=\"font-size:12pt\"><span style=\"line-height:115%\"><span style=\"font-family:\"Times New Roman\",serif\"><em><span style=\"font-size:15.0pt\"><span style=\"line-height:115%\"><span style=\"font-family:\"Calibri\",sans-serif\"><span style=\"color:black\">Srde\u010dne poz\u00fdvame z\u00e1stupcov m\u00e9di\u00ed na br\u00edfing, ktor\u00e9ho t\u00e9mou je sl\u00e1vnostn\u00e9 otvorenie Centra simul\u00e1torovej a\u00a0virtu\u00e1lnej medic\u00edny Lek\u00e1rskej fakulty UPJ\u0160, <\/span><span style=\"color:#000000\">ktor\u00e9 bude najv\u00e4\u010d\u0161\u00edm a\u00a0najmodernej\u0161\u00edm svojho druhu na Slovensku a\u00a0v\u00fdrazne skvalitn\u00ed v\u00fdu\u010dbu medic\u00edny a\u00a0zdravotn\u00edckych odborov na UPJ\u0160 LF.<\/span><\/span><\/span><\/span><\/em><\/span><\/span><\/span><\/p>\n<p>\n<span style=\"font-size:12pt\"><span style=\"line-height:115%\"><span style=\"font-family:\"Times New Roman\",serif\"><strong><em><span style=\"font-size:15.0pt\"><span style=\"line-height:115%\"><span style=\"font-family:\"Calibri\",sans-serif\"><span style=\"color:#c00000\">Term\u00edn a\u00a0miesto konania br\u00edfingu: <\/span><\/span><\/span><\/span><\/em><\/strong><\/span><\/span><\/span><\/p>\n<p><span style=\"font-size:12pt\"><span style=\"line-height:115%\"><span style=\"font-family:\"Times New Roman\",serif\"><strong><em><u><span style=\"font-size:15.0pt\"><span style=\"line-height:115%\"><span style=\"font-family:\"Calibri\",sans-serif\"><span style=\"color:black\">\u0160tvrtok 9. septembra 2021 o\u00a09.45 hod.,<\/span><\/span><\/span><\/span><\/u><\/em><\/strong> <em><span style=\"font-size:15.0pt\"><span style=\"line-height:115%\"><span style=\"font-family:\"Calibri\",sans-serif\"><span style=\"color:black\">semin\u00e1rna miestnos\u0165 UPJ\u0160 LF v\u00a0Ko\u0161iciach na Triede SNP<\/span><span style=\"color:#000000\"> 1<\/span><\/span><\/span><\/span><\/em><span style=\"color:#000000\"> <em><span style=\"font-family:\"Calibri\",sans-serif\">(2. poschodie, pri posluch\u00e1r\u0148ach nad Aulou LF).<\/span><\/em><\/span><\/span><\/span><\/span><\/p>\n<p>\n<span style=\"font-size:12pt\"><span style=\"line-height:115%\"><span style=\"font-family:\"Times New Roman\",serif\"><strong><em><span style=\"font-size:15.0pt\"><span style=\"line-height:115%\"><span style=\"font-family:\"Calibri\",sans-serif\"><span style=\"color:#c00000\">Na stretnutie s\u00a0Vami sa te\u0161ia:<\/span><\/span><\/span><\/span><\/em><\/strong><\/span><\/span><\/span><\/p>\n<p><span style=\"font-size:12pt\"><span style=\"line-height:115%\"><strong><em><span style=\"font-size:15.0pt\"><span style=\"font-family:\"Calibri\",sans-serif\"><span style=\"color:black\">\u25cf<\/span><\/span><\/span><\/em><\/strong><strong><em><span style=\"font-size:15.0pt\"><span style=\"font-family:\"Calibri\",sans-serif\"><span style=\"color:black\">\u00a0 prof. RNDr. Pavol Sov\u00e1k, CSc.<\/span><\/span><\/span><\/em><\/strong> &#8211; <em><span style=\"font-size:15.0pt\"><span style=\"font-family:\"Calibri\",sans-serif\"><span style=\"color:black\">rektor UPJ\u0160 v\u00a0Ko\u0161iciach<\/span><\/span><\/span><\/em><br \/>\n<span style=\"font-family:\"Times New Roman\",serif\"><strong><em><span style=\"font-size:15.0pt\"><span style=\"line-height:115%\"><span style=\"font-family:\"Calibri\",sans-serif\"><span style=\"color:black\">\u25cf<\/span><\/span><\/span><\/span><\/em><\/strong><strong><em><span style=\"font-size:15.0pt\"><span style=\"line-height:115%\"><span style=\"font-family:\"Calibri\",sans-serif\"><span style=\"color:black\">\u00a0 doc. Ing. Jaroslav Majern\u00edk, PhD. <\/span><\/span><\/span><\/span><\/em><\/strong>&#8211; <em><span style=\"font-size:15.0pt\"><span style=\"line-height:115%\"><span style=\"font-family:\"Calibri\",sans-serif\"><span style=\"color:black\">predseda Akademick\u00e9ho sen\u00e1tu UPJ\u0160 LF<\/span><\/span><\/span><\/span><\/em><\/span><\/span><\/span><br \/>\n<span style=\"font-size:12pt\"><span style=\"line-height:115%\"><span style=\"font-family:\"Times New Roman\",serif\"><strong><em><span style=\"font-size:15.0pt\"><span style=\"line-height:115%\"><span style=\"font-family:\"Calibri\",sans-serif\"><span style=\"color:black\">\u25cf<\/span><\/span><\/span><\/span><\/em><\/strong><strong><em><span style=\"font-size:15.0pt\"><span style=\"line-height:115%\"><span style=\"font-family:\"Calibri\",sans-serif\"><span style=\"color:black\">\u00a0 prof. MUDr. Daniel Pella, PhD.<\/span><\/span><\/span><\/span><\/em><\/strong> &#8211; <em><span style=\"font-size:15.0pt\"><span style=\"line-height:115%\"><span style=\"font-family:\"Calibri\",sans-serif\"><span style=\"color:black\">dekan Lek\u00e1rskej fakulty UPJ\u0160<\/span><\/span><\/span><\/span><\/em><\/span><\/span><\/span><br \/>\n<span style=\"font-size:12pt\"><span style=\"line-height:115%\"><span style=\"font-family:\"Times New Roman\",serif\"><strong><em><span style=\"font-size:15.0pt\"><span style=\"line-height:115%\"><span style=\"font-family:\"Calibri\",sans-serif\"><span style=\"color:black\">\u25cf<\/span><\/span><\/span><\/span><\/em><\/strong><strong><em><span style=\"font-size:15.0pt\"><span style=\"line-height:115%\"><span style=\"font-family:\"Calibri\",sans-serif\"><span style=\"color:black\">\u00a0 prof. MUDr. Peter Jar\u010du\u0161ka, PhD. <\/span><\/span><\/span><\/span><\/em><\/strong>&#8211; <em><span style=\"font-size:15.0pt\"><span style=\"line-height:115%\"><span style=\"font-family:\"Calibri\",sans-serif\"><span style=\"color:black\">prodekan UPJ\u0160 LF pre ved.-v\u00fdsk. \u010dinnos\u0165 a poveren\u00fd zastupovan\u00edm dekana<\/span><\/span><\/span><\/span><\/em><br \/>\n<strong><em><span style=\"font-size:15.0pt\"><span style=\"line-height:115%\"><span style=\"font-family:\"Calibri\",sans-serif\"><span style=\"color:black\">\u25cf prof. MVDr. Monika Hal\u00e1nov\u00e1, PhD. <\/span><\/span><\/span><\/span><\/em><\/strong>&#8211; <em><span style=\"font-size:15.0pt\"><span style=\"line-height:115%\"><span style=\"font-family:\"Calibri\",sans-serif\"><span style=\"color:black\">prodekanka UPJ\u0160 LF pre granty, rozvoj a medzin\u00e1rodn\u00e9 vz\u0165ahy<\/span><\/span><\/span><\/span><\/em><br \/>\n<strong><em><span style=\"font-size:15.0pt\"><span style=\"line-height:115%\"><span style=\"font-family:\"Calibri\",sans-serif\"><span style=\"color:black\">\u25cf<\/span><\/span><\/span><\/span><\/em><\/strong><strong><em><span style=\"font-size:15.0pt\"><span style=\"line-height:115%\"><span style=\"font-family:\"Calibri\",sans-serif\"><span style=\"color:black\">\u00a0 MDDr. Jakub J\u00e1no\u0161\u00edk, MPH, MSc. <\/span><\/span><\/span><\/span><\/em><\/strong>&#8211; <em><span style=\"font-size:15.0pt\"><span style=\"line-height:115%\"><span style=\"font-family:\"Calibri\",sans-serif\"><span style=\"color:black\">ved\u00faci Centra simul\u00e1torovej a\u00a0virtu\u00e1lnej medic\u00edny UPJ\u0160 LF<\/span><\/span><\/span><\/span><\/em><\/span><\/span><\/span><\/p>\n<p><span style=\"color:#c0392b\"><span style=\"font-size:12pt\"><span style=\"font-family:\"Times New Roman\",serif\"><strong><em><span style=\"font-family:\"Calibri\",sans-serif\">Z\u00e1rove\u0148 V\u00e1s radi priv\u00edtame aj na sl\u00e1vnostnom otvoren\u00ed centra v ten ist\u00fd de\u0148 o\u00a010.30 v\u00a0budove UPJ\u0160 LF, III. sekcia, 3. p.<\/span><\/em><\/strong><br \/>\n<em><span style=\"font-family:\"Calibri\",sans-serif\">Te\u0161\u00edme sa na stretnutie s Vami!<\/span><\/em><\/span><\/span><\/span><\/p>\n","protected":false},"excerpt":{"rendered":"<p>Srde\u010dne poz\u00fdvame m\u00e9di\u00e1 na br\u00edfing, ktor\u00e9ho t\u00e9mou je sl\u00e1vnostn\u00e9 otvorenie Centra simul\u00e1torovej a virtu\u00e1lnej medic\u00edny UPJ\u0160 LF, ktor\u00e9 bude najv\u00e4\u010d\u0161\u00edm a najmodernej\u0161\u00edm svojho druhu na Slovensku a v\u00fdrazne skvalitn\u00ed v\u00fdu\u010dbu medic\u00edny a zdravotn\u00edckych odborov na na\u0161ej fakulte&#8230;<\/p>\n","protected":false},"author":1,"featured_media":17611,"menu_order":0,"template":"","meta":{"_acf_changed":false,"_editorskit_title_hidden":false,"_editorskit_reading_time":0,"_editorskit_is_block_options_detached":false,"_editorskit_block_options_position":"{}"},"categories":[],"tags":[],"tax_aktuality":[21],"class_list":["post-17610","cpt_aktualne_spravy","type-cpt_aktualne_spravy","status-publish","has-post-thumbnail","hentry","tax_aktuality-21"],"acf":{"acf_link_na_externy_obsah":""},"yoast_head":"<!-- This site is optimized with the Yoast SEO plugin v27.4 - https:\/\/yoast.com\/product\/yoast-seo-wordpress\/ -->\n<title>POZV\u00c1NKA na br\u00edfing - Lek\u00e1rska fakulta | UPJ\u0160<\/title>\n<meta name=\"robots\" content=\"index, follow, max-snippet:-1, max-image-preview:large, max-video-preview:-1\" \/>\n<link rel=\"canonical\" href=\"https:\/\/www.upjs.sk\/lekarska-fakulta\/actual-news\/25521\/\" \/>\n<meta property=\"og:locale\" content=\"sk_SK\" \/>\n<meta property=\"og:type\" content=\"article\" \/>\n<meta property=\"og:title\" content=\"POZV\u00c1NKA na br\u00edfing - Lek\u00e1rska fakulta | UPJ\u0160\" \/>\n<meta property=\"og:description\" content=\"Srde\u010dne poz\u00fdvame m\u00e9di\u00e1 na br\u00edfing, ktor\u00e9ho t\u00e9mou je sl\u00e1vnostn\u00e9 otvorenie Centra simul\u00e1torovej a virtu\u00e1lnej medic\u00edny UPJ\u0160 LF, ktor\u00e9 bude najv\u00e4\u010d\u0161\u00edm a najmodernej\u0161\u00edm svojho druhu na Slovensku a v\u00fdrazne skvalitn\u00ed v\u00fdu\u010dbu medic\u00edny a zdravotn\u00edckych odborov na na\u0161ej fakulte...\" \/>\n<meta property=\"og:url\" content=\"https:\/\/www.upjs.sk\/lekarska-fakulta\/actual-news\/25521\/\" \/>\n<meta property=\"og:site_name\" content=\"Lek\u00e1rska fakulta | UPJ\u0160\" \/>\n<meta property=\"article:modified_time\" content=\"2022-11-13T19:49:00+00:00\" \/>\n<meta property=\"og:image\" content=\"https:\/\/www.upjs.sk\/app\/uploads\/sites\/9\/2022\/09\/web-pozv.jpg\" \/>\n\t<meta property=\"og:image:width\" content=\"519\" \/>\n\t<meta property=\"og:image:height\" content=\"269\" \/>\n\t<meta property=\"og:image:type\" content=\"image\/jpeg\" \/>\n<meta name=\"twitter:card\" content=\"summary_large_image\" \/>\n<meta name=\"twitter:label1\" content=\"Predpokladan\u00fd \u010das \u010d\u00edtania\" \/>\n\t<meta name=\"twitter:data1\" content=\"1 min\u00fata\" \/>\n<script type=\"application\/ld+json\" class=\"yoast-schema-graph\">{\"@context\":\"https:\\\/\\\/schema.org\",\"@graph\":[{\"@type\":\"WebPage\",\"@id\":\"https:\\\/\\\/www.upjs.sk\\\/lekarska-fakulta\\\/actual-news\\\/25521\\\/\",\"url\":\"https:\\\/\\\/www.upjs.sk\\\/lekarska-fakulta\\\/actual-news\\\/25521\\\/\",\"name\":\"POZV\u00c1NKA na br\u00edfing - Lek\u00e1rska fakulta | UPJ\u0160\",\"isPartOf\":{\"@id\":\"https:\\\/\\\/www.upjs.sk\\\/lekarska-fakulta\\\/#website\"},\"primaryImageOfPage\":{\"@id\":\"https:\\\/\\\/www.upjs.sk\\\/lekarska-fakulta\\\/actual-news\\\/25521\\\/#primaryimage\"},\"image\":{\"@id\":\"https:\\\/\\\/www.upjs.sk\\\/lekarska-fakulta\\\/actual-news\\\/25521\\\/#primaryimage\"},\"thumbnailUrl\":\"https:\\\/\\\/www.upjs.sk\\\/app\\\/uploads\\\/sites\\\/9\\\/2022\\\/09\\\/web-pozv.jpg\",\"datePublished\":\"2021-09-06T14:05:26+00:00\",\"dateModified\":\"2022-11-13T19:49:00+00:00\",\"breadcrumb\":{\"@id\":\"https:\\\/\\\/www.upjs.sk\\\/lekarska-fakulta\\\/actual-news\\\/25521\\\/#breadcrumb\"},\"inLanguage\":\"sk-SK\",\"potentialAction\":[{\"@type\":\"ReadAction\",\"target\":[\"https:\\\/\\\/www.upjs.sk\\\/lekarska-fakulta\\\/actual-news\\\/25521\\\/\"]}]},{\"@type\":\"ImageObject\",\"inLanguage\":\"sk-SK\",\"@id\":\"https:\\\/\\\/www.upjs.sk\\\/lekarska-fakulta\\\/actual-news\\\/25521\\\/#primaryimage\",\"url\":\"https:\\\/\\\/www.upjs.sk\\\/app\\\/uploads\\\/sites\\\/9\\\/2022\\\/09\\\/web-pozv.jpg\",\"contentUrl\":\"https:\\\/\\\/www.upjs.sk\\\/app\\\/uploads\\\/sites\\\/9\\\/2022\\\/09\\\/web-pozv.jpg\",\"width\":519,\"height\":269,\"caption\":\"25521\"},{\"@type\":\"BreadcrumbList\",\"@id\":\"https:\\\/\\\/www.upjs.sk\\\/lekarska-fakulta\\\/actual-news\\\/25521\\\/#breadcrumb\",\"itemListElement\":[{\"@type\":\"ListItem\",\"position\":1,\"name\":\"Home\",\"item\":\"https:\\\/\\\/www.upjs.sk\\\/lekarska-fakulta\\\/\"},{\"@type\":\"ListItem\",\"position\":2,\"name\":\"Aktu\u00e1lne spr\u00e1vy Lek\u00e1rskej fakulty\",\"item\":\"https:\\\/\\\/www.upjs.sk\\\/lekarska-fakulta\\\/actual-news\\\/\"},{\"@type\":\"ListItem\",\"position\":3,\"name\":\"POZV\u00c1NKA na br\u00edfing\"}]},{\"@type\":\"WebSite\",\"@id\":\"https:\\\/\\\/www.upjs.sk\\\/lekarska-fakulta\\\/#website\",\"url\":\"https:\\\/\\\/www.upjs.sk\\\/lekarska-fakulta\\\/\",\"name\":\"Lek\u00e1rska fakulta | UPJ\u0160\",\"description\":\"\",\"publisher\":{\"@id\":\"https:\\\/\\\/www.upjs.sk\\\/lekarska-fakulta\\\/#organization\"},\"potentialAction\":[{\"@type\":\"SearchAction\",\"target\":{\"@type\":\"EntryPoint\",\"urlTemplate\":\"https:\\\/\\\/www.upjs.sk\\\/lekarska-fakulta\\\/?s={search_term_string}\"},\"query-input\":{\"@type\":\"PropertyValueSpecification\",\"valueRequired\":true,\"valueName\":\"search_term_string\"}}],\"inLanguage\":\"sk-SK\"},{\"@type\":\"Organization\",\"@id\":\"https:\\\/\\\/www.upjs.sk\\\/lekarska-fakulta\\\/#organization\",\"name\":\"Lek\u00e1rska fakulta | UPJ\u0160\",\"url\":\"https:\\\/\\\/www.upjs.sk\\\/lekarska-fakulta\\\/\",\"logo\":{\"@type\":\"ImageObject\",\"inLanguage\":\"sk-SK\",\"@id\":\"https:\\\/\\\/www.upjs.sk\\\/lekarska-fakulta\\\/#\\\/schema\\\/logo\\\/image\\\/\",\"url\":\"https:\\\/\\\/www.upjs.sk\\\/app\\\/uploads\\\/sites\\\/9\\\/2022\\\/09\\\/logo-lekarska-fakulta.png\",\"contentUrl\":\"https:\\\/\\\/www.upjs.sk\\\/app\\\/uploads\\\/sites\\\/9\\\/2022\\\/09\\\/logo-lekarska-fakulta.png\",\"width\":415,\"height\":87,\"caption\":\"Lek\u00e1rska fakulta | UPJ\u0160\"},\"image\":{\"@id\":\"https:\\\/\\\/www.upjs.sk\\\/lekarska-fakulta\\\/#\\\/schema\\\/logo\\\/image\\\/\"}}]}<\/script>\n<!-- \/ Yoast SEO plugin. -->","yoast_head_json":{"title":"POZV\u00c1NKA na br\u00edfing - Lek\u00e1rska fakulta | UPJ\u0160","robots":{"index":"index","follow":"follow","max-snippet":"max-snippet:-1","max-image-preview":"max-image-preview:large","max-video-preview":"max-video-preview:-1"},"canonical":"https:\/\/www.upjs.sk\/lekarska-fakulta\/actual-news\/25521\/","og_locale":"sk_SK","og_type":"article","og_title":"POZV\u00c1NKA na br\u00edfing - Lek\u00e1rska fakulta | UPJ\u0160","og_description":"Srde\u010dne poz\u00fdvame m\u00e9di\u00e1 na br\u00edfing, ktor\u00e9ho t\u00e9mou je sl\u00e1vnostn\u00e9 otvorenie Centra simul\u00e1torovej a virtu\u00e1lnej medic\u00edny UPJ\u0160 LF, ktor\u00e9 bude najv\u00e4\u010d\u0161\u00edm a najmodernej\u0161\u00edm svojho druhu na Slovensku a v\u00fdrazne skvalitn\u00ed v\u00fdu\u010dbu medic\u00edny a zdravotn\u00edckych odborov na na\u0161ej fakulte...","og_url":"https:\/\/www.upjs.sk\/lekarska-fakulta\/actual-news\/25521\/","og_site_name":"Lek\u00e1rska fakulta | UPJ\u0160","article_modified_time":"2022-11-13T19:49:00+00:00","og_image":[{"width":519,"height":269,"url":"https:\/\/www.upjs.sk\/app\/uploads\/sites\/9\/2022\/09\/web-pozv.jpg","type":"image\/jpeg"}],"twitter_card":"summary_large_image","twitter_misc":{"Predpokladan\u00fd \u010das \u010d\u00edtania":"1 min\u00fata"},"schema":{"@context":"https:\/\/schema.org","@graph":[{"@type":"WebPage","@id":"https:\/\/www.upjs.sk\/lekarska-fakulta\/actual-news\/25521\/","url":"https:\/\/www.upjs.sk\/lekarska-fakulta\/actual-news\/25521\/","name":"POZV\u00c1NKA na br\u00edfing - Lek\u00e1rska fakulta | UPJ\u0160","isPartOf":{"@id":"https:\/\/www.upjs.sk\/lekarska-fakulta\/#website"},"primaryImageOfPage":{"@id":"https:\/\/www.upjs.sk\/lekarska-fakulta\/actual-news\/25521\/#primaryimage"},"image":{"@id":"https:\/\/www.upjs.sk\/lekarska-fakulta\/actual-news\/25521\/#primaryimage"},"thumbnailUrl":"https:\/\/www.upjs.sk\/app\/uploads\/sites\/9\/2022\/09\/web-pozv.jpg","datePublished":"2021-09-06T14:05:26+00:00","dateModified":"2022-11-13T19:49:00+00:00","breadcrumb":{"@id":"https:\/\/www.upjs.sk\/lekarska-fakulta\/actual-news\/25521\/#breadcrumb"},"inLanguage":"sk-SK","potentialAction":[{"@type":"ReadAction","target":["https:\/\/www.upjs.sk\/lekarska-fakulta\/actual-news\/25521\/"]}]},{"@type":"ImageObject","inLanguage":"sk-SK","@id":"https:\/\/www.upjs.sk\/lekarska-fakulta\/actual-news\/25521\/#primaryimage","url":"https:\/\/www.upjs.sk\/app\/uploads\/sites\/9\/2022\/09\/web-pozv.jpg","contentUrl":"https:\/\/www.upjs.sk\/app\/uploads\/sites\/9\/2022\/09\/web-pozv.jpg","width":519,"height":269,"caption":"25521"},{"@type":"BreadcrumbList","@id":"https:\/\/www.upjs.sk\/lekarska-fakulta\/actual-news\/25521\/#breadcrumb","itemListElement":[{"@type":"ListItem","position":1,"name":"Home","item":"https:\/\/www.upjs.sk\/lekarska-fakulta\/"},{"@type":"ListItem","position":2,"name":"Aktu\u00e1lne spr\u00e1vy Lek\u00e1rskej fakulty","item":"https:\/\/www.upjs.sk\/lekarska-fakulta\/actual-news\/"},{"@type":"ListItem","position":3,"name":"POZV\u00c1NKA na br\u00edfing"}]},{"@type":"WebSite","@id":"https:\/\/www.upjs.sk\/lekarska-fakulta\/#website","url":"https:\/\/www.upjs.sk\/lekarska-fakulta\/","name":"Lek\u00e1rska fakulta | UPJ\u0160","description":"","publisher":{"@id":"https:\/\/www.upjs.sk\/lekarska-fakulta\/#organization"},"potentialAction":[{"@type":"SearchAction","target":{"@type":"EntryPoint","urlTemplate":"https:\/\/www.upjs.sk\/lekarska-fakulta\/?s={search_term_string}"},"query-input":{"@type":"PropertyValueSpecification","valueRequired":true,"valueName":"search_term_string"}}],"inLanguage":"sk-SK"},{"@type":"Organization","@id":"https:\/\/www.upjs.sk\/lekarska-fakulta\/#organization","name":"Lek\u00e1rska fakulta | UPJ\u0160","url":"https:\/\/www.upjs.sk\/lekarska-fakulta\/","logo":{"@type":"ImageObject","inLanguage":"sk-SK","@id":"https:\/\/www.upjs.sk\/lekarska-fakulta\/#\/schema\/logo\/image\/","url":"https:\/\/www.upjs.sk\/app\/uploads\/sites\/9\/2022\/09\/logo-lekarska-fakulta.png","contentUrl":"https:\/\/www.upjs.sk\/app\/uploads\/sites\/9\/2022\/09\/logo-lekarska-fakulta.png","width":415,"height":87,"caption":"Lek\u00e1rska fakulta | UPJ\u0160"},"image":{"@id":"https:\/\/www.upjs.sk\/lekarska-fakulta\/#\/schema\/logo\/image\/"}}]}},"_links":{"self":[{"href":"https:\/\/www.upjs.sk\/lekarska-fakulta\/wp-json\/wp\/v2\/cpt_aktualne_spravy\/17610","targetHints":{"allow":["GET"]}}],"collection":[{"href":"https:\/\/www.upjs.sk\/lekarska-fakulta\/wp-json\/wp\/v2\/cpt_aktualne_spravy"}],"about":[{"href":"https:\/\/www.upjs.sk\/lekarska-fakulta\/wp-json\/wp\/v2\/types\/cpt_aktualne_spravy"}],"author":[{"embeddable":true,"href":"https:\/\/www.upjs.sk\/lekarska-fakulta\/wp-json\/wp\/v2\/users\/1"}],"wp:featuredmedia":[{"embeddable":true,"href":"https:\/\/www.upjs.sk\/lekarska-fakulta\/wp-json\/wp\/v2\/media\/17611"}],"wp:attachment":[{"href":"https:\/\/www.upjs.sk\/lekarska-fakulta\/wp-json\/wp\/v2\/media?parent=17610"}],"wp:term":[{"taxonomy":"category","embeddable":true,"href":"https:\/\/www.upjs.sk\/lekarska-fakulta\/wp-json\/wp\/v2\/categories?post=17610"},{"taxonomy":"post_tag","embeddable":true,"href":"https:\/\/www.upjs.sk\/lekarska-fakulta\/wp-json\/wp\/v2\/tags?post=17610"},{"taxonomy":"tax_aktuality","embeddable":true,"href":"https:\/\/www.upjs.sk\/lekarska-fakulta\/wp-json\/wp\/v2\/tax_aktuality?post=17610"}],"curies":[{"name":"wp","href":"https:\/\/api.w.org\/{rel}","templated":true}]}}