{"id":31222,"date":"2013-07-01T13:41:24","date_gmt":"2013-07-01T13:41:24","guid":{"rendered":"https:\/\/www.upjs.sk\/lekarska-fakulta\/klinika\/root\/ii-deti-a-dorast\/vyskum\/"},"modified":"2022-11-13T22:07:00","modified_gmt":"2022-11-13T21:07:00","slug":"vyskum","status":"publish","type":"cpt_klinika","link":"https:\/\/www.upjs.sk\/lekarska-fakulta\/klinika\/ii-deti-a-dorast\/vyskum\/","title":{"rendered":"V\u00fdskum na klinike"},"content":{"rendered":"<p style=\"text-align: justify; text-indent: 2em\">\n\tVo vedecko-v\u00fdskumnej oblasti sa pracovisko zaober\u00e1 vplyvom probiot\u00edk a prebiot\u00edk na detsk\u00fd organizmus, problematikou por\u00fach v\u00fd\u017eivy, atrib\u00fatmi metabolick\u00e9ho syndr\u00f3mu a diferenci\u00e1lnou diagnostikou por\u00fach d\u00fdchania po\u010das sp\u00e1nku u det\u00ed. Predn\u00e1\u0161kov\u00e1 a publika\u010dn\u00e1 \u010dinnos\u0165 je zameran\u00e1 na oblas\u0165 detskej gastroenterol\u00f3gie, probiot\u00edk, SIDS, sp\u00e1nkovej medic\u00edny, pneumol\u00f3gie, soci\u00e1lnej pediatrie.<\/p>\n<p style=\"text-align: justify; text-indent: 2em\">\n\tKa\u017edoro\u010dne organizujeme (predsedn\u00edctvo organiza\u010dn\u00e9ho v\u00fdboru, garant, \u010di \u010dlen v\u00fdboru konferencie) nieko\u013eko celo\u0161t\u00e1tnych konferenci\u00ed aj s medzin\u00e1rodnou \u00fa\u010das\u0165ou, vr\u00e1tane tie\u017e medzin\u00e1rodn\u00fdch podujat\u00ed:<\/p>\n<ul>\n<li>\n\t\tEur\u00f3pska ultrazvukov\u00e1 \u0161kola Euroson (od r. 2006)<\/li>\n<li>\n\t\tSlovensk\u00fd festival kazuist\u00edk z pediatrie (od r. 2008)<\/li>\n<li>\n\t\tKonferenci\u00ed mlad\u00fdch pediatrov (od r. 1984)<\/li>\n<li>\n\t\tKo\u0161ick\u00e1 ultrasonografick\u00e1 \u0161kola (od r. 2004)<\/li>\n<li>\n\t\tInternational Probiotic Conference 2004 a 2008<\/li>\n<li>\n\t\tPracovn\u00e9 konferencie II. kliniky det\u00ed a dorastu a D\u00e9mantov de\u0148 (od r. 2007)<\/li>\n<li>\n\t\tMikul\u00e1\u0161ske semin\u00e1re pediatrie (od r. 2004)<\/li>\n<li>\n\t\tOdborn\u00e9 semin\u00e1re Detskej fakultnej nemocnice Ko\u0161ice (od r. 2009)<\/li>\n<li>\n\t\tModern\u00e1 \u0161kola pediatrie (od r. 2010)<\/li>\n<li>\n\t\tCeloslovensk\u00e1 konferencia detskej gastroenterol\u00f3gie s medzin\u00e1rodnou \u00fa\u010das\u0165ou 2007<\/li>\n<li>\n\t\tIV. International Symposium on Atherosclerosis IAS (2006)<\/li>\n<li>\n\t\tIV. European Symposium on SIDS (1996)<\/li>\n<li>\n\t\tInternational Scientific Conference on Nutraceuticals and Functional Foods 2009<\/li>\n<li>\n\t\t1st International Symposium on Probiotics 2009<\/li>\n<\/ul>\n","protected":false},"author":1,"featured_media":0,"parent":31215,"menu_order":3,"template":"","meta":{"_acf_changed":false,"_editorskit_title_hidden":false,"_editorskit_reading_time":0,"_editorskit_is_block_options_detached":false,"_editorskit_block_options_position":"{}","footnotes":""},"categories":[],"tags":[],"tax_aktuality":[],"class_list":["post-31222","cpt_klinika","type-cpt_klinika","status-publish","hentry"],"acf":{"acf_link_na_externy_obsah":""},"yoast_head":"<!-- This site is optimized with the Yoast SEO plugin v27.4 - https:\/\/yoast.com\/product\/yoast-seo-wordpress\/ -->\n<title>V\u00fdskum na klinike - Lek\u00e1rska fakulta | UPJ\u0160<\/title>\n<meta name=\"robots\" content=\"index, follow, max-snippet:-1, max-image-preview:large, max-video-preview:-1\" \/>\n<link rel=\"canonical\" href=\"https:\/\/www.upjs.sk\/lekarska-fakulta\/klinika\/ii-deti-a-dorast\/vyskum\/\" \/>\n<meta property=\"og:locale\" content=\"sk_SK\" \/>\n<meta property=\"og:type\" content=\"article\" \/>\n<meta property=\"og:title\" content=\"V\u00fdskum na klinike - Lek\u00e1rska fakulta | UPJ\u0160\" \/>\n<meta property=\"og:description\" content=\"Vo vedecko-v\u00fdskumnej oblasti sa pracovisko zaober\u00e1 vplyvom probiot\u00edk a prebiot\u00edk na detsk\u00fd organizmus, problematikou por\u00fach v\u00fd\u017eivy, atrib\u00fatmi metabolick\u00e9ho syndr\u00f3mu a diferenci\u00e1lnou diagnostikou por\u00fach d\u00fdchania po\u010das sp\u00e1nku u det\u00ed. Predn\u00e1\u0161kov\u00e1 a publika\u010dn\u00e1 \u010dinnos\u0165 je zameran\u00e1 na oblas\u0165 detskej gastroenterol\u00f3gie, probiot\u00edk, SIDS, sp\u00e1nkovej medic\u00edny, pneumol\u00f3gie, soci\u00e1lnej pediatrie. Ka\u017edoro\u010dne organizujeme (predsedn\u00edctvo organiza\u010dn\u00e9ho v\u00fdboru, garant, \u010di \u010dlen v\u00fdboru konferencie) &hellip; \u010c\u00edta\u0165 \u010falej\" \/>\n<meta property=\"og:url\" content=\"https:\/\/www.upjs.sk\/lekarska-fakulta\/klinika\/ii-deti-a-dorast\/vyskum\/\" \/>\n<meta property=\"og:site_name\" content=\"Lek\u00e1rska fakulta | UPJ\u0160\" \/>\n<meta property=\"article:modified_time\" content=\"2022-11-13T21:07:00+00:00\" \/>\n<meta name=\"twitter:card\" content=\"summary_large_image\" \/>\n<meta name=\"twitter:label1\" content=\"Predpokladan\u00fd \u010das \u010d\u00edtania\" \/>\n\t<meta name=\"twitter:data1\" content=\"1 min\u00fata\" \/>\n<script type=\"application\/ld+json\" class=\"yoast-schema-graph\">{\"@context\":\"https:\\\/\\\/schema.org\",\"@graph\":[{\"@type\":\"WebPage\",\"@id\":\"https:\\\/\\\/www.upjs.sk\\\/lekarska-fakulta\\\/klinika\\\/ii-deti-a-dorast\\\/vyskum\\\/\",\"url\":\"https:\\\/\\\/www.upjs.sk\\\/lekarska-fakulta\\\/klinika\\\/ii-deti-a-dorast\\\/vyskum\\\/\",\"name\":\"V\u00fdskum na klinike - Lek\u00e1rska fakulta | UPJ\u0160\",\"isPartOf\":{\"@id\":\"https:\\\/\\\/www.upjs.sk\\\/lekarska-fakulta\\\/#website\"},\"datePublished\":\"2013-07-01T13:41:24+00:00\",\"dateModified\":\"2022-11-13T21:07:00+00:00\",\"breadcrumb\":{\"@id\":\"https:\\\/\\\/www.upjs.sk\\\/lekarska-fakulta\\\/klinika\\\/ii-deti-a-dorast\\\/vyskum\\\/#breadcrumb\"},\"inLanguage\":\"sk-SK\",\"potentialAction\":[{\"@type\":\"ReadAction\",\"target\":[\"https:\\\/\\\/www.upjs.sk\\\/lekarska-fakulta\\\/klinika\\\/ii-deti-a-dorast\\\/vyskum\\\/\"]}]},{\"@type\":\"BreadcrumbList\",\"@id\":\"https:\\\/\\\/www.upjs.sk\\\/lekarska-fakulta\\\/klinika\\\/ii-deti-a-dorast\\\/vyskum\\\/#breadcrumb\",\"itemListElement\":[{\"@type\":\"ListItem\",\"position\":1,\"name\":\"Home\",\"item\":\"https:\\\/\\\/www.upjs.sk\\\/lekarska-fakulta\\\/\"},{\"@type\":\"ListItem\",\"position\":2,\"name\":\"Kliniky\",\"item\":\"https:\\\/\\\/www.upjs.sk\\\/lekarska-fakulta\\\/klinika\\\/\"},{\"@type\":\"ListItem\",\"position\":3,\"name\":\"II. klinika det\u00ed a dorastu\",\"item\":\"https:\\\/\\\/www.upjs.sk\\\/lekarska-fakulta\\\/klinika\\\/ii-deti-a-dorast\\\/\"},{\"@type\":\"ListItem\",\"position\":4,\"name\":\"V\u00fdskum na klinike\"}]},{\"@type\":\"WebSite\",\"@id\":\"https:\\\/\\\/www.upjs.sk\\\/lekarska-fakulta\\\/#website\",\"url\":\"https:\\\/\\\/www.upjs.sk\\\/lekarska-fakulta\\\/\",\"name\":\"Lek\u00e1rska fakulta | UPJ\u0160\",\"description\":\"\",\"publisher\":{\"@id\":\"https:\\\/\\\/www.upjs.sk\\\/lekarska-fakulta\\\/#organization\"},\"potentialAction\":[{\"@type\":\"SearchAction\",\"target\":{\"@type\":\"EntryPoint\",\"urlTemplate\":\"https:\\\/\\\/www.upjs.sk\\\/lekarska-fakulta\\\/?s={search_term_string}\"},\"query-input\":{\"@type\":\"PropertyValueSpecification\",\"valueRequired\":true,\"valueName\":\"search_term_string\"}}],\"inLanguage\":\"sk-SK\"},{\"@type\":\"Organization\",\"@id\":\"https:\\\/\\\/www.upjs.sk\\\/lekarska-fakulta\\\/#organization\",\"name\":\"Lek\u00e1rska fakulta | UPJ\u0160\",\"url\":\"https:\\\/\\\/www.upjs.sk\\\/lekarska-fakulta\\\/\",\"logo\":{\"@type\":\"ImageObject\",\"inLanguage\":\"sk-SK\",\"@id\":\"https:\\\/\\\/www.upjs.sk\\\/lekarska-fakulta\\\/#\\\/schema\\\/logo\\\/image\\\/\",\"url\":\"https:\\\/\\\/www.upjs.sk\\\/app\\\/uploads\\\/sites\\\/9\\\/2022\\\/09\\\/logo-lekarska-fakulta.png\",\"contentUrl\":\"https:\\\/\\\/www.upjs.sk\\\/app\\\/uploads\\\/sites\\\/9\\\/2022\\\/09\\\/logo-lekarska-fakulta.png\",\"width\":415,\"height\":87,\"caption\":\"Lek\u00e1rska fakulta | UPJ\u0160\"},\"image\":{\"@id\":\"https:\\\/\\\/www.upjs.sk\\\/lekarska-fakulta\\\/#\\\/schema\\\/logo\\\/image\\\/\"}}]}<\/script>\n<!-- \/ Yoast SEO plugin. -->","yoast_head_json":{"title":"V\u00fdskum na klinike - Lek\u00e1rska fakulta | UPJ\u0160","robots":{"index":"index","follow":"follow","max-snippet":"max-snippet:-1","max-image-preview":"max-image-preview:large","max-video-preview":"max-video-preview:-1"},"canonical":"https:\/\/www.upjs.sk\/lekarska-fakulta\/klinika\/ii-deti-a-dorast\/vyskum\/","og_locale":"sk_SK","og_type":"article","og_title":"V\u00fdskum na klinike - Lek\u00e1rska fakulta | UPJ\u0160","og_description":"Vo vedecko-v\u00fdskumnej oblasti sa pracovisko zaober\u00e1 vplyvom probiot\u00edk a prebiot\u00edk na detsk\u00fd organizmus, problematikou por\u00fach v\u00fd\u017eivy, atrib\u00fatmi metabolick\u00e9ho syndr\u00f3mu a diferenci\u00e1lnou diagnostikou por\u00fach d\u00fdchania po\u010das sp\u00e1nku u det\u00ed. Predn\u00e1\u0161kov\u00e1 a publika\u010dn\u00e1 \u010dinnos\u0165 je zameran\u00e1 na oblas\u0165 detskej gastroenterol\u00f3gie, probiot\u00edk, SIDS, sp\u00e1nkovej medic\u00edny, pneumol\u00f3gie, soci\u00e1lnej pediatrie. Ka\u017edoro\u010dne organizujeme (predsedn\u00edctvo organiza\u010dn\u00e9ho v\u00fdboru, garant, \u010di \u010dlen v\u00fdboru konferencie) &hellip; \u010c\u00edta\u0165 \u010falej","og_url":"https:\/\/www.upjs.sk\/lekarska-fakulta\/klinika\/ii-deti-a-dorast\/vyskum\/","og_site_name":"Lek\u00e1rska fakulta | UPJ\u0160","article_modified_time":"2022-11-13T21:07:00+00:00","twitter_card":"summary_large_image","twitter_misc":{"Predpokladan\u00fd \u010das \u010d\u00edtania":"1 min\u00fata"},"schema":{"@context":"https:\/\/schema.org","@graph":[{"@type":"WebPage","@id":"https:\/\/www.upjs.sk\/lekarska-fakulta\/klinika\/ii-deti-a-dorast\/vyskum\/","url":"https:\/\/www.upjs.sk\/lekarska-fakulta\/klinika\/ii-deti-a-dorast\/vyskum\/","name":"V\u00fdskum na klinike - Lek\u00e1rska fakulta | UPJ\u0160","isPartOf":{"@id":"https:\/\/www.upjs.sk\/lekarska-fakulta\/#website"},"datePublished":"2013-07-01T13:41:24+00:00","dateModified":"2022-11-13T21:07:00+00:00","breadcrumb":{"@id":"https:\/\/www.upjs.sk\/lekarska-fakulta\/klinika\/ii-deti-a-dorast\/vyskum\/#breadcrumb"},"inLanguage":"sk-SK","potentialAction":[{"@type":"ReadAction","target":["https:\/\/www.upjs.sk\/lekarska-fakulta\/klinika\/ii-deti-a-dorast\/vyskum\/"]}]},{"@type":"BreadcrumbList","@id":"https:\/\/www.upjs.sk\/lekarska-fakulta\/klinika\/ii-deti-a-dorast\/vyskum\/#breadcrumb","itemListElement":[{"@type":"ListItem","position":1,"name":"Home","item":"https:\/\/www.upjs.sk\/lekarska-fakulta\/"},{"@type":"ListItem","position":2,"name":"Kliniky","item":"https:\/\/www.upjs.sk\/lekarska-fakulta\/klinika\/"},{"@type":"ListItem","position":3,"name":"II. klinika det\u00ed a dorastu","item":"https:\/\/www.upjs.sk\/lekarska-fakulta\/klinika\/ii-deti-a-dorast\/"},{"@type":"ListItem","position":4,"name":"V\u00fdskum na klinike"}]},{"@type":"WebSite","@id":"https:\/\/www.upjs.sk\/lekarska-fakulta\/#website","url":"https:\/\/www.upjs.sk\/lekarska-fakulta\/","name":"Lek\u00e1rska fakulta | UPJ\u0160","description":"","publisher":{"@id":"https:\/\/www.upjs.sk\/lekarska-fakulta\/#organization"},"potentialAction":[{"@type":"SearchAction","target":{"@type":"EntryPoint","urlTemplate":"https:\/\/www.upjs.sk\/lekarska-fakulta\/?s={search_term_string}"},"query-input":{"@type":"PropertyValueSpecification","valueRequired":true,"valueName":"search_term_string"}}],"inLanguage":"sk-SK"},{"@type":"Organization","@id":"https:\/\/www.upjs.sk\/lekarska-fakulta\/#organization","name":"Lek\u00e1rska fakulta | UPJ\u0160","url":"https:\/\/www.upjs.sk\/lekarska-fakulta\/","logo":{"@type":"ImageObject","inLanguage":"sk-SK","@id":"https:\/\/www.upjs.sk\/lekarska-fakulta\/#\/schema\/logo\/image\/","url":"https:\/\/www.upjs.sk\/app\/uploads\/sites\/9\/2022\/09\/logo-lekarska-fakulta.png","contentUrl":"https:\/\/www.upjs.sk\/app\/uploads\/sites\/9\/2022\/09\/logo-lekarska-fakulta.png","width":415,"height":87,"caption":"Lek\u00e1rska fakulta | UPJ\u0160"},"image":{"@id":"https:\/\/www.upjs.sk\/lekarska-fakulta\/#\/schema\/logo\/image\/"}}]}},"_links":{"self":[{"href":"https:\/\/www.upjs.sk\/lekarska-fakulta\/wp-json\/wp\/v2\/cpt_klinika\/31222","targetHints":{"allow":["GET"]}}],"collection":[{"href":"https:\/\/www.upjs.sk\/lekarska-fakulta\/wp-json\/wp\/v2\/cpt_klinika"}],"about":[{"href":"https:\/\/www.upjs.sk\/lekarska-fakulta\/wp-json\/wp\/v2\/types\/cpt_klinika"}],"author":[{"embeddable":true,"href":"https:\/\/www.upjs.sk\/lekarska-fakulta\/wp-json\/wp\/v2\/users\/1"}],"version-history":[{"count":1,"href":"https:\/\/www.upjs.sk\/lekarska-fakulta\/wp-json\/wp\/v2\/cpt_klinika\/31222\/revisions"}],"predecessor-version":[{"id":68440,"href":"https:\/\/www.upjs.sk\/lekarska-fakulta\/wp-json\/wp\/v2\/cpt_klinika\/31222\/revisions\/68440"}],"up":[{"embeddable":true,"href":"https:\/\/www.upjs.sk\/lekarska-fakulta\/wp-json\/wp\/v2\/cpt_klinika\/31215"}],"wp:attachment":[{"href":"https:\/\/www.upjs.sk\/lekarska-fakulta\/wp-json\/wp\/v2\/media?parent=31222"}],"wp:term":[{"taxonomy":"category","embeddable":true,"href":"https:\/\/www.upjs.sk\/lekarska-fakulta\/wp-json\/wp\/v2\/categories?post=31222"},{"taxonomy":"post_tag","embeddable":true,"href":"https:\/\/www.upjs.sk\/lekarska-fakulta\/wp-json\/wp\/v2\/tags?post=31222"},{"taxonomy":"tax_aktuality","embeddable":true,"href":"https:\/\/www.upjs.sk\/lekarska-fakulta\/wp-json\/wp\/v2\/tax_aktuality?post=31222"}],"curies":[{"name":"wp","href":"https:\/\/api.w.org\/{rel}","templated":true}]}}