{"id":31224,"date":"2013-09-16T08:38:18","date_gmt":"2013-09-16T08:38:18","guid":{"rendered":"https:\/\/www.upjs.sk\/lekarska-fakulta\/klinika\/root\/ii-deti-a-dorast\/vyskum\/phd\/"},"modified":"2022-11-13T22:07:00","modified_gmt":"2022-11-13T21:07:00","slug":"phd","status":"publish","type":"cpt_klinika","link":"https:\/\/www.upjs.sk\/lekarska-fakulta\/klinika\/ii-deti-a-dorast\/vyskum\/phd\/","title":{"rendered":"Doktorandsk\u00e9 pr\u00e1ce"},"content":{"rendered":"<p><!--Doktorandsk\u00e9 pr\u00e1ce--><\/p>\n<ul>\n<li>\n\t\tNAFLD \u2013 Nealkoholov\u00e9 stukovatenie pe\u010dene, v\u00fdskyt, etiol\u00f3gia, diagnostika a mo\u017enosti lie\u010dby u det\u00ed<br \/>\n\t\tMUDr. Gombo\u0161ov\u00e1 (obh\u00e1jen\u00e9 2008)<\/li>\n<li>\n\t\tNeurologick\u00e9 a neurohumor\u00e1lne aspekty por\u00fach d\u00fdchania po\u010das sp\u00e1nku u det\u00ed<br \/>\n\t\t(2005-2009) MUDr. Lazarov\u00e1<\/li>\n<li>\n\t\tPoruchy pe\u010dene a tr\u00e1viacej r\u00fary u det\u00ed pri dystrofi\u00e1ch<br \/>\n\t\t(2007-2008) MUDr. F\u00fclleov\u00e1<\/li>\n<li>\n\t\tHodnotenie fluorescen\u010dn\u00fdch spektier telov\u00fdch tekut\u00edn u det\u00ed s ochoreniami gastrointestin\u00e1lneho traktu<br \/>\n\t\t(2007-2009) MUDr. Stankov\u00e1<\/li>\n<li>\n\t\tOvplyvnenie bari\u00e9rovej funkcie tr\u00e1viaceho traktu modul\u00e1ciou \u010drevnej permeability p\u00f4soben\u00edm probiot\u00edk a prebiot\u00edk<br \/>\n\t\t(2010-2012) MVDr. Mari\u0161\u010d\u00e1kov\u00e1<\/li>\n<li>\n\t\tPolysomnografia v diferenci\u00e1lnej diagnostike por\u00fach d\u00fdchania u det\u00ed<br \/>\n\t\tMUDr. Knutov\u00e1 (2010-2011)<\/li>\n<li>\n\t\tPoruchy kostn\u00e9ho metabolizmu u det\u00ed s poruchami v\u00fd\u017eivy (IBD, celiakia)<br \/>\n\t\tMUDr. Klabn\u00edkov\u00e1 (obh\u00e1jen\u00e9 2011)<\/li>\n<li>\n\t\tMetabolick\u00fd syndr\u00f3m u det\u00ed a adolescentov \u2013 modern\u00e9 trendy v mana\u017emente obezity<br \/>\n\t\t(2007 &#8211; obh\u00e1jen\u00e9 2013) MUDr. Petr\u00e1\u0161ov\u00e1<\/li>\n<\/ul>\n<h3>\n\tPrebiehaj\u00face doktorandsk\u00e9 pr\u00e1ce<\/h3>\n<ul>\n<li>\n\t\tVroden\u00e9 v\u00fdvojov\u00e9 chyby hrtana a trachey u det\u00ed<br \/>\n    (2013 &#8211; 2017) MUDr. Andrej Koman<\/p>\n<li>\n\t\tSubklinick\u00e9 formy ateroskler\u00f3zy a mo\u017enosti ich ovplyvnenia u det\u00ed a adolescentov<br \/>\n\t\t(2012-) MUDr. Joppov\u00e1<\/li>\n<li>\n\t\tEndotelov\u00e1 dysfunkcia v r\u00f4znom \u0161t\u00e1diu kompenz\u00e1cie diabetes mellitus u det\u00ed a adolescentov<br \/>\n\t\t(2012-) MUDr. Nagy<\/li>\n<li>\n\t\tVz\u0165ah \u010drevnej dysmikr\u00f3bie k niektor\u00fdm ochoreniam u det\u00ed a adolescentov<br \/>\n\t\t(2012-) MUDr. T\u00f3h\u00e1tyov\u00e1<\/li>\n<li>\n\t\tSteat\u00f3za pe\u010dene u det\u00ed ako s\u00fa\u010das\u0165 r\u00f4znych klinick\u00fdch jednotiek<br \/>\n\t\t(2012-) MUDr. Str\u00f6mplov\u00e1<\/li>\n<\/ul>\n","protected":false},"author":1,"featured_media":0,"parent":31222,"menu_order":4,"template":"","meta":{"_acf_changed":false,"_editorskit_title_hidden":false,"_editorskit_reading_time":0,"_editorskit_is_block_options_detached":false,"_editorskit_block_options_position":"{}","footnotes":""},"categories":[],"tags":[],"tax_aktuality":[],"class_list":["post-31224","cpt_klinika","type-cpt_klinika","status-publish","hentry"],"acf":{"acf_link_na_externy_obsah":""},"yoast_head":"<!-- This site is optimized with the Yoast SEO plugin v27.4 - https:\/\/yoast.com\/product\/yoast-seo-wordpress\/ -->\n<title>Doktorandsk\u00e9 pr\u00e1ce - Lek\u00e1rska fakulta | UPJ\u0160<\/title>\n<meta name=\"robots\" content=\"index, follow, max-snippet:-1, max-image-preview:large, max-video-preview:-1\" \/>\n<link rel=\"canonical\" href=\"https:\/\/www.upjs.sk\/lekarska-fakulta\/klinika\/ii-deti-a-dorast\/vyskum\/phd\/\" \/>\n<meta property=\"og:locale\" content=\"sk_SK\" \/>\n<meta property=\"og:type\" content=\"article\" \/>\n<meta property=\"og:title\" content=\"Doktorandsk\u00e9 pr\u00e1ce - Lek\u00e1rska fakulta | UPJ\u0160\" \/>\n<meta property=\"og:description\" content=\"NAFLD \u2013 Nealkoholov\u00e9 stukovatenie pe\u010dene, v\u00fdskyt, etiol\u00f3gia, diagnostika a mo\u017enosti lie\u010dby u det\u00ed MUDr. Gombo\u0161ov\u00e1 (obh\u00e1jen\u00e9 2008) Neurologick\u00e9 a neurohumor\u00e1lne aspekty por\u00fach d\u00fdchania po\u010das sp\u00e1nku u det\u00ed (2005-2009) MUDr. Lazarov\u00e1 Poruchy pe\u010dene a tr\u00e1viacej r\u00fary u det\u00ed pri dystrofi\u00e1ch (2007-2008) MUDr. F\u00fclleov\u00e1 Hodnotenie fluorescen\u010dn\u00fdch spektier telov\u00fdch tekut\u00edn u det\u00ed s ochoreniami gastrointestin\u00e1lneho traktu (2007-2009) MUDr. &hellip; \u010c\u00edta\u0165 \u010falej\" \/>\n<meta property=\"og:url\" content=\"https:\/\/www.upjs.sk\/lekarska-fakulta\/klinika\/ii-deti-a-dorast\/vyskum\/phd\/\" \/>\n<meta property=\"og:site_name\" content=\"Lek\u00e1rska fakulta | UPJ\u0160\" \/>\n<meta property=\"article:modified_time\" content=\"2022-11-13T21:07:00+00:00\" \/>\n<meta name=\"twitter:card\" content=\"summary_large_image\" \/>\n<meta name=\"twitter:label1\" content=\"Predpokladan\u00fd \u010das \u010d\u00edtania\" \/>\n\t<meta name=\"twitter:data1\" content=\"1 min\u00fata\" \/>\n<script type=\"application\/ld+json\" class=\"yoast-schema-graph\">{\"@context\":\"https:\\\/\\\/schema.org\",\"@graph\":[{\"@type\":\"WebPage\",\"@id\":\"https:\\\/\\\/www.upjs.sk\\\/lekarska-fakulta\\\/klinika\\\/ii-deti-a-dorast\\\/vyskum\\\/phd\\\/\",\"url\":\"https:\\\/\\\/www.upjs.sk\\\/lekarska-fakulta\\\/klinika\\\/ii-deti-a-dorast\\\/vyskum\\\/phd\\\/\",\"name\":\"Doktorandsk\u00e9 pr\u00e1ce - Lek\u00e1rska fakulta | UPJ\u0160\",\"isPartOf\":{\"@id\":\"https:\\\/\\\/www.upjs.sk\\\/lekarska-fakulta\\\/#website\"},\"datePublished\":\"2013-09-16T08:38:18+00:00\",\"dateModified\":\"2022-11-13T21:07:00+00:00\",\"breadcrumb\":{\"@id\":\"https:\\\/\\\/www.upjs.sk\\\/lekarska-fakulta\\\/klinika\\\/ii-deti-a-dorast\\\/vyskum\\\/phd\\\/#breadcrumb\"},\"inLanguage\":\"sk-SK\",\"potentialAction\":[{\"@type\":\"ReadAction\",\"target\":[\"https:\\\/\\\/www.upjs.sk\\\/lekarska-fakulta\\\/klinika\\\/ii-deti-a-dorast\\\/vyskum\\\/phd\\\/\"]}]},{\"@type\":\"BreadcrumbList\",\"@id\":\"https:\\\/\\\/www.upjs.sk\\\/lekarska-fakulta\\\/klinika\\\/ii-deti-a-dorast\\\/vyskum\\\/phd\\\/#breadcrumb\",\"itemListElement\":[{\"@type\":\"ListItem\",\"position\":1,\"name\":\"Home\",\"item\":\"https:\\\/\\\/www.upjs.sk\\\/lekarska-fakulta\\\/\"},{\"@type\":\"ListItem\",\"position\":2,\"name\":\"Kliniky\",\"item\":\"https:\\\/\\\/www.upjs.sk\\\/lekarska-fakulta\\\/klinika\\\/\"},{\"@type\":\"ListItem\",\"position\":3,\"name\":\"II. klinika det\u00ed a dorastu\",\"item\":\"https:\\\/\\\/www.upjs.sk\\\/lekarska-fakulta\\\/klinika\\\/ii-deti-a-dorast\\\/\"},{\"@type\":\"ListItem\",\"position\":4,\"name\":\"V\u00fdskum na klinike\",\"item\":\"https:\\\/\\\/www.upjs.sk\\\/lekarska-fakulta\\\/klinika\\\/ii-deti-a-dorast\\\/vyskum\\\/\"},{\"@type\":\"ListItem\",\"position\":5,\"name\":\"Doktorandsk\u00e9 pr\u00e1ce\"}]},{\"@type\":\"WebSite\",\"@id\":\"https:\\\/\\\/www.upjs.sk\\\/lekarska-fakulta\\\/#website\",\"url\":\"https:\\\/\\\/www.upjs.sk\\\/lekarska-fakulta\\\/\",\"name\":\"Lek\u00e1rska fakulta | UPJ\u0160\",\"description\":\"\",\"publisher\":{\"@id\":\"https:\\\/\\\/www.upjs.sk\\\/lekarska-fakulta\\\/#organization\"},\"potentialAction\":[{\"@type\":\"SearchAction\",\"target\":{\"@type\":\"EntryPoint\",\"urlTemplate\":\"https:\\\/\\\/www.upjs.sk\\\/lekarska-fakulta\\\/?s={search_term_string}\"},\"query-input\":{\"@type\":\"PropertyValueSpecification\",\"valueRequired\":true,\"valueName\":\"search_term_string\"}}],\"inLanguage\":\"sk-SK\"},{\"@type\":\"Organization\",\"@id\":\"https:\\\/\\\/www.upjs.sk\\\/lekarska-fakulta\\\/#organization\",\"name\":\"Lek\u00e1rska fakulta | UPJ\u0160\",\"url\":\"https:\\\/\\\/www.upjs.sk\\\/lekarska-fakulta\\\/\",\"logo\":{\"@type\":\"ImageObject\",\"inLanguage\":\"sk-SK\",\"@id\":\"https:\\\/\\\/www.upjs.sk\\\/lekarska-fakulta\\\/#\\\/schema\\\/logo\\\/image\\\/\",\"url\":\"https:\\\/\\\/www.upjs.sk\\\/app\\\/uploads\\\/sites\\\/9\\\/2022\\\/09\\\/logo-lekarska-fakulta.png\",\"contentUrl\":\"https:\\\/\\\/www.upjs.sk\\\/app\\\/uploads\\\/sites\\\/9\\\/2022\\\/09\\\/logo-lekarska-fakulta.png\",\"width\":415,\"height\":87,\"caption\":\"Lek\u00e1rska fakulta | UPJ\u0160\"},\"image\":{\"@id\":\"https:\\\/\\\/www.upjs.sk\\\/lekarska-fakulta\\\/#\\\/schema\\\/logo\\\/image\\\/\"}}]}<\/script>\n<!-- \/ Yoast SEO plugin. -->","yoast_head_json":{"title":"Doktorandsk\u00e9 pr\u00e1ce - Lek\u00e1rska fakulta | UPJ\u0160","robots":{"index":"index","follow":"follow","max-snippet":"max-snippet:-1","max-image-preview":"max-image-preview:large","max-video-preview":"max-video-preview:-1"},"canonical":"https:\/\/www.upjs.sk\/lekarska-fakulta\/klinika\/ii-deti-a-dorast\/vyskum\/phd\/","og_locale":"sk_SK","og_type":"article","og_title":"Doktorandsk\u00e9 pr\u00e1ce - Lek\u00e1rska fakulta | UPJ\u0160","og_description":"NAFLD \u2013 Nealkoholov\u00e9 stukovatenie pe\u010dene, v\u00fdskyt, etiol\u00f3gia, diagnostika a mo\u017enosti lie\u010dby u det\u00ed MUDr. Gombo\u0161ov\u00e1 (obh\u00e1jen\u00e9 2008) Neurologick\u00e9 a neurohumor\u00e1lne aspekty por\u00fach d\u00fdchania po\u010das sp\u00e1nku u det\u00ed (2005-2009) MUDr. Lazarov\u00e1 Poruchy pe\u010dene a tr\u00e1viacej r\u00fary u det\u00ed pri dystrofi\u00e1ch (2007-2008) MUDr. F\u00fclleov\u00e1 Hodnotenie fluorescen\u010dn\u00fdch spektier telov\u00fdch tekut\u00edn u det\u00ed s ochoreniami gastrointestin\u00e1lneho traktu (2007-2009) MUDr. &hellip; \u010c\u00edta\u0165 \u010falej","og_url":"https:\/\/www.upjs.sk\/lekarska-fakulta\/klinika\/ii-deti-a-dorast\/vyskum\/phd\/","og_site_name":"Lek\u00e1rska fakulta | UPJ\u0160","article_modified_time":"2022-11-13T21:07:00+00:00","twitter_card":"summary_large_image","twitter_misc":{"Predpokladan\u00fd \u010das \u010d\u00edtania":"1 min\u00fata"},"schema":{"@context":"https:\/\/schema.org","@graph":[{"@type":"WebPage","@id":"https:\/\/www.upjs.sk\/lekarska-fakulta\/klinika\/ii-deti-a-dorast\/vyskum\/phd\/","url":"https:\/\/www.upjs.sk\/lekarska-fakulta\/klinika\/ii-deti-a-dorast\/vyskum\/phd\/","name":"Doktorandsk\u00e9 pr\u00e1ce - Lek\u00e1rska fakulta | UPJ\u0160","isPartOf":{"@id":"https:\/\/www.upjs.sk\/lekarska-fakulta\/#website"},"datePublished":"2013-09-16T08:38:18+00:00","dateModified":"2022-11-13T21:07:00+00:00","breadcrumb":{"@id":"https:\/\/www.upjs.sk\/lekarska-fakulta\/klinika\/ii-deti-a-dorast\/vyskum\/phd\/#breadcrumb"},"inLanguage":"sk-SK","potentialAction":[{"@type":"ReadAction","target":["https:\/\/www.upjs.sk\/lekarska-fakulta\/klinika\/ii-deti-a-dorast\/vyskum\/phd\/"]}]},{"@type":"BreadcrumbList","@id":"https:\/\/www.upjs.sk\/lekarska-fakulta\/klinika\/ii-deti-a-dorast\/vyskum\/phd\/#breadcrumb","itemListElement":[{"@type":"ListItem","position":1,"name":"Home","item":"https:\/\/www.upjs.sk\/lekarska-fakulta\/"},{"@type":"ListItem","position":2,"name":"Kliniky","item":"https:\/\/www.upjs.sk\/lekarska-fakulta\/klinika\/"},{"@type":"ListItem","position":3,"name":"II. klinika det\u00ed a dorastu","item":"https:\/\/www.upjs.sk\/lekarska-fakulta\/klinika\/ii-deti-a-dorast\/"},{"@type":"ListItem","position":4,"name":"V\u00fdskum na klinike","item":"https:\/\/www.upjs.sk\/lekarska-fakulta\/klinika\/ii-deti-a-dorast\/vyskum\/"},{"@type":"ListItem","position":5,"name":"Doktorandsk\u00e9 pr\u00e1ce"}]},{"@type":"WebSite","@id":"https:\/\/www.upjs.sk\/lekarska-fakulta\/#website","url":"https:\/\/www.upjs.sk\/lekarska-fakulta\/","name":"Lek\u00e1rska fakulta | UPJ\u0160","description":"","publisher":{"@id":"https:\/\/www.upjs.sk\/lekarska-fakulta\/#organization"},"potentialAction":[{"@type":"SearchAction","target":{"@type":"EntryPoint","urlTemplate":"https:\/\/www.upjs.sk\/lekarska-fakulta\/?s={search_term_string}"},"query-input":{"@type":"PropertyValueSpecification","valueRequired":true,"valueName":"search_term_string"}}],"inLanguage":"sk-SK"},{"@type":"Organization","@id":"https:\/\/www.upjs.sk\/lekarska-fakulta\/#organization","name":"Lek\u00e1rska fakulta | UPJ\u0160","url":"https:\/\/www.upjs.sk\/lekarska-fakulta\/","logo":{"@type":"ImageObject","inLanguage":"sk-SK","@id":"https:\/\/www.upjs.sk\/lekarska-fakulta\/#\/schema\/logo\/image\/","url":"https:\/\/www.upjs.sk\/app\/uploads\/sites\/9\/2022\/09\/logo-lekarska-fakulta.png","contentUrl":"https:\/\/www.upjs.sk\/app\/uploads\/sites\/9\/2022\/09\/logo-lekarska-fakulta.png","width":415,"height":87,"caption":"Lek\u00e1rska fakulta | UPJ\u0160"},"image":{"@id":"https:\/\/www.upjs.sk\/lekarska-fakulta\/#\/schema\/logo\/image\/"}}]}},"_links":{"self":[{"href":"https:\/\/www.upjs.sk\/lekarska-fakulta\/wp-json\/wp\/v2\/cpt_klinika\/31224","targetHints":{"allow":["GET"]}}],"collection":[{"href":"https:\/\/www.upjs.sk\/lekarska-fakulta\/wp-json\/wp\/v2\/cpt_klinika"}],"about":[{"href":"https:\/\/www.upjs.sk\/lekarska-fakulta\/wp-json\/wp\/v2\/types\/cpt_klinika"}],"author":[{"embeddable":true,"href":"https:\/\/www.upjs.sk\/lekarska-fakulta\/wp-json\/wp\/v2\/users\/1"}],"version-history":[{"count":1,"href":"https:\/\/www.upjs.sk\/lekarska-fakulta\/wp-json\/wp\/v2\/cpt_klinika\/31224\/revisions"}],"predecessor-version":[{"id":68442,"href":"https:\/\/www.upjs.sk\/lekarska-fakulta\/wp-json\/wp\/v2\/cpt_klinika\/31224\/revisions\/68442"}],"up":[{"embeddable":true,"href":"https:\/\/www.upjs.sk\/lekarska-fakulta\/wp-json\/wp\/v2\/cpt_klinika\/31222"}],"wp:attachment":[{"href":"https:\/\/www.upjs.sk\/lekarska-fakulta\/wp-json\/wp\/v2\/media?parent=31224"}],"wp:term":[{"taxonomy":"category","embeddable":true,"href":"https:\/\/www.upjs.sk\/lekarska-fakulta\/wp-json\/wp\/v2\/categories?post=31224"},{"taxonomy":"post_tag","embeddable":true,"href":"https:\/\/www.upjs.sk\/lekarska-fakulta\/wp-json\/wp\/v2\/tags?post=31224"},{"taxonomy":"tax_aktuality","embeddable":true,"href":"https:\/\/www.upjs.sk\/lekarska-fakulta\/wp-json\/wp\/v2\/tax_aktuality?post=31224"}],"curies":[{"name":"wp","href":"https:\/\/api.w.org\/{rel}","templated":true}]}}