{"id":31346,"date":"2021-03-22T08:15:23","date_gmt":"2021-03-22T08:15:23","guid":{"rendered":"https:\/\/www.upjs.sk\/lekarska-fakulta\/klinika\/root\/deti-a-dorast\/vyucba\/konzultacie\/"},"modified":"2023-08-10T12:17:43","modified_gmt":"2023-08-10T11:17:43","slug":"konzultacie","status":"publish","type":"cpt_klinika","link":"https:\/\/www.upjs.sk\/lekarska-fakulta\/klinika\/deti-a-dorast\/vyucba\/konzultacie\/","title":{"rendered":"Konzulta\u010dn\u00e9 hodiny"},"content":{"rendered":"<style type=\"text\/css\">#rh {border-collapse:collapse;border:none; background-color:#eee8aa;}<br \/>\n#rh td{border:solid windowtext 1px;border-color:tan;padding-left:.5em;padding-top:1px;padding-bottom:1px;padding-right:.5em}<br \/>\n#rh tr:nth-of-type(even) { background-color:#fffacd;}<br \/>\n<\/style>\n<p style=\"text-align: justify; text-indent: 2em\">Konzulta\u010dn\u00e9 hodiny s\u00fa ur\u010den\u00e9 pre \u0161tudentov, ktor\u00ed ich potrebuj\u00fa z objekt\u00edvnych d\u00f4vodov, ako s\u00fa napr\u00edklad vyme\u0161kan\u00e9 hodiny po\u010das pracovnej neschopnosti, nepochopenie preberanej problematiky, pr\u00edpadne konzult\u00e1cie k zadaniam, refer\u00e1tom \u010di z\u00e1vere\u010dn\u00fdm pr\u00e1cam. Konzulta\u010dn\u00e9 hodiny nesl\u00fa\u017eia ako n\u00e1hrada vyme\u0161kan\u00fdch hod\u00edn a platia len po\u010das semestra, v ktorom s\u00fa vyp\u00edsan\u00e9.<br \/>\n&nbsp;<\/p>\n<p><!--\n\n\n<h3>Letn\u00fd semester akademick\u00e9ho roka 2019\/2020<\/h3>\n\n\n--><\/p>\n<table id=\"rh\">\n<tbody>\n<tr>\n<td><strong>Meno a priezvisko<\/strong><\/td>\n<td><strong>De\u0148<\/strong><\/td>\n<td><strong>\u010cas<\/strong><\/td>\n<\/tr>\n<tr>\n<td>Doc. MUDr. Veronika Vargov\u00e1, PhD.<br \/>\nprednostka kliniky<\/td>\n<td>pondelok<\/td>\n<td>14.30 \u2013 15.30 hod.<\/td>\n<\/tr>\n<tr>\n<td>Doc. MUDr. Milan Kuchta, CSc., mim. prof.<\/td>\n<td>utorok<\/td>\n<td>14.00 \u2013 15.00 hod.<\/td>\n<\/tr>\n<tr>\n<td>MUDr. Miroslava Petr\u00e1\u0161ov\u00e1, PhD.<\/td>\n<td>streda<\/td>\n<td>14.00 \u2013 15.00 hod.<\/td>\n<\/tr>\n<tr>\n<td>MUDr. Juliana Ferenczov\u00e1, PhD.<\/td>\n<td>\u0161tvrtok<\/td>\n<td>11.00 \u2013 13.00 hod.<\/td>\n<\/tr>\n<tr>\n<td>MUDr. Juraj Hedvig, PhD.<\/td>\n<td>streda<\/td>\n<td>12.00 \u2013 13.00 hod.<\/td>\n<\/tr>\n<tr>\n<td>MUDr. Gabriel Ko\u013evek, PhD.<\/td>\n<td>utorok<\/td>\n<td>13.00 \u2013 14.00 hod.<\/td>\n<\/tr>\n<tr>\n<td>MUDr. Tatiana Baltesov\u00e1, PhD.<\/td>\n<td>pondelok<\/td>\n<td>14.00 \u2013 15.00 hod.<\/td>\n<\/tr>\n<tr>\n<td>MUDr. Krist\u00edna Kubejov\u00e1, PhD.<\/td>\n<td>utorok<\/td>\n<td>&nbsp; 9.00 \u2013 10.00 hod.<\/td>\n<\/tr>\n<tr>\n<td>MUDr. Ingrid Urban\u010d\u00edkov\u00e1, PhD.<\/td>\n<td>\u0161tvrtok<\/td>\n<td>14.00 \u2013 15.00 hod.<\/td>\n<\/tr>\n<tr>\n<td>MUDr. Marianna Fajdelov\u00e1<\/td>\n<td>streda<\/td>\n<td>14.00 \u2013 15.00 hod.<\/td>\n<\/tr>\n<tr>\n<td>MUDr. Simona Drob\u0148akov\u00e1<\/td>\n<td>\u0161tvrtok<\/td>\n<td>13.30 \u2013 14.30 hod.<\/td>\n<\/tr>\n<tr>\n<td>MUDr. Timea Bilekov\u00e1<\/td>\n<td>utorok<\/td>\n<td>13.00 \u2013 14.00 hod.<\/td>\n<\/tr>\n<tr>\n<td>MUDr. Veronika Ku\u010derav\u00e1<\/td>\n<td>piatok<\/td>\n<td>14.00 \u2013 15.00 hod.<\/td>\n<\/tr>\n<\/tbody>\n<\/table>\n<p align=\"justify\">Pros\u00edme vopred si dohodn\u00fa\u0165\/potvrdi\u0165 term\u00edn najlep\u0161ie e-mailom.<br \/>\nV od\u00f4vodnen\u00fdch pr\u00edpadoch je mo\u017en\u00e9 dohodn\u00fa\u0165 si s vyu\u010duj\u00facim aj in\u00fd \u010das konzulta\u010dn\u00fdch hod\u00edn.<\/p>\n","protected":false},"author":1,"featured_media":0,"parent":31341,"menu_order":1,"template":"","meta":{"_acf_changed":false,"_editorskit_title_hidden":false,"_editorskit_reading_time":0,"_editorskit_is_block_options_detached":false,"_editorskit_block_options_position":"{}","footnotes":""},"categories":[],"tags":[],"tax_aktuality":[],"class_list":["post-31346","cpt_klinika","type-cpt_klinika","status-publish","hentry"],"acf":{"acf_link_na_externy_obsah":""},"yoast_head":"<!-- This site is optimized with the Yoast SEO plugin v27.4 - https:\/\/yoast.com\/product\/yoast-seo-wordpress\/ -->\n<title>Konzulta\u010dn\u00e9 hodiny - Lek\u00e1rska fakulta | UPJ\u0160<\/title>\n<meta name=\"robots\" content=\"index, follow, max-snippet:-1, max-image-preview:large, max-video-preview:-1\" \/>\n<link rel=\"canonical\" href=\"https:\/\/www.upjs.sk\/lekarska-fakulta\/klinika\/deti-a-dorast\/vyucba\/konzultacie\/\" \/>\n<meta property=\"og:locale\" content=\"sk_SK\" \/>\n<meta property=\"og:type\" content=\"article\" \/>\n<meta property=\"og:title\" content=\"Konzulta\u010dn\u00e9 hodiny - Lek\u00e1rska fakulta | UPJ\u0160\" \/>\n<meta property=\"og:description\" content=\"Konzulta\u010dn\u00e9 hodiny s\u00fa ur\u010den\u00e9 pre \u0161tudentov, ktor\u00ed ich potrebuj\u00fa z objekt\u00edvnych d\u00f4vodov, ako s\u00fa napr\u00edklad vyme\u0161kan\u00e9 hodiny po\u010das pracovnej neschopnosti, nepochopenie preberanej problematiky, pr\u00edpadne konzult\u00e1cie k zadaniam, refer\u00e1tom \u010di z\u00e1vere\u010dn\u00fdm pr\u00e1cam. Konzulta\u010dn\u00e9 hodiny nesl\u00fa\u017eia ako n\u00e1hrada vyme\u0161kan\u00fdch hod\u00edn a platia len po\u010das semestra, v ktorom s\u00fa vyp\u00edsan\u00e9. &nbsp; Meno a priezvisko De\u0148 \u010cas Doc. MUDr. &hellip; \u010c\u00edta\u0165 \u010falej\" \/>\n<meta property=\"og:url\" content=\"https:\/\/www.upjs.sk\/lekarska-fakulta\/klinika\/deti-a-dorast\/vyucba\/konzultacie\/\" \/>\n<meta property=\"og:site_name\" content=\"Lek\u00e1rska fakulta | UPJ\u0160\" \/>\n<meta property=\"article:modified_time\" content=\"2023-08-10T11:17:43+00:00\" \/>\n<meta name=\"twitter:card\" content=\"summary_large_image\" \/>\n<meta name=\"twitter:label1\" content=\"Predpokladan\u00fd \u010das \u010d\u00edtania\" \/>\n\t<meta name=\"twitter:data1\" content=\"2 min\u00faty\" \/>\n<script type=\"application\/ld+json\" class=\"yoast-schema-graph\">{\"@context\":\"https:\\\/\\\/schema.org\",\"@graph\":[{\"@type\":\"WebPage\",\"@id\":\"https:\\\/\\\/www.upjs.sk\\\/lekarska-fakulta\\\/klinika\\\/deti-a-dorast\\\/vyucba\\\/konzultacie\\\/\",\"url\":\"https:\\\/\\\/www.upjs.sk\\\/lekarska-fakulta\\\/klinika\\\/deti-a-dorast\\\/vyucba\\\/konzultacie\\\/\",\"name\":\"Konzulta\u010dn\u00e9 hodiny - Lek\u00e1rska fakulta | UPJ\u0160\",\"isPartOf\":{\"@id\":\"https:\\\/\\\/www.upjs.sk\\\/lekarska-fakulta\\\/#website\"},\"datePublished\":\"2021-03-22T08:15:23+00:00\",\"dateModified\":\"2023-08-10T11:17:43+00:00\",\"breadcrumb\":{\"@id\":\"https:\\\/\\\/www.upjs.sk\\\/lekarska-fakulta\\\/klinika\\\/deti-a-dorast\\\/vyucba\\\/konzultacie\\\/#breadcrumb\"},\"inLanguage\":\"sk-SK\",\"potentialAction\":[{\"@type\":\"ReadAction\",\"target\":[\"https:\\\/\\\/www.upjs.sk\\\/lekarska-fakulta\\\/klinika\\\/deti-a-dorast\\\/vyucba\\\/konzultacie\\\/\"]}]},{\"@type\":\"BreadcrumbList\",\"@id\":\"https:\\\/\\\/www.upjs.sk\\\/lekarska-fakulta\\\/klinika\\\/deti-a-dorast\\\/vyucba\\\/konzultacie\\\/#breadcrumb\",\"itemListElement\":[{\"@type\":\"ListItem\",\"position\":1,\"name\":\"Home\",\"item\":\"https:\\\/\\\/www.upjs.sk\\\/lekarska-fakulta\\\/\"},{\"@type\":\"ListItem\",\"position\":2,\"name\":\"Kliniky\",\"item\":\"https:\\\/\\\/www.upjs.sk\\\/lekarska-fakulta\\\/klinika\\\/\"},{\"@type\":\"ListItem\",\"position\":3,\"name\":\"Klinika det\u00ed a dorastu\",\"item\":\"https:\\\/\\\/www.upjs.sk\\\/lekarska-fakulta\\\/klinika\\\/deti-a-dorast\\\/\"},{\"@type\":\"ListItem\",\"position\":4,\"name\":\"V\u00fdu\u010dba\",\"item\":\"https:\\\/\\\/www.upjs.sk\\\/lekarska-fakulta\\\/klinika\\\/deti-a-dorast\\\/vyucba\\\/\"},{\"@type\":\"ListItem\",\"position\":5,\"name\":\"Konzulta\u010dn\u00e9 hodiny\"}]},{\"@type\":\"WebSite\",\"@id\":\"https:\\\/\\\/www.upjs.sk\\\/lekarska-fakulta\\\/#website\",\"url\":\"https:\\\/\\\/www.upjs.sk\\\/lekarska-fakulta\\\/\",\"name\":\"Lek\u00e1rska fakulta | UPJ\u0160\",\"description\":\"\",\"publisher\":{\"@id\":\"https:\\\/\\\/www.upjs.sk\\\/lekarska-fakulta\\\/#organization\"},\"potentialAction\":[{\"@type\":\"SearchAction\",\"target\":{\"@type\":\"EntryPoint\",\"urlTemplate\":\"https:\\\/\\\/www.upjs.sk\\\/lekarska-fakulta\\\/?s={search_term_string}\"},\"query-input\":{\"@type\":\"PropertyValueSpecification\",\"valueRequired\":true,\"valueName\":\"search_term_string\"}}],\"inLanguage\":\"sk-SK\"},{\"@type\":\"Organization\",\"@id\":\"https:\\\/\\\/www.upjs.sk\\\/lekarska-fakulta\\\/#organization\",\"name\":\"Lek\u00e1rska fakulta | UPJ\u0160\",\"url\":\"https:\\\/\\\/www.upjs.sk\\\/lekarska-fakulta\\\/\",\"logo\":{\"@type\":\"ImageObject\",\"inLanguage\":\"sk-SK\",\"@id\":\"https:\\\/\\\/www.upjs.sk\\\/lekarska-fakulta\\\/#\\\/schema\\\/logo\\\/image\\\/\",\"url\":\"https:\\\/\\\/www.upjs.sk\\\/app\\\/uploads\\\/sites\\\/9\\\/2022\\\/09\\\/logo-lekarska-fakulta.png\",\"contentUrl\":\"https:\\\/\\\/www.upjs.sk\\\/app\\\/uploads\\\/sites\\\/9\\\/2022\\\/09\\\/logo-lekarska-fakulta.png\",\"width\":415,\"height\":87,\"caption\":\"Lek\u00e1rska fakulta | UPJ\u0160\"},\"image\":{\"@id\":\"https:\\\/\\\/www.upjs.sk\\\/lekarska-fakulta\\\/#\\\/schema\\\/logo\\\/image\\\/\"}}]}<\/script>\n<!-- \/ Yoast SEO plugin. -->","yoast_head_json":{"title":"Konzulta\u010dn\u00e9 hodiny - Lek\u00e1rska fakulta | UPJ\u0160","robots":{"index":"index","follow":"follow","max-snippet":"max-snippet:-1","max-image-preview":"max-image-preview:large","max-video-preview":"max-video-preview:-1"},"canonical":"https:\/\/www.upjs.sk\/lekarska-fakulta\/klinika\/deti-a-dorast\/vyucba\/konzultacie\/","og_locale":"sk_SK","og_type":"article","og_title":"Konzulta\u010dn\u00e9 hodiny - Lek\u00e1rska fakulta | UPJ\u0160","og_description":"Konzulta\u010dn\u00e9 hodiny s\u00fa ur\u010den\u00e9 pre \u0161tudentov, ktor\u00ed ich potrebuj\u00fa z objekt\u00edvnych d\u00f4vodov, ako s\u00fa napr\u00edklad vyme\u0161kan\u00e9 hodiny po\u010das pracovnej neschopnosti, nepochopenie preberanej problematiky, pr\u00edpadne konzult\u00e1cie k zadaniam, refer\u00e1tom \u010di z\u00e1vere\u010dn\u00fdm pr\u00e1cam. Konzulta\u010dn\u00e9 hodiny nesl\u00fa\u017eia ako n\u00e1hrada vyme\u0161kan\u00fdch hod\u00edn a platia len po\u010das semestra, v ktorom s\u00fa vyp\u00edsan\u00e9. &nbsp; Meno a priezvisko De\u0148 \u010cas Doc. MUDr. &hellip; \u010c\u00edta\u0165 \u010falej","og_url":"https:\/\/www.upjs.sk\/lekarska-fakulta\/klinika\/deti-a-dorast\/vyucba\/konzultacie\/","og_site_name":"Lek\u00e1rska fakulta | UPJ\u0160","article_modified_time":"2023-08-10T11:17:43+00:00","twitter_card":"summary_large_image","twitter_misc":{"Predpokladan\u00fd \u010das \u010d\u00edtania":"2 min\u00faty"},"schema":{"@context":"https:\/\/schema.org","@graph":[{"@type":"WebPage","@id":"https:\/\/www.upjs.sk\/lekarska-fakulta\/klinika\/deti-a-dorast\/vyucba\/konzultacie\/","url":"https:\/\/www.upjs.sk\/lekarska-fakulta\/klinika\/deti-a-dorast\/vyucba\/konzultacie\/","name":"Konzulta\u010dn\u00e9 hodiny - Lek\u00e1rska fakulta | UPJ\u0160","isPartOf":{"@id":"https:\/\/www.upjs.sk\/lekarska-fakulta\/#website"},"datePublished":"2021-03-22T08:15:23+00:00","dateModified":"2023-08-10T11:17:43+00:00","breadcrumb":{"@id":"https:\/\/www.upjs.sk\/lekarska-fakulta\/klinika\/deti-a-dorast\/vyucba\/konzultacie\/#breadcrumb"},"inLanguage":"sk-SK","potentialAction":[{"@type":"ReadAction","target":["https:\/\/www.upjs.sk\/lekarska-fakulta\/klinika\/deti-a-dorast\/vyucba\/konzultacie\/"]}]},{"@type":"BreadcrumbList","@id":"https:\/\/www.upjs.sk\/lekarska-fakulta\/klinika\/deti-a-dorast\/vyucba\/konzultacie\/#breadcrumb","itemListElement":[{"@type":"ListItem","position":1,"name":"Home","item":"https:\/\/www.upjs.sk\/lekarska-fakulta\/"},{"@type":"ListItem","position":2,"name":"Kliniky","item":"https:\/\/www.upjs.sk\/lekarska-fakulta\/klinika\/"},{"@type":"ListItem","position":3,"name":"Klinika det\u00ed a dorastu","item":"https:\/\/www.upjs.sk\/lekarska-fakulta\/klinika\/deti-a-dorast\/"},{"@type":"ListItem","position":4,"name":"V\u00fdu\u010dba","item":"https:\/\/www.upjs.sk\/lekarska-fakulta\/klinika\/deti-a-dorast\/vyucba\/"},{"@type":"ListItem","position":5,"name":"Konzulta\u010dn\u00e9 hodiny"}]},{"@type":"WebSite","@id":"https:\/\/www.upjs.sk\/lekarska-fakulta\/#website","url":"https:\/\/www.upjs.sk\/lekarska-fakulta\/","name":"Lek\u00e1rska fakulta | UPJ\u0160","description":"","publisher":{"@id":"https:\/\/www.upjs.sk\/lekarska-fakulta\/#organization"},"potentialAction":[{"@type":"SearchAction","target":{"@type":"EntryPoint","urlTemplate":"https:\/\/www.upjs.sk\/lekarska-fakulta\/?s={search_term_string}"},"query-input":{"@type":"PropertyValueSpecification","valueRequired":true,"valueName":"search_term_string"}}],"inLanguage":"sk-SK"},{"@type":"Organization","@id":"https:\/\/www.upjs.sk\/lekarska-fakulta\/#organization","name":"Lek\u00e1rska fakulta | UPJ\u0160","url":"https:\/\/www.upjs.sk\/lekarska-fakulta\/","logo":{"@type":"ImageObject","inLanguage":"sk-SK","@id":"https:\/\/www.upjs.sk\/lekarska-fakulta\/#\/schema\/logo\/image\/","url":"https:\/\/www.upjs.sk\/app\/uploads\/sites\/9\/2022\/09\/logo-lekarska-fakulta.png","contentUrl":"https:\/\/www.upjs.sk\/app\/uploads\/sites\/9\/2022\/09\/logo-lekarska-fakulta.png","width":415,"height":87,"caption":"Lek\u00e1rska fakulta | UPJ\u0160"},"image":{"@id":"https:\/\/www.upjs.sk\/lekarska-fakulta\/#\/schema\/logo\/image\/"}}]}},"_links":{"self":[{"href":"https:\/\/www.upjs.sk\/lekarska-fakulta\/wp-json\/wp\/v2\/cpt_klinika\/31346","targetHints":{"allow":["GET"]}}],"collection":[{"href":"https:\/\/www.upjs.sk\/lekarska-fakulta\/wp-json\/wp\/v2\/cpt_klinika"}],"about":[{"href":"https:\/\/www.upjs.sk\/lekarska-fakulta\/wp-json\/wp\/v2\/types\/cpt_klinika"}],"author":[{"embeddable":true,"href":"https:\/\/www.upjs.sk\/lekarska-fakulta\/wp-json\/wp\/v2\/users\/1"}],"version-history":[{"count":2,"href":"https:\/\/www.upjs.sk\/lekarska-fakulta\/wp-json\/wp\/v2\/cpt_klinika\/31346\/revisions"}],"predecessor-version":[{"id":93164,"href":"https:\/\/www.upjs.sk\/lekarska-fakulta\/wp-json\/wp\/v2\/cpt_klinika\/31346\/revisions\/93164"}],"up":[{"embeddable":true,"href":"https:\/\/www.upjs.sk\/lekarska-fakulta\/wp-json\/wp\/v2\/cpt_klinika\/31341"}],"wp:attachment":[{"href":"https:\/\/www.upjs.sk\/lekarska-fakulta\/wp-json\/wp\/v2\/media?parent=31346"}],"wp:term":[{"taxonomy":"category","embeddable":true,"href":"https:\/\/www.upjs.sk\/lekarska-fakulta\/wp-json\/wp\/v2\/categories?post=31346"},{"taxonomy":"post_tag","embeddable":true,"href":"https:\/\/www.upjs.sk\/lekarska-fakulta\/wp-json\/wp\/v2\/tags?post=31346"},{"taxonomy":"tax_aktuality","embeddable":true,"href":"https:\/\/www.upjs.sk\/lekarska-fakulta\/wp-json\/wp\/v2\/tax_aktuality?post=31346"}],"curies":[{"name":"wp","href":"https:\/\/api.w.org\/{rel}","templated":true}]}}