{"id":31360,"date":"2021-07-14T12:24:02","date_gmt":"2021-07-14T12:24:02","guid":{"rendered":"https:\/\/www.upjs.sk\/lekarska-fakulta\/klinika\/root\/deti-a-dorast\/konferencie\/"},"modified":"2025-05-21T15:12:21","modified_gmt":"2025-05-21T14:12:21","slug":"konferencie","status":"publish","type":"cpt_klinika","link":"https:\/\/www.upjs.sk\/lekarska-fakulta\/klinika\/deti-a-dorast\/konferencie\/","title":{"rendered":"Konferencie"},"content":{"rendered":"<ul>\n<li><a href=\"http:\/\/www.amedi.sk\/podujatia\/xxxiii-konferencia-kliniky-brdeti-a-dorastu-lf-upjs-a-dfn-brix-demantov-den-81\/uvod.html\" target=\"_blank\" rel=\"noopener\"><strong>XXXIII. KONFERENCIA KLINIKY DET\u00cd\u00a0<\/strong><\/a><a href=\"http:\/\/www.amedi.sk\/podujatia\/xxxiii-konferencia-kliniky-brdeti-a-dorastu-lf-upjs-a-dfn-brix-demantov-den-81\/uvod.html\" target=\"_blank\" rel=\"noopener\"><strong>A DORASTU LF UPJ\u0160 A DFN,<\/strong>\u00a0<\/a><a href=\"http:\/\/www.amedi.sk\/podujatia\/xxxiii-konferencia-kliniky-brdeti-a-dorastu-lf-upjs-a-dfn-brix-demantov-den-81\/uvod.html\" target=\"_blank\" rel=\"noopener\"><strong>IX. D\u00c9MANTOV DE\u0147<\/strong><\/a><br \/>\n1. j\u00fan 2017, Ko\u0161ice<\/li>\n<li><strong>PEDIATRIC CLINICAL RESEARCH<\/strong>, 22.- 23. June 2017, Innsbruck, Austria (<em>v r\u00e1mci bilater\u00e1lnej spolupr\u00e1ce) <\/em><\/li>\n<li><a href=\"https:\/\/www.upjs.sk\/public\/media\/17112\/PROGRAM_ Konf_KDaD 2018_web.pdf\"><strong>XXXIV. KONFERENCIA KLINIKY DET\u00cd A DORASTU LF UPJ\u0160 A DFN &#8211; X. D\u00c9MANTOV DE\u0147<br \/>\na<br \/>\nXVIII. KONFERENCIA MLAD\u00ddCH PEDIATROV<\/strong><\/a><br \/>\n6. &#8211; 7. j\u00fan 2018 Hotel Yasmin Ko\u0161ice<\/li>\n<li><a href=\"https:\/\/www.upjs.sk\/public\/media\/17112\/PROGRAM_KDaD_Demant_Vakcin_den_2019 web.pdf\"><strong>XXXV. KONFERENCIA KLINIKY DET\u00cd A DORASTU UPJ\u0160 LF A DFN KO\u0160ICE XI. D\u00c9MANTOV DE\u0147<\/strong> <\/a><br \/>\n20. j\u00fan 2019, UPJ\u0160 Lek\u00e1rska fakulta v Ko\u0161iciach<\/li>\n<li><a href=\"https:\/\/www.upjs.sk\/public\/media\/17112\/program-abstrakta 2020.pdf\"><strong>36. KONFERENCIA KLINIKY DET\u00cd A DORASTU UPJ\u0160 LF A DFN S MEDZIN\u00c1RODNOU \u00da\u010cAS\u0164OU A XII. D\u00c9MANTOV DE\u0147<\/strong><\/a><br \/>\n22. 10. 2020 Ko\u0161ice, formou webin\u00e1ra<\/li>\n<li><a href=\"http:\/\/pediatria-kosice.sk\/uvod\"><strong>37. KONFERENCIA KLINIKY DET\u00cd A DORASTU UPJ\u0160 LF A DFN S MEDZIN\u00c1RODNOU \u00da\u010cAS\u0164OU A XIII. D\u00c9MANTOV DE\u0147<\/strong><\/a><br \/>\n14. 10. 2021, Ko\u0161ice, online webin\u00e1r<\/li>\n<li>38. konferencia Kliniky det\u00ed a dorastu UPJ\u0160 LF a DFN s medzin\u00e1rodnou \u00fa\u010das\u0165ou<br \/>\n2.6.2022 Hotel Yasmin Ko\u0161ice<\/li>\n<li><a href=\"https:\/\/www.upjs.sk\/app\/uploads\/sites\/9\/2024\/11\/Pediatria-Kosice-2023-abstrakta-compressed.pdf\">39. konferencia Kliniky det\u00ed a dorastu UPJ\u0160 LF a DFN s medzin\u00e1rodnou \u00fa\u010das\u0165ou<\/a><br \/>\n1. 6. 2023 hotel Yasmin Ko\u0161ice<\/li>\n<li><a href=\"https:\/\/www.upjs.sk\/app\/uploads\/sites\/9\/2024\/11\/Pediatria-Kosice-2024-Abstrakty-compressed.pdf\">40. konferencia Kliniky det\u00ed a dorastu UPJ\u0160 LF a DFN<\/a><br \/>\n6. 6. 2024 hotel Yasmin Ko\u0161ice<\/li>\n<\/ul>\n","protected":false},"author":1,"featured_media":0,"parent":31338,"menu_order":4,"template":"","meta":{"_acf_changed":false,"_editorskit_title_hidden":false,"_editorskit_reading_time":0,"_editorskit_is_block_options_detached":false,"_editorskit_block_options_position":"{}","footnotes":""},"categories":[],"tags":[],"tax_aktuality":[],"class_list":["post-31360","cpt_klinika","type-cpt_klinika","status-publish","hentry"],"acf":{"acf_link_na_externy_obsah":""},"yoast_head":"<!-- This site is optimized with the Yoast SEO plugin v27.4 - https:\/\/yoast.com\/product\/yoast-seo-wordpress\/ -->\n<title>Konferencie - Lek\u00e1rska fakulta | UPJ\u0160<\/title>\n<meta name=\"robots\" content=\"index, follow, max-snippet:-1, max-image-preview:large, max-video-preview:-1\" \/>\n<link rel=\"canonical\" href=\"https:\/\/www.upjs.sk\/lekarska-fakulta\/klinika\/deti-a-dorast\/konferencie\/\" \/>\n<meta property=\"og:locale\" content=\"sk_SK\" \/>\n<meta property=\"og:type\" content=\"article\" \/>\n<meta property=\"og:title\" content=\"Konferencie - Lek\u00e1rska fakulta | UPJ\u0160\" \/>\n<meta property=\"og:description\" content=\"XXXIII. KONFERENCIA KLINIKY DET\u00cd\u00a0A DORASTU LF UPJ\u0160 A DFN,\u00a0IX. D\u00c9MANTOV DE\u0147 1. j\u00fan 2017, Ko\u0161ice PEDIATRIC CLINICAL RESEARCH, 22.- 23. June 2017, Innsbruck, Austria (v r\u00e1mci bilater\u00e1lnej spolupr\u00e1ce) XXXIV. KONFERENCIA KLINIKY DET\u00cd A DORASTU LF UPJ\u0160 A DFN &#8211; X. D\u00c9MANTOV DE\u0147 a XVIII. KONFERENCIA MLAD\u00ddCH PEDIATROV 6. &#8211; 7. j\u00fan 2018 Hotel Yasmin Ko\u0161ice &hellip; \u010c\u00edta\u0165 \u010falej\" \/>\n<meta property=\"og:url\" content=\"https:\/\/www.upjs.sk\/lekarska-fakulta\/klinika\/deti-a-dorast\/konferencie\/\" \/>\n<meta property=\"og:site_name\" content=\"Lek\u00e1rska fakulta | UPJ\u0160\" \/>\n<meta property=\"article:modified_time\" content=\"2025-05-21T14:12:21+00:00\" \/>\n<meta name=\"twitter:card\" content=\"summary_large_image\" \/>\n<meta name=\"twitter:label1\" content=\"Predpokladan\u00fd \u010das \u010d\u00edtania\" \/>\n\t<meta name=\"twitter:data1\" content=\"1 min\u00fata\" \/>\n<script type=\"application\/ld+json\" class=\"yoast-schema-graph\">{\"@context\":\"https:\\\/\\\/schema.org\",\"@graph\":[{\"@type\":\"WebPage\",\"@id\":\"https:\\\/\\\/www.upjs.sk\\\/lekarska-fakulta\\\/klinika\\\/deti-a-dorast\\\/konferencie\\\/\",\"url\":\"https:\\\/\\\/www.upjs.sk\\\/lekarska-fakulta\\\/klinika\\\/deti-a-dorast\\\/konferencie\\\/\",\"name\":\"Konferencie - Lek\u00e1rska fakulta | UPJ\u0160\",\"isPartOf\":{\"@id\":\"https:\\\/\\\/www.upjs.sk\\\/lekarska-fakulta\\\/#website\"},\"datePublished\":\"2021-07-14T12:24:02+00:00\",\"dateModified\":\"2025-05-21T14:12:21+00:00\",\"breadcrumb\":{\"@id\":\"https:\\\/\\\/www.upjs.sk\\\/lekarska-fakulta\\\/klinika\\\/deti-a-dorast\\\/konferencie\\\/#breadcrumb\"},\"inLanguage\":\"sk-SK\",\"potentialAction\":[{\"@type\":\"ReadAction\",\"target\":[\"https:\\\/\\\/www.upjs.sk\\\/lekarska-fakulta\\\/klinika\\\/deti-a-dorast\\\/konferencie\\\/\"]}]},{\"@type\":\"BreadcrumbList\",\"@id\":\"https:\\\/\\\/www.upjs.sk\\\/lekarska-fakulta\\\/klinika\\\/deti-a-dorast\\\/konferencie\\\/#breadcrumb\",\"itemListElement\":[{\"@type\":\"ListItem\",\"position\":1,\"name\":\"Home\",\"item\":\"https:\\\/\\\/www.upjs.sk\\\/lekarska-fakulta\\\/\"},{\"@type\":\"ListItem\",\"position\":2,\"name\":\"Kliniky\",\"item\":\"https:\\\/\\\/www.upjs.sk\\\/lekarska-fakulta\\\/klinika\\\/\"},{\"@type\":\"ListItem\",\"position\":3,\"name\":\"Klinika det\u00ed a dorastu\",\"item\":\"https:\\\/\\\/www.upjs.sk\\\/lekarska-fakulta\\\/klinika\\\/deti-a-dorast\\\/\"},{\"@type\":\"ListItem\",\"position\":4,\"name\":\"Konferencie\"}]},{\"@type\":\"WebSite\",\"@id\":\"https:\\\/\\\/www.upjs.sk\\\/lekarska-fakulta\\\/#website\",\"url\":\"https:\\\/\\\/www.upjs.sk\\\/lekarska-fakulta\\\/\",\"name\":\"Lek\u00e1rska fakulta | UPJ\u0160\",\"description\":\"\",\"publisher\":{\"@id\":\"https:\\\/\\\/www.upjs.sk\\\/lekarska-fakulta\\\/#organization\"},\"potentialAction\":[{\"@type\":\"SearchAction\",\"target\":{\"@type\":\"EntryPoint\",\"urlTemplate\":\"https:\\\/\\\/www.upjs.sk\\\/lekarska-fakulta\\\/?s={search_term_string}\"},\"query-input\":{\"@type\":\"PropertyValueSpecification\",\"valueRequired\":true,\"valueName\":\"search_term_string\"}}],\"inLanguage\":\"sk-SK\"},{\"@type\":\"Organization\",\"@id\":\"https:\\\/\\\/www.upjs.sk\\\/lekarska-fakulta\\\/#organization\",\"name\":\"Lek\u00e1rska fakulta | UPJ\u0160\",\"url\":\"https:\\\/\\\/www.upjs.sk\\\/lekarska-fakulta\\\/\",\"logo\":{\"@type\":\"ImageObject\",\"inLanguage\":\"sk-SK\",\"@id\":\"https:\\\/\\\/www.upjs.sk\\\/lekarska-fakulta\\\/#\\\/schema\\\/logo\\\/image\\\/\",\"url\":\"https:\\\/\\\/www.upjs.sk\\\/app\\\/uploads\\\/sites\\\/9\\\/2022\\\/09\\\/logo-lekarska-fakulta.png\",\"contentUrl\":\"https:\\\/\\\/www.upjs.sk\\\/app\\\/uploads\\\/sites\\\/9\\\/2022\\\/09\\\/logo-lekarska-fakulta.png\",\"width\":415,\"height\":87,\"caption\":\"Lek\u00e1rska fakulta | UPJ\u0160\"},\"image\":{\"@id\":\"https:\\\/\\\/www.upjs.sk\\\/lekarska-fakulta\\\/#\\\/schema\\\/logo\\\/image\\\/\"}}]}<\/script>\n<!-- \/ Yoast SEO plugin. -->","yoast_head_json":{"title":"Konferencie - Lek\u00e1rska fakulta | UPJ\u0160","robots":{"index":"index","follow":"follow","max-snippet":"max-snippet:-1","max-image-preview":"max-image-preview:large","max-video-preview":"max-video-preview:-1"},"canonical":"https:\/\/www.upjs.sk\/lekarska-fakulta\/klinika\/deti-a-dorast\/konferencie\/","og_locale":"sk_SK","og_type":"article","og_title":"Konferencie - Lek\u00e1rska fakulta | UPJ\u0160","og_description":"XXXIII. KONFERENCIA KLINIKY DET\u00cd\u00a0A DORASTU LF UPJ\u0160 A DFN,\u00a0IX. D\u00c9MANTOV DE\u0147 1. j\u00fan 2017, Ko\u0161ice PEDIATRIC CLINICAL RESEARCH, 22.- 23. June 2017, Innsbruck, Austria (v r\u00e1mci bilater\u00e1lnej spolupr\u00e1ce) XXXIV. KONFERENCIA KLINIKY DET\u00cd A DORASTU LF UPJ\u0160 A DFN &#8211; X. D\u00c9MANTOV DE\u0147 a XVIII. KONFERENCIA MLAD\u00ddCH PEDIATROV 6. &#8211; 7. j\u00fan 2018 Hotel Yasmin Ko\u0161ice &hellip; \u010c\u00edta\u0165 \u010falej","og_url":"https:\/\/www.upjs.sk\/lekarska-fakulta\/klinika\/deti-a-dorast\/konferencie\/","og_site_name":"Lek\u00e1rska fakulta | UPJ\u0160","article_modified_time":"2025-05-21T14:12:21+00:00","twitter_card":"summary_large_image","twitter_misc":{"Predpokladan\u00fd \u010das \u010d\u00edtania":"1 min\u00fata"},"schema":{"@context":"https:\/\/schema.org","@graph":[{"@type":"WebPage","@id":"https:\/\/www.upjs.sk\/lekarska-fakulta\/klinika\/deti-a-dorast\/konferencie\/","url":"https:\/\/www.upjs.sk\/lekarska-fakulta\/klinika\/deti-a-dorast\/konferencie\/","name":"Konferencie - Lek\u00e1rska fakulta | UPJ\u0160","isPartOf":{"@id":"https:\/\/www.upjs.sk\/lekarska-fakulta\/#website"},"datePublished":"2021-07-14T12:24:02+00:00","dateModified":"2025-05-21T14:12:21+00:00","breadcrumb":{"@id":"https:\/\/www.upjs.sk\/lekarska-fakulta\/klinika\/deti-a-dorast\/konferencie\/#breadcrumb"},"inLanguage":"sk-SK","potentialAction":[{"@type":"ReadAction","target":["https:\/\/www.upjs.sk\/lekarska-fakulta\/klinika\/deti-a-dorast\/konferencie\/"]}]},{"@type":"BreadcrumbList","@id":"https:\/\/www.upjs.sk\/lekarska-fakulta\/klinika\/deti-a-dorast\/konferencie\/#breadcrumb","itemListElement":[{"@type":"ListItem","position":1,"name":"Home","item":"https:\/\/www.upjs.sk\/lekarska-fakulta\/"},{"@type":"ListItem","position":2,"name":"Kliniky","item":"https:\/\/www.upjs.sk\/lekarska-fakulta\/klinika\/"},{"@type":"ListItem","position":3,"name":"Klinika det\u00ed a dorastu","item":"https:\/\/www.upjs.sk\/lekarska-fakulta\/klinika\/deti-a-dorast\/"},{"@type":"ListItem","position":4,"name":"Konferencie"}]},{"@type":"WebSite","@id":"https:\/\/www.upjs.sk\/lekarska-fakulta\/#website","url":"https:\/\/www.upjs.sk\/lekarska-fakulta\/","name":"Lek\u00e1rska fakulta | UPJ\u0160","description":"","publisher":{"@id":"https:\/\/www.upjs.sk\/lekarska-fakulta\/#organization"},"potentialAction":[{"@type":"SearchAction","target":{"@type":"EntryPoint","urlTemplate":"https:\/\/www.upjs.sk\/lekarska-fakulta\/?s={search_term_string}"},"query-input":{"@type":"PropertyValueSpecification","valueRequired":true,"valueName":"search_term_string"}}],"inLanguage":"sk-SK"},{"@type":"Organization","@id":"https:\/\/www.upjs.sk\/lekarska-fakulta\/#organization","name":"Lek\u00e1rska fakulta | UPJ\u0160","url":"https:\/\/www.upjs.sk\/lekarska-fakulta\/","logo":{"@type":"ImageObject","inLanguage":"sk-SK","@id":"https:\/\/www.upjs.sk\/lekarska-fakulta\/#\/schema\/logo\/image\/","url":"https:\/\/www.upjs.sk\/app\/uploads\/sites\/9\/2022\/09\/logo-lekarska-fakulta.png","contentUrl":"https:\/\/www.upjs.sk\/app\/uploads\/sites\/9\/2022\/09\/logo-lekarska-fakulta.png","width":415,"height":87,"caption":"Lek\u00e1rska fakulta | UPJ\u0160"},"image":{"@id":"https:\/\/www.upjs.sk\/lekarska-fakulta\/#\/schema\/logo\/image\/"}}]}},"_links":{"self":[{"href":"https:\/\/www.upjs.sk\/lekarska-fakulta\/wp-json\/wp\/v2\/cpt_klinika\/31360","targetHints":{"allow":["GET"]}}],"collection":[{"href":"https:\/\/www.upjs.sk\/lekarska-fakulta\/wp-json\/wp\/v2\/cpt_klinika"}],"about":[{"href":"https:\/\/www.upjs.sk\/lekarska-fakulta\/wp-json\/wp\/v2\/types\/cpt_klinika"}],"author":[{"embeddable":true,"href":"https:\/\/www.upjs.sk\/lekarska-fakulta\/wp-json\/wp\/v2\/users\/1"}],"version-history":[{"count":3,"href":"https:\/\/www.upjs.sk\/lekarska-fakulta\/wp-json\/wp\/v2\/cpt_klinika\/31360\/revisions"}],"predecessor-version":[{"id":123795,"href":"https:\/\/www.upjs.sk\/lekarska-fakulta\/wp-json\/wp\/v2\/cpt_klinika\/31360\/revisions\/123795"}],"up":[{"embeddable":true,"href":"https:\/\/www.upjs.sk\/lekarska-fakulta\/wp-json\/wp\/v2\/cpt_klinika\/31338"}],"wp:attachment":[{"href":"https:\/\/www.upjs.sk\/lekarska-fakulta\/wp-json\/wp\/v2\/media?parent=31360"}],"wp:term":[{"taxonomy":"category","embeddable":true,"href":"https:\/\/www.upjs.sk\/lekarska-fakulta\/wp-json\/wp\/v2\/categories?post=31360"},{"taxonomy":"post_tag","embeddable":true,"href":"https:\/\/www.upjs.sk\/lekarska-fakulta\/wp-json\/wp\/v2\/tags?post=31360"},{"taxonomy":"tax_aktuality","embeddable":true,"href":"https:\/\/www.upjs.sk\/lekarska-fakulta\/wp-json\/wp\/v2\/tax_aktuality?post=31360"}],"curies":[{"name":"wp","href":"https:\/\/api.w.org\/{rel}","templated":true}]}}