{"id":32079,"date":"2017-04-11T19:33:34","date_gmt":"2017-04-11T19:33:34","guid":{"rendered":"https:\/\/www.upjs.sk\/lekarska-fakulta\/klinika\/i-stomatologia\/vyucba\/zaverecne-prace\/obhajene\/"},"modified":"2017-04-11T19:33:34","modified_gmt":"2017-04-11T19:33:34","slug":"obhajene","status":"publish","type":"cpt_klinika","link":"https:\/\/www.upjs.sk\/lekarska-fakulta\/klinika\/i-stomatologia\/vyucba\/zaverecne-prace\/obhajene\/","title":{"rendered":"Z\u00e1vere\u010dn\u00e9 pr\u00e1ce obh\u00e1jen\u00e9 v akademickom roku 2016\/17"},"content":{"rendered":"<p>Ortogn\u00e1tna chirurgia<br \/> Poruchy erupcie mlie\u010dnych zubov<br \/> Mana\u017ement stomatologick\u00e9ho o\u0161etrenia pacientov s\u00a0antiresorp\u010dnou lie\u010dbou<br \/> Nepriame v\u00fdplne v\u00a0zubnom lek\u00e1rstve<br \/> Stav \u00fastneho zdravia vo svete<br \/> Replant\u00e1cie a\u00a0transplant\u00e1cie zubov<br \/> Ostit\u00eddy a\u00a0osteomyelit\u00eddy \u010de\u013eust\u00ed.<br \/> Ochorenia lymfatick\u00e9ho syst\u00e9mu v\u00a0orofaci\u00e1lnej oblasti<br \/> Oroantr\u00e1lne a\u00a0oronaz\u00e1lne komunik\u00e1cie<br \/> Rezistencia vo\u010di frakt\u00fare u\u00a0dist\u00e1lnych zubov s\u00a0priamymi kompozitn\u00fdmi materi\u00e1lmi<br \/> Anal\u00fdza v\u00fdskytu er\u00f3zi\u00ed dutiny \u00fastnej u\u00a0pacientov s\u00a0lichenom a\u00a0bul\u00f3znymi dermat\u00f3zami<br \/> Retrofarynge\u00e1lny priestor a\u00a0\u0161\u00edrenie z\u00e1palov\u00fdch procesov<br \/> Funk\u010dn\u00e9 poruchy \u010de\u013eustn\u00e9ho k\u013abu z\u00a0poh\u013eadu anat\u00f3mia<br \/> Klinick\u00fd v\u00fdznam v\u00fdvojov\u00fdch anom\u00e1li\u00ed orofaci\u00e1lneho syst\u00e9mu<br \/> Inerv\u00e1cia \u00fastnej dutiny a\u00a0jej vz\u0165ah k\u00a0anest\u00e9zii v\u00a0zubnom lek\u00e1rstve<br \/> Z\u00e1vesn\u00fd apar\u00e1t zuba z\u00a0poh\u013eadu morfol\u00f3ga<br \/> Pr\u00edrodn\u00e9 l\u00e1tky v\u00a0s\u00fa\u010dasnej farmakoterapii<br \/> Farmakoterapia infek\u010dn\u00fdch ochoren\u00ed v\u00a0\u00fastnej dutine<br \/> Idiosynkratick\u00e9 ne\u017eiaduce \u00fa\u010dinky lie\u010div<br \/> Farmakoterapia n\u00e1dorov\u00fdch ochoren\u00ed v\u00a0\u00fastnej dutine<br \/> V\u00fdznam sledovania z\u00e1palov\u00fdch markerov pri z\u00e1paloch dentog\u00e9nneho p\u00f4vodu<br \/> Lie\u010dba bolesti v\u00a0orofaci\u00e1lnej oblasti<\/p>\n","protected":false},"author":1,"featured_media":0,"parent":31083,"menu_order":1,"template":"","meta":{"_acf_changed":false,"_editorskit_title_hidden":false,"_editorskit_reading_time":0,"_editorskit_is_block_options_detached":false,"_editorskit_block_options_position":"{}","footnotes":""},"categories":[],"tags":[],"tax_aktuality":[],"class_list":["post-32079","cpt_klinika","type-cpt_klinika","status-publish","hentry"],"acf":{"acf_link_na_externy_obsah":""},"yoast_head":"<!-- This site is optimized with the Yoast SEO plugin v27.4 - https:\/\/yoast.com\/product\/yoast-seo-wordpress\/ -->\n<title>Z\u00e1vere\u010dn\u00e9 pr\u00e1ce obh\u00e1jen\u00e9 v akademickom roku 2016\/17 - Lek\u00e1rska fakulta | UPJ\u0160<\/title>\n<meta name=\"robots\" content=\"index, follow, max-snippet:-1, max-image-preview:large, max-video-preview:-1\" \/>\n<link rel=\"canonical\" href=\"https:\/\/www.upjs.sk\/lekarska-fakulta\/klinika\/i-stomatologia\/vyucba\/zaverecne-prace\/obhajene\/\" \/>\n<meta property=\"og:locale\" content=\"sk_SK\" \/>\n<meta property=\"og:type\" content=\"article\" \/>\n<meta property=\"og:title\" content=\"Z\u00e1vere\u010dn\u00e9 pr\u00e1ce obh\u00e1jen\u00e9 v akademickom roku 2016\/17 - Lek\u00e1rska fakulta | UPJ\u0160\" \/>\n<meta property=\"og:description\" content=\"Ortogn\u00e1tna chirurgia Poruchy erupcie mlie\u010dnych zubov Mana\u017ement stomatologick\u00e9ho o\u0161etrenia pacientov s\u00a0antiresorp\u010dnou lie\u010dbou Nepriame v\u00fdplne v\u00a0zubnom lek\u00e1rstve Stav \u00fastneho zdravia vo svete Replant\u00e1cie a\u00a0transplant\u00e1cie zubov Ostit\u00eddy a\u00a0osteomyelit\u00eddy \u010de\u013eust\u00ed. Ochorenia lymfatick\u00e9ho syst\u00e9mu v\u00a0orofaci\u00e1lnej oblasti Oroantr\u00e1lne a\u00a0oronaz\u00e1lne komunik\u00e1cie Rezistencia vo\u010di frakt\u00fare u\u00a0dist\u00e1lnych zubov s\u00a0priamymi kompozitn\u00fdmi materi\u00e1lmi Anal\u00fdza v\u00fdskytu er\u00f3zi\u00ed dutiny \u00fastnej u\u00a0pacientov s\u00a0lichenom a\u00a0bul\u00f3znymi dermat\u00f3zami Retrofarynge\u00e1lny priestor a\u00a0\u0161\u00edrenie &hellip; \u010c\u00edta\u0165 \u010falej\" \/>\n<meta property=\"og:url\" content=\"https:\/\/www.upjs.sk\/lekarska-fakulta\/klinika\/i-stomatologia\/vyucba\/zaverecne-prace\/obhajene\/\" \/>\n<meta property=\"og:site_name\" content=\"Lek\u00e1rska fakulta | UPJ\u0160\" \/>\n<meta name=\"twitter:card\" content=\"summary_large_image\" \/>\n<meta name=\"twitter:label1\" content=\"Predpokladan\u00fd \u010das \u010d\u00edtania\" \/>\n\t<meta name=\"twitter:data1\" content=\"1 min\u00fata\" \/>\n<script type=\"application\/ld+json\" class=\"yoast-schema-graph\">{\"@context\":\"https:\\\/\\\/schema.org\",\"@graph\":[{\"@type\":\"WebPage\",\"@id\":\"https:\\\/\\\/www.upjs.sk\\\/lekarska-fakulta\\\/klinika\\\/i-stomatologia\\\/vyucba\\\/zaverecne-prace\\\/obhajene\\\/\",\"url\":\"https:\\\/\\\/www.upjs.sk\\\/lekarska-fakulta\\\/klinika\\\/i-stomatologia\\\/vyucba\\\/zaverecne-prace\\\/obhajene\\\/\",\"name\":\"Z\u00e1vere\u010dn\u00e9 pr\u00e1ce obh\u00e1jen\u00e9 v akademickom roku 2016\\\/17 - Lek\u00e1rska fakulta | UPJ\u0160\",\"isPartOf\":{\"@id\":\"https:\\\/\\\/www.upjs.sk\\\/lekarska-fakulta\\\/#website\"},\"datePublished\":\"2017-04-11T19:33:34+00:00\",\"breadcrumb\":{\"@id\":\"https:\\\/\\\/www.upjs.sk\\\/lekarska-fakulta\\\/klinika\\\/i-stomatologia\\\/vyucba\\\/zaverecne-prace\\\/obhajene\\\/#breadcrumb\"},\"inLanguage\":\"sk-SK\",\"potentialAction\":[{\"@type\":\"ReadAction\",\"target\":[\"https:\\\/\\\/www.upjs.sk\\\/lekarska-fakulta\\\/klinika\\\/i-stomatologia\\\/vyucba\\\/zaverecne-prace\\\/obhajene\\\/\"]}]},{\"@type\":\"BreadcrumbList\",\"@id\":\"https:\\\/\\\/www.upjs.sk\\\/lekarska-fakulta\\\/klinika\\\/i-stomatologia\\\/vyucba\\\/zaverecne-prace\\\/obhajene\\\/#breadcrumb\",\"itemListElement\":[{\"@type\":\"ListItem\",\"position\":1,\"name\":\"Home\",\"item\":\"https:\\\/\\\/www.upjs.sk\\\/lekarska-fakulta\\\/\"},{\"@type\":\"ListItem\",\"position\":2,\"name\":\"Kliniky\",\"item\":\"https:\\\/\\\/www.upjs.sk\\\/lekarska-fakulta\\\/klinika\\\/\"},{\"@type\":\"ListItem\",\"position\":3,\"name\":\"I. stomatologick\u00e1 klinika\",\"item\":\"https:\\\/\\\/www.upjs.sk\\\/lekarska-fakulta\\\/klinika\\\/i-stomatologia\\\/\"},{\"@type\":\"ListItem\",\"position\":4,\"name\":\"V\u00fdu\u010dba\",\"item\":\"https:\\\/\\\/www.upjs.sk\\\/lekarska-fakulta\\\/klinika\\\/i-stomatologia\\\/vyucba\\\/\"},{\"@type\":\"ListItem\",\"position\":5,\"name\":\"Z\u00e1vere\u010dn\u00e9 pr\u00e1ce\",\"item\":\"https:\\\/\\\/www.upjs.sk\\\/lekarska-fakulta\\\/klinika\\\/i-stomatologia\\\/vyucba\\\/zaverecne-prace\\\/\"},{\"@type\":\"ListItem\",\"position\":6,\"name\":\"Z\u00e1vere\u010dn\u00e9 pr\u00e1ce obh\u00e1jen\u00e9 v akademickom roku 2016\\\/17\"}]},{\"@type\":\"WebSite\",\"@id\":\"https:\\\/\\\/www.upjs.sk\\\/lekarska-fakulta\\\/#website\",\"url\":\"https:\\\/\\\/www.upjs.sk\\\/lekarska-fakulta\\\/\",\"name\":\"Lek\u00e1rska fakulta | UPJ\u0160\",\"description\":\"\",\"publisher\":{\"@id\":\"https:\\\/\\\/www.upjs.sk\\\/lekarska-fakulta\\\/#organization\"},\"potentialAction\":[{\"@type\":\"SearchAction\",\"target\":{\"@type\":\"EntryPoint\",\"urlTemplate\":\"https:\\\/\\\/www.upjs.sk\\\/lekarska-fakulta\\\/?s={search_term_string}\"},\"query-input\":{\"@type\":\"PropertyValueSpecification\",\"valueRequired\":true,\"valueName\":\"search_term_string\"}}],\"inLanguage\":\"sk-SK\"},{\"@type\":\"Organization\",\"@id\":\"https:\\\/\\\/www.upjs.sk\\\/lekarska-fakulta\\\/#organization\",\"name\":\"Lek\u00e1rska fakulta | UPJ\u0160\",\"url\":\"https:\\\/\\\/www.upjs.sk\\\/lekarska-fakulta\\\/\",\"logo\":{\"@type\":\"ImageObject\",\"inLanguage\":\"sk-SK\",\"@id\":\"https:\\\/\\\/www.upjs.sk\\\/lekarska-fakulta\\\/#\\\/schema\\\/logo\\\/image\\\/\",\"url\":\"https:\\\/\\\/www.upjs.sk\\\/app\\\/uploads\\\/sites\\\/9\\\/2022\\\/09\\\/logo-lekarska-fakulta.png\",\"contentUrl\":\"https:\\\/\\\/www.upjs.sk\\\/app\\\/uploads\\\/sites\\\/9\\\/2022\\\/09\\\/logo-lekarska-fakulta.png\",\"width\":415,\"height\":87,\"caption\":\"Lek\u00e1rska fakulta | UPJ\u0160\"},\"image\":{\"@id\":\"https:\\\/\\\/www.upjs.sk\\\/lekarska-fakulta\\\/#\\\/schema\\\/logo\\\/image\\\/\"}}]}<\/script>\n<!-- \/ Yoast SEO plugin. -->","yoast_head_json":{"title":"Z\u00e1vere\u010dn\u00e9 pr\u00e1ce obh\u00e1jen\u00e9 v akademickom roku 2016\/17 - Lek\u00e1rska fakulta | UPJ\u0160","robots":{"index":"index","follow":"follow","max-snippet":"max-snippet:-1","max-image-preview":"max-image-preview:large","max-video-preview":"max-video-preview:-1"},"canonical":"https:\/\/www.upjs.sk\/lekarska-fakulta\/klinika\/i-stomatologia\/vyucba\/zaverecne-prace\/obhajene\/","og_locale":"sk_SK","og_type":"article","og_title":"Z\u00e1vere\u010dn\u00e9 pr\u00e1ce obh\u00e1jen\u00e9 v akademickom roku 2016\/17 - Lek\u00e1rska fakulta | UPJ\u0160","og_description":"Ortogn\u00e1tna chirurgia Poruchy erupcie mlie\u010dnych zubov Mana\u017ement stomatologick\u00e9ho o\u0161etrenia pacientov s\u00a0antiresorp\u010dnou lie\u010dbou Nepriame v\u00fdplne v\u00a0zubnom lek\u00e1rstve Stav \u00fastneho zdravia vo svete Replant\u00e1cie a\u00a0transplant\u00e1cie zubov Ostit\u00eddy a\u00a0osteomyelit\u00eddy \u010de\u013eust\u00ed. Ochorenia lymfatick\u00e9ho syst\u00e9mu v\u00a0orofaci\u00e1lnej oblasti Oroantr\u00e1lne a\u00a0oronaz\u00e1lne komunik\u00e1cie Rezistencia vo\u010di frakt\u00fare u\u00a0dist\u00e1lnych zubov s\u00a0priamymi kompozitn\u00fdmi materi\u00e1lmi Anal\u00fdza v\u00fdskytu er\u00f3zi\u00ed dutiny \u00fastnej u\u00a0pacientov s\u00a0lichenom a\u00a0bul\u00f3znymi dermat\u00f3zami Retrofarynge\u00e1lny priestor a\u00a0\u0161\u00edrenie &hellip; \u010c\u00edta\u0165 \u010falej","og_url":"https:\/\/www.upjs.sk\/lekarska-fakulta\/klinika\/i-stomatologia\/vyucba\/zaverecne-prace\/obhajene\/","og_site_name":"Lek\u00e1rska fakulta | UPJ\u0160","twitter_card":"summary_large_image","twitter_misc":{"Predpokladan\u00fd \u010das \u010d\u00edtania":"1 min\u00fata"},"schema":{"@context":"https:\/\/schema.org","@graph":[{"@type":"WebPage","@id":"https:\/\/www.upjs.sk\/lekarska-fakulta\/klinika\/i-stomatologia\/vyucba\/zaverecne-prace\/obhajene\/","url":"https:\/\/www.upjs.sk\/lekarska-fakulta\/klinika\/i-stomatologia\/vyucba\/zaverecne-prace\/obhajene\/","name":"Z\u00e1vere\u010dn\u00e9 pr\u00e1ce obh\u00e1jen\u00e9 v akademickom roku 2016\/17 - Lek\u00e1rska fakulta | UPJ\u0160","isPartOf":{"@id":"https:\/\/www.upjs.sk\/lekarska-fakulta\/#website"},"datePublished":"2017-04-11T19:33:34+00:00","breadcrumb":{"@id":"https:\/\/www.upjs.sk\/lekarska-fakulta\/klinika\/i-stomatologia\/vyucba\/zaverecne-prace\/obhajene\/#breadcrumb"},"inLanguage":"sk-SK","potentialAction":[{"@type":"ReadAction","target":["https:\/\/www.upjs.sk\/lekarska-fakulta\/klinika\/i-stomatologia\/vyucba\/zaverecne-prace\/obhajene\/"]}]},{"@type":"BreadcrumbList","@id":"https:\/\/www.upjs.sk\/lekarska-fakulta\/klinika\/i-stomatologia\/vyucba\/zaverecne-prace\/obhajene\/#breadcrumb","itemListElement":[{"@type":"ListItem","position":1,"name":"Home","item":"https:\/\/www.upjs.sk\/lekarska-fakulta\/"},{"@type":"ListItem","position":2,"name":"Kliniky","item":"https:\/\/www.upjs.sk\/lekarska-fakulta\/klinika\/"},{"@type":"ListItem","position":3,"name":"I. stomatologick\u00e1 klinika","item":"https:\/\/www.upjs.sk\/lekarska-fakulta\/klinika\/i-stomatologia\/"},{"@type":"ListItem","position":4,"name":"V\u00fdu\u010dba","item":"https:\/\/www.upjs.sk\/lekarska-fakulta\/klinika\/i-stomatologia\/vyucba\/"},{"@type":"ListItem","position":5,"name":"Z\u00e1vere\u010dn\u00e9 pr\u00e1ce","item":"https:\/\/www.upjs.sk\/lekarska-fakulta\/klinika\/i-stomatologia\/vyucba\/zaverecne-prace\/"},{"@type":"ListItem","position":6,"name":"Z\u00e1vere\u010dn\u00e9 pr\u00e1ce obh\u00e1jen\u00e9 v akademickom roku 2016\/17"}]},{"@type":"WebSite","@id":"https:\/\/www.upjs.sk\/lekarska-fakulta\/#website","url":"https:\/\/www.upjs.sk\/lekarska-fakulta\/","name":"Lek\u00e1rska fakulta | UPJ\u0160","description":"","publisher":{"@id":"https:\/\/www.upjs.sk\/lekarska-fakulta\/#organization"},"potentialAction":[{"@type":"SearchAction","target":{"@type":"EntryPoint","urlTemplate":"https:\/\/www.upjs.sk\/lekarska-fakulta\/?s={search_term_string}"},"query-input":{"@type":"PropertyValueSpecification","valueRequired":true,"valueName":"search_term_string"}}],"inLanguage":"sk-SK"},{"@type":"Organization","@id":"https:\/\/www.upjs.sk\/lekarska-fakulta\/#organization","name":"Lek\u00e1rska fakulta | UPJ\u0160","url":"https:\/\/www.upjs.sk\/lekarska-fakulta\/","logo":{"@type":"ImageObject","inLanguage":"sk-SK","@id":"https:\/\/www.upjs.sk\/lekarska-fakulta\/#\/schema\/logo\/image\/","url":"https:\/\/www.upjs.sk\/app\/uploads\/sites\/9\/2022\/09\/logo-lekarska-fakulta.png","contentUrl":"https:\/\/www.upjs.sk\/app\/uploads\/sites\/9\/2022\/09\/logo-lekarska-fakulta.png","width":415,"height":87,"caption":"Lek\u00e1rska fakulta | UPJ\u0160"},"image":{"@id":"https:\/\/www.upjs.sk\/lekarska-fakulta\/#\/schema\/logo\/image\/"}}]}},"_links":{"self":[{"href":"https:\/\/www.upjs.sk\/lekarska-fakulta\/wp-json\/wp\/v2\/cpt_klinika\/32079","targetHints":{"allow":["GET"]}}],"collection":[{"href":"https:\/\/www.upjs.sk\/lekarska-fakulta\/wp-json\/wp\/v2\/cpt_klinika"}],"about":[{"href":"https:\/\/www.upjs.sk\/lekarska-fakulta\/wp-json\/wp\/v2\/types\/cpt_klinika"}],"author":[{"embeddable":true,"href":"https:\/\/www.upjs.sk\/lekarska-fakulta\/wp-json\/wp\/v2\/users\/1"}],"version-history":[{"count":0,"href":"https:\/\/www.upjs.sk\/lekarska-fakulta\/wp-json\/wp\/v2\/cpt_klinika\/32079\/revisions"}],"up":[{"embeddable":true,"href":"https:\/\/www.upjs.sk\/lekarska-fakulta\/wp-json\/wp\/v2\/cpt_klinika\/31083"}],"wp:attachment":[{"href":"https:\/\/www.upjs.sk\/lekarska-fakulta\/wp-json\/wp\/v2\/media?parent=32079"}],"wp:term":[{"taxonomy":"category","embeddable":true,"href":"https:\/\/www.upjs.sk\/lekarska-fakulta\/wp-json\/wp\/v2\/categories?post=32079"},{"taxonomy":"post_tag","embeddable":true,"href":"https:\/\/www.upjs.sk\/lekarska-fakulta\/wp-json\/wp\/v2\/tags?post=32079"},{"taxonomy":"tax_aktuality","embeddable":true,"href":"https:\/\/www.upjs.sk\/lekarska-fakulta\/wp-json\/wp\/v2\/tax_aktuality?post=32079"}],"curies":[{"name":"wp","href":"https:\/\/api.w.org\/{rel}","templated":true}]}}