{"id":32124,"date":"2013-07-04T08:10:30","date_gmt":"2013-07-04T08:10:30","guid":{"rendered":"https:\/\/www.upjs.sk\/lekarska-fakulta\/klinika\/ii-psychiatria\/vyucba\/zaverecne-prace\/volne\/"},"modified":"2013-07-04T08:10:30","modified_gmt":"2013-07-04T08:10:30","slug":"volne","status":"publish","type":"cpt_klinika","link":"https:\/\/www.upjs.sk\/lekarska-fakulta\/klinika\/ii-psychiatria\/vyucba\/zaverecne-prace\/volne\/","title":{"rendered":"T\u00e9my z\u00e1vere\u010dn\u00fdch pr\u00e1c pre akademick\u00fd rok 2013\/2014"},"content":{"rendered":"<p><!--T\u00e9my z\u00e1vere\u010dn\u00fdch pr\u00e1c pre akademick\u00fd rok 2013\/2014--> <\/p>\n<p> \t<strong>Doc. MUDr. Ivan D\u00f3ci, PhD.<\/strong><\/p>\n<ol>\n<li>Nov\u00e9 komunika\u010dn\u00e9 technol\u00f3gie z psychologick\u00e9ho a psychiatrick\u00e9ho h\u013eadiska.\n<li>Aktu\u00e1lne n\u00e1zory na umiernen\u00e9 pitie alkoholu.\n<li>Endokanabinoidn\u00fd syst\u00e9m z poh\u013eadu psychiatrie\n<li>Homelessness and Mental Health\n<li>Aktu\u00e1lne n\u00e1zory na umiernen\u00e9 pitie alkoholu\n<li>Bio-Psycho-Social Changes in Alcoholism- Bio-psycho-soci\u00e1lne zmeny pri alkoholizme\n<li>Poruchy vn\u00edmania a psychotropn\u00e9 l\u00e1tky- Sensory disturbances and psychotropic substances\n<li>Agresivita z poh\u013eadu psychiatra- Aggression from the perspective of a psychiatrist <\/ol>\n<p> \t<strong>MUDr. Aneta Bedn\u00e1\u0159ov\u00e1<\/strong><\/p>\n<ol>\n<li> Vz\u0165ah spolo\u010dnosti k psychicky chor\u00fdm v z\u00e1vislosti od r\u00f4znych vekov\u00fdch a vzdelanostn\u00fdch kateg\u00f3ri\u00ed. &#8211; Relation of the Society to people with psychic diseases in various age and education levels.\n<li>HIV pozit\u00edvni pacienti a du\u0161evn\u00e9 poruchy &#8211; Mental disorders of HIV positive patients.\n<li>Aktu\u00e1lne n\u00e1zory na psychoterapiu du\u0161evn\u00fdch por\u00fach &#8211; Current views on psychotherapy of  Mental Disorders\n<li>Nikotinizmus u pacientov s psychick\u00fdmi poruchami &#8211; Nicotinism in patients with psychiatric disorders <\/ol>\n<p> \t<strong>MUDr. Jana Van\u010d\u00edkov\u00e1<\/strong><\/p>\n<ol>\n<li> Komorbidita somatick\u00fdch a psychiatrick\u00fdch ochoren\u00ed &#8211; Comorbidity of somatic and psychiatric diseases.\n<li>Imunol\u00f3gia v psychiatrii- Imunology in psychiatry\n<li>Boles\u0165 a depresia &#8211; Pain and depression\n<li>Mo\u017enosti lie\u010dby u pacientov s demenciou  &#8211; Treatment options for patients with dementia\n<li>Endokrinopatie a psychick\u00e9 poruchy\n<li>Najnov\u0161ie poznatky o ADHD. <\/ol>\n","protected":false},"author":1,"featured_media":0,"parent":31233,"menu_order":1,"template":"","meta":{"_acf_changed":false,"_editorskit_title_hidden":false,"_editorskit_reading_time":0,"_editorskit_is_block_options_detached":false,"_editorskit_block_options_position":"{}","footnotes":""},"categories":[],"tags":[],"tax_aktuality":[],"class_list":["post-32124","cpt_klinika","type-cpt_klinika","status-publish","hentry"],"acf":{"acf_link_na_externy_obsah":""},"yoast_head":"<!-- This site is optimized with the Yoast SEO plugin v27.4 - https:\/\/yoast.com\/product\/yoast-seo-wordpress\/ -->\n<title>T\u00e9my z\u00e1vere\u010dn\u00fdch pr\u00e1c pre akademick\u00fd rok 2013\/2014 - Lek\u00e1rska fakulta | UPJ\u0160<\/title>\n<meta name=\"robots\" content=\"index, follow, max-snippet:-1, max-image-preview:large, max-video-preview:-1\" \/>\n<link rel=\"canonical\" href=\"https:\/\/www.upjs.sk\/lekarska-fakulta\/klinika\/ii-psychiatria\/vyucba\/zaverecne-prace\/volne\/\" \/>\n<meta property=\"og:locale\" content=\"sk_SK\" \/>\n<meta property=\"og:type\" content=\"article\" \/>\n<meta property=\"og:title\" content=\"T\u00e9my z\u00e1vere\u010dn\u00fdch pr\u00e1c pre akademick\u00fd rok 2013\/2014 - Lek\u00e1rska fakulta | UPJ\u0160\" \/>\n<meta property=\"og:description\" content=\"Doc. MUDr. Ivan D\u00f3ci, PhD. Nov\u00e9 komunika\u010dn\u00e9 technol\u00f3gie z psychologick\u00e9ho a psychiatrick\u00e9ho h\u013eadiska. Aktu\u00e1lne n\u00e1zory na umiernen\u00e9 pitie alkoholu. Endokanabinoidn\u00fd syst\u00e9m z poh\u013eadu psychiatrie Homelessness and Mental Health Aktu\u00e1lne n\u00e1zory na umiernen\u00e9 pitie alkoholu Bio-Psycho-Social Changes in Alcoholism- Bio-psycho-soci\u00e1lne zmeny pri alkoholizme Poruchy vn\u00edmania a psychotropn\u00e9 l\u00e1tky- Sensory disturbances and psychotropic substances Agresivita z poh\u013eadu &hellip; \u010c\u00edta\u0165 \u010falej\" \/>\n<meta property=\"og:url\" content=\"https:\/\/www.upjs.sk\/lekarska-fakulta\/klinika\/ii-psychiatria\/vyucba\/zaverecne-prace\/volne\/\" \/>\n<meta property=\"og:site_name\" content=\"Lek\u00e1rska fakulta | UPJ\u0160\" \/>\n<meta name=\"twitter:card\" content=\"summary_large_image\" \/>\n<meta name=\"twitter:label1\" content=\"Predpokladan\u00fd \u010das \u010d\u00edtania\" \/>\n\t<meta name=\"twitter:data1\" content=\"1 min\u00fata\" \/>\n<script type=\"application\/ld+json\" class=\"yoast-schema-graph\">{\"@context\":\"https:\\\/\\\/schema.org\",\"@graph\":[{\"@type\":\"WebPage\",\"@id\":\"https:\\\/\\\/www.upjs.sk\\\/lekarska-fakulta\\\/klinika\\\/ii-psychiatria\\\/vyucba\\\/zaverecne-prace\\\/volne\\\/\",\"url\":\"https:\\\/\\\/www.upjs.sk\\\/lekarska-fakulta\\\/klinika\\\/ii-psychiatria\\\/vyucba\\\/zaverecne-prace\\\/volne\\\/\",\"name\":\"T\u00e9my z\u00e1vere\u010dn\u00fdch pr\u00e1c pre akademick\u00fd rok 2013\\\/2014 - Lek\u00e1rska fakulta | UPJ\u0160\",\"isPartOf\":{\"@id\":\"https:\\\/\\\/www.upjs.sk\\\/lekarska-fakulta\\\/#website\"},\"datePublished\":\"2013-07-04T08:10:30+00:00\",\"breadcrumb\":{\"@id\":\"https:\\\/\\\/www.upjs.sk\\\/lekarska-fakulta\\\/klinika\\\/ii-psychiatria\\\/vyucba\\\/zaverecne-prace\\\/volne\\\/#breadcrumb\"},\"inLanguage\":\"sk-SK\",\"potentialAction\":[{\"@type\":\"ReadAction\",\"target\":[\"https:\\\/\\\/www.upjs.sk\\\/lekarska-fakulta\\\/klinika\\\/ii-psychiatria\\\/vyucba\\\/zaverecne-prace\\\/volne\\\/\"]}]},{\"@type\":\"BreadcrumbList\",\"@id\":\"https:\\\/\\\/www.upjs.sk\\\/lekarska-fakulta\\\/klinika\\\/ii-psychiatria\\\/vyucba\\\/zaverecne-prace\\\/volne\\\/#breadcrumb\",\"itemListElement\":[{\"@type\":\"ListItem\",\"position\":1,\"name\":\"Home\",\"item\":\"https:\\\/\\\/www.upjs.sk\\\/lekarska-fakulta\\\/\"},{\"@type\":\"ListItem\",\"position\":2,\"name\":\"Kliniky\",\"item\":\"https:\\\/\\\/www.upjs.sk\\\/lekarska-fakulta\\\/klinika\\\/\"},{\"@type\":\"ListItem\",\"position\":3,\"name\":\"II. psychiatrick\u00e1 klinika\",\"item\":\"https:\\\/\\\/www.upjs.sk\\\/lekarska-fakulta\\\/klinika\\\/ii-psychiatria\\\/\"},{\"@type\":\"ListItem\",\"position\":4,\"name\":\"V\u00fdu\u010dba\",\"item\":\"https:\\\/\\\/www.upjs.sk\\\/lekarska-fakulta\\\/?post_type=cpt_klinika&p=31231\"},{\"@type\":\"ListItem\",\"position\":5,\"name\":\"Z\u00e1vere\u010dn\u00e9 pr\u00e1ce\",\"item\":\"https:\\\/\\\/www.upjs.sk\\\/lekarska-fakulta\\\/klinika\\\/ii-psychiatria\\\/vyucba\\\/zaverecne-prace\\\/\"},{\"@type\":\"ListItem\",\"position\":6,\"name\":\"T\u00e9my z\u00e1vere\u010dn\u00fdch pr\u00e1c pre akademick\u00fd rok 2013\\\/2014\"}]},{\"@type\":\"WebSite\",\"@id\":\"https:\\\/\\\/www.upjs.sk\\\/lekarska-fakulta\\\/#website\",\"url\":\"https:\\\/\\\/www.upjs.sk\\\/lekarska-fakulta\\\/\",\"name\":\"Lek\u00e1rska fakulta | UPJ\u0160\",\"description\":\"\",\"publisher\":{\"@id\":\"https:\\\/\\\/www.upjs.sk\\\/lekarska-fakulta\\\/#organization\"},\"potentialAction\":[{\"@type\":\"SearchAction\",\"target\":{\"@type\":\"EntryPoint\",\"urlTemplate\":\"https:\\\/\\\/www.upjs.sk\\\/lekarska-fakulta\\\/?s={search_term_string}\"},\"query-input\":{\"@type\":\"PropertyValueSpecification\",\"valueRequired\":true,\"valueName\":\"search_term_string\"}}],\"inLanguage\":\"sk-SK\"},{\"@type\":\"Organization\",\"@id\":\"https:\\\/\\\/www.upjs.sk\\\/lekarska-fakulta\\\/#organization\",\"name\":\"Lek\u00e1rska fakulta | UPJ\u0160\",\"url\":\"https:\\\/\\\/www.upjs.sk\\\/lekarska-fakulta\\\/\",\"logo\":{\"@type\":\"ImageObject\",\"inLanguage\":\"sk-SK\",\"@id\":\"https:\\\/\\\/www.upjs.sk\\\/lekarska-fakulta\\\/#\\\/schema\\\/logo\\\/image\\\/\",\"url\":\"https:\\\/\\\/www.upjs.sk\\\/app\\\/uploads\\\/sites\\\/9\\\/2022\\\/09\\\/logo-lekarska-fakulta.png\",\"contentUrl\":\"https:\\\/\\\/www.upjs.sk\\\/app\\\/uploads\\\/sites\\\/9\\\/2022\\\/09\\\/logo-lekarska-fakulta.png\",\"width\":415,\"height\":87,\"caption\":\"Lek\u00e1rska fakulta | UPJ\u0160\"},\"image\":{\"@id\":\"https:\\\/\\\/www.upjs.sk\\\/lekarska-fakulta\\\/#\\\/schema\\\/logo\\\/image\\\/\"}}]}<\/script>\n<!-- \/ Yoast SEO plugin. -->","yoast_head_json":{"title":"T\u00e9my z\u00e1vere\u010dn\u00fdch pr\u00e1c pre akademick\u00fd rok 2013\/2014 - Lek\u00e1rska fakulta | UPJ\u0160","robots":{"index":"index","follow":"follow","max-snippet":"max-snippet:-1","max-image-preview":"max-image-preview:large","max-video-preview":"max-video-preview:-1"},"canonical":"https:\/\/www.upjs.sk\/lekarska-fakulta\/klinika\/ii-psychiatria\/vyucba\/zaverecne-prace\/volne\/","og_locale":"sk_SK","og_type":"article","og_title":"T\u00e9my z\u00e1vere\u010dn\u00fdch pr\u00e1c pre akademick\u00fd rok 2013\/2014 - Lek\u00e1rska fakulta | UPJ\u0160","og_description":"Doc. MUDr. Ivan D\u00f3ci, PhD. Nov\u00e9 komunika\u010dn\u00e9 technol\u00f3gie z psychologick\u00e9ho a psychiatrick\u00e9ho h\u013eadiska. Aktu\u00e1lne n\u00e1zory na umiernen\u00e9 pitie alkoholu. Endokanabinoidn\u00fd syst\u00e9m z poh\u013eadu psychiatrie Homelessness and Mental Health Aktu\u00e1lne n\u00e1zory na umiernen\u00e9 pitie alkoholu Bio-Psycho-Social Changes in Alcoholism- Bio-psycho-soci\u00e1lne zmeny pri alkoholizme Poruchy vn\u00edmania a psychotropn\u00e9 l\u00e1tky- Sensory disturbances and psychotropic substances Agresivita z poh\u013eadu &hellip; \u010c\u00edta\u0165 \u010falej","og_url":"https:\/\/www.upjs.sk\/lekarska-fakulta\/klinika\/ii-psychiatria\/vyucba\/zaverecne-prace\/volne\/","og_site_name":"Lek\u00e1rska fakulta | UPJ\u0160","twitter_card":"summary_large_image","twitter_misc":{"Predpokladan\u00fd \u010das \u010d\u00edtania":"1 min\u00fata"},"schema":{"@context":"https:\/\/schema.org","@graph":[{"@type":"WebPage","@id":"https:\/\/www.upjs.sk\/lekarska-fakulta\/klinika\/ii-psychiatria\/vyucba\/zaverecne-prace\/volne\/","url":"https:\/\/www.upjs.sk\/lekarska-fakulta\/klinika\/ii-psychiatria\/vyucba\/zaverecne-prace\/volne\/","name":"T\u00e9my z\u00e1vere\u010dn\u00fdch pr\u00e1c pre akademick\u00fd rok 2013\/2014 - Lek\u00e1rska fakulta | UPJ\u0160","isPartOf":{"@id":"https:\/\/www.upjs.sk\/lekarska-fakulta\/#website"},"datePublished":"2013-07-04T08:10:30+00:00","breadcrumb":{"@id":"https:\/\/www.upjs.sk\/lekarska-fakulta\/klinika\/ii-psychiatria\/vyucba\/zaverecne-prace\/volne\/#breadcrumb"},"inLanguage":"sk-SK","potentialAction":[{"@type":"ReadAction","target":["https:\/\/www.upjs.sk\/lekarska-fakulta\/klinika\/ii-psychiatria\/vyucba\/zaverecne-prace\/volne\/"]}]},{"@type":"BreadcrumbList","@id":"https:\/\/www.upjs.sk\/lekarska-fakulta\/klinika\/ii-psychiatria\/vyucba\/zaverecne-prace\/volne\/#breadcrumb","itemListElement":[{"@type":"ListItem","position":1,"name":"Home","item":"https:\/\/www.upjs.sk\/lekarska-fakulta\/"},{"@type":"ListItem","position":2,"name":"Kliniky","item":"https:\/\/www.upjs.sk\/lekarska-fakulta\/klinika\/"},{"@type":"ListItem","position":3,"name":"II. psychiatrick\u00e1 klinika","item":"https:\/\/www.upjs.sk\/lekarska-fakulta\/klinika\/ii-psychiatria\/"},{"@type":"ListItem","position":4,"name":"V\u00fdu\u010dba","item":"https:\/\/www.upjs.sk\/lekarska-fakulta\/?post_type=cpt_klinika&p=31231"},{"@type":"ListItem","position":5,"name":"Z\u00e1vere\u010dn\u00e9 pr\u00e1ce","item":"https:\/\/www.upjs.sk\/lekarska-fakulta\/klinika\/ii-psychiatria\/vyucba\/zaverecne-prace\/"},{"@type":"ListItem","position":6,"name":"T\u00e9my z\u00e1vere\u010dn\u00fdch pr\u00e1c pre akademick\u00fd rok 2013\/2014"}]},{"@type":"WebSite","@id":"https:\/\/www.upjs.sk\/lekarska-fakulta\/#website","url":"https:\/\/www.upjs.sk\/lekarska-fakulta\/","name":"Lek\u00e1rska fakulta | UPJ\u0160","description":"","publisher":{"@id":"https:\/\/www.upjs.sk\/lekarska-fakulta\/#organization"},"potentialAction":[{"@type":"SearchAction","target":{"@type":"EntryPoint","urlTemplate":"https:\/\/www.upjs.sk\/lekarska-fakulta\/?s={search_term_string}"},"query-input":{"@type":"PropertyValueSpecification","valueRequired":true,"valueName":"search_term_string"}}],"inLanguage":"sk-SK"},{"@type":"Organization","@id":"https:\/\/www.upjs.sk\/lekarska-fakulta\/#organization","name":"Lek\u00e1rska fakulta | UPJ\u0160","url":"https:\/\/www.upjs.sk\/lekarska-fakulta\/","logo":{"@type":"ImageObject","inLanguage":"sk-SK","@id":"https:\/\/www.upjs.sk\/lekarska-fakulta\/#\/schema\/logo\/image\/","url":"https:\/\/www.upjs.sk\/app\/uploads\/sites\/9\/2022\/09\/logo-lekarska-fakulta.png","contentUrl":"https:\/\/www.upjs.sk\/app\/uploads\/sites\/9\/2022\/09\/logo-lekarska-fakulta.png","width":415,"height":87,"caption":"Lek\u00e1rska fakulta | UPJ\u0160"},"image":{"@id":"https:\/\/www.upjs.sk\/lekarska-fakulta\/#\/schema\/logo\/image\/"}}]}},"_links":{"self":[{"href":"https:\/\/www.upjs.sk\/lekarska-fakulta\/wp-json\/wp\/v2\/cpt_klinika\/32124","targetHints":{"allow":["GET"]}}],"collection":[{"href":"https:\/\/www.upjs.sk\/lekarska-fakulta\/wp-json\/wp\/v2\/cpt_klinika"}],"about":[{"href":"https:\/\/www.upjs.sk\/lekarska-fakulta\/wp-json\/wp\/v2\/types\/cpt_klinika"}],"author":[{"embeddable":true,"href":"https:\/\/www.upjs.sk\/lekarska-fakulta\/wp-json\/wp\/v2\/users\/1"}],"version-history":[{"count":0,"href":"https:\/\/www.upjs.sk\/lekarska-fakulta\/wp-json\/wp\/v2\/cpt_klinika\/32124\/revisions"}],"up":[{"embeddable":true,"href":"https:\/\/www.upjs.sk\/lekarska-fakulta\/wp-json\/wp\/v2\/cpt_klinika\/31233"}],"wp:attachment":[{"href":"https:\/\/www.upjs.sk\/lekarska-fakulta\/wp-json\/wp\/v2\/media?parent=32124"}],"wp:term":[{"taxonomy":"category","embeddable":true,"href":"https:\/\/www.upjs.sk\/lekarska-fakulta\/wp-json\/wp\/v2\/categories?post=32124"},{"taxonomy":"post_tag","embeddable":true,"href":"https:\/\/www.upjs.sk\/lekarska-fakulta\/wp-json\/wp\/v2\/tags?post=32124"},{"taxonomy":"tax_aktuality","embeddable":true,"href":"https:\/\/www.upjs.sk\/lekarska-fakulta\/wp-json\/wp\/v2\/tax_aktuality?post=32124"}],"curies":[{"name":"wp","href":"https:\/\/api.w.org\/{rel}","templated":true}]}}