{"id":32631,"date":"2015-09-25T14:55:58","date_gmt":"2015-09-25T14:55:58","guid":{"rendered":"https:\/\/www.upjs.sk\/lekarska-fakulta\/klinika\/plasticka-chirurgia\/vyucba\/zaverecne-prace\/obhajene\/"},"modified":"2015-09-25T14:55:58","modified_gmt":"2015-09-25T14:55:58","slug":"obhajene","status":"publish","type":"cpt_klinika","link":"https:\/\/www.upjs.sk\/lekarska-fakulta\/klinika\/plasticka-chirurgia\/vyucba\/zaverecne-prace\/obhajene\/","title":{"rendered":"Obh\u00e1jen\u00e9 z\u00e1vere\u010dn\u00e9 pr\u00e1ce"},"content":{"rendered":"<ol>\n<li> \t\t<b>Anti-aging-mo\u017enosti ovplyvnenia porcesu starnutia a korekcie jeho prejavov v plastickej chirurgii<br \/> \t\tved\u00faci:<\/b> MUDr. Marianna Z\u00e1bavn\u00edkov\u00e1, PhD.<br \/> \t\t<b>\u0161tudent:<\/b> Barbora Hamedejov\u00e1<\/li>\n<p> \t<\/p>\n<li> \t\t<b>Perfor\u00e1torov\u00e9 laloky<br \/> \t\tved\u00faci:<\/b> MUDr. Marianna Z\u00e1bavn\u00edkov\u00e1, PhD.<br \/> \t\t<b>\u0161tudent:<\/b> Michal Sedl\u00e1k<\/li>\n<p> \t<\/p>\n<li> \t\t<b>Hojenie r\u00e1n, lie\u010dba problematick\u00fdch r\u00e1n a jaziev plastickej chirurgii<br \/> \t\tved\u00faci:<\/b> MUDr. Marianna Z\u00e1bavn\u00edkov\u00e1, PhD.<br \/> \t\t<b>\u0161tudent:<\/b> M\u00e1ria Gazda\u010dkov\u00e1<\/li>\n<p> \t<\/p>\n<li> \t\t<b>Melanoma predictors of survival<br \/> \t\tved\u00faci:<\/b> MUDr. Marianna Z\u00e1bavn\u00edkov\u00e1, PhD.<br \/> \t\t<b>\u0161tudent:<\/b> Tania Panettella<\/li>\n<p> \t<\/p>\n<li> \t\t<b>Recontruction of chest<br \/> \t\tved\u00faci:<\/b> MUDr. Teodor Kluka, PhD.<br \/> \t\t<b>\u0161tudent:<\/b> Andreas Romanus<\/li>\n<p> \t<\/p>\n<li> \t\t<b>Vyu\u017eitie mikrochirurgickej techniky pri rekon\u0161truk\u010dn\u00fdch oper\u00e1ciach prsn\u00edkov<br \/> \t\tved\u00faci:<\/b> MUDr. Teodor Kluka, PhD.<br \/> \t\t<b>\u0161tudent:<\/b> Tom\u00e1\u0161 Derco<\/li>\n<p> \t<\/p>\n<li> \t\t<b>Vyu\u017eitie mikrochirurgickej techniky pre rkon\u0161truk\u010dn\u00fdch oper\u00e1ciach horn\u00fdch kon\u010dat\u00edn a r\u00fak<br \/> \t\tved\u00faci:<\/b> MUDr. Teodor Kluka, PhD.<br \/> \t\t<b>\u0161tudent:<\/b> Martin Nemec<\/li>\n<\/ol>\n<p> <!--\n\n<p align=\"justify\"> \t1. Diabetick\u00e1 noha. Ved\u00faci: MUDr. Marianna Z\u00e1bavn\u00edkov\u00e1,PhD.<br \/> \t<em><span style=\"float: right; display: inline-block\">(Ane\u017eka \u0160lebodov\u00e1)<\/span><\/em><br \/> \t2. V\u00fdznam molekul\u00e1rnej biol\u00f3gie v diagnostike a prognostike pacientov s n\u00e1dormi ko\u017ee<br \/> \t<em><span style=\"float: right; display: inline-block\">(Gabriela D\u017euponov\u00e1)<\/span><\/em><\/p>\n\n--><\/p>\n","protected":false},"author":1,"featured_media":0,"parent":31551,"menu_order":0,"template":"","meta":{"_acf_changed":false,"_editorskit_title_hidden":false,"_editorskit_reading_time":0,"_editorskit_is_block_options_detached":false,"_editorskit_block_options_position":"{}","footnotes":""},"categories":[],"tags":[],"tax_aktuality":[],"class_list":["post-32631","cpt_klinika","type-cpt_klinika","status-publish","hentry"],"acf":{"acf_link_na_externy_obsah":""},"yoast_head":"<!-- This site is optimized with the Yoast SEO plugin v27.4 - https:\/\/yoast.com\/product\/yoast-seo-wordpress\/ -->\n<title>Obh\u00e1jen\u00e9 z\u00e1vere\u010dn\u00e9 pr\u00e1ce - Lek\u00e1rska fakulta | UPJ\u0160<\/title>\n<meta name=\"robots\" content=\"index, follow, max-snippet:-1, max-image-preview:large, max-video-preview:-1\" \/>\n<link rel=\"canonical\" href=\"https:\/\/www.upjs.sk\/lekarska-fakulta\/klinika\/plasticka-chirurgia\/vyucba\/zaverecne-prace\/obhajene\/\" \/>\n<meta property=\"og:locale\" content=\"sk_SK\" \/>\n<meta property=\"og:type\" content=\"article\" \/>\n<meta property=\"og:title\" content=\"Obh\u00e1jen\u00e9 z\u00e1vere\u010dn\u00e9 pr\u00e1ce - Lek\u00e1rska fakulta | UPJ\u0160\" \/>\n<meta property=\"og:description\" content=\"Anti-aging-mo\u017enosti ovplyvnenia porcesu starnutia a korekcie jeho prejavov v plastickej chirurgii ved\u00faci: MUDr. Marianna Z\u00e1bavn\u00edkov\u00e1, PhD. \u0161tudent: Barbora Hamedejov\u00e1 Perfor\u00e1torov\u00e9 laloky ved\u00faci: MUDr. Marianna Z\u00e1bavn\u00edkov\u00e1, PhD. \u0161tudent: Michal Sedl\u00e1k Hojenie r\u00e1n, lie\u010dba problematick\u00fdch r\u00e1n a jaziev plastickej chirurgii ved\u00faci: MUDr. Marianna Z\u00e1bavn\u00edkov\u00e1, PhD. \u0161tudent: M\u00e1ria Gazda\u010dkov\u00e1 Melanoma predictors of survival ved\u00faci: MUDr. Marianna Z\u00e1bavn\u00edkov\u00e1, PhD. &hellip; \u010c\u00edta\u0165 \u010falej\" \/>\n<meta property=\"og:url\" content=\"https:\/\/www.upjs.sk\/lekarska-fakulta\/klinika\/plasticka-chirurgia\/vyucba\/zaverecne-prace\/obhajene\/\" \/>\n<meta property=\"og:site_name\" content=\"Lek\u00e1rska fakulta | UPJ\u0160\" \/>\n<meta name=\"twitter:card\" content=\"summary_large_image\" \/>\n<meta name=\"twitter:label1\" content=\"Predpokladan\u00fd \u010das \u010d\u00edtania\" \/>\n\t<meta name=\"twitter:data1\" content=\"1 min\u00fata\" \/>\n<script type=\"application\/ld+json\" class=\"yoast-schema-graph\">{\"@context\":\"https:\\\/\\\/schema.org\",\"@graph\":[{\"@type\":\"WebPage\",\"@id\":\"https:\\\/\\\/www.upjs.sk\\\/lekarska-fakulta\\\/klinika\\\/plasticka-chirurgia\\\/vyucba\\\/zaverecne-prace\\\/obhajene\\\/\",\"url\":\"https:\\\/\\\/www.upjs.sk\\\/lekarska-fakulta\\\/klinika\\\/plasticka-chirurgia\\\/vyucba\\\/zaverecne-prace\\\/obhajene\\\/\",\"name\":\"Obh\u00e1jen\u00e9 z\u00e1vere\u010dn\u00e9 pr\u00e1ce - Lek\u00e1rska fakulta | UPJ\u0160\",\"isPartOf\":{\"@id\":\"https:\\\/\\\/www.upjs.sk\\\/lekarska-fakulta\\\/#website\"},\"datePublished\":\"2015-09-25T14:55:58+00:00\",\"breadcrumb\":{\"@id\":\"https:\\\/\\\/www.upjs.sk\\\/lekarska-fakulta\\\/klinika\\\/plasticka-chirurgia\\\/vyucba\\\/zaverecne-prace\\\/obhajene\\\/#breadcrumb\"},\"inLanguage\":\"sk-SK\",\"potentialAction\":[{\"@type\":\"ReadAction\",\"target\":[\"https:\\\/\\\/www.upjs.sk\\\/lekarska-fakulta\\\/klinika\\\/plasticka-chirurgia\\\/vyucba\\\/zaverecne-prace\\\/obhajene\\\/\"]}]},{\"@type\":\"BreadcrumbList\",\"@id\":\"https:\\\/\\\/www.upjs.sk\\\/lekarska-fakulta\\\/klinika\\\/plasticka-chirurgia\\\/vyucba\\\/zaverecne-prace\\\/obhajene\\\/#breadcrumb\",\"itemListElement\":[{\"@type\":\"ListItem\",\"position\":1,\"name\":\"Home\",\"item\":\"https:\\\/\\\/www.upjs.sk\\\/lekarska-fakulta\\\/\"},{\"@type\":\"ListItem\",\"position\":2,\"name\":\"Kliniky\",\"item\":\"https:\\\/\\\/www.upjs.sk\\\/lekarska-fakulta\\\/klinika\\\/\"},{\"@type\":\"ListItem\",\"position\":3,\"name\":\"Zamestnanci\",\"item\":\"https:\\\/\\\/www.upjs.sk\\\/lekarska-fakulta\\\/klinika\\\/plasticka-chirurgia\\\/\"},{\"@type\":\"ListItem\",\"position\":4,\"name\":\"V\u00fdu\u010dba\",\"item\":\"https:\\\/\\\/www.upjs.sk\\\/lekarska-fakulta\\\/klinika\\\/plasticka-chirurgia\\\/vyucba\\\/\"},{\"@type\":\"ListItem\",\"position\":5,\"name\":\"Z\u00e1vere\u010dn\u00e9 pr\u00e1ce\",\"item\":\"https:\\\/\\\/www.upjs.sk\\\/lekarska-fakulta\\\/klinika\\\/plasticka-chirurgia\\\/vyucba\\\/zaverecne-prace\\\/\"},{\"@type\":\"ListItem\",\"position\":6,\"name\":\"Obh\u00e1jen\u00e9 z\u00e1vere\u010dn\u00e9 pr\u00e1ce\"}]},{\"@type\":\"WebSite\",\"@id\":\"https:\\\/\\\/www.upjs.sk\\\/lekarska-fakulta\\\/#website\",\"url\":\"https:\\\/\\\/www.upjs.sk\\\/lekarska-fakulta\\\/\",\"name\":\"Lek\u00e1rska fakulta | UPJ\u0160\",\"description\":\"\",\"publisher\":{\"@id\":\"https:\\\/\\\/www.upjs.sk\\\/lekarska-fakulta\\\/#organization\"},\"potentialAction\":[{\"@type\":\"SearchAction\",\"target\":{\"@type\":\"EntryPoint\",\"urlTemplate\":\"https:\\\/\\\/www.upjs.sk\\\/lekarska-fakulta\\\/?s={search_term_string}\"},\"query-input\":{\"@type\":\"PropertyValueSpecification\",\"valueRequired\":true,\"valueName\":\"search_term_string\"}}],\"inLanguage\":\"sk-SK\"},{\"@type\":\"Organization\",\"@id\":\"https:\\\/\\\/www.upjs.sk\\\/lekarska-fakulta\\\/#organization\",\"name\":\"Lek\u00e1rska fakulta | UPJ\u0160\",\"url\":\"https:\\\/\\\/www.upjs.sk\\\/lekarska-fakulta\\\/\",\"logo\":{\"@type\":\"ImageObject\",\"inLanguage\":\"sk-SK\",\"@id\":\"https:\\\/\\\/www.upjs.sk\\\/lekarska-fakulta\\\/#\\\/schema\\\/logo\\\/image\\\/\",\"url\":\"https:\\\/\\\/www.upjs.sk\\\/app\\\/uploads\\\/sites\\\/9\\\/2022\\\/09\\\/logo-lekarska-fakulta.png\",\"contentUrl\":\"https:\\\/\\\/www.upjs.sk\\\/app\\\/uploads\\\/sites\\\/9\\\/2022\\\/09\\\/logo-lekarska-fakulta.png\",\"width\":415,\"height\":87,\"caption\":\"Lek\u00e1rska fakulta | UPJ\u0160\"},\"image\":{\"@id\":\"https:\\\/\\\/www.upjs.sk\\\/lekarska-fakulta\\\/#\\\/schema\\\/logo\\\/image\\\/\"}}]}<\/script>\n<!-- \/ Yoast SEO plugin. -->","yoast_head_json":{"title":"Obh\u00e1jen\u00e9 z\u00e1vere\u010dn\u00e9 pr\u00e1ce - Lek\u00e1rska fakulta | UPJ\u0160","robots":{"index":"index","follow":"follow","max-snippet":"max-snippet:-1","max-image-preview":"max-image-preview:large","max-video-preview":"max-video-preview:-1"},"canonical":"https:\/\/www.upjs.sk\/lekarska-fakulta\/klinika\/plasticka-chirurgia\/vyucba\/zaverecne-prace\/obhajene\/","og_locale":"sk_SK","og_type":"article","og_title":"Obh\u00e1jen\u00e9 z\u00e1vere\u010dn\u00e9 pr\u00e1ce - Lek\u00e1rska fakulta | UPJ\u0160","og_description":"Anti-aging-mo\u017enosti ovplyvnenia porcesu starnutia a korekcie jeho prejavov v plastickej chirurgii ved\u00faci: MUDr. Marianna Z\u00e1bavn\u00edkov\u00e1, PhD. \u0161tudent: Barbora Hamedejov\u00e1 Perfor\u00e1torov\u00e9 laloky ved\u00faci: MUDr. Marianna Z\u00e1bavn\u00edkov\u00e1, PhD. \u0161tudent: Michal Sedl\u00e1k Hojenie r\u00e1n, lie\u010dba problematick\u00fdch r\u00e1n a jaziev plastickej chirurgii ved\u00faci: MUDr. Marianna Z\u00e1bavn\u00edkov\u00e1, PhD. \u0161tudent: M\u00e1ria Gazda\u010dkov\u00e1 Melanoma predictors of survival ved\u00faci: MUDr. Marianna Z\u00e1bavn\u00edkov\u00e1, PhD. &hellip; \u010c\u00edta\u0165 \u010falej","og_url":"https:\/\/www.upjs.sk\/lekarska-fakulta\/klinika\/plasticka-chirurgia\/vyucba\/zaverecne-prace\/obhajene\/","og_site_name":"Lek\u00e1rska fakulta | UPJ\u0160","twitter_card":"summary_large_image","twitter_misc":{"Predpokladan\u00fd \u010das \u010d\u00edtania":"1 min\u00fata"},"schema":{"@context":"https:\/\/schema.org","@graph":[{"@type":"WebPage","@id":"https:\/\/www.upjs.sk\/lekarska-fakulta\/klinika\/plasticka-chirurgia\/vyucba\/zaverecne-prace\/obhajene\/","url":"https:\/\/www.upjs.sk\/lekarska-fakulta\/klinika\/plasticka-chirurgia\/vyucba\/zaverecne-prace\/obhajene\/","name":"Obh\u00e1jen\u00e9 z\u00e1vere\u010dn\u00e9 pr\u00e1ce - Lek\u00e1rska fakulta | UPJ\u0160","isPartOf":{"@id":"https:\/\/www.upjs.sk\/lekarska-fakulta\/#website"},"datePublished":"2015-09-25T14:55:58+00:00","breadcrumb":{"@id":"https:\/\/www.upjs.sk\/lekarska-fakulta\/klinika\/plasticka-chirurgia\/vyucba\/zaverecne-prace\/obhajene\/#breadcrumb"},"inLanguage":"sk-SK","potentialAction":[{"@type":"ReadAction","target":["https:\/\/www.upjs.sk\/lekarska-fakulta\/klinika\/plasticka-chirurgia\/vyucba\/zaverecne-prace\/obhajene\/"]}]},{"@type":"BreadcrumbList","@id":"https:\/\/www.upjs.sk\/lekarska-fakulta\/klinika\/plasticka-chirurgia\/vyucba\/zaverecne-prace\/obhajene\/#breadcrumb","itemListElement":[{"@type":"ListItem","position":1,"name":"Home","item":"https:\/\/www.upjs.sk\/lekarska-fakulta\/"},{"@type":"ListItem","position":2,"name":"Kliniky","item":"https:\/\/www.upjs.sk\/lekarska-fakulta\/klinika\/"},{"@type":"ListItem","position":3,"name":"Zamestnanci","item":"https:\/\/www.upjs.sk\/lekarska-fakulta\/klinika\/plasticka-chirurgia\/"},{"@type":"ListItem","position":4,"name":"V\u00fdu\u010dba","item":"https:\/\/www.upjs.sk\/lekarska-fakulta\/klinika\/plasticka-chirurgia\/vyucba\/"},{"@type":"ListItem","position":5,"name":"Z\u00e1vere\u010dn\u00e9 pr\u00e1ce","item":"https:\/\/www.upjs.sk\/lekarska-fakulta\/klinika\/plasticka-chirurgia\/vyucba\/zaverecne-prace\/"},{"@type":"ListItem","position":6,"name":"Obh\u00e1jen\u00e9 z\u00e1vere\u010dn\u00e9 pr\u00e1ce"}]},{"@type":"WebSite","@id":"https:\/\/www.upjs.sk\/lekarska-fakulta\/#website","url":"https:\/\/www.upjs.sk\/lekarska-fakulta\/","name":"Lek\u00e1rska fakulta | UPJ\u0160","description":"","publisher":{"@id":"https:\/\/www.upjs.sk\/lekarska-fakulta\/#organization"},"potentialAction":[{"@type":"SearchAction","target":{"@type":"EntryPoint","urlTemplate":"https:\/\/www.upjs.sk\/lekarska-fakulta\/?s={search_term_string}"},"query-input":{"@type":"PropertyValueSpecification","valueRequired":true,"valueName":"search_term_string"}}],"inLanguage":"sk-SK"},{"@type":"Organization","@id":"https:\/\/www.upjs.sk\/lekarska-fakulta\/#organization","name":"Lek\u00e1rska fakulta | UPJ\u0160","url":"https:\/\/www.upjs.sk\/lekarska-fakulta\/","logo":{"@type":"ImageObject","inLanguage":"sk-SK","@id":"https:\/\/www.upjs.sk\/lekarska-fakulta\/#\/schema\/logo\/image\/","url":"https:\/\/www.upjs.sk\/app\/uploads\/sites\/9\/2022\/09\/logo-lekarska-fakulta.png","contentUrl":"https:\/\/www.upjs.sk\/app\/uploads\/sites\/9\/2022\/09\/logo-lekarska-fakulta.png","width":415,"height":87,"caption":"Lek\u00e1rska fakulta | UPJ\u0160"},"image":{"@id":"https:\/\/www.upjs.sk\/lekarska-fakulta\/#\/schema\/logo\/image\/"}}]}},"_links":{"self":[{"href":"https:\/\/www.upjs.sk\/lekarska-fakulta\/wp-json\/wp\/v2\/cpt_klinika\/32631","targetHints":{"allow":["GET"]}}],"collection":[{"href":"https:\/\/www.upjs.sk\/lekarska-fakulta\/wp-json\/wp\/v2\/cpt_klinika"}],"about":[{"href":"https:\/\/www.upjs.sk\/lekarska-fakulta\/wp-json\/wp\/v2\/types\/cpt_klinika"}],"author":[{"embeddable":true,"href":"https:\/\/www.upjs.sk\/lekarska-fakulta\/wp-json\/wp\/v2\/users\/1"}],"version-history":[{"count":0,"href":"https:\/\/www.upjs.sk\/lekarska-fakulta\/wp-json\/wp\/v2\/cpt_klinika\/32631\/revisions"}],"up":[{"embeddable":true,"href":"https:\/\/www.upjs.sk\/lekarska-fakulta\/wp-json\/wp\/v2\/cpt_klinika\/31551"}],"wp:attachment":[{"href":"https:\/\/www.upjs.sk\/lekarska-fakulta\/wp-json\/wp\/v2\/media?parent=32631"}],"wp:term":[{"taxonomy":"category","embeddable":true,"href":"https:\/\/www.upjs.sk\/lekarska-fakulta\/wp-json\/wp\/v2\/categories?post=32631"},{"taxonomy":"post_tag","embeddable":true,"href":"https:\/\/www.upjs.sk\/lekarska-fakulta\/wp-json\/wp\/v2\/tags?post=32631"},{"taxonomy":"tax_aktuality","embeddable":true,"href":"https:\/\/www.upjs.sk\/lekarska-fakulta\/wp-json\/wp\/v2\/tax_aktuality?post=32631"}],"curies":[{"name":"wp","href":"https:\/\/api.w.org\/{rel}","templated":true}]}}