{"id":34685,"date":"2020-01-24T15:34:37","date_gmt":"2020-01-24T15:34:37","guid":{"rendered":"https:\/\/www.upjs.sk\/lekarska-fakulta\/pracoviska\/medipark\/aktuality\/22436-2\/"},"modified":"2020-01-24T15:34:37","modified_gmt":"2020-01-24T15:34:37","slug":"22436-2","status":"publish","type":"cpt_pracoviska","link":"https:\/\/www.upjs.sk\/lekarska-fakulta\/pracoviska\/medipark\/aktuality\/22436-2\/","title":{"rendered":"MediPark na 23.odbornom semin\u00e1ri &#8222;Lek\u00e1ri a laborat\u00f3rium&#8220;"},"content":{"rendered":"<p>D\u0148a 4.12. 2019 sa v hoteli Dukla v Pre\u0161ove uskuto\u010dnil v porad\u00ed 23. odborn\u00fd semin\u00e1r &#8222;Lek\u00e1ri a laborat\u00f3rium&#8220; synlab slovakia s.r.o.\u00a0<\/p>\n<p>MediPark na tomto podujat\u00ed zastupoval n\u00e1\u0161 p\u00e1n riadite\u013e,\u00a0<strong>p\u00e1n prof. MUDr. Pavol Jar\u010du\u0161ka<\/strong>, PhD., ktor\u00fd sa vo svojom vyst\u00fape\u00a0zameral\u00a0 na t\u00e9mu &#8222;Green antibiotic policy&#8220;.\u00a0 \u010eal\u0161ie predn\u00e1\u0161ky, ktor\u00e9 na tomto semin\u00e1ri odzneli,\u00a0boli venovan\u00e9\u00a0postaveniu\u00a0laborat\u00f3ria v zdravotnej starostlivosti z poh\u013eadu zdravotnej pois\u0165ovne, technol\u00f3giam pou\u017e\u00edvan\u00fdm v diabetol\u00f3gii, \u010di \u0161portov\u00e9mu srdcu v echokardiografickom obraze.\u00a0\u00a0<\/p>\n<p>\u00a0<\/p>\n<p>Predn\u00e1\u0161ku\u00a0p\u00e1na prof. MUDr. Pavla Jar\u010du\u0161ku, PhD. a ostatn\u00fdch prezentuj\u00facich si m\u00f4\u017eete vypo\u010du\u0165 <a href=\"https:\/\/sites.google.com\/view\/synlab2019presov\/\">tu.\u00a0<\/a><\/p>\n","protected":false},"author":1,"featured_media":17243,"parent":34626,"menu_order":3,"template":"","meta":{"_acf_changed":false,"_editorskit_title_hidden":false,"_editorskit_reading_time":0,"_editorskit_is_block_options_detached":false,"_editorskit_block_options_position":"{}"},"categories":[],"tags":[],"tax_aktuality":[],"class_list":["post-34685","cpt_pracoviska","type-cpt_pracoviska","status-publish","has-post-thumbnail","hentry"],"acf":{"acf_link_na_externy_obsah":""},"yoast_head":"<!-- This site is optimized with the Yoast SEO plugin v27.4 - https:\/\/yoast.com\/product\/yoast-seo-wordpress\/ -->\n<title>MediPark na 23.odbornom semin\u00e1ri &quot;Lek\u00e1ri a laborat\u00f3rium&quot; - Lek\u00e1rska fakulta | UPJ\u0160<\/title>\n<meta name=\"robots\" content=\"index, follow, max-snippet:-1, max-image-preview:large, max-video-preview:-1\" \/>\n<link rel=\"canonical\" href=\"https:\/\/www.upjs.sk\/lekarska-fakulta\/pracoviska\/medipark\/aktuality\/22436-2\/\" \/>\n<meta property=\"og:locale\" content=\"sk_SK\" \/>\n<meta property=\"og:type\" content=\"article\" \/>\n<meta property=\"og:title\" content=\"MediPark na 23.odbornom semin\u00e1ri &quot;Lek\u00e1ri a laborat\u00f3rium&quot; - Lek\u00e1rska fakulta | UPJ\u0160\" \/>\n<meta property=\"og:description\" content=\"D\u0148a 4.12. 2019 sa v hoteli Dukla v Pre\u0161ove uskuto\u010dnil v porad\u00ed 23. odborn\u00fd semin\u00e1r &#8222;Lek\u00e1ri a laborat\u00f3rium&#8220; synlab slovakia s.r.o.\u00a0 MediPark na tomto podujat\u00ed zastupoval n\u00e1\u0161 p\u00e1n riadite\u013e,\u00a0p\u00e1n prof. MUDr. Pavol Jar\u010du\u0161ka, PhD., ktor\u00fd sa vo svojom vyst\u00fape\u00a0zameral\u00a0 na t\u00e9mu &#8222;Green antibiotic policy&#8220;.\u00a0 \u010eal\u0161ie predn\u00e1\u0161ky, ktor\u00e9 na tomto semin\u00e1ri odzneli,\u00a0boli venovan\u00e9\u00a0postaveniu\u00a0laborat\u00f3ria v zdravotnej starostlivosti &hellip; \u010c\u00edta\u0165 \u010falej\" \/>\n<meta property=\"og:url\" content=\"https:\/\/www.upjs.sk\/lekarska-fakulta\/pracoviska\/medipark\/aktuality\/22436-2\/\" \/>\n<meta property=\"og:site_name\" content=\"Lek\u00e1rska fakulta | UPJ\u0160\" \/>\n<meta property=\"og:image\" content=\"https:\/\/www.upjs.sk\/app\/uploads\/sites\/9\/2022\/09\/download.jpg\" \/>\n\t<meta property=\"og:image:width\" content=\"250\" \/>\n\t<meta property=\"og:image:height\" content=\"138\" \/>\n\t<meta property=\"og:image:type\" content=\"image\/jpeg\" \/>\n<meta name=\"twitter:card\" content=\"summary_large_image\" \/>\n<meta name=\"twitter:label1\" content=\"Predpokladan\u00fd \u010das \u010d\u00edtania\" \/>\n\t<meta name=\"twitter:data1\" content=\"1 min\u00fata\" \/>\n<script type=\"application\/ld+json\" class=\"yoast-schema-graph\">{\"@context\":\"https:\\\/\\\/schema.org\",\"@graph\":[{\"@type\":\"WebPage\",\"@id\":\"https:\\\/\\\/www.upjs.sk\\\/lekarska-fakulta\\\/pracoviska\\\/medipark\\\/aktuality\\\/22436-2\\\/\",\"url\":\"https:\\\/\\\/www.upjs.sk\\\/lekarska-fakulta\\\/pracoviska\\\/medipark\\\/aktuality\\\/22436-2\\\/\",\"name\":\"MediPark na 23.odbornom semin\u00e1ri \\\"Lek\u00e1ri a laborat\u00f3rium\\\" - Lek\u00e1rska fakulta | UPJ\u0160\",\"isPartOf\":{\"@id\":\"https:\\\/\\\/www.upjs.sk\\\/lekarska-fakulta\\\/#website\"},\"primaryImageOfPage\":{\"@id\":\"https:\\\/\\\/www.upjs.sk\\\/lekarska-fakulta\\\/pracoviska\\\/medipark\\\/aktuality\\\/22436-2\\\/#primaryimage\"},\"image\":{\"@id\":\"https:\\\/\\\/www.upjs.sk\\\/lekarska-fakulta\\\/pracoviska\\\/medipark\\\/aktuality\\\/22436-2\\\/#primaryimage\"},\"thumbnailUrl\":\"https:\\\/\\\/www.upjs.sk\\\/app\\\/uploads\\\/sites\\\/9\\\/2022\\\/09\\\/download.jpg\",\"datePublished\":\"2020-01-24T15:34:37+00:00\",\"breadcrumb\":{\"@id\":\"https:\\\/\\\/www.upjs.sk\\\/lekarska-fakulta\\\/pracoviska\\\/medipark\\\/aktuality\\\/22436-2\\\/#breadcrumb\"},\"inLanguage\":\"sk-SK\",\"potentialAction\":[{\"@type\":\"ReadAction\",\"target\":[\"https:\\\/\\\/www.upjs.sk\\\/lekarska-fakulta\\\/pracoviska\\\/medipark\\\/aktuality\\\/22436-2\\\/\"]}]},{\"@type\":\"ImageObject\",\"inLanguage\":\"sk-SK\",\"@id\":\"https:\\\/\\\/www.upjs.sk\\\/lekarska-fakulta\\\/pracoviska\\\/medipark\\\/aktuality\\\/22436-2\\\/#primaryimage\",\"url\":\"https:\\\/\\\/www.upjs.sk\\\/app\\\/uploads\\\/sites\\\/9\\\/2022\\\/09\\\/download.jpg\",\"contentUrl\":\"https:\\\/\\\/www.upjs.sk\\\/app\\\/uploads\\\/sites\\\/9\\\/2022\\\/09\\\/download.jpg\",\"width\":250,\"height\":138,\"caption\":\"introductory-assembly\"},{\"@type\":\"BreadcrumbList\",\"@id\":\"https:\\\/\\\/www.upjs.sk\\\/lekarska-fakulta\\\/pracoviska\\\/medipark\\\/aktuality\\\/22436-2\\\/#breadcrumb\",\"itemListElement\":[{\"@type\":\"ListItem\",\"position\":1,\"name\":\"Home\",\"item\":\"https:\\\/\\\/www.upjs.sk\\\/lekarska-fakulta\\\/\"},{\"@type\":\"ListItem\",\"position\":2,\"name\":\"Pracovisk\u00e1\",\"item\":\"https:\\\/\\\/www.upjs.sk\\\/lekarska-fakulta\\\/pracoviska\\\/\"},{\"@type\":\"ListItem\",\"position\":3,\"name\":\"Centrum klinick\u00e9ho a predklinick\u00e9ho v\u00fdskumu MEDIPARK\",\"item\":\"https:\\\/\\\/www.upjs.sk\\\/lekarska-fakulta\\\/pracoviska\\\/medipark\\\/\"},{\"@type\":\"ListItem\",\"position\":4,\"name\":\"Aktuality\",\"item\":\"https:\\\/\\\/www.upjs.sk\\\/lekarska-fakulta\\\/pracoviska\\\/medipark\\\/aktuality\\\/\"},{\"@type\":\"ListItem\",\"position\":5,\"name\":\"MediPark na 23.odbornom semin\u00e1ri &#8220;Lek\u00e1ri a laborat\u00f3rium&#8221;\"}]},{\"@type\":\"WebSite\",\"@id\":\"https:\\\/\\\/www.upjs.sk\\\/lekarska-fakulta\\\/#website\",\"url\":\"https:\\\/\\\/www.upjs.sk\\\/lekarska-fakulta\\\/\",\"name\":\"Lek\u00e1rska fakulta | UPJ\u0160\",\"description\":\"\",\"publisher\":{\"@id\":\"https:\\\/\\\/www.upjs.sk\\\/lekarska-fakulta\\\/#organization\"},\"potentialAction\":[{\"@type\":\"SearchAction\",\"target\":{\"@type\":\"EntryPoint\",\"urlTemplate\":\"https:\\\/\\\/www.upjs.sk\\\/lekarska-fakulta\\\/?s={search_term_string}\"},\"query-input\":{\"@type\":\"PropertyValueSpecification\",\"valueRequired\":true,\"valueName\":\"search_term_string\"}}],\"inLanguage\":\"sk-SK\"},{\"@type\":\"Organization\",\"@id\":\"https:\\\/\\\/www.upjs.sk\\\/lekarska-fakulta\\\/#organization\",\"name\":\"Lek\u00e1rska fakulta | UPJ\u0160\",\"url\":\"https:\\\/\\\/www.upjs.sk\\\/lekarska-fakulta\\\/\",\"logo\":{\"@type\":\"ImageObject\",\"inLanguage\":\"sk-SK\",\"@id\":\"https:\\\/\\\/www.upjs.sk\\\/lekarska-fakulta\\\/#\\\/schema\\\/logo\\\/image\\\/\",\"url\":\"https:\\\/\\\/www.upjs.sk\\\/app\\\/uploads\\\/sites\\\/9\\\/2022\\\/09\\\/logo-lekarska-fakulta.png\",\"contentUrl\":\"https:\\\/\\\/www.upjs.sk\\\/app\\\/uploads\\\/sites\\\/9\\\/2022\\\/09\\\/logo-lekarska-fakulta.png\",\"width\":415,\"height\":87,\"caption\":\"Lek\u00e1rska fakulta | UPJ\u0160\"},\"image\":{\"@id\":\"https:\\\/\\\/www.upjs.sk\\\/lekarska-fakulta\\\/#\\\/schema\\\/logo\\\/image\\\/\"}}]}<\/script>\n<!-- \/ Yoast SEO plugin. -->","yoast_head_json":{"title":"MediPark na 23.odbornom semin\u00e1ri \"Lek\u00e1ri a laborat\u00f3rium\" - Lek\u00e1rska fakulta | UPJ\u0160","robots":{"index":"index","follow":"follow","max-snippet":"max-snippet:-1","max-image-preview":"max-image-preview:large","max-video-preview":"max-video-preview:-1"},"canonical":"https:\/\/www.upjs.sk\/lekarska-fakulta\/pracoviska\/medipark\/aktuality\/22436-2\/","og_locale":"sk_SK","og_type":"article","og_title":"MediPark na 23.odbornom semin\u00e1ri \"Lek\u00e1ri a laborat\u00f3rium\" - Lek\u00e1rska fakulta | UPJ\u0160","og_description":"D\u0148a 4.12. 2019 sa v hoteli Dukla v Pre\u0161ove uskuto\u010dnil v porad\u00ed 23. odborn\u00fd semin\u00e1r &#8222;Lek\u00e1ri a laborat\u00f3rium&#8220; synlab slovakia s.r.o.\u00a0 MediPark na tomto podujat\u00ed zastupoval n\u00e1\u0161 p\u00e1n riadite\u013e,\u00a0p\u00e1n prof. MUDr. Pavol Jar\u010du\u0161ka, PhD., ktor\u00fd sa vo svojom vyst\u00fape\u00a0zameral\u00a0 na t\u00e9mu &#8222;Green antibiotic policy&#8220;.\u00a0 \u010eal\u0161ie predn\u00e1\u0161ky, ktor\u00e9 na tomto semin\u00e1ri odzneli,\u00a0boli venovan\u00e9\u00a0postaveniu\u00a0laborat\u00f3ria v zdravotnej starostlivosti &hellip; \u010c\u00edta\u0165 \u010falej","og_url":"https:\/\/www.upjs.sk\/lekarska-fakulta\/pracoviska\/medipark\/aktuality\/22436-2\/","og_site_name":"Lek\u00e1rska fakulta | UPJ\u0160","og_image":[{"width":250,"height":138,"url":"https:\/\/www.upjs.sk\/app\/uploads\/sites\/9\/2022\/09\/download.jpg","type":"image\/jpeg"}],"twitter_card":"summary_large_image","twitter_misc":{"Predpokladan\u00fd \u010das \u010d\u00edtania":"1 min\u00fata"},"schema":{"@context":"https:\/\/schema.org","@graph":[{"@type":"WebPage","@id":"https:\/\/www.upjs.sk\/lekarska-fakulta\/pracoviska\/medipark\/aktuality\/22436-2\/","url":"https:\/\/www.upjs.sk\/lekarska-fakulta\/pracoviska\/medipark\/aktuality\/22436-2\/","name":"MediPark na 23.odbornom semin\u00e1ri \"Lek\u00e1ri a laborat\u00f3rium\" - Lek\u00e1rska fakulta | UPJ\u0160","isPartOf":{"@id":"https:\/\/www.upjs.sk\/lekarska-fakulta\/#website"},"primaryImageOfPage":{"@id":"https:\/\/www.upjs.sk\/lekarska-fakulta\/pracoviska\/medipark\/aktuality\/22436-2\/#primaryimage"},"image":{"@id":"https:\/\/www.upjs.sk\/lekarska-fakulta\/pracoviska\/medipark\/aktuality\/22436-2\/#primaryimage"},"thumbnailUrl":"https:\/\/www.upjs.sk\/app\/uploads\/sites\/9\/2022\/09\/download.jpg","datePublished":"2020-01-24T15:34:37+00:00","breadcrumb":{"@id":"https:\/\/www.upjs.sk\/lekarska-fakulta\/pracoviska\/medipark\/aktuality\/22436-2\/#breadcrumb"},"inLanguage":"sk-SK","potentialAction":[{"@type":"ReadAction","target":["https:\/\/www.upjs.sk\/lekarska-fakulta\/pracoviska\/medipark\/aktuality\/22436-2\/"]}]},{"@type":"ImageObject","inLanguage":"sk-SK","@id":"https:\/\/www.upjs.sk\/lekarska-fakulta\/pracoviska\/medipark\/aktuality\/22436-2\/#primaryimage","url":"https:\/\/www.upjs.sk\/app\/uploads\/sites\/9\/2022\/09\/download.jpg","contentUrl":"https:\/\/www.upjs.sk\/app\/uploads\/sites\/9\/2022\/09\/download.jpg","width":250,"height":138,"caption":"introductory-assembly"},{"@type":"BreadcrumbList","@id":"https:\/\/www.upjs.sk\/lekarska-fakulta\/pracoviska\/medipark\/aktuality\/22436-2\/#breadcrumb","itemListElement":[{"@type":"ListItem","position":1,"name":"Home","item":"https:\/\/www.upjs.sk\/lekarska-fakulta\/"},{"@type":"ListItem","position":2,"name":"Pracovisk\u00e1","item":"https:\/\/www.upjs.sk\/lekarska-fakulta\/pracoviska\/"},{"@type":"ListItem","position":3,"name":"Centrum klinick\u00e9ho a predklinick\u00e9ho v\u00fdskumu MEDIPARK","item":"https:\/\/www.upjs.sk\/lekarska-fakulta\/pracoviska\/medipark\/"},{"@type":"ListItem","position":4,"name":"Aktuality","item":"https:\/\/www.upjs.sk\/lekarska-fakulta\/pracoviska\/medipark\/aktuality\/"},{"@type":"ListItem","position":5,"name":"MediPark na 23.odbornom semin\u00e1ri &#8220;Lek\u00e1ri a laborat\u00f3rium&#8221;"}]},{"@type":"WebSite","@id":"https:\/\/www.upjs.sk\/lekarska-fakulta\/#website","url":"https:\/\/www.upjs.sk\/lekarska-fakulta\/","name":"Lek\u00e1rska fakulta | UPJ\u0160","description":"","publisher":{"@id":"https:\/\/www.upjs.sk\/lekarska-fakulta\/#organization"},"potentialAction":[{"@type":"SearchAction","target":{"@type":"EntryPoint","urlTemplate":"https:\/\/www.upjs.sk\/lekarska-fakulta\/?s={search_term_string}"},"query-input":{"@type":"PropertyValueSpecification","valueRequired":true,"valueName":"search_term_string"}}],"inLanguage":"sk-SK"},{"@type":"Organization","@id":"https:\/\/www.upjs.sk\/lekarska-fakulta\/#organization","name":"Lek\u00e1rska fakulta | UPJ\u0160","url":"https:\/\/www.upjs.sk\/lekarska-fakulta\/","logo":{"@type":"ImageObject","inLanguage":"sk-SK","@id":"https:\/\/www.upjs.sk\/lekarska-fakulta\/#\/schema\/logo\/image\/","url":"https:\/\/www.upjs.sk\/app\/uploads\/sites\/9\/2022\/09\/logo-lekarska-fakulta.png","contentUrl":"https:\/\/www.upjs.sk\/app\/uploads\/sites\/9\/2022\/09\/logo-lekarska-fakulta.png","width":415,"height":87,"caption":"Lek\u00e1rska fakulta | UPJ\u0160"},"image":{"@id":"https:\/\/www.upjs.sk\/lekarska-fakulta\/#\/schema\/logo\/image\/"}}]}},"_links":{"self":[{"href":"https:\/\/www.upjs.sk\/lekarska-fakulta\/wp-json\/wp\/v2\/cpt_pracoviska\/34685","targetHints":{"allow":["GET"]}}],"collection":[{"href":"https:\/\/www.upjs.sk\/lekarska-fakulta\/wp-json\/wp\/v2\/cpt_pracoviska"}],"about":[{"href":"https:\/\/www.upjs.sk\/lekarska-fakulta\/wp-json\/wp\/v2\/types\/cpt_pracoviska"}],"author":[{"embeddable":true,"href":"https:\/\/www.upjs.sk\/lekarska-fakulta\/wp-json\/wp\/v2\/users\/1"}],"up":[{"embeddable":true,"href":"https:\/\/www.upjs.sk\/lekarska-fakulta\/wp-json\/wp\/v2\/cpt_pracoviska\/34626"}],"wp:featuredmedia":[{"embeddable":true,"href":"https:\/\/www.upjs.sk\/lekarska-fakulta\/wp-json\/wp\/v2\/media\/17243"}],"wp:attachment":[{"href":"https:\/\/www.upjs.sk\/lekarska-fakulta\/wp-json\/wp\/v2\/media?parent=34685"}],"wp:term":[{"taxonomy":"category","embeddable":true,"href":"https:\/\/www.upjs.sk\/lekarska-fakulta\/wp-json\/wp\/v2\/categories?post=34685"},{"taxonomy":"post_tag","embeddable":true,"href":"https:\/\/www.upjs.sk\/lekarska-fakulta\/wp-json\/wp\/v2\/tags?post=34685"},{"taxonomy":"tax_aktuality","embeddable":true,"href":"https:\/\/www.upjs.sk\/lekarska-fakulta\/wp-json\/wp\/v2\/tax_aktuality?post=34685"}],"curies":[{"name":"wp","href":"https:\/\/api.w.org\/{rel}","templated":true}]}}