{"id":150850,"date":"2026-01-15T14:53:13","date_gmt":"2026-01-15T13:53:13","guid":{"rendered":"https:\/\/www.upjs.sk\/lekarska-fakulta\/ustav\/farmakologia\/vyskum\/vedecke-podujatia-a-ocenenia\/ocenenia\/"},"modified":"2026-01-15T14:57:43","modified_gmt":"2026-01-15T13:57:43","slug":"ocenenia","status":"publish","type":"cpt_ustav","link":"https:\/\/www.upjs.sk\/lekarska-fakulta\/ustav\/farmakologia\/vyskum\/vedecke-podujatia-a-ocenenia\/ocenenia\/","title":{"rendered":"Ocenenia"},"content":{"rendered":"<style>.wp-block-kadence-advancedheading.kt-adv-heading150850_0f27b3-db, .wp-block-kadence-advancedheading.kt-adv-heading150850_0f27b3-db[data-kb-block=\"kb-adv-heading150850_0f27b3-db\"]{font-style:normal;}.wp-block-kadence-advancedheading.kt-adv-heading150850_0f27b3-db mark.kt-highlight, .wp-block-kadence-advancedheading.kt-adv-heading150850_0f27b3-db[data-kb-block=\"kb-adv-heading150850_0f27b3-db\"] mark.kt-highlight{font-style:normal;color:#f76a0c;-webkit-box-decoration-break:clone;box-decoration-break:clone;padding-top:0px;padding-right:0px;padding-bottom:0px;padding-left:0px;}<\/style>\n<p class=\"kt-adv-heading150850_0f27b3-db wp-block-kadence-advancedheading\" data-kb-block=\"kb-adv-heading150850_0f27b3-db\">\u2022\t1993, 1994, 1995, 1996 a 1998 \u2013 ocenenie za  najlep\u0161ie publik\u00e1cie na LF UPJ\u0160 \u2013 kolekt\u00edv autorov<\/p>\n\n\n<style>.wp-block-kadence-advancedheading.kt-adv-heading150850_97bc1b-66, .wp-block-kadence-advancedheading.kt-adv-heading150850_97bc1b-66[data-kb-block=\"kb-adv-heading150850_97bc1b-66\"]{font-style:normal;}.wp-block-kadence-advancedheading.kt-adv-heading150850_97bc1b-66 mark.kt-highlight, .wp-block-kadence-advancedheading.kt-adv-heading150850_97bc1b-66[data-kb-block=\"kb-adv-heading150850_97bc1b-66\"] mark.kt-highlight{font-style:normal;color:#f76a0c;-webkit-box-decoration-break:clone;box-decoration-break:clone;padding-top:0px;padding-right:0px;padding-bottom:0px;padding-left:0px;}<\/style>\n<p class=\"kt-adv-heading150850_97bc1b-66 wp-block-kadence-advancedheading\" data-kb-block=\"kb-adv-heading150850_97bc1b-66\">\u2022\t1997 \u2013 ocenenie knihy farmakol\u00f3gie ako najlep\u0161ia monografia LF UPJ\u0160 \u2013 kolekt\u00edv autorov<\/p>\n\n\n<style>.wp-block-kadence-advancedheading.kt-adv-heading150850_956f9b-25, .wp-block-kadence-advancedheading.kt-adv-heading150850_956f9b-25[data-kb-block=\"kb-adv-heading150850_956f9b-25\"]{font-style:normal;}.wp-block-kadence-advancedheading.kt-adv-heading150850_956f9b-25 mark.kt-highlight, .wp-block-kadence-advancedheading.kt-adv-heading150850_956f9b-25[data-kb-block=\"kb-adv-heading150850_956f9b-25\"] mark.kt-highlight{font-style:normal;color:#f76a0c;-webkit-box-decoration-break:clone;box-decoration-break:clone;padding-top:0px;padding-right:0px;padding-bottom:0px;padding-left:0px;}<\/style>\n<p class=\"kt-adv-heading150850_956f9b-25 wp-block-kadence-advancedheading\" data-kb-block=\"kb-adv-heading150850_956f9b-25\">\u2022\t1998 \u2013 Pam\u00e4tn\u00fd list a strieborn\u00e1 medaila 3. lek\u00e1rskej fakulty Karlovej univerzity v Prahe za rozvoj spolupr\u00e1ce medzi  \u010desk\u00fdmi a slovensk\u00fdmi lek\u00e1rskymi fakultami \u2013 prof. MUDr. Ladislav Mirossay, DrSc.<\/p>\n\n\n<style>.wp-block-kadence-advancedheading.kt-adv-heading150850_310609-f9, .wp-block-kadence-advancedheading.kt-adv-heading150850_310609-f9[data-kb-block=\"kb-adv-heading150850_310609-f9\"]{font-style:normal;}.wp-block-kadence-advancedheading.kt-adv-heading150850_310609-f9 mark.kt-highlight, .wp-block-kadence-advancedheading.kt-adv-heading150850_310609-f9[data-kb-block=\"kb-adv-heading150850_310609-f9\"] mark.kt-highlight{font-style:normal;color:#f76a0c;-webkit-box-decoration-break:clone;box-decoration-break:clone;padding-top:0px;padding-right:0px;padding-bottom:0px;padding-left:0px;}<\/style>\n<p class=\"kt-adv-heading150850_310609-f9 wp-block-kadence-advancedheading\" data-kb-block=\"kb-adv-heading150850_310609-f9\">\u2022\t1999 &#8211; ocenenie knihy farmakol\u00f3gie ako najlep\u0161ia monografia LF UPJ\u0160 \u2013 kolekt\u00edv autorov<\/p>\n\n\n<style>.wp-block-kadence-advancedheading.kt-adv-heading150850_984a23-2d, .wp-block-kadence-advancedheading.kt-adv-heading150850_984a23-2d[data-kb-block=\"kb-adv-heading150850_984a23-2d\"]{font-style:normal;}.wp-block-kadence-advancedheading.kt-adv-heading150850_984a23-2d mark.kt-highlight, .wp-block-kadence-advancedheading.kt-adv-heading150850_984a23-2d[data-kb-block=\"kb-adv-heading150850_984a23-2d\"] mark.kt-highlight{font-style:normal;color:#f76a0c;-webkit-box-decoration-break:clone;box-decoration-break:clone;padding-top:0px;padding-right:0px;padding-bottom:0px;padding-left:0px;}<\/style>\n<p class=\"kt-adv-heading150850_984a23-2d wp-block-kadence-advancedheading\" data-kb-block=\"kb-adv-heading150850_984a23-2d\">\u2022\t2000 &#8211; ocenenie odbornej spolo\u010dnosti za s\u00fabor pr\u00e1c \u2013 kolekt\u00edv autorov<\/p>\n\n\n<style>.wp-block-kadence-advancedheading.kt-adv-heading150850_4496cc-82, .wp-block-kadence-advancedheading.kt-adv-heading150850_4496cc-82[data-kb-block=\"kb-adv-heading150850_4496cc-82\"]{font-style:normal;}.wp-block-kadence-advancedheading.kt-adv-heading150850_4496cc-82 mark.kt-highlight, .wp-block-kadence-advancedheading.kt-adv-heading150850_4496cc-82[data-kb-block=\"kb-adv-heading150850_4496cc-82\"] mark.kt-highlight{font-style:normal;color:#f76a0c;-webkit-box-decoration-break:clone;box-decoration-break:clone;padding-top:0px;padding-right:0px;padding-bottom:0px;padding-left:0px;}<\/style>\n<p class=\"kt-adv-heading150850_4496cc-82 wp-block-kadence-advancedheading\" data-kb-block=\"kb-adv-heading150850_4496cc-82\">\u2022\t2000 &#8211; Plaketa prim\u00e1tora mesta Ko\u0161ice za rozvoj medzin\u00e1rodnej vedeckej spolupr\u00e1ce v medic\u00edne prof. MUDr. Ladislav Mirossay, DrSc.<\/p>\n\n\n<style>.wp-block-kadence-advancedheading.kt-adv-heading150850_548862-75, .wp-block-kadence-advancedheading.kt-adv-heading150850_548862-75[data-kb-block=\"kb-adv-heading150850_548862-75\"]{font-style:normal;}.wp-block-kadence-advancedheading.kt-adv-heading150850_548862-75 mark.kt-highlight, .wp-block-kadence-advancedheading.kt-adv-heading150850_548862-75[data-kb-block=\"kb-adv-heading150850_548862-75\"] mark.kt-highlight{font-style:normal;color:#f76a0c;-webkit-box-decoration-break:clone;box-decoration-break:clone;padding-top:0px;padding-right:0px;padding-bottom:0px;padding-left:0px;}<\/style>\n<p class=\"kt-adv-heading150850_548862-75 wp-block-kadence-advancedheading\" data-kb-block=\"kb-adv-heading150850_548862-75\">\u2022\t2001 \u2013 Ocenenie za najlep\u0161iu monografiu na LF UPJ\u0160 \u2013 prof. MVDr. J\u00e1n Moj\u017ei\u0161, DrSc.<\/p>\n\n\n<style>.wp-block-kadence-advancedheading.kt-adv-heading150850_b6915a-e1, .wp-block-kadence-advancedheading.kt-adv-heading150850_b6915a-e1[data-kb-block=\"kb-adv-heading150850_b6915a-e1\"]{font-style:normal;}.wp-block-kadence-advancedheading.kt-adv-heading150850_b6915a-e1 mark.kt-highlight, .wp-block-kadence-advancedheading.kt-adv-heading150850_b6915a-e1[data-kb-block=\"kb-adv-heading150850_b6915a-e1\"] mark.kt-highlight{font-style:normal;color:#f76a0c;-webkit-box-decoration-break:clone;box-decoration-break:clone;padding-top:0px;padding-right:0px;padding-bottom:0px;padding-left:0px;}<\/style>\n<p class=\"kt-adv-heading150850_b6915a-e1 wp-block-kadence-advancedheading\" data-kb-block=\"kb-adv-heading150850_b6915a-e1\">\u2022\t2002 \u2013 ocenie za  publik\u00e1ciu, ktor\u00e1 sa umiestnila na 2. mieste na LF UPJ\u0160 \u2013 kolekt\u00edv autorov<\/p>\n\n\n<style>.wp-block-kadence-advancedheading.kt-adv-heading150850_b84db6-5c, .wp-block-kadence-advancedheading.kt-adv-heading150850_b84db6-5c[data-kb-block=\"kb-adv-heading150850_b84db6-5c\"]{font-style:normal;}.wp-block-kadence-advancedheading.kt-adv-heading150850_b84db6-5c mark.kt-highlight, .wp-block-kadence-advancedheading.kt-adv-heading150850_b84db6-5c[data-kb-block=\"kb-adv-heading150850_b84db6-5c\"] mark.kt-highlight{font-style:normal;color:#f76a0c;-webkit-box-decoration-break:clone;box-decoration-break:clone;padding-top:0px;padding-right:0px;padding-bottom:0px;padding-left:0px;}<\/style>\n<p class=\"kt-adv-heading150850_b84db6-5c wp-block-kadence-advancedheading\" data-kb-block=\"kb-adv-heading150850_b84db6-5c\">\u2022\t2002 \u2013 Pam\u00e4tn\u00e1 medaila za spolupr\u00e1cu pri rozvoji Jesseniovej lek\u00e1rskej fakulty Univerzity Komensk\u00e9ho v Martine. prof. MUDr. Ladislav Mirossay, DrSc.<\/p>\n\n\n<style>.wp-block-kadence-advancedheading.kt-adv-heading150850_338ae0-24, .wp-block-kadence-advancedheading.kt-adv-heading150850_338ae0-24[data-kb-block=\"kb-adv-heading150850_338ae0-24\"]{font-style:normal;}.wp-block-kadence-advancedheading.kt-adv-heading150850_338ae0-24 mark.kt-highlight, .wp-block-kadence-advancedheading.kt-adv-heading150850_338ae0-24[data-kb-block=\"kb-adv-heading150850_338ae0-24\"] mark.kt-highlight{font-style:normal;color:#f76a0c;-webkit-box-decoration-break:clone;box-decoration-break:clone;padding-top:0px;padding-right:0px;padding-bottom:0px;padding-left:0px;}<\/style>\n<p class=\"kt-adv-heading150850_338ae0-24 wp-block-kadence-advancedheading\" data-kb-block=\"kb-adv-heading150850_338ae0-24\">\u2022\t2002 \u2013 Strieborn\u00e1 medaila z pr\u00edle\u017eitosti 50. v\u00fdro\u010dia zalo\u017eenia Strojn\u00edckej fakulty Technickej univerzity v Ko\u0161iciach. prof. MUDr. Ladislav Mirossay, DrSc.<\/p>\n\n\n<style>.wp-block-kadence-advancedheading.kt-adv-heading150850_33adf7-ce, .wp-block-kadence-advancedheading.kt-adv-heading150850_33adf7-ce[data-kb-block=\"kb-adv-heading150850_33adf7-ce\"]{font-style:normal;}.wp-block-kadence-advancedheading.kt-adv-heading150850_33adf7-ce mark.kt-highlight, .wp-block-kadence-advancedheading.kt-adv-heading150850_33adf7-ce[data-kb-block=\"kb-adv-heading150850_33adf7-ce\"] mark.kt-highlight{font-style:normal;color:#f76a0c;-webkit-box-decoration-break:clone;box-decoration-break:clone;padding-top:0px;padding-right:0px;padding-bottom:0px;padding-left:0px;}<\/style>\n<p class=\"kt-adv-heading150850_33adf7-ce wp-block-kadence-advancedheading\" data-kb-block=\"kb-adv-heading150850_33adf7-ce\">\u2022\t2003 \u2013 Pam\u00e4tn\u00e1 medaila za podporu \u010dinnosti N\u00e1rodn\u00e9ho \u00fastavu reumatick\u00fdch chor\u00f4b v Pie\u0161\u0165anoch. prof. MUDr. Ladislav Mirossay, DrSc.<\/p>\n\n\n<style>.wp-block-kadence-advancedheading.kt-adv-heading150850_b4762e-5f, .wp-block-kadence-advancedheading.kt-adv-heading150850_b4762e-5f[data-kb-block=\"kb-adv-heading150850_b4762e-5f\"]{font-style:normal;}.wp-block-kadence-advancedheading.kt-adv-heading150850_b4762e-5f mark.kt-highlight, .wp-block-kadence-advancedheading.kt-adv-heading150850_b4762e-5f[data-kb-block=\"kb-adv-heading150850_b4762e-5f\"] mark.kt-highlight{font-style:normal;color:#f76a0c;-webkit-box-decoration-break:clone;box-decoration-break:clone;padding-top:0px;padding-right:0px;padding-bottom:0px;padding-left:0px;}<\/style>\n<p class=\"kt-adv-heading150850_b4762e-5f wp-block-kadence-advancedheading\" data-kb-block=\"kb-adv-heading150850_b4762e-5f\">\u2022\t2003 \u2013 Plaketa Kliniky \u00farazovej chirurgia za UPJ\u0160 LF a FNLP za rozvoj \u00farazovej chirurgie. prof. MUDr. Ladislav Mirossay, DrSc.<\/p>\n\n\n<style>.wp-block-kadence-advancedheading.kt-adv-heading150850_491e1c-b5, .wp-block-kadence-advancedheading.kt-adv-heading150850_491e1c-b5[data-kb-block=\"kb-adv-heading150850_491e1c-b5\"]{font-style:normal;}.wp-block-kadence-advancedheading.kt-adv-heading150850_491e1c-b5 mark.kt-highlight, .wp-block-kadence-advancedheading.kt-adv-heading150850_491e1c-b5[data-kb-block=\"kb-adv-heading150850_491e1c-b5\"] mark.kt-highlight{font-style:normal;color:#f76a0c;-webkit-box-decoration-break:clone;box-decoration-break:clone;padding-top:0px;padding-right:0px;padding-bottom:0px;padding-left:0px;}<\/style>\n<p class=\"kt-adv-heading150850_491e1c-b5 wp-block-kadence-advancedheading\" data-kb-block=\"kb-adv-heading150850_491e1c-b5\">\u2022\t2004 \u2013 Medaila Univerzity v Nantes za dlhodob\u00fa spolupr\u00e1cu v r\u00e1mci stretnutia organiz\u00e1torov programu ERASMUS-SOCRATES. prof. MUDr. Ladislav Mirossay, DrSc.<\/p>\n\n\n<style>.wp-block-kadence-advancedheading.kt-adv-heading150850_963147-bd, .wp-block-kadence-advancedheading.kt-adv-heading150850_963147-bd[data-kb-block=\"kb-adv-heading150850_963147-bd\"]{font-style:normal;}.wp-block-kadence-advancedheading.kt-adv-heading150850_963147-bd mark.kt-highlight, .wp-block-kadence-advancedheading.kt-adv-heading150850_963147-bd[data-kb-block=\"kb-adv-heading150850_963147-bd\"] mark.kt-highlight{font-style:normal;color:#f76a0c;-webkit-box-decoration-break:clone;box-decoration-break:clone;padding-top:0px;padding-right:0px;padding-bottom:0px;padding-left:0px;}<\/style>\n<p class=\"kt-adv-heading150850_963147-bd wp-block-kadence-advancedheading\" data-kb-block=\"kb-adv-heading150850_963147-bd\">\u2022\t2005 &#8211; ocenie za  publik\u00e1ciu, ktor\u00e1 sa umiestnila na 2. mieste na LF UPJ\u0160 \u2013 kolekt\u00edv autorov<\/p>\n\n\n<style>.wp-block-kadence-advancedheading.kt-adv-heading150850_3b5340-b4, .wp-block-kadence-advancedheading.kt-adv-heading150850_3b5340-b4[data-kb-block=\"kb-adv-heading150850_3b5340-b4\"]{font-style:normal;}.wp-block-kadence-advancedheading.kt-adv-heading150850_3b5340-b4 mark.kt-highlight, .wp-block-kadence-advancedheading.kt-adv-heading150850_3b5340-b4[data-kb-block=\"kb-adv-heading150850_3b5340-b4\"] mark.kt-highlight{font-style:normal;color:#f76a0c;-webkit-box-decoration-break:clone;box-decoration-break:clone;padding-top:0px;padding-right:0px;padding-bottom:0px;padding-left:0px;}<\/style>\n<p class=\"kt-adv-heading150850_3b5340-b4 wp-block-kadence-advancedheading\" data-kb-block=\"kb-adv-heading150850_3b5340-b4\">\u2022\t2007 &#8211; Pam\u00e4tn\u00e1 medaila pri pr\u00edle\u017eitosti 10. v\u00fdro\u010dia vzniku Univerzity Alexandra Dub\u010deka v Tren\u010d\u00edne. prof. MUDr. Ladislav Mirossay, DrSc.<\/p>\n\n\n<style>.wp-block-kadence-advancedheading.kt-adv-heading150850_23c07f-e8, .wp-block-kadence-advancedheading.kt-adv-heading150850_23c07f-e8[data-kb-block=\"kb-adv-heading150850_23c07f-e8\"]{font-style:normal;}.wp-block-kadence-advancedheading.kt-adv-heading150850_23c07f-e8 mark.kt-highlight, .wp-block-kadence-advancedheading.kt-adv-heading150850_23c07f-e8[data-kb-block=\"kb-adv-heading150850_23c07f-e8\"] mark.kt-highlight{font-style:normal;color:#f76a0c;-webkit-box-decoration-break:clone;box-decoration-break:clone;padding-top:0px;padding-right:0px;padding-bottom:0px;padding-left:0px;}<\/style>\n<p class=\"kt-adv-heading150850_23c07f-e8 wp-block-kadence-advancedheading\" data-kb-block=\"kb-adv-heading150850_23c07f-e8\">\u2022\t2007 &#8211; Zlat\u00e1 medaila UPJ\u0160 Filozofickej fakulty pri pr\u00edle\u017eitosti 10. v\u00fdro\u010dia jej zalo\u017eenia. prof. MUDr. Ladislav Mirossay, DrSc.<\/p>\n\n\n<style>.wp-block-kadence-advancedheading.kt-adv-heading150850_e1c7f3-50, .wp-block-kadence-advancedheading.kt-adv-heading150850_e1c7f3-50[data-kb-block=\"kb-adv-heading150850_e1c7f3-50\"]{font-style:normal;}.wp-block-kadence-advancedheading.kt-adv-heading150850_e1c7f3-50 mark.kt-highlight, .wp-block-kadence-advancedheading.kt-adv-heading150850_e1c7f3-50[data-kb-block=\"kb-adv-heading150850_e1c7f3-50\"] mark.kt-highlight{font-style:normal;color:#f76a0c;-webkit-box-decoration-break:clone;box-decoration-break:clone;padding-top:0px;padding-right:0px;padding-bottom:0px;padding-left:0px;}<\/style>\n<p class=\"kt-adv-heading150850_e1c7f3-50 wp-block-kadence-advancedheading\" data-kb-block=\"kb-adv-heading150850_e1c7f3-50\">\u2022\t2008 \u2013 Zlat\u00e1 medaila UPJ\u0160 Lek\u00e1rskej fakulty pri pr\u00edle\u017eitosti 60. v\u00fdro\u010dia jej zalo\u017eenia. prof. MUDr. Ladislav Mirossay, DrSc.<\/p>\n\n\n<style>.wp-block-kadence-advancedheading.kt-adv-heading150850_95c1b1-77, .wp-block-kadence-advancedheading.kt-adv-heading150850_95c1b1-77[data-kb-block=\"kb-adv-heading150850_95c1b1-77\"]{font-style:normal;}.wp-block-kadence-advancedheading.kt-adv-heading150850_95c1b1-77 mark.kt-highlight, .wp-block-kadence-advancedheading.kt-adv-heading150850_95c1b1-77[data-kb-block=\"kb-adv-heading150850_95c1b1-77\"] mark.kt-highlight{font-style:normal;color:#f76a0c;-webkit-box-decoration-break:clone;box-decoration-break:clone;padding-top:0px;padding-right:0px;padding-bottom:0px;padding-left:0px;}<\/style>\n<p class=\"kt-adv-heading150850_95c1b1-77 wp-block-kadence-advancedheading\" data-kb-block=\"kb-adv-heading150850_95c1b1-77\">\u2022\t2009 \u2013 \u010cestn\u00fd \u010dlen Slovenskej farmaceutickej spolo\u010dnosti. prof. MUDr. Ladislav Mirossay, DrSc.<\/p>\n\n\n<style>.wp-block-kadence-advancedheading.kt-adv-heading150850_d0b2e3-7b, .wp-block-kadence-advancedheading.kt-adv-heading150850_d0b2e3-7b[data-kb-block=\"kb-adv-heading150850_d0b2e3-7b\"]{font-style:normal;}.wp-block-kadence-advancedheading.kt-adv-heading150850_d0b2e3-7b mark.kt-highlight, .wp-block-kadence-advancedheading.kt-adv-heading150850_d0b2e3-7b[data-kb-block=\"kb-adv-heading150850_d0b2e3-7b\"] mark.kt-highlight{font-style:normal;color:#f76a0c;-webkit-box-decoration-break:clone;box-decoration-break:clone;padding-top:0px;padding-right:0px;padding-bottom:0px;padding-left:0px;}<\/style>\n<p class=\"kt-adv-heading150850_d0b2e3-7b wp-block-kadence-advancedheading\" data-kb-block=\"kb-adv-heading150850_d0b2e3-7b\">\u2022\t2011 \u2013 Medaila J\u00e1na Webera pri pr\u00edle\u017eitosti 400. v\u00fdro\u010dia Pre\u0161ovskej farm\u00e1cie za prvoautorstvo u\u010debnice \u201eZ\u00e1kladn\u00e1 farmakol\u00f3gia a farmakoterapia\u201c z r. 2006. prof. MUDr. Ladislav Mirossay, DrSc.<\/p>\n\n\n<style>.wp-block-kadence-advancedheading.kt-adv-heading150850_9d1a67-9f, .wp-block-kadence-advancedheading.kt-adv-heading150850_9d1a67-9f[data-kb-block=\"kb-adv-heading150850_9d1a67-9f\"]{font-style:normal;}.wp-block-kadence-advancedheading.kt-adv-heading150850_9d1a67-9f mark.kt-highlight, .wp-block-kadence-advancedheading.kt-adv-heading150850_9d1a67-9f[data-kb-block=\"kb-adv-heading150850_9d1a67-9f\"] mark.kt-highlight{font-style:normal;color:#f76a0c;-webkit-box-decoration-break:clone;box-decoration-break:clone;padding-top:0px;padding-right:0px;padding-bottom:0px;padding-left:0px;}<\/style>\n<p class=\"kt-adv-heading150850_9d1a67-9f wp-block-kadence-advancedheading\" data-kb-block=\"kb-adv-heading150850_9d1a67-9f\">\u2022\t2012 &#8211; Pam\u00e4tn\u00e1 medaila Univerzity v Messine za podporu organiz\u00e1cie nefrologick\u00fdch symp\u00f3zi\u00ed na p\u00f4de UPJS. prof. MUDr. Ladislav Mirossay, DrSc.<\/p>\n\n\n<style>.wp-block-kadence-advancedheading.kt-adv-heading150850_99d414-4b, .wp-block-kadence-advancedheading.kt-adv-heading150850_99d414-4b[data-kb-block=\"kb-adv-heading150850_99d414-4b\"]{font-style:normal;}.wp-block-kadence-advancedheading.kt-adv-heading150850_99d414-4b mark.kt-highlight, .wp-block-kadence-advancedheading.kt-adv-heading150850_99d414-4b[data-kb-block=\"kb-adv-heading150850_99d414-4b\"] mark.kt-highlight{font-style:normal;color:#f76a0c;-webkit-box-decoration-break:clone;box-decoration-break:clone;padding-top:0px;padding-right:0px;padding-bottom:0px;padding-left:0px;}<\/style>\n<p class=\"kt-adv-heading150850_99d414-4b wp-block-kadence-advancedheading\" data-kb-block=\"kb-adv-heading150850_99d414-4b\">\u2022\t2013 \u2013 Cena Vladim\u00edra Novotn\u00e9ho za najlep\u0161iu p\u00f4vodn\u00fa pr\u00e1cu  za rok 2012 v  \u010dasopise Psychiatria pre prax \u2013 kolekt\u00edv autorov.<\/p>\n\n\n<style>.wp-block-kadence-advancedheading.kt-adv-heading150850_a9c1c3-45, .wp-block-kadence-advancedheading.kt-adv-heading150850_a9c1c3-45[data-kb-block=\"kb-adv-heading150850_a9c1c3-45\"]{font-style:normal;}.wp-block-kadence-advancedheading.kt-adv-heading150850_a9c1c3-45 mark.kt-highlight, .wp-block-kadence-advancedheading.kt-adv-heading150850_a9c1c3-45[data-kb-block=\"kb-adv-heading150850_a9c1c3-45\"] mark.kt-highlight{font-style:normal;color:#f76a0c;-webkit-box-decoration-break:clone;box-decoration-break:clone;padding-top:0px;padding-right:0px;padding-bottom:0px;padding-left:0px;}<\/style>\n<p class=\"kt-adv-heading150850_a9c1c3-45 wp-block-kadence-advancedheading\" data-kb-block=\"kb-adv-heading150850_a9c1c3-45\">\u2022\t2013 \u2013 Pam\u00e4tn\u00e1 plaketa UPJ\u0160 Pr\u00e1vnickej fakulty za v\u00fdrazn\u00fd podiel na jej rozvoji. prof. MUDr. Ladislav Mirossay, DrSc.<\/p>\n\n\n<style>.wp-block-kadence-advancedheading.kt-adv-heading150850_78e9f2-5a, .wp-block-kadence-advancedheading.kt-adv-heading150850_78e9f2-5a[data-kb-block=\"kb-adv-heading150850_78e9f2-5a\"]{font-style:normal;}.wp-block-kadence-advancedheading.kt-adv-heading150850_78e9f2-5a mark.kt-highlight, .wp-block-kadence-advancedheading.kt-adv-heading150850_78e9f2-5a[data-kb-block=\"kb-adv-heading150850_78e9f2-5a\"] mark.kt-highlight{font-style:normal;color:#f76a0c;-webkit-box-decoration-break:clone;box-decoration-break:clone;padding-top:0px;padding-right:0px;padding-bottom:0px;padding-left:0px;}<\/style>\n<p class=\"kt-adv-heading150850_78e9f2-5a wp-block-kadence-advancedheading\" data-kb-block=\"kb-adv-heading150850_78e9f2-5a\">\u2022\t2014 \u2013 Pam\u00e4tn\u00e1 medaila rektora Univerzity Komensk\u00e9ho v Bratislave pri 95. v\u00fdro\u010d\u00ed jej zalo\u017eenia. prof. MUDr. Ladislav Mirossay, DrSc.<\/p>\n\n\n<style>.wp-block-kadence-advancedheading.kt-adv-heading150850_c3bd4c-b1, .wp-block-kadence-advancedheading.kt-adv-heading150850_c3bd4c-b1[data-kb-block=\"kb-adv-heading150850_c3bd4c-b1\"]{font-style:normal;}.wp-block-kadence-advancedheading.kt-adv-heading150850_c3bd4c-b1 mark.kt-highlight, .wp-block-kadence-advancedheading.kt-adv-heading150850_c3bd4c-b1[data-kb-block=\"kb-adv-heading150850_c3bd4c-b1\"] mark.kt-highlight{font-style:normal;color:#f76a0c;-webkit-box-decoration-break:clone;box-decoration-break:clone;padding-top:0px;padding-right:0px;padding-bottom:0px;padding-left:0px;}<\/style>\n<p class=\"kt-adv-heading150850_c3bd4c-b1 wp-block-kadence-advancedheading\" data-kb-block=\"kb-adv-heading150850_c3bd4c-b1\">\u2022\t2015 \u2013 Medaila v\u00fdboru Spolku Sv. Cyrila a Metoda a z\u00e1pis do pam\u00e4tnej knihy ako zakladaj\u00faceho \u010dlena spolku v Michalovciach. prof. MUDr. Ladislav Mirossay, DrSc.<\/p>\n\n\n<style>.wp-block-kadence-advancedheading.kt-adv-heading150850_3e245f-7d, .wp-block-kadence-advancedheading.kt-adv-heading150850_3e245f-7d[data-kb-block=\"kb-adv-heading150850_3e245f-7d\"]{font-style:normal;}.wp-block-kadence-advancedheading.kt-adv-heading150850_3e245f-7d mark.kt-highlight, .wp-block-kadence-advancedheading.kt-adv-heading150850_3e245f-7d[data-kb-block=\"kb-adv-heading150850_3e245f-7d\"] mark.kt-highlight{font-style:normal;color:#f76a0c;-webkit-box-decoration-break:clone;box-decoration-break:clone;padding-top:0px;padding-right:0px;padding-bottom:0px;padding-left:0px;}<\/style>\n<p class=\"kt-adv-heading150850_3e245f-7d wp-block-kadence-advancedheading\" data-kb-block=\"kb-adv-heading150850_3e245f-7d\">\u2022\t2015 \u2013 Cena prim\u00e1tora mesta Ko\u0161ice za rozvoj univerzitn\u00e9ho \u0161t\u00fadia v Ko\u0161iciach. prof. MUDr. Ladislav Mirossay, DrSc.<\/p>\n\n\n<style>.wp-block-kadence-advancedheading.kt-adv-heading150850_d9ca8e-a0, .wp-block-kadence-advancedheading.kt-adv-heading150850_d9ca8e-a0[data-kb-block=\"kb-adv-heading150850_d9ca8e-a0\"]{font-style:normal;}.wp-block-kadence-advancedheading.kt-adv-heading150850_d9ca8e-a0 mark.kt-highlight, .wp-block-kadence-advancedheading.kt-adv-heading150850_d9ca8e-a0[data-kb-block=\"kb-adv-heading150850_d9ca8e-a0\"] mark.kt-highlight{font-style:normal;color:#f76a0c;-webkit-box-decoration-break:clone;box-decoration-break:clone;padding-top:0px;padding-right:0px;padding-bottom:0px;padding-left:0px;}<\/style>\n<p class=\"kt-adv-heading150850_d9ca8e-a0 wp-block-kadence-advancedheading\" data-kb-block=\"kb-adv-heading150850_d9ca8e-a0\">\u2022\t2015 \u2013 Cena Rekora UPJ\u0160 za za vedeck\u00fd pr\u00ednos v oblasti v\u00fdskumu pr\u00edrodn\u00fdch anti-kancerog\u00e9nnych l\u00e1tok a za v\u00fdznamn\u00fa publika\u010dn\u00fa \u010dinnos\u0165 &#8211; prof. MVDr. J\u00e1n Moj\u017ei\u0161, DrSc.<\/p>\n\n\n<style>.wp-block-kadence-advancedheading.kt-adv-heading150850_b49914-fb, .wp-block-kadence-advancedheading.kt-adv-heading150850_b49914-fb[data-kb-block=\"kb-adv-heading150850_b49914-fb\"]{font-style:normal;}.wp-block-kadence-advancedheading.kt-adv-heading150850_b49914-fb mark.kt-highlight, .wp-block-kadence-advancedheading.kt-adv-heading150850_b49914-fb[data-kb-block=\"kb-adv-heading150850_b49914-fb\"] mark.kt-highlight{font-style:normal;color:#f76a0c;-webkit-box-decoration-break:clone;box-decoration-break:clone;padding-top:0px;padding-right:0px;padding-bottom:0px;padding-left:0px;}<\/style>\n<p class=\"kt-adv-heading150850_b49914-fb wp-block-kadence-advancedheading\" data-kb-block=\"kb-adv-heading150850_b49914-fb\">\u2022\t2016, 2020, 2024 \u2013 certifik\u00e1t o \u00faspe\u0161nom ukon\u010den\u00ed rie\u0161enia projektov VEGA a dosiahnut\u00ed vynikaj\u00facich v\u00fdsledkov &#8211; prof. MVDr. J\u00e1n Moj\u017ei\u0161, DrSc. A kolekt\u00edv<\/p>\n\n\n<style>.wp-block-kadence-advancedheading.kt-adv-heading150850_8e91eb-6e, .wp-block-kadence-advancedheading.kt-adv-heading150850_8e91eb-6e[data-kb-block=\"kb-adv-heading150850_8e91eb-6e\"]{font-style:normal;}.wp-block-kadence-advancedheading.kt-adv-heading150850_8e91eb-6e mark.kt-highlight, .wp-block-kadence-advancedheading.kt-adv-heading150850_8e91eb-6e[data-kb-block=\"kb-adv-heading150850_8e91eb-6e\"] mark.kt-highlight{font-style:normal;color:#f76a0c;-webkit-box-decoration-break:clone;box-decoration-break:clone;padding-top:0px;padding-right:0px;padding-bottom:0px;padding-left:0px;}<\/style>\n<p class=\"kt-adv-heading150850_8e91eb-6e wp-block-kadence-advancedheading\" data-kb-block=\"kb-adv-heading150850_8e91eb-6e\">\u2022\t2018, 2022 \u2013  certifik\u00e1t o \u00faspe\u0161nom ukon\u010den\u00ed rie\u0161enia projektov APVV so z\u00e1vere\u010dn\u00fdm hodnoten\u00edm \u201evynikaj\u00faca \u00farove\u0148\u201c.<\/p>\n\n\n<style>.wp-block-kadence-advancedheading.kt-adv-heading150850_e139ff-f2, .wp-block-kadence-advancedheading.kt-adv-heading150850_e139ff-f2[data-kb-block=\"kb-adv-heading150850_e139ff-f2\"]{font-style:normal;}.wp-block-kadence-advancedheading.kt-adv-heading150850_e139ff-f2 mark.kt-highlight, .wp-block-kadence-advancedheading.kt-adv-heading150850_e139ff-f2[data-kb-block=\"kb-adv-heading150850_e139ff-f2\"] mark.kt-highlight{font-style:normal;color:#f76a0c;-webkit-box-decoration-break:clone;box-decoration-break:clone;padding-top:0px;padding-right:0px;padding-bottom:0px;padding-left:0px;}<\/style>\n<p class=\"kt-adv-heading150850_e139ff-f2 wp-block-kadence-advancedheading\" data-kb-block=\"kb-adv-heading150850_e139ff-f2\">\u2022\t2019 \u2013 Zlat\u00e1 medaila pri pr\u00edle\u017eitosti 60. v\u00fdro\u010dia zalo\u017eenia UPJ\u0160 v Ko\u0161iciach za osobn\u00fd vklad pre rozvoj UPJ\u0160. prof. MUDr. Ladislav Mirossay, DrSc.<\/p>\n\n\n<style>.wp-block-kadence-advancedheading.kt-adv-heading150850_736d6a-8b, .wp-block-kadence-advancedheading.kt-adv-heading150850_736d6a-8b[data-kb-block=\"kb-adv-heading150850_736d6a-8b\"]{font-style:normal;}.wp-block-kadence-advancedheading.kt-adv-heading150850_736d6a-8b mark.kt-highlight, .wp-block-kadence-advancedheading.kt-adv-heading150850_736d6a-8b[data-kb-block=\"kb-adv-heading150850_736d6a-8b\"] mark.kt-highlight{font-style:normal;color:#f76a0c;-webkit-box-decoration-break:clone;box-decoration-break:clone;padding-top:0px;padding-right:0px;padding-bottom:0px;padding-left:0px;}<\/style>\n<p class=\"kt-adv-heading150850_736d6a-8b wp-block-kadence-advancedheading\" data-kb-block=\"kb-adv-heading150850_736d6a-8b\">\u2022\t2022 \u2013 Cena rektora za v\u00fdznamn\u00fd vedeck\u00fd pr\u00ednos v oblasti \u0161t\u00fadia protin\u00e1dorov\u00fdch \u00fa\u010dinkov l\u00e1tok pr\u00edrodn\u00e9ho p\u00f4vodu, rozsiahlu publika\u010dn\u00fa \u010dinnos\u0165 v prest\u00ed\u017enych zahrani\u010dn\u00fdch vedeck\u00fdch \u010dasopisoch a grantov\u00fa \u00faspe\u0161nos\u0165 \u2013 PharmDr. Radka Michalkov\u00e1<\/p>\n\n\n<style>.wp-block-kadence-advancedheading.kt-adv-heading150850_7e1c37-d4, .wp-block-kadence-advancedheading.kt-adv-heading150850_7e1c37-d4[data-kb-block=\"kb-adv-heading150850_7e1c37-d4\"]{font-style:normal;}.wp-block-kadence-advancedheading.kt-adv-heading150850_7e1c37-d4 mark.kt-highlight, .wp-block-kadence-advancedheading.kt-adv-heading150850_7e1c37-d4[data-kb-block=\"kb-adv-heading150850_7e1c37-d4\"] mark.kt-highlight{font-style:normal;color:#f76a0c;-webkit-box-decoration-break:clone;box-decoration-break:clone;padding-top:0px;padding-right:0px;padding-bottom:0px;padding-left:0px;}<\/style>\n<p class=\"kt-adv-heading150850_7e1c37-d4 wp-block-kadence-advancedheading\" data-kb-block=\"kb-adv-heading150850_7e1c37-d4\">\u2022\t2025 &#8211; strieborn\u00e1 medaila SLS &#8211; Propter merita  &#8211; za z\u00e1sluhy o budovanie a rozvoj Slovenskej lek\u00e1rskej spolo\u010dnosti \u2013 prof. MUDr. Ladislav Mirossay, DrSc; prof. MVDr. J\u00e1n Moj\u017ei\u0161, DrSc.<\/p>\n","protected":false},"author":75,"featured_media":0,"parent":150831,"menu_order":1,"template":"","meta":{"_acf_changed":false,"_editorskit_title_hidden":false,"_editorskit_reading_time":0,"_editorskit_is_block_options_detached":false,"_editorskit_block_options_position":"{}","footnotes":""},"categories":[],"tags":[],"tax_aktuality":[],"class_list":["post-150850","cpt_ustav","type-cpt_ustav","status-publish","hentry"],"acf":{"acf_link_na_externy_obsah":""},"yoast_head":"<!-- This site is optimized with the Yoast SEO plugin v27.4 - https:\/\/yoast.com\/product\/yoast-seo-wordpress\/ -->\n<title>Ocenenia - Lek\u00e1rska fakulta | UPJ\u0160<\/title>\n<meta name=\"robots\" content=\"index, follow, max-snippet:-1, max-image-preview:large, max-video-preview:-1\" \/>\n<link rel=\"canonical\" href=\"https:\/\/www.upjs.sk\/lekarska-fakulta\/ustav\/farmakologia\/vyskum\/vedecke-podujatia-a-ocenenia\/ocenenia\/\" \/>\n<meta property=\"og:locale\" content=\"sk_SK\" \/>\n<meta property=\"og:type\" content=\"article\" \/>\n<meta property=\"og:title\" content=\"Ocenenia - Lek\u00e1rska fakulta | UPJ\u0160\" \/>\n<meta property=\"og:description\" content=\"\u2022 1993, 1994, 1995, 1996 a 1998 \u2013 ocenenie za najlep\u0161ie publik\u00e1cie na LF UPJ\u0160 \u2013 kolekt\u00edv autorov \u2022 1997 \u2013 ocenenie knihy farmakol\u00f3gie ako najlep\u0161ia monografia LF UPJ\u0160 \u2013 kolekt\u00edv autorov \u2022 1998 \u2013 Pam\u00e4tn\u00fd list a strieborn\u00e1 medaila 3. lek\u00e1rskej fakulty Karlovej univerzity v Prahe za rozvoj spolupr\u00e1ce medzi \u010desk\u00fdmi a slovensk\u00fdmi lek\u00e1rskymi &hellip; \u010c\u00edta\u0165 \u010falej\" \/>\n<meta property=\"og:url\" content=\"https:\/\/www.upjs.sk\/lekarska-fakulta\/ustav\/farmakologia\/vyskum\/vedecke-podujatia-a-ocenenia\/ocenenia\/\" \/>\n<meta property=\"og:site_name\" content=\"Lek\u00e1rska fakulta | UPJ\u0160\" \/>\n<meta property=\"article:modified_time\" content=\"2026-01-15T13:57:43+00:00\" \/>\n<meta name=\"twitter:card\" content=\"summary_large_image\" \/>\n<meta name=\"twitter:label1\" content=\"Predpokladan\u00fd \u010das \u010d\u00edtania\" \/>\n\t<meta name=\"twitter:data1\" content=\"4 min\u00faty\" \/>\n<script type=\"application\/ld+json\" class=\"yoast-schema-graph\">{\"@context\":\"https:\\\/\\\/schema.org\",\"@graph\":[{\"@type\":\"WebPage\",\"@id\":\"https:\\\/\\\/www.upjs.sk\\\/lekarska-fakulta\\\/ustav\\\/farmakologia\\\/vyskum\\\/vedecke-podujatia-a-ocenenia\\\/ocenenia\\\/\",\"url\":\"https:\\\/\\\/www.upjs.sk\\\/lekarska-fakulta\\\/ustav\\\/farmakologia\\\/vyskum\\\/vedecke-podujatia-a-ocenenia\\\/ocenenia\\\/\",\"name\":\"Ocenenia - Lek\u00e1rska fakulta | UPJ\u0160\",\"isPartOf\":{\"@id\":\"https:\\\/\\\/www.upjs.sk\\\/lekarska-fakulta\\\/#website\"},\"datePublished\":\"2026-01-15T13:53:13+00:00\",\"dateModified\":\"2026-01-15T13:57:43+00:00\",\"breadcrumb\":{\"@id\":\"https:\\\/\\\/www.upjs.sk\\\/lekarska-fakulta\\\/ustav\\\/farmakologia\\\/vyskum\\\/vedecke-podujatia-a-ocenenia\\\/ocenenia\\\/#breadcrumb\"},\"inLanguage\":\"sk-SK\",\"potentialAction\":[{\"@type\":\"ReadAction\",\"target\":[\"https:\\\/\\\/www.upjs.sk\\\/lekarska-fakulta\\\/ustav\\\/farmakologia\\\/vyskum\\\/vedecke-podujatia-a-ocenenia\\\/ocenenia\\\/\"]}]},{\"@type\":\"BreadcrumbList\",\"@id\":\"https:\\\/\\\/www.upjs.sk\\\/lekarska-fakulta\\\/ustav\\\/farmakologia\\\/vyskum\\\/vedecke-podujatia-a-ocenenia\\\/ocenenia\\\/#breadcrumb\",\"itemListElement\":[{\"@type\":\"ListItem\",\"position\":1,\"name\":\"Home\",\"item\":\"https:\\\/\\\/www.upjs.sk\\\/lekarska-fakulta\\\/\"},{\"@type\":\"ListItem\",\"position\":2,\"name\":\"\u00dastavy\",\"item\":\"https:\\\/\\\/www.upjs.sk\\\/lekarska-fakulta\\\/ustav\\\/\"},{\"@type\":\"ListItem\",\"position\":3,\"name\":\"\u00dastav farmakol\u00f3gie\",\"item\":\"https:\\\/\\\/www.upjs.sk\\\/lekarska-fakulta\\\/ustav\\\/farmakologia\\\/\"},{\"@type\":\"ListItem\",\"position\":4,\"name\":\"V\u00fdskum\",\"item\":\"https:\\\/\\\/www.upjs.sk\\\/lekarska-fakulta\\\/ustav\\\/farmakologia\\\/vyskum\\\/\"},{\"@type\":\"ListItem\",\"position\":5,\"name\":\"Vedeck\u00e9 podujatia a ocenenia\",\"item\":\"https:\\\/\\\/www.upjs.sk\\\/lekarska-fakulta\\\/ustav\\\/vedecke-podujatia-a-ocenenia\\\/\"},{\"@type\":\"ListItem\",\"position\":6,\"name\":\"Ocenenia\"}]},{\"@type\":\"WebSite\",\"@id\":\"https:\\\/\\\/www.upjs.sk\\\/lekarska-fakulta\\\/#website\",\"url\":\"https:\\\/\\\/www.upjs.sk\\\/lekarska-fakulta\\\/\",\"name\":\"Lek\u00e1rska fakulta | UPJ\u0160\",\"description\":\"\",\"publisher\":{\"@id\":\"https:\\\/\\\/www.upjs.sk\\\/lekarska-fakulta\\\/#organization\"},\"potentialAction\":[{\"@type\":\"SearchAction\",\"target\":{\"@type\":\"EntryPoint\",\"urlTemplate\":\"https:\\\/\\\/www.upjs.sk\\\/lekarska-fakulta\\\/?s={search_term_string}\"},\"query-input\":{\"@type\":\"PropertyValueSpecification\",\"valueRequired\":true,\"valueName\":\"search_term_string\"}}],\"inLanguage\":\"sk-SK\"},{\"@type\":\"Organization\",\"@id\":\"https:\\\/\\\/www.upjs.sk\\\/lekarska-fakulta\\\/#organization\",\"name\":\"Lek\u00e1rska fakulta | UPJ\u0160\",\"url\":\"https:\\\/\\\/www.upjs.sk\\\/lekarska-fakulta\\\/\",\"logo\":{\"@type\":\"ImageObject\",\"inLanguage\":\"sk-SK\",\"@id\":\"https:\\\/\\\/www.upjs.sk\\\/lekarska-fakulta\\\/#\\\/schema\\\/logo\\\/image\\\/\",\"url\":\"https:\\\/\\\/www.upjs.sk\\\/app\\\/uploads\\\/sites\\\/9\\\/2022\\\/09\\\/logo-lekarska-fakulta.png\",\"contentUrl\":\"https:\\\/\\\/www.upjs.sk\\\/app\\\/uploads\\\/sites\\\/9\\\/2022\\\/09\\\/logo-lekarska-fakulta.png\",\"width\":415,\"height\":87,\"caption\":\"Lek\u00e1rska fakulta | UPJ\u0160\"},\"image\":{\"@id\":\"https:\\\/\\\/www.upjs.sk\\\/lekarska-fakulta\\\/#\\\/schema\\\/logo\\\/image\\\/\"}}]}<\/script>\n<!-- \/ Yoast SEO plugin. -->","yoast_head_json":{"title":"Ocenenia - Lek\u00e1rska fakulta | UPJ\u0160","robots":{"index":"index","follow":"follow","max-snippet":"max-snippet:-1","max-image-preview":"max-image-preview:large","max-video-preview":"max-video-preview:-1"},"canonical":"https:\/\/www.upjs.sk\/lekarska-fakulta\/ustav\/farmakologia\/vyskum\/vedecke-podujatia-a-ocenenia\/ocenenia\/","og_locale":"sk_SK","og_type":"article","og_title":"Ocenenia - Lek\u00e1rska fakulta | UPJ\u0160","og_description":"\u2022 1993, 1994, 1995, 1996 a 1998 \u2013 ocenenie za najlep\u0161ie publik\u00e1cie na LF UPJ\u0160 \u2013 kolekt\u00edv autorov \u2022 1997 \u2013 ocenenie knihy farmakol\u00f3gie ako najlep\u0161ia monografia LF UPJ\u0160 \u2013 kolekt\u00edv autorov \u2022 1998 \u2013 Pam\u00e4tn\u00fd list a strieborn\u00e1 medaila 3. lek\u00e1rskej fakulty Karlovej univerzity v Prahe za rozvoj spolupr\u00e1ce medzi \u010desk\u00fdmi a slovensk\u00fdmi lek\u00e1rskymi &hellip; \u010c\u00edta\u0165 \u010falej","og_url":"https:\/\/www.upjs.sk\/lekarska-fakulta\/ustav\/farmakologia\/vyskum\/vedecke-podujatia-a-ocenenia\/ocenenia\/","og_site_name":"Lek\u00e1rska fakulta | UPJ\u0160","article_modified_time":"2026-01-15T13:57:43+00:00","twitter_card":"summary_large_image","twitter_misc":{"Predpokladan\u00fd \u010das \u010d\u00edtania":"4 min\u00faty"},"schema":{"@context":"https:\/\/schema.org","@graph":[{"@type":"WebPage","@id":"https:\/\/www.upjs.sk\/lekarska-fakulta\/ustav\/farmakologia\/vyskum\/vedecke-podujatia-a-ocenenia\/ocenenia\/","url":"https:\/\/www.upjs.sk\/lekarska-fakulta\/ustav\/farmakologia\/vyskum\/vedecke-podujatia-a-ocenenia\/ocenenia\/","name":"Ocenenia - Lek\u00e1rska fakulta | UPJ\u0160","isPartOf":{"@id":"https:\/\/www.upjs.sk\/lekarska-fakulta\/#website"},"datePublished":"2026-01-15T13:53:13+00:00","dateModified":"2026-01-15T13:57:43+00:00","breadcrumb":{"@id":"https:\/\/www.upjs.sk\/lekarska-fakulta\/ustav\/farmakologia\/vyskum\/vedecke-podujatia-a-ocenenia\/ocenenia\/#breadcrumb"},"inLanguage":"sk-SK","potentialAction":[{"@type":"ReadAction","target":["https:\/\/www.upjs.sk\/lekarska-fakulta\/ustav\/farmakologia\/vyskum\/vedecke-podujatia-a-ocenenia\/ocenenia\/"]}]},{"@type":"BreadcrumbList","@id":"https:\/\/www.upjs.sk\/lekarska-fakulta\/ustav\/farmakologia\/vyskum\/vedecke-podujatia-a-ocenenia\/ocenenia\/#breadcrumb","itemListElement":[{"@type":"ListItem","position":1,"name":"Home","item":"https:\/\/www.upjs.sk\/lekarska-fakulta\/"},{"@type":"ListItem","position":2,"name":"\u00dastavy","item":"https:\/\/www.upjs.sk\/lekarska-fakulta\/ustav\/"},{"@type":"ListItem","position":3,"name":"\u00dastav farmakol\u00f3gie","item":"https:\/\/www.upjs.sk\/lekarska-fakulta\/ustav\/farmakologia\/"},{"@type":"ListItem","position":4,"name":"V\u00fdskum","item":"https:\/\/www.upjs.sk\/lekarska-fakulta\/ustav\/farmakologia\/vyskum\/"},{"@type":"ListItem","position":5,"name":"Vedeck\u00e9 podujatia a ocenenia","item":"https:\/\/www.upjs.sk\/lekarska-fakulta\/ustav\/vedecke-podujatia-a-ocenenia\/"},{"@type":"ListItem","position":6,"name":"Ocenenia"}]},{"@type":"WebSite","@id":"https:\/\/www.upjs.sk\/lekarska-fakulta\/#website","url":"https:\/\/www.upjs.sk\/lekarska-fakulta\/","name":"Lek\u00e1rska fakulta | UPJ\u0160","description":"","publisher":{"@id":"https:\/\/www.upjs.sk\/lekarska-fakulta\/#organization"},"potentialAction":[{"@type":"SearchAction","target":{"@type":"EntryPoint","urlTemplate":"https:\/\/www.upjs.sk\/lekarska-fakulta\/?s={search_term_string}"},"query-input":{"@type":"PropertyValueSpecification","valueRequired":true,"valueName":"search_term_string"}}],"inLanguage":"sk-SK"},{"@type":"Organization","@id":"https:\/\/www.upjs.sk\/lekarska-fakulta\/#organization","name":"Lek\u00e1rska fakulta | UPJ\u0160","url":"https:\/\/www.upjs.sk\/lekarska-fakulta\/","logo":{"@type":"ImageObject","inLanguage":"sk-SK","@id":"https:\/\/www.upjs.sk\/lekarska-fakulta\/#\/schema\/logo\/image\/","url":"https:\/\/www.upjs.sk\/app\/uploads\/sites\/9\/2022\/09\/logo-lekarska-fakulta.png","contentUrl":"https:\/\/www.upjs.sk\/app\/uploads\/sites\/9\/2022\/09\/logo-lekarska-fakulta.png","width":415,"height":87,"caption":"Lek\u00e1rska fakulta | UPJ\u0160"},"image":{"@id":"https:\/\/www.upjs.sk\/lekarska-fakulta\/#\/schema\/logo\/image\/"}}]}},"_links":{"self":[{"href":"https:\/\/www.upjs.sk\/lekarska-fakulta\/wp-json\/wp\/v2\/cpt_ustav\/150850","targetHints":{"allow":["GET"]}}],"collection":[{"href":"https:\/\/www.upjs.sk\/lekarska-fakulta\/wp-json\/wp\/v2\/cpt_ustav"}],"about":[{"href":"https:\/\/www.upjs.sk\/lekarska-fakulta\/wp-json\/wp\/v2\/types\/cpt_ustav"}],"author":[{"embeddable":true,"href":"https:\/\/www.upjs.sk\/lekarska-fakulta\/wp-json\/wp\/v2\/users\/75"}],"version-history":[{"count":2,"href":"https:\/\/www.upjs.sk\/lekarska-fakulta\/wp-json\/wp\/v2\/cpt_ustav\/150850\/revisions"}],"predecessor-version":[{"id":150852,"href":"https:\/\/www.upjs.sk\/lekarska-fakulta\/wp-json\/wp\/v2\/cpt_ustav\/150850\/revisions\/150852"}],"up":[{"embeddable":true,"href":"https:\/\/www.upjs.sk\/lekarska-fakulta\/wp-json\/wp\/v2\/cpt_ustav\/150831"}],"wp:attachment":[{"href":"https:\/\/www.upjs.sk\/lekarska-fakulta\/wp-json\/wp\/v2\/media?parent=150850"}],"wp:term":[{"taxonomy":"category","embeddable":true,"href":"https:\/\/www.upjs.sk\/lekarska-fakulta\/wp-json\/wp\/v2\/categories?post=150850"},{"taxonomy":"post_tag","embeddable":true,"href":"https:\/\/www.upjs.sk\/lekarska-fakulta\/wp-json\/wp\/v2\/tags?post=150850"},{"taxonomy":"tax_aktuality","embeddable":true,"href":"https:\/\/www.upjs.sk\/lekarska-fakulta\/wp-json\/wp\/v2\/tax_aktuality?post=150850"}],"curies":[{"name":"wp","href":"https:\/\/api.w.org\/{rel}","templated":true}]}}