{"id":30123,"date":"2021-10-06T09:54:25","date_gmt":"2021-10-06T09:54:25","guid":{"rendered":"https:\/\/www.upjs.sk\/lekarska-fakulta\/ustav\/root\/psychologia-zdravia\/vyskum\/phd\/"},"modified":"2023-07-18T09:50:11","modified_gmt":"2023-07-18T08:50:11","slug":"phd","status":"publish","type":"cpt_ustav","link":"https:\/\/www.upjs.sk\/lekarska-fakulta\/ustav\/psychologia-zdravia\/vyskum\/phd\/","title":{"rendered":"Doktorandsk\u00e9 pr\u00e1ce"},"content":{"rendered":"<p style=\"text-align: justify;\"><strong>\u0160kolite\u013esk\u00e1 kapacita pracoviska<\/strong><\/p>\n<p style=\"text-align: justify;\">V uplynulom obdob\u00ed sa roz\u0161\u00edrila \u0161kolite\u013esk\u00e1 kapacita pracoviska a aktu\u00e1lne pracovisko disponuje 7 \u0161kolite\u013emi pre odbor Verejn\u00e9 zdravotn\u00edctvo, z ktor\u00fdch 6 participuj\u00fa aj v r\u00e1mci doh\u00f4d o spolupr\u00e1ci s Univerzitou v Groningene a podie\u013eaj\u00fa sa na veden\u00ed dizerta\u010dn\u00fdch pr\u00e1c.<\/p>\n<p style=\"text-align: justify;\"><strong>SPOLUPR\u00c1CA UPJ\u0160 S UMCG<\/strong><\/p>\n<p style=\"text-align: justify;\">Dlhoro\u010dn\u00e1 spolupr\u00e1ca s Univerzitou v Groningene, Holandsko <em>(\u010falej UMCG)<\/em> viedla k zalo\u017eeniu KISH \u2013 Ko\u0161ice Institute for Society and Health, ktor\u00e9 je od roku 2006 univerzitn\u00fdm centrom excelentnosti a v roku 2010 z\u00edskalo status in\u0161tit\u00fatu postgradu\u00e1lneho vzdel\u00e1vania na LF UPJ\u0160 v Ko\u0161iciach. V roku 2002 Prof. A. Madarasov\u00e1 Geckov\u00e1 a nesk\u00f4r i dr. J. Rosenberger prevzali zodpovednos\u0165 za superv\u00edziu nad medzin\u00e1rodn\u00fdmi vedeck\u00fdmi projektmi v r\u00e1mci KISH <em>(Kosice Institute for Society and Health)<\/em> a nad doktorandsk\u00fdm \u0161t\u00fadiom v odbore \u201chealth science\u201d.<\/p>\n<p style=\"text-align: justify;\">V r\u00e1mci v\u00fdskumn\u00e9ho programu \u201cYouth and Health\u201d bolo u\u017e \u00faspe\u0161ne obh\u00e1jen\u00fdch na Univerzite v Groningene 10 dizerta\u010dn\u00fdch pr\u00e1c (<em>M. \u0160l\u00e9\u0161kov\u00e1-Ba\u010d\u00edkov\u00e1, Z. Tom\u010dikov\u00e1-\u010cernotov\u00e1, Z. Veselsk\u00e1-Dankulincov\u00e1, M. Sarkov\u00e1, F. Salonna, P. Kolar\u010dik, O. Kalina, K. Rosi\u010dov\u00e1, D. Bob\u00e1kov\u00e1, L. Pitel)<\/em> a v r\u00e1mci dohody o spolupr\u00e1ci vo v\u00fdskumnom programe \u201eMl\u00e1de\u017e a zdravie\u201c UPJ\u0160 v Ko\u0161iciach a UMCG, podp\u00edsanej v roku 2014, \u010fal\u0161ie 4 dizerta\u010dn\u00e9 pr\u00e1ce <em>(D. Brindov\u00e1-Hus\u00e1rov\u00e1, J. Holub\u010d\u00edkov\u00e1, J. Kop\u010d\u00e1kov\u00e1, P. Ba\u010fura)<\/em>, pri\u010dom dve z nich v r\u00e1mci doh\u00f4d o double degree v \u0161tudijnom odbore Verejn\u00e9 zdravotn\u00edctvo LF UPJ\u0160 a Kinantropol\u00f3gia FTK UPOL <em>(D. Hus\u00e1rov\u00e1\/ UPJ\u0160, P. Ba\u010fura\/ UPOL)<\/em>. Dohoda bola teda v uplynulom obdob\u00ed naplnen\u00e1 a v pr\u00edprave je dohoda o spolupr\u00e1ci na obdobie 2020-2023 a z\u00e1rove\u0148 zmluvy o double degree v odbore verejn\u00e9 zdravotn\u00edctvo LF UPJ\u0160 <em>(M. Lackov\u00e1 Rebi\u010dov\u00e1, L. Bitt\u00f3 Urbanov\u00e1, J. Mackov\u00e1, S. Horani\u010dov\u00e1, V. Karchynskaja)<\/em>.<\/p>\n<p style=\"text-align: justify;\">V\u00fdskumn\u00fd program \u201eChronic Disease\u201c vedie dr. J. Rosenberger. V r\u00e1mci tohto programu bolo \u00faspe\u0161ne obh\u00e1jen\u00fdch 12 dizerta\u010dn\u00fdch pr\u00e1c <em>(E. Havl\u00edkov\u00e1, M. Majern\u00edkov\u00e1, L. Pr\u00edhodov\u00e1, Z. \u0160kodov\u00e1, M. Krokavcov\u00e1 Chylov\u00e1, T. Dubayov\u00e1, J. Benka, B. \u0160ilarov\u00e1, P. Mikula, A. Sudzinov\u00e1, G. Ko\u013evek, M. \u0160korv\u00e1nek)<\/em>, pri\u010dom dve z nich v r\u00e1mci doh\u00f4d o double degree <em>(G. Ko\u013evek, M. \u0160korv\u00e1nek)<\/em>. V roku 2015 bola podp\u00edsan\u00e1 dohoda o spolupr\u00e1ci vo v\u00fdskumnom programe \u201eChronick\u00e9 ochorenia\u201c, v r\u00e1mci ktorej bola obh\u00e1jen\u00e1 jedna dizerta\u010dn\u00e1 pr\u00e1ca <em>(M. V\u00edtkov\u00e1)<\/em> a \u010fal\u0161ie PhD \u0161t\u00fadia prebiehaj\u00fa <em>(A. Bel\u00e1k \u2013 okt 2019, L. Bos\u00e1kov\u00e1 2020, A. Zelko &#8211; 2021)<\/em>. V pr\u00edprave je dohoda o spolupr\u00e1ci na obdobie 2021-2024 a z\u00e1rove\u0148 zmluvy o double degree v odbore verejn\u00e9 zdravotn\u00edctvo LF UPJ\u0160 <em>(I. Skoumalov\u00e1, S. Chovan)<\/em><\/p>\n<p style=\"text-align: justify;\"><strong>SPOLUPR\u00c1CA S CMFT PALACK\u00c9HO UNIVERZITY V OLOMOUCI<\/strong><\/p>\n<p style=\"text-align: justify;\">Spolupr\u00e1ca s Univerzitou v Groningene sa roz\u0161\u00edrila o spolupr\u00e1cu s Palack\u00e9ho Univerzitou v Olomouci, \u010do viedlo k zalo\u017eeniu OUSHI Olomouc University Social Health Institute (<a href=\"http:\/\/oushi.upol.cz\/\">http:\/\/oushi.upol.cz\/<\/a>). OUSHI zjednocuje v\u00fdskumn\u00e9 \u00fasilie troch fak\u00falt tejto univerzity: CMFT, FTK a LF. V roku 2015 bol akreditovan\u00fd \u0161tudijn\u00fd program Spiritu\u00e1lne a soci\u00e1lne aspekty zdravia a prof. A. Madarasov\u00e1 Geckov\u00e1 bola vymenovan\u00e1 za jednu zo \u0161koliteliek. V roku 2017 bola v tomto odbore vymenovan\u00e1 za \u0161kolite\u013eku aj doc. Z. Dankulincov\u00e1, \u010do umo\u017e\u0148uje e\u0161te viac preh\u013abi\u0165 vz\u00e1jomn\u00fa v\u00fdskumn\u00fa spolupr\u00e1cu. V tomto odbore vedie doktorandsk\u00e9 \u0161t\u00fadium Mgr. Kate\u0159iny Pacl\u00edkovej.<\/p>\n<h3 style=\"text-align: justify;\">Obh\u00e1jen\u00e9 dizerta\u010dn\u00e9 pr\u00e1ce<\/h3>\n<p><u>\u0160tudijn\u00fd program: Verejn\u00e9 zdravotn\u00edctvo LF UPJ\u0160 (4+1*)<\/u><\/p>\n<ol>\n<li>L. Bitt\u00f3 Urbanov\u00e1: Rizik\u00e1 a v\u00fdhody vyu\u017e\u00edvania internetu a modern\u00fdch technol\u00f3gi\u00ed a ich dopad na zdravie slovensk\u00fdch adolescentov 2017-2021*<\/li>\n<li>S. Horani\u010dov\u00e1: \u0160kola (ne)vol\u00e1. V\u00fdznam \u0161kolsk\u00e9ho prostredia v podpore zdrav\u00e9ho v\u00fdvinu adolescentov 2019-2023*<\/li>\n<li>V. Karchynskaya: Faktory spojen\u00e9 s (nie)fitnes u adolescentov &#8211; mixovan\u00e9 met\u00f3dy 2019-2023*<\/li>\n<li>J. Mackov\u00e1: Zdrav\u00fd v\u00fdvin dospievaj\u00facich v ich psychosoci\u00e1lnom kontexte: Te\u00f3ria pozit\u00edvneho v\u00fdvinu 2017-2021*<\/li>\n<li>I. Skoumalov\u00e1: Zdravotn\u00e1 gramotnos\u0165 a so zdrav\u00edm s\u00favisiace ukazovatele u dialyzovan\u00fdch pacientov. Podnety na zv\u00fd\u0161enie rovnosti v zdrav\u00ed u pacientov s chronick\u00fdmi zdravotn\u00fdmi probl\u00e9mami 2017-2021*<\/li>\n<li>M. Lackov\u00e1 Rebi\u010dov\u00e1: Nepriazniv\u00e9 sk\u00fasenosti z detstva a ich vplyv na emocion\u00e1lne a behavior\u00e1lne probl\u00e9my u adolescentov 2016-2020*<\/li>\n<li>I. Babinsk\u00e1: Behavior\u00e1lne rizikov\u00e9 faktory kardiovaskul\u00e1rnych ochoren\u00ed popul\u00e1cie \u017eij\u00facej v R\u00f3mskych osad\u00e1ch 2011-2015<\/li>\n<li>E. \u010cepov\u00e1: Konceptualiz\u00e1cia a meranie zdravotnej gramotnosti a jej vyu\u017eitie v oblasti verejn\u00e9ho zdravotn\u00edctva 2014-2018<\/li>\n<li>M. Palfiov\u00e1 Mr\u00e1zov\u00e1: Vplyv vybran\u00fdch rizikov\u00fdch a protekt\u00edvnych faktorov na zdrav\u00fd v\u00fdvin adolescentov s emocion\u00e1lnymi a behavior\u00e1lnymi probl\u00e9mami 2014-2018<\/li>\n<li>D. Hus\u00e1rov\u00e1: Barriers to active participation of school-aged children, 2017.*<\/li>\n<\/ol>\n<p><u>\u0160tudijn\u00fd program: Health Sciences University of Groningen (7+2*) 2015 \u2013 2021<\/u><\/p>\n<ol start=\"8\">\n<li>A. Sudzinov\u00e1: Roma ethnicity and outcomes of Coronary Artery Disease. Mortality, clinical status and self-rated health, 2015.<\/li>\n<li>M. V\u00edtkov\u00e1: Poor sleep quality and other symptoms affecting quality of life in patients with multiple sclerosis, 2015<\/li>\n<li>J. Holub\u010d\u00edkov\u00e1: Eating habits, body image and health and behavioural problems of adolescents: The role of school and family context, 2016.<\/li>\n<li>J. Kop\u010d\u00e1kov\u00e1: Physical activity, screen-based activities and their potential determinants: Active living during adolescence, 2018.<\/li>\n<li>P. Ba\u010fura: Healthy adolescence in the context of leisure time: The role of organized and unstructured leisure-time activities, 2018.*<\/li>\n<li>A. Bel\u00e1k: Segregated Roma and health-care system professionals in Slovakia: A comparison of perspectives on Roma health, 2019. *<\/li>\n<li>L. Bos\u00e1kov\u00e1: Breaking the cycle of poverty, 2015-2021<\/li>\n<\/ol>\n<p><u>\u0160tudijn\u00fd program: Health Sciences University of Groningen (25) 2002 &#8211; 2015<\/u><\/p>\n<ol start=\"15\">\n<li>A. Geckov\u00e1: Inequality in health among Slovak adolescents, 1997-2002, <a href=\"http:\/\/irs.ub.rug.nl\/ppn\/236175823\">http:\/\/irs.ub.rug.nl\/ppn\/236175823<\/a><\/li>\n<li>I. Nagyov\u00e1: Self-rated health and quality of life in Slovak rheumatoid arthritis patients, 1996-2005, <a href=\"http:\/\/irs.ub.rug.nl\/ppn\/274118556\">http:\/\/irs.ub.rug.nl\/ppn\/274118556<\/a><\/li>\n<li>M. \u0160l\u00e9\u0161kov\u00e1: Unemployment and the health of Slovak adolescents, 2002-2006, <a href=\"http:\/\/irs.ub.rug.nl\/ppn\/297872109\">http:\/\/irs.ub.rug.nl\/ppn\/297872109<\/a><\/li>\n<li>J. Rosenberger: Perceived health status after kidney transplantation, 2002-2006, <a href=\"http:\/\/irs.ub.rug.nl\/ppn\/297874527\">http:\/\/irs.ub.rug.nl\/ppn\/297874527<\/a><\/li>\n<li>Z. \u0160kodov\u00e1: Coronary heart disease from a psychosocial perspective: socioeconomic and ethnic inequalities among Slovak patients, 2008, <a href=\"http:\/\/irs.ub.rug.nl\/ppn\/31539823X\">http:\/\/irs.ub.rug.nl\/ppn\/31539823X<\/a><\/li>\n<li>E. Havl\u00edkov\u00e1: Fatigue, mood disorders and sleep problems in patients with Parkinson\u2019s disease, 2008, <a href=\"http:\/\/irs.ub.rug.nl\/ppn\/315252448\">http:\/\/irs.ub.rug.nl\/ppn\/315252448<\/a><\/li>\n<li>M. Krokavcov\u00e1: Perceived health status in multiple sclerosis patients, 2009, <a href=\"http:\/\/irs.ub.rug.nl\/ppn\/318259753\">http:\/\/irs.ub.rug.nl\/ppn\/318259753<\/a><\/li>\n<li>M. Sarkov\u00e1: Psychological well-being and self-esteem in Slovak adolescents, 2002-2010, 3 SSCI,<a href=\"http:\/\/irs.ub.rug.nl\/ppn\/330592173\">http:\/\/irs.ub.rug.nl\/ppn\/330592173<\/a><\/li>\n<li>T. Dubayov\u00e1: Parkinson\u2019s disease \u2013 psychological determinants of quality of life, 2010, <a href=\"http:\/\/irs.ub.rug.nl\/ppn\/330630423\">http:\/\/irs.ub.rug.nl\/ppn\/330630423<\/a><\/li>\n<li>Z. Veselsk\u00e1: Intrapersonal factors, social context and health-related behavior in adolescence, 2006-2010, <a href=\"http:\/\/irs.ub.rug.nl\/ppn\/330592696\">http:\/\/irs.ub.rug.nl\/ppn\/330592696<\/a><\/li>\n<li>Z. Tom\u010d\u00edkov\u00e1: Parental divorce and adolescent excessive drinking: role of parent-adolescent relationship and other social and psychosocial factors, 2006-2011, <a href=\"http:\/\/irs.ub.rug.nl\/ppn\/332352617\">http:\/\/irs.ub.rug.nl\/ppn\/332352617<\/a><\/li>\n<li>P. Kolar\u010dik: Self-reported health and health risky behaviour of Roma adolescents in Slovakia: a comparison with the non-Roma, 2007-2012, <a href=\"http:\/\/irs.ub.rug.nl\/ppn\/345878396\">http:\/\/irs.ub.rug.nl\/ppn\/345878396<\/a><\/li>\n<li>F. Salonna: Health inequalities among Slovak adolescents over time, 2002-2012, <a href=\"http:\/\/irs.ub.rug.nl\/ppn\/345879597\">http:\/\/irs.ub.rug.nl\/ppn\/345879597<\/a><\/li>\n<li>O. Kalina: Sexual risky behaviour among Slovak adolescents and young adults: social and psychological factors, 2005-2012, <a href=\"http:\/\/irs.ub.rug.nl\/ppn\/353218561\">http:\/\/irs.ub.rug.nl\/ppn\/353218561<\/a><\/li>\n<li>J. Benka: Living with rheumatoid arthritis: do personal and social resources make a difference, 2012, <a href=\"http:\/\/irs.ub.rug.nl\/ppn\/354811118\">http:\/\/irs.ub.rug.nl\/ppn\/354811118<\/a><\/li>\n<li>K. Rosi\u010dov\u00e1: Regional mortality in the Slovak Republic in the context of socioeconomic indicators and ethnicity, 2006-2013, <a href=\"http:\/\/irs.ub.rug.nl\/ppn\/357966791\">http:\/\/irs.ub.rug.nl\/ppn\/357966791<\/a><\/li>\n<li>D. Bob\u00e1kov\u00e1: Youth subcultures and problem behaviours in Slovakia: Hip-hop, Techno-scene, Metal, Punk, Skinheads, and Roma, 2009-2013, <a href=\"http:\/\/irs.ub.rug.nl\/ppn\/357978870\">http:\/\/irs.ub.rug.nl\/ppn\/357978870<\/a><\/li>\n<li>M. Majern\u00edkov\u00e1: Self-rated health and mortality after kidney transplantation, 2013, <a href=\"http:\/\/irs.ub.rug.nl\/ppn\/369598342\">http:\/\/irs.ub.rug.nl\/ppn\/369598342<\/a><\/li>\n<li>L. Pitel: Sociocultural determinants, gender and health-related behaviour in adolescence, 2007-2013, <a href=\"http:\/\/irs.ub.rug.nl\/ppn\/369599624\">http:\/\/irs.ub.rug.nl\/ppn\/369599624<\/a><\/li>\n<li>B. \u0160ilarov\u00e1: Unraveling the role of sense of coherence in coronary heart disease patients, 2014, <a href=\"http:\/\/irs.ub.rug.nl\/ppn\/371319919\">http:\/\/irs.ub.rug.nl\/ppn\/371319919<\/a><\/li>\n<li>M. Behanov\u00e1: Area- and individual-level socioeconomic differences in health and health risk behaviour, 2014, <a href=\"http:\/\/irs.ub.rug.nl\/ppn\/375806504\">http:\/\/irs.ub.rug.nl\/ppn\/375806504<\/a><\/li>\n<li>L. Pr\u00edhodov\u00e1: Psychosocial and medical determinants of long-term patient otcomes. A specific focus on patients after kidney transplantation and with haemophilia, 2014, <a href=\"http:\/\/irs.ub.rug.nl\/ppn\/381201090\">http:\/\/irs.ub.rug.nl\/ppn\/381201090<\/a><\/li>\n<li>G. Ko\u013evek: Etiology and prognosis of Chronic Kidney Disease in children: Roma ethnicity and other risk factors, 2014, <a href=\"http:\/\/irs.ub.rug.nl\/ppn\/384001246\">http:\/\/irs.ub.rug.nl\/ppn\/384001246<\/a><\/li>\n<li>M. \u0160korv\u00e1nek: Fatigue, apathy and quality of life in patients with Parkinson&#8217;s disease, 2014, <a href=\"http:\/\/irs.ub.rug.nl\/ppn\/383987016\">http:\/\/irs.ub.rug.nl\/ppn\/383987016<\/a><\/li>\n<li>Pavol Mikula: Health related quality of life in people with multiple sclerosis. The role of coping, social participation and self-esteem. 2015, <a href=\"http:\/\/hdl.handle.net\/11370\/98348981-f62e-438f-b695-05ec37e48092\">http:\/\/hdl.handle.net\/11370\/98348981-f62e-438f-b695-05ec37e48092<\/a><\/li>\n<\/ol>\n<h3>Veden\u00e9 dizerta\u010dn\u00e9 pr\u00e1ce<\/h3>\n<p><u>\u0160tudijn\u00fd program: Verejn\u00e9 zdravotn\u00edctvo LF UPJ\u0160 (10+9*)<\/u><\/p>\n<ol>\n<li>S. Chovan: Biologick\u00e9 a kontextu\u00e1lne vplyvy na ran\u00fd v\u00fdvin det\u00ed v marginalizovan\u00fdch r\u00f3mskych komunit\u00e1ch 2019-2023*<\/li>\n<li>R. Koky: P\u00f4sobenie asistentov podpory zdravia na podmienky pre zdravie marginalizovan\u00fdch r\u00f3mskych komun\u00edt, extern\u00e1 forma 2018 \u2013 2022<\/li>\n<li>V. Pa\u010dutov\u00e1: Zvl\u00e1danie n\u00e1ro\u010dn\u00fdch situ\u00e1ci\u00ed pri poskytovan\u00ed zdravotnej starostlivosti 2020-2024*<\/li>\n<li>S. Kov\u00e1\u010dov\u00e1: Rodi\u010dovsk\u00e9 strat\u00e9gie v ranom detstve v kontexte marginalizovan\u00fdch r\u00f3mskych komun\u00edt 2021-2025 *<\/li>\n<\/ol>\n<p><u>\u0160tudijn\u00fd program: Health Sciences University of Groningen (2)<\/u><\/p>\n<ol start=\"8\">\n<li>A. Zelko: The effects of intradialytic resistance training on circulatory miRNA profile and muscle strength in haemodialysis patients, 2018-2022<\/li>\n<li>K. Pacl\u00edkov\u00e1: Mapov\u00e1n\u00ed poskytovan\u00e9 p\u00e9\u010de dosp\u00edvaj\u00edc\u00edm s emocion\u00e1ln\u00edmi a behavior\u00e1ln\u00edmi probl\u00e9my (EBP) na Slovensku a v \u010cech\u00e1ch<\/li>\n<\/ol>\n<p>* pl\u00e1novan\u00e9 double degree<\/p>\n","protected":false},"author":1,"featured_media":0,"parent":30121,"menu_order":6,"template":"","meta":{"_acf_changed":false,"_editorskit_title_hidden":false,"_editorskit_reading_time":5,"_editorskit_is_block_options_detached":false,"_editorskit_block_options_position":"{}","footnotes":""},"categories":[],"tags":[],"tax_aktuality":[],"class_list":["post-30123","cpt_ustav","type-cpt_ustav","status-publish","hentry"],"acf":{"acf_link_na_externy_obsah":""},"yoast_head":"<!-- This site is optimized with the Yoast SEO plugin v27.4 - https:\/\/yoast.com\/product\/yoast-seo-wordpress\/ -->\n<title>Doktorandsk\u00e9 pr\u00e1ce - Lek\u00e1rska fakulta | UPJ\u0160<\/title>\n<meta name=\"robots\" content=\"index, follow, max-snippet:-1, max-image-preview:large, max-video-preview:-1\" \/>\n<link rel=\"canonical\" href=\"https:\/\/www.upjs.sk\/lekarska-fakulta\/ustav\/psychologia-zdravia\/vyskum\/phd\/\" \/>\n<meta property=\"og:locale\" content=\"sk_SK\" \/>\n<meta property=\"og:type\" content=\"article\" \/>\n<meta property=\"og:title\" content=\"Doktorandsk\u00e9 pr\u00e1ce - Lek\u00e1rska fakulta | UPJ\u0160\" \/>\n<meta property=\"og:description\" content=\"\u0160kolite\u013esk\u00e1 kapacita pracoviska V uplynulom obdob\u00ed sa roz\u0161\u00edrila \u0161kolite\u013esk\u00e1 kapacita pracoviska a aktu\u00e1lne pracovisko disponuje 7 \u0161kolite\u013emi pre odbor Verejn\u00e9 zdravotn\u00edctvo, z ktor\u00fdch 6 participuj\u00fa aj v r\u00e1mci doh\u00f4d o spolupr\u00e1ci s Univerzitou v Groningene a podie\u013eaj\u00fa sa na veden\u00ed dizerta\u010dn\u00fdch pr\u00e1c. SPOLUPR\u00c1CA UPJ\u0160 S UMCG Dlhoro\u010dn\u00e1 spolupr\u00e1ca s Univerzitou v Groningene, Holandsko (\u010falej UMCG) &hellip; \u010c\u00edta\u0165 \u010falej\" \/>\n<meta property=\"og:url\" content=\"https:\/\/www.upjs.sk\/lekarska-fakulta\/ustav\/psychologia-zdravia\/vyskum\/phd\/\" \/>\n<meta property=\"og:site_name\" content=\"Lek\u00e1rska fakulta | UPJ\u0160\" \/>\n<meta property=\"article:modified_time\" content=\"2023-07-18T08:50:11+00:00\" \/>\n<meta name=\"twitter:card\" content=\"summary_large_image\" \/>\n<meta name=\"twitter:label1\" content=\"Predpokladan\u00fd \u010das \u010d\u00edtania\" \/>\n\t<meta name=\"twitter:data1\" content=\"7 min\u00fat\" \/>\n<script type=\"application\/ld+json\" class=\"yoast-schema-graph\">{\"@context\":\"https:\\\/\\\/schema.org\",\"@graph\":[{\"@type\":\"WebPage\",\"@id\":\"https:\\\/\\\/www.upjs.sk\\\/lekarska-fakulta\\\/ustav\\\/psychologia-zdravia\\\/vyskum\\\/phd\\\/\",\"url\":\"https:\\\/\\\/www.upjs.sk\\\/lekarska-fakulta\\\/ustav\\\/psychologia-zdravia\\\/vyskum\\\/phd\\\/\",\"name\":\"Doktorandsk\u00e9 pr\u00e1ce - Lek\u00e1rska fakulta | UPJ\u0160\",\"isPartOf\":{\"@id\":\"https:\\\/\\\/www.upjs.sk\\\/lekarska-fakulta\\\/#website\"},\"datePublished\":\"2021-10-06T09:54:25+00:00\",\"dateModified\":\"2023-07-18T08:50:11+00:00\",\"breadcrumb\":{\"@id\":\"https:\\\/\\\/www.upjs.sk\\\/lekarska-fakulta\\\/ustav\\\/psychologia-zdravia\\\/vyskum\\\/phd\\\/#breadcrumb\"},\"inLanguage\":\"sk-SK\",\"potentialAction\":[{\"@type\":\"ReadAction\",\"target\":[\"https:\\\/\\\/www.upjs.sk\\\/lekarska-fakulta\\\/ustav\\\/psychologia-zdravia\\\/vyskum\\\/phd\\\/\"]}]},{\"@type\":\"BreadcrumbList\",\"@id\":\"https:\\\/\\\/www.upjs.sk\\\/lekarska-fakulta\\\/ustav\\\/psychologia-zdravia\\\/vyskum\\\/phd\\\/#breadcrumb\",\"itemListElement\":[{\"@type\":\"ListItem\",\"position\":1,\"name\":\"Home\",\"item\":\"https:\\\/\\\/www.upjs.sk\\\/lekarska-fakulta\\\/\"},{\"@type\":\"ListItem\",\"position\":2,\"name\":\"\u00dastavy\",\"item\":\"https:\\\/\\\/www.upjs.sk\\\/lekarska-fakulta\\\/ustav\\\/\"},{\"@type\":\"ListItem\",\"position\":3,\"name\":\"\u00dastav psychol\u00f3gie zdravia a metodol\u00f3gie v\u00fdskumu\",\"item\":\"https:\\\/\\\/www.upjs.sk\\\/lekarska-fakulta\\\/ustav\\\/psychologia-zdravia\\\/\"},{\"@type\":\"ListItem\",\"position\":4,\"name\":\"V\u00fdskum\",\"item\":\"https:\\\/\\\/www.upjs.sk\\\/lekarska-fakulta\\\/ustav\\\/psychologia-zdravia\\\/vyskum\\\/\"},{\"@type\":\"ListItem\",\"position\":5,\"name\":\"Doktorandsk\u00e9 pr\u00e1ce\"}]},{\"@type\":\"WebSite\",\"@id\":\"https:\\\/\\\/www.upjs.sk\\\/lekarska-fakulta\\\/#website\",\"url\":\"https:\\\/\\\/www.upjs.sk\\\/lekarska-fakulta\\\/\",\"name\":\"Lek\u00e1rska fakulta | UPJ\u0160\",\"description\":\"\",\"publisher\":{\"@id\":\"https:\\\/\\\/www.upjs.sk\\\/lekarska-fakulta\\\/#organization\"},\"potentialAction\":[{\"@type\":\"SearchAction\",\"target\":{\"@type\":\"EntryPoint\",\"urlTemplate\":\"https:\\\/\\\/www.upjs.sk\\\/lekarska-fakulta\\\/?s={search_term_string}\"},\"query-input\":{\"@type\":\"PropertyValueSpecification\",\"valueRequired\":true,\"valueName\":\"search_term_string\"}}],\"inLanguage\":\"sk-SK\"},{\"@type\":\"Organization\",\"@id\":\"https:\\\/\\\/www.upjs.sk\\\/lekarska-fakulta\\\/#organization\",\"name\":\"Lek\u00e1rska fakulta | UPJ\u0160\",\"url\":\"https:\\\/\\\/www.upjs.sk\\\/lekarska-fakulta\\\/\",\"logo\":{\"@type\":\"ImageObject\",\"inLanguage\":\"sk-SK\",\"@id\":\"https:\\\/\\\/www.upjs.sk\\\/lekarska-fakulta\\\/#\\\/schema\\\/logo\\\/image\\\/\",\"url\":\"https:\\\/\\\/www.upjs.sk\\\/app\\\/uploads\\\/sites\\\/9\\\/2022\\\/09\\\/logo-lekarska-fakulta.png\",\"contentUrl\":\"https:\\\/\\\/www.upjs.sk\\\/app\\\/uploads\\\/sites\\\/9\\\/2022\\\/09\\\/logo-lekarska-fakulta.png\",\"width\":415,\"height\":87,\"caption\":\"Lek\u00e1rska fakulta | UPJ\u0160\"},\"image\":{\"@id\":\"https:\\\/\\\/www.upjs.sk\\\/lekarska-fakulta\\\/#\\\/schema\\\/logo\\\/image\\\/\"}}]}<\/script>\n<!-- \/ Yoast SEO plugin. -->","yoast_head_json":{"title":"Doktorandsk\u00e9 pr\u00e1ce - Lek\u00e1rska fakulta | UPJ\u0160","robots":{"index":"index","follow":"follow","max-snippet":"max-snippet:-1","max-image-preview":"max-image-preview:large","max-video-preview":"max-video-preview:-1"},"canonical":"https:\/\/www.upjs.sk\/lekarska-fakulta\/ustav\/psychologia-zdravia\/vyskum\/phd\/","og_locale":"sk_SK","og_type":"article","og_title":"Doktorandsk\u00e9 pr\u00e1ce - Lek\u00e1rska fakulta | UPJ\u0160","og_description":"\u0160kolite\u013esk\u00e1 kapacita pracoviska V uplynulom obdob\u00ed sa roz\u0161\u00edrila \u0161kolite\u013esk\u00e1 kapacita pracoviska a aktu\u00e1lne pracovisko disponuje 7 \u0161kolite\u013emi pre odbor Verejn\u00e9 zdravotn\u00edctvo, z ktor\u00fdch 6 participuj\u00fa aj v r\u00e1mci doh\u00f4d o spolupr\u00e1ci s Univerzitou v Groningene a podie\u013eaj\u00fa sa na veden\u00ed dizerta\u010dn\u00fdch pr\u00e1c. SPOLUPR\u00c1CA UPJ\u0160 S UMCG Dlhoro\u010dn\u00e1 spolupr\u00e1ca s Univerzitou v Groningene, Holandsko (\u010falej UMCG) &hellip; \u010c\u00edta\u0165 \u010falej","og_url":"https:\/\/www.upjs.sk\/lekarska-fakulta\/ustav\/psychologia-zdravia\/vyskum\/phd\/","og_site_name":"Lek\u00e1rska fakulta | UPJ\u0160","article_modified_time":"2023-07-18T08:50:11+00:00","twitter_card":"summary_large_image","twitter_misc":{"Predpokladan\u00fd \u010das \u010d\u00edtania":"7 min\u00fat"},"schema":{"@context":"https:\/\/schema.org","@graph":[{"@type":"WebPage","@id":"https:\/\/www.upjs.sk\/lekarska-fakulta\/ustav\/psychologia-zdravia\/vyskum\/phd\/","url":"https:\/\/www.upjs.sk\/lekarska-fakulta\/ustav\/psychologia-zdravia\/vyskum\/phd\/","name":"Doktorandsk\u00e9 pr\u00e1ce - Lek\u00e1rska fakulta | UPJ\u0160","isPartOf":{"@id":"https:\/\/www.upjs.sk\/lekarska-fakulta\/#website"},"datePublished":"2021-10-06T09:54:25+00:00","dateModified":"2023-07-18T08:50:11+00:00","breadcrumb":{"@id":"https:\/\/www.upjs.sk\/lekarska-fakulta\/ustav\/psychologia-zdravia\/vyskum\/phd\/#breadcrumb"},"inLanguage":"sk-SK","potentialAction":[{"@type":"ReadAction","target":["https:\/\/www.upjs.sk\/lekarska-fakulta\/ustav\/psychologia-zdravia\/vyskum\/phd\/"]}]},{"@type":"BreadcrumbList","@id":"https:\/\/www.upjs.sk\/lekarska-fakulta\/ustav\/psychologia-zdravia\/vyskum\/phd\/#breadcrumb","itemListElement":[{"@type":"ListItem","position":1,"name":"Home","item":"https:\/\/www.upjs.sk\/lekarska-fakulta\/"},{"@type":"ListItem","position":2,"name":"\u00dastavy","item":"https:\/\/www.upjs.sk\/lekarska-fakulta\/ustav\/"},{"@type":"ListItem","position":3,"name":"\u00dastav psychol\u00f3gie zdravia a metodol\u00f3gie v\u00fdskumu","item":"https:\/\/www.upjs.sk\/lekarska-fakulta\/ustav\/psychologia-zdravia\/"},{"@type":"ListItem","position":4,"name":"V\u00fdskum","item":"https:\/\/www.upjs.sk\/lekarska-fakulta\/ustav\/psychologia-zdravia\/vyskum\/"},{"@type":"ListItem","position":5,"name":"Doktorandsk\u00e9 pr\u00e1ce"}]},{"@type":"WebSite","@id":"https:\/\/www.upjs.sk\/lekarska-fakulta\/#website","url":"https:\/\/www.upjs.sk\/lekarska-fakulta\/","name":"Lek\u00e1rska fakulta | UPJ\u0160","description":"","publisher":{"@id":"https:\/\/www.upjs.sk\/lekarska-fakulta\/#organization"},"potentialAction":[{"@type":"SearchAction","target":{"@type":"EntryPoint","urlTemplate":"https:\/\/www.upjs.sk\/lekarska-fakulta\/?s={search_term_string}"},"query-input":{"@type":"PropertyValueSpecification","valueRequired":true,"valueName":"search_term_string"}}],"inLanguage":"sk-SK"},{"@type":"Organization","@id":"https:\/\/www.upjs.sk\/lekarska-fakulta\/#organization","name":"Lek\u00e1rska fakulta | UPJ\u0160","url":"https:\/\/www.upjs.sk\/lekarska-fakulta\/","logo":{"@type":"ImageObject","inLanguage":"sk-SK","@id":"https:\/\/www.upjs.sk\/lekarska-fakulta\/#\/schema\/logo\/image\/","url":"https:\/\/www.upjs.sk\/app\/uploads\/sites\/9\/2022\/09\/logo-lekarska-fakulta.png","contentUrl":"https:\/\/www.upjs.sk\/app\/uploads\/sites\/9\/2022\/09\/logo-lekarska-fakulta.png","width":415,"height":87,"caption":"Lek\u00e1rska fakulta | UPJ\u0160"},"image":{"@id":"https:\/\/www.upjs.sk\/lekarska-fakulta\/#\/schema\/logo\/image\/"}}]}},"_links":{"self":[{"href":"https:\/\/www.upjs.sk\/lekarska-fakulta\/wp-json\/wp\/v2\/cpt_ustav\/30123","targetHints":{"allow":["GET"]}}],"collection":[{"href":"https:\/\/www.upjs.sk\/lekarska-fakulta\/wp-json\/wp\/v2\/cpt_ustav"}],"about":[{"href":"https:\/\/www.upjs.sk\/lekarska-fakulta\/wp-json\/wp\/v2\/types\/cpt_ustav"}],"author":[{"embeddable":true,"href":"https:\/\/www.upjs.sk\/lekarska-fakulta\/wp-json\/wp\/v2\/users\/1"}],"version-history":[{"count":4,"href":"https:\/\/www.upjs.sk\/lekarska-fakulta\/wp-json\/wp\/v2\/cpt_ustav\/30123\/revisions"}],"predecessor-version":[{"id":89040,"href":"https:\/\/www.upjs.sk\/lekarska-fakulta\/wp-json\/wp\/v2\/cpt_ustav\/30123\/revisions\/89040"}],"up":[{"embeddable":true,"href":"https:\/\/www.upjs.sk\/lekarska-fakulta\/wp-json\/wp\/v2\/cpt_ustav\/30121"}],"wp:attachment":[{"href":"https:\/\/www.upjs.sk\/lekarska-fakulta\/wp-json\/wp\/v2\/media?parent=30123"}],"wp:term":[{"taxonomy":"category","embeddable":true,"href":"https:\/\/www.upjs.sk\/lekarska-fakulta\/wp-json\/wp\/v2\/categories?post=30123"},{"taxonomy":"post_tag","embeddable":true,"href":"https:\/\/www.upjs.sk\/lekarska-fakulta\/wp-json\/wp\/v2\/tags?post=30123"},{"taxonomy":"tax_aktuality","embeddable":true,"href":"https:\/\/www.upjs.sk\/lekarska-fakulta\/wp-json\/wp\/v2\/tax_aktuality?post=30123"}],"curies":[{"name":"wp","href":"https:\/\/api.w.org\/{rel}","templated":true}]}}