{"id":33676,"date":"2021-10-06T09:51:46","date_gmt":"2021-10-06T09:51:46","guid":{"rendered":"https:\/\/www.upjs.sk\/lekarska-fakulta\/ustav\/psychologia-zdravia\/vyucba\/zaverecne-prace\/aktualne\/"},"modified":"2024-12-03T13:02:59","modified_gmt":"2024-12-03T12:02:59","slug":"aktualne","status":"publish","type":"cpt_ustav","link":"https:\/\/www.upjs.sk\/lekarska-fakulta\/ustav\/psychologia-zdravia\/vyucba\/zaverecne-prace\/aktualne\/","title":{"rendered":"Z\u00e1vere\u010dn\u00e9 pr\u00e1ce rie\u0161en\u00e9 v aktu\u00e1lnom akademickom roku"},"content":{"rendered":"<p><strong>T\u00e9my prebiehaj\u00facich dizerta\u010dn\u00fdch pr\u00e1c pre odbor Verejn\u00e9 zdravotn\u00edctvo<\/strong><\/p>\n<p><strong>Dizerta\u010dn\u00e9 pr\u00e1ce<\/strong><\/p>\n<p>\u0160tudentka: Mgr. \u013dubica Pamulov\u00e1<br \/>\nN\u00e1zov pr\u00e1ce: The system of care for adolescents with emotional and behavioral problems: the perspective of adolescents<br \/>\nRok obhajoby: &#8211;<br \/>\nOdbor \u0161t\u00fadia: verejn\u00e9 zdravotn\u00edctvo<br \/>\n\u0160kolite\u013eka: doc. Zuzana Dankulincov\u00e1, PhD.<\/p>\n<p><strong>\u00a0<\/strong><strong>D<\/strong><strong>iplomov\u00e9 pr\u00e1ce<\/strong><\/p>\n<p><strong>\u0160kolsk\u00fd rok: 2024\/2025<br \/>\n<\/strong>\u0160tudent: Mi\u0142osz Lukasz Lewicki<br \/>\nN\u00e1zov pr\u00e1ce: The impact of the COVID-19 pandemics on the mental health of children and adolescents in Poland \/ Dopad pand\u00e9mie COVID-19 na\u00a0ment\u00e1lne zdravie det\u00ed a\u00a0adolescentov v\u00a0Po\u013esku)<br \/>\nOdbor: General medicine<br \/>\nJazyk pr\u00e1ce: anglick\u00fd<br \/>\n\u0160kolite\u013e: Mgr. Peter Kolar\u010dik, PhD.<\/p>\n<p>\u0160tudentka: Karin Jen\u010du\u0161ov\u00e1<br \/>\nN\u00e1zov pr\u00e1ce: Dopad subjekt\u00edvneho vn\u00edmania estetiky vlastn\u00e9ho chrupu na\u00a0kvalitu \u017eivota a\u00a0psychick\u00e9 zdravie klientov zubn\u00fdch ambulanci\u00ed<br \/>\nOdbor: Zubn\u00e9 lek\u00e1rstvo<br \/>\n\u0160kolite\u013e: Mgr. Peter Kolar\u010dik, PhD.<\/p>\n<p>\u0160tudentka: \u00a0Kolbr\u00fan Sonja R\u00fanarsd\u00f3ttir<br \/>\nN\u00e1zov pr\u00e1ce: Stress management and health literacy amongst medical students \/ Mana\u017ement stresu a\u00a0zdravotn\u00e1 gramotnos\u0165 u\u00a0\u0161tudentov medic\u00edny<br \/>\nOdbor: General medicine<br \/>\nJazyk pr\u00e1ce: anglick\u00fd<br \/>\n\u0160kolite\u013e: Mgr. Peter Kolar\u010dik, PhD.<\/p>\n<p>\u0160tudentka: Nina Hud\u00e1kov\u00e1<br \/>\nN\u00e1zov pr\u00e1ce: Vplyv pre\u017e\u00edvan\u00e9ho stresu na\u00a0\u00fastne zdravie<br \/>\nOdbor: Zubn\u00e9 lek\u00e1rstvo<br \/>\nJazyk pr\u00e1ce: slovensk\u00fd<br \/>\n\u0160kolite\u013e: Mgr. Peter Kolar\u010dik, PhD.<\/p>\n<h3>2021\/2022<\/h3>\n<p>Rodi\u010dovsk\u00e9 strat\u00e9gie v ranom detstve v kontexte marginalizovan\u00fdch R\u00f3mskych komun\u00edt<br \/>\n\u0160kolite\u013eka: Mgr. Daniela Fi\u013eakovsk\u00e1, PhD.<br \/>\n\u0160tudentka: Mgr. Stanislava Kov\u00e1\u010dov\u00e1<\/p>\n<h3>2019\/2020<\/h3>\n<p>Kontextu\u00e1lne a biologick\u00e9 faktory ovplyv\u0148uj\u00face psychomotorick\u00fd a socio-emocion\u00e1lny v\u00fdvin v prv\u00fdch 1000 d\u0148och v marginalizovan\u00fdch r\u00f3mskych komunit\u00e1ch<br \/>\n\u0160kolite\u013eka: Mgr. Daniela Fi\u013eakovsk\u00e1, PhD.<br \/>\n\u0160tudentka: Mgr. Shoshana Chovan<\/p>\n<p>\u0160kola (ne)vol\u00e1. V\u00fdznam \u0161kolsk\u00e9ho prostredia v podpore zdrav\u00e9ho v\u00fdvinu adolescentov<br \/>\n\u0160kolite\u013eka: prof. Mgr. Andrea Madarasov\u00e1 Geckov\u00e1, PhD.<br \/>\n\u0160tudentka: Mgr. Simona Horani\u010dov\u00e1<\/p>\n<p>Faktory spojen\u00e9 s (nie)fitnes u adolescentov &#8211; mixovan\u00e9 met\u00f3dy<br \/>\n\u0160kolite\u013eka: prof. Mgr. Andrea Madarasov\u00e1 Geckov\u00e1, PhD.<br \/>\n\u0160tudentka: Mgr. Viktoryia Karchynskaya<\/p>\n<h3>2018\/2019<\/h3>\n<p>Soci\u00e1lne determinanty zdravia v marginalizovan\u00fdch r\u00f3mskych komunit\u00e1ch na Slovensku: Aplikovan\u00fd participat\u00edvny odhad potrieb<br \/>\n\u0160kolite\u013eka: prof. Mgr. Andrea Madarasov\u00e1 Geckov\u00e1, PhD.<br \/>\n\u0160tudent: Mgr. Richard Koky \u2013 extern\u00e1 forma<\/p>\n<h3>2017\/2018<\/h3>\n<p>Nepriazniv\u00e9 sk\u00fasenosti z detstva a ich vplyv na emocion\u00e1lne a behavior\u00e1lne probl\u00e9my u adolescentov<br \/>\n\u0160kolite\u013eka: Doc. Mgr. Zuzana Dankulincov\u00e1, PhD<br \/>\nPhD \u0161tudent: Mgr. Miriama Lackov\u00e1 Rebi\u010dov\u00e1<\/p>\n<p>Zdravotn\u00e1 gramotnos\u0165 a so zdrav\u00edm s\u00favisiace ukazovatele u dialyzovan\u00fdch pacientov. Podnety na zv\u00fd\u0161enie rovnosti v zdrav\u00ed u pacientov s chronick\u00fdmi zdravotn\u00fdmi probl\u00e9mami<br \/>\n\u0160kolite\u013eka: prof.Mgr.Andrea Madarasov\u00e1 Geckov\u00e1, PhD.<br \/>\nPhD \u0161tudent: PhDr. Ivana Skoumalov\u00e1<\/p>\n<p>Rizik\u00e1 a v\u00fdhody vyu\u017e\u00edvania internetu a modern\u00fdch technol\u00f3gi\u00ed a ich dopad na zdravie slovensk\u00fdch adolescentov<br \/>\n\u0160kolite\u013e: Mgr. Peter Kolar\u010dik, PhD.<br \/>\nPhD \u0161tudent: Mgr. Laura Bitt\u00f3 Urbanov\u00e1<\/p>\n<p>Zdrav\u00fd v\u00fdvin dospievaj\u00facich v ich psychosoci\u00e1lnom kontexte: Te\u00f3ria pozit\u00edvneho v\u00fdvinu<br \/>\n\u0160kolite\u013eka: Doc. Mgr. Zuzana Dankulincov\u00e1, PhD<br \/>\nPhD \u0161tudent: Mgr. Jaroslava Mackov\u00e1<\/p>\n","protected":false},"author":1,"featured_media":0,"parent":30119,"menu_order":1,"template":"","meta":{"_acf_changed":false,"_editorskit_title_hidden":false,"_editorskit_reading_time":0,"_editorskit_is_block_options_detached":false,"_editorskit_block_options_position":"{}","footnotes":""},"categories":[],"tags":[],"tax_aktuality":[],"class_list":["post-33676","cpt_ustav","type-cpt_ustav","status-publish","hentry"],"acf":{"acf_link_na_externy_obsah":""},"yoast_head":"<!-- This site is optimized with the Yoast SEO plugin v27.4 - https:\/\/yoast.com\/product\/yoast-seo-wordpress\/ -->\n<title>Z\u00e1vere\u010dn\u00e9 pr\u00e1ce rie\u0161en\u00e9 v aktu\u00e1lnom akademickom roku - Lek\u00e1rska fakulta | UPJ\u0160<\/title>\n<meta name=\"robots\" content=\"index, follow, max-snippet:-1, max-image-preview:large, max-video-preview:-1\" \/>\n<link rel=\"canonical\" href=\"https:\/\/www.upjs.sk\/lekarska-fakulta\/ustav\/psychologia-zdravia\/vyucba\/zaverecne-prace\/aktualne\/\" \/>\n<meta property=\"og:locale\" content=\"sk_SK\" \/>\n<meta property=\"og:type\" content=\"article\" \/>\n<meta property=\"og:title\" content=\"Z\u00e1vere\u010dn\u00e9 pr\u00e1ce rie\u0161en\u00e9 v aktu\u00e1lnom akademickom roku - Lek\u00e1rska fakulta | UPJ\u0160\" \/>\n<meta property=\"og:description\" content=\"T\u00e9my prebiehaj\u00facich dizerta\u010dn\u00fdch pr\u00e1c pre odbor Verejn\u00e9 zdravotn\u00edctvo Dizerta\u010dn\u00e9 pr\u00e1ce \u0160tudentka: Mgr. \u013dubica Pamulov\u00e1 N\u00e1zov pr\u00e1ce: The system of care for adolescents with emotional and behavioral problems: the perspective of adolescents Rok obhajoby: &#8211; Odbor \u0161t\u00fadia: verejn\u00e9 zdravotn\u00edctvo \u0160kolite\u013eka: doc. Zuzana Dankulincov\u00e1, PhD. \u00a0Diplomov\u00e9 pr\u00e1ce \u0160kolsk\u00fd rok: 2024\/2025 \u0160tudent: Mi\u0142osz Lukasz Lewicki N\u00e1zov pr\u00e1ce: The &hellip; \u010c\u00edta\u0165 \u010falej\" \/>\n<meta property=\"og:url\" content=\"https:\/\/www.upjs.sk\/lekarska-fakulta\/ustav\/psychologia-zdravia\/vyucba\/zaverecne-prace\/aktualne\/\" \/>\n<meta property=\"og:site_name\" content=\"Lek\u00e1rska fakulta | UPJ\u0160\" \/>\n<meta property=\"article:modified_time\" content=\"2024-12-03T12:02:59+00:00\" \/>\n<meta name=\"twitter:card\" content=\"summary_large_image\" \/>\n<meta name=\"twitter:label1\" content=\"Predpokladan\u00fd \u010das \u010d\u00edtania\" \/>\n\t<meta name=\"twitter:data1\" content=\"3 min\u00faty\" \/>\n<script type=\"application\/ld+json\" class=\"yoast-schema-graph\">{\"@context\":\"https:\\\/\\\/schema.org\",\"@graph\":[{\"@type\":\"WebPage\",\"@id\":\"https:\\\/\\\/www.upjs.sk\\\/lekarska-fakulta\\\/ustav\\\/psychologia-zdravia\\\/vyucba\\\/zaverecne-prace\\\/aktualne\\\/\",\"url\":\"https:\\\/\\\/www.upjs.sk\\\/lekarska-fakulta\\\/ustav\\\/psychologia-zdravia\\\/vyucba\\\/zaverecne-prace\\\/aktualne\\\/\",\"name\":\"Z\u00e1vere\u010dn\u00e9 pr\u00e1ce rie\u0161en\u00e9 v aktu\u00e1lnom akademickom roku - Lek\u00e1rska fakulta | UPJ\u0160\",\"isPartOf\":{\"@id\":\"https:\\\/\\\/www.upjs.sk\\\/lekarska-fakulta\\\/#website\"},\"datePublished\":\"2021-10-06T09:51:46+00:00\",\"dateModified\":\"2024-12-03T12:02:59+00:00\",\"breadcrumb\":{\"@id\":\"https:\\\/\\\/www.upjs.sk\\\/lekarska-fakulta\\\/ustav\\\/psychologia-zdravia\\\/vyucba\\\/zaverecne-prace\\\/aktualne\\\/#breadcrumb\"},\"inLanguage\":\"sk-SK\",\"potentialAction\":[{\"@type\":\"ReadAction\",\"target\":[\"https:\\\/\\\/www.upjs.sk\\\/lekarska-fakulta\\\/ustav\\\/psychologia-zdravia\\\/vyucba\\\/zaverecne-prace\\\/aktualne\\\/\"]}]},{\"@type\":\"BreadcrumbList\",\"@id\":\"https:\\\/\\\/www.upjs.sk\\\/lekarska-fakulta\\\/ustav\\\/psychologia-zdravia\\\/vyucba\\\/zaverecne-prace\\\/aktualne\\\/#breadcrumb\",\"itemListElement\":[{\"@type\":\"ListItem\",\"position\":1,\"name\":\"Home\",\"item\":\"https:\\\/\\\/www.upjs.sk\\\/lekarska-fakulta\\\/\"},{\"@type\":\"ListItem\",\"position\":2,\"name\":\"\u00dastavy\",\"item\":\"https:\\\/\\\/www.upjs.sk\\\/lekarska-fakulta\\\/ustav\\\/\"},{\"@type\":\"ListItem\",\"position\":3,\"name\":\"\u00dastav psychol\u00f3gie zdravia a metodol\u00f3gie v\u00fdskumu\",\"item\":\"https:\\\/\\\/www.upjs.sk\\\/lekarska-fakulta\\\/ustav\\\/psychologia-zdravia\\\/\"},{\"@type\":\"ListItem\",\"position\":4,\"name\":\"V\u00fdu\u010dba\",\"item\":\"https:\\\/\\\/www.upjs.sk\\\/lekarska-fakulta\\\/ustav\\\/psychologia-zdravia\\\/vyucba\\\/\"},{\"@type\":\"ListItem\",\"position\":5,\"name\":\"Z\u00e1vere\u010dn\u00e9 pr\u00e1ce\",\"item\":\"https:\\\/\\\/www.upjs.sk\\\/lekarska-fakulta\\\/ustav\\\/psychologia-zdravia\\\/vyucba\\\/zaverecne-prace\\\/\"},{\"@type\":\"ListItem\",\"position\":6,\"name\":\"Z\u00e1vere\u010dn\u00e9 pr\u00e1ce rie\u0161en\u00e9 v aktu\u00e1lnom akademickom roku\"}]},{\"@type\":\"WebSite\",\"@id\":\"https:\\\/\\\/www.upjs.sk\\\/lekarska-fakulta\\\/#website\",\"url\":\"https:\\\/\\\/www.upjs.sk\\\/lekarska-fakulta\\\/\",\"name\":\"Lek\u00e1rska fakulta | UPJ\u0160\",\"description\":\"\",\"publisher\":{\"@id\":\"https:\\\/\\\/www.upjs.sk\\\/lekarska-fakulta\\\/#organization\"},\"potentialAction\":[{\"@type\":\"SearchAction\",\"target\":{\"@type\":\"EntryPoint\",\"urlTemplate\":\"https:\\\/\\\/www.upjs.sk\\\/lekarska-fakulta\\\/?s={search_term_string}\"},\"query-input\":{\"@type\":\"PropertyValueSpecification\",\"valueRequired\":true,\"valueName\":\"search_term_string\"}}],\"inLanguage\":\"sk-SK\"},{\"@type\":\"Organization\",\"@id\":\"https:\\\/\\\/www.upjs.sk\\\/lekarska-fakulta\\\/#organization\",\"name\":\"Lek\u00e1rska fakulta | UPJ\u0160\",\"url\":\"https:\\\/\\\/www.upjs.sk\\\/lekarska-fakulta\\\/\",\"logo\":{\"@type\":\"ImageObject\",\"inLanguage\":\"sk-SK\",\"@id\":\"https:\\\/\\\/www.upjs.sk\\\/lekarska-fakulta\\\/#\\\/schema\\\/logo\\\/image\\\/\",\"url\":\"https:\\\/\\\/www.upjs.sk\\\/app\\\/uploads\\\/sites\\\/9\\\/2022\\\/09\\\/logo-lekarska-fakulta.png\",\"contentUrl\":\"https:\\\/\\\/www.upjs.sk\\\/app\\\/uploads\\\/sites\\\/9\\\/2022\\\/09\\\/logo-lekarska-fakulta.png\",\"width\":415,\"height\":87,\"caption\":\"Lek\u00e1rska fakulta | UPJ\u0160\"},\"image\":{\"@id\":\"https:\\\/\\\/www.upjs.sk\\\/lekarska-fakulta\\\/#\\\/schema\\\/logo\\\/image\\\/\"}}]}<\/script>\n<!-- \/ Yoast SEO plugin. -->","yoast_head_json":{"title":"Z\u00e1vere\u010dn\u00e9 pr\u00e1ce rie\u0161en\u00e9 v aktu\u00e1lnom akademickom roku - Lek\u00e1rska fakulta | UPJ\u0160","robots":{"index":"index","follow":"follow","max-snippet":"max-snippet:-1","max-image-preview":"max-image-preview:large","max-video-preview":"max-video-preview:-1"},"canonical":"https:\/\/www.upjs.sk\/lekarska-fakulta\/ustav\/psychologia-zdravia\/vyucba\/zaverecne-prace\/aktualne\/","og_locale":"sk_SK","og_type":"article","og_title":"Z\u00e1vere\u010dn\u00e9 pr\u00e1ce rie\u0161en\u00e9 v aktu\u00e1lnom akademickom roku - Lek\u00e1rska fakulta | UPJ\u0160","og_description":"T\u00e9my prebiehaj\u00facich dizerta\u010dn\u00fdch pr\u00e1c pre odbor Verejn\u00e9 zdravotn\u00edctvo Dizerta\u010dn\u00e9 pr\u00e1ce \u0160tudentka: Mgr. \u013dubica Pamulov\u00e1 N\u00e1zov pr\u00e1ce: The system of care for adolescents with emotional and behavioral problems: the perspective of adolescents Rok obhajoby: &#8211; Odbor \u0161t\u00fadia: verejn\u00e9 zdravotn\u00edctvo \u0160kolite\u013eka: doc. Zuzana Dankulincov\u00e1, PhD. \u00a0Diplomov\u00e9 pr\u00e1ce \u0160kolsk\u00fd rok: 2024\/2025 \u0160tudent: Mi\u0142osz Lukasz Lewicki N\u00e1zov pr\u00e1ce: The &hellip; \u010c\u00edta\u0165 \u010falej","og_url":"https:\/\/www.upjs.sk\/lekarska-fakulta\/ustav\/psychologia-zdravia\/vyucba\/zaverecne-prace\/aktualne\/","og_site_name":"Lek\u00e1rska fakulta | UPJ\u0160","article_modified_time":"2024-12-03T12:02:59+00:00","twitter_card":"summary_large_image","twitter_misc":{"Predpokladan\u00fd \u010das \u010d\u00edtania":"3 min\u00faty"},"schema":{"@context":"https:\/\/schema.org","@graph":[{"@type":"WebPage","@id":"https:\/\/www.upjs.sk\/lekarska-fakulta\/ustav\/psychologia-zdravia\/vyucba\/zaverecne-prace\/aktualne\/","url":"https:\/\/www.upjs.sk\/lekarska-fakulta\/ustav\/psychologia-zdravia\/vyucba\/zaverecne-prace\/aktualne\/","name":"Z\u00e1vere\u010dn\u00e9 pr\u00e1ce rie\u0161en\u00e9 v aktu\u00e1lnom akademickom roku - Lek\u00e1rska fakulta | UPJ\u0160","isPartOf":{"@id":"https:\/\/www.upjs.sk\/lekarska-fakulta\/#website"},"datePublished":"2021-10-06T09:51:46+00:00","dateModified":"2024-12-03T12:02:59+00:00","breadcrumb":{"@id":"https:\/\/www.upjs.sk\/lekarska-fakulta\/ustav\/psychologia-zdravia\/vyucba\/zaverecne-prace\/aktualne\/#breadcrumb"},"inLanguage":"sk-SK","potentialAction":[{"@type":"ReadAction","target":["https:\/\/www.upjs.sk\/lekarska-fakulta\/ustav\/psychologia-zdravia\/vyucba\/zaverecne-prace\/aktualne\/"]}]},{"@type":"BreadcrumbList","@id":"https:\/\/www.upjs.sk\/lekarska-fakulta\/ustav\/psychologia-zdravia\/vyucba\/zaverecne-prace\/aktualne\/#breadcrumb","itemListElement":[{"@type":"ListItem","position":1,"name":"Home","item":"https:\/\/www.upjs.sk\/lekarska-fakulta\/"},{"@type":"ListItem","position":2,"name":"\u00dastavy","item":"https:\/\/www.upjs.sk\/lekarska-fakulta\/ustav\/"},{"@type":"ListItem","position":3,"name":"\u00dastav psychol\u00f3gie zdravia a metodol\u00f3gie v\u00fdskumu","item":"https:\/\/www.upjs.sk\/lekarska-fakulta\/ustav\/psychologia-zdravia\/"},{"@type":"ListItem","position":4,"name":"V\u00fdu\u010dba","item":"https:\/\/www.upjs.sk\/lekarska-fakulta\/ustav\/psychologia-zdravia\/vyucba\/"},{"@type":"ListItem","position":5,"name":"Z\u00e1vere\u010dn\u00e9 pr\u00e1ce","item":"https:\/\/www.upjs.sk\/lekarska-fakulta\/ustav\/psychologia-zdravia\/vyucba\/zaverecne-prace\/"},{"@type":"ListItem","position":6,"name":"Z\u00e1vere\u010dn\u00e9 pr\u00e1ce rie\u0161en\u00e9 v aktu\u00e1lnom akademickom roku"}]},{"@type":"WebSite","@id":"https:\/\/www.upjs.sk\/lekarska-fakulta\/#website","url":"https:\/\/www.upjs.sk\/lekarska-fakulta\/","name":"Lek\u00e1rska fakulta | UPJ\u0160","description":"","publisher":{"@id":"https:\/\/www.upjs.sk\/lekarska-fakulta\/#organization"},"potentialAction":[{"@type":"SearchAction","target":{"@type":"EntryPoint","urlTemplate":"https:\/\/www.upjs.sk\/lekarska-fakulta\/?s={search_term_string}"},"query-input":{"@type":"PropertyValueSpecification","valueRequired":true,"valueName":"search_term_string"}}],"inLanguage":"sk-SK"},{"@type":"Organization","@id":"https:\/\/www.upjs.sk\/lekarska-fakulta\/#organization","name":"Lek\u00e1rska fakulta | UPJ\u0160","url":"https:\/\/www.upjs.sk\/lekarska-fakulta\/","logo":{"@type":"ImageObject","inLanguage":"sk-SK","@id":"https:\/\/www.upjs.sk\/lekarska-fakulta\/#\/schema\/logo\/image\/","url":"https:\/\/www.upjs.sk\/app\/uploads\/sites\/9\/2022\/09\/logo-lekarska-fakulta.png","contentUrl":"https:\/\/www.upjs.sk\/app\/uploads\/sites\/9\/2022\/09\/logo-lekarska-fakulta.png","width":415,"height":87,"caption":"Lek\u00e1rska fakulta | UPJ\u0160"},"image":{"@id":"https:\/\/www.upjs.sk\/lekarska-fakulta\/#\/schema\/logo\/image\/"}}]}},"_links":{"self":[{"href":"https:\/\/www.upjs.sk\/lekarska-fakulta\/wp-json\/wp\/v2\/cpt_ustav\/33676","targetHints":{"allow":["GET"]}}],"collection":[{"href":"https:\/\/www.upjs.sk\/lekarska-fakulta\/wp-json\/wp\/v2\/cpt_ustav"}],"about":[{"href":"https:\/\/www.upjs.sk\/lekarska-fakulta\/wp-json\/wp\/v2\/types\/cpt_ustav"}],"author":[{"embeddable":true,"href":"https:\/\/www.upjs.sk\/lekarska-fakulta\/wp-json\/wp\/v2\/users\/1"}],"version-history":[{"count":1,"href":"https:\/\/www.upjs.sk\/lekarska-fakulta\/wp-json\/wp\/v2\/cpt_ustav\/33676\/revisions"}],"predecessor-version":[{"id":125057,"href":"https:\/\/www.upjs.sk\/lekarska-fakulta\/wp-json\/wp\/v2\/cpt_ustav\/33676\/revisions\/125057"}],"up":[{"embeddable":true,"href":"https:\/\/www.upjs.sk\/lekarska-fakulta\/wp-json\/wp\/v2\/cpt_ustav\/30119"}],"wp:attachment":[{"href":"https:\/\/www.upjs.sk\/lekarska-fakulta\/wp-json\/wp\/v2\/media?parent=33676"}],"wp:term":[{"taxonomy":"category","embeddable":true,"href":"https:\/\/www.upjs.sk\/lekarska-fakulta\/wp-json\/wp\/v2\/categories?post=33676"},{"taxonomy":"post_tag","embeddable":true,"href":"https:\/\/www.upjs.sk\/lekarska-fakulta\/wp-json\/wp\/v2\/tags?post=33676"},{"taxonomy":"tax_aktuality","embeddable":true,"href":"https:\/\/www.upjs.sk\/lekarska-fakulta\/wp-json\/wp\/v2\/tax_aktuality?post=33676"}],"curies":[{"name":"wp","href":"https:\/\/api.w.org\/{rel}","templated":true}]}}