{"id":16772,"date":"2022-08-03T15:50:47","date_gmt":"2022-08-03T15:50:47","guid":{"rendered":"https:\/\/www.upjs.sk\/lekarska-fakulta\/upjs-life\/27515\/"},"modified":"2022-11-13T20:45:58","modified_gmt":"2022-11-13T19:45:58","slug":"27515","status":"publish","type":"cpt_zo-zivota-upjs","link":"https:\/\/www.upjs.sk\/lekarska-fakulta\/upjs-life\/27515\/","title":{"rendered":"Pripravili sme pestr\u00fd program de\u0165om z\u00e1kladn\u00fdch \u0161k\u00f4l v r\u00e1mci podujatia Univerzita bez  hran\u00edc"},"content":{"rendered":"<p style=\"text-align:justify\"><strong>\u00a0\u00a0\u00a0\u00a0V r\u00e1mci p\u00e4\u0165d\u0148ov\u00e9ho programu denn\u00e9ho t\u00e1bora Univerzita bez hran\u00edc na Univerzita Pavla Jozefa \u0160af\u00e1rika v Ko\u0161iciach sa 56 det\u00ed z\u00e1kladn\u00fdch \u0161k\u00f4l na na\u0161ej fakulte v utorok 26. j\u00fala 2022 u\u010dilo a zab\u00e1valo. Pracovn\u00edci \u0161iestich pracov\u00edsk pripravili pre deti u\u017e tradi\u010dne zauj\u00edmav\u00e9 predn\u00e1\u0161ky na r\u00f4zne t\u00e9my, i atrakt\u00edvne praktick\u00e9 \u010dinnosti. Deti si tento pestr\u00fd de\u0148 v\u00fdborne u\u017eili a sami pritom vd\u00fdchli fakulte neopakovate\u013en\u00fa atmosf\u00e9ru spojen\u00fa detskou rados\u0165ou a r\u00f4znymi zvedav\u00fdmi ot\u00e1zkami&#8230; \u00a0 \u00a0<\/strong> \u00a0 \u00a0 \u00a0<br \/>\n\u00a0\u00a0\u00a0\u00a0\u00da\u010dastn\u00edkov podujatia priv\u00edtala kr\u00e1tko po \u00f4smej r\u00e1no na p\u00f4de najstar\u0161ej fakulty UPJ\u0160 prodekanka doc. MUDr. Silvia Timkov\u00e1, PhD., ktor\u00e1 im pribl\u00ed\u017eila \u010dinnos\u0165 jednej z najkvalitnej\u0161\u00edch vzdel\u00e1vac\u00edch ustanovizn\u00ed na Slovensku a od PR mana\u017e\u00e9rky RNDr. Jaroslavy Oravcovej, PhD. sa deti dozvedeli, ak\u00fd program ich na lek\u00e1rskej fakulte \u010dak\u00e1 a na \u010do v\u0161etko sa m\u00f4\u017eu te\u0161i\u0165.\u00a0<\/p>\n<p style=\"text-align:center\"><img decoding=\"async\" alt=\"\" src=\"http:\/\/www.upjs.sk\/\/app\/uploads\/sites\/9\/2022\/09\/a.jpg\" style=\"height:160px; margin-left:5px; margin-right:5px; width:240px\" \/><img decoding=\"async\" alt=\"\" src=\"http:\/\/www.upjs.sk\/\/app\/uploads\/sites\/9\/2022\/09\/b.jpg\" style=\"height:160px; margin-left:5px; margin-right:5px; width:213px\" \/><img decoding=\"async\" alt=\"\" src=\"http:\/\/www.upjs.sk\/\/app\/uploads\/sites\/9\/2022\/09\/unnamed-file.c.jpg\" style=\"height:160px; margin-left:5px; margin-right:5px; width:240px\" \/><\/p>\n<p style=\"text-align:justify\">\u00a0 \u00a0 \u00a0N\u00e1sledne sme na \u00fastave lek\u00e1rskej a klinickej bioch\u00e9mie odhalili s de\u0165mi myst\u00e9rium fluorescencie \u2013 pop\u00edsali sme im svetielkuj\u00face molekuly, s ktor\u00fdmi sa m\u00f4\u017eu aj be\u017ene stretn\u00fa\u0165 v pr\u00edrode, napr\u00edklad u svetielkuj\u00facich chrob\u00e1\u010dikov, ktor\u00fdm hovor\u00edme \u201emu\u0161ky svetlu\u0161ky\u201c. Pozorovali r\u00f4zne svetielkuj\u00face predmety ako kamene, drevo, kvetiny, vaj\u00ed\u010dko \u010di \u013eudsk\u00e9 zuby. Okrem toho videli, ako v tme fluoreskuj\u00fa telesn\u00e9 tekutiny, zelen\u00e9 rastlinn\u00e9 farbivo chlorofyl a in\u00e9 pr\u00edrodn\u00e9 l\u00e1tky.<br \/>\n\u00a0\u00a0\u00a0\u00a0V na\u0161om Centre simul\u00e1torovej a virtu\u00e1lnej medic\u00edny sme zas \u00fa\u010dastn\u00edkom UBH vysvetlili, \u010do s\u00fa simul\u00e1tory a virtu\u00e1lna realita a ako sa vyu\u017e\u00edvaj\u00fa v zdravotn\u00edctve a pri v\u00fdu\u010dbe medic\u00edny i \u010fal\u0161\u00edch predmetov. Predstavili sme im viacer\u00e9 na\u0161e \u0161pi\u010dkov\u00e9 pr\u00edstroje v Centrum simul\u00e1torovej a virtu\u00e1lnej medic\u00edny UPJ\u0160 LF, ktor\u00fdch ovl\u00e1danie si mohli aj sami vysk\u00fa\u0161a\u0165. Najviac ich zaujala virtu\u00e1lna u\u010deb\u0148a anat\u00f3mie, kde si pozreli v trojrozmernom zobrazen\u00ed r\u00f4zne \u0161trukt\u00fary \u013eudsk\u00e9ho tela ako s\u00fa kosti, svaly, nervy, cievny syst\u00e9m a r\u00f4zne org\u00e1ny.<br \/>\n\u00a0\u00a0\u00a0\u00a0Na \u00dastave lek\u00e1rskej a klinickej mikrobiol\u00f3gie sa deti dozvedeli nielen nie\u010do o v\u00edrusoch a bakt\u00e9ri\u00e1ch, ktor\u00e9 n\u00e1m komplikuj\u00fa \u017eivot, ale aj o u\u017eito\u010dn\u00fdch mikroorganizmoch a na niektor\u00e9 si pozreli mnohon\u00e1sobne zv\u00e4\u010d\u0161en\u00e9 mikroskopom. Urobili si navz\u00e1jom v\u00fdtery z hrdla \u010di stery r\u00fak a vzorky preniesli na \u017eivn\u00fa p\u00f4du v petriho miske, ktor\u00fa si najprv sami pripravili pre kultiv\u00e1ciu mikr\u00f3bov a videli tie\u017e, ako vyzeraj\u00fa na agare u\u017e vykultivovan\u00e9 bakt\u00e9rie.<br \/>\n\u00a0\u00a0\u00a0\u00a0Na \u00dastave o\u0161etrovate\u013estva sa obozn\u00e1mili so z\u00e1sadami o\u0161etrovania r\u00e1n, pri\u010dom od pracovn\u00edkov O\u0161etrovate\u013estvo UPJ\u0160 LF Ko\u0161ice sa dozvedeli, \u010do by nemalo ch\u00fdba\u0165 v dom\u00e1cej lek\u00e1rni\u010dke a vysk\u00fa\u0161ali si pou\u017eitie pom\u00f4cok ako je pinzeta, no\u017enice a pean. Pred o\u0161etren\u00edm si samozrejme dobre umyli a vydezinfikovali ruky &#8211; \u010di to urobili spr\u00e1vne, zistili za pomoci ultrafialovej lampy&#8230; \u00a0<br \/>\n\u00a0\u00a0\u00a0\u00a0Po dobrom obede sa deti nau\u010dili, ako sa d\u00e1 zdravo jes\u0165 a \u017ei\u0165, teda \u00a0ako to v na\u0161om tele funguje s pr\u00edjmom a v\u00fddajom energie, \u010do je pova\u017eovan\u00e9 za rizikov\u00e9 jedlo a \u010do za zdrav\u00fa stravu, pre\u010do je obezita choroba, ktor\u00e1 zapr\u00ed\u010di\u0148uje \u010fal\u0161\u00edch dvesto ochoren\u00ed a ako sa d\u00e1 lie\u010di\u0165.\u00a0<br \/>\n\u00a0\u00a0\u00a0\u00a0Poslednou zauj\u00edmavou aktivitou bola predn\u00e1\u0161ka nazvan\u00e1 \u201eCesta k zdrav\u00e9mu \u00fasmevu\u201c, v r\u00e1mci ktorej sa dozvedeli z \u010doho sa sklad\u00e1 \u013eudsk\u00fd chrup a jednotliv\u00e9 z\u00fabky a ako sa daj\u00fa spr\u00e1vnou hygienou chr\u00e1ni\u0165 pred zubn\u00fdm povlakom a kazom. Nech\u00fdbal samozrejme ani praktick\u00fd n\u00e1cvik \u010distenia zubov r\u00f4znymi druhmi kefiek \u2013 klasickou zubnou a medzizubnou kefkou, ale aj praktickou \u00fastnou ni\u0165ou.<\/p>\n<p style=\"text-align:justify\">\u00a0<\/p>\n<p style=\"text-align:justify\">Atrakt\u00edvny program Univerzity bez hran\u00edc UPJ\u0160 na na\u0161ej fakulte si v\u0161imli aj m\u00e9di\u00e1:<br \/>\n<a href=\"https:\/\/www.rtvs.sk\/televizia\/archiv\/13982\/343143#2309\">telev\u00edzne noviny RTVS<\/a> \/ <a href=\"https:\/\/www.facebook.com\/nikoleta.ferkovartvs.1\/posts\/pfbid02YHjaaCcaczw6m2V8kErpt8hudCCtsHtC7tPjcgtsc4B1Tzte8BiqMYjF4UMiCeryl\">rann\u00e9 spr\u00e1vy RTVS<\/a><br \/>\n<a href=\"https:\/\/spravy.pravda.sk\/...\/635050-deti-z-kosic-sa-na...\/\">denn\u00edk Pravda<\/a> \/ <a href=\"https:\/\/www.kosiceonline.sk\/deti-na-lekarskej-fakulte-upjs-skumali-virusy-a-osetrovali-rany\">fotogal\u00e9ria<br \/>\nkosiceonline<\/a> \/ <a href=\"https:\/\/www.slovenskyreporter.sk\/univerzita-bez-hranic-upjs-pokracovala-aktivitami-na-lekarskej-fakulte\/?fbclid=IwAR1CJOrGrfFJe4OooIzngcf3-3Vyn7TOJb2jlNOJzsLkrTXy3ujg2GpEVFg\">r\u00e1dio Ko\u0161ice<br \/>\nslovensk\u00fd report\u00e9r<\/a><\/p>\n","protected":false},"excerpt":{"rendered":"<p>V r\u00e1mci p\u00e4\u0165d\u0148ov\u00e9ho programu Univerzity\u00a0bez hran\u00edc na UPJ\u0160\u00a0v Ko\u0161iciach sa 56 det\u00ed z\u00e1kladn\u00fdch \u0161k\u00f4l na na\u0161ej fakulte v utorok 26. j\u00fala 2022 u\u010dilo a zab\u00e1valo. Pracovn\u00edci \u0161iestich na\u0161ich pracov\u00edsk pripravili pre deti u\u017e tradi\u010dne zauj\u00edmav\u00e9 predn\u00e1\u0161ky na r\u00f4zne t\u00e9my, i atrakt\u00edvne praktick\u00e9 \u010dinnosti&#8230;<\/p>\n","protected":false},"author":1,"featured_media":16776,"menu_order":0,"template":"","meta":{"_acf_changed":false,"_editorskit_title_hidden":false,"_editorskit_reading_time":0,"_editorskit_is_block_options_detached":false,"_editorskit_block_options_position":"{}"},"categories":[],"tags":[],"tax_aktuality":[],"class_list":["post-16772","cpt_zo-zivota-upjs","type-cpt_zo-zivota-upjs","status-publish","has-post-thumbnail","hentry"],"acf":{"acf_link_na_externy_obsah":""},"yoast_head":"<!-- This site is optimized with the Yoast SEO plugin v27.4 - https:\/\/yoast.com\/product\/yoast-seo-wordpress\/ -->\n<title>Pripravili sme pestr\u00fd program de\u0165om z\u00e1kladn\u00fdch \u0161k\u00f4l v r\u00e1mci podujatia Univerzita bez hran\u00edc - Lek\u00e1rska fakulta | UPJ\u0160<\/title>\n<meta name=\"robots\" content=\"index, follow, max-snippet:-1, max-image-preview:large, max-video-preview:-1\" \/>\n<link rel=\"canonical\" href=\"https:\/\/www.upjs.sk\/lekarska-fakulta\/upjs-life\/27515\/\" \/>\n<meta property=\"og:locale\" content=\"sk_SK\" \/>\n<meta property=\"og:type\" content=\"article\" \/>\n<meta property=\"og:title\" content=\"Pripravili sme pestr\u00fd program de\u0165om z\u00e1kladn\u00fdch \u0161k\u00f4l v r\u00e1mci podujatia Univerzita bez hran\u00edc - Lek\u00e1rska fakulta | UPJ\u0160\" \/>\n<meta property=\"og:description\" content=\"V r\u00e1mci p\u00e4\u0165d\u0148ov\u00e9ho programu Univerzity\u00a0bez hran\u00edc na UPJ\u0160\u00a0v Ko\u0161iciach sa 56 det\u00ed z\u00e1kladn\u00fdch \u0161k\u00f4l na na\u0161ej fakulte v utorok 26. j\u00fala 2022 u\u010dilo a zab\u00e1valo. Pracovn\u00edci \u0161iestich na\u0161ich pracov\u00edsk pripravili pre deti u\u017e tradi\u010dne zauj\u00edmav\u00e9 predn\u00e1\u0161ky na r\u00f4zne t\u00e9my, i atrakt\u00edvne praktick\u00e9 \u010dinnosti...\" \/>\n<meta property=\"og:url\" content=\"https:\/\/www.upjs.sk\/lekarska-fakulta\/upjs-life\/27515\/\" \/>\n<meta property=\"og:site_name\" content=\"Lek\u00e1rska fakulta | UPJ\u0160\" \/>\n<meta property=\"article:modified_time\" content=\"2022-11-13T19:45:58+00:00\" \/>\n<meta property=\"og:image\" content=\"https:\/\/www.upjs.sk\/app\/uploads\/sites\/9\/2022\/09\/01-2.jpg\" \/>\n\t<meta property=\"og:image:width\" content=\"664\" \/>\n\t<meta property=\"og:image:height\" content=\"600\" \/>\n\t<meta property=\"og:image:type\" content=\"image\/jpeg\" \/>\n<meta name=\"twitter:card\" content=\"summary_large_image\" \/>\n<meta name=\"twitter:label1\" content=\"Predpokladan\u00fd \u010das \u010d\u00edtania\" \/>\n\t<meta name=\"twitter:data1\" content=\"3 min\u00faty\" \/>\n<script type=\"application\/ld+json\" class=\"yoast-schema-graph\">{\"@context\":\"https:\\\/\\\/schema.org\",\"@graph\":[{\"@type\":\"WebPage\",\"@id\":\"https:\\\/\\\/www.upjs.sk\\\/lekarska-fakulta\\\/upjs-life\\\/27515\\\/\",\"url\":\"https:\\\/\\\/www.upjs.sk\\\/lekarska-fakulta\\\/upjs-life\\\/27515\\\/\",\"name\":\"Pripravili sme pestr\u00fd program de\u0165om z\u00e1kladn\u00fdch \u0161k\u00f4l v r\u00e1mci podujatia Univerzita bez hran\u00edc - Lek\u00e1rska fakulta | UPJ\u0160\",\"isPartOf\":{\"@id\":\"https:\\\/\\\/www.upjs.sk\\\/lekarska-fakulta\\\/#website\"},\"primaryImageOfPage\":{\"@id\":\"https:\\\/\\\/www.upjs.sk\\\/lekarska-fakulta\\\/upjs-life\\\/27515\\\/#primaryimage\"},\"image\":{\"@id\":\"https:\\\/\\\/www.upjs.sk\\\/lekarska-fakulta\\\/upjs-life\\\/27515\\\/#primaryimage\"},\"thumbnailUrl\":\"https:\\\/\\\/www.upjs.sk\\\/app\\\/uploads\\\/sites\\\/9\\\/2022\\\/09\\\/01-2.jpg\",\"datePublished\":\"2022-08-03T15:50:47+00:00\",\"dateModified\":\"2022-11-13T19:45:58+00:00\",\"breadcrumb\":{\"@id\":\"https:\\\/\\\/www.upjs.sk\\\/lekarska-fakulta\\\/upjs-life\\\/27515\\\/#breadcrumb\"},\"inLanguage\":\"sk-SK\",\"potentialAction\":[{\"@type\":\"ReadAction\",\"target\":[\"https:\\\/\\\/www.upjs.sk\\\/lekarska-fakulta\\\/upjs-life\\\/27515\\\/\"]}]},{\"@type\":\"ImageObject\",\"inLanguage\":\"sk-SK\",\"@id\":\"https:\\\/\\\/www.upjs.sk\\\/lekarska-fakulta\\\/upjs-life\\\/27515\\\/#primaryimage\",\"url\":\"https:\\\/\\\/www.upjs.sk\\\/app\\\/uploads\\\/sites\\\/9\\\/2022\\\/09\\\/01-2.jpg\",\"contentUrl\":\"https:\\\/\\\/www.upjs.sk\\\/app\\\/uploads\\\/sites\\\/9\\\/2022\\\/09\\\/01-2.jpg\",\"width\":664,\"height\":600,\"caption\":\"27515\"},{\"@type\":\"BreadcrumbList\",\"@id\":\"https:\\\/\\\/www.upjs.sk\\\/lekarska-fakulta\\\/upjs-life\\\/27515\\\/#breadcrumb\",\"itemListElement\":[{\"@type\":\"ListItem\",\"position\":1,\"name\":\"Home\",\"item\":\"https:\\\/\\\/www.upjs.sk\\\/lekarska-fakulta\\\/\"},{\"@type\":\"ListItem\",\"position\":2,\"name\":\"Zo \u017eivota Lek\u00e1rskej fakulty\",\"item\":\"https:\\\/\\\/www.upjs.sk\\\/lekarska-fakulta\\\/upjs-life\\\/\"},{\"@type\":\"ListItem\",\"position\":3,\"name\":\"Pripravili sme pestr\u00fd program de\u0165om z\u00e1kladn\u00fdch \u0161k\u00f4l v r\u00e1mci podujatia Univerzita bez hran\u00edc\"}]},{\"@type\":\"WebSite\",\"@id\":\"https:\\\/\\\/www.upjs.sk\\\/lekarska-fakulta\\\/#website\",\"url\":\"https:\\\/\\\/www.upjs.sk\\\/lekarska-fakulta\\\/\",\"name\":\"Lek\u00e1rska fakulta | UPJ\u0160\",\"description\":\"\",\"publisher\":{\"@id\":\"https:\\\/\\\/www.upjs.sk\\\/lekarska-fakulta\\\/#organization\"},\"potentialAction\":[{\"@type\":\"SearchAction\",\"target\":{\"@type\":\"EntryPoint\",\"urlTemplate\":\"https:\\\/\\\/www.upjs.sk\\\/lekarska-fakulta\\\/?s={search_term_string}\"},\"query-input\":{\"@type\":\"PropertyValueSpecification\",\"valueRequired\":true,\"valueName\":\"search_term_string\"}}],\"inLanguage\":\"sk-SK\"},{\"@type\":\"Organization\",\"@id\":\"https:\\\/\\\/www.upjs.sk\\\/lekarska-fakulta\\\/#organization\",\"name\":\"Lek\u00e1rska fakulta | UPJ\u0160\",\"url\":\"https:\\\/\\\/www.upjs.sk\\\/lekarska-fakulta\\\/\",\"logo\":{\"@type\":\"ImageObject\",\"inLanguage\":\"sk-SK\",\"@id\":\"https:\\\/\\\/www.upjs.sk\\\/lekarska-fakulta\\\/#\\\/schema\\\/logo\\\/image\\\/\",\"url\":\"https:\\\/\\\/www.upjs.sk\\\/app\\\/uploads\\\/sites\\\/9\\\/2022\\\/09\\\/logo-lekarska-fakulta.png\",\"contentUrl\":\"https:\\\/\\\/www.upjs.sk\\\/app\\\/uploads\\\/sites\\\/9\\\/2022\\\/09\\\/logo-lekarska-fakulta.png\",\"width\":415,\"height\":87,\"caption\":\"Lek\u00e1rska fakulta | UPJ\u0160\"},\"image\":{\"@id\":\"https:\\\/\\\/www.upjs.sk\\\/lekarska-fakulta\\\/#\\\/schema\\\/logo\\\/image\\\/\"}}]}<\/script>\n<!-- \/ Yoast SEO plugin. -->","yoast_head_json":{"title":"Pripravili sme pestr\u00fd program de\u0165om z\u00e1kladn\u00fdch \u0161k\u00f4l v r\u00e1mci podujatia Univerzita bez hran\u00edc - Lek\u00e1rska fakulta | UPJ\u0160","robots":{"index":"index","follow":"follow","max-snippet":"max-snippet:-1","max-image-preview":"max-image-preview:large","max-video-preview":"max-video-preview:-1"},"canonical":"https:\/\/www.upjs.sk\/lekarska-fakulta\/upjs-life\/27515\/","og_locale":"sk_SK","og_type":"article","og_title":"Pripravili sme pestr\u00fd program de\u0165om z\u00e1kladn\u00fdch \u0161k\u00f4l v r\u00e1mci podujatia Univerzita bez hran\u00edc - Lek\u00e1rska fakulta | UPJ\u0160","og_description":"V r\u00e1mci p\u00e4\u0165d\u0148ov\u00e9ho programu Univerzity\u00a0bez hran\u00edc na UPJ\u0160\u00a0v Ko\u0161iciach sa 56 det\u00ed z\u00e1kladn\u00fdch \u0161k\u00f4l na na\u0161ej fakulte v utorok 26. j\u00fala 2022 u\u010dilo a zab\u00e1valo. Pracovn\u00edci \u0161iestich na\u0161ich pracov\u00edsk pripravili pre deti u\u017e tradi\u010dne zauj\u00edmav\u00e9 predn\u00e1\u0161ky na r\u00f4zne t\u00e9my, i atrakt\u00edvne praktick\u00e9 \u010dinnosti...","og_url":"https:\/\/www.upjs.sk\/lekarska-fakulta\/upjs-life\/27515\/","og_site_name":"Lek\u00e1rska fakulta | UPJ\u0160","article_modified_time":"2022-11-13T19:45:58+00:00","og_image":[{"width":664,"height":600,"url":"https:\/\/www.upjs.sk\/app\/uploads\/sites\/9\/2022\/09\/01-2.jpg","type":"image\/jpeg"}],"twitter_card":"summary_large_image","twitter_misc":{"Predpokladan\u00fd \u010das \u010d\u00edtania":"3 min\u00faty"},"schema":{"@context":"https:\/\/schema.org","@graph":[{"@type":"WebPage","@id":"https:\/\/www.upjs.sk\/lekarska-fakulta\/upjs-life\/27515\/","url":"https:\/\/www.upjs.sk\/lekarska-fakulta\/upjs-life\/27515\/","name":"Pripravili sme pestr\u00fd program de\u0165om z\u00e1kladn\u00fdch \u0161k\u00f4l v r\u00e1mci podujatia Univerzita bez hran\u00edc - Lek\u00e1rska fakulta | UPJ\u0160","isPartOf":{"@id":"https:\/\/www.upjs.sk\/lekarska-fakulta\/#website"},"primaryImageOfPage":{"@id":"https:\/\/www.upjs.sk\/lekarska-fakulta\/upjs-life\/27515\/#primaryimage"},"image":{"@id":"https:\/\/www.upjs.sk\/lekarska-fakulta\/upjs-life\/27515\/#primaryimage"},"thumbnailUrl":"https:\/\/www.upjs.sk\/app\/uploads\/sites\/9\/2022\/09\/01-2.jpg","datePublished":"2022-08-03T15:50:47+00:00","dateModified":"2022-11-13T19:45:58+00:00","breadcrumb":{"@id":"https:\/\/www.upjs.sk\/lekarska-fakulta\/upjs-life\/27515\/#breadcrumb"},"inLanguage":"sk-SK","potentialAction":[{"@type":"ReadAction","target":["https:\/\/www.upjs.sk\/lekarska-fakulta\/upjs-life\/27515\/"]}]},{"@type":"ImageObject","inLanguage":"sk-SK","@id":"https:\/\/www.upjs.sk\/lekarska-fakulta\/upjs-life\/27515\/#primaryimage","url":"https:\/\/www.upjs.sk\/app\/uploads\/sites\/9\/2022\/09\/01-2.jpg","contentUrl":"https:\/\/www.upjs.sk\/app\/uploads\/sites\/9\/2022\/09\/01-2.jpg","width":664,"height":600,"caption":"27515"},{"@type":"BreadcrumbList","@id":"https:\/\/www.upjs.sk\/lekarska-fakulta\/upjs-life\/27515\/#breadcrumb","itemListElement":[{"@type":"ListItem","position":1,"name":"Home","item":"https:\/\/www.upjs.sk\/lekarska-fakulta\/"},{"@type":"ListItem","position":2,"name":"Zo \u017eivota Lek\u00e1rskej fakulty","item":"https:\/\/www.upjs.sk\/lekarska-fakulta\/upjs-life\/"},{"@type":"ListItem","position":3,"name":"Pripravili sme pestr\u00fd program de\u0165om z\u00e1kladn\u00fdch \u0161k\u00f4l v r\u00e1mci podujatia Univerzita bez hran\u00edc"}]},{"@type":"WebSite","@id":"https:\/\/www.upjs.sk\/lekarska-fakulta\/#website","url":"https:\/\/www.upjs.sk\/lekarska-fakulta\/","name":"Lek\u00e1rska fakulta | UPJ\u0160","description":"","publisher":{"@id":"https:\/\/www.upjs.sk\/lekarska-fakulta\/#organization"},"potentialAction":[{"@type":"SearchAction","target":{"@type":"EntryPoint","urlTemplate":"https:\/\/www.upjs.sk\/lekarska-fakulta\/?s={search_term_string}"},"query-input":{"@type":"PropertyValueSpecification","valueRequired":true,"valueName":"search_term_string"}}],"inLanguage":"sk-SK"},{"@type":"Organization","@id":"https:\/\/www.upjs.sk\/lekarska-fakulta\/#organization","name":"Lek\u00e1rska fakulta | UPJ\u0160","url":"https:\/\/www.upjs.sk\/lekarska-fakulta\/","logo":{"@type":"ImageObject","inLanguage":"sk-SK","@id":"https:\/\/www.upjs.sk\/lekarska-fakulta\/#\/schema\/logo\/image\/","url":"https:\/\/www.upjs.sk\/app\/uploads\/sites\/9\/2022\/09\/logo-lekarska-fakulta.png","contentUrl":"https:\/\/www.upjs.sk\/app\/uploads\/sites\/9\/2022\/09\/logo-lekarska-fakulta.png","width":415,"height":87,"caption":"Lek\u00e1rska fakulta | UPJ\u0160"},"image":{"@id":"https:\/\/www.upjs.sk\/lekarska-fakulta\/#\/schema\/logo\/image\/"}}]}},"_links":{"self":[{"href":"https:\/\/www.upjs.sk\/lekarska-fakulta\/wp-json\/wp\/v2\/cpt_zo-zivota-upjs\/16772","targetHints":{"allow":["GET"]}}],"collection":[{"href":"https:\/\/www.upjs.sk\/lekarska-fakulta\/wp-json\/wp\/v2\/cpt_zo-zivota-upjs"}],"about":[{"href":"https:\/\/www.upjs.sk\/lekarska-fakulta\/wp-json\/wp\/v2\/types\/cpt_zo-zivota-upjs"}],"author":[{"embeddable":true,"href":"https:\/\/www.upjs.sk\/lekarska-fakulta\/wp-json\/wp\/v2\/users\/1"}],"wp:featuredmedia":[{"embeddable":true,"href":"https:\/\/www.upjs.sk\/lekarska-fakulta\/wp-json\/wp\/v2\/media\/16776"}],"wp:attachment":[{"href":"https:\/\/www.upjs.sk\/lekarska-fakulta\/wp-json\/wp\/v2\/media?parent=16772"}],"wp:term":[{"taxonomy":"category","embeddable":true,"href":"https:\/\/www.upjs.sk\/lekarska-fakulta\/wp-json\/wp\/v2\/categories?post=16772"},{"taxonomy":"post_tag","embeddable":true,"href":"https:\/\/www.upjs.sk\/lekarska-fakulta\/wp-json\/wp\/v2\/tags?post=16772"},{"taxonomy":"tax_aktuality","embeddable":true,"href":"https:\/\/www.upjs.sk\/lekarska-fakulta\/wp-json\/wp\/v2\/tax_aktuality?post=16772"}],"curies":[{"name":"wp","href":"https:\/\/api.w.org\/{rel}","templated":true}]}}