{"id":104336,"date":"2023-12-11T12:10:05","date_gmt":"2023-12-11T11:10:05","guid":{"rendered":"https:\/\/www.upjs.sk\/lekarska-fakulta\/?page_id=104336"},"modified":"2023-12-11T12:24:58","modified_gmt":"2023-12-11T11:24:58","slug":"75-vyrocie-vzniku-lekarskej-fakulty","status":"publish","type":"page","link":"https:\/\/www.upjs.sk\/lekarska-fakulta\/fakulta\/historia-fakulty\/75-vyrocie-vzniku-lekarskej-fakulty\/","title":{"rendered":"75. v\u00fdro\u010die vzniku Lek\u00e1rskej fakulty"},"content":{"rendered":"\n<p><strong>Sl\u00e1vnostn\u00fdm zasadnut\u00edm Vedeckej rady UPJ\u0160 LF v historickej posluch\u00e1rni LF na ulici Dr. Kostliv\u00e9ho a sl\u00e1vnostn\u00fdm programom spojen\u00fdm s odovzdan\u00edm ocenenia pre&nbsp; jubiluj\u00facich pracovn\u00edkov UPJ\u0160 LF v Aule LF na Triede SNP 1 osl\u00e1vila v stredu 11. okt\u00f3bra 2023 sedemdesiate piate v\u00fdro\u010die svojho vzniku Lek\u00e1rska fakulta UPJ\u0160 v&nbsp;Ko\u0161iciach.<\/strong><\/p>\n\n\n\n<p><strong>Sl\u00e1vnostn\u00e9 zasadnutie Vedeckej rady UPJ\u0160 LF v historickej posluch\u00e1rni LF na ulici Dr. Kostliv\u00e9ho sa konalo za \u00fa\u010dasti cten\u00fdch pozvan\u00fdch host\u00ed, medzi ktor\u00fdmi boli prorektori UPJ\u0160, prodekani Lek\u00e1rskej fakulty, dekani a prodekani \u010fal\u0161\u00edch fak\u00falt UPJ\u0160, \u010dlenovia akademick\u00fdch sen\u00e1tov, akademick\u00ed funkcion\u00e1ri UPJ\u0160, z\u00e1stupcovia univerzitn\u00fdch pracov\u00edsk, hostia z in\u00fdch univerz\u00edt a fak\u00falt, emeritn\u00ed profesori, predstavitelia \u0161t\u00e1tnej spr\u00e1vy a samospr\u00e1vy, riaditelia a n\u00e1mestn\u00edci v\u00fdu\u010dbov\u00fdch z\u00e1kladn\u00ed Lek\u00e1rskej fakulty UPJ\u0160 v Ko\u0161iciach, z\u00e1stupcovia \u00fastavov Slovenskej akad\u00e9mie vied a \u010fal\u0161\u00ed mil\u00ed hostia.<\/strong><\/p>\n\n\n\n<p>V&nbsp;\u00favode sl\u00e1vnostn\u00e9ho zasadnutia pozdravil pr\u00edtomn\u00fdch prostredn\u00edctvom videa rektor UPJ\u0160 v Ko\u0161iciach prof. MUDr. Daniel Pella, PhD., ktor\u00fd sa nemohol osobne z\u00fa\u010dastni\u0165 osl\u00e1v 75. v\u00fdro\u010dia vzniku lek\u00e1rskej fakulty kv\u00f4li svojim pracovn\u00fdm povinnostiam v&nbsp;zahrani\u010d\u00ed a jubiluj\u00facej fakulte takto za\u017eelal, aby na\u010falej napredovala a aby bola v\u017edy ve\u013ek\u00e1 rados\u0165 a \u010des\u0165 by\u0165 jej zamestnancom a \u0161tudentom. Nasledoval sl\u00e1vnostn\u00fd pr\u00edhovor dekana Lek\u00e1rskej fakulty UPJ\u0160 prof. MUDr. Petra Jar\u010du\u0161ku, PhD., v ktorom vyzdvihol osobu a pr\u00ednos profesora J\u00e1na K\u0148azovick\u00e9ho pre vznik lek\u00e1rskej fakulty v Ko\u0161iciach a spomenul d\u00f4le\u017eit\u00e9 m\u00ed\u013eniky v jej hist\u00f3rii. Dekan potom pre\u010d\u00edtal pozdravn\u00fd list od prezidentky Slovenskej republiky Zuzany \u010caputovej a nasledovali pr\u00edhovory predstavite\u013eov troch slovensk\u00fdch lek\u00e1rskych fak\u00falt, po ktor\u00fdch odovzdal dekan&nbsp; UPJ\u0160 LF prof. MUDr. Peter Jar\u010du\u0161ka, PhD. a predseda Akademick\u00e9ho sen\u00e1tu UPJ\u0160 LF doc. Ing. Jaroslav Majern\u00edk, PhD. pri pr\u00edle\u017eitosti&nbsp; 75. v\u00fdro\u010dia&nbsp; zalo\u017eenia&nbsp; Lek\u00e1rskej&nbsp; fakulty UPJ\u0160 v Ko\u0161iciach Pam\u00e4tn\u00e9 plakety a Pam\u00e4tn\u00e9 listy z\u00e1stupcom 27 akademick\u00fdch pracov\u00edsk a partnersk\u00fdch&nbsp; in\u0161tit\u00faci\u00ed. Po ukon\u010den\u00ed ofici\u00e1lnej \u010dasti sl\u00e1vnostn\u00e9ho zasadnutia pri pr\u00edle\u017eitosti 75. v\u00fdro\u010dia vzniku&nbsp; Lek\u00e1rskej fakulty Univerzity Pavla Jozefa \u0160af\u00e1rika v Ko\u0161iciach nasledoval kr\u00e1tky kult\u00farny program v podan\u00ed sl\u00e1\u010dikov\u00e9ho kvarteta Fusion Bows Quartet.<\/p>\n\n\n\n<p>V r\u00e1mci n\u00e1sledn\u00e9ho predn\u00e1\u0161kov\u00e9ho bloku vyst\u00fapil ako prv\u00fd vnuk profesora J\u00e1na K\u0148azovick\u00e9ho MUDr. Milo\u0161 K\u0148azovick\u00fd, MPH, ktor\u00fd pripomenul v\u00fdznamn\u00fa osobnos\u0165 spoluzakladate\u013ea ko\u0161ickej lek\u00e1rskej fakulty a jej prv\u00e9ho dekana profesora doktora J\u00e1na K\u0148azovick\u00e9ho a d\u00f4le\u017eit\u00e9 historick\u00e9 momenty s\u00favisiace so zalo\u017een\u00edm na\u0161ej lek\u00e1rskej fakulty vo svojej predn\u00e1\u0161ke nazvanej <em>\u201eProfesor K\u0148azovick\u00fd a zalo\u017eenie Lek\u00e1rskej fakulty v Ko\u0161iciach<\/em>\u201c.&nbsp;<br>\u010eal\u0161ie sl\u00e1vnostn\u00e9 predn\u00e1\u0161ky predniesli:<\/p>\n\n\n\n<p>\u2023 prof. RNDr. Ivan Varga, PhD. et PhD.: <em>Lek\u00e1rske fakulty a vedeck\u00fd v\u00fdskum na Slovensku<\/em><br>\u2023 MUDr. \u013duboslav Be\u0148a, PhD., MPH, CETC: <em>Spolupr\u00e1ca Univerzitnej nemocnice L. Pasteura Ko\u0161ice a Lek\u00e1rskej fakulty UPJ\u0160 v minulosti a&nbsp;dnes<\/em><br>\u2023 prof. MUDr. Zuzana Gdovinov\u00e1, CSc., FESO, FEAN: <em>Cievne mozgov\u00e9 pr\u00edhody a Neurologick\u00e1 klinika UPJ\u0160 LF a UNLP Ko\u0161ice v\u010dera a&nbsp;dnes<\/em><br>\u2023 prof. Ing. M\u00e1ria Marekov\u00e1, CSc.: <em>Ch\u00e9mia v historickom kontexte medic\u00ednskeho vzdel\u00e1vania<\/em><\/p>\n\n\n\n<p><strong>V&nbsp;ten ist\u00fd de\u0148 sa popoludn\u00ed konal sl\u00e1vnostn\u00fd program spojen\u00fd s odovzdan\u00edm ocenenia pre jubiluj\u00facich pracovn\u00edkov Lek\u00e1rskej fakulty UPJ\u0160 v Aule LF na Triede SNP 1. V&nbsp;jeho \u00favode zaznel sl\u00e1vnostn\u00fd pr\u00edhovor dekana UPJ\u0160 LF profesora Petra Jar\u010du\u0161ku, ktor\u00fd tie\u017e pr\u00edtomn\u00fdm zamestnancom pre\u010d\u00edtal pozdrav od prezidentky SR Zuzany \u010caputovej. Nasledovalo odovzd\u00e1vanie ocenen\u00ed jubiluj\u00faci pracovn\u00edkom, kult\u00farny program v podan\u00ed sl\u00e1\u010dikov\u00e9ho kvarteta a s\u00f3listky Be\u00e1ty Bakal\u00e1rovej a v&nbsp;druhej \u010dasti&nbsp; zazneli sl\u00e1vnostn\u00e9 predn\u00e1\u0161ky rozdelen\u00e9 do dvoch blokov:<\/strong><\/p>\n\n\n\n<p><strong>Sekcia \u0161t\u00e1tnicov\u00fdch predmetov:<br><\/strong>\u2023 prof. MUDr. R\u00f3bert Dankov\u010d\u00edk, PhD., MPH: Gynekol\u00f3gia a p\u00f4rodn\u00edctvo v\u010dera, dnes a&nbsp;zajtra<br>\u2023 MUDr. Gabriel Ko\u013evek, PhD. a doc. MUDr. Veronika Vargov\u00e1, PhD.: Pediatria v\u010dera, dnes a zajtra<br>\u2023 prof. MUDr. Ivica Laz\u00farov\u00e1 DrSc.: Intern\u00e1 medic\u00edna v\u010dera, dnes a zajtra&nbsp;&nbsp;&nbsp;&nbsp;<br>&nbsp;prof. MUDr. Jana Ka\u0165uchov\u00e1, PhD., MBA: Chirurgia v\u010dera, dnes a&nbsp;zajtra<br>\u2023&nbsp; Dr. h. c. prof. MUDr. Andrej Jen\u010da CSc., MPH: Stomatol\u00f3gia v\u010dera, dnes a zajtra<\/p>\n\n\n\n<p><strong>Sekcia mlad\u00fdch lek\u00e1rov a v\u00fdskumn\u00edkov:<br><\/strong>\u2023&nbsp; MVDr. Andrea Krehe\u013eov\u00e1, PhD.: Glutati\u00f3nperixid\u00e1za 1, 2 a 3 po\u010das preimplanta\u010dnej f\u00e1zy gravidity u&nbsp;my\u0161\u00ed<br>\u2023 RNDr. Mat\u00fa\u0161 \u010coma, PhD.: Bunkov\u00e1 komunik\u00e1cia n\u00e1dorovej str\u00f3my<br>\u2023 MUDr. Krist\u00edna Kulcs\u00e1rov\u00e1, PhD.: Prodrom\u00e1lna Parkinsonova choroba a nov\u00e9 biomarkery: po stop\u00e1ch neurodegener\u00e1cie<br>\u2023 MUDr. Jakub Gazda, PhD.: Umel\u00e1 inteligencia v klinickej medic\u00edne<\/p>\n\n\n\n<p>Sl\u00e1vnostn\u00fd program v Aule ukon\u010dil sl\u00e1vnostn\u00fdm pr\u00edhovorom predseda Akademick\u00e9ho sen\u00e1tu Lek\u00e1rskej fakulty UPJ\u0160 v Ko\u0161iciach doc. Ing. Jaroslav Majern\u00edk, PhD.<\/p>\n\n\n\n<ul class=\"wp-block-list\">\n<li><a href=\"https:\/\/www.upjs.sk\/app\/uploads\/sites\/9\/2023\/12\/PROGRAM-scaled.jpg\" target=\"_blank\" aria-label=\"Program osl\u00e1v (opens in a new tab)\" rel=\"noreferrer noopener\" class=\"ek-link\">Program osl\u00e1v<\/a><\/li>\n\n\n\n<li><a href=\"https:\/\/www.upjs.sk\/app\/uploads\/sites\/9\/2023\/10\/2023-10-12_TS_-OSLAVY-75.-vyrocia-zalozenia-LF-1-1.pdf\" target=\"_blank\" aria-label=\"Tla\u010dov\u00e1 spr\u00e1va (opens in a new tab)\" rel=\"noreferrer noopener\" class=\"ek-link\">Tla\u010dov\u00e1 spr\u00e1va<\/a><\/li>\n\n\n\n<li><a href=\"https:\/\/www.youtube.com\/watch?v=GWzv_I3jdlk\" target=\"_blank\" aria-label=\"Video (opens in a new tab)\" rel=\"noreferrer noopener\" class=\"ek-link\">Video<\/a><\/li>\n<\/ul>\n","protected":false},"excerpt":{"rendered":"<p>Sl\u00e1vnostn\u00fdm zasadnut\u00edm Vedeckej rady UPJ\u0160 LF v historickej posluch\u00e1rni LF na ulici Dr. Kostliv\u00e9ho a sl\u00e1vnostn\u00fdm programom spojen\u00fdm s odovzdan\u00edm ocenenia pre&nbsp; jubiluj\u00facich pracovn\u00edkov UPJ\u0160 LF v Aule LF na Triede SNP 1 osl\u00e1vila v stredu 11. okt\u00f3bra 2023 sedemdesiate piate v\u00fdro\u010die svojho vzniku Lek\u00e1rska fakulta UPJ\u0160 v&nbsp;Ko\u0161iciach. Sl\u00e1vnostn\u00e9 zasadnutie Vedeckej rady UPJ\u0160 LF v &hellip; <a href=\"https:\/\/www.upjs.sk\/lekarska-fakulta\/fakulta\/historia-fakulty\/75-vyrocie-vzniku-lekarskej-fakulty\/\">\u010c\u00edta\u0165 \u010falej<\/a><\/p>\n","protected":false},"author":75,"featured_media":0,"parent":13629,"menu_order":7,"comment_status":"closed","ping_status":"closed","template":"","meta":{"_acf_changed":false,"_editorskit_title_hidden":false,"_editorskit_reading_time":0,"_editorskit_is_block_options_detached":false,"_editorskit_block_options_position":"{}","footnotes":""},"categories":[],"tags":[],"class_list":["post-104336","page","type-page","status-publish","hentry"],"acf":{"acf_link_na_externy_obsah":""},"yoast_head":"<!-- This site is optimized with the Yoast SEO plugin v27.4 - https:\/\/yoast.com\/product\/yoast-seo-wordpress\/ -->\n<title>75. v\u00fdro\u010die vzniku Lek\u00e1rskej fakulty - Lek\u00e1rska fakulta | UPJ\u0160<\/title>\n<meta name=\"robots\" content=\"index, follow, max-snippet:-1, max-image-preview:large, max-video-preview:-1\" \/>\n<link rel=\"canonical\" href=\"https:\/\/www.upjs.sk\/lekarska-fakulta\/fakulta\/historia-fakulty\/75-vyrocie-vzniku-lekarskej-fakulty\/\" \/>\n<meta property=\"og:locale\" content=\"sk_SK\" \/>\n<meta property=\"og:type\" content=\"article\" \/>\n<meta property=\"og:title\" content=\"75. v\u00fdro\u010die vzniku Lek\u00e1rskej fakulty - Lek\u00e1rska fakulta | UPJ\u0160\" \/>\n<meta property=\"og:description\" content=\"Sl\u00e1vnostn\u00fdm zasadnut\u00edm Vedeckej rady UPJ\u0160 LF v historickej posluch\u00e1rni LF na ulici Dr. Kostliv\u00e9ho a sl\u00e1vnostn\u00fdm programom spojen\u00fdm s odovzdan\u00edm ocenenia pre&nbsp; jubiluj\u00facich pracovn\u00edkov UPJ\u0160 LF v Aule LF na Triede SNP 1 osl\u00e1vila v stredu 11. okt\u00f3bra 2023 sedemdesiate piate v\u00fdro\u010die svojho vzniku Lek\u00e1rska fakulta UPJ\u0160 v&nbsp;Ko\u0161iciach. Sl\u00e1vnostn\u00e9 zasadnutie Vedeckej rady UPJ\u0160 LF v &hellip; \u010c\u00edta\u0165 \u010falej\" \/>\n<meta property=\"og:url\" content=\"https:\/\/www.upjs.sk\/lekarska-fakulta\/fakulta\/historia-fakulty\/75-vyrocie-vzniku-lekarskej-fakulty\/\" \/>\n<meta property=\"og:site_name\" content=\"Lek\u00e1rska fakulta | UPJ\u0160\" \/>\n<meta property=\"article:modified_time\" content=\"2023-12-11T11:24:58+00:00\" \/>\n<meta name=\"twitter:card\" content=\"summary_large_image\" \/>\n<meta name=\"twitter:label1\" content=\"Predpokladan\u00fd \u010das \u010d\u00edtania\" \/>\n\t<meta name=\"twitter:data1\" content=\"4 min\u00faty\" \/>\n<script type=\"application\/ld+json\" class=\"yoast-schema-graph\">{\"@context\":\"https:\\\/\\\/schema.org\",\"@graph\":[{\"@type\":\"WebPage\",\"@id\":\"https:\\\/\\\/www.upjs.sk\\\/lekarska-fakulta\\\/fakulta\\\/historia-fakulty\\\/75-vyrocie-vzniku-lekarskej-fakulty\\\/\",\"url\":\"https:\\\/\\\/www.upjs.sk\\\/lekarska-fakulta\\\/fakulta\\\/historia-fakulty\\\/75-vyrocie-vzniku-lekarskej-fakulty\\\/\",\"name\":\"75. v\u00fdro\u010die vzniku Lek\u00e1rskej fakulty - Lek\u00e1rska fakulta | UPJ\u0160\",\"isPartOf\":{\"@id\":\"https:\\\/\\\/www.upjs.sk\\\/lekarska-fakulta\\\/#website\"},\"datePublished\":\"2023-12-11T11:10:05+00:00\",\"dateModified\":\"2023-12-11T11:24:58+00:00\",\"breadcrumb\":{\"@id\":\"https:\\\/\\\/www.upjs.sk\\\/lekarska-fakulta\\\/fakulta\\\/historia-fakulty\\\/75-vyrocie-vzniku-lekarskej-fakulty\\\/#breadcrumb\"},\"inLanguage\":\"sk-SK\",\"potentialAction\":[{\"@type\":\"ReadAction\",\"target\":[\"https:\\\/\\\/www.upjs.sk\\\/lekarska-fakulta\\\/fakulta\\\/historia-fakulty\\\/75-vyrocie-vzniku-lekarskej-fakulty\\\/\"]}]},{\"@type\":\"BreadcrumbList\",\"@id\":\"https:\\\/\\\/www.upjs.sk\\\/lekarska-fakulta\\\/fakulta\\\/historia-fakulty\\\/75-vyrocie-vzniku-lekarskej-fakulty\\\/#breadcrumb\",\"itemListElement\":[{\"@type\":\"ListItem\",\"position\":1,\"name\":\"Home\",\"item\":\"https:\\\/\\\/www.upjs.sk\\\/lekarska-fakulta\\\/\"},{\"@type\":\"ListItem\",\"position\":2,\"name\":\"O fakulte\",\"item\":\"https:\\\/\\\/www.upjs.sk\\\/lekarska-fakulta\\\/fakulta\\\/\"},{\"@type\":\"ListItem\",\"position\":3,\"name\":\"Hist\u00f3ria fakulty\",\"item\":\"https:\\\/\\\/www.upjs.sk\\\/lekarska-fakulta\\\/fakulta\\\/historia-fakulty\\\/\"},{\"@type\":\"ListItem\",\"position\":4,\"name\":\"75. v\u00fdro\u010die vzniku Lek\u00e1rskej fakulty\"}]},{\"@type\":\"WebSite\",\"@id\":\"https:\\\/\\\/www.upjs.sk\\\/lekarska-fakulta\\\/#website\",\"url\":\"https:\\\/\\\/www.upjs.sk\\\/lekarska-fakulta\\\/\",\"name\":\"Lek\u00e1rska fakulta | UPJ\u0160\",\"description\":\"\",\"publisher\":{\"@id\":\"https:\\\/\\\/www.upjs.sk\\\/lekarska-fakulta\\\/#organization\"},\"potentialAction\":[{\"@type\":\"SearchAction\",\"target\":{\"@type\":\"EntryPoint\",\"urlTemplate\":\"https:\\\/\\\/www.upjs.sk\\\/lekarska-fakulta\\\/?s={search_term_string}\"},\"query-input\":{\"@type\":\"PropertyValueSpecification\",\"valueRequired\":true,\"valueName\":\"search_term_string\"}}],\"inLanguage\":\"sk-SK\"},{\"@type\":\"Organization\",\"@id\":\"https:\\\/\\\/www.upjs.sk\\\/lekarska-fakulta\\\/#organization\",\"name\":\"Lek\u00e1rska fakulta | UPJ\u0160\",\"url\":\"https:\\\/\\\/www.upjs.sk\\\/lekarska-fakulta\\\/\",\"logo\":{\"@type\":\"ImageObject\",\"inLanguage\":\"sk-SK\",\"@id\":\"https:\\\/\\\/www.upjs.sk\\\/lekarska-fakulta\\\/#\\\/schema\\\/logo\\\/image\\\/\",\"url\":\"https:\\\/\\\/www.upjs.sk\\\/app\\\/uploads\\\/sites\\\/9\\\/2022\\\/09\\\/logo-lekarska-fakulta.png\",\"contentUrl\":\"https:\\\/\\\/www.upjs.sk\\\/app\\\/uploads\\\/sites\\\/9\\\/2022\\\/09\\\/logo-lekarska-fakulta.png\",\"width\":415,\"height\":87,\"caption\":\"Lek\u00e1rska fakulta | UPJ\u0160\"},\"image\":{\"@id\":\"https:\\\/\\\/www.upjs.sk\\\/lekarska-fakulta\\\/#\\\/schema\\\/logo\\\/image\\\/\"}}]}<\/script>\n<!-- \/ Yoast SEO plugin. -->","yoast_head_json":{"title":"75. v\u00fdro\u010die vzniku Lek\u00e1rskej fakulty - Lek\u00e1rska fakulta | UPJ\u0160","robots":{"index":"index","follow":"follow","max-snippet":"max-snippet:-1","max-image-preview":"max-image-preview:large","max-video-preview":"max-video-preview:-1"},"canonical":"https:\/\/www.upjs.sk\/lekarska-fakulta\/fakulta\/historia-fakulty\/75-vyrocie-vzniku-lekarskej-fakulty\/","og_locale":"sk_SK","og_type":"article","og_title":"75. v\u00fdro\u010die vzniku Lek\u00e1rskej fakulty - Lek\u00e1rska fakulta | UPJ\u0160","og_description":"Sl\u00e1vnostn\u00fdm zasadnut\u00edm Vedeckej rady UPJ\u0160 LF v historickej posluch\u00e1rni LF na ulici Dr. Kostliv\u00e9ho a sl\u00e1vnostn\u00fdm programom spojen\u00fdm s odovzdan\u00edm ocenenia pre&nbsp; jubiluj\u00facich pracovn\u00edkov UPJ\u0160 LF v Aule LF na Triede SNP 1 osl\u00e1vila v stredu 11. okt\u00f3bra 2023 sedemdesiate piate v\u00fdro\u010die svojho vzniku Lek\u00e1rska fakulta UPJ\u0160 v&nbsp;Ko\u0161iciach. Sl\u00e1vnostn\u00e9 zasadnutie Vedeckej rady UPJ\u0160 LF v &hellip; \u010c\u00edta\u0165 \u010falej","og_url":"https:\/\/www.upjs.sk\/lekarska-fakulta\/fakulta\/historia-fakulty\/75-vyrocie-vzniku-lekarskej-fakulty\/","og_site_name":"Lek\u00e1rska fakulta | UPJ\u0160","article_modified_time":"2023-12-11T11:24:58+00:00","twitter_card":"summary_large_image","twitter_misc":{"Predpokladan\u00fd \u010das \u010d\u00edtania":"4 min\u00faty"},"schema":{"@context":"https:\/\/schema.org","@graph":[{"@type":"WebPage","@id":"https:\/\/www.upjs.sk\/lekarska-fakulta\/fakulta\/historia-fakulty\/75-vyrocie-vzniku-lekarskej-fakulty\/","url":"https:\/\/www.upjs.sk\/lekarska-fakulta\/fakulta\/historia-fakulty\/75-vyrocie-vzniku-lekarskej-fakulty\/","name":"75. v\u00fdro\u010die vzniku Lek\u00e1rskej fakulty - Lek\u00e1rska fakulta | UPJ\u0160","isPartOf":{"@id":"https:\/\/www.upjs.sk\/lekarska-fakulta\/#website"},"datePublished":"2023-12-11T11:10:05+00:00","dateModified":"2023-12-11T11:24:58+00:00","breadcrumb":{"@id":"https:\/\/www.upjs.sk\/lekarska-fakulta\/fakulta\/historia-fakulty\/75-vyrocie-vzniku-lekarskej-fakulty\/#breadcrumb"},"inLanguage":"sk-SK","potentialAction":[{"@type":"ReadAction","target":["https:\/\/www.upjs.sk\/lekarska-fakulta\/fakulta\/historia-fakulty\/75-vyrocie-vzniku-lekarskej-fakulty\/"]}]},{"@type":"BreadcrumbList","@id":"https:\/\/www.upjs.sk\/lekarska-fakulta\/fakulta\/historia-fakulty\/75-vyrocie-vzniku-lekarskej-fakulty\/#breadcrumb","itemListElement":[{"@type":"ListItem","position":1,"name":"Home","item":"https:\/\/www.upjs.sk\/lekarska-fakulta\/"},{"@type":"ListItem","position":2,"name":"O fakulte","item":"https:\/\/www.upjs.sk\/lekarska-fakulta\/fakulta\/"},{"@type":"ListItem","position":3,"name":"Hist\u00f3ria fakulty","item":"https:\/\/www.upjs.sk\/lekarska-fakulta\/fakulta\/historia-fakulty\/"},{"@type":"ListItem","position":4,"name":"75. v\u00fdro\u010die vzniku Lek\u00e1rskej fakulty"}]},{"@type":"WebSite","@id":"https:\/\/www.upjs.sk\/lekarska-fakulta\/#website","url":"https:\/\/www.upjs.sk\/lekarska-fakulta\/","name":"Lek\u00e1rska fakulta | UPJ\u0160","description":"","publisher":{"@id":"https:\/\/www.upjs.sk\/lekarska-fakulta\/#organization"},"potentialAction":[{"@type":"SearchAction","target":{"@type":"EntryPoint","urlTemplate":"https:\/\/www.upjs.sk\/lekarska-fakulta\/?s={search_term_string}"},"query-input":{"@type":"PropertyValueSpecification","valueRequired":true,"valueName":"search_term_string"}}],"inLanguage":"sk-SK"},{"@type":"Organization","@id":"https:\/\/www.upjs.sk\/lekarska-fakulta\/#organization","name":"Lek\u00e1rska fakulta | UPJ\u0160","url":"https:\/\/www.upjs.sk\/lekarska-fakulta\/","logo":{"@type":"ImageObject","inLanguage":"sk-SK","@id":"https:\/\/www.upjs.sk\/lekarska-fakulta\/#\/schema\/logo\/image\/","url":"https:\/\/www.upjs.sk\/app\/uploads\/sites\/9\/2022\/09\/logo-lekarska-fakulta.png","contentUrl":"https:\/\/www.upjs.sk\/app\/uploads\/sites\/9\/2022\/09\/logo-lekarska-fakulta.png","width":415,"height":87,"caption":"Lek\u00e1rska fakulta | UPJ\u0160"},"image":{"@id":"https:\/\/www.upjs.sk\/lekarska-fakulta\/#\/schema\/logo\/image\/"}}]}},"_links":{"self":[{"href":"https:\/\/www.upjs.sk\/lekarska-fakulta\/wp-json\/wp\/v2\/pages\/104336","targetHints":{"allow":["GET"]}}],"collection":[{"href":"https:\/\/www.upjs.sk\/lekarska-fakulta\/wp-json\/wp\/v2\/pages"}],"about":[{"href":"https:\/\/www.upjs.sk\/lekarska-fakulta\/wp-json\/wp\/v2\/types\/page"}],"author":[{"embeddable":true,"href":"https:\/\/www.upjs.sk\/lekarska-fakulta\/wp-json\/wp\/v2\/users\/75"}],"replies":[{"embeddable":true,"href":"https:\/\/www.upjs.sk\/lekarska-fakulta\/wp-json\/wp\/v2\/comments?post=104336"}],"version-history":[{"count":3,"href":"https:\/\/www.upjs.sk\/lekarska-fakulta\/wp-json\/wp\/v2\/pages\/104336\/revisions"}],"predecessor-version":[{"id":104344,"href":"https:\/\/www.upjs.sk\/lekarska-fakulta\/wp-json\/wp\/v2\/pages\/104336\/revisions\/104344"}],"up":[{"embeddable":true,"href":"https:\/\/www.upjs.sk\/lekarska-fakulta\/wp-json\/wp\/v2\/pages\/13629"}],"wp:attachment":[{"href":"https:\/\/www.upjs.sk\/lekarska-fakulta\/wp-json\/wp\/v2\/media?parent=104336"}],"wp:term":[{"taxonomy":"category","embeddable":true,"href":"https:\/\/www.upjs.sk\/lekarska-fakulta\/wp-json\/wp\/v2\/categories?post=104336"},{"taxonomy":"post_tag","embeddable":true,"href":"https:\/\/www.upjs.sk\/lekarska-fakulta\/wp-json\/wp\/v2\/tags?post=104336"}],"curies":[{"name":"wp","href":"https:\/\/api.w.org\/{rel}","templated":true}]}}