{"id":127047,"date":"2025-01-22T11:25:01","date_gmt":"2025-01-22T10:25:01","guid":{"rendered":"https:\/\/www.upjs.sk\/lekarska-fakulta\/?page_id=127047"},"modified":"2025-07-28T10:09:48","modified_gmt":"2025-07-28T09:09:48","slug":"podujatia-v-roku-2025","status":"publish","type":"page","link":"https:\/\/www.upjs.sk\/lekarska-fakulta\/fakulta\/konferencie-a-podujatia\/podujatia-v-roku-2025\/","title":{"rendered":"Podujatia v roku 2025"},"content":{"rendered":"\n<figure class=\"wp-block-table is-style-stripes\"><table class=\"has-fixed-layout\"><tbody><tr><td colspan=\"2\"><strong><mark><strong><mark>JANU\u00c1R 2025<\/mark><\/strong><\/mark><\/strong><\/td><\/tr><tr><td colspan=\"2\"><strong>De\u0148 otvoren\u00fdch dver\u00ed Lek\u00e1rskej fakulty UPJ\u0160 v Ko\u0161iciach<\/strong><\/td><\/tr><tr><td>Term\u00edn konania:<\/td><td>30. janu\u00e1ra 2025<\/td><\/tr><tr><td>Miesto konania:<\/td><td>UPJ\u0160 LF v KO\u0160ICIACH<\/td><\/tr><tr><td>Organizuj\u00face subjekty:<\/td><td>LEK\u00c1RSKA FAKULTA UNIVERZITY P. J. \u0160AF\u00c1RIKA V KO\u0160ICIACH<\/td><\/tr><tr><td>Pozn\u00e1mka:<\/td><td><a href=\"https:\/\/ecrin.org\/events\/ictd2022\"><\/a><a href=\"https:\/\/www.upjs.sk\/app\/uploads\/sites\/9\/2025\/01\/Program.png\" target=\"_blank\" rel=\"noreferrer noopener\">Inform\u00e1cia o podujat\u00ed, Program<\/a><\/td><\/tr><tr><td><\/td><td><\/td><\/tr><tr><td colspan=\"2\"><strong>SEMIN\u00c1R URGENTN\u00c1 MEDIC\u00cdNA<\/strong><\/td><\/tr><tr><td>Term\u00edn konania:<\/td><td>30. janu\u00e1ra 2025<\/td><\/tr><tr><td>Miesto konania:<\/td><td>Aula 1 UPJ\u0160 LF v KO\u0160ICIACH<\/td><\/tr><tr><td>Organizuj\u00face subjekty:<\/td><td>Z\u00c1CHRANN\u00c1 SLU\u017dBA KO\u0160ICE,<br>LEK\u00c1RSKA FAKULTA UNIVERZITY P. J. \u0160AF\u00c1RIKA V KO\u0160ICIACH,<br>UNIVERZITN\u00c1 NEMOCNICA L. PASTEURA KO\u0160ICE<\/td><\/tr><tr><td>Pozn\u00e1mka:<\/td><td><a href=\"https:\/\/www.upjs.sk\/app\/uploads\/sites\/9\/2025\/01\/Seminar_urgentna-medicina-ZIMA25-01.png\" target=\"_blank\" rel=\"noreferrer noopener\">Inform\u00e1cia o podujat\u00ed, Program<\/a><\/td><\/tr><\/tbody><\/table><\/figure>\n\n\n\n<figure class=\"wp-block-table is-style-stripes\"><table class=\"has-fixed-layout\"><tbody><tr><td colspan=\"2\"><strong><mark><strong><mark>FEBRU\u00c1R 2025<\/mark><\/strong><\/mark><\/strong><\/td><\/tr><tr><td colspan=\"2\"><strong>Pitevn\u00fd t\u00fd\u017ede\u0148<\/strong><\/td><\/tr><tr><td>Term\u00edn konania:<\/td><td>3.-7. febru\u00e1ra 2025<\/td><\/tr><tr><td>Miesto konania:<\/td><td>UPJ\u0160 LF v KO\u0160ICIACH<\/td><\/tr><tr><td>Organizuj\u00face subjekty:<\/td><td>LEK\u00c1RSKA FAKULTA UNIVERZITY P. J. \u0160AF\u00c1RIKA V KO\u0160ICIACH<\/td><\/tr><tr><td>Pozn\u00e1mka:<\/td><td><a href=\"https:\/\/ecrin.org\/events\/ictd2022\"><\/a><a href=\"https:\/\/www.upjs.sk\/app\/uploads\/sites\/9\/2025\/01\/Pitevny-tyzden-5-SK-2025_page-0001.jpg\" target=\"_blank\" rel=\"noreferrer noopener\">Inform\u00e1cia o podujat\u00ed, Program<\/a><\/td><\/tr><tr><td><\/td><td><\/td><\/tr><tr><td colspan=\"2\"><strong>VE\u013dTRH PR\u00cdLE\u017dITOST\u00cd V ZDRAVOTN\u00cdCTVE<\/strong><\/td><\/tr><tr><td>Term\u00edn konania:<\/td><td>06. febru\u00e1ra 2025<\/td><\/tr><tr><td>Miesto konania:<\/td><td>UPJ\u0160 LF v KO\u0160ICIACH<\/td><\/tr><tr><td>Organizuj\u00face subjekty:<\/td><td>LEK\u00c1RSKA FAKULTA UNIVERZITY P. J. \u0160AF\u00c1RIKA V KO\u0160ICIACH<\/td><\/tr><tr><td>Pozn\u00e1mka:<\/td><td><a href=\"https:\/\/www.upjs.sk\/app\/uploads\/sites\/9\/2025\/01\/insta3ku4.png\" target=\"_blank\" rel=\"noreferrer noopener\">Inform\u00e1cia o podujat\u00ed, Program<\/a><\/td><\/tr><tr><td><\/td><\/tr><\/tbody><\/table><\/figure>\n\n\n\n<figure class=\"wp-block-table is-style-stripes\"><table class=\"has-fixed-layout\"><tbody><tr><td colspan=\"2\"><strong>Informa\u010dn\u00e9 stretnutie pre z\u00e1ujemcov o Erasmus+ mobilitu<\/strong><\/td><\/tr><tr><td>Term\u00edn konania:<\/td><td>17. febru\u00e1ra 2025<\/td><\/tr><tr><td>Miesto konania:<\/td><td>UPJ\u0160 LF v KO\u0160ICIACH<\/td><\/tr><tr><td>Organizuj\u00face subjekty:<\/td><td>LEK\u00c1RSKA FAKULTA UNIVERZITY P. J. \u0160AF\u00c1RIKA V KO\u0160ICIACH<\/td><\/tr><tr><td>Pozn\u00e1mka:<\/td><td><a href=\"https:\/\/ecrin.org\/events\/ictd2022\"><\/a><a href=\"https:\/\/www.upjs.sk\/app\/uploads\/sites\/9\/2025\/02\/original-85A5FB10-845A-4908-8197-EE4A219E820F-2.jpeg\" target=\"_blank\" rel=\"noreferrer noopener\">Inform\u00e1cia o podujat\u00ed, Program<\/a><\/td><\/tr><tr><td><\/td><td><\/td><\/tr><\/tbody><\/table><\/figure>\n\n\n\n<figure class=\"wp-block-table is-style-stripes\"><table class=\"has-fixed-layout\"><tbody><tr><td colspan=\"2\"><strong><mark><strong><mark>MAREC 2025<\/mark><\/strong><\/mark><\/strong><\/td><\/tr><tr><td colspan=\"2\"><strong>UpToDate<\/strong><\/td><\/tr><tr><td>Term\u00edn konania:<\/td><td>07. marca 2025<\/td><\/tr><tr><td>Miesto konania:<\/td><td>UPJ\u0160 LF v KO\u0160ICIACH<\/td><\/tr><tr><td>Organizuj\u00face subjekty:<\/td><td>Univerzitn\u00e1 kni\u017enica UPJ\u0160<\/td><\/tr><tr><td>Pozn\u00e1mka:<\/td><td><a href=\"https:\/\/ecrin.org\/events\/ictd2022\"><\/a><a href=\"https:\/\/www.upjs.sk\/app\/uploads\/sites\/9\/2025\/02\/3-1.png\" target=\"_blank\" rel=\"noreferrer noopener\">Inform\u00e1cia o podujat\u00ed, Program<\/a><\/td><\/tr><tr><td><\/td><td><\/td><\/tr><\/tbody><\/table><\/figure>\n\n\n\n<figure class=\"wp-block-table is-style-stripes\"><table class=\"has-fixed-layout\"><tbody><tr><td colspan=\"2\"><strong><mark><strong><mark>APR\u00cdL 2025<\/mark><\/strong><\/mark><\/strong><\/td><\/tr><tr><td colspan=\"2\"><strong>XXIV. STOMATOLOGICK\u00c9 DNI KO\u0160ICE<\/strong><\/td><\/tr><tr><td>Term\u00edn konania:<\/td><td>2.\u20133. apr\u00edla 2025<\/td><\/tr><tr><td>Miesto konania:<\/td><td>UPJ\u0160 LF v KO\u0160ICIACH<\/td><\/tr><tr><td>Organizuj\u00face subjekty:<\/td><td>UPJ\u0160 LEK\u00c1RSKA FAKULTA V KO\u0160ICIACH, UNIVERZITN\u00c1 NEMOCNICA L. PASTEURA V KO\u0160ICIACH, SLOVENSK\u00c1 STOMATOLOGICK\u00c1 SPOLO\u010cNOS\u0164 V BRATISLAVE, &#8230;<\/td><\/tr><tr><td>Pozn\u00e1mka:<\/td><td><a href=\"https:\/\/ecrin.org\/events\/ictd2022\"><\/a><a href=\"https:\/\/www.upjs.sk\/app\/uploads\/sites\/9\/2025\/04\/SDK-2025-1.pdf\" target=\"_blank\" rel=\"noreferrer noopener\">Inform\u00e1cia o podujat\u00ed, Program<\/a><\/td><\/tr><\/tbody><\/table><\/figure>\n\n\n\n<figure class=\"wp-block-table is-style-stripes\"><table class=\"has-fixed-layout\"><tbody><tr><td colspan=\"2\"><strong>\u0160TUDENTSK\u00c1 VEDECK\u00c1 KONFERENCIA<\/strong><\/td><\/tr><tr><td>Term\u00edn konania:<\/td><td>28. apr\u00edla 2025<\/td><\/tr><tr><td>Miesto konania:<\/td><td>UPJ\u0160 LF v KO\u0160ICIACH<\/td><\/tr><tr><td>Organizuj\u00face subjekty:<\/td><td>UPJ\u0160 LEK\u00c1RSKA FAKULTA V KO\u0160ICIACH<\/td><\/tr><tr><td>Pozn\u00e1mka:<\/td><td><a href=\"https:\/\/ecrin.org\/events\/ictd2022\"><\/a><a href=\"https:\/\/www.upjs.sk\/lekarska-fakulta\/events\/studentskavedecka-konferenciakosice\/\" target=\"_blank\" rel=\"noreferrer noopener\">Inform\u00e1cia o podujat\u00ed, Program<\/a><\/td><\/tr><tr><td><\/td><td><\/td><\/tr><\/tbody><\/table><\/figure>\n\n\n\n<figure class=\"wp-block-table is-style-stripes\"><table class=\"has-fixed-layout\"><tbody><tr><td colspan=\"2\"><strong><mark><strong><mark>M\u00e1j 2025<\/mark><\/strong><\/mark><\/strong><\/td><\/tr><tr><td colspan=\"2\"><strong><strong>XXXI. KONGRES Slovenskej gynekologicko-p\u00f4rodn\u00edckej spolo\u010dnosti SLS<\/strong><\/strong><\/td><\/tr><tr><td>Term\u00edn konania:<\/td><td>15. \u2013 17. m\u00e1ja 2025<\/td><\/tr><tr><td>Miesto konania:<\/td><td>DOM UMENIA, Ko\u0161ice<\/td><\/tr><tr><td>Organizuj\u00face subjekty:<\/td><td>Slovensk\u00e1 gynekologicko-p\u00f4rodn\u00edck\u00e1 spolo\u010dnos\u0165 SLS&nbsp;<\/td><\/tr><tr><td>Pozn\u00e1mka:<\/td><td><a href=\"https:\/\/ecrin.org\/events\/ictd2022\"><\/a><a href=\"https:\/\/www.upjs.sk\/app\/uploads\/sites\/9\/2025\/05\/navigacia.pdf\" target=\"_blank\" rel=\"noreferrer noopener\">Inform\u00e1cia o podujat\u00ed, Program<\/a><\/td><\/tr><\/tbody><\/table><\/figure>\n\n\n\n<figure class=\"wp-block-table is-style-stripes\"><table class=\"has-fixed-layout\"><tbody><tr><td colspan=\"2\"><strong><strong>Zasadnutie AS UPJ\u0160<\/strong><\/strong><\/td><\/tr><tr><td>Term\u00edn konania:<\/td><td>21. m\u00e1ja 2025<\/td><\/tr><tr><td>Miesto konania:<\/td><td>Posluch\u00e1re\u0148 profesora D\u00e9manda<\/td><\/tr><tr><td>Organizuj\u00face subjekty:<\/td><td>UPJ\u0160 LEK\u00c1RSKA FAKULTA V KO\u0160ICIACH UNIVERZITN\u00c1 <\/td><\/tr><tr><td>Pozn\u00e1mka:<\/td><td><a href=\"https:\/\/ecrin.org\/events\/ictd2022\"><\/a><a href=\"https:\/\/www.upjs.sk\/lekarska-fakulta\/fakulta\/organy-fakulty\/akademicky-senat\/terminy-zasadnuti\/\" target=\"_blank\" rel=\"noreferrer noopener\">Inform\u00e1cia o podujat\u00ed, Program<\/a><\/td><\/tr><\/tbody><\/table><\/figure>\n\n\n\n<figure class=\"wp-block-table is-style-stripes\"><table class=\"has-fixed-layout\"><tbody><tr><td colspan=\"2\"><strong><strong>28. KO\u0160ICK\u00dd MORFOLOGICK\u00dd DE\u0147<\/strong><\/strong><\/td><\/tr><tr><td>Term\u00edn konania:<\/td><td>&nbsp;22. &#8211; 23. m\u00e1ja 2025&nbsp;<\/td><\/tr><tr><td>Miesto konania:<\/td><td>P35 UVLF v Ko\u0161iciach <\/td><\/tr><tr><td>Organizuj\u00face subjekty:<\/td><td>Univerzita veterin\u00e1rskeho lek\u00e1rstva a farm\u00e1cie v Ko\u0161iciach, Slovensk\u00e1 anatomick\u00e1 spolo\u010dnos\u0165<\/td><\/tr><tr><td>Pozn\u00e1mka:<\/td><td><a href=\"https:\/\/ecrin.org\/events\/ictd2022\"><\/a><a href=\"https:\/\/www.uvlf.sk\/akcie\/28-kosicky-morfologicky-den\" target=\"_blank\" rel=\"noreferrer noopener\">Inform\u00e1cia o podujat\u00ed, Program<\/a><\/td><\/tr><\/tbody><\/table><\/figure>\n\n\n\n<figure class=\"wp-block-table is-style-stripes\"><table class=\"has-fixed-layout\"><tbody><tr><td colspan=\"2\"><strong>XXVI. Dies Jessenii<\/strong><\/td><\/tr><tr><td>Term\u00edn konania:<\/td><td>29. &#8211; 30. m\u00e1ja 2025<\/td><\/tr><tr><td>Miesto konania:<\/td><td>Hotel Roca, Ko\u0161ice<\/td><\/tr><tr><td>Organizuj\u00face subjekty:<\/td><td>Slovensk\u00e1 lek\u00e1rska spolo\u010dnos\u0165<br>Slovensk\u00e1 chirurgick\u00e1 spolo\u010dnos\u0165<br>Lek\u00e1rska fakulta Univerzity Pavla Jozefa \u0160af\u00e1rika v Ko\u0161iciach<br>Univerzitn\u00e1 nemocnica L. Pasteura Ko\u0161ice<br>II. chirurgick\u00e1 klinika UPJ\u0160 LF a UNLP Ko\u0161ice<\/td><\/tr><tr><td>Pozn\u00e1mka:<\/td><td><a href=\"https:\/\/ecrin.org\/events\/ictd2022\"><\/a><a href=\"https:\/\/www.upjs.sk\/app\/uploads\/sites\/9\/2025\/02\/Dies-Jessenii-2025-pozvanka.pdf\" target=\"_blank\" rel=\"noreferrer noopener\">Inform\u00e1cia o podujat\u00ed, Program<\/a><\/td><\/tr><tr><td><\/td><td><\/td><\/tr><\/tbody><\/table><\/figure>\n\n\n\n<figure class=\"wp-block-table is-style-stripes\"><table class=\"has-fixed-layout\"><tbody><tr><td colspan=\"2\"><strong><mark><strong><mark>J\u00fan 2025<\/mark><\/strong><\/mark><\/strong><\/td><\/tr><tr><td colspan=\"2\"><strong><strong>URGENTN\u00c1 MEDIC\u00cdNA<\/strong><\/strong><\/td><\/tr><tr><td>Term\u00edn konania:<\/td><td>04. j\u00fana 2025<\/td><\/tr><tr><td>Miesto konania:<\/td><td>AULA I LEK\u00c1RSK\u00c1 FAKULTA UPJ\u0160 V KO\u0160ICIACH<\/td><\/tr><tr><td>Organizuj\u00face subjekty:<\/td><td>Z\u00c1CHRANN\u00c1 SLU\u017dBA KO\u0160ICE, LEK\u00c1RSKA FAKULTA UNIVERZITY P. J. \u0160AF\u00c1RIKA V KO\u0160ICIACH, UNIVERZITN\u00c1 NEMOCNICA L. PASTEURA KO\u0160ICE<\/td><\/tr><tr><td>Pozn\u00e1mka:<\/td><td><a href=\"https:\/\/ecrin.org\/events\/ictd2022\"><\/a><a href=\"https:\/\/www.upjs.sk\/app\/uploads\/sites\/9\/2025\/05\/Seminar_urgentna-medicina-LETO25.pdf\" target=\"_blank\" rel=\"noreferrer noopener\">Inform\u00e1cia o podujat\u00ed, Program<\/a><\/td><\/tr><\/tbody><\/table><\/figure>\n\n\n\n<figure class=\"wp-block-table is-style-stripes\"><table class=\"has-fixed-layout\"><tbody><tr><td colspan=\"2\"><strong><strong>XV. SLOVENSK\u00dd&nbsp; PEDIATRICK\u00dd&nbsp; KONGRES&nbsp;<\/strong><\/strong><\/td><\/tr><tr><td>Term\u00edn konania:<\/td><td>05. \u2013 07. j\u00fana 2025<\/td><\/tr><tr><td>Miesto konania:<\/td><td>Hotel Double Tree by Hilton, Ko\u0161ice<\/td><\/tr><tr><td>Organizuj\u00face subjekty:<\/td><td>Slovensk\u00e1 lek\u00e1rska spolo\u010dnos\u0165<br>Slovensk\u00e1 pediatrick\u00e1 spolo\u010dnos\u0165<br>Slovensk\u00e1 spolo\u010dnos\u0165 prim\u00e1rnej pediatrickej starostlivosti<br>Slovensk\u00e1 komora sestier a p\u00f4rodn\u00fdch asistentiek<\/td><\/tr><tr><td>Pozn\u00e1mka:<\/td><td><a href=\"https:\/\/ecrin.org\/events\/ictd2022\"><\/a><a href=\"https:\/\/www.upjs.sk\/lekarska-fakulta\/actuality\/xv-slovensky-pediatricky-kongres\/\" target=\"_blank\" rel=\"noreferrer noopener\">Inform\u00e1cia o podujat\u00ed, Program<\/a><\/td><\/tr><\/tbody><\/table><\/figure>\n\n\n\n<figure class=\"wp-block-table is-style-stripes\"><table class=\"has-fixed-layout\"><tbody><tr><td colspan=\"2\"><strong><strong>Kadaver\u00f3zny kurznavigovanej implant\u00e1cietot\u00e1lnej endoprot\u00e9zy kolena<\/strong><\/strong><\/td><\/tr><tr><td>Term\u00edn konania:<\/td><td>05. \u2013 06. j\u00fana 2025<\/td><\/tr><tr><td>Miesto konania:<\/td><td>\u00dastav anat\u00f3mie LF<\/td><\/tr><tr><td>Organizuj\u00face subjekty:<\/td><td>UPJ\u0160 LEK\u00c1RSKA FAKULTA V KO\u0160ICIACH, UNIVERZITN\u00c1 NEMOCNICA L. PASTEURA V KO\u0160ICIACH<\/td><\/tr><tr><td>Pozn\u00e1mka:<\/td><td><a href=\"https:\/\/ecrin.org\/events\/ictd2022\"><\/a><a href=\"https:\/\/www.upjs.sk\/app\/uploads\/sites\/9\/2025\/05\/Kadaverozny-kurz-navigovanej-implantacie-totalnej-endoprotezy-kolena_Kosice_2025.pdf\" target=\"_blank\" rel=\"noreferrer noopener\">Inform\u00e1cia o podujat\u00ed, Program<\/a><\/td><\/tr><\/tbody><\/table><\/figure>\n\n\n\n<figure class=\"wp-block-table is-style-stripes\"><table class=\"has-fixed-layout\"><tbody><tr><td colspan=\"2\"><strong>72. \u010cESKO-SLOVENSK\u00c9 FARMAKOLOGICK\u00c9 DNI<\/strong><\/td><\/tr><tr><td>Term\u00edn konania:<\/td><td>18. \u2013 20. j\u00fana 2025<\/td><\/tr><tr><td>Miesto konania:<\/td><td>Lek\u00e1rska fakulta UPJ\u0160 Ko\u0161ice Technologick\u00fd a inova\u010dn\u00fd park<\/td><\/tr><tr><td>Organizuj\u00face subjekty:<\/td><td>Slovensk\u00e1 farmakologick\u00e1 spolo\u010dnos\u0165 (SFaS)<br>\u010cesk\u00e1 spole\u010dnost pro experiment\u00e1ln\u00ed a klinickou farmakologii a toxikologii (\u010cSEKFT)<br>Univerzita P. J. \u0160af\u00e1rika v Ko\u0161iciach, Lek\u00e1rska fakulta<br>Technologick\u00fd a inova\u010dn\u00fd park UPJ\u0160 v Ko\u0161iciach<\/td><\/tr><tr><td>Pozn\u00e1mka:<\/td><td><a href=\"https:\/\/fd2025.sk\/uvod\" target=\"_blank\" rel=\"noreferrer noopener\">Inform\u00e1cia o podujat\u00ed, Program<\/a><\/td><\/tr><tr><td><\/td><td><\/td><\/tr><\/tbody><\/table><\/figure>\n\n\n\n<figure class=\"wp-block-table is-style-stripes\"><table class=\"has-fixed-layout\"><tbody><tr><td colspan=\"2\"><strong><mark><strong><mark>J\u00fal 2025<\/mark><\/strong><\/mark><\/strong><\/td><\/tr><tr><td colspan=\"2\"><strong><strong><strong>Univerzita bez hran\u00edc \u2013 pr\u00e1zdninov\u00e9 dobrodru\u017estvo na LF UPJ\u0160<\/strong><\/strong><\/strong><\/td><\/tr><tr><td>Term\u00edn konania:<\/td><td>07. &#8211; 11. j\u00fala 2025<\/td><\/tr><tr><td>Miesto konania:<\/td><td>LEK\u00c1RSK\u00c1 FAKULTA UPJ\u0160 V KO\u0160ICIACH<\/td><\/tr><tr><td>Organizuj\u00face subjekty:<\/td><td>LEK\u00c1RSKA FAKULTA UNIVERZITY P. J. \u0160AF\u00c1RIKA V KO\u0160ICIACH <\/td><\/tr><tr><td>Pozn\u00e1mka:<\/td><td><a href=\"https:\/\/ecrin.org\/events\/ictd2022\"><\/a><a href=\"https:\/\/www.upjs.sk\/app\/uploads\/sites\/9\/2025\/07\/515919649_1285745140226836_1758695745129872310_n.jpg\" target=\"_blank\" rel=\"noreferrer noopener\">Inform\u00e1cia o podujat\u00ed, Program<\/a><\/td><\/tr><\/tbody><\/table><\/figure>\n","protected":false},"excerpt":{"rendered":"<p>JANU\u00c1R 2025 De\u0148 otvoren\u00fdch dver\u00ed Lek\u00e1rskej fakulty UPJ\u0160 v Ko\u0161iciach Term\u00edn konania: 30. janu\u00e1ra 2025 Miesto konania: UPJ\u0160 LF v KO\u0160ICIACH Organizuj\u00face subjekty: LEK\u00c1RSKA FAKULTA UNIVERZITY P. J. \u0160AF\u00c1RIKA V KO\u0160ICIACH Pozn\u00e1mka: Inform\u00e1cia o podujat\u00ed, Program SEMIN\u00c1R URGENTN\u00c1 MEDIC\u00cdNA Term\u00edn konania: 30. janu\u00e1ra 2025 Miesto konania: Aula 1 UPJ\u0160 LF v KO\u0160ICIACH Organizuj\u00face subjekty: Z\u00c1CHRANN\u00c1 &hellip; <a href=\"https:\/\/www.upjs.sk\/lekarska-fakulta\/fakulta\/konferencie-a-podujatia\/podujatia-v-roku-2025\/\">\u010c\u00edta\u0165 \u010falej<\/a><\/p>\n","protected":false},"author":75,"featured_media":0,"parent":14171,"menu_order":1,"comment_status":"closed","ping_status":"closed","template":"","meta":{"_acf_changed":false,"_editorskit_title_hidden":false,"_editorskit_reading_time":0,"_editorskit_is_block_options_detached":false,"_editorskit_block_options_position":"{}","footnotes":""},"categories":[],"tags":[],"class_list":["post-127047","page","type-page","status-publish","hentry"],"acf":{"acf_link_na_externy_obsah":""},"yoast_head":"<!-- This site is optimized with the Yoast SEO plugin v27.4 - https:\/\/yoast.com\/product\/yoast-seo-wordpress\/ -->\n<title>Podujatia v roku 2025 - Lek\u00e1rska fakulta | UPJ\u0160<\/title>\n<meta name=\"robots\" content=\"index, follow, max-snippet:-1, max-image-preview:large, max-video-preview:-1\" \/>\n<link rel=\"canonical\" href=\"https:\/\/www.upjs.sk\/lekarska-fakulta\/fakulta\/konferencie-a-podujatia\/podujatia-v-roku-2025\/\" \/>\n<meta property=\"og:locale\" content=\"sk_SK\" \/>\n<meta property=\"og:type\" content=\"article\" \/>\n<meta property=\"og:title\" content=\"Podujatia v roku 2025 - Lek\u00e1rska fakulta | UPJ\u0160\" \/>\n<meta property=\"og:description\" content=\"JANU\u00c1R 2025 De\u0148 otvoren\u00fdch dver\u00ed Lek\u00e1rskej fakulty UPJ\u0160 v Ko\u0161iciach Term\u00edn konania: 30. janu\u00e1ra 2025 Miesto konania: UPJ\u0160 LF v KO\u0160ICIACH Organizuj\u00face subjekty: LEK\u00c1RSKA FAKULTA UNIVERZITY P. J. \u0160AF\u00c1RIKA V KO\u0160ICIACH Pozn\u00e1mka: Inform\u00e1cia o podujat\u00ed, Program SEMIN\u00c1R URGENTN\u00c1 MEDIC\u00cdNA Term\u00edn konania: 30. janu\u00e1ra 2025 Miesto konania: Aula 1 UPJ\u0160 LF v KO\u0160ICIACH Organizuj\u00face subjekty: Z\u00c1CHRANN\u00c1 &hellip; \u010c\u00edta\u0165 \u010falej\" \/>\n<meta property=\"og:url\" content=\"https:\/\/www.upjs.sk\/lekarska-fakulta\/fakulta\/konferencie-a-podujatia\/podujatia-v-roku-2025\/\" \/>\n<meta property=\"og:site_name\" content=\"Lek\u00e1rska fakulta | UPJ\u0160\" \/>\n<meta property=\"article:modified_time\" content=\"2025-07-28T09:09:48+00:00\" \/>\n<meta name=\"twitter:card\" content=\"summary_large_image\" \/>\n<meta name=\"twitter:label1\" content=\"Predpokladan\u00fd \u010das \u010d\u00edtania\" \/>\n\t<meta name=\"twitter:data1\" content=\"4 min\u00faty\" \/>\n<script type=\"application\/ld+json\" class=\"yoast-schema-graph\">{\"@context\":\"https:\\\/\\\/schema.org\",\"@graph\":[{\"@type\":\"WebPage\",\"@id\":\"https:\\\/\\\/www.upjs.sk\\\/lekarska-fakulta\\\/fakulta\\\/konferencie-a-podujatia\\\/podujatia-v-roku-2025\\\/\",\"url\":\"https:\\\/\\\/www.upjs.sk\\\/lekarska-fakulta\\\/fakulta\\\/konferencie-a-podujatia\\\/podujatia-v-roku-2025\\\/\",\"name\":\"Podujatia v roku 2025 - Lek\u00e1rska fakulta | UPJ\u0160\",\"isPartOf\":{\"@id\":\"https:\\\/\\\/www.upjs.sk\\\/lekarska-fakulta\\\/#website\"},\"datePublished\":\"2025-01-22T10:25:01+00:00\",\"dateModified\":\"2025-07-28T09:09:48+00:00\",\"breadcrumb\":{\"@id\":\"https:\\\/\\\/www.upjs.sk\\\/lekarska-fakulta\\\/fakulta\\\/konferencie-a-podujatia\\\/podujatia-v-roku-2025\\\/#breadcrumb\"},\"inLanguage\":\"sk-SK\",\"potentialAction\":[{\"@type\":\"ReadAction\",\"target\":[\"https:\\\/\\\/www.upjs.sk\\\/lekarska-fakulta\\\/fakulta\\\/konferencie-a-podujatia\\\/podujatia-v-roku-2025\\\/\"]}]},{\"@type\":\"BreadcrumbList\",\"@id\":\"https:\\\/\\\/www.upjs.sk\\\/lekarska-fakulta\\\/fakulta\\\/konferencie-a-podujatia\\\/podujatia-v-roku-2025\\\/#breadcrumb\",\"itemListElement\":[{\"@type\":\"ListItem\",\"position\":1,\"name\":\"Home\",\"item\":\"https:\\\/\\\/www.upjs.sk\\\/lekarska-fakulta\\\/\"},{\"@type\":\"ListItem\",\"position\":2,\"name\":\"O fakulte\",\"item\":\"https:\\\/\\\/www.upjs.sk\\\/lekarska-fakulta\\\/fakulta\\\/\"},{\"@type\":\"ListItem\",\"position\":3,\"name\":\"Konferencie a podujatia\",\"item\":\"https:\\\/\\\/www.upjs.sk\\\/lekarska-fakulta\\\/fakulta\\\/konferencie-a-podujatia\\\/\"},{\"@type\":\"ListItem\",\"position\":4,\"name\":\"Podujatia v roku 2025\"}]},{\"@type\":\"WebSite\",\"@id\":\"https:\\\/\\\/www.upjs.sk\\\/lekarska-fakulta\\\/#website\",\"url\":\"https:\\\/\\\/www.upjs.sk\\\/lekarska-fakulta\\\/\",\"name\":\"Lek\u00e1rska fakulta | UPJ\u0160\",\"description\":\"\",\"publisher\":{\"@id\":\"https:\\\/\\\/www.upjs.sk\\\/lekarska-fakulta\\\/#organization\"},\"potentialAction\":[{\"@type\":\"SearchAction\",\"target\":{\"@type\":\"EntryPoint\",\"urlTemplate\":\"https:\\\/\\\/www.upjs.sk\\\/lekarska-fakulta\\\/?s={search_term_string}\"},\"query-input\":{\"@type\":\"PropertyValueSpecification\",\"valueRequired\":true,\"valueName\":\"search_term_string\"}}],\"inLanguage\":\"sk-SK\"},{\"@type\":\"Organization\",\"@id\":\"https:\\\/\\\/www.upjs.sk\\\/lekarska-fakulta\\\/#organization\",\"name\":\"Lek\u00e1rska fakulta | UPJ\u0160\",\"url\":\"https:\\\/\\\/www.upjs.sk\\\/lekarska-fakulta\\\/\",\"logo\":{\"@type\":\"ImageObject\",\"inLanguage\":\"sk-SK\",\"@id\":\"https:\\\/\\\/www.upjs.sk\\\/lekarska-fakulta\\\/#\\\/schema\\\/logo\\\/image\\\/\",\"url\":\"https:\\\/\\\/www.upjs.sk\\\/app\\\/uploads\\\/sites\\\/9\\\/2022\\\/09\\\/logo-lekarska-fakulta.png\",\"contentUrl\":\"https:\\\/\\\/www.upjs.sk\\\/app\\\/uploads\\\/sites\\\/9\\\/2022\\\/09\\\/logo-lekarska-fakulta.png\",\"width\":415,\"height\":87,\"caption\":\"Lek\u00e1rska fakulta | UPJ\u0160\"},\"image\":{\"@id\":\"https:\\\/\\\/www.upjs.sk\\\/lekarska-fakulta\\\/#\\\/schema\\\/logo\\\/image\\\/\"}}]}<\/script>\n<!-- \/ Yoast SEO plugin. -->","yoast_head_json":{"title":"Podujatia v roku 2025 - Lek\u00e1rska fakulta | UPJ\u0160","robots":{"index":"index","follow":"follow","max-snippet":"max-snippet:-1","max-image-preview":"max-image-preview:large","max-video-preview":"max-video-preview:-1"},"canonical":"https:\/\/www.upjs.sk\/lekarska-fakulta\/fakulta\/konferencie-a-podujatia\/podujatia-v-roku-2025\/","og_locale":"sk_SK","og_type":"article","og_title":"Podujatia v roku 2025 - Lek\u00e1rska fakulta | UPJ\u0160","og_description":"JANU\u00c1R 2025 De\u0148 otvoren\u00fdch dver\u00ed Lek\u00e1rskej fakulty UPJ\u0160 v Ko\u0161iciach Term\u00edn konania: 30. janu\u00e1ra 2025 Miesto konania: UPJ\u0160 LF v KO\u0160ICIACH Organizuj\u00face subjekty: LEK\u00c1RSKA FAKULTA UNIVERZITY P. J. \u0160AF\u00c1RIKA V KO\u0160ICIACH Pozn\u00e1mka: Inform\u00e1cia o podujat\u00ed, Program SEMIN\u00c1R URGENTN\u00c1 MEDIC\u00cdNA Term\u00edn konania: 30. janu\u00e1ra 2025 Miesto konania: Aula 1 UPJ\u0160 LF v KO\u0160ICIACH Organizuj\u00face subjekty: Z\u00c1CHRANN\u00c1 &hellip; \u010c\u00edta\u0165 \u010falej","og_url":"https:\/\/www.upjs.sk\/lekarska-fakulta\/fakulta\/konferencie-a-podujatia\/podujatia-v-roku-2025\/","og_site_name":"Lek\u00e1rska fakulta | UPJ\u0160","article_modified_time":"2025-07-28T09:09:48+00:00","twitter_card":"summary_large_image","twitter_misc":{"Predpokladan\u00fd \u010das \u010d\u00edtania":"4 min\u00faty"},"schema":{"@context":"https:\/\/schema.org","@graph":[{"@type":"WebPage","@id":"https:\/\/www.upjs.sk\/lekarska-fakulta\/fakulta\/konferencie-a-podujatia\/podujatia-v-roku-2025\/","url":"https:\/\/www.upjs.sk\/lekarska-fakulta\/fakulta\/konferencie-a-podujatia\/podujatia-v-roku-2025\/","name":"Podujatia v roku 2025 - Lek\u00e1rska fakulta | UPJ\u0160","isPartOf":{"@id":"https:\/\/www.upjs.sk\/lekarska-fakulta\/#website"},"datePublished":"2025-01-22T10:25:01+00:00","dateModified":"2025-07-28T09:09:48+00:00","breadcrumb":{"@id":"https:\/\/www.upjs.sk\/lekarska-fakulta\/fakulta\/konferencie-a-podujatia\/podujatia-v-roku-2025\/#breadcrumb"},"inLanguage":"sk-SK","potentialAction":[{"@type":"ReadAction","target":["https:\/\/www.upjs.sk\/lekarska-fakulta\/fakulta\/konferencie-a-podujatia\/podujatia-v-roku-2025\/"]}]},{"@type":"BreadcrumbList","@id":"https:\/\/www.upjs.sk\/lekarska-fakulta\/fakulta\/konferencie-a-podujatia\/podujatia-v-roku-2025\/#breadcrumb","itemListElement":[{"@type":"ListItem","position":1,"name":"Home","item":"https:\/\/www.upjs.sk\/lekarska-fakulta\/"},{"@type":"ListItem","position":2,"name":"O fakulte","item":"https:\/\/www.upjs.sk\/lekarska-fakulta\/fakulta\/"},{"@type":"ListItem","position":3,"name":"Konferencie a podujatia","item":"https:\/\/www.upjs.sk\/lekarska-fakulta\/fakulta\/konferencie-a-podujatia\/"},{"@type":"ListItem","position":4,"name":"Podujatia v roku 2025"}]},{"@type":"WebSite","@id":"https:\/\/www.upjs.sk\/lekarska-fakulta\/#website","url":"https:\/\/www.upjs.sk\/lekarska-fakulta\/","name":"Lek\u00e1rska fakulta | UPJ\u0160","description":"","publisher":{"@id":"https:\/\/www.upjs.sk\/lekarska-fakulta\/#organization"},"potentialAction":[{"@type":"SearchAction","target":{"@type":"EntryPoint","urlTemplate":"https:\/\/www.upjs.sk\/lekarska-fakulta\/?s={search_term_string}"},"query-input":{"@type":"PropertyValueSpecification","valueRequired":true,"valueName":"search_term_string"}}],"inLanguage":"sk-SK"},{"@type":"Organization","@id":"https:\/\/www.upjs.sk\/lekarska-fakulta\/#organization","name":"Lek\u00e1rska fakulta | UPJ\u0160","url":"https:\/\/www.upjs.sk\/lekarska-fakulta\/","logo":{"@type":"ImageObject","inLanguage":"sk-SK","@id":"https:\/\/www.upjs.sk\/lekarska-fakulta\/#\/schema\/logo\/image\/","url":"https:\/\/www.upjs.sk\/app\/uploads\/sites\/9\/2022\/09\/logo-lekarska-fakulta.png","contentUrl":"https:\/\/www.upjs.sk\/app\/uploads\/sites\/9\/2022\/09\/logo-lekarska-fakulta.png","width":415,"height":87,"caption":"Lek\u00e1rska fakulta | UPJ\u0160"},"image":{"@id":"https:\/\/www.upjs.sk\/lekarska-fakulta\/#\/schema\/logo\/image\/"}}]}},"_links":{"self":[{"href":"https:\/\/www.upjs.sk\/lekarska-fakulta\/wp-json\/wp\/v2\/pages\/127047","targetHints":{"allow":["GET"]}}],"collection":[{"href":"https:\/\/www.upjs.sk\/lekarska-fakulta\/wp-json\/wp\/v2\/pages"}],"about":[{"href":"https:\/\/www.upjs.sk\/lekarska-fakulta\/wp-json\/wp\/v2\/types\/page"}],"author":[{"embeddable":true,"href":"https:\/\/www.upjs.sk\/lekarska-fakulta\/wp-json\/wp\/v2\/users\/75"}],"replies":[{"embeddable":true,"href":"https:\/\/www.upjs.sk\/lekarska-fakulta\/wp-json\/wp\/v2\/comments?post=127047"}],"version-history":[{"count":9,"href":"https:\/\/www.upjs.sk\/lekarska-fakulta\/wp-json\/wp\/v2\/pages\/127047\/revisions"}],"predecessor-version":[{"id":140736,"href":"https:\/\/www.upjs.sk\/lekarska-fakulta\/wp-json\/wp\/v2\/pages\/127047\/revisions\/140736"}],"up":[{"embeddable":true,"href":"https:\/\/www.upjs.sk\/lekarska-fakulta\/wp-json\/wp\/v2\/pages\/14171"}],"wp:attachment":[{"href":"https:\/\/www.upjs.sk\/lekarska-fakulta\/wp-json\/wp\/v2\/media?parent=127047"}],"wp:term":[{"taxonomy":"category","embeddable":true,"href":"https:\/\/www.upjs.sk\/lekarska-fakulta\/wp-json\/wp\/v2\/categories?post=127047"},{"taxonomy":"post_tag","embeddable":true,"href":"https:\/\/www.upjs.sk\/lekarska-fakulta\/wp-json\/wp\/v2\/tags?post=127047"}],"curies":[{"name":"wp","href":"https:\/\/api.w.org\/{rel}","templated":true}]}}