{"id":13609,"date":"2023-02-07T21:49:48","date_gmt":"2023-02-07T20:49:48","guid":{"rendered":"https:\/\/www.upjs.sk\/lekarska-fakulta\/root\/zahranicne-vztahy\/erasmus\/zamestnanecke-mobility\/"},"modified":"2025-12-10T11:22:08","modified_gmt":"2025-12-10T10:22:08","slug":"zamestnanecke-mobility","status":"publish","type":"page","link":"https:\/\/www.upjs.sk\/lekarska-fakulta\/zahranicne-vztahy\/erasmus\/zamestnanecke-mobility\/","title":{"rendered":"Zamestnaneck\u00e9 mobility"},"content":{"rendered":"\n<h4 class=\"wp-block-heading has--font-size\"><strong>Zamestnaneck\u00e9 mobility \u2013 V\u00ddU\u010cBA<\/strong><\/h4>\n\n\n\n<ul class=\"wp-block-list\">\n<li><a href=\"https:\/\/www.upjs.sk\/informacie\/medzinarodne-vztahy\/erasmus\/ka131-sta\/\" class=\"ek-link\">V\u0161eobecn\u00e9 inform\u00e1cie<\/a><\/li>\n<\/ul>\n\n\n\n<div style=\"height:20px\" aria-hidden=\"true\" class=\"wp-block-spacer\"><\/div>\n\n\n<style>.wp-block-kadence-advancedheading.kt-adv-heading13609_95f351-a6, .wp-block-kadence-advancedheading.kt-adv-heading13609_95f351-a6[data-kb-block=\"kb-adv-heading13609_95f351-a6\"]{font-style:normal;}.wp-block-kadence-advancedheading.kt-adv-heading13609_95f351-a6 mark.kt-highlight, .wp-block-kadence-advancedheading.kt-adv-heading13609_95f351-a6[data-kb-block=\"kb-adv-heading13609_95f351-a6\"] mark.kt-highlight{font-style:normal;color:#f76a0c;-webkit-box-decoration-break:clone;box-decoration-break:clone;padding-top:0px;padding-right:0px;padding-bottom:0px;padding-left:0px;}<\/style>\n<h4 class=\"kt-adv-heading13609_95f351-a6 wp-block-kadence-advancedheading\" data-kb-block=\"kb-adv-heading13609_95f351-a6\"><strong>Zamestnaneck\u00e9 mobility \u2013 \u0160KOLENIE<\/strong><\/h4>\n\n\n\n<ul class=\"wp-block-list\">\n<li><a href=\"https:\/\/www.upjs.sk\/informacie\/medzinarodne-vztahy\/erasmus\/ka131-stt\/\" class=\"ek-link\">V\u0161eobecn\u00e9 inform\u00e1cie<\/a><\/li>\n<\/ul>\n\n\n<style>.wp-block-kadence-advancedheading.kt-adv-heading13609_2e92ac-52, .wp-block-kadence-advancedheading.kt-adv-heading13609_2e92ac-52[data-kb-block=\"kb-adv-heading13609_2e92ac-52\"]{font-style:normal;}.wp-block-kadence-advancedheading.kt-adv-heading13609_2e92ac-52 mark.kt-highlight, .wp-block-kadence-advancedheading.kt-adv-heading13609_2e92ac-52[data-kb-block=\"kb-adv-heading13609_2e92ac-52\"] mark.kt-highlight{font-style:normal;color:#f76a0c;-webkit-box-decoration-break:clone;box-decoration-break:clone;padding-top:0px;padding-right:0px;padding-bottom:0px;padding-left:0px;}<\/style>\n<p class=\"kt-adv-heading13609_2e92ac-52 wp-block-kadence-advancedheading\" data-kb-block=\"kb-adv-heading13609_2e92ac-52\"><\/p>\n\n\n<style>.wp-block-kadence-advancedheading.kt-adv-heading13609_c54489-1d, .wp-block-kadence-advancedheading.kt-adv-heading13609_c54489-1d[data-kb-block=\"kb-adv-heading13609_c54489-1d\"]{font-style:normal;}.wp-block-kadence-advancedheading.kt-adv-heading13609_c54489-1d mark.kt-highlight, .wp-block-kadence-advancedheading.kt-adv-heading13609_c54489-1d[data-kb-block=\"kb-adv-heading13609_c54489-1d\"] mark.kt-highlight{font-style:normal;color:#f76a0c;-webkit-box-decoration-break:clone;box-decoration-break:clone;padding-top:0px;padding-right:0px;padding-bottom:0px;padding-left:0px;}<\/style>\n<p class=\"kt-adv-heading13609_c54489-1d wp-block-kadence-advancedheading\" data-kb-block=\"kb-adv-heading13609_c54489-1d\"><strong><a href=\"https:\/\/www.upjs.sk\/informacie\/medzinarodne-vztahy\/erasmus\/#partneri\">Aktu\u00e1lny zoznam partnersk\u00fdch univerz\u00edt a inter-in\u0161titucion\u00e1lnych zml\u00fav v r\u00e1mci programu Erasmus + KA131<\/a><\/strong><\/p>\n\n\n<style>.wp-block-kadence-advancedheading.kt-adv-heading13609_22982b-a0, .wp-block-kadence-advancedheading.kt-adv-heading13609_22982b-a0[data-kb-block=\"kb-adv-heading13609_22982b-a0\"]{font-style:normal;}.wp-block-kadence-advancedheading.kt-adv-heading13609_22982b-a0 mark.kt-highlight, .wp-block-kadence-advancedheading.kt-adv-heading13609_22982b-a0[data-kb-block=\"kb-adv-heading13609_22982b-a0\"] mark.kt-highlight{font-style:normal;color:#f76a0c;-webkit-box-decoration-break:clone;box-decoration-break:clone;padding-top:0px;padding-right:0px;padding-bottom:0px;padding-left:0px;}<\/style>\n<p class=\"kt-adv-heading13609_22982b-a0 wp-block-kadence-advancedheading\" data-kb-block=\"kb-adv-heading13609_22982b-a0\"><a href=\"https:\/\/www.upjs.sk\/erasmus-vyzvy-2025-2026\/\"><strong>Erasmus+ v\u00fdzvy na 2025\/2026<\/strong><\/a><\/p>\n\n\n\n<ul class=\"wp-block-list\">\n<li><strong>obdobie realiz\u00e1cie mobility:<\/strong> 10.10.2025 \u2013 15.10.2026<\/li>\n\n\n\n<li><strong>term\u00edny zberu prihl\u00e1\u0161ok:<\/strong><\/li>\n<\/ul>\n\n\n<style>.wp-block-kadence-advancedheading.kt-adv-heading13609_2bace4-1852, .wp-block-kadence-advancedheading.kt-adv-heading13609_2bace4-1852[data-kb-block=\"kb-adv-heading13609_2bace4-1852\"]{font-style:normal;}.wp-block-kadence-advancedheading.kt-adv-heading13609_2bace4-1852 mark.kt-highlight, .wp-block-kadence-advancedheading.kt-adv-heading13609_2bace4-1852[data-kb-block=\"kb-adv-heading13609_2bace4-1852\"] mark.kt-highlight{font-style:normal;color:#f76a0c;-webkit-box-decoration-break:clone;box-decoration-break:clone;padding-top:0px;padding-right:0px;padding-bottom:0px;padding-left:0px;}<\/style>\n<p class=\"kt-adv-heading13609_2bace4-1852 wp-block-kadence-advancedheading\" data-kb-block=\"kb-adv-heading13609_2bace4-1852\"><\/p>\n\n\n\n<figure class=\"wp-block-table\"><table class=\"has-fixed-layout\"><tbody><tr><td class=\"has-text-align-center\" data-align=\"center\"><\/td><td class=\"has-text-align-center\" data-align=\"center\"><strong>Term\u00edn odovzdania prihl\u00e1\u0161ky<\/strong><\/td><td class=\"has-text-align-center\" data-align=\"center\"><strong>Term\u00edn najskor\u0161ieho mo\u017en\u00e9ho n\u00e1stupu<\/strong><\/td><\/tr><tr><td class=\"has-text-align-center\" data-align=\"center\"><strong>01. etapa<\/strong><\/td><td class=\"has-text-align-center\" data-align=\"center\">29.09.2025 do 12:00<\/td><td class=\"has-text-align-center\" data-align=\"center\">10.10.2025<\/td><\/tr><tr><td class=\"has-text-align-center\" data-align=\"center\"><strong>02.<\/strong>\u00a0<strong>etapa<\/strong><\/td><td class=\"has-text-align-center\" data-align=\"center\">06.02.2026 do 12:00<\/td><td class=\"has-text-align-center\" data-align=\"center\">23.02.2026<\/td><\/tr><tr><td class=\"has-text-align-center\" data-align=\"center\"><strong>03.<\/strong>\u00a0<strong>etapa<\/strong><\/td><td class=\"has-text-align-center\" data-align=\"center\">07.05.2026 do 12:00<\/td><td class=\"has-text-align-center\" data-align=\"center\">25.05.2026<\/td><\/tr><\/tbody><\/table><\/figure>\n\n\n<style>.wp-block-kadence-advancedheading.kt-adv-heading13609_9833c7-f3, .wp-block-kadence-advancedheading.kt-adv-heading13609_9833c7-f3[data-kb-block=\"kb-adv-heading13609_9833c7-f3\"]{font-style:normal;}.wp-block-kadence-advancedheading.kt-adv-heading13609_9833c7-f3 mark.kt-highlight, .wp-block-kadence-advancedheading.kt-adv-heading13609_9833c7-f3[data-kb-block=\"kb-adv-heading13609_9833c7-f3\"] mark.kt-highlight{font-style:normal;color:#f76a0c;-webkit-box-decoration-break:clone;box-decoration-break:clone;padding-top:0px;padding-right:0px;padding-bottom:0px;padding-left:0px;}<\/style>\n<p class=\"kt-adv-heading13609_9833c7-f3 wp-block-kadence-advancedheading\" data-kb-block=\"kb-adv-heading13609_9833c7-f3\"><\/p>\n","protected":false},"excerpt":{"rendered":"<p>Zamestnaneck\u00e9 mobility \u2013 V\u00ddU\u010cBA Zamestnaneck\u00e9 mobility \u2013 \u0160KOLENIE Aktu\u00e1lny zoznam partnersk\u00fdch univerz\u00edt a inter-in\u0161titucion\u00e1lnych zml\u00fav v r\u00e1mci programu Erasmus + KA131 Erasmus+ v\u00fdzvy na 2025\/2026 Term\u00edn odovzdania prihl\u00e1\u0161ky Term\u00edn najskor\u0161ieho mo\u017en\u00e9ho n\u00e1stupu 01. etapa 29.09.2025 do 12:00 10.10.2025 02.\u00a0etapa 06.02.2026 do 12:00 23.02.2026 03.\u00a0etapa 07.05.2026 do 12:00 25.05.2026<\/p>\n","protected":false},"author":1,"featured_media":13599,"parent":13598,"menu_order":3,"comment_status":"closed","ping_status":"closed","template":"","meta":{"_acf_changed":false,"_editorskit_title_hidden":false,"_editorskit_reading_time":1,"_editorskit_is_block_options_detached":false,"_editorskit_block_options_position":"{}","footnotes":""},"categories":[],"tags":[],"class_list":["post-13609","page","type-page","status-publish","has-post-thumbnail","hentry"],"acf":{"acf_link_na_externy_obsah":""},"yoast_head":"<!-- This site is optimized with the Yoast SEO plugin v27.4 - https:\/\/yoast.com\/product\/yoast-seo-wordpress\/ -->\n<title>Zamestnaneck\u00e9 mobility - Lek\u00e1rska fakulta | UPJ\u0160<\/title>\n<meta name=\"robots\" content=\"index, follow, max-snippet:-1, max-image-preview:large, max-video-preview:-1\" \/>\n<link rel=\"canonical\" href=\"https:\/\/www.upjs.sk\/lekarska-fakulta\/zahranicne-vztahy\/erasmus\/zamestnanecke-mobility\/\" \/>\n<meta property=\"og:locale\" content=\"sk_SK\" \/>\n<meta property=\"og:type\" content=\"article\" \/>\n<meta property=\"og:title\" content=\"Zamestnaneck\u00e9 mobility - Lek\u00e1rska fakulta | UPJ\u0160\" \/>\n<meta property=\"og:description\" content=\"Zamestnaneck\u00e9 mobility \u2013 V\u00ddU\u010cBA Zamestnaneck\u00e9 mobility \u2013 \u0160KOLENIE Aktu\u00e1lny zoznam partnersk\u00fdch univerz\u00edt a inter-in\u0161titucion\u00e1lnych zml\u00fav v r\u00e1mci programu Erasmus + KA131 Erasmus+ v\u00fdzvy na 2025\/2026 Term\u00edn odovzdania prihl\u00e1\u0161ky Term\u00edn najskor\u0161ieho mo\u017en\u00e9ho n\u00e1stupu 01. etapa 29.09.2025 do 12:00 10.10.2025 02.\u00a0etapa 06.02.2026 do 12:00 23.02.2026 03.\u00a0etapa 07.05.2026 do 12:00 25.05.2026\" \/>\n<meta property=\"og:url\" content=\"https:\/\/www.upjs.sk\/lekarska-fakulta\/zahranicne-vztahy\/erasmus\/zamestnanecke-mobility\/\" \/>\n<meta property=\"og:site_name\" content=\"Lek\u00e1rska fakulta | UPJ\u0160\" \/>\n<meta property=\"article:modified_time\" content=\"2025-12-10T10:22:08+00:00\" \/>\n<meta property=\"og:image\" content=\"https:\/\/www.upjs.sk\/app\/uploads\/sites\/9\/2022\/09\/Obrazok1-1.png\" \/>\n\t<meta property=\"og:image:width\" content=\"203\" \/>\n\t<meta property=\"og:image:height\" content=\"60\" \/>\n\t<meta property=\"og:image:type\" content=\"image\/png\" \/>\n<meta name=\"twitter:card\" content=\"summary_large_image\" \/>\n<meta name=\"twitter:label1\" content=\"Predpokladan\u00fd \u010das \u010d\u00edtania\" \/>\n\t<meta name=\"twitter:data1\" content=\"1 min\u00fata\" \/>\n<script type=\"application\/ld+json\" class=\"yoast-schema-graph\">{\"@context\":\"https:\\\/\\\/schema.org\",\"@graph\":[{\"@type\":\"WebPage\",\"@id\":\"https:\\\/\\\/www.upjs.sk\\\/lekarska-fakulta\\\/zahranicne-vztahy\\\/erasmus\\\/zamestnanecke-mobility\\\/\",\"url\":\"https:\\\/\\\/www.upjs.sk\\\/lekarska-fakulta\\\/zahranicne-vztahy\\\/erasmus\\\/zamestnanecke-mobility\\\/\",\"name\":\"Zamestnaneck\u00e9 mobility - Lek\u00e1rska fakulta | UPJ\u0160\",\"isPartOf\":{\"@id\":\"https:\\\/\\\/www.upjs.sk\\\/lekarska-fakulta\\\/#website\"},\"primaryImageOfPage\":{\"@id\":\"https:\\\/\\\/www.upjs.sk\\\/lekarska-fakulta\\\/zahranicne-vztahy\\\/erasmus\\\/zamestnanecke-mobility\\\/#primaryimage\"},\"image\":{\"@id\":\"https:\\\/\\\/www.upjs.sk\\\/lekarska-fakulta\\\/zahranicne-vztahy\\\/erasmus\\\/zamestnanecke-mobility\\\/#primaryimage\"},\"thumbnailUrl\":\"https:\\\/\\\/www.upjs.sk\\\/app\\\/uploads\\\/sites\\\/9\\\/2022\\\/09\\\/Obrazok1-1.png\",\"datePublished\":\"2023-02-07T20:49:48+00:00\",\"dateModified\":\"2025-12-10T10:22:08+00:00\",\"breadcrumb\":{\"@id\":\"https:\\\/\\\/www.upjs.sk\\\/lekarska-fakulta\\\/zahranicne-vztahy\\\/erasmus\\\/zamestnanecke-mobility\\\/#breadcrumb\"},\"inLanguage\":\"sk-SK\",\"potentialAction\":[{\"@type\":\"ReadAction\",\"target\":[\"https:\\\/\\\/www.upjs.sk\\\/lekarska-fakulta\\\/zahranicne-vztahy\\\/erasmus\\\/zamestnanecke-mobility\\\/\"]}]},{\"@type\":\"ImageObject\",\"inLanguage\":\"sk-SK\",\"@id\":\"https:\\\/\\\/www.upjs.sk\\\/lekarska-fakulta\\\/zahranicne-vztahy\\\/erasmus\\\/zamestnanecke-mobility\\\/#primaryimage\",\"url\":\"https:\\\/\\\/www.upjs.sk\\\/app\\\/uploads\\\/sites\\\/9\\\/2022\\\/09\\\/Obrazok1-1.png\",\"contentUrl\":\"https:\\\/\\\/www.upjs.sk\\\/app\\\/uploads\\\/sites\\\/9\\\/2022\\\/09\\\/Obrazok1-1.png\",\"width\":203,\"height\":60,\"caption\":\"erasmus\"},{\"@type\":\"BreadcrumbList\",\"@id\":\"https:\\\/\\\/www.upjs.sk\\\/lekarska-fakulta\\\/zahranicne-vztahy\\\/erasmus\\\/zamestnanecke-mobility\\\/#breadcrumb\",\"itemListElement\":[{\"@type\":\"ListItem\",\"position\":1,\"name\":\"Home\",\"item\":\"https:\\\/\\\/www.upjs.sk\\\/lekarska-fakulta\\\/\"},{\"@type\":\"ListItem\",\"position\":2,\"name\":\"Zahrani\u010dn\u00e9 vz\u0165ahy\",\"item\":\"https:\\\/\\\/www.upjs.sk\\\/lekarska-fakulta\\\/zahranicne-vztahy\\\/\"},{\"@type\":\"ListItem\",\"position\":3,\"name\":\"Erasmus+\",\"item\":\"https:\\\/\\\/www.upjs.sk\\\/lekarska-fakulta\\\/zahranicne-vztahy\\\/erasmus\\\/\"},{\"@type\":\"ListItem\",\"position\":4,\"name\":\"Zamestnaneck\u00e9 mobility\"}]},{\"@type\":\"WebSite\",\"@id\":\"https:\\\/\\\/www.upjs.sk\\\/lekarska-fakulta\\\/#website\",\"url\":\"https:\\\/\\\/www.upjs.sk\\\/lekarska-fakulta\\\/\",\"name\":\"Lek\u00e1rska fakulta | UPJ\u0160\",\"description\":\"\",\"publisher\":{\"@id\":\"https:\\\/\\\/www.upjs.sk\\\/lekarska-fakulta\\\/#organization\"},\"potentialAction\":[{\"@type\":\"SearchAction\",\"target\":{\"@type\":\"EntryPoint\",\"urlTemplate\":\"https:\\\/\\\/www.upjs.sk\\\/lekarska-fakulta\\\/?s={search_term_string}\"},\"query-input\":{\"@type\":\"PropertyValueSpecification\",\"valueRequired\":true,\"valueName\":\"search_term_string\"}}],\"inLanguage\":\"sk-SK\"},{\"@type\":\"Organization\",\"@id\":\"https:\\\/\\\/www.upjs.sk\\\/lekarska-fakulta\\\/#organization\",\"name\":\"Lek\u00e1rska fakulta | UPJ\u0160\",\"url\":\"https:\\\/\\\/www.upjs.sk\\\/lekarska-fakulta\\\/\",\"logo\":{\"@type\":\"ImageObject\",\"inLanguage\":\"sk-SK\",\"@id\":\"https:\\\/\\\/www.upjs.sk\\\/lekarska-fakulta\\\/#\\\/schema\\\/logo\\\/image\\\/\",\"url\":\"https:\\\/\\\/www.upjs.sk\\\/app\\\/uploads\\\/sites\\\/9\\\/2022\\\/09\\\/logo-lekarska-fakulta.png\",\"contentUrl\":\"https:\\\/\\\/www.upjs.sk\\\/app\\\/uploads\\\/sites\\\/9\\\/2022\\\/09\\\/logo-lekarska-fakulta.png\",\"width\":415,\"height\":87,\"caption\":\"Lek\u00e1rska fakulta | UPJ\u0160\"},\"image\":{\"@id\":\"https:\\\/\\\/www.upjs.sk\\\/lekarska-fakulta\\\/#\\\/schema\\\/logo\\\/image\\\/\"}}]}<\/script>\n<!-- \/ Yoast SEO plugin. -->","yoast_head_json":{"title":"Zamestnaneck\u00e9 mobility - Lek\u00e1rska fakulta | UPJ\u0160","robots":{"index":"index","follow":"follow","max-snippet":"max-snippet:-1","max-image-preview":"max-image-preview:large","max-video-preview":"max-video-preview:-1"},"canonical":"https:\/\/www.upjs.sk\/lekarska-fakulta\/zahranicne-vztahy\/erasmus\/zamestnanecke-mobility\/","og_locale":"sk_SK","og_type":"article","og_title":"Zamestnaneck\u00e9 mobility - Lek\u00e1rska fakulta | UPJ\u0160","og_description":"Zamestnaneck\u00e9 mobility \u2013 V\u00ddU\u010cBA Zamestnaneck\u00e9 mobility \u2013 \u0160KOLENIE Aktu\u00e1lny zoznam partnersk\u00fdch univerz\u00edt a inter-in\u0161titucion\u00e1lnych zml\u00fav v r\u00e1mci programu Erasmus + KA131 Erasmus+ v\u00fdzvy na 2025\/2026 Term\u00edn odovzdania prihl\u00e1\u0161ky Term\u00edn najskor\u0161ieho mo\u017en\u00e9ho n\u00e1stupu 01. etapa 29.09.2025 do 12:00 10.10.2025 02.\u00a0etapa 06.02.2026 do 12:00 23.02.2026 03.\u00a0etapa 07.05.2026 do 12:00 25.05.2026","og_url":"https:\/\/www.upjs.sk\/lekarska-fakulta\/zahranicne-vztahy\/erasmus\/zamestnanecke-mobility\/","og_site_name":"Lek\u00e1rska fakulta | UPJ\u0160","article_modified_time":"2025-12-10T10:22:08+00:00","og_image":[{"width":203,"height":60,"url":"https:\/\/www.upjs.sk\/app\/uploads\/sites\/9\/2022\/09\/Obrazok1-1.png","type":"image\/png"}],"twitter_card":"summary_large_image","twitter_misc":{"Predpokladan\u00fd \u010das \u010d\u00edtania":"1 min\u00fata"},"schema":{"@context":"https:\/\/schema.org","@graph":[{"@type":"WebPage","@id":"https:\/\/www.upjs.sk\/lekarska-fakulta\/zahranicne-vztahy\/erasmus\/zamestnanecke-mobility\/","url":"https:\/\/www.upjs.sk\/lekarska-fakulta\/zahranicne-vztahy\/erasmus\/zamestnanecke-mobility\/","name":"Zamestnaneck\u00e9 mobility - Lek\u00e1rska fakulta | UPJ\u0160","isPartOf":{"@id":"https:\/\/www.upjs.sk\/lekarska-fakulta\/#website"},"primaryImageOfPage":{"@id":"https:\/\/www.upjs.sk\/lekarska-fakulta\/zahranicne-vztahy\/erasmus\/zamestnanecke-mobility\/#primaryimage"},"image":{"@id":"https:\/\/www.upjs.sk\/lekarska-fakulta\/zahranicne-vztahy\/erasmus\/zamestnanecke-mobility\/#primaryimage"},"thumbnailUrl":"https:\/\/www.upjs.sk\/app\/uploads\/sites\/9\/2022\/09\/Obrazok1-1.png","datePublished":"2023-02-07T20:49:48+00:00","dateModified":"2025-12-10T10:22:08+00:00","breadcrumb":{"@id":"https:\/\/www.upjs.sk\/lekarska-fakulta\/zahranicne-vztahy\/erasmus\/zamestnanecke-mobility\/#breadcrumb"},"inLanguage":"sk-SK","potentialAction":[{"@type":"ReadAction","target":["https:\/\/www.upjs.sk\/lekarska-fakulta\/zahranicne-vztahy\/erasmus\/zamestnanecke-mobility\/"]}]},{"@type":"ImageObject","inLanguage":"sk-SK","@id":"https:\/\/www.upjs.sk\/lekarska-fakulta\/zahranicne-vztahy\/erasmus\/zamestnanecke-mobility\/#primaryimage","url":"https:\/\/www.upjs.sk\/app\/uploads\/sites\/9\/2022\/09\/Obrazok1-1.png","contentUrl":"https:\/\/www.upjs.sk\/app\/uploads\/sites\/9\/2022\/09\/Obrazok1-1.png","width":203,"height":60,"caption":"erasmus"},{"@type":"BreadcrumbList","@id":"https:\/\/www.upjs.sk\/lekarska-fakulta\/zahranicne-vztahy\/erasmus\/zamestnanecke-mobility\/#breadcrumb","itemListElement":[{"@type":"ListItem","position":1,"name":"Home","item":"https:\/\/www.upjs.sk\/lekarska-fakulta\/"},{"@type":"ListItem","position":2,"name":"Zahrani\u010dn\u00e9 vz\u0165ahy","item":"https:\/\/www.upjs.sk\/lekarska-fakulta\/zahranicne-vztahy\/"},{"@type":"ListItem","position":3,"name":"Erasmus+","item":"https:\/\/www.upjs.sk\/lekarska-fakulta\/zahranicne-vztahy\/erasmus\/"},{"@type":"ListItem","position":4,"name":"Zamestnaneck\u00e9 mobility"}]},{"@type":"WebSite","@id":"https:\/\/www.upjs.sk\/lekarska-fakulta\/#website","url":"https:\/\/www.upjs.sk\/lekarska-fakulta\/","name":"Lek\u00e1rska fakulta | UPJ\u0160","description":"","publisher":{"@id":"https:\/\/www.upjs.sk\/lekarska-fakulta\/#organization"},"potentialAction":[{"@type":"SearchAction","target":{"@type":"EntryPoint","urlTemplate":"https:\/\/www.upjs.sk\/lekarska-fakulta\/?s={search_term_string}"},"query-input":{"@type":"PropertyValueSpecification","valueRequired":true,"valueName":"search_term_string"}}],"inLanguage":"sk-SK"},{"@type":"Organization","@id":"https:\/\/www.upjs.sk\/lekarska-fakulta\/#organization","name":"Lek\u00e1rska fakulta | UPJ\u0160","url":"https:\/\/www.upjs.sk\/lekarska-fakulta\/","logo":{"@type":"ImageObject","inLanguage":"sk-SK","@id":"https:\/\/www.upjs.sk\/lekarska-fakulta\/#\/schema\/logo\/image\/","url":"https:\/\/www.upjs.sk\/app\/uploads\/sites\/9\/2022\/09\/logo-lekarska-fakulta.png","contentUrl":"https:\/\/www.upjs.sk\/app\/uploads\/sites\/9\/2022\/09\/logo-lekarska-fakulta.png","width":415,"height":87,"caption":"Lek\u00e1rska fakulta | UPJ\u0160"},"image":{"@id":"https:\/\/www.upjs.sk\/lekarska-fakulta\/#\/schema\/logo\/image\/"}}]}},"_links":{"self":[{"href":"https:\/\/www.upjs.sk\/lekarska-fakulta\/wp-json\/wp\/v2\/pages\/13609","targetHints":{"allow":["GET"]}}],"collection":[{"href":"https:\/\/www.upjs.sk\/lekarska-fakulta\/wp-json\/wp\/v2\/pages"}],"about":[{"href":"https:\/\/www.upjs.sk\/lekarska-fakulta\/wp-json\/wp\/v2\/types\/page"}],"author":[{"embeddable":true,"href":"https:\/\/www.upjs.sk\/lekarska-fakulta\/wp-json\/wp\/v2\/users\/1"}],"replies":[{"embeddable":true,"href":"https:\/\/www.upjs.sk\/lekarska-fakulta\/wp-json\/wp\/v2\/comments?post=13609"}],"version-history":[{"count":20,"href":"https:\/\/www.upjs.sk\/lekarska-fakulta\/wp-json\/wp\/v2\/pages\/13609\/revisions"}],"predecessor-version":[{"id":149392,"href":"https:\/\/www.upjs.sk\/lekarska-fakulta\/wp-json\/wp\/v2\/pages\/13609\/revisions\/149392"}],"up":[{"embeddable":true,"href":"https:\/\/www.upjs.sk\/lekarska-fakulta\/wp-json\/wp\/v2\/pages\/13598"}],"wp:featuredmedia":[{"embeddable":true,"href":"https:\/\/www.upjs.sk\/lekarska-fakulta\/wp-json\/wp\/v2\/media\/13599"}],"wp:attachment":[{"href":"https:\/\/www.upjs.sk\/lekarska-fakulta\/wp-json\/wp\/v2\/media?parent=13609"}],"wp:term":[{"taxonomy":"category","embeddable":true,"href":"https:\/\/www.upjs.sk\/lekarska-fakulta\/wp-json\/wp\/v2\/categories?post=13609"},{"taxonomy":"post_tag","embeddable":true,"href":"https:\/\/www.upjs.sk\/lekarska-fakulta\/wp-json\/wp\/v2\/tags?post=13609"}],"curies":[{"name":"wp","href":"https:\/\/api.w.org\/{rel}","templated":true}]}}