{"id":13911,"date":"2022-09-14T12:55:16","date_gmt":"2022-09-14T12:55:16","guid":{"rendered":"https:\/\/www.upjs.sk\/lekarska-fakulta\/root\/informacie-pre-verejnost-a-media\/fakulta-v-mediach\/"},"modified":"2026-04-29T06:52:41","modified_gmt":"2026-04-29T05:52:41","slug":"fakulta-v-mediach","status":"publish","type":"page","link":"https:\/\/www.upjs.sk\/lekarska-fakulta\/fakulta\/verejnost-a-media\/fakulta-v-mediach\/","title":{"rendered":"Fakulta v m\u00e9di\u00e1ch"},"content":{"rendered":"\n<p><strong>Apr\u00edl 2026<\/strong><\/p>\n\n\n\n<figure class=\"wp-block-table is-style-stripes\"><table><tbody><tr><td>28.04.2026 &#8211; eastmag.sk: <a href=\"https:\/\/eastmag.sk\/2026\/04\/28\/medzi-ocenenymi-osobnostami-ksk-je-aj-neurologicka-mudr-kristina-kulcsarova\/\">Medzi ocenen\u00fdmi osobnos\u0165ami KSK je aj neurologi\u010dka MUDr. Krist\u00edna Kulcs\u00e1rov\u00e1<\/a><\/td><td><\/td><\/tr><tr><td>27.04.2026 &#8211; unlp.sk: <a href=\"https:\/\/unlp.sk\/aktualita\/medzi-ocenenymi-osobnostami-ksk-je-aj-nasa-neurologicka-mudr-kristina-kulcsarova\/\">Medzi ocenen\u00fdmi osobnos\u0165ami KSK je aj na\u0161a neurologi\u010dka MUDr. Krist\u00edna Kulcs\u00e1rov\u00e1<\/a><\/td><td><\/td><\/tr><tr><td>17.04.2026 &#8211; Sestra: V\u0161etko o ECMO konferencii intenzivistick\u00fdch sestier (tla\u010d)<\/td><td><\/td><\/tr><tr><td>09.04.2026 &#8211; Zdravotn\u00edcke noviny: Atrofia z nadu\u017e\u00edvania technol\u00f3gi\u00ed? (tla\u010d)<\/td><td><\/td><\/tr><tr><td>05.04.2026 &#8211; startitup.sk: <a href=\"https:\/\/www.startitup.sk\/v-kosiciach-nasadili-do-liecby-po-tazkych-urazoch-novinku-zvladne-to-co-ludska-ruka-nedokaze\/\">V Ko\u0161iciach nasadili do lie\u010dby po \u0165a\u017ek\u00fdch \u00farazoch novinku: Zvl\u00e1dne to, \u010do \u013eudsk\u00e1 ruka nedok\u00e1\u017ee<\/a><\/td><td><\/td><\/tr><tr><td>04.04.2026 &#8211; mediweb.hnonline.sk: <a href=\"https:\/\/mediweb.hnonline.sk\/zdn\/spravy\/96273601-atrofia-z-technologii-co-sa-v-detstve-zaseje-moze-viest-k-niektorym-chorobam-az-na-dochodku\">Atrofia z technol\u00f3gi\u00ed? \u010co sa v detstve zaseje, m\u00f4\u017ee vies\u0165 k niektor\u00fdm chorob\u00e1m a\u017e na d\u00f4chodku<\/a><\/td><td><\/td><\/tr><tr><td>02.04.2026 &#8211; nemocnicakosicesaca.agel.sk: <a href=\"https:\/\/nemocnicakosicesaca.agel.sk\/o-nemocnici\/novinky\/260402-jarne-sympozium.html\">Predl\u017eovanie \u017eivota prin\u00e1\u0161a nov\u00e9 v\u00fdzvy a \u00faskalia: 3. jarn\u00e9 symp\u00f3zium internistov bolo venovan\u00e9 starnutiu svetovej popul\u00e1cie<\/a><\/td><td><\/td><\/tr><tr><td>02.04.2026 &#8211; Zdravotn\u00edcke noviny: Ka\u017edodenn\u00e1 s\u00fa\u010das\u0165. Lek\u00e1rske fakulty n\u00e1m op\u00edsali, ak\u00fd je dosah umelej inteligencie na v\u00fdu\u010dbu \u010di p\u00edsanie pr\u00e1c (tla\u010d)<\/td><td><\/td><\/tr><\/tbody><\/table><\/figure>\n\n\n\n<p><strong>Marec 2026<\/strong><\/p>\n\n\n\n<figure class=\"wp-block-table is-style-stripes\"><table><tbody><tr><td>31.03.2026 &#8211; sita.sk: <a href=\"https:\/\/sita.sk\/vzdravotnictve\/v-kosickej-nemocnici-otvorili-moderne-pracovisko-robotickej-rehabilitacie-za-milion-eur-video\/\">V ko\u0161ickej nemocnici otvorili modern\u00e9 pracovisko robotickej rehabilit\u00e1cie za mili\u00f3n eur<\/a><\/td><td><\/td><\/tr><tr><td>31.03.2026 &#8211; anymag.online: <a href=\"https:\/\/anymag.online\/zivotny-styl\/zdravie\/vyucbova-zakladna-medirex-v-kosiciach-vzdelala-za-20-rokov-8-000-buducich-lekarov-z-celeho-sveta\/\">V\u00fdu\u010dbov\u00e1 z\u00e1klad\u0148a Medirex v&nbsp;Ko\u0161iciach vzdelala za 20 rokov 8 000 bud\u00facich lek\u00e1rov z cel\u00e9ho sveta<\/a><\/td><td><\/td><\/tr><tr><td>30.03.2026 &#8211; kosicednes.sk: <a href=\"https:\/\/kosicednes.sk\/spravy\/slovensko\/kosice\/vyucbova-zakladna-v-kosiciach-vzdelala-za-20-rokov-8-000-buducich-lekarov-z-celeho-sveta\/\">V\u00fdu\u010dbov\u00e1 z\u00e1klad\u0148a v&nbsp;Ko\u0161iciach vzdelala za 20 rokov 8 000 bud\u00facich lek\u00e1rov z cel\u00e9ho sveta<\/a><\/td><td><\/td><\/tr><tr><td>27.03.2026 &#8211; nemocnicakosicesaca.agel.sk: <a href=\"https:\/\/nemocnicakosicesaca.agel.sk\/o-nemocnici\/novinky\/260327-moderna-perinat.html\">Takmer 120 odborn\u00edkov si v Ko\u0161iciach vymenilo najnov\u0161ie odborn\u00e9 poznatky v starostlivosti o matku a die\u0165a na kongrese Modern\u00e1 perinatol\u00f3gia II<\/a><\/td><td><\/td><\/tr><tr><td>19.03.2026 &#8211; istream.sk: <a href=\"https:\/\/www.istream.sk\/vyznamny-slovensky-lekar-opustil-tento-svet-jeho-odborne-schopnosti-vyuzivala-aj-manzelka-donalda-trumpa\/\">V\u00fdznamn\u00fd slovensk\u00fd lek\u00e1r opustil tento svet. Jeho odborn\u00e9 schopnosti vyu\u017e\u00edvala aj man\u017eelka Donalda Trumpa<\/a><\/td><td><\/td><\/tr><tr><td>18.03.2026 &#8211; kosicak.sk: <a href=\"https:\/\/www.kosicak.sk\/clanky\/11507\/smutna-sprava-z-kosic-zomrel-lekar-a-priekopnik-sportovej-mediciny-juraj-skladany-staral-sa-aj-o-manzelku-trumpa\">Smutn\u00e1 spr\u00e1va z Ko\u0161\u00edc: Zomrel lek\u00e1r a priekopn\u00edk \u0161portovej medic\u00edny Juraj Skladan\u00fd, staral sa aj o man\u017eelku Trumpa<\/a><\/td><td><\/td><\/tr><tr><td>18.03.2026 &#8211; kosice.zoznam.sk: O<a href=\"https:\/\/kosice.zoznam.sk\/obrovska-strata-zomrel-vyznamny-slovensky-lekar-staral-sa-aj-o-zdravie-manzelky-donalda-trumpa\/\">brovsk\u00e1 strata: Zomrel v\u00fdznamn\u00fd slovensk\u00fd lek\u00e1r. Staral sa aj o zdravie man\u017eelky Donalda Trumpa<\/a><\/td><td><\/td><\/tr><tr><td>02.03.2026 &#8211; premiumnews.sk: <a href=\"https:\/\/www.premiumnews.sk\/v-kosiciach-dnes-slavnostne-otvorili-spickove-pracovisko-magnetickej-rezonancie\/\">V Ko\u0161iciach dnes sl\u00e1vnostne otvorili \u0161pi\u010dkov\u00e9 pracovisko magnetickej rezonancie<\/a><\/td><td><\/td><\/tr><\/tbody><\/table><\/figure>\n\n\n\n<p><strong>Febru\u00e1r 2026<\/strong><\/p>\n\n\n\n<figure class=\"wp-block-table is-style-stripes\"><table><tbody><tr><td>09.02.2026 &#8211; kosicak.sk: <a href=\"https:\/\/www.kosicak.sk\/clanky\/10918\/zoznam-medzi-top-lekarov-zo-slovenska-sa-zaradili-aj-spicky-z-kosickeho-kraja-je-medzi-nimi-aj-ten-vas\">ZOZNAM: Medzi TOP lek\u00e1rov zo Slovenska sa zaradili aj \u0161pi\u010dky z Ko\u0161ick\u00e9ho kraja. Je medzi nimi aj ten v\u00e1\u0161?<\/a><\/td><td><\/td><\/tr><tr><td>09.02.2026 &#8211; eastmag.sk: <a href=\"https:\/\/eastmag.sk\/2026\/02\/09\/v-unlp-posobi-11-top-osobnosti-mediciny-2026-podla-forbes\/\">V UNLP p\u00f4sob\u00ed 11 Top osobnost\u00ed medic\u00edny 2026 pod\u013ea Forbes<\/a><\/td><td><\/td><\/tr><tr><td>06.02.2026 &#8211; kosiceitvalley.sk: <a href=\"https:\/\/www.kosiceitvalley.sk\/buducnost-zdravotnictva-je-v-prepojeni-mediciny-s-technologickymi-inovaciami\/\">Bud\u00facnos\u0165 zdravotn\u00edctva je v prepojen\u00ed medic\u00edny s technologick\u00fdmi inov\u00e1ciami. Na v\u00fdchodnom Slovensku za\u010d\u00edna vznika\u0165 MedTech ekosyst\u00e9m<\/a><\/td><td><\/td><\/tr><tr><td>06.02.2026 &#8211; Forbes: TOP OSOBNOSTI MEDIC\u00cdNY (tla\u010d)<\/td><td><\/td><\/tr><tr><td>05.02.2026 &#8211; news.refresher.sk: <a href=\"https:\/\/news.refresher.sk\/197760-ZOZNAM-Zverejnili-75-najlepsich-lekarov-na-Slovensku-v-roku-2026-Najdes-medzi-nimi-aj-toho-svojho\">ZOZNAM: Zverejnili 75 najlep\u0161\u00edch lek\u00e1rov na Slovensku v roku 2026. N\u00e1jde\u0161 medzi nimi aj toho svojho?<\/a><\/td><td><\/td><\/tr><tr><td>04.02.2026 &#8211; nextech.sk: <a href=\"https:\/\/www.nextech.sk\/a\/Buducnost-zdravotnictva-je-v-prepojeni-mediciny-s-technologickymi-inovaciami\">Bud\u00facnos\u0165 zdravotn\u00edctva je v prepojen\u00ed medic\u00edny s technologick\u00fdmi inov\u00e1ciami<\/a><\/td><td><\/td><\/tr><tr><td>02.02.2026 &#8211; standard.sk: <a href=\"https:\/\/standard.sk\/1132546\/infektolog-pavol-kristian-najnebezpecnejsie-choroby-su-tie-ktore-nebolia\">Infektol\u00f3g Pavol Kristian: Najnebezpe\u010dnej\u0161ie choroby s\u00fa tie, ktor\u00e9 nebolia<\/a><\/td><td><\/td><\/tr><tr><td>02.02.2026 &#8211; sme.sk: <a href=\"https:\/\/www.sme.sk\/tech\/c\/neurologicka-gdovinova-nepodcenujte-priznaky-mrtvice-do-nemocnice-treba-prist-aj-ked-po-chvili-odzneju\">Neurologi\u010dka Gdovinov\u00e1: Nepodce\u0148ujte pr\u00edznaky m\u0155tvice, do nemocnice treba pr\u00eds\u0165, aj ke\u010f po chv\u00edli odznej\u00fa<\/a><\/td><td><\/td><\/tr><\/tbody><\/table><\/figure>\n\n\n\n<p><strong>Janu\u00e1r 2026<\/strong><\/p>\n\n\n\n<figure class=\"wp-block-table is-style-stripes\"><table><tbody><tr><td>30.01.2026 &#8211; vedanadosah.cvtisr.sk: <a href=\"https:\/\/vedanadosah.cvtisr.sk\/ine\/sutaz-studentska-osobnost-slovenska-za-rok-2024-2025-opat-ocenila-mlade-talenty\/\">S\u00fa\u0165a\u017e \u0160tudentsk\u00e1 osobnos\u0165 Slovenska za rok 2024\/2025 op\u00e4\u0165 ocenila mlad\u00e9 talenty<\/a><\/td><td><\/td><\/tr><tr><td>22.01.2026 &#8211; Zdravotn\u00edcke noviny: \u201eZostaneme doma,\u201c zaviazalo sa dosia\u013e najviac mlad\u00fdch lek\u00e1rov (tla\u010d)<\/td><td><\/td><\/tr><tr><td>09.01.2026 &#8211; news.refresher.sk: <a href=\"https:\/\/news.refresher.sk\/196230-ZOZNAM-75-najlepsich-lekarov-na-Slovensku-Toto-su-slovenski-odbornici-ktori-si-zasluzia-nasu-uctu\">ZOZNAM: 75 najlep\u0161\u00edch lek\u00e1rov na Slovensku. Toto s\u00fa slovensk\u00ed odborn\u00edci, ktor\u00ed si zasl\u00fa\u017eia na\u0161u \u00factu<\/a><\/td><td><\/td><\/tr><tr><td>01.01.2026 &#8211; kosicednes.sk: <a href=\"https:\/\/kosicednes.sk\/spravy\/slovensko\/kosice\/prve-babatko-roka-2026-sa-narodilo-v-sacianskej-nemocnici\/\">Prv\u00e9 b\u00e1b\u00e4tko roka 2026 sa narodilo v&nbsp;\u0161a\u010dianskej nemocnici<\/a>&nbsp;<\/td><td><\/td><\/tr><tr><td>01.01.2026 &#8211; nemocnicakosicesaca.agel.sk: <a href=\"https:\/\/nemocnicakosicesaca.agel.sk\/o-nemocnici\/novinky\/260101-prve-babatko.html\">Prv\u00e9 b\u00e1b\u00e4tko roka 2026 sa narodilo v \u0161a\u010dianskej nemocnici<\/a><\/td><td><\/td><\/tr><tr><td>01.01.2026 &#8211; eastmag.sk: <a href=\"https:\/\/eastmag.sk\/2026\/01\/01\/prve-babatko-roka-2026-sa-na-slovensku-narodilo-v-sacianskej-nemocnici\/\">Prv\u00e9 b\u00e1b\u00e4tko roka 2026 sa na Slovensku narodilo v&nbsp;\u0161a\u010dianskej nemocnici<\/a><\/td><td><\/td><\/tr><\/tbody><\/table><\/figure>\n\n\n\n<p><strong>December 2025<\/strong><\/p>\n\n\n\n<figure class=\"wp-block-table is-style-stripes\"><table><tbody><tr><td>31.12.2025 &#8211; sita.sk: <a href=\"https:\/\/sita.sk\/vzdravotnictve\/slovenska-lekarska-spolocnost-bude-mat-nove-vedenie-jej-prezidentom-sa-stal-juraj-payer\/\">Slovensk\u00e1 lek\u00e1rska spolo\u010dnos\u0165 bude ma\u0165 nov\u00e9 vedenie, jej prezidentom sa stal Juraj Payer<\/a><\/td><td><\/td><\/tr><tr><td>22.12.2025 &#8211; Bedeker zdravia: 5 V\u00ddZIEV V PREVENCII proti cievnym pr\u00edhod\u00e1m a infarktom (tla\u010d)<\/td><td><\/td><\/tr><tr><td>18.12.2025 &#8211; Lek\u00e1rske listy: FAST HEROES pokra\u010duje v prevencii CMP a infarktov (tla\u010d)<\/td><td><\/td><\/tr><tr><td>15.12.2025 &#8211; Sestra: Bud\u00faci lek\u00e1ri a sestry uk\u00e1zali, \u017ee slovensk\u00e9 zdravotn\u00edctvo m\u00e1 bud\u00facnos\u0165 (tla\u010d)<\/td><td><\/td><\/tr><tr><td>10.12.2025 &#8211; eva.pluska.sk: <a href=\"https:\/\/eva.pluska.sk\/madam-eva\/slovenske-vedkyne-prelomili-tabu-odhalili-skryte-tajomstva-embryi-a-ziskali-prestiznu-cenu\">Slovensk\u00e9 vedkyne prelomili tabu: Odhalili skryt\u00e9 tajomstv\u00e1 embry\u00ed a z\u00edskali prest\u00ed\u017enu cenu!<\/a><\/td><td><\/td><\/tr><\/tbody><\/table><\/figure>\n\n\n\n<p><strong>November 2025<\/strong><\/p>\n\n\n\n<figure class=\"wp-block-table is-style-stripes\"><table><tbody><tr><td>29.11.2025 &#8211; forbes.sk: <a href=\"https:\/\/www.forbes.sk\/pozname-najvacsie-talenty-slovenskej-vedy-toto-su-laureati-ceny-za-vedu-a-techniku-2025\/\">Pozn\u00e1me najv\u00e4\u010d\u0161ie talenty slovenskej vedy. Toto s\u00fa laure\u00e1ti Ceny za vedu a&nbsp;techniku 2025<\/a><\/td><td><\/td><\/tr><tr><td>23.11.2025 &#8211; zdravie.pravda.sk: <a href=\"https:\/\/zdravie.pravda.sk\/zdravie-a-prevencia\/clanok\/773224-mrtvica-rychla-liecba-zachranuje-mozog-rehabilitacia-vracia-do-zivota\/\">M\u0155tvica postihne denne desiatky Slov\u00e1kov. R\u00fdchla lie\u010dba zachra\u0148uje mozog, rehabilit\u00e1cia vracia do \u017eivota<\/a><\/td><td><\/td><\/tr><tr><td>22.11.2025 &#8211; vedanadosah.cvtisr.sk: <a href=\"https:\/\/vedanadosah.cvtisr.sk\/zdravie\/medicina\/maria-marekova-vacsina-zien-nie-je-na-perimenopauzu-pripravena\/\">M\u00e1ria Marekov\u00e1: V\u00e4\u010d\u0161ina \u017eien nie je na perimenopauzu pripraven\u00e1<\/a><\/td><td><\/td><\/tr><tr><td>20.11.2025 &#8211; Zdravotn\u00edcke noviny: Slovensk\u00e1 lek\u00e1rska spolo\u010dnos\u0165 bude ma\u0165 nov\u00e9 vedenie (tla\u010d)<\/td><td><\/td><\/tr><tr><td>19.11.2025 &#8211; nemocnicakosicesaca.agel.sk: <a href=\"https:\/\/nemocnicakosicesaca.agel.sk\/o-nemocnici\/novinky\/251119-robotika.html\">Fakultn\u00e1 nemocnica AGEL Ko\u0161ice-\u0160aca roz\u0161\u00edrila program robotickej chirurgie o urogynekologick\u00e9 oper\u00e1cie<\/a><\/td><td><\/td><\/tr><tr><td>19.11.2025 &#8211; nemocnicakosicesaca.agel.sk: <a href=\"https:\/\/nemocnicakosicesaca.agel.sk\/o-nemocnici\/novinky\/251119-diabetes.html\">\u0160a\u010dianska nemocnica sa pripojila k osvete Svetov\u00e9ho d\u0148a diabetu<\/a><\/td><td><\/td><\/tr><tr><td>19.11.2025 &#8211; vedanadosah.cvtisr.sk: <a href=\"https:\/\/vedanadosah.cvtisr.sk\/zdravie\/medicina\/kristina-kulcsarova-vcasna-diagnostika-parkinsonovej-choroby-v-buducnosti-umozni-skorsiu-a-cielenejsiu-liecbu\/\">Krist\u00edna Kulcs\u00e1rov\u00e1: V\u010dasn\u00e1 diagnostika Parkinsonovej choroby v bud\u00facnosti umo\u017en\u00ed skor\u0161iu a&nbsp;cielenej\u0161iu lie\u010dbu<\/a><\/td><td><\/td><\/tr><tr><td>18.11.2025 &#8211; kosicednes.sk: <a href=\"https:\/\/kosicednes.sk\/spravy\/slovensko\/kosice\/unlp-kosice-ma-styri-laureatky-v-celoslovenskej-ankete-moj-lekar-moja-sestra-a-specialnu-cenu-verejnosti\/\">UNLP Ko\u0161ice m\u00e1 \u0161tyri laure\u00e1tky v&nbsp;celoslovenskej ankete M\u00f4j lek\u00e1r, Moja sestra a&nbsp;\u0161peci\u00e1lnu Cenu Verejnosti<\/a><\/td><td><\/td><\/tr><tr><td>15.11.2025 &#8211; reporter24.sk: <a href=\"https:\/\/www.reporter24.sk\/2025\/11\/15\/pozname-laureatov-ceny-za-vedu-a-techniku-2025\/\">Pozn\u00e1me laure\u00e1tov Ceny za vedu a&nbsp;techniku 2025<\/a><\/td><td><\/td><\/tr><tr><td>14.11.2025 &#8211; minedu.sk: <a href=\"https:\/\/www.minedu.sk\/pozname-laureatov-ceny-za-vedu-a-techniku-2025\/\">Pozn\u00e1me laure\u00e1tov Ceny za vedu a techniku 2025<\/a><\/td><td><\/td><\/tr><tr><td>14.11.2025 &#8211; kosicednes.sk: <a href=\"https:\/\/kosicednes.sk\/veda-a-technika\/laureatky-a-laureati-podujatia-cena-za-vedu-a-techniku-2025-su-znami-cenu-ziskalo-niekolko-kosicanov\/\">Laure\u00e1tky a&nbsp;laure\u00e1ti podujatia Cena za vedu a&nbsp;techniku 2025 s\u00fa zn\u00e1mi. Cenu z\u00edskalo nieko\u013eko Ko\u0161i\u010danov<\/a><\/td><td><\/td><\/tr><tr><td>14.11.2025 &#8211; mediweb.hnonline.sk: <a href=\"https:\/\/mediweb.hnonline.sk\/zdn\/rozhovory\/96245507-kladieme-doraz-na-diagnostiku-a-liecbu-podla-principu-treat-to-target-hovori-prezidentka-reumatologov\">Kladieme d\u00f4raz na diagnostiku a lie\u010dbu pod\u013ea princ\u00edpu treat-to-target, hovor\u00ed prezidentka reumatol\u00f3gov<\/a><\/td><td><\/td><\/tr><tr><td>13.11.2025 &#8211; vedanadosah.cvtisr.sk: <a href=\"https:\/\/vedanadosah.cvtisr.sk\/ine\/laureatky-a-laureati-podujatia-cena-za-vedu-a-techniku-2025-su-znami\/\">Laure\u00e1tky a laure\u00e1ti podujatia Cena za vedu a techniku 2025 s\u00fa zn\u00e1mi<\/a><\/td><td><\/td><\/tr><tr><td>12.11.2025 &#8211; nemocnicakosicesaca.agel.sk: <a href=\"https:\/\/nemocnicakosicesaca.agel.sk\/o-nemocnici\/novinky\/251112-orl-konferencia.html\">Celoslovensk\u00e1 konferencia tyreochirurgov priniesla najnov\u0161ie poznatky a sk\u00fasenosti v endokrinnej chirurgii<\/a><\/td><td><\/td><\/tr><tr><td>06.11.2025 &#8211; Lek\u00e1rske listy: Hormon\u00e1lne disruptory, ochorenia kost\u00ed \u010di obezita&#8230; (tla\u010d)<\/td><td><\/td><\/tr><tr><td>05.11.2025 &#8211; tvnoviny.sk: <a href=\"https:\/\/tvnoviny.sk\/domace\/clanok\/997295-na-nasu-najvaecsiu-lekarsku-fakultu-sa-bude-dat-dostat-aj-bez-prijimaciek-taketo-su-podmienky\">Na na\u0161u najv\u00e4\u010d\u0161iu lek\u00e1rsku fakultu sa bude da\u0165 dosta\u0165 aj bez prij\u00edma\u010diek. Tak\u00e9to s\u00fa podmienky<\/a><\/td><td><\/td><\/tr><tr><td>04.11.2025 &#8211; mediweb.hnonline.sk: <a href=\"https:\/\/mediweb.hnonline.sk\/zdn\/spravy\/96243853-lekarska-fakulta-sa-inspirovala-u-nasich-susedov-a-upravuje-prijimacky-studenti-o-zmenu-bojovali-dva-roky\">Lek\u00e1rska fakulta sa in\u0161pirovala u na\u0161ich susedov a upravuje prij\u00edma\u010dky. \u0160tudenti o zmenu bojovali dva roky<\/a><\/td><td><\/td><\/tr><tr><td>03.11.2025 &#8211; nemocnicakosicesaca.agel.sk: <a href=\"https:\/\/nemocnicakosicesaca.agel.sk\/o-nemocnici\/novinky\/251103-fnke.html\">Nemocnica \u0160aca m\u00e1 nov\u00e9 meno, post\u00fapila do vy\u0161\u0161ej ligy. Spolo\u010dnos\u0165 AGEL ohl\u00e1sila mas\u00edvnu invest\u00edciu do ko\u0161ick\u00e9ho zdravotn\u00edctva<\/a><\/td><td><\/td><\/tr><tr><td>03.11.2025 &#8211; Bedeker zdravia: KA\u017dD\u00c9MU DRUH\u00c9MU ZDRAVOTN\u00cdKOVI hroz\u00ed vyhorenie (tla\u010d)<\/td><td><\/td><\/tr><tr><td>03.11.2025 &#8211; Pravda: M\u0155tvica R\u00fdchla lie\u010dba zachra\u0148uje mozog, rehabilit\u00e1cia vracia do \u017eivota (tla\u010d)<\/td><td><\/td><\/tr><tr><td>01.11.2025 &#8211; startitup.sk: <a href=\"https:\/\/www.startitup.sk\/skracuje-zivot-o-20-rokov-zakerna-choroba-postihuje-vsetky-generacie-na-slovensku-sa-vyskytuje-najcastejsie\/\">Skracuje \u017eivot o 20 rokov: Z\u00e1kern\u00e1 choroba postihuje v\u0161etky gener\u00e1cie, na Slovensku sa vyskytuje naj\u010dastej\u0161ie<\/a><\/td><td><\/td><\/tr><\/tbody><\/table><\/figure>\n\n\n\n<p><strong>Okt\u00f3ber 2025<\/strong><\/p>\n\n\n\n<figure class=\"wp-block-table is-style-stripes\"><table><tbody><tr><td>31.10.2025 &#8211; Hospod\u00e1rske noviny: Potvrden\u00fd sp\u00fa\u0161\u0165a\u010d m\u0155tvice. Slovensko je na tom biedne (tla\u010d)<\/td><td><\/td><\/tr><tr><td>30.10.2025 &#8211; startitup.sk: <a href=\"https:\/\/www.startitup.sk\/mozgove-prihody-pribudaju-u-mladych-varuje-neurologicka-slovaci-si-prve-priznaky-mylia-s-migrenou-ci-unavou\/\">\u201eMozgov\u00e9 pr\u00edhody prib\u00fadaj\u00fa u mlad\u00fdch,\u201c varuje neurologi\u010dka. Slov\u00e1ci si prv\u00e9 pr\u00edznaky m\u00fdlia s migr\u00e9nou \u010di \u00fanavou<\/a><\/td><td><\/td><\/tr><tr><td>29.10.2025 &#8211; news.refresher.sk: <a href=\"https:\/\/news.refresher.sk\/192143-Cievna-mozgova-prihoda-minuly-rok-postihla-cez-11-000-ludi-Toto-su-rizikove-faktory\">Cievna mozgov\u00e1 pr\u00edhoda minul\u00fd rok postihla cez 11 000 \u013eud\u00ed. Toto s\u00fa rizikov\u00e9 faktory<\/a><\/td><td><\/td><\/tr><tr><td>27.10.2025 &#8211; tasrtv.sk: <a href=\"https:\/\/www.tasrtv.sk\/live\/24548?search_relacia=live&amp;video_name=x9sseukk-sasko_-pri-mrtvici-hra-cas-klucovu-ulohu-reagovat-vedia-uz-aj-skolkari\">Z\u00c1ZNAM: K. \u0160a\u0161ko: Pri m\u0155tvici hr\u00e1 \u010das k\u013e\u00fa\u010dov\u00fa \u00falohu, reagova\u0165 vedia u\u017e aj \u0161k\u00f4lkari<\/a><\/td><td><\/td><\/tr><tr><td>27.10.2025 &#8211; spravy.stvr.sk: <a href=\"https:\/\/spravy.stvr.sk\/2025\/10\/iniciativa-fast-heroes-uci-skolkarov-rozpoznavat-priznaky-mrtvice-cas-je-klucovy-pre-zachranu-zivota-povedal-k-sasko\/\">Iniciat\u00edva Fast Heroes u\u010d\u00ed deti rozpozn\u00e1va\u0165 pr\u00edznaky m\u0155tvice: \u010cas je k\u013e\u00fa\u010dov\u00fd pre z\u00e1chranu \u017eivota<\/a><\/td><td><\/td><\/tr><tr><td>27.10.2025 &#8211; hnonline.sk: <a href=\"https:\/\/hnonline.sk\/science\/medicina\/96242326-mozgova-prihoda-postihla-minuly-rok-vyse-11-tisic-slovakov-zaostavame-v-naslednej-starostlivosti\">Mozgov\u00e1 pr\u00edhoda postihla minul\u00fd rok vy\u0161e 11-tis\u00edc Slov\u00e1kov. Zaost\u00e1vame v n\u00e1slednej starostlivosti<\/a><\/td><td><\/td><\/tr><tr><td>27.10.2025 &#8211; domov.sme.sk: <a href=\"https:\/\/domov.sme.sk\/c\/23562636\/cievna-mozgova-prihoda-postihla-minuly-rok-vyse-11-tisic-slovakov.html\">Cievna mozgov\u00e1 pr\u00edhoda postihla minul\u00fd rok vy\u0161e 11-tis\u00edc Slov\u00e1kov<\/a><\/td><td><\/td><\/tr><tr><td>27.10.2025 &#8211; teraz.sk: <a href=\"https:\/\/www.teraz.sk\/slovensko\/nczi-cievna-mozgova-prihoda-postihla\/916239-clanok.html\">NCZI zverejnilo d\u00e1ta: Tis\u00edce \u013eud\u00ed postihla cievna mozgov\u00e1 pr\u00edhoda<\/a><\/td><td><\/td><\/tr><tr><td>23.10.2025 &#8211; nemocnicakosicesaca.agel.sk: <a href=\"https:\/\/nemocnicakosicesaca.agel.sk\/o-nemocnici\/novinky\/251023-farkas-upjs.html\">Medici spoznali z\u00e1kulisie interven\u010dnej kardiol\u00f3gie<\/a><\/td><td><\/td><\/tr><tr><td>23.10.2025 &#8211; eastmag.sk: <a href=\"https:\/\/eastmag.sk\/2025\/10\/23\/odkaz-jana-rosochu-zije-dalej-memorial-spaja-odbornost-a-ludskost\/\">Odkaz J\u00e1na Rosochu \u017eije \u010falej: Memori\u00e1l sp\u00e1ja odbornos\u0165 a \u013eudskos\u0165<\/a><\/td><td><\/td><\/tr><tr><td>21.10.2025 &#8211; MY Region\u00e1lne noviny Brezno: KRAJ OTVORIL U\u017d JEDEN\u00c1STU AMBULANCIU, MLAD\u00c1 LEK\u00c1RKA SA VR\u00c1TILA DO RODISKA (tla\u010d)<\/td><td><\/td><\/tr><tr><td>17.10.2025 &#8211; noviny.sk: <a href=\"https:\/\/www.noviny.sk\/slovensko\/1122329-forbes-top-osobnosti-mediciny-2025-spoznajte-hrdinov-slovenskych-nemocnic\">Forbes Top osobnosti medic\u00edny 2025: Spoznajte hrdinov slovensk\u00fdch nemocn\u00edc<\/a><\/td><td><\/td><\/tr><tr><td>16.10.2025 &#8211; teraz.sk: <a href=\"https:\/\/www.teraz.sk\/ekonomika\/k-sasko-do-nemocnic-v-kosickom-kra\/913821-clanok.html\">K. \u0160a\u0161ko: Do nemocn\u00edc v Ko\u0161ickom kraji smeruje vy\u0161e 20 mili\u00f3nov eur<\/a><\/td><td><\/td><\/tr><tr><td>16.10.2025 &#8211; lekari.sk: <a href=\"https:\/\/lekari.sk\/denna-sprava\/K-Sasko-Do-nemocnic-v-Kosickom-kraji-smeruje-vyse-20-milionov-eur-2-63554.html\">K. \u0160a\u0161ko: Do nemocn\u00edc v Ko\u0161ickom kraji smeruje vy\u0161e 20 mili\u00f3nov eur<\/a><\/td><td><\/td><\/tr><tr><td>16.10.2025 &#8211; nemocnicakosicesaca.agel.sk: <a href=\"https:\/\/nemocnicakosicesaca.agel.sk\/o-nemocnici\/novinky\/251016-fnke.html\">\u0160a\u010dianska nemocnica potvrdila svoje prest\u00ed\u017ene postavenie, stala sa Fakultnou nemocnicou AGEL Ko\u0161ice-\u0160aca<\/a><\/td><td><\/td><\/tr><tr><td>16.10.2025 &#8211; dennikn.sk: <a href=\"https:\/\/dennikn.sk\/4911441\/cas-pomoci-po-mozgovej-prihode-skratili-na-polovicu-pomohli-nam-data-hovori-pofesorka-gdovinova\/\">\u010cas pomoci po mozgovej pr\u00edhode skr\u00e1tili na polovicu. Pomohli n\u00e1m d\u00e1ta, hovor\u00ed pofesorka Gdovinov\u00e1<\/a><\/td><td><\/td><\/tr><tr><td>13.10.2025 &#8211; mozaikazdravia.sk: <a href=\"http:\/\/mozaikazdravia.sk\/zdravie\/vycerpani-spolu-proti-unave-zdravotnici-su-tiez-ludia-kazdemu-druhemu-zdravotnikovi-hrozi-vyhorenie\/\">\u201eVy\u010derpan\u00ed? Spolu proti \u00fanave! Zdravotn\u00edci s\u00fa tie\u017e \u013eudia.\u201c Ka\u017ed\u00e9mu druh\u00e9mu zdravotn\u00edkovi hroz\u00ed vyhorenie<\/a><\/td><td><\/td><\/tr><tr><td>11.10.2025 &#8211; noviny.sk: <a href=\"https:\/\/www.noviny.sk\/slovensko\/1119983-na-slovensku-je-nedostatok-detskych-psychiatrov-na-vysetrenie-cakaju-aj-tri-mesiace\">Na Slovensku je nedostatok detsk\u00fdch psychiatrov. Na vy\u0161etrenie \u010dakaj\u00fa aj tri mesiace<\/a><\/td><td><\/td><\/tr><tr><td>10.10.2025 &#8211; rimava.sk: <a href=\"https:\/\/www.rimava.sk\/spravy-z-regionu\/potrebujete-vseobeceho-lekara-revucej-otvorili-jedenastu-krajsku-ambulanciu\/\">Potrebujete v\u0161eobecn\u00e9ho lek\u00e1ra? Rev\u00facej otvorili jeden\u00e1stu krajsk\u00fa ambulanciu<\/a><\/td><td><\/td><\/tr><tr><td>10.10.2025 &#8211; kosiceonline.sk: <a href=\"https:\/\/www.kosiceonline.sk\/dusevne-zdravie-ide-ruka-v-ruke-s-fyzickym-o-obe-sa-treba-starat\">Du\u0161evn\u00e9 zdravie ide ruka v ruke s fyzick\u00fdm \u2013 o obe sa treba stara\u0165<\/a><\/td><td><\/td><\/tr><tr><td>10.10.2025 &#8211; svetzeny.sk: <a href=\"https:\/\/svetzeny.sk\/oktober-je-ruzovy-pozyvame-vas-na-podujatie-pre-zdravie-zeny\/\">Okt\u00f3ber je ru\u017eov\u00fd: Poz\u00fdvame v\u00e1s na podujatie Pre zdravie \u017eeny<\/a><\/td><td><\/td><\/tr><tr><td>10.10.2025 &#8211; nazdravie.sk: <a href=\"https:\/\/www.nazdravie.sk\/oktober-je-ruzovy-pozyvame-vas-na-podujatie-pre-zdravie-zeny\/\">Okt\u00f3ber je ru\u017eov\u00fd: Poz\u00fdvame v\u00e1s na podujatie Pre zdravie \u017eeny<\/a><\/td><td><\/td><\/tr><tr><td>09.10.2025 &#8211; bystrica.dnes24.sk: <a href=\"https:\/\/bystrica.dnes24.sk\/okres\/revuca\/navrat-do-rodneho-mesta-sa-lekarke-vyplatil-uz-teraz-ma-stovky-pacientov-foto-467555\">N\u00e1vrat do rodn\u00e9ho mesta sa LEK\u00c1RKE vyplatil: U\u017e teraz m\u00e1 STOVKY pacientov<\/a><\/td><td><\/td><\/tr><tr><td>09.10.2025 &#8211; Lek\u00e1rske listy: Slov\u00e1ci by si pod\u013ea prieskumu \u017eelali viac \u013eudskosti (tla\u010d)<\/td><td><\/td><\/tr><tr><td>09.10.2025 &#8211; bystricoviny.sk: <a href=\"https:\/\/www.bystricoviny.sk\/titulka\/banskobystricky-kraj-otvoril-uz-jedenastu-ambulanciu-nova-lekarka-sa-po-atestacii-v-cesku-vratila-do-rodnej-revucej\/\">Banskobystrick\u00fd kraj otvoril u\u017e jeden\u00e1stu ambulanciu, nov\u00e1 lek\u00e1rka sa po atest\u00e1cii v \u010cesku vr\u00e1tila do rodnej Rev\u00facej<\/a><\/td><td><\/td><\/tr><tr><td>08.10.2025 &#8211; bbsk.sk: <a href=\"https:\/\/www.bbsk.sk\/aktuality\/banskobystricky-kraj-otvoril-uz-jedenastu-ambulanciu\">Banskobystrick\u00fd kraj otvoril u\u017e jeden\u00e1stu ambulanciu<\/a><\/td><td><\/td><\/tr><tr><td>07.10.2025 &#8211; Sestra: Starostlivos\u0165 o pacienta s chronick\u00fdm dermatologick\u00fdm ochoren\u00edm (tla\u010d)<\/td><td><\/td><\/tr><tr><td>03.10.2025 &#8211; nemocnicakosicesaca.agel.sk: <a href=\"https:\/\/nemocnicakosicesaca.agel.sk\/o-nemocnici\/novinky\/251003-kongres-lekarov.html\">Nemocnica AGEL Ko\u0161ice-\u0160aca podporuje rozvoj mlad\u00fdch lek\u00e1rov v praxi<\/a><\/td><td><\/td><\/tr><tr><td>02.10.2025 &#8211; Medical Practice: LAUD\u00c1CIA: PROF. MUDR. MILAN KRI\u0160KA, DRSC. 85-RO\u010cN\u00dd (tla\u010d)<\/td><td><\/td><\/tr><tr><td>01.10.2025 &#8211; lekarskenoviny.sk: <a href=\"https:\/\/lekarskenoviny.sk\/index.php\/2025\/10\/01\/obrovska-financna-injekcia-spolocnosti-agel-vo-vyske-150-milionov-eur-do-zdravotnictva-v-kosiciach-a-okoli\/\">Obrovsk\u00e1 finan\u010dn\u00e1 injekcia spolo\u010dnosti AGEL vo v\u00fd\u0161ke 150 mili\u00f3nov eur do zdravotn\u00edctva v&nbsp;Ko\u0161iciach a&nbsp;okol\u00ed<\/a><\/td><td><\/td><\/tr><tr><td>01.10.2025 &#8211; ozdravme.sk: <a href=\"https:\/\/www.ozdravme.sk\/clanok\/financna-injekcia-spolocnosti-agel-vo-vyske-150-milionov-eur-putuje-do-zdravotnictva-v-kosiciach-a-okoli\">Finan\u010dn\u00e1 injekcia spolo\u010dnosti AGEL vo v\u00fd\u0161ke 150 mili\u00f3nov eur putuje do zdravotn\u00edctva v Ko\u0161iciach a okol\u00ed<\/a><\/td><td><\/td><\/tr><tr><td>01.10.2025 &#8211; nemocnicakosicesaca.agel.sk: <a href=\"https:\/\/nemocnicakosicesaca.agel.sk\/o-nemocnici\/novinky\/251001-investicia.html\">Obrovsk\u00e1 finan\u010dn\u00e1 injekcia spolo\u010dnosti AGEL vo v\u00fd\u0161ke 150 mili\u00f3nov eur do zdravotn\u00edctva v Ko\u0161iciach a okol\u00ed<\/a><\/td><td><\/td><\/tr><\/tbody><\/table><\/figure>\n\n\n\n<p><strong>September 2025<\/strong><\/p>\n\n\n\n<figure class=\"wp-block-table is-style-stripes\"><table><tbody><tr><td>29.09.2025 &#8211; quark.sk: <a href=\"https:\/\/www.quark.sk\/finalisti-a-finalistky-ocenenia-eset-science-award\/\">Finalisti a finalistky ocenenia ESET Science Award<\/a><\/td><td><\/td><\/tr><tr><td>29.09.2025 &#8211; lekarskenoviny.sk: <a href=\"https:\/\/lekarskenoviny.sk\/index.php\/2025\/09\/29\/minister-zdravotnictva-na-medifuture-ocenil-zdravotnikov-aj-studentov\/\">Minister zdravotn\u00edctva na MediFuture ocenil zdravotn\u00edkov aj \u0161tudentov<\/a><\/td><td><\/td><\/tr><tr><td>28.09.2025 &#8211; ta3.com: <a href=\"https:\/\/www.ta3.com\/clanok\/1013655\/mladi-lekari-odchadzaju-do-zahranicia-nemocniciam-chybaju-specialisti-zaujem-o-studium-pritom-rastie\">Mlad\u00ed lek\u00e1ri odch\u00e1dzaj\u00fa do zahrani\u010dia, nemocniciam ch\u00fdbaj\u00fa \u0161pecialisti. Z\u00e1ujem o \u0161t\u00fadium pritom rastie<\/a><\/td><td><\/td><\/tr><tr><td>28.09.2025 &#8211; zdravie.pravda.sk: <a href=\"https:\/\/zdravie.pravda.sk\/zdravie-a-prevencia\/clanok\/768824-medici-odstartovali-semester-vo-velkom-style-v-bratislave-sa-konal-najvacsi-event-medifutura\/\">Medici od\u0161tartovali semester vo ve\u013ekom \u0161t\u00fdle. V Bratislave sa konal najv\u00e4\u010d\u0161\u00ed event MediFutura<\/a><\/td><td><\/td><\/tr><tr><td>26.09.2025 &#8211; health.gov.sk: <a href=\"https:\/\/www.health.gov.sk\/Clanok?medifutura-25-9-2025\">Minister zdravotn\u00edctva na MediFuture ocenil zdravotn\u00edkov aj \u0161tudentov<\/a><\/td><td><\/td><\/tr><tr><td>26.09.2025 &#8211; sav.sk: <a href=\"https:\/\/www.sav.sk\/?lang=sk&amp;doc=services-news&amp;source_no=20&amp;news_no=13085\">Podporte vedcov SAV v Cene verejnosti 2025 ESET Science Award<\/a><\/td><td><\/td><\/tr><tr><td>26.09.2025 &#8211; startitup.sk: <a href=\"https:\/\/www.startitup.sk\/nobelista-edvard-moser-povedie-medzinarodnu-komisiu-ktora-vyberie-laureata-ci-laureatku-eset-science-award-verejnost-moze-uz-dnes-hlasovat-za-svojho-favorita\/\">Nobelista Edvard Moser povedie medzin\u00e1rodn\u00fa komisiu, ktor\u00e1 vyberie laure\u00e1ta \u010di laure\u00e1tku ESET Science Award. Verejnos\u0165 m\u00f4\u017ee u\u017e dnes hlasova\u0165 za svojho favorita<\/a><\/td><td><\/td><\/tr><tr><td>26.09.2025 &#8211; sobotnik.sk: <a href=\"https:\/\/sobotnik.sk\/2025\/09\/nemocnica-rimavska-sobota-namestnik-david-adam\/\">Rimavskosobotsk\u00e1 nemocnica m\u00e1 nov\u00e9ho n\u00e1mestn\u00edka, je n\u00edm D\u00e1vid \u00c1d\u00e1m<\/a><\/td><td><\/td><\/tr><tr><td>26.09.2025 &#8211; nextech.sk: <a href=\"https:\/\/www.nextech.sk\/a\/ESET-Science-Talks--Nobelista-Edvard-Moser-v-Bratislave\">ESET Science Talks: Nobelista Edvard Moser v Bratislave<\/a><\/td><td><\/td><\/tr><tr><td>24.09.2025 &#8211; tasr.sk: <a href=\"https:\/\/www.tasr.sk\/tasr-clanok\/TASR:2025092400000292\">Ozn\u00e1menie: Otvorenie podujatia MediFutura za \u00fa\u010dasti ministra Kamila \u0160a\u0161ka<\/a><\/td><td><\/td><\/tr><tr><td>24.09.2025 &#8211; ssn.sk: <a href=\"https:\/\/www.ssn.sk\/30958\/v-kosiciach-sa-pisala-buducnost-klinickeho-vyskumu-upjs-hostila-medzinarodne-stretnutie-siete-ecrin\/\">V Ko\u0161iciach sa p\u00edsala bud\u00facnos\u0165 klinick\u00e9ho v\u00fdskumu: UPJ\u0160 hostila medzin\u00e1rodn\u00e9 stretnutie siete ECRIN<\/a><\/td><td><\/td><\/tr><tr><td>21.09.2025 &#8211; ozdravme.sk: <a href=\"https:\/\/www.ozdravme.sk\/clanok\/kazdemu-druhemu-zdravotnikovi-hrozi-vyhorenie\">Ka\u017ed\u00e9mu druh\u00e9mu zdravotn\u00edkovi hroz\u00ed vyhorenie<\/a><\/td><td><\/td><\/tr><tr><td>19.09.2025 &#8211; womanman.sk: <a href=\"https:\/\/womanman.sk\/vycerpani-slovensko-sa-pripaja-k-europskej-kampani\/\">VY\u010cERPAN\u00cd? Slovensko sa prip\u00e1ja k eur\u00f3pskej kampani za zn\u00ed\u017eenie \u00fanavy a zdrav\u0161ie zdravotn\u00edctvo<\/a><\/td><td><\/td><\/tr><tr><td>17.09.2025 &#8211; zdravotnickydennik.sk: <a href=\"https:\/\/zdravotnickydennik.sk\/2025\/09\/vycerpani-zdravotnici-robia-chyby-a-su-neprijemni-na-pacientov-ake-riesenia-navrhuju-odbornici\/\">Vy\u010derpan\u00ed zdravotn\u00edci robia chyby a&nbsp;s\u00fa nepr\u00edjemn\u00ed na pacientov. Ak\u00e9 rie\u0161enia navrhuj\u00fa odborn\u00edci?<\/a><\/td><td><\/td><\/tr><tr><td>16.09.2025 &#8211; premiumnews.sk: <a href=\"https:\/\/www.premiumnews.sk\/kazdemu-druhemu-zdravotnikovi-hrozi-vyhorenie\/\">Ka\u017ed\u00e9mu druh\u00e9mu zdravotn\u00edkovi hroz\u00ed vyhorenie<\/a><\/td><td><\/td><\/tr><tr><td>16.09.2025 &#8211; eraportal.sk: <a href=\"https:\/\/eraportal.sk\/aktualita\/finalisti-a-finalistky-eset-science-award-dokazuju-ze-spickova-veda-vznika-aj-na-slovensku\/\">Finalisti a finalistky ESET Science Award dokazuj\u00fa, \u017ee \u0161pi\u010dkov\u00e1 veda vznik\u00e1 aj na Slovensku<\/a><\/td><td><\/td><\/tr><tr><td>10.09.2025 &#8211; touchit.sk: <a href=\"https:\/\/touchit.sk\/finalisti-a-finalistky-ocenenia-eset-science-award-dokazuju-ze-spickova-veda-vznika-aj-na-slovensku\/761803\">Finalisti a finalistky ocenenia ESET Science Award dokazuj\u00fa, \u017ee \u0161pi\u010dkov\u00e1 veda vznik\u00e1 aj na Slovensku<\/a><\/td><td><\/td><\/tr><tr><td>08.09.2025 &#8211; eastmag.sk: <a href=\"https:\/\/eastmag.sk\/2025\/09\/08\/denny-psychiatricky-stacionar-pomaha-pacientom-ziskat-rezim-a-znovu-sa-zaradit-do-zivota\/\">Denn\u00fd psychiatrick\u00fd stacion\u00e1r pom\u00e1ha pacientom z\u00edska\u0165 re\u017eim a znovu sa zaradi\u0165 do \u017eivota<\/a><\/td><td><\/td><\/tr><tr><td>03.09.2025 &#8211; mysmezeny.sk: <a href=\"https:\/\/mysmezeny.sk\/2025\/09\/slovensko-smuti-zomrel-uznavany-lekar-a-zachranar-ktory-zachranoval-zivoty-do-poslednej-chvile\/\">SLOVENSKO SM\u00daTI: Zomrel uzn\u00e1van\u00fd LEK\u00c1R a Z\u00c1CHRAN\u00c1R, ktor\u00fd zachra\u0148oval \u017eivoty do poslednej chv\u00edle<\/a><\/td><td><\/td><\/tr><tr><td>03.09.2025 &#8211; kosice.zoznam.sk: <a href=\"https:\/\/kosice.zoznam.sk\/obrovsky-zial-zomrel-spickovy-lekar-a-zachranar-ktory-cely-zivot-bojoval-o-zivoty-inych\/\">OBROVSK\u00dd \u017dIA\u013d Zomrel \u0161pi\u010dkov\u00fd LEK\u00c1R a Z\u00c1CHRAN\u00c1R, ktor\u00fd cel\u00fd \u017eivot bojoval o \u017eivoty in\u00fdch<\/a><\/td><td><\/td><\/tr><tr><td>02.09.2025 &#8211; Bedeker zdravia: ROVNAK\u00c1 \u0160ANCA NA LIE\u010cBU CMP v\u0161ade na Slovensku (tla\u010d)<\/td><td><\/td><\/tr><tr><td>02.09.2025 &#8211; Bedeker zdravia: AOPP SP\u00da\u0160\u0164A HLASOVANIE VEREJNOSTI u ankete M\u00f4j lek\u00e1r a Moja sestra (tla\u010d)<\/td><td><\/td><\/tr><tr><td>02.09.2025 &#8211; Bedeker zdravia: ZDRAVOTN\u00c9 d\u00f4sledky faj\u010denia a redukcia rizika (tla\u010d)<\/td><td><\/td><\/tr><tr><td>02.09.2025 &#8211; Bedeker zdravia: \u017dIVOT S REUMATICK\u00ddM OCHOREN\u00cdM nemus\u00ed by\u0165 bojom bez n\u00e1deje (tla\u010d)<\/td><td><\/td><\/tr><tr><td>01.09.2025 &#8211; kosicak.sk: <a href=\"https:\/\/www.kosicak.sk\/clanky\/8335\/odisla-legenda-kosickej-zachranky-ladislav-cincula-kolegovia-aj-rodina-smutia-za-lekarom-s-dusou-folkloristu\" target=\"_blank\" rel=\"noreferrer noopener\">Odi\u0161la legenda ko\u0161ickej z\u00e1chranky Ladislav Cincula. Kolegovia aj rodina sm\u00fatia za lek\u00e1rom s du\u0161ou folkloristu<\/a><\/td><td><\/td><\/tr><tr><td>01.09.2025 &#8211; kardiocentrum.agel.sk: <a href=\"https:\/\/kardiocentrum.agel.sk\/novinky\/250901-3ms-kce\" target=\"_blank\" rel=\"noreferrer noopener\">3. Medzin\u00e1rodn\u00e9 symp\u00f3zium Kardiocentra AGEL Ko\u0161ice-\u0160aca \u2013 Prest\u00ed\u017ene f\u00f3rum dom\u00e1cich a zahrani\u010dn\u00fdch odborn\u00edkov<\/a><\/td><td><\/td><\/tr><\/tbody><\/table><\/figure>\n\n\n\n<p><strong>August 2025<\/strong><\/p>\n\n\n\n<figure class=\"wp-block-table is-style-stripes\"><table><tbody><tr><td>28.08.2025 &#8211; istream.sk: <a href=\"https:\/\/www.istream.sk\/lekari-v-politike-ktori-poslanci-maju-za-sebou-prestizne-univerzity\/\">Lek\u00e1ri v politike: Ktor\u00ed poslanci maj\u00fa za sebou PREST\u00cd\u017dNE univerzity?<\/a><\/td><td><\/td><\/tr><tr><td>28.08.2025 &#8211; pluska.sk: <a href=\"https:\/\/www1.pluska.sk\/spravy\/z-domova\/slovensky-parlament-prekvita-zdravotnikmi-kto-z-poslancov-vystudoval-prestizne-univerzity\">Slovensk\u00fd parlament prekvit\u00e1 zdravotn\u00edkmi: Kto z poslancov vy\u0161tudoval prest\u00ed\u017ene univerzity?<\/a><\/td><td><\/td><\/tr><tr><td>27.08.2025 &#8211; dennikn.sk: <a href=\"https:\/\/dennikn.sk\/blog\/4815217\/studium-mediciny-a-zubneho-lekarstva-v-anglictine-na-slovensku-a-v-zahranici\/\">\u0160t\u00fadium medic\u00edny a&nbsp;zubn\u00e9ho lek\u00e1rstva v&nbsp;angli\u010dtine na Slovensku a&nbsp;v&nbsp;zahrani\u010d\u00ed<\/a><\/td><td><\/td><\/tr><tr><td>21.08.2025 &#8211; pluska.sk: <a href=\"https:\/\/www1.pluska.sk\/regiony\/uspech-mladych-vedcov-z-kosic-zistili-ako-sa-vyvarovat-parkinsonovej-ci-alzheimerovej-chorobe\">\u00daspech mlad\u00fdch vedcov z Ko\u0161\u00edc: Zistili, ako sa vyvarova\u0165 Parkinsonovej \u010di Alzheimerovej chorobe<\/a><\/td><td><\/td><\/tr><tr><td>15.08.2025 &#8211; tvnoviny.sk: <a href=\"https:\/\/tvnoviny.sk\/domace\/clanok\/982283-kardiochirurg-stres-hluk-ci-privela-jedla-nase-srdce-si-musime-vsimat-skor-nez-bude-neskoro-rozhovor\" target=\"_blank\" rel=\"noreferrer noopener\">Kardiochirurg: Stres, hluk \u010di prive\u013ea jedla. Na\u0161e srdce si mus\u00edme v\u0161\u00edma\u0165 sk\u00f4r, ne\u017e bude neskoro (rozhovor)<\/a><\/td><td><\/td><\/tr><tr><td>07.08.2025 &#8211; Lek\u00e1rske listy: Pozor na pertussis u novorodencov (tla\u010d)<\/td><td><\/td><\/tr><tr><td>06.08.2025 &#8211; kosicak.sk: <a href=\"https:\/\/www.kosicak.sk\/clanky\/7954\/zahlasujte-za-najlepsieho-lekara-a-zdravotnu-sestru-v-zozname-su-aj-odbornicky-a-sestry-z-kosic\">Zahlasujte za najlep\u0161ieho lek\u00e1ra a zdravotn\u00fa sestru. V zozname s\u00fa aj odborn\u00ed\u010dky a sestry z Ko\u0161\u00edc<\/a><\/td><td><\/td><\/tr><tr><td>06.08.2025 &#8211; news.refresher.sk: <a href=\"https:\/\/news.refresher.sk\/187228-Najlepsi-z-najlepsich-Toto-su-top-lekari-na-Slovensku-pre-rok-2025-ZOZNAM\">Najlep\u0161\u00ed z najlep\u0161\u00edch: Toto s\u00fa top lek\u00e1ri na Slovensku pre rok 2025 (ZOZNAM)<\/a><\/td><td><\/td><\/tr><tr><td>02.08.2025 &#8211; Plus jeden de\u0148:&nbsp;V pr\u00e1ci poci\u0165ujeme vy\u010derpanie&#8230; \u017eiadan\u00fdmi benefitmi s\u00fa sabatikal a pomoc psychol\u00f3ga (tla\u010d)<\/td><td><\/td><\/tr><tr><td>01.08.2025 &#8211; nemocnicakosicesaca.agel.sk: <a href=\"https:\/\/nemocnicakosicesaca.agel.sk\/o-nemocnici\/novinky\/250801-zdravie-na-dosah.html\">AGEL prinesie bezplatn\u00e9 prevent\u00edvne vy\u0161etrenia do \u010fal\u0161\u00edch obc\u00ed na v\u00fdchodnom Slovensku<\/a><\/td><td><\/td><\/tr><tr><td>01.08.2025 &#8211; eastmag.sk: <a href=\"https:\/\/eastmag.sk\/2025\/08\/01\/agel-prinesie-bezplatne-preventivne-vysetrenia-do-dalsich-obci-na-vychodnom-slovensku\/\">AGEL prinesie bezplatn\u00e9 prevent\u00edvne vy\u0161etrenia do \u010fal\u0161\u00edch obc\u00ed na v\u00fdchodnom Slovensku<\/a><\/td><td><\/td><\/tr><\/tbody><\/table><\/figure>\n\n\n\n<p><strong>J\u00fal 2025<\/strong><\/p>\n\n\n\n<figure class=\"wp-block-table is-style-stripes\"><table><tbody><tr><td>15.07.2025 &#8211; vavia.agel.sk: <a href=\"https:\/\/vavia.agel.sk\/novinky\/250715-trening-studentov\">Tri \u0161tudentky Lek\u00e1rskej fakulty UPJ\u0160 za\u017eili zbl\u00edzka roboticky asistovan\u00fa hysterekt\u00f3miu<\/a><\/td><td><\/td><\/tr><tr><td>08.07.2025 &#8211; presov.dnes24.sk: <a href=\"https:\/\/presov.dnes24.sk\/dolezite-posily-v-presovskej-nemocnici-pocas-leta-pomahaju-s-pacientmi-klara-a-zuzana-464713\">D\u00f4le\u017eit\u00e9 posily v pre\u0161ovskej nemocnici: Po\u010das leta pom\u00e1haj\u00fa s pacientmi Kl\u00e1ra a Zuzana<\/a><\/td><td><\/td><\/tr><tr><td>07.07.2025 &#8211; eastmag.sk: <a href=\"https:\/\/eastmag.sk\/2025\/07\/07\/studentky-mediciny-zazili-roboticku-operaciu-priamo-na-sale\/\" target=\"_blank\" rel=\"noreferrer noopener\">\u0160tudentky medic\u00edny za\u017eili robotick\u00fa oper\u00e1ciu priamo na s\u00e1le<\/a> <\/td><td><\/td><\/tr><tr><td>07.07.2025 &#8211; agel.sk: <a href=\"https:\/\/www.agel.sk\/media\/tlacove-spravy\/250707-robotika-saca.html\" target=\"_blank\" rel=\"noreferrer noopener\">Bud\u00facnos\u0165 chirurgie u\u017e dnes: \u0160tudentky medic\u00edny za\u017eili robotick\u00fa oper\u00e1ciu priamo na s\u00e1le <\/a><\/td><td><\/td><\/tr><tr><td>06.07.2025 &#8211; ta3.com: <a href=\"https:\/\/www.ta3.com\/clanok\/1002111\/ako-udrzat-mladych-lekarov-na-slovensku-ministerstvo-chysta-unikatny-projekt\" target=\"_blank\" rel=\"noreferrer noopener\">Ako udr\u017ea\u0165 mlad\u00fdch lek\u00e1rov na Slovensku? Ministerstvo chyst\u00e1 unik\u00e1tny projekt<\/a><\/td><td><\/td><\/tr><\/tbody><\/table><\/figure>\n\n\n\n<p><strong>J\u00fan 2025<\/strong><\/p>\n\n\n\n<figure class=\"wp-block-table is-style-stripes\"><table><tbody><tr><td>26.06.2025 &#8211; kosicednes.sk: <a href=\"https:\/\/kosicednes.sk\/spravy\/slovensko\/kosice\/v-kosiciach-otvorili-novu-kliniku-zobrazovacich-metod\/\" target=\"_blank\" rel=\"noreferrer noopener\">V Ko\u0161iciach otvorili nov\u00fa Kliniku zobrazovac\u00edch met\u00f3d<\/a><\/td><td><\/td><\/tr><tr><td>21.06.2025 &#8211; magnetpress.online: <a href=\"https:\/\/magnetpress.online\/moje-zdravie\/co-nema-rada-pecen\/\" target=\"_blank\" rel=\"noreferrer noopener\">\u010co (ne)m\u00e1 rada pe\u010de\u0148?<\/a><\/td><td><\/td><\/tr><tr><td>19.06.2025 &#8211; lekarskenoviny.sk: <a href=\"https:\/\/lekarskenoviny.sk\/index.php\/2025\/06\/19\/v-kardiocentre-agel-v-saci-opat-unikatni\/\">V&nbsp;kardiocentre AGEL v&nbsp;\u0160aci op\u00e4\u0165 unik\u00e1tni<\/a><\/td><td><\/td><\/tr><tr><td>18.06.2025 &#8211; kardiocentrum.agel.sk: <a href=\"https:\/\/kardiocentrum.agel.sk\/novinky\/250618-opat-unikatni\" target=\"_blank\" rel=\"noreferrer noopener\">V kardiocentre AGEL v \u0160aci op\u00e4\u0165 unik\u00e1tni<\/a><\/td><td><\/td><\/tr><tr><td>12.06.2025 &#8211; Zdravotn\u00edcke noviny: Pacientka na Slovensku podst\u00fapila \u0161iestu transplant\u00e1ciu obli\u010dky (tla\u010d)<\/td><td><\/td><\/tr><tr><td>10.06.2025 &#8211; kosicak.sk: <a href=\"https:\/\/www.kosicak.sk\/clanky\/6964\/video-blizi-sa-leto-a-s-nim-aj-nebezpecne-urazy-a-zranenia-kosicki-medici-sa-preto-vzdelavali-na-pripravnom-seminari\">VIDEO: Bl\u00ed\u017ei sa leto a s n\u00edm aj nebezpe\u010dn\u00e9 \u00farazy a zranenia, ko\u0161ick\u00ed medici sa preto vzdel\u00e1vali na pr\u00edpravnom semin\u00e1ri<\/a><\/td><td><\/td><\/tr><tr><td>09.06.2025 &#8211; podcasty.sme.sk: <a href=\"https:\/\/podcasty.sme.sk\/c\/23501264\/su-vsetky-lieky-na-zriedkave-choroby-extremne-drahe.html\">S\u00fa v\u0161etky lieky na zriedkav\u00e9 choroby extr\u00e9mne drah\u00e9?<\/a><\/td><td><\/td><\/tr><tr><td>09.06.2025 &#8211; omny.fm: <a href=\"https:\/\/omny.fm\/shows\/vizita\/s-v-etky-lieky-na-zriedkav-choroby-extr-mne-drah\">S\u00fa v\u0161etky lieky na zriedkav\u00e9 choroby extr\u00e9mne drah\u00e9?<\/a><\/td><td><\/td><\/tr><tr><td>05.06.2025 &#8211; Zdravotn\u00edcke noviny: \u0160t\u00fadium zubn\u00e9ho lek\u00e1rstva sa skr\u00e1ti zatia\u013e na dvoch fakult\u00e1ch \u2013 v Ko\u0161iciach a Martine (tla\u010d)<\/td><td><\/td><\/tr><tr><td>02.06.2025 &#8211; medicina.trend.sk: <a href=\"https:\/\/medicina.trend.sk\/2025\/06\/02\/kosickym-lekarom-sa-podaril-svetovy-unikat-jednej-pacientke-transplantovali-oblicku-po-siestykrat\/\" target=\"_blank\" rel=\"noreferrer noopener\">Ko\u0161ick\u00fdm lek\u00e1rom sa podaril svetov\u00fd unik\u00e1t. Jednej pacientke transplantovali obli\u010dku po \u0161iestykr\u00e1t<\/a><\/td><td><\/td><\/tr><\/tbody><\/table><\/figure>\n\n\n\n<p><strong>M\u00e1j 2025<\/strong><\/p>\n\n\n\n<figure class=\"wp-block-table is-style-stripes\"><table><tbody><tr><td>30.05.2025 &#8211; lekarskenoviny.sk: <a href=\"https:\/\/lekarskenoviny.sk\/index.php\/2025\/05\/30\/unlp-kosice-sa-podaril-svetovy-unikat\/\" target=\"_blank\" rel=\"noreferrer noopener\">UNLP Ko\u0161ice sa podaril svetov\u00fd unik\u00e1t<\/a><\/td><td><\/td><\/tr><tr><td>30.05.2025 &#8211; mediweb.hnonline.sk: <a href=\"https:\/\/mediweb.hnonline.sk\/zdn\/spravy\/96215078-studium-zubneho-lekarstva-sa-skrati-zatial-na-dvoch-fakultach-zo-styroch\" target=\"_blank\" rel=\"noreferrer noopener\">\u0160t\u00fadium zubn\u00e9ho lek\u00e1rstva sa skr\u00e1ti zatia\u013e na dvoch fakult\u00e1ch zo \u0161tyroch<\/a><\/td><td><\/td><\/tr><tr><td>30.05.2025 &#8211; eastmag.sk: <a href=\"https:\/\/eastmag.sk\/2025\/05\/30\/v-kosickej-nemocnici-sa-podaril-svetovy-unikat-siesta-transplantacia-oblicky-u-jedinej-pacientky\/\" target=\"_blank\" rel=\"noreferrer noopener\">V ko\u0161ickej nemocnici sa podaril svetov\u00fd unik\u00e1t! \u0160iesta transplant\u00e1cia obli\u010dky u jedinej pacientky<\/a><\/td><td><\/td><\/tr><tr><td>29.05.2025 &#8211; ahoj.tv: <a href=\"https:\/\/www.ahoj.tv\/clanky\/clanok\/13745\/\" target=\"_blank\" rel=\"noreferrer noopener\">\u0160iesta transplant\u00e1cia obli\u010dky u&nbsp;jednej pacientky<\/a><\/td><td><\/td><\/tr><tr><td>27.05.2025 &#8211; finreport.sk: <a href=\"https:\/\/www.finreport.sk\/volny-cas\/studium-zubneho-lekarstva-sa-skracuje-od-roku-2025-bude-trvat-pat-rokov\/\">\u0160t\u00fadium zubn\u00e9ho lek\u00e1rstva sa skracuje: Od roku 2025 bude trva\u0165 p\u00e4\u0165 rokov<\/a><\/td><td><\/td><\/tr><tr><td>25.05.2025 &#8211; spravy.stvr.sk: <a href=\"https:\/\/spravy.stvr.sk\/2025\/05\/zasadne-zmeny-v-studiu-zubneho-lekarstva-co-prinesie-kratsie-studium-a-je-dovod-na-obavy\/\">Z\u00e1sadn\u00e9 zmeny v \u0161t\u00fadiu zubn\u00e9ho lek\u00e1rstva: \u010co prinesie krat\u0161ie \u0161t\u00fadium a je d\u00f4vod na obavy?<\/a><\/td><td><\/td><\/tr><tr><td>24.05.2025 &#8211; hn24.hnonline.sk: <a href=\"https:\/\/hn24.hnonline.sk\/hn24\/96213849-studentom-zubneho-lekarstva-sa-na-dvoch-fakultach-aj-inovuje-kurikulum-vravi-prezident-rektorskej-konferencie\">\u0160tudentom zubn\u00e9ho lek\u00e1rstva sa na dvoch fakult\u00e1ch aj inovuje kurikulum, vrav\u00ed prezident rektorskej konferencie<\/a><\/td><td><\/td><\/tr><tr><td>24.05.2025 &#8211; lekari.sk: SRK: <a href=\"https:\/\/lekari.sk\/denna-sprava\/SRK-Studentom-zubneho-lekarstva-sa-na-dvoch-fakultach-aj-inovuje-kurikulum-62282.html\">\u0160tudentom zubn\u00e9ho lek\u00e1rstva sa na dvoch fakult\u00e1ch aj inovuje kurikulum&nbsp;<\/a><\/td><td><\/td><\/tr><tr><td>22.05.2025 &#8211; Lek\u00e1rske listy: N\u00e1sledky neo\u0161etren\u00e9ho zubn\u00e9ho kazu mlie\u010dnych zubov&nbsp;(tla\u010d)<\/td><td><\/td><\/tr><tr><td>22.05.2025 &#8211; Lek\u00e1rske listy: Tumor podnebia u die\u0165a\u0165a \u2013 kazuistika (tla\u010d)<\/td><td><\/td><\/tr><tr><td>22.05.2025 &#8211; Lek\u00e1rske listy: Orofaci\u00e1lna boles\u0165 a problematika ochoren\u00ed temporomandibul\u00e1rneho k\u013abu (tla\u010d)<\/td><td><\/td><\/tr><tr><td>22.05.2025 \u2013 Lek\u00e1rske listy:&nbsp;Naj\u010dastej\u0161ie \u00farazy zubov u det\u00ed (tla\u010d)<\/td><td><\/td><\/tr><tr><td>17.05.2025 &#8211; tvnoviny.sk: <a href=\"https:\/\/tvnoviny.sk\/domace\/clanok\/968380-menej-rokov-viac-praxe-slovensko-sa-skratenim-studia-zubneho-lekarstva-vyrovnava-vaecsine-europy\">Menej rokov, viac praxe. Slovensko sa skr\u00e1ten\u00edm \u0161t\u00fadia zubn\u00e9ho lek\u00e1rstva vyrovn\u00e1va v\u00e4\u010d\u0161ine Eur\u00f3py<\/a><\/td><td><\/td><\/tr><tr><td>17.05.2025 &#8211; kosicak.sk: <a href=\"https:\/\/www.kosicak.sk\/clanky\/6515\/buducich-zubarov-na-kosickej-univerzite-upjs-caka-velka-zmena-studovat-budu-o-rok-menej-a-pribudne-aj-novy-odbor\">Bud\u00facich zub\u00e1rov na ko\u0161ickej univerzite UPJ\u0160 \u010dak\u00e1 ve\u013ek\u00e1 zmena, \u0161tudova\u0165 bud\u00fa o rok menej a pribudne aj nov\u00fd odbor<\/a><\/td><td><\/td><\/tr><tr><td>16.05.2025 &#8211; eraportal.sk: <a href=\"https:\/\/eraportal.sk\/aktualita\/umela-inteligencia-v-medicine-po-prvykrat-sa-spojili-lekarske-fakulty-z-ceska-a-slovenska\/\">Umel\u00e1 inteligencia v medic\u00edne: Po prv\u00fdkr\u00e1t sa spojili lek\u00e1rske fakulty z \u010ceska a Slovenska<\/a><\/td><td><\/td><\/tr><tr><td>15.05.2025 &#8211; minedu.sk: <a href=\"https:\/\/www.minedu.sk\/studium-zubneho-lekarstva-sa-skrati-zo-siestich-na-pat-rokov\/\">\u0160t\u00fadium zubn\u00e9ho lek\u00e1rstva sa skr\u00e1ti zo \u0161iestich na p\u00e4\u0165 rokov<\/a><\/td><td><\/td><\/tr><tr><td>15.05.2025 &#8211; tvnoviny.sk: <a href=\"https:\/\/tvnoviny.sk\/domace\/clanok\/968022-velka-zmena-na-dvoch-slovenskych-lekarskych-fakultach-studium-popularneho-odboru-sa-skracuje-o-rok\">Ve\u013ek\u00e1 zmena na dvoch slovensk\u00fdch lek\u00e1rskych fakult\u00e1ch: \u0160t\u00fadium popul\u00e1rneho odboru sa skracuje o rok<\/a><\/td><td><\/td><\/tr><tr><td>15.05.2025 &#8211; zdravotnickydennik.sk: <a href=\"https:\/\/zdravotnickydennik.sk\/2025\/05\/toto-je-slovenska-elita-mediciny-2025-najdete-svojho-lekara-alebo-lekarku-v-rebricku\/\">Toto je slovensk\u00e1 elita medic\u00edny 2025 \u2013 n\u00e1jdete svojho lek\u00e1ra alebo lek\u00e1rku v rebr\u00ed\u010dku?<\/a><\/td><td><\/td><\/tr><tr><td>15.05.2025 &#8211; aktuality.sk: <a href=\"https:\/\/www.aktuality.sk\/clanok\/pOLOlYf\/studium-zubneho-lekarstva-v-martine-a-kosiciach-sa-skrati\/\">\u0160t\u00fadium zubn\u00e9ho lek\u00e1rstva v Martine a Ko\u0161iciach sa skr\u00e1ti<\/a><\/td><td><\/td><\/tr><tr><td>15.05.2025 &#8211; teraz.sk: <a href=\"https:\/\/www.teraz.sk\/slovensko\/rezort-skolstva-studium-zubneho-lek\/878375-clanok.html\">Rezort \u0161kolstva: \u0160t\u00fadium zubn\u00e9ho lek\u00e1rstva sa skr\u00e1ti na p\u00e4\u0165 rokov<\/a><\/td><td><\/td><\/tr><tr><td>15.05.2025 &#8211; hn24.hnonline.sk: <a href=\"https:\/\/hn24.hnonline.sk\/hn24\/96211994-studium-zubneho-lekarstva-sa-skrati-zo-siestich-na-paet-rokov\">\u0160t\u00fadium zubn\u00e9ho lek\u00e1rstva sa skr\u00e1ti zo \u0161iestich na p\u00e4\u0165 rokov<\/a><\/td><td><\/td><\/tr><tr><td>15.05.2025 &#8211; spravy.stvr.sk: <a href=\"https:\/\/spravy.stvr.sk\/2025\/05\/studium-zubneho-lekarstva-na-dvoch-slovenskych-univerzitach-bude-kratsie-informovalo-ministerstvo-skolstva\/\">\u0160t\u00fadium zubn\u00e9ho lek\u00e1rstva na dvoch slovensk\u00fdch univerzit\u00e1ch bude krat\u0161ie, informovalo ministerstvo \u0161kolstva<\/a><\/td><td><\/td><\/tr><tr><td>15.05.2025 &#8211; domov.sme.sk: <a href=\"https:\/\/domov.sme.sk\/c\/23491188\/studium-zubneho-lekarstva-sa-skrati-zo-siestich-na-pat-rokov.html\">\u0160t\u00fadium zubn\u00e9ho lek\u00e1rstva sa skr\u00e1ti zo \u0161iestich na p\u00e4\u0165 rokov<\/a><\/td><td><\/td><\/tr><tr><td>15.05.2025 &#8211; spravy.pravda.sk: <a href=\"https:\/\/spravy.pravda.sk\/domace\/clanok\/752022-zubari-budu-studovat-len-pat-rokov-ministerstvo-kladieme-doraz-na-prax\/\">Zub\u00e1ri bud\u00fa \u0161tudova\u0165 \u201elen\u201c p\u00e4\u0165 rokov. Ministerstvo: Kladieme d\u00f4raz na prax<\/a><\/td><td><\/td><\/tr><tr><td>15.05.2025 &#8211; kosiceonline.sk: <a href=\"https:\/\/www.kosiceonline.sk\/kosicka-univerzita-skracuje-studium-zubneho-lekarstva-na-pat-rokov\">Ko\u0161ick\u00e1 univerzita skr\u00e1ti \u0161t\u00fadium zubn\u00e9ho lek\u00e1rstva na p\u00e4\u0165 rokov<\/a><\/td><td><\/td><\/tr><tr><td>15.05.2025 &#8211; medicina.trend.sk: <a href=\"https:\/\/medicina.trend.sk\/2025\/05\/15\/velka-zmena-pre-zubnych-lekarov-ich-studium-sa-skrati\/\">Ve\u013ek\u00e1 zmena pre zubn\u00fdch lek\u00e1rov. Ich \u0161t\u00fadium sa skr\u00e1ti<\/a><\/td><td><\/td><\/tr><tr><td>13.05.2025 &#8211; zdravotnickydennik.sk: <a href=\"https:\/\/zdravotnickydennik.sk\/2025\/05\/ludia-su-pretazeni-negativnymi-informaciami-co-este-zhorsuje-dusevne-zdravie\/\">Depresie u\u017e pred tridsiatkou: 3 d\u00f4vody, pre\u010do je n\u00e1\u0161 mozog na pokraji vyhorenia a ako mu pom\u00f4c\u0165<\/a><\/td><td><\/td><\/tr><tr><td>13.05.2025 &#8211; hnonline.sk: <a href=\"https:\/\/hnonline.sk\/science\/biologia-a-chemia\/96211472-slovakom-chyba-v-krajine-ludskost-polovica-opytanych-sa-citi-vycerpane-ukazuje-prieskum\">Slov\u00e1kom ch\u00fdba v krajine \u013eudskos\u0165, polovica op\u00fdtan\u00fdch sa c\u00edti vy\u010derpane, ukazuje prieskum<\/a><\/td><td><\/td><\/tr><tr><td>13.05.2025 &#8211; mozaikazdravia.sk: <a href=\"http:\/\/mozaikazdravia.sk\/zdravie\/system-vzdelavania-o-cievnej-mozgovej-prihode-prebieha-na-slovensku-uz-pat-rokov-kosicka-skola-sa-dostala-medzi-svetovu-spicku\/\">Syst\u00e9m vzdel\u00e1vania o cievnej mozgovej pr\u00edhode prebieha na Slovensku u\u017e p\u00e4\u0165 rokov, ko\u0161ick\u00e1 \u0161kola sa dostala medzi svetov\u00fa \u0161pi\u010dku<\/a><\/td><td><\/td><\/tr><tr><td>13.05.2025 &#8211; eastmag.sk: <a href=\"https:\/\/eastmag.sk\/2025\/05\/13\/mimoriadny-uspech-pre-unlp-ceny-mesta-kosice-ziskala-nemocnica-v-3-kategoriach\/\">Mimoriadny \u00faspech pre UNLP! Ceny mesta Ko\u0161ice z\u00edskala nemocnica v 3 kateg\u00f3ri\u00e1ch<\/a><\/td><td><\/td><\/tr><tr><td>13.05.2025 &#8211; istream.sk: <a href=\"https:\/\/www.istream.sk\/toto-je-75-najlepsich-lekarov-na-slovensku-v-zozname-su-aj-zname-mena-je-v-rebricku-aj-ten-vas\/\">Toto je 75 najlep\u0161\u00edch lek\u00e1rov na Slovensku. V zozname s\u00fa aj zn\u00e1me men\u00e1, je v rebr\u00ed\u010dku aj ten v\u00e1\u0161?<\/a><\/td><td><\/td><\/tr><tr><td>12.05.2025 &#8211; prohuman.sk: <a href=\"https:\/\/www.prohuman.sk\/zdravotnictvo\/korelaty-socialnej-participacie-u-pacientov-v-pokrocilom-stadiu-osteoartrozy\">Korel\u00e1ty soci\u00e1lnej particip\u00e1cie u pacientov v pokro\u010dilom \u0161t\u00e1diu osteoartr\u00f3zy<\/a><\/td><td><\/td><\/tr><tr><td>07.05.2025 &#8211; jazerokosice.sk: <a href=\"https:\/\/www.jazerokosice.sk\/cms\/?p=44167\">KO\u0160ICE OCENILI V\u00ddNIMO\u010cN\u00c9 OSOBNOSTI A KOLEKT\u00cdVY<\/a><\/td><td><\/td><\/tr><tr><td>06.05.2025 &#8211; dennikn.sk: <a href=\"https:\/\/dennikn.sk\/4620230\/su-v-plastoch-kozmetike-aj-obleceni-endokrinne-disruptory-sa-spajaju-s-poruchami-plodnosti-ci-rakovinou-prsnika\/\">S\u00fa v&nbsp;plastoch, kozmetike aj oble\u010den\u00ed. Endokrinn\u00e9 disruptory sa sp\u00e1jaj\u00fa s&nbsp;poruchami plodnosti \u010di rakovinou prsn\u00edka<\/a><\/td><td><\/td><\/tr><tr><td>04.05.2025 &#8211; uzitocna.pravda.sk: <a href=\"https:\/\/uzitocna.pravda.sk\/ako-vybavit\/clanok\/750448-umiera-sa-na-nu-nepostihuje-uz-len-seniorov-liecitelna-je-len-v-niekolkych-hodinach-hra-sa-o-kazdu-minutu-nepremeskajte-ich\/\">Nepostihuje u\u017e len seniorov a n\u00e1sledky b\u00fdvaj\u00fa fat\u00e1lne. Lie\u010dite\u013en\u00e1 je len v nieko\u013ek\u00fdch hodin\u00e1ch, smrte\u013en\u00e9 je podceni\u0165 pr\u00edznaky<\/a><\/td><td><\/td><\/tr><\/tbody><\/table><\/figure>\n\n\n\n<p><strong>Apr\u00edl 2025<\/strong><\/p>\n\n\n\n<figure class=\"wp-block-table is-style-stripes\"><table><tbody><tr><td>28.04.2025 &#8211; ozdravme.sk: <a href=\"https:\/\/www.ozdravme.sk\/Dokument\/101865\/unikatny-porod-tenistky-jany-cepelovej-v-kardiocentre-agel-bola-som-nervoznejsia-nez-pred-zapasom.aspx\">Unik\u00e1tny p\u00f4rod tenistky Jany \u010cepelovej v Kardiocentre AGEL: \u201eBola som nerv\u00f3znej\u0161ia, ne\u017e pred z\u00e1pasom!\u201c<\/a><\/td><td><\/td><\/tr><tr><td>26.04.2025 &#8211; istream.sk: <a href=\"https:\/\/www.istream.sk\/slovensko-ma-75-lekarskych-hviezd-toto-su-mena-spickovych-odbornikov-je-medzi-nimi-aj-vas-doktor\/\">Slovensko m\u00e1 75 lek\u00e1rskych hviezd. TOTO s\u00fa men\u00e1 \u0161pi\u010dkov\u00fdch odborn\u00edkov. Je medzi nimi aj v\u00e1\u0161 doktor?<\/a><\/td><td><\/td><\/tr><tr><td>26.04.2025 &#8211; standard.sk: <a href=\"https:\/\/standard.sk\/928620\/zazracne-tabletky-neexistuju-skutocna-liecba-obezity-tkvie-v-niecom-inom\/\">Z\u00e1zra\u010dn\u00e9 tabletky neexistuj\u00fa. Skuto\u010dn\u00e1 lie\u010dba obezity tkvie v nie\u010dom inom<\/a><\/td><td><\/td><\/tr><tr><td>25.04.2025 &#8211; nemocnicakosicesaca.agel.sk: <a href=\"https:\/\/nemocnicakosicesaca.agel.sk\/o-nemocnici\/novinky\/050425-cepelova-porod.html\">Unik\u00e1tny p\u00f4rod tenistky Jany \u010cepelovej v Kardiocentre AGEL \u201eBola som nerv\u00f3znej\u0161ia, ne\u017e pred z\u00e1pasom!\u201c<\/a><\/td><td><\/td><\/tr><tr><td>24.04.2025 &#8211; tlacovespravy.sme.sk: <a href=\"https:\/\/tlacovespravy.sme.sk\/c\/23481427\/unikatny-porod-tenistky-jany-cepelovej-v-kardiocentre-agel.html\">Unik\u00e1tny p\u00f4rod tenistky Jany \u010cepelovej v Kardiocentre AGEL<\/a><\/td><td><\/td><\/tr><tr><td>08.04.2025 &#8211; nemocnicakosicesaca.agel.sk: <a href=\"https:\/\/nemocnicakosicesaca.agel.sk\/o-nemocnici\/novinky\/250408-itapa.html\">\u0160ACA \u2013 Centrum robotickej chirurgie na v\u00fdchode Slovenska<\/a><\/td><td><\/td><\/tr><tr><td>08.04.2025 &#8211; ozdravme.sk: <a href=\"https:\/\/www.ozdravme.sk\/Dokument\/101849\/saca-%E2%80%93-centrum-robotickej-chirurgie-na-vychode-slovenska.aspx\">\u0160ACA \u2013 Centrum robotickej chirurgie na v\u00fdchode Slovenska<\/a><\/td><td><\/td><\/tr><tr><td>08.04.2025 &#8211; tlacovespravy.sme.sk: <a href=\"https:\/\/tlacovespravy.sme.sk\/c\/23474572\/saca-centrum-robotickej-chirurgie-na-vychode-slovenska.html\">\u0160aca &#8211; centrum robotickej chirurgie na v\u00fdchode Slovenska<\/a><\/td><td><\/td><\/tr><tr><td>07.04.2025 &#8211; eastmag.sk: <a href=\"https:\/\/eastmag.sk\/2025\/04\/07\/priemerny-slovak-si-cisti-zuby-menej-nez-jednu-minutu-denne\/\">Priemern\u00fd Slov\u00e1k si \u010dist\u00ed zuby menej ne\u017e jednu min\u00fatu denne<\/a><\/td><td><\/td><\/tr><tr><td>05.04.2025 &#8211; regiony.zoznam.sk: <a href=\"https:\/\/regiony.zoznam.sk\/obrovska-strata-zomrel-oblubeny-lekar-bol-spickovy-odbornik-s-laskavym-pristupom-smutia-pacienti-aj-kolegovia\/\">OBROVSK\u00c1 STRATA Zomrel ob\u013e\u00faben\u00fd LEK\u00c1R! Bol \u0161pi\u010dkov\u00fd odborn\u00edk s l\u00e1skav\u00fdm pr\u00edstupom, sm\u00fatia pacienti aj kolegovia<\/a><\/td><td><\/td><\/tr><tr><td>03.04.2025 &#8211; lekarskenoviny.sk: <a href=\"https:\/\/lekarskenoviny.sk\/index.php\/2025\/04\/03\/vzdy-sme-rozmyslali-o-modernych-trendoch\/\">V\u017edy sme rozm\u00fd\u0161\u013eali o modern\u00fdch trendoch<\/a><\/td><td><\/td><\/tr><\/tbody><\/table><\/figure>\n\n\n\n<p><strong>Marec 2025<\/strong><\/p>\n\n\n\n<figure class=\"wp-block-table is-style-stripes\"><table><tbody><tr><td>31.03.2025 &#8211; dia.hnonline.sk: <a href=\"https:\/\/dia.hnonline.sk\/dia\/info-pre-diabetikov\/96203397-liecba-cukrovky-podla-genotypu-je-na-vzostupe-tvrdi-prof-mudr-ivan-tkac-phd\">Lie\u010dba cukrovky pod\u013ea genotypu je na vzostupe, tvrd\u00ed prof. MUDr. Ivan Tk\u00e1\u010d, PhD.<\/a><\/td><td><\/td><\/tr><tr><td>28.03.2025 &#8211; nemocnicakosicesaca.agel.sk: <a href=\"https:\/\/nemocnicakosicesaca.agel.sk\/o-nemocnici\/novinky\/250328-jarne-sympozium.html\">2. Jarn\u00e9 symp\u00f3zium internistov spojilo takmer dvesto \u0161pecialistov<\/a><\/td><td><\/td><\/tr><tr><td>28.03.2025 &#8211; spravy.stvr.sk: <a href=\"https:\/\/spravy.stvr.sk\/2025\/03\/cierny-kasel-sa-na-slovensku-vyskytuje-najviac-za-60-rokov\/\">\u010cierny ka\u0161e\u013e sa u n\u00e1s roz\u0161\u00edril najviac za 60 rokov, tento rok eviduj\u00fa u\u017e vy\u0161e dvetis\u00edc pr\u00edpadov. Ohrozen\u00ed s\u00fa najm\u00e4 novorodenci<\/a><\/td><td><\/td><\/tr><tr><td>26.03.2025 &#8211; dennikn.sk: <a href=\"https:\/\/dennikn.sk\/4546017\/parlament-ma-po-353-dnoch-opat-riadneho-predsedu-koalicia-zvolila-richarda-rasiho-podla-opozicie-volba-neprebehla-tajne\/\">Parlament m\u00e1 po 353 d\u0148och op\u00e4\u0165 riadneho predsedu, koal\u00edcia zvolila Richarda Ra\u0161iho<\/a><\/td><td><\/td><\/tr><tr><td>25.03.2025 &#8211; cusp.uniba.sk: <a href=\"https:\/\/cusp.uniba.sk\/detail-aktuality\/back_to_page\/sluzby-3\/article\/medici-a-farmaceuti-opaet-ukazali-silu-spoluprace\/\">Medici a farmaceuti op\u00e4\u0165 uk\u00e1zali silu spolupr\u00e1ce<\/a><\/td><td><\/td><\/tr><tr><td>23.03.2025 &#8211; sita.sk: <a href=\"https:\/\/sita.sk\/vskolstve\/pilotny-rocnik-vymennych-stazi-odstartoval-v-kosickom-kraji-zapojili-sa-viacere-spolocnosti-video\/\">Pilotn\u00fd ro\u010dn\u00edk v\u00fdmenn\u00fdch st\u00e1\u017e\u00ed od\u0161tartoval v Ko\u0161ickom kraji, zapojili sa viacer\u00e9 spolo\u010dnosti \u2013 VIDEO<\/a><\/td><td><\/td><\/tr><tr><td>22.03.2025 &#8211; mediweb.hnonline.sk: <a href=\"https:\/\/mediweb.hnonline.sk\/zdn\/spravy\/96201563-vychodne-slovensko-spaja-sily-v-boji-proti-onkologickym-ochoreniam\">V\u00fdchodn\u00e9 Slovensko sp\u00e1ja sily v boji proti onkologick\u00fdm ochoreniam<\/a><\/td><td><\/td><\/tr><tr><td>20.03.2025 &#8211; touchit.sk: <a href=\"https:\/\/touchit.sk\/odbornici-sa-zhodli-ze-na-slovensku-sme-v-oblasti-digitalnej-vykonnosti-vyrazne-pozadu\/704574\">Odborn\u00edci sa zhodli, \u017ee na Slovensku sme v&nbsp;oblasti digit\u00e1lnej v\u00fdkonnosti v\u00fdrazne pozadu<\/a><\/td><td><\/td><\/tr><tr><td>20.03.2025 &#8211; eastmag.sk: <a href=\"https:\/\/eastmag.sk\/2025\/03\/20\/odbornici-sa-zhodli-ze-na-slovensku-sme-v-oblasti-digitalnej-vykonnosti-vyrazne-pozadu\/\">Odborn\u00edci sa zhodli, \u017ee na Slovensku sme v&nbsp;oblasti digit\u00e1lnej v\u00fdkonnosti v\u00fdrazne pozadu<\/a><\/td><td><\/td><\/tr><tr><td>20.03.2025 &#8211; Zdravotn\u00edcke noviny: V\u00fdchodn\u00e9 Slovensko sp\u00e1ja sily v boji proti onkologick\u00fdm ochoreniam (tla\u010d)<\/td><td><\/td><\/tr><tr><td>19.03.2025 &#8211; tyzden.sk: <a href=\"https:\/\/www.tyzden.sk\/zdravotnictvo\/119908\/elita-slovenskej-mediciny-predstavi-novinky-jarne-sympozium-v-kosiciach-prilaka-stovky-lekarskych-specialistov\/\">Elita slovenskej medic\u00edny predstav\u00ed novinky: Jarn\u00e9 symp\u00f3zium v Ko\u0161iciach pril\u00e1ka stovky lek\u00e1rskych \u0161pecialistov<\/a><\/td><td><\/td><\/tr><tr><td>19.03.2025 &#8211; sita.sk: <a href=\"https:\/\/sita.sk\/elita-slovenskej-mediciny-predstavi-novinky-jarne-sympozium-v-kosiciach-prilaka-stovky-lekarskych-specialistov\/\">Elita slovenskej medic\u00edny predstav\u00ed novinky: Jarn\u00e9 symp\u00f3zium v Ko\u0161iciach pril\u00e1ka stovky lek\u00e1rskych \u0161pecialistov<\/a><\/td><td><\/td><\/tr><tr><td>19.03.2025 &#8211; ta3.com: <a href=\"https:\/\/www.ta3.com\/clanok\/985787\/elita-slovenskej-mediciny-predstavi-novinky-jarne-sympozium-v-kosiciach-prilaka-stovky-lekarskych-specialistov\">Elita slovenskej medic\u00edny predstav\u00ed novinky: Jarn\u00e9 symp\u00f3zium v Ko\u0161iciach pril\u00e1ka stovky lek\u00e1rskych \u0161pecialistov<\/a><\/td><td><\/td><\/tr><tr><td>14.03.2025 &#8211; nemocnicakosicesaca.agel.sk: <a href=\"https:\/\/nemocnicakosicesaca.agel.sk\/o-nemocnici\/novinky\/250314-sportova-medicina.html\">\u0160aca &#8211; CENTRUM \u0160PORTOVEJ MEDIC\u00cdNY NA V\u00ddCHODE<\/a><\/td><td><\/td><\/tr><tr><td>14.03.2025 &#8211; kosice.dnes24.sk: <a href=\"https:\/\/kosice.dnes24.sk\/okres\/kraj\/vyznamny-uspech-a-milnik-nemocnice-v-saci-roboticky-operovala-uz-100-krat-460609\">V\u00fdznamn\u00fd \u00faspech a m\u00ed\u013enik nemocnice v \u0160aci: Roboticky tam operovali u\u017e 100-kr\u00e1t<\/a><\/td><td><\/td><\/tr><tr><td>14.03.2025 &#8211; tlacovespravy.sme.sk: <a href=\"https:\/\/tlacovespravy.sme.sk\/c\/23462456\/saca-centrum-sportovej-mediciny-na-vychode.html\">\u0160aca &#8211; centrum \u0161portovej medic\u00edny na v\u00fdchode<\/a><\/td><td><\/td><\/tr><tr><td>13.03.2025 &#8211; nazdravie.sk: <a href=\"https:\/\/www.nazdravie.sk\/vychodne-slovensko-spaja-sily-v-boji-proti-rakovine-prevencia-potrebuje-najvyssiu-prioritu\/\">V\u00fdchodn\u00e9 Slovensko sp\u00e1ja sily v boji proti rakovine: prevencia potrebuje najvy\u0161\u0161iu prioritu<\/a><\/td><td><\/td><\/tr><tr><td>13.03.2025 &#8211; tasr.sk: <a href=\"https:\/\/www.tasr.sk\/tasr-clanok\/TASR:2025031300000337\">Zao\u010dkovanos\u0165 det\u00ed proti v\u00edrusu HPV na v\u00fdchode je pod\u013ea odborn\u00edkov alarmuj\u00faca<\/a><\/td><td><\/td><\/tr><tr><td>13.03.2025 &#8211; hn24.hnonline.sk: <a href=\"https:\/\/hn24.hnonline.sk\/hn24\/96200040-zaockovanost-deti-proti-virusu-hpv-na-vychode-je-podla-odbornikov-alarmujuca\">Zao\u010dkovanos\u0165 det\u00ed proti v\u00edrusu HPV na v\u00fdchode je pod\u013ea odborn\u00edkov alarmuj\u00faca<\/a><\/td><td><\/td><\/tr><tr><td>13.03.2025 &#8211; spravy.pravda.sk: <a href=\"https:\/\/spravy.pravda.sk\/domace\/clanok\/744389-situacia-na-vychodnom-slovensku-je-alarmujuca-nizka-zaockovanost-proti-hpv-moze-mat-fatalne-nasledky\/\">Situ\u00e1cia na v\u00fdchodnom Slovensku je alarmuj\u00faca: n\u00edzka zao\u010dkovanos\u0165 proti HPV m\u00f4\u017ee ma\u0165 fat\u00e1lne n\u00e1sledky<\/a><\/td><td><\/td><\/tr><tr><td>13.03.2025 &#8211; Lek\u00e1rske listy: Mimok\u013abov\u00e9 prejavy reumatoidnej artrit\u00eddy (tla\u010d)<\/td><td><\/td><\/tr><tr><td>12.03.2025 &#8211; lekarskenoviny.sk: <a href=\"https:\/\/lekarskenoviny.sk\/index.php\/2025\/03\/12\/v-nemocnici-agel-kosice-saca-vykonali-100-roboticku-operaciu\/\">V&nbsp;Nemocnici AGEL Ko\u0161ice-\u0160aca vykonali 100. robotick\u00fa oper\u00e1ciu<\/a><\/td><td><\/td><\/tr><tr><td>12.03.2025 &#8211; cusp.uniba.sk: <a href=\"https:\/\/cusp.uniba.sk\/detail-aktuality\/back_to_page\/kontakt-10\/article\/letneho-reumatologickeho-kurzu-sa-moze-zucastnit-aj-12-studentov-z-lf-uk\/\">Letn\u00e9ho reumatologick\u00e9ho kurzu sa m\u00f4\u017ee z\u00fa\u010dastni\u0165 aj 12 \u0161tudentov z LF UK<\/a><\/td><td><\/td><\/tr><tr><td>10.03.2025 &#8211; nemocnicakosicesaca.agel.sk: <a href=\"https:\/\/nemocnicakosicesaca.agel.sk\/o-nemocnici\/novinky\/250310-sta-operacia.html\">V Nemocnici AGEL Ko\u0161ice-\u0160aca vykonali 100. robotick\u00fa oper\u00e1ciu<\/a><\/td><td><\/td><\/tr><tr><td>10.03.2025 &#8211; eastmag.sk: <a href=\"https:\/\/eastmag.sk\/2025\/03\/10\/v-nemocnici-v-saci-dnes-vykonali-100-roboticku-operaciu\/\">V&nbsp;Nemocnici v \u0160aci dnes vykonali 100. robotick\u00fa oper\u00e1ciu<\/a><\/td><td><\/td><\/tr><tr><td>10.03.2025 &#8211; vedanadosah.cvtisr.sk: <a href=\"https:\/\/vedanadosah.cvtisr.sk\/ludia\/psychologia-a-pedagogika\/lisajniky-ako-bojovnici-proti-depresii-svetovy-vyskum-terezie-kiskovej-moze-priniest-nove-prirodne-lieciva\/\">Li\u0161ajn\u00edky ako bojovn\u00edci proti depresii? Svetov\u00fd v\u00fdskum Ter\u00e9zie Kiskovej m\u00f4\u017ee prinies\u0165 nov\u00e9 pr\u00edrodn\u00e9 lie\u010div\u00e1<\/a><\/td><td><\/td><\/tr><tr><td>07.03.2025 &#8211; nemocnicakosicesaca.agel.sk: <a href=\"https:\/\/nemocnicakosicesaca.agel.sk\/o-nemocnici\/novinky\/250307-mod-perinatologia.html\">Gynekol\u00f3govia si vymenili teoretick\u00e9 a praktick\u00e9 sk\u00fasenosti: Kongres Modern\u00e1 perinatol\u00f3gia priniesol najnov\u0161ie poznatky z oblasti starostlivosti o tehotn\u00e9 \u017eeny a novorodencov<\/a><\/td><td><\/td><\/tr><tr><td>06.03.2025 &#8211; Zdravotn\u00edcke noviny: V Ko\u0161iciach operovali mitr\u00e1lnu chlop\u0148u inovat\u00edvnou met\u00f3dou s pomocou 3D ve\u017ei (tla\u010d)<\/td><td><\/td><\/tr><tr><td>04.03.2025 &#8211; kosiceonline.sk: <a href=\"https:\/\/www.kosiceonline.sk\/odbornici-zo-skoly-obezity-v-kosiciach-pomahaju-detom-a-rodinam-v-boji-s-obezitou\">DFN usporiadala podujatie \u017divot bez obezity<\/a><\/td><td><\/td><\/tr><tr><td>04.03.2025 &#8211; vskratke.sk: <a href=\"https:\/\/www.vskratke.sk\/cenu-mesta-dostane-10-osobnosti-a-3-kolektivy-poslanci-rozhodli-aj-o-udeleni-ocenenia-pro-urbe\/\">Cenu mesta dostane 10 osobnost\u00ed a 3 kolekt\u00edvy, poslanci rozhodli aj o udelen\u00ed ocenenia \u201ePro Urbe\u201c<\/a><\/td><td><\/td><\/tr><tr><td>01.03.2025 &#8211; slovenskodnes.sk: <a href=\"https:\/\/slovenskodnes.sk\/spravy\/slovensko\/kosice\/cenu-mesta-kosice-dostane-10-osobnosti-a-3-kolektivy\/\">Cenu mesta Ko\u0161ice dostane 10 osobnost\u00ed a 3 kolekt\u00edvy<\/a><\/td><td><\/td><\/tr><\/tbody><\/table><\/figure>\n\n\n\n<p><strong>Febru\u00e1r 2025<\/strong><\/p>\n\n\n\n<figure class=\"wp-block-table is-style-stripes\"><table><tbody><tr><td>28.02.2025 &#8211; teraz.sk: Ministerstvo: <a href=\"https:\/\/www.teraz.sk\/slovensko\/mz-od-februara-do-rezidentskeho-stu\/860074-clanok.html\">Od febru\u00e1ra do rezidentsk\u00e9ho \u0161t\u00fadia zaradili 43 lek\u00e1rov<\/a><\/td><td><\/td><\/tr><tr><td>28.02.2025 &#8211; kosice.sk: <a href=\"https:\/\/www.kosice.sk\/clanok\/cenu-mesta-dostane-10-osobnosti-a-3-kolektivy-poslanci-rozhodli-aj-o-udeleni-ocenenia-pro-urbe\">Cenu mesta dostane 10 osobnost\u00ed a 3 kolekt\u00edvy, poslanci rozhodli aj o udelen\u00ed ocenenia \u201ePro Urbe\u201c<\/a><\/td><td><\/td><\/tr><tr><td>28.02.2025 &#8211; eastmag.sk: <a href=\"https:\/\/eastmag.sk\/2025\/02\/28\/cenu-mesta-kosice-dostane-10-osobnosti-a-3-kolektivy-poslanci-rozhodli-aj-o-udeleni-ocenenia-pro-urbe\/\">Cenu mesta Ko\u0161ice dostane 10 osobnost\u00ed a 3 kolekt\u00edvy, poslanci rozhodli aj o udelen\u00ed ocenenia \u201ePro Urbe\u201c<\/a><\/td><td><\/td><\/tr><tr><td>28.02.2025 &#8211; kosice.dnes24.sk: <a href=\"https:\/\/kosice.dnes24.sk\/okres\/kraj\/skutocne-celebrity-a-obrovske-osobnosti-ocenenie-mesta-ziskaju-mnohi-uspesni-kosicania-460066\">SKUTO\u010cN\u00c9 celebrity a obrovsk\u00e9 osobnosti: Ocenenie mesta z\u00edskaj\u00fa mnoh\u00ed \u00faspe\u0161n\u00ed Ko\u0161i\u010dania<\/a><\/td><td><\/td><\/tr><tr><td>26.02.2025 &#8211; nemocnicakosicesaca.agel.sk: <a href=\"https:\/\/nemocnicakosicesaca.agel.sk\/o-nemocnici\/novinky\/250226.html\">Pokrok v \u00farovni diagnostiky a lie\u010dby rakoviny prsn\u00edka: V Nemocnici AGEL Ko\u0161ice-\u0160aca otvorili nov\u00e9 modern\u00e9 Mam\u00e1rne centrum<\/a><\/td><td><\/td><\/tr><tr><td>26.02.2025 &#8211; eastmag.sk: <a href=\"https:\/\/eastmag.sk\/2025\/02\/26\/diagnostika-a-liecba-rakoviny-prsnika-bude-opat-lepsia-nemocnica-v-saci-otvorila-nove-moderne-mamarne-centrum\/\">Diagnostika a lie\u010dba rakoviny prsn\u00edka bude op\u00e4\u0165 lep\u0161ia. Nemocnica v \u0160aci otvorila nov\u00e9 modern\u00e9 Mam\u00e1rne centrum<\/a><\/td><td><\/td><\/tr><tr><td>26.02.2025 &#8211; kosice.dnes24.sk: <a href=\"https:\/\/kosice.dnes24.sk\/okres\/kraj\/vyznamny-krok-v-kosickej-nemocnici-spustili-tam-nove-mamarne-centrum-co-vsetko-zlepsi-459965\">V\u00ddZNAMN\u00dd krok v ko\u0161ickej nemocnici, spustili tam nov\u00e9 Mam\u00e1rne centrum: \u010co v\u0161etko zlep\u0161\u00ed?<\/a><\/td><td><\/td><\/tr><tr><td>26.02.2025 &#8211; tasr.sk: <a href=\"https:\/\/www.tasr.sk\/tasr-clanok\/TASR:2025022600000357\">V nemocnici v ko\u0161ickej \u0160aci otvorili nov\u00e9 mam\u00e1rne centrum<\/a><\/td><td><\/td><\/tr><tr><td>26.02.2025 &#8211; teraz.sk: <a href=\"https:\/\/www.teraz.sk\/slovensko\/v-nemocnici-v-kosickej-saci-otvorili-n\/859657-clanok.html\">VIDEO: V nemocnici v ko\u0161ickej \u0160aci otvorili nov\u00e9 mam\u00e1rne centrum<\/a><\/td><td><\/td><\/tr><tr><td>26.02.2025 &#8211; lekari.sk: <a href=\"https:\/\/lekari.sk\/denna-sprava\/V-nemocnici-v-kosickej-Saci-otvorili-nove-mamarne-centrum-61503.html\">V nemocnici v ko\u0161ickej \u0160aci otvorili nov\u00e9 mam\u00e1rne centrum<\/a><\/td><td><\/td><\/tr><tr><td>26.02.2025 &#8211; kosiceonline.sk: <a href=\"https:\/\/www.kosiceonline.sk\/nemocnica-v-saci-otvorila-nove-mamarne-centrum\">Nemocnica v \u0160aci otvorila nov\u00e9 Mam\u00e1rne centrum<\/a><\/td><td><\/td><\/tr><tr><td>25.02.2025 &#8211; kosicednes.sk: <a href=\"https:\/\/kosicednes.sk\/spravy\/slovensko\/kosice\/plne-endoskopicke-operacie-srdca-sa-vo-vusch-stavaju-realitou\/\">Plne endoskopick\u00e9 oper\u00e1cie srdca sa vo V\u00daSCH st\u00e1vaj\u00fa realitou<\/a><\/td><td><\/td><\/tr><tr><td>25.02.2025 &#8211; medicina.trend.sk: <a href=\"https:\/\/medicina.trend.sk\/2025\/02\/25\/vo-vychodoslovenskom-ustave-srdcovych-a-cievnych-chorob-vykonali-jedinecnu-operaciu\/\">Vo V\u00fdchodoslovenskom \u00fastave srdcov\u00fdch a cievnych chor\u00f4b vykonali jedine\u010dn\u00fa oper\u00e1ciu<\/a><\/td><td><\/td><\/tr><tr><td>25.02.2025 &#8211; kosiceonline.sk: <a href=\"https:\/\/www.kosiceonline.sk\/vusch-vykonala-prvu-plne-endoskopicka-operaciu-srdca-na-slovensku\">Vo V\u00daSCH-u sa podarila prv\u00e1 plne endoskopick\u00e1 oper\u00e1cia srdca na Slovensku<\/a><\/td><td><\/td><\/tr><tr><td>25.02.2025 &#8211; mediweb.hnonline.sk: <a href=\"https:\/\/mediweb.hnonline.sk\/zdn\/inovacie\/96196826-ako-prvi-na-slovensku-vykonali-plne-endoskopicku-operaciu-mitralnej-chlopne\">Ako prv\u00ed na Slovensku vykonali plne endoskopick\u00fa oper\u00e1ciu mitr\u00e1lnej chlopne<\/a><\/td><td><\/td><\/tr><tr><td>25.02.2025 &#8211; lekari.sk: <a href=\"https:\/\/lekari.sk\/denna-sprava\/Vo-VUSCH-vykonali-prvu-plne-endoskopicku-operaciu-mitralnej-chlopne-61487.html\">Vo V\u00daSCH vykonali prv\u00fa plne endoskopick\u00fa oper\u00e1ciu mitr\u00e1lnej chlopne<\/a><\/td><td><\/td><\/tr><tr><td>25.02.2025 &#8211; teraz.sk: <a href=\"https:\/\/www.teraz.sk\/slovensko\/vo-vusch-vykonali-prvu-plne-endoskopic\/859261-clanok.html\">V Ko\u0161iciach vykonali prv\u00fa plne endoskopick\u00fa oper\u00e1ciu mitr\u00e1lnej chlopne<\/a><\/td><td><\/td><\/tr><tr><td>25.02.2025 &#8211; tasr.sk: <a href=\"https:\/\/www.tasr.sk\/tasr-clanok\/TASR:2025022500000150\">Vo V\u00daSCH vykonali prv\u00fa plne endoskopick\u00fa oper\u00e1ciu mitr\u00e1lnej chlopne<\/a><\/td><td><\/td><\/tr><tr><td>25.02.2025 &#8211; cusp.uniba.sk: <a href=\"https:\/\/cusp.uniba.sk\/detail-aktuality\/back_to_page\/sluzby-3\/article\/rozvijame-spolupracu-s-univerzitou-v-groningene\/\">Rozv\u00edjame spolupr\u00e1cu s Univerzitou v Groningene<\/a><\/td><td><\/td><\/tr><tr><td>23.02.2025 &#8211; plus7dni.pluska.sk: <a href=\"https:\/\/plus7dni.pluska.sk\/rozhovory\/docent-adrian-kolesar-vusch-rossova-operacia-prvi-na-svete-kristalove-kridlo-2025\">Kardiochirurg Adrian Koles\u00e1r: \u201eDokonal\u00e1 chlop\u0148ov\u00e1 n\u00e1hrada neexistuje, v\u017edy je lep\u0161ia jej oprava<\/a><\/td><td><\/td><\/tr><tr><td>23.02.2025 &#8211; kosicak.sk: <a href=\"https:\/\/www.kosicak.sk\/clanky\/5226\/vychodniari-maju-silne-zastupenie-v-nominaciach-na-ocenenie-kristalove-kridlo-boduju-v-medicine-aj-hudbe\">V\u00fdchodniari maj\u00fa siln\u00e9 zast\u00fapenie v nomin\u00e1ci\u00e1ch na ocenenie Kri\u0161t\u00e1\u013eov\u00e9 kr\u00eddlo, boduj\u00fa v medic\u00edne aj hudbe<\/a><\/td><td><\/td><\/tr><tr><td>23.02.2025 &#8211; sita.sk: <a href=\"https:\/\/sita.sk\/tinedzer-vykasliaval-krv-lekari-potvrdili-nadmerny-vaping\/\">T\u00edned\u017eer vyka\u0161liaval krv, lek\u00e1ri potvrdili nadmern\u00fd vaping<\/a>\u202f<\/td><td><\/td><\/tr><tr><td>23.02.2025 &#8211; aktuality24.sk: <a href=\"https:\/\/www.aktuality24.sk\/tinedzer-vykasliaval-krv-lekari-potvrdili-nadmerny-vaping\/\">T\u00edned\u017eer vyka\u0161liaval krv, lek\u00e1ri potvrdili nadmern\u00fd vaping\u202f<\/a><\/td><td><\/td><\/tr><tr><td>21.02.2025 &#8211; istream.sk: <a href=\"https:\/\/www.istream.sk\/odisla-vynimocna-lekarka-zanechala-nezmazatelnu-stopu-v-slovenskej-medicine\/\">Odi\u0161la v\u00fdnimo\u010dn\u00e1 lek\u00e1rka. Zanechala nezmazate\u013en\u00fa stopu v slovenskej medic\u00edne<\/a><\/td><td><\/td><\/tr><tr><td>21.02.2025 &#8211; kosice.zoznam.sk: <a href=\"https:\/\/kosice.zoznam.sk\/obrovska-strata-zomrela-vyznamna-profesorka-a-uznavana-lekarka-bola-fantasticky-clovek-smutia-pacienti\/\">OBROVSK\u00c1 STRATA Zomrela v\u00fdznamn\u00e1 profesorka a uzn\u00e1van\u00e1 LEK\u00c1RKA! Bola fantastick\u00fd \u010dlovek, sm\u00fatia pacienti<\/a><\/td><td><\/td><\/tr><tr><td>20.02.2025 &#8211; kosicak.sk: <a href=\"https:\/\/www.kosicak.sk\/clanky\/5223\/zomrela-vyznamna-kosicka-lekarka-a-profesorka-venovala-sa-medicine-v-nemocnici-aj-studentom-na-upjs\">Zomrela v\u00fdznamn\u00e1 ko\u0161ick\u00e1 lek\u00e1rka a profesorka, venovala sa medic\u00edne v nemocnici aj \u0161tudentom na UPJ\u0160<\/a><\/td><td><\/td><\/tr><tr><td>19.02.2025 &#8211; eastmag.sk: <a href=\"https:\/\/eastmag.sk\/2025\/02\/19\/profesor-skorvanek-z-kosic-je-nominovany-na-cenu-kristalove-kridlo\/\">Profesor \u0160korv\u00e1nek z Ko\u0161\u00edc je nominovan\u00fd na cenu Kri\u0161t\u00e1\u013eov\u00e9 kr\u00eddlo<\/a><\/td><td><\/td><\/tr><tr><td>18.02.2025 &#8211; zdravotnickydennik.sk: <a href=\"https:\/\/zdravotnickydennik.sk\/2025\/02\/v-kosiciach-skolia-lekarov-v-zakrokoch-po-vaznych-poraneniach-hlavy\/\">V Ko\u0161iciach \u0161kolia lek\u00e1rov na v\u00e1\u017ene poranenia hlavy. Kurzy sa robia na \u013eudsk\u00fdch tel\u00e1ch<\/a><\/td><td><\/td><\/tr><tr><td>17.02.2025 &#8211; nemocnicakosicesaca.agel.sk: <a href=\"https:\/\/nemocnicakosicesaca.agel.sk\/o-nemocnici\/novinky\/250217-tep-pribeh.html\">Pr\u00edbeh pacientky: Be\u017en\u00fa chr\u00edpku takmer \u201enerozchodila\u201c. Vy\u00fastila do ak\u00fatnej paral\u00fdzy doln\u00fdch kon\u010dat\u00edn<\/a><\/td><td><\/td><\/tr><tr><td>17.02.2025 &#8211; eastmag.sk: <a href=\"https:\/\/eastmag.sk\/2025\/02\/17\/pribeh-pacientky-beznu-chripku-takmer-nerozchodila-vyustila-do-akutnej-paralyzy-dolnych-koncatin\/\">Pr\u00edbeh pacientky: Be\u017en\u00fa chr\u00edpku takmer \u201enerozchodila\u201c. Vy\u00fastila do ak\u00fatnej paral\u00fdzy doln\u00fdch kon\u010dat\u00edn<\/a><\/td><td><\/td><\/tr><tr><td>15.02.2025 &#8211; noviny.sk: <a href=\"https:\/\/www.noviny.sk\/slovensko\/1024842-lekarska-konferencia-v-ziline-nove-poznatky-v-boji-proti-skleroze-multiplex\">Lek\u00e1rska konferencia v \u017diline priniesla nov\u00e9 poznatky v boji proti skler\u00f3ze multiplex<\/a><\/td><td><\/td><\/tr><tr><td>11.02.2025 &#8211; mediweb.hnonline.sk: <a href=\"https:\/\/mediweb.hnonline.sk\/zdn\/rozhovory\/96194107-mladeho-lekara-neodradilo-13-odmietnuti-ako-som-si-splnil-sen-o-vlastnej-ambulancii\">Mlad\u00e9ho lek\u00e1ra neodradilo 13 odmietnut\u00ed: Ako som si splnil sen o vlastnej ambulancii<\/a><\/td><td><\/td><\/tr><tr><td>11.02.2025 &#8211; eastmag.sk: <a href=\"https:\/\/eastmag.sk\/2025\/02\/11\/v-kosiciach-posobia-najrespektovanejsie-top-osobnosti-mediciny-2025-ocenil-ich-magazin-forbes\/\">V Ko\u0161iciach p\u00f4sobia najre\u0161pektovanej\u0161ie Top osobnosti medic\u00edny 2025, ocenil ich magaz\u00edn FORBES<\/a><\/td><td><\/td><\/tr><tr><td>10.02.2025 &#8211; lekarskenoviny.sk: <a href=\"https:\/\/lekarskenoviny.sk\/index.php\/2025\/02\/10\/v-unlp-posobia-najrespektovanejsie-top-osobnosti-mediciny-2025-ocenil-ich-magazin-forbes\/\">V UNLP p\u00f4sobia najre\u0161pektovanej\u0161ie Top osobnosti medic\u00edny 2025, ocenil ich magaz\u00edn FORBES<\/a><\/td><td><\/td><\/tr><tr><td>08.02.2025 &#8211; forbes.sk: <a href=\"https:\/\/www.forbes.sk\/rontgen-uz-precita-aj-ai-primarka-radiologie-aj-o-tom-preco-kanadania-respektuju-odbornikov-viac-ako-slovaci\/\">R\u00f6ntgen u\u017e pre\u010d\u00edta aj AI. Prim\u00e1rka r\u00e1diol\u00f3gie aj o&nbsp;tom, pre\u010do Kana\u010fania re\u0161pektuj\u00fa odborn\u00edkov viac, ako Slov\u00e1ci<\/a><\/td><td><\/td><\/tr><tr><td>08.02.2025 &#8211; techbyte.sk: <a href=\"https:\/\/www.techbyte.sk\/2025\/02\/tiktokom-sa-siri-dalsia-nebezpecna-vyzva\/\">POZOR: TikTokom sa \u0161\u00edri \u010eAL\u0160IA nebezpe\u010dn\u00e1 v\u00fdzva. Lek\u00e1ri s\u00fa v \u0161oku, ohrozen\u00e9 s\u00fa aj slovensk\u00e9 deti<\/a><\/td><td><\/td><\/tr><tr><td>06.02.2025 &#8211; Zdravotn\u00edcke noviny: AI je schopn\u00e1 odhali\u0165 prv\u00e9 pr\u00edznaky Alzheimera (tla\u010d)<\/td><td><\/td><\/tr><tr><td>06.02.2025 &#8211; FORBES: Top osobnosti medic\u00edny (tla\u010d)<\/td><td><\/td><\/tr><\/tbody><\/table><\/figure>\n\n\n\n<p><strong>Janu\u00e1r 2025<\/strong><\/p>\n\n\n\n<figure class=\"wp-block-table is-style-stripes\"><table><tbody><tr><td>28.01.2025 &#8211; MOJA PSYCHOL\u00d3GIA: Do \u0161koly SA NETE\u0160\u00cdM! (tla\u010d)<\/td><td><\/td><\/tr><tr><td>25.01.2025 &#8211; nemocnicakosicesaca.agel.sk: <a href=\"https:\/\/nemocnicakosicesaca.agel.sk\/o-nemocnici\/novinky\/250124-matka-a-dieta.html\">Rodi\u010dka a novorodenec stredobodom z\u00e1ujmu: V Nemocnici AGEL Ko\u0161ice-\u0160aca si vymenili sk\u00fasenosti odborn\u00edci na starostlivos\u0165 o matku a die\u0165a<\/a><\/td><td><\/td><\/tr><tr><td>23.01.2025 &#8211; Zdravotn\u00edcke noviny: V\u00daSCH a z\u00e1chran\u00e1ri spolu tr\u00e9nuj\u00fa ur\u00fdchlen\u00e9 pripojenie pacienta na mimotelov\u00fd obeh pomocou zariadenia ECMO (tla\u010d)<\/td><td><\/td><\/tr><tr><td>22.1.2025 &#8211; mediweb.hnonline.sk: <a href=\"https:\/\/mediweb.hnonline.sk\/zdn\/spravy\/96190552-najnovsie-trendy-a-vyzvy-v-perinatologii-zaoberat-sa-nimi-budu-odbornici-na-kongrese-v-kosiciach\">Najnov\u0161ie trendy a v\u00fdzvy v perinatol\u00f3gii. Zaobera\u0165 sa nimi bud\u00fa odborn\u00edci na kongrese v Ko\u0161iciach<\/a><\/td><td><\/td><\/tr><tr><td>21.01.2025 &#8211; zdravoteka.sk: <a href=\"https:\/\/zdravoteka.sk\/magazin\/stitna-zlaza-problemy-priznaky\/\">\u0160t\u00edtna \u017e\u013eaza: mot\u00fd\u013e, ktor\u00fd zam\u00e1va horm\u00f3nmi. Spoznajte probl\u00e9my a pr\u00edznaky naru\u0161enej funkcie<\/a><\/td><td><\/td><\/tr><tr><td>20.01.2025 &#8211; vavia.agel.sk: <a href=\"https:\/\/vavia.agel.sk\/novinky\/250120-spolupraca\">Lek\u00e1rska fakulta UPJ\u0160 v Ko\u0161iciach rozv\u00edja spolupr\u00e1cu s v\u00fdskumn\u00fdm in\u0161tit\u00fatom AGEL<\/a><\/td><td><\/td><\/tr><tr><td>16.01.2025 &#8211; kosiceonline.sk: <a href=\"https:\/\/www.kosiceonline.sk\/kosicki-zachranari-a-personal-vusch-trenovali-novu-metodiku-pri-zastave-obehu\">Ko\u0161ick\u00ed z\u00e1chran\u00e1ri a person\u00e1l V\u00daSCH tr\u00e9novali nov\u00fa metodiku pri z\u00e1stave obehu<\/a><\/td><td><\/td><\/tr><tr><td>16.01.2025 &#8211; lekari.sk: <a href=\"https:\/\/lekari.sk\/denna-sprava\/VUSCH-a-zachranari-cvicia-urychlene-pripojenie-pacienta-na-mimotelovy-obeh-61116.html\">V\u00daSCH a z\u00e1chran\u00e1ri cvi\u010dia ur\u00fdchlen\u00e9 pripojenie pacienta na mimotelov\u00fd obeh<\/a><\/td><td><\/td><\/tr><tr><td>16.01.2025 &#8211; slovenskodnes.sk: <a href=\"https:\/\/slovenskodnes.sk\/spravy\/slovensko\/kosice\/vdaka-spolupraci-vusch-a-zske-sa-podari-zachranit-viac-zivotov-foto\/\">V\u010faka spolupr\u00e1ci V\u00daSCH a ZSKE sa podar\u00ed zachr\u00e1ni\u0165 viac \u017eivotov<\/a><\/td><td><\/td><\/tr><tr><td>16.01.2025 &#8211; mediweb.hnonline.sk: <a href=\"https:\/\/mediweb.hnonline.sk\/zdn\/spravy\/96189566-ide-o-cas-kardiologovia-a-zachranari-trenovali-novu-metodiku-zachrany-pacienta-so-zastavou-obehu\">Ide o \u010das. Kardiol\u00f3govia a z\u00e1chran\u00e1ri tr\u00e9novali nov\u00fa metodiku z\u00e1chrany pacienta so z\u00e1stavou obehu<\/a><\/td><td><\/td><\/tr><tr><td>16.01.2025 &#8211; kosice.korzar.sme.sk: <a href=\"https:\/\/kosice.korzar.sme.sk\/c\/23436724\/zachranari-a-personal-karioustavu-precvicovali-urychlene-pripojenie-pacienta-na-mimotelovy-obeh.html\">Z\u00e1chran\u00e1ri a person\u00e1l kardio\u00fastavu precvi\u010dovali ur\u00fdchlen\u00e9 pripojenie pacienta na mimotelov\u00fd obeh<\/a><\/td><td><\/td><\/tr><tr><td>16.01.2025 &#8211; www.teraz.sk: <a href=\"https:\/\/www.teraz.sk\/regiony\/vusch-a-zachranari-cvicia-urychlen\/849757-clanok.html\">Z\u00e1chranka a kardio\u00fastav cvi\u010dia pripojenie pacienta na mimotelov\u00fd obeh<\/a><\/td><td><\/td><\/tr><tr><td>16.01.2025 &#8211; www.tasr.sk: <a href=\"https:\/\/www.tasr.sk\/tasr-clanok\/TASR:2025011600000181\">V\u00daSCH a z\u00e1chran\u00e1ri cvi\u010dia ur\u00fdchlen\u00e9 pripojenie pacienta na mimotelov\u00fd obeh<\/a><\/td><td><\/td><\/tr><tr><td>16.01.2025 &#8211; lekarskenoviny.sk: <a href=\"https:\/\/lekarskenoviny.sk\/index.php\/2025\/01\/16\/nova-plucna-chlopna-skvalitni-zivot-mlademu-pacientovi\/\">Nov\u00e1 p\u013e\u00facna chlop\u0148a skvalitn\u00ed \u017eivot mlad\u00e9mu pacientovi<\/a><\/td><td><\/td><\/tr><tr><td>10.01.2025 &#8211; HN magaz\u00edn: Aj vo svojom veku si d\u00e1vam druh\u00fa \u0161ancu (tla\u010d)<\/td><td><\/td><\/tr><tr><td>10.01.2025 &#8211; HN magaz\u00edn: Ako n\u00e1m hor\u010d\u00edk men\u00ed kvalitu \u017eivota (tla\u010d)<\/td><td><\/td><\/tr><tr><td>09.01.2025 &#8211; tvnoviny.sk: <a href=\"https:\/\/tvnoviny.sk\/domace\/clanok\/945118-obava-pred-dalsou-pandemiou-virus-hmpv-nie-je-ziadnou-novinkou\">Obava pred \u010fal\u0161ou pand\u00e9miou? V\u00edrus HMPV nie je \u017eiadnou novinkou<\/a><\/td><td><\/td><\/tr><tr><td>03.01.2025 &#8211; nemocnicakosicesaca.agel.sk: <a href=\"https:\/\/nemocnicakosicesaca.agel.sk\/o-nemocnici\/novinky\/250103-porody-2024.html\">Prv\u00fdm die\u0165atkom roka 2025 v Nemocnici AGEL Ko\u0161ice-\u0160aca je Mirko. Vo vyh\u013ead\u00e1vanej p\u00f4rodnici sa v uplynulom roku narodilo takmer 1 700 b\u00e1b\u00e4tiek<\/a><\/td><td><\/td><\/tr><tr><td>03.01.2025 &#8211; Zdravotn\u00edcke noviny: Komplikovan\u00e9 \u0161pecializa\u010dn\u00e9 \u0161t\u00fadium odr\u00e1dza lek\u00e1rov zosta\u0165 doma (tla\u010d)<\/td><td><\/td><\/tr><tr><td>01.01.2025 &#8211; tvnoviny.sk: <a href=\"https:\/\/tvnoviny.sk\/domace\/clanok\/943903-unikatny-objav-kosickych-vedcov-specialne-kvapky-pomozu-psom-s-tymto-cohorenim\">Unik\u00e1tny objav ko\u0161ick\u00fdch vedcov. \u0160peci\u00e1lne kvapky pom\u00f4\u017eu psom s t\u00fdmto ochoren\u00edm<\/a><\/td><td><\/td><\/tr><\/tbody><\/table><\/figure>\n\n\n\n<p><strong>December 2024<\/strong><\/p>\n\n\n\n<figure class=\"wp-block-table is-style-stripes\"><table><tbody><tr><td>20.12.2024 &#8211; kosice.korzar.sme.sk: <a href=\"https:\/\/kosice.korzar.sme.sk\/c\/23426600\/sabol-od-januara-povedie-obe-nemocnice-v-saci-najvacsi-benefit-budu-mat-pacienti.html\">Sabol od janu\u00e1ra povedie obe nemocnice v \u0160aci: Najv\u00e4\u010d\u0161\u00ed benefit bud\u00fa ma\u0165 pacienti<\/a><\/td><td><\/td><\/tr><tr><td>20.12.2024 &#8211; ozdravme.sk: <a href=\"https:\/\/www.ozdravme.sk\/Dokument\/101702\/nemocnica-saca-a-kardiocentrum-saca-budu-povedie-profesor-frantisek-sabol.aspx\">Nemocnica AGEL\u0160aca a AGEL Kardiocentrum \u0160aca povedie profesor Franti\u0161ek Sabol<\/a><\/td><td><\/td><\/tr><tr><td>19.12.2024 &#8211; emocnicakosicesaca.agel.sk: <a href=\"https:\/\/nemocnicakosicesaca.agel.sk\/o-nemocnici\/novinky\/241219-rozhovor.html\">Obe naj\u00faspe\u0161nej\u0161ie nemocnice v \u0160aci povedie profesor Sabol<\/a><\/td><td><\/td><\/tr><tr><td>19.12.2024 &#8211; eastmag.sk: <a href=\"https:\/\/eastmag.sk\/2024\/12\/19\/obe-najuspesnejsie-nemocnice-v-saci-povedie-profesor-frantisek-sabol\/\">Obe naj\u00faspe\u0161nej\u0161ie nemocnice v \u0160aci povedie profesor Franti\u0161ek Sabol<\/a><\/td><td><\/td><\/tr><tr><td>19.12.2024 &#8211; tlacovespravy.sme.sk: <a href=\"https:\/\/tlacovespravy.sme.sk\/c\/23426310\/obe-najuspesnejsie-nemocnice-v-saci-povedie-profesor-sabol.html\">Obe naj\u00faspe\u0161nej\u0161ie nemocnice v \u0160aci povedie profesor Sabol<\/a><\/td><td><\/td><\/tr><tr><td>19.12.2024 &#8211; Lek\u00e1rske listy: V\u010dasn\u00fd z\u00e1chyt CMP: FAST HEROES pre deti a ml\u00e1de\u017e smeruj\u00fa do regi\u00f3nov (tla\u010d)<\/td><td><\/td><\/tr><tr><td>19.12.2024 &#8211; Kompendium medic\u00edny: Pre\u010do je preferen\u010dn\u00e9 postavenie empaglifloz\u00ednu v lie\u010dbe pacientov s DM2? (tla\u010d)<\/td><td><\/td><\/tr><tr><td>12.12.2024 &#8211; magnetpress.online: <a href=\"https:\/\/magnetpress.online\/moje-zdravie\/uspela-vo-svete-mudr-vladimira-lang\/\">Uspela vo svete: MUDr. Vladim\u00edra Lang<\/a><\/td><td><\/td><\/tr><tr><td>11.12.2024 &#8211; lekarskenoviny.sk: <a href=\"https:\/\/lekarskenoviny.sk\/index.php\/2024\/12\/11\/za-prednostom-doc-mudr-pavlom-torokom-csc\/\">Za prednostom doc. MUDr. Pavlom T\u00f6r\u00f6kom, CSc.<\/a><\/td><td><\/td><\/tr><tr><td>11.12.2024 &#8211; Bedeker zdravia: Zdru\u017eenie SK8 chce dosta\u0165 projekt FAST HEROES viac do regi\u00f3nov (tla\u010d)<\/td><td><\/td><\/tr><tr><td>11.12.2024 &#8211; Hospod\u00e1rske noviny: Univerzitn\u00e9 nemocnice \u017eiadaj\u00fa vlastn\u00fd z\u00e1kon (tla\u010d)<\/td><td><\/td><\/tr><tr><td>05.12.2024 &#8211; skolske.sk: <a href=\"https:\/\/www.skolske.sk\/clanok\/62502\/dni-laboratornych-technologii-v-kosiciach\">Dni laborat\u00f3rnych technol\u00f3gi\u00ed v Ko\u0161iciach<\/a><\/td><td><\/td><\/tr><\/tbody><\/table><\/figure>\n\n\n\n<p><strong>November 2024<\/strong><\/p>\n\n\n\n<figure class=\"wp-block-table is-style-stripes\"><table><tbody><tr><td>27.11.2024 &#8211; dennikn.sk: <a href=\"https:\/\/dennikn.sk\/4326781\/detska-psychiatricka-rosenbergerova-samovrazednych-pokusov-je-omnoho-viac-ako-ukazuju-statistiky\/\">Detsk\u00e1 psychiatri\u010dka Rosenbergerov\u00e1: Samovra\u017eedn\u00fdch pokusov je omnoho viac, ako ukazuj\u00fa \u0161tatistiky<\/a><\/td><td><\/td><\/tr><tr><td>26.11.2024 &#8211; trend.sk: <a href=\"https:\/\/www.trend.sk\/spravy\/smrtelna-konsolidacia-pre-par-milionov-stat-obetuje-zdravie-mladych-zvysuje-buduce-vydavky\">Smrte\u013en\u00e1 konsolid\u00e1cia: Pre p\u00e1r mili\u00f3nov \u0161t\u00e1t obetuje zdravie mlad\u00fdch a zvy\u0161uje bud\u00face v\u00fddavky<\/a><\/td><td><\/td><\/tr><tr><td>19.11.2024 &#8211; dennikn.sk: <a href=\"https:\/\/dennikn.sk\/4312840\/aj-muzi-maju-svoju-andropauzu-priberaju-stracaju-libido-a-su-unaveni-no-vieme-im-pomoct-vravi-lekar\/\">Aj mu\u017ei maj\u00fa svoju andropauzu. Priberaj\u00fa, str\u00e1caj\u00fa libido a&nbsp;s\u00fa unaven\u00ed, no vieme im pom\u00f4c\u0165, vrav\u00ed lek\u00e1r<\/a><\/td><td><\/td><\/tr><tr><td>15.11.2024 &#8211; lekarne.sk: <a href=\"https:\/\/www.lekarne.sk\/denna-sprava\/MZ-Od-oktobra-do-rezidentskeho-studia-zaradili-108-lekarov-60516.html\">MZ: Od okt\u00f3bra do rezidentsk\u00e9ho \u0161t\u00fadia zaradili 108 lek\u00e1rov<\/a><\/td><td><\/td><\/tr><tr><td>15.11.2024 &#8211; lekari.sk: <a href=\"https:\/\/lekari.sk\/denna-sprava\/MZ-Od-oktobra-do-rezidentskeho-studia-zaradili-108-lekarov-60516.html\">MZ: Od okt\u00f3bra do rezidentsk\u00e9ho \u0161t\u00fadia zaradili 108 lek\u00e1rov<\/a><\/td><td><\/td><\/tr><tr><td>15.11.2024 &#8211; teraz.sk: <a href=\"https:\/\/www.teraz.sk\/slovensko\/rezort-zdravotnictva-do-rezidentskeho\/836627-clanok.html\">Od okt\u00f3bra zaradili do rezidentsk\u00e9ho \u0161t\u00fadia 108 lek\u00e1rov<\/a><\/td><td><\/td><\/tr><tr><td>12.11.2024 &#8211; myziar.sme.sk: <a href=\"https:\/\/myziar.sme.sk\/c\/23409709\/spickova-liecba-srdca-rakoviny-aj-navrat-do-zivota-po-urazoch-nase-specializovane-centra-v-akcii.html\">\u0160pi\u010dkov\u00e1 lie\u010dba srdca, rakoviny, aj n\u00e1vrat do \u017eivota po \u00farazoch: Na\u0161e \u0161pecializovan\u00e9 centr\u00e1 v akcii<\/a><\/td><td><\/td><\/tr><tr><td>07.11.2024 &#8211; TREND: Za posledn\u00fdch p\u00e4\u0165 rokov sa atestovalo z urgentnej medic\u00edny len sedem lek\u00e1rov (tla\u010d)<\/td><td><\/td><\/tr><tr><td>07.11.2024 &#8211; Zdravotn\u00edcke noviny: UNLP zav\u00e1dza novinku, ktor\u00e1 sa \u00faspe\u0161ne osved\u010dila u\u017e aj v zahrani\u010d\u00ed (tla\u010d)<\/td><td><\/td><\/tr><tr><td>07.11.2024 &#8211; medicina.trend.sk: <a href=\"https:\/\/medicina.trend.sk\/2024\/11\/07\/medici-prehovorili-o-praxi-v-nemocniciach-kde-zazili-najlepsiu-a-najhorsiu-skusenost\/\">Medici prehovorili o praxi v nemocniciach. Kde za\u017eili najlep\u0161iu a najhor\u0161iu sk\u00fasenos\u0165?<\/a><\/td><td><\/td><\/tr><tr><td>05.11.2024 &#8211; kosicak.sk: <a href=\"https:\/\/www.kosicak.sk\/clanky\/3799\/mate-znizenu-hybnost-prstov-kosicki-neurologovia-pozyvaju-na-konzultaciu-po-cievnej-mozgovej-prihode\">M\u00e1te zn\u00ed\u017een\u00fa hybnos\u0165 prstov? Ko\u0161ick\u00ed neurol\u00f3govia poz\u00fdvaj\u00fa na konzult\u00e1ciu po cievnej mozgovej pr\u00edhode<\/a><\/td><td><\/td><\/tr><\/tbody><\/table><\/figure>\n\n\n\n<p><strong>Okt\u00f3ber 2024<\/strong><\/p>\n\n\n\n<figure class=\"wp-block-table is-style-stripes\"><table><tbody><tr><td>31.10.2024 &#8211; Kompendium medic\u00edny: Kardiovaskul\u00e1rne rizik\u00e1 v dermatologickej praxi: poh\u013ead kardiol\u00f3ga a dermatol\u00f3ga (tla\u010d)<\/td><td><\/td><td class=\"has-text-align-left\" data-align=\"left\"><\/td><\/tr><tr><td>30.10.2024 &#8211; uzitocna.pravda.sk: <a href=\"https:\/\/uzitocna.pravda.sk\/seniori\/clanok\/728924-mrtvica-mava-zavazne-alebo-fatalne-nasledky-ak-viete-co-je-fast-a-preco-je-dolezity-cas-4-a-pol-hodiny-mate-polovicu-boja-o-zivo\/\">M\u0155tvica m\u00e1va z\u00e1va\u017en\u00e9 alebo fat\u00e1lne n\u00e1sledky. Ak viete, \u010do je FAST a pre\u010do je d\u00f4le\u017eit\u00fd \u010das 4 a pol hodiny m\u00e1te polovicu boja o \u017eivot vyhrat\u00fa<\/a><\/td><td><\/td><td class=\"has-text-align-left\" data-align=\"left\"><\/td><\/tr><tr><td>27.10.2024 &#8211; tasr.sk: <a href=\"https:\/\/www.tasr.sk\/tasr-clanok\/TASR:2024102700000191\">Michalovce: Najlep\u0161ou \u0161tudentkou medic\u00edny sa stala Simona Klacikov\u00e1<\/a><\/td><td><\/td><td class=\"has-text-align-left\" data-align=\"left\"><\/td><\/tr><tr><td>25.10.2024 &#8211; kosicednes.sk: <a href=\"https:\/\/kosicednes.sk\/spravy\/slovensko\/kosice\/na-hlavnej-ulici-v-kosiciach-pribudol-dalsi-automaticky-defibrilator\/\">Na Hlavnej ulici v Ko\u0161iciach pribudol \u010fal\u0161\u00ed automatick\u00fd defibril\u00e1tor<\/a><\/td><td><\/td><td class=\"has-text-align-left\" data-align=\"left\"><\/td><\/tr><tr><td>25.10.2024 &#8211; lekari.sk: <a href=\"https:\/\/lekari.sk\/denna-sprava\/Kosice-Na-Hlavnej-ulici-pribudol-dalsi-automaticky-externy-defibrilator-60287.html\">Ko\u0161ice: Na Hlavnej ulici pribudol \u010fal\u0161\u00ed automatick\u00fd extern\u00fd defibril\u00e1tor<\/a><\/td><td><\/td><td class=\"has-text-align-left\" data-align=\"left\"><\/td><\/tr><tr><td>25.10.2024 &#8211; kosice.korzar.sme.sk: <a href=\"https:\/\/kosice.korzar.sme.sk\/c\/23402922\/na-hlavnej-ulici-v-kosiciach-pribudol-dalsi-automaticky-externy-defibrilator.html\">Na Hlavnej ulici v Ko\u0161iciach pribudol \u010fal\u0161\u00ed automatick\u00fd extern\u00fd defibril\u00e1tor<\/a><\/td><td><\/td><td class=\"has-text-align-left\" data-align=\"left\"><\/td><\/tr><tr><td>25.10.2024 &#8211; nemocnicakosicesaca.agel.sk: <a href=\"https:\/\/nemocnicakosicesaca.agel.sk\/o-nemocnici\/novinky\/241025-lucanskeho.html\">Lu\u010dansk\u00e9ho memori\u00e1l priv\u00edtal v Ko\u0161iciach-\u0160aci 100 anest\u00e9ziol\u00f3gov z Ko\u0161ick\u00e9ho aj Pre\u0161ovsk\u00e9ho kraja<\/a><\/td><td><\/td><td class=\"has-text-align-left\" data-align=\"left\"><\/td><\/tr><tr><td>25.10.2024 &#8211; teraz.sk: <a href=\"https:\/\/www.teraz.sk\/regiony\/v-kosiciach-pribudol-dalsi-automatic\/831963-clanok.html\">V Ko\u0161iciach pribudol \u010fal\u0161\u00ed automatick\u00fd extern\u00fd defibril\u00e1tor<\/a><\/td><td><\/td><td class=\"has-text-align-left\" data-align=\"left\"><\/td><\/tr><tr><td>24.10.2024 &#8211; noviny.sk: <a href=\"https:\/\/www.noviny.sk\/slovensko\/983022-prelom-v-zdravotnictve-lekarom-pri-diagnostike-bude-pomahat-umela-inteligencia\">Prelom v zdravotn\u00edctve: Lek\u00e1rom pri diagnostike bude pom\u00e1ha\u0165 umel\u00e1 inteligencia<\/a><\/td><td><\/td><td class=\"has-text-align-left\" data-align=\"left\"><\/td><\/tr><tr><td>24.10.2024 &#8211; kosicak.sk: <a href=\"https:\/\/www.kosicak.sk\/clanky\/3696\/video-predbehli-sme-dobu-umela-inteligencia-made-in-kosice-znamena-prelom-v-liecbe-srdcovych-ochoreni\">VIDEO: Predbehli sme dobu. Umel\u00e1 inteligencia MADE IN KO\u0160ICE znamen\u00e1 prelom v lie\u010dbe srdcov\u00fdch ochoren\u00ed<\/a><\/td><td><\/td><td class=\"has-text-align-left\" data-align=\"left\"><\/td><\/tr><tr><td>24.10.2024 &#8211; kosicednes.sk: <a href=\"https:\/\/kosicednes.sk\/veda-a-technika\/v-kosiciach-vyrabaju-prvy-ultrazvukovy-system-s-umelou-inteligenciou\/\">V Ko\u0161iciach vyr\u00e1baj\u00fa prv\u00fd ultrazvukov\u00fd syst\u00e9m s umelou inteligenciou<\/a><\/td><td><\/td><td class=\"has-text-align-left\" data-align=\"left\"><\/td><\/tr><tr><td>24.10.2024 &#8211; Kompendium medic\u00edny: Ak\u00e9 m\u00e1me mo\u017enosti zn\u00ed\u017eenia z\u00e1palu u pacientov pred intervenciou CLTI? (tla\u010d)<\/td><td><\/td><td class=\"has-text-align-left\" data-align=\"left\"><\/td><\/tr><tr><td>24.10.2024 &#8211; Lek\u00e1rske listy: A\u017e tretina Slov\u00e1kov nevie, \u010do je telemedic\u00edna, pritom m\u00e1 dobr\u00fa perspekt\u00edvu a obrovsk\u00fd potenci\u00e1l (tla\u010d)<\/td><td><\/td><td class=\"has-text-align-left\" data-align=\"left\"><\/td><\/tr><tr><td>23.10.2024 &#8211; dennatlac.sk: <a href=\"https:\/\/dennatlac.sk\/siemens-healthineers-predstavil-v-kosiciach-prvy-ultrazvukovy-pristroj-vyvinuty-na-slovensku-vyuziva-umelu-inteligenciu-videofoto-a94111\">Siemens Healthineers predstavil v Ko\u0161iciach prv\u00fd ultrazvukov\u00fd pr\u00edstroj vyvinut\u00fd na Slovensku, vyu\u017e\u00edva umel\u00fa inteligenciu<\/a><\/td><td><\/td><td class=\"has-text-align-left\" data-align=\"left\"><\/td><\/tr><tr><td>23.10.2024 &#8211; sita.sk: <a href=\"https:\/\/sita.sk\/vzdravotnictve\/siemens-healthineers-predstavil-v-kosiciach-prvy-ultrazvukovy-pristroj-vyvinuty-na-slovensku-vyuziva-umelu-inteligenciu-foto\/\">Siemens Healthineers predstavil v Ko\u0161iciach prv\u00fd ultrazvukov\u00fd pr\u00edstroj vyvinut\u00fd na Slovensku, vyu\u017e\u00edva umel\u00fa inteligenciu<\/a><\/td><td><\/td><td class=\"has-text-align-left\" data-align=\"left\"><\/td><\/tr><tr><td>21.10.2024 &#8211; kosiceonline.sk: <a href=\"https:\/\/www.kosiceonline.sk\/lekarske-fakulty-ocenuju-vyzvu-na-simulatorove-centra-tam-to-vsak-podla-nich-nekonci\">Lek\u00e1rske fakulty oce\u0148uj\u00fa v\u00fdzvu na simul\u00e1torov\u00e9 centr\u00e1, tam to v\u0161ak pod\u013ea nich nekon\u010d\u00ed<\/a><\/td><td><\/td><td class=\"has-text-align-left\" data-align=\"left\"><\/td><\/tr><tr><td>17.10.2024 &#8211; Zdravotn\u00edcke noviny: Unik\u00e1tna oper\u00e1cia srdca v ko\u0161ickej nemocnici (tla\u010d)<\/td><td><\/td><td class=\"has-text-align-left\" data-align=\"left\"><\/td><\/tr><tr><td>13.10.2024 &#8211; kosicak.sk: <a href=\"https:\/\/www.kosicak.sk\/clanky\/3575\/vo-veku-75-rokov-zomrel-lekar-pavol-torok-svojim-unikatnym-sposobom-liecby-zachranoval-zivoty-pocas-pandemie\">Vo veku 75 rokov zomrel lek\u00e1r Pavol T\u00f6r\u00f6k. Svoj\u00edm unik\u00e1tnym sp\u00f4sobom lie\u010dby zachra\u0148oval \u017eivoty po\u010das pand\u00e9mie<\/a><\/td><td><\/td><td class=\"has-text-align-left\" data-align=\"left\"><\/td><\/tr><tr><td>13.10.2024 &#8211; info.sk: <a href=\"https:\/\/www.info.sk\/sprava\/255427\/zomreli-dvaja-vyznamni-slovenski-lekari-primar-a-prednosta-kliniky-budu-pacientom-velmi-chybat\/\">Zomreli dvaja v\u00fdznamn\u00ed slovensk\u00ed lek\u00e1ri. Prim\u00e1r a prednosta kliniky bud\u00fa pacientom ve\u013emi ch\u00fdba\u0165<\/a><\/td><td><\/td><td class=\"has-text-align-left\" data-align=\"left\"><\/td><\/tr><tr><td>12.10.2024 &#8211; pluska.sk: <a href=\"https:\/\/www1.pluska.sk\/regiony\/slovensko-prislo-o-velku-osobnost-zomrel-docent-torok-vyznamenal-sa-pocas-pandemie-covidu\">Slovensko pri\u0161lo o ve\u013ek\u00fa osobnos\u0165: Zomrel docent T\u00f6r\u00f6k, vyznamenal sa po\u010das pand\u00e9mie covidu<\/a><\/td><td><\/td><td class=\"has-text-align-left\" data-align=\"left\"><\/td><\/tr><tr><td>09.10.2024 &#8211; olympic.sk: <a href=\"https:\/\/www.olympic.sk\/clanok\/z-medzinarodnej-konferencie-v-kosiciach-s-nazvom-vitalita-benefity-telesnej-aktivity-sportu\">Z medzin\u00e1rodnej konferencie v Ko\u0161iciach s n\u00e1zvom Vitalita a benefity telesnej aktivity a \u0161portu vo vy\u0161\u0161om veku<\/a><\/td><td><\/td><td class=\"has-text-align-left\" data-align=\"left\"><\/td><\/tr><tr><td>09.10.2024 &#8211; nemocnicakosicesaca.agel.sk: <a href=\"https:\/\/nemocnicakosicesaca.agel.sk\/o-nemocnici\/novinky\/241009-vsetko-o-porode.html\">V\u0161etko o p\u00f4rode v najlep\u0161ej v\u0161eobecnej nemocnici: Bezpe\u010dnos\u0165 matky a die\u0165a\u0165a na prvom mieste<\/a><\/td><td><\/td><td class=\"has-text-align-left\" data-align=\"left\"><\/td><\/tr><tr><td>09.10.2024 &#8211; eastmag.sk: <a href=\"https:\/\/eastmag.sk\/2024\/10\/09\/cakate-babatko-a-zvazujete-vyber-porodnice-na-co-sa-zamerat\/\">\u010cak\u00e1te b\u00e1b\u00e4tko a&nbsp;zva\u017eujete v\u00fdber p\u00f4rodnice? Na \u010do sa zamera\u0165?<\/a><\/td><td><\/td><td class=\"has-text-align-left\" data-align=\"left\"><\/td><\/tr><tr><td>08.10.2024 &#8211; nemocnicakosicesaca.agel.sk: <a href=\"https:\/\/nemocnicakosicesaca.agel.sk\/o-nemocnici\/novinky\/241008-roboticka.html\">Robotick\u00e1 chirurgia, bud\u00facnos\u0165 medic\u00edny?<\/a><\/td><td><\/td><td class=\"has-text-align-left\" data-align=\"left\"><\/td><\/tr><tr><td>08.10.2024 &#8211; korzar.sme.sk: <a href=\"https:\/\/kosice.korzar.sme.sk\/c\/23395229\/kardiochirurg-sabol-roboticka-chirurgia-nie-je-buducnostou-ale-aktualnou-realitou-dneska.html\">Kardiochirurg Sabol: Robotick\u00e1 chirurgia nie je bud\u00facnos\u0165ou, ale aktu\u00e1lnou realitou dne\u0161ka<\/a><\/td><td><\/td><td class=\"has-text-align-left\" data-align=\"left\"><\/td><\/tr><tr><td>07.10.2024 &#8211; tlacovespravy.sme.sk: <a href=\"https:\/\/tlacovespravy.sme.sk\/c\/23394631\/roboticka-chirurgia-buducnost-mediciny.html\">Robotick\u00e1 chirurgia, bud\u00facnos\u0165 medic\u00edny?<\/a><\/td><td><\/td><td class=\"has-text-align-left\" data-align=\"left\"><\/td><\/tr><tr><td>07.10.2024 &#8211; kosicednes.sk: <a href=\"https:\/\/kosicednes.sk\/spravy\/unikatny-zakrok-v-kosiciach-lekari-vytvorili-novu-srdcovu-chlopnu-z-vlastneho-tkaniva-pacienta\/\">Unik\u00e1tny z\u00e1krok v Ko\u0161iciach: Lek\u00e1ri vytvorili nov\u00fa srdcov\u00fa chlop\u0148u z vlastn\u00e9ho tkaniva pacienta<\/a><\/td><td><\/td><td class=\"has-text-align-left\" data-align=\"left\"><\/td><\/tr><tr><td>07.10.2024 &#8211; kosiceonline.sk: <a href=\"https:\/\/www.kosiceonline.sk\/kardiochirurgovia-zaznamenali-v-kosiciach-svetove-prvenstvo-v-operacii-srdca\">Kardiochirurgovia zaznamenali v Ko\u0161iciach svetov\u00e9 prvenstvo v oper\u00e1cii srdca<\/a><\/td><td><\/td><td class=\"has-text-align-left\" data-align=\"left\"><\/td><\/tr><tr><td>07.10.2024 &#8211; medicina.trend.sk. <a href=\"https:\/\/medicina.trend.sk\/2024\/10\/07\/srdce-mladeho-muza-zachranovali-na-dvoch-operacnych-salach-trvalo-to-osem-hodin\/\">Srdce mlad\u00e9ho mu\u017ea zachra\u0148ovali na dvoch opera\u010dn\u00fdch s\u00e1lach. Trvalo to osem hod\u00edn<\/a><\/td><td><\/td><td class=\"has-text-align-left\" data-align=\"left\"><\/td><\/tr><tr><td>07.10.2024 &#8211; kosicak.sk: <a href=\"https:\/\/www.kosicak.sk\/clanky\/3470\/mladi-slovenski-lekari-hodnotili-staze-v-nemocniciach-ktore-skoncili-najlepsie\">Mlad\u00ed slovensk\u00ed lek\u00e1ri hodnotili st\u00e1\u017ee v nemocniciach. Ktor\u00e9 skon\u010dili najlep\u0161ie?<\/a><\/td><td><\/td><td class=\"has-text-align-left\" data-align=\"left\"><\/td><\/tr><tr><td>03.10.2024 &#8211; spravy.rtvs.sk: <a href=\"https:\/\/spravy.rtvs.sk\/2024\/10\/covid-19-a-chripku-odlisi-len-test-priznaky-su-takmer-rovnake-upozornil-infektolog\/\">COVID-19 a chr\u00edpku odl\u00ed\u0161i len test, pr\u00edznaky s\u00fa takmer rovnak\u00e9, upozornil infektol\u00f3g<\/a><\/td><td><\/td><td class=\"has-text-align-left\" data-align=\"left\"><\/td><\/tr><tr><td>03.10.2024 &#8211; teraz.sk: <a href=\"https:\/\/www.teraz.sk\/slovensko\/p-jarcuska-covid-19-od-chripky-odl\/826895-clanok.html\">P. Jar\u010du\u0161ka: COVID-19 od chr\u00edpky odl\u00ed\u0161i len test, pr\u00edznaky s\u00fa podobn\u00e9<\/a><\/td><td><\/td><td class=\"has-text-align-left\" data-align=\"left\"><\/td><\/tr><tr><td>02.10.2024 &#8211; eastmag.sk: <a href=\"https:\/\/eastmag.sk\/2024\/10\/02\/najmladsi-profesor-neurologie-na-slovensku-je-z-kosic\/\">Najmlad\u0161\u00ed profesor neurol\u00f3gie na Slovensku je z Ko\u0161\u00edc<\/a><\/td><td><\/td><td class=\"has-text-align-left\" data-align=\"left\"><\/td><\/tr><\/tbody><\/table><\/figure>\n\n\n\n<p><strong>September 2024<\/strong><\/p>\n\n\n\n<figure class=\"wp-block-table is-style-stripes\"><table><tbody><tr><td>27.09.2024 &#8211; nemocnicakosicesaca.agel.sk: <a href=\"https:\/\/nemocnicakosicesaca.agel.sk\/o-nemocnici\/novinky\/240927-artro-kongres.html\">Kongres Nov\u00e9 trendy v artroskopickej operat\u00edve zaujal ortop\u00e9dov, traumatol\u00f3gov aj \u0161portov\u00fdch lek\u00e1rov<\/a><\/td><td><\/td><td class=\"has-text-align-left\" data-align=\"left\"><\/td><\/tr><tr><td>27.09.2024 &#8211; lekarskenoviny.sk: <a href=\"https:\/\/lekarskenoviny.sk\/index.php\/2024\/09\/27\/v-unlp-kosice-zacali-ockovaciu-sezonu-proti-chripke\/\">V&nbsp;UNLP Ko\u0161ice za\u010dali o\u010dkovaciu sez\u00f3nu proti chr\u00edpke<\/a><\/td><td><\/td><td class=\"has-text-align-left\" data-align=\"left\"><\/td><\/tr><tr><td>27.09.2024 &#8211; kosiceonline.sk: <a href=\"https:\/\/www.kosiceonline.sk\/unlp-spustila-sezonu-ockovania-proti-chripke\">UNLP spustila sez\u00f3nu o\u010dkovania proti chr\u00edpke<\/a><\/td><td><\/td><td class=\"has-text-align-left\" data-align=\"left\"><\/td><\/tr><tr><td>27.09.2024 &#8211; kosicednes.sk: <a href=\"https:\/\/kosicednes.sk\/spravy\/na-unlp-v-kosiciach-zacali-ockovaciu-sezonu-proti-chripke\/\" target=\"_blank\" rel=\"noreferrer noopener\">Na UNLP v Ko\u0161iciach za\u010dali o\u010dkovaciu sez\u00f3nu proti chr\u00edpke<\/a><\/td><td><\/td><td class=\"has-text-align-left\" data-align=\"left\"><\/td><\/tr><tr><td>27.09.2024 &#8211; teraz.sk: <a href=\"https:\/\/www.teraz.sk\/zdravie\/v-kosickej-nemocnici-zacali-ockovaciu\/825421-clanok.html\">V ko\u0161ickej nemocnici za\u010dali o\u010dkovaciu sez\u00f3nu proti chr\u00edpke<\/a><\/td><td><\/td><td class=\"has-text-align-left\" data-align=\"left\"><\/td><\/tr><tr><td>27.09.2024 &#8211; tasr.sk: <a href=\"https:\/\/www.tasr.sk\/tasr-clanok\/TASR:2024092700000180\">Zdravie: V UNLP Ko\u0161ice za\u010dali o\u010dkovaciu sez\u00f3nu proti chr\u00edpke<\/a><\/td><td><\/td><td class=\"has-text-align-left\" data-align=\"left\"><\/td><\/tr><tr><td>27.09.2024 &#8211; kosice.korzar.sme.sk: <a href=\"https:\/\/kosice.korzar.sme.sk\/c\/23390194\/v-kosickej-univerzitnej-nemocnici-zacali-ockovaciu-sezonu-proti-chripke.html\">V ko\u0161ickej univerzitnej nemocnici za\u010dali o\u010dkovaciu sez\u00f3nu proti chr\u00edpke<\/a><\/td><td><\/td><td class=\"has-text-align-left\" data-align=\"left\"><\/td><\/tr><tr><td>26.09.2024 &#8211; pluska.sk: <a href=\"https:\/\/www1.pluska.sk\/zaujimavosti\/medzinarodne-sympozium-kce-kardiovaskularna-medicina-zive-prenosy-robotickej-operacie\">Medzin\u00e1rodn\u00e9 symp\u00f3zium v KCE: Kardiovaskul\u00e1rna medic\u00edna a \u017eiv\u00e9 prenosy z\u202frobotickej oper\u00e1cie<\/a><\/td><td><\/td><td class=\"has-text-align-left\" data-align=\"left\"><\/td><\/tr><tr><td>25.09.2024 &#8211; tyzden.sk: <a href=\"https:\/\/www.tyzden.sk\/politika\/114281\/sympozium-kardiocentra-agel-kosice-saca-spickova-kardiovaskularna-medicina-a-zive-prenosy-z-robotickej-operacie-srdca-\/\">Symp\u00f3zium Kardiocentra AGEL Ko\u0161ice-\u0160aca: \u0160pi\u010dkov\u00e1 kardiovaskul\u00e1rna medic\u00edna a \u017eiv\u00e9 prenosy z robotickej oper\u00e1cie srdca<\/a><\/td><td><\/td><td class=\"has-text-align-left\" data-align=\"left\"><\/td><\/tr><tr><td>25.09.2024 &#8211; hnonline.sk: <a href=\"https:\/\/hnonline.sk\/hn-special\/96170664-medzinarodne-sympozium-kardiocentra-agel-spickova-kardiovaskularna-medicina-a-zive-prenosy-z-robotickej-operacie-srdca\">Medzin\u00e1rodn\u00e9 symp\u00f3zium Kardiocentra AGEL: \u0160pi\u010dkov\u00e1 kardiovaskul\u00e1rna medic\u00edna a \u017eiv\u00e9 prenosy z robotickej oper\u00e1cie srdca<\/a><\/td><td><\/td><td class=\"has-text-align-left\" data-align=\"left\"><\/td><\/tr><tr><td>20.09.2024 &#8211; lekarskenoviny.sk: <a href=\"https:\/\/lekarskenoviny.sk\/index.php\/2024\/09\/20\/v-pamiatkovo-chranenej-budove-historickeho-arealu-unlp-pacientov-vitaju-vynovene-priestory-pribudli-moderne-pristroje-aj-nova-ambulancia\/\">V pamiatkovo chr\u00e1nenej budove historick\u00e9ho are\u00e1lu UNLP pacientov v\u00edtaj\u00fa vynoven\u00e9 priestory, pribudli modern\u00e9 pr\u00edstroje aj nov\u00e1 ambulancia<\/a><\/td><td><\/td><td class=\"has-text-align-left\" data-align=\"left\"><\/td><\/tr><tr><td>20.09.2024 &#8211; kosice.dnes24.sk: <a href=\"https:\/\/kosice.dnes24.sk\/stomatologicku-kliniku-v-kosickej-unlp-ciastocne-zrekonstruovali-pribudla-aj-nova-ambulancia-453788\">Stomatologick\u00fa kliniku v ko\u0161ickej UNLP \u010diasto\u010dne zrekon\u0161truovali. Pribudla aj nov\u00e1 ambulancia<\/a><\/td><td><\/td><td class=\"has-text-align-left\" data-align=\"left\"><\/td><\/tr><tr><td>19.09.2024 &#8211; lekarne.sk: <a href=\"https:\/\/www.lekarne.sk\/denna-sprava\/Kliniku-stomatologie-a-maxilofacialnej-chirurgie-UNLP-ciastocne-zrekonstruovali-59842.html\">Kliniku stomatol\u00f3gie a maxilofaci\u00e1lnej chirurgie UNLP \u010diasto\u010dne zrekon\u0161truovali<\/a><\/td><td><\/td><td class=\"has-text-align-left\" data-align=\"left\"><\/td><\/tr><tr><td>19.09.2024 &#8211; kosiceonline.sk: <a href=\"https:\/\/www.kosiceonline.sk\/nova-ambulancia-unlp-splna-podla-vedenia-vsetky-moderne-standardy\">Nov\u00e1 ambulancia UNLP sp\u013a\u0148a pod\u013ea vedenia v\u0161etky modern\u00e9 \u0161tandardy<\/a><\/td><td><\/td><td class=\"has-text-align-left\" data-align=\"left\"><\/td><\/tr><tr><td>19.09.2024 &#8211; lekari.sk: <a href=\"https:\/\/lekari.sk\/denna-sprava\/Kliniku-stomatologie-a-maxilofacialnej-chirurgie-UNLP-ciastocne-zrekonstruovali-59842.html\">Kliniku stomatol\u00f3gie a maxilofaci\u00e1lnej chirurgie UNLP \u010diasto\u010dne zrekon\u0161truovali<\/a><\/td><td><\/td><td class=\"has-text-align-left\" data-align=\"left\"><\/td><\/tr><tr><td>19.09.2024 &#8211; teraz.sk: <a href=\"https:\/\/www.teraz.sk\/regiony\/kliniku-stomatologie-a-maxilofacialnej\/823545-clanok.html\">Cie\u013eom bolo skvalitni\u0165 poskytovanie zdravotnej starostlivosti pacientom, zlep\u0161i\u0165 podmienky pr\u00e1ce zamestnancom a zabezpe\u010di\u0165 v\u00fdu\u010dbu \u0161tudentov medic\u00edny v komfortnom prostred\u00ed<\/a><\/td><td><\/td><td class=\"has-text-align-left\" data-align=\"left\"><\/td><\/tr><tr><td>19.09.2024 &#8211; tasr.sk: <a href=\"https:\/\/www.tasr.sk\/tasr-clanok\/TASR:2024091900000290\">Kliniku stomatol\u00f3gie a maxilofaci\u00e1lnej chirurgie UNLP \u010diasto\u010dne zrekon\u0161truovali<\/a><\/td><td><\/td><td class=\"has-text-align-left\" data-align=\"left\"><\/td><\/tr><tr><td>12.09.2024 &#8211; kosice.zoznam.sk: <a href=\"https:\/\/kosice.zoznam.sk\/foto-medici-pocas-roadshow-poucili-tisice-ludi-o-spravnom-cisteni-zubov\/\">FOTO Medici po\u010das roadshow pou\u010dili tis\u00edce \u013eud\u00ed o spr\u00e1vnom \u010disten\u00ed zubov<\/a><\/td><td><\/td><td class=\"has-text-align-left\" data-align=\"left\"><\/td><\/tr><tr><td>12.09.2024 &#8211; lekari.sk: <a href=\"https:\/\/lekari.sk\/denna-sprava\/Zdravie-Medici-pocas-roadshow-poucili-tisice-ludi-o-spravnom-cisteni-zubov-59790.html\">Zdravie: Medici po\u010das roadshow pou\u010dili tis\u00edce \u013eud\u00ed o spr\u00e1vnom \u010disten\u00ed zubov<\/a><\/td><td><\/td><td class=\"has-text-align-left\" data-align=\"left\"><\/td><\/tr><tr><td>12.09.2024 &#8211; lekarne.sk: <a href=\"https:\/\/www.lekarne.sk\/denna-sprava\/Zdravie-Medici-pocas-roadshow-poucili-tisice-ludi-o-spravnom-cisteni-zubov-59790.html\">Zdravie: Medici po\u010das roadshow pou\u010dili tis\u00edce \u013eud\u00ed o spr\u00e1vnom \u010disten\u00ed zubov<\/a><\/td><td><\/td><td class=\"has-text-align-left\" data-align=\"left\"><\/td><\/tr><tr><td>12.09.2024 &#8211; teraz.sk: <a href=\"https:\/\/www.teraz.sk\/regiony\/medici-pocas-roadshow-poucili-tisice\/821916-clanok.html\">VIDEO: Medici pou\u010dili v Ko\u0161iciach tis\u00edce \u013eud\u00ed o spr\u00e1vnom \u010disten\u00ed zubov<\/a><\/td><td><\/td><td class=\"has-text-align-left\" data-align=\"left\"><\/td><\/tr><tr><td>12.09.2024 &#8211; tasr.sk: <a href=\"https:\/\/www.tasr.sk\/tasr-clanok\/TASR:2024091200000290\">Zdravie: Medici po\u010das roadshow pou\u010dili tis\u00edce \u013eud\u00ed o spr\u00e1vnom \u010disten\u00ed zubov<\/a><\/td><td><\/td><td class=\"has-text-align-left\" data-align=\"left\"><\/td><\/tr><tr><td>11.09.2024 &#8211; opoisteni.sk: <a href=\"https:\/\/www.opoisteni.sk\/spektrum\/zdravie\/viac-ako-tretina-obyvatelov-slovenska-nevie-co-je-telemedicina\/c:27926\/\">Viac ako tretina obyvate\u013eov Slovenska nevie, \u010do je telemedic\u00edna<\/a><\/td><td><\/td><td class=\"has-text-align-left\" data-align=\"left\"><\/td><\/tr><tr><td>11.09.2024 &#8211; vskratke.sk: <a href=\"https:\/\/www.vskratke.sk\/zomrel-vyznamny-kosicky-lekar-mudr-milan-guman\/\">Zomrel v\u00fdznamn\u00fd ko\u0161ick\u00fd lek\u00e1r MUDr. Milan Guman<\/a><\/td><td><\/td><td class=\"has-text-align-left\" data-align=\"left\"><\/td><\/tr><tr><td>11.09.2024 &#8211; kosice.korzar.sme.sk: <a href=\"https:\/\/kosice.korzar.sme.sk\/c\/23382239\/zomrel-vyznamny-kosicky-lekar-milan-guman.html\">Zomrel v\u00fdznamn\u00fd ko\u0161ick\u00fd lek\u00e1r Milan Guman<\/a><\/td><td><\/td><td class=\"has-text-align-left\" data-align=\"left\"><\/td><\/tr><tr><td>11.09.2024 &#8211; kosice.dnes24.sk: <a href=\"https:\/\/kosice.dnes24.sk\/okres\/kraj\/svet-zdravotnictva-smuti-zomrel-kosicky-lekar-vyznamna-osobnost-slovenskej-mediciny-453369\">Svet zdravotn\u00edctva sm\u00fati: Zomrel ko\u0161ick\u00fd lek\u00e1r, v\u00fdznamn\u00e1 osobnos\u0165 slovenskej medic\u00edny<\/a><\/td><td><\/td><td class=\"has-text-align-left\" data-align=\"left\"><\/td><\/tr><tr><td>08.09.2024 &#8211; emma.pluska.sk: <a href=\"https:\/\/emma.pluska.sk\/lifestyle\/veronika-ma-sebou-stovky-operacii-sikovnu-mladu-neurochirurgicku-nam-moze-svet-zavidiet\">Veronika m\u00e1 za sebou STOVKY oper\u00e1ci\u00ed. \u0160ikovn\u00fa mlad\u00fa neurochirurgi\u010dku n\u00e1m m\u00f4\u017ee svet z\u00e1vidie\u0165!<\/a><\/td><td><\/td><td class=\"has-text-align-left\" data-align=\"left\"><\/td><\/tr><tr><td>06.09.2024 &#8211; mediweb.hnonline.sk: <a href=\"https:\/\/mediweb.hnonline.sk\/zdn\/rozhovory\/96167856-mudr-jozef-kubasovsky-v-minulosti-bol-vztah-medzi-lekarom-a-pacientom-lepsi\">MUDr. Jozef Kuba\u0161ovsk\u00fd: V minulosti bol vz\u0165ah medzi lek\u00e1rom a pacientom lep\u0161\u00ed<\/a><\/td><td><\/td><td class=\"has-text-align-left\" data-align=\"left\"><\/td><\/tr><tr><td>06.09.2024 &#8211; magnetpress.online: <a href=\"https:\/\/magnetpress.online\/moje-zdravie\/gynekologia-buducnosti\/\">Gynekol\u00f3gia bud\u00facnosti<\/a><\/td><td><\/td><td class=\"has-text-align-left\" data-align=\"left\"><\/td><\/tr><tr><td>06.09.2024 &#8211; kosice.dnes24.sk: <a href=\"https:\/\/kosice.dnes24.sk\/prezident-vymenoval-novych-vysokoskolskych-profesorov-piati-z-nich-su-z-kosickej-upjs-453175\">Prezident vymenoval nov\u00fdch vysoko\u0161kolsk\u00fdch profesorov: Piati z nich s\u00fa z ko\u0161ickej UPJ\u0160<\/a><\/td><td><\/td><td class=\"has-text-align-left\" data-align=\"left\"><\/td><\/tr><tr><td>05.09.2024 &#8211; Zdravotn\u00edcke noviny: MUDr. Jozef Kuba\u0161ovsk\u00fd: V minulosti bol vz\u0165ah lek\u00e1r \u2013 pacient lep\u0161\u00ed (tla\u010d)<\/td><td><\/td><td class=\"has-text-align-left\" data-align=\"left\"><\/td><\/tr><tr><td>03.09.2024 &#8211; kosiceonline.sk: <a href=\"https:\/\/www.kosiceonline.sk\/vojenska-nemocnica-v-presove-bude-sluzit-primarne-pre-civilne-obyvatelstvo\">Vojensk\u00e1 nemocnica v Pre\u0161ove bude sl\u00fa\u017ei\u0165 prim\u00e1rne pre civiln\u00e9 obyvate\u013estvo<\/a><\/td><td><\/td><td class=\"has-text-align-left\" data-align=\"left\"><\/td><\/tr><tr><td>03.09.2024 &#8211; lekari.sk: <a href=\"https:\/\/lekari.sk\/denna-sprava\/Vojenska-nemocnica-v-Presove-bude-primarne-sluzit-pre-civilne-obyvatelstvo-59729.html\">Vojensk\u00e1 nemocnica v Pre\u0161ove bude prim\u00e1rne sl\u00fa\u017ei\u0165 pre civiln\u00e9 obyvate\u013estvo<\/a><\/td><td><\/td><td class=\"has-text-align-left\" data-align=\"left\"><\/td><\/tr><tr><td>03.09.2024 &#8211; medicina.trend.sk: <a href=\"https:\/\/medicina.trend.sk\/2024\/09\/03\/vojenska-nemocnica-v-presove-bude-primarne-sluzit-pre-civilne-obyvatelstvo\/\">Vojensk\u00e1 nemocnica v Pre\u0161ove bude prim\u00e1rne sl\u00fa\u017ei\u0165 pre civiln\u00e9 obyvate\u013estvo<\/a><\/td><td><\/td><td class=\"has-text-align-left\" data-align=\"left\"><\/td><\/tr><tr><td>03.09.2024 &#8211; teraz.sk: <a href=\"https:\/\/www.teraz.sk\/regiony\/vojenska-nemocnica-v-presove-bude-slu\/819791-clanok.html\">Vojensk\u00e1 nemocnica v Pre\u0161ove bude sl\u00fa\u017ei\u0165 najm\u00e4 civiln\u00e9mu obyvate\u013estvu<\/a><\/td><td><\/td><td class=\"has-text-align-left\" data-align=\"left\"><\/td><\/tr><tr><td>03.09.2024 &#8211; noviny.sk: <a href=\"https:\/\/www.noviny.sk\/slovensko\/963522-vojenska-nemocnica-v-presove-bude-primarne-sluzit-pre-civilne-obyvatelstvo\">Vojensk\u00e1 nemocnica v Pre\u0161ove bude prim\u00e1rne sl\u00fa\u017ei\u0165 pre civiln\u00e9 obyvate\u013estvo<\/a><\/td><td><\/td><td class=\"has-text-align-left\" data-align=\"left\"><\/td><\/tr><tr><td>03.09.2024 &#8211; presov.dnes24.sk: <a href=\"https:\/\/presov.dnes24.sk\/okres\/kraj\/fico-o-nemocnici-v-presove-slubuje-ze-bude-najmodernejsia-aku-si-vieme-predstavit-453062\">Fico o nemocnici v Pre\u0161ove: S\u013eubuje, \u017ee bude najmodernej\u0161ia, ak\u00fa si vieme predstavi\u0165<\/a><\/td><td><\/td><td class=\"has-text-align-left\" data-align=\"left\"><\/td><\/tr><tr><td>03.09.2024 &#8211; kosicednes.sk: <a href=\"https:\/\/kosicednes.sk\/spravy\/slovensko\/kosice\/upjs-ma-5-novych-profesorov-vymenoval-ich-prezident\/\">UPJ\u0160 M\u00c1 5 NOV\u00ddCH PROFESOROV. Vymenoval ich prezident<\/a><\/td><td><\/td><td class=\"has-text-align-left\" data-align=\"left\"><\/td><\/tr><tr><td>02.09.2024 &#8211; kosiceonline.sk: <a href=\"https:\/\/www.kosiceonline.sk\/titul-profesor-ziskali-dalsi-pedagogovia-z-upjs\">Titul profesor z\u00edskali \u010fal\u0161\u00ed pedag\u00f3govia z v\u00fdchodoslovensk\u00fdch univerz\u00edt<\/a><\/td><td><\/td><td class=\"has-text-align-left\" data-align=\"left\"><\/td><\/tr><\/tbody><\/table><\/figure>\n\n\n\n<p><strong>August 2024<\/strong><\/p>\n\n\n\n<figure class=\"wp-block-table is-style-stripes\"><table><tbody><tr><td>28.08.2024 &#8211; prezident.sk: <a href=\"https:\/\/www.prezident.sk\/article\/prezident-vymenoval-21-novych-vysokoskolskych-profesorov\/\">Prezident vymenoval 21 nov\u00fdch vysoko\u0161kolsk\u00fdch profesorov<\/a><\/td><td><\/td><td class=\"has-text-align-left\" data-align=\"left\"><\/td><\/tr><tr><td>27.08.2024 &#8211; startitup.sk: <a href=\"https:\/\/www.startitup.sk\/sokujuca-zmena-pre-mladych-lekarov-absolventi-mediciny-ziskaju-povolanie-rychlejsie\/\">\u0160okuj\u00faca zmena pre mlad\u00fdch lek\u00e1rov: Absolventi medic\u00edny z\u00edskaj\u00fa povolanie r\u00fdchlej\u0161ie<\/a><\/td><td><\/td><td class=\"has-text-align-left\" data-align=\"left\"><\/td><\/tr><tr><td>26.08.2024 &#8211; tvnoviny.sk: <a href=\"https:\/\/tvnoviny.sk\/domace\/clanok\/922654-absolventi-mediciny-budu-mat-jednoduchsiu-cestu-za-povolanim-ministerstvo-skracuje-dlzku-atestacii\">Absolventi medic\u00edny bud\u00fa ma\u0165 jednoduch\u0161iu cestu za povolan\u00edm. Ministerstvo skracuje d\u013a\u017eku atest\u00e1ci\u00ed<\/a><\/td><td><\/td><td class=\"has-text-align-left\" data-align=\"left\"><\/td><\/tr><tr><td>23.08.2024 &#8211; nemocnicakosicesaca.agel.sk: <a href=\"https:\/\/nemocnicakosicesaca.agel.sk\/o-nemocnici\/novinky\/240823-kubasovsky.html\">Traumatol\u00f3ga Jozefa Kuba\u0161ovsk\u00e9ho povolanie ovplyvnilo: O vn\u00fa\u010dat\u00e1 sa boj\u00edm viac, ako ich rodi\u010dia<\/a><\/td><td><\/td><td class=\"has-text-align-left\" data-align=\"left\"><\/td><\/tr><tr><td>23.08.2024 &#8211; eastmag.sk: <a href=\"https:\/\/eastmag.sk\/2024\/08\/23\/40-rokov-traumatologom-jozefa-kubasovskeho-pokusalo-pravo-i-futbal-no-vyhrala-medicina\/\">40 rokov traumatol\u00f3gom \u2013 Jozefa Kuba\u0161ovsk\u00e9ho pok\u00fa\u0161alo pr\u00e1vo i futbal, no vyhrala medic\u00edna<\/a> &nbsp;<\/td><td><\/td><td class=\"has-text-align-left\" data-align=\"left\"><\/td><\/tr><tr><td>23.08.2024 &#8211; ozdravme.sk: <a href=\"https:\/\/www.ozdravme.sk\/Dokument\/101569\/traumatolog-jozef-kubasovsky-o-vnucata-sa-bojim-viac-ako-ich-rodicia.aspx\">Traumatol\u00f3g Jozef Kuba\u0161ovsk\u00fd: O vn\u00fa\u010dat\u00e1 sa boj\u00edm viac, ako ich rodi\u010dia<\/a><\/td><td><\/td><td class=\"has-text-align-left\" data-align=\"left\"><\/td><\/tr><tr><td>21.08.2024 &#8211; eastmag.sk: <a href=\"https:\/\/eastmag.sk\/2024\/08\/21\/v-saci-vyskusali-novy-typ-operacie-srdca-pomocou-robota\/\">V \u0160aci vysk\u00fa\u0161ali nov\u00fd typ oper\u00e1cie srdca pomocou robota<\/a><\/td><td><\/td><td class=\"has-text-align-left\" data-align=\"left\"><\/td><\/tr><tr><td>20.08.2024 &#8211; nemocnicakosicesaca.agel.sk: <a href=\"https:\/\/nemocnicakosicesaca.agel.sk\/o-nemocnici\/novinky\/240820-artro-kongres.html\">Pripravovan\u00fd kongres Nov\u00e9 trendy v artroskopickej operat\u00edve: Na ortop\u00e9dov \u010dakaj\u00fa praktick\u00e9 workshopy, diskusie s odborn\u00edkmi a live oper\u00e1cie<\/a><\/td><td><\/td><td class=\"has-text-align-left\" data-align=\"left\"><\/td><\/tr><tr><td>18.08.2024 &#8211; uzitocna.pravda.sk: <a href=\"https:\/\/uzitocna.pravda.sk\/seniori\/clanok\/720888-studentom-mediciny-v-sestdesiatke-aj-to-ponukaju-univerzity-tretieho-veku\/\">\u0160tudentom medic\u00edny v \u0161es\u0165desiatke? Aj t\u00fato mo\u017enos\u0165 pon\u00fakaj\u00fa univerzity tretieho veku<\/a><\/td><td><\/td><td class=\"has-text-align-left\" data-align=\"left\"><\/td><\/tr><tr><td>16.08.2024 &#8211; ozdravme.sk: <a href=\"https:\/\/www.ozdravme.sk\/Dokument\/101559\/kardiocentrum-agel-kosice-saca-dosahuje-dalsie-uspechy-pri-operaciach-srdca-pomocou-robota-da-vinci.aspx\">Kardiocentrum AGEL Ko\u0161ice-\u0160aca dosahuje \u010fal\u0161ie \u00faspechy pri oper\u00e1ci\u00e1ch srdca pomocou robota da Vinci<\/a><\/td><td><\/td><td class=\"has-text-align-left\" data-align=\"left\"><\/td><\/tr><tr><td>16.08.2024 &#8211; vysetrenie.zoznam.sk: <a href=\"https:\/\/vysetrenie.zoznam.sk\/cl\/1000663\/2830909\/Dalsi-uspech-kosickych-kardiologov--Nechali-by-ste-sa-tak-operovat-aj-vy-\">\u010eal\u0161\u00ed \u00faspech ko\u0161ick\u00fdch kardiol\u00f3gov: Nechali by ste sa tak operova\u0165 aj vy?<\/a><\/td><td><\/td><td class=\"has-text-align-left\" data-align=\"left\"><\/td><\/tr><tr><td>15.08.2024 &#8211; lekarskenoviny.sk: <a href=\"https:\/\/lekarskenoviny.sk\/index.php\/2024\/08\/15\/kardiocentrum-agel-kosice-saca-dosahuje-dalsie-uspechy-pri-operaciach-srdca-pomocou-robota-da-vinci\/\">Kardiocentrum AGEL Ko\u0161ice-\u0160aca dosahuje \u010fal\u0161ie \u00faspechy pri oper\u00e1ci\u00e1ch srdca pomocou robota da Vinci<\/a><\/td><td><\/td><td class=\"has-text-align-left\" data-align=\"left\"><\/td><\/tr><tr><td>14.08.2024 &#8211; kosicednes.sk: <a href=\"https:\/\/kosicednes.sk\/spravy\/slovensko\/kardiocentrum-agel-kosice-saca-dosahuje-dalsie-uspechy-pri-operaciach-srdca-pomocou-robota-da-vinci\/\">Kardiocentrum AGEL Ko\u0161ice-\u0160aca dosahuje \u010fal\u0161ie \u00faspechy pri oper\u00e1ci\u00e1ch srdca pomocou robota Da Vinci<\/a><\/td><td><\/td><td class=\"has-text-align-left\" data-align=\"left\"><\/td><\/tr><tr><td>13.08.2024 &#8211; dennikn.sk: <a href=\"https:\/\/dennikn.sk\/4140975\/robbenove-zranene-slabiny-mali-povod-v-pokazenych-zuboch-preco-flickova-inovacia-v-barcelone-nie-je-inovaciou\/\">Robbenove zranen\u00e9 slabiny mali p\u00f4vod v&nbsp;pokazen\u00fdch zuboch. Pre\u010do Flickova inov\u00e1cia v&nbsp;Barcelone nie je inov\u00e1ciou<\/a><\/td><td><\/td><td class=\"has-text-align-left\" data-align=\"left\"><\/td><\/tr><tr><td>01.08.2024 &#8211; jfmed.uniba.sk: <a href=\"https:\/\/www.jfmed.uniba.sk\/detail-novinky\/back_to_page\/jesseniova-lekarska-fakulta-uk\/article\/do-dvorany-slavy-slovenskej-mediciny-uviedli-tri-osobnosti-jlf-uk\/\" class=\"ek-link\">Do Dvorany sl\u00e1vy slovenskej medic\u00edny uviedli tri osobnosti JLF UK<\/a>&nbsp;&nbsp;<\/td><td><\/td><td class=\"has-text-align-left\" data-align=\"left\"><\/td><\/tr><\/tbody><\/table><\/figure>\n\n\n\n<p><strong>J\u00fal 2024<\/strong><\/p>\n\n\n\n<figure class=\"wp-block-table is-style-stripes\"><table class=\"has-fixed-layout\"><tbody><tr><td>30.07.2024 &#8211; kosice.korzar.sk: <a class=\"ek-link\" href=\"https:\/\/kosice.korzar.sme.sk\/c\/23363220\/sef-kardiocentra-v-saci-frantisek-sabol-operujeme-pacientov-z-celeho-slovenska.html\">\u0160\u00e9f kardiocentra v \u0160aci Franti\u0161ek Sabol: Operujeme pacientov z cel\u00e9ho Slovenska<\/a><\/td><\/tr><tr><td>29.07.2024 &#8211; ozdravme.sk: <a class=\"ek-link\" href=\"https:\/\/www.ozdravme.sk\/Dokument\/101540\/500-operacii-srdca-v-kardiocentre-agel-kosice-saca.aspx\">500 oper\u00e1ci\u00ed srdca v Kardiocentre AGEL Ko\u0161ice-\u0160aca<\/a><\/td><\/tr><tr><td>29.07.2024 &#8211; kardiocentrum.agel.sk: <a class=\"ek-link\" href=\"https:\/\/kardiocentrum.agel.sk\/novinky\/240929-500-operacii\">500 oper\u00e1ci\u00ed srdca v Kardiocentre AGEL Ko\u0161ice-\u0160aca<\/a><\/td><\/tr><tr><td>29.07.2024 &#8211; vysetrenie.zoznam.sk: <a class=\"ek-link\" href=\"https:\/\/vysetrenie.zoznam.sk\/cl\/1001021\/2816719\/V-Kosiciach-uskutocnili-500--operaciu-srdca--Velke-uspechy-slovenskych-odbornikov\">V Ko\u0161iciach uskuto\u010dnili 500. oper\u00e1ciu srdca: Ve\u013ek\u00e9 \u00faspechy slovensk\u00fdch odborn\u00edkov<\/a><\/td><\/tr><tr><td>29.07.2024 &#8211; tlacovespravy.sme.sk: <a class=\"ek-link\" href=\"https:\/\/tlacovespravy.sme.sk\/c\/23362584\/500-operacii-srdca-v-kardiocentre-agel-kosice-saca.html\">500 oper\u00e1ci\u00ed srdca v Kardiocentre AGEL Ko\u0161ice-\u0160aca<\/a><\/td><\/tr><tr><td>28.07.2024 &#8211; kosicak.sk: <a class=\"ek-link\" href=\"https:\/\/www.kosicak.sk\/clanky\/2726\/buduci-lekari-uz-k-vyucbe-nepotrebuju-zivych-pacientov-simulacne-centrum-kosickej-univerzity-je-revolucnym-krokom\">Bud\u00faci lek\u00e1ri u\u017e k v\u00fdu\u010dbe nepotrebuj\u00fa \u017eiv\u00fdch pacientov. Simula\u010dn\u00e9 centrum ko\u0161ickej univerzity je revolu\u010dn\u00fdm krokom<\/a><\/td><\/tr><tr><td>25.07.2024 &#8211; sita.sk: <a class=\"ek-link\" href=\"https:\/\/sita.sk\/vskolstve\/upjs-ma-simulatorove-centrum-na-svetovej-urovni-ide-o-najvacsi-takyto-vyucbovy-priestor-na-slovensku\/\">UPJ\u0160 m\u00e1 simul\u00e1torov\u00e9 centrum na svetovej \u00farovni, ide o najv\u00e4\u010d\u0161\u00ed tak\u00fdto v\u00fdu\u010dbov\u00fd priestor na Slovensku<\/a><\/td><\/tr><tr><td>24.07.2024 &#8211; kosicednes.sk: <a class=\"ek-link\" href=\"https:\/\/kosicednes.sk\/spravy\/na-upjs-v-kosiciach-vzniklo-unikatne-simulatorove-centrum\/\">Na UPJ\u0160 v Ko\u0161iciach vzniklo unik\u00e1tne simul\u00e1torov\u00e9 centrum<\/a><\/td><\/tr><tr><td>23.07.2024 &#8211; tasr.sk: <a class=\"ek-link\" href=\"https:\/\/www.tasr.sk\/tasr-clanok\/TASR:2024072300000356\">R\u00f3bert Zsembera: Univerzite Pavla Jozefa \u0160af\u00e1rika v Ko\u0161iciach sa podarilo vybudova\u0165 simul\u00e1torov\u00e9 centrum na svetovej \u00farovni<\/a><\/td><\/tr><tr><td>23.07.2024 &#8211; minedu.sk: <a class=\"ek-link\" href=\"https:\/\/www.minedu.sk\/robert-zsembera-univerzite-pavla-jozefa-safarika-v-kosiciach-sa-podarilo-vybudovat-simulatorove-centrum-na-svetovej-urovni\/\">R\u00f3bert Zsembera: Univerzite Pavla Jozefa \u0160af\u00e1rika v Ko\u0161iciach sa podarilo vybudova\u0165 simul\u00e1torov\u00e9 centrum na svetovej \u00farovni<\/a><\/td><\/tr><tr><td>21.07.2024 &#8211; aktuality24.sk: <a class=\"ek-link\" href=\"https:\/\/www.aktuality24.sk\/zomrel-byvaly-riaditel-presovskej-nemocnice-peter-biros-prispel-k-vzniku-nemocnice-aj-fakulty\/\">Zomrel b\u00fdval\u00fd riadite\u013e pre\u0161ovskej nemocnice Peter Biro\u0161, prispel k vzniku nemocnice aj fakulty<\/a><\/td><\/tr><tr><td>21.07.2024 &#8211; spravy.pravda.sk: <a class=\"ek-link\" href=\"https:\/\/spravy.pravda.sk\/domace\/clanok\/717877-zomrel-byvaly-politik-a-spickovy-lekar-peter-biros\/\">Zomrel b\u00fdval\u00fd politik a \u0161pi\u010dkov\u00fd lek\u00e1r Peter Biro\u0161<\/a><\/td><\/tr><tr><td>20.07.2024 &#8211; presov.dnes24.sk: <a class=\"ek-link\" href=\"https:\/\/presov.dnes24.sk\/okres\/kraj\/presovska-nemocnica-smuti-so-zarmutkom-sa-luci-s-obrovskou-osobnostou-kolegom-birosom-451409\">Slovensko sm\u00fati za ve\u013ekou osobnos\u0165ou: Zomrel \u0161pi\u010dkov\u00fd lek\u00e1r a exposlanec NR SR<\/a><\/td><\/tr><tr><td>16.07.2024 &#8211; kosiceonline.sk: <a class=\"ek-link\" href=\"https:\/\/www.kosiceonline.sk\/na-upjs-promovali-ziaci-zakladnych-skol\">Na UPJ\u0160 promovali \u017eiaci z\u00e1kladn\u00fdch \u0161k\u00f4l<\/a> <mark style=\"background-color:rgba(0, 0, 0, 0)\" class=\"has-inline-color has-bg-siva-color\"> &#8230;&#8230;&#8230;&#8230;&#8230;&#8230;&#8230;&#8230;&#8230;&#8230;&#8230;&#8230;&#8230;&#8230;&#8230;&#8230;&#8230;&#8230;&#8230;&#8230;&#8230;&#8230;&#8230;&#8230;&#8230;&#8230;&#8230;&#8230;&#8230;&#8230;&#8230;&#8230;&#8230;&#8230;&#8230;.<\/mark><\/td><\/tr><tr><td>12.07.2024 &#8211; TA3: <a class=\"ek-link\" href=\"https:\/\/www.ta3.com\/clanok\/948615\/v-kosiciach-promovali-deti-ako-to-vyzeralo-na-univerzite-bez-hranic\">V Ko\u0161iciach promovali deti. Ako to vyzeralo na Univerzite bez hran\u00edc?<\/a><\/td><\/tr><tr><td><\/td><\/tr><\/tbody><\/table><\/figure>\n\n\n\n<p><strong>J\u00fan 2024<\/strong><\/p>\n\n\n\n<figure class=\"wp-block-table is-style-stripes\"><table><tbody><tr><td>28.06.2024<\/td><td>T\u00e9ma (SK): Traumatol\u00f3g mus\u00ed by\u0165 zru\u010dn\u00fd remeseln\u00edk (Tla\u010d)<\/td><\/tr><tr><td>21.06.2024<\/td><td>Bedeker zdravia: SME ZAVALEN\u00cd CHOROBAMI PE\u010cENE TO JE ABSOL\u00daTNE NESPORN\u00dd FAKT (Tla\u010d)<\/td><\/tr><tr><td>21.06.2024<\/td><td>Bedeker zdravia: IGNORUJ\u00da SLOV\u00c1CI dobr\u00e9 rady? (Tla\u010d)<\/td><\/tr><tr><td>19.06.2024<\/td><td>tvnoviny.sk: <a href=\"https:\/\/tvnoviny.sk\/domace\/clanok\/905609-konferencia-vizionari-prelezaniny-su-vaznym-problemom-o-ktorom-vsak-nemame-relevantne-data\">Konferencia Vizion\u00e1ri: Prele\u017eaniny s\u00fa v\u00e1\u017enym probl\u00e9mom, o ktorom v\u0161ak nem\u00e1me relevantn\u00e9 d\u00e1ta<\/a><\/td><\/tr><tr><td>19.06.2024<\/td><td>Vizion\u00e1ri: <a href=\"https:\/\/podcasters.spotify.com\/pod\/show\/vizionri\/episodes\/Preo-je-dleit--aby-malo-Slovensko-relevantn-dta-o-dekubitoch-e2l282n\">Pre\u010do je d\u00f4le\u017eit\u00e9, aby malo Slovensko relevantn\u00e9 d\u00e1ta o dekubitoch?<\/a><\/td><\/tr><tr><td>18.06.2024<\/td><td>bystricoviny.sk: <a href=\"https:\/\/www.bystricoviny.sk\/spomienka\/zomrel-znamy-banskobystricky-lekar-a-politik-milan-urbani-\u202079\/\">Zomrel zn\u00e1my banskobystrick\u00fd lek\u00e1r a politik Milan Urb\u00e1ni (\u202079)<\/a><\/td><\/tr><tr><td>17.06.2024<\/td><td>hnonline.sk: <a href=\"https:\/\/hnonline.sk\/slovensko\/96154965-zomrel-byvaly-poslanec-a-znamy-lekar-milan-urbani\">Zomrel b\u00fdval\u00fd poslanec a zn\u00e1my lek\u00e1r Milan Urb\u00e1ni<\/a><\/td><\/tr><tr><td>17.06.2024<\/td><td>mynovohrad.sme.sk: <a href=\"https:\/\/mynovohrad.sme.sk\/c\/23345416\/zomrel-znamy-byvaly-politik-a-lekar.html\">Zomrel b\u00fdval\u00fd podpredseda \u013dS-HZDS Milan Urb\u00e1ni<\/a><\/td><\/tr><tr><td>17.06.2024<\/td><td>dnes24.sk: <a href=\"https:\/\/www.dnes24.sk\/zomrel-byvaly-poslanec-narodnej-rady-za-hzds-milan-urbani-450100\">Zomrel b\u00fdval\u00fd poslanec N\u00e1rodnej rady za HZDS Milan Urb\u00e1ni<\/a><\/td><\/tr><tr><td>17.06.2024<\/td><td>plus7dni.pluska.sk: <a href=\"https:\/\/plus7dni.pluska.sk\/domov\/zomrel-znamy-lekar-byvaly-poslanec-narodnej-rady-hzds-milan-urbani\">Zomrel zn\u00e1my lek\u00e1r a b\u00fdval\u00fd poslanec N\u00e1rodnej rady za HZDS Milan Urb\u00e1ni<\/a><\/td><\/tr><tr><td>17.06.2024<\/td><td>regiony.zoznam.sk: <a href=\"https:\/\/regiony.zoznam.sk\/aktualne-zomrel-znamy-byvaly-poslanec-parlamentu-podlahol-tazkej-chorobe\/\">AKTU\u00c1LNE Zomrel zn\u00e1my b\u00fdval\u00fd POSLANEC parlamentu! Pod\u013eahol \u0165a\u017ekej chorobe<\/a><\/td><\/tr><tr><td>17.06.2024<\/td><td>zena.pluska.sk: <a href=\"https:\/\/zena.pluska.sk\/zdravie-a-krasa\/demencia-moze-objavit-aj-40-tke-toto-su-varovne-signaly-ktore-daju-lahko-prehliadnut\">Demencia sa m\u00f4\u017ee objavi\u0165 aj po 40-tke: TOTO s\u00fa varovn\u00e9 sign\u00e1ly, ktor\u00e9 sa daj\u00fa \u013eahko prehliadnu\u0165<\/a><\/td><\/tr><tr><td>12.06.2024<\/td><td>kosice.korzar.sme.sk: <a href=\"https:\/\/kosice.korzar.sme.sk\/c\/23342660\/v-kardiocentre-agel-kosice-saca-dosiahli-svetove-prvenstvo.html\">V Kardiocentre AGEL Ko\u0161ice-\u0160aca dosiahli svetov\u00e9 prvenstvo<\/a><\/td><\/tr><tr><td>10.06.2024<\/td><td>tlacovespravy.sme.sk: <a href=\"https:\/\/tlacovespravy.sme.sk\/c\/23342153\/v-kardiocentre-agel-kosice-saca-dosiahli-svetove-prvenstvo.html\">V Kardiocentre AGEL Ko\u0161ice-\u0160aca dosiahli svetov\u00e9 prvenstvo<\/a><\/td><\/tr><tr><td>10.06.2024<\/td><td>nextech.sk: <a href=\"https:\/\/www.nextech.sk\/a\/Lekarska-fakulta-UPJS-v-Kosiciach-ziskala-grant-z-EHP-a-Norska--rozvija-medzinarodnu-spolupracu-v-oblasti-vyskumu-rakoviny\">Lek\u00e1rska fakulta UPJ\u0160 v Ko\u0161iciach z\u00edskala grant z EHP a N\u00f3rska, rozv\u00edja medzin\u00e1rodn\u00fa spolupr\u00e1cu v oblasti v\u00fdskumu rakoviny<\/a> <\/td><\/tr><tr><td>07.06.2024<\/td><td>tlacovespravy.sme.sk: <a href=\"https:\/\/tlacovespravy.sme.sk\/c\/23337320\/netrenujte-naslepo-krvne-testy-mozu-zlepsit-vas-vykon.html\">Netr\u00e9nujte naslepo: Krvn\u00e9 testy m\u00f4\u017eu zlep\u0161i\u0165 v\u00e1\u0161 v\u00fdkon<\/a><\/td><\/tr><tr><td>07.06.2024<\/td><td>zdravie.pluska.sk: <a href=\"https:\/\/zdravie.pluska.sk\/novinky-a-odbornici\/slovenska-vyskumnicka-oxfordu-miroslava-rabajdova-zeny-vedy-prinasaju-empatiu\">V\u00fdskumn\u00ed\u010dka z Oxfordu Miroslava Rabajdov\u00e1: \u017deny do vedy prin\u00e1\u0161aj\u00fa empatiu<\/a><\/td><\/tr><tr><td>07.06.2024<\/td><td>mediweb.hnonline.sk: <a href=\"https:\/\/mediweb.hnonline.sk\/zdn\/spravy\/96153382-nozokomialnym-nakazam-a-ich-dosledkom-sa-venovala-pilotna-konferencia-vo-viglasi\">Nozokomi\u00e1lnym n\u00e1kaz\u00e1m a ich d\u00f4sledkom sa venovala pilotn\u00e1 konferencia vo V\u00edg\u013ea\u0161i<\/a><\/td><\/tr><tr><td>06.06.2024<\/td><td>Telev\u00edzne noviny (TV Mark\u00edza): Vt\u00e1\u010dia chr\u00edpka m\u00e1 \u013eudsk\u00fa obe\u0165 (report\u00e1\u017e)<\/td><\/tr><tr><td>06.06.2024<\/td><td>Lek\u00e1rske listy: Po\u0161koden\u00e9 srdcov\u00e9 chlopne sa daj\u00fa lie\u010di\u0165 kat\u00e9trovou technikou (Tla\u010d)<\/td><\/tr><tr><td>06.06.2024<\/td><td>Lek\u00e1rske listy: Myslie\u0165 kreat\u00edvne a zodpovedne, nie mechanicky a alibisticky (Tla\u010d)<\/td><\/tr><tr><td>06.06.2024<\/td><td>Lek\u00e1rske listy: Oper\u00e1cie na srdci bez otv\u00e1rania hrudn\u00edka (Tla\u010d)<\/td><\/tr><tr><td>06.06.2024<\/td><td>Lek\u00e1rske listy: Interven\u010dn\u00e1 echokardiografia (Tla\u010d)<\/td><\/tr><tr><td>06.06.2024<\/td><td>Zdravotn\u00edcke noviny: Nozokomi\u00e1lnym n\u00e1kaz\u00e1m a ich d\u00f4sledkom sa venovala pilotn\u00e1 konferencia vo V\u00edg\u013ea\u0161i (Tla\u010d)<\/td><\/tr><tr><td>06.06.2024<\/td><td>Lek\u00e1rske listy: Interven\u010dn\u00e1 lie\u010dba vroden\u00fdch srdcov\u00fdch ch\u00fdb v&nbsp;dospelosti (Tla\u010d)<\/td><\/tr><tr><td>06.06.2024<\/td><td>Kompendium medic\u00edny: M\u00f4\u017eeme zlep\u0161i\u0165 z\u00e1chyt osteoporotick\u00fdch zlomen\u00edn? (Tla\u010d)<\/td><\/tr><tr><td>06.06.2024<\/td><td>Lek\u00e1rske listy: Kat\u00e9trov\u00e1 lie\u010dba p\u013e\u00facnej emb\u00f3lie m\u00f4\u017ee zachr\u00e1ni\u0165 \u017eivot (Tla\u010d)<\/td><\/tr><tr><td>06.06.2024<\/td><td>Lek\u00e1rske listy: Prevencia kardiovaskul\u00e1rnych ochoren\u00ed v klinickej praxi (Tla\u010d)<\/td><\/tr><tr><td>06.06.2024<\/td><td>Lek\u00e1rske listy: Kardiol\u00f3gia (Tla\u010d)<\/td><\/tr><tr><td>05.06.2024<\/td><td>zdravoteka.sk: <a href=\"https:\/\/zdravoteka.sk\/magazin\/piata-choroba\/\">\u010co je to PIATA choroba? O jej infek\u010dnosti, pr\u00edznakoch \u010di lie\u010dbe<\/a><\/td><\/tr><tr><td>05.06.2024<\/td><td>www1.pluska.sk: <a href=\"https:\/\/www1.pluska.sk\/spravy\/z-domova\/zupan-spori-primatorom-seniorov-kto-nich-stara-viac\">\u017dupan sa spor\u00ed s prim\u00e1torom o seniorov: Kto sa o nich star\u00e1 viac<\/a><\/td><\/tr><\/tbody><\/table><\/figure>\n\n\n\n<p><strong>M\u00e1j 2024<\/strong><\/p>\n\n\n\n<figure class=\"wp-block-table is-style-stripes\"><table><tbody><tr><td>31.05.2024<\/td><td>info.sk: <a href=\"https:\/\/www.info.sk\/sprava\/250181\/zomrel-znamy-slovensky-spisovatel-na-konte-mal-niekolko-oceneni\/\">Zomrel zn\u00e1my slovensk\u00fd spisovate\u013e, na konte mal nieko\u013eko ocenen\u00ed<\/a><\/td><\/tr><tr><td>31.05.2024<\/td><td>kultura.pravda.sk: <a href=\"https:\/\/kultura.pravda.sk\/kniha\/clanok\/712254-spisovatel-a-lekar-jan-milcak-poznal-liecivu-silu-krasy\/\">Spisovate\u013e a lek\u00e1r Jan Mil\u010d\u00e1k poznal lie\u010divu silu kr\u00e1sy<\/a><\/td><\/tr><tr><td>31.05.2024<\/td><td>regiony.zoznam.sk: <a href=\"https:\/\/presov.zoznam.sk\/smutna-sprava-zomrel-oblubeny-slovensky-spisovatel-za-vynimocnu-tvorbu-ziskal-prestizne-ocenenia\/\">SMUTNA SPR\u00c1VA Zomrel ob\u013e\u00faben\u00fd slovensk\u00fd SPISOVATE\u013d! Za v\u00fdnimo\u010dn\u00fa tvorbu z\u00edskal prest\u00ed\u017ene ocenenia<\/a><\/td><\/tr><tr><td>31.05.2024<\/td><td>lekarskenoviny.sk: <a href=\"https:\/\/lekarskenoviny.sk\/index.php\/2024\/05\/31\/svetovy-den-bez-tabaku-unlp-skoli-stredoskolakov-o-skodlivosti-fajcenia\/\">Svetov\u00fd de\u0148 bez tabaku \u2013 UNLP \u0161kol\u00ed stredo\u0161kol\u00e1kov o \u0161kodlivosti faj\u010denia<\/a><\/td><\/tr><tr><td>31.05.2024<\/td><td>sita.sk\/vzdravotnictve: <a href=\"https:\/\/sita.sk\/vzdravotnictve\/cirhoza-pecene-moze-skratit-zivot-aj-o-20-rokov\/\">Cirh\u00f3za pe\u010dene m\u00f4\u017ee skr\u00e1ti\u0165 \u017eivot aj o 20 rokov<\/a><\/td><\/tr><tr><td>31.05.2024<\/td><td>dennatlac.sk: <a href=\"https:\/\/dennatlac.sk\/cirhoza-pecene-moze-skratit-zivot-aj-o-20-rokov-a86273\">Cirh\u00f3za pe\u010dene m\u00f4\u017ee skr\u00e1ti\u0165 \u017eivot aj o 20 rokov<\/a><\/td><\/tr><tr><td>31.05.2024<\/td><td>medicina.trend.sk: <a href=\"https:\/\/medicina.trend.sk\/2024\/05\/31\/kosicka-univerzitna-nemocnica-spustila-bezplatne-vysetrenia-pecene\/\">Ko\u0161ick\u00e1 univerzitn\u00e1 nemocnica spustila bezplatn\u00e9 vy\u0161etrenia pe\u010dene<\/a><\/td><\/tr><tr><td>31.05.2024<\/td><td>zdravoteka.sk: <a href=\"https:\/\/spravy.zdravoteka.sk\/slovensko-patri-medzi-krajiny-s-vysokym-vyskytom-chorob-pecene\/\">Slovensko patri medzi krajiny s vysok\u00fdm v\u00fdskytom chor\u00f4b pe\u010dene<\/a><\/td><\/tr><tr><td>31.05.2024<\/td><td>vskratke.sk: <a href=\"https:\/\/www.vskratke.sk\/unlp-zacala-celomesacnu-prevenciu-bezplatne-vysetrenia-pecene\/\">UNLP za\u010dala celomesa\u010dn\u00fa prevenciu \u2013 bezplatn\u00e9 vy\u0161etrenia pe\u010dene<\/a><\/td><\/tr><tr><td>31.05.2024<\/td><td>standard.sk: <a href=\"https:\/\/standard.sk\/676216\/iniciativa-kosickych-hepatologov-zaujala-verejnost-bezplatny-skrining-vyvolal-osial\">Iniciat\u00edva ko\u0161ick\u00fdch hepatol\u00f3gov zaujala verejnos\u0165. Bezplatn\u00fd skr\u00edning vyvolal o\u0161ia\u013e<\/a><\/td><\/tr><tr><td>30.05.2024<\/td><td>lekarskenoviny.sk: <a href=\"https:\/\/lekarskenoviny.sk\/index.php\/2024\/05\/30\/unlp-zacina-celomesacnu-prevenciu-bezplatne-vysetrenia-pecene\/\">UNLP za\u010d\u00edna celomesa\u010dn\u00fa prevenciu \u2013 bezplatn\u00e9 vy\u0161etrenia pe\u010dene<\/a><\/td><\/tr><tr><td>30.05.2024<\/td><td>ahoj.tv: <a href=\"https:\/\/www.ahoj.tv\/clanky\/clanok\/11671\/\">Univerzitn\u00e1 nemocnica v Ko\u0161iciach sp\u00fa\u0161\u0165a bezplatn\u00e9 vy\u0161etrenia pe\u010dene<\/a><\/td><\/tr><tr><td>30.05.2024<\/td><td>zdravie.pravda.sk: <a href=\"https:\/\/zdravie.pravda.sk\/zdravie-a-prevencia\/clanok\/711992-nemocnica-na-vychode-vysetruje-cely-mesiac-zdarma-pecen\/\">Nemocnica na v\u00fdchode vy\u0161etruje cel\u00fd mesiac zdarma pe\u010de\u0148<\/a><\/td><\/tr><tr><td>30.05.2024<\/td><td>kosice.dnes24.sk: <a href=\"https:\/\/kosice.dnes24.sk\/kosicka-unlp-spustila-novy-projekt-ktory-potrva-mesiac-toto-ponuka-zaujemcom-bezplatne-449316\">Ko\u0161ick\u00e1 UNLP spustila nov\u00fd projekt: TOTO pon\u00faka z\u00e1ujemcom BEZPLATNE<\/a><\/td><\/tr><tr><td>30.05.2024<\/td><td>levoca.sk: <a href=\"https:\/\/www.levoca.sk\/aktuality\/2024\/vo-veku-89-rokov-zomrel-spisovatel-a-lekar-jan-milcak-cest-jeho-pamiatke\/\">Vo veku 89 rokov zomrel spisovate\u013e a lek\u00e1r J\u00e1n Mil\u010d\u00e1k. \u010ces\u0165 jeho pamiatke!<\/a><\/td><\/tr><tr><td>29.05.2024<\/td><td>lekari.sk: <a href=\"https:\/\/lekari.sk\/denna-sprava\/Zdravie-UNLP-Kosice-ponuka-celomesacny-bezplatny-skrining-ochoreni-pecene-59078.html\">Zdravie: UNLP Ko\u0161ice pon\u00faka celomesa\u010dn\u00fd bezplatn\u00fd skr\u00edning ochoren\u00ed pe\u010dene<\/a><\/td><\/tr><tr><td>29.05.2024<\/td><td>teraz.sk: <a href=\"https:\/\/www.teraz.sk\/zahranicie\/unlp-kosice-ponuka-celomesacny-bezpl\/798338-clanok.html\">UNLP Ko\u0161ice pon\u00faka celomesa\u010dn\u00fd bezplatn\u00fd skr\u00edning ochoren\u00ed pe\u010dene<\/a><\/td><\/tr><tr><td>29.05.2024<\/td><td>tasr.sk: <a href=\"https:\/\/www.tasr.sk\/tasr-clanok\/TASR:2024052900000322\">Zdravie: UNLP Ko\u0161ice pon\u00faka celomesa\u010dn\u00fd bezplatn\u00fd skr\u00edning ochoren\u00ed pe\u010dene<\/a><\/td><\/tr><tr><td>29.05.2024<\/td><td>plan.art: <a href=\"https:\/\/www.plan.art\/rubriky\/kultivovane-matky\/opustil-nas-jan-milcak\">Mysl\u00ed\u0161, \u017ee aj smr\u0165 m\u00f4\u017ee by\u0165 n\u00e1dhern\u00e1? Akoby si zostupoval hlboko do studne<\/a><\/td><\/tr><tr><td>29.05.2024<\/td><td>presovak.sk: <a href=\"https:\/\/www.presovak.sk\/clanky\/4054\/vo-veku-89-rokov-zomrel-v-levoci-spisovatel-a-lekar-jan-milcak\">Vo veku 89 rokov zomrel v Levo\u010di spisovate\u013e a lek\u00e1r J\u00e1n Mil\u010d\u00e1k<\/a><\/td><\/tr><tr><td>29.05.2024<\/td><td>kosice.zoznam.sk: <a href=\"https:\/\/kosice.zoznam.sk\/unlp-kosice-ponuka-celomesacny-bezplatny-skrining-ochoreni-pecene\/\">UNLP Ko\u0161ice pon\u00faka celomesa\u010dn\u00fd bezplatn\u00fd skr\u00edning ochoren\u00ed pe\u010dene<\/a><\/td><\/tr><tr><td>28.05.2024<\/td><td>prohuman.sk: <a href=\"https:\/\/www.prohuman.sk\/zdravotnictvo\/komunikacia-v-zdravotnictve-a-vybrane-psychologicke-premenne\">Komunik\u00e1cia v zdravotn\u00edctve a vybran\u00e9 psychologick\u00e9 premenn\u00e9 u r\u00f3mskych a ner\u00f3mskych pacientov s kardiovaskul\u00e1rnym ochoren\u00edm<\/a><\/td><\/tr><tr><td>21.05.2024<\/td><td>zdravie.pluska.sk: <a href=\"https:\/\/zdravie.pluska.sk\/rodina-a-tehotenstvo\/zila-4-mesiace-strachu-nepreziju-porod-lucia-aj-jej-syncek-mohli-zomriet\">\u017dila 4 mesiace v strachu, \u017ee nepre\u017eij\u00fa p\u00f4rod. Lucia aj jej syn\u010dek mohli zomrie\u0165<\/a><\/td><\/tr><tr><td>21.05.2024<\/td><td>superbabky.sk: <a href=\"https:\/\/superbabky.sk\/lucia-zila-styri-mesiace-v-strachu-ze-neprezije-porod-v-nemocnici-agel-kosice-saca-zachranili-nielen-ju-ale-aj-jej-synceka\/\">Lucia \u017eila \u0161tyri mesiace v strachu, \u017ee nepre\u017eije p\u00f4rod. V Nemocnici AGEL Ko\u0161ice-\u0160aca zachr\u00e1nili nielen ju, ale aj jej syn\u010deka<\/a><\/td><\/tr><tr><td>16.05.2024<\/td><td>nemocnicakosicesaca.agel.sk: <a href=\"https:\/\/nemocnicakosicesaca.agel.sk\/o-nemocnici\/novinky\/240516-placenta.html\">Lucia \u017eila \u0161tyri mesiace v strachu, \u017ee nepre\u017eije p\u00f4rod. V Nemocnici AGEL Ko\u0161ice-\u0160aca zachr\u00e1nili nielen ju, ale aj jej syn\u010deka<\/a><\/td><\/tr><tr><td>16.05.2024<\/td><td>eastmag.sk: <a href=\"https:\/\/eastmag.sk\/2024\/05\/16\/lucia-zila-styri-mesiace-v-strachu-ze-neprezije-porod-v-nemocnici-v-saci-zachranili-ju-aj-synceka\/\">Lucia \u017eila \u0161tyri mesiace v strachu, \u017ee nepre\u017eije p\u00f4rod. V Nemocnici v \u0160aci zachr\u00e1nili ju aj syn\u010deka<\/a><\/td><\/tr><tr><td>15.05.2024<\/td><td>TV Doktor: <a href=\"https:\/\/www.tvdoktor.sk\/video\/756-mikrobiom-a-ochorenia\/\">Mikrobi\u00f3m a ochorenia<\/a><\/td><\/tr><tr><td>15.05.2024<\/td><td>eastmag.sk: <a href=\"https:\/\/eastmag.sk\/2024\/05\/15\/spoznali-sme-najlepsie-inovacne-projekty-kosickeho-kraja-2024\/\">Spoznali sme najlep\u0161ie inova\u010dn\u00e9 projekty Ko\u0161ick\u00e9ho kraja 2024<\/a><\/td><\/tr><tr><td>15.05.2024<\/td><td>web.vucke.sk: <a href=\"https:\/\/web.vucke.sk\/sk\/novinky\/spoznali-sme-najlepsie-inovacne-projekty-kosickeho-kraja-2024.html\">Spoznali sme najlep\u0161ie inova\u010dn\u00e9 projekty Ko\u0161ick\u00e9ho kraja 2024<\/a><\/td><\/tr><tr><td>09.05.2024<\/td><td>eastmag.sk: <a href=\"https:\/\/eastmag.sk\/2024\/05\/09\/v-utorok-ocenia-najlepsich-inovatorov-a-podnikatelov-v-kosickom-kraji\/\">V utorok ocenia najlep\u0161\u00edch inov\u00e1torov a podnikate\u013eov v Ko\u0161ickom kraji<\/a><\/td><\/tr><tr><td>08.05.2024<\/td><td>prohuman.sk: <a href=\"https:\/\/www.prohuman.sk\/zdravotnictvo\/zmena-kvality-zivota-a-zdravia-seniorov-pocas-pandemie-covid-19\">Zmena kvality \u017eivota a zdravia seniorov po\u010das pand\u00e9mie COVID-19<\/a><\/td><\/tr><tr><td>08.05.2024<\/td><td>kosicak.sk: <a href=\"https:\/\/www.kosicak.sk\/clanky\/1902\/foto-kosice-vzdali-hold-kolektivom-i-jednotlivcom-ktori-obetovali-cely-svoj-zivot-pomoci-druhym-a-rozvoju-mesta\">FOTO: Ko\u0161ice vzdali hold kolekt\u00edvom i jednotlivcom, ktor\u00ed obetovali cely svoj \u017eivot pomoci druh\u00fdm a rozvoju mesta<\/a><\/td><\/tr><tr><td>03.05.2024<\/td><td>dennikn.sk: <a href=\"https:\/\/dennikn.sk\/3971515\/fyzicka-kondicia-suvisi-s-nizsim-rizikom-depresie-ci-uzkosti-v-obdobi-dospievania\/\">Fyzick\u00e1 kond\u00edcia s\u00favis\u00ed s ni\u017e\u0161\u00edm rizikom depresie \u010di \u00fazkosti v obdob\u00ed dospievania<\/a><\/td><\/tr><tr><td>03.05.2024<\/td><td>zdravotnickydennik.sk: <a href=\"https:\/\/zdravotnickydennik.sk\/2024\/05\/o-absolventov-a-absolventky-osetrovatelstva-je-obrovsky-zaujem-viac-ako-97-percent-sestier-na-slovensku-su-zeny\/\">O absolventov o\u0161etrovate\u013estva je obrovsk\u00fd z\u00e1ujem<\/a><\/td><\/tr><tr><td>01.05.2024<\/td><td>dobrenoviny.sk: <a href=\"https:\/\/www.dobrenoviny.sk\/c\/216637\/cudovali-sa-ze-este-zije-elias-nevedel-o-unikatne-velkom-nadore-zivot-mu-zachranila-vsimavost-okolia\">\u010cudovali sa, \u017ee e\u0161te \u017eije. Eli\u00e1\u0161ovi zo srdca vyoperovali raritne ve\u013ek\u00fd n\u00e1dor, ktor\u00fd mu tam r\u00e1stol roky<\/a><\/td><\/tr><tr><td>01.05.2024<\/td><td>sav.sk: <a href=\"https:\/\/www.sav.sk\/?lang=sk&amp;doc=services-news&amp;source_no=20&amp;news_no=11897\">Igor Lac\u00edk v Ko\u0161ickej vedeckej kaviarni: Enkapsul\u00e1cia \u2013 k\u00fazlo ako obrni\u0165 a z\u00e1rove\u0148 neobmedzi\u0165 slobodu<\/a><\/td><\/tr><tr><td>01.05.2024<\/td><td>vavia.agel.sk: <a href=\"https:\/\/vavia.agel.sk\/novinky\/240430-artro-kongres\" class=\"ek-link\">Pripravovan\u00fd kongres Nov\u00e9 trendy v artroskopickej operat\u00edve z\u00edskal finan\u010dn\u00fa podporu v r\u00e1mci Programu Interreg VI-A Ma\u010farsko-Slovensko &#8211; Vzdel\u00e1vac\u00ed, vedeck\u00fd a v\u00fdskumn\u00fd in\u0161tit\u00fat AGEL<\/a><\/td><\/tr><\/tbody><\/table><\/figure>\n\n\n\n<p><strong>Apr\u00edl 2024<\/strong><\/p>\n\n\n\n<figure class=\"wp-block-table is-style-stripes\"><table><tbody><tr><td>29.4.2024<\/td><td>eastmag.sk: <a href=\"https:\/\/eastmag.sk\/2024\/04\/29\/v-kardiocentre-v-saci-liecia-srdcia-pacientov-zvnutra\/\">V Kardiocentre v \u0160aci lie\u010dia srdcia pacientov zvn\u00fatra<\/a><\/td><\/tr><tr><td>29.4.2024<\/td><td>superbabky.sk: <a href=\"https:\/\/superbabky.sk\/tito-traja-lekari-liecia-srdcia-pacientov-zvnutra\/\">Tito traja lek\u00e1ri lie\u010dia srdcia pacientov zvn\u00fatra<\/a><\/td><\/tr><tr><td>29.4.2024<\/td><td>kosice.dnes24.sk: <a href=\"https:\/\/kosice.dnes24.sk\/mladikovi-vyrastol-na-srdci-obrovsky-nador-kosickym-lekarom-sa-ho-podarilo-zachranit-448081\">Mlad\u00edkovi vyr\u00e1stol na srdci OBROVSKY n\u00e1dor: Ko\u0161ick\u00fdm lek\u00e1rom sa ho podarilo ZACHRANI\u0164!<\/a><\/td><\/tr><tr><td>29.4.2024<\/td><td>kardiocentrum.agel.sk: <a href=\"https:\/\/kardiocentrum.agel.sk\/novinky\/240429-srdcia-pacientov\">V Kardiocentre AGEL Ko\u0161ice-\u0160aca lie\u010dia srdcia pacientov zvn\u00fatra<\/a><\/td><\/tr><tr><td>29.4.2024<\/td><td>zdravoteka.sk: <a href=\"https:\/\/zdravoteka.sk\/magazin\/kortizol-stresovy-hormon-ucinky-vysoky-nizky-v-krvi\/\">Stresov\u00fd horm\u00f3n: \u010co je KORTIZOL a ak\u00e9 ma \u00fa\u010dinky na telo? Pr\u00edznaky vysok\u00e9ho i n\u00edzkeho kortizolu v krvi<\/a><\/td><\/tr><tr><td>29.4.2024<\/td><td>ozdravme.sk: <a href=\"https:\/\/www.ozdravme.sk\/Dokument\/101421\/v-kardiocentre-agel-kosice-saca-liecia-srdcia-pacientov-zvnutra.aspx\">V Kardiocentre AGEL Ko\u0161ice-\u0160aca lie\u010dia srdcia pacientov zvn\u00fatra<\/a><\/td><\/tr><tr><td>12.04.2024<\/td><td>nemocnicakosicesaca.sk: <a href=\"https:\/\/nemocnicakosicesaca.agel.sk\/o-nemocnici\/novinky\/240412-pop-seminar.html\">Nemocnica AGEL Ko\u0161ice-\u0160aca a&nbsp;Pop\u00e1leninov\u00e9 oddelenie Klinick\u00e9ho centra v&nbsp;Debrec\u00edne zah\u00e1jili odborn\u00fa cezhrani\u010dn\u00fa spolupr\u00e1cu<\/a> <\/td><\/tr><tr><td>10.04.2024<\/td><td>Zdravotn\u00edcke noviny: \u0160pecialisti internej medic\u00edny si vymenili poznatky a&nbsp;sk\u00fasenosti<\/td><\/tr><tr><td>10.04.2024<\/td><td>Spr\u00e1vy RTVS z&nbsp;regi\u00f3nov: De\u0148 kari\u00e9ry uk\u00e1zal \u0161tudentom mo\u017enosti pr\u00e1ce<\/td><\/tr><tr><td>10.04.2024<\/td><td>\u017durn\u00e1l R\u00e1dia Regina o&nbsp;17.00: Dni kari\u00e9ry spojili 24 zamestn\u00e1vate\u013eov a&nbsp;vysoko\u0161kol\u00e1kov<\/td><\/tr><tr><td>10.04.2024<\/td><td>mediweb.hnonline.sk: <a href=\"https:\/\/mediweb.hnonline.sk\/zdn\/spravy\/96143626-specialisti-internej-mediciny-si-vymenili-poznatky-a-skusenosti-v-kosiciach\">\u0160pecialisti internej medic\u00edny si vymenili poznatky a&nbsp;sk\u00fasenosti<\/a><\/td><\/tr><tr><td>10.04.2024<\/td><td>fpham.uniba.sk: <a href=\"https:\/\/www.fpharm.uniba.sk\/detail-aktuality\/back_to_page\/farmaceuticka-fakulta-univerzity-komenskeho-v-bratislave\/article\/vitazi-clinical-skills-event-2024\/\">V\u00ed\u0165azi Clinical Skills Event 2024<\/a><\/td><\/tr><tr><td>09.04.2024<\/td><td>kosiceonline.sk: <a href=\"https:\/\/www.kosiceonline.sk\/zoznam-profesorov-vychodoslovenskych-univerzit-sa-opat-rozsiril\">Zoznam profesorov v\u00fdchodoslovensk\u00fdch univerz\u00edt sa op\u00e4\u0165 rozr\u00e1stol<\/a><\/td><\/tr><tr><td>09.04.2024<\/td><td>kosicednes.sk: <a href=\"https:\/\/kosicednes.sk\/spravy\/upjs-v-kosiciach-organizuje-veltrh-plny-pracovnych-prilezitosti-navstevnikov-caka-bohaty-program\/\">UPJ\u0160 v&nbsp;Ko\u0161iciach organizuje ve\u013etrh pln\u00fd pracovn\u00fdch pr\u00edle\u017eitost\u00ed. N\u00e1v\u0161tevn\u00edkov \u010dak\u00e1 bohat\u00fd program<\/a><\/td><\/tr><tr><td>09.04.2024<\/td><td>slovenskodnes.sk: <a href=\"https:\/\/slovenskodnes.sk\/spravy\/upjs-v-kosiciach-organizuje-veltrh-plny-pracovnych-prilezitosti-navstevnikov-caka-bohaty-program\/\">UPJ\u0160 v&nbsp;Ko\u0161iciach organizuje ve\u013etrh pln\u00fd pracovn\u00fdch pr\u00edle\u017eitost\u00ed. N\u00e1v\u0161tevn\u00edkov \u010dak\u00e1 bohat\u00fd program<\/a><\/td><\/tr><tr><td>09.04.2024<\/td><td>netky.sk: <a href=\"https:\/\/www.netky.sk\/clanok\/kariera-na-slovensku--sen-alebo-realita-pridte-na-osmy-rocnik-dna-kariery-s-milanom-kolcunom\">Kari\u00e9ra na Slovensku \u2013 sen alebo realita? Pr\u00ed\u010fte na \u00f4smy ro\u010dn\u00edk D\u0148a kari\u00e9ry s&nbsp;Milanom Kolcunom<\/a><\/td><\/tr><tr><td>09.04.2024<\/td><td>zdravotnickydennik.sk: <a href=\"https:\/\/zdravotnickydennik.sk\/2024\/04\/magazin-forbes-urcil-75-spickovych-slovenskych-lekarov-a-lekarok\/\">Forbes ur\u010dil 75 \u0161pi\u010dkov\u00fdch slovensk\u00fdch lek\u00e1rov<\/a><\/td><\/tr><tr><td>05.04.2024<\/td><td>trencinak.sk: <a href=\"https:\/\/www.trencinak.sk\/clanky\/3100\/v-rebricku-top-osobnosti-mediciny-forbes-je-aj-endokrinologicka-a-psychiater-z-trencina\">V&nbsp;rebr\u00ed\u010dku top osobnost\u00ed medic\u00edny Forbes je aj endokrinologi\u010dka a&nbsp;psychiater z Tren\u010d\u00edna<\/a><\/td><\/tr><tr><td>05.04.2024<\/td><td>presovak.sk: <a href=\"https:\/\/www.presovak.sk\/clanky\/3433\/toto-su-najlepsi-lekari-na-slovensku-podla-forbes-najdete-tu-aj-sest-osobnosti-z-presovskeho-kraja\">Toto s\u00fa najlep\u0161\u00ed lek\u00e1ri na Slovensku pod\u013ea Forbes: N\u00e1jdete tu aj \u0161es\u0165 osobnost\u00ed z&nbsp;Pre\u0161ovsk\u00e9ho kraja<\/a><\/td><\/tr><tr><td>05.04.2024<\/td><td>kosicak.sk: <a href=\"https:\/\/www.kosicak.sk\/clanky\/1536\/toto-su-najlepsi-lekari-na-slovensku-su-medzi-nimi-aj-kosicki-specialisti\">Toto s\u00fa najlep\u0161\u00ed lek\u00e1ri na Slovensku. S\u00fa medzi nimi aj ko\u0161ick\u00ed \u0161pecialisti<\/a><\/td><\/tr><tr><td>05.04.2024<\/td><td>zilinak.sk: <a href=\"https:\/\/www.zilinak.sk\/clanky\/28131\/toto-su-najlepsi-lekari-na-slovensku-podla-forbes-su-medzi-nimi-aj-ti-vasi\">Toto s\u00fa najlep\u0161\u00ed lek\u00e1ri na Slovensku pod\u013ea Forbes. S\u00fa medzi nimi aj t\u00ed va\u0161i?<\/a><\/td><\/tr><tr><td>05.04.2024<\/td><td>bratislavak.sk: <a href=\"https:\/\/www.bratislavak.sk\/clanky\/1921\/toto-su-najlepsi-lekari-na-slovensku-podla-forbes-su-medzi-nimi-aj-ti-vasi\">Toto s\u00fa najlep\u0161\u00ed lek\u00e1ri na Slovensku pod\u013ea Forbes. S\u00fa medzi nimi aj t\u00ed va\u0161i?<\/a><\/td><\/tr><tr><td>04.04.2024<\/td><td>Spr\u00e1vy RTVS z&nbsp;regi\u00f3nov: Nebezpe\u010dn\u00fd kom\u00e1r aj u&nbsp;n\u00e1s<\/td><\/tr><tr><td>04.04.2024<\/td><td>R\u00e1dio Slovensko, R\u00e1dio\u017eurn\u00e1l o&nbsp;12:00: Stru\u010dne z&nbsp;regi\u00f3nov<\/td><\/tr><tr><td>04.04.2024<\/td><td>R\u00e1dio\u017eurn\u00e1l RTVS<\/td><\/tr><tr><td>04.04.2024<\/td><td>Forbes: Top osobnosti medic\u00edny<\/td><\/tr><tr><td>03.04.2024<\/td><td>tvdoktor.sk: <a href=\"https:\/\/www.tvdoktor.sk\/video\/730-mikrobiom-a-dysbioza\/\">Mikrobi\u00f3m a dysbi\u00f3za<\/a><\/td><\/tr><tr><td>03.04.2024<\/td><td>kosice.standard.sk: <a href=\"https:\/\/kosice.standard.sk\/616286\/top-medicinske-osobnosti-roka-2024-toto-su-najlepsi-vychodniarski-lekari\">Top medic\u00ednske osobnosti roka 2024. Toto s\u00fa najlep\u0161\u00ed v\u00fdchodniarsk\u00ed lek\u00e1ri<\/a><\/td><\/tr><tr><td>03.04.2024<\/td><td>vysetrenie.zoznam.sk:<a href=\"vysetrenie.zoznam.sk: Toto\nje 75 TOP slovensk\u00fdch lek\u00e1rov a lek\u00e1rok\" class=\"ek-link\"> <\/a><a href=\"https:\/\/vysetrenie.zoznam.sk\/cl\/1000663\/2725519\/Toto-je-75-TOP-slovenskych-lekarov-a-lekarok\">Toto je 75 TOP slovensk\u00fdch lek\u00e1rov a lek\u00e1rok<\/a> <mark style=\"background-color:rgba(0, 0, 0, 0)\" class=\"has-inline-color has-biela-color\">..                                                                           &#8230;&#8230;&#8230;&#8230;&#8230;&#8230;&#8230;&#8230;&#8230;&#8230;&#8230;&#8230;&#8230;    <\/mark>                                                                                   <\/td><\/tr><\/tbody><\/table><\/figure>\n\n\n\n<p><strong>Marec 2024<\/strong><\/p>\n\n\n\n<figure class=\"wp-block-table is-style-stripes\"><table><tbody><tr><td>27.03.2024<\/td><td>fpharm.uniba.sk: <a href=\"https:\/\/www.fpharm.uniba.sk\/detail-aktuality\/back_to_page\/farmaceuticka-fakulta-univerzity-komenskeho-v-bratislave\/article\/clinical-skills-event-2024\/\">Clinical Skills Event 2024<\/a><\/td><\/tr><tr><td>27.03.2024<\/td><td>info-zdravie.sk: <a href=\"https:\/\/www.info-zdravie.sk\/bojujeme-proti-rakovine\/pri-kolorektalnom-karcinome-je-dolezity-individualny-liecebny-pristup\/\">Pri kolorekt\u00e1lnom karcin\u00f3me je d\u00f4le\u017eit\u00fd individu\u00e1lny lie\u010debn\u00fd pr\u00edstup<\/a><\/td><\/tr><tr><td>27.03.2024<\/td><td>kosicak.sk: <a href=\"https:\/\/www.kosicak.sk\/clanky\/1453\/mestske-zastupitelstvo-rozhodlo-kto-ziska-cenu-mesta-kosice-toto-su-mena-laureatov\">Mestsk\u00e9 zastupite\u013estvo rozhodlo, kto z\u00edska Cenu mesta Ko\u0161ice. Toto s\u00fa men\u00e1 laure\u00e1tov<\/a><\/td><\/tr><tr><td>26.03.2024<\/td><td>Prv\u00e9 telev\u00edzne noviny: Fialov\u00fd de\u0148<\/td><\/tr><tr><td>25.03.2024<\/td><td>kosice.korzar.sme.sk: <a href=\"https:\/\/kosice.korzar.sme.sk\/c\/23298656\/vlade-vojenska-nemocnica-na-vychode-chyba-za-vlady-fica-lozka-v-kosiciach-zrusili.html\">Vl\u00e1de vojensk\u00e1 nemocnica na v\u00fdchode ch\u00fdba, za vl\u00e1dy Fica l\u00f4\u017eka v&nbsp;Ko\u0161iciach zru\u0161ili<\/a><\/td><\/tr><tr><td>20.03.2024<\/td><td>Denn\u00edk SME: Ko\u0161ick\u00e1 lek\u00e1rska fakulta tvrd\u00ed, \u017ee viac medikov zvl\u00e1dne<\/td><\/tr><tr><td>18.03.2024<\/td><td>sportdnes.sk: <a href=\"https:\/\/www.sportdnes.sk\/slovensko\/vo-veku-68-rokov-zomrel-chirurg-a-presovsky-mestsky-poslanec-peter-bandura\/\">Vo veku 68 rokov zomrel chirurg a&nbsp;pre\u0161ovsk\u00fd mestsk\u00fd poslanec Peter Bandura<\/a><\/td><\/tr><tr><td>17.03.2024<\/td><td>pis.sk: <a href=\"https:\/\/pis.sk\/clanok\/20595\/zomrel_lekar_a_mestsky_poslanec_peter_bandura.html\">Zomrel lek\u00e1r a&nbsp;mestsk\u00fd poslanec Peter Bandura<\/a><\/td><\/tr><tr><td>15.03.2024<\/td><td>Slovenka \u2013 Zdravie rodiny: Ke\u010f k\u013aby prestan\u00fa posl\u00facha\u0165<\/td><\/tr><tr><td>15.03.2024<\/td><td>nemocnicakosicesaca.agel.sk: <a href=\"https:\/\/nemocnicakosicesaca.agel.sk\/o-nemocnici\/novinky\/240315-sympozium-int.html\">Jarn\u00e9 symp\u00f3zium Nemocnice Ko\u0161ice-\u0160aca: \u0160pecialisti internej medic\u00edny si vymenili vedeck\u00e9 poznatky a sk\u00fasenosti<\/a><\/td><\/tr><tr><td>15.03.2024<\/td><td>tvnoviny.sk: <a href=\"https:\/\/tvnoviny.sk\/zahranicne\/clanok\/885477-zrusenie-tiktoku-by-zasiahlo-aj-slovakov-podla-odbornika-by-to-u-mnohych-uzivatelov-mohlo-vyvolat-az-psychicke-tazkosti\">Zru\u0161enie TikToku by zasiahlo aj Slov\u00e1kov. Pod\u013ea odborn\u00edka by to u&nbsp;mnoh\u00fdch u\u017e\u00edvate\u013eov mohlo vyvola\u0165 a\u017e psychick\u00e9 \u0165a\u017ekosti<\/a><\/td><\/tr><tr><td>15.03.2024<\/td><td>Telev\u00edzne noviny, TV Mark\u00edza: Za\u010darovan\u00fd kruh TikToku<\/td><\/tr><tr><td>15.03.2024<\/td><td>presov.korzar.sme.sk: <a href=\"https:\/\/presov.korzar.sme.sk\/c\/23297337\/zomrel-presovsky-lekar-a-poslanec-bandura-venoval-sa-chirurgii-aj-akupunkture.html\">Zomrel pre\u0161ovsk\u00fd lek\u00e1r a&nbsp;poslanec Peter Bandura. Venoval sa chirurgii a&nbsp;akupunkt\u00fare<\/a><\/td><\/tr><tr><td>15.03.2024<\/td><td>presov.standard.sk: <a href=\"https:\/\/presov.standard.sk\/599597\/zomrel-presovsky-poslanec-a-znamy-lekar\">Zomrel pre\u0161ovsk\u00fd poslanec a&nbsp;zn\u00e1my lek\u00e1r<\/a><\/td><\/tr><tr><td>15.03.2024<\/td><td>pluska.sk: <a href=\"https:\/\/www1.pluska.sk\/krimi\/necakana-smrt-znameho-oblubeneho-lekara-poslanca-zomrel-oblubenej-cinnosti\">Ne\u010dakan\u00e1 SMR\u0164 zn\u00e1meho a&nbsp;ob\u013e\u00faben\u00e9ho lek\u00e1ra a&nbsp;poslanca: Zomrel pri ob\u013e\u00fabenej \u010dinnosti<\/a><\/td><\/tr><tr><td>15.03.2024<\/td><td>eduworld.sk: <a href=\"https:\/\/eduworld.sk\/cd\/tasr\/4970\/lekarska-fakulta-v-kosiciach-prijme-viac-studentov\">Lek\u00e1rska fakulta v&nbsp;Ko\u0161iciach pr\u00edjme viac \u0161tudentov<\/a><\/td><\/tr><tr><td>11.03.2024<\/td><td>medicina.trend.sk: <a href=\"https:\/\/medicina.trend.sk\/2024\/03\/11\/problem-s-lekarmi-chybaju-skor-mladi-a-najma-sestry\/\">Probl\u00e9m s lek\u00e1rmi? Ch\u00fdbaj\u00fa sk\u00f4r mlad\u00ed a najm\u00e4 sestry<\/a><\/td><\/tr><tr><td>07.03.2024<\/td><td>Spr\u00e1vy RTVS: <a href=\"https:\/\/www.rtvs.sk\/televizia\/archiv\/13982\/453271\">V ko\u0161ickej univerzitnej nemocnici horelo<\/a><\/td><\/tr><tr><td>07.03.2024<\/td><td>Spr\u00e1vy RTVS z&nbsp;regi\u00f3nov: <a href=\"https:\/\/www.rtvs.sk\/televizia\/archiv\/3328\/453864\">V Ko\u0161ickej Univerzitnej nemocnici horelo<\/a><\/td><\/tr><tr><td>04.03.2024<\/td><td>zdravie.pluska.sk: <a href=\"https:\/\/zdravie.pluska.sk\/novinky-a-odbornici\/schudnete-uniknete-rakovine-pecene-tuto-minutovu-aktivitu-radia-lekari\">Schudnete a uniknete rakovine pe\u010dene: T\u00fato min\u00fatov\u00fa aktivitu, radia lek\u00e1ri<\/a><\/td><\/tr><tr><td>04.03.2024<\/td><td>mediweb.hnonline.sk: <a href=\"https:\/\/mediweb.hnonline.sk\/zdn\/spravy\/96134377-revolucna-operacna-metoda-v-nemocnici-agel-kosice-saca\">Revolu\u010dn\u00e1 opera\u010dn\u00e1 met\u00f3da v Nemocnici AGEL Ko\u0161ice-\u0160aca<\/a><\/td><\/tr><tr><td>01.03.2024<\/td><td>Radio\u017eurn\u00e1l RTVS: <a href=\"https:\/\/www.rtvs.sk\/radio\/archiv\/1123\/2253986\">Endoskopick\u00e9 centrum<\/a><\/td><\/tr><tr><td>01.03.2024<\/td><td>kosicak.sk: <a href=\"https:\/\/www.kosicak.sk\/clanky\/1167\/foto-revolucia-v-endoskopii-na-vychode-kosicka-nemocnica-otvorila-spickove-centrum\">FOTO: Revol\u00facia v endoskopii na v\u00fdchode. Ko\u0161ick\u00e1 nemocnica otvorila \u0161pi\u010dkov\u00e9 centrum<\/a><\/td><\/tr><tr><td>01.03.2024<\/td><td>seredonline.sk: <a href=\"https:\/\/www.seredonline.sk\/2024\/03\/02\/svetovy-den-obezity\/\">Svetov\u00fd de\u0148 obezity<\/a><\/td><\/tr><tr><td>01.03.2024<\/td><td>reporter24.sk: <a href=\"https:\/\/www.reporter24.sk\/2024\/03\/02\/svetovy-den-obezity\/\">Svetov\u00fd de\u0148 obezity<\/a><\/td><\/tr><tr><td>01.03.2024<\/td><td>slovensky-vecernik.sk: <a href=\"https:\/\/slovensky-vecernik.sk\/story\/zuzana-dolinkova-otvorili-sme-moderne-endoskopicke-pracovisko-so-spickovou-technikou-bude-pomahat-pacientom-z-vychodneho-slovenska\">Zuzana Dolinkov\u00e1: OTVORILI SME MODERN\u00c9 ENDOSKOPICK\u00c9 PRACOVISKO SO \u0160PI\u010cKOVOU TECHNIKOU. BUDE POM\u00c1HA\u0164 PACIENTOM Z V\u00ddCHODN\u00c9HO SLOVENSKA<\/a><\/td><\/tr><tr><td>01.03.2024<\/td><td>netky.sk: <a href=\"https:\/\/www.netky.sk\/clanok\/zmodernizovane-endoskopicke-pracovisko-so-spickovou-technikou-v-unlp-kosice-bude-pomahat-pacientom-z-celeho-vychodneho-slovenska\">Zmodernizovane Endoskopick\u00e9 pracovisko so \u0161pi\u010dkovou technikou v UNLP Ko\u0161ice bude pom\u00e1ha\u0165 pacientom z&nbsp;cel\u00e9ho v\u00fdchodn\u00e9ho Slovenska<\/a><\/td><\/tr><tr><td>01.03.2024<\/td><td>lekarskenoviny.sk: <a href=\"https:\/\/lekarskenoviny.sk\/index.php\/2024\/03\/01\/otvorili-sme-moderne-endoskopicke-pracovisko-so-spickovou-technikou\/\">Otvorili sme moderne Endoskopick\u00e9 pracovisko so \u0161pi\u010dkovou technikou<\/a><\/td><\/tr><tr><td>01.03.2024<\/td><td>kosicednes.sk: <a href=\"https:\/\/kosicednes.sk\/spravy\/kosicka-nemocnica-sa-moze-pysit-novym-endoskopickym-pracoviskom-so-spickovou-technikou-foto\/\">Ko\u0161ick\u00e1 nemocnica sa m\u00f4\u017ee p\u00fd\u0161i\u0165 nov\u00fdm endoskopick\u00fdm pracoviskom so \u0161pi\u010dkovou technikou<\/a> <mark style=\"background-color:rgba(0, 0, 0, 0)\" class=\"has-inline-color has-biela-color\">&#8230;&#8230;&#8230;&#8230;&#8230;&#8230;&#8230;&#8230;&#8230;&#8230;&#8230;&#8230;&#8230;..    <\/mark>                                                                                   <\/td><\/tr><\/tbody><\/table><\/figure>\n\n\n\n<p><strong>Febru\u00e1r 2024<\/strong><\/p>\n\n\n\n<figure class=\"wp-block-table is-style-stripes\"><table><tbody><tr><td>29.02.2024<\/td><td>eastmag.sk: <a href=\"https:\/\/eastmag.sk\/2024\/02\/29\/v-kosiciach-otvorili-moderne-endoskopicke-pracovisko-so-spickovou-technikou\/\">V Ko\u0161iciach otvorili modern\u00e9 Endoskopick\u00e9 pracovisko so \u0161pi\u010dkovou technikou<\/a><\/td><\/tr><tr><td>29.02.2024<\/td><td>Spr\u00e1vy RTVS z&nbsp;regi\u00f3nov: <a href=\"https:\/\/www.rtvs.sk\/televizia\/archiv\/3328\/452663\">Modern\u00e9 endoskopick\u00e9 pracovisko v Ko\u0161iciach<\/a><\/td><\/tr><tr><td>29.02.2024<\/td><td>kosice.standard.sk: <a href=\"https:\/\/www.bing.com\/search?q=V+UNLP+otvorili+endoskopick\u00e9+pracovisko+za+1%2C2+mili\u00f3na.+Prinies\u0165+m\u00e1+nov\u00e9+horizonty+v+diagnostike+a+lie\u010dbe&amp;cvid=b7723f54a18c47e4b9ef61ff41a95dc0&amp;gs_lcrp=EgZjaHJvbWUyBggAEEUYOTIHCAEQRRj8VdIBBzMyM2owajmoAgCwAgA&amp;FORM=ANAB01&amp;PC=LCTS\">V UNLP otvorili endoskopick\u00e9 pracovisko za 1,2 mili\u00f3na. Prinies\u0165 m\u00e1 nov\u00e9 horizonty v diagnostike a lie\u010dbe<\/a><\/td><\/tr><tr><td>29.02.2024<\/td><td>kosice.standard.sk: <a href=\"https:\/\/www.bing.com\/search?q=V+UNLP+otvorili+endoskopick\u00e9+pracovisko+za+1%2C2+mili\u00f3na.+Prinies\u0165+m\u00e1+nov\u00e9+horizonty+v+diagnostike+a+lie\u010dbe&amp;cvid=b7723f54a18c47e4b9ef61ff41a95dc0&amp;gs_lcrp=EgZjaHJvbWUyBggAEEUYOTIHCAEQRRj8VdIBBzMyM2owajmoAgCwAgA&amp;FORM=ANAB01&amp;PC=LCTS\">V UNLP otvorili endoskopick\u00e9 pracovisko za 1,2 mili\u00f3na. Prinies\u0165 m\u00e1 nov\u00e9 horizonty v diagnostike a lie\u010dbe<\/a><\/td><\/tr><tr><td>29.02.2024<\/td><td>health.gov.sk: <a href=\"https:\/\/www.bing.com\/search?q=Modern\u00e9+Endoskopick\u00e9+pracovisko+so+\u0161pi\u010dkovou+technikou+v+UNLP+Ko\u0161ice+bude+pom\u00e1ha\u0165+pacientom+z+cel\u00e9ho+v\u00fdchodn\u00e9ho+Slovenska&amp;cvid=b9d17a83600a410f9a3054e248ff2207&amp;gs_lcrp=EgZjaHJvbWUyBggAEEUYOTIHCAEQRRj8VdIBBzM1MGowajSoAgCwAgA&amp;FORM=ANAB01&amp;PC=LCTS\">Modern\u00e9 Endoskopick\u00e9 pracovisko so \u0161pi\u010dkovou technikou v UNLP Ko\u0161ice bude pom\u00e1ha\u0165 pacientom z&nbsp;cel\u00e9ho v\u00fdchodn\u00e9ho Slovenska<\/a><\/td><\/tr><tr><td>29.02.2024<\/td><td>zdravoteka.sk: <a href=\"https:\/\/zdravoteka.sk\/magazin\/melanom-bazocelularny-karcinom\/\">Melan\u00f3m vs. Bazali\u00f3m &#8211; spoznajte k\u013e\u00fa\u010dov\u00e9 rozdiely a pr\u00edznaky. Rakovina ko\u017ee vo dvoch hrozb\u00e1ch<\/a><\/td><\/tr><tr><td>29.02.2024<\/td><td>ozdravme.sk: <a href=\"https:\/\/www.ozdravme.sk\/Dokument\/101366\/obezita-ohrozuje-pecen-rovnako-ako-alkohol.aspx\">Obezita ohrozuje pe\u010de\u0148 rovnako ako alkohol<\/a><\/td><\/tr><tr><td>29.02.2024<\/td><td>Zdravotn\u00edcke noviny: Revolu\u010dn\u00e1 opera\u010dn\u00e1 met\u00f3da v Nemocnici AGEL Ko\u0161ice-\u0160aca<\/td><\/tr><tr><td>28.02.2024<\/td><td>kosicak.sk: <a href=\"https:\/\/www.kosicak.sk\/clanky\/1145\/na-zempline-sa-vyskytla-zltacka-v-michalovskej-nemocnici-hospitalizovali-trinast-osob\">Na Zempl\u00edne sa vyskytla \u017elta\u010dka. V michalovskej nemocnici hospitalizovali trin\u00e1s\u0165 os\u00f4b<\/a><\/td><\/tr><tr><td>27.02.2024<\/td><td>Spr\u00e1vy RTVS z&nbsp;regi\u00f3nov: <a href=\"https:\/\/spravy.rtvs.sk\/2024\/02\/na-vychode-sr-sa-siri-vysoko-infekcna-zltacka-hygienici-ocakavaju-ze-pripady-porastu\/\">Zempl\u00ednske mest\u00e1 a obce tr\u00e1pi \u017elta\u010dka<\/a><\/td><\/tr><tr><td>27.02.2024<\/td><td>\u017durn\u00e1l R\u00e1dia Regina: <a href=\"https:\/\/spravy.rtvs.sk\/2024\/02\/na-vychode-sr-sa-siri-vysoko-infekcna-zltacka-hygienici-ocakavaju-ze-pripady-porastu\/\">Roz\u0161\u00edren\u00e1 \u017elta\u010dka v Trebi\u0161ovskom okrese<\/a><\/td><\/tr><tr><td>27.02.2024<\/td><td>Novohradsk\u00e9 noviny: INFEKTOLOG O LEGIONELE: NAKAZILI SA AJ V NEMOCNICIACH, PROBLEM SU I&nbsp;KLIMATIZACIE<\/td><\/tr><tr><td>25.02.2024<\/td><td>techbox.sk: <a href=\"https:\/\/www.techbox.sk\/ako-mozu-technologie-zlepsit-starostlivost-o-pacienta-a-zefektivnit-procesy\">Ako m\u00f4\u017eu technol\u00f3gie zlep\u0161i\u0165 starostlivos\u0165 o pacienta a zefekt\u00edvni\u0165 procesy?<\/a><\/td><\/tr><tr><td>22.02.2024<\/td><td>rtvs.sk: <a href=\"https:\/\/www.facebook.com\/telketv\/videos\/unik%C3%A1tna-oper%C3%A1cia-vo-v%C3%BAsch-zachr%C3%A1nila-%C5%BEivot-mladej-pacientke\/2212792868926224\/\">\u00daspe\u0161n\u00e1 Rossov\u00e1 oper\u00e1cia vo V\u00daSCH<\/a><\/td><\/tr><tr><td>22.02.2024<\/td><td>\u0160tandard: <a href=\"https:\/\/standard.sk\/575113\/obrovska-epidemia-tiktok-tikov-medzi-tinedzermi-zacala-pocas-pandemie-a-stale-trva\">Obrovsk\u00e1 epid\u00e9mia TikTok tikov medzi t\u00edned\u017eermi za\u010dala po\u010das pand\u00e9mie. A st\u00e1le trv\u00e1<\/a><\/td><\/tr><tr><td>22.02.2024<\/td><td>telKE: <a href=\"https:\/\/www.bing.com\/search?q=Unik\u00e1tna+oper\u00e1cia+vo+V\u00daSCH+zachr\u00e1nila+\u017eivot+mladej+pacientke&amp;cvid=8ded4ccdcb54489893e39a3e0a2c0f64&amp;gs_lcrp=EgZjaHJvbWUyBggAEEUYOTIHCAEQRRj8VdIBCDE0NjhqMGo0qAIAsAIA&amp;FORM=ANAB01&amp;PC=LCTS\">Unik\u00e1tna oper\u00e1cia vo V\u00daSCH zachr\u00e1nila \u017eivot mladej pacientke<\/a><\/td><\/tr><tr><td>22.02.2024<\/td><td>VUSCH: <a href=\"https:\/\/www.vusch.sk\/2024\/02\/23\/unikatna-operacia-vo-vusch-zachranila-zivot-mladej-pacientke\/\">Unik\u00e1tna oper\u00e1cia vo V\u00daSCH zachr\u00e1nila \u017eivot mladej pacientke<\/a><\/td><\/tr><tr><td>22.02.2024<\/td><td>tlacovespravy.sme.sk: <a href=\"https:\/\/tlacovespravy.sme.sk\/c\/23285647\/unikatna-operacia-vo-vusch-zachranila-zivot-mladej-pacientke.html\">Unik\u00e1tna oper\u00e1cia vo V\u00daSCH zachr\u00e1nila \u017eivot mladej pacientke<\/a><\/td><\/tr><tr><td>22.02.2024<\/td><td>najmama.aktuality.sk: <a href=\"https:\/\/najmama.aktuality.sk\/clanok\/ikQfuPK\/nezmeskajte-termin-prihlasky-na-vysoke-skoly-pre-rok-202425-su-v-plnom-prude-dokedy-ake-su-poplatky-a-preco-sa-odvolat-tu-je-vsetko-co-potrebujete-vediet\/\">Prihl\u00e1\u0161ky na vysok\u00e9 \u0161koly pre rok 2024\/25 s\u00fa v plnom pr\u00fade! Ak\u00e9 term\u00edny nepre\u0161vihn\u00fa\u0165, ak\u00e9 s\u00fa poplatky, pre\u010do sa odvola\u0165? Tu je v\u0161etko, \u010do potrebujete vedie\u0165<\/a><\/td><\/tr><tr><td>21.02.2024<\/td><td>kosice.korzar.sme.sk: <a href=\"https:\/\/kosice.korzar.sme.sk\/c\/23285331\/infektolog-o-legionele-nakazili-sa-aj-v-nemocniciach-problemom-su-klimatizacie-i-fontany.html\">Infektol\u00f3g o legionele: Nakazili sa aj v nemocniciach, probl\u00e9mom s\u00fa klimatiz\u00e1cie i font\u00e1ny<\/a><\/td><\/tr><tr><td>21.02.2024<\/td><td>korzar.sme.sk: <a href=\"https:\/\/korzar.sme.sk\/c\/23285594\/objavila-sa-na-oslavach-podpisu-deklaracie-nezavislosti-teraz-strasi-v-kosiciach.html\">Objavila sa na oslav\u00e1ch podpisu Deklar\u00e1cie nez\u00e1vislosti, teraz stra\u0161\u00ed v Ko\u0161iciach<\/a><\/td><\/tr><tr><td>21.02.2024<\/td><td>Aktuality.sk: <a href=\"https:\/\/www.aktuality.sk\/clanok\/jDiG5R6\/interrupcna-tabletka-mala-byt-dostupna-uz-davno-pomohla-by-aj-zenam-ktore-chcu-mat-deti-anketa\/\">Interrup\u010dn\u00e1 tabletka mala by\u0165 dostupn\u00e1 u\u017e d\u00e1vno. Pomohla by aj \u017een\u00e1m, ktor\u00e9 chc\u00fa ma\u0165 deti (anketa)<\/a><\/td><\/tr><tr><td>19.02.2024<\/td><td>cdv.uniba.sk: <a href=\"https:\/\/www.bing.com\/search?q=Siedmy+ro\u010dn\u00edk+celoslovensk\u00e9ho+kongresu+\u0161tudentov+zubn\u00e9ho+lek\u00e1rstva+na+JLF+UK&amp;cvid=bd4da2aeb5304620959292a58f52539f&amp;gs_lcrp=EgZjaHJvbWUyBggAEEUYOTIHCAEQRRj8VdIBCDEwNDBqMGo0qAIAsAIA&amp;FORM=ANAB01&amp;PC=LCTS\">Siedmy ro\u010dn\u00edk celoslovensk\u00e9ho kongresu \u0161tudentov zubn\u00e9ho lek\u00e1rstva na JLF UK<\/a><\/td><\/tr><tr><td>19.02.2024<\/td><td>kosicednes.sk: <a href=\"https:\/\/kosicednes.sk\/spravy\/trnka-bude-ocenovat-osobnosti-kraja-nechyba-televizna-hviezda-ci-vyrazna-postava-boja-proti-covidu\/\">Trnka bude oce\u0148ova\u0165 osobnosti kraja: Nech\u00fdba TELEV\u00cdZNA HVIEZDA \u010di v\u00fdrazn\u00e1 postava boja proti COVIDU<\/a><\/td><\/tr><tr><td>16.02.2024<\/td><td>mediweb.hnonline.sk: <a href=\"https:\/\/mediweb.hnonline.sk\/zdn\/spravy\/96131609-konferencia-100-rokov-psychiatrie-v-pezinku\">Konferencia: 100 rokov psychiatrie v Pezinku<\/a><\/td><\/tr><tr><td>16.02.2024<\/td><td>slovensky-vecernik.sk: <a href=\"https:\/\/slovensky-vecernik.sk\/story\/od-1-februara-bolo-do-rezidentskeho-studia-zaradenych-20-lekarov\">Od 1. febru\u00e1ra bolo do rezidentsk\u00e9ho \u0161t\u00fadia zaraden\u00fdch 20 lek\u00e1rov<\/a><\/td><\/tr><tr><td>16.02.2024<\/td><td>lekarne.sk: <a href=\"https:\/\/www.lekarne.sk\/denna-sprava\/Zdravie-MZ-od-februara-zaradilo-do-rezidentskeho-studia-20-lekarov-58422.html\">Zdravie: MZ od febru\u00e1ra zaradilo do rezidentsk\u00e9ho \u0161t\u00fadia 20 lek\u00e1rov<\/a><\/td><\/tr><tr><td>16.02.2024<\/td><td>TERAZ: <a href=\"https:\/\/www.teraz.sk\/spravy\/rezort-zdravotnictva-zaradil-do-reziden\/775140-clanok.html\">Rezort zdravotn\u00edctva zaradil do rezidentsk\u00e9ho \u0161t\u00fadia 20 lek\u00e1rov<\/a><\/td><\/tr><tr><td>16.02.2024<\/td><td>TASR: <a href=\"https:\/\/www.teraz.sk\/slovensko\/rezort-zdravotnictva-zaradil-do-reziden\/775140-clanok.html\">Rezort zdravotn\u00edctva zaradil do rezidentsk\u00e9ho \u0161t\u00fadia 20 lek\u00e1rov<\/a><\/td><\/tr><tr><td>16.02.2024<\/td><td>nemocnicakosicesaca.sk: <a href=\"https:\/\/nemocnicakosicesaca.agel.sk\/o-nemocnici\/novinky\/240216-obrat-plodu.html\">V Nemocnici AGEL Ko\u0161ice-\u0160aca vykon\u00e1vaj\u00fa vonkaj\u0161\u00ed obrat plodu: Inovat\u00edvny pr\u00edstup Gynekologicko-p\u00f4rodn\u00edckej kliniky otv\u00e1ra mami\u010dk\u00e1m nov\u00e9 mo\u017enosti<\/a><\/td><\/tr><tr><td>15.02.2024<\/td><td>Sestra: <a href=\"https:\/\/arl4.library.sk\/arl-sllk\/sk\/detail-sllk_un_cat-0167477-Osetrovatelska-starostlivost-o-pacienta-s-ulcus-cruris-varicosum\/\">\u0160pecifik\u00e1 o\u0161etrovate\u013eskej starostlivosti o pacienta s ulcus cruris<\/a><\/td><\/tr><tr><td>15.02.2024<\/td><td>Sestra: <a href=\"https:\/\/unlp.sk\/aktualita\/zaciname-s-unikatnym-programom-pacientska-cesta-v-ortopedii\/\">Pacientska cesta v ortop\u00e9dii<\/a><\/td><\/tr><tr><td>15.02.2024<\/td><td>Zdravotn\u00edcke noviny: <a href=\"https:\/\/mediweb.hnonline.sk\/zdn\/spravy\/96130432-100-dni-pod-taktovkou-ministerky-dolinkovej-ako-ich-hodnotia-poslanci-szalay-dvorak-a-stachura\">100 dn\u00ed pod taktovkou ministerky Zuzany&#8230;<\/a><\/td><\/tr><tr><td>15.02.2024<\/td><td>Lek\u00e1rske listy: Imunoterapia v lie\u010dbe karcin\u00f3mu endometria<\/td><\/tr><tr><td>15.02.2024<\/td><td>Zdravotn\u00edcke noviny: <a href=\"https:\/\/mediweb.hnonline.sk\/zdn\/spravy\/96131609-konferencia-100-rokov-psychiatrie-v-pezinku\">Konferencia: 100 rokov psychiatrie v&nbsp;Pezinku<\/a><\/td><\/tr><tr><td>15.02.2024<\/td><td>Zdravotn\u00edcke noviny: Bude zvy\u0161ovanie po\u010dtu&#8230;<\/td><\/tr><tr><td>15.02.2024<\/td><td>kosicednes.sk: <a href=\"https:\/\/www.bing.com\/search?q=T\u00fdchto+11+osobnost\u00ed+z+Ko\u0161ick\u00e9ho+kraja+z\u00edska+OCENENIE+za+pr\u00ednos+z+viacer\u00fdch+oblast\u00ed&amp;cvid=fc61f1c2372347f494d44bb15da34e32&amp;gs_lcrp=EgZjaHJvbWUyBggAEEUYOTIHCAEQRRj8VdIBBzkwMWowajSoAgCwAgA&amp;FORM=ANAB01&amp;PC=LCTS\">T\u00fdchto 11 osobnost\u00ed z Ko\u0161ick\u00e9ho kraja z\u00edska OCENENIE za pr\u00ednos z viacer\u00fdch oblast\u00ed<\/a><\/td><\/tr><tr><td>13.02.2024<\/td><td>dennikn.sk: <a href=\"https:\/\/www.bing.com\/search?q=Ivana+Skoumalov\u00e1+z+ko\u0161ickej+susedskej+komunity%3A+Niekedy+sta\u010d\u00ed+osadi\u0165+do+parku+nov\u00fa+lavi\u010dku+a+\u00faplne+t\u00fdm+zmen\u00edte+spr\u00e1vanie+\u013eud\u00ed&amp;cvid=bae18a094bd946808acaf1c49203f379&amp;gs_lcrp=EgZjaHJvbWUyBggAEEUYOTIHCAEQRRj8VdIBCDEyNThqMGo0qAIAsAIA&amp;FORM=ANAB01&amp;PC=LCTS\">Ivana Skoumalov\u00e1 z ko\u0161ickej susedskej komunity: Niekedy sta\u010d\u00ed osadi\u0165 do parku nov\u00fa lavi\u010dku a \u00faplne t\u00fdm zmen\u00edte spr\u00e1vanie \u013eud\u00ed<\/a><\/td><\/tr><tr><td>13.02.2024<\/td><td>mediweb.hnonline.sk: <a href=\"https:\/\/mediweb.hnonline.sk\/zdn\/spravy\/96130910-skonci-sa-zvysovanie-poctu-medikov-len-zbytocne-vyhodenymi-peniazmi-rozhodnu-viacere-faktory\">Skon\u010d\u00ed sa zvy\u0161ovanie po\u010dtu medikov len zbyto\u010dne vyhoden\u00fdmi peniazmi? Rozhodn\u00fa viacer\u00e9 faktory<\/a><\/td><\/tr><tr><td>12.02.2024<\/td><td>\u0160arm: <a href=\"https:\/\/sarm.pluska.sk\/zdravie\/unikatna-operacna-metoda-pomoze-pri-halluxoch-spadnutej-klenbe-achilovke\">\u017divot na zdravej nohe<\/a><\/td><\/tr><tr><td>12.02.2024<\/td><td>odv.uniba.sk: <a href=\"https:\/\/www.fmed.uniba.sk\/detail-aktuality\/back_to_page\/lekarska-fakulta\/article\/sto-rokov-slovenskej-lekarskej-fyziologie\/\">Sto rokov slovenskej lek\u00e1rskej fyziol\u00f3gie<\/a><\/td><\/tr><tr><td>12.02.2024<\/td><td>dennikn.sk: <a href=\"https:\/\/dennikn.sk\/3807517\/slovak-v-cesku-v-prahe-lekarov-neucia-byt-lajdakmi-na-slovensku-je-dobry-pacient-ten-ktoreho-sa-rychlo-zbavia\/\">Slov\u00e1k v \u010cesku: V Prahe lek\u00e1rov neu\u010dia by\u0165 lajd\u00e1kmi. Na Slovensku je dobr\u00fd pacient ten, ktor\u00e9ho sa r\u00fdchlo zbavia<\/a><\/td><\/tr><tr><td>12.02.2024<\/td><td>vzdelavanie.agel.sk: <a href=\"https:\/\/vzdelavanie.agel.sk\/sympozium-internistov\">Vzd\u011bl\u00e1vac\u00ed akce AGEL<\/a><\/td><\/tr><tr><td>10.02.2024<\/td><td>targetnews.sk: <a href=\"http:\/\/www.targetnews.sk\/clanky\/item\/2304-v-kosiciach-predstavili-trendy-v-oblasti-digitalnych-inovacii-v-zdravotnictve\">V Ko\u0161iciach predstavili trendy v oblasti digit\u00e1lnych inov\u00e1ci\u00ed v zdravotn\u00edctve<\/a><\/td><\/tr><tr><td>09.02.2024<\/td><td>Hospod\u00e1rske noviny: <a href=\"https:\/\/www.pressreader.com\/slovakia\/hospodarske-noviny-9ZZT\/20240209\/281543705828006\">Medikov m\u00e1 by\u0165 viac. \u010ci to bude efekt\u00edvne, uk\u00e1\u017eu okolnosti<\/a><\/td><\/tr><tr><td>08.02.2024<\/td><td>kosice.dnes24.sk: <a href=\"https:\/\/kosice.dnes24.sk\/prevratna-metoda-kosicky-primar-operuje-problemove-nohy-bez-jaziev-444818\">Prevratn\u00e1 met\u00f3da: Ko\u0161ick\u00fd prim\u00e1r operuje probl\u00e9mov\u00e9 nohy BEZ JAZIEV!<\/a><\/td><\/tr><tr><td>07.02.2024<\/td><td>rtvs.sk: <a href=\"https:\/\/www.rtvs.sk\/novinky\/osobnosti\/353109\/zomrel-jan-kado-mal-85-rokov-kosicky-ma-ra-tooon-prisiel-aj-o-druheho-otca\">Zomrel J\u00e1n Kado. Mal 85 rokov. Ko\u0161ick\u00fd Ma-ra-t\u00f3\u00f3\u00f3n pri\u0161iel aj o&nbsp;druh\u00e9ho otca<\/a><\/td><\/tr><tr><td>07.02.2024<\/td><td>TASR: <a href=\"https:\/\/www.teraz.sk\/priame-prenosy-a-videa-tasr-tv\/diar-prehlad-udalosti-na-stvrtok-8\/773097-clanok.html\">Doplnen\u00ed preh\u013ead udalost\u00ed na \u0161tvrtok 8. febru\u00e1ra<\/a><\/td><\/tr><tr><td>07.02.2024<\/td><td>lekarskenoviny.sk: <a href=\"https:\/\/lekarskenoviny.sk\/index.php\/2024\/02\/07\/revolucna-operacna-metoda-v-nemocnici-agel-kosice-saca-ako-jedini-na-slovensku-operuju-deformity-nohy-bez-jaziev\/?fbclid=IwAR20nS4NrRwfKR_xWm_rj-h2580t6yU9BAPZc2R7cYNTzEvRLqYpK_7Xu1s\">Revolu\u010dn\u00e1 opera\u010dn\u00e1 met\u00f3da v Nemocnici AGEL Ko\u0161ice-\u0160aca: Ako jedin\u00ed na Slovensku operuj\u00fa deformity nohy bez jaziev<\/a><\/td><\/tr><tr><td>07.02.2024<\/td><td>hnonline.sk: <a href=\"https:\/\/hnonline.sk\/slovensko\/96129900-skonci-sa-zvysovanie-poctu-medikov-len-zbytocne-vyhodenymi-peniazmi-rozhodnu-viacere-faktory\">Skon\u010d\u00ed sa zvy\u0161ovanie po\u010dtu medikov len zbyto\u010dne vyhoden\u00fdmi peniazmi? Rozhodn\u00fa viacer\u00e9 faktory<\/a><\/td><\/tr><tr><td>06.02.2024<\/td><td>eastmag.sk: <a href=\"https:\/\/eastmag.sk\/2024\/02\/06\/revolucna-operacna-metoda-v-saci-ako-jedini-na-slovensku-operuju-deformity-nohy-bez-jaziev\/\">Revolu\u010dn\u00e1 opera\u010dn\u00e1 met\u00f3da v&nbsp;\u0160aci: Ako jedin\u00ed na Slovensku operuj\u00fa deformity nohy bez jaziev<\/a><\/td><\/tr><tr><td>06.02.2024<\/td><td>nemocnicasaca.agel.sk: <a href=\"https:\/\/nemocnicakosicesaca.agel.sk\/o-nemocnici\/novinky\/240206-totkovic.html\">Revolu\u010dn\u00e1 opera\u010dn\u00e1 met\u00f3da v Nemocnici AGEL Ko\u0161ice-\u0160aca: Ako jedin\u00ed na Slovensku operuj\u00fa deformity nohy bez jaziev<\/a><\/td><\/tr><tr><td>06.02.2024<\/td><td>Denn\u00edk SME: <a href=\"https:\/\/vysokeskoly.sme.sk\/c\/20748396\/univerzita-pavla-jozefa-safarika-v-kosiciach.html?ref=listvs\">Univerzita Pavla Jozefa \u0160af\u00e1rika v Ko\u0161iciach<\/a><\/td><\/tr><tr><td>03.02.2024<\/td><td>R\u00e1dio\u017eurn\u00e1l: Z\u00e1vere\u010dn\u00e9 pr\u00e1ce na lek\u00e1rskych fakult\u00e1ch by mohli by\u0165 minulos\u0165ou<\/td><\/tr><tr><td>01.02.2024<\/td><td>Telev\u00edzne noviny, TV Mark\u00edza: <a href=\"https:\/\/www.youtube.com\/watch?v=nUbyJBAvX2c\">Zdravie v&nbsp;olivovom oleji<\/a><\/td><\/tr><tr><td>01.02.2024<\/td><td>\u017divot: <a href=\"https:\/\/zivot.pluska.sk\/reportaze\/kde-nabrat-lekarov-cesku-mame-400-medikov-ostavaju-tam-pracovat-ale-nie-pre-plat\">Kde nabra\u0165 lek\u00e1rov? V&nbsp;\u010cesku m\u00e1me 400 medikov. Ost\u00e1vaj\u00fa tam pracova\u0165, ale nie pre plat<\/a> <mark style=\"background-color:rgba(0, 0, 0, 0)\" class=\"has-inline-color has-biela-color\">&#8230;&#8230;&#8230;&#8230;&#8230;&#8230;&#8230;&#8230;&#8230;&#8230;&#8230;&#8230;&#8230;..    <\/mark>                                                                                   <\/td><\/tr><\/tbody><\/table><\/figure>\n\n\n\n<p><strong><strong>Janu\u00e1r 2024<\/strong><\/strong><\/p>\n\n\n\n<figure class=\"wp-block-table is-style-stripes\"><table><tbody><tr><td>30.01.2024<\/td><td>reporter24.sk: <a href=\"https:\/\/www.reporter24.sk\/2024\/01\/30\/univerzita-pavla-jozefa-safarika-v-kosiciach-pozyva-na-fakultne-dni-otvorenych-dveri\/\">Univerzita Pavla Jozefa \u0160af\u00e1rika v Ko\u0161iciach poz\u00fdva na fakultn\u00e9 Dni otvoren\u00fdch dver\u00ed<\/a><\/td><\/tr><tr><td>30.01.2024<\/td><td>lekarskenoviny.sk: <a href=\"https:\/\/www.bing.com\/search?q=Ko\u0161ick\u00e1+Lek\u00e1rska+fakulta+UPJ\u0160+osl\u00e1vila+75+rokov+existencie+lekarskenoviny.sk&amp;cvid=dbfaa308b4b849d2b460e62af51eeaf7&amp;gs_lcrp=EgZjaHJvbWUyBggAEEUYOTIHCAEQRRj8VdIBCTEwMDg4ajBqNKgCALACAA&amp;FORM=ANAB01&amp;PC=LCTS\">Ko\u0161ick\u00e1 Lek\u00e1rska fakulta UPJ\u0160 osl\u00e1vila 75 rokov existencie<\/a><\/td><\/tr><tr><td>30.01.2024<\/td><td>Zvolensko-Podpolianske noviny: <a href=\"https:\/\/primar.sme.sk\/c\/23265313\/ako-sa-operuju-krcove-zily.html\">AK CHC\u00da PACIENTI MESIAC DOMA LE\u017dA\u0164, MUSIA SI N\u00c1JS\u0164 NIEKOHO IN\u00c9HO<\/a><\/td><\/tr><tr><td>29.01.2024<\/td><td>kosiceonline.sk: <a href=\"https:\/\/www.kosiceonline.sk\/lekarska-fakulta-upjs-je-pripravena-prijat-viac-medikov\">Lek\u00e1rska fakulta UPJ\u0160 je pripraven\u00e1 prija\u0165 viac medikov<\/a><\/td><\/tr><tr><td>25.01.2024<\/td><td>Dennikn.sk: <a href=\"https:\/\/dennikn.sk\/3792059\/medicka-banovcanova-150-medikov-navyse-nedostatok-lekarov-nevyriesi-frustrovani-ludia-uvazuju-o-odchode\/\">Medi\u010dka Banov\u010danov\u00e1: 150 medikov navy\u0161e nedostatok lek\u00e1rov nevyrie\u0161i, frustrovan\u00ed \u013eudia uva\u017euj\u00fa o&nbsp;odchode<\/a><\/td><\/tr><tr><td>25.01.2024<\/td><td>Lek\u00e1rske listy: XXXI. Slovensk\u00fd angiologick\u00fd kongres<\/td><\/tr><tr><td>25.01.2024<\/td><td>Kompendium medic\u00edny: MRI ako posledn\u00fd k\u00fasok mozaiky d\u00e1t apremilastu u&nbsp;pacienta so psoriatickou artit\u00eddou<\/td><\/tr><tr><td>25.01.2024<\/td><td>Kompendium medic\u00edny: Sta\u010d\u00ed pozera\u0165 pri psori\u00e1ze iba na ko\u017eu?<\/td><\/tr><tr><td>17.01.2024<\/td><td>Slovensk\u00e1 lek\u00e1rska komora: <a href=\"https:\/\/www.lekom.sk\/aktuality\/lekarske-fakulty-budu-moct-prijat-o-150-studentov-viac\">Lek\u00e1rske fakulty bud\u00fa m\u00f4c\u0165 prija\u0165 o 150 \u0161tudentov viac!<\/a><\/td><\/tr><tr><td>17.01.2024<\/td><td>Noviny.sk: <a href=\"https:\/\/www.noviny.sk\/slovensko\/879746-viac-medikov-na-skolach-lekarske-fakulty-budu-moct-prijat-o-150-studentov-viac\">Viac medikov na \u0161kol\u00e1ch: Lek\u00e1rske fakulty bud\u00fa m\u00f4c\u0165 prija\u0165 o 150 \u0161tudentov viac<\/a><\/td><\/tr><tr><td>17.01.2024<\/td><td>Teraz.sk: <a href=\"https:\/\/www.teraz.sk\/slovensko\/pellegrini-lekarske-fakulty-budu-moc\/768012-clanok.html\">Pellegrini: Lek\u00e1rske fakulty bud\u00fa m\u00f4c\u0165 prija\u0165 o 150 \u0161tudentov viac<\/a><\/td><\/tr><tr><td>17.01.2024<\/td><td>Trend: <a href=\"https:\/\/www.trend.sk\/spravy\/lekarske-fakulty-budu-moct-prijat-150-studentov-viac\">Lek\u00e1rske fakulty bud\u00fa m\u00f4c\u0165 prija\u0165 o 150 \u0161tudentov viac<\/a><\/td><\/tr><tr><td>17.01.2024<\/td><td>Aktuality.sk: <a href=\"https:\/\/www.aktuality.sk\/clanok\/tlxLbTn\/lekarske-fakulty-budu-po-novom-moct-prijat-viac-studentov\/\">Lek\u00e1rske fakulty bud\u00fa po novom m\u00f4c\u0165 prija\u0165 viac \u0161tudentov<\/a><\/td><\/tr><tr><td>17.01.2024<\/td><td>\u0160tandard: <a href=\"https:\/\/standard.sk\/544628\/lekarske-fakulty-prijmu-o-150-slovenskych-medikov-viac-rocne-to-bude-stat-vyse-milion-eur-studenti-su-proti\">Lek\u00e1rske fakulty prijm\u00fa o 150 slovensk\u00fdch medikov viac. Ro\u010dne to bude st\u00e1\u0165 vy\u0161e mili\u00f3n eur, \u0161tudenti s\u00fa proti<\/a><\/td><\/tr><tr><td>16.01.2024<\/td><td>Kysuck\u00e9 noviny: OBEZITOL\u00d3G IVAN MAJER\u010c\u00c1K: NOV\u00dd ROK NIE JE V\u00d4BEC DOBR\u00dd TERM\u00cdN NA ZA\u010cIATOK CHUDNUTIA, JE TO NELOGICK\u00c9<\/td><\/tr><tr><td>15.01.2024<\/td><td>T\u00fd\u017ede\u0148 na Pohron\u00ed: OBEZITOL\u00d3G IVAN MAJER\u010c\u00c1K: NOV\u00dd ROK NIE JE V\u00d4BEC DOBR\u00dd TERM\u00cdN NA ZA\u010cIATOK CHUDNUTIA, JE TO NELOGICK\u00c9<\/td><\/tr><tr><td>15.01.2024<\/td><td>spravy.pravda.sk: <a href=\"https:\/\/spravy.pravda.sk\/domace\/clanok\/695741-velky-prehlad-ktori-specialisti-chybaju-nemocniciam-a-kolko-si-pockate-na-termin\/\">Ve\u013ek\u00fd preh\u013ead: Ktor\u00ed \u0161pecialisti ch\u00fdbaj\u00fa v ambulanci\u00e1ch a ko\u013eko si po\u010dk\u00e1te na term\u00edn?<\/a><\/td><\/tr><tr><td>10.01.2024<\/td><td>vychod.sme.sk: <a href=\"https:\/\/vychod.sme.sk\/c\/23266060\/obezitolog-novy-rok-nie-je-dobry-termin-na-zaciatok-chudnutia-je-to-nelogicke.html\">Obezitol\u00f3g: Nov\u00fd rok nie je dobr\u00fd term\u00edn na za\u010diatok chudnutia, je to nelogick\u00e9<\/a><\/td><\/tr><tr><td>07.01.2024<\/td><td>pluska.sk: <a href=\"https:\/\/www1.pluska.sk\/rady-a-tipy\/jedlo-proti-cholesterolu-neboli-zabija-najviac-slovakov-takto-nim-zatocte\">Jedlo PROTI CHOLESTEROLU: Nebol\u00ed, no zab\u00edja najviac Slov\u00e1kov, takto s n\u00edm zato\u010dte!<\/a><\/td><\/tr><tr><td>04.01.2024<\/td><td>Zdravotn\u00edcke noviny: Inovat\u00edvny materi\u00e1l podporuje&#8230;<\/td><\/tr><tr><td>02.01.2024<\/td><td>zivot.pluska.sk: <a aria-label=\"Boj s demenciou: Pomohol by vitam\u00edn D? Slovensk\u00ed vedci vyv\u00edjaj\u00fa o\u010dkovaciu l\u00e1tku (opens in a new tab)\" href=\"https:\/\/zivot.pluska.sk\/zdravie\/boj-demenciou-pomohol-vitamin-d-slovenski-vedci-vyvijaju-ockovaciu-latku\" target=\"_blank\" rel=\"noreferrer noopener\" class=\"ek-link\">Boj s demenciou: Pomohol by vitam\u00edn D? Slovensk\u00ed vedci vyv\u00edjaj\u00fa o\u010dkovaciu l\u00e1tku<\/a><\/td><\/tr><tr><td>02.01.2024<\/td><td>kosice.korzar.sme.sk: <a href=\"https:\/\/kosice.korzar.sme.sk\/c\/23258919\/daniel-pella-novy-rektor-upjs-rozhovor.html\">Nov\u00fd rektor: Ke\u010f \u0161tudentovi na sk\u00fa\u0161ke povol\u00edte mobil aj \u0165ah\u00e1ky, u\u017e nem\u00e1 ako podv\u00e1dza\u0165<\/a> <mark style=\"background-color:rgba(0, 0, 0, 0)\" class=\"has-inline-color has-biela-color\">&#8230;&#8230;&#8230;&#8230;&#8230;&#8230;&#8230;&#8230;&#8230;&#8230;&#8230;&#8230;&#8230;..    <\/mark>                                                                                   <\/td><\/tr><\/tbody><\/table><\/figure>\n\n\n\n<p><strong>December 2023<\/strong><\/p>\n\n\n\n<figure class=\"wp-block-table is-style-stripes\"><table><tbody><tr><td>08.12.2023<\/td><td>tvkosice.sk: <a href=\"https:\/\/www.tvkosice.sk\/video\/6572bacf161a84bc7227ba53\" target=\"_blank\" aria-label=\"Darcov v Mikul\u00e1\u0161skej kvapke krvi podporili aj zdravotn\u00ed klauni (opens in a new tab)\" rel=\"noreferrer noopener\" class=\"ek-link\">Darcov v Mikul\u00e1\u0161skej kvapke krvi podporili aj zdravotn\u00ed klauni<\/a><\/td><\/tr><tr><td>07.12.2023<\/td><td>vuske.sk: <a href=\"https:\/\/web.vucke.sk\/sk\/novinky\/pozname-adeptov-cenu-ksk-aj-historicku-osobnost-regionu-za-rok-2023.html\" target=\"_blank\" aria-label=\"Pozn\u00e1me adeptov na Cenu KSK aj Historick\u00fa osobnos\u0165 regi\u00f3nu za rok 2023 - Pri pr\u00edle\u017eitosti 100. v\u00fdro\u010dia prvej transf\u00fazie krvi na Slovensku z\u00edska ocenenie Historick\u00e1 osobnos\u0165 regi\u00f3nu za rok 2023 profesor MUDr. J\u00e1n K\u0148azovick\u00fd (opens in a new tab)\" rel=\"noreferrer noopener\" class=\"ek-link\">Pozn\u00e1me adeptov na Cenu KSK aj Historick\u00fa osobnos\u0165 regi\u00f3nu za rok 2023 &#8211; Pri pr\u00edle\u017eitosti 100. v\u00fdro\u010dia prvej transf\u00fazie krvi na Slovensku z\u00edska ocenenie Historick\u00e1 osobnos\u0165 regi\u00f3nu za rok 2023 profesor MUDr. J\u00e1n K\u0148azovick\u00fd<\/a><\/td><\/tr><tr><td>05.12.2023<\/td><td>kosickystandard.sk: <a href=\"https:\/\/kosice.standard.sk\/510622\/mikulasska-kvapka-krvi-odstartuje-adventnu-vyzvu-krv-daruje-aj-riaditel-unlp\" target=\"_blank\" aria-label=\"Mikul\u00e1\u0161ska kvapka krvi od\u0161tartuje Adventn\u00fa v\u00fdzvu. Krv daruje aj riadite\u013e UNLP (opens in a new tab)\" rel=\"noreferrer noopener\" class=\"ek-link\">Mikul\u00e1\u0161ska kvapka krvi od\u0161tartuje Adventn\u00fa v\u00fdzvu. Krv daruje aj riadite\u013e UNLP<\/a><\/td><\/tr><tr><td>03.12.2023<\/td><td>lekarskenoviny.sk: <a href=\"https:\/\/lekarskenoviny.sk\/index.php\/2023\/12\/05\/mikulasska-kvapka-krvi\/\" target=\"_blank\" aria-label=\"Pozv\u00e1nka na Mikul\u00e1\u0161sku kvapku krvi (opens in a new tab)\" rel=\"noreferrer noopener\" class=\"ek-link\">Pozv\u00e1nka na Mikul\u00e1\u0161sku kvapku krvi<\/a><\/td><\/tr><tr><td>03.12.2023<\/td><td>korzar.sk: <a href=\"korzar.sk: Koronav\u00edrus\nmutuje a vracia sa. Infektol\u00f3g Jar\u010du\u0161ka: Pacientov s covidom prib\u00fada\" class=\"ek-link\">Koronav\u00edrus mutuje a vracia sa. Infektol\u00f3g Jar\u010du\u0161ka: Pacientov s covidom prib\u00fada<\/a> <mark style=\"background-color:rgba(0, 0, 0, 0)\" class=\"has-inline-color has-biela-color\">&#8230;&#8230;&#8230;.  &#8230;&#8230;&#8230;&#8230;&#8230;&#8230;&#8230;&#8230;&#8230;&#8230;&#8230;&#8230;&#8230;&#8230;..<\/mark>                                                                          <\/td><\/tr><\/tbody><\/table><\/figure>\n\n\n\n<p><strong>November 2023<\/strong><\/p>\n\n\n\n<figure class=\"wp-block-table is-style-stripes\"><table><tbody><tr><td>22.11.2023<\/td><td>zdravoteka.sk:<a href=\"https:\/\/spravy.zdravoteka.sk\/lekarska-fakulta-upjs-v-kosiciach-spoluorganizovala-16-rocnik-konferencie-mefanet\/\" target=\"_blank\" aria-label=\" Lek\u00e1rska fakulta UPJ\u0160 v Ko\u0161iciach spoluorganizovala 16. ro\u010dn\u00edk konferencie MEFANET (opens in a new tab)\" rel=\"noreferrer noopener\" class=\"ek-link\"> Lek\u00e1rska fakulta UPJ\u0160 v Ko\u0161iciach spoluorganizovala 16. ro\u010dn\u00edk konferencie MEFANET<\/a><\/td><\/tr><tr><td>22.11.2023<\/td><td>zdravoteka.sk: <a href=\"https:\/\/spravy.zdravoteka.sk\/medici-pripravuju-dalsiu-osvetovu-akciu-zameranu-na-muzske-zdravie-movember-2023\/\" target=\"_blank\" aria-label=\"Medici pripravuj\u00fa \u010fal\u0161iu osvetov\u00fa akciu zameran\u00fa na mu\u017esk\u00e9 zdravie \u201eMOVEMBER 2023\u201c (opens in a new tab)\" rel=\"noreferrer noopener\" class=\"ek-link\">Medici pripravuj\u00fa \u010fal\u0161iu osvetov\u00fa akciu zameran\u00fa na mu\u017esk\u00e9 zdravie \u201eMOVEMBER 2023\u201c<\/a><\/td><\/tr><tr><td>14.11.2023<\/td><td>netky.sk: <a href=\"https:\/\/www.netky.sk\/clanok\/profesorka-zuzana-gdovinova-z-lekarskej-fakulty-upjs-v-kosiciach-ziskala-cenu-za-vedu-a-techniku-2023-za-vyskum-troch-neurologickych-ochoreni\" target=\"_blank\" aria-label=\"Profesorka Zuzana Gdovinov\u00e1 z Lek\u00e1rskej fakulty UPJ\u0160 v Ko\u0161iciach z\u00edskala Cenu za vedu a techniku 2023 za v\u00fdskum troch neurologick\u00fdch ochoren\u00ed (opens in a new tab)\" rel=\"noreferrer noopener\" class=\"ek-link\">Profesorka Zuzana Gdovinov\u00e1 z Lek\u00e1rskej fakulty UPJ\u0160 v Ko\u0161iciach z\u00edskala Cenu za vedu a techniku 2023 za v\u00fdskum troch neurologick\u00fdch ochoren\u00ed<\/a><\/td><\/tr><tr><td>12.11.2023<\/td><td>vedanadosah.sk: <a href=\"https:\/\/vedanadosah.cvtisr.sk\/zdravie\/medicina\/zuzana-gdovinova-pre-svoju-profesiu-som-sa-rozhodla-s-cielom-pomahat-ludom\/\" target=\"_blank\" aria-label=\"Zuzana Gdovinov\u00e1: Pre svoju profesiu som sa rozhodla s cie\u013eom pom\u00e1ha\u0165 \u013eu\u010fom (opens in a new tab)\" rel=\"noreferrer noopener\" class=\"ek-link\">Zuzana Gdovinov\u00e1: Pre svoju profesiu som sa rozhodla s cie\u013eom pom\u00e1ha\u0165 \u013eu\u010fom<\/a><\/td><\/tr><tr><td>12.11.2023<\/td><td>youtube.com: <a href=\"https:\/\/www.youtube.com\/watch?v=bWLpfmd3VoI\" target=\"_blank\" aria-label=\"prof. MUDr. Zuzana Gdovinov\u00e1, CSc., FESO, FEAN \u2013 medail\u00f3n (opens in a new tab)\" rel=\"noreferrer noopener\" class=\"ek-link\">prof. MUDr. Zuzana Gdovinov\u00e1, CSc., FESO, FEAN \u2013 medail\u00f3n<\/a><\/td><\/tr><tr><td>12.11.2023<\/td><td>vedanadosah.sk:<a href=\"https:\/\/www.cvtisr.sk\/aktuality-pre-siroku-verejnost\/cena-za-vedu-a-techniku.html?page_id=55260\" class=\"ek-link\"> Cena za vedu a&nbsp;techniku<\/a><\/td><\/tr><tr><td>12.11.2023<\/td><td>SITA, sme.sk:<a href=\"https:\/\/kosice.korzar.sme.sk\/c\/23243372\/cenu-za-vedu-a-techniku-ziskali-aj-dvaja-kosicania.html\" target=\"_blank\" aria-label=\"SITA, sme.sk: Cenu za vedu a techniku z\u00edskali aj dvaja Ko\u0161i\u010dania (opens in a new tab)\" rel=\"noreferrer noopener\" class=\"ek-link\"> Cenu za vedu a techniku z\u00edskali aj dvaja Ko\u0161i\u010dania<\/a><\/td><\/tr><tr><td>10.11.2023<\/td><td>teraz.sk: <a aria-label=\" (opens in a new tab)\" href=\"https:\/\/www.teraz.sk\/slovensko\/osmim-osobnostiam-a-jednemu-timu-udel\/753682-clanok.html\" target=\"_blank\" rel=\"noreferrer noopener\" class=\"ek-link\">V Bratislave udelili na sl\u00e1vnostnom galave\u010deri Cenu za vedu a&nbsp;techniku<\/a> <mark style=\"background-color:rgba(0, 0, 0, 0)\" class=\"has-inline-color has-biela-color\">&#8230;&#8230;&#8230;.  &#8230;&#8230;&#8230;&#8230;&#8230;&#8230;&#8230;&#8230;&#8230;&#8230;&#8230;&#8230;&#8230;&#8230;..<\/mark>                                                                          <\/td><\/tr><\/tbody><\/table><\/figure>\n\n\n\n<p><strong>Okt\u00f3ber 2023<\/strong><\/p>\n\n\n\n<figure class=\"wp-block-table is-style-stripes\"><table><tbody><tr><td>30.10.2023<\/td><td class=\"has-text-align-left\" data-align=\"left\">cas.sk: <a href=\"https:\/\/www.cas.sk\/clanok\/2861303\/dusevnu-kondiciu-ovplyvnuje-prisun-denneho-svetla-a-tma-poradime-ako-prekonat-depresiu\/\" target=\"_blank\" aria-label=\"Du\u0161evn\u00fa kond\u00edciu ovplyv\u0148uje pr\u00edsun denn\u00e9ho svetla a tma: Porad\u00edme, ako prekona\u0165 depresiu (opens in a new tab)\" rel=\"noreferrer noopener\" class=\"ek-link\">Du\u0161evn\u00fa kond\u00edciu ovplyv\u0148uje pr\u00edsun denn\u00e9ho svetla a tma: Porad\u00edme, ako prekona\u0165 depresiu<\/a><\/td><\/tr><tr><td>27.10.2023<\/td><td class=\"has-text-align-left\" data-align=\"left\">teraz.sk: <a href=\"https:\/\/www.teraz.sk\/slovensko\/osmim-osobnostiam-a-jednemu-timu-udel\/753682-clanok.html\" target=\"_blank\" aria-label=\"Pred 130 rokmi sa narodil popredn\u00fd slovensk\u00fd chirurg J\u00e1n K\u0148azovick\u00fd (opens in a new tab)\" rel=\"noreferrer noopener\" class=\"ek-link\">Pred 130 rokmi sa narodil popredn\u00fd slovensk\u00fd chirurg J\u00e1n K\u0148azovick\u00fd<\/a><\/td><\/tr><tr><td>23.10.2023<\/td><td class=\"has-text-align-left\" data-align=\"left\">zdravoteka.sk: <a aria-label=\"\u0160tudenti Lek\u00e1rskej fakulty UPJ\u0160 v r\u00e1mci osvetovej akcie RU\u017dOV\u00dd OKT\u00d3BER radili \u017een\u00e1m ako odhali\u0165 hr\u010dku v&nbsp;prsn\u00edku (opens in a new tab)\" href=\"https:\/\/spravy.zdravoteka.sk\/studenti-lekarskej-fakulty-upjs-v-ramci-osvetovej-akcie-ruzovy-oktober-radili-zenam-ako-odhalit-hrcku-v-prsniku\/\" target=\"_blank\" rel=\"noreferrer noopener\" class=\"ek-link\">\u0160tudenti Lek\u00e1rskej fakulty UPJ\u0160 v r\u00e1mci osvetovej akcie RU\u017dOV\u00dd OKT\u00d3BER radili \u017een\u00e1m ako odhali\u0165 hr\u010dku v&nbsp;prsn\u00edku<\/a><\/td><\/tr><tr><td>20.10.2023<\/td><td class=\"has-text-align-left\" data-align=\"left\">teraz.sk: <a href=\"https:\/\/www.teraz.sk\/zdravie\/medici-v-kosiciach-opat-siria-osvet\/748938-clanok.html\" target=\"_blank\" aria-label=\"Medici v Ko\u0161iciach op\u00e4\u0165 \u0161\u00edria osvetu o \u017eenskom zdrav\u00ed (opens in a new tab)\" rel=\"noreferrer noopener\" class=\"ek-link\">Medici v Ko\u0161iciach op\u00e4\u0165 \u0161\u00edria osvetu o \u017eenskom zdrav\u00ed<\/a><\/td><\/tr><tr><td>20.10.2023<\/td><td class=\"has-text-align-left\" data-align=\"left\">kosice.standard.sk: <a href=\"https:\/\/kosice.standard.sk\/473166\/medici-v-kosiciach-opat-siria-osvetu-o-zenskom-zdravi\" target=\"_blank\" aria-label=\"\u0160tudenti Lek\u00e1rskej fakulty Univerzity Pavla Jozefa \u0160af\u00e1rika v Ko\u0161iciach organizuj\u00fa ka\u017edoro\u010dn\u00e9 podujatie s n\u00e1zvom Ru\u017eov\u00fd okt\u00f3ber (opens in a new tab)\" rel=\"noreferrer noopener\" class=\"ek-link\">\u0160tudenti Lek\u00e1rskej fakulty Univerzity Pavla Jozefa \u0160af\u00e1rika v Ko\u0161iciach organizuj\u00fa ka\u017edoro\u010dn\u00e9 podujatie s n\u00e1zvom Ru\u017eov\u00fd okt\u00f3ber<\/a><\/td><\/tr><tr><td>20.10.2023<\/td><td class=\"has-text-align-left\" data-align=\"left\">aktuality.sk: <a href=\"https:\/\/www.aktuality.sk\/clanok\/llCEumI\/medici-v-kosiciach-siria-osvetu-o-zenskom-zdravi\/\" target=\"_blank\" aria-label=\"Medici v Ko\u0161iciach op\u00e4\u0165 \u0161\u00edria osvetu o \u017eenskom zdrav\u00ed (opens in a new tab)\" rel=\"noreferrer noopener\" class=\"ek-link\">Medici v Ko\u0161iciach op\u00e4\u0165 \u0161\u00edria osvetu o \u017eenskom zdrav\u00ed<\/a><\/td><\/tr><tr><td>19.10.2023<\/td><td class=\"has-text-align-left\" data-align=\"left\">zdravoteka.sk: <a aria-label=\" (opens in a new tab)\" href=\"https:\/\/spravy.zdravoteka.sk\/studenti-lekarskej-fakulty-upjs-budu-informovat-o-zenskom-zdravi-v-ramci-podujatia-ruzovy-oktober-v-nakupnom-centre\/\" target=\"_blank\" rel=\"noreferrer noopener\" class=\"ek-link\">\u0160tudenti Lek\u00e1rskej fakulty UPJ\u0160 bud\u00fa informova\u0165 o \u017eenskom zdrav\u00ed v r\u00e1mci podujatia Ru\u017eov\u00fd okt\u00f3ber v n\u00e1kupnom centre<\/a><\/td><\/tr><tr><td>17.10.2023<\/td><td class=\"has-text-align-left\" data-align=\"left\">Denn\u00edkN: <a href=\"https:\/\/dennikn.sk\/3624871\/priroda-nam-vytycuje-jasne-hranice-a-spatny-chod-sme-zatial-nenasli-hovori-vedkyna-ktora-skuma-plodnost\/\" target=\"_blank\" aria-label=\"Pr\u00edroda n\u00e1m vyty\u010duje jasn\u00e9 hranice a sp\u00e4tn\u00fd chod sme zatia\u013e nena\u0161li, hovor\u00ed vedky\u0148a, ktor\u00e1 sk\u00fama plodnos\u0165 (opens in a new tab)\" rel=\"noreferrer noopener\" class=\"ek-link\">Pr\u00edroda n\u00e1m vyty\u010duje jasn\u00e9 hranice a sp\u00e4tn\u00fd chod sme zatia\u013e nena\u0161li, hovor\u00ed vedky\u0148a, ktor\u00e1 sk\u00fama plodnos\u0165<\/a><\/td><\/tr><tr><td>17.10.2023<\/td><td class=\"has-text-align-left\" data-align=\"left\">lekarskenoviny.sk: <a href=\"https:\/\/lekarskenoviny.sk\/index.php\/2023\/10\/17\/lekarska-fakulta-upjs-v-kosiciach-si-bohatym-slavnostnym-programom-pripomenula-75-vyrocie-svojho-zalozenia\/?fbclid=IwAR1hwsXh-DcAv4ARZrYZFqIUxRA-yHytcvSvInOOAMGKT9CJNP9LQUQLq30\" target=\"_blank\" aria-label=\"Lek\u00e1rska fakulta UPJ\u0160 v Ko\u0161iciach si bohat\u00fdm sl\u00e1vnostn\u00fdm programom pripomenula 75. v\u00fdro\u010die svojho zalo\u017eenia (opens in a new tab)\" rel=\"noreferrer noopener\" class=\"ek-link\">Lek\u00e1rska fakulta UPJ\u0160 v Ko\u0161iciach si bohat\u00fdm sl\u00e1vnostn\u00fdm programom pripomenula 75. v\u00fdro\u010die svojho zalo\u017eenia<\/a><\/td><\/tr><tr><td>16.10.2023<\/td><td class=\"has-text-align-left\" data-align=\"left\">zdravoteka.sk: <a href=\"https:\/\/spravy.zdravoteka.sk\/lekarska-fakulta-upjs-v-kosiciach-si-bohatym-slavnostnym-programom-pripomenula-75-vyrocie-svojho-zalozenia\/?fbclid=iwar116knv_og5bgwq4fglc6079zeo_pvxorydo7omyd8c1bpf01zu5qaonde\" target=\"_blank\" aria-label=\"Lek\u00e1rska fakulta UPJ\u0160 v Ko\u0161iciach si bohat\u00fdm sl\u00e1vnostn\u00fdm programom pripomenula 75. v\u00fdro\u010die svojho zalo\u017eenia (opens in a new tab)\" rel=\"noreferrer noopener\" class=\"ek-link\">Lek\u00e1rska fakulta UPJ\u0160 v Ko\u0161iciach si bohat\u00fdm sl\u00e1vnostn\u00fdm programom pripomenula 75. v\u00fdro\u010die svojho zalo\u017eenia<\/a><\/td><\/tr><tr><td>11.10.2023<\/td><td class=\"has-text-align-left\" data-align=\"left\">teraz.sk: <a href=\"https:\/\/www.teraz.sk\/regiony\/lekarska-fakulta-upjs-v-kosiciach-osl\/746752-clanok.html?fbclid=IwAR116knv_OG5BgWQ4fgLC6079zeO_PvxorYDO7OMyd8c1bPF01zu5QAonDE\" target=\"_blank\" aria-label=\"Lek\u00e1rska fakulta UPJ\u0160 v Ko\u0161iciach oslavuje 75. v\u00fdro\u010die svojho vzniku (opens in a new tab)\" rel=\"noreferrer noopener\" class=\"ek-link\">Lek\u00e1rska fakulta UPJ\u0160 v Ko\u0161iciach oslavuje 75. v\u00fdro\u010die svojho vzniku<\/a><\/td><\/tr><tr><td>11.10.2023<\/td><td class=\"has-text-align-left\" data-align=\"left\">kosice24.sk: <a href=\"https:\/\/kosice.dnes24.sk\/lekarska-fakulta-upjs-v-kosiciach-oslavuje-75-vyrocie-toto-su-jej-3-najvyznamnejsie-milniky-440163?fbclid=IwAR1NG_VrfD4TqFZxRGGT640OI9KfGoSEJhYPovcDZIAkXA0juImZ6mgXeDw\" target=\"_blank\" aria-label=\"Lek\u00e1rska fakulta UPJ\u0160 v Ko\u0161iciach oslavuje 75. v\u00fdro\u010die: Toto s\u00fa jej 3 najv\u00fdznamnej\u0161ie m\u00ed\u013eniky (opens in a new tab)\" rel=\"noreferrer noopener\" class=\"ek-link\">Lek\u00e1rska fakulta UPJ\u0160 v Ko\u0161iciach oslavuje 75. v\u00fdro\u010die: Toto s\u00fa jej 3 najv\u00fdznamnej\u0161ie m\u00ed\u013eniky<\/a><\/td><\/tr><tr><td>11.10.2023<\/td><td class=\"has-text-align-left\" data-align=\"left\">tasr:<a aria-label=\" (opens in a new tab)\" href=\"https:\/\/www.tasr.sk\/tasr-clanok\/TASR:2023101100000110\" target=\"_blank\" rel=\"noreferrer noopener\" class=\"ek-link\"> Lek\u00e1rska fakulta UPJ\u0160 v Ko\u0161iciach oslavuje 75. v\u00fdro\u010die svojho vzniku<\/a>                                                                                          <\/td><\/tr><tr><td>11.10.2023<\/td><td class=\"has-text-align-left\" data-align=\"left\">zdravoteksw.sk: <a href=\"https:\/\/spravy.zdravoteka.sk\/lekarska-fakulta-upjs-v-kosiciach-dnes-oslavuje-75-vyrocie-svojho-zalozenia\/\" target=\"_blank\" aria-label=\"Lek\u00e1rska fakulta UPJ\u0160 v Ko\u0161iciach dnes oslavuje 75. v\u00fdro\u010die svojho zalo\u017eenia (opens in a new tab)\" rel=\"noreferrer noopener\" class=\"ek-link\">Lek\u00e1rska fakulta UPJ\u0160 v Ko\u0161iciach dnes oslavuje 75. v\u00fdro\u010die svojho zalo\u017eenia<\/a><\/td><\/tr><tr><td>04.10.2023<\/td><td class=\"has-text-align-left\" data-align=\"left\">topky.sk: <a href=\"https:\/\/spravy.zdravoteka.sk\/lekarska-fakulta-upjs-v-kosiciach-dnes-oslavuje-75-vyrocie-svojho-zalozenia\/\" target=\"_blank\" aria-label=\"Depresia i \u00fazkosti: Probl\u00e9my s em\u00f3ciami, koncentr\u00e1ciou \u010di spr\u00e1van\u00edm u \u0161kol\u00e1kov narastaj\u00fa (opens in a new tab)\" rel=\"noreferrer noopener\" class=\"ek-link\">Depresia i \u00fazkosti: Probl\u00e9my s em\u00f3ciami, koncentr\u00e1ciou \u010di spr\u00e1van\u00edm u \u0161kol\u00e1kov narastaj\u00fa<\/a><\/td><\/tr><tr><td>04.10.2023<\/td><td class=\"has-text-align-left\" data-align=\"left\">teraz.sk: <a href=\"https:\/\/www.teraz.sk\/slovensko\/problemy-s-emociami-koncentraciou-a\/745120-clanok.html\" target=\"_blank\" rel=\"noreferrer noopener\">Probl\u00e9my s em\u00f3ciami, koncentr\u00e1ciou a spr\u00e1van\u00edm u \u0161kol\u00e1kov nar\u00e1stli<\/a> <mark style=\"background-color:rgba(0, 0, 0, 0)\" class=\"has-inline-color has-biela-color\"> &#8230;&#8230;&#8230;&#8230;&#8230;&#8230;&#8230;&#8230;&#8230;&#8230;&#8230;&#8230;&#8230;&#8230;&#8230;&#8230;&#8230;&#8230;&#8230;&#8230;&#8230;&#8230;&#8230;&#8230;&#8230;&#8230;&#8230;&#8230;               <\/mark>                                                                                                                                                                                                                                                                                                                                                                                                                                                                                                                                                                            <\/td><\/tr><\/tbody><\/table><\/figure>\n\n\n\n<p><strong>September 2023<\/strong><\/p>\n\n\n\n<figure class=\"wp-block-table is-style-stripes\"><table><tbody><tr><td>24.09.2023<\/td><td>topky.sk: <a href=\"https:\/\/www.topky.sk\/cl\/10\/2598749\/Takmer-polovica-15-rocnych-deti-nechodi-na-volnocasove-aktivity\" target=\"_blank\" aria-label=\"Takmer polovica 15-ro\u010dn\u00fdch det\u00ed nechod\u00ed na vo\u013eno\u010dasov\u00e9 aktivity (opens in a new tab)\" rel=\"noreferrer noopener\" class=\"ek-link\">Takmer polovica 15-ro\u010dn\u00fdch det\u00ed nechod\u00ed na vo\u013eno\u010dasov\u00e9 aktivity<\/a><\/td><\/tr><tr><td>24.09.2023<\/td><td>teraz.sk:<a href=\"https:\/\/www.netky.sk\/clanok\/podla-studie-takmer-polovica-15-rocnych-deti-nechodi-na-volnocasove-aktivity\" target=\"_blank\" aria-label=\" \u0160t\u00fadia:Takmer polovica 15-ro\u010dn\u00fdch det\u00ed nechod\u00ed na vo\u013eno\u010dasov\u00e9 aktivity (opens in a new tab)\" rel=\"noreferrer noopener\" class=\"ek-link\"> \u0160t\u00fadia:Takmer polovica 15-ro\u010dn\u00fdch det\u00ed nechod\u00ed na vo\u013eno\u010dasov\u00e9 aktivity<\/a><\/td><\/tr><tr><td>24.09.2023<\/td><td>netky.sk: <a href=\"https:\/\/www.teraz.sk\/slovensko\/studiatakmer-polovica-15-rocnych-de\/742736-clanok.html\" target=\"_blank\" aria-label=\"Pod\u013ea \u0161t\u00fadie takmer polovica 15-ro\u010dn\u00fdch det\u00ed nechod\u00ed na vo\u013eno\u010dasov\u00e9 aktivity (opens in a new tab)\" rel=\"noreferrer noopener\" class=\"ek-link\">Pod\u013ea \u0161t\u00fadie takmer polovica 15-ro\u010dn\u00fdch det\u00ed nechod\u00ed na vo\u013eno\u010dasov\u00e9 aktivity<\/a><\/td><\/tr><tr><td>21.09.2023<\/td><td>sme.sk: <a href=\"https:\/\/primar.sme.sk\/c\/23216056\/psychologicka-tinedzerom-nepomaha-pripominanie-ze-zlyhavaju-treba-im-pomoct-najst-riesenia.html\" target=\"_blank\" aria-label=\"Psychologi\u010dka: T\u00edned\u017eerom nepom\u00e1ha pripom\u00ednanie, \u017ee zlyh\u00e1vaj\u00fa. Treba im pom\u00f4c\u0165 n\u00e1js\u0165 rie\u0161enia (opens in a new tab)\" rel=\"noreferrer noopener\" class=\"ek-link\">Psychologi\u010dka: T\u00edned\u017eerom nepom\u00e1ha pripom\u00ednanie, \u017ee zlyh\u00e1vaj\u00fa. Treba im pom\u00f4c\u0165 n\u00e1js\u0165 rie\u0161enia<\/a><\/td><\/tr><tr><td>13.09.2023<\/td><td>teraz.sk: <a href=\"https:\/\/www.teraz.sk\/slovensko\/prezidentka-vymenovala-48-novych-profes\/740429-clanok.html\" target=\"_blank\" aria-label=\"Prezidentka vymenovala 48 nov\u00fdch profesorov (opens in a new tab)\" rel=\"noreferrer noopener\" class=\"ek-link\">Prezidentka vymenovala 48 nov\u00fdch profesorov<\/a><\/td><\/tr><tr><td>12.09.2023<\/td><td>dennikn.sk: <a href=\"https:\/\/dennikn.sk\/3564503\/pandemia-najviac-zasiahla-15-rocne-dievcata-patinu-ohrozuje-depresia-citia-sa-tucne-a-piju-stale-viac-energetickych-napojov\/\" target=\"_blank\" aria-label=\"Pand\u00e9mia najviac zasiahla 15-ro\u010dn\u00e9 diev\u010dat\u00e1: P\u00e4tinu ohrozuje depresia, c\u00edtia sa tu\u010dn\u00e9 a pij\u00fa st\u00e1le viac energetick\u00fdch n\u00e1pojov (opens in a new tab)\" rel=\"noreferrer noopener\" class=\"ek-link\">Pand\u00e9mia najviac zasiahla 15-ro\u010dn\u00e9 diev\u010dat\u00e1: P\u00e4tinu ohrozuje depresia, c\u00edtia sa tu\u010dn\u00e9 a pij\u00fa st\u00e1le viac energetick\u00fdch n\u00e1pojov<\/a><\/td><\/tr><tr><td>12.09.2023<\/td><td>teraz.sk: <a href=\"https:\/\/www.teraz.sk\/zdravie\/medici-pocas-roadshow-poucili-tisice\/740264-clanok.html\" target=\"_blank\" aria-label=\"Medici po\u010das roadshow pou\u010dili tis\u00edce Slov\u00e1kov o spr\u00e1vnom \u010disten\u00ed zubov (opens in a new tab)\" rel=\"noreferrer noopener\" class=\"ek-link\">Medici po\u010das roadshow pou\u010dili tis\u00edce Slov\u00e1kov o spr\u00e1vnom \u010disten\u00ed zubov<\/a><\/td><\/tr><tr><td>12.09.2023<\/td><td>kosiceonline.sk: <a href=\"https:\/\/www.kosiceonline.sk\/buduci-zubari-vyskolili-kosicanov-o-spravnych-navykoch-ustnej-hygieny\" target=\"_blank\" aria-label=\"Bud\u00faci zub\u00e1ri vy\u0161kolili Ko\u0161i\u010danov o spr\u00e1vnych n\u00e1vykoch \u00fastnej hygieny (opens in a new tab)\" rel=\"noreferrer noopener\" class=\"ek-link\">Bud\u00faci zub\u00e1ri vy\u0161kolili Ko\u0161i\u010danov o spr\u00e1vnych n\u00e1vykoch \u00fastnej hygieny<\/a><\/td><\/tr><tr><td>12.09.2023<\/td><td>lekarne.sk\/lekari.sk: <a href=\"https:\/\/www.lekarne.sk\/denna-sprava\/Zdravie-Medici-pocas-roadshow-poucili-tisice-Slovakov-o-spravnom-cisteni-zubov-57158.html\" target=\"_blank\" aria-label=\"Medici po\u010das roadhow pou\u017eili tis\u00edce Slov\u00e1kov o spr\u00e1vnom \u010disten\u00ed zubov (opens in a new tab)\" rel=\"noreferrer noopener\" class=\"ek-link\">Medici po\u010das roadhow pou\u017eili tis\u00edce Slov\u00e1kov o spr\u00e1vnom \u010disten\u00ed zubov<\/a><\/td><\/tr><tr><td>12.09.2023<\/td><td>RTVS &#8211; r\u00e1dio Slovensko: <a href=\"https:\/\/slovensko.rtvs.sk\/clanky\/zdravie\/337644\/spolu-za-zdravy-a-krasny-usmev\" target=\"_blank\" aria-label=\"Spolu za zdrav\u00fd a kr\u00e1sny \u00fasmev (opens in a new tab)\" rel=\"noreferrer noopener\" class=\"ek-link\">Spolu za zdrav\u00fd a kr\u00e1sny \u00fasmev<\/a><\/td><\/tr><tr><td>12.09.2023<\/td><td>RTVS: spr\u00e1vy z regi\u00f3nov, 18.16: Spolu za zdrav\u00fd a kr\u00e1sny \u00fasmev<\/td><\/tr><tr><td>12.09.2023<\/td><td>RTVS &#8211; r\u00e1dio Regina: <a aria-label=\"Spolu za zdrav\u00fd a kr\u00e1sny \u00fasmev (opens in a new tab)\" href=\"https:\/\/reginavychod.rtvs.sk\/clanky\/vas-najblizsi-svet\/340391\/spolu-za-zdravy-a-krasny-usmev\" target=\"_blank\" rel=\"noreferrer noopener\" class=\"ek-link\">Spolu za zdrav\u00fd a kr\u00e1sny \u00fasmev<\/a> <\/td><\/tr><tr><td>12.09.2023<\/td><td>vtedy.sk: <a href=\"https:\/\/www.vtedy.sk\/kosice-detska-klinika-fakultna-nemocnica\" target=\"_blank\" aria-label=\"Rok 1983: V Ko\u0161iciach otvorili \u0161pi\u010dkov\u00fa detsk\u00fa kliniku (opens in a new tab)\" rel=\"noreferrer noopener\" class=\"ek-link\">Rok 1983: V Ko\u0161iciach otvorili \u0161pi\u010dkov\u00fa detsk\u00fa kliniku<\/a><\/td><\/tr><tr><td>07.09.2023<\/td><td>emma.pluska.sk: <a href=\"https:\/\/emma.pluska.sk\/chic\/program-l-oreal-unesco-pre-zeny-vede-slovensku-ocenil-vyskumnicky\" target=\"_blank\" aria-label=\"Program L'Or\u00e9al \u2013 UNESCO Pre \u017eeny vo vede na Slovensku ocenil v\u00fdskumn\u00ed\u010dky (opens in a new tab)\" rel=\"noreferrer noopener\" class=\"ek-link\">Program L&#8217;Or\u00e9al \u2013 UNESCO Pre \u017eeny vo vede na Slovensku ocenil v\u00fdskumn\u00ed\u010dky<\/a><\/td><\/tr><tr><td>06.09.2023<\/td><td>loreal.sk:<a href=\"https:\/\/www.loreal.com\/cs-cz\/czech-republic\/news\/commitments\/fwis-sk-23\/\" target=\"_blank\" aria-label=\" Program L'Or\u00e9al \u2013 UNESCO Pre \u017eeny vo vede na Slovensku ocenil v\u00fdskumn\u00ed\u010dky, ktor\u00e9 robia svet lep\u0161\u00edm      (opens in a new tab)\" rel=\"noreferrer noopener\" class=\"ek-link\"> Program L&#8217;Or\u00e9al \u2013 UNESCO Pre \u017eeny vo vede na Slovensku ocenil v\u00fdskumn\u00ed\u010dky, ktor\u00e9 robia svet lep\u0161\u00edm     <\/a>                                                                                                 <\/td><\/tr><\/tbody><\/table><\/figure>\n\n\n\n<p><strong>August 2023<\/strong><\/p>\n\n\n\n<figure class=\"wp-block-table is-style-stripes\"><table><tbody><tr><td>28.08.2023<\/td><td>sme.sk: <a href=\"https:\/\/tlacovespravy.sme.sk\/c\/23210003\/popaleninovy-kongres-poctia-prednaskami-mnohi-uznavani-odbornici.html\" target=\"_blank\" aria-label=\"Pop\u00e1leninov\u00fd kongres poctia predn\u00e1\u0161kami mnoh\u00ed uzn\u00e1van\u00ed odborn\u00edci (opens in a new tab)\" rel=\"noreferrer noopener\" class=\"ek-link\">Pop\u00e1leninov\u00fd kongres poctia predn\u00e1\u0161kami mnoh\u00ed uzn\u00e1van\u00ed odborn\u00edci<\/a><\/td><\/tr><tr><td>24.08.2023<\/td><td>zdravotnickydennik.sk: <a href=\"https:\/\/zdravotnickydennik.sk\/2023\/08\/aj-lekari-specialisti-budu-moct-studovat-ako-rezidenti\/\" target=\"_blank\" aria-label=\"Aj lek\u00e1ri \u0161pecialisti bud\u00fa m\u00f4c\u0165 \u0161tudova\u0165 ako rezidenti (opens in a new tab)\" rel=\"noreferrer noopener\" class=\"ek-link\">Aj lek\u00e1ri \u0161pecialisti bud\u00fa m\u00f4c\u0165 \u0161tudova\u0165 ako rezidenti<\/a><\/td><\/tr><tr><td>09.08.2023<\/td><td>zivot.pluska.sk: <a aria-label=\"Boj s demenciou: Pomohol by vitam\u00edn D? Slovensk\u00ed vedci vyv\u00edjaj\u00fa o\u010dkovaciu l\u00e1tku (opens in a new tab)\" href=\"https:\/\/zivot.pluska.sk\/zdravie\/boj-demenciou-pomohol-vitamin-d-slovenski-vedci-vyvijaju-ockovaciu-latku\" target=\"_blank\" rel=\"noreferrer noopener\" class=\"ek-link\">Boj s demenciou: Pomohol by vitam\u00edn D? Slovensk\u00ed vedci vyv\u00edjaj\u00fa o\u010dkovaciu l\u00e1tku<\/a><\/td><\/tr><tr><td>03.08.2023<\/td><td>zdravie.sk: <a aria-label=\"Urogynekol\u00f3g: Pokles panvov\u00e9ho dna u\u202f\u017eeny sa d\u00e1 rie\u0161i\u0165 efekt\u00edvne, \u0161etrnej\u0161ie, miniinvaz\u00edvnym z\u00e1krokom (opens in a new tab)\" href=\"https:\/\/www.zdravie.sk\/clanok\/59182\/urogynekolog-pokles-panvoveho-dna-u-zeny-sa-da-riesit-efektivne-setrnejsie-miniinvazivnym-zakrokom\" target=\"_blank\" rel=\"noreferrer noopener\" class=\"ek-link\">Urogynekol\u00f3g: Pokles panvov\u00e9ho dna u\u202f\u017eeny sa d\u00e1 rie\u0161i\u0165 efekt\u00edvne, \u0161etrnej\u0161ie, miniinvaz\u00edvnym z\u00e1krokom<\/a> <mark style=\"background-color:rgba(0, 0, 0, 0)\" class=\"has-inline-color has-biela-color\">&#8230;&#8230;&#8230;&#8230;&#8230;&#8230;&#8230;&#8230;&#8230;&#8230;&#8230;&#8230;&#8230;..    <\/mark>                                                                                   <\/td><\/tr><\/tbody><\/table><\/figure>\n\n\n\n<p><strong>J\u00fal 2023<\/strong><\/p>\n\n\n\n<figure class=\"wp-block-table caption-align-left is-style-stripes has-mobile-text-align-left\"><table><tbody><tr><td>28.07.2023<\/td><td>mediweb.sk: <a href=\"https:\/\/mediweb.hnonline.sk\/zdn\/spravy\/96096352-nova-technologia-zvysi-uspesnost-umeleho-oplodnenia-podielali-sa-na-nej-slovenski-vedci\" target=\"_blank\" aria-label=\"Nov\u00e1 technol\u00f3gia zv\u00fd\u0161i \u00faspe\u0161nos\u0165 umel\u00e9ho oplodnenia. Podie\u013eali sa na nej slovensk\u00ed vedci (opens in a new tab)\" rel=\"noreferrer noopener\" class=\"ek-link\">Nov\u00e1 technol\u00f3gia zv\u00fd\u0161i \u00faspe\u0161nos\u0165 umel\u00e9ho oplodnenia. Podie\u013eali sa na nej slovensk\u00ed vedci<\/a><\/td><\/tr><tr><td>28.07.2023<\/td><td><span style=\"font-size:11.0pt;font-family:&quot;Calibri&quot;,sans-serif;\nmso-fareast-font-family:Calibri;mso-fareast-theme-font:minor-latin;mso-ansi-language:\nSK;mso-fareast-language:EN-US;mso-bidi-language:AR-SA\">mediweb.sk: Nov\u00e1 technol\u00f3gia zv\u00fd\u0161i \u00faspe\u0161nos\u0165 umel\u00e9ho oplodnenia. Podie\u013eali sa na nej slovensk\u00ed vedci<\/span><\/td><\/tr><tr><td>22.07.2023<\/td><td>denn\u00edk Trend: <a href=\"https:\/\/www.trend.sk\/politika\/zvysenie-poctu-medikov-bude-nevyhnutne-chybat-budu-lekari-12-tisic-zdravotnych-sestier\" class=\"ek-link\">Zv\u00fd\u0161enie po\u010dtu medikov bude nevyhnutn\u00e9<\/a><\/td><\/tr><tr><td>22.07.2023<\/td><td>mediweb.sk: <a href=\"https:\/\/mediweb.hnonline.sk\/zdn\/spravy\/96095239-riziko-operacie-pre-pokles-panvoveho-dna-u-zien-je-vysoke-ako-sa-to-riesi-u-nas\" target=\"_blank\" aria-label=\"Riziko oper\u00e1cie pre pokles panvov\u00e9ho dna u \u017eien je vysok\u00e9. Ako sa to rie\u0161i u n\u00e1s? (opens in a new tab)\" rel=\"noreferrer noopener\" class=\"ek-link\">Riziko oper\u00e1cie pre pokles panvov\u00e9ho dna u \u017eien je vysok\u00e9. Ako sa to rie\u0161i u n\u00e1s?<\/a><\/td><\/tr><tr><td>20.07.2023<\/td><td>kosiceonline.sk: <a href=\"https:\/\/kosicednes.sk\/styl\/zdravie\/az-tretina-zien-trpi-tymto-problemom-nepodcenujte-ho\/\" target=\"_blank\" aria-label=\" (opens in a new tab)\" rel=\"noreferrer noopener\" class=\"ek-link\">A\u017e tretina \u017eien trp\u00ed t\u00fdmto probl\u00e9mom. Nepodce\u0148ujte ho<\/a><\/td><\/tr><tr><td>20.07.2023<\/td><td><a href=\"https:\/\/www.trend.sk\/politika\/zvysenie-poctu-medikov-bude-nevyhnutne-chybat-budu-lekari-12-tisic-zdravotnych-sestier\" target=\"_blank\" aria-label=\"Zv\u00fd\u0161enie po\u010dtu medikov bude nevyhnutn\u00e9. Ch\u00fdba\u0165 bud\u00fa lek\u00e1ri a 12-tis\u00edc zdravotn\u00fdch sestier (opens in a new tab)\" rel=\"noreferrer noopener\" class=\"ek-link\">Zv\u00fd\u0161enie po\u010dtu medikov bude nevyhnutn\u00e9. Ch\u00fdba\u0165 bud\u00fa lek\u00e1ri a 12-tis\u00edc zdravotn\u00fdch sestier<\/a><\/td><\/tr><tr><td>20.07.2023<\/td><td>lekarskenoviny.sk: <a href=\"https:\/\/lekarskenoviny.sk\/index.php\/2023\/07\/20\/problem-ktorym-trpi-tretina-zien\/\" target=\"_blank\" aria-label=\"Probl\u00e9m, ktor\u00fdm trp\u00ed tretina \u017eien (opens in a new tab)\" rel=\"noreferrer noopener\" class=\"ek-link\">Probl\u00e9m, ktor\u00fdm trp\u00ed tretina \u017eien<\/a><\/td><\/tr><tr><td>20.07.2023<\/td><td>sme.sk: <a aria-label=\"Krajsk\u00fdm odborn\u00edkom pre v\u0161eobecn\u00e9 lek\u00e1rstvo je prednosta zo \u0160ace (opens in a new tab)\" href=\"https:\/\/lekarskenoviny.sk\/index.php\/2023\/07\/20\/problem-ktorym-trpi-tretina-zien\/\" target=\"_blank\" rel=\"noreferrer noopener\" class=\"ek-link\">Krajsk\u00fdm odborn\u00edkom pre v\u0161eobecn\u00e9 lek\u00e1rstvo je prednosta zo \u0160ace<\/a><\/td><\/tr><tr><td>11.07.2023<\/td><td>bratislavaden.sk: Prevencia ateroskler\u00f3zy: <a aria-label=\"Najlep\u0161ie sp\u00f4soby, ako chr\u00e1ni\u0165 svoje srdce a&nbsp;cievy (opens in a new tab)\" href=\"https:\/\/bratislavaden.sk\/damska-jazda\/prvou-pomocou-pre-ludi-s-aterosklerozou-je-dieta-a-pohyb\/\" target=\"_blank\" rel=\"noreferrer noopener\" class=\"ek-link\">Najlep\u0161ie sp\u00f4soby, ako chr\u00e1ni\u0165 svoje srdce a&nbsp;cievy<\/a><mark style=\"background-color:rgba(0, 0, 0, 0)\" class=\"has-inline-color has-bg-siva-color\"> &#8230;&#8230;&#8230;&#8230;&#8230;&#8230;&#8230;&#8230;&#8230;&#8230;&#8230;&#8230;.. &#8230;&#8230;&#8230;&#8230;&#8230;&#8230;&#8230;.            <\/mark>                                                                                                                                                                                                                                                                                                                                                        <\/td><\/tr><tr><td>09.07.2023<\/td><td>kosicednes.sk: <a href=\"https:\/\/kosicednes.sk\/spravy\/sprava-dna\/znamy-urolog-urdzik-inkontinencia-uz-ma-pohodlne-riesenie\/\" target=\"_blank\" aria-label=\"Zn\u00e1my urogynekol\u00f3g Urdz\u00edk: Inkontinencia u\u017e m\u00e1 pohodln\u00e9 rie\u0161enie (opens in a new tab)\" rel=\"noreferrer noopener\" class=\"ek-link\">Zn\u00e1my urogynekol\u00f3g Urdz\u00edk: Inkontinencia u\u017e m\u00e1 pohodln\u00e9 rie\u0161enie<\/a><\/td><\/tr><tr><td>09.07.2023<\/td><td>Plus jeden de\u0148: <a href=\"https:\/\/www1.pluska.sk\/spravy\/z-domova\/obrovsky-smutok-veku-83-rokov-zomrel-uznavany-kosicky-neurolog-eugen-eiben\" target=\"_blank\" aria-label=\"Vo veku 83 rokov zomrel uzn\u00e1van\u00fd ko\u0161ick\u00fd neurol\u00f3g Eugen Eiben (opens in a new tab)\" rel=\"noreferrer noopener\" class=\"ek-link\">Vo veku 83 rokov zomrel uzn\u00e1van\u00fd ko\u0161ick\u00fd neurol\u00f3g Eugen Eiben<\/a><\/td><\/tr><tr><td>09.07.2023<\/td><td>Zoznam.sk: <a href=\"https:\/\/kosice.zoznam.sk\/tragicka-sprava-zomrel-medzinarodne-uznavany-neurolog-dojimave-slova-na-rozlucku\/\" target=\"_blank\" aria-label=\"Zomrel medzin\u00e1rodne uzn\u00e1van\u00fd NEUROL\u00d3G! Doj\u00edmav\u00e9 slov\u00e1 na rozl\u00fa\u010dku (opens in a new tab)\" rel=\"noreferrer noopener\" class=\"ek-link\">Zomrel medzin\u00e1rodne uzn\u00e1van\u00fd NEUROL\u00d3G! Doj\u00edmav\u00e9 slov\u00e1 na rozl\u00fa\u010dku<\/a><\/td><\/tr><\/tbody><\/table><\/figure>\n\n\n\n<p><strong>J\u00fan 2023<\/strong><\/p>\n\n\n\n<figure class=\"wp-block-table is-style-stripes\" style=\"padding-top:0;padding-right:0;padding-bottom:0;padding-left:0\"><table><tbody><tr><td>30.06.2023<\/td><td>Lekarseknoviny.sk: <a href=\"https:\/\/lekarskenoviny.sk\/index.php\/category\/odborne-prilohy\/\" target=\"_blank\" aria-label=\"Pozor na naj\u010dastej\u0161ie \u00farazy a zdravotn\u00e9 probl\u00e9my po\u010das leta (opens in a new tab)\" rel=\"noreferrer noopener\" class=\"ek-link\">Pozor na naj\u010dastej\u0161ie \u00farazy a zdravotn\u00e9 probl\u00e9my po\u010das leta<\/a><\/td><\/tr><tr><td>28.06.2023<\/td><td>zdravoteka.sk: <a href=\"https:\/\/spravy.zdravoteka.sk\/nova-zberatelska-eurominca-pripomina-ste-vyrocie-prvej-transfuzie-krvi-na-slovensku\/\" target=\"_blank\" aria-label=\"Nov\u00e1 zberate\u013esk\u00e1 eurominca pripom\u00edna st\u00e9 v\u00fdro\u010die prvej transf\u00fazie krvi na Slovensku (opens in a new tab)\" rel=\"noreferrer noopener\" class=\"ek-link\">Nov\u00e1 zberate\u013esk\u00e1 eurominca pripom\u00edna st\u00e9 v\u00fdro\u010die prvej transf\u00fazie krvi na Slovensku<\/a><\/td><\/tr><tr><td>15.06.2023<\/td><td>lekarskenoviny.sk: <a href=\"https:\/\/lekarskenoviny.sk\/index.php\/2023\/06\/15\/neurochirurgovia-unlp-skolia-kolegov-pri-osetreni-tazkych-urazov-hlavy\/\" target=\"_blank\" aria-label=\"Neurochirurgovia \u0161kolia kolegov pri o\u0161etren\u00ed \u0165a\u017ek\u00fdch \u00farazov hlavy (opens in a new tab)\" rel=\"noreferrer noopener\" class=\"ek-link\">Neurochirurgovia \u0161kolia kolegov pri o\u0161etren\u00ed \u0165a\u017ek\u00fdch \u00farazov hlavy<\/a><\/td><\/tr><tr><td>17.06.2023<\/td><td>Denn\u00edkN: <a href=\"https:\/\/dennikn.sk\/3429056\/klinicke-hodnotenie-liekov-je-stale-spojene-s-predsudkami-no-pokrok-v-medicine-by-bez-neho-nebol-mozny\/?cst=09eab724ba644089febee153d73ed76f65e966f8edb0f4f37339ff83c86f0f03\" target=\"_blank\" aria-label=\"Klinick\u00e9 hodnotenie liekov je st\u00e1le spojen\u00e9 s&nbsp;predsudkami, no pokrok v&nbsp;medic\u00edne by bez neho nebol mo\u017en\u00fd (opens in a new tab)\" rel=\"noreferrer noopener\" class=\"ek-link\">Klinick\u00e9 hodnotenie liekov je st\u00e1le spojen\u00e9 s&nbsp;predsudkami, no pokrok v&nbsp;medic\u00edne by bez neho nebol mo\u017en\u00fd<\/a><\/td><\/tr><tr><td>16.06.2023<\/td><td>Zdravotn\u00edcke noviny, mediweb.sk: <a href=\"https:\/\/mediweb.hnonline.sk\/zdn\/rozhovory\/96088809-docentka-na-gynekologicko-porodnickej-klinike-vzdelavanie-deti-v-teme-reprodukcne-zdravie-tragedia\" target=\"_blank\" aria-label=\"Docentka na gynekologicko-p\u00f4rodn\u00edckej klinike: Vzdel\u00e1vanie det\u00ed v t\u00e9me reproduk\u010dn\u00e9 zdravie? Trag\u00e9dia (opens in a new tab)\" rel=\"noreferrer noopener\" class=\"ek-link\">Docentka na gynekologicko-p\u00f4rodn\u00edckej klinike: Vzdel\u00e1vanie det\u00ed v t\u00e9me reproduk\u010dn\u00e9 zdravie? Trag\u00e9dia<\/a><\/td><\/tr><tr><td>15.06.2023<\/td><td>lekarskenoviny.sk: <a href=\"https:\/\/lekarskenoviny.sk\/index.php\/2023\/06\/15\/neurochirurgovia-unlp-skolia-kolegov-pri-osetreni-tazkych-urazov-hlavy\/\" target=\"_blank\" rel=\"noreferrer noopener\">Neurochirurgovia \u0161kolia kolegov pri o\u0161etren\u00ed \u0165a\u017ek\u00fdch \u00farazov hlavy<\/a><\/td><\/tr><tr><td>13.06.2023<\/td><td>telev\u00edzia TA3: <a href=\"https:\/\/www.ta3.com\/relacia\/29089\/univerzita-pavla-jozefa-safarika-v-kosiciach-ma-noveho-rektora-kto-je-daniel-pella?fbclid=IwAR2fkJPXl_xnsRcm-VjUO5trTSqz-ofU9UoQ3BLGzpGu5jZfZPCjVHBYkqY#article-wrapper\" target=\"_blank\" aria-label=\"Novovymenovan\u00fd rektor UPJ\u0160 v&nbsp;Ko\u0161iciach (opens in a new tab)\" rel=\"noreferrer noopener\" class=\"ek-link\">Novovymenovan\u00fd rektor UPJ\u0160 v&nbsp;Ko\u0161iciach<\/a><\/td><\/tr><tr><td>13.06.2023<\/td><td>Tla\u010dov\u00e1 agent\u00fara SR, teraz.sk: <a href=\"https:\/\/www.teraz.sk\/slovensko\/prezidentka-vymenovala-dvoch-rektorov-vy\/721185-clanok.html\" target=\"_blank\" aria-label=\"Prezidentka vymenovala dvoch rektorov vysok\u00fdch \u0161k\u00f4l (opens in a new tab)\" rel=\"noreferrer noopener\" class=\"ek-link\">Prezidentka vymenovala dvoch rektorov vysok\u00fdch \u0161k\u00f4l<\/a><\/td><\/tr><tr><td>13.06.2023<\/td><td><a href=\"http:\/\/www.prezident.sk\" class=\"ek-link\">www.prezident.sk<\/a>: <a href=\"https:\/\/www.prezident.sk\/article\/prezidentka-vymenovala-rektorov-dvoch-vysokych-skol\/\" target=\"_blank\" aria-label=\"Prezidentka vymenovala rektorov dvoch vysok\u00fdch \u0161k\u00f4l (opens in a new tab)\" rel=\"noreferrer noopener\" class=\"ek-link\">Prezidentka vymenovala rektorov dvoch vysok\u00fdch \u0161k\u00f4l<\/a><\/td><\/tr><tr><td>12.06.2023<\/td><td>RTVS: Slovensko m\u00e1 \u010fal\u0161\u00ed probl\u00e9m: <a href=\"https:\/\/spravy.rtvs.sk\/2023\/06\/slovensko-ma-dalsi-problem-mnozia-sa-pripady-stuhnutia-pecene-najviac-ich-je-kosiciach\/\" target=\"_blank\" aria-label=\"Mno\u017eia sa pr\u00edpady stuhnutia pe\u010dene. Najviac ich je Ko\u0161iciach (opens in a new tab)\" rel=\"noreferrer noopener\" class=\"ek-link\">Mno\u017eia sa pr\u00edpady stuhnutia pe\u010dene. Najviac ich je Ko\u0161iciach<\/a><\/td><\/tr><tr><td>12.06.2023<\/td><td>kosiceonline.sk: <a href=\"https:\/\/www.kosiceonline.sk\/situacia-s-hiv-v-kosiciach-je-stabilna-po-lete-sa-to-ale-moze-zmenit\" target=\"_blank\" aria-label=\"Situ\u00e1cia s HIV v Ko\u0161iciach je stabiln\u00e1, po lete sa to ale m\u00f4\u017ee zmeni\u0165 (opens in a new tab)\" rel=\"noreferrer noopener\" class=\"ek-link\">Situ\u00e1cia s HIV v Ko\u0161iciach je stabiln\u00e1, po lete sa to ale m\u00f4\u017ee zmeni\u0165<\/a><\/td><\/tr><tr><td>11.06.2023<\/td><td>mediweb.sk: <a href=\"https:\/\/mediweb.hnonline.sk\/zdn\/spravy\/96087924-vyskumnici-z-lekarskej-fakulty-v-kosiciach-skumaju-kvalitu-spanku-slovakov\" target=\"_blank\" aria-label=\"V\u00fdskumn\u00edci z lek\u00e1rskej fakulty v Ko\u0161iciach sk\u00famaj\u00fa kvalitu sp\u00e1nku Slov\u00e1kov (opens in a new tab)\" rel=\"noreferrer noopener\" class=\"ek-link\">V\u00fdskumn\u00edci z lek\u00e1rskej fakulty v Ko\u0161iciach sk\u00famaj\u00fa kvalitu sp\u00e1nku Slov\u00e1kov<\/a><\/td><\/tr><tr><td>11.06.2023<\/td><td>TV JOJ: <a href=\"https:\/\/www.noviny.sk\/slovensko\/kosice\/801981-slovenski-vyskumnici-skumaju-kvalitu-spanku-zapojit-sa-mozete-aj-vy\" target=\"_blank\" aria-label=\"Slovensk\u00ed v\u00fdskumn\u00edci sk\u00famaj\u00fa kvalitu sp\u00e1nku. Zapoji\u0165 sa m\u00f4\u017eete aj vy (opens in a new tab)\" rel=\"noreferrer noopener\" class=\"ek-link\">Slovensk\u00ed v\u00fdskumn\u00edci sk\u00famaj\u00fa kvalitu sp\u00e1nku. Zapoji\u0165 sa m\u00f4\u017eete aj vy<\/a><\/td><\/tr><tr><td>10.06.2023<\/td><td>netky.sk: <a href=\"http:\/\/www.netky.sk\/clanok\/vyskumnici-z-lekarskej-fakulty-upjs-skumaju-kvalitu-spanku-slovakov\" target=\"_blank\" aria-label=\"V\u00fdskumn\u00edci z Lek\u00e1rskej fakulty UPJ\u0160 sk\u00famaj\u00fa kvalitu sp\u00e1nku Slov\u00e1kov (opens in a new tab)\" rel=\"noreferrer noopener\" class=\"ek-link\">V\u00fdskumn\u00edci z Lek\u00e1rskej fakulty UPJ\u0160 sk\u00famaj\u00fa kvalitu sp\u00e1nku Slov\u00e1kov<\/a><\/td><\/tr><tr><td>10.06.2023<\/td><td>lekari.sk: <a href=\"https:\/\/nezavislamedia.cz\/vyskumnici-z-lekarskej-fakulty-upjs-skumaju-kvalitu-spanku-slovakov\/\" target=\"_blank\" aria-label=\"V\u00fdskumn\u00edci z Lek\u00e1rskej fakulty UPJ\u0160 sk\u00famaj\u00fa kvalitu sp\u00e1nku Slov\u00e1kov (opens in a new tab)\" rel=\"noreferrer noopener\" class=\"ek-link\">V\u00fdskumn\u00edci z Lek\u00e1rskej fakulty UPJ\u0160 sk\u00famaj\u00fa kvalitu sp\u00e1nku Slov\u00e1kov<\/a><\/td><\/tr><tr><td>10.06.2023<\/td><td>tyzden.sk: <a href=\"https:\/\/www.tyzden.sk\/veda\/97013\/vyskumnici-z-lekarskej-fakulty-upjs-skumaju-kvalitu-spanku-slovakov\/\" target=\"_blank\" aria-label=\"V\u00fdskumn\u00edci z Lek\u00e1rskej fakulty UPJ\u0160 sk\u00famaj\u00fa kvalitu sp\u00e1nku Slov\u00e1kov (opens in a new tab)\" rel=\"noreferrer noopener\" class=\"ek-link\">V\u00fdskumn\u00edci z Lek\u00e1rskej fakulty UPJ\u0160 sk\u00famaj\u00fa kvalitu sp\u00e1nku Slov\u00e1kov<\/a><\/td><\/tr><tr><td>10.06.2023<\/td><td>Tla\u010dov\u00e1 agent\u00fara SR, teraz.sk: <a href=\"https:\/\/www.teraz.sk\/slovensko\/vyskumnici-z-lekarskej-fakulty-upjs\/720500-clanok.html\" target=\"_blank\" aria-label=\"V\u00fdskumn\u00edci z Lek\u00e1rskej fakulty UPJ\u0160 sk\u00famaj\u00fa kvalitu sp\u00e1nku Slov\u00e1kov (opens in a new tab)\" rel=\"noreferrer noopener\" class=\"ek-link\">V\u00fdskumn\u00edci z Lek\u00e1rskej fakulty UPJ\u0160 sk\u00famaj\u00fa kvalitu sp\u00e1nku Slov\u00e1kov<\/a><\/td><\/tr><tr><td>10.06.2023<\/td><td>dnesky.sk: <a href=\"https:\/\/dnesky.sk\/vyskumnici-z-lekarskej-fakulty-upjs-skumaju-kvalitu-spanku-slovakov\/\" target=\"_blank\" aria-label=\"V\u00fdskumn\u00edci z Lek\u00e1rskej fakulty UPJ\u0160 sk\u00famaj\u00fa kvalitu sp\u00e1nku Slov\u00e1kov (opens in a new tab)\" rel=\"noreferrer noopener\" class=\"ek-link\">V\u00fdskumn\u00edci z Lek\u00e1rskej fakulty UPJ\u0160 sk\u00famaj\u00fa kvalitu sp\u00e1nku Slov\u00e1kov<\/a><\/td><\/tr><tr><td>09.06.2023<\/td><td>Zdravotn\u00edcke noviny, mediweb.sk: <a href=\"https:\/\/hnonline.sk\/finweb\/ekonomika\/96087652-slovensko-ma-vypadok-detskych-doktorov-nevyhnutne-su-tri-zmeny-hovori-pre-hn-lekar\" target=\"_blank\" aria-label=\"Na Slovensku nech\u00fdbaj\u00fa pediatri, probl\u00e9m je inde (opens in a new tab)\" rel=\"noreferrer noopener\" class=\"ek-link\">Na Slovensku nech\u00fdbaj\u00fa pediatri, probl\u00e9m je inde<\/a><\/td><\/tr><tr><td>09.06.2023<\/td><td>startitup.sk: <a href=\"https:\/\/www.startitup.sk\/vyskumnici-hladaju-slovakov-s-poruchami-spanku-mas-jedinecnu-moznost-pomoct-vede\/\" target=\"_blank\" aria-label=\"V\u00fdskumn\u00edci h\u013eadaj\u00fa Slov\u00e1kov s poruchami sp\u00e1nku. M\u00e1\u0161 jedine\u010dn\u00fa mo\u017enos\u0165 pom\u00f4c\u0165 vede (opens in a new tab)\" rel=\"noreferrer noopener\" class=\"ek-link\">V\u00fdskumn\u00edci h\u013eadaj\u00fa Slov\u00e1kov s poruchami sp\u00e1nku. M\u00e1\u0161 jedine\u010dn\u00fa mo\u017enos\u0165 pom\u00f4c\u0165 vede<\/a><\/td><\/tr><tr><td>07.06.2023<\/td><td>vedanadosah.sk: <a aria-label=\"M\u00e1te probl\u00e9my so sp\u00e1nkom? Vypl\u0148te dotazn\u00edk a zapojte sa do prieskumu&nbsp; (opens in a new tab)\" href=\"https:\/\/vedanadosah.cvtisr.sk\/zdravie\/mate-problemy-so-spankom-vyplnte-dotaznik-a-zapojte-sa-do-prieskumu\/?fbclid=IwAR2u2lpGsXimQex7A55uv5YOUu-0a8uX8_sljL58ucrTTWLg52dqQrwALMY\" target=\"_blank\" rel=\"noreferrer noopener\" class=\"ek-link\">M\u00e1te probl\u00e9my so sp\u00e1nkom? Vypl\u0148te dotazn\u00edk a zapojte sa do prieskumu<\/a>                                                                                                                                                                                                                                                                                                                                                                                                                                                                     <\/td><\/tr><tr><td>06.06.2023<\/td><td>spravy.zdravoteka.sk: <a href=\"https:\/\/kosice.korzar.sme.sk\/c\/23129738\/deti-po-styridsiatke-svet-sa-zmenil-ludia-sa-na-to-citia-vedci-skumaju-neplodnost.html\" target=\"_blank\" rel=\"noreferrer noopener\" class=\"ek-link\">V\u00fdskumn\u00edci z Lek\u00e1rskej fakulty UPJ\u0160 sk\u00famaj\u00fa v r\u00e1mci nov\u00e9ho projektu kvalitu sp\u00e1nku Slov\u00e1kov &#8211; chc\u00fa odhali\u0165 zriedkav\u00e9 ochorenia<\/a><\/td><\/tr><tr><td>06.06.2023<\/td><td>zdravotnickydennik.sk: <a href=\"https:\/\/www.zdravotnickydenik.cz\/2023\/06\/v-kosiciach-odhalil-projekt-sirius-najviac-pripadov-stuhnutia-pecene-na-slovensku\/\" target=\"_blank\" rel=\"noreferrer noopener\" class=\"ek-link\">V Ko\u0161iciach odhalil projekt Sirius najviac pr\u00edpadov stuhnutia pe\u010dene na Slovensku<\/a><\/td><\/tr><tr><td>04.06.2023<\/td><td>mediweb.sk: <a href=\"https:\/\/mediweb.hnonline.sk\/zdn\/spravy\/96086455-preventivne-vysetrenia-pecene-odhalili-katastrofalne-vysledky-zatial-najhorsie-dopadli-kosice\" class=\"ek-link\">Prevent\u00edvne vy\u0161etrenia pe\u010dene odhalili katastrof\u00e1lne v\u00fdsledky<\/a><\/td><\/tr><tr><td>01.06.2023<\/td><td>Tla\u010dov\u00e1 agent\u00fara SR, teraz.sk: <a href=\"https:\/\/www.teraz.sk\/najnovsie\/vysetrenia-v-kosiciach-zistili-najviac\/718524-clanok.html\" target=\"_blank\" aria-label=\"Vy\u0161etrenia v Ko\u0161iciach zistili najviac pr\u00edpadov stuhnutia pe\u010dene (opens in a new tab)\" rel=\"noreferrer noopener\" class=\"ek-link\">Vy\u0161etrenia v Ko\u0161iciach zistili najviac pr\u00edpadov stuhnutia pe\u010dene<\/a><\/td><\/tr><\/tbody><\/table><\/figure>\n\n\n\n<p><\/p>\n\n\n\n<p><strong>M\u00e1j 2023<\/strong><\/p>\n\n\n\n<figure class=\"wp-block-table is-style-stripes has-mobile-text-align-left\"><table><tbody><tr><td>28.05.2023<\/td><td>denn\u00edk Korz\u00e1r: <a href=\"https:\/\/kosice.korzar.sme.sk\/c\/23174161\/neurologicka-o-skleroze-multiplex-spusta-ju-aj-nedostatok-slnka-ci-velmi-slana-strava.html\" target=\"_blank\" rel=\"noreferrer noopener\">Neurlogi\u010dka o skler\u00f3ze multiplex: Sp\u00fa\u0161\u0165a ju aj nedostatok slnka \u010di ve\u013emi slan\u00e1 strava<\/a><\/td><\/tr><tr><td>27.05.2023<\/td><td>Telev\u00edzne noviny TV Mark\u00edza: <a aria-label=\"Telev\u00edzne noviny TV Mark\u00edza: Maslo alebo margar\u00edn? (opens in a new tab)\" href=\"https:\/\/l.facebook.com\/l.php?u=https%3A%2F%2Ftvnoviny.sk%2Fdomace%2Fclanok%2F757191-maslo-alebo-margarin-zistovali-sme-co-hovoria-najnovsie-poznatky-vedy%3Futm_medium%3DSocial%26utm_source%3DFacebook%26fbclid%3DIwAR0opBVD8YbFLPcHOU-TJyqvKbwpwf0zyjotdmmVSG1tie6uYLwA7Z4e1uI%23Echobox%3D1685262585&amp;h=AT2LCyH4-vXhI9XDF8fL13WIPQzkh-X_t3Os-2j9WEPy5fP_G-oCEiEC9DyhLtFyMzTFGWN-sxCxBKM48YwGt1dvRUd2fjWjj3iwW7Zcf5mcugRJs_sZ0TyEgguoSjnUAlTJ\" target=\"_blank\" rel=\"noreferrer noopener\" class=\"ek-link\">Maslo alebo margar\u00edn?<\/a><\/td><\/tr><tr><td>26.05.2023<\/td><td>mediweb.sk: <a href=\"https:\/\/mediweb.hnonline.sk\/zdn\/spravy\/96085197-skrining-pecene-odhalil-zavazne-ochorenie-u-kazdeho-deviateho-slovaka-je-to-alarmujuce-hovori-hepatolog\" target=\"_blank\" rel=\"noreferrer noopener\">Skr\u00edning pe\u010dene odhalil z\u00e1va\u017en\u00e9 ochorenie u ka\u017ed\u00e9ho deviateho Slov\u00e1ka. Je to alarmuj\u00face, hovor\u00ed hepatol\u00f3g<\/a><\/td><\/tr><tr><td>26.05.2023<\/td><td>spravy.zdravoteka.sk:&nbsp;<a href=\"https:\/\/spravy.zdravoteka.sk\/uskutocnil-sa-jeden-den-vysokoskolaka-na-lekarskej-fakulte-upjs\/\" target=\"_blank\" rel=\"noreferrer noopener\">Uskuto\u010dnil sa Jeden de\u0148 vysoko\u0161kol\u00e1ka na Lek\u00e1rskej fakulte UPJ\u0160<\/a><\/td><\/tr><tr><td>25.05.2023<\/td><td>zdravotnickydennik.sk:&nbsp;<a href=\"https:\/\/www.zdravotnickydenik.cz\/2023\/05\/klinicky-vyskum-priniesol-237-miliona-eur-do-slovenskeho-zdravotnictva-trend-sa-vsak-stale-zhorsuje\/\" target=\"_blank\" rel=\"noreferrer noopener\">Klinick\u00fd v\u00fdskum priniesol 23,7 mili\u00f3na eur do slovensk\u00e9ho zdravotn\u00edctva, trend sa v\u0161ak st\u00e1le zhor\u0161uje &#8211; Prostredn\u00edctvom n\u00e1rodnej siete SLOVACRIN pri Lek\u00e1rskej fakulte UPJ\u0160 sa AIFP stala pozorovate\u013eom v organiz\u00e1cii realizuj\u00facej medzin\u00e1rodn\u00e9 akademick\u00e9 klinick\u00e9 \u0161t\u00fadie<\/a><\/td><\/tr><tr><td>25.05.2023<\/td><td>lekarskenoviny.sk: <a href=\"https:\/\/lekarskenoviny.sk\/index.php\/2023\/05\/25\/vou-ambiciozny-projekt-modernizacie-a-vynimocna-spolupraca-ktora-pomoze-zefektivnit-liecbu-onkologickym-pacientkam-s-rakovinou-prsnika\/\" class=\"ek-link\"> Ambici\u00f3zny projekt moderniz\u00e1cie a v\u00fdnimo\u010dn\u00e1 spolupr\u00e1ca, ktor\u00e1 pom\u00f4\u017ee zefekt\u00edvni\u0165 lie\u010dbu onkologick\u00fdm pacientkam s rakovinou prsn\u00edka &#8211; Spolupr\u00e1ca s Lek\u00e1rskou fakultou UPJ\u0160 Ko\u0161ice<\/a><\/td><\/tr><tr><td>22.05.2023<\/td><td>lekari.sk: <a href=\"https:\/\/www.lekari.sk\/denna-sprava\/UPJS-uzavrela-zmluvu-s-ceskou-firmou-spolupraca-ma-zefektivnit-umele-oplodnenie-56367.html\" target=\"_blank\" aria-label=\"UPJ\u0160 uzavrela zmluvu s \u010deskou firmou, spolupr\u00e1ca m\u00e1 zefekt\u00edvni\u0165 umel\u00e9 oplodnenie (opens in a new tab)\" rel=\"noreferrer noopener\" class=\"ek-link\">UPJ\u0160 uzavrela zmluvu s \u010deskou firmou, spolupr\u00e1ca m\u00e1 zefekt\u00edvni\u0165 umel\u00e9 oplodnenie<\/a><\/td><\/tr><tr><td>16.05.2023<\/td><td>healt.gov.sk: <a aria-label=\"Medzin\u00e1rodn\u00fd de\u0148 klinick\u00fdch sk\u00fa\u0161an\u00ed (opens in a new tab)\" href=\"https:\/\/www.health.gov.sk\/Clanok?medzinarodny-den-klinickych-skusani\" target=\"_blank\" rel=\"noreferrer noopener\" class=\"ek-link\">Medzin\u00e1rodn\u00fd de\u0148 klinick\u00fdch sk\u00fa\u0161an\u00ed<\/a><\/td><\/tr><tr><td>16.05.2023<\/td><td>lekari.sk: Vyjadrenie: MZ: <a href=\"https:\/\/www.lekari.sk\/denna-sprava\/Vyjadrenie-MZ-Medzinarodny-den-klinickych-skusani-56298.html\" target=\"_blank\" aria-label=\"Medzin\u00e1rodn\u00fd de\u0148 klinick\u00fdch sk\u00fa\u0161an\u00ed (opens in a new tab)\" rel=\"noreferrer noopener\" class=\"ek-link\">Medzin\u00e1rodn\u00fd de\u0148 klinick\u00fdch sk\u00fa\u0161an\u00ed<\/a><\/td><\/tr><tr><td>16.05.2023<\/td><td>Tla\u010dov\u00e1 agent\u00fara SR: <a aria-label=\"Medzin\u00e1rodn\u00fd de\u0148 klinick\u00fdch sk\u00fa\u0161an\u00ed (opens in a new tab)\" href=\"https:\/\/www.tasr.sk\/tasr-clanok\/TASR:2023051600000359\" target=\"_blank\" rel=\"noreferrer noopener\" class=\"ek-link\">Medzin\u00e1rodn\u00fd de\u0148 klinick\u00fdch sk\u00fa\u0161an\u00ed<\/a><\/td><\/tr><tr><td>07.05.2023<\/td><td>koscieonline.sk: <a aria-label=\"V Historickej radnici udelili dnes tohtoro\u010dn\u00e9 Ceny mesta a&nbsp;prim\u00e1tora (opens in a new tab)\" href=\"https:\/\/www.kosice.sk\/clanok\/v-historickej-radnici-udelili-dnes-tohtorocne-ceny-mesta-a-primatora\" target=\"_blank\" rel=\"noreferrer noopener\" class=\"ek-link\">V Historickej radnici udelili dnes tohtoro\u010dn\u00e9 Ceny mesta a&nbsp;prim\u00e1tora<\/a><\/td><\/tr><tr><td>07.05.2023<\/td><td>korzar.sk: <a href=\"https:\/\/kosice.korzar.sme.sk\/c\/23166013\/kosice-rozdali-ceny-mesta-i-primatora-medzi-laureatmi-boli-lekari-knaz-i-astrofotograf.html\" target=\"_blank\" rel=\"noreferrer noopener\">Ko\u0161ice rozdali ceny mesta i&nbsp;prim\u00e1tora<\/a><\/td><\/tr><\/tbody><\/table><\/figure>\n\n\n\n<p><strong>Apr\u00edl 2023<\/strong><\/p>\n\n\n\n<figure class=\"wp-block-table is-style-stripes has-mobile-text-align-left\"><table><tbody><tr><td>24.04.2023<\/td><td>kosiceonline.sk: <a href=\"https:\/\/www.kosiceonline.sk\/osobnosti-spolocenskeho-zivota-si-prevzali-cenu-ksk\" target=\"_blank\" rel=\"noreferrer noopener\">Osobnosti spolo\u010densk\u00e9ho \u017eivota si prevzali Cenu KSK<\/a>                                                                                                                                                                                                                                                                                                            <\/td><\/tr><tr><td>23.04.2023<\/td><td>Tla\u010dov\u00e1 agent\u00fara SR: <a aria-label=\"KSK ocenil v\u00fdznamn\u00e9 osobnosti kraja za rok 2022 (opens in a new tab)\" href=\"https:\/\/www.tasr.sk\/tasr-clanok\/TASR:2023042300000196\" target=\"_blank\" rel=\"noreferrer noopener\" class=\"ek-link\">KSK ocenil v\u00fdznamn\u00e9 osobnosti kraja za rok 2022<\/a><\/td><\/tr><tr><td>22.04.2023<\/td><td>denn\u00edk Korz\u00e1r: <a aria-label=\"Pozrite si, kto ka\u017ed\u00fd z\u00edska najvy\u0161\u0161ie verejn\u00e9 ocenenia Ko\u0161ick\u00e9ho kraja (opens in a new tab)\" href=\"https:\/\/kosice.korzar.sme.sk\/c\/23160396\/pozrite-si-kto-kazdy-ziska-najvyssie-verejne-ocenenia-kosickeho-kraja.html\" target=\"_blank\" rel=\"noreferrer noopener\" class=\"ek-link\">Pozrite si, kto ka\u017ed\u00fd z\u00edska najvy\u0161\u0161ie verejn\u00e9 ocenenia Ko\u0161ick\u00e9ho kraja<\/a><\/td><\/tr><tr><td>22.04.2023<\/td><td>Zdravotn\u00edcke noviny, mediweb.sk: <a aria-label=\"V Ko\u0161iciach zaviedli novinku. Prv\u00fdm pacientom bol mlad\u00fd mu\u017e, ktor\u00fd svoje probl\u00e9my pripisoval stresu (opens in a new tab)\" href=\"https:\/\/mediweb.hnonline.sk\/zdn\/spravy\/96079109-v-kosiciach-zaviedli-novinku-prvym-pacientom-bol-mlady-muz-ktory-svoje-problemy-pripisoval-stresu?fbclid=IwAR0fKgFG0GJ8ZFjB4nIoSoTStEzq1hGFLIgC1PiKuPwXR0m8ekdeavw916Q\" target=\"_blank\" rel=\"noreferrer noopener\" class=\"ek-link\">V Ko\u0161iciach zaviedli novinku. Prv\u00fdm pacientom bol mlad\u00fd mu\u017e, ktor\u00fd svoje probl\u00e9my pripisoval stresu<\/a><\/td><\/tr><tr><td>18.04.2023<\/td><td>kosiceonline.sk: <a aria-label=\"Na ko\u0161ick\u00fdch univerzit\u00e1ch vyu\u010duj\u00fa nov\u00ed profesori (opens in a new tab)\" href=\"https:\/\/www.kosiceonline.sk\/na-kosickych-univerzitach-vyucuju-novi-profesori\" target=\"_blank\" rel=\"noreferrer noopener\" class=\"ek-link\">Na ko\u0161ick\u00fdch univerzit\u00e1ch vyu\u010duj\u00fa nov\u00ed profesori<\/a><\/td><\/tr><tr><td>14.04.2024<\/td><td>mediweb.sk: <a aria-label=\"V Ko\u0161iciach zachr\u00e1nili pacienta s autoimunitnou hepatit\u00eddou (opens in a new tab)\" href=\"https:\/\/mediweb.hnonline.sk\/zdn\/spravy\/96077478-v-kosiciach-zachranili-pacienta-s-autoimunitnou-hepatitidou-vyuzili-pri-tom-novinku\" target=\"_blank\" rel=\"noreferrer noopener\" class=\"ek-link\">V Ko\u0161iciach zachr\u00e1nili pacienta s autoimunitnou hepatit\u00eddou<\/a><\/td><\/tr><\/tbody><\/table><\/figure>\n\n\n\n<p><strong>Marec 2023<\/strong><\/p>\n\n\n\n<figure class=\"wp-block-table is-style-stripes\"><table><tbody><tr><td>16.03.2023<\/td><td>spravy.zdravoteka.sk:<a aria-label=\" Infra\u0161trukt\u00fara SLOVACRIN a Lek\u00e1rska fakulta UPJ\u0160 v Ko\u0161iciach sa podie\u013eali na organiz\u00e1cii podujat\u00ed \u201eKurz spr\u00e1vnej klinickej praxe pre sk\u00fa\u0161aj\u00facich a koordin\u00e1torov\u201c a \u201eMedzin\u00e1rodn\u00fd de\u0148 klinick\u00fdch sk\u00fa\u0161an\u00ed\u201c na MZ SR v&nbsp;Bratislave (opens in a new tab)\" href=\"https:\/\/spravy.zdravoteka.sk\/infrastruktura-slovacrin-a-lekarska-fakulta-upjs-v-kosiciach-sa-podielali-na-organizacii-podujati-kurz-spravnej-klinickej-praxe-pre-skusajucich-a-koordinatorov-a-medzinarodn\/\" target=\"_blank\" rel=\"noreferrer noopener\" class=\"ek-link\"> Infra\u0161trukt\u00fara SLOVACRIN a Lek\u00e1rska fakulta UPJ\u0160 v Ko\u0161iciach sa podie\u013eali na organiz\u00e1cii podujat\u00ed \u201eKurz spr\u00e1vnej klinickej praxe pre sk\u00fa\u0161aj\u00facich a koordin\u00e1torov\u201c a \u201eMedzin\u00e1rodn\u00fd de\u0148 klinick\u00fdch sk\u00fa\u0161an\u00ed\u201c na MZ SR v&nbsp;Bratislave<\/a><\/td><\/tr><tr><td>22.03.2023<\/td><td>kosiceonline.sk: <a href=\"https:\/\/www.kosiceonline.sk\/stat-chce-viac-medikov-lekarske-fakulty-nemaju-kapacity\" target=\"_blank\" aria-label=\"\u0160t\u00e1t chce viac medikov: (opens in a new tab)\" rel=\"noreferrer noopener\" class=\"ek-link\">\u0160t\u00e1t chce viac medikov:<\/a><\/td><\/tr><tr><td>09.03.2023<\/td><td>Tla\u010dov\u00e1 agent\u00fara SR:<a href=\"https:\/\/www.tasr.sk\/tasr-clanok\/TASR:2023030900000228\" target=\"_blank\" aria-label=\" Ko\u0161ick\u00ed medici \u010d\u00edtaj\u00fa mal\u00fdm pacientom rozpr\u00e1vky od zahrani\u010dn\u00fdch \u0161tudentov (opens in a new tab)\" rel=\"noreferrer noopener\" class=\"ek-link\"> Ko\u0161ick\u00ed medici \u010d\u00edtaj\u00fa mal\u00fdm pacientom rozpr\u00e1vky od zahrani\u010dn\u00fdch \u0161tudentov<\/a><\/td><\/tr><tr><td>09.03.2023<\/td><td>teraz.sk: <a href=\"https:\/\/www.teraz.sk\/regiony\/kosicki-medici-citaju-malym-pacien\/699746-clanok.html?utm_source=teraz&amp;utm_medium=organic&amp;utm_campaign=click&amp;utm_content=.%253Bsearch\" target=\"_blank\" aria-label=\"Ko\u0161ick\u00ed medici \u010d\u00edtaj\u00fa mal\u00fdm pacientom rozpr\u00e1vky od \u0161tudentov (opens in a new tab)\" rel=\"noreferrer noopener\" class=\"ek-link\">Ko\u0161ick\u00ed medici \u010d\u00edtaj\u00fa mal\u00fdm pacientom rozpr\u00e1vky od \u0161tudentov<\/a><\/td><\/tr><tr><td>08.03.2023<\/td><td>spravy.zdravoteka.sk: <a aria-label=\"Medici \u010d\u00edtaj\u00fa mal\u00fdm pacientom v detskej nemocnici rozpr\u00e1vky z kni\u017eky svojej spolu\u017eia\u010dky \u013dubom\u00edry Marczellovej \u2013 vyrozpr\u00e1vali jej ich zahrani\u010dn\u00ed \u0161tudenti Lek\u00e1rskej fakulty UPJ\u0160 (opens in a new tab)\" href=\"https:\/\/spravy.zdravoteka.sk\/medici-citaju-malym-pacientom-v-detskej-nemocnici-rozpravky-z-knizky-svojej-spoluziacky-lubomiry-marczellovej-vyrozpravali-jej-ich-zahranicni-studenti-lekarskej-fakulty-upjs\/\" target=\"_blank\" rel=\"noreferrer noopener\" class=\"ek-link\">Medici \u010d\u00edtaj\u00fa mal\u00fdm pacientom v detskej nemocnici rozpr\u00e1vky z kni\u017eky svojej spolu\u017eia\u010dky \u013dubom\u00edry Marczellovej \u2013 vyrozpr\u00e1vali jej ich zahrani\u010dn\u00ed \u0161tudenti Lek\u00e1rskej fakulty UPJ\u0160<\/a>&nbsp;&nbsp;&nbsp;<\/td><\/tr><tr><td>03.03.2023<\/td><td>lekarskenoviny.sk: <a aria-label=\"Spolo\u010dnos\u0165 AGEL SK, UPJ\u0160 a Lek\u00e1rska fakulta v Ko\u0161iciach podp\u00edsali R\u00e1mcov\u00fa zmluvu o vz\u00e1jomnej spolupr\u00e1ci (opens in a new tab)\" href=\"https:\/\/lekarskenoviny.sk\/index.php\/2023\/03\/03\/spolocnost-agel-sk-upjs-a-lekarska-fakulta-v-kosiciach-podpisali-ramcovu-zmluvu-o-vzajomnej-spolupraci\/\" target=\"_blank\" rel=\"noreferrer noopener\" class=\"ek-link\">Spolo\u010dnos\u0165 AGEL SK, UPJ\u0160 a Lek\u00e1rska fakulta v Ko\u0161iciach podp\u00edsali R\u00e1mcov\u00fa zmluvu o vz\u00e1jomnej spolupr\u00e1ci<\/a><\/td><\/tr><\/tbody><\/table><\/figure>\n\n\n\n<p><strong>Febru\u00e1r 2023<\/strong><\/p>\n\n\n\n<figure class=\"wp-block-table caption-align-left is-style-stripes\"><table><tbody><tr><td>22.02.2023<\/td><td>Zdravotn\u00edcke noviny, mediweb.sk: <a aria-label=\"Nemocnice aj samospr\u00e1vy sa sna\u017eia zl\u00e1ka\u0165 u\u017e \u0161tudentov - Ve\u013etrh pr\u00edle\u017eitost\u00ed v zdravotn\u00edctve na UPJ\u0160 LF (opens in a new tab)\" href=\"https:\/\/mediweb.hnonline.sk\/zdn\/spravy\/96068382-nemocnice-aj-samospravy-sa-snazia-zlakat-uz-studentov\" target=\"_blank\" rel=\"noreferrer noopener\" class=\"ek-link\">Nemocnice aj samospr\u00e1vy sa sna\u017eia zl\u00e1ka\u0165 u\u017e \u0161tudentov &#8211; Ve\u013etrh pr\u00edle\u017eitost\u00ed v zdravotn\u00edctve na UPJ\u0160 LF<\/a><\/td><\/tr><tr><td>17.02.2023<\/td><td>zdravoteka.sk: <a href=\"https:\/\/mediweb.hnonline.sk\/zdn\/spravy\/96068382-nemocnice-aj-samospravy-sa-snazia-zlakat-uz-studentov\" target=\"_blank\" rel=\"noreferrer noopener\">De\u0148 otvoren\u00fdch dver\u00ed pril\u00e1kal na Lek\u00e1rsku fakultu UPJ\u0160 vy\u0161e sedemsto z\u00e1ujemcov o \u0161t\u00fadium medic\u00edny a zdravotn\u00edckych odborov<\/a><\/td><\/tr><tr><td>17.02.2023<\/td><td>lekarskenoviny.sk: <a href=\"https:\/\/lekarskenoviny.sk\/index.php\/2023\/02\/17\/den-otvorenych-dveri-prilakal-na-lekarsku-fakultu-upjs-vyse-sedemsto-zaujemcov-o-studium-mediciny-a-zdravotnickych-odborov\/\" target=\"_blank\" rel=\"noreferrer noopener\">De\u0148 otvoren\u00fdch dver\u00ed pril\u00e1kal na Lek\u00e1rsku fakultu UPJ\u0160 vy\u0161e sedemsto z\u00e1ujemcov o \u0161t\u00fadium medic\u00edny a zdravotn\u00edckych odborov<\/a><\/td><\/tr><tr><td>16.02.2023<\/td><td>vedanadosah.sk: <a aria-label=\"De\u0148 otvoren\u00fdch dver\u00ed na Lek\u00e1rskej fakulte UPJ\u0160 v&nbsp;Ko\u0161iciach (opens in a new tab)\" href=\"https:\/\/vedanadosah.cvtisr.sk\/podujatie\/den-otvorenych-dveri-na-lekarskej-fakulte-upjs-v-kosiciach\/\" target=\"_blank\" rel=\"noreferrer noopener\" class=\"ek-link\">De\u0148 otvoren\u00fdch dver\u00ed na Lek\u00e1rskej fakulte UPJ\u0160 v&nbsp;Ko\u0161iciach<\/a><\/td><\/tr><tr><td>15.02.2023<\/td><td>lekarskenoviny.sk: <a aria-label=\"POZV\u00c1NKA na De\u0148 otvoren\u00fdch dver\u00ed na UPJ\u0160 LF (opens in a new tab)\" href=\"https:\/\/lekarskenoviny.sk\/index.php\/2023\/02\/15\/pozvanka-na-den-otvorenych-dveri-na-upjs-lf\/\" target=\"_blank\" rel=\"noreferrer noopener\" class=\"ek-link\">POZV\u00c1NKA na De\u0148 otvoren\u00fdch dver\u00ed na UPJ\u0160 LF<\/a><\/td><\/tr><tr><td>13.02.2023<\/td><td>agel.sk: <a aria-label=\" (opens in a new tab)\" href=\"https:\/\/nemocnicakezmarok.agel.sk\/o-nemocnici\/novinky\/230213-veltrh-upjs.html\" target=\"_blank\" rel=\"noreferrer noopener\" class=\"ek-link\">Ve\u013etrhu pr\u00edle\u017eitost\u00ed v zdravotn\u00edctve na UPJ\u0160 v Ko\u0161iciach sa z\u00fa\u010dastnili aj nemocnice spi\u0161sk\u00e9ho klastra<\/a><\/td><\/tr><tr><td>08.02.2023<\/td><td>korzar.sk: <a href=\"https:\/\/kosice.korzar.sme.sk\/c\/23129738\/deti-po-styridsiatke-svet-sa-zmenil-ludia-sa-na-to-citia-vedci-skumaju-neplodnost.html\" target=\"_blank\" rel=\"noreferrer noopener\">Deti po \u0161tyridsiatke? Svet sa zmenil, \u013eudia sa na to c\u00edtia. Vedci z Lek\u00e1rskej fakulty UPJ\u0160 sk\u00famaj\u00fa neplodnos\u0165<\/a><\/td><\/tr><tr><td>03.02.2023<\/td><td>Denn\u00edkN: <a href=\"https:\/\/dennikn.sk\/3219435\/uspesnost-pri-umelom-oplodneni-je-stale-kolisava-patent-ktory-predali-slovenske-univerzity-to-moze-zmenit\/\" target=\"_blank\" rel=\"noreferrer noopener\">\u00daspe\u0161nos\u0165 pri umelom oplodnen\u00ed je st\u00e1le kol\u00edsav\u00e1. Patent, ktor\u00fd predali slovensk\u00e9 univerzity, to m\u00f4\u017ee zmeni\u0165<\/a><\/td><\/tr><tr><td>01.02.2023<\/td><td>Tla\u010dov\u00e1 agent\u00fara SR, teraz.sk: UPJ\u0160: <a href=\"https:\/\/www.teraz.sk\/import\/upjs-nova-technologia-moze-prispie\/691329-clanok.html\" target=\"_blank\" rel=\"noreferrer noopener\">Nov\u00e1 technol\u00f3gia prispeje k \u00faspe\u0161nosti asistovanej reprodukcie<\/a>                                                                                                                                                                                                                                                                          <\/td><\/tr><\/tbody><\/table><\/figure>\n\n\n\n<p><strong>Janu\u00e1r 2023<\/strong><\/p>\n\n\n\n<figure class=\"wp-block-table caption-align-left is-style-stripes has-mobile-text-align-left\"><table><tbody><tr><td>13.01.2023<\/td><td>Denn\u00edkN: <a aria-label=\"Oliver R\u00e1cz vypisoval falo\u0161n\u00e9 povol\u00e1vacie rozkazy, \u00eds\u0165 na front bolo bezpe\u010dnej\u0161ie ako od\u00eds\u0165 do koncentr\u00e1ku (opens in a new tab)\" href=\"https:\/\/dennikn.sk\/3183354\/oliver-racz-vypisoval-falosne-povolavacie-rozkazy-ist-na-front-bolo-bezpecnejsie-ako-odist-do-koncentraku\/\" target=\"_blank\" rel=\"noreferrer noopener\" class=\"ek-link\">Oliver R\u00e1cz vypisoval falo\u0161n\u00e9 povol\u00e1vacie rozkazy, \u00eds\u0165 na front bolo bezpe\u010dnej\u0161ie ako od\u00eds\u0165 do koncentr\u00e1ku<\/a> <mark style=\"background-color:rgba(0, 0, 0, 0)\" class=\"has-inline-color has-bg-siva-color\">&#8230;&#8230;&#8230;&#8230;&#8230;&#8230;&#8230;&#8230;&#8230;&#8230;&#8230;&#8230;&#8230;.<\/mark>                                                                                                                                                                                                                                                                                                                                                                    <\/td><\/tr><\/tbody><\/table><\/figure>\n","protected":false},"excerpt":{"rendered":"<p>Apr\u00edl 2026 28.04.2026 &#8211; eastmag.sk: Medzi ocenen\u00fdmi osobnos\u0165ami KSK je aj neurologi\u010dka MUDr. Krist\u00edna Kulcs\u00e1rov\u00e1 27.04.2026 &#8211; unlp.sk: Medzi ocenen\u00fdmi osobnos\u0165ami KSK je aj na\u0161a neurologi\u010dka MUDr. Krist\u00edna Kulcs\u00e1rov\u00e1 17.04.2026 &#8211; Sestra: V\u0161etko o ECMO konferencii intenzivistick\u00fdch sestier (tla\u010d) 09.04.2026 &#8211; Zdravotn\u00edcke noviny: Atrofia z nadu\u017e\u00edvania technol\u00f3gi\u00ed? (tla\u010d) 05.04.2026 &#8211; startitup.sk: V Ko\u0161iciach nasadili do &hellip; <a href=\"https:\/\/www.upjs.sk\/lekarska-fakulta\/fakulta\/verejnost-a-media\/fakulta-v-mediach\/\">\u010c\u00edta\u0165 \u010falej<\/a><\/p>\n","protected":false},"author":1,"featured_media":13912,"parent":13723,"menu_order":2,"comment_status":"closed","ping_status":"closed","template":"","meta":{"_acf_changed":false,"_editorskit_title_hidden":false,"_editorskit_reading_time":1,"_editorskit_is_block_options_detached":false,"_editorskit_block_options_position":"{}","footnotes":""},"categories":[],"tags":[],"class_list":["post-13911","page","type-page","status-publish","has-post-thumbnail","hentry"],"acf":{"acf_link_na_externy_obsah":""},"yoast_head":"<!-- This site is optimized with the Yoast SEO plugin v27.4 - https:\/\/yoast.com\/product\/yoast-seo-wordpress\/ -->\n<title>Fakulta v m\u00e9di\u00e1ch - Lek\u00e1rska fakulta | UPJ\u0160<\/title>\n<meta name=\"robots\" content=\"index, follow, max-snippet:-1, max-image-preview:large, max-video-preview:-1\" \/>\n<link rel=\"canonical\" href=\"https:\/\/www.upjs.sk\/lekarska-fakulta\/fakulta\/verejnost-a-media\/fakulta-v-mediach\/\" \/>\n<meta property=\"og:locale\" content=\"sk_SK\" \/>\n<meta property=\"og:type\" content=\"article\" \/>\n<meta property=\"og:title\" content=\"Fakulta v m\u00e9di\u00e1ch - Lek\u00e1rska fakulta | UPJ\u0160\" \/>\n<meta property=\"og:description\" content=\"Apr\u00edl 2026 28.04.2026 &#8211; eastmag.sk: Medzi ocenen\u00fdmi osobnos\u0165ami KSK je aj neurologi\u010dka MUDr. Krist\u00edna Kulcs\u00e1rov\u00e1 27.04.2026 &#8211; unlp.sk: Medzi ocenen\u00fdmi osobnos\u0165ami KSK je aj na\u0161a neurologi\u010dka MUDr. Krist\u00edna Kulcs\u00e1rov\u00e1 17.04.2026 &#8211; Sestra: V\u0161etko o ECMO konferencii intenzivistick\u00fdch sestier (tla\u010d) 09.04.2026 &#8211; Zdravotn\u00edcke noviny: Atrofia z nadu\u017e\u00edvania technol\u00f3gi\u00ed? (tla\u010d) 05.04.2026 &#8211; startitup.sk: V Ko\u0161iciach nasadili do &hellip; \u010c\u00edta\u0165 \u010falej\" \/>\n<meta property=\"og:url\" content=\"https:\/\/www.upjs.sk\/lekarska-fakulta\/fakulta\/verejnost-a-media\/fakulta-v-mediach\/\" \/>\n<meta property=\"og:site_name\" content=\"Lek\u00e1rska fakulta | UPJ\u0160\" \/>\n<meta property=\"article:modified_time\" content=\"2026-04-29T05:52:41+00:00\" \/>\n<meta property=\"og:image\" content=\"https:\/\/www.upjs.sk\/app\/uploads\/sites\/9\/2022\/09\/2016-01-quark-nove-laboratoria-UPJS.jpg\" \/>\n\t<meta property=\"og:image:width\" content=\"1211\" \/>\n\t<meta property=\"og:image:height\" content=\"1639\" \/>\n\t<meta property=\"og:image:type\" content=\"image\/jpeg\" \/>\n<meta name=\"twitter:card\" content=\"summary_large_image\" \/>\n<meta name=\"twitter:label1\" content=\"Predpokladan\u00fd \u010das \u010d\u00edtania\" \/>\n\t<meta name=\"twitter:data1\" content=\"52 min\u00fat\" \/>\n<script type=\"application\/ld+json\" class=\"yoast-schema-graph\">{\"@context\":\"https:\\\/\\\/schema.org\",\"@graph\":[{\"@type\":\"WebPage\",\"@id\":\"https:\\\/\\\/www.upjs.sk\\\/lekarska-fakulta\\\/fakulta\\\/verejnost-a-media\\\/fakulta-v-mediach\\\/\",\"url\":\"https:\\\/\\\/www.upjs.sk\\\/lekarska-fakulta\\\/fakulta\\\/verejnost-a-media\\\/fakulta-v-mediach\\\/\",\"name\":\"Fakulta v m\u00e9di\u00e1ch - Lek\u00e1rska fakulta | UPJ\u0160\",\"isPartOf\":{\"@id\":\"https:\\\/\\\/www.upjs.sk\\\/lekarska-fakulta\\\/#website\"},\"primaryImageOfPage\":{\"@id\":\"https:\\\/\\\/www.upjs.sk\\\/lekarska-fakulta\\\/fakulta\\\/verejnost-a-media\\\/fakulta-v-mediach\\\/#primaryimage\"},\"image\":{\"@id\":\"https:\\\/\\\/www.upjs.sk\\\/lekarska-fakulta\\\/fakulta\\\/verejnost-a-media\\\/fakulta-v-mediach\\\/#primaryimage\"},\"thumbnailUrl\":\"https:\\\/\\\/www.upjs.sk\\\/app\\\/uploads\\\/sites\\\/9\\\/2022\\\/09\\\/2016-01-quark-nove-laboratoria-UPJS.jpg\",\"datePublished\":\"2022-09-14T12:55:16+00:00\",\"dateModified\":\"2026-04-29T05:52:41+00:00\",\"breadcrumb\":{\"@id\":\"https:\\\/\\\/www.upjs.sk\\\/lekarska-fakulta\\\/fakulta\\\/verejnost-a-media\\\/fakulta-v-mediach\\\/#breadcrumb\"},\"inLanguage\":\"sk-SK\",\"potentialAction\":[{\"@type\":\"ReadAction\",\"target\":[\"https:\\\/\\\/www.upjs.sk\\\/lekarska-fakulta\\\/fakulta\\\/verejnost-a-media\\\/fakulta-v-mediach\\\/\"]}]},{\"@type\":\"ImageObject\",\"inLanguage\":\"sk-SK\",\"@id\":\"https:\\\/\\\/www.upjs.sk\\\/lekarska-fakulta\\\/fakulta\\\/verejnost-a-media\\\/fakulta-v-mediach\\\/#primaryimage\",\"url\":\"https:\\\/\\\/www.upjs.sk\\\/app\\\/uploads\\\/sites\\\/9\\\/2022\\\/09\\\/2016-01-quark-nove-laboratoria-UPJS.jpg\",\"contentUrl\":\"https:\\\/\\\/www.upjs.sk\\\/app\\\/uploads\\\/sites\\\/9\\\/2022\\\/09\\\/2016-01-quark-nove-laboratoria-UPJS.jpg\",\"width\":1211,\"height\":1639,\"caption\":\"fakulta-v-mediach\"},{\"@type\":\"BreadcrumbList\",\"@id\":\"https:\\\/\\\/www.upjs.sk\\\/lekarska-fakulta\\\/fakulta\\\/verejnost-a-media\\\/fakulta-v-mediach\\\/#breadcrumb\",\"itemListElement\":[{\"@type\":\"ListItem\",\"position\":1,\"name\":\"Home\",\"item\":\"https:\\\/\\\/www.upjs.sk\\\/lekarska-fakulta\\\/\"},{\"@type\":\"ListItem\",\"position\":2,\"name\":\"O fakulte\",\"item\":\"https:\\\/\\\/www.upjs.sk\\\/lekarska-fakulta\\\/fakulta\\\/\"},{\"@type\":\"ListItem\",\"position\":3,\"name\":\"Verejnos\u0165 a m\u00e9di\u00e1\",\"item\":\"https:\\\/\\\/www.upjs.sk\\\/lekarska-fakulta\\\/fakulta\\\/verejnost-a-media\\\/\"},{\"@type\":\"ListItem\",\"position\":4,\"name\":\"Fakulta v m\u00e9di\u00e1ch\"}]},{\"@type\":\"WebSite\",\"@id\":\"https:\\\/\\\/www.upjs.sk\\\/lekarska-fakulta\\\/#website\",\"url\":\"https:\\\/\\\/www.upjs.sk\\\/lekarska-fakulta\\\/\",\"name\":\"Lek\u00e1rska fakulta | UPJ\u0160\",\"description\":\"\",\"publisher\":{\"@id\":\"https:\\\/\\\/www.upjs.sk\\\/lekarska-fakulta\\\/#organization\"},\"potentialAction\":[{\"@type\":\"SearchAction\",\"target\":{\"@type\":\"EntryPoint\",\"urlTemplate\":\"https:\\\/\\\/www.upjs.sk\\\/lekarska-fakulta\\\/?s={search_term_string}\"},\"query-input\":{\"@type\":\"PropertyValueSpecification\",\"valueRequired\":true,\"valueName\":\"search_term_string\"}}],\"inLanguage\":\"sk-SK\"},{\"@type\":\"Organization\",\"@id\":\"https:\\\/\\\/www.upjs.sk\\\/lekarska-fakulta\\\/#organization\",\"name\":\"Lek\u00e1rska fakulta | UPJ\u0160\",\"url\":\"https:\\\/\\\/www.upjs.sk\\\/lekarska-fakulta\\\/\",\"logo\":{\"@type\":\"ImageObject\",\"inLanguage\":\"sk-SK\",\"@id\":\"https:\\\/\\\/www.upjs.sk\\\/lekarska-fakulta\\\/#\\\/schema\\\/logo\\\/image\\\/\",\"url\":\"https:\\\/\\\/www.upjs.sk\\\/app\\\/uploads\\\/sites\\\/9\\\/2022\\\/09\\\/logo-lekarska-fakulta.png\",\"contentUrl\":\"https:\\\/\\\/www.upjs.sk\\\/app\\\/uploads\\\/sites\\\/9\\\/2022\\\/09\\\/logo-lekarska-fakulta.png\",\"width\":415,\"height\":87,\"caption\":\"Lek\u00e1rska fakulta | UPJ\u0160\"},\"image\":{\"@id\":\"https:\\\/\\\/www.upjs.sk\\\/lekarska-fakulta\\\/#\\\/schema\\\/logo\\\/image\\\/\"}}]}<\/script>\n<!-- \/ Yoast SEO plugin. -->","yoast_head_json":{"title":"Fakulta v m\u00e9di\u00e1ch - Lek\u00e1rska fakulta | UPJ\u0160","robots":{"index":"index","follow":"follow","max-snippet":"max-snippet:-1","max-image-preview":"max-image-preview:large","max-video-preview":"max-video-preview:-1"},"canonical":"https:\/\/www.upjs.sk\/lekarska-fakulta\/fakulta\/verejnost-a-media\/fakulta-v-mediach\/","og_locale":"sk_SK","og_type":"article","og_title":"Fakulta v m\u00e9di\u00e1ch - Lek\u00e1rska fakulta | UPJ\u0160","og_description":"Apr\u00edl 2026 28.04.2026 &#8211; eastmag.sk: Medzi ocenen\u00fdmi osobnos\u0165ami KSK je aj neurologi\u010dka MUDr. Krist\u00edna Kulcs\u00e1rov\u00e1 27.04.2026 &#8211; unlp.sk: Medzi ocenen\u00fdmi osobnos\u0165ami KSK je aj na\u0161a neurologi\u010dka MUDr. Krist\u00edna Kulcs\u00e1rov\u00e1 17.04.2026 &#8211; Sestra: V\u0161etko o ECMO konferencii intenzivistick\u00fdch sestier (tla\u010d) 09.04.2026 &#8211; Zdravotn\u00edcke noviny: Atrofia z nadu\u017e\u00edvania technol\u00f3gi\u00ed? (tla\u010d) 05.04.2026 &#8211; startitup.sk: V Ko\u0161iciach nasadili do &hellip; \u010c\u00edta\u0165 \u010falej","og_url":"https:\/\/www.upjs.sk\/lekarska-fakulta\/fakulta\/verejnost-a-media\/fakulta-v-mediach\/","og_site_name":"Lek\u00e1rska fakulta | UPJ\u0160","article_modified_time":"2026-04-29T05:52:41+00:00","og_image":[{"width":1211,"height":1639,"url":"https:\/\/www.upjs.sk\/app\/uploads\/sites\/9\/2022\/09\/2016-01-quark-nove-laboratoria-UPJS.jpg","type":"image\/jpeg"}],"twitter_card":"summary_large_image","twitter_misc":{"Predpokladan\u00fd \u010das \u010d\u00edtania":"52 min\u00fat"},"schema":{"@context":"https:\/\/schema.org","@graph":[{"@type":"WebPage","@id":"https:\/\/www.upjs.sk\/lekarska-fakulta\/fakulta\/verejnost-a-media\/fakulta-v-mediach\/","url":"https:\/\/www.upjs.sk\/lekarska-fakulta\/fakulta\/verejnost-a-media\/fakulta-v-mediach\/","name":"Fakulta v m\u00e9di\u00e1ch - Lek\u00e1rska fakulta | UPJ\u0160","isPartOf":{"@id":"https:\/\/www.upjs.sk\/lekarska-fakulta\/#website"},"primaryImageOfPage":{"@id":"https:\/\/www.upjs.sk\/lekarska-fakulta\/fakulta\/verejnost-a-media\/fakulta-v-mediach\/#primaryimage"},"image":{"@id":"https:\/\/www.upjs.sk\/lekarska-fakulta\/fakulta\/verejnost-a-media\/fakulta-v-mediach\/#primaryimage"},"thumbnailUrl":"https:\/\/www.upjs.sk\/app\/uploads\/sites\/9\/2022\/09\/2016-01-quark-nove-laboratoria-UPJS.jpg","datePublished":"2022-09-14T12:55:16+00:00","dateModified":"2026-04-29T05:52:41+00:00","breadcrumb":{"@id":"https:\/\/www.upjs.sk\/lekarska-fakulta\/fakulta\/verejnost-a-media\/fakulta-v-mediach\/#breadcrumb"},"inLanguage":"sk-SK","potentialAction":[{"@type":"ReadAction","target":["https:\/\/www.upjs.sk\/lekarska-fakulta\/fakulta\/verejnost-a-media\/fakulta-v-mediach\/"]}]},{"@type":"ImageObject","inLanguage":"sk-SK","@id":"https:\/\/www.upjs.sk\/lekarska-fakulta\/fakulta\/verejnost-a-media\/fakulta-v-mediach\/#primaryimage","url":"https:\/\/www.upjs.sk\/app\/uploads\/sites\/9\/2022\/09\/2016-01-quark-nove-laboratoria-UPJS.jpg","contentUrl":"https:\/\/www.upjs.sk\/app\/uploads\/sites\/9\/2022\/09\/2016-01-quark-nove-laboratoria-UPJS.jpg","width":1211,"height":1639,"caption":"fakulta-v-mediach"},{"@type":"BreadcrumbList","@id":"https:\/\/www.upjs.sk\/lekarska-fakulta\/fakulta\/verejnost-a-media\/fakulta-v-mediach\/#breadcrumb","itemListElement":[{"@type":"ListItem","position":1,"name":"Home","item":"https:\/\/www.upjs.sk\/lekarska-fakulta\/"},{"@type":"ListItem","position":2,"name":"O fakulte","item":"https:\/\/www.upjs.sk\/lekarska-fakulta\/fakulta\/"},{"@type":"ListItem","position":3,"name":"Verejnos\u0165 a m\u00e9di\u00e1","item":"https:\/\/www.upjs.sk\/lekarska-fakulta\/fakulta\/verejnost-a-media\/"},{"@type":"ListItem","position":4,"name":"Fakulta v m\u00e9di\u00e1ch"}]},{"@type":"WebSite","@id":"https:\/\/www.upjs.sk\/lekarska-fakulta\/#website","url":"https:\/\/www.upjs.sk\/lekarska-fakulta\/","name":"Lek\u00e1rska fakulta | UPJ\u0160","description":"","publisher":{"@id":"https:\/\/www.upjs.sk\/lekarska-fakulta\/#organization"},"potentialAction":[{"@type":"SearchAction","target":{"@type":"EntryPoint","urlTemplate":"https:\/\/www.upjs.sk\/lekarska-fakulta\/?s={search_term_string}"},"query-input":{"@type":"PropertyValueSpecification","valueRequired":true,"valueName":"search_term_string"}}],"inLanguage":"sk-SK"},{"@type":"Organization","@id":"https:\/\/www.upjs.sk\/lekarska-fakulta\/#organization","name":"Lek\u00e1rska fakulta | UPJ\u0160","url":"https:\/\/www.upjs.sk\/lekarska-fakulta\/","logo":{"@type":"ImageObject","inLanguage":"sk-SK","@id":"https:\/\/www.upjs.sk\/lekarska-fakulta\/#\/schema\/logo\/image\/","url":"https:\/\/www.upjs.sk\/app\/uploads\/sites\/9\/2022\/09\/logo-lekarska-fakulta.png","contentUrl":"https:\/\/www.upjs.sk\/app\/uploads\/sites\/9\/2022\/09\/logo-lekarska-fakulta.png","width":415,"height":87,"caption":"Lek\u00e1rska fakulta | UPJ\u0160"},"image":{"@id":"https:\/\/www.upjs.sk\/lekarska-fakulta\/#\/schema\/logo\/image\/"}}]}},"_links":{"self":[{"href":"https:\/\/www.upjs.sk\/lekarska-fakulta\/wp-json\/wp\/v2\/pages\/13911","targetHints":{"allow":["GET"]}}],"collection":[{"href":"https:\/\/www.upjs.sk\/lekarska-fakulta\/wp-json\/wp\/v2\/pages"}],"about":[{"href":"https:\/\/www.upjs.sk\/lekarska-fakulta\/wp-json\/wp\/v2\/types\/page"}],"author":[{"embeddable":true,"href":"https:\/\/www.upjs.sk\/lekarska-fakulta\/wp-json\/wp\/v2\/users\/1"}],"replies":[{"embeddable":true,"href":"https:\/\/www.upjs.sk\/lekarska-fakulta\/wp-json\/wp\/v2\/comments?post=13911"}],"version-history":[{"count":20,"href":"https:\/\/www.upjs.sk\/lekarska-fakulta\/wp-json\/wp\/v2\/pages\/13911\/revisions"}],"predecessor-version":[{"id":157657,"href":"https:\/\/www.upjs.sk\/lekarska-fakulta\/wp-json\/wp\/v2\/pages\/13911\/revisions\/157657"}],"up":[{"embeddable":true,"href":"https:\/\/www.upjs.sk\/lekarska-fakulta\/wp-json\/wp\/v2\/pages\/13723"}],"wp:featuredmedia":[{"embeddable":true,"href":"https:\/\/www.upjs.sk\/lekarska-fakulta\/wp-json\/wp\/v2\/media\/13912"}],"wp:attachment":[{"href":"https:\/\/www.upjs.sk\/lekarska-fakulta\/wp-json\/wp\/v2\/media?parent=13911"}],"wp:term":[{"taxonomy":"category","embeddable":true,"href":"https:\/\/www.upjs.sk\/lekarska-fakulta\/wp-json\/wp\/v2\/categories?post=13911"},{"taxonomy":"post_tag","embeddable":true,"href":"https:\/\/www.upjs.sk\/lekarska-fakulta\/wp-json\/wp\/v2\/tags?post=13911"}],"curies":[{"name":"wp","href":"https:\/\/api.w.org\/{rel}","templated":true}]}}