{"id":16196,"date":"2023-05-11T15:53:40","date_gmt":"2023-05-11T14:53:40","guid":{"rendered":"https:\/\/www.upjs.sk\/lekarska-fakulta\/vyskum-na-fakulte\/habilitacne-a-inauguracne-konanie\/inauguracie-oznamy\/"},"modified":"2025-11-11T12:20:44","modified_gmt":"2025-11-11T11:20:44","slug":"inauguracie-oznamy","status":"publish","type":"page","link":"https:\/\/www.upjs.sk\/lekarska-fakulta\/vyskum-na-fakulte\/habilitacne-a-inauguracne-konanie\/inauguracie-oznamy\/","title":{"rendered":"Inaugur\u00e1cie: ozn\u00e1menia o konan\u00ed predn\u00e1\u0161ok"},"content":{"rendered":"<style>.kt-accordion-id16196_dfd800-78 .kt-accordion-inner-wrap{column-gap:var(--global-kb-gap-md, 2rem);row-gap:6px;}.kt-accordion-id16196_dfd800-78 .kt-accordion-panel-inner{border-top:0px solid transparent;border-right:1px solid transparent;border-bottom:1px solid transparent;border-left:1px solid transparent;background:#ffffff;padding-top:12px;padding-right:12px;padding-bottom:12px;padding-left:12px;}.kt-accordion-id16196_dfd800-78 .wp-block-kadence-pane .kt-accordion-header-wrap .kt-blocks-accordion-header{border-top:1px solid #eeeeee;border-right-color:#eeeeee;border-right-style:solid;border-bottom:6px solid #C19152;border-left-color:#eeeeee;border-left-style:solid;border-top-left-radius:0px;border-top-right-radius:0px;border-bottom-right-radius:0px;border-bottom-left-radius:0px;background:#C92432;font-size:16px;line-height:16px;color:#ffffff;padding-top:6px;padding-right:12px;padding-bottom:6px;padding-left:12px;}.kt-accordion-id16196_dfd800-78:not( .kt-accodion-icon-style-basiccircle ):not( .kt-accodion-icon-style-xclosecircle ):not( .kt-accodion-icon-style-arrowcircle ) .kt-blocks-accordion-icon-trigger:after, .kt-accordion-id16196_dfd800-78:not( .kt-accodion-icon-style-basiccircle ):not( .kt-accodion-icon-style-xclosecircle ):not( .kt-accodion-icon-style-arrowcircle ) .kt-blocks-accordion-icon-trigger:before{background:#ffffff;}.kt-accordion-id16196_dfd800-78:not( .kt-accodion-icon-style-basic ):not( .kt-accodion-icon-style-xclose ):not( .kt-accodion-icon-style-arrow ) .kt-blocks-accordion-icon-trigger{background:#ffffff;}.kt-accordion-id16196_dfd800-78:not( .kt-accodion-icon-style-basic ):not( .kt-accodion-icon-style-xclose ):not( .kt-accodion-icon-style-arrow ) .kt-blocks-accordion-icon-trigger:after, .kt-accordion-id16196_dfd800-78:not( .kt-accodion-icon-style-basic ):not( .kt-accodion-icon-style-xclose ):not( .kt-accodion-icon-style-arrow ) .kt-blocks-accordion-icon-trigger:before{background:#C92432;}.kt-accordion-id16196_dfd800-78 .kt-accordion-header-wrap .kt-blocks-accordion-header:hover, body:not(.hide-focus-outline) .kt-accordion-id16196_dfd800-78 .kt-accordion-header-wrap .kt-blocks-accordion-header:focus-visible{color:#444444;background:#ffffff;border-top:1px solid #d4d4d4;border-right-color:#d4d4d4;border-right-style:solid;border-bottom:6px solid #d4d4d4;border-left-color:#d4d4d4;border-left-style:solid;}.kt-accordion-id16196_dfd800-78:not( .kt-accodion-icon-style-basiccircle ):not( .kt-accodion-icon-style-xclosecircle ):not( .kt-accodion-icon-style-arrowcircle ) .kt-blocks-accordion-header:hover .kt-blocks-accordion-icon-trigger:after, .kt-accordion-id16196_dfd800-78:not( .kt-accodion-icon-style-basiccircle ):not( .kt-accodion-icon-style-xclosecircle ):not( .kt-accodion-icon-style-arrowcircle ) .kt-blocks-accordion-header:hover .kt-blocks-accordion-icon-trigger:before, body:not(.hide-focus-outline) .kt-accordion-id16196_dfd800-78:not( .kt-accodion-icon-style-basiccircle ):not( .kt-accodion-icon-style-xclosecircle ):not( .kt-accodion-icon-style-arrowcircle ) .kt-blocks-accordion--visible .kt-blocks-accordion-icon-trigger:after, body:not(.hide-focus-outline) .kt-accordion-id16196_dfd800-78:not( .kt-accodion-icon-style-basiccircle ):not( .kt-accodion-icon-style-xclosecircle ):not( .kt-accodion-icon-style-arrowcircle ) .kt-blocks-accordion-header:focus-visible .kt-blocks-accordion-icon-trigger:before{background:#444444;}.kt-accordion-id16196_dfd800-78:not( .kt-accodion-icon-style-basic ):not( .kt-accodion-icon-style-xclose ):not( .kt-accodion-icon-style-arrow ) .kt-blocks-accordion-header:hover .kt-blocks-accordion-icon-trigger, body:not(.hide-focus-outline) .kt-accordion-id16196_dfd800-78:not( .kt-accodion-icon-style-basic ):not( .kt-accodion-icon-style-xclose ):not( .kt-accodion-icon-style-arrow ) .kt-blocks-accordion-header:focus-visible .kt-blocks-accordion-icon-trigger{background:#444444;}.kt-accordion-id16196_dfd800-78:not( .kt-accodion-icon-style-basic ):not( .kt-accodion-icon-style-xclose ):not( .kt-accodion-icon-style-arrow ) .kt-blocks-accordion-header:hover .kt-blocks-accordion-icon-trigger:after, .kt-accordion-id16196_dfd800-78:not( .kt-accodion-icon-style-basic ):not( .kt-accodion-icon-style-xclose ):not( .kt-accodion-icon-style-arrow ) .kt-blocks-accordion-header:hover .kt-blocks-accordion-icon-trigger:before, body:not(.hide-focus-outline) .kt-accordion-id16196_dfd800-78:not( .kt-accodion-icon-style-basic ):not( .kt-accodion-icon-style-xclose ):not( .kt-accodion-icon-style-arrow ) .kt-blocks-accordion-header:focus-visible .kt-blocks-accordion-icon-trigger:after, body:not(.hide-focus-outline) .kt-accordion-id16196_dfd800-78:not( .kt-accodion-icon-style-basic ):not( .kt-accodion-icon-style-xclose ):not( .kt-accodion-icon-style-arrow ) .kt-blocks-accordion-header:focus-visible .kt-blocks-accordion-icon-trigger:before{background:#ffffff;}.kt-accordion-id16196_dfd800-78 .kt-accordion-header-wrap .kt-blocks-accordion-header:focus-visible, .kt-accordion-id16196_dfd800-78 .kt-accordion-header-wrap .kt-blocks-accordion-header.kt-accordion-panel-active{color:#000000;background:#ffffff;border-top:1px solid #D6D6D6;border-right-color:#D6D6D6;border-right-style:solid;border-bottom:6px solid #C19152;border-left-color:#D6D6D6;border-left-style:solid;}.kt-accordion-id16196_dfd800-78:not( .kt-accodion-icon-style-basiccircle ):not( .kt-accodion-icon-style-xclosecircle ):not( .kt-accodion-icon-style-arrowcircle ) .kt-blocks-accordion-header.kt-accordion-panel-active .kt-blocks-accordion-icon-trigger:after, .kt-accordion-id16196_dfd800-78:not( .kt-accodion-icon-style-basiccircle ):not( .kt-accodion-icon-style-xclosecircle ):not( .kt-accodion-icon-style-arrowcircle ) .kt-blocks-accordion-header.kt-accordion-panel-active .kt-blocks-accordion-icon-trigger:before{background:#000000;}.kt-accordion-id16196_dfd800-78:not( .kt-accodion-icon-style-basic ):not( .kt-accodion-icon-style-xclose ):not( .kt-accodion-icon-style-arrow ) .kt-blocks-accordion-header.kt-accordion-panel-active .kt-blocks-accordion-icon-trigger{background:#000000;}.kt-accordion-id16196_dfd800-78:not( .kt-accodion-icon-style-basic ):not( .kt-accodion-icon-style-xclose ):not( .kt-accodion-icon-style-arrow ) .kt-blocks-accordion-header.kt-accordion-panel-active .kt-blocks-accordion-icon-trigger:after, .kt-accordion-id16196_dfd800-78:not( .kt-accodion-icon-style-basic ):not( .kt-accodion-icon-style-xclose ):not( .kt-accodion-icon-style-arrow ) .kt-blocks-accordion-header.kt-accordion-panel-active .kt-blocks-accordion-icon-trigger:before{background:#ffffff;}@media all and (max-width: 1024px){.kt-accordion-id16196_dfd800-78 .kt-accordion-panel-inner{border-top:0px solid transparent;border-right:1px solid transparent;border-bottom:1px solid transparent;border-left:1px solid transparent;}}@media all and (max-width: 1024px){.kt-accordion-id16196_dfd800-78 .wp-block-kadence-pane .kt-accordion-header-wrap .kt-blocks-accordion-header{border-top:1px solid #eeeeee;border-right-color:#eeeeee;border-right-style:solid;border-bottom:6px solid #C19152;border-left-color:#eeeeee;border-left-style:solid;}}@media all and (max-width: 1024px){.kt-accordion-id16196_dfd800-78 .kt-accordion-header-wrap .kt-blocks-accordion-header:hover, body:not(.hide-focus-outline) .kt-accordion-id16196_dfd800-78 .kt-accordion-header-wrap .kt-blocks-accordion-header:focus-visible{border-top:1px solid #d4d4d4;border-right-color:#d4d4d4;border-right-style:solid;border-bottom:6px solid #d4d4d4;border-left-color:#d4d4d4;border-left-style:solid;}}@media all and (max-width: 1024px){.kt-accordion-id16196_dfd800-78 .kt-accordion-header-wrap .kt-blocks-accordion-header:focus-visible, .kt-accordion-id16196_dfd800-78 .kt-accordion-header-wrap .kt-blocks-accordion-header.kt-accordion-panel-active{border-top:1px solid #D6D6D6;border-right-color:#D6D6D6;border-right-style:solid;border-bottom:6px solid #C19152;border-left-color:#D6D6D6;border-left-style:solid;}}@media all and (max-width: 767px){.kt-accordion-id16196_dfd800-78 .kt-accordion-inner-wrap{display:block;}.kt-accordion-id16196_dfd800-78 .kt-accordion-inner-wrap .kt-accordion-pane:not(:first-child){margin-top:6px;}.kt-accordion-id16196_dfd800-78 .kt-accordion-panel-inner{border-top:0px solid transparent;border-right:1px solid transparent;border-bottom:1px solid transparent;border-left:1px solid transparent;}.kt-accordion-id16196_dfd800-78 .wp-block-kadence-pane .kt-accordion-header-wrap .kt-blocks-accordion-header{border-top:1px solid #eeeeee;border-right-color:#eeeeee;border-right-style:solid;border-bottom:6px solid #C19152;border-left-color:#eeeeee;border-left-style:solid;}.kt-accordion-id16196_dfd800-78 .kt-accordion-header-wrap .kt-blocks-accordion-header:hover, body:not(.hide-focus-outline) .kt-accordion-id16196_dfd800-78 .kt-accordion-header-wrap .kt-blocks-accordion-header:focus-visible{border-top:1px solid #d4d4d4;border-right-color:#d4d4d4;border-right-style:solid;border-bottom:6px solid #d4d4d4;border-left-color:#d4d4d4;border-left-style:solid;}.kt-accordion-id16196_dfd800-78 .kt-accordion-header-wrap .kt-blocks-accordion-header:focus-visible, .kt-accordion-id16196_dfd800-78 .kt-accordion-header-wrap .kt-blocks-accordion-header.kt-accordion-panel-active{border-top:1px solid #D6D6D6;border-right-color:#D6D6D6;border-right-style:solid;border-bottom:6px solid #C19152;border-left-color:#D6D6D6;border-left-style:solid;}}<\/style>\n<div class=\"wp-block-kadence-accordion alignnone\"><div class=\"kt-accordion-wrap kt-accordion-id16196_dfd800-78 kt-accordion-has-35-panes kt-active-pane-1 kt-accordion-block kt-pane-header-alignment-left kt-accodion-icon-style-arrow kt-accodion-icon-side-right\" style=\"max-width:none\"><div class=\"kt-accordion-inner-wrap\" data-allow-multiple-open=\"false\" data-start-open=\"none\">\n<div class=\"wp-block-kadence-pane kt-accordion-pane kt-accordion-pane-32 kt-pane16196_849f19-e2\"><div class=\"kt-accordion-header-wrap\"><button class=\"kt-blocks-accordion-header kt-acccordion-button-label-show\" type=\"button\"><span class=\"kt-blocks-accordion-title-wrap\"><span class=\"kt-blocks-accordion-title\"><strong>Ozn\u00e1menia o konan\u00ed inaugura\u010dn\u00fdch predn\u00e1\u0161ok v roku 2025<\/strong><\/span><\/span><span class=\"kt-blocks-accordion-icon-trigger\"><\/span><\/button><\/div><div class=\"kt-accordion-panel kt-accordion-panel-hidden\"><div class=\"kt-accordion-panel-inner\">\n<figure class=\"wp-block-table alignleft is-style-stripes\"><table><tbody><tr><td class=\"has-text-align-right\" data-align=\"right\">28.10.2025<\/td><td><a href=\"https:\/\/www.upjs.sk\/app\/uploads\/sites\/9\/2025\/10\/Oznamenie-INAUG-Toporcerova.pdf\">doc. MUDr. Silvia Toporcerov\u00e1, PhD., EMBA<br><\/a><a href=\"https:\/\/www.upjs.sk\/app\/uploads\/sites\/9\/2025\/10\/Oznamenie-INAUG-Dosedla.pdf\">doc. MUDr. Erik Dosedla, PhD., MBA<\/a><\/td><\/tr><tr><td class=\"has-text-align-right\" data-align=\"right\">23.09.2025<\/td><td><a href=\"https:\/\/www.upjs.sk\/app\/uploads\/sites\/9\/2025\/09\/www-Oznamenie-INAUG-Katuch-1.pdf\">doc. MUDr. Vladim\u00edr Ka\u0165uch, PhD., MBA<br><\/a><a href=\"https:\/\/www.upjs.sk\/app\/uploads\/sites\/9\/2025\/09\/www-Oznamenie-INAUG-Soltes-1.pdf\">doc. MUDr. Marek \u0160olt\u00e9s, PhD.<br><\/a><a href=\"https:\/\/www.upjs.sk\/app\/uploads\/sites\/9\/2025\/09\/www-Oznamenie-INAUG-Zavacka-1.pdf\">doc. MUDr. Martina Zavack\u00e1, PhD., MPH<br><\/a><\/td><\/tr><\/tbody><\/table><\/figure>\n<\/div><\/div><\/div>\n\n\n\n<div class=\"wp-block-kadence-pane kt-accordion-pane kt-accordion-pane-35 kt-pane16196_28d6cd-20\"><div class=\"kt-accordion-header-wrap\"><button class=\"kt-blocks-accordion-header kt-acccordion-button-label-show\" type=\"button\"><span class=\"kt-blocks-accordion-title-wrap\"><span class=\"kt-blocks-accordion-title\"><strong>Ozn\u00e1menia o konan\u00ed inaugura\u010dn\u00fdch predn\u00e1\u0161ok v roku 2024<\/strong><\/span><\/span><span class=\"kt-blocks-accordion-icon-trigger\"><\/span><\/button><\/div><div class=\"kt-accordion-panel kt-accordion-panel-hidden\"><div class=\"kt-accordion-panel-inner\">\n<figure class=\"wp-block-table alignleft is-style-stripes\"><table><tbody><tr><td class=\"has-text-align-right\" data-align=\"right\">03.12.2024<\/td><td><a href=\"https:\/\/www.upjs.sk\/app\/uploads\/sites\/9\/2024\/11\/Oznamenie-INAUG-Bago-Pilatova-FARM-1.pdf\" target=\"_blank\" rel=\"noreferrer noopener\">doc. MVDr. Martina Bago Pil\u00e1tov\u00e1, PhD.<\/a><\/td><\/tr><tr><td class=\"has-text-align-right\" data-align=\"right\">01.10.2024<\/td><td><a href=\"https:\/\/www.upjs.sk\/app\/uploads\/sites\/9\/2024\/09\/5_Oznamenie-INAUG-Rabajdova-01102024.pdf\" target=\"_blank\" rel=\"noreferrer noopener\">doc. RNDr. Miroslava Rabajdov\u00e1, PhD., univerzitn\u00e1 profesorka<\/a><\/td><\/tr><tr><td class=\"has-text-align-right\" data-align=\"right\">30.01.2024<\/td><td><a aria-label=\"doc. RNDr. Miroslava Rabajdov\u00e1, PhD. (opens in a new tab)\" href=\"https:\/\/www.upjs.sk\/app\/uploads\/sites\/9\/2024\/01\/Oznamenie-INAUG-Rabajdova_17.1.2024.pdf\" target=\"_blank\" rel=\"noreferrer noopener\" class=\"ek-link\">doc. RNDr. Miroslava Rabajdov\u00e1, PhD.<\/a><\/td><\/tr><\/tbody><\/table><\/figure>\n<\/div><\/div><\/div>\n\n\n\n<div class=\"wp-block-kadence-pane kt-accordion-pane kt-accordion-pane-34 kt-pane16196_bbca0e-eb\"><div class=\"kt-accordion-header-wrap\"><button class=\"kt-blocks-accordion-header kt-acccordion-button-label-show\" type=\"button\"><span class=\"kt-blocks-accordion-title-wrap\"><span class=\"kt-blocks-accordion-title\"><strong>Ozn\u00e1menia o konan\u00ed inaugura\u010dn\u00fdch predn\u00e1\u0161ok v roku 2023<\/strong><\/span><\/span><span class=\"kt-blocks-accordion-icon-trigger\"><\/span><\/button><\/div><div class=\"kt-accordion-panel kt-accordion-panel-hidden\"><div class=\"kt-accordion-panel-inner\">\n<figure class=\"wp-block-table alignleft is-style-stripes\"><table><tbody><tr><td class=\"has-text-align-right\" data-align=\"right\">03.10.2023<\/td><td><a href=\"https:\/\/www.upjs.sk\/app\/uploads\/sites\/9\/2023\/09\/8_Oznamenie-INAUG-Morochovic-1.pdf\" target=\"_blank\" aria-label=\"doc. MUDr. Radoslav Morochovi\u010d, PhD., univerzitn\u00fd profesor (opens in a new tab)\" rel=\"noreferrer noopener\" class=\"ek-link\">doc. MUDr. Radoslav Morochovi\u010d, PhD., univerzitn\u00fd profesor<\/a><\/td><\/tr><tr><td class=\"has-text-align-right\" data-align=\"right\">30.05.2023<\/td><td><a href=\"https:\/\/www.upjs.sk\/app\/uploads\/sites\/9\/2023\/05\/Oznamenie-INAUG-Skorvanek.pdf\" target=\"_blank\" aria-label=\" (opens in a new tab)\" rel=\"noreferrer noopener\" class=\"ek-link\">doc. MUDr. Matej \u0160korv\u00e1nek, PhD.<\/a><\/td><\/tr><\/tbody><\/table><\/figure>\n<\/div><\/div><\/div>\n\n\n\n<div class=\"wp-block-kadence-pane kt-accordion-pane kt-accordion-pane-1 kt-pane16196_59767a-b7\"><div class=\"kt-accordion-header-wrap\"><button class=\"kt-blocks-accordion-header kt-acccordion-button-label-show\" type=\"button\"><span class=\"kt-blocks-accordion-title-wrap\"><span class=\"kt-blocks-accordion-title\"><strong><strong>Ozn\u00e1menia o konan\u00ed inaugura\u010dn\u00fdch predn\u00e1\u0161ok v roku 2022<\/strong><\/strong><\/span><\/span><span class=\"kt-blocks-accordion-icon-trigger\"><\/span><\/button><\/div><div class=\"kt-accordion-panel kt-accordion-panel-hidden\"><div class=\"kt-accordion-panel-inner\">\n<figure class=\"wp-block-table alignleft is-style-stripes\"><table><tbody><tr><td class=\"has-text-align-right\" data-align=\"right\">27.09.2022<\/td><td><a href=\"https:\/\/www.upjs.sk\/app\/uploads\/sites\/9\/2022\/09\/Oznamenie-INAUG-Fedacko.pdf\" target=\"_blank\" aria-label=\" (opens in a new tab)\" rel=\"noreferrer noopener\" class=\"ek-link\">doc. MUDr. J\u00e1n Feda\u010dko, PhD.<\/a><br><a href=\"https:\/\/www.upjs.sk\/app\/uploads\/sites\/9\/2022\/09\/Oznamenie-INAUG-Kristian.pdf\" target=\"_blank\" aria-label=\" (opens in a new tab)\" rel=\"noreferrer noopener\" class=\"ek-link\">doc. MUDr. Pavol Kristian, PhD.<\/a><br><a href=\"https:\/\/www.upjs.sk\/app\/uploads\/sites\/9\/2022\/09\/Oznamenie-INAUG-Stancak.pdf\" target=\"_blank\" aria-label=\" (opens in a new tab)\" rel=\"noreferrer noopener\" class=\"ek-link\">doc. MUDr. Branislav Stan\u010d\u00e1k, CSc.<\/a><\/td><\/tr><tr><td class=\"has-text-align-right\" data-align=\"right\">24.05.2022<\/td><td><a href=\"https:\/\/www.upjs.sk\/app\/uploads\/sites\/9\/2022\/09\/Oznamenie-INAUG-Hodorova.pdf\" target=\"_blank\" aria-label=\" (opens in a new tab)\" rel=\"noreferrer noopener\" class=\"ek-link\">doc. MUDr. Ingrid Hodorov\u00e1, PhD.<\/a><br><a href=\"https:\/\/www.upjs.sk\/app\/uploads\/sites\/9\/2022\/09\/Oznamenie-INAUG-Lacko.pdf\" target=\"_blank\" aria-label=\" (opens in a new tab)\" rel=\"noreferrer noopener\" class=\"ek-link\">doc. MUDr. Marek Lacko, PhD.<\/a><\/td><\/tr><tr><td class=\"has-text-align-right\" data-align=\"right\">22.03.2022<\/td><td><a href=\"https:\/\/www.upjs.sk\/app\/uploads\/sites\/9\/2022\/09\/Oznamenie-INAUG-Szilasiova.pdf\" target=\"_blank\" aria-label=\" (opens in a new tab)\" rel=\"noreferrer noopener\" class=\"ek-link\">doc. MUDr. Jarmila Szilasiov\u00e1, PhD.<\/a><br><a href=\"https:\/\/www.upjs.sk\/app\/uploads\/sites\/9\/2022\/09\/Oznamenie-INAUG-Pallayova.pdf\" target=\"_blank\" aria-label=\" (opens in a new tab)\" rel=\"noreferrer noopener\" class=\"ek-link\">doc. MUDr. M\u00e1ria Pallayov\u00e1, PhD., mim. prof.<\/a><\/td><\/tr><tr><td class=\"has-text-align-right\" data-align=\"right\">16.03.2021<\/td><td><a href=\"https:\/\/www.upjs.sk\/app\/uploads\/sites\/9\/2022\/09\/Oznamenie-Brazinova-INAUG.pdf\" target=\"_blank\" aria-label=\" (opens in a new tab)\" rel=\"noreferrer noopener\" class=\"ek-link\">doc. MUDr. Alexandra Bra\u017einov\u00e1, PhD., MPH<\/a><br><a href=\"https:\/\/www.upjs.sk\/app\/uploads\/sites\/9\/2022\/09\/Oznamenie-Urdzik-INAUG.pdf\" target=\"_blank\" aria-label=\" (opens in a new tab)\" rel=\"noreferrer noopener\" class=\"ek-link\">doc. MUDr. Peter Urdz\u00edk, PhD., MPH, mim. prof.<\/a><\/td><\/tr><\/tbody><\/table><\/figure>\n<\/div><\/div><\/div>\n\n\n\n<div class=\"wp-block-kadence-pane kt-accordion-pane kt-accordion-pane-2 kt-pane16196_3bac48-5f\"><div class=\"kt-accordion-header-wrap\"><button class=\"kt-blocks-accordion-header kt-acccordion-button-label-show\" type=\"button\"><span class=\"kt-blocks-accordion-title-wrap\"><span class=\"kt-blocks-accordion-title\"><strong><strong><strong>Ozn\u00e1menia o konan\u00ed inaugura\u010dn\u00fdch predn\u00e1\u0161ok v roku 2020<\/strong><\/strong><\/strong><\/span><\/span><span class=\"kt-blocks-accordion-icon-trigger\"><\/span><\/button><\/div><div class=\"kt-accordion-panel kt-accordion-panel-hidden\"><div class=\"kt-accordion-panel-inner\">\n<figure class=\"wp-block-table alignleft is-style-stripes\"><table><tbody><tr><td class=\"has-text-align-right\" data-align=\"right\">06.10.2020<\/td><td><a href=\"https:\/\/www.upjs.sk\/app\/uploads\/sites\/9\/2022\/09\/Oznamenie-o-inauguracnej-prednaske-6.10.2020.pdf\" target=\"_blank\" aria-label=\"doc. MUDr. \u017delm\u00edra Macejov\u00e1, PhD., MPH, mim. prof. (opens in a new tab)\" rel=\"noreferrer noopener\" class=\"ek-link\">doc. MUDr. \u017delm\u00edra Macejov\u00e1, PhD., MPH, mim. prof.<\/a><\/td><\/tr><\/tbody><\/table><\/figure>\n<\/div><\/div><\/div>\n\n\n\n<div class=\"wp-block-kadence-pane kt-accordion-pane kt-accordion-pane-23 kt-pane16196_d5c1ae-3d\"><div class=\"kt-accordion-header-wrap\"><button class=\"kt-blocks-accordion-header kt-acccordion-button-label-show\" type=\"button\"><span class=\"kt-blocks-accordion-title-wrap\"><span class=\"kt-blocks-accordion-title\"><strong><strong><strong>Ozn\u00e1menia o konan\u00ed inaugura\u010dn\u00fdch predn\u00e1\u0161ok v roku 2019<\/strong><\/strong><\/strong><\/span><\/span><span class=\"kt-blocks-accordion-icon-trigger\"><\/span><\/button><\/div><div class=\"kt-accordion-panel kt-accordion-panel-hidden\"><div class=\"kt-accordion-panel-inner\">\n<figure class=\"wp-block-table alignleft is-style-stripes\"><table><tbody><tr><td class=\"has-text-align-right\" data-align=\"right\">01.10.2019<\/td><td><a href=\"https:\/\/www.upjs.sk\/app\/uploads\/sites\/9\/2023\/02\/oznam-inaug-prednaska-LF-011019-Sabol.pdf\" target=\"_blank\" aria-label=\"doc. MUDr. Franti\u0161ek Sabol, PhD., MPH, MBA, mim. prof. (opens in a new tab)\" rel=\"noreferrer noopener\" class=\"ek-link\">doc. MUDr. Franti\u0161ek Sabol, PhD., MPH, MBA, mim. prof.<\/a><\/td><\/tr><\/tbody><\/table><\/figure>\n<\/div><\/div><\/div>\n\n\n\n<div class=\"wp-block-kadence-pane kt-accordion-pane kt-accordion-pane-24 kt-pane16196_23cfee-1c\"><div class=\"kt-accordion-header-wrap\"><button class=\"kt-blocks-accordion-header kt-acccordion-button-label-show\" type=\"button\"><span class=\"kt-blocks-accordion-title-wrap\"><span class=\"kt-blocks-accordion-title\"><strong><strong><strong>Ozn\u00e1menia o konan\u00ed inaugura\u010dn\u00fdch predn\u00e1\u0161ok v roku 2018<\/strong><\/strong><\/strong><\/span><\/span><span class=\"kt-blocks-accordion-icon-trigger\"><\/span><\/button><\/div><div class=\"kt-accordion-panel kt-accordion-panel-hidden\"><div class=\"kt-accordion-panel-inner\">\n<figure class=\"wp-block-table alignleft is-style-stripes\"><table><tbody><tr><td class=\"has-text-align-right\" data-align=\"right\">17.10.2018<\/td><td><a href=\"https:\/\/www.upjs.sk\/app\/uploads\/sites\/9\/2023\/02\/oznam-prednaska-Frisman-Halanova-LF-171018.pdf\" target=\"_blank\" aria-label=\"doc. MVDr. Monika Hal\u00e1nov\u00e1, PhD., mim. prof. (opens in a new tab)\" rel=\"noreferrer noopener\" class=\"ek-link\">doc. MVDr. Monika Hal\u00e1nov\u00e1, PhD., mim. prof.<\/a><\/td><\/tr><\/tbody><\/table><\/figure>\n<\/div><\/div><\/div>\n\n\n\n<div class=\"wp-block-kadence-pane kt-accordion-pane kt-accordion-pane-25 kt-pane16196_ebce00-a2\"><div class=\"kt-accordion-header-wrap\"><button class=\"kt-blocks-accordion-header kt-acccordion-button-label-show\" type=\"button\"><span class=\"kt-blocks-accordion-title-wrap\"><span class=\"kt-blocks-accordion-title\"><strong><strong><strong>Ozn\u00e1menia o konan\u00ed inaugura\u010dn\u00fdch predn\u00e1\u0161ok v roku 2017<\/strong><\/strong><\/strong><\/span><\/span><span class=\"kt-blocks-accordion-icon-trigger\"><\/span><\/button><\/div><div class=\"kt-accordion-panel kt-accordion-panel-hidden\"><div class=\"kt-accordion-panel-inner\">\n<figure class=\"wp-block-table alignleft is-style-stripes\"><table><tbody><tr><td class=\"has-text-align-right\" data-align=\"right\">13.12.2017<\/td><td><a href=\"https:\/\/www.upjs.sk\/app\/uploads\/sites\/9\/2023\/02\/oznam-inaug-prednaska-Schusterova-LF-131217.pdf\" target=\"_blank\" aria-label=\"doc. MUDr. Ingrid Schusterov\u00e1, PhD. (opens in a new tab)\" rel=\"noreferrer noopener\" class=\"ek-link\">doc. MUDr. Ingrid Schusterov\u00e1, PhD.<\/a><\/td><\/tr><\/tbody><\/table><\/figure>\n<\/div><\/div><\/div>\n\n\n\n<div class=\"wp-block-kadence-pane kt-accordion-pane kt-accordion-pane-26 kt-pane16196_3f1e39-da\"><div class=\"kt-accordion-header-wrap\"><button class=\"kt-blocks-accordion-header kt-acccordion-button-label-show\" type=\"button\"><span class=\"kt-blocks-accordion-title-wrap\"><span class=\"kt-blocks-accordion-title\"><strong><strong><strong>Ozn\u00e1menia o konan\u00ed inaugura\u010dn\u00fdch predn\u00e1\u0161ok v roku 2016<\/strong><\/strong><\/strong><\/span><\/span><span class=\"kt-blocks-accordion-icon-trigger\"><\/span><\/button><\/div><div class=\"kt-accordion-panel kt-accordion-panel-hidden\"><div class=\"kt-accordion-panel-inner\">\n<figure class=\"wp-block-table alignleft is-style-stripes\"><table><tbody><tr><td class=\"has-text-align-right\" data-align=\"right\">07.12.2016<\/td><td><a href=\"https:\/\/www.upjs.sk\/app\/uploads\/sites\/9\/2023\/02\/oznam-inaug-prednaska-Lf-071216-P-Jarcuska.pdf\" target=\"_blank\" aria-label=\"doc. MUDr. Peter Jar\u010du\u0161ka, PhD., mim. prof. (opens in a new tab)\" rel=\"noreferrer noopener\" class=\"ek-link\">doc. MUDr. Peter Jar\u010du\u0161ka, PhD., mim. prof.<\/a><\/td><\/tr><tr><td class=\"has-text-align-right\" data-align=\"right\">19.10.2016<\/td><td><a href=\"https:\/\/www.upjs.sk\/app\/uploads\/sites\/9\/2023\/02\/oznam-inaug-prednaska-lf-dankovcik-191016.pdf\" target=\"_blank\" aria-label=\"doc. MUDr. R\u00f3bert Dankov\u010d\u00edk, PhD., MPH, mim. prof. (opens in a new tab)\" rel=\"noreferrer noopener\" class=\"ek-link\">doc. MUDr. R\u00f3bert Dankov\u010d\u00edk, PhD., MPH, mim. prof.<\/a><\/td><\/tr><tr><td class=\"has-text-align-right\" data-align=\"right\">25.05.2016<\/td><td><a href=\"https:\/\/www.upjs.sk\/app\/uploads\/sites\/9\/2023\/02\/oznam-hab-inaug-prednaska-LF-250516.pdf\" target=\"_blank\" aria-label=\"doc. MUDr. Jana Ka\u0165uchov\u00e1, PhD. (opens in a new tab)\" rel=\"noreferrer noopener\" class=\"ek-link\">doc. MUDr. Jana Ka\u0165uchov\u00e1, PhD.<\/a><\/td><\/tr><\/tbody><\/table><\/figure>\n<\/div><\/div><\/div>\n\n\n\n<div class=\"wp-block-kadence-pane kt-accordion-pane kt-accordion-pane-27 kt-pane16196_af6e93-bb\"><div class=\"kt-accordion-header-wrap\"><button class=\"kt-blocks-accordion-header kt-acccordion-button-label-show\" type=\"button\"><span class=\"kt-blocks-accordion-title-wrap\"><span class=\"kt-blocks-accordion-title\"><strong><strong><strong>Ozn\u00e1menia o konan\u00ed inaugura\u010dn\u00fdch predn\u00e1\u0161ok v roku 2013<\/strong><\/strong><\/strong><\/span><\/span><span class=\"kt-blocks-accordion-icon-trigger\"><\/span><\/button><\/div><div class=\"kt-accordion-panel kt-accordion-panel-hidden\"><div class=\"kt-accordion-panel-inner\">\n<figure class=\"wp-block-table alignleft is-style-stripes\"><table><tbody><tr><td class=\"has-text-align-right\" data-align=\"right\">16.10.2013<\/td><td><a href=\"https:\/\/www.upjs.sk\/app\/uploads\/sites\/9\/2023\/02\/oznam-inaug-prednaska-lf-rybarova-161013.pdf\" target=\"_blank\" aria-label=\"doc. MVDr. Silvia Ryb\u00e1rov\u00e1, PhD. (opens in a new tab)\" rel=\"noreferrer noopener\" class=\"ek-link\">doc. MVDr. Silvia Ryb\u00e1rov\u00e1, PhD.<\/a><\/td><\/tr><tr><td class=\"has-text-align-right\" data-align=\"right\">22.05.2013<\/td><td><a href=\"https:\/\/www.upjs.sk\/app\/uploads\/sites\/9\/2023\/02\/oznam-inaug-prednaska-nagy-lf-220513.pdf\" target=\"_blank\" aria-label=\"doc . MUDr. Vincent Nagy, PhD. (opens in a new tab)\" rel=\"noreferrer noopener\" class=\"ek-link\">doc . MUDr. Vincent Nagy, PhD.<\/a><\/td><\/tr><\/tbody><\/table><\/figure>\n<\/div><\/div><\/div>\n\n\n\n<div class=\"wp-block-kadence-pane kt-accordion-pane kt-accordion-pane-29 kt-pane16196_9b6460-c4\"><div class=\"kt-accordion-header-wrap\"><button class=\"kt-blocks-accordion-header kt-acccordion-button-label-show\" type=\"button\"><span class=\"kt-blocks-accordion-title-wrap\"><span class=\"kt-blocks-accordion-title\"><strong><strong><strong>Ozn\u00e1menia o konan\u00ed inaugura\u010dn\u00fdch predn\u00e1\u0161ok v roku 2012<\/strong><\/strong><\/strong><\/span><\/span><span class=\"kt-blocks-accordion-icon-trigger\"><\/span><\/button><\/div><div class=\"kt-accordion-panel kt-accordion-panel-hidden\"><div class=\"kt-accordion-panel-inner\">\n<figure class=\"wp-block-table alignleft is-style-stripes\"><table><tbody><tr><td class=\"has-text-align-right\" data-align=\"right\">21.03.2012<\/td><td><a href=\"https:\/\/www.upjs.sk\/app\/uploads\/sites\/9\/2023\/02\/oznam-inaug-prednaska-lf-upjs-210312.pdf\" target=\"_blank\" aria-label=\"doc. MUDr. Gabriel Valo\u010dik, PhD. (opens in a new tab)\" rel=\"noreferrer noopener\" class=\"ek-link\">doc. MUDr. Gabriel Valo\u010dik, PhD.<\/a><\/td><\/tr><\/tbody><\/table><\/figure>\n<\/div><\/div><\/div>\n\n\n\n<div class=\"wp-block-kadence-pane kt-accordion-pane kt-accordion-pane-28 kt-pane16196_920486-40\"><div class=\"kt-accordion-header-wrap\"><button class=\"kt-blocks-accordion-header kt-acccordion-button-label-show\" type=\"button\"><span class=\"kt-blocks-accordion-title-wrap\"><span class=\"kt-blocks-accordion-title\"><strong><strong><strong>Ozn\u00e1menia o konan\u00ed inaugura\u010dn\u00fdch predn\u00e1\u0161ok v roku 2009<\/strong><\/strong><\/strong><\/span><\/span><span class=\"kt-blocks-accordion-icon-trigger\"><\/span><\/button><\/div><div class=\"kt-accordion-panel kt-accordion-panel-hidden\"><div class=\"kt-accordion-panel-inner\">\n<figure class=\"wp-block-table alignleft is-style-stripes\"><table><tbody><tr><td class=\"has-text-align-left\" data-align=\"left\">25.11.2009<\/td><td><a href=\"https:\/\/www.upjs.sk\/app\/uploads\/sites\/9\/2023\/02\/oznam-hab-prednaska-241109.pdf\" target=\"_blank\" aria-label=\"doc. MUDr. Juraj&nbsp;Olejn\u00edk, PhD. (opens in a new tab)\" rel=\"noreferrer noopener\" class=\"ek-link\">doc. MUDr. Juraj&nbsp;Olejn\u00edk, PhD.<\/a><\/td><\/tr><tr><td class=\"has-text-align-left\" data-align=\"left\">14.10.2009<\/td><td><a href=\"https:\/\/www.upjs.sk\/app\/uploads\/sites\/9\/2023\/02\/oznam-prednaska-lf-13-9-09.pdf\" target=\"_blank\" aria-label=\"doc. MUDr. Peter&nbsp;Mitro, PhD., mim. prof. (opens in a new tab)\" rel=\"noreferrer noopener\" class=\"ek-link\">doc. MUDr. Peter&nbsp;Mitro, PhD., mim. prof.<\/a><\/td><\/tr><\/tbody><\/table><\/figure>\n<\/div><\/div><\/div>\n\n\n\n<div class=\"wp-block-kadence-pane kt-accordion-pane kt-accordion-pane-30 kt-pane16196_5ab47f-b1\"><div class=\"kt-accordion-header-wrap\"><button class=\"kt-blocks-accordion-header kt-acccordion-button-label-show\" type=\"button\"><span class=\"kt-blocks-accordion-title-wrap\"><span class=\"kt-blocks-accordion-title\"><strong><strong><strong>Ozn\u00e1menia o konan\u00ed inaugura\u010dn\u00fdch predn\u00e1\u0161ok v roku 2007<\/strong><\/strong><\/strong><\/span><\/span><span class=\"kt-blocks-accordion-icon-trigger\"><\/span><\/button><\/div><div class=\"kt-accordion-panel kt-accordion-panel-hidden\"><div class=\"kt-accordion-panel-inner\">\n<figure class=\"wp-block-table alignleft is-style-stripes\"><table><tbody><tr><td class=\"has-text-align-left\" data-align=\"left\">24.10.2007<\/td><td><a href=\"https:\/\/www.upjs.sk\/lekarska-fakulta\/vyskum-na-fakulte\/habilitacne-a-inauguracne-konanie\/habilitacie-oznamy\/habilitacna-inauguracna-prednaska-23-a-24-10-2007\/\" target=\"_blank\" aria-label=\"doc. MUDr. Ladislav Valansk\u00fd, PhD., mim. prof. (opens in a new tab)\" rel=\"noreferrer noopener\" class=\"ek-link\">doc. MUDr. Ladislav Valansk\u00fd, PhD., mim. prof.<\/a><\/td><\/tr><tr><td class=\"has-text-align-left\" data-align=\"left\">10.05.2007<\/td><td><a href=\"https:\/\/www.upjs.sk\/lekarska-fakulta\/vyskum-na-fakulte\/habilitacne-a-inauguracne-konanie\/inauguracie-oznamy\/inauguracne-prednasky-10-5-2007\/\" target=\"_blank\" aria-label=\"doc. MUDr. Jozef Rado\u0148ak, CSc., mim. prof.\ndoc. MUDr. Milan Schnorrer, CSc. (opens in a new tab)\" rel=\"noreferrer noopener\" class=\"ek-link\">doc. MUDr. Jozef Rado\u0148ak, CSc., mim. prof.<br>doc. MUDr. Milan Schnorrer, CSc.<\/a><\/td><\/tr><\/tbody><\/table><\/figure>\n<\/div><\/div><\/div>\n<\/div><\/div><\/div>\n","protected":false},"excerpt":{"rendered":"","protected":false},"author":1,"featured_media":0,"parent":13544,"menu_order":1,"comment_status":"closed","ping_status":"closed","template":"","meta":{"_acf_changed":false,"_editorskit_title_hidden":false,"_editorskit_reading_time":1,"_editorskit_is_block_options_detached":false,"_editorskit_block_options_position":"{}","footnotes":""},"categories":[],"tags":[],"class_list":["post-16196","page","type-page","status-publish","hentry"],"acf":{"acf_link_na_externy_obsah":""},"yoast_head":"<!-- This site is optimized with the Yoast SEO plugin v27.4 - https:\/\/yoast.com\/product\/yoast-seo-wordpress\/ -->\n<title>Inaugur\u00e1cie: ozn\u00e1menia o konan\u00ed predn\u00e1\u0161ok - Lek\u00e1rska fakulta | UPJ\u0160<\/title>\n<meta name=\"robots\" content=\"index, follow, max-snippet:-1, max-image-preview:large, max-video-preview:-1\" \/>\n<link rel=\"canonical\" href=\"https:\/\/www.upjs.sk\/lekarska-fakulta\/vyskum-na-fakulte\/habilitacne-a-inauguracne-konanie\/inauguracie-oznamy\/\" \/>\n<meta property=\"og:locale\" content=\"sk_SK\" \/>\n<meta property=\"og:type\" content=\"article\" \/>\n<meta property=\"og:title\" content=\"Inaugur\u00e1cie: ozn\u00e1menia o konan\u00ed predn\u00e1\u0161ok - Lek\u00e1rska fakulta | UPJ\u0160\" \/>\n<meta property=\"og:url\" content=\"https:\/\/www.upjs.sk\/lekarska-fakulta\/vyskum-na-fakulte\/habilitacne-a-inauguracne-konanie\/inauguracie-oznamy\/\" \/>\n<meta property=\"og:site_name\" content=\"Lek\u00e1rska fakulta | UPJ\u0160\" \/>\n<meta property=\"article:modified_time\" content=\"2025-11-11T11:20:44+00:00\" \/>\n<meta name=\"twitter:card\" content=\"summary_large_image\" \/>\n<meta name=\"twitter:label1\" content=\"Predpokladan\u00fd \u010das \u010d\u00edtania\" \/>\n\t<meta name=\"twitter:data1\" content=\"2 min\u00faty\" \/>\n<script type=\"application\/ld+json\" class=\"yoast-schema-graph\">{\"@context\":\"https:\\\/\\\/schema.org\",\"@graph\":[{\"@type\":\"WebPage\",\"@id\":\"https:\\\/\\\/www.upjs.sk\\\/lekarska-fakulta\\\/vyskum-na-fakulte\\\/habilitacne-a-inauguracne-konanie\\\/inauguracie-oznamy\\\/\",\"url\":\"https:\\\/\\\/www.upjs.sk\\\/lekarska-fakulta\\\/vyskum-na-fakulte\\\/habilitacne-a-inauguracne-konanie\\\/inauguracie-oznamy\\\/\",\"name\":\"Inaugur\u00e1cie: ozn\u00e1menia o konan\u00ed predn\u00e1\u0161ok - Lek\u00e1rska fakulta | UPJ\u0160\",\"isPartOf\":{\"@id\":\"https:\\\/\\\/www.upjs.sk\\\/lekarska-fakulta\\\/#website\"},\"datePublished\":\"2023-05-11T14:53:40+00:00\",\"dateModified\":\"2025-11-11T11:20:44+00:00\",\"breadcrumb\":{\"@id\":\"https:\\\/\\\/www.upjs.sk\\\/lekarska-fakulta\\\/vyskum-na-fakulte\\\/habilitacne-a-inauguracne-konanie\\\/inauguracie-oznamy\\\/#breadcrumb\"},\"inLanguage\":\"sk-SK\",\"potentialAction\":[{\"@type\":\"ReadAction\",\"target\":[\"https:\\\/\\\/www.upjs.sk\\\/lekarska-fakulta\\\/vyskum-na-fakulte\\\/habilitacne-a-inauguracne-konanie\\\/inauguracie-oznamy\\\/\"]}]},{\"@type\":\"BreadcrumbList\",\"@id\":\"https:\\\/\\\/www.upjs.sk\\\/lekarska-fakulta\\\/vyskum-na-fakulte\\\/habilitacne-a-inauguracne-konanie\\\/inauguracie-oznamy\\\/#breadcrumb\",\"itemListElement\":[{\"@type\":\"ListItem\",\"position\":1,\"name\":\"Home\",\"item\":\"https:\\\/\\\/www.upjs.sk\\\/lekarska-fakulta\\\/\"},{\"@type\":\"ListItem\",\"position\":2,\"name\":\"Vedeckov\u00fdskumn\u00e1 \u010dinnos\u0165 na fakulte\",\"item\":\"https:\\\/\\\/www.upjs.sk\\\/lekarska-fakulta\\\/vyskum-na-fakulte\\\/\"},{\"@type\":\"ListItem\",\"position\":3,\"name\":\"Inaugur\u00e1cie, habilit\u00e1cie a kvalifika\u010dn\u00e9 postupy\",\"item\":\"https:\\\/\\\/www.upjs.sk\\\/lekarska-fakulta\\\/vyskum-na-fakulte\\\/habilitacne-a-inauguracne-konanie\\\/\"},{\"@type\":\"ListItem\",\"position\":4,\"name\":\"Inaugur\u00e1cie: ozn\u00e1menia o konan\u00ed predn\u00e1\u0161ok\"}]},{\"@type\":\"WebSite\",\"@id\":\"https:\\\/\\\/www.upjs.sk\\\/lekarska-fakulta\\\/#website\",\"url\":\"https:\\\/\\\/www.upjs.sk\\\/lekarska-fakulta\\\/\",\"name\":\"Lek\u00e1rska fakulta | UPJ\u0160\",\"description\":\"\",\"publisher\":{\"@id\":\"https:\\\/\\\/www.upjs.sk\\\/lekarska-fakulta\\\/#organization\"},\"potentialAction\":[{\"@type\":\"SearchAction\",\"target\":{\"@type\":\"EntryPoint\",\"urlTemplate\":\"https:\\\/\\\/www.upjs.sk\\\/lekarska-fakulta\\\/?s={search_term_string}\"},\"query-input\":{\"@type\":\"PropertyValueSpecification\",\"valueRequired\":true,\"valueName\":\"search_term_string\"}}],\"inLanguage\":\"sk-SK\"},{\"@type\":\"Organization\",\"@id\":\"https:\\\/\\\/www.upjs.sk\\\/lekarska-fakulta\\\/#organization\",\"name\":\"Lek\u00e1rska fakulta | UPJ\u0160\",\"url\":\"https:\\\/\\\/www.upjs.sk\\\/lekarska-fakulta\\\/\",\"logo\":{\"@type\":\"ImageObject\",\"inLanguage\":\"sk-SK\",\"@id\":\"https:\\\/\\\/www.upjs.sk\\\/lekarska-fakulta\\\/#\\\/schema\\\/logo\\\/image\\\/\",\"url\":\"https:\\\/\\\/www.upjs.sk\\\/app\\\/uploads\\\/sites\\\/9\\\/2022\\\/09\\\/logo-lekarska-fakulta.png\",\"contentUrl\":\"https:\\\/\\\/www.upjs.sk\\\/app\\\/uploads\\\/sites\\\/9\\\/2022\\\/09\\\/logo-lekarska-fakulta.png\",\"width\":415,\"height\":87,\"caption\":\"Lek\u00e1rska fakulta | UPJ\u0160\"},\"image\":{\"@id\":\"https:\\\/\\\/www.upjs.sk\\\/lekarska-fakulta\\\/#\\\/schema\\\/logo\\\/image\\\/\"}}]}<\/script>\n<!-- \/ Yoast SEO plugin. -->","yoast_head_json":{"title":"Inaugur\u00e1cie: ozn\u00e1menia o konan\u00ed predn\u00e1\u0161ok - Lek\u00e1rska fakulta | UPJ\u0160","robots":{"index":"index","follow":"follow","max-snippet":"max-snippet:-1","max-image-preview":"max-image-preview:large","max-video-preview":"max-video-preview:-1"},"canonical":"https:\/\/www.upjs.sk\/lekarska-fakulta\/vyskum-na-fakulte\/habilitacne-a-inauguracne-konanie\/inauguracie-oznamy\/","og_locale":"sk_SK","og_type":"article","og_title":"Inaugur\u00e1cie: ozn\u00e1menia o konan\u00ed predn\u00e1\u0161ok - Lek\u00e1rska fakulta | UPJ\u0160","og_url":"https:\/\/www.upjs.sk\/lekarska-fakulta\/vyskum-na-fakulte\/habilitacne-a-inauguracne-konanie\/inauguracie-oznamy\/","og_site_name":"Lek\u00e1rska fakulta | UPJ\u0160","article_modified_time":"2025-11-11T11:20:44+00:00","twitter_card":"summary_large_image","twitter_misc":{"Predpokladan\u00fd \u010das \u010d\u00edtania":"2 min\u00faty"},"schema":{"@context":"https:\/\/schema.org","@graph":[{"@type":"WebPage","@id":"https:\/\/www.upjs.sk\/lekarska-fakulta\/vyskum-na-fakulte\/habilitacne-a-inauguracne-konanie\/inauguracie-oznamy\/","url":"https:\/\/www.upjs.sk\/lekarska-fakulta\/vyskum-na-fakulte\/habilitacne-a-inauguracne-konanie\/inauguracie-oznamy\/","name":"Inaugur\u00e1cie: ozn\u00e1menia o konan\u00ed predn\u00e1\u0161ok - Lek\u00e1rska fakulta | UPJ\u0160","isPartOf":{"@id":"https:\/\/www.upjs.sk\/lekarska-fakulta\/#website"},"datePublished":"2023-05-11T14:53:40+00:00","dateModified":"2025-11-11T11:20:44+00:00","breadcrumb":{"@id":"https:\/\/www.upjs.sk\/lekarska-fakulta\/vyskum-na-fakulte\/habilitacne-a-inauguracne-konanie\/inauguracie-oznamy\/#breadcrumb"},"inLanguage":"sk-SK","potentialAction":[{"@type":"ReadAction","target":["https:\/\/www.upjs.sk\/lekarska-fakulta\/vyskum-na-fakulte\/habilitacne-a-inauguracne-konanie\/inauguracie-oznamy\/"]}]},{"@type":"BreadcrumbList","@id":"https:\/\/www.upjs.sk\/lekarska-fakulta\/vyskum-na-fakulte\/habilitacne-a-inauguracne-konanie\/inauguracie-oznamy\/#breadcrumb","itemListElement":[{"@type":"ListItem","position":1,"name":"Home","item":"https:\/\/www.upjs.sk\/lekarska-fakulta\/"},{"@type":"ListItem","position":2,"name":"Vedeckov\u00fdskumn\u00e1 \u010dinnos\u0165 na fakulte","item":"https:\/\/www.upjs.sk\/lekarska-fakulta\/vyskum-na-fakulte\/"},{"@type":"ListItem","position":3,"name":"Inaugur\u00e1cie, habilit\u00e1cie a kvalifika\u010dn\u00e9 postupy","item":"https:\/\/www.upjs.sk\/lekarska-fakulta\/vyskum-na-fakulte\/habilitacne-a-inauguracne-konanie\/"},{"@type":"ListItem","position":4,"name":"Inaugur\u00e1cie: ozn\u00e1menia o konan\u00ed predn\u00e1\u0161ok"}]},{"@type":"WebSite","@id":"https:\/\/www.upjs.sk\/lekarska-fakulta\/#website","url":"https:\/\/www.upjs.sk\/lekarska-fakulta\/","name":"Lek\u00e1rska fakulta | UPJ\u0160","description":"","publisher":{"@id":"https:\/\/www.upjs.sk\/lekarska-fakulta\/#organization"},"potentialAction":[{"@type":"SearchAction","target":{"@type":"EntryPoint","urlTemplate":"https:\/\/www.upjs.sk\/lekarska-fakulta\/?s={search_term_string}"},"query-input":{"@type":"PropertyValueSpecification","valueRequired":true,"valueName":"search_term_string"}}],"inLanguage":"sk-SK"},{"@type":"Organization","@id":"https:\/\/www.upjs.sk\/lekarska-fakulta\/#organization","name":"Lek\u00e1rska fakulta | UPJ\u0160","url":"https:\/\/www.upjs.sk\/lekarska-fakulta\/","logo":{"@type":"ImageObject","inLanguage":"sk-SK","@id":"https:\/\/www.upjs.sk\/lekarska-fakulta\/#\/schema\/logo\/image\/","url":"https:\/\/www.upjs.sk\/app\/uploads\/sites\/9\/2022\/09\/logo-lekarska-fakulta.png","contentUrl":"https:\/\/www.upjs.sk\/app\/uploads\/sites\/9\/2022\/09\/logo-lekarska-fakulta.png","width":415,"height":87,"caption":"Lek\u00e1rska fakulta | UPJ\u0160"},"image":{"@id":"https:\/\/www.upjs.sk\/lekarska-fakulta\/#\/schema\/logo\/image\/"}}]}},"_links":{"self":[{"href":"https:\/\/www.upjs.sk\/lekarska-fakulta\/wp-json\/wp\/v2\/pages\/16196","targetHints":{"allow":["GET"]}}],"collection":[{"href":"https:\/\/www.upjs.sk\/lekarska-fakulta\/wp-json\/wp\/v2\/pages"}],"about":[{"href":"https:\/\/www.upjs.sk\/lekarska-fakulta\/wp-json\/wp\/v2\/types\/page"}],"author":[{"embeddable":true,"href":"https:\/\/www.upjs.sk\/lekarska-fakulta\/wp-json\/wp\/v2\/users\/1"}],"replies":[{"embeddable":true,"href":"https:\/\/www.upjs.sk\/lekarska-fakulta\/wp-json\/wp\/v2\/comments?post=16196"}],"version-history":[{"count":20,"href":"https:\/\/www.upjs.sk\/lekarska-fakulta\/wp-json\/wp\/v2\/pages\/16196\/revisions"}],"predecessor-version":[{"id":147937,"href":"https:\/\/www.upjs.sk\/lekarska-fakulta\/wp-json\/wp\/v2\/pages\/16196\/revisions\/147937"}],"up":[{"embeddable":true,"href":"https:\/\/www.upjs.sk\/lekarska-fakulta\/wp-json\/wp\/v2\/pages\/13544"}],"wp:attachment":[{"href":"https:\/\/www.upjs.sk\/lekarska-fakulta\/wp-json\/wp\/v2\/media?parent=16196"}],"wp:term":[{"taxonomy":"category","embeddable":true,"href":"https:\/\/www.upjs.sk\/lekarska-fakulta\/wp-json\/wp\/v2\/categories?post=16196"},{"taxonomy":"post_tag","embeddable":true,"href":"https:\/\/www.upjs.sk\/lekarska-fakulta\/wp-json\/wp\/v2\/tags?post=16196"}],"curies":[{"name":"wp","href":"https:\/\/api.w.org\/{rel}","templated":true}]}}