{"id":16254,"date":"2019-08-30T09:22:57","date_gmt":"2019-08-30T09:22:57","guid":{"rendered":"https:\/\/www.upjs.sk\/lekarska-fakulta\/fakulta\/historia-fakulty\/vyznamne-roky\/"},"modified":"2023-10-09T08:40:30","modified_gmt":"2023-10-09T07:40:30","slug":"vyznamne-roky","status":"publish","type":"page","link":"https:\/\/www.upjs.sk\/lekarska-fakulta\/fakulta\/historia-fakulty\/vyznamne-roky\/","title":{"rendered":"V\u00fdznamn\u00e9 roky v hist\u00f3rii"},"content":{"rendered":"\n<ul class=\"wp-block-list\">\n<li>D\u0148a <strong>24. j\u00fana 1924<\/strong> bola v&nbsp;Ko\u0161iciach sl\u00e1vnostne otvoren\u00e1 \u0160t\u00e1tna nemocnica v&nbsp;Ko\u0161iciach so \u0161trn\u00e1stimi pavil\u00f3nmi a 600 l\u00f4\u017ekami \u2013 postaven\u00e1 bola v&nbsp;dovtedy nezastavanej ju\u017enej \u010dasti mesta.<\/li>\n\n\n\n<li>V roku <strong>1928<\/strong> sa kapacita \u0161t\u00e1tnej nemocnice zv\u00fd\u0161ila na 848 postel\u00ed a po osloboden\u00ed v roku 1945 vzr\u00e1stol po\u010det postel\u00ed na 918 postel\u00ed.<\/li>\n\n\n\n<li>D\u0148a <strong>24. febru\u00e1ra 1948<\/strong> po\u017eiadalo Poveren\u00edctvo \u0161kolstva a osvety dekan\u00e1t \u201eLek\u00e1rskej fakulty Slovenskej univerzity v Bratislave <em>(teraj\u0161ia Univerzita Komensk\u00e9ho mala v roku 1948 n\u00e1zov Slovensk\u00e1 univerzita)<\/em> o&nbsp;vypracovanie a predlo\u017eenie lokalitn\u00e9ho programu na zalo\u017eenie jej pobo\u010dky v Ko\u0161iciach.<\/li>\n\n\n\n<li>D\u0148a <strong>10. m\u00e1ja 1948<\/strong> predlo\u017eil riadite\u013e \u0160t\u00e1tnej nemocnice v&nbsp;Ko\u0161iciach prof. MUDr. J\u00e1n K\u0148azovick\u00fd dekan\u00e1tu Lek\u00e1rskej fakulty Slovenskej univerzity v Bratislave <em>\u201eN\u00e1vrh na otvorenie Lek\u00e1rskej fakulty v&nbsp;Ko\u0161iciach \u2013 lokalitn\u00fd program\u201c.<\/em><\/li>\n\n\n\n<li>D\u0148a <strong>20. j\u00fala 1948<\/strong> sa vtedaj\u0161ie N\u00e1rodn\u00e9 zhroma\u017edenie \u010ceskoslovenskej republiky uznieslo na z\u00e1kone, pod\u013ea ktor\u00e9ho sa za\u010diatkom \u0161tudijn\u00e9ho roku 1948-1949 zriadila v Ko\u0161iciach pobo\u010dka lek\u00e1rskej fakulty Slovenskej univerzity v Bratislave.<\/li>\n\n\n\n<li>V\u00fdmerom zo <strong>d\u0148a 9. augusta 1948<\/strong> bol zriaden\u00fd \u00darad dekanstva Pobo\u010dky Lek\u00e1rskej fakulty SU v&nbsp;Ko\u0161iciach na \u0160rob\u00e1rovej ulici, \u010d\u00edm bol polo\u017een\u00fd z\u00e1kladn\u00fd podklad k realizovaniu z\u00e1kona \u010d.191\/1948. Poveren\u00edctvo \u0161kolstva, vied a umen\u00ed poverilo osobitn\u00fdm dekr\u00e9tom prof. MUDr. J\u00e1na K\u0148azovick\u00e9ho funkciou z\u00e1stupcu dekana LF Slovenskej univerzity s povinnos\u0165ou vykon\u00e1va\u0165 organiza\u010dn\u00e9 pr\u00e1ce po str\u00e1nke odbornej. Jeho z\u00e1stupcom bol menovan\u00fd MUDr. Viliam Fr\u00edborsk\u00fd.<\/li>\n\n\n\n<li>V&nbsp;d\u0148och <strong>14. \u2013 16. septembra 1948<\/strong> sa konalo prv\u00e9 zasadnutie pedagogick\u00e9ho zboru Lek\u00e1rskej fakulty v&nbsp;Ko\u0161iciach za \u00fa\u010dasti predstavite\u013eov materskej fakulty a mesta Ko\u0161\u00edc.<\/li>\n\n\n\n<li>&nbsp;Posledn\u00e9 zasadanie komisie vo veci lek\u00e1rskej fakulty v Ko\u0161iciach sa konalo <strong>12. okt\u00f3bra 1948<\/strong> a&nbsp;predmetom jednania bolo odovzdanie \u0160t\u00e1tneho detsk\u00e9ho domova rezortu zdravotn\u00edctva pre \u00fa\u010dely Detskej kliniky a niektor\u00e9 administrat\u00edvne a hospod\u00e1rske ot\u00e1zky&nbsp; bud\u00facej fakultnej nemocnice.<\/li>\n\n\n\n<li>D\u0148a <strong>19. okt\u00f3bra 1948<\/strong> zaznela prv\u00e1 predn\u00e1\u0161ka, ktor\u00fa predniesol gynekol\u00f3g a&nbsp;p\u00f4rodn\u00edk prof. MUDr. Teodor Schwarz.<\/li>\n\n\n\n<li>V&nbsp;septembri <strong>1949<\/strong> za\u010dalo riadne vyu\u010dovanie \u0161tudentov v\u0161eobecn\u00e9ho lek\u00e1rstva, ktor\u00ed nast\u00fapili do r\u00f4znych ro\u010dn\u00edkov (v pr\u00edpade vy\u0161\u0161\u00edch ro\u010dn\u00edkov i\u0161lo o&nbsp;\u0161tudentov preraden\u00fdch do Ko\u0161\u00edc z&nbsp;materskej bratislavskej fakulty).<\/li>\n\n\n\n<li>V&nbsp;roku <strong>1950<\/strong> promovali v&nbsp;Ko\u0161iciach prv\u00ed absolventi odboru <em>V\u0161eobecn\u00e9 lek\u00e1rstvo<\/em> s&nbsp;titulom <em>\u201eMUDr.\u201c<\/em><\/li>\n\n\n\n<li>&nbsp;V&nbsp;akademickom roku <strong>1950\/1951<\/strong>&nbsp; za\u010dal pedagogick\u00fd proces aj v&nbsp;zubnom lek\u00e1rstve, ke\u010f do 2. ro\u010dn\u00edka prest\u00fapilo z&nbsp;Bratislavy prv\u00fdch 6 \u0161tudentov stomatol\u00f3gie, ku ktor\u00fdm sa v&nbsp;\u010fal\u0161om \u0161kolskom roku pridali dvaja \u010fal\u0161\u00ed \u0161tudenti.<\/li>\n\n\n\n<li>Roku <strong>1953<\/strong> ukon\u010dili prv\u00ed \u0161tudenti vtedy len 4-ro\u010dn\u00e9 \u0161t\u00fadium stomatol\u00f3gie s&nbsp;titulom \u201e<em>MSDr.\u201c.<\/em><\/li>\n\n\n\n<li>V&nbsp;\u0161kolskom roku <strong>1953\/54<\/strong> sa \u0161t\u00fadium stomatol\u00f3gie pred\u013a\u017eilo na p\u00e4\u0165 rokov, pri\u010dom prv\u00e9 dva ro\u010dn\u00edky absolvovali bud\u00faci zubn\u00ed lek\u00e1ri spolo\u010dne so \u0161tudentmi &nbsp;v\u0161eobecn\u00e9ho odboru \u2013 diferencovan\u00e9 \u0161t\u00fadium stomatol\u00f3gie sa uskuto\u010d\u0148ovalo a\u017e v&nbsp;3.-5. ro\u010dn\u00edku. Absolventi kon\u010dili s titulom <em>\u201epromovan\u00fd lek\u00e1r\u201c<\/em> (a\u017e do roku 1966, odkedy z\u00edskavali aj zubn\u00ed lek\u00e1ri titul <em>\u201eMUDr\u201c.<\/em><\/li>\n\n\n\n<li>\u00a0V\u00a0roku <strong>1959<\/strong> sa na z\u00e1klade z\u00e1kona \u010d. 58\/59 Zb. od\u010dlenila Lek\u00e1rska fakulta v\u00a0Ko\u0161iciach od Univerzity Komensk\u00e9ho a spolu s Filozofickou fakultou UPJ\u0160 v Pre\u0161ove (zalo\u017eenou v\u00a0r. 1953) bola za\u010dlenen\u00e1 do novozriadenej Univerzity Pavla Jozefa \u0160af\u00e1rika v Ko\u0161iciach. <em>(Nesk\u00f4r pribudli do zv\u00e4zku UPJ\u0160 \u010fal\u0161ie novozriaden\u00e9 fakulty &#8211; v\u00a0r. 1963 Pr\u00edrodovedeck\u00e1 fakulta UPJ\u0160 v Ko\u0161iciach, v\u00a0r. 1964 Pedagogick\u00e1 fakulta UPJ\u0160 v\u00a0Pre\u0161ove, v\u00a0r. 1970 Pr\u00e1vnick\u00e1 fakulta UPJ\u0160 v\u00a0Ko\u0161iciach, v\u00a0r. 1990 Gr\u00e9ckokatol\u00edcka bohosloveck\u00e1 fakulta UPJ\u0160 v\u00a0Pre\u0161ove a Pravosl\u00e1vna bohosloveck\u00e1 fakulta UPJ\u0160 v\u00a0Pre\u0161ove).<\/em><\/li>\n\n\n\n<li>D\u0148a <strong>1. janu\u00e1ra 1997<\/strong> bola zriaden\u00e1 Pre\u0161ovsk\u00e1 univerzita v Pre\u0161ove, do ktorej boli v\u010dlenen\u00e9 v\u0161etky \u0161tyri pre\u0161ovsk\u00e9 fakulty, zatia\u013e \u010do tri ko\u0161ick\u00e9 fakulty \u2013 Lek\u00e1rska, Pr\u00edrodovedeck\u00e1 a&nbsp;Pr\u00e1vnick\u00e1 ostali v&nbsp;p\u00f4sobnosti Univerzity Pavla Jozefa \u0160af\u00e1rika v&nbsp;Ko\u0161iciach. Nesk\u00f4r k&nbsp;nim pribudla e\u0161te novovzniknut\u00e1 Fakulta verejnej spr\u00e1vy (v r. 1998) a Filozofick\u00e1 fakulta (v r. 2005).<\/li>\n\n\n\n<li>V&nbsp;okt\u00f3bri <strong>1966<\/strong> za\u010dala v\u00fdstavba novej Fakultnej nemocnice s&nbsp;poliklinikou na dovtedy nezastavanej ploche v&nbsp;severoz\u00e1padnej \u010dasti mesta.<\/li>\n\n\n\n<li>V&nbsp;tom istom roku (<strong>1966<\/strong>) vybudovala fakulta pre potreby svojich \u0161tudentov nov\u00fd, na t\u00fa dobu ve\u013emi moderne rie\u0161en\u00fd \u0161tudentsk\u00fd domov v&nbsp;bl\u00edzkosti bud\u00facich teoretick\u00fdch \u00fastavov a&nbsp;novej fakultnej nemocnice, ktor\u00fd pozost\u00e1val zo \u0161tyroch pavil\u00f3nov a&nbsp;mal kapacitu 1500 ubytovan\u00fdch. Ke\u010f\u017ee prevy\u0161oval vtedaj\u0161iu potrebu lek\u00e1rskej fakulty, bolo ubytovanie pon\u00faknut\u00e9 aj \u0161tudentom pr\u00edrodovedeckej a&nbsp;pr\u00e1vnickej fakulty. Za\u010diatkom sedemdesiatych rokov s&nbsp;\u00e9rou centraliz\u00e1cie bol \u0161tudentsk\u00fd domov od\u0148at\u00fd fakulte a&nbsp;dan\u00fd do spr\u00e1vy rektor\u00e1tu.<\/li>\n\n\n\n<li>D\u0148a <strong>21. decembra 1973<\/strong> bola sprev\u00e1dzkovan\u00e1 budova polikliniky \u201enovej nemocnice\u201c, kde v&nbsp;roku 1974 za\u010dala p\u00f4sobi\u0165 vo vy\u010dlenen\u00fdch priestoroch vysunut\u00e1 \u010das\u0165 stomatologickej kliniky z&nbsp;FN na Rastislavovej ulici. Umiestnenie kliniky do poliklinick\u00e9ho objektu s\u00faviselo so skuto\u010dnos\u0165ou, \u017ee podstatn\u00fa \u010das\u0165 pacientov stomatologick\u00fdch klin\u00edk tvoria ambulantn\u00ed pacienti. V&nbsp;roku 1977 sa potom toto pracovisko od\u010dlenilo od materskej kliniky.<\/li>\n\n\n\n<li>D\u0148a <strong>26. janu\u00e1ra 1981<\/strong> bola sl\u00e1vnostne otvoren\u00e1 l\u00f4\u017ekov\u00e1 \u010das\u0165 FNSP s&nbsp;vy\u0161e 1100 l\u00f4\u017ekami, kam sa postupne pres\u0165ahovala v\u00e4\u010d\u0161ina klin\u00edk zo \u201estarej nemocnice\u201c, zatia\u013e \u010do matersk\u00e9 pracovisk\u00e1 klin\u00edk v&nbsp;nemocnici na Rastislavovej ulici sa zmenili na oddelenia &#8211; aby z&nbsp;nich v priebehu nasleduj\u00facich desa\u0165ro\u010d\u00ed postupne vznikali nov\u00e9 kliniky.<\/li>\n\n\n\n<li>D\u0148a <strong>3. septembra 1984<\/strong> bol sl\u00e1vnostne odovzdan\u00fd do u\u017e\u00edvania A-blok teoretick\u00fdch \u00fastavov Lek\u00e1rskej fakulty UPJ\u0160 v\u00a0Ko\u0161iciach. T\u00e1to budova \u0161tvr\u0165storo\u010die patrila FNsP <em>(nesk\u00f4r Univerzitnej nemocnici L.\u00a0Pasteura v\u00a0Ko\u0161iciach) <\/em>a\u00a0UPJ\u0160 ho z\u00edskala do vlastn\u00edctva a\u017e v\u00a0roku 2010. V\u00fdznamnej\u0161ie invest\u00edcie do rekon\u0161trukcie a moderniz\u00e1cie priestorov zo \u0161truktur\u00e1lnych fondov a\u00a0vlastn\u00fdch zdrojov s\u00fa preto realizovan\u00e9 len v\u00a0posledn\u00fdch rokoch.<\/li>\n\n\n\n<li>V\u00a0akademickom roku <strong>1992\/1993<\/strong> do\u0161lo v\u00a0\u0161tudijnom odbore <em>Stomatol\u00f3gia<\/em> k\u00a0zmene v\u00a0s\u00favislosti s\u00a0privatiz\u00e1ciou zdravotn\u00edctva a\u00a0to zriaden\u00edm nov\u00fdch predmetov <em>prevent\u00edvna stomatol\u00f3gia<\/em> a\u00a0<em>stomatologick\u00e1 r\u00e1diodiagnostika<\/em>, \u010do vy\u00fastilo do pred\u013a\u017eenia \u0161t\u00fadia stomatologick\u00e9ho odboru na 6\u00a0rokov. (Prv\u00ed absolventi 6-ro\u010dn\u00e9ho \u0161t\u00fadia promovali v j\u00fani 1998).<\/li>\n\n\n\n<li>V\u00a0akademickom roku <strong>1992\/1993<\/strong> za\u010dala Lek\u00e1rska fakulta UPJ\u0160 v\u00a0Ko\u0161iciach taktie\u017e s\u00a0v\u00fdu\u010dbou zahrani\u010dn\u00fdch \u0161tudentov, pri\u010dom prv\u00ed absolventi v \u0161tudijnom programe Dentistry (p\u00f4vodne \u0161lo o p\u00e4\u0165ro\u010dn\u00e9 \u0161t\u00fadium) promovali v roku 1997 a\u00a0prv\u00ed\u00a0 absolventi \u0160P General Medicine promovali v\u00a0roku 1998.<\/li>\n\n\n\n<li>D\u0148a 1. janu\u00e1ra 1997 bola zriaden\u00e1 Pre\u0161ovsk\u00e1 univerzita v Pre\u0161ove, do ktorej boli v\u010dlenen\u00e9 v\u0161etky \u0161tyri pre\u0161ovsk\u00e9 fakulty, zatia\u013e \u010do tri ko\u0161ick\u00e9 fakulty \u2013 Lek\u00e1rska, Pr\u00edrodovedeck\u00e1 a Pr\u00e1vnick\u00e1 ostali v p\u00f4sobnosti Univerzity Pavla Jozefa \u0160af\u00e1rika v Ko\u0161iciach. Nesk\u00f4r k nim pribudla e\u0161te novovzniknut\u00e1 Fakulta verejnej spr\u00e1vy (v r. 1998) a Filozofick\u00e1 fakulta (v r. 2005).<\/li>\n\n\n\n<li>V\u00fdu\u010dba nelek\u00e1rskych \u0161tudijn\u00fdch programov na UPJ\u0160 LF za\u010dala na UPJ\u0160 LF v\u00a0rokoch:\n<ul class=\"wp-block-list\">\n<li>o\u0161etrovate\u013estvo sa vyu\u010duje od r. <strong>1994<\/strong><\/li>\n\n\n\n<li>fyzioterapia a verejn\u00e9 zdravotn\u00edctvo od r. <strong>2004<\/strong><\/li>\n\n\n\n<li>laborat\u00f3rne vy\u0161etrovacie met\u00f3dy v\u00a0zdravotn\u00edctve od r. <strong>2022<\/strong><\/li>\n<\/ul>\n<\/li>\n<\/ul>\n","protected":false},"excerpt":{"rendered":"","protected":false},"author":1,"featured_media":0,"parent":13629,"menu_order":1,"comment_status":"closed","ping_status":"closed","template":"","meta":{"_acf_changed":false,"_editorskit_title_hidden":false,"_editorskit_reading_time":3,"_editorskit_is_block_options_detached":false,"_editorskit_block_options_position":"{}","footnotes":""},"categories":[],"tags":[],"class_list":["post-16254","page","type-page","status-publish","hentry"],"acf":{"acf_link_na_externy_obsah":""},"yoast_head":"<!-- This site is optimized with the Yoast SEO plugin v27.4 - https:\/\/yoast.com\/product\/yoast-seo-wordpress\/ -->\n<title>V\u00fdznamn\u00e9 roky v hist\u00f3rii - Lek\u00e1rska fakulta | UPJ\u0160<\/title>\n<meta name=\"robots\" content=\"index, follow, max-snippet:-1, max-image-preview:large, max-video-preview:-1\" \/>\n<link rel=\"canonical\" href=\"https:\/\/www.upjs.sk\/lekarska-fakulta\/fakulta\/historia-fakulty\/vyznamne-roky\/\" \/>\n<meta property=\"og:locale\" content=\"sk_SK\" \/>\n<meta property=\"og:type\" content=\"article\" \/>\n<meta property=\"og:title\" content=\"V\u00fdznamn\u00e9 roky v hist\u00f3rii - Lek\u00e1rska fakulta | UPJ\u0160\" \/>\n<meta property=\"og:url\" content=\"https:\/\/www.upjs.sk\/lekarska-fakulta\/fakulta\/historia-fakulty\/vyznamne-roky\/\" \/>\n<meta property=\"og:site_name\" content=\"Lek\u00e1rska fakulta | UPJ\u0160\" \/>\n<meta property=\"article:modified_time\" content=\"2023-10-09T07:40:30+00:00\" \/>\n<meta name=\"twitter:card\" content=\"summary_large_image\" \/>\n<meta name=\"twitter:label1\" content=\"Predpokladan\u00fd \u010das \u010d\u00edtania\" \/>\n\t<meta name=\"twitter:data1\" content=\"6 min\u00fat\" \/>\n<script type=\"application\/ld+json\" class=\"yoast-schema-graph\">{\"@context\":\"https:\\\/\\\/schema.org\",\"@graph\":[{\"@type\":\"WebPage\",\"@id\":\"https:\\\/\\\/www.upjs.sk\\\/lekarska-fakulta\\\/fakulta\\\/historia-fakulty\\\/vyznamne-roky\\\/\",\"url\":\"https:\\\/\\\/www.upjs.sk\\\/lekarska-fakulta\\\/fakulta\\\/historia-fakulty\\\/vyznamne-roky\\\/\",\"name\":\"V\u00fdznamn\u00e9 roky v hist\u00f3rii - Lek\u00e1rska fakulta | UPJ\u0160\",\"isPartOf\":{\"@id\":\"https:\\\/\\\/www.upjs.sk\\\/lekarska-fakulta\\\/#website\"},\"datePublished\":\"2019-08-30T09:22:57+00:00\",\"dateModified\":\"2023-10-09T07:40:30+00:00\",\"breadcrumb\":{\"@id\":\"https:\\\/\\\/www.upjs.sk\\\/lekarska-fakulta\\\/fakulta\\\/historia-fakulty\\\/vyznamne-roky\\\/#breadcrumb\"},\"inLanguage\":\"sk-SK\",\"potentialAction\":[{\"@type\":\"ReadAction\",\"target\":[\"https:\\\/\\\/www.upjs.sk\\\/lekarska-fakulta\\\/fakulta\\\/historia-fakulty\\\/vyznamne-roky\\\/\"]}]},{\"@type\":\"BreadcrumbList\",\"@id\":\"https:\\\/\\\/www.upjs.sk\\\/lekarska-fakulta\\\/fakulta\\\/historia-fakulty\\\/vyznamne-roky\\\/#breadcrumb\",\"itemListElement\":[{\"@type\":\"ListItem\",\"position\":1,\"name\":\"Home\",\"item\":\"https:\\\/\\\/www.upjs.sk\\\/lekarska-fakulta\\\/\"},{\"@type\":\"ListItem\",\"position\":2,\"name\":\"O fakulte\",\"item\":\"https:\\\/\\\/www.upjs.sk\\\/lekarska-fakulta\\\/fakulta\\\/\"},{\"@type\":\"ListItem\",\"position\":3,\"name\":\"Hist\u00f3ria fakulty\",\"item\":\"https:\\\/\\\/www.upjs.sk\\\/lekarska-fakulta\\\/fakulta\\\/historia-fakulty\\\/\"},{\"@type\":\"ListItem\",\"position\":4,\"name\":\"V\u00fdznamn\u00e9 roky v hist\u00f3rii\"}]},{\"@type\":\"WebSite\",\"@id\":\"https:\\\/\\\/www.upjs.sk\\\/lekarska-fakulta\\\/#website\",\"url\":\"https:\\\/\\\/www.upjs.sk\\\/lekarska-fakulta\\\/\",\"name\":\"Lek\u00e1rska fakulta | UPJ\u0160\",\"description\":\"\",\"publisher\":{\"@id\":\"https:\\\/\\\/www.upjs.sk\\\/lekarska-fakulta\\\/#organization\"},\"potentialAction\":[{\"@type\":\"SearchAction\",\"target\":{\"@type\":\"EntryPoint\",\"urlTemplate\":\"https:\\\/\\\/www.upjs.sk\\\/lekarska-fakulta\\\/?s={search_term_string}\"},\"query-input\":{\"@type\":\"PropertyValueSpecification\",\"valueRequired\":true,\"valueName\":\"search_term_string\"}}],\"inLanguage\":\"sk-SK\"},{\"@type\":\"Organization\",\"@id\":\"https:\\\/\\\/www.upjs.sk\\\/lekarska-fakulta\\\/#organization\",\"name\":\"Lek\u00e1rska fakulta | UPJ\u0160\",\"url\":\"https:\\\/\\\/www.upjs.sk\\\/lekarska-fakulta\\\/\",\"logo\":{\"@type\":\"ImageObject\",\"inLanguage\":\"sk-SK\",\"@id\":\"https:\\\/\\\/www.upjs.sk\\\/lekarska-fakulta\\\/#\\\/schema\\\/logo\\\/image\\\/\",\"url\":\"https:\\\/\\\/www.upjs.sk\\\/app\\\/uploads\\\/sites\\\/9\\\/2022\\\/09\\\/logo-lekarska-fakulta.png\",\"contentUrl\":\"https:\\\/\\\/www.upjs.sk\\\/app\\\/uploads\\\/sites\\\/9\\\/2022\\\/09\\\/logo-lekarska-fakulta.png\",\"width\":415,\"height\":87,\"caption\":\"Lek\u00e1rska fakulta | UPJ\u0160\"},\"image\":{\"@id\":\"https:\\\/\\\/www.upjs.sk\\\/lekarska-fakulta\\\/#\\\/schema\\\/logo\\\/image\\\/\"}}]}<\/script>\n<!-- \/ Yoast SEO plugin. -->","yoast_head_json":{"title":"V\u00fdznamn\u00e9 roky v hist\u00f3rii - Lek\u00e1rska fakulta | UPJ\u0160","robots":{"index":"index","follow":"follow","max-snippet":"max-snippet:-1","max-image-preview":"max-image-preview:large","max-video-preview":"max-video-preview:-1"},"canonical":"https:\/\/www.upjs.sk\/lekarska-fakulta\/fakulta\/historia-fakulty\/vyznamne-roky\/","og_locale":"sk_SK","og_type":"article","og_title":"V\u00fdznamn\u00e9 roky v hist\u00f3rii - Lek\u00e1rska fakulta | UPJ\u0160","og_url":"https:\/\/www.upjs.sk\/lekarska-fakulta\/fakulta\/historia-fakulty\/vyznamne-roky\/","og_site_name":"Lek\u00e1rska fakulta | UPJ\u0160","article_modified_time":"2023-10-09T07:40:30+00:00","twitter_card":"summary_large_image","twitter_misc":{"Predpokladan\u00fd \u010das \u010d\u00edtania":"6 min\u00fat"},"schema":{"@context":"https:\/\/schema.org","@graph":[{"@type":"WebPage","@id":"https:\/\/www.upjs.sk\/lekarska-fakulta\/fakulta\/historia-fakulty\/vyznamne-roky\/","url":"https:\/\/www.upjs.sk\/lekarska-fakulta\/fakulta\/historia-fakulty\/vyznamne-roky\/","name":"V\u00fdznamn\u00e9 roky v hist\u00f3rii - Lek\u00e1rska fakulta | UPJ\u0160","isPartOf":{"@id":"https:\/\/www.upjs.sk\/lekarska-fakulta\/#website"},"datePublished":"2019-08-30T09:22:57+00:00","dateModified":"2023-10-09T07:40:30+00:00","breadcrumb":{"@id":"https:\/\/www.upjs.sk\/lekarska-fakulta\/fakulta\/historia-fakulty\/vyznamne-roky\/#breadcrumb"},"inLanguage":"sk-SK","potentialAction":[{"@type":"ReadAction","target":["https:\/\/www.upjs.sk\/lekarska-fakulta\/fakulta\/historia-fakulty\/vyznamne-roky\/"]}]},{"@type":"BreadcrumbList","@id":"https:\/\/www.upjs.sk\/lekarska-fakulta\/fakulta\/historia-fakulty\/vyznamne-roky\/#breadcrumb","itemListElement":[{"@type":"ListItem","position":1,"name":"Home","item":"https:\/\/www.upjs.sk\/lekarska-fakulta\/"},{"@type":"ListItem","position":2,"name":"O fakulte","item":"https:\/\/www.upjs.sk\/lekarska-fakulta\/fakulta\/"},{"@type":"ListItem","position":3,"name":"Hist\u00f3ria fakulty","item":"https:\/\/www.upjs.sk\/lekarska-fakulta\/fakulta\/historia-fakulty\/"},{"@type":"ListItem","position":4,"name":"V\u00fdznamn\u00e9 roky v hist\u00f3rii"}]},{"@type":"WebSite","@id":"https:\/\/www.upjs.sk\/lekarska-fakulta\/#website","url":"https:\/\/www.upjs.sk\/lekarska-fakulta\/","name":"Lek\u00e1rska fakulta | UPJ\u0160","description":"","publisher":{"@id":"https:\/\/www.upjs.sk\/lekarska-fakulta\/#organization"},"potentialAction":[{"@type":"SearchAction","target":{"@type":"EntryPoint","urlTemplate":"https:\/\/www.upjs.sk\/lekarska-fakulta\/?s={search_term_string}"},"query-input":{"@type":"PropertyValueSpecification","valueRequired":true,"valueName":"search_term_string"}}],"inLanguage":"sk-SK"},{"@type":"Organization","@id":"https:\/\/www.upjs.sk\/lekarska-fakulta\/#organization","name":"Lek\u00e1rska fakulta | UPJ\u0160","url":"https:\/\/www.upjs.sk\/lekarska-fakulta\/","logo":{"@type":"ImageObject","inLanguage":"sk-SK","@id":"https:\/\/www.upjs.sk\/lekarska-fakulta\/#\/schema\/logo\/image\/","url":"https:\/\/www.upjs.sk\/app\/uploads\/sites\/9\/2022\/09\/logo-lekarska-fakulta.png","contentUrl":"https:\/\/www.upjs.sk\/app\/uploads\/sites\/9\/2022\/09\/logo-lekarska-fakulta.png","width":415,"height":87,"caption":"Lek\u00e1rska fakulta | UPJ\u0160"},"image":{"@id":"https:\/\/www.upjs.sk\/lekarska-fakulta\/#\/schema\/logo\/image\/"}}]}},"_links":{"self":[{"href":"https:\/\/www.upjs.sk\/lekarska-fakulta\/wp-json\/wp\/v2\/pages\/16254","targetHints":{"allow":["GET"]}}],"collection":[{"href":"https:\/\/www.upjs.sk\/lekarska-fakulta\/wp-json\/wp\/v2\/pages"}],"about":[{"href":"https:\/\/www.upjs.sk\/lekarska-fakulta\/wp-json\/wp\/v2\/types\/page"}],"author":[{"embeddable":true,"href":"https:\/\/www.upjs.sk\/lekarska-fakulta\/wp-json\/wp\/v2\/users\/1"}],"replies":[{"embeddable":true,"href":"https:\/\/www.upjs.sk\/lekarska-fakulta\/wp-json\/wp\/v2\/comments?post=16254"}],"version-history":[{"count":7,"href":"https:\/\/www.upjs.sk\/lekarska-fakulta\/wp-json\/wp\/v2\/pages\/16254\/revisions"}],"predecessor-version":[{"id":98787,"href":"https:\/\/www.upjs.sk\/lekarska-fakulta\/wp-json\/wp\/v2\/pages\/16254\/revisions\/98787"}],"up":[{"embeddable":true,"href":"https:\/\/www.upjs.sk\/lekarska-fakulta\/wp-json\/wp\/v2\/pages\/13629"}],"wp:attachment":[{"href":"https:\/\/www.upjs.sk\/lekarska-fakulta\/wp-json\/wp\/v2\/media?parent=16254"}],"wp:term":[{"taxonomy":"category","embeddable":true,"href":"https:\/\/www.upjs.sk\/lekarska-fakulta\/wp-json\/wp\/v2\/categories?post=16254"},{"taxonomy":"post_tag","embeddable":true,"href":"https:\/\/www.upjs.sk\/lekarska-fakulta\/wp-json\/wp\/v2\/tags?post=16254"}],"curies":[{"name":"wp","href":"https:\/\/api.w.org\/{rel}","templated":true}]}}