{"id":16479,"date":"2023-02-01T02:27:40","date_gmt":"2023-02-01T01:27:40","guid":{"rendered":"https:\/\/www.upjs.sk\/lekarska-fakulta\/fakulta\/organy-fakulty\/zoznam-clenov-vr\/"},"modified":"2025-09-19T09:47:45","modified_gmt":"2025-09-19T08:47:45","slug":"zoznam-clenov-vr","status":"publish","type":"page","link":"https:\/\/www.upjs.sk\/lekarska-fakulta\/fakulta\/organy-fakulty\/vedecka-rada\/zoznam-clenov-vr\/","title":{"rendered":"Zoznam \u010dlenov"},"content":{"rendered":"\n<p class=\"has-text-align-left\"><a href=\"https:\/\/www.upjs.sk\/app\/uploads\/sites\/9\/2025\/09\/7_LF_Vedecka-rada-na-funkcne-obdobie-2022_2026-s-odbormi-WWW-05062025.pdf\"><strong><span class=\"ek-underline\" style=\"text-decoration: underline\">Zoznam \u010dlenov Vedeckej rady UPJ\u0160 Lek\u00e1rskej fakulty<\/span><\/strong><br><\/a>na funk\u010dn\u00e9 obdobie 2022-2026<\/p>\n\n\n\n<p><strong>\u010clenovia akademickej obce UPJ\u0160 LF<\/strong><\/p>\n\n\n\n<p>prof. MUDr. Viliam Doni\u010d, CSc. &#8211; <em>norm\u00e1lna a patologick\u00e1 fyziol\u00f3gia<\/em><br>prof. MUDr. J\u00e1n Feda\u010dko, PhD. &#8211; <em>vn\u00fatorn\u00e9 choroby<\/em><br>prof. MUDr. Zuzana Gdovinov\u00e1, CSc., FESO, FEAN &#8211; <em>neurol\u00f3gia<\/em><br>prof. MVDr. Monika Hal\u00e1nov\u00e1, PhD. &#8211; <em>epidemiol\u00f3gia<\/em><br>prof. MUDr. Ingrid Hodorov\u00e1, PhD. &#8211; <em>anat\u00f3mia, histol\u00f3gia a embryol\u00f3gia<\/em><br>Dr.h.c. prof. MUDr. Pavol Jar\u010du\u0161ka, PhD. &#8211; <em>verejn\u00e9 zdravotn\u00edctvo<\/em><br>prof. MUDr. Peter Jar\u010du\u0161ka, PhD., <strong><em>predseda VR<\/em><\/strong> &#8211; <em>vn\u00fatorn\u00e9 choroby<\/em><br>Dr.h.c. prof. MUDr. Andrej Jen\u010da, CSc., MPH &#8211; <em>stomatol\u00f3gia<\/em><br>doc. MUDr. Pavol Joppa, PhD. (\u010dlen od 28. 9. 2023) &#8211; <em>vn\u00fatorn\u00e9 choroby<\/em><br>prof. MUDr. Jana Ka\u0165uchov\u00e1, PhD., MBA &#8211; <em>chirurgia<\/em><br>prof. MUDr. Pavol Kristian, PhD. &#8211; <em>vn\u00fatorn\u00e9 choroby<\/em><br>prof. MUDr. Marek Lacko, PhD. &#8211; <em>chirurgia<\/em><br>prof. MUDr. \u017delm\u00edra Macejov\u00e1, PhD., MPH &#8211; <em>vn\u00fatorn\u00e9 choroby<\/em><br>prof. Ing. M\u00e1ria Marekov\u00e1, CSc. &#8211; <em>lek\u00e1rska ch\u00e9mia a bioch\u00e9mia<\/em><br>prof. MUDr. Ladislav Mirossay, DrSc. &#8211; <em>lek\u00e1rska farmakol\u00f3gia<\/em><br>prof. MUDr. J\u00e1n Moj\u017ei\u0161, DrSc. &#8211; <em>lek\u00e1rska farmakol\u00f3gia<\/em><br>prof. MUDr. Daniel Pella, PhD. &#8211; <em>vn\u00fatorn\u00e9 choroby<\/em><br>prof. RNDr. Miroslava Rabajdov\u00e1, PhD. &#8211; <em>klinick\u00e1 bioch\u00e9mia, laborat\u00f3rne vy\u0161etrovacie met\u00f3dy v zdravotn\u00edctve<\/em><br>prof. MUDr. Jozef Rado\u0148ak, CSc., MPH &#8211; <em>chirurgia<\/em><br>doc. RNDr. J\u00e1n Sabo, CSc., univerzitn\u00fd profesor &#8211; <em>v\u0161eobecn\u00e1 biol\u00f3gia<\/em><br>prof. MUDr. Franti\u0161ek Sabol, PhD., MPH, MBA &#8211; <em>chirurgia<\/em><br>Dr.h.c. prof. MUDr. Leonard Siegfried, CSc. &#8211; <em>mikrobiol\u00f3gia<\/em><br>prof. MUDr. Matej \u0160korv\u00e1nek, PhD. &#8211; <em>neurol\u00f3gia<\/em><br>doc. MUDr. Silvia Timkov\u00e1, PhD. &#8211; <em>zubn\u00e9 lek\u00e1rstvo<\/em><br>prof. MUDr. Peter Urdz\u00edk, PhD., MPH &#8211; <em>gynekol\u00f3gia a p\u00f4rodn\u00edctvo<\/em><br>prof. MUDr. Gabriel Valo\u010dik, PhD. &#8211; <em>vn\u00fatorn\u00e9 choroby<\/em><\/p>\n\n\n\n<p><strong>Extern\u00ed \u010dlenovia Vedeckej rady UPJ\u0160 LF<\/strong><\/p>\n\n\n\n<p>MUDr. \u013duboslav Be\u0148a, PhD., MPH, CETC &#8211; <em>vn\u00fatorn\u00e9 choroby<\/em><br><em>Univerzitn\u00e1 nemocnica Louisa Pasteura Ko\u0161ice<\/em><br>prof. MUDr. Andrea \u010calkovsk\u00e1, DrSc. &#8211; <em>norm\u00e1lna a patologick\u00e1 fyziol\u00f3gia<br>Jesseniova Lek\u00e1rska fakulta Univerzity Komensk\u00e9ho, Martin<\/em><br>prof. MUDr. Peter Galajda, CSc. &#8211; <em>vn\u00fatorn\u00e9 choroby<br>Jesseniova Lek\u00e1rska fakulta Univerzity Komensk\u00e9ho, Martin<\/em><br>prof. MUDr. Milan Kol\u00e1\u0159, Ph.D. &#8211; <em>lek\u00e1rska mikrobiol\u00f3gia<br>Lek\u00e1rska fakulta Univerzity Palack\u00e9ho Olomouc<\/em><br>prof. MUDr. Petr Kol\u00e1\u0159, Ph.D. &#8211; <em>oftalmol\u00f3gia<br>Lek\u00e1rska fakulta Slovenskej zdravotn\u00edckej univerzity Bratislava<\/em><br>prof. MUDr. Michal Mego, DrSc. (\u010dlen od 28. 9. 2023) &#8211; <em>onkol\u00f3gia<br>Lek\u00e1rska fakulta Univerzity Komensk\u00e9ho, Bratislava<\/em><br>prof. MUDr. J\u00e1n Mur\u00edn, CSc., EFESC &#8211; <em>vn\u00fatorn\u00e9 choroby<br>Lek\u00e1rska fakulta Univerzity Komensk\u00e9ho Bratislava<\/em><br>prof. MVDr. Jozef Nagy, PhD. &#8211; <em>hygiena potrav\u00edn<br>Univerzita veterin\u00e1rskeho lek\u00e1rstva a farm\u00e1cie v Ko\u0161iciach<\/em><br>prof. MUDr. Juraj Payer, CSc., MPH, FRCP, FEFIM &#8211; <em>vn\u00fatorn\u00e9 choroby<br>Lek\u00e1rska fakulta Univerzity Komensk\u00e9ho, Bratislava<\/em><br>doc. MUDr. Roman Z\u00e1horec, CSc. &#8211; <em>chirurgia, anest\u00e9ziol\u00f3gia<br>Lek\u00e1rska fakulta Univerzity Komensk\u00e9ho, Bratislava<\/em><\/p>\n","protected":false},"excerpt":{"rendered":"<p>Zoznam \u010dlenov Vedeckej rady UPJ\u0160 Lek\u00e1rskej fakultyna funk\u010dn\u00e9 obdobie 2022-2026 \u010clenovia akademickej obce UPJ\u0160 LF prof. MUDr. Viliam Doni\u010d, CSc. &#8211; norm\u00e1lna a patologick\u00e1 fyziol\u00f3giaprof. MUDr. J\u00e1n Feda\u010dko, PhD. &#8211; vn\u00fatorn\u00e9 chorobyprof. MUDr. Zuzana Gdovinov\u00e1, CSc., FESO, FEAN &#8211; neurol\u00f3giaprof. MVDr. Monika Hal\u00e1nov\u00e1, PhD. &#8211; epidemiol\u00f3giaprof. MUDr. Ingrid Hodorov\u00e1, PhD. &#8211; anat\u00f3mia, histol\u00f3gia a embryol\u00f3giaDr.h.c. &hellip; <a href=\"https:\/\/www.upjs.sk\/lekarska-fakulta\/fakulta\/organy-fakulty\/vedecka-rada\/zoznam-clenov-vr\/\">\u010c\u00edta\u0165 \u010falej<\/a><\/p>\n","protected":false},"author":1,"featured_media":0,"parent":16477,"menu_order":0,"comment_status":"closed","ping_status":"closed","template":"","meta":{"_acf_changed":false,"_editorskit_title_hidden":false,"_editorskit_reading_time":1,"_editorskit_is_block_options_detached":false,"_editorskit_block_options_position":"{}","footnotes":""},"categories":[],"tags":[],"class_list":["post-16479","page","type-page","status-publish","hentry"],"acf":{"acf_link_na_externy_obsah":""},"yoast_head":"<!-- This site is optimized with the Yoast SEO plugin v27.4 - https:\/\/yoast.com\/product\/yoast-seo-wordpress\/ -->\n<title>Zoznam \u010dlenov - Lek\u00e1rska fakulta | UPJ\u0160<\/title>\n<meta name=\"robots\" content=\"index, follow, max-snippet:-1, max-image-preview:large, max-video-preview:-1\" \/>\n<link rel=\"canonical\" href=\"https:\/\/www.upjs.sk\/lekarska-fakulta\/fakulta\/organy-fakulty\/vedecka-rada\/zoznam-clenov-vr\/\" \/>\n<meta property=\"og:locale\" content=\"sk_SK\" \/>\n<meta property=\"og:type\" content=\"article\" \/>\n<meta property=\"og:title\" content=\"Zoznam \u010dlenov - Lek\u00e1rska fakulta | UPJ\u0160\" \/>\n<meta property=\"og:description\" content=\"Zoznam \u010dlenov Vedeckej rady UPJ\u0160 Lek\u00e1rskej fakultyna funk\u010dn\u00e9 obdobie 2022-2026 \u010clenovia akademickej obce UPJ\u0160 LF prof. MUDr. Viliam Doni\u010d, CSc. &#8211; norm\u00e1lna a patologick\u00e1 fyziol\u00f3giaprof. MUDr. J\u00e1n Feda\u010dko, PhD. &#8211; vn\u00fatorn\u00e9 chorobyprof. MUDr. Zuzana Gdovinov\u00e1, CSc., FESO, FEAN &#8211; neurol\u00f3giaprof. MVDr. Monika Hal\u00e1nov\u00e1, PhD. &#8211; epidemiol\u00f3giaprof. MUDr. Ingrid Hodorov\u00e1, PhD. &#8211; anat\u00f3mia, histol\u00f3gia a embryol\u00f3giaDr.h.c. &hellip; \u010c\u00edta\u0165 \u010falej\" \/>\n<meta property=\"og:url\" content=\"https:\/\/www.upjs.sk\/lekarska-fakulta\/fakulta\/organy-fakulty\/vedecka-rada\/zoznam-clenov-vr\/\" \/>\n<meta property=\"og:site_name\" content=\"Lek\u00e1rska fakulta | UPJ\u0160\" \/>\n<meta property=\"article:modified_time\" content=\"2025-09-19T08:47:45+00:00\" \/>\n<meta name=\"twitter:card\" content=\"summary_large_image\" \/>\n<meta name=\"twitter:label1\" content=\"Predpokladan\u00fd \u010das \u010d\u00edtania\" \/>\n\t<meta name=\"twitter:data1\" content=\"2 min\u00faty\" \/>\n<script type=\"application\/ld+json\" class=\"yoast-schema-graph\">{\"@context\":\"https:\\\/\\\/schema.org\",\"@graph\":[{\"@type\":\"WebPage\",\"@id\":\"https:\\\/\\\/www.upjs.sk\\\/lekarska-fakulta\\\/fakulta\\\/organy-fakulty\\\/vedecka-rada\\\/zoznam-clenov-vr\\\/\",\"url\":\"https:\\\/\\\/www.upjs.sk\\\/lekarska-fakulta\\\/fakulta\\\/organy-fakulty\\\/vedecka-rada\\\/zoznam-clenov-vr\\\/\",\"name\":\"Zoznam \u010dlenov - Lek\u00e1rska fakulta | UPJ\u0160\",\"isPartOf\":{\"@id\":\"https:\\\/\\\/www.upjs.sk\\\/lekarska-fakulta\\\/#website\"},\"datePublished\":\"2023-02-01T01:27:40+00:00\",\"dateModified\":\"2025-09-19T08:47:45+00:00\",\"breadcrumb\":{\"@id\":\"https:\\\/\\\/www.upjs.sk\\\/lekarska-fakulta\\\/fakulta\\\/organy-fakulty\\\/vedecka-rada\\\/zoznam-clenov-vr\\\/#breadcrumb\"},\"inLanguage\":\"sk-SK\",\"potentialAction\":[{\"@type\":\"ReadAction\",\"target\":[\"https:\\\/\\\/www.upjs.sk\\\/lekarska-fakulta\\\/fakulta\\\/organy-fakulty\\\/vedecka-rada\\\/zoznam-clenov-vr\\\/\"]}]},{\"@type\":\"BreadcrumbList\",\"@id\":\"https:\\\/\\\/www.upjs.sk\\\/lekarska-fakulta\\\/fakulta\\\/organy-fakulty\\\/vedecka-rada\\\/zoznam-clenov-vr\\\/#breadcrumb\",\"itemListElement\":[{\"@type\":\"ListItem\",\"position\":1,\"name\":\"Home\",\"item\":\"https:\\\/\\\/www.upjs.sk\\\/lekarska-fakulta\\\/\"},{\"@type\":\"ListItem\",\"position\":2,\"name\":\"O fakulte\",\"item\":\"https:\\\/\\\/www.upjs.sk\\\/lekarska-fakulta\\\/fakulta\\\/\"},{\"@type\":\"ListItem\",\"position\":3,\"name\":\"Org\u00e1ny fakulty\",\"item\":\"https:\\\/\\\/www.upjs.sk\\\/lekarska-fakulta\\\/fakulta\\\/organy-fakulty\\\/\"},{\"@type\":\"ListItem\",\"position\":4,\"name\":\"Vedeck\u00e1 rada\",\"item\":\"https:\\\/\\\/www.upjs.sk\\\/lekarska-fakulta\\\/fakulta\\\/organy-fakulty\\\/vedecka-rada\\\/\"},{\"@type\":\"ListItem\",\"position\":5,\"name\":\"Zoznam \u010dlenov\"}]},{\"@type\":\"WebSite\",\"@id\":\"https:\\\/\\\/www.upjs.sk\\\/lekarska-fakulta\\\/#website\",\"url\":\"https:\\\/\\\/www.upjs.sk\\\/lekarska-fakulta\\\/\",\"name\":\"Lek\u00e1rska fakulta | UPJ\u0160\",\"description\":\"\",\"publisher\":{\"@id\":\"https:\\\/\\\/www.upjs.sk\\\/lekarska-fakulta\\\/#organization\"},\"potentialAction\":[{\"@type\":\"SearchAction\",\"target\":{\"@type\":\"EntryPoint\",\"urlTemplate\":\"https:\\\/\\\/www.upjs.sk\\\/lekarska-fakulta\\\/?s={search_term_string}\"},\"query-input\":{\"@type\":\"PropertyValueSpecification\",\"valueRequired\":true,\"valueName\":\"search_term_string\"}}],\"inLanguage\":\"sk-SK\"},{\"@type\":\"Organization\",\"@id\":\"https:\\\/\\\/www.upjs.sk\\\/lekarska-fakulta\\\/#organization\",\"name\":\"Lek\u00e1rska fakulta | UPJ\u0160\",\"url\":\"https:\\\/\\\/www.upjs.sk\\\/lekarska-fakulta\\\/\",\"logo\":{\"@type\":\"ImageObject\",\"inLanguage\":\"sk-SK\",\"@id\":\"https:\\\/\\\/www.upjs.sk\\\/lekarska-fakulta\\\/#\\\/schema\\\/logo\\\/image\\\/\",\"url\":\"https:\\\/\\\/www.upjs.sk\\\/app\\\/uploads\\\/sites\\\/9\\\/2022\\\/09\\\/logo-lekarska-fakulta.png\",\"contentUrl\":\"https:\\\/\\\/www.upjs.sk\\\/app\\\/uploads\\\/sites\\\/9\\\/2022\\\/09\\\/logo-lekarska-fakulta.png\",\"width\":415,\"height\":87,\"caption\":\"Lek\u00e1rska fakulta | UPJ\u0160\"},\"image\":{\"@id\":\"https:\\\/\\\/www.upjs.sk\\\/lekarska-fakulta\\\/#\\\/schema\\\/logo\\\/image\\\/\"}}]}<\/script>\n<!-- \/ Yoast SEO plugin. -->","yoast_head_json":{"title":"Zoznam \u010dlenov - Lek\u00e1rska fakulta | UPJ\u0160","robots":{"index":"index","follow":"follow","max-snippet":"max-snippet:-1","max-image-preview":"max-image-preview:large","max-video-preview":"max-video-preview:-1"},"canonical":"https:\/\/www.upjs.sk\/lekarska-fakulta\/fakulta\/organy-fakulty\/vedecka-rada\/zoznam-clenov-vr\/","og_locale":"sk_SK","og_type":"article","og_title":"Zoznam \u010dlenov - Lek\u00e1rska fakulta | UPJ\u0160","og_description":"Zoznam \u010dlenov Vedeckej rady UPJ\u0160 Lek\u00e1rskej fakultyna funk\u010dn\u00e9 obdobie 2022-2026 \u010clenovia akademickej obce UPJ\u0160 LF prof. MUDr. Viliam Doni\u010d, CSc. &#8211; norm\u00e1lna a patologick\u00e1 fyziol\u00f3giaprof. MUDr. J\u00e1n Feda\u010dko, PhD. &#8211; vn\u00fatorn\u00e9 chorobyprof. MUDr. Zuzana Gdovinov\u00e1, CSc., FESO, FEAN &#8211; neurol\u00f3giaprof. MVDr. Monika Hal\u00e1nov\u00e1, PhD. &#8211; epidemiol\u00f3giaprof. MUDr. Ingrid Hodorov\u00e1, PhD. &#8211; anat\u00f3mia, histol\u00f3gia a embryol\u00f3giaDr.h.c. &hellip; \u010c\u00edta\u0165 \u010falej","og_url":"https:\/\/www.upjs.sk\/lekarska-fakulta\/fakulta\/organy-fakulty\/vedecka-rada\/zoznam-clenov-vr\/","og_site_name":"Lek\u00e1rska fakulta | UPJ\u0160","article_modified_time":"2025-09-19T08:47:45+00:00","twitter_card":"summary_large_image","twitter_misc":{"Predpokladan\u00fd \u010das \u010d\u00edtania":"2 min\u00faty"},"schema":{"@context":"https:\/\/schema.org","@graph":[{"@type":"WebPage","@id":"https:\/\/www.upjs.sk\/lekarska-fakulta\/fakulta\/organy-fakulty\/vedecka-rada\/zoznam-clenov-vr\/","url":"https:\/\/www.upjs.sk\/lekarska-fakulta\/fakulta\/organy-fakulty\/vedecka-rada\/zoznam-clenov-vr\/","name":"Zoznam \u010dlenov - Lek\u00e1rska fakulta | UPJ\u0160","isPartOf":{"@id":"https:\/\/www.upjs.sk\/lekarska-fakulta\/#website"},"datePublished":"2023-02-01T01:27:40+00:00","dateModified":"2025-09-19T08:47:45+00:00","breadcrumb":{"@id":"https:\/\/www.upjs.sk\/lekarska-fakulta\/fakulta\/organy-fakulty\/vedecka-rada\/zoznam-clenov-vr\/#breadcrumb"},"inLanguage":"sk-SK","potentialAction":[{"@type":"ReadAction","target":["https:\/\/www.upjs.sk\/lekarska-fakulta\/fakulta\/organy-fakulty\/vedecka-rada\/zoznam-clenov-vr\/"]}]},{"@type":"BreadcrumbList","@id":"https:\/\/www.upjs.sk\/lekarska-fakulta\/fakulta\/organy-fakulty\/vedecka-rada\/zoznam-clenov-vr\/#breadcrumb","itemListElement":[{"@type":"ListItem","position":1,"name":"Home","item":"https:\/\/www.upjs.sk\/lekarska-fakulta\/"},{"@type":"ListItem","position":2,"name":"O fakulte","item":"https:\/\/www.upjs.sk\/lekarska-fakulta\/fakulta\/"},{"@type":"ListItem","position":3,"name":"Org\u00e1ny fakulty","item":"https:\/\/www.upjs.sk\/lekarska-fakulta\/fakulta\/organy-fakulty\/"},{"@type":"ListItem","position":4,"name":"Vedeck\u00e1 rada","item":"https:\/\/www.upjs.sk\/lekarska-fakulta\/fakulta\/organy-fakulty\/vedecka-rada\/"},{"@type":"ListItem","position":5,"name":"Zoznam \u010dlenov"}]},{"@type":"WebSite","@id":"https:\/\/www.upjs.sk\/lekarska-fakulta\/#website","url":"https:\/\/www.upjs.sk\/lekarska-fakulta\/","name":"Lek\u00e1rska fakulta | UPJ\u0160","description":"","publisher":{"@id":"https:\/\/www.upjs.sk\/lekarska-fakulta\/#organization"},"potentialAction":[{"@type":"SearchAction","target":{"@type":"EntryPoint","urlTemplate":"https:\/\/www.upjs.sk\/lekarska-fakulta\/?s={search_term_string}"},"query-input":{"@type":"PropertyValueSpecification","valueRequired":true,"valueName":"search_term_string"}}],"inLanguage":"sk-SK"},{"@type":"Organization","@id":"https:\/\/www.upjs.sk\/lekarska-fakulta\/#organization","name":"Lek\u00e1rska fakulta | UPJ\u0160","url":"https:\/\/www.upjs.sk\/lekarska-fakulta\/","logo":{"@type":"ImageObject","inLanguage":"sk-SK","@id":"https:\/\/www.upjs.sk\/lekarska-fakulta\/#\/schema\/logo\/image\/","url":"https:\/\/www.upjs.sk\/app\/uploads\/sites\/9\/2022\/09\/logo-lekarska-fakulta.png","contentUrl":"https:\/\/www.upjs.sk\/app\/uploads\/sites\/9\/2022\/09\/logo-lekarska-fakulta.png","width":415,"height":87,"caption":"Lek\u00e1rska fakulta | UPJ\u0160"},"image":{"@id":"https:\/\/www.upjs.sk\/lekarska-fakulta\/#\/schema\/logo\/image\/"}}]}},"_links":{"self":[{"href":"https:\/\/www.upjs.sk\/lekarska-fakulta\/wp-json\/wp\/v2\/pages\/16479","targetHints":{"allow":["GET"]}}],"collection":[{"href":"https:\/\/www.upjs.sk\/lekarska-fakulta\/wp-json\/wp\/v2\/pages"}],"about":[{"href":"https:\/\/www.upjs.sk\/lekarska-fakulta\/wp-json\/wp\/v2\/types\/page"}],"author":[{"embeddable":true,"href":"https:\/\/www.upjs.sk\/lekarska-fakulta\/wp-json\/wp\/v2\/users\/1"}],"replies":[{"embeddable":true,"href":"https:\/\/www.upjs.sk\/lekarska-fakulta\/wp-json\/wp\/v2\/comments?post=16479"}],"version-history":[{"count":17,"href":"https:\/\/www.upjs.sk\/lekarska-fakulta\/wp-json\/wp\/v2\/pages\/16479\/revisions"}],"predecessor-version":[{"id":144438,"href":"https:\/\/www.upjs.sk\/lekarska-fakulta\/wp-json\/wp\/v2\/pages\/16479\/revisions\/144438"}],"up":[{"embeddable":true,"href":"https:\/\/www.upjs.sk\/lekarska-fakulta\/wp-json\/wp\/v2\/pages\/16477"}],"wp:attachment":[{"href":"https:\/\/www.upjs.sk\/lekarska-fakulta\/wp-json\/wp\/v2\/media?parent=16479"}],"wp:term":[{"taxonomy":"category","embeddable":true,"href":"https:\/\/www.upjs.sk\/lekarska-fakulta\/wp-json\/wp\/v2\/categories?post=16479"},{"taxonomy":"post_tag","embeddable":true,"href":"https:\/\/www.upjs.sk\/lekarska-fakulta\/wp-json\/wp\/v2\/tags?post=16479"}],"curies":[{"name":"wp","href":"https:\/\/api.w.org\/{rel}","templated":true}]}}