{"id":16520,"date":"2012-11-23T11:02:19","date_gmt":"2012-11-23T11:02:19","guid":{"rendered":"https:\/\/www.upjs.sk\/lekarska-fakulta\/fakulta\/zo-zivota-fakulty\/oceneni-2010-2011\/"},"modified":"2023-01-20T15:27:54","modified_gmt":"2023-01-20T14:27:54","slug":"oceneni-2010-2011","status":"publish","type":"page","link":"https:\/\/www.upjs.sk\/lekarska-fakulta\/fakulta\/zo-zivota-fakulty\/oceneni-2010-2011\/","title":{"rendered":"Ocenen\u00ed \u0161tudenti a zamestnanci UPJ\u0160 LF v AR 2010\/2011"},"content":{"rendered":"\n<p><strong>Ocenen\u00fdm zamestnancom a \u0161tudentom Lek\u00e1rskej fakulty Univerzity Pavla Jozefa \u0160af\u00e1rika v Ko\u0161iciach srde\u010dne blaho\u017eel\u00e1me !<\/strong><\/p>\n\n\n\n<div class=\"wp-block-columns is-style-gapless is-layout-flex wp-container-core-columns-is-layout-9d6595d7 wp-block-columns-is-layout-flex\">\n<div class=\"wp-block-column is-content-justification-left is-layout-constrained wp-container-core-column-is-layout-8c890d92 wp-block-column-is-layout-constrained\" style=\"flex-basis:250px\"><style>.kb-image_c16398-ad .kb-image-has-overlay:after{opacity:0.3;}<\/style>\n<div class=\"wp-block-kadence-image kb-image_c16398-ad\"><figure class=\"alignleft size-full\"><img loading=\"lazy\" decoding=\"async\" width=\"945\" height=\"691\" src=\"https:\/\/www.upjs.sk\/app\/uploads\/sites\/9\/2023\/01\/certificate-empty.jpg\" alt=\"\" class=\"kb-img wp-image-73836\" srcset=\"https:\/\/www.upjs.sk\/app\/uploads\/sites\/9\/2023\/01\/certificate-empty.jpg 945w, https:\/\/www.upjs.sk\/app\/uploads\/sites\/9\/2023\/01\/certificate-empty-300x219.jpg 300w, https:\/\/www.upjs.sk\/app\/uploads\/sites\/9\/2023\/01\/certificate-empty-768x562.jpg 768w\" sizes=\"auto, (max-width: 945px) 100vw, 945px\" \/><\/figure><\/div>\n<\/div>\n\n\n\n<div class=\"wp-block-column is-vertically-aligned-bottom is-layout-flow wp-block-column-is-layout-flow\" style=\"flex-basis:75%\">\n<p><strong>prof. MUDr. Juraj Bober, CSc.<\/strong><\/p>\n\n\n\n<p>Cena prim\u00e1tora mesta Ko\u0161ice, Ko\u0161ice, 7. m\u00e1ja 2011<\/p>\n<\/div>\n<\/div>\n\n\n\n<div class=\"wp-block-columns is-style-gapless is-layout-flex wp-container-core-columns-is-layout-9d6595d7 wp-block-columns-is-layout-flex\">\n<div class=\"wp-block-column is-content-justification-left is-layout-constrained wp-container-core-column-is-layout-8c890d92 wp-block-column-is-layout-constrained\" style=\"flex-basis:250px\"><style>.kb-image_d81607-4b .kb-image-has-overlay:after{opacity:0.3;}<\/style>\n<div class=\"wp-block-kadence-image kb-image_d81607-4b\"><figure class=\"alignleft size-full\"><img loading=\"lazy\" decoding=\"async\" width=\"945\" height=\"691\" src=\"https:\/\/www.upjs.sk\/app\/uploads\/sites\/9\/2023\/01\/certificate-empty.jpg\" alt=\"\" class=\"kb-img wp-image-73836\" srcset=\"https:\/\/www.upjs.sk\/app\/uploads\/sites\/9\/2023\/01\/certificate-empty.jpg 945w, https:\/\/www.upjs.sk\/app\/uploads\/sites\/9\/2023\/01\/certificate-empty-300x219.jpg 300w, https:\/\/www.upjs.sk\/app\/uploads\/sites\/9\/2023\/01\/certificate-empty-768x562.jpg 768w\" sizes=\"auto, (max-width: 945px) 100vw, 945px\" \/><\/figure><\/div>\n<\/div>\n\n\n\n<div class=\"wp-block-column is-vertically-aligned-bottom is-layout-flow wp-block-column-is-layout-flow\" style=\"flex-basis:75%\">\n<p><strong>doc. MUDr. Gabriel Va\u0161ko, CSc.<\/strong><\/p>\n\n\n\n<p>Cena mesta Ko\u0161ice, Ko\u0161ice, 7. m\u00e1ja 2011<\/p>\n<\/div>\n<\/div>\n\n\n\n<div class=\"wp-block-columns is-style-gapless is-layout-flex wp-container-core-columns-is-layout-9d6595d7 wp-block-columns-is-layout-flex\">\n<div class=\"wp-block-column is-content-justification-left is-layout-constrained wp-container-core-column-is-layout-8c890d92 wp-block-column-is-layout-constrained\" style=\"flex-basis:250px\"><style>.kb-image_dcde42-c0 .kb-image-has-overlay:after{opacity:0.3;}<\/style>\n<div class=\"wp-block-kadence-image kb-image_dcde42-c0\"><figure class=\"alignleft size-full\"><img loading=\"lazy\" decoding=\"async\" width=\"960\" height=\"696\" src=\"https:\/\/www.upjs.sk\/app\/uploads\/sites\/9\/2022\/10\/1IK-CenaKosic.jpg\" alt=\"\" class=\"kb-img wp-image-27170\" srcset=\"https:\/\/www.upjs.sk\/app\/uploads\/sites\/9\/2022\/10\/1IK-CenaKosic.jpg 960w, https:\/\/www.upjs.sk\/app\/uploads\/sites\/9\/2022\/10\/1IK-CenaKosic-300x218.jpg 300w, https:\/\/www.upjs.sk\/app\/uploads\/sites\/9\/2022\/10\/1IK-CenaKosic-768x557.jpg 768w\" sizes=\"auto, (max-width: 960px) 100vw, 960px\" \/><\/figure><\/div>\n<\/div>\n\n\n\n<div class=\"wp-block-column is-vertically-aligned-bottom is-layout-flow wp-block-column-is-layout-flow\" style=\"flex-basis:75%\">\n<p><strong>1. intern\u00e1 klinika Univerzitnej nemocnice L. Pasteura Ko\u0161ice<\/strong><\/p>\n\n\n\n<p>Cena mesta Ko\u0161ice za poskytovanie vysoko kvalitnej diagnostickej a&nbsp;lie\u010debnej \u010dinnosti v internej medic\u00edne obyvate\u013eom Ko\u0161\u00edc a&nbsp;v\u00fdchodoslovensk\u00e9ho regi\u00f3nu, Ko\u0161ice, 7. m\u00e1ja 2011<\/p>\n<\/div>\n<\/div>\n\n\n\n<div class=\"wp-block-columns is-style-gapless is-layout-flex wp-container-core-columns-is-layout-9d6595d7 wp-block-columns-is-layout-flex\">\n<div class=\"wp-block-column is-content-justification-left is-layout-constrained wp-container-core-column-is-layout-8c890d92 wp-block-column-is-layout-constrained\" style=\"flex-basis:250px\"><style>.kb-image_0e21b9-d2 .kb-image-has-overlay:after{opacity:0.3;}<\/style>\n<div class=\"wp-block-kadence-image kb-image_0e21b9-d2\"><figure class=\"alignleft size-full\"><img loading=\"lazy\" decoding=\"async\" width=\"960\" height=\"671\" src=\"https:\/\/www.upjs.sk\/app\/uploads\/sites\/9\/2022\/10\/1KDD-CenaPrimatora.jpg\" alt=\"\" class=\"kb-img wp-image-27169\" srcset=\"https:\/\/www.upjs.sk\/app\/uploads\/sites\/9\/2022\/10\/1KDD-CenaPrimatora.jpg 960w, https:\/\/www.upjs.sk\/app\/uploads\/sites\/9\/2022\/10\/1KDD-CenaPrimatora-300x210.jpg 300w, https:\/\/www.upjs.sk\/app\/uploads\/sites\/9\/2022\/10\/1KDD-CenaPrimatora-768x537.jpg 768w\" sizes=\"auto, (max-width: 960px) 100vw, 960px\" \/><\/figure><\/div>\n<\/div>\n\n\n\n<div class=\"wp-block-column is-vertically-aligned-bottom is-layout-flow wp-block-column-is-layout-flow\" style=\"flex-basis:75%\">\n<p><strong>1. klinika det\u00ed a dorastu UPJ\u0160 LF a DFN v Ko\u0161iciach<\/strong><\/p>\n\n\n\n<p>Cena prim\u00e1tora mesta Ko\u0161ice za dosiahnut\u00e9 vynikaj\u00face v\u00fdsledky v&nbsp;oblasti pedagogiky, vedeck\u00e9ho v\u00fdskumu a lie\u010debno-prevent\u00edvnej starostlivosti, Ko\u0161ice, 7. m\u00e1ja 2011<\/p>\n<\/div>\n<\/div>\n\n\n\n<div class=\"wp-block-columns is-style-gapless is-layout-flex wp-container-core-columns-is-layout-9d6595d7 wp-block-columns-is-layout-flex\">\n<div class=\"wp-block-column is-content-justification-left is-layout-constrained wp-container-core-column-is-layout-8c890d92 wp-block-column-is-layout-constrained\" style=\"flex-basis:250px\"><style>.kb-image_6c969c-c7 .kb-image-has-overlay:after{opacity:0.3;}<\/style>\n<div class=\"wp-block-kadence-image kb-image_6c969c-c7\"><figure class=\"alignleft size-large\"><img loading=\"lazy\" decoding=\"async\" width=\"707\" height=\"1024\" src=\"https:\/\/www.upjs.sk\/app\/uploads\/sites\/9\/2022\/10\/Diplom-Pekarova-707x1024.jpg\" alt=\"\" class=\"kb-img wp-image-27168\" srcset=\"https:\/\/www.upjs.sk\/app\/uploads\/sites\/9\/2022\/10\/Diplom-Pekarova-707x1024.jpg 707w, https:\/\/www.upjs.sk\/app\/uploads\/sites\/9\/2022\/10\/Diplom-Pekarova-207x300.jpg 207w, https:\/\/www.upjs.sk\/app\/uploads\/sites\/9\/2022\/10\/Diplom-Pekarova-768x1112.jpg 768w, https:\/\/www.upjs.sk\/app\/uploads\/sites\/9\/2022\/10\/Diplom-Pekarova-1061x1536.jpg 1061w, https:\/\/www.upjs.sk\/app\/uploads\/sites\/9\/2022\/10\/Diplom-Pekarova-1414x2048.jpg 1414w, https:\/\/www.upjs.sk\/app\/uploads\/sites\/9\/2022\/10\/Diplom-Pekarova.jpg 1576w\" sizes=\"auto, (max-width: 707px) 100vw, 707px\" \/><\/figure><\/div>\n<\/div>\n\n\n\n<div class=\"wp-block-column is-vertically-aligned-bottom is-layout-flow wp-block-column-is-layout-flow\" style=\"flex-basis:75%\">\n<p><strong>T\u00edmea Pek\u00e1rov\u00e1, \u0160tefan T\u00f3th, Martin Bujdo\u0161<\/strong><\/p>\n\n\n\n<p>\u0161tudenti zapojen\u00ed do \u0160VO\u010c pod veden\u00edm RNDr. Vladim\u00edry Tome\u010dkovej, PhD., MUDr. J\u00e1na Vargu, MVDr. \u0160tefana T\u00f3tha, PhD a doc. MVDr. Jarmily Veselej, CSc.<\/p>\n\n\n\n<p>7<sup>th<\/sup> International Biomedical CROatian Student Summit University of Zagreb, Chorv\u00e1tsko, 13. \u2013 16. apr\u00edla 2011<br>1. miesto, Poster presentation<\/p>\n<\/div>\n<\/div>\n\n\n\n<div class=\"wp-block-columns is-style-gapless is-layout-flex wp-container-core-columns-is-layout-9d6595d7 wp-block-columns-is-layout-flex\">\n<div class=\"wp-block-column is-content-justification-left is-layout-constrained wp-container-core-column-is-layout-8c890d92 wp-block-column-is-layout-constrained\" style=\"flex-basis:250px\"><style>.kb-image_73c55a-e7 .kb-image-has-overlay:after{opacity:0.3;}<\/style>\n<div class=\"wp-block-kadence-image kb-image_73c55a-e7\"><figure class=\"alignleft size-full\"><img loading=\"lazy\" decoding=\"async\" width=\"950\" height=\"691\" src=\"https:\/\/www.upjs.sk\/app\/uploads\/sites\/9\/2022\/10\/Medaila-Kmetova.jpg\" alt=\"\" class=\"kb-img wp-image-27179\" srcset=\"https:\/\/www.upjs.sk\/app\/uploads\/sites\/9\/2022\/10\/Medaila-Kmetova.jpg 950w, https:\/\/www.upjs.sk\/app\/uploads\/sites\/9\/2022\/10\/Medaila-Kmetova-300x218.jpg 300w, https:\/\/www.upjs.sk\/app\/uploads\/sites\/9\/2022\/10\/Medaila-Kmetova-768x559.jpg 768w\" sizes=\"auto, (max-width: 950px) 100vw, 950px\" \/><\/figure><\/div>\n<\/div>\n\n\n\n<div class=\"wp-block-column is-vertically-aligned-bottom is-layout-flow wp-block-column-is-layout-flow\" style=\"flex-basis:75%\">\n<p><strong>Doc. RNDr. Marta Kme\u0165ov\u00e1, CSc., mim. prof.<\/strong><\/p>\n\n\n\n<p>Udelenie bronzovej medaily SLS za z\u00e1sluhy o Slovensk\u00fa lek\u00e1rsku spolo\u010dnos\u0165<\/p>\n\n\n\n<p>XIX. Moravsko-slovensk\u00e9 mikrobiologick\u00e9 dni, \u017dilina, 11. marca 2011<\/p>\n<\/div>\n<\/div>\n\n\n\n<div class=\"wp-block-columns is-style-gapless is-layout-flex wp-container-core-columns-is-layout-9d6595d7 wp-block-columns-is-layout-flex\">\n<div class=\"wp-block-column is-content-justification-left is-layout-constrained wp-container-core-column-is-layout-8c890d92 wp-block-column-is-layout-constrained\" style=\"flex-basis:250px\"><style>.kb-image_bc4a04-83 .kb-image-has-overlay:after{opacity:0.3;}<\/style>\n<div class=\"wp-block-kadence-image kb-image_bc4a04-83\"><figure class=\"alignleft size-large\"><img loading=\"lazy\" decoding=\"async\" width=\"744\" height=\"1024\" src=\"https:\/\/www.upjs.sk\/app\/uploads\/sites\/9\/2022\/10\/Diplom-Frankovicova-744x1024.jpg\" alt=\"\" class=\"kb-img wp-image-27175\" srcset=\"https:\/\/www.upjs.sk\/app\/uploads\/sites\/9\/2022\/10\/Diplom-Frankovicova-744x1024.jpg 744w, https:\/\/www.upjs.sk\/app\/uploads\/sites\/9\/2022\/10\/Diplom-Frankovicova-218x300.jpg 218w, https:\/\/www.upjs.sk\/app\/uploads\/sites\/9\/2022\/10\/Diplom-Frankovicova-768x1057.jpg 768w, https:\/\/www.upjs.sk\/app\/uploads\/sites\/9\/2022\/10\/Diplom-Frankovicova-1117x1536.jpg 1117w, https:\/\/www.upjs.sk\/app\/uploads\/sites\/9\/2022\/10\/Diplom-Frankovicova.jpg 1275w\" sizes=\"auto, (max-width: 744px) 100vw, 744px\" \/><\/figure><\/div>\n\n\n<style>.kb-image_16a73e-5f .kb-image-has-overlay:after{opacity:0.3;}<\/style>\n<div class=\"wp-block-kadence-image kb-image_16a73e-5f\"><figure class=\"alignleft size-large\"><img loading=\"lazy\" decoding=\"async\" width=\"744\" height=\"1024\" src=\"https:\/\/www.upjs.sk\/app\/uploads\/sites\/9\/2022\/10\/Ocenenie-Frankovicova-744x1024.jpg\" alt=\"\" class=\"kb-img wp-image-27176\" srcset=\"https:\/\/www.upjs.sk\/app\/uploads\/sites\/9\/2022\/10\/Ocenenie-Frankovicova-744x1024.jpg 744w, https:\/\/www.upjs.sk\/app\/uploads\/sites\/9\/2022\/10\/Ocenenie-Frankovicova-218x300.jpg 218w, https:\/\/www.upjs.sk\/app\/uploads\/sites\/9\/2022\/10\/Ocenenie-Frankovicova-768x1057.jpg 768w, https:\/\/www.upjs.sk\/app\/uploads\/sites\/9\/2022\/10\/Ocenenie-Frankovicova-1117x1536.jpg 1117w, https:\/\/www.upjs.sk\/app\/uploads\/sites\/9\/2022\/10\/Ocenenie-Frankovicova.jpg 1275w\" sizes=\"auto, (max-width: 744px) 100vw, 744px\" \/><\/figure><\/div>\n<\/div>\n\n\n\n<div class=\"wp-block-column is-vertically-aligned-bottom is-layout-flow wp-block-column-is-layout-flow\" style=\"flex-basis:75%\">\n<p><strong>prof. MUDr. M\u00e1ria Frankovi\u010dov\u00e1, PhD.<\/strong><\/p>\n\n\n\n<p>ocenenie Kri\u0161t\u00e1\u013eov\u00e9 kr\u00eddlo za rok 2010 v kateg\u00f3rii Medic\u00edna a veda, Bratislava, 17. janu\u00e1ra 2011<\/p>\n<\/div>\n<\/div>\n\n\n\n<div class=\"wp-block-columns is-style-gapless is-layout-flex wp-container-core-columns-is-layout-9d6595d7 wp-block-columns-is-layout-flex\">\n<div class=\"wp-block-column is-content-justification-left is-layout-constrained wp-container-core-column-is-layout-8c890d92 wp-block-column-is-layout-constrained\" style=\"flex-basis:250px\"><style>.kb-image_e47d75-63 .kb-image-has-overlay:after{opacity:0.3;}<\/style>\n<div class=\"wp-block-kadence-image kb-image_e47d75-63\"><figure class=\"alignleft size-large\"><img loading=\"lazy\" decoding=\"async\" width=\"744\" height=\"1024\" src=\"https:\/\/www.upjs.sk\/app\/uploads\/sites\/9\/2022\/10\/Certifikat-Gajdos-744x1024.jpg\" alt=\"\" class=\"kb-img wp-image-27167\" srcset=\"https:\/\/www.upjs.sk\/app\/uploads\/sites\/9\/2022\/10\/Certifikat-Gajdos-744x1024.jpg 744w, https:\/\/www.upjs.sk\/app\/uploads\/sites\/9\/2022\/10\/Certifikat-Gajdos-218x300.jpg 218w, https:\/\/www.upjs.sk\/app\/uploads\/sites\/9\/2022\/10\/Certifikat-Gajdos-768x1057.jpg 768w, https:\/\/www.upjs.sk\/app\/uploads\/sites\/9\/2022\/10\/Certifikat-Gajdos-1116x1536.jpg 1116w, https:\/\/www.upjs.sk\/app\/uploads\/sites\/9\/2022\/10\/Certifikat-Gajdos-1488x2048.jpg 1488w, https:\/\/www.upjs.sk\/app\/uploads\/sites\/9\/2022\/10\/Certifikat-Gajdos.jpg 1700w\" sizes=\"auto, (max-width: 744px) 100vw, 744px\" \/><\/figure><\/div>\n<\/div>\n\n\n\n<div class=\"wp-block-column is-vertically-aligned-bottom is-layout-flow wp-block-column-is-layout-flow\" style=\"flex-basis:75%\">\n<p><strong>Juraj Gajdo\u0161, Martin Bujdo\u0161, \u0160tefan T\u00f3th, Milan Maretta<\/strong><\/p>\n\n\n\n<p>\u0161tudenti zapojen\u00ed do \u0160VO\u010c pod veden\u00edm prof. MVDr. Mikul\u00e1\u0161a Pomfyho, CSc.<sup>\u2020<\/sup>, MVDr. \u0160tefana T\u00f3tha, PhD., MUDr. J\u00e1na Vargu a MUDr. Pavla Sta\u0161ka<\/p>\n\n\n\n<p>21<sup>st<\/sup> European Students\u00b4 Conference, Berl\u00edn, Nemecko, 13. \u2013 17. okt\u00f3ber 2010<br>3. miesto, Surgery session, Poster presentation<\/p>\n<\/div>\n<\/div>\n","protected":false},"excerpt":{"rendered":"<p>Ocenen\u00fdm zamestnancom a \u0161tudentom Lek\u00e1rskej fakulty Univerzity Pavla Jozefa \u0160af\u00e1rika v Ko\u0161iciach srde\u010dne blaho\u017eel\u00e1me ! prof. MUDr. Juraj Bober, CSc. Cena prim\u00e1tora mesta Ko\u0161ice, Ko\u0161ice, 7. m\u00e1ja 2011 doc. MUDr. Gabriel Va\u0161ko, CSc. Cena mesta Ko\u0161ice, Ko\u0161ice, 7. m\u00e1ja 2011 1. intern\u00e1 klinika Univerzitnej nemocnice L. Pasteura Ko\u0161ice Cena mesta Ko\u0161ice za poskytovanie vysoko kvalitnej &hellip; <a href=\"https:\/\/www.upjs.sk\/lekarska-fakulta\/fakulta\/zo-zivota-fakulty\/oceneni-2010-2011\/\">\u010c\u00edta\u0165 \u010falej<\/a><\/p>\n","protected":false},"author":1,"featured_media":16521,"parent":13722,"menu_order":32,"comment_status":"closed","ping_status":"closed","template":"","meta":{"_acf_changed":false,"_editorskit_title_hidden":false,"_editorskit_reading_time":0,"_editorskit_is_block_options_detached":false,"_editorskit_block_options_position":"{}","footnotes":""},"categories":[],"tags":[],"class_list":["post-16520","page","type-page","status-publish","has-post-thumbnail","hentry"],"acf":{"acf_link_na_externy_obsah":""},"yoast_head":"<!-- This site is optimized with the Yoast SEO plugin v27.4 - https:\/\/yoast.com\/product\/yoast-seo-wordpress\/ -->\n<title>Ocenen\u00ed \u0161tudenti a zamestnanci UPJ\u0160 LF v AR 2010\/2011 - Lek\u00e1rska fakulta | UPJ\u0160<\/title>\n<meta name=\"robots\" content=\"index, follow, max-snippet:-1, max-image-preview:large, max-video-preview:-1\" \/>\n<link rel=\"canonical\" href=\"https:\/\/www.upjs.sk\/lekarska-fakulta\/fakulta\/zo-zivota-fakulty\/oceneni-2010-2011\/\" \/>\n<meta property=\"og:locale\" content=\"sk_SK\" \/>\n<meta property=\"og:type\" content=\"article\" \/>\n<meta property=\"og:title\" content=\"Ocenen\u00ed \u0161tudenti a zamestnanci UPJ\u0160 LF v AR 2010\/2011 - Lek\u00e1rska fakulta | UPJ\u0160\" \/>\n<meta property=\"og:description\" content=\"Ocenen\u00fdm zamestnancom a \u0161tudentom Lek\u00e1rskej fakulty Univerzity Pavla Jozefa \u0160af\u00e1rika v Ko\u0161iciach srde\u010dne blaho\u017eel\u00e1me ! prof. MUDr. Juraj Bober, CSc. Cena prim\u00e1tora mesta Ko\u0161ice, Ko\u0161ice, 7. m\u00e1ja 2011 doc. MUDr. Gabriel Va\u0161ko, CSc. Cena mesta Ko\u0161ice, Ko\u0161ice, 7. m\u00e1ja 2011 1. intern\u00e1 klinika Univerzitnej nemocnice L. Pasteura Ko\u0161ice Cena mesta Ko\u0161ice za poskytovanie vysoko kvalitnej &hellip; \u010c\u00edta\u0165 \u010falej\" \/>\n<meta property=\"og:url\" content=\"https:\/\/www.upjs.sk\/lekarska-fakulta\/fakulta\/zo-zivota-fakulty\/oceneni-2010-2011\/\" \/>\n<meta property=\"og:site_name\" content=\"Lek\u00e1rska fakulta | UPJ\u0160\" \/>\n<meta property=\"article:modified_time\" content=\"2023-01-20T14:27:54+00:00\" \/>\n<meta property=\"og:image\" content=\"https:\/\/www.upjs.sk\/app\/uploads\/sites\/9\/2022\/09\/1IK-CenaKosic-thumb.jpg\" \/>\n\t<meta property=\"og:image:width\" content=\"150\" \/>\n\t<meta property=\"og:image:height\" content=\"109\" \/>\n\t<meta property=\"og:image:type\" content=\"image\/jpeg\" \/>\n<meta name=\"twitter:card\" content=\"summary_large_image\" \/>\n<meta name=\"twitter:label1\" content=\"Predpokladan\u00fd \u010das \u010d\u00edtania\" \/>\n\t<meta name=\"twitter:data1\" content=\"4 min\u00faty\" \/>\n<script type=\"application\/ld+json\" class=\"yoast-schema-graph\">{\"@context\":\"https:\\\/\\\/schema.org\",\"@graph\":[{\"@type\":\"WebPage\",\"@id\":\"https:\\\/\\\/www.upjs.sk\\\/lekarska-fakulta\\\/fakulta\\\/zo-zivota-fakulty\\\/oceneni-2010-2011\\\/\",\"url\":\"https:\\\/\\\/www.upjs.sk\\\/lekarska-fakulta\\\/fakulta\\\/zo-zivota-fakulty\\\/oceneni-2010-2011\\\/\",\"name\":\"Ocenen\u00ed \u0161tudenti a zamestnanci UPJ\u0160 LF v AR 2010\\\/2011 - Lek\u00e1rska fakulta | UPJ\u0160\",\"isPartOf\":{\"@id\":\"https:\\\/\\\/www.upjs.sk\\\/lekarska-fakulta\\\/#website\"},\"primaryImageOfPage\":{\"@id\":\"https:\\\/\\\/www.upjs.sk\\\/lekarska-fakulta\\\/fakulta\\\/zo-zivota-fakulty\\\/oceneni-2010-2011\\\/#primaryimage\"},\"image\":{\"@id\":\"https:\\\/\\\/www.upjs.sk\\\/lekarska-fakulta\\\/fakulta\\\/zo-zivota-fakulty\\\/oceneni-2010-2011\\\/#primaryimage\"},\"thumbnailUrl\":\"https:\\\/\\\/www.upjs.sk\\\/app\\\/uploads\\\/sites\\\/9\\\/2022\\\/09\\\/1IK-CenaKosic-thumb.jpg\",\"datePublished\":\"2012-11-23T11:02:19+00:00\",\"dateModified\":\"2023-01-20T14:27:54+00:00\",\"breadcrumb\":{\"@id\":\"https:\\\/\\\/www.upjs.sk\\\/lekarska-fakulta\\\/fakulta\\\/zo-zivota-fakulty\\\/oceneni-2010-2011\\\/#breadcrumb\"},\"inLanguage\":\"sk-SK\",\"potentialAction\":[{\"@type\":\"ReadAction\",\"target\":[\"https:\\\/\\\/www.upjs.sk\\\/lekarska-fakulta\\\/fakulta\\\/zo-zivota-fakulty\\\/oceneni-2010-2011\\\/\"]}]},{\"@type\":\"ImageObject\",\"inLanguage\":\"sk-SK\",\"@id\":\"https:\\\/\\\/www.upjs.sk\\\/lekarska-fakulta\\\/fakulta\\\/zo-zivota-fakulty\\\/oceneni-2010-2011\\\/#primaryimage\",\"url\":\"https:\\\/\\\/www.upjs.sk\\\/app\\\/uploads\\\/sites\\\/9\\\/2022\\\/09\\\/1IK-CenaKosic-thumb.jpg\",\"contentUrl\":\"https:\\\/\\\/www.upjs.sk\\\/app\\\/uploads\\\/sites\\\/9\\\/2022\\\/09\\\/1IK-CenaKosic-thumb.jpg\",\"width\":150,\"height\":109},{\"@type\":\"BreadcrumbList\",\"@id\":\"https:\\\/\\\/www.upjs.sk\\\/lekarska-fakulta\\\/fakulta\\\/zo-zivota-fakulty\\\/oceneni-2010-2011\\\/#breadcrumb\",\"itemListElement\":[{\"@type\":\"ListItem\",\"position\":1,\"name\":\"Home\",\"item\":\"https:\\\/\\\/www.upjs.sk\\\/lekarska-fakulta\\\/\"},{\"@type\":\"ListItem\",\"position\":2,\"name\":\"O fakulte\",\"item\":\"https:\\\/\\\/www.upjs.sk\\\/lekarska-fakulta\\\/fakulta\\\/\"},{\"@type\":\"ListItem\",\"position\":3,\"name\":\"Zo \u017eivota fakulty\",\"item\":\"https:\\\/\\\/www.upjs.sk\\\/lekarska-fakulta\\\/fakulta\\\/zo-zivota-fakulty\\\/\"},{\"@type\":\"ListItem\",\"position\":4,\"name\":\"Ocenen\u00ed \u0161tudenti a zamestnanci UPJ\u0160 LF v AR 2010\\\/2011\"}]},{\"@type\":\"WebSite\",\"@id\":\"https:\\\/\\\/www.upjs.sk\\\/lekarska-fakulta\\\/#website\",\"url\":\"https:\\\/\\\/www.upjs.sk\\\/lekarska-fakulta\\\/\",\"name\":\"Lek\u00e1rska fakulta | UPJ\u0160\",\"description\":\"\",\"publisher\":{\"@id\":\"https:\\\/\\\/www.upjs.sk\\\/lekarska-fakulta\\\/#organization\"},\"potentialAction\":[{\"@type\":\"SearchAction\",\"target\":{\"@type\":\"EntryPoint\",\"urlTemplate\":\"https:\\\/\\\/www.upjs.sk\\\/lekarska-fakulta\\\/?s={search_term_string}\"},\"query-input\":{\"@type\":\"PropertyValueSpecification\",\"valueRequired\":true,\"valueName\":\"search_term_string\"}}],\"inLanguage\":\"sk-SK\"},{\"@type\":\"Organization\",\"@id\":\"https:\\\/\\\/www.upjs.sk\\\/lekarska-fakulta\\\/#organization\",\"name\":\"Lek\u00e1rska fakulta | UPJ\u0160\",\"url\":\"https:\\\/\\\/www.upjs.sk\\\/lekarska-fakulta\\\/\",\"logo\":{\"@type\":\"ImageObject\",\"inLanguage\":\"sk-SK\",\"@id\":\"https:\\\/\\\/www.upjs.sk\\\/lekarska-fakulta\\\/#\\\/schema\\\/logo\\\/image\\\/\",\"url\":\"https:\\\/\\\/www.upjs.sk\\\/app\\\/uploads\\\/sites\\\/9\\\/2022\\\/09\\\/logo-lekarska-fakulta.png\",\"contentUrl\":\"https:\\\/\\\/www.upjs.sk\\\/app\\\/uploads\\\/sites\\\/9\\\/2022\\\/09\\\/logo-lekarska-fakulta.png\",\"width\":415,\"height\":87,\"caption\":\"Lek\u00e1rska fakulta | UPJ\u0160\"},\"image\":{\"@id\":\"https:\\\/\\\/www.upjs.sk\\\/lekarska-fakulta\\\/#\\\/schema\\\/logo\\\/image\\\/\"}}]}<\/script>\n<!-- \/ Yoast SEO plugin. -->","yoast_head_json":{"title":"Ocenen\u00ed \u0161tudenti a zamestnanci UPJ\u0160 LF v AR 2010\/2011 - Lek\u00e1rska fakulta | UPJ\u0160","robots":{"index":"index","follow":"follow","max-snippet":"max-snippet:-1","max-image-preview":"max-image-preview:large","max-video-preview":"max-video-preview:-1"},"canonical":"https:\/\/www.upjs.sk\/lekarska-fakulta\/fakulta\/zo-zivota-fakulty\/oceneni-2010-2011\/","og_locale":"sk_SK","og_type":"article","og_title":"Ocenen\u00ed \u0161tudenti a zamestnanci UPJ\u0160 LF v AR 2010\/2011 - Lek\u00e1rska fakulta | UPJ\u0160","og_description":"Ocenen\u00fdm zamestnancom a \u0161tudentom Lek\u00e1rskej fakulty Univerzity Pavla Jozefa \u0160af\u00e1rika v Ko\u0161iciach srde\u010dne blaho\u017eel\u00e1me ! prof. MUDr. Juraj Bober, CSc. Cena prim\u00e1tora mesta Ko\u0161ice, Ko\u0161ice, 7. m\u00e1ja 2011 doc. MUDr. Gabriel Va\u0161ko, CSc. Cena mesta Ko\u0161ice, Ko\u0161ice, 7. m\u00e1ja 2011 1. intern\u00e1 klinika Univerzitnej nemocnice L. Pasteura Ko\u0161ice Cena mesta Ko\u0161ice za poskytovanie vysoko kvalitnej &hellip; \u010c\u00edta\u0165 \u010falej","og_url":"https:\/\/www.upjs.sk\/lekarska-fakulta\/fakulta\/zo-zivota-fakulty\/oceneni-2010-2011\/","og_site_name":"Lek\u00e1rska fakulta | UPJ\u0160","article_modified_time":"2023-01-20T14:27:54+00:00","og_image":[{"width":150,"height":109,"url":"https:\/\/www.upjs.sk\/app\/uploads\/sites\/9\/2022\/09\/1IK-CenaKosic-thumb.jpg","type":"image\/jpeg"}],"twitter_card":"summary_large_image","twitter_misc":{"Predpokladan\u00fd \u010das \u010d\u00edtania":"4 min\u00faty"},"schema":{"@context":"https:\/\/schema.org","@graph":[{"@type":"WebPage","@id":"https:\/\/www.upjs.sk\/lekarska-fakulta\/fakulta\/zo-zivota-fakulty\/oceneni-2010-2011\/","url":"https:\/\/www.upjs.sk\/lekarska-fakulta\/fakulta\/zo-zivota-fakulty\/oceneni-2010-2011\/","name":"Ocenen\u00ed \u0161tudenti a zamestnanci UPJ\u0160 LF v AR 2010\/2011 - Lek\u00e1rska fakulta | UPJ\u0160","isPartOf":{"@id":"https:\/\/www.upjs.sk\/lekarska-fakulta\/#website"},"primaryImageOfPage":{"@id":"https:\/\/www.upjs.sk\/lekarska-fakulta\/fakulta\/zo-zivota-fakulty\/oceneni-2010-2011\/#primaryimage"},"image":{"@id":"https:\/\/www.upjs.sk\/lekarska-fakulta\/fakulta\/zo-zivota-fakulty\/oceneni-2010-2011\/#primaryimage"},"thumbnailUrl":"https:\/\/www.upjs.sk\/app\/uploads\/sites\/9\/2022\/09\/1IK-CenaKosic-thumb.jpg","datePublished":"2012-11-23T11:02:19+00:00","dateModified":"2023-01-20T14:27:54+00:00","breadcrumb":{"@id":"https:\/\/www.upjs.sk\/lekarska-fakulta\/fakulta\/zo-zivota-fakulty\/oceneni-2010-2011\/#breadcrumb"},"inLanguage":"sk-SK","potentialAction":[{"@type":"ReadAction","target":["https:\/\/www.upjs.sk\/lekarska-fakulta\/fakulta\/zo-zivota-fakulty\/oceneni-2010-2011\/"]}]},{"@type":"ImageObject","inLanguage":"sk-SK","@id":"https:\/\/www.upjs.sk\/lekarska-fakulta\/fakulta\/zo-zivota-fakulty\/oceneni-2010-2011\/#primaryimage","url":"https:\/\/www.upjs.sk\/app\/uploads\/sites\/9\/2022\/09\/1IK-CenaKosic-thumb.jpg","contentUrl":"https:\/\/www.upjs.sk\/app\/uploads\/sites\/9\/2022\/09\/1IK-CenaKosic-thumb.jpg","width":150,"height":109},{"@type":"BreadcrumbList","@id":"https:\/\/www.upjs.sk\/lekarska-fakulta\/fakulta\/zo-zivota-fakulty\/oceneni-2010-2011\/#breadcrumb","itemListElement":[{"@type":"ListItem","position":1,"name":"Home","item":"https:\/\/www.upjs.sk\/lekarska-fakulta\/"},{"@type":"ListItem","position":2,"name":"O fakulte","item":"https:\/\/www.upjs.sk\/lekarska-fakulta\/fakulta\/"},{"@type":"ListItem","position":3,"name":"Zo \u017eivota fakulty","item":"https:\/\/www.upjs.sk\/lekarska-fakulta\/fakulta\/zo-zivota-fakulty\/"},{"@type":"ListItem","position":4,"name":"Ocenen\u00ed \u0161tudenti a zamestnanci UPJ\u0160 LF v AR 2010\/2011"}]},{"@type":"WebSite","@id":"https:\/\/www.upjs.sk\/lekarska-fakulta\/#website","url":"https:\/\/www.upjs.sk\/lekarska-fakulta\/","name":"Lek\u00e1rska fakulta | UPJ\u0160","description":"","publisher":{"@id":"https:\/\/www.upjs.sk\/lekarska-fakulta\/#organization"},"potentialAction":[{"@type":"SearchAction","target":{"@type":"EntryPoint","urlTemplate":"https:\/\/www.upjs.sk\/lekarska-fakulta\/?s={search_term_string}"},"query-input":{"@type":"PropertyValueSpecification","valueRequired":true,"valueName":"search_term_string"}}],"inLanguage":"sk-SK"},{"@type":"Organization","@id":"https:\/\/www.upjs.sk\/lekarska-fakulta\/#organization","name":"Lek\u00e1rska fakulta | UPJ\u0160","url":"https:\/\/www.upjs.sk\/lekarska-fakulta\/","logo":{"@type":"ImageObject","inLanguage":"sk-SK","@id":"https:\/\/www.upjs.sk\/lekarska-fakulta\/#\/schema\/logo\/image\/","url":"https:\/\/www.upjs.sk\/app\/uploads\/sites\/9\/2022\/09\/logo-lekarska-fakulta.png","contentUrl":"https:\/\/www.upjs.sk\/app\/uploads\/sites\/9\/2022\/09\/logo-lekarska-fakulta.png","width":415,"height":87,"caption":"Lek\u00e1rska fakulta | UPJ\u0160"},"image":{"@id":"https:\/\/www.upjs.sk\/lekarska-fakulta\/#\/schema\/logo\/image\/"}}]}},"_links":{"self":[{"href":"https:\/\/www.upjs.sk\/lekarska-fakulta\/wp-json\/wp\/v2\/pages\/16520","targetHints":{"allow":["GET"]}}],"collection":[{"href":"https:\/\/www.upjs.sk\/lekarska-fakulta\/wp-json\/wp\/v2\/pages"}],"about":[{"href":"https:\/\/www.upjs.sk\/lekarska-fakulta\/wp-json\/wp\/v2\/types\/page"}],"author":[{"embeddable":true,"href":"https:\/\/www.upjs.sk\/lekarska-fakulta\/wp-json\/wp\/v2\/users\/1"}],"replies":[{"embeddable":true,"href":"https:\/\/www.upjs.sk\/lekarska-fakulta\/wp-json\/wp\/v2\/comments?post=16520"}],"version-history":[{"count":5,"href":"https:\/\/www.upjs.sk\/lekarska-fakulta\/wp-json\/wp\/v2\/pages\/16520\/revisions"}],"predecessor-version":[{"id":73877,"href":"https:\/\/www.upjs.sk\/lekarska-fakulta\/wp-json\/wp\/v2\/pages\/16520\/revisions\/73877"}],"up":[{"embeddable":true,"href":"https:\/\/www.upjs.sk\/lekarska-fakulta\/wp-json\/wp\/v2\/pages\/13722"}],"wp:featuredmedia":[{"embeddable":true,"href":"https:\/\/www.upjs.sk\/lekarska-fakulta\/wp-json\/wp\/v2\/media\/16521"}],"wp:attachment":[{"href":"https:\/\/www.upjs.sk\/lekarska-fakulta\/wp-json\/wp\/v2\/media?parent=16520"}],"wp:term":[{"taxonomy":"category","embeddable":true,"href":"https:\/\/www.upjs.sk\/lekarska-fakulta\/wp-json\/wp\/v2\/categories?post=16520"},{"taxonomy":"post_tag","embeddable":true,"href":"https:\/\/www.upjs.sk\/lekarska-fakulta\/wp-json\/wp\/v2\/tags?post=16520"}],"curies":[{"name":"wp","href":"https:\/\/api.w.org\/{rel}","templated":true}]}}