{"id":16561,"date":"2016-08-22T09:41:33","date_gmt":"2016-08-22T09:41:20","guid":{"rendered":"https:\/\/www.upjs.sk\/lekarska-fakulta\/fakulta\/zo-zivota-fakulty\/oceneni-2015-2016\/"},"modified":"2023-01-20T11:00:13","modified_gmt":"2023-01-20T10:00:13","slug":"oceneni-2015-2016","status":"publish","type":"page","link":"https:\/\/www.upjs.sk\/lekarska-fakulta\/fakulta\/zo-zivota-fakulty\/oceneni-2015-2016\/","title":{"rendered":"Ocenen\u00ed \u0161tudenti a zamestnanci UPJ\u0160 LF v AR 2015\/2016"},"content":{"rendered":"\n<p><strong>Ocenen\u00fdm zamestnancom a \u0161tudentom Lek\u00e1rskej fakulty Univerzity Pavla Jozefa \u0160af\u00e1rika v&nbsp;Ko\u0161iciach srde\u010dne blaho\u017eel\u00e1me !<\/strong><\/p>\n\n\n\n<div class=\"wp-block-columns is-style-gapless is-layout-flex wp-container-core-columns-is-layout-9d6595d7 wp-block-columns-is-layout-flex\">\n<div class=\"wp-block-column is-content-justification-left is-layout-constrained wp-container-core-column-is-layout-8c890d92 wp-block-column-is-layout-constrained\" style=\"flex-basis:250px\"><style>.kb-image_c16398-ad .kb-image-has-overlay:after{opacity:0.3;}<\/style>\n<div class=\"wp-block-kadence-image kb-image_c16398-ad\"><figure class=\"alignleft size-medium\"><img loading=\"lazy\" decoding=\"async\" width=\"300\" height=\"190\" src=\"https:\/\/www.upjs.sk\/app\/uploads\/sites\/9\/2022\/10\/Kuchta-SLS-2016-300x190.jpg\" alt=\"\" class=\"kb-img wp-image-27198\" srcset=\"https:\/\/www.upjs.sk\/app\/uploads\/sites\/9\/2022\/10\/Kuchta-SLS-2016-300x190.jpg 300w, https:\/\/www.upjs.sk\/app\/uploads\/sites\/9\/2022\/10\/Kuchta-SLS-2016.jpg 754w\" sizes=\"auto, (max-width: 300px) 100vw, 300px\" \/><\/figure><\/div>\n<\/div>\n\n\n\n<div class=\"wp-block-column is-vertically-aligned-bottom is-layout-flow wp-block-column-is-layout-flow\" style=\"flex-basis:75%\">\n<p><strong><br>Doc. MUDr. Milan Kuchta, CSc., mim. prof.<\/strong><br>profesor Kliniky det\u00ed a dorastu UPJ\u0160 LF a DFN<\/p>\n\n\n\n<p>Zlat\u00e1 medaila za z\u00e1sluhy o Slovensk\u00fa lek\u00e1rsku spolo\u010dnos\u0165<br>Bratislava, 2. j\u00fan 2016 &nbsp;<\/p>\n<\/div>\n<\/div>\n\n\n\n<div class=\"wp-block-columns is-style-gapless is-layout-flex wp-container-core-columns-is-layout-9d6595d7 wp-block-columns-is-layout-flex\">\n<div class=\"wp-block-column is-content-justification-left is-layout-constrained wp-container-core-column-is-layout-8c890d92 wp-block-column-is-layout-constrained\" style=\"flex-basis:250px\"><style>.kb-image_62b6da-a5 .kb-image-has-overlay:after{opacity:0.3;}<\/style>\n<div class=\"wp-block-kadence-image kb-image_62b6da-a5\"><figure class=\"alignleft size-large\"><img loading=\"lazy\" decoding=\"async\" width=\"791\" height=\"1024\" src=\"https:\/\/www.upjs.sk\/app\/uploads\/sites\/9\/2022\/10\/Tohatyova-Dubai-2016-791x1024.jpg\" alt=\"\" class=\"kb-img wp-image-27195\" srcset=\"https:\/\/www.upjs.sk\/app\/uploads\/sites\/9\/2022\/10\/Tohatyova-Dubai-2016-791x1024.jpg 791w, https:\/\/www.upjs.sk\/app\/uploads\/sites\/9\/2022\/10\/Tohatyova-Dubai-2016-232x300.jpg 232w, https:\/\/www.upjs.sk\/app\/uploads\/sites\/9\/2022\/10\/Tohatyova-Dubai-2016-768x995.jpg 768w, https:\/\/www.upjs.sk\/app\/uploads\/sites\/9\/2022\/10\/Tohatyova-Dubai-2016.jpg 918w\" sizes=\"auto, (max-width: 791px) 100vw, 791px\" \/><\/figure><\/div>\n<\/div>\n\n\n\n<div class=\"wp-block-column is-vertically-aligned-bottom is-layout-flow wp-block-column-is-layout-flow\" style=\"flex-basis:75%\">\n<p><strong>MUDr. Al\u017ebeta T\u00f3h\u00e1tyov\u00e1<\/strong><br>asistentka Kliniky det\u00ed a dorastu UPJ\u0160 LF a DFN<\/p>\n\n\n\n<p>Medzin\u00e1rodn\u00fd kongres prim\u00e1rnej zdravotnej starostlivosti 25-27. Apr\u00edl 2016, Dubai, UAE<br>Annual Congress &amp; Medicare Expo on Primary Healthcare<br>Sekcia mlad\u00fdch v\u00fdskumn\u00edkov &nbsp;<\/p>\n<\/div>\n<\/div>\n\n\n\n<div class=\"wp-block-columns is-style-gapless is-layout-flex wp-container-core-columns-is-layout-9d6595d7 wp-block-columns-is-layout-flex\">\n<div class=\"wp-block-column is-content-justification-left is-layout-constrained wp-container-core-column-is-layout-8c890d92 wp-block-column-is-layout-constrained\" style=\"flex-basis:250px\"><style>.kb-image_8fe185-ac .kb-image-has-overlay:after{opacity:0.3;}<\/style>\n<div class=\"wp-block-kadence-image kb-image_8fe185-ac\"><figure class=\"alignleft size-large\"><img loading=\"lazy\" decoding=\"async\" width=\"808\" height=\"1024\" src=\"https:\/\/www.upjs.sk\/app\/uploads\/sites\/9\/2022\/10\/Schusterova-Dubai-2016-808x1024.jpg\" alt=\"\" class=\"kb-img wp-image-27197\" srcset=\"https:\/\/www.upjs.sk\/app\/uploads\/sites\/9\/2022\/10\/Schusterova-Dubai-2016-808x1024.jpg 808w, https:\/\/www.upjs.sk\/app\/uploads\/sites\/9\/2022\/10\/Schusterova-Dubai-2016-237x300.jpg 237w, https:\/\/www.upjs.sk\/app\/uploads\/sites\/9\/2022\/10\/Schusterova-Dubai-2016-768x974.jpg 768w, https:\/\/www.upjs.sk\/app\/uploads\/sites\/9\/2022\/10\/Schusterova-Dubai-2016.jpg 1184w\" sizes=\"auto, (max-width: 808px) 100vw, 808px\" \/><\/figure><\/div>\n<\/div>\n\n\n\n<div class=\"wp-block-column is-vertically-aligned-bottom is-layout-flow wp-block-column-is-layout-flow\" style=\"flex-basis:75%\">\n<p><strong>Doc. MUDr. Ingrid Schusterov\u00e1, PhD.<\/strong><br>prednostka Kliniky det\u00ed a dorastu UPJ\u0160 a DFN<\/p>\n\n\n\n<p>Medzin\u00e1rodn\u00fd kongres prim\u00e1rnej zdravotnej starostlivosti 25-27. Apr\u00edl 2016, Dubai, UAE<br>Annual Congress &amp; Medicare Expo on Primary Healthcare &nbsp;<\/p>\n<\/div>\n<\/div>\n\n\n\n<div class=\"wp-block-columns is-style-gapless is-layout-flex wp-container-core-columns-is-layout-9d6595d7 wp-block-columns-is-layout-flex\">\n<div class=\"wp-block-column is-content-justification-left is-layout-constrained wp-container-core-column-is-layout-8c890d92 wp-block-column-is-layout-constrained\" style=\"flex-basis:250px\"><style>.kb-image_5de27a-2f .kb-image-has-overlay:after{opacity:0.3;}<\/style>\n<div class=\"wp-block-kadence-image kb-image_5de27a-2f\"><figure class=\"alignleft size-large\"><img loading=\"lazy\" decoding=\"async\" width=\"731\" height=\"1024\" src=\"https:\/\/www.upjs.sk\/app\/uploads\/sites\/9\/2022\/10\/Rajnicova-cena-Lit-fond-2015-731x1024.jpg\" alt=\"\" class=\"kb-img wp-image-27193\" srcset=\"https:\/\/www.upjs.sk\/app\/uploads\/sites\/9\/2022\/10\/Rajnicova-cena-Lit-fond-2015-731x1024.jpg 731w, https:\/\/www.upjs.sk\/app\/uploads\/sites\/9\/2022\/10\/Rajnicova-cena-Lit-fond-2015-214x300.jpg 214w, https:\/\/www.upjs.sk\/app\/uploads\/sites\/9\/2022\/10\/Rajnicova-cena-Lit-fond-2015-768x1076.jpg 768w, https:\/\/www.upjs.sk\/app\/uploads\/sites\/9\/2022\/10\/Rajnicova-cena-Lit-fond-2015-1096x1536.jpg 1096w, https:\/\/www.upjs.sk\/app\/uploads\/sites\/9\/2022\/10\/Rajnicova-cena-Lit-fond-2015-1462x2048.jpg 1462w, https:\/\/www.upjs.sk\/app\/uploads\/sites\/9\/2022\/10\/Rajnicova-cena-Lit-fond-2015-scaled.jpg 1827w\" sizes=\"auto, (max-width: 731px) 100vw, 731px\" \/><\/figure><\/div>\n<\/div>\n\n\n\n<div class=\"wp-block-column is-vertically-aligned-bottom is-layout-flow wp-block-column-is-layout-flow\" style=\"flex-basis:75%\">\n<p><strong>Mgr. Iveta Rajni\u010dov\u00e1 Nagyov\u00e1, PhD.<\/strong><br>prednostka \u00dastavu soci\u00e1lnej a behavior\u00e1lnej medic\u00edny UPJ\u0160 LF<\/p>\n\n\n\n<p>Ocenenie v kateg\u00f3rii spolo\u010densk\u00e9 vedy za v\u00fdrazn\u00fd trojro\u010dn\u00fd vedeck\u00fd ohlas<br>Sekcia pre vedeck\u00fa a odborn\u00fa literat\u00faru a po\u010d\u00edta\u010dov\u00e9 programy Liter\u00e1rneho fondu SR<br>Bratislava, 24. september 2015<\/p>\n<\/div>\n<\/div>\n","protected":false},"excerpt":{"rendered":"<p>Ocenen\u00fdm zamestnancom a \u0161tudentom Lek\u00e1rskej fakulty Univerzity Pavla Jozefa \u0160af\u00e1rika v&nbsp;Ko\u0161iciach srde\u010dne blaho\u017eel\u00e1me ! Doc. MUDr. Milan Kuchta, CSc., mim. prof.profesor Kliniky det\u00ed a dorastu UPJ\u0160 LF a DFN Zlat\u00e1 medaila za z\u00e1sluhy o Slovensk\u00fa lek\u00e1rsku spolo\u010dnos\u0165Bratislava, 2. j\u00fan 2016 &nbsp; MUDr. Al\u017ebeta T\u00f3h\u00e1tyov\u00e1asistentka Kliniky det\u00ed a dorastu UPJ\u0160 LF a DFN Medzin\u00e1rodn\u00fd kongres prim\u00e1rnej &hellip; <a href=\"https:\/\/www.upjs.sk\/lekarska-fakulta\/fakulta\/zo-zivota-fakulty\/oceneni-2015-2016\/\">\u010c\u00edta\u0165 \u010falej<\/a><\/p>\n","protected":false},"author":1,"featured_media":16562,"parent":13722,"menu_order":27,"comment_status":"closed","ping_status":"closed","template":"","meta":{"_acf_changed":false,"_editorskit_title_hidden":false,"_editorskit_reading_time":1,"_editorskit_is_block_options_detached":false,"_editorskit_block_options_position":"{}","footnotes":""},"categories":[],"tags":[],"class_list":["post-16561","page","type-page","status-publish","has-post-thumbnail","hentry"],"acf":{"acf_link_na_externy_obsah":""},"yoast_head":"<!-- This site is optimized with the Yoast SEO plugin v27.4 - https:\/\/yoast.com\/product\/yoast-seo-wordpress\/ -->\n<title>Ocenen\u00ed \u0161tudenti a zamestnanci UPJ\u0160 LF v AR 2015\/2016 - Lek\u00e1rska fakulta | UPJ\u0160<\/title>\n<meta name=\"robots\" content=\"index, follow, max-snippet:-1, max-image-preview:large, max-video-preview:-1\" \/>\n<link rel=\"canonical\" href=\"https:\/\/www.upjs.sk\/lekarska-fakulta\/fakulta\/zo-zivota-fakulty\/oceneni-2015-2016\/\" \/>\n<meta property=\"og:locale\" content=\"sk_SK\" \/>\n<meta property=\"og:type\" content=\"article\" \/>\n<meta property=\"og:title\" content=\"Ocenen\u00ed \u0161tudenti a zamestnanci UPJ\u0160 LF v AR 2015\/2016 - Lek\u00e1rska fakulta | UPJ\u0160\" \/>\n<meta property=\"og:description\" content=\"Ocenen\u00fdm zamestnancom a \u0161tudentom Lek\u00e1rskej fakulty Univerzity Pavla Jozefa \u0160af\u00e1rika v&nbsp;Ko\u0161iciach srde\u010dne blaho\u017eel\u00e1me ! Doc. MUDr. Milan Kuchta, CSc., mim. prof.profesor Kliniky det\u00ed a dorastu UPJ\u0160 LF a DFN Zlat\u00e1 medaila za z\u00e1sluhy o Slovensk\u00fa lek\u00e1rsku spolo\u010dnos\u0165Bratislava, 2. j\u00fan 2016 &nbsp; MUDr. Al\u017ebeta T\u00f3h\u00e1tyov\u00e1asistentka Kliniky det\u00ed a dorastu UPJ\u0160 LF a DFN Medzin\u00e1rodn\u00fd kongres prim\u00e1rnej &hellip; \u010c\u00edta\u0165 \u010falej\" \/>\n<meta property=\"og:url\" content=\"https:\/\/www.upjs.sk\/lekarska-fakulta\/fakulta\/zo-zivota-fakulty\/oceneni-2015-2016\/\" \/>\n<meta property=\"og:site_name\" content=\"Lek\u00e1rska fakulta | UPJ\u0160\" \/>\n<meta property=\"article:modified_time\" content=\"2023-01-20T10:00:13+00:00\" \/>\n<meta property=\"og:image\" content=\"https:\/\/www.upjs.sk\/app\/uploads\/sites\/9\/2022\/09\/Kuchta-SLS-2016-thumb.jpg\" \/>\n\t<meta property=\"og:image:width\" content=\"150\" \/>\n\t<meta property=\"og:image:height\" content=\"95\" \/>\n\t<meta property=\"og:image:type\" content=\"image\/jpeg\" \/>\n<meta name=\"twitter:card\" content=\"summary_large_image\" \/>\n<meta name=\"twitter:label1\" content=\"Predpokladan\u00fd \u010das \u010d\u00edtania\" \/>\n\t<meta name=\"twitter:data1\" content=\"2 min\u00faty\" \/>\n<script type=\"application\/ld+json\" class=\"yoast-schema-graph\">{\"@context\":\"https:\\\/\\\/schema.org\",\"@graph\":[{\"@type\":\"WebPage\",\"@id\":\"https:\\\/\\\/www.upjs.sk\\\/lekarska-fakulta\\\/fakulta\\\/zo-zivota-fakulty\\\/oceneni-2015-2016\\\/\",\"url\":\"https:\\\/\\\/www.upjs.sk\\\/lekarska-fakulta\\\/fakulta\\\/zo-zivota-fakulty\\\/oceneni-2015-2016\\\/\",\"name\":\"Ocenen\u00ed \u0161tudenti a zamestnanci UPJ\u0160 LF v AR 2015\\\/2016 - Lek\u00e1rska fakulta | UPJ\u0160\",\"isPartOf\":{\"@id\":\"https:\\\/\\\/www.upjs.sk\\\/lekarska-fakulta\\\/#website\"},\"primaryImageOfPage\":{\"@id\":\"https:\\\/\\\/www.upjs.sk\\\/lekarska-fakulta\\\/fakulta\\\/zo-zivota-fakulty\\\/oceneni-2015-2016\\\/#primaryimage\"},\"image\":{\"@id\":\"https:\\\/\\\/www.upjs.sk\\\/lekarska-fakulta\\\/fakulta\\\/zo-zivota-fakulty\\\/oceneni-2015-2016\\\/#primaryimage\"},\"thumbnailUrl\":\"https:\\\/\\\/www.upjs.sk\\\/app\\\/uploads\\\/sites\\\/9\\\/2022\\\/09\\\/Kuchta-SLS-2016-thumb.jpg\",\"datePublished\":\"2016-08-22T09:41:20+00:00\",\"dateModified\":\"2023-01-20T10:00:13+00:00\",\"breadcrumb\":{\"@id\":\"https:\\\/\\\/www.upjs.sk\\\/lekarska-fakulta\\\/fakulta\\\/zo-zivota-fakulty\\\/oceneni-2015-2016\\\/#breadcrumb\"},\"inLanguage\":\"sk-SK\",\"potentialAction\":[{\"@type\":\"ReadAction\",\"target\":[\"https:\\\/\\\/www.upjs.sk\\\/lekarska-fakulta\\\/fakulta\\\/zo-zivota-fakulty\\\/oceneni-2015-2016\\\/\"]}]},{\"@type\":\"ImageObject\",\"inLanguage\":\"sk-SK\",\"@id\":\"https:\\\/\\\/www.upjs.sk\\\/lekarska-fakulta\\\/fakulta\\\/zo-zivota-fakulty\\\/oceneni-2015-2016\\\/#primaryimage\",\"url\":\"https:\\\/\\\/www.upjs.sk\\\/app\\\/uploads\\\/sites\\\/9\\\/2022\\\/09\\\/Kuchta-SLS-2016-thumb.jpg\",\"contentUrl\":\"https:\\\/\\\/www.upjs.sk\\\/app\\\/uploads\\\/sites\\\/9\\\/2022\\\/09\\\/Kuchta-SLS-2016-thumb.jpg\",\"width\":150,\"height\":95},{\"@type\":\"BreadcrumbList\",\"@id\":\"https:\\\/\\\/www.upjs.sk\\\/lekarska-fakulta\\\/fakulta\\\/zo-zivota-fakulty\\\/oceneni-2015-2016\\\/#breadcrumb\",\"itemListElement\":[{\"@type\":\"ListItem\",\"position\":1,\"name\":\"Home\",\"item\":\"https:\\\/\\\/www.upjs.sk\\\/lekarska-fakulta\\\/\"},{\"@type\":\"ListItem\",\"position\":2,\"name\":\"O fakulte\",\"item\":\"https:\\\/\\\/www.upjs.sk\\\/lekarska-fakulta\\\/fakulta\\\/\"},{\"@type\":\"ListItem\",\"position\":3,\"name\":\"Zo \u017eivota fakulty\",\"item\":\"https:\\\/\\\/www.upjs.sk\\\/lekarska-fakulta\\\/fakulta\\\/zo-zivota-fakulty\\\/\"},{\"@type\":\"ListItem\",\"position\":4,\"name\":\"Ocenen\u00ed \u0161tudenti a zamestnanci UPJ\u0160 LF v AR 2015\\\/2016\"}]},{\"@type\":\"WebSite\",\"@id\":\"https:\\\/\\\/www.upjs.sk\\\/lekarska-fakulta\\\/#website\",\"url\":\"https:\\\/\\\/www.upjs.sk\\\/lekarska-fakulta\\\/\",\"name\":\"Lek\u00e1rska fakulta | UPJ\u0160\",\"description\":\"\",\"publisher\":{\"@id\":\"https:\\\/\\\/www.upjs.sk\\\/lekarska-fakulta\\\/#organization\"},\"potentialAction\":[{\"@type\":\"SearchAction\",\"target\":{\"@type\":\"EntryPoint\",\"urlTemplate\":\"https:\\\/\\\/www.upjs.sk\\\/lekarska-fakulta\\\/?s={search_term_string}\"},\"query-input\":{\"@type\":\"PropertyValueSpecification\",\"valueRequired\":true,\"valueName\":\"search_term_string\"}}],\"inLanguage\":\"sk-SK\"},{\"@type\":\"Organization\",\"@id\":\"https:\\\/\\\/www.upjs.sk\\\/lekarska-fakulta\\\/#organization\",\"name\":\"Lek\u00e1rska fakulta | UPJ\u0160\",\"url\":\"https:\\\/\\\/www.upjs.sk\\\/lekarska-fakulta\\\/\",\"logo\":{\"@type\":\"ImageObject\",\"inLanguage\":\"sk-SK\",\"@id\":\"https:\\\/\\\/www.upjs.sk\\\/lekarska-fakulta\\\/#\\\/schema\\\/logo\\\/image\\\/\",\"url\":\"https:\\\/\\\/www.upjs.sk\\\/app\\\/uploads\\\/sites\\\/9\\\/2022\\\/09\\\/logo-lekarska-fakulta.png\",\"contentUrl\":\"https:\\\/\\\/www.upjs.sk\\\/app\\\/uploads\\\/sites\\\/9\\\/2022\\\/09\\\/logo-lekarska-fakulta.png\",\"width\":415,\"height\":87,\"caption\":\"Lek\u00e1rska fakulta | UPJ\u0160\"},\"image\":{\"@id\":\"https:\\\/\\\/www.upjs.sk\\\/lekarska-fakulta\\\/#\\\/schema\\\/logo\\\/image\\\/\"}}]}<\/script>\n<!-- \/ Yoast SEO plugin. -->","yoast_head_json":{"title":"Ocenen\u00ed \u0161tudenti a zamestnanci UPJ\u0160 LF v AR 2015\/2016 - Lek\u00e1rska fakulta | UPJ\u0160","robots":{"index":"index","follow":"follow","max-snippet":"max-snippet:-1","max-image-preview":"max-image-preview:large","max-video-preview":"max-video-preview:-1"},"canonical":"https:\/\/www.upjs.sk\/lekarska-fakulta\/fakulta\/zo-zivota-fakulty\/oceneni-2015-2016\/","og_locale":"sk_SK","og_type":"article","og_title":"Ocenen\u00ed \u0161tudenti a zamestnanci UPJ\u0160 LF v AR 2015\/2016 - Lek\u00e1rska fakulta | UPJ\u0160","og_description":"Ocenen\u00fdm zamestnancom a \u0161tudentom Lek\u00e1rskej fakulty Univerzity Pavla Jozefa \u0160af\u00e1rika v&nbsp;Ko\u0161iciach srde\u010dne blaho\u017eel\u00e1me ! Doc. MUDr. Milan Kuchta, CSc., mim. prof.profesor Kliniky det\u00ed a dorastu UPJ\u0160 LF a DFN Zlat\u00e1 medaila za z\u00e1sluhy o Slovensk\u00fa lek\u00e1rsku spolo\u010dnos\u0165Bratislava, 2. j\u00fan 2016 &nbsp; MUDr. Al\u017ebeta T\u00f3h\u00e1tyov\u00e1asistentka Kliniky det\u00ed a dorastu UPJ\u0160 LF a DFN Medzin\u00e1rodn\u00fd kongres prim\u00e1rnej &hellip; \u010c\u00edta\u0165 \u010falej","og_url":"https:\/\/www.upjs.sk\/lekarska-fakulta\/fakulta\/zo-zivota-fakulty\/oceneni-2015-2016\/","og_site_name":"Lek\u00e1rska fakulta | UPJ\u0160","article_modified_time":"2023-01-20T10:00:13+00:00","og_image":[{"width":150,"height":95,"url":"https:\/\/www.upjs.sk\/app\/uploads\/sites\/9\/2022\/09\/Kuchta-SLS-2016-thumb.jpg","type":"image\/jpeg"}],"twitter_card":"summary_large_image","twitter_misc":{"Predpokladan\u00fd \u010das \u010d\u00edtania":"2 min\u00faty"},"schema":{"@context":"https:\/\/schema.org","@graph":[{"@type":"WebPage","@id":"https:\/\/www.upjs.sk\/lekarska-fakulta\/fakulta\/zo-zivota-fakulty\/oceneni-2015-2016\/","url":"https:\/\/www.upjs.sk\/lekarska-fakulta\/fakulta\/zo-zivota-fakulty\/oceneni-2015-2016\/","name":"Ocenen\u00ed \u0161tudenti a zamestnanci UPJ\u0160 LF v AR 2015\/2016 - Lek\u00e1rska fakulta | UPJ\u0160","isPartOf":{"@id":"https:\/\/www.upjs.sk\/lekarska-fakulta\/#website"},"primaryImageOfPage":{"@id":"https:\/\/www.upjs.sk\/lekarska-fakulta\/fakulta\/zo-zivota-fakulty\/oceneni-2015-2016\/#primaryimage"},"image":{"@id":"https:\/\/www.upjs.sk\/lekarska-fakulta\/fakulta\/zo-zivota-fakulty\/oceneni-2015-2016\/#primaryimage"},"thumbnailUrl":"https:\/\/www.upjs.sk\/app\/uploads\/sites\/9\/2022\/09\/Kuchta-SLS-2016-thumb.jpg","datePublished":"2016-08-22T09:41:20+00:00","dateModified":"2023-01-20T10:00:13+00:00","breadcrumb":{"@id":"https:\/\/www.upjs.sk\/lekarska-fakulta\/fakulta\/zo-zivota-fakulty\/oceneni-2015-2016\/#breadcrumb"},"inLanguage":"sk-SK","potentialAction":[{"@type":"ReadAction","target":["https:\/\/www.upjs.sk\/lekarska-fakulta\/fakulta\/zo-zivota-fakulty\/oceneni-2015-2016\/"]}]},{"@type":"ImageObject","inLanguage":"sk-SK","@id":"https:\/\/www.upjs.sk\/lekarska-fakulta\/fakulta\/zo-zivota-fakulty\/oceneni-2015-2016\/#primaryimage","url":"https:\/\/www.upjs.sk\/app\/uploads\/sites\/9\/2022\/09\/Kuchta-SLS-2016-thumb.jpg","contentUrl":"https:\/\/www.upjs.sk\/app\/uploads\/sites\/9\/2022\/09\/Kuchta-SLS-2016-thumb.jpg","width":150,"height":95},{"@type":"BreadcrumbList","@id":"https:\/\/www.upjs.sk\/lekarska-fakulta\/fakulta\/zo-zivota-fakulty\/oceneni-2015-2016\/#breadcrumb","itemListElement":[{"@type":"ListItem","position":1,"name":"Home","item":"https:\/\/www.upjs.sk\/lekarska-fakulta\/"},{"@type":"ListItem","position":2,"name":"O fakulte","item":"https:\/\/www.upjs.sk\/lekarska-fakulta\/fakulta\/"},{"@type":"ListItem","position":3,"name":"Zo \u017eivota fakulty","item":"https:\/\/www.upjs.sk\/lekarska-fakulta\/fakulta\/zo-zivota-fakulty\/"},{"@type":"ListItem","position":4,"name":"Ocenen\u00ed \u0161tudenti a zamestnanci UPJ\u0160 LF v AR 2015\/2016"}]},{"@type":"WebSite","@id":"https:\/\/www.upjs.sk\/lekarska-fakulta\/#website","url":"https:\/\/www.upjs.sk\/lekarska-fakulta\/","name":"Lek\u00e1rska fakulta | UPJ\u0160","description":"","publisher":{"@id":"https:\/\/www.upjs.sk\/lekarska-fakulta\/#organization"},"potentialAction":[{"@type":"SearchAction","target":{"@type":"EntryPoint","urlTemplate":"https:\/\/www.upjs.sk\/lekarska-fakulta\/?s={search_term_string}"},"query-input":{"@type":"PropertyValueSpecification","valueRequired":true,"valueName":"search_term_string"}}],"inLanguage":"sk-SK"},{"@type":"Organization","@id":"https:\/\/www.upjs.sk\/lekarska-fakulta\/#organization","name":"Lek\u00e1rska fakulta | UPJ\u0160","url":"https:\/\/www.upjs.sk\/lekarska-fakulta\/","logo":{"@type":"ImageObject","inLanguage":"sk-SK","@id":"https:\/\/www.upjs.sk\/lekarska-fakulta\/#\/schema\/logo\/image\/","url":"https:\/\/www.upjs.sk\/app\/uploads\/sites\/9\/2022\/09\/logo-lekarska-fakulta.png","contentUrl":"https:\/\/www.upjs.sk\/app\/uploads\/sites\/9\/2022\/09\/logo-lekarska-fakulta.png","width":415,"height":87,"caption":"Lek\u00e1rska fakulta | UPJ\u0160"},"image":{"@id":"https:\/\/www.upjs.sk\/lekarska-fakulta\/#\/schema\/logo\/image\/"}}]}},"_links":{"self":[{"href":"https:\/\/www.upjs.sk\/lekarska-fakulta\/wp-json\/wp\/v2\/pages\/16561","targetHints":{"allow":["GET"]}}],"collection":[{"href":"https:\/\/www.upjs.sk\/lekarska-fakulta\/wp-json\/wp\/v2\/pages"}],"about":[{"href":"https:\/\/www.upjs.sk\/lekarska-fakulta\/wp-json\/wp\/v2\/types\/page"}],"author":[{"embeddable":true,"href":"https:\/\/www.upjs.sk\/lekarska-fakulta\/wp-json\/wp\/v2\/users\/1"}],"replies":[{"embeddable":true,"href":"https:\/\/www.upjs.sk\/lekarska-fakulta\/wp-json\/wp\/v2\/comments?post=16561"}],"version-history":[{"count":9,"href":"https:\/\/www.upjs.sk\/lekarska-fakulta\/wp-json\/wp\/v2\/pages\/16561\/revisions"}],"predecessor-version":[{"id":73880,"href":"https:\/\/www.upjs.sk\/lekarska-fakulta\/wp-json\/wp\/v2\/pages\/16561\/revisions\/73880"}],"up":[{"embeddable":true,"href":"https:\/\/www.upjs.sk\/lekarska-fakulta\/wp-json\/wp\/v2\/pages\/13722"}],"wp:featuredmedia":[{"embeddable":true,"href":"https:\/\/www.upjs.sk\/lekarska-fakulta\/wp-json\/wp\/v2\/media\/16562"}],"wp:attachment":[{"href":"https:\/\/www.upjs.sk\/lekarska-fakulta\/wp-json\/wp\/v2\/media?parent=16561"}],"wp:term":[{"taxonomy":"category","embeddable":true,"href":"https:\/\/www.upjs.sk\/lekarska-fakulta\/wp-json\/wp\/v2\/categories?post=16561"},{"taxonomy":"post_tag","embeddable":true,"href":"https:\/\/www.upjs.sk\/lekarska-fakulta\/wp-json\/wp\/v2\/tags?post=16561"}],"curies":[{"name":"wp","href":"https:\/\/api.w.org\/{rel}","templated":true}]}}