{"id":16593,"date":"2015-10-31T13:23:27","date_gmt":"2015-10-31T13:23:27","guid":{"rendered":"https:\/\/www.upjs.sk\/lekarska-fakulta\/informacie-pre-verejnost-a-media\/fakulta-v-mediach\/archiv2012\/"},"modified":"2023-01-19T22:34:48","modified_gmt":"2023-01-19T21:34:48","slug":"archiv2012","status":"publish","type":"page","link":"https:\/\/www.upjs.sk\/lekarska-fakulta\/fakulta\/verejnost-a-media\/fakulta-v-mediach\/archiv2012\/","title":{"rendered":"Fakulta v m\u00e9di\u00e1ch 2012"},"content":{"rendered":"\n<p><strong>December 2012<\/strong><\/p>\n\n\n\n<figure id=\"zebra\" class=\"wp-block-table is-style-stripes\"><table><tbody><tr><td class=\"has-text-align-right\" data-align=\"right\">12.2012<\/td><td>BEDEKER ZDRAVIA:&nbsp;<a href=\"https:\/\/www.upjs.sk\/public\/media\/7733\/2012-12-BEDEKER-ZDRAVIA-Bomba-probiotika.pdf\">Probiotik\u00e1 a imunita<\/a><\/td><\/tr><tr><td class=\"has-text-align-right\" data-align=\"right\">24.12.2012<\/td><td>Aktuality.sk:&nbsp;<a href=\"https:\/\/www.upjs.sk\/public\/media\/7402\/2012-12-24-AKTUALITY.sk-Stravovanie-pocas-sviatkov-Pella-Bomba.pdf\">Ako neprehra\u0165 boj s pa\u017eravos\u0165ou?<\/a><\/td><\/tr><tr><td class=\"has-text-align-right\" data-align=\"right\">24.12.2012<\/td><td>TASR:&nbsp;<a href=\"https:\/\/www.upjs.sk\/public\/media\/7402\/2012-12-24-TASR-Stravovanie%20pocas%20sviatkov-Pella-Bomba.pdf\">Cez Vianoce sa neobjedajte, radia odborn\u00edci<\/a><\/td><\/tr><tr><td class=\"has-text-align-right\" data-align=\"right\">23.12.2012<\/td><td>SITA:&nbsp;<a href=\"https:\/\/www.upjs.sk\/public\/media\/7402\/2012-12-23-TASR-Stravovanie%20pocas%20sviatkov-Pella-Bomba.pdf\">Odborn\u00edci prezradili triky na zdrav\u00e9 viano\u010dn\u00e9 hodovanie<\/a><\/td><\/tr><tr><td class=\"has-text-align-right\" data-align=\"right\">22.12.2012<\/td><td>Zoznam.sk:&nbsp;<a href=\"https:\/\/www.upjs.sk\/public\/media\/7402\/2012-12-22-TOPKY-sk-stravovanie%20pocas%20sviatkov-Pella-Bomba.pdf\">Tr\u00e1viacim \u0165a\u017ekostiam sa d\u00e1 pred\u00eds\u0165, porad\u00edme ako<\/a><\/td><\/tr><tr><td class=\"has-text-align-right\" data-align=\"right\">22.12.2012<\/td><td>Aktuality.sk:&nbsp;<a href=\"https:\/\/www.upjs.sk\/public\/media\/7402\/2012-12-22-TASR-simulator-Firment-Oravcova.pdf\">Novou u\u010debnou pom\u00f4ckou medikov bude od nov\u00e9ho roka \u201aumel\u00fd\u2018 pacient<\/a><\/td><\/tr><tr><td class=\"has-text-align-right\" data-align=\"right\">22.12.2012<\/td><td>24hod.sk:&nbsp;<a href=\"https:\/\/www.upjs.sk\/public\/media\/7402\/2012-12-22-24.hod-Stravovanie%20pocas%20sviatkov-Pella-Bomba.pdf\">Odborn\u00edci prezradili triky na zdrav\u00e9 viano\u010dn\u00e9 hodovanie<\/a><\/td><\/tr><tr><td class=\"has-text-align-right\" data-align=\"right\">21.12.2012<\/td><td>TASR:&nbsp;<a href=\"https:\/\/www.upjs.sk\/public\/media\/7402\/2012-12-21-TASR-stravovanie%20pocas%20sviatkov-Pella-Bomba_1.pdf\">Na Vianoce sa neobjedajte a doprajte si pohyb vonku, radia odborn\u00edci<\/a><\/td><\/tr><tr><td class=\"has-text-align-right\" data-align=\"right\">21.12.2012<\/td><td>SITA:&nbsp;<a href=\"https:\/\/www.upjs.sk\/public\/media\/7402\/2012-12-21-SITA-simulator-Firment-Oravcova.pdf\">Umel\u00fd pacient pom\u00f4\u017ee u\u010di\u0165 medikov<\/a><\/td><\/tr><tr><td class=\"has-text-align-right\" data-align=\"right\">21.12.2012<\/td><td>Denn\u00edk KORZ\u00c1R:&nbsp;<a href=\"https:\/\/www.upjs.sk\/public\/media\/7402\/2012-12-21-KORZAR-stravovanie-pocas-sviatkov-Pella-Bomba.pdf\">Na Vianoce sa neprejedajte<\/a><\/td><\/tr><tr><td class=\"has-text-align-right\" data-align=\"right\">20.11.2012<\/td><td>KORZ\u00c1R:&nbsp;<a href=\"https:\/\/www.upjs.sk\/public\/media\/7402\/2012-12-20-KORZAR-novy-simulator-Firment.pdf\">Dostali najnov\u0161\u00ed simul\u00e1tor pacienta \u2013 mo\u010d\u00ed aj d\u00fdcha<\/a><\/td><\/tr><tr><td class=\"has-text-align-right\" data-align=\"right\">19.12.2012<\/td><td>zzz.sk:&nbsp;<a href=\"https:\/\/www.upjs.sk\/public\/media\/7402\/2012-12-19-zzz.sk-stravovanie-pocas-sviatkov-Pella-Bomba.pdf\">Nieko\u013eko dobr\u00fdch r\u00e1d, ako si po\u010das Vianoc neubl\u00ed\u017ei\u0165 jedlom<\/a><\/td><\/tr><tr><td class=\"has-text-align-right\" data-align=\"right\">11.12.2012<\/td><td>zzz.sk:&nbsp;<a href=\"https:\/\/www.upjs.sk\/public\/media\/7402\/2012-12-11-zzz.sk-Kurz-CEEA.pdf\">Uskuto\u010dnil sa IV. kurz CEEA pre anest\u00e9ziol\u00f3gov<\/a><\/td><\/tr><tr><td class=\"has-text-align-right\" data-align=\"right\">6.12.2012<\/td><td>LEK\u00c1RSKE LISTY:&nbsp;<a href=\"https:\/\/www.upjs.sk\/public\/media\/7402\/2012-12-06-LEKARSKE-LISTY-Autoimunitne-choroby-pecene-Veselini.pdf\">Autoimunitn\u00e9 choroby pe\u010dene<\/a><\/td><\/tr><tr><td class=\"has-text-align-right\" data-align=\"right\">4.12.2012<\/td><td>zzz.sk:&nbsp;<a href=\"https:\/\/www.upjs.sk\/public\/media\/7402\/2012-12-04-Kurz-CEEA-Firment-Trenkler.pdf\">Lek\u00e1rska fakulta UPJ\u0160 spoluorganizuje IV. kurz CEEA<\/a><\/td><\/tr><tr><td class=\"has-text-align-right\" data-align=\"right\">3.12.2012<\/td><td>KORZ\u00c1R:&nbsp;<a href=\"https:\/\/www.upjs.sk\/public\/media\/7402\/2012-12-03-KORZAR-samovrazdy-Bednarova.pdf\">Mu\u017ei v strednom veku sa zab\u00edjaj\u00fa pre kr\u00edzu<\/a><\/td><\/tr><tr><td class=\"has-text-align-right\" data-align=\"right\">1.12.2012<\/td><td>sme.sk:&nbsp;<a href=\"https:\/\/www.upjs.sk\/public\/media\/7402\/2012-12-01-SME-AIDS-Jarcuska.pdf\">Svet si pripom\u00edna Svetov\u00fd de\u0148 AIDS<\/a><\/td><\/tr><tr><td class=\"has-text-align-right\" data-align=\"right\">1.12.2012<\/td><td>WEBNOVINY:&nbsp;<a href=\"https:\/\/www.upjs.sk\/public\/media\/7402\/2012-12-01-webnoviny-AIDS-Jarcuska.pdf\">Svet si pripom\u00edna Svetov\u00fd de\u0148 AIDS<\/a><\/td><\/tr><\/tbody><\/table><\/figure>\n\n\n\n<p><strong>November 2012<\/strong><\/p>\n\n\n\n<figure id=\"zebra\" class=\"wp-block-table is-style-stripes\"><table><tbody><tr><td class=\"has-text-align-right\" data-align=\"right\">30.11.2012<\/td><td>KORZ\u00c1R:&nbsp;<a href=\"https:\/\/www.upjs.sk\/public\/media\/7402\/2012-11-30-KORZAR-AIDS-Jarcuska.pdf\">Diev\u010dina sa nakazila pri prvom sexe<\/a><\/td><\/tr><tr><td class=\"has-text-align-right\" data-align=\"right\">29.11.2012<\/td><td>sme.sk:&nbsp;<a href=\"https:\/\/www.upjs.sk\/public\/media\/7402\/2012-11-29-sme.sk-AIDS-Jarcuska-Oravcova-Ziarova.pdf\">Svetov\u00fd de\u0148 AIDS pripomenie v sobotu v Ko\u0161iciach svie\u010dkov\u00fd pochod<\/a><\/td><\/tr><tr><td class=\"has-text-align-right\" data-align=\"right\">29.11.2012<\/td><td><a href=\"http:\/\/www.kosickespravy.sk\/\">kosickespravy.sk<\/a>:&nbsp;<a href=\"https:\/\/www.upjs.sk\/public\/media\/7402\/2012-11-29-Kosicke-spravy-AIDS-Jarcuska-Ziarova.pdf\">Svie\u010dkov\u00fdm pochodom 1.decembra, si uctia pamiatku zosnul\u00fdch na AIDS<\/a><\/td><\/tr><tr><td class=\"has-text-align-right\" data-align=\"right\">29.11.2012<\/td><td>SITA:&nbsp;<a href=\"https:\/\/www.upjs.sk\/public\/media\/7402\/2012-11-29-SITA-AIDS-Jarcuska.pdf\">Po\u010das Svetov\u00e9ho d\u0148a AIDS sa bude informova\u0165 aj o jeho prevencii<\/a><\/td><\/tr><tr><td class=\"has-text-align-right\" data-align=\"right\">29.11.2012<\/td><td>TASR:&nbsp;<a href=\"https:\/\/www.upjs.sk\/public\/media\/7402\/2012-11-29-TASR-AIDS-pochod-Ziarova-Oravcova_1.pdf\">Svetov\u00fd de\u0148 AIDS pripomenie v sobotu svie\u010dkov\u00fd pochod<\/a><\/td><\/tr><tr><td class=\"has-text-align-right\" data-align=\"right\">29.12.2012<\/td><td>web ZZZ.sk:&nbsp;<a href=\"https:\/\/www.upjs.sk\/public\/media\/7402\/2012-11-29-AIDS-Jarcuska.pdf\">Svetov\u00fd de\u0148 AIDS<\/a><\/td><\/tr><tr><td class=\"has-text-align-right\" data-align=\"right\">29.12.2012<\/td><td>SITA:&nbsp;<a href=\"https:\/\/www.upjs.sk\/public\/media\/7402\/2012-11-29-SITA-Svieckovy-pochod.pdf\">Svie\u010dkov\u00fd pochod pri pr\u00edle\u017eitosti Svetov\u00e9ho d\u0148a AIDS<\/a><\/td><\/tr><tr><td class=\"has-text-align-right\" data-align=\"right\">20.11.2012<\/td><td>TASR:&nbsp;<a href=\"https:\/\/www.upjs.sk\/public\/media\/7402\/2012-11-20-TASR-avizo-arteterapia.pdf\">Predn\u00e1\u0161ka o arteterapii<\/a><\/td><\/tr><tr><td class=\"has-text-align-right\" data-align=\"right\">20.11.2012<\/td><td>Denn\u00edk KORZ\u00c1R, Pohoda \u017een\u00e1m:&nbsp;<a href=\"https:\/\/www.upjs.sk\/public\/media\/7402\/2012-11-20-KORZAR-Pohoda-%C5%BEen%C3%A1m-Beh-Pella.pdf\">Behom za zdrav\u00edm a rados\u0165ou<\/a><\/td><\/tr><tr><td class=\"has-text-align-right\" data-align=\"right\">16.11.2012<\/td><td>TASR:&nbsp;<a href=\"https:\/\/www.upjs.sk\/public\/media\/7402\/2012-11-16-TASR-Den-otvorenych-dveri1.pdf\">Stredo\u0161kol\u00e1ci sa zozn\u00e1mili so \u0161t\u00fadiom na UPJ\u0160, dostali sa aj do pitevne<\/a><\/td><\/tr><tr><td class=\"has-text-align-right\" data-align=\"right\">15.11.2012<\/td><td>ZDRAVOTN\u00cdCKE NOVINY:&nbsp;<a href=\"https:\/\/www.upjs.sk\/public\/media\/7402\/2012-11-15-ZDRAVOTNICKE-NOVINY-Kosicky-den-cievnej-chirurgie.pdf\">Od\u0161tartovali pilotn\u00fd projekt<\/a><\/td><\/tr><tr><td class=\"has-text-align-right\" data-align=\"right\">15.11.2012<\/td><td>TASR:&nbsp;<a href=\"https:\/\/www.upjs.sk\/public\/media\/7402\/2012-11-15-TASR-Den-otvorenych-dveri.pdf\">UPJ\u0160 poz\u00fdva v piatok na De\u0148 otvoren\u00fdch dver\u00ed<\/a><\/td><\/tr><tr><td class=\"has-text-align-right\" data-align=\"right\">13.11.2012<\/td><td>KORZ\u00c1R:&nbsp;<a href=\"https:\/\/www.upjs.sk\/public\/media\/7402\/2012-11-13-KORZAR-Kosicky-den-cievnej-chirurgie.pdf\">Lek\u00e1ri diskutovali o ochoren\u00ed tepien<\/a><\/td><\/tr><tr><td class=\"has-text-align-right\" data-align=\"right\">12.11.2012<\/td><td>web ZZZ.sk:&nbsp;<a href=\"https:\/\/www.upjs.sk\/public\/media\/7402\/2012-11-12-zzz.sk-Kosicky-den-cievnej-chirurgie.pdf\">Ko\u0161ick\u00fd de\u0148 cievnej chirurgie<\/a><\/td><\/tr><tr><td class=\"has-text-align-right\" data-align=\"right\">09.11.2012<\/td><td>SITA:&nbsp;<a href=\"https:\/\/www.upjs.sk\/public\/media\/7402\/2012-11-09-SITA-Kosicky-den-cievnej-chirurgie.pdf\">Eur\u00f3pski odborn\u00edci na prvom Ko\u0161ickom dni cievnej chirurgie<\/a><\/td><\/tr><tr><td class=\"has-text-align-right\" data-align=\"right\">08.11.2012<\/td><td>ZZZ.sk:&nbsp;<a href=\"https:\/\/www.upjs.sk\/public\/media\/7402\/2012-11-08-zzz.sk-ako-spravne-behat.pdf\">Ako spr\u00e1vne beha\u0165 &#8211; beh a zdravie<\/a><\/td><\/tr><tr><td class=\"has-text-align-right\" data-align=\"right\">07.11.2012<\/td><td>web SME:&nbsp;<a href=\"https:\/\/www.upjs.sk\/public\/media\/7402\/2012-11-07-KORZARweb-HBSC-vysledkystudie.pdf\">Faj\u010denie a alkohol s\u00fa neresti \u017eiakov<\/a><\/td><\/tr><tr><td class=\"has-text-align-right\" data-align=\"right\">07.11.2012<\/td><td>KORZ\u00c1R:&nbsp;<a href=\"https:\/\/www.upjs.sk\/public\/media\/7402\/20012-11-07-KORZAR-HBSC.pdf\">Prieskum na \u0161kol\u00e1ch<\/a><\/td><\/tr><\/tbody><\/table><\/figure>\n\n\n\n<p><strong>Okt\u00f3ber 2012<\/strong><\/p>\n\n\n\n<figure id=\"zebra\" class=\"wp-block-table is-style-stripes\"><table><tbody><tr><td class=\"has-text-align-right\" data-align=\"right\">31.10.2012<\/td><td>ZDRAVOTN\u00cdCKE NOVINY:&nbsp;<a href=\"https:\/\/www.upjs.sk\/public\/media\/7402\/2012-10-31-ZDRAVOTNICKE-NOVINY-Kadavery-Kluchova.pdf\">Smr\u0165 v prospech&nbsp;\u017eivota a vedy<\/a><\/td><\/tr><tr><td class=\"has-text-align-right\" data-align=\"right\">29.10.2012<\/td><td>NAJMAMA.sk:&nbsp;<a href=\"https:\/\/www.upjs.sk\/public\/media\/7402\/2012-10-29-web-NAJMAMA.sk-vysledky-HBSCstudie.pdf\">Posvietia si na zdravie a spr\u00e1vanie \u0161kol\u00e1kov<\/a><\/td><\/tr><tr><td class=\"has-text-align-right\" data-align=\"right\">27.10.2012<\/td><td>NOV\u00dd \u010cAS:&nbsp;<a href=\"https:\/\/www.upjs.sk\/public\/media\/7402\/2012-10-27-Novycas-vysledky-HBSCstudie.pdf\">\u010co uk\u00e1zal prieskum o na\u0161ich de\u0165och<\/a><\/td><\/tr><tr><td class=\"has-text-align-right\" data-align=\"right\">27.10.2012<\/td><td>PLUS JEDEN DE\u0147:&nbsp;<a href=\"https:\/\/www.upjs.sk\/public\/media\/7402\/2012-10-27-PLUS1DEN-vysledky-HBSCstudie.pdf\">Nelichotiv\u00e9 prvenstvo na\u0161ich det\u00ed: V \u0161kole sa im nep\u00e1\u010di!<\/a><\/td><\/tr><tr><td class=\"has-text-align-right\" data-align=\"right\">26.10.2012<\/td><td>HLAVNESPRAVY.sk:&nbsp;<a href=\"https:\/\/www.upjs.sk\/public\/media\/7402\/2012-10-26-HLAVNESPRAVY.sk-vysledky-HBSCstudie.pdf\">Medzin\u00e1rodn\u00fd t\u00edm pripravuje \u0161t\u00fadiu o zdrav\u00ed a spr\u00e1van\u00ed \u0161kol\u00e1kov<\/a><\/td><\/tr><tr><td class=\"has-text-align-right\" data-align=\"right\">26.10.2012<\/td><td>TASR:&nbsp;<a href=\"https:\/\/www.upjs.sk\/public\/media\/7402\/2012-10-26-TASR-HBSC-tlacovka1.pdf\">Medzin\u00e1rodn\u00fd t\u00edm pripravuje \u0161t\u00fadiu o zdrav\u00ed a spr\u00e1van\u00ed \u0161kol\u00e1kov<\/a><\/td><\/tr><tr><td class=\"has-text-align-right\" data-align=\"right\">26.10.2012<\/td><td>TASR:&nbsp;<a href=\"https:\/\/www.upjs.sk\/public\/media\/7402\/2012-10-26-TASR-Vizualizacia-ultrazvukovych-nalezov-Krcho.pdf\">Syst\u00e9m z kliniky neonatol\u00f3gie DFN z\u00edskal cenu za technol\u00f3gie<\/a><\/td><\/tr><tr><td class=\"has-text-align-right\" data-align=\"right\">25.10.2012<\/td><td>web \u017dIVOT:&nbsp;<a href=\"https:\/\/www.upjs.sk\/public\/media\/7402\/2012-10-25-webZIVOT-Kluchova-kadavery.pdf\">Anat\u00f3movia u\u017e dlh\u0161ie varuj\u00fa&#8230;<\/a><\/td><\/tr><tr><td class=\"has-text-align-right\" data-align=\"right\">25.10.2012<\/td><td>\u017dIVOT:&nbsp;<a href=\"https:\/\/www.upjs.sk\/public\/media\/7402\/2012-10-25-ZIVOT-kadavery-Kluchova.pdf\">Ch\u00fdbaj\u00fa darovan\u00e9 tel\u00e1<\/a><\/td><\/tr><tr><td class=\"has-text-align-right\" data-align=\"right\">25.10.2012<\/td><td>MEDICAL PRACTICE:&nbsp;<a href=\"https:\/\/www.upjs.sk\/public\/media\/7402\/2012-10-25-MEDICALPRACTICE-infekcie-hornych-dychacich-ciest.pdf\">Infekcie horn\u00fdch d\u00fdchac\u00edch ciest z poh\u013eadu terapie cefalospor\u00ednom&#8230;<\/a><\/td><\/tr><tr><td class=\"has-text-align-right\" data-align=\"right\">25.10.2012<\/td><td>MEDICAL PRACTICE:&nbsp;<a href=\"https:\/\/www.upjs.sk\/public\/media\/7402\/2012-10-25-MEDICALPRACTICE-ochorenia-dychacich-ciest.pdf\">Bakteri\u00e1lne infekcie d\u00fdchac\u00edch ciest<\/a><\/td><\/tr><tr><td class=\"has-text-align-right\" data-align=\"right\">25.10.2012<\/td><td>ZDRAVOTN\u00cdCKE NOVINY:&nbsp;<a href=\"https:\/\/www.upjs.sk\/public\/media\/7402\/2012-10-25-ZDRAVOTNICKE-NOVINY-Salgovic-nove-vysetrenie.pdf\">Novinka v lie\u010dbe n\u00e1dorov p\u013e\u00fac<\/a><\/td><\/tr><tr><td class=\"has-text-align-right\" data-align=\"right\">24.10.2012<\/td><td>KORZ\u00c1R:&nbsp;<a href=\"https:\/\/www.upjs.sk\/public\/media\/7402\/2012-10-24-KORZAR-nove-vysetrenie-Salgovic.pdf\">Na v\u00fdsledky testov u\u017e \u010dakaj\u00fa krat\u0161ie<\/a><\/td><\/tr><tr><td class=\"has-text-align-right\" data-align=\"right\">20.10.2012<\/td><td>SME:&nbsp;<a href=\"https:\/\/www.upjs.sk\/public\/media\/7402\/2012-10-20-SME-Poruchy-spanku-Feketeova-2.pdf\">\u010co ru\u0161\u00ed n\u00e1\u0161 sp\u00e1nok?<\/a><\/td><\/tr><tr><td class=\"has-text-align-right\" data-align=\"right\">18.10.2012<\/td><td>LEK\u00c1RSKE LISTY:&nbsp;<a href=\"https:\/\/www.upjs.sk\/public\/media\/7402\/2012-10-18-LEKARSKE-LISTY-Klinicka-prezentacia-sine-syndromu-pri-psoriatickej-artritide.pdf\">Klinick\u00e1 prezent\u00e1cia sine syndr\u00f3mu pri psoriatickej artrit\u00edde<\/a><\/td><\/tr><tr><td class=\"has-text-align-right\" data-align=\"right\">17.10.2012<\/td><td>SITA:&nbsp;<a href=\"https:\/\/www.upjs.sk\/public\/media\/7402\/2012-10-17-SITA-V-UPJS-vznika-medicinske-vyskumne-pracovisko.pdf\">V UPJ\u0160 vznik\u00e1 medic\u00ednske v\u00fdskumn\u00e9 pracovisko<\/a><\/td><\/tr><tr><td class=\"has-text-align-right\" data-align=\"right\">17.10.2012<\/td><td>KOSICKESPRAVY:&nbsp;<a href=\"https:\/\/www.upjs.sk\/public\/media\/7402\/2012-10-17-Kosicespravy.sk-videozobrazenia-Krcho.pdf\">Medici sa u\u010dia aj na ultrazvukov\u00fdch n\u00e1lezoch chor\u00fdch novorodencov<\/a><\/td><\/tr><tr><td class=\"has-text-align-right\" data-align=\"right\">11.10.2012<\/td><td>ZDRAVOTN\u00cdCKE NOVINY:&nbsp;<a href=\"https:\/\/www.upjs.sk\/public\/media\/7402\/2012-10-11-ZDRAVOTNICKE-NOVINY-priprava-na-pandemiu-Jarcuska.pdf\">Slovensko ur\u010dite potrebuje by\u0165 pripraven\u00e9 na pand\u00e9miu<\/a><\/td><\/tr><tr><td class=\"has-text-align-right\" data-align=\"right\">11.10.2012<\/td><td>ZDRAVOTN\u00cdCKE NOVINY:&nbsp;<a href=\"https:\/\/www.upjs.sk\/public\/media\/7402\/2012-10-11-ZDRAVOTNICKE-NOVINY-nove-kliniky-LF-v-Saci.pdf\">Lek\u00e1rska fakulta roz\u0161\u00edrila v\u00fdu\u010dbov\u00e9 b\u00e1zy o tri nov\u00e9 kliniky<\/a><\/td><\/tr><tr><td class=\"has-text-align-right\" data-align=\"right\">11.10.2012<\/td><td>NOV\u00dd \u010cAS:&nbsp;<a href=\"https:\/\/www.upjs.sk\/public\/media\/7402\/2012-10-11-NOVY-CAS-Univerzita-tretieho-veku-najstarsi-student.pdf\">Najstar\u0161\u00ed \u0161tudent lek\u00e1rskej fakulty na Slovensku m\u00e1 86 rokov<\/a><\/td><\/tr><tr><td class=\"has-text-align-right\" data-align=\"right\">10.10.2012<\/td><td>KORZ\u00c1R-web\/TASR:&nbsp;<a href=\"https:\/\/www.upjs.sk\/public\/media\/7402\/2012-10-10-TASR-Dusevne-zdravie-Doci.pdf\">Nemali by sme zab\u00fada\u0165 na psychohygienu, ovplyv\u0148uj\u00fa n\u00e1s aj m\u00e9di\u00e1<\/a><\/td><\/tr><tr><td class=\"has-text-align-right\" data-align=\"right\">10.10.2012<\/td><td>KORZ\u00c1R-web:&nbsp;<a href=\"https:\/\/www.upjs.sk\/public\/media\/7402\/2012-10-10-web-KORZAR-nove-kliniky-v-saci.pdf\">Lek\u00e1rska fakulta za\u010dala spolupr\u00e1cu so \u0160acou<\/a><\/td><\/tr><tr><td class=\"has-text-align-right\" data-align=\"right\">08.10.2012<\/td><td>KORZ\u00c1R:&nbsp;<a href=\"https:\/\/www.upjs.sk\/public\/media\/7402\/2012-10-05-KORZAR-tela-kadaverov-prof-Kluchova.pdf\">Medici potrebuj\u00fa tel\u00e1 nebo\u017et\u00edkov. Na \u0161t\u00fadium<\/a><\/td><\/tr><tr><td class=\"has-text-align-right\" data-align=\"right\">07.10.2012<\/td><td>TASR:&nbsp;<a href=\"https:\/\/www.upjs.sk\/public\/media\/7402\/2012-10-07-TASR-Univerzita-tretieho-veku-Kimakova.pdf\">Najstar\u0161\u00ed \u0161tudent medic\u00edny m\u00e1 86 rokov<\/a><\/td><\/tr><tr><td class=\"has-text-align-right\" data-align=\"right\">05.10.2012<\/td><td>NOV\u00dd \u010cAS:&nbsp;<a href=\"https:\/\/www.upjs.sk\/public\/media\/7402\/2012-10-05-NOVY-CAS-darovanie-tela-prof.Kluchova.pdf\">\u00dastav anat\u00f3mie vyz\u00fdva \u013eud\u00ed: Darujte svoje tel\u00e1 na v\u00fdu\u010dbu medikom<\/a><\/td><\/tr><tr><td class=\"has-text-align-right\" data-align=\"right\">04.10.2012<\/td><td>TASR: SLK:&nbsp;<a href=\"https:\/\/www.upjs.sk\/public\/media\/7402\/2012-10-04-TASR-vyhlasenie-SLK-zmluvy-LF-s-UN.pdf\">Situ\u00e1cia v univerzitn\u00fdch nemocniciach ohrozuje cel\u00fd zdravotn\u00fd syst\u00e9m<\/a><\/td><\/tr><tr><td class=\"has-text-align-right\" data-align=\"right\">04.10.2012<\/td><td>LEK\u00c1RSKE LISTY:<a href=\"https:\/\/www.upjs.sk\/public\/media\/7402\/2012-10-04-LEKARSKE-LISTY-sentinelova-uzlina.pdf\">Strat\u00e9gia lie\u010dby in situ karcin\u00f3mu prsn\u00edka<\/a><\/td><\/tr><tr><td class=\"has-text-align-right\" data-align=\"right\">04.10.2012<\/td><td>LEK\u00c1RSKE LISTY:&nbsp;<a href=\"https:\/\/www.upjs.sk\/public\/media\/7402\/2012-10-04-LEKARSKE-LISTY-sentinelova-uzlina.pdf\">V\u00fdznam sentinelovej uzliny pri karcin\u00f3me kr\u010dka maternice<\/a><\/td><\/tr><tr><td class=\"has-text-align-right\" data-align=\"right\">04.10.2012<\/td><td>LEK\u00c1RSKE LISTY:&nbsp;<a href=\"https:\/\/www.upjs.sk\/public\/media\/7402\/2012-10-04-LEKARSKE-LISTY-Ovarialne-nadory.pdf\">Ovari\u00e1lne n\u00e1dory, borderline kateg\u00f3ria<\/a><\/td><\/tr><tr><td class=\"has-text-align-right\" data-align=\"right\">04.10.2012<\/td><td>LEK\u00c1RSKE LISTY:&nbsp;<a href=\"https:\/\/www.upjs.sk\/public\/media\/7402\/2012-10-04-LEKARSKE-LISTY-endometrioza-Ostroo.pdf\">Probl\u00e9m endometri\u00f3zy<\/a><\/td><\/tr><tr><td class=\"has-text-align-right\" data-align=\"right\">04.10.2012<\/td><td>LEK\u00c1RSKE LISTY:&nbsp;<a href=\"https:\/\/www.upjs.sk\/public\/media\/7402\/2012-10-04-LEKARSKE-LISTY-Dysmenorea.pdf\">Dysmenorea a mo\u017enosti jej mana\u017ementu<\/a><\/td><\/tr><tr><td class=\"has-text-align-right\" data-align=\"right\">03.10.2012<\/td><td>TV MARK\u00cdZA:&nbsp;<a href=\"https:\/\/www.upjs.sk\/public\/media\/7402\/2012-10-03-TVMARKIZA-nedostatok-tiel-prof-Kluchova.pdf\">M\u0155tvi u\u010dia \u017eiv\u00fdch<\/a><\/td><\/tr><tr><td class=\"has-text-align-right\" data-align=\"right\">03.10.2012<\/td><td>TOPKY.sk:&nbsp;<a href=\"https:\/\/www.upjs.sk\/public\/media\/7402\/2012-10-03-TOPKY.sk-darovanie-tiel-na-studijne-ucely-prof-Kluchova.pdf\">Medici nebud\u00fa ma\u0165 \u010do pitva\u0165. Tiel je \u010doraz menej.<\/a><\/td><\/tr><tr><td class=\"has-text-align-right\" data-align=\"right\">02.10.2012<\/td><td>TASR:&nbsp;<a href=\"https:\/\/www.upjs.sk\/public\/media\/7402\/2012-10-02-TASR-darovanie-tiel-na-studijne-ucely-prof-Kluchova.pdf\">Tel\u00e1 neboh\u00fdch pom\u00e1haj\u00fa zachra\u0148ova\u0165 \u017eivoty a zdravie<\/a><\/td><\/tr><\/tbody><\/table><\/figure>\n\n\n\n<p><strong>September 2012<\/strong><\/p>\n\n\n\n<figure id=\"zebra\" class=\"wp-block-table is-style-stripes\"><table><tbody><tr><td class=\"has-text-align-right\" data-align=\"right\">27.9.2012<\/td><td>ZDRAVOTN\u00cdCKE NOVINY:&nbsp;<a href=\"https:\/\/www.upjs.sk\/public\/media\/7402\/2012-09-27-ZDRAVOTNICKE-NOVINY-STUDENTI-NEMOHLI-PRAXOVAT-STRAJK.pdf\">Medici nemohli praxova\u0165<\/a><\/td><\/tr><tr><td class=\"has-text-align-right\" data-align=\"right\">20.9.2012<\/td><td>ZDRAVOTN\u00cdCKE NOVINY:&nbsp;<a href=\"https:\/\/www.upjs.sk\/public\/media\/7402\/2012-09-20-Z-NOVINY-poznamka-k-dohode-LF-a-UN.pdf\">Pozn\u00e1mka: \u010cerven\u00e9 stu\u017eky ko\u0161ick\u00e9<\/a><\/td><\/tr><tr><td class=\"has-text-align-right\" data-align=\"right\">20.9.2012<\/td><td>ZDRAVOTN\u00cdCKE NOVINY:&nbsp;<a href=\"https:\/\/www.upjs.sk\/public\/media\/7402\/2012-09-20-Z-NOVINY-zmluva-LF-s-UNLP.pdf\">Medici za\u010dali bez zmluvy<\/a><\/td><\/tr><tr><td class=\"has-text-align-right\" data-align=\"right\">19.9.2012<\/td><td>TELEV\u00cdZIA MARK\u00cdZA:<a href=\"https:\/\/www.upjs.sk\/public\/media\/7402\/2012-09-18-TV-MARKIZA-zmluva-LF-s-UNLP-strajk-medikov.pdf\">&nbsp;\u0160tudenti v uliciach&nbsp;&nbsp;<\/a><\/td><\/tr><tr><td class=\"has-text-align-right\" data-align=\"right\">19.9.2012<\/td><td>TOPKY.SK:&nbsp;<a href=\"https:\/\/www.upjs.sk\/public\/media\/7402\/2012-09-19-TOPKY-sk-strajk-medikov.pdf\">Tis\u00edce ko\u0161ick\u00fdch medikov vy\u0161lo do ul\u00edc!<\/a><\/td><\/tr><tr><td class=\"has-text-align-right\" data-align=\"right\">19.9.2012<\/td><td>TA3:&nbsp;<a href=\"https:\/\/www.upjs.sk\/public\/media\/7402\/2012-09-19-TA3-hlavne-spravy-strajk-medikov.pdf\">Medici vy\u0161li do ul\u00edc<\/a><\/td><\/tr><tr><td class=\"has-text-align-right\" data-align=\"right\">19.9.2012<\/td><td>TASR:&nbsp;<a href=\"https:\/\/www.upjs.sk\/public\/media\/7402\/2012-09-19-TASR-pochodstudentov-reakcia-UNLP.pdf\">Posluch\u00e1\u010di lek\u00e1rskej fakulty protestovali v uliciach mesta<\/a><\/td><\/tr><tr><td class=\"has-text-align-right\" data-align=\"right\">19.9.2012<\/td><td>STV1:&nbsp;<a href=\"https:\/\/www.upjs.sk\/public\/media\/7402\/2012-09-19-STV-spravy-strajk-medikov.pdf\">\u0160trajk ko\u0161ick\u00fdch medikov<\/a><\/td><\/tr><tr><td class=\"has-text-align-right\" data-align=\"right\">19.9.2012<\/td><td>R\u00c1DIO SLOVENSKO:&nbsp;<a href=\"https:\/\/www.upjs.sk\/public\/media\/7402\/2012-09-19-Radio-SLOVENSKO-strajk-medikov.pdf\">Ko\u0161ick\u00ed medici v uliciach<\/a><\/td><\/tr><tr><td class=\"has-text-align-right\" data-align=\"right\">19.9.2012<\/td><td>Blog SME:&nbsp;<a href=\"https:\/\/www.upjs.sk\/public\/media\/7402\/2012-09-19-SME-blog-strajk-medikov.pdf\">Neberte v\u00fdchodu medikov! alebo medici nespia, pani ministerka&#8230;<\/a><\/td><\/tr><tr><td class=\"has-text-align-right\" data-align=\"right\">19.9.2012<\/td><td>R\u00c1DIO EXPRES:&nbsp;<a href=\"https:\/\/www.upjs.sk\/public\/media\/7402\/2012-09-19-Radio-EXPRES-strajk-medikov.pdf\">\u0160tudenti dnes demon\u0161trovali pred lek\u00e1rskou fakultou v Ko\u0161iciach<\/a><\/td><\/tr><tr><td class=\"has-text-align-right\" data-align=\"right\">19.9.2012<\/td><td>WEBNOVINY:&nbsp;<a href=\"https:\/\/www.upjs.sk\/public\/media\/7402\/2012-09-19-WEBNOVINY-strajk-medikov.pdf\">Medici protestovali proti zmluve s nemocnicou v Ko\u0161iciach<\/a><\/td><\/tr><tr><td class=\"has-text-align-right\" data-align=\"right\">19.9.2012<\/td><td>NOV\u00dd \u010cAS-web:&nbsp;<a href=\"https:\/\/www.upjs.sk\/public\/media\/7402\/2012-09-19-web-NOVY-CAS-strajk-medikov.pdf\">Ko\u0161ick\u00ed medici protestovali: Neberte n\u00e1m akademick\u00e9 slobody!<\/a><\/td><\/tr><tr><td class=\"has-text-align-right\" data-align=\"right\">19.9.2012<\/td><td>NOV\u00dd \u010cAS:&nbsp;<a href=\"https:\/\/www.upjs.sk\/public\/media\/7402\/2012-09-19-NOVY-CAS-studenti-ostavaju-v-strajkovej-pohotovosti.pdf\">Medici s\u00fa st\u00e1le v \u0161trajkovej pohotovosti<\/a><\/td><\/tr><tr><td class=\"has-text-align-right\" data-align=\"right\">19.9.2012<\/td><td>KORZ\u00c1R-web:&nbsp;<a href=\"https:\/\/www.upjs.sk\/public\/media\/7402\/2012-09-19-KORZAR-web-strajk-medikov-aktualizovane.pdf\">Ko\u0161ick\u00ed medici protestovali proti zmluve s nemocnicou<\/a><\/td><\/tr><tr><td class=\"has-text-align-right\" data-align=\"right\">18.9.2012<\/td><td>TV MARK\u00cdZA:&nbsp;<a href=\"https:\/\/www.upjs.sk\/public\/media\/7402\/2012-09-18-TV-MARKIZA-zmluva-LF-s-UNLP-strajk-medikov.pdf\">Medici bud\u00fa demon\u0161trova\u0165<\/a><\/td><\/tr><tr><td class=\"has-text-align-right\" data-align=\"right\">18.9.2012<\/td><td>STV1:&nbsp;<a href=\"https:\/\/www.upjs.sk\/public\/media\/7402\/2012-09-18-STV-zmluva-LFa-UNLP-strajk-medikov.pdf\">LF UPJ\u0160: Zmluvu s nemocnicou podp\u00ed\u0161u<\/a><\/td><\/tr><tr><td class=\"has-text-align-right\" data-align=\"right\">17.9.2012<\/td><td>KORZ\u00c1R-web:&nbsp;<a href=\"https:\/\/www.upjs.sk\/public\/media\/7402\/2012-09-17-Web-KORZAR-vyhlasenie-dekanov-korekcia-vyjadrenia-rektora.pdf\">Dekani lek\u00e1rskych fak\u00falt nes\u00fahlasia s dohodou ministerstiev<\/a><\/td><\/tr><tr><td class=\"has-text-align-right\" data-align=\"right\">17.9.2012<\/td><td>TASR:&nbsp;<a href=\"https:\/\/www.upjs.sk\/public\/media\/7402\/2012-09-17-TASR-reakcia-dekana-Siegfrieda-na-podpis-zmluvy.pdf\">Dekan Lek\u00e1rskej fakulty UPJ\u0160 nes\u00fahlas\u00ed s dohodou ministerstiev<\/a><\/td><\/tr><tr><td class=\"has-text-align-right\" data-align=\"right\">17.9.2012<\/td><td>SITA:&nbsp;<a href=\"https:\/\/www.upjs.sk\/public\/media\/7402\/2012-09-17-SITA-zmluva-s-UNLP-rektorove-vyjadrenie-prednostenska-porada-dekan.pdf\">Rektor UPJ\u0160 v\u00e1ha s podpisom zmluvy s univerzitnou nemocnicou<\/a><\/td><\/tr><tr><td class=\"has-text-align-right\" data-align=\"right\">17.9.2012<\/td><td>SITA:&nbsp;<a href=\"https:\/\/www.upjs.sk\/public\/media\/7402\/2012-09-17-SITA-stanovisko-dekanov-Siegfried.pdf\">Dekani lek\u00e1rskych fak\u00falt nie s\u00fa spokojn\u00ed so znen\u00edm zmluvy<\/a><\/td><\/tr><tr><td class=\"has-text-align-right\" data-align=\"right\">14.9.2012<\/td><td>WEBNOVINY:&nbsp;<a href=\"https:\/\/www.upjs.sk\/public\/media\/7402\/2012-09-14-WEBNOVINY-zmluva-strajk-studentov.pdf\">Ko\u0161ick\u00ed medici si vyd\u00fdchnu, zostan\u00fa v univerzitnej nemocnici<\/a><\/td><\/tr><tr><td class=\"has-text-align-right\" data-align=\"right\">14.9.2012<\/td><td>KORZ\u00c1R-web:&nbsp;<a href=\"https:\/\/www.upjs.sk\/public\/media\/7402\/2012-09-14-web-KORZAR-strajkova-pohotovost-medikov.pdf\">Ko\u0161ick\u00ed medici vst\u00fapili do \u0161trajkovej pohotovosti<\/a><\/td><\/tr><tr><td class=\"has-text-align-right\" data-align=\"right\">14.9.2012<\/td><td>TV MARK\u00cdZA:&nbsp;<a href=\"https:\/\/www.upjs.sk\/public\/media\/7402\/2012-09-14-TV-MARKIZA-strajkova-pohotovost-medikov.pdf\">\u0160tudenti v \u0161trajkovej pohotovosti<\/a><\/td><\/tr><tr><td class=\"has-text-align-right\" data-align=\"right\">14.9.2012<\/td><td>TASR:&nbsp;<a href=\"https:\/\/www.upjs.sk\/public\/media\/7402\/2012-09-14-TASR-vyhlasenie-strajkovej-pohotovosti.pdf\">Medici vyhl\u00e1sili pre spor s UNLP \u0161trajkov\u00fa pohotovos\u0165<\/a><\/td><\/tr><tr><td class=\"has-text-align-right\" data-align=\"right\">14.9.2012<\/td><td>STV1:&nbsp;<a href=\"https:\/\/www.upjs.sk\/public\/media\/7402\/2012-09-14-STV-strajk-studentov-LF-zmluva.pdf\">\u0160tudenti lek\u00e1rskej fakulty nebud\u00fa \u0161trajkova\u0165<\/a><\/td><\/tr><tr><td class=\"has-text-align-right\" data-align=\"right\">14.9.2012<\/td><td>SITA:&nbsp;<a href=\"https:\/\/www.upjs.sk\/public\/media\/7402\/2012-09-14-SITA-vyhlasenie-strajkovej-pohotovosti.pdf\">Ko\u0161ick\u00ed medici vst\u00fapili do \u0161trajkovej pohotovosti<\/a><\/td><\/tr><tr><td class=\"has-text-align-right\" data-align=\"right\">14.9.2012<\/td><td>R\u00c1DIO SLOVENSKO:&nbsp;<a href=\"https:\/\/www.upjs.sk\/public\/media\/7402\/2012-09-14-RADIO-SLOVENSKO-strajk-studenov-zmluva.pdf\">\u0160trajkov\u00e1 pohotovos\u0165<\/a><\/td><\/tr><tr><td class=\"has-text-align-right\" data-align=\"right\">14.9.2012<\/td><td>R\u00c1DIO VIVA:&nbsp;<a href=\"https:\/\/www.upjs.sk\/public\/media\/7402\/2012-09-14-RADIO-VIVA-strajkova-pohotovost-zmluva-s-UNLP.pdf\">\u0160tudenti Lek\u00e1rskej fakulty vyhl\u00e1sili \u0161trajkov\u00fa pohotovos\u0165<\/a><\/td><\/tr><tr><td class=\"has-text-align-right\" data-align=\"right\">12.9.2012<\/td><td>WEBNOVINY:&nbsp;<a href=\"https:\/\/www.upjs.sk\/public\/media\/7402\/2012-09.12-WEBNOVINY-prevencia-kardio-vaskularnych-ochoreni.pdf\">Prevencia srdcovo-cievnych chor\u00f4b je k\u013e\u00fa\u010dov\u00e1, tvrdia lek\u00e1ri<\/a><\/td><\/tr><\/tbody><\/table><\/figure>\n","protected":false},"excerpt":{"rendered":"<p>December 2012 12.2012 BEDEKER ZDRAVIA:&nbsp;Probiotik\u00e1 a imunita 24.12.2012 Aktuality.sk:&nbsp;Ako neprehra\u0165 boj s pa\u017eravos\u0165ou? 24.12.2012 TASR:&nbsp;Cez Vianoce sa neobjedajte, radia odborn\u00edci 23.12.2012 SITA:&nbsp;Odborn\u00edci prezradili triky na zdrav\u00e9 viano\u010dn\u00e9 hodovanie 22.12.2012 Zoznam.sk:&nbsp;Tr\u00e1viacim \u0165a\u017ekostiam sa d\u00e1 pred\u00eds\u0165, porad\u00edme ako 22.12.2012 Aktuality.sk:&nbsp;Novou u\u010debnou pom\u00f4ckou medikov bude od nov\u00e9ho roka \u201aumel\u00fd\u2018 pacient 22.12.2012 24hod.sk:&nbsp;Odborn\u00edci prezradili triky na zdrav\u00e9 viano\u010dn\u00e9 hodovanie &hellip; <a href=\"https:\/\/www.upjs.sk\/lekarska-fakulta\/fakulta\/verejnost-a-media\/fakulta-v-mediach\/archiv2012\/\">\u010c\u00edta\u0165 \u010falej<\/a><\/p>\n","protected":false},"author":1,"featured_media":0,"parent":13911,"menu_order":11,"comment_status":"closed","ping_status":"closed","template":"","meta":{"_acf_changed":false,"_editorskit_title_hidden":false,"_editorskit_reading_time":3,"_editorskit_is_block_options_detached":false,"_editorskit_block_options_position":"{}","footnotes":""},"categories":[],"tags":[],"class_list":["post-16593","page","type-page","status-publish","hentry"],"acf":{"acf_link_na_externy_obsah":""},"yoast_head":"<!-- This site is optimized with the Yoast SEO plugin v27.4 - https:\/\/yoast.com\/product\/yoast-seo-wordpress\/ -->\n<title>Fakulta v m\u00e9di\u00e1ch 2012 - Lek\u00e1rska fakulta | UPJ\u0160<\/title>\n<meta name=\"robots\" content=\"index, follow, max-snippet:-1, max-image-preview:large, max-video-preview:-1\" \/>\n<link rel=\"canonical\" href=\"https:\/\/www.upjs.sk\/lekarska-fakulta\/fakulta\/verejnost-a-media\/fakulta-v-mediach\/archiv2012\/\" \/>\n<meta property=\"og:locale\" content=\"sk_SK\" \/>\n<meta property=\"og:type\" content=\"article\" \/>\n<meta property=\"og:title\" content=\"Fakulta v m\u00e9di\u00e1ch 2012 - Lek\u00e1rska fakulta | UPJ\u0160\" \/>\n<meta property=\"og:description\" content=\"December 2012 12.2012 BEDEKER ZDRAVIA:&nbsp;Probiotik\u00e1 a imunita 24.12.2012 Aktuality.sk:&nbsp;Ako neprehra\u0165 boj s pa\u017eravos\u0165ou? 24.12.2012 TASR:&nbsp;Cez Vianoce sa neobjedajte, radia odborn\u00edci 23.12.2012 SITA:&nbsp;Odborn\u00edci prezradili triky na zdrav\u00e9 viano\u010dn\u00e9 hodovanie 22.12.2012 Zoznam.sk:&nbsp;Tr\u00e1viacim \u0165a\u017ekostiam sa d\u00e1 pred\u00eds\u0165, porad\u00edme ako 22.12.2012 Aktuality.sk:&nbsp;Novou u\u010debnou pom\u00f4ckou medikov bude od nov\u00e9ho roka \u201aumel\u00fd\u2018 pacient 22.12.2012 24hod.sk:&nbsp;Odborn\u00edci prezradili triky na zdrav\u00e9 viano\u010dn\u00e9 hodovanie &hellip; \u010c\u00edta\u0165 \u010falej\" \/>\n<meta property=\"og:url\" content=\"https:\/\/www.upjs.sk\/lekarska-fakulta\/fakulta\/verejnost-a-media\/fakulta-v-mediach\/archiv2012\/\" \/>\n<meta property=\"og:site_name\" content=\"Lek\u00e1rska fakulta | UPJ\u0160\" \/>\n<meta property=\"article:modified_time\" content=\"2023-01-19T21:34:48+00:00\" \/>\n<meta name=\"twitter:card\" content=\"summary_large_image\" \/>\n<meta name=\"twitter:label1\" content=\"Predpokladan\u00fd \u010das \u010d\u00edtania\" \/>\n\t<meta name=\"twitter:data1\" content=\"5 min\u00fat\" \/>\n<script type=\"application\/ld+json\" class=\"yoast-schema-graph\">{\"@context\":\"https:\\\/\\\/schema.org\",\"@graph\":[{\"@type\":\"WebPage\",\"@id\":\"https:\\\/\\\/www.upjs.sk\\\/lekarska-fakulta\\\/fakulta\\\/verejnost-a-media\\\/fakulta-v-mediach\\\/archiv2012\\\/\",\"url\":\"https:\\\/\\\/www.upjs.sk\\\/lekarska-fakulta\\\/fakulta\\\/verejnost-a-media\\\/fakulta-v-mediach\\\/archiv2012\\\/\",\"name\":\"Fakulta v m\u00e9di\u00e1ch 2012 - Lek\u00e1rska fakulta | UPJ\u0160\",\"isPartOf\":{\"@id\":\"https:\\\/\\\/www.upjs.sk\\\/lekarska-fakulta\\\/#website\"},\"datePublished\":\"2015-10-31T13:23:27+00:00\",\"dateModified\":\"2023-01-19T21:34:48+00:00\",\"breadcrumb\":{\"@id\":\"https:\\\/\\\/www.upjs.sk\\\/lekarska-fakulta\\\/fakulta\\\/verejnost-a-media\\\/fakulta-v-mediach\\\/archiv2012\\\/#breadcrumb\"},\"inLanguage\":\"sk-SK\",\"potentialAction\":[{\"@type\":\"ReadAction\",\"target\":[\"https:\\\/\\\/www.upjs.sk\\\/lekarska-fakulta\\\/fakulta\\\/verejnost-a-media\\\/fakulta-v-mediach\\\/archiv2012\\\/\"]}]},{\"@type\":\"BreadcrumbList\",\"@id\":\"https:\\\/\\\/www.upjs.sk\\\/lekarska-fakulta\\\/fakulta\\\/verejnost-a-media\\\/fakulta-v-mediach\\\/archiv2012\\\/#breadcrumb\",\"itemListElement\":[{\"@type\":\"ListItem\",\"position\":1,\"name\":\"Home\",\"item\":\"https:\\\/\\\/www.upjs.sk\\\/lekarska-fakulta\\\/\"},{\"@type\":\"ListItem\",\"position\":2,\"name\":\"O fakulte\",\"item\":\"https:\\\/\\\/www.upjs.sk\\\/lekarska-fakulta\\\/fakulta\\\/\"},{\"@type\":\"ListItem\",\"position\":3,\"name\":\"Verejnos\u0165 a m\u00e9di\u00e1\",\"item\":\"https:\\\/\\\/www.upjs.sk\\\/lekarska-fakulta\\\/fakulta\\\/verejnost-a-media\\\/\"},{\"@type\":\"ListItem\",\"position\":4,\"name\":\"Fakulta v m\u00e9di\u00e1ch\",\"item\":\"https:\\\/\\\/www.upjs.sk\\\/lekarska-fakulta\\\/fakulta\\\/verejnost-a-media\\\/fakulta-v-mediach\\\/\"},{\"@type\":\"ListItem\",\"position\":5,\"name\":\"Fakulta v m\u00e9di\u00e1ch 2012\"}]},{\"@type\":\"WebSite\",\"@id\":\"https:\\\/\\\/www.upjs.sk\\\/lekarska-fakulta\\\/#website\",\"url\":\"https:\\\/\\\/www.upjs.sk\\\/lekarska-fakulta\\\/\",\"name\":\"Lek\u00e1rska fakulta | UPJ\u0160\",\"description\":\"\",\"publisher\":{\"@id\":\"https:\\\/\\\/www.upjs.sk\\\/lekarska-fakulta\\\/#organization\"},\"potentialAction\":[{\"@type\":\"SearchAction\",\"target\":{\"@type\":\"EntryPoint\",\"urlTemplate\":\"https:\\\/\\\/www.upjs.sk\\\/lekarska-fakulta\\\/?s={search_term_string}\"},\"query-input\":{\"@type\":\"PropertyValueSpecification\",\"valueRequired\":true,\"valueName\":\"search_term_string\"}}],\"inLanguage\":\"sk-SK\"},{\"@type\":\"Organization\",\"@id\":\"https:\\\/\\\/www.upjs.sk\\\/lekarska-fakulta\\\/#organization\",\"name\":\"Lek\u00e1rska fakulta | UPJ\u0160\",\"url\":\"https:\\\/\\\/www.upjs.sk\\\/lekarska-fakulta\\\/\",\"logo\":{\"@type\":\"ImageObject\",\"inLanguage\":\"sk-SK\",\"@id\":\"https:\\\/\\\/www.upjs.sk\\\/lekarska-fakulta\\\/#\\\/schema\\\/logo\\\/image\\\/\",\"url\":\"https:\\\/\\\/www.upjs.sk\\\/app\\\/uploads\\\/sites\\\/9\\\/2022\\\/09\\\/logo-lekarska-fakulta.png\",\"contentUrl\":\"https:\\\/\\\/www.upjs.sk\\\/app\\\/uploads\\\/sites\\\/9\\\/2022\\\/09\\\/logo-lekarska-fakulta.png\",\"width\":415,\"height\":87,\"caption\":\"Lek\u00e1rska fakulta | UPJ\u0160\"},\"image\":{\"@id\":\"https:\\\/\\\/www.upjs.sk\\\/lekarska-fakulta\\\/#\\\/schema\\\/logo\\\/image\\\/\"}}]}<\/script>\n<!-- \/ Yoast SEO plugin. -->","yoast_head_json":{"title":"Fakulta v m\u00e9di\u00e1ch 2012 - Lek\u00e1rska fakulta | UPJ\u0160","robots":{"index":"index","follow":"follow","max-snippet":"max-snippet:-1","max-image-preview":"max-image-preview:large","max-video-preview":"max-video-preview:-1"},"canonical":"https:\/\/www.upjs.sk\/lekarska-fakulta\/fakulta\/verejnost-a-media\/fakulta-v-mediach\/archiv2012\/","og_locale":"sk_SK","og_type":"article","og_title":"Fakulta v m\u00e9di\u00e1ch 2012 - Lek\u00e1rska fakulta | UPJ\u0160","og_description":"December 2012 12.2012 BEDEKER ZDRAVIA:&nbsp;Probiotik\u00e1 a imunita 24.12.2012 Aktuality.sk:&nbsp;Ako neprehra\u0165 boj s pa\u017eravos\u0165ou? 24.12.2012 TASR:&nbsp;Cez Vianoce sa neobjedajte, radia odborn\u00edci 23.12.2012 SITA:&nbsp;Odborn\u00edci prezradili triky na zdrav\u00e9 viano\u010dn\u00e9 hodovanie 22.12.2012 Zoznam.sk:&nbsp;Tr\u00e1viacim \u0165a\u017ekostiam sa d\u00e1 pred\u00eds\u0165, porad\u00edme ako 22.12.2012 Aktuality.sk:&nbsp;Novou u\u010debnou pom\u00f4ckou medikov bude od nov\u00e9ho roka \u201aumel\u00fd\u2018 pacient 22.12.2012 24hod.sk:&nbsp;Odborn\u00edci prezradili triky na zdrav\u00e9 viano\u010dn\u00e9 hodovanie &hellip; \u010c\u00edta\u0165 \u010falej","og_url":"https:\/\/www.upjs.sk\/lekarska-fakulta\/fakulta\/verejnost-a-media\/fakulta-v-mediach\/archiv2012\/","og_site_name":"Lek\u00e1rska fakulta | UPJ\u0160","article_modified_time":"2023-01-19T21:34:48+00:00","twitter_card":"summary_large_image","twitter_misc":{"Predpokladan\u00fd \u010das \u010d\u00edtania":"5 min\u00fat"},"schema":{"@context":"https:\/\/schema.org","@graph":[{"@type":"WebPage","@id":"https:\/\/www.upjs.sk\/lekarska-fakulta\/fakulta\/verejnost-a-media\/fakulta-v-mediach\/archiv2012\/","url":"https:\/\/www.upjs.sk\/lekarska-fakulta\/fakulta\/verejnost-a-media\/fakulta-v-mediach\/archiv2012\/","name":"Fakulta v m\u00e9di\u00e1ch 2012 - Lek\u00e1rska fakulta | UPJ\u0160","isPartOf":{"@id":"https:\/\/www.upjs.sk\/lekarska-fakulta\/#website"},"datePublished":"2015-10-31T13:23:27+00:00","dateModified":"2023-01-19T21:34:48+00:00","breadcrumb":{"@id":"https:\/\/www.upjs.sk\/lekarska-fakulta\/fakulta\/verejnost-a-media\/fakulta-v-mediach\/archiv2012\/#breadcrumb"},"inLanguage":"sk-SK","potentialAction":[{"@type":"ReadAction","target":["https:\/\/www.upjs.sk\/lekarska-fakulta\/fakulta\/verejnost-a-media\/fakulta-v-mediach\/archiv2012\/"]}]},{"@type":"BreadcrumbList","@id":"https:\/\/www.upjs.sk\/lekarska-fakulta\/fakulta\/verejnost-a-media\/fakulta-v-mediach\/archiv2012\/#breadcrumb","itemListElement":[{"@type":"ListItem","position":1,"name":"Home","item":"https:\/\/www.upjs.sk\/lekarska-fakulta\/"},{"@type":"ListItem","position":2,"name":"O fakulte","item":"https:\/\/www.upjs.sk\/lekarska-fakulta\/fakulta\/"},{"@type":"ListItem","position":3,"name":"Verejnos\u0165 a m\u00e9di\u00e1","item":"https:\/\/www.upjs.sk\/lekarska-fakulta\/fakulta\/verejnost-a-media\/"},{"@type":"ListItem","position":4,"name":"Fakulta v m\u00e9di\u00e1ch","item":"https:\/\/www.upjs.sk\/lekarska-fakulta\/fakulta\/verejnost-a-media\/fakulta-v-mediach\/"},{"@type":"ListItem","position":5,"name":"Fakulta v m\u00e9di\u00e1ch 2012"}]},{"@type":"WebSite","@id":"https:\/\/www.upjs.sk\/lekarska-fakulta\/#website","url":"https:\/\/www.upjs.sk\/lekarska-fakulta\/","name":"Lek\u00e1rska fakulta | UPJ\u0160","description":"","publisher":{"@id":"https:\/\/www.upjs.sk\/lekarska-fakulta\/#organization"},"potentialAction":[{"@type":"SearchAction","target":{"@type":"EntryPoint","urlTemplate":"https:\/\/www.upjs.sk\/lekarska-fakulta\/?s={search_term_string}"},"query-input":{"@type":"PropertyValueSpecification","valueRequired":true,"valueName":"search_term_string"}}],"inLanguage":"sk-SK"},{"@type":"Organization","@id":"https:\/\/www.upjs.sk\/lekarska-fakulta\/#organization","name":"Lek\u00e1rska fakulta | UPJ\u0160","url":"https:\/\/www.upjs.sk\/lekarska-fakulta\/","logo":{"@type":"ImageObject","inLanguage":"sk-SK","@id":"https:\/\/www.upjs.sk\/lekarska-fakulta\/#\/schema\/logo\/image\/","url":"https:\/\/www.upjs.sk\/app\/uploads\/sites\/9\/2022\/09\/logo-lekarska-fakulta.png","contentUrl":"https:\/\/www.upjs.sk\/app\/uploads\/sites\/9\/2022\/09\/logo-lekarska-fakulta.png","width":415,"height":87,"caption":"Lek\u00e1rska fakulta | UPJ\u0160"},"image":{"@id":"https:\/\/www.upjs.sk\/lekarska-fakulta\/#\/schema\/logo\/image\/"}}]}},"_links":{"self":[{"href":"https:\/\/www.upjs.sk\/lekarska-fakulta\/wp-json\/wp\/v2\/pages\/16593","targetHints":{"allow":["GET"]}}],"collection":[{"href":"https:\/\/www.upjs.sk\/lekarska-fakulta\/wp-json\/wp\/v2\/pages"}],"about":[{"href":"https:\/\/www.upjs.sk\/lekarska-fakulta\/wp-json\/wp\/v2\/types\/page"}],"author":[{"embeddable":true,"href":"https:\/\/www.upjs.sk\/lekarska-fakulta\/wp-json\/wp\/v2\/users\/1"}],"replies":[{"embeddable":true,"href":"https:\/\/www.upjs.sk\/lekarska-fakulta\/wp-json\/wp\/v2\/comments?post=16593"}],"version-history":[{"count":3,"href":"https:\/\/www.upjs.sk\/lekarska-fakulta\/wp-json\/wp\/v2\/pages\/16593\/revisions"}],"predecessor-version":[{"id":73730,"href":"https:\/\/www.upjs.sk\/lekarska-fakulta\/wp-json\/wp\/v2\/pages\/16593\/revisions\/73730"}],"up":[{"embeddable":true,"href":"https:\/\/www.upjs.sk\/lekarska-fakulta\/wp-json\/wp\/v2\/pages\/13911"}],"wp:attachment":[{"href":"https:\/\/www.upjs.sk\/lekarska-fakulta\/wp-json\/wp\/v2\/media?parent=16593"}],"wp:term":[{"taxonomy":"category","embeddable":true,"href":"https:\/\/www.upjs.sk\/lekarska-fakulta\/wp-json\/wp\/v2\/categories?post=16593"},{"taxonomy":"post_tag","embeddable":true,"href":"https:\/\/www.upjs.sk\/lekarska-fakulta\/wp-json\/wp\/v2\/tags?post=16593"}],"curies":[{"name":"wp","href":"https:\/\/api.w.org\/{rel}","templated":true}]}}