{"id":16633,"date":"2012-12-19T11:57:33","date_gmt":"2012-12-19T11:57:05","guid":{"rendered":"https:\/\/www.upjs.sk\/lekarska-fakulta\/konferencie\/2012-2\/"},"modified":"2023-01-25T23:08:40","modified_gmt":"2023-01-25T22:08:40","slug":"podujatia-2012","status":"publish","type":"page","link":"https:\/\/www.upjs.sk\/lekarska-fakulta\/fakulta\/konferencie-a-podujatia\/podujatia-2012\/","title":{"rendered":"Podujatia v roku 2012"},"content":{"rendered":"<p><!-- Text --> <\/p>\n<style type=\"text\/css\"> <!-- td.mesiac{color:#b82020;font-weight:bold;padding-top:1em} td.nadpis{font-weight:bold;padding-top:1em;padding-bottom:.5em} tr{vertical-align:top;} tr.tmave{background-color:#FFE4E7;} --><\/style>\n<p> \t\u00a0<\/p>\n<table border=\"0\" cellpadding=\"0\" cellspacing=\"0\" style=\"margin-top: -1em;\" width=\"97%\">\n<tbody>\n<tr>\n<td width=\"130\"> \t\t\t\t\u00a0<\/td>\n<td width=\"430\"> \t\t\t\t\u00a0<\/td>\n<\/tr>\n<tr>\n<td class=\"mesiac\" colspan=\"2\"> \t\t\t\tFEBRU\u00c1R 2012<\/td>\n<\/tr>\n<tr>\n<td align=\"left\" class=\"nadpis\" colspan=\"2\"> \t\t\t\t<strong>Vedeck\u00e1 sch\u00f4dza doktorandov<\/strong><\/td>\n<\/tr>\n<tr class=\"tmave\">\n<td> \t\t\t\tTerm\u00edn konania:<\/td>\n<td> \t\t\t\t2.2.2012 o 15.00 hod.<\/td>\n<\/tr>\n<tr>\n<td> \t\t\t\tMiesto konania:<\/td>\n<td> \t\t\t\tPosluch\u00e1re\u0148 1, UPJ\u0160 LF Ko\u0161ice, Trieda SNP 1<\/td>\n<\/tr>\n<tr class=\"tmave\">\n<td> \t\t\t\tOrganizuj\u00face subjekty:<\/td>\n<td> \t\t\t\tSlovensk\u00e1 lek\u00e1rska spolo\u010dnos\u0165<br \/> \t\t\t\tSpolok lek\u00e1rov Ko\u0161ice<br \/> \t\t\t\tRegion\u00e1lna lek\u00e1rska komora Ko\u0161ice<br \/> \t\t\t\tUPJ\u0160 Lek\u00e1rska fakulta Ko\u0161ice<br \/> \t\t\t\tUniverzitn\u00e1 nemocnica Louisa Pasteura<\/td>\n<\/tr>\n<tr>\n<td> \t\t\t\tKoordin\u00e1tor:<\/td>\n<td> \t\t\t\tProf. MUDr. Oliver R\u00e1cz, CSc., predseda Spolku lek\u00e1rov v Ko\u0161iciach<\/td>\n<\/tr>\n<tr class=\"tmave\">\n<td> \t\t\t\tPozn\u00e1mka:<\/td>\n<td> \t\t\t\t<a href=\"\/public\/media\/0455\/SLK-2012-02-02.pdf\">Program<\/a><\/td>\n<\/tr>\n<tr>\n<td colspan=\"2\"> \t\t\t\t\u00a0<\/td>\n<\/tr>\n<tr>\n<td align=\"left\" class=\"nadpis\" colspan=\"2\"> \t\t\t\t<strong>Odborn\u00fd semin\u00e1r Cumulus, s.r.o., Ko\u0161ice v spolupr\u00e1ci s Roche Slovensko, s.r.o. <\/strong><\/td>\n<\/tr>\n<tr class=\"tmave\">\n<td> \t\t\t\tTerm\u00edn konania:<\/td>\n<td> \t\t\t\t23.2.2012 o 14.30 hod.<\/td>\n<\/tr>\n<tr>\n<td> \t\t\t\tMiesto konania:<\/td>\n<td> \t\t\t\tKult\u00farne stredisko Ju\u017ean, Smetanova 4, Ko\u0161ice<\/td>\n<\/tr>\n<tr class=\"tmave\">\n<td> \t\t\t\tOrganizuj\u00face subjekty:<\/td>\n<td> \t\t\t\tSlovensk\u00e1 lek\u00e1rska spolo\u010dnos\u0165<br \/> \t\t\t\tSpolok lek\u00e1rov Ko\u0161ice<br \/> \t\t\t\tRegion\u00e1lna lek\u00e1rska komora Ko\u0161ice<br \/> \t\t\t\tUPJ\u0160 Lek\u00e1rska fakulta Ko\u0161ice<br \/> \t\t\t\tUniverzitn\u00e1 nemocnica Louisa Pasteura<\/td>\n<\/tr>\n<tr>\n<td> \t\t\t\tKoordin\u00e1tori:<\/td>\n<td> \t\t\t\tIng. Tatiana Godarsk\u00e1, Roche Slovensko, s.r.o.<br \/> \t\t\t\tProf. MUDr. Oliver R\u00e1cz, CSc., predseda Spolku lek\u00e1rov v Ko\u0161iciach<br \/> \t\t\t\tMUDr. Vojtech Popik, Cumulus, s.r.o. Ko\u0161ice<\/td>\n<\/tr>\n<tr class=\"tmave\">\n<td> \t\t\t\tPozn\u00e1mka:<\/td>\n<td> \t\t\t\t<a href=\"\/public\/media\/0455\/SLK-2012-02-23.pdf\">Program<\/a><\/td>\n<\/tr>\n<tr>\n<td colspan=\"2\"> \t\t\t\t\u00a0<\/td>\n<\/tr>\n<tr>\n<td class=\"mesiac\" colspan=\"2\"> \t\t\t\tMAREC 2012<\/td>\n<\/tr>\n<tr>\n<td align=\"left\" class=\"nadpis\" colspan=\"2\"> \t\t\t\t<strong>Spolo\u010dn\u00fd semin\u00e1r projektov financovan\u00fdch z prostriedkov \u0160truktur\u00e1lnych fondov E\u00da rie\u0161en\u00fdch na Lek\u00e1rskej fakulte UPJ\u0160 v Ko\u0161iciach<\/strong><\/td>\n<\/tr>\n<tr class=\"tmave\">\n<td> \t\t\t\tTerm\u00edn konania:<\/td>\n<td> \t\t\t\t21.3.2012 o 14.00 hod.<\/td>\n<\/tr>\n<tr>\n<td> \t\t\t\tMiesto konania:<\/td>\n<td> \t\t\t\tPosluch\u00e1re\u0148 P1, UPJ\u0160 LF Ko\u0161ice, Trieda SNP 1<\/td>\n<\/tr>\n<tr class=\"tmave\">\n<td> \t\t\t\tOrganizuj\u00faci subjekt:<\/td>\n<td> \t\t\t\tUPJ\u0160 v Ko\u0161iciach, Lek\u00e1rska fakulta<br \/> \t\t<\/tr>\n<tr>\n<td> \t\t\t\tKoordin\u00e1tor:<\/td>\n<td> \t\t\t\tProf. MUDr. Leonard Siegfried, CSc., dekan UPJ\u0160 LF<\/td>\n<\/tr>\n<tr class=\"tmave\">\n<td> \t\t\t\tPrezent\u00e1cia projektov:<\/td>\n<td> \t\t\t\tCEMIO, NEUREG, CEBT, POKIMP<\/td>\n<\/tr>\n<tr>\n<td> \t\t\t\tPozn\u00e1mka:<\/td>\n<td> \t\t\t\t<a href=\"\/public\/media\/0455\/Pozvanka_na_seminare_SF_EU.pdf\">Pozv\u00e1nka<\/a><\/td>\n<\/tr>\n<tr>\n<td colspan=\"2\"> \t\t\t\t\u00a0<\/td>\n<\/tr>\n<tr>\n<td align=\"left\" class=\"nadpis\" colspan=\"2\"> \t\t\t\t<strong>Spolo\u010dn\u00fd semin\u00e1r projektov financovan\u00fdch z prostriedkov \u0160truktur\u00e1lnych fondov E\u00da rie\u0161en\u00fdch na Lek\u00e1rskej fakulte UPJ\u0160 v Ko\u0161iciach<\/strong><\/td>\n<\/tr>\n<tr class=\"tmave\">\n<td> \t\t\t\tTerm\u00edn konania:<\/td>\n<td> \t\t\t\t28.3.2012 o 14.00 hod.<\/td>\n<\/tr>\n<tr>\n<td> \t\t\t\tMiesto konania:<\/td>\n<td> \t\t\t\tPosluch\u00e1re\u0148 P4, UPJ\u0160 LF Ko\u0161ice, Trieda SNP 1<\/td>\n<\/tr>\n<tr class=\"tmave\">\n<td> \t\t\t\tOrganizuj\u00faci subjekt:<\/td>\n<td> \t\t\t\tUPJ\u0160 v Ko\u0161iciach, Lek\u00e1rska fakulta<br \/> \t\t<\/tr>\n<tr>\n<td> \t\t\t\tKoordin\u00e1tor:<\/td>\n<td> \t\t\t\tProf. MUDr. Leonard Siegfried, CSc., dekan UPJ\u0160 LF<\/td>\n<\/tr>\n<tr class=\"tmave\">\n<td> \t\t\t\tPrezent\u00e1cia projektov:<\/td>\n<td> \t\t\t\tSEPO, SEPO II, CEVA I, CEVA II, PROBIO, PROBIOTECH<\/td>\n<\/tr>\n<tr>\n<td> \t\t\t\tPozn\u00e1mka:<\/td>\n<td> \t\t\t\t<a href=\"\/public\/media\/0455\/Pozvanka_na_seminare_SF_EU.pdf\">Pozv\u00e1nka<\/a><\/td>\n<\/tr>\n<tr>\n<td colspan=\"2\"> \t\t\t\t\u00a0<\/td>\n<\/tr>\n<tr>\n<td class=\"mesiac\" colspan=\"2\"> \t\t\t\tAPR\u00cdL 2012<\/td>\n<\/tr>\n<tr>\n<td align=\"left\" class=\"nadpis\" colspan=\"2\"> \t\t\t\t<strong>Sl\u00e1vnostn\u00e1 vedeck\u00e1 sch\u00f4dza III. internej kliniky UNLP a UPJ\u0160<\/strong><\/td>\n<\/tr>\n<tr class=\"tmave\">\n<td> \t\t\t\tTerm\u00edn konania:<\/td>\n<td> \t\t\t\t2.4.2012 o 14.00 hod.<\/td>\n<\/tr>\n<tr>\n<td> \t\t\t\tMiesto konania:<\/td>\n<td> \t\t\t\tPosluch\u00e1re\u0148 1, UPJ\u0160 LF Ko\u0161ice, Trieda SNP 1<\/td>\n<\/tr>\n<tr class=\"tmave\">\n<td> \t\t\t\tOrganizuj\u00face subjekty:<\/td>\n<td> \t\t\t\tSlovensk\u00e1 lek\u00e1rska spolo\u010dnos\u0165<br \/> \t\t\t\tSpolok lek\u00e1rov Ko\u0161ice<br \/> \t\t\t\tRegion\u00e1lna lek\u00e1rska komora Ko\u0161ice<br \/> \t\t\t\tUPJ\u0160 Lek\u00e1rska fakulta Ko\u0161ice<br \/> \t\t\t\tUniverzitn\u00e1 nemocnica Louisa Pasteura<\/td>\n<\/tr>\n<tr>\n<td> \t\t\t\tKoordin\u00e1tor:<\/td>\n<td> \t\t\t\tDoc. MUDr. Jozef Gonsor\u010d\u00edk, CSc., prodekan UPJ\u0160 Lek\u00e1rskej fakulty, Ko\u0161ice<\/td>\n<\/tr>\n<tr class=\"tmave\">\n<td> \t\t\t\tPozn\u00e1mka:<\/td>\n<td> \t\t\t\t<a href=\"\/public\/media\/0455\/SLK-2012-04-02.pdf\">Program<\/a><\/td>\n<\/tr>\n<tr>\n<td colspan=\"2\"> \t\t\t\t\u00a0<\/td>\n<\/tr>\n<tr>\n<td align=\"left\" class=\"nadpis\" colspan=\"2\"> \t\t\t\t<strong>Vedecko-pracovn\u00e1 sch\u00f4dza venovan\u00e1 nedo\u017eit\u00fdm 90-tin\u00e1m doc. MUDr. Jozefa Medveck\u00e9ho CSc.<\/strong><\/td>\n<\/tr>\n<tr class=\"tmave\">\n<td> \t\t\t\tTerm\u00edn konania:<\/td>\n<td> \t\t\t\t3.4.2012 o 15.00 hod.<\/td>\n<\/tr>\n<tr>\n<td> \t\t\t\tMiesto konania:<\/td>\n<td> \t\t\t\tZasada\u010dka V\u0161ZP, Senn\u00fd trh \u010d.1, Ko\u0161ice<\/td>\n<\/tr>\n<tr class=\"tmave\">\n<td> \t\t\t\tOrganizuj\u00face subjekty:<\/td>\n<td> \t\t\t\tI. a II. psychiatrick\u00e1 klinika UPJ\u0160 LF a UNLP Ko\u0161ice<\/td>\n<\/tr>\n<tr>\n<td> \t\t\t\tKoordin\u00e1tori:<\/td>\n<td> \t\t\t\tdoc. MUDr. Ivan D\u00f3ci, PhD., prednosta II. psychiatrickej kliniky UPJ\u0160 LF a\u00a0UNLP Ko\u0161ice<br \/>         MUDr. Jozef Draga\u0161ek, PhD., prednosta I. psychiatrickej kliniky UPJ\u0160 LF a\u00a0UNLP Ko\u0161ice <\/td>\n<\/tr>\n<tr class=\"tmave\">\n<td> \t\t\t\tPozn\u00e1mka:<\/td>\n<td> \t\t\t\t<a href=\"\/public\/media\/0455\/Program_Medvecky-2012-04-03.pdf\">Program<\/a><\/td>\n<\/tr>\n<tr>\n<td colspan=\"2\"> \t\t\t\t\u00a0<\/td>\n<\/tr>\n<tr>\n<td align=\"left\" class=\"nadpis\" colspan=\"2\"> \t\t\t\t<strong>Spolo\u010dn\u00fd semin\u00e1r projektov financovan\u00fdch z prostriedkov \u0160truktur\u00e1lnych fondov E\u00da rie\u0161en\u00fdch na Lek\u00e1rskej fakulte UPJ\u0160 v Ko\u0161iciach<\/strong><\/td>\n<\/tr>\n<tr class=\"tmave\">\n<td> \t\t\t\tTerm\u00edn konania:<\/td>\n<td> \t\t\t\t11.4.2012 o 14.00 hod.<\/td>\n<\/tr>\n<tr>\n<td> \t\t\t\tMiesto konania:<\/td>\n<td> \t\t\t\tPosluch\u00e1re\u0148 P1, UPJ\u0160 LF Ko\u0161ice, Trieda SNP 1<\/td>\n<\/tr>\n<tr class=\"tmave\">\n<td> \t\t\t\tOrganizuj\u00faci subjekt:<\/td>\n<td> \t\t\t\tUPJ\u0160 v Ko\u0161iciach, Lek\u00e1rska fakulta<br \/> \t\t<\/tr>\n<tr>\n<td> \t\t\t\tKoordin\u00e1tor:<\/td>\n<td> \t\t\t\tProf. MUDr. Leonard Siegfried, CSc., dekan UPJ\u0160 LF<\/td>\n<\/tr>\n<tr class=\"tmave\">\n<td> \t\t\t\tPrezent\u00e1cia projektov:<\/td>\n<td> \t\t\t\tCEEPM, BIODIAG, DIAGONKO<\/td>\n<\/tr>\n<tr>\n<td> \t\t\t\tPozn\u00e1mka:<\/td>\n<td> \t\t\t\t<a href=\"\/public\/media\/0455\/Pozvanka_na_seminare_SF_EU.pdf\">Pozv\u00e1nka<\/a><\/td>\n<\/tr>\n<tr>\n<td colspan=\"2\"> \t\t\t\t\u00a0<\/td>\n<\/tr>\n<tr>\n<td class=\"nadpis\" colspan=\"2\" align=\"left\"><strong>XI. STOMATOLOGICK\u00c9 DNI KO\u0160ICE<\/strong><\/td>\n<\/tr>\n<tr class=\"tmave\">\n<td>Term\u00edn konania:<\/td>\n<td>11. \u2013 12. apr\u00edla 2012<\/td>\n<\/tr>\n<tr>\n<td>Miesto konania:<\/td>\n<td>Posluch\u00e1rensk\u00fd trakt, Aula LF UPJ\u0160 v Ko\u0161iciach, Trieda SNP 1<\/td>\n<\/tr>\n<tr class=\"tmave\">\n<td>Organizuj\u00face subjekty:<\/td>\n<td>Lek\u00e1rska fakulta UPJ\u0160 v Ko\u0161iciach,<br \/>         Univerzitn\u00e1 nemocnica L. Pasteura Ko\u0161ice, <br \/>         Slovensk\u00e1 stomatologick\u00e1 spolo\u010dnos\u0165 v Bratislave, <br \/>         I. stomatologick\u00e1 klinika \u2013 Ko\u0161ice, <br \/>         Klinika stomatol\u00f3gie a maxilofaci\u00e1lnej chirurgie \u2013 Ko\u0161ice, <br \/>         Region\u00e1lna komora zubn\u00fdch lek\u00e1rov v Ko\u0161iciach, <br \/>         Region\u00e1lna komora sestier a p\u00f4rodn\u00fdch asistentiek Ko\u0161ice, <br \/>         KVV \u2013 Ing. Igor Kubov\u010d\u00edk<\/td>\n<\/tr>\n<tr>\n<td>Koordin\u00e1tori:<\/td>\n<td>Prof. MUDr. Neda Markovsk\u00e1, CSc., <br \/>         Dr.h.c. prof. MUDr. Andrej Jen\u010da, CSc., <br \/>         Doc. MUDr. Milan Kotr\u00e1\u0148, CSc., mim. prof., <br \/>         MUDr. Jozef Min\u010d\u00edk, PhD., <br \/>         MUDr. Lucia Kov\u00e1csov\u00e1, PhD.<\/td>\n<\/tr>\n<tr class=\"tmave\">\n<td>Pozn\u00e1mka:<\/td>\n<td><a href=\"http:\/\/www.kvv.tym.sk\/documents\/vystavy\/2012\/prihlaska_lekari.pdf\">Pozv\u00e1nka<\/a><\/td>\n<\/tr>\n<tr>\n<td colspan=\"2\">\u00a0<\/td>\n<\/tr>\n<tr>\n<td align=\"left\" class=\"nadpis\" colspan=\"2\"> \t\t\t\t<strong>XIX. Memori\u00e1l prof. MUDr. Franti\u0161ka P\u00f3ra<\/strong><\/td>\n<\/tr>\n<tr class=\"tmave\">\n<td> \t\t\t\tTerm\u00edn konania:<\/td>\n<td> \t\t\t\t16.4.2012 o 14.00 hod.<\/td>\n<\/tr>\n<tr>\n<td> \t\t\t\tMiesto konania:<\/td>\n<td> \t\t\t\tPosluch\u00e1re\u0148 prof. P\u00f3ra, VI. pavil\u00f3n, UNLP Ko\u0161ice, Rastislavova 43<\/td>\n<\/tr>\n<tr class=\"tmave\">\n<td> \t\t\t\tOrganizuj\u00face subjekty:<\/td>\n<td> \t\t\t\tSlovensk\u00e1 lek\u00e1rska spolo\u010dnos\u0165<br \/> \t\t\t\tSpolok lek\u00e1rov Ko\u0161ice<br \/> \t\t\t\tRegion\u00e1lna lek\u00e1rska komora Ko\u0161ice<br \/> \t\t\t\tUPJ\u0160 Lek\u00e1rska fakulta Ko\u0161ice<br \/> \t\t\t\tUniverzitn\u00e1 nemocnica Louisa Pasteura<\/td>\n<\/tr>\n<tr>\n<td> \t\t\t\tKoordin\u00e1tor:<\/td>\n<td> \t\t\t\tProf. MUDr. Miroslav Mydl\u00edk, DrSc.<\/td>\n<\/tr>\n<tr class=\"tmave\">\n<td> \t\t\t\tPozn\u00e1mka:<\/td>\n<td> \t\t\t\t<a href=\"\/public\/media\/0455\/SLK-2012-04-16.pdf\">Program<\/a><\/td>\n<\/tr>\n<tr>\n<td colspan=\"2\"> \t\t\t\t\u00a0<\/td>\n<\/tr>\n<tr>\n<td align=\"left\" class=\"nadpis\" colspan=\"2\"> \t\t\t\t<strong>\u0160tudentsk\u00e1 vedeck\u00e1 konferencia UPJ\u0160 v Ko\u0161iciach, Lek\u00e1rskej fakulty<\/strong><\/td>\n<\/tr>\n<tr class=\"tmave\">\n<td> \t\t\t\tTerm\u00edn konania:<\/td>\n<td> \t\t\t\t25.4.2012 o 8.00 hod.<\/td>\n<\/tr>\n<tr>\n<td> \t\t\t\tMiesto konania:<\/td>\n<td> \t\t\t\tPosluch\u00e1rne P1, P3 a PA na UPJ\u0160 LF, Trieda SNP 1, Ko\u0161ice<\/td>\n<\/tr>\n<tr class=\"tmave\">\n<td> \t\t\t\tOrganizuj\u00faci subjekt:<\/td>\n<td> \t\t\t\tUPJ\u0160 v Ko\u0161iciach, Lek\u00e1rska fakulta<\/td>\n<\/tr>\n<tr>\n<td> \t\t\t\tOdborn\u00ed garanti:<\/td>\n<td> \t\t\t\tProf. MUDr. Leonard Siegfried, CSc., dekan UPJ\u0160 LF<br \/> \t\t\t\tProf. MUDr. Viliam Doni\u010d, CSc., prodekan pre vedeckov\u00fdskumn\u00fa \u010dinnos\u0165 na UPJ\u0160 LF<\/td>\n<\/tr>\n<tr class=\"tmave\">\n<td> \t\t\t\tPozn\u00e1mka:<\/td>\n<td>S\u00fa\u0165a\u017en\u00e1 prezent\u00e1cia pr\u00e1c \u0161tudentov UPJ\u0160 LF<br \/> <a href=\"\/public\/media\/0438\/PozvankaINT12.pdf\">Pozv\u00e1nka<\/a>, <a href=\"\/public\/media\/0438\/ProgramINT11-12.pdf\">Program<\/a><\/td>\n<\/tr>\n<tr>\n<td colspan=\"2\"> \t\t\t\t\u00a0<\/td>\n<\/tr>\n<tr>\n<td align=\"left\" class=\"nadpis\" colspan=\"2\"> \t\t\t\t<strong>3. slovensko-\u010desk\u00fd vedeck\u00fd zjazd s\u00fadneho lek\u00e1rstva s medzin\u00e1rodnou \u00fa\u010das\u0165ou<\/strong><\/td>\n<\/tr>\n<tr class=\"tmave\">\n<td> \t\t\t\tTerm\u00edn konania:<\/td>\n<td> \t\t\t\t25. &#8211; 27. apr\u00edla 2012<\/td>\n<\/tr>\n<tr>\n<td> \t\t\t\tMiesto konania:<\/td>\n<td> \t\t\t\t\u0160portovo-rekrea\u010dn\u00e9 stredisko <a href=\"http:\/\/www.jahodna.sk\">JAHODN\u00c1<\/a> pri Ko\u0161iciach<\/td>\n<\/tr>\n<tr class=\"tmave\">\n<td> \t\t\t\tOrganizuj\u00face subjekty:<\/td>\n<td> \t\t\t\tUniverzita P. J. \u0160af\u00e1rika v Ko\u0161iciach Lek\u00e1rska fakulta, \u00dastav s\u00fadneho lek\u00e1rstva<br \/> \t\t\t\t\u00darad pre doh\u013ead nad zdravotnou starostlivos\u0165ou v Ko\u0161iciach, S\u00fadnolek\u00e1rske a\u00a0patologickoanatomick\u00e9 pracovisko<br \/> \t\t\t\tSlovensk\u00e1 s\u00fadnolek\u00e1rska spolo\u010dnos\u0165 Slovenskej lek\u00e1rskej spolo\u010dnosti<\/td>\n<\/tr>\n<tr>\n<td> \t\t\t\tKoordin\u00e1tori:<\/td>\n<td> \t\t\t\tMUDr. Nikita Bobrov, CSc., \u00dastav s\u00fadneho lek\u00e1rstva UPJ\u0160 LF v Ko\u0161iciach<br \/> \t\t\t\tMUDr. Vlasta Vyhn\u00e1lkov\u00e1, SLaPA pracovisko \u00daDZS v Ko\u0161iciach<\/td>\n<\/tr>\n<tr class=\"tmave\">\n<td> \t\t\t\tPozn\u00e1mka:<\/td>\n<td> \t\t\t\t<a href=\"\/public\/media\/0455\/3_zjazd_PROGRAM_KE-2012_FINAL_END.pdf\">Program<\/a><\/td>\n<\/tr>\n<tr>\n<td colspan=\"2\"> \t\t\t\t\u00a0<\/td>\n<\/tr>\n<tr>\n<td class=\"mesiac\" colspan=\"2\"> \t\t\t\tM\u00c1J 2012<\/td>\n<\/tr>\n<tr>\n<td align=\"left\" class=\"nadpis\" colspan=\"2\"> \t\t\t\t<strong>Odborn\u00fd semin\u00e1r Spolku lek\u00e1rov v Ko\u0161iciach<\/strong><\/td>\n<\/tr>\n<tr class=\"tmave\">\n<td> \t\t\t\tTerm\u00edn konania:<\/td>\n<td> \t\t\t\t24.5.2012 o 14.00 hod.<\/td>\n<\/tr>\n<tr>\n<td> \t\t\t\tMiesto konania:<\/td>\n<td> \t\t\t\tPosluch\u00e1re\u0148 Prof. Schwarza (\u010d. 2), UPJ\u0160 LF, Trieda SNP 1, Ko\u0161ice<\/td>\n<\/tr>\n<tr class=\"tmave\">\n<td> \t\t\t\tOrganizuj\u00face subjekty:<\/td>\n<td> \t\t\t\tSlovensk\u00e1 lek\u00e1rska spolo\u010dnos\u0165<br \/> \t\t\t\tSpolok lek\u00e1rov v Ko\u0161iciach<br \/> \t\t\t\tRegion\u00e1lna lek\u00e1rska komora Ko\u0161ice<br \/> \t\t\t\tUPJ\u0160 Lek\u00e1rska fakulta Ko\u0161ice<br \/> \t\t\t\tUniverzitn\u00e1 nemocnica Louisa Pasteura<\/td>\n<\/tr>\n<tr>\n<td> \t\t\t\tKoordin\u00e1tor:<\/td>\n<td> \t\t\t\tProf. MUDr. Oliver R\u00e1cz, CSc., predseda Spolku lek\u00e1rov v Ko\u0161iciach<\/td>\n<\/tr>\n<tr class=\"tmave\">\n<td> \t\t\t\tPozn\u00e1mka:<\/td>\n<td> \t\t\t\t<a href=\"\/public\/media\/0455\/SLK-2012-05-24.pdf\">Pozv\u00e1nka<\/a><\/td>\n<\/tr>\n<tr>\n<td colspan=\"2\"> \t\t\t\t\u00a0<\/td>\n<\/tr>\n<tr>\n<td align=\"left\" class=\"nadpis\" colspan=\"2\"> \t\t\t\t<strong>XXII. Diabetologick\u00e9 dni<\/strong><\/td>\n<\/tr>\n<tr class=\"tmave\">\n<td> \t\t\t\tTerm\u00edn konania:<\/td>\n<td> \t\t\t\t30. m\u00e1ja &#8211; 1. j\u00fana 2012<\/td>\n<\/tr>\n<tr>\n<td> \t\t\t\tMiesto konania:<\/td>\n<td> \t\t\t\tPosluch\u00e1rne UPJ\u0160 LF, Trieda SNP 1, Ko\u0161ice<\/td>\n<\/tr>\n<tr class=\"tmave\">\n<td> \t\t\t\tOrganizuj\u00face subjekty:<\/td>\n<td> \t\t\t\tSlovensk\u00e1 lek\u00e1rska spolo\u010dnos\u0165<br \/> \t\t\t\tSlovensk\u00e1 diabetologick\u00e1 spolo\u010dnos\u0165<br \/> \t\t\t\tUPJ\u0160 v Ko\u0161iciach, Lek\u00e1rska fakulta<br \/> \t\t\t\tIV. intern\u00e1 klinika UPJ\u0160 LF a UN LP v Ko\u0161iciach<\/td>\n<\/tr>\n<tr>\n<td> \t\t\t\tKoordin\u00e1tor:<\/td>\n<td> \t\t\t\tProf. MUDr. Ivan Tk\u00e1\u010d, PhD., prednosta IV. internej kliniky UPJ\u0160 LF a UN LP<\/td>\n<\/tr>\n<tr class=\"tmave\">\n<td> \t\t\t\tPozn\u00e1mka:<\/td>\n<td> \t\t\t\t<a href=\"\/public\/media\/0455\/2012-05-30_dia_prva_informacia2.pdf\">Prv\u00e1 inform\u00e1cia<\/a><\/td>\n<\/tr>\n<tr>\n<td colspan=\"2\"> \t\t\t\t\u00a0<\/td>\n<\/tr>\n<tr>\n<td class=\"mesiac\" colspan=\"2\"> \t\t\t\tJ\u00daN 2012<\/td>\n<\/tr>\n<tr>\n<td align=\"left\" class=\"nadpis\" colspan=\"2\"> \t\t\t\t<strong>29. pediatrick\u00e1 pracovn\u00e1 konferencia s medzin\u00e1rodnou \u00fa\u010das\u0165ou<\/strong><\/td>\n<\/tr>\n<tr class=\"tmave\">\n<td> \t\t\t\tTerm\u00edn konania:<\/td>\n<td> \t\t\t\t7. \u2013 8. j\u00fana 2012<\/td>\n<\/tr>\n<tr>\n<td> \t\t\t\tMiesto konania:<\/td>\n<td> \t\t\t\tHotel Yasmin, Tyr\u0161ovo n\u00e1bre\u017eie 1, Ko\u0161ice<\/td>\n<\/tr>\n<tr class=\"tmave\">\n<td> \t\t\t\tOrganizuj\u00face subjekty:<\/td>\n<td> \t\t\t\tLek\u00e1rska fakulta UPJ\u0160 v Ko\u0161iciach<br \/> \t\t\t\tDetsk\u00e1 fakultn\u00e1 nemocnica<br \/> \t\t\t\tI. klinika det\u00ed a dorastu UPJ\u0160 LF a DFN<br \/> \t\t\t\tSlovensk\u00e1 pediatrick\u00e1 spolo\u010dnos\u0165<br \/> \t\t\t\tSlovensk\u00e1 lek\u00e1rska spolo\u010dnos\u0165<\/td>\n<\/tr>\n<tr>\n<td> \t\t\t\tKoordin\u00e1tor:<\/td>\n<td> \t\t\t\tProf. MUDr. \u013dudmila Podrack\u00e1, CSc., prednosta I. kliniky det\u00ed a dorastu UPJ\u0160 LF a DFN<\/td>\n<\/tr>\n<tr class=\"tmave\">\n<td> \t\t\t\tPozn\u00e1mka:<\/td>\n<td> \t\t\t\t<a href=\"\/public\/media\/0455\/pediatria12-program-web.pdf\">Program<\/a><\/td>\n<\/tr>\n<tr>\n<td colspan=\"2\"> \t\t\t\t\u00a0<\/td>\n<\/tr>\n<tr>\n<td align=\"left\" class=\"nadpis\" colspan=\"2\"> \t\t\t\t<strong>International Scientific Conference on Probiotics and Prebiotics &#8211; IPC2012<\/strong><\/td>\n<\/tr>\n<tr class=\"tmave\">\n<td> \t\t\t\tDate:<\/td>\n<td> \t\t\t\t12<sup>th<\/sup> &#8211; 14<sup>th<\/sup> June 2012<\/td>\n<\/tr>\n<tr>\n<td> \t\t\t\tCongress Venue:<\/td>\n<td> \t\t\t\tDouble Tree by Hilton, Hlavn\u00e1 1, 04001 Ko\u0161ice, Slovakia<\/td>\n<\/tr>\n<tr class=\"tmave\">\n<td> \t\t\t\tOrganizing Subjects:<\/td>\n<td> \t\t\t\tPavol Jozef \u0160af\u00e1rik University in Ko\u0161ice,<br \/> \t\t\t\tFaculty of Medicine,<br \/> \t\t\t\tInstitute of Experimental Medicine<\/td>\n<\/tr>\n<tr>\n<td> \t\t\t\tCoordinator:<\/td>\n<td> \t\t\t\tAlojz Bomba, MVD., PhD., DrSc.<\/td>\n<\/tr>\n<tr class=\"tmave\">\n<td> \t\t\t\tCongress Language:<\/td>\n<td> \t\t\t\tEnglish<\/td>\n<\/tr>\n<tr>\n<td> \t\t\t\tWeb:<\/td>\n<td> \t\t\t\t<a href=\"http:\/\/www.probiotic-conference.net\">http:\/\/www.probiotic-conference.net<\/a><\/td>\n<\/tr>\n<tr>\n<td colspan=\"2\"> \t\t\t\t\u00a0<\/td>\n<\/tr>\n<tr>\n<td align=\"left\" class=\"nadpis\" colspan=\"2\"> \t\t\t\t<strong>V. Neonatal Conference in Ko\u0161ice<\/strong><\/td>\n<\/tr>\n<tr class=\"tmave\">\n<td> \t\t\t\tDate:<\/td>\n<td> \t\t\t\t18<sup>th<\/sup> &#8211; 20<sup>th<\/sup> June 2012<\/td>\n<\/tr>\n<tr>\n<td> \t\t\t\tCongress Venue:<\/td>\n<td> \t\t\t\tLecture Room P 5, Pavol Jozef \u0160af\u00e1rik University, Kostliv\u00e9ho 1, Ko\u0161ice<\/td>\n<\/tr>\n<tr class=\"tmave\">\n<td> \t\t\t\tOrganizing Subjects:<\/td>\n<td> \t\t\t\tMF UPJ\u0160 and PFH Ko\u0161ice<br \/> \t\t\t\tNovorodenec.sk n.o., Ko\u0161ice<br \/> \t\t\t\tNeonatal Clinic and NICU of MF UPJ\u0160 and PFH in Ko\u0161ice<\/td>\n<\/tr>\n<tr>\n<td> \t\t\t\tCoordinator:<\/td>\n<td> \t\t\t\tPeter Krcho MD.PhD., MF UPJ\u0160 and PFH Ko\u0161ice<\/td>\n<\/tr>\n<tr class=\"tmave\">\n<td> \t\t\t\tCongress Language:<\/td>\n<td> \t\t\t\tEnglish<\/td>\n<\/tr>\n<tr>\n<td> \t\t\t\tWeb:<\/td>\n<td> \t\t\t\t<a href=\"\/public\/media\/0455\/Neonatal_Conference_2012.pdf\">Program<\/a><\/td>\n<\/tr>\n<tr>\n<td colspan=\"2\"> \t\t\t\t\u00a0<\/td>\n<\/tr>\n<tr>\n<td align=\"left\" class=\"nadpis\" colspan=\"2\"> \t\t\t\t<strong>4<sup>th<\/sup> International Student Medical Congress Ko\u0161ice (ISMCK`12)<\/strong><\/td>\n<\/tr>\n<tr class=\"tmave\">\n<td> \t\t\t\tDate:<\/td>\n<td> \t\t\t\t26<sup>th<\/sup> &#8211; 29<sup>th<\/sup> June 2012<\/td>\n<\/tr>\n<tr>\n<td> \t\t\t\tCongress Venue:<\/td>\n<td> \t\t\t\tLecture Rooms of Pavol Jozef \u0160af\u00e1rik University &#8211; Faculty of Medicine, Trieda SNP 1, Ko\u0161ice<\/td>\n<\/tr>\n<tr class=\"tmave\">\n<td> \t\t\t\tOrganizing Subjects:<\/td>\n<td> \t\t\t\tThe Association of Medical Students in Ko\u0161ice<br \/> \t\t\t\tEdumed, n.o.<br \/> \t\t\t\tPavol Jozef \u0160af\u00e1rik University in Ko\u0161ice<br \/> \t\t\t\tFaculty of Medicine<\/td>\n<\/tr>\n<tr>\n<td> \t\t\t\tCoordinators:<\/td>\n<td> \t\t\t\tTam\u00e1s \u00d6tv\u00f6s<br \/> \t\t\t\tProf. Leonard Siegfried, MD, PhD<br \/> \t\t\t\tProf. Pavol Jar\u010du\u0161ka, MD, PhD<br \/> \t\t\t\tProf. Ladislav Mirossay, MD, PhD, DrSc.<\/td>\n<\/tr>\n<tr class=\"tmave\">\n<td> \t\t\t\tCongress Language:<\/td>\n<td> \t\t\t\tEnglish<\/td>\n<\/tr>\n<tr>\n<td> \t\t\t\tWeb:<\/td>\n<td> \t\t\t\t<a href=\"http:\/\/www.ismck.com\/\">http:\/\/www.ismck.com\/<\/a><\/td>\n<\/tr>\n<tr>\n<td colspan=\"2\"> \t\t\t\t\u00a0<\/td>\n<\/tr>\n<tr>\n<td align=\"left\" class=\"nadpis\" colspan=\"2\"> \t\t\t\t<strong>Krajsk\u00fd semin\u00e1r dermatovenerol\u00f3gov<\/strong><\/td>\n<\/tr>\n<tr class=\"tmave\">\n<td> \t\t\t\tTerm\u00edn konania:<\/td>\n<td> \t\t\t\t29. \u2013 30. j\u00fana 2012<\/td>\n<\/tr>\n<tr>\n<td> \t\t\t\tMiesto konania:<\/td>\n<td> \t\t\t\tKult\u00farno-spolo\u010densk\u00e9 centrum &#8211; JU\u017dAN, Ko\u0161ice, Smetanova 4<\/td>\n<\/tr>\n<tr class=\"tmave\">\n<td> \t\t\t\tOrganizuj\u00face subjekty:<\/td>\n<td> \t\t\t\tSlovensk\u00e1 dermatovenerologick\u00e1 spolo\u010dnos\u0165<br \/>         Klinika dermatovenerol\u00f3gie UPJ\u0160 LF a FN LP v Ko\u0161iciach<br \/>         Krajsk\u00fd odborn\u00edk pre dermatovenerol\u00f3giu Ko\u0161ick\u00e9ho kraja<\/td>\n<\/tr>\n<tr>\n<td> \t\t\t\tKoordin\u00e1tor:<\/td>\n<td> \t\t\t\tProf. MUDr. Jagienka Jautov\u00e1, PhD.<\/td>\n<\/tr>\n<tr class=\"tmave\">\n<td> \t\t\t\tPozn\u00e1mka:<\/td>\n<td> \t\t\t\t<a href=\"\/public\/media\/0455\/Krajsky_seminar_dermatologov_2012.pdf\">Program<\/a><\/td>\n<\/tr>\n<tr>\n<td colspan=\"2\"> \t\t\t\t\u00a0<\/td>\n<\/tr>\n<tr>\n<td class=\"mesiac\" colspan=\"2\"> \t\t\t\tSEPTEMBER 2012<\/td>\n<\/tr>\n<tr>\n<td align=\"left\" class=\"nadpis\" colspan=\"2\"> \t\t\t\t<strong>Vyu\u017eitie experiment\u00e1lnych met\u00f3d pri ochrane zdravia obyvate\u013estva a \u017eivotn\u00e9ho prostredia<\/strong><\/td>\n<\/tr>\n<tr class=\"tmave\">\n<td> \t\t\t\tTerm\u00edn konania:<\/td>\n<td> \t\t\t\t11. &#8211; 12. septembra 2012<\/td>\n<\/tr>\n<tr>\n<td> \t\t\t\tMiesto konania:<\/td>\n<td> \t\t\t\tUPJ\u0160 v Ko\u0161iciach, Lek\u00e1rska fakulta \u2013 Posluch\u00e1re\u0148 P4, Trieda SNP 1<\/td>\n<\/tr>\n<tr class=\"tmave\">\n<td> \t\t\t\tOrganizuj\u00face subjekty:<\/td>\n<td> \t\t\t\tUniverzita P. J. \u0160af\u00e1rika v Ko\u0161iciach, Lek\u00e1rska fakulta, \u00dastav verejn\u00e9ho zdravotn\u00edctva<br \/> \t\t\t\tTechnick\u00e1 univerzita v Ko\u0161iciach, Hutn\u00edcka fakulta, Katedra ch\u00e9mie<br \/> \t\t\t\tRegion\u00e1lny \u00farad verejn\u00e9ho zdravotn\u00edctva so s\u00eddlom v Ko\u0161iciach<\/td>\n<\/tr>\n<tr>\n<td> \t\t\t\tKoordin\u00e1tor:<\/td>\n<td> \t\t\t\tdoc. RNDr. Alexander Hud\u00e1k, PhD., Katedra ch\u00e9mie HF TU v Ko\u0161iciach<\/td>\n<\/tr>\n<tr class=\"tmave\">\n<td> \t\t\t\tPozn\u00e1mka:<\/td>\n<td> \t\t\t\t<a href=\"\/public\/media\/0455\/2012-09-11-Prihlaska.doc\">Prihl\u00e1\u0161ka<\/a><\/td>\n<\/tr>\n<tr>\n<td colspan=\"2\"> \t\t\t\t\u00a0<\/td>\n<\/tr>\n<tr>\n<td align=\"left\" class=\"nadpis\" colspan=\"2\"> \t\t\t\t<strong>VI. Slovensk\u00fd chirurgick\u00fd kongres<br \/> \t\t\t\tXXXIX. Spolo\u010dn\u00fd zjazd \u010desk\u00fdch a slovensk\u00fdch chirurgov<\/strong><\/td>\n<\/tr>\n<tr class=\"tmave\">\n<td> \t\t\t\tTerm\u00edn konania:<\/td>\n<td> \t\t\t\t12. &#8211; 14. septembra 2012<\/td>\n<\/tr>\n<tr>\n<td> \t\t\t\tMiesto konania:<\/td>\n<td> \t\t\t\tHotel Centrum, Ju\u017en\u00e1 trieda 2, Ko\u0161ice<\/td>\n<\/tr>\n<tr class=\"tmave\">\n<td> \t\t\t\tOrganizuj\u00face subjekty:<\/td>\n<td> \t\t\t\tSlovensk\u00e1 lek\u00e1rska spolo\u010dnos\u0165<br \/> \t\t\t\tSlovensk\u00e1 chirurgick\u00e1 spolo\u010dnos\u0165<br \/> \t\t\t\tLek\u00e1rska fakulta Univerzity Pavla Jozefa \u0160af\u00e1rika v Ko\u0161iciach<br \/> \t\t\t\tUniverzitn\u00e1 nemocnica L. Pasteura Ko\u0161ice<br \/> \t\t\t\tI. chirurgick\u00e1 klinika UPJ\u0160 LF a UNLP Ko\u0161ice<\/td>\n<\/tr>\n<tr>\n<td> \t\t\t\tKoordin\u00e1tor:<\/td>\n<td> \t\t\t\tprof. MUDr. Jozef Rado\u0148ak, CSc., prednosta I. chirurgickej kliniky UPJ\u0160 LF a\u00a0UNLP Ko\u0161ice<\/td>\n<\/tr>\n<tr class=\"tmave\">\n<td> \t\t\t\tWeb:<\/td>\n<td> \t\t\t\t<a href=\"http:\/\/progress.eu.sk\/kongresy\/chirurg12\/\">http:\/\/progress.eu.sk\/kongresy\/chirurg12\/<\/a><\/td>\n<\/tr>\n<tr>\n<td colspan=\"2\"> \t\t\t\t\u00a0<\/td>\n<\/tr>\n<tr>\n<td align=\"left\" class=\"nadpis\" colspan=\"2\"> \t\t\t\t<strong>Zlep\u0161ovanie kvality \u017eivota u pacientov s prim\u00e1rnou imunodeficienciou<\/strong><\/td>\n<\/tr>\n<tr class=\"tmave\">\n<td> \t\t\t\tTerm\u00edn konania:<\/td>\n<td> \t\t\t\t19. septembra 2012 o 15.00 hod.<\/td>\n<\/tr>\n<tr>\n<td> \t\t\t\tMiesto konania:<\/td>\n<td> \t\t\t\tUPJ\u0160 v Ko\u0161iciach, Lek\u00e1rska fakulta \u2013 Posluch\u00e1re\u0148 P2, Trieda SNP 1<\/td>\n<\/tr>\n<tr class=\"tmave\">\n<td> \t\t\t\tOrganizuj\u00face subjekty:<\/td>\n<td> \t\t\t\tSlovensk\u00e1 lek\u00e1rska spolo\u010dnos\u0165<br \/> Spolok lek\u00e1rov Ko\u0161ice<br \/> Region\u00e1lna lek\u00e1rska komora Ko\u0161ice<br \/> UPJ\u0160 Lek\u00e1rska fakulta Ko\u0161ice<br \/> Diagnostick\u00e9 a v\u00fdskumne centrum Jeffrey Modell nad\u00e1cie pre prim\u00e1rne imunodeficiencie pri DFNsP Bratislava<\/td>\n<\/tr>\n<tr>\n<td> \t\t\t\tKoordin\u00e1tori:<\/td>\n<td> \t\t\t\tDoc. MUDr. Peter \u010ci\u017en\u00e1r, PhD., DFNsP Bratislava<br \/> MUDr. Norbert Luk\u00e1n, PhD., vedeck\u00fd sekret\u00e1r Spolku lek\u00e1rov v Ko\u0161iciach<\/td>\n<\/tr>\n<tr class=\"tmave\">\n<td> \t\t\t\tPozn\u00e1mka:<\/td>\n<td> \t\t\t\t<a href=\"\/public\/media\/0455\/SLK-2012-09-19.pdf\">Program<\/a><\/td>\n<\/tr>\n<tr>\n<td colspan=\"2\"> \t\t\t\t\u00a0<\/td>\n<\/tr>\n<tr>\n<td align=\"left\" class=\"nadpis\" colspan=\"2\"> \t\t\t\t<strong>6. Pracovn\u00e1 konferencia II. kliniky det\u00ed a dorastu LF UPJ\u0160 a DFN<br \/>IV. D\u00e9mantov de\u0148<\/strong><\/td>\n<\/tr>\n<tr class=\"tmave\">\n<td> \t\t\t\tTerm\u00edn konania:<\/td>\n<td> \t\t\t\t27. septembra 2012<\/td>\n<\/tr>\n<tr>\n<td> \t\t\t\tMiesto konania:<\/td>\n<td> \t\t\t\tPosluch\u00e1re\u0148 P1, UPJ\u0160 v Ko\u0161iciach, Lek\u00e1rska fakulta, Trieda SNP 1<\/td>\n<\/tr>\n<tr class=\"tmave\">\n<td> \t\t\t\tOrganizuj\u00face subjekty:<\/td>\n<td> \t\t\t\tSlovensk\u00e1 lek\u00e1rska spolo\u010dnos\u0165<br \/> Slovensk\u00e1 pediatrick\u00e1 spolo\u010dnos\u0165<br \/> Detsk\u00e1 fakultn\u00e1 nemocnica Ko\u0161ice<br \/> UPJ\u0160 v Ko\u0161iciach, Lek\u00e1rska fakulta<\/td>\n<\/tr>\n<tr>\n<td> \t\t\t\tKoordin\u00e1tor:<\/td>\n<td> \t\t\t\tDoc. MUDr. Milan Kuchta, CSc., mim. prof., II. klinika det\u00ed a dorastu UPJ\u0160 LF a\u00a0DFN<\/td>\n<\/tr>\n<tr class=\"tmave\">\n<td> \t\t\t\tPozn\u00e1mka:<\/td>\n<td> \t\t\t\t<a href=\"\/public\/media\/0455\/Kongres_Kosice_sept_2012.pdf\">Program<\/a><\/td>\n<\/tr>\n<tr>\n<td colspan=\"2\"> \t\t\t\t\u00a0<\/td>\n<\/tr>\n<tr>\n<td align=\"left\" class=\"nadpis\" colspan=\"2\"> \t\t\t\t<strong>6. ko\u0161ick\u00fd kurz region\u00e1lnej anest\u00e9zie<\/strong><\/td>\n<\/tr>\n<tr class=\"tmave\">\n<td> \t\t\t\tTerm\u00edn konania:<\/td>\n<td> \t\t\t\t27. &#8211; 28. septembra 2012<\/td>\n<\/tr>\n<tr>\n<td> \t\t\t\tMiesto konania:<\/td>\n<td> \t\t\t\t\u00dastav anat\u00f3mie UPJ\u0160 Ko\u0161ice, \u0160rob\u00e1rova 2<\/td>\n<\/tr>\n<tr class=\"tmave\">\n<td> \t\t\t\tOrganizuj\u00face subjekty:<\/td>\n<td> \t\t\t\tI. KAIM, UNLP, Ko\u0161ice<br \/> \u00dastav anat\u00f3mie UPJ\u0160 LF Ko\u0161ice<br \/> OAIM, FNsP F. D. Roosevelta, Bansk\u00e1 Bystrica<br \/> Wexham Park Hospital, Slough<br \/> Aberdeen Royal Infirmary, Aberdeen<br \/> Craigavon Area &#038; Daisy Hill Hospitals, Craigavon<br \/> Spolo\u010dnos\u0165 pre kriticky chor\u00fdch <\/td>\n<\/tr>\n<tr>\n<td> \t\t\t\tKoordin\u00e1tor:<\/td>\n<td> \t\t\t\tDoc. MUDr. Jozef Firment, PhD., prednosta I. KAIM UPJ\u0160 LF Ko\u0161ice<\/td>\n<\/tr>\n<tr class=\"tmave\">\n<td> \t\t\t\tPozn\u00e1mka:<\/td>\n<td> \t\t\t\t<a href=\"\/public\/media\/0455\/6_KKRA-uputavka_2sept.pdf\">Up\u00fatavka<\/a>, <a href=\"\/public\/media\/0455\/6_KKRA_program_verzia_4_6sept.pdf\">Program<\/a><\/td>\n<\/tr>\n<tr>\n<td colspan=\"2\"> \t\t\t\t\u00a0<\/td>\n<\/tr>\n<tr>\n<td align=\"left\" class=\"nadpis\" colspan=\"2\"> \t\t\t\t<strong>XIV. konferencia mlad\u00fdch pediatrov<\/strong><\/td>\n<\/tr>\n<tr class=\"tmave\">\n<td> \t\t\t\tTerm\u00edn konania:<\/td>\n<td> \t\t\t\t28. septembra 2012<\/td>\n<\/tr>\n<tr>\n<td> \t\t\t\tMiesto konania:<\/td>\n<td> \t\t\t\tPosluch\u00e1re\u0148 P1, UPJ\u0160 v Ko\u0161iciach, Lek\u00e1rska fakulta, Trieda SNP 1<\/td>\n<\/tr>\n<tr class=\"tmave\">\n<td> \t\t\t\tOrganizuj\u00face subjekty:<\/td>\n<td> \t\t\t\tSlovensk\u00e1 lek\u00e1rska spolo\u010dnos\u0165<br \/> Slovensk\u00e1 pediatrick\u00e1 spolo\u010dnos\u0165<br \/> Detsk\u00e1 fakultn\u00e1 nemocnica Ko\u0161ice<br \/> UPJ\u0160 v Ko\u0161iciach, Lek\u00e1rska fakulta<\/td>\n<\/tr>\n<tr>\n<td> \t\t\t\tKoordin\u00e1tor:<\/td>\n<td> \t\t\t\tDoc. MUDr. Milan Kuchta, CSc., mim. prof., II. klinika det\u00ed a dorastu UPJ\u0160 LF a\u00a0DFN<\/td>\n<\/tr>\n<tr class=\"tmave\">\n<td> \t\t\t\tPozn\u00e1mka:<\/td>\n<td> \t\t\t\t<a href=\"\/public\/media\/0455\/Kongres_Kosice_sept_2012.pdf\">Program<\/a><\/td>\n<\/tr>\n<tr>\n<td colspan=\"2\"> \t\t\t\t\u00a0<\/td>\n<\/tr>\n<tr>\n<td class=\"mesiac\" colspan=\"2\"> \t\t\t\tOKT\u00d3BER 2012<\/td>\n<\/tr>\n<tr>\n<td align=\"left\" class=\"nadpis\" colspan=\"2\"> \t\t\t\t<strong>XVIII. Vedeck\u00e1 pracovn\u00e1 sch\u00f4dza Spolku lek\u00e1rov v Ko\u0161iciach, v spolupr\u00e1ci s obcou Ruskov, pre v\u0161eobecn\u00fdch lek\u00e1rov pre dospel\u00fdch<br \/> Novinky v kardiovaskul\u00e1rnej medic\u00edne<\/strong><\/td>\n<\/tr>\n<tr class=\"tmave\">\n<td> \t\t\t\tTerm\u00edn konania:<\/td>\n<td> \t\t\t\t1. okt\u00f3bra 2012 o 16.00 hod.<\/td>\n<\/tr>\n<tr>\n<td> \t\t\t\tMiesto konania:<\/td>\n<td> \t\t\t\tDom kult\u00fary, Ruskov<\/td>\n<\/tr>\n<tr class=\"tmave\">\n<td> \t\t\t\tOrganizuj\u00face subjekty:<\/td>\n<td> \t\t\t\tSlovensk\u00e1 lek\u00e1rska spolo\u010dnos\u0165<br \/> Spolok lek\u00e1rov Ko\u0161ice<br \/> UPJ\u0160 v Ko\u0161iciach, Lek\u00e1rska fakulta<\/td>\n<\/tr>\n<tr>\n<td> \t\t\t\tKoordin\u00e1tor:<\/td>\n<td> \t\t\t\tProf. MUDr. Miroslav Mydl\u00edk, DrSc., IV. intern\u00e1 klinika UNLP a \u00daEM UPJ\u0160 LF<\/td>\n<\/tr>\n<tr class=\"tmave\">\n<td> \t\t\t\tPozn\u00e1mka:<\/td>\n<td> \t\t\t\t<a href=\"\/public\/media\/0455\/SLK-2012-10-01.pdf\">Program<\/a><\/td>\n<\/tr>\n<tr>\n<td colspan=\"2\"> \t\t\t\t\u00a0<\/td>\n<\/tr>\n<tr>\n<td align=\"left\" class=\"nadpis\" colspan=\"2\"> \t\t\t\t<strong>Autumn HBSC meeting in Ko\u0161ice<\/strong><\/td>\n<\/tr>\n<tr class=\"tmave\">\n<td> \t\t\t\tDate:<\/td>\n<td> \t\t\t\t 25<sup>th<\/sup> \u2013 27<sup>th<\/sup> October 2012<\/td>\n<\/tr>\n<tr>\n<td> \t\t\t\tMeeting Venue:<\/td>\n<td> \t\t\t\tThe Faculty of Business Economics, University of Economics, Tajovsk\u00e9ho 13, Ko\u0161ice <\/td>\n<\/tr>\n<tr class=\"tmave\">\n<td> \t\t\t\tOrganizing Subjects:<\/td>\n<td>Department of Health Psychology, Institute of Public Health, Medical Faculty P.J. \u0160af\u00e1rik University<br \/>Social Program Evaluation Group, Queen&#8217;s University, Kingston, Ontario, Canada<br \/>The Faculty of Business Economics, University of Economics in Bratislava, Ko\u0161ice<br \/>World Health Organization, Country Office in Slovakia<br \/>Visegrad fund<\/td>\n<\/tr>\n<tr>\n<td> \t\t\t\tCoordinator:<\/td>\n<td> \t\t\t\tDoc. Andrea Madarasov\u00e1 Geckov\u00e1, PhD.<\/td>\n<\/tr>\n<tr class=\"tmave\">\n<td> \t\t\t\tMeeting Language:<\/td>\n<td> \t\t\t\tEnglish<\/td>\n<\/tr>\n<tr>\n<td> \t\t\t\tWeb:<\/td>\n<td> \t\t\t\t<a href=http:\/\/www.lf.upjs.sk\/hbsckosice\/>http:\/\/www.lf.upjs.sk\/hbsckosice<\/a><\/td>\n<\/tr>\n<tr>\n<td colspan=\"2\"> \t\t\t\t\u00a0<\/td>\n<\/tr>\n<tr>\n<td align=\"left\" class=\"nadpis\" colspan=\"2\"> \t\t\t\t<strong>XX. Memori\u00e1l profesora MUDr. J\u00e1na K\u0148azovick\u00e9ho<br \/> Spom\u00edname na na\u0161ich u\u010dite\u013eov a kolegov<\/strong><\/td>\n<\/tr>\n<tr class=\"tmave\">\n<td> \t\t\t\tTerm\u00edn konania:<\/td>\n<td> \t\t\t\t29. okt\u00f3bra 2012 o 15.00 hod.<\/td>\n<\/tr>\n<tr>\n<td> \t\t\t\tMiesto konania:<\/td>\n<td> \t\t\t\tPosluch\u00e1re\u0148 P2, UPJ\u0160 v Ko\u0161iciach, Lek\u00e1rska fakulta, Trieda SNP 1<\/td>\n<\/tr>\n<tr class=\"tmave\">\n<td> \t\t\t\tOrganizuj\u00face subjekty:<\/td>\n<td> \t\t\t\tSlovensk\u00e1 lek\u00e1rska spolo\u010dnos\u0165<br \/> Spolok lek\u00e1rov Ko\u0161ice<br \/> UPJ\u0160 v Ko\u0161iciach, Lek\u00e1rska fakulta<\/td>\n<\/tr>\n<tr>\n<td> \t\t\t\tKoordin\u00e1tori:<\/td>\n<td> \t\t\t\tProf. MUDr. J\u00falius Vaj\u00f3, DrSc., II. chirurgick\u00e1 klinika UNLP a UPJ\u0160 LF<br \/> Prof. MUDr. Jozef Rado\u0148ak, CSc., I. chirurgick\u00e1 klinika UNLP a UPJ\u0160 LF<\/td>\n<\/tr>\n<tr class=\"tmave\">\n<td> \t\t\t\tPozn\u00e1mka:<\/td>\n<td> \t\t\t\t<a href=\"\/public\/media\/0455\/SLK-2012-10-29.pdf\">Program<\/a><\/td>\n<\/tr>\n<tr>\n<td colspan=\"2\"> \t\t\t\t\u00a0<\/td>\n<\/tr>\n<tr>\n<td class=\"mesiac\" colspan=\"2\"> \t\t\t\tNOVEMBER 2012<\/td>\n<\/tr>\n<tr>\n<td align=\"left\" class=\"nadpis\" colspan=\"2\"> \t\t\t\t<strong>10<sup>th<\/sup> International Nephrological Symposium<br \/> \t\t\t\tMetabolic changes in chronic renal failure on the occasion of the life and professional jubilee of professor Miroslav Mydl\u00edk, MD, DSc. <\/strong><\/td>\n<\/tr>\n<tr class=\"tmave\">\n<td> \t\t\t\tDate:<\/td>\n<td> \t\t\t\t6<sup>th<\/sup> November 2012<\/td>\n<\/tr>\n<tr>\n<td> \t\t\t\tVenue:<\/td>\n<td> \t\t\t\tGreat Hall on the Theological Faculty, Hlavn\u00e1 89, Ko\u0161ice <\/td>\n<\/tr>\n<tr class=\"tmave\">\n<td> \t\t\t\tOrganizing Subjects:<\/td>\n<td> \t\t\t\tSlovak Medical Society<br \/>         Medical Society in Ko\u0161ice<br \/>         Slovak Society of Nephrology<br \/> \t\t\t\tPavol Jozef \u0160af\u00e1rik University in Ko\u0161ice, Faculty of Medicine<br \/> \t\t\t\tLouis Pasteur University Hospital in Ko\u0161ice<br \/>         Regional Medical Chamber in Ko\u0161ice<\/td>\n<\/tr>\n<tr>\n<td> \t\t\t\tCoordinator:<\/td>\n<td> \t\t\t\tDipl. Ing. Katar\u00edna  Derzsiov\u00e1<\/td>\n<\/tr>\n<tr class=\"tmave\">\n<td> \t\t\t\tComment:<\/td>\n<td> \t\t\t\t<a href=\"\/public\/media\/0455\/10th_International_Nephrological_Symposium.pdf\">Program<\/a><\/td>\n<\/tr>\n<tr>\n<td colspan=\"2\"> \t\t\t\t\u00a0<\/td>\n<\/tr>\n<tr>\n<td align=\"left\" class=\"nadpis\" colspan=\"2\"> \t\t\t\t<strong>Ko\u0161ick\u00fd de\u0148 cievnej chirurgie<\/strong><\/td>\n<\/tr>\n<tr class=\"tmave\">\n<td> \t\t\t\tTerm\u00edn konania:<\/td>\n<td> \t\t\t\t9. novembra 2012 o 9.00 hod.<\/td>\n<\/tr>\n<tr>\n<td> \t\t\t\tMiesto konania:<\/td>\n<td> \t\t\t\tKongresov\u00e1 s\u00e1la V\u00daSCH, a.s. na 3. poschod\u00ed, Ondavsk\u00e1 8, Ko\u0161ice<\/td>\n<\/tr>\n<tr class=\"tmave\">\n<td> \t\t\t\tOrganizuj\u00face subjekty:<\/td>\n<td> \t\t\t\tUniverzita P. J. \u0160af\u00e1rika v Ko\u0161iciach, Lek\u00e1rska fakulta<br \/> \t\t\t\tV\u00fdchodoslovensk\u00fd \u00fastav srdcov\u00fdch a cievnych chor\u00f4b, a.s.<br \/>         Klinika cievnej chirurgie UPJ\u0160 LF a V\u00daSCH, a.s.<\/td>\n<\/tr>\n<tr>\n<td> \t\t\t\tKoordin\u00e1tor:<\/td>\n<td> \t\t\t\tProf. MUDr. M\u00e1ria Frankovi\u010dov\u00e1, PhD.<\/td>\n<\/tr>\n<tr class=\"tmave\">\n<td> \t\t\t\tPozn\u00e1mka:<\/td>\n<td> \t\t\t\t<a href=\"\/public\/media\/0455\/Kosicky_den_cievnej_chirurgie.pdf\">Pozv\u00e1nka<\/a><\/td>\n<\/tr>\n<tr>\n<td> \t\t\t\tWeb:<\/td>\n<td> \t\t\t\t<a href=\"http:\/\/cievna-chirurgia-kosice.sk\/\">http:\/\/cievna-chirurgia-kosice.sk\/<\/a><\/td>\n<\/tr>\n<tr>\n<td colspan=\"2\"> \t\t\t\t\u00a0<\/td>\n<\/tr>\n<tr>\n<td align=\"left\" class=\"nadpis\" colspan=\"2\"> <strong>Kazuistiky<\/strong><\/td>\n<\/tr>\n<tr class=\"tmave\">\n<td> Term\u00edn konania:<\/td>\n<td> 19. novembra 2012 o 15.00 hod.<\/td>\n<\/tr>\n<tr>\n<td> Miesto konania:<\/td>\n<td>UPJ\u0160 v Ko\u0161iciach, Lek\u00e1rska fakulta \u2013 Semin\u00e1rna miestnos\u0165 na 2. poschod\u00ed, Trieda SNP 1<\/td>\n<\/tr>\n<tr class=\"tmave\">\n<td> Organizuj\u00face subjekty:<\/td>\n<td> Slovensk\u00e1 lek\u00e1rska spolo\u010dnos\u0165             <br \/>Spolok lek\u00e1rov Ko\u0161ice             <br \/>UPJ\u0160 v Ko\u0161iciach, Lek\u00e1rska fakulta<\/td>\n<\/tr>\n<tr>\n<td> Koordin\u00e1tor:<\/td>\n<td> Prof. MUDr. Ivica Laz\u00farov\u00e1, CSc., prednostka I. internej kliniky UPJ\u0160 LF a UNLP Ko\u0161ice<\/td>\n<\/tr>\n<tr class=\"tmave\">\n<td> Pozn\u00e1mka:<\/td>\n<td> \t\t\t\t<a href=\"\/public\/media\/0455\/SLK-2012-11-19.pdf\">Program<\/a><\/td>\n<\/tr>\n<tr>\n<td colspan=\"2\"> \u00a0<\/td>\n<\/tr>\n<tr>\n<td align=\"left\" class=\"nadpis\" colspan=\"2\"> \t\t\t\t<strong>XXI. Schwarzov de\u0148<br \/> \t\t\t\tNajnov\u0161ie trendy v gynekologickej opera\u010dnej lie\u010dbe<\/strong><\/td>\n<\/tr>\n<tr class=\"tmave\">\n<td> \t\t\t\tTerm\u00edn konania:<\/td>\n<td> \t\t\t\t23. novembra 2012<\/td>\n<\/tr>\n<tr>\n<td> \t\t\t\tMiesto konania:<\/td>\n<td> \t\t\t\tKo\u0161ice, Hotel DoubleTree by Hilton<\/td>\n<\/tr>\n<tr class=\"tmave\">\n<td> \t\t\t\tOrganizuj\u00face subjekty:<\/td>\n<td> \t\t\t\tSlovensk\u00e1 gynekologicko-p\u00f4rodn\u00edcka spolo\u010dnos\u0165 SLS<br \/> \t\t\t\tUniverzita P. J. \u0160af\u00e1rika v Ko\u0161iciach, Lek\u00e1rska fakulta<br \/> \t\t\t\tUniverzitn\u00e1 nemocnica L. Pasteura Ko\u0161ice<br \/> \t\t\t\tII. gynekologicko-p\u00f4rodn\u00edcka klinika UPJ\u0160 LF a\u00a0UN LP Ko\u0161ice<\/td>\n<\/tr>\n<tr>\n<td> \t\t\t\tKoordin\u00e1tor:<\/td>\n<td> \t\t\t\tProf. MUDr. Alexander Ostr\u00f3, CSc.<\/td>\n<\/tr>\n<tr class=\"tmave\">\n<td> \t\t\t\tPozn\u00e1mka:<\/td>\n<td> \t\t\t\t<a href=\"\/public\/media\/0455\/Schwarz_2012-pozvanka.pdf\">Pozv\u00e1nka<\/a><\/td>\n<\/tr>\n<tr>\n<td> \t\t\t\tWeb:<\/td>\n<td> \t\t\t\t<a href=\"http:\/\/www.sgps-kongres.sk\/schwarzovden\/\">http:\/\/www.sgps-kongres.sk\/schwarzovden\/<\/a><\/td>\n<\/tr>\n<tr>\n<td colspan=\"2\"> \t\t\t\t\u00a0<\/td>\n<\/tr>\n<tr>\n<td align=\"left\" class=\"nadpis\" colspan=\"2\"> \t\t\t\t<strong>MEFANET 2012<\/strong><\/td>\n<\/tr>\n<tr class=\"tmave\">\n<td> \t\t\t\tTerm\u00edn konania:<\/td>\n<td> \t\t\t\t27. &#8211; 28. novembra 2012<\/td>\n<\/tr>\n<tr>\n<td> \t\t\t\tMiesto konania:<\/td>\n<td> \t\t\t\tBrno, Hotel International<\/td>\n<\/tr>\n<tr class=\"tmave\">\n<td> \t\t\t\tOrganizuj\u00face subjekty:<\/td>\n<td> \t\t\t\tInstitut biostatistiky a anal\u00fdz, Masarykova univerzita, Brno<br \/> \t\t\t\tKoordina\u010dn\u00e1 rada MEFANET<\/td>\n<\/tr>\n<tr>\n<td> \t\t\t\tKoordin\u00e1tor za UPJ\u0160 LF:<\/td>\n<td> \t\t\t\tIng. Jaroslav Majern\u00edk, PhD.<\/td>\n<\/tr>\n<tr class=\"tmave\">\n<td> \t\t\t\tWeb:<\/td>\n<td> \t\t\t\t<a href=\"http:\/\/www.mefanet.cz\/index.php?pg=konference\">http:\/\/www.mefanet.cz\/index.php?pg=konference<\/a><\/td>\n<\/tr>\n<tr>\n<td colspan=\"2\"> \t\t\t\t\u00a0<\/td>\n<\/tr>\n<tr>\n<td class=\"mesiac\" colspan=\"2\"> \t\t\t\tDECEMBER 2012<\/td>\n<\/tr>\n<tr>\n<td align=\"left\" class=\"nadpis\" colspan=\"2\"> \t\t\t\t<strong>VIII. Mikul\u00e1\u0161ske dni alergie<\/strong><\/td>\n<\/tr>\n<tr class=\"tmave\">\n<td> \t\t\t\tTerm\u00edn konania:<\/td>\n<td> \t\t\t\t3. decembra 2012 o 15.00 hod.<\/td>\n<\/tr>\n<tr>\n<td> \t\t\t\tMiesto konania:<\/td>\n<td> \t\t\t\tPosluch\u00e1re\u0148 P1, UPJ\u0160 LF, Trieda SNP 1, Ko\u0161ice<\/td>\n<\/tr>\n<tr class=\"tmave\">\n<td> \t\t\t\tOrganizuj\u00face subjekty:<\/td>\n<td> \t\t\t\tSpolok lek\u00e1rov Ko\u0161ice<br \/> Region\u00e1lna lek\u00e1rska komora Ko\u0161ice<br \/> UPJ\u0160 v Ko\u0161iciach,  Lek\u00e1rska fakulta <\/td>\n<\/tr>\n<tr>\n<td> \t\t\t\tKoordin\u00e1tor:<\/td>\n<td> \t\t\t\tMUDr. Norbert Luk\u00e1n, PhD., IV. intern\u00e1 klinika UPJ\u0160 LF a UN LP Ko\u0161ice<\/td>\n<\/tr>\n<tr class=\"tmave\">\n<td> \t\t\t\tPozn\u00e1mka:<\/td>\n<td> \t\t\t\t<a href=\"\/public\/media\/0455\/SLK-2012-12-03.pdf\">Program<\/a><\/td>\n<\/tr>\n<tr>\n<td colspan=\"2\"> \t\t\t\t\u00a0<\/td>\n<\/tr>\n<tr>\n<td align=\"left\" class=\"nadpis\" colspan=\"2\"> \t\t\t\t<strong>4. kurz CEEA<\/strong><\/td>\n<\/tr>\n<tr class=\"tmave\">\n<td> \t\t\t\tTerm\u00edn konania:<\/td>\n<td> \t\t\t\t5. \u2013 7. decembra 2012<\/td>\n<\/tr>\n<tr>\n<td> \t\t\t\tMiesto konania:<\/td>\n<td> \t\t\t\tIn\u0161tit\u00fat pre \u010fal\u0161ie vzdel\u00e1vanie veterin\u00e1rnych lek\u00e1rov, Cesta pod Hradovou 13, Ko\u0161ice<\/td>\n<\/tr>\n<tr class=\"tmave\">\n<td> \t\t\t\tOrganizuj\u00face subjekty:<\/td>\n<td> \t\t\t\t<a href=\"http:\/\/www.lf.upjs.sk\/ceea\">Slovensk\u00e9 centrum CEEA<\/a><br \/> \t\t\t\t1. klinika anest\u00e9ziol\u00f3gie a intenz\u00edvnej medic\u00edny UPJ\u0160 LF a UN LP Ko\u0161ice<br \/> \t\t\t\tSlovensk\u00e1 spolo\u010dnos\u0165 anest\u00e9ziol\u00f3gie a intenz\u00edvnej medic\u00edny<\/td>\n<\/tr>\n<tr>\n<td> \t\t\t\tKoordin\u00e1tor:<\/td>\n<td> \t\t\t\tMUDr. \u0160tefan Trenkler, PhD., Slovensk\u00e9 centrum CEEA<\/td>\n<\/tr>\n<tr class=\"tmave\">\n<td> \t\t\t\tPozn\u00e1mka:<\/td>\n<td> \t\t\t\t<a href=\"http:\/\/www.lf.upjs.sk\/ceea\/Program_CEEA_2012_def.pdf\">Program<\/a><\/td>\n<\/tr>\n<tr>\n<td colspan=\"2\"> \t\t\t\t\u00a0<\/td>\n<\/tr>\n<tr>\n<td align=\"left\" class=\"nadpis\" colspan=\"2\"> \t\t\t\t<strong>Hist\u00f3ria medic\u00edny<\/strong><\/td>\n<\/tr>\n<tr class=\"tmave\">\n<td> \t\t\t\tTerm\u00edn konania:<\/td>\n<td> \t\t\t\t17. decembra 2012 o 15.00 hod.<\/td>\n<\/tr>\n<tr>\n<td> \t\t\t\tMiesto konania:<\/td>\n<td> \t\t\t\tM\u00fazeum Vojtecha L\u00f6fflera, Al\u017ebetina 20, Ko\u0161ice<\/td>\n<\/tr>\n<tr class=\"tmave\">\n<td> \t\t\t\tOrganizuj\u00face subjekty:<\/td>\n<td> \t\t\t\tSpolok lek\u00e1rov Ko\u0161ice<br \/> Region\u00e1lna lek\u00e1rska komora Ko\u0161ice<br \/> UPJ\u0160 v Ko\u0161iciach,  Lek\u00e1rska fakulta<br \/> V\u00fdchodoslovensk\u00e9 m\u00fazeum v Ko\u0161iciach <\/td>\n<\/tr>\n<tr>\n<td> \t\t\t\tKoordin\u00e1tori:<\/td>\n<td> \t\t\t\tProf. MUDr. Oliver R\u00e1cz, CSc., predseda Spolku lek\u00e1rov Ko\u0161ice<br \/> MUDr. Marta Jirou\u0161kov\u00e1, predseda Klubov zdravotn\u00edckeho zamerania pri V\u00fdchodoslovenskom m\u00fazeu v Ko\u0161iciach <\/td>\n<\/tr>\n<tr class=\"tmave\">\n<td> \t\t\t\tPozn\u00e1mka:<\/td>\n<td> \t\t\t\t<a href=\"\/public\/media\/0455\/SLK-2012-12-17.pdf\">Program<\/a><\/td>\n<tr>\n<td colspan=\"2\"> \t\t\t\t\u00a0<\/td>\n<\/tr>\n<tr>\n<td colspan=\"2\"> \t\t\t\t\u00a0<\/td>\n<\/tr>\n<\/tbody>\n<\/table>\n<p> \t\u00a0<\/p>\n","protected":false},"excerpt":{"rendered":"<p>\u00a0 \u00a0 \u00a0 FEBRU\u00c1R 2012 Vedeck\u00e1 sch\u00f4dza doktorandov Term\u00edn konania: 2.2.2012 o 15.00 hod. Miesto konania: Posluch\u00e1re\u0148 1, UPJ\u0160 LF Ko\u0161ice, Trieda SNP 1 Organizuj\u00face subjekty: Slovensk\u00e1 lek\u00e1rska spolo\u010dnos\u0165 Spolok lek\u00e1rov Ko\u0161ice Region\u00e1lna lek\u00e1rska komora Ko\u0161ice UPJ\u0160 Lek\u00e1rska fakulta Ko\u0161ice Univerzitn\u00e1 nemocnica Louisa Pasteura Koordin\u00e1tor: Prof. MUDr. Oliver R\u00e1cz, CSc., predseda Spolku lek\u00e1rov v Ko\u0161iciach &hellip; <a href=\"https:\/\/www.upjs.sk\/lekarska-fakulta\/fakulta\/konferencie-a-podujatia\/podujatia-2012\/\">\u010c\u00edta\u0165 \u010falej<\/a><\/p>\n","protected":false},"author":1,"featured_media":0,"parent":14171,"menu_order":14,"comment_status":"closed","ping_status":"closed","template":"","meta":{"_acf_changed":false,"_editorskit_title_hidden":false,"_editorskit_reading_time":0,"_editorskit_is_block_options_detached":false,"_editorskit_block_options_position":"{}","footnotes":""},"categories":[],"tags":[],"class_list":["post-16633","page","type-page","status-publish","hentry"],"acf":{"acf_link_na_externy_obsah":""},"yoast_head":"<!-- This site is optimized with the Yoast SEO plugin v27.4 - https:\/\/yoast.com\/product\/yoast-seo-wordpress\/ -->\n<title>Podujatia v roku 2012 - Lek\u00e1rska fakulta | UPJ\u0160<\/title>\n<meta name=\"robots\" content=\"index, follow, max-snippet:-1, max-image-preview:large, max-video-preview:-1\" \/>\n<link rel=\"canonical\" href=\"https:\/\/www.upjs.sk\/lekarska-fakulta\/fakulta\/konferencie-a-podujatia\/podujatia-2012\/\" \/>\n<meta property=\"og:locale\" content=\"sk_SK\" \/>\n<meta property=\"og:type\" content=\"article\" \/>\n<meta property=\"og:title\" content=\"Podujatia v roku 2012 - Lek\u00e1rska fakulta | UPJ\u0160\" \/>\n<meta property=\"og:description\" content=\"\u00a0 \u00a0 \u00a0 FEBRU\u00c1R 2012 Vedeck\u00e1 sch\u00f4dza doktorandov Term\u00edn konania: 2.2.2012 o 15.00 hod. Miesto konania: Posluch\u00e1re\u0148 1, UPJ\u0160 LF Ko\u0161ice, Trieda SNP 1 Organizuj\u00face subjekty: Slovensk\u00e1 lek\u00e1rska spolo\u010dnos\u0165 Spolok lek\u00e1rov Ko\u0161ice Region\u00e1lna lek\u00e1rska komora Ko\u0161ice UPJ\u0160 Lek\u00e1rska fakulta Ko\u0161ice Univerzitn\u00e1 nemocnica Louisa Pasteura Koordin\u00e1tor: Prof. MUDr. Oliver R\u00e1cz, CSc., predseda Spolku lek\u00e1rov v Ko\u0161iciach &hellip; \u010c\u00edta\u0165 \u010falej\" \/>\n<meta property=\"og:url\" content=\"https:\/\/www.upjs.sk\/lekarska-fakulta\/fakulta\/konferencie-a-podujatia\/podujatia-2012\/\" \/>\n<meta property=\"og:site_name\" content=\"Lek\u00e1rska fakulta | UPJ\u0160\" \/>\n<meta property=\"article:modified_time\" content=\"2023-01-25T22:08:40+00:00\" \/>\n<meta name=\"twitter:card\" content=\"summary_large_image\" \/>\n<meta name=\"twitter:label1\" content=\"Predpokladan\u00fd \u010das \u010d\u00edtania\" \/>\n\t<meta name=\"twitter:data1\" content=\"14 min\u00fat\" \/>\n<script type=\"application\/ld+json\" class=\"yoast-schema-graph\">{\"@context\":\"https:\\\/\\\/schema.org\",\"@graph\":[{\"@type\":\"WebPage\",\"@id\":\"https:\\\/\\\/www.upjs.sk\\\/lekarska-fakulta\\\/fakulta\\\/konferencie-a-podujatia\\\/podujatia-2012\\\/\",\"url\":\"https:\\\/\\\/www.upjs.sk\\\/lekarska-fakulta\\\/fakulta\\\/konferencie-a-podujatia\\\/podujatia-2012\\\/\",\"name\":\"Podujatia v roku 2012 - Lek\u00e1rska fakulta | UPJ\u0160\",\"isPartOf\":{\"@id\":\"https:\\\/\\\/www.upjs.sk\\\/lekarska-fakulta\\\/#website\"},\"datePublished\":\"2012-12-19T11:57:05+00:00\",\"dateModified\":\"2023-01-25T22:08:40+00:00\",\"breadcrumb\":{\"@id\":\"https:\\\/\\\/www.upjs.sk\\\/lekarska-fakulta\\\/fakulta\\\/konferencie-a-podujatia\\\/podujatia-2012\\\/#breadcrumb\"},\"inLanguage\":\"sk-SK\",\"potentialAction\":[{\"@type\":\"ReadAction\",\"target\":[\"https:\\\/\\\/www.upjs.sk\\\/lekarska-fakulta\\\/fakulta\\\/konferencie-a-podujatia\\\/podujatia-2012\\\/\"]}]},{\"@type\":\"BreadcrumbList\",\"@id\":\"https:\\\/\\\/www.upjs.sk\\\/lekarska-fakulta\\\/fakulta\\\/konferencie-a-podujatia\\\/podujatia-2012\\\/#breadcrumb\",\"itemListElement\":[{\"@type\":\"ListItem\",\"position\":1,\"name\":\"Home\",\"item\":\"https:\\\/\\\/www.upjs.sk\\\/lekarska-fakulta\\\/\"},{\"@type\":\"ListItem\",\"position\":2,\"name\":\"O fakulte\",\"item\":\"https:\\\/\\\/www.upjs.sk\\\/lekarska-fakulta\\\/fakulta\\\/\"},{\"@type\":\"ListItem\",\"position\":3,\"name\":\"Konferencie a podujatia\",\"item\":\"https:\\\/\\\/www.upjs.sk\\\/lekarska-fakulta\\\/fakulta\\\/konferencie-a-podujatia\\\/\"},{\"@type\":\"ListItem\",\"position\":4,\"name\":\"Podujatia v roku 2012\"}]},{\"@type\":\"WebSite\",\"@id\":\"https:\\\/\\\/www.upjs.sk\\\/lekarska-fakulta\\\/#website\",\"url\":\"https:\\\/\\\/www.upjs.sk\\\/lekarska-fakulta\\\/\",\"name\":\"Lek\u00e1rska fakulta | UPJ\u0160\",\"description\":\"\",\"publisher\":{\"@id\":\"https:\\\/\\\/www.upjs.sk\\\/lekarska-fakulta\\\/#organization\"},\"potentialAction\":[{\"@type\":\"SearchAction\",\"target\":{\"@type\":\"EntryPoint\",\"urlTemplate\":\"https:\\\/\\\/www.upjs.sk\\\/lekarska-fakulta\\\/?s={search_term_string}\"},\"query-input\":{\"@type\":\"PropertyValueSpecification\",\"valueRequired\":true,\"valueName\":\"search_term_string\"}}],\"inLanguage\":\"sk-SK\"},{\"@type\":\"Organization\",\"@id\":\"https:\\\/\\\/www.upjs.sk\\\/lekarska-fakulta\\\/#organization\",\"name\":\"Lek\u00e1rska fakulta | UPJ\u0160\",\"url\":\"https:\\\/\\\/www.upjs.sk\\\/lekarska-fakulta\\\/\",\"logo\":{\"@type\":\"ImageObject\",\"inLanguage\":\"sk-SK\",\"@id\":\"https:\\\/\\\/www.upjs.sk\\\/lekarska-fakulta\\\/#\\\/schema\\\/logo\\\/image\\\/\",\"url\":\"https:\\\/\\\/www.upjs.sk\\\/app\\\/uploads\\\/sites\\\/9\\\/2022\\\/09\\\/logo-lekarska-fakulta.png\",\"contentUrl\":\"https:\\\/\\\/www.upjs.sk\\\/app\\\/uploads\\\/sites\\\/9\\\/2022\\\/09\\\/logo-lekarska-fakulta.png\",\"width\":415,\"height\":87,\"caption\":\"Lek\u00e1rska fakulta | UPJ\u0160\"},\"image\":{\"@id\":\"https:\\\/\\\/www.upjs.sk\\\/lekarska-fakulta\\\/#\\\/schema\\\/logo\\\/image\\\/\"}}]}<\/script>\n<!-- \/ Yoast SEO plugin. -->","yoast_head_json":{"title":"Podujatia v roku 2012 - Lek\u00e1rska fakulta | UPJ\u0160","robots":{"index":"index","follow":"follow","max-snippet":"max-snippet:-1","max-image-preview":"max-image-preview:large","max-video-preview":"max-video-preview:-1"},"canonical":"https:\/\/www.upjs.sk\/lekarska-fakulta\/fakulta\/konferencie-a-podujatia\/podujatia-2012\/","og_locale":"sk_SK","og_type":"article","og_title":"Podujatia v roku 2012 - Lek\u00e1rska fakulta | UPJ\u0160","og_description":"\u00a0 \u00a0 \u00a0 FEBRU\u00c1R 2012 Vedeck\u00e1 sch\u00f4dza doktorandov Term\u00edn konania: 2.2.2012 o 15.00 hod. Miesto konania: Posluch\u00e1re\u0148 1, UPJ\u0160 LF Ko\u0161ice, Trieda SNP 1 Organizuj\u00face subjekty: Slovensk\u00e1 lek\u00e1rska spolo\u010dnos\u0165 Spolok lek\u00e1rov Ko\u0161ice Region\u00e1lna lek\u00e1rska komora Ko\u0161ice UPJ\u0160 Lek\u00e1rska fakulta Ko\u0161ice Univerzitn\u00e1 nemocnica Louisa Pasteura Koordin\u00e1tor: Prof. MUDr. Oliver R\u00e1cz, CSc., predseda Spolku lek\u00e1rov v Ko\u0161iciach &hellip; \u010c\u00edta\u0165 \u010falej","og_url":"https:\/\/www.upjs.sk\/lekarska-fakulta\/fakulta\/konferencie-a-podujatia\/podujatia-2012\/","og_site_name":"Lek\u00e1rska fakulta | UPJ\u0160","article_modified_time":"2023-01-25T22:08:40+00:00","twitter_card":"summary_large_image","twitter_misc":{"Predpokladan\u00fd \u010das \u010d\u00edtania":"14 min\u00fat"},"schema":{"@context":"https:\/\/schema.org","@graph":[{"@type":"WebPage","@id":"https:\/\/www.upjs.sk\/lekarska-fakulta\/fakulta\/konferencie-a-podujatia\/podujatia-2012\/","url":"https:\/\/www.upjs.sk\/lekarska-fakulta\/fakulta\/konferencie-a-podujatia\/podujatia-2012\/","name":"Podujatia v roku 2012 - Lek\u00e1rska fakulta | UPJ\u0160","isPartOf":{"@id":"https:\/\/www.upjs.sk\/lekarska-fakulta\/#website"},"datePublished":"2012-12-19T11:57:05+00:00","dateModified":"2023-01-25T22:08:40+00:00","breadcrumb":{"@id":"https:\/\/www.upjs.sk\/lekarska-fakulta\/fakulta\/konferencie-a-podujatia\/podujatia-2012\/#breadcrumb"},"inLanguage":"sk-SK","potentialAction":[{"@type":"ReadAction","target":["https:\/\/www.upjs.sk\/lekarska-fakulta\/fakulta\/konferencie-a-podujatia\/podujatia-2012\/"]}]},{"@type":"BreadcrumbList","@id":"https:\/\/www.upjs.sk\/lekarska-fakulta\/fakulta\/konferencie-a-podujatia\/podujatia-2012\/#breadcrumb","itemListElement":[{"@type":"ListItem","position":1,"name":"Home","item":"https:\/\/www.upjs.sk\/lekarska-fakulta\/"},{"@type":"ListItem","position":2,"name":"O fakulte","item":"https:\/\/www.upjs.sk\/lekarska-fakulta\/fakulta\/"},{"@type":"ListItem","position":3,"name":"Konferencie a podujatia","item":"https:\/\/www.upjs.sk\/lekarska-fakulta\/fakulta\/konferencie-a-podujatia\/"},{"@type":"ListItem","position":4,"name":"Podujatia v roku 2012"}]},{"@type":"WebSite","@id":"https:\/\/www.upjs.sk\/lekarska-fakulta\/#website","url":"https:\/\/www.upjs.sk\/lekarska-fakulta\/","name":"Lek\u00e1rska fakulta | UPJ\u0160","description":"","publisher":{"@id":"https:\/\/www.upjs.sk\/lekarska-fakulta\/#organization"},"potentialAction":[{"@type":"SearchAction","target":{"@type":"EntryPoint","urlTemplate":"https:\/\/www.upjs.sk\/lekarska-fakulta\/?s={search_term_string}"},"query-input":{"@type":"PropertyValueSpecification","valueRequired":true,"valueName":"search_term_string"}}],"inLanguage":"sk-SK"},{"@type":"Organization","@id":"https:\/\/www.upjs.sk\/lekarska-fakulta\/#organization","name":"Lek\u00e1rska fakulta | UPJ\u0160","url":"https:\/\/www.upjs.sk\/lekarska-fakulta\/","logo":{"@type":"ImageObject","inLanguage":"sk-SK","@id":"https:\/\/www.upjs.sk\/lekarska-fakulta\/#\/schema\/logo\/image\/","url":"https:\/\/www.upjs.sk\/app\/uploads\/sites\/9\/2022\/09\/logo-lekarska-fakulta.png","contentUrl":"https:\/\/www.upjs.sk\/app\/uploads\/sites\/9\/2022\/09\/logo-lekarska-fakulta.png","width":415,"height":87,"caption":"Lek\u00e1rska fakulta | UPJ\u0160"},"image":{"@id":"https:\/\/www.upjs.sk\/lekarska-fakulta\/#\/schema\/logo\/image\/"}}]}},"_links":{"self":[{"href":"https:\/\/www.upjs.sk\/lekarska-fakulta\/wp-json\/wp\/v2\/pages\/16633","targetHints":{"allow":["GET"]}}],"collection":[{"href":"https:\/\/www.upjs.sk\/lekarska-fakulta\/wp-json\/wp\/v2\/pages"}],"about":[{"href":"https:\/\/www.upjs.sk\/lekarska-fakulta\/wp-json\/wp\/v2\/types\/page"}],"author":[{"embeddable":true,"href":"https:\/\/www.upjs.sk\/lekarska-fakulta\/wp-json\/wp\/v2\/users\/1"}],"replies":[{"embeddable":true,"href":"https:\/\/www.upjs.sk\/lekarska-fakulta\/wp-json\/wp\/v2\/comments?post=16633"}],"version-history":[{"count":2,"href":"https:\/\/www.upjs.sk\/lekarska-fakulta\/wp-json\/wp\/v2\/pages\/16633\/revisions"}],"predecessor-version":[{"id":74178,"href":"https:\/\/www.upjs.sk\/lekarska-fakulta\/wp-json\/wp\/v2\/pages\/16633\/revisions\/74178"}],"up":[{"embeddable":true,"href":"https:\/\/www.upjs.sk\/lekarska-fakulta\/wp-json\/wp\/v2\/pages\/14171"}],"wp:attachment":[{"href":"https:\/\/www.upjs.sk\/lekarska-fakulta\/wp-json\/wp\/v2\/media?parent=16633"}],"wp:term":[{"taxonomy":"category","embeddable":true,"href":"https:\/\/www.upjs.sk\/lekarska-fakulta\/wp-json\/wp\/v2\/categories?post=16633"},{"taxonomy":"post_tag","embeddable":true,"href":"https:\/\/www.upjs.sk\/lekarska-fakulta\/wp-json\/wp\/v2\/tags?post=16633"}],"curies":[{"name":"wp","href":"https:\/\/api.w.org\/{rel}","templated":true}]}}