{"id":16635,"date":"2014-12-16T18:01:33","date_gmt":"2014-12-16T18:01:30","guid":{"rendered":"https:\/\/www.upjs.sk\/lekarska-fakulta\/konferencie\/2014-2\/"},"modified":"2025-02-21T11:10:30","modified_gmt":"2025-02-21T10:10:30","slug":"podujatia-2014","status":"publish","type":"page","link":"https:\/\/www.upjs.sk\/lekarska-fakulta\/fakulta\/konferencie-a-podujatia\/podujatia-2014\/","title":{"rendered":"Podujatia v roku 2014"},"content":{"rendered":"<p><!-- Text --><\/p>\n<style type=\"text\/css\"> <!-- td.mesiac{color:#b82020;font-weight:bold;padding-top:1em} td.nadpis{font-weight:bold;padding-top:1em;padding-bottom:.5em} tr{vertical-align:top;} tr.tmave{background-color:#FFE4E7;} --><\/style>\n<table style=\"margin-top: -1em;\" border=\"0\" width=\"100%\" cellspacing=\"0\" cellpadding=\"0\">\n<tbody>\n<tr>\n<td width=\"130\"><\/td>\n<td width=\"430\"><\/td>\n<\/tr>\n<tr>\n<td class=\"mesiac\" colspan=\"2\">JANU\u00c1R 2014<\/td>\n<\/tr>\n<tr>\n<td class=\"nadpis\" colspan=\"2\" align=\"left\"><strong>Vedeck\u00e1 pracovn\u00e1 sch\u00f4dza Spolku lek\u00e1rov v Ko\u0161iciach<\/strong><\/td>\n<\/tr>\n<tr class=\"tmave\">\n<td>Term\u00edn konania:<\/td>\n<td>20. janu\u00e1ra 2014 o 15.00 hod.<\/td>\n<\/tr>\n<tr>\n<td>Miesto konania:<\/td>\n<td>Posluch\u00e1re\u0148 \u010d. 2 na UPJ\u0160 LF, Trieda SNP 1, Ko\u0161ice<\/td>\n<\/tr>\n<tr class=\"tmave\">\n<td>Organizuj\u00face subjekty:<\/td>\n<td>Spolok lek\u00e1rov Ko\u0161ice<br \/>\nRegion\u00e1lna lek\u00e1rska komora Ko\u0161ice<br \/>\nUniverzita Pavla Jozefa \u0160af\u00e1rika v Ko\u0161iciach, Lek\u00e1rska fakulta<\/td>\n<\/tr>\n<tr>\n<td>Koordin\u00e1tor:<\/td>\n<td>Prof. MUDr. Miroslav Mydl\u00edk, DrSc., IV. intern\u00e1 klinika UPJ\u0160 LF a UNLP, \u00dastav experiment\u00e1lnej medic\u00edny UPJ\u0160 LF, Ko\u0161ice<\/td>\n<\/tr>\n<tr class=\"tmave\">\n<td>Pozn\u00e1mka:<\/td>\n<td><a href=\"https:\/\/www.upjs.sk\/app\/uploads\/sites\/9\/2022\/09\/SLK-2014-01-20.pdf\">Program<\/a><\/td>\n<\/tr>\n<tr>\n<td colspan=\"2\"><\/td>\n<\/tr>\n<tr>\n<td class=\"mesiac\" colspan=\"2\">FEBRU\u00c1R 2014<\/td>\n<\/tr>\n<tr>\n<td class=\"nadpis\" colspan=\"2\" align=\"left\"><strong><strong>XXII. Nov\u00e9 trendy v prevencii ateroskler\u00f3zy a IV. \u0160kola lipidol\u00f3gie<\/strong><\/strong><\/td>\n<\/tr>\n<tr class=\"tmave\">\n<td>Term\u00edn konania:<\/td>\n<td>19. &#8211; 20. febru\u00e1ra 2014<\/td>\n<\/tr>\n<tr>\n<td>Miesto konania:<\/td>\n<td>City Hotel Bratislava, Seber\u00edniho 9, Bratislava<\/td>\n<\/tr>\n<tr class=\"tmave\">\n<td>Organizuj\u00face subjekty:<\/td>\n<td>Slovensk\u00e1 diabetologick\u00e1 spolo\u010dnos\u0165<br \/>\nSlovensk\u00e1 kardiologick\u00e1 spolo\u010dnos\u0165<br \/>\nSlovensk\u00e1 internistick\u00e1 spolo\u010dnos\u0165<br \/>\nSlovensk\u00e1 spolo\u010dnos\u0165 laborat\u00f3rnej medic\u00edny<\/td>\n<\/tr>\n<tr>\n<td>Koordin\u00e1tor za UPJ\u0160 LF:<\/td>\n<td>Prof. MUDr. Daniel Pella, PhD.<\/td>\n<\/tr>\n<tr class=\"tmave\">\n<td>Web:<\/td>\n<td><a href=\"http:\/\/saa.sk\/\">http:\/\/saa.sk<\/a><\/td>\n<\/tr>\n<tr>\n<td colspan=\"2\"><\/td>\n<\/tr>\n<tr>\n<td class=\"mesiac\" colspan=\"2\">MAREC 2014<\/td>\n<\/tr>\n<tr>\n<td class=\"nadpis\" colspan=\"2\" align=\"left\"><strong>Spolo\u010dn\u00e1 vedeck\u00e1 sch\u00f4dza<br \/>\nOrsz\u00e1gos rehabilit\u00e1ci\u00f3s int\u00e9zet Budapest, Ma\u010farsko a Kliniky fyzioterapie, balneol\u00f3gie a\u00a0lie\u010debnej rehabilit\u00e1cie UPJ\u0160 LF a UN LP Ko\u0161ice <\/strong><\/td>\n<\/tr>\n<tr class=\"tmave\">\n<td>Term\u00edn konania:<\/td>\n<td>24. marca 2014 o 15.00 hod.<\/td>\n<\/tr>\n<tr>\n<td>Miesto konania:<\/td>\n<td>Semin\u00e1rna miestnos\u0165 UPJ\u0160 LF, Trieda SNP 1, Ko\u0161ice<\/td>\n<\/tr>\n<tr class=\"tmave\">\n<td>Organizuj\u00face subjekty:<\/td>\n<td>Spolok lek\u00e1rov Ko\u0161ice<br \/>\nRegion\u00e1lna lek\u00e1rska komora Ko\u0161ice<br \/>\nUniverzita Pavla Jozefa \u0160af\u00e1rika v Ko\u0161iciach, Lek\u00e1rska fakulta<\/td>\n<\/tr>\n<tr>\n<td>Koordin\u00e1tor:<\/td>\n<td>Doc. MUDr. Peter Tak\u00e1\u010d, CSc., Klinika fyzioterapie, balneol\u00f3gie a lie\u010debnej rehabilit\u00e1cie UPJ\u0160 LF a UNLP Ko\u0161ice<\/td>\n<\/tr>\n<tr class=\"tmave\">\n<td>Pozn\u00e1mka:<\/td>\n<td><a href=\"https:\/\/www.upjs.sk\/app\/uploads\/sites\/9\/2022\/09\/SLK-2014-03-24.pdf\">Program<\/a><\/td>\n<\/tr>\n<tr>\n<td colspan=\"2\"><\/td>\n<\/tr>\n<tr>\n<td class=\"mesiac\" colspan=\"2\">APR\u00cdL 2014<\/td>\n<\/tr>\n<tr>\n<td class=\"nadpis\" colspan=\"2\" align=\"left\"><strong>Mimoriadna vedeck\u00e1 sch\u00f4dza Spolku lek\u00e1rov Ko\u0161ice<\/strong><\/td>\n<\/tr>\n<tr class=\"tmave\">\n<td>Term\u00edn konania:<\/td>\n<td>7. apr\u00edla 2014 o 15.00 hod.<\/td>\n<\/tr>\n<tr>\n<td>Miesto konania:<\/td>\n<td>Posluch\u00e1re\u0148 \u010d. 3 UPJ\u0160 LF, Trieda SNP 1, Ko\u0161ice<\/td>\n<\/tr>\n<tr class=\"tmave\">\n<td>Organizuj\u00face subjekty:<\/td>\n<td>Spolok lek\u00e1rov Ko\u0161ice<br \/>\nRegion\u00e1lna lek\u00e1rska komora Ko\u0161ice<br \/>\n\u00dastav s\u00fadneho lek\u00e1rstva UPJ\u0160 LF a \u00daDZS Ko\u0161ice<\/td>\n<\/tr>\n<tr>\n<td>Koordin\u00e1tor:<\/td>\n<td>MUDr. Nikita Bobrov, PhD., prednosta \u00dastavu s\u00fadneho lek\u00e1rstva UPJ\u0160 LF a \u00daDZS Ko\u0161ice<\/td>\n<\/tr>\n<tr class=\"tmave\">\n<td>Pozn\u00e1mka:<\/td>\n<td><a href=\"https:\/\/www.upjs.sk\/app\/uploads\/sites\/9\/2022\/09\/SLK-2014-04-07.pdf\">Pozv\u00e1nka<\/a><\/td>\n<\/tr>\n<tr>\n<td colspan=\"2\"><\/td>\n<\/tr>\n<tr>\n<td class=\"nadpis\" colspan=\"2\" align=\"left\"><strong>XIII. STOMATOLOGICK\u00c9 DNI KO\u0160ICE<\/strong><\/td>\n<\/tr>\n<tr class=\"tmave\">\n<td>Term\u00edn konania:<\/td>\n<td>9. \u2013 10. apr\u00edla 2014<\/td>\n<\/tr>\n<tr>\n<td>Miesto konania:<\/td>\n<td>Posluch\u00e1rensk\u00fd trakt, aula LF UPJ\u0160 v Ko\u0161iciach, Trieda SNP 1<\/td>\n<\/tr>\n<tr class=\"tmave\">\n<td>Organizuj\u00face subjekty:<\/td>\n<td>Lek\u00e1rska fakulta UPJ\u0160 v Ko\u0161iciach,<br \/>\nUniverzitn\u00e1 nemocnica L. Pasteura Ko\u0161ice,<br \/>\nSlovensk\u00e1 stomatologick\u00e1 spolo\u010dnos\u0165 v Bratislave,<br \/>\nI. stomatologick\u00e1 klinika \u2013 Ko\u0161ice,<br \/>\nKlinika stomatol\u00f3gie a maxilofaci\u00e1lnej chirurgie \u2013 Ko\u0161ice,<br \/>\nRegion\u00e1lna komora zubn\u00fdch lek\u00e1rov v Ko\u0161iciach,<br \/>\nRegion\u00e1lna komora sestier a p\u00f4rodn\u00fdch asistentiek Ko\u0161ice,<br \/>\nKVV \u2013 Ing. Igor Kubov\u010d\u00edk<\/td>\n<\/tr>\n<tr>\n<td>Koordin\u00e1tori:<\/td>\n<td>prof. MUDr. Neda Markovsk\u00e1, CSc.,<br \/>\nDr.h.c. prof. MUDr. Andrej Jen\u010da, CSc.,<br \/>\ndoc. MUDr. Milan Kotr\u00e1\u0148, CSc., mim. prof.,<br \/>\nMUDr. Jozef Min\u010d\u00edk, PhD.,<br \/>\nMUDr. Lucia Kov\u00e1csov\u00e1, PhD.<\/td>\n<\/tr>\n<tr class=\"tmave\">\n<td>Pozn\u00e1mka:<\/td>\n<td><a href=\"https:\/\/www.upjs.sk\/app\/uploads\/sites\/9\/2022\/09\/SDK2014.pdf\">Program<\/a><\/td>\n<\/tr>\n<tr>\n<td colspan=\"2\"><\/td>\n<\/tr>\n<tr>\n<td class=\"nadpis\" colspan=\"2\" align=\"left\"><strong>XXI. Memori\u00e1l profesora MUDr. Franti\u0161ka P\u00f3ra<\/strong><\/td>\n<\/tr>\n<tr class=\"tmave\">\n<td>Term\u00edn konania:<\/td>\n<td>14. apr\u00edla 2014 o 14.00 hod.<\/td>\n<\/tr>\n<tr>\n<td>Miesto konania:<\/td>\n<td>Posluch\u00e1re\u0148 prof. P\u00f3ra, VI. pavil\u00f3n UN LP Ko\u0161ice, Rastislavova 43<\/td>\n<\/tr>\n<tr class=\"tmave\">\n<td>Organizuj\u00face subjekty:<\/td>\n<td>Spolok lek\u00e1rov Ko\u0161ice<br \/>\nRegion\u00e1lna lek\u00e1rska komora Ko\u0161ice<br \/>\nUPJ\u0160 Lek\u00e1rska fakulta Ko\u0161ice<\/td>\n<\/tr>\n<tr>\n<td>Koordin\u00e1tor:<\/td>\n<td>Prof. MUDr. Miroslav Mydl\u00edk, DrSc., IV. intern\u00e1 klinika UPJ\u0160 LF a UN LP Ko\u0161ice<\/td>\n<\/tr>\n<tr class=\"tmave\">\n<td>Pozn\u00e1mka:<\/td>\n<td><a href=\"https:\/\/www.upjs.sk\/app\/uploads\/sites\/9\/2022\/09\/SLK-2014-04-14.pdf\">Program<\/a><\/td>\n<\/tr>\n<tr>\n<td colspan=\"2\"><\/td>\n<\/tr>\n<tr>\n<td class=\"nadpis\" colspan=\"2\" align=\"left\"><strong>\u0160tudentsk\u00e1 vedeck\u00e1 konferencia UPJ\u0160 v Ko\u0161iciach, Lek\u00e1rskej fakulty<\/strong><\/td>\n<\/tr>\n<tr class=\"tmave\">\n<td>Term\u00edn konania:<\/td>\n<td>23. apr\u00edla 2014 o 8.00 hod.<\/td>\n<\/tr>\n<tr>\n<td>Miesto konania:<\/td>\n<td>Posluch\u00e1rne P1, P2 a semin\u00e1rna miestnos\u0165 na UPJ\u0160 LF, Trieda SNP 1, Ko\u0161ice<\/td>\n<\/tr>\n<tr class=\"tmave\">\n<td>Organizuj\u00faci subjekt:<\/td>\n<td>UPJ\u0160 v Ko\u0161iciach, Lek\u00e1rska fakulta<\/td>\n<\/tr>\n<tr>\n<td>Odborn\u00ed garanti:<\/td>\n<td>Dr.h.c. prof. MUDr. Leonard Siegfried, CSc., dekan UPJ\u0160 LF<br \/>\nProf. MUDr. Viliam Doni\u010d, CSc., prodekan pre vedeckov\u00fdskumn\u00fa \u010dinnos\u0165 na UPJ\u0160 LF<\/td>\n<\/tr>\n<tr class=\"tmave\">\n<td>Pozn\u00e1mka:<\/td>\n<td>S\u00fa\u0165a\u017en\u00e1 prezent\u00e1cia pr\u00e1c \u0161tudentov UPJ\u0160 LF<br \/>\n<a href=\"https:\/\/www.upjs.sk\/app\/uploads\/sites\/9\/2022\/10\/PozvankaINT14.pdf\">Pozv\u00e1nka<\/a>, <a href=\"https:\/\/www.upjs.sk\/app\/uploads\/sites\/9\/2022\/10\/ProgramINT13-14_2.pdf\">Program<\/a><\/td>\n<\/tr>\n<tr>\n<td colspan=\"2\"><\/td>\n<\/tr>\n<tr>\n<td class=\"nadpis\" colspan=\"2\" align=\"left\"><strong>Aktu\u00e1lna prax v psychofarmakol\u00f3gii<\/strong><\/td>\n<\/tr>\n<tr class=\"tmave\">\n<td>Term\u00edn konania:<\/td>\n<td>25. \u2013 27. apr\u00edla 2014<\/td>\n<\/tr>\n<tr>\n<td>Miesto konania:<\/td>\n<td>Posluch\u00e1rensk\u00fd trakt LF UPJ\u0160 v Ko\u0161iciach, Trieda SNP 1<\/td>\n<\/tr>\n<tr class=\"tmave\">\n<td>Organizuj\u00face subjekty:<\/td>\n<td>Psychofarmakologick\u00e1 sekcia Psychiatrickej spolo\u010dnosti Slovenskej lek\u00e1rskej spolo\u010dnosti<br \/>\nLek\u00e1rska fakulta UPJ\u0160 v Ko\u0161iciach<\/td>\n<\/tr>\n<tr>\n<td>Koordin\u00e1tor:<\/td>\n<td>MUDr. Dagmar Brezno\u0161\u010d\u00e1kov\u00e1, Ph.D.<\/td>\n<\/tr>\n<tr class=\"tmave\">\n<td>Pozn\u00e1mka:<\/td>\n<td><em><a href=\"\/public\/media\/0455\/Kosice_PFS_2014_A4_final (3).pdf\">Program<\/a><\/em><\/td>\n<\/tr>\n<tr>\n<td>Web:<\/td>\n<td><a href=\"http:\/\/www.psychiatry.sk\">www.psychiatry.sk<\/a><\/td>\n<\/tr>\n<tr>\n<td colspan=\"2\"><\/td>\n<\/tr>\n<tr>\n<td class=\"mesiac\" colspan=\"2\">M\u00c1J 2014<\/td>\n<\/tr>\n<tr>\n<td class=\"nadpis\" colspan=\"2\" align=\"left\"><strong>M\u00e1jov\u00e9 novinky v medic\u00edne<\/strong><\/td>\n<\/tr>\n<tr class=\"tmave\">\n<td>Term\u00edn konania:<\/td>\n<td>22. m\u00e1ja 2014 o 14.30 hod.<\/td>\n<\/tr>\n<tr>\n<td>Miesto konania:<\/td>\n<td>S\u00e1la kult\u00farno-spolo\u010densk\u00e9ho centra Ju\u017ean, Smetanova 4, Ko\u0161ice<\/td>\n<\/tr>\n<tr class=\"tmave\">\n<td>Organizuj\u00face subjekty:<\/td>\n<td>Slovensk\u00e1 lek\u00e1rska komora a Region\u00e1lna lek\u00e1rska komora Ko\u0161ice<br \/>\nRoche Slovensko, s.r.o.<br \/>\nSlovensk\u00e1 lek\u00e1rska spolo\u010dnos\u0165<br \/>\nSpolok lek\u00e1rov Ko\u0161ice<br \/>\nCumulus s.r.o. Ne\u0161t\u00e1tne zdravotn\u00edcke zariadenie<\/td>\n<\/tr>\n<tr>\n<td>Koordin\u00e1tor:<\/td>\n<td>Prof. MUDr. Oliver R\u00e1cz, CSc., predseda Spolku lek\u00e1rov v Ko\u0161iciach<\/td>\n<\/tr>\n<tr class=\"tmave\">\n<td>Pozn\u00e1mka:<\/td>\n<td><a href=\"https:\/\/www.upjs.sk\/app\/uploads\/sites\/9\/2022\/09\/SLK-2014-05-22.jpg\">Pozv\u00e1nka<\/a><\/td>\n<\/tr>\n<tr>\n<td colspan=\"2\"><\/td>\n<\/tr>\n<tr>\n<td class=\"nadpis\" colspan=\"2\" align=\"left\"><strong>XXXVII. dni lek\u00e1rskej biofyziky<\/strong><\/td>\n<\/tr>\n<tr class=\"tmave\">\n<td>Term\u00edn konania:<\/td>\n<td>26. \u2013 30. m\u00e1ja 2014<\/td>\n<\/tr>\n<tr>\n<td>Miesto konania:<\/td>\n<td>Hotel Chopok, Dem\u00e4novsk\u00e1 Dolina 20, 031 01 Liptovsk\u00fd Mikul\u00e1\u0161<\/td>\n<\/tr>\n<tr class=\"tmave\">\n<td>Organizuj\u00face subjekty:<\/td>\n<td>Lek\u00e1rska fakulta UPJ\u0160 v Ko\u0161iciach<br \/>\n\u00dastav lek\u00e1rskej a klinickej biofyziky UPJ\u0160 LF<br \/>\n\u00dastav lek\u00e1rskej informatiky UPJ\u0160 LF<\/td>\n<\/tr>\n<tr>\n<td>Koordin\u00e1tori:<\/td>\n<td>Doc. RNDr. J\u00e1n Sabo, CSc., mim. prof., prednosta \u00dastavu lek\u00e1rskej a klinickej biofyziky UPJ\u0160 LF<br \/>\nIng. Jaroslav Majern\u00edk, PhD., prednosta \u00dastavu lek\u00e1rskej informatiky UPJ\u0160 LF<\/td>\n<\/tr>\n<tr class=\"tmave\">\n<td>Pozn\u00e1mka:<\/td>\n<td><a href=\"http:\/\/www.lf.upjs.sk\/XXXVII-dni-lekarskej-biofyziky-2014\/\">Str\u00e1nka konferencie<\/a><\/td>\n<\/tr>\n<tr>\n<td colspan=\"2\"><\/td>\n<\/tr>\n<tr>\n<td class=\"nadpis\" colspan=\"2\" align=\"left\"><strong>17. ko\u0161ick\u00fd morfologick\u00fd de\u0148<\/strong><\/td>\n<\/tr>\n<tr class=\"tmave\">\n<td>Term\u00edn konania:<\/td>\n<td>30. m\u00e1ja 2014 o 13.00 hod.<\/td>\n<\/tr>\n<tr>\n<td>Miesto konania:<\/td>\n<td>Posluch\u00e1re\u0148 Morfologick\u00e9ho pavil\u00f3nu UVLF v Ko\u0161iciach, Komensk\u00e9ho 73<\/td>\n<\/tr>\n<tr class=\"tmave\">\n<td>Organizuj\u00face subjekty:<\/td>\n<td>Slovensk\u00e1 lek\u00e1rska spolo\u010dnos\u0165<br \/>\nSlovensk\u00e1 anatomick\u00e1 spolo\u010dnos\u0165<br \/>\nUniverzita veterin\u00e1rskeho lek\u00e1rstva a farm\u00e1cie v Ko\u0161iciach<\/td>\n<\/tr>\n<tr>\n<td>Koordin\u00e1tor:<\/td>\n<td>Prof. MUDr. Eva Mech\u00edrov\u00e1, CSc., prezident Slovenskej anatomickej spolo\u010dnosti<\/td>\n<\/tr>\n<tr class=\"tmave\">\n<td>Pozn\u00e1mka:<\/td>\n<td><a href=\"https:\/\/www.upjs.sk\/app\/uploads\/sites\/9\/2022\/09\/17._KMD_cirkular_2014-1.pdf\">Pozv\u00e1nka<\/a><\/td>\n<\/tr>\n<tr>\n<td colspan=\"2\"><\/td>\n<\/tr>\n<tr>\n<td class=\"mesiac\" colspan=\"2\">J\u00daN 2014<\/td>\n<\/tr>\n<tr>\n<td class=\"nadpis\" colspan=\"2\" align=\"left\"><strong>7. slovensk\u00e1 konferencia detskej nefrol\u00f3gie<\/strong><\/td>\n<\/tr>\n<tr class=\"tmave\">\n<td>Term\u00edn konania:<\/td>\n<td>5. \u2013 6. j\u00fana 2014<\/td>\n<\/tr>\n<tr>\n<td>Miesto konania:<\/td>\n<td>Hotel Yasmin, Tyr\u0161ovo n\u00e1bre\u017eie 1, Ko\u0161ice<\/td>\n<\/tr>\n<tr class=\"tmave\">\n<td>Organizuj\u00face subjekty:<\/td>\n<td>Slovensk\u00e1 pediatrick\u00e1 spolo\u010dnos\u0165 SLS<br \/>\nSlovensk\u00e1 nefrologick\u00e1 spolo\u010dnos\u0165 SLS, sekcia detskej nefrol\u00f3gie<br \/>\nKlinika det\u00ed a dorastu UPJ\u0160 LF a DFN<\/td>\n<\/tr>\n<tr>\n<td>Koordin\u00e1tor:<\/td>\n<td>Prof. MUDr. \u013dudmila Podrack\u00e1, CSc.<\/td>\n<\/tr>\n<tr class=\"tmave\">\n<td>Pozn\u00e1mka:<\/td>\n<td><a href=\"https:\/\/www.upjs.sk\/app\/uploads\/sites\/9\/2022\/09\/nefro14-prog-a5FINAL-28-5-14-web.pdf\">Program<\/a><\/td>\n<\/tr>\n<tr>\n<td colspan=\"2\"><\/td>\n<\/tr>\n<tr>\n<td class=\"nadpis\" colspan=\"2\" align=\"left\"><strong>X. kongres internej medic\u00edny<\/strong><\/td>\n<\/tr>\n<tr class=\"tmave\">\n<td>Term\u00edn konania:<\/td>\n<td>12. \u2013 14. j\u00fana 2014<\/td>\n<\/tr>\n<tr>\n<td>Miesto konania:<\/td>\n<td>Grand Hotel Bellevue \u2013 Horn\u00fd Smokovec, Vysok\u00e9 Tatry<\/td>\n<\/tr>\n<tr class=\"tmave\">\n<td>Organizuj\u00face subjekty:<\/td>\n<td>Slovensk\u00e1 lek\u00e1rska spolo\u010dnos\u0165<br \/>\nSlovensk\u00e1 internistick\u00e1 spolo\u010dnos\u0165<br \/>\n\u010cesk\u00e1 internistick\u00e1 spolo\u010dnos\u0165<br \/>\nI. intern\u00e1 klinika UPJ\u0160 LF a UNLP Ko\u0161ice<\/td>\n<\/tr>\n<tr>\n<td>Koordin\u00e1tor:<\/td>\n<td>Prof. MUDr. Ivica Laz\u00farov\u00e1, CSc., FRCP<\/td>\n<\/tr>\n<tr class=\"tmave\">\n<td>Pozn\u00e1mka:<\/td>\n<td><a href=\"https:\/\/www.upjs.sk\/app\/uploads\/sites\/9\/2022\/09\/interne14-program2.pdf\">Program<\/a><\/td>\n<\/tr>\n<tr>\n<td colspan=\"2\"><\/td>\n<\/tr>\n<tr>\n<td class=\"nadpis\" colspan=\"2\" align=\"left\"><strong>International Scientific Conference on Probiotics and Prebiotics \u2013 IPC 2014<\/strong><\/td>\n<\/tr>\n<tr class=\"tmave\">\n<td>Date:<\/td>\n<td>24<sup>th<\/sup> \u2013 26<sup>th<\/sup> June 2014<\/td>\n<\/tr>\n<tr>\n<td>Congress Venue:<\/td>\n<td>InterContinental Budapest Hotel, Ap\u00e1czai Csere J\u00e1nos utca 12-14, 1052\u00a0Budapest, Hungary<\/td>\n<\/tr>\n<tr class=\"tmave\">\n<td>Organizing subjects:<\/td>\n<td>Pavol Jozef \u0160af\u00e1rik University in Ko\u0161ice,<br \/>\nFaculty of Medicine,<br \/>\nInstitute of Experimental Medicine<\/td>\n<\/tr>\n<tr>\n<td>Coordinator:<\/td>\n<td>Alojz Bomba, MVD., DrSc.<\/td>\n<\/tr>\n<tr class=\"tmave\">\n<td>Congress Language:<\/td>\n<td>English<\/td>\n<\/tr>\n<tr>\n<td>Web:<\/td>\n<td><a href=\"http:\/\/www.probiotic-conference.net\/\">http:\/\/www.probiotic-conference.net\/<\/a><\/td>\n<\/tr>\n<tr>\n<td colspan=\"2\"><\/td>\n<\/tr>\n<tr>\n<td class=\"nadpis\" colspan=\"2\" align=\"left\"><strong>6<sup>th<\/sup> International Student Medical Congress Ko\u0161ice (ISMCK`14)<\/strong><\/td>\n<\/tr>\n<tr class=\"tmave\">\n<td>Date:<\/td>\n<td>25<sup>th<\/sup> \u2013 27<sup>th<\/sup> June 2014<\/td>\n<\/tr>\n<tr>\n<td>Congress Venue:<\/td>\n<td>Lecture Rooms of Pavol Jozef \u0160af\u00e1rik University &#8211; Faculty of Medicine, Trieda SNP 1, Ko\u0161ice<\/td>\n<\/tr>\n<tr class=\"tmave\">\n<td>Organizing Subjects:<\/td>\n<td>The Association of Medical Students in Ko\u0161ice<br \/>\nEdumed, n.o.<br \/>\nPavol Jozef \u0160af\u00e1rik University in Ko\u0161ice<br \/>\nFaculty of Medicine<\/td>\n<\/tr>\n<tr>\n<td>Coordinator:<\/td>\n<td>Luk\u00e1\u0161 Evin, MD<\/td>\n<\/tr>\n<tr class=\"tmave\">\n<td>Congress Language:<\/td>\n<td>English<\/td>\n<\/tr>\n<tr>\n<td>Web:<\/td>\n<td><a href=\"http:\/\/www.ismck.com\/\">http:\/\/www.ismck.com\/<\/a><\/td>\n<\/tr>\n<tr>\n<td colspan=\"2\"><\/td>\n<\/tr>\n<tr>\n<td class=\"mesiac\" colspan=\"2\">J\u00daL 2014<\/td>\n<\/tr>\n<tr>\n<td class=\"nadpis\" colspan=\"2\" align=\"left\"><strong>Medzin\u00e1rodn\u00fd workshop Biomedic\u00ednskych technol\u00f3gii<\/strong><\/td>\n<\/tr>\n<tr class=\"tmave\">\n<td>Term\u00edn konania:<\/td>\n<td>9. \u2013 11. j\u00fala 2014<\/td>\n<\/tr>\n<tr>\n<td>Miesto konania:<\/td>\n<td>Fakulta riadenia a informatiky, \u017dilinsk\u00e1 univerzita v \u017diline<\/td>\n<\/tr>\n<tr class=\"tmave\">\n<td>Organizuj\u00face subjekty:<\/td>\n<td>Fakulta riadenia a informatiky, \u017dilinsk\u00e1 univerzita v \u017diline,<br \/>\nUniversity of Management and Administration in Zamo\u015b\u0107 Poland,<br \/>\nV\u0160B-Technick\u00e1 univerzita v Ostrave,<br \/>\nUniverzita Pavla Jozefa \u0160af\u00e1rika v Ko\u0161iciach, Lek\u00e1rska fakulta<br \/>\nBay Zolt\u00e1n Nonprofit Ltd. for Applied Research<\/td>\n<\/tr>\n<tr>\n<td>Koordin\u00e1tor za UPJ\u0160 LF:<\/td>\n<td>Ing. Jaroslav Majern\u00edk, PhD.<\/td>\n<\/tr>\n<tr class=\"tmave\">\n<td>Web:<\/td>\n<td><a href=\"http:\/\/dt.fri.uniza.sk\/v4\/\">http:\/\/dt.fri.uniza.sk\/v4\/<\/a><br \/>\n<a href=\"http:\/\/dt.fri.uniza.sk\/\">http:\/\/dt.fri.uniza.sk\/<\/a><\/td>\n<\/tr>\n<tr>\n<td colspan=\"2\"><\/td>\n<\/tr>\n<tr>\n<td class=\"mesiac\" colspan=\"2\">SEPTEMBER 2014<\/td>\n<\/tr>\n<tr>\n<td class=\"nadpis\" colspan=\"2\" align=\"left\"><strong>Konferencia Kliniky det\u00ed a dorastu LF UPJ\u0160 a DFN<br \/>\nVI. D\u00e9mantov de\u0148<\/strong><\/td>\n<\/tr>\n<tr class=\"tmave\">\n<td>Term\u00edn konania:<\/td>\n<td>25. septembra 2014<\/td>\n<\/tr>\n<tr>\n<td>Miesto konania:<\/td>\n<td>Posluch\u00e1rne UPJ\u0160 LF, Trieda SNP 1, Ko\u0161ice<\/td>\n<\/tr>\n<tr class=\"tmave\">\n<td>Organizuj\u00face subjekty:<\/td>\n<td>Slovensk\u00e1 pediatrick\u00e1 spolo\u010dnos\u0165<br \/>\nDetsk\u00e1 fakultn\u00e1 nemocnica Ko\u0161ice<br \/>\nLek\u00e1rska fakulta UPJ\u0160 v Ko\u0161iciach<br \/>\nKlinika det\u00ed a dorastu LF UPJ\u0160 a DFN Ko\u0161ice<br \/>\nVydavate\u013estvo SAMEDI<\/td>\n<\/tr>\n<tr>\n<td>Koordin\u00e1tor:<\/td>\n<td>Doc. MUDr. Milan Kuchta, CSc., mim. prof.<\/td>\n<\/tr>\n<tr class=\"tmave\">\n<td>Pozn\u00e1mka:<\/td>\n<td><em><a href=\"\/public\/media\/0455\/Pozv%C3%A1nka%20s%20programom%20-%20VI.%20D%C3%A9mantov%20de%C5%88.pdf\">Program<\/a><\/em><\/td>\n<\/tr>\n<tr>\n<td colspan=\"2\"><\/td>\n<\/tr>\n<tr>\n<td class=\"nadpis\" colspan=\"2\" align=\"left\"><strong>XV. konferencia mlad\u00fdch pediatrov<\/strong><\/td>\n<\/tr>\n<tr class=\"tmave\">\n<td>Term\u00edn konania:<\/td>\n<td>26. septembra 2014<\/td>\n<\/tr>\n<tr>\n<td>Miesto konania:<\/td>\n<td>Posluch\u00e1rne UPJ\u0160 LF, Trieda SNP 1, Ko\u0161ice<\/td>\n<\/tr>\n<tr class=\"tmave\">\n<td>Organizuj\u00face subjekty:<\/td>\n<td>Slovensk\u00e1 pediatrick\u00e1 spolo\u010dnos\u0165<br \/>\nDetsk\u00e1 fakultn\u00e1 nemocnica Ko\u0161ice<br \/>\nLek\u00e1rska fakulta UPJ\u0160 v Ko\u0161iciach<br \/>\nKlinika det\u00ed a dorastu LF UPJ\u0160 a DFN Ko\u0161ice<br \/>\nVydavate\u013estvo SAMEDI<\/td>\n<\/tr>\n<tr>\n<td>Koordin\u00e1tor:<\/td>\n<td>Doc. MUDr. Milan Kuchta, CSc., mim. prof.<\/td>\n<\/tr>\n<tr class=\"tmave\">\n<td>Pozn\u00e1mka:<\/td>\n<td><em><a href=\"\/public\/media\/0455\/Pozv%C3%A1nka%20s%20programom%20-%20VI.%20D%C3%A9mantov%20de%C5%88.pdf\">Program<\/a><\/em><\/td>\n<\/tr>\n<tr>\n<td colspan=\"2\"><\/td>\n<\/tr>\n<tr>\n<td class=\"mesiac\" colspan=\"2\">OKT\u00d3BER 2014<\/td>\n<\/tr>\n<tr>\n<td class=\"nadpis\" colspan=\"2\" align=\"left\"><strong>XX. Vedeck\u00e1 sch\u00f4dza Spolku lek\u00e1rov v Ko\u0161iciach v spolupr\u00e1ci s obcou Ruskov<\/strong><\/td>\n<\/tr>\n<tr class=\"tmave\">\n<td>Term\u00edn konania:<\/td>\n<td>13. okt\u00f3bra 2014 o 14.00 hod.<\/td>\n<\/tr>\n<tr>\n<td>Miesto konania:<\/td>\n<td>Dom kult\u00fary, Ruskov<\/td>\n<\/tr>\n<tr class=\"tmave\">\n<td>Organizuj\u00face subjekty:<\/td>\n<td>Spolok lek\u00e1rov Ko\u0161ice<br \/>\nRegion\u00e1lna lek\u00e1rska komora Ko\u0161ice<br \/>\nUniverzita Pavla Jozefa \u0160af\u00e1rika v Ko\u0161iciach, Lek\u00e1rska fakulta<\/td>\n<\/tr>\n<tr>\n<td>Koordin\u00e1tor:<\/td>\n<td>Prof. MUDr. Miroslav Mydl\u00edk, DrSc., IV. intern\u00e1 klinika UNLP a \u00dastav experiment\u00e1lnej medic\u00edny LF UPJ\u0160<\/td>\n<\/tr>\n<tr class=\"tmave\">\n<td>Pozn\u00e1mka:<\/td>\n<td><a href=\"https:\/\/www.upjs.sk\/app\/uploads\/sites\/9\/2022\/09\/SLK-2014-10-13.pdf\">Program<\/a><\/td>\n<\/tr>\n<tr>\n<td colspan=\"2\"><\/td>\n<\/tr>\n<tr>\n<td class=\"nadpis\" colspan=\"2\" align=\"left\"><strong>Eur\u00f3psky de\u0148 z\u00e1chrany \u017eivota<br \/>\nVa\u0161e ruky m\u00f4\u017eu zachr\u00e1ni\u0165 \u017eivot va\u0161ich bl\u00edzkych<\/strong><\/td>\n<\/tr>\n<tr class=\"tmave\">\n<td>Term\u00edn konania:<\/td>\n<td>16. okt\u00f3bra 2014 o 16.00 hod.<\/td>\n<\/tr>\n<tr>\n<td>Miesto konania:<\/td>\n<td>Obchodn\u00e9 centrum Gal\u00e9ria Ko\u0161ice<\/td>\n<\/tr>\n<tr class=\"tmave\">\n<td>Organizuj\u00face subjekty:<\/td>\n<td>Slovensk\u00fd \u010cerven\u00fd kr\u00ed\u017e Ko\u0161ice<br \/>\nSpolo\u010dnos\u0165 pre kriticky chor\u00fdch pri I. klinike anest\u00e9ziol\u00f3gie a intenz\u00edvnej medic\u00edny UNLP a LF UPJ\u0160 Ko\u0161ice<\/td>\n<\/tr>\n<tr>\n<td>Koordin\u00e1tor:<\/td>\n<td>MUDr. Monika Grochov\u00e1, PhD.<\/td>\n<\/tr>\n<tr class=\"tmave\">\n<td>Pozn\u00e1mka:<\/td>\n<td><em><a href=\"\/public\/media\/0455\/16-10-2014%20Pozv%C3%A1nka%20Kosice%20Galeria.pdf\">Pozv\u00e1nka<\/a><\/em><\/td>\n<\/tr>\n<tr>\n<td colspan=\"2\"><\/td>\n<\/tr>\n<tr>\n<td class=\"nadpis\" colspan=\"2\" align=\"left\"><strong>EUROSON SCHOOL<br \/>\nRefresher and CEUS (Contrast Enhanced Ultrasound)<\/strong><\/td>\n<\/tr>\n<tr class=\"tmave\">\n<td>Date:<\/td>\n<td>16th \u2013 19th October 2014<\/td>\n<\/tr>\n<tr>\n<td>Venue:<\/td>\n<td>Ko\u0161ice, University Hospital, Trieda SNP 1<\/td>\n<\/tr>\n<tr class=\"tmave\">\n<td>Organizing Subjects:<\/td>\n<td>Pavol Jozef \u0160af\u00e1rik University in Ko\u0161ice Faculty of Medicine<br \/>\nUniversity Hospital Louis Pasteur Ko\u0161ice<br \/>\nChildren Faculty Hospital Ko\u0161ice<br \/>\nKo\u0161ice ultrasound school &#8211; KUS<br \/>\nSchweizerische Gesellschaft f\u00fcr Ultraschall in der Medizin &#8211; SGUM\/SSUM<br \/>\nEFSUMB &#8211; EUROSON<\/td>\n<\/tr>\n<tr>\n<td>Coordinators:<\/td>\n<td>Doc. MUDr. M. Kuchta, CSc., Ko\u0161ice<br \/>\nMUDr. B. Nov\u00e1kov\u00e1, PhD., Ko\u0161ice<br \/>\nDoc. dr. med. J. Tuma, Switzerland<\/td>\n<\/tr>\n<tr class=\"tmave\">\n<td>Program:<\/td>\n<td><a href=\"\/public\/media\/0455\/es-kosice2014.pdf\">http:\/\/www.upjs.sk\/public\/media\/0455\/es-kosice2014.pdf<\/a><\/td>\n<\/tr>\n<tr>\n<td colspan=\"2\"><\/td>\n<\/tr>\n<tr>\n<td class=\"nadpis\" colspan=\"2\" align=\"left\"><strong>Pot\u00e1pa\u010dsk\u00e1 medic\u00edna<\/strong><\/td>\n<\/tr>\n<tr class=\"tmave\">\n<td>Term\u00edn konania:<\/td>\n<td>20. okt\u00f3bra 2014 o 15.30 hod.<\/td>\n<\/tr>\n<tr>\n<td>Miesto konania:<\/td>\n<td>Posluch\u00e1re\u0148 \u010d. 3 na UPJ\u0160 LF, Trieda SNP 1, Ko\u0161ice<\/td>\n<\/tr>\n<tr class=\"tmave\">\n<td>Organizuj\u00face subjekty:<\/td>\n<td>Spolok lek\u00e1rov Ko\u0161ice<br \/>\nRegion\u00e1lna lek\u00e1rska komora Ko\u0161ice<br \/>\nUniverzita Pavla Jozefa \u0160af\u00e1rika v Ko\u0161iciach, Lek\u00e1rska fakulta<\/td>\n<\/tr>\n<tr>\n<td>Koordin\u00e1tor:<\/td>\n<td>MUDr. N. Luk\u00e1n, PhD., IV. intern\u00e1 klinika UPJ\u0160 LF a UNLP Ko\u0161ice<\/td>\n<\/tr>\n<tr class=\"tmave\">\n<td>Pozn\u00e1mka:<\/td>\n<td><a href=\"https:\/\/www.upjs.sk\/app\/uploads\/sites\/9\/2022\/09\/SLK-2014-10-20.pdf\">Program<\/a><\/td>\n<\/tr>\n<tr>\n<td colspan=\"2\"><\/td>\n<\/tr>\n<tr>\n<td class=\"nadpis\" colspan=\"2\" align=\"left\"><strong>XXIII. Schwarzov de\u0148<br \/>\nDetsk\u00e1 gynekol\u00f3gia<\/strong><\/td>\n<\/tr>\n<tr class=\"tmave\">\n<td>Term\u00edn konania:<\/td>\n<td>24. okt\u00f3bra 2014<\/td>\n<\/tr>\n<tr>\n<td>Miesto konania:<\/td>\n<td>Hotel DoubleTree by Hilton, Hlavn\u00e1 1, Ko\u0161ice<\/td>\n<\/tr>\n<tr class=\"tmave\">\n<td>Organizuj\u00face subjekty:<\/td>\n<td>Slovensk\u00e1 gynekologicko-p\u00f4rodn\u00edcka spolo\u010dnos\u0165 SLS<br \/>\nUniverzita P. J. \u0160af\u00e1rika v Ko\u0161iciach, Lek\u00e1rska fakulta<\/td>\n<\/tr>\n<tr>\n<td>Koordin\u00e1tor:<\/td>\n<td>Prof. MUDr. Alexander Ostr\u00f3, CSc.<\/td>\n<\/tr>\n<tr class=\"tmave\">\n<td>Pozn\u00e1mka:<\/td>\n<td><em><a href=\"\/public\/media\/0455\/Schwarz%202014%20pozv%C3%A1nka.pdf\">Pozv\u00e1nka<\/a><\/em><\/td>\n<\/tr>\n<tr>\n<td>Web:<\/td>\n<td><a href=\"http:\/\/www.sgps-kongres.sk\/schwarzovden\/\">http:\/\/www.sgps-kongres.sk\/schwarzovden\/<\/a><\/td>\n<\/tr>\n<tr>\n<td colspan=\"2\"><\/td>\n<\/tr>\n<tr>\n<td class=\"nadpis\" colspan=\"2\" align=\"left\"><strong>XXII. memor\u00e1l prof. MUDr. K\u0148azovick\u00e9ho<br \/>\n100. v\u00fdro\u010die narodenia doc. MUDr. Ladislava B\u00e1rdo\u0161a, CSc.<\/strong><\/td>\n<\/tr>\n<tr class=\"tmave\">\n<td>Term\u00edn konania:<\/td>\n<td>27. okt\u00f3bra 2014 o 14.00 hod.<\/td>\n<\/tr>\n<tr>\n<td>Miesto konania:<\/td>\n<td>Posluch\u00e1re\u0148 \u010d. 4 na UPJ\u0160 LF, Trieda SNP 1, Ko\u0161ice<\/td>\n<\/tr>\n<tr class=\"tmave\">\n<td>Organizuj\u00face subjekty:<\/td>\n<td>Spolok lek\u00e1rov Ko\u0161ice<br \/>\nRegion\u00e1lna lek\u00e1rska komora Ko\u0161ice<br \/>\nUniverzita Pavla Jozefa \u0160af\u00e1rika v Ko\u0161iciach, Lek\u00e1rska fakulta<\/td>\n<\/tr>\n<tr>\n<td>Koordin\u00e1tori:<\/td>\n<td>Prof. MUDr. J. Vaj\u00f3, DrSc., II. chirurgick\u00e1 klinika LF UPJ\u0160 a UNLP Ko\u0161ice<br \/>\nProf. MUDr. J. Rado\u0148\u00e1k, CSc. I. chirurgick\u00e1 klinika LF UPJ\u0160 a UNLP Ko\u0161ice<\/td>\n<\/tr>\n<tr class=\"tmave\">\n<td>Pozn\u00e1mka:<\/td>\n<td><a href=\"https:\/\/www.upjs.sk\/app\/uploads\/sites\/9\/2022\/09\/SLK-2014-10-27.pdf\">Program<\/a><\/td>\n<\/tr>\n<tr>\n<td colspan=\"2\"><\/td>\n<\/tr>\n<tr>\n<td class=\"mesiac\" colspan=\"2\">NOVEMBER 2014<\/td>\n<\/tr>\n<tr>\n<td class=\"nadpis\" colspan=\"2\" align=\"left\"><strong>Krajsk\u00fd semin\u00e1r dermatovenerol\u00f3gov<\/strong><\/td>\n<\/tr>\n<tr class=\"tmave\">\n<td>Term\u00edn konania:<\/td>\n<td>20. novembra 2013 o 14.15 hod.<\/td>\n<\/tr>\n<tr>\n<td>Miesto konania:<\/td>\n<td>Kult\u00farno-spolo\u010densk\u00e9 centrum &#8211; JU\u017dAN, Ko\u0161ice, Smetanova 4<\/td>\n<\/tr>\n<tr class=\"tmave\">\n<td>Organizuj\u00face subjekty:<\/td>\n<td>Slovensk\u00e1 dermatovenerologick\u00e1 spolo\u010dnos\u0165<br \/>\nKrajsk\u00fd odborn\u00edk pre dermatovenerol\u00f3giu Ko\u0161ick\u00e9ho kraja<br \/>\nKlinika dermatovenerol\u00f3gie UPJ\u0160 LF a UNLP v Ko\u0161iciach<\/td>\n<\/tr>\n<tr>\n<td>Koordin\u00e1tor:<\/td>\n<td>Prof. MUDr. Jagienka Jautov\u00e1, PhD.<\/td>\n<\/tr>\n<tr class=\"tmave\">\n<td>Pozn\u00e1mka:<\/td>\n<td><a href=\"https:\/\/www.upjs.sk\/app\/uploads\/sites\/9\/2022\/09\/KSD-pozvanka-november-2014.pdf\">Program<\/a>, <a href=\"https:\/\/www.upjs.sk\/app\/uploads\/sites\/9\/2022\/09\/KSD-Navratka-2014.doc\">N\u00e1vratka na semin\u00e1r<\/a><\/td>\n<\/tr>\n<tr>\n<td colspan=\"2\"><\/td>\n<\/tr>\n<tr>\n<td class=\"nadpis\" colspan=\"2\" align=\"left\"><strong>Vedeck\u00e1 sch\u00f4dza I. kliniky anest\u00e9ziol\u00f3gie a intenz\u00edvnej medic\u00edny UPJ\u0160 LF a UN LP<\/strong><\/td>\n<\/tr>\n<tr class=\"tmave\">\n<td>Term\u00edn konania:<\/td>\n<td>24. novembra 2014 o 15.00 hod.<\/td>\n<\/tr>\n<tr>\n<td>Miesto konania:<\/td>\n<td>Posluch\u00e1re\u0148 \u010d. 3 na UPJ\u0160 LF, Trieda SNP 1, Ko\u0161ice<\/td>\n<\/tr>\n<tr class=\"tmave\">\n<td>Organizuj\u00face subjekty:<\/td>\n<td>Spolok lek\u00e1rov Ko\u0161ice<br \/>\nRegion\u00e1lna lek\u00e1rska komora Ko\u0161ice<br \/>\nUniverzita Pavla Jozefa \u0160af\u00e1rika v Ko\u0161iciach, Lek\u00e1rska fakulta<\/td>\n<\/tr>\n<tr>\n<td>Koordin\u00e1tor:<\/td>\n<td>doc. MUDr. Jozef Firment, PhD., I. klinika anest\u00e9ziol\u00f3gie a intenz\u00edvnej medic\u00edny UPJ\u0160 LF a\u00a0UN LP<\/td>\n<\/tr>\n<tr class=\"tmave\">\n<td>Pozn\u00e1mka:<\/td>\n<td><a href=\"https:\/\/www.upjs.sk\/app\/uploads\/sites\/9\/2022\/09\/SLK-2014-11-24.pdf\">Program<\/a><\/td>\n<\/tr>\n<tr>\n<td colspan=\"2\"><\/td>\n<\/tr>\n<tr>\n<td class=\"nadpis\" colspan=\"2\" align=\"left\"><strong>6. kurz CEEA<\/strong><\/td>\n<\/tr>\n<tr class=\"tmave\">\n<td>Term\u00edn konania:<\/td>\n<td>26. \u2013 28. novembra 2014<\/td>\n<\/tr>\n<tr>\n<td>Miesto konania:<\/td>\n<td>In\u0161tit\u00fat pre \u010fal\u0161ie vzdel\u00e1vanie veterin\u00e1rnych lek\u00e1rov, Cesta pod Hradovou 13, Ko\u0161ice<\/td>\n<\/tr>\n<tr class=\"tmave\">\n<td>Organizuj\u00face subjekty:<\/td>\n<td><a href=\"http:\/\/www.lf.upjs.sk\/ceea\">Slovensk\u00e9 centrum CEEA<\/a><br \/>\n1. klinika anest\u00e9ziol\u00f3gie a intenz\u00edvnej medic\u00edny UPJ\u0160 LF a UNLP Ko\u0161ice<br \/>\nSlovensk\u00e1 spolo\u010dnos\u0165 anest\u00e9ziol\u00f3gie a intenz\u00edvnej medic\u00edny<\/td>\n<\/tr>\n<tr>\n<td>Koordin\u00e1tor:<\/td>\n<td>MUDr. \u0160tefan Trenkler, PhD., Slovensk\u00e9 centrum CEEA<\/td>\n<\/tr>\n<tr class=\"tmave\">\n<td>Pozn\u00e1mka:<\/td>\n<td><em><a href=\"http:\/\/www.lf.upjs.sk\/ceea\/CEEA%202014%20Program%2020112014.pdf\">Program<\/a><\/em><\/td>\n<\/tr>\n<tr>\n<td colspan=\"2\"><\/td>\n<\/tr>\n<tr>\n<td class=\"nadpis\" colspan=\"2\" align=\"left\"><strong>Trends of education and research in biomedical technologies<\/strong><\/td>\n<\/tr>\n<tr class=\"tmave\">\n<td>Term\u00edn konania:<\/td>\n<td>26. \u2013 29. novembra 2014<\/td>\n<\/tr>\n<tr>\n<td>Miesto konania:<\/td>\n<td>2III4, \u00dastav lek\u00e1rskej informatiky UPJ\u0160 LF, Trieda SNP 1, Ko\u0161ice<\/td>\n<\/tr>\n<tr class=\"tmave\">\n<td>Organizuj\u00face subjekty:<\/td>\n<td>\u00dastav lek\u00e1rskej informatiky UPJ\u0160 LF<br \/>\nKatedra biomedic\u00ednskeho in\u017einierstva a merania SjF TUKE<\/td>\n<\/tr>\n<tr>\n<td>Koordin\u00e1tor:<\/td>\n<td>Ing. Jaroslav Majern\u00edk, PhD.<\/td>\n<\/tr>\n<tr class=\"tmave\">\n<td>Pozn\u00e1mka:<\/td>\n<td><a href=\"https:\/\/www.upjs.sk\/app\/uploads\/sites\/9\/2022\/09\/Program_TERBTs.pdf\">Program<\/a><\/td>\n<\/tr>\n<tr>\n<td colspan=\"2\"><\/td>\n<\/tr>\n<tr>\n<td class=\"nadpis\" colspan=\"2\" align=\"left\"><strong>52. V\u00fdchodoslovensk\u00e9 lek\u00e1rske dni<br \/>\nKomunik\u00e1cia medzi lek\u00e1rom a pacientom<\/strong><\/td>\n<\/tr>\n<tr class=\"tmave\">\n<td>Term\u00edn konania:<\/td>\n<td>27. \u2013 28. novembra 2014<\/td>\n<\/tr>\n<tr>\n<td>Miesto konania:<\/td>\n<td>Posluch\u00e1rne na UPJ\u0160 LF, Trieda SNP 1, Ko\u0161ice<\/td>\n<\/tr>\n<tr class=\"tmave\">\n<td>Organizuj\u00face subjekty:<\/td>\n<td>Spolok lek\u00e1rov Ko\u0161ice<br \/>\nRegion\u00e1lna lek\u00e1rska komora Ko\u0161ice<br \/>\nUniverzita Pavla Jozefa \u0160af\u00e1rika v Ko\u0161iciach<br \/>\nUniverzita Pavla Jozefa \u0160af\u00e1rika v Ko\u0161iciach, Lek\u00e1rska fakulta<br \/>\nUniverzitn\u00e1 nemocnica Louis Pasteura v Ko\u0161iciach<\/td>\n<\/tr>\n<tr>\n<td>Koordin\u00e1tor:<\/td>\n<td>MUDr. Norbert Luk\u00e1n, PhD., vedeck\u00fd sekret\u00e1r SL Ko\u0161ice<\/td>\n<\/tr>\n<tr class=\"tmave\">\n<td>Pozn\u00e1mka:<\/td>\n<td><a href=\"https:\/\/www.upjs.sk\/app\/uploads\/sites\/9\/2022\/09\/SLK-2014-11-27.pdf\">Pozv\u00e1nka<\/a>, <a href=\"https:\/\/www.upjs.sk\/app\/uploads\/sites\/9\/2022\/09\/Vsldni2014.pdf\">Program<\/a><\/td>\n<\/tr>\n<tr>\n<td colspan=\"2\"><\/td>\n<\/tr>\n<tr>\n<td colspan=\"2\"><\/td>\n<\/tr>\n<\/tbody>\n<\/table>\n","protected":false},"excerpt":{"rendered":"<p>JANU\u00c1R 2014 Vedeck\u00e1 pracovn\u00e1 sch\u00f4dza Spolku lek\u00e1rov v Ko\u0161iciach Term\u00edn konania: 20. janu\u00e1ra 2014 o 15.00 hod. Miesto konania: Posluch\u00e1re\u0148 \u010d. 2 na UPJ\u0160 LF, Trieda SNP 1, Ko\u0161ice Organizuj\u00face subjekty: Spolok lek\u00e1rov Ko\u0161ice Region\u00e1lna lek\u00e1rska komora Ko\u0161ice Univerzita Pavla Jozefa \u0160af\u00e1rika v Ko\u0161iciach, Lek\u00e1rska fakulta Koordin\u00e1tor: Prof. MUDr. Miroslav Mydl\u00edk, DrSc., IV. intern\u00e1 klinika &hellip; <a href=\"https:\/\/www.upjs.sk\/lekarska-fakulta\/fakulta\/konferencie-a-podujatia\/podujatia-2014\/\">\u010c\u00edta\u0165 \u010falej<\/a><\/p>\n","protected":false},"author":1,"featured_media":0,"parent":14171,"menu_order":12,"comment_status":"closed","ping_status":"closed","template":"","meta":{"_acf_changed":false,"_editorskit_title_hidden":false,"_editorskit_reading_time":0,"_editorskit_is_block_options_detached":false,"_editorskit_block_options_position":"{}","footnotes":""},"categories":[],"tags":[],"class_list":["post-16635","page","type-page","status-publish","hentry"],"acf":{"acf_link_na_externy_obsah":""},"yoast_head":"<!-- This site is optimized with the Yoast SEO plugin v27.4 - https:\/\/yoast.com\/product\/yoast-seo-wordpress\/ -->\n<title>Podujatia v roku 2014 - Lek\u00e1rska fakulta | UPJ\u0160<\/title>\n<meta name=\"robots\" content=\"index, follow, max-snippet:-1, max-image-preview:large, max-video-preview:-1\" \/>\n<link rel=\"canonical\" href=\"https:\/\/www.upjs.sk\/lekarska-fakulta\/fakulta\/konferencie-a-podujatia\/podujatia-2014\/\" \/>\n<meta property=\"og:locale\" content=\"sk_SK\" \/>\n<meta property=\"og:type\" content=\"article\" \/>\n<meta property=\"og:title\" content=\"Podujatia v roku 2014 - Lek\u00e1rska fakulta | UPJ\u0160\" \/>\n<meta property=\"og:description\" content=\"JANU\u00c1R 2014 Vedeck\u00e1 pracovn\u00e1 sch\u00f4dza Spolku lek\u00e1rov v Ko\u0161iciach Term\u00edn konania: 20. janu\u00e1ra 2014 o 15.00 hod. Miesto konania: Posluch\u00e1re\u0148 \u010d. 2 na UPJ\u0160 LF, Trieda SNP 1, Ko\u0161ice Organizuj\u00face subjekty: Spolok lek\u00e1rov Ko\u0161ice Region\u00e1lna lek\u00e1rska komora Ko\u0161ice Univerzita Pavla Jozefa \u0160af\u00e1rika v Ko\u0161iciach, Lek\u00e1rska fakulta Koordin\u00e1tor: Prof. MUDr. Miroslav Mydl\u00edk, DrSc., IV. intern\u00e1 klinika &hellip; \u010c\u00edta\u0165 \u010falej\" \/>\n<meta property=\"og:url\" content=\"https:\/\/www.upjs.sk\/lekarska-fakulta\/fakulta\/konferencie-a-podujatia\/podujatia-2014\/\" \/>\n<meta property=\"og:site_name\" content=\"Lek\u00e1rska fakulta | UPJ\u0160\" \/>\n<meta property=\"article:modified_time\" content=\"2025-02-21T10:10:30+00:00\" \/>\n<meta name=\"twitter:card\" content=\"summary_large_image\" \/>\n<meta name=\"twitter:label1\" content=\"Predpokladan\u00fd \u010das \u010d\u00edtania\" \/>\n\t<meta name=\"twitter:data1\" content=\"10 min\u00fat\" \/>\n<script type=\"application\/ld+json\" class=\"yoast-schema-graph\">{\"@context\":\"https:\\\/\\\/schema.org\",\"@graph\":[{\"@type\":\"WebPage\",\"@id\":\"https:\\\/\\\/www.upjs.sk\\\/lekarska-fakulta\\\/fakulta\\\/konferencie-a-podujatia\\\/podujatia-2014\\\/\",\"url\":\"https:\\\/\\\/www.upjs.sk\\\/lekarska-fakulta\\\/fakulta\\\/konferencie-a-podujatia\\\/podujatia-2014\\\/\",\"name\":\"Podujatia v roku 2014 - Lek\u00e1rska fakulta | UPJ\u0160\",\"isPartOf\":{\"@id\":\"https:\\\/\\\/www.upjs.sk\\\/lekarska-fakulta\\\/#website\"},\"datePublished\":\"2014-12-16T18:01:30+00:00\",\"dateModified\":\"2025-02-21T10:10:30+00:00\",\"breadcrumb\":{\"@id\":\"https:\\\/\\\/www.upjs.sk\\\/lekarska-fakulta\\\/fakulta\\\/konferencie-a-podujatia\\\/podujatia-2014\\\/#breadcrumb\"},\"inLanguage\":\"sk-SK\",\"potentialAction\":[{\"@type\":\"ReadAction\",\"target\":[\"https:\\\/\\\/www.upjs.sk\\\/lekarska-fakulta\\\/fakulta\\\/konferencie-a-podujatia\\\/podujatia-2014\\\/\"]}]},{\"@type\":\"BreadcrumbList\",\"@id\":\"https:\\\/\\\/www.upjs.sk\\\/lekarska-fakulta\\\/fakulta\\\/konferencie-a-podujatia\\\/podujatia-2014\\\/#breadcrumb\",\"itemListElement\":[{\"@type\":\"ListItem\",\"position\":1,\"name\":\"Home\",\"item\":\"https:\\\/\\\/www.upjs.sk\\\/lekarska-fakulta\\\/\"},{\"@type\":\"ListItem\",\"position\":2,\"name\":\"O fakulte\",\"item\":\"https:\\\/\\\/www.upjs.sk\\\/lekarska-fakulta\\\/fakulta\\\/\"},{\"@type\":\"ListItem\",\"position\":3,\"name\":\"Konferencie a podujatia\",\"item\":\"https:\\\/\\\/www.upjs.sk\\\/lekarska-fakulta\\\/fakulta\\\/konferencie-a-podujatia\\\/\"},{\"@type\":\"ListItem\",\"position\":4,\"name\":\"Podujatia v roku 2014\"}]},{\"@type\":\"WebSite\",\"@id\":\"https:\\\/\\\/www.upjs.sk\\\/lekarska-fakulta\\\/#website\",\"url\":\"https:\\\/\\\/www.upjs.sk\\\/lekarska-fakulta\\\/\",\"name\":\"Lek\u00e1rska fakulta | UPJ\u0160\",\"description\":\"\",\"publisher\":{\"@id\":\"https:\\\/\\\/www.upjs.sk\\\/lekarska-fakulta\\\/#organization\"},\"potentialAction\":[{\"@type\":\"SearchAction\",\"target\":{\"@type\":\"EntryPoint\",\"urlTemplate\":\"https:\\\/\\\/www.upjs.sk\\\/lekarska-fakulta\\\/?s={search_term_string}\"},\"query-input\":{\"@type\":\"PropertyValueSpecification\",\"valueRequired\":true,\"valueName\":\"search_term_string\"}}],\"inLanguage\":\"sk-SK\"},{\"@type\":\"Organization\",\"@id\":\"https:\\\/\\\/www.upjs.sk\\\/lekarska-fakulta\\\/#organization\",\"name\":\"Lek\u00e1rska fakulta | UPJ\u0160\",\"url\":\"https:\\\/\\\/www.upjs.sk\\\/lekarska-fakulta\\\/\",\"logo\":{\"@type\":\"ImageObject\",\"inLanguage\":\"sk-SK\",\"@id\":\"https:\\\/\\\/www.upjs.sk\\\/lekarska-fakulta\\\/#\\\/schema\\\/logo\\\/image\\\/\",\"url\":\"https:\\\/\\\/www.upjs.sk\\\/app\\\/uploads\\\/sites\\\/9\\\/2022\\\/09\\\/logo-lekarska-fakulta.png\",\"contentUrl\":\"https:\\\/\\\/www.upjs.sk\\\/app\\\/uploads\\\/sites\\\/9\\\/2022\\\/09\\\/logo-lekarska-fakulta.png\",\"width\":415,\"height\":87,\"caption\":\"Lek\u00e1rska fakulta | UPJ\u0160\"},\"image\":{\"@id\":\"https:\\\/\\\/www.upjs.sk\\\/lekarska-fakulta\\\/#\\\/schema\\\/logo\\\/image\\\/\"}}]}<\/script>\n<!-- \/ Yoast SEO plugin. -->","yoast_head_json":{"title":"Podujatia v roku 2014 - Lek\u00e1rska fakulta | UPJ\u0160","robots":{"index":"index","follow":"follow","max-snippet":"max-snippet:-1","max-image-preview":"max-image-preview:large","max-video-preview":"max-video-preview:-1"},"canonical":"https:\/\/www.upjs.sk\/lekarska-fakulta\/fakulta\/konferencie-a-podujatia\/podujatia-2014\/","og_locale":"sk_SK","og_type":"article","og_title":"Podujatia v roku 2014 - Lek\u00e1rska fakulta | UPJ\u0160","og_description":"JANU\u00c1R 2014 Vedeck\u00e1 pracovn\u00e1 sch\u00f4dza Spolku lek\u00e1rov v Ko\u0161iciach Term\u00edn konania: 20. janu\u00e1ra 2014 o 15.00 hod. Miesto konania: Posluch\u00e1re\u0148 \u010d. 2 na UPJ\u0160 LF, Trieda SNP 1, Ko\u0161ice Organizuj\u00face subjekty: Spolok lek\u00e1rov Ko\u0161ice Region\u00e1lna lek\u00e1rska komora Ko\u0161ice Univerzita Pavla Jozefa \u0160af\u00e1rika v Ko\u0161iciach, Lek\u00e1rska fakulta Koordin\u00e1tor: Prof. MUDr. Miroslav Mydl\u00edk, DrSc., IV. intern\u00e1 klinika &hellip; \u010c\u00edta\u0165 \u010falej","og_url":"https:\/\/www.upjs.sk\/lekarska-fakulta\/fakulta\/konferencie-a-podujatia\/podujatia-2014\/","og_site_name":"Lek\u00e1rska fakulta | UPJ\u0160","article_modified_time":"2025-02-21T10:10:30+00:00","twitter_card":"summary_large_image","twitter_misc":{"Predpokladan\u00fd \u010das \u010d\u00edtania":"10 min\u00fat"},"schema":{"@context":"https:\/\/schema.org","@graph":[{"@type":"WebPage","@id":"https:\/\/www.upjs.sk\/lekarska-fakulta\/fakulta\/konferencie-a-podujatia\/podujatia-2014\/","url":"https:\/\/www.upjs.sk\/lekarska-fakulta\/fakulta\/konferencie-a-podujatia\/podujatia-2014\/","name":"Podujatia v roku 2014 - Lek\u00e1rska fakulta | UPJ\u0160","isPartOf":{"@id":"https:\/\/www.upjs.sk\/lekarska-fakulta\/#website"},"datePublished":"2014-12-16T18:01:30+00:00","dateModified":"2025-02-21T10:10:30+00:00","breadcrumb":{"@id":"https:\/\/www.upjs.sk\/lekarska-fakulta\/fakulta\/konferencie-a-podujatia\/podujatia-2014\/#breadcrumb"},"inLanguage":"sk-SK","potentialAction":[{"@type":"ReadAction","target":["https:\/\/www.upjs.sk\/lekarska-fakulta\/fakulta\/konferencie-a-podujatia\/podujatia-2014\/"]}]},{"@type":"BreadcrumbList","@id":"https:\/\/www.upjs.sk\/lekarska-fakulta\/fakulta\/konferencie-a-podujatia\/podujatia-2014\/#breadcrumb","itemListElement":[{"@type":"ListItem","position":1,"name":"Home","item":"https:\/\/www.upjs.sk\/lekarska-fakulta\/"},{"@type":"ListItem","position":2,"name":"O fakulte","item":"https:\/\/www.upjs.sk\/lekarska-fakulta\/fakulta\/"},{"@type":"ListItem","position":3,"name":"Konferencie a podujatia","item":"https:\/\/www.upjs.sk\/lekarska-fakulta\/fakulta\/konferencie-a-podujatia\/"},{"@type":"ListItem","position":4,"name":"Podujatia v roku 2014"}]},{"@type":"WebSite","@id":"https:\/\/www.upjs.sk\/lekarska-fakulta\/#website","url":"https:\/\/www.upjs.sk\/lekarska-fakulta\/","name":"Lek\u00e1rska fakulta | UPJ\u0160","description":"","publisher":{"@id":"https:\/\/www.upjs.sk\/lekarska-fakulta\/#organization"},"potentialAction":[{"@type":"SearchAction","target":{"@type":"EntryPoint","urlTemplate":"https:\/\/www.upjs.sk\/lekarska-fakulta\/?s={search_term_string}"},"query-input":{"@type":"PropertyValueSpecification","valueRequired":true,"valueName":"search_term_string"}}],"inLanguage":"sk-SK"},{"@type":"Organization","@id":"https:\/\/www.upjs.sk\/lekarska-fakulta\/#organization","name":"Lek\u00e1rska fakulta | UPJ\u0160","url":"https:\/\/www.upjs.sk\/lekarska-fakulta\/","logo":{"@type":"ImageObject","inLanguage":"sk-SK","@id":"https:\/\/www.upjs.sk\/lekarska-fakulta\/#\/schema\/logo\/image\/","url":"https:\/\/www.upjs.sk\/app\/uploads\/sites\/9\/2022\/09\/logo-lekarska-fakulta.png","contentUrl":"https:\/\/www.upjs.sk\/app\/uploads\/sites\/9\/2022\/09\/logo-lekarska-fakulta.png","width":415,"height":87,"caption":"Lek\u00e1rska fakulta | UPJ\u0160"},"image":{"@id":"https:\/\/www.upjs.sk\/lekarska-fakulta\/#\/schema\/logo\/image\/"}}]}},"_links":{"self":[{"href":"https:\/\/www.upjs.sk\/lekarska-fakulta\/wp-json\/wp\/v2\/pages\/16635","targetHints":{"allow":["GET"]}}],"collection":[{"href":"https:\/\/www.upjs.sk\/lekarska-fakulta\/wp-json\/wp\/v2\/pages"}],"about":[{"href":"https:\/\/www.upjs.sk\/lekarska-fakulta\/wp-json\/wp\/v2\/types\/page"}],"author":[{"embeddable":true,"href":"https:\/\/www.upjs.sk\/lekarska-fakulta\/wp-json\/wp\/v2\/users\/1"}],"replies":[{"embeddable":true,"href":"https:\/\/www.upjs.sk\/lekarska-fakulta\/wp-json\/wp\/v2\/comments?post=16635"}],"version-history":[{"count":3,"href":"https:\/\/www.upjs.sk\/lekarska-fakulta\/wp-json\/wp\/v2\/pages\/16635\/revisions"}],"predecessor-version":[{"id":130469,"href":"https:\/\/www.upjs.sk\/lekarska-fakulta\/wp-json\/wp\/v2\/pages\/16635\/revisions\/130469"}],"up":[{"embeddable":true,"href":"https:\/\/www.upjs.sk\/lekarska-fakulta\/wp-json\/wp\/v2\/pages\/14171"}],"wp:attachment":[{"href":"https:\/\/www.upjs.sk\/lekarska-fakulta\/wp-json\/wp\/v2\/media?parent=16635"}],"wp:term":[{"taxonomy":"category","embeddable":true,"href":"https:\/\/www.upjs.sk\/lekarska-fakulta\/wp-json\/wp\/v2\/categories?post=16635"},{"taxonomy":"post_tag","embeddable":true,"href":"https:\/\/www.upjs.sk\/lekarska-fakulta\/wp-json\/wp\/v2\/tags?post=16635"}],"curies":[{"name":"wp","href":"https:\/\/api.w.org\/{rel}","templated":true}]}}