{"id":16636,"date":"2015-12-08T10:57:33","date_gmt":"2015-12-08T10:57:46","guid":{"rendered":"https:\/\/www.upjs.sk\/lekarska-fakulta\/konferencie\/2015-2\/"},"modified":"2025-02-21T10:46:30","modified_gmt":"2025-02-21T09:46:30","slug":"podujatia-2015","status":"publish","type":"page","link":"https:\/\/www.upjs.sk\/lekarska-fakulta\/fakulta\/konferencie-a-podujatia\/podujatia-2015\/","title":{"rendered":"Podujatia v roku 2015"},"content":{"rendered":"<p><!-- Text --><\/p>\n<style type=\"text\/css\"> <!-- td.mesiac{color:#b82020;font-weight:bold;padding-top:1em} td.nadpis{font-weight:bold;padding-top:1em;padding-bottom:.5em} tr{vertical-align:top;} tr.tmave{background-color:#FFE4E7;} --><\/style>\n<table style=\"margin-top: -1em;\" border=\"0\" width=\"100%\" cellspacing=\"0\" cellpadding=\"0\">\n<tbody>\n<tr>\n<td width=\"130\"><\/td>\n<td width=\"430\"><\/td>\n<\/tr>\n<tr>\n<td class=\"mesiac\" colspan=\"2\">JANU\u00c1R 2015<\/td>\n<\/tr>\n<tr>\n<td class=\"nadpis\" colspan=\"2\" align=\"left\"><strong>Vedeck\u00e1 pracovn\u00e1 sch\u00f4dza I. psychiatrickej kliniky UPJ\u0160 LF<br \/>\npri pr\u00edle\u017eitosti \u017eivotn\u00e9ho jubilea profesora Kafku <\/strong><\/td>\n<\/tr>\n<tr class=\"tmave\">\n<td>Term\u00edn konania:<\/td>\n<td>19. janu\u00e1ra 2015 o 14.00 hod.<\/td>\n<\/tr>\n<tr>\n<td>Miesto konania:<\/td>\n<td>Posluch\u00e1re\u0148 \u010d. 3 UPJ\u0160 LF, Trieda SNP 1, Ko\u0161ice<\/td>\n<\/tr>\n<tr class=\"tmave\">\n<td>Organizuj\u00face subjekty:<\/td>\n<td>Spolok lek\u00e1rov Ko\u0161ice<br \/>\nRegion\u00e1lna lek\u00e1rska komora Ko\u0161ice<br \/>\nUniverzita Pavla Jozefa \u0160af\u00e1rika v Ko\u0161iciach, Lek\u00e1rska fakulta<\/td>\n<\/tr>\n<tr>\n<td>Koordin\u00e1tor:<\/td>\n<td>Doc. MUDr. J\u00e1n Pe\u010de\u0148\u00e1k, PhD., Psychiatrick\u00e1 klinika LF UK Bratislava<\/td>\n<\/tr>\n<tr class=\"tmave\">\n<td>Pozn\u00e1mka:<\/td>\n<td><a href=\"https:\/\/www.upjs.sk\/app\/uploads\/sites\/9\/2022\/09\/SLK-2015-01-19.pdf\">Program<\/a><\/td>\n<\/tr>\n<tr>\n<td colspan=\"2\"><\/td>\n<\/tr>\n<tr>\n<td class=\"mesiac\" colspan=\"2\">MAREC 2015<\/td>\n<\/tr>\n<tr>\n<td class=\"nadpis\" colspan=\"2\" align=\"left\"><strong>XVIII. slovensk\u00fd otologick\u00fd de\u0148 2015<\/strong><\/td>\n<\/tr>\n<tr class=\"tmave\">\n<td>Term\u00edn konania:<\/td>\n<td>8. &#8211; 11. marca 2015<\/td>\n<\/tr>\n<tr>\n<td>Miesto konania:<\/td>\n<td>Klinika otorinolaryngol\u00f3gie a chirurgie hlavy a krku UNLP a UPJ\u0160 LF Ko\u0161ice<\/td>\n<\/tr>\n<tr class=\"tmave\">\n<td>Organizuj\u00face subjekty:<\/td>\n<td>Klinika otorinolaryngol\u00f3gie a chirurgie hlavy a krku UNLP a UPJ\u0160 LF Ko\u0161ice,<br \/>\nKlinika otorinolaryngol\u00f3gie a chirurgie hlavy a krku UN a LFUK Bratislava,<br \/>\nSlovensk\u00e1 spolo\u010dnos\u0165 pre otorinolaryngol\u00f3giu a chirurgiu hlavy a krku<\/td>\n<\/tr>\n<tr>\n<td>Koordin\u00e1tori:<\/td>\n<td>prof. MUDr. Juraj Kova\u013e, CSc.<\/td>\n<\/tr>\n<tr class=\"tmave\">\n<td>Pozn\u00e1mka:<\/td>\n<td><a href=\"https:\/\/www.upjs.sk\/app\/uploads\/sites\/9\/2022\/09\/Bienale_2015.pdf\">Program<\/a><\/td>\n<\/tr>\n<tr>\n<td colspan=\"2\"><\/td>\n<\/tr>\n<tr>\n<td class=\"nadpis\" colspan=\"2\" align=\"left\"><strong>Svetov\u00fd de\u0148 \u00fastneho zdravia<\/strong><\/td>\n<\/tr>\n<tr class=\"tmave\">\n<td>Term\u00edn konania:<\/td>\n<td>20. marca 2015<\/td>\n<\/tr>\n<tr>\n<td>Miesto konania:<\/td>\n<td>kongres &#8211; Posluch\u00e1re\u0148 P1 UPJ\u0160 LF, Trieda SNP 1, Ko\u0161ice,<br \/>\nstan pred Magistr\u00e1tom mesta Ko\u0161ice<\/td>\n<\/tr>\n<tr class=\"tmave\">\n<td>Organizuj\u00face subjekty:<\/td>\n<td>I. stomatologick\u00e1 klinika UPJ\u0160 LF a UNLP Ko\u0161ice,<br \/>\nSlovensk\u00e1 komora zubn\u00fdch lek\u00e1rov,<br \/>\nSlovensk\u00fd spolok \u0161tudentov zubn\u00e9ho lek\u00e1rstva<\/td>\n<\/tr>\n<tr>\n<td>Koordin\u00e1tori:<\/td>\n<td>prof. MUDr. Neda Markovsk\u00e1, CSc.<\/td>\n<\/tr>\n<tr class=\"tmave\">\n<td>Pozn\u00e1mka:<\/td>\n<td><a href=\"https:\/\/www.upjs.sk\/app\/uploads\/sites\/9\/2022\/09\/pozvanka_Svetovy_den_ustneho_zdravia_kosice.pdf\">Pozv\u00e1nka<\/a><br \/>\n<a href=\"https:\/\/www.upjs.sk\/app\/uploads\/sites\/9\/2022\/09\/Kongres.pdf\">Kongres<\/a><\/td>\n<\/tr>\n<tr>\n<td colspan=\"2\"><\/td>\n<\/tr>\n<tr>\n<td class=\"mesiac\" colspan=\"2\">APR\u00cdL 2015<\/td>\n<\/tr>\n<tr>\n<td class=\"nadpis\" colspan=\"2\" align=\"left\"><strong>Kazuistiky I. internej klinky UNLP a UPJ\u0160 LF<\/strong><\/td>\n<\/tr>\n<tr class=\"tmave\">\n<td>Term\u00edn konania:<\/td>\n<td>13. apr\u00edla 2015 o 15.00 hod.<\/td>\n<\/tr>\n<tr>\n<td>Miesto konania:<\/td>\n<td>Posluch\u00e1re\u0148 \u010d. 1 UPJ\u0160 LF, Ko\u0161ice, Trieda SNP 1<\/td>\n<\/tr>\n<tr class=\"tmave\">\n<td>Organizuj\u00face subjekty:<\/td>\n<td>Spolok lek\u00e1rov Ko\u0161ice<br \/>\nRegion\u00e1lna lek\u00e1rska komora Ko\u0161ice<br \/>\nUPJ\u0160 Lek\u00e1rska fakulta Ko\u0161ice<\/td>\n<\/tr>\n<tr>\n<td>Koordin\u00e1tor:<\/td>\n<td>MUDr. Mikul\u00e1\u0161 Szak\u00e1cs<\/td>\n<\/tr>\n<tr class=\"tmave\">\n<td>Pozn\u00e1mka:<\/td>\n<td><a href=\"https:\/\/www.upjs.sk\/app\/uploads\/sites\/9\/2022\/09\/SLK-2015-04-13.pdf\">Program<\/a><\/td>\n<\/tr>\n<tr>\n<td colspan=\"2\"><\/td>\n<\/tr>\n<tr>\n<td class=\"nadpis\" colspan=\"2\" align=\"left\"><strong>XIV. stomatologick\u00e9 dni Ko\u0161ice<\/strong><\/td>\n<\/tr>\n<tr class=\"tmave\">\n<td>Term\u00edn konania:<\/td>\n<td>15. \u2013 16. apr\u00edla 2015<\/td>\n<\/tr>\n<tr>\n<td>Miesto konania:<\/td>\n<td>Posluch\u00e1rensk\u00fd trakt, aula LF UPJ\u0160 v Ko\u0161iciach, Trieda SNP \u010d. 1<\/td>\n<\/tr>\n<tr class=\"tmave\">\n<td>Organizuj\u00face subjekty:<\/td>\n<td>UPJ\u0160 v Ko\u0161iciach, Lek\u00e1rska fakulta<br \/>\nUniverzitn\u00e1 nemocnica L. Pasteura Ko\u0161ice,<br \/>\nSlovensk\u00e1 stomatologick\u00e1 spolo\u010dnos\u0165 v Bratislave,<br \/>\nI. stomatologick\u00e1 klinika UPJ\u0160 LF a UNLP Ko\u0161ice,<br \/>\nRegion\u00e1lna komora zubn\u00fdch lek\u00e1rov v Ko\u0161iciach,<br \/>\nRegion\u00e1lna komora sestier a p\u00f4rodn\u00fdch asistentiek Ko\u0161ice I.,<br \/>\nKVV \u2013 Ing. Igor Kubov\u010d\u00edk<\/td>\n<\/tr>\n<tr>\n<td>Koordin\u00e1tori:<\/td>\n<td>prof. MUDr. Neda Markovsk\u00e1, CSc., MUDr. Du\u0161an Hrubala, CSc.,<br \/>\nMUDr. Jozef Min\u010d\u00edk, PhD., MUDr. Lucia Kov\u00e1csov\u00e1, PhD.,<br \/>\nMUDr. Jozef Ivan\u010do, CSc., MUDr. Marcela \u0160est\u00e1kov\u00e1, PhD.<\/td>\n<\/tr>\n<tr class=\"tmave\">\n<td>Pozn\u00e1mka:<\/td>\n<td><em><a href=\"\/public\/media\/0455\/XIV.SDK.pdf\">Program<\/a><\/em><\/td>\n<\/tr>\n<tr>\n<td colspan=\"2\"><\/td>\n<\/tr>\n<tr>\n<td class=\"nadpis\" colspan=\"2\" align=\"left\"><strong>\u0160tudentsk\u00e1 vedeck\u00e1 konferencia UPJ\u0160 v Ko\u0161iciach, Lek\u00e1rskej fakulty<\/strong><\/td>\n<\/tr>\n<tr class=\"tmave\">\n<td>Term\u00edn konania:<\/td>\n<td>22. apr\u00edla 2015<\/td>\n<\/tr>\n<tr>\n<td>Miesto konania:<\/td>\n<td>Posluch\u00e1rne P1 a P3 na UPJ\u0160 LF, Trieda SNP 1, Ko\u0161ice<\/td>\n<\/tr>\n<tr class=\"tmave\">\n<td>Organizuj\u00faci subjekt:<\/td>\n<td>UPJ\u0160 v Ko\u0161iciach, Lek\u00e1rska fakulta<\/td>\n<\/tr>\n<tr>\n<td>Odborn\u00ed garanti:<\/td>\n<td>prof. MUDr. Daniel Pella, PhD., dekan UPJ\u0160 LF<br \/>\nProf. MUDr. Viliam Doni\u010d, CSc., prodekan pre vedeckov\u00fdskumn\u00fa \u010dinnos\u0165 na UPJ\u0160 LF<\/td>\n<\/tr>\n<tr class=\"tmave\">\n<td>Pozn\u00e1mka:<\/td>\n<td>S\u00fa\u0165a\u017en\u00e1 prezent\u00e1cia pr\u00e1c \u0161tudentov UPJ\u0160 LF<br \/>\n<a href=\"https:\/\/www.upjs.sk\/app\/uploads\/sites\/9\/2022\/10\/PozvankaINT15.pdf\">Pozv\u00e1nka<\/a>, <a href=\"https:\/\/www.upjs.sk\/app\/uploads\/sites\/9\/2022\/10\/program14_15_pdf.pdf\">Program<\/a><\/td>\n<\/tr>\n<tr>\n<td colspan=\"2\"><\/td>\n<\/tr>\n<tr>\n<td class=\"nadpis\" colspan=\"2\" align=\"left\"><strong>XXII. memori\u00e1l profesora Franti\u0161ka P\u00f3ra<\/strong><\/td>\n<\/tr>\n<tr class=\"tmave\">\n<td>Term\u00edn konania:<\/td>\n<td>27. apr\u00edla 2015 o 14.00 hod.<\/td>\n<\/tr>\n<tr>\n<td>Miesto konania:<\/td>\n<td>Posluch\u00e1re\u0148 prof. P\u00f3ra, VI. pavil\u00f3n UN LP Ko\u0161ice, Rastislavova 43<\/td>\n<\/tr>\n<tr class=\"tmave\">\n<td>Organizuj\u00face subjekty:<\/td>\n<td>Spolok lek\u00e1rov Ko\u0161ice<br \/>\nRegion\u00e1lna lek\u00e1rska komora Ko\u0161ice<br \/>\nUPJ\u0160 Lek\u00e1rska fakulta Ko\u0161ice<\/td>\n<\/tr>\n<tr>\n<td>Koordin\u00e1tor:<\/td>\n<td>prof. MUDr. Ivan Tk\u00e1\u010d, PhD.,<br \/>\nprof. MUDr. Miroslav Mydl\u00edk, DrSc.<\/td>\n<\/tr>\n<tr class=\"tmave\">\n<td>Pozn\u00e1mka:<\/td>\n<td><a href=\"https:\/\/www.upjs.sk\/app\/uploads\/sites\/9\/2022\/09\/SLK-2015-04-27.pdf\">Program<\/a><\/td>\n<\/tr>\n<tr>\n<td colspan=\"2\"><\/td>\n<\/tr>\n<tr>\n<td class=\"mesiac\" colspan=\"2\">M\u00c1J 2015<\/td>\n<\/tr>\n<tr>\n<td class=\"nadpis\" colspan=\"2\" align=\"left\"><strong>Pracovn\u00e1 vedeck\u00e1 sch\u00f4dza Kliniky plastickej, rekon\u0161truk\u010dnej a estetickej chirurgie UNLP a UPJ\u0160 LF<\/strong><\/td>\n<\/tr>\n<tr class=\"tmave\">\n<td>Term\u00edn konania:<\/td>\n<td>11. m\u00e1ja 2015 o 15.00 hod.<\/td>\n<\/tr>\n<tr>\n<td>Miesto konania:<\/td>\n<td>Posluch\u00e1re\u0148 \u010d. 1 UPJ\u0160 LF, Ko\u0161ice, Trieda SNP 1<\/td>\n<\/tr>\n<tr class=\"tmave\">\n<td>Organizuj\u00face subjekty:<\/td>\n<td>Spolok lek\u00e1rov Ko\u0161ice<br \/>\nRegion\u00e1lna lek\u00e1rska komora Ko\u0161ice<br \/>\nUPJ\u0160 Lek\u00e1rska fakulta Ko\u0161ice<\/td>\n<\/tr>\n<tr>\n<td>Koordin\u00e1tor:<\/td>\n<td>MUDr. Teodor Kluka, PhD.<\/td>\n<\/tr>\n<tr class=\"tmave\">\n<td>Pozn\u00e1mka:<\/td>\n<td><a href=\"https:\/\/www.upjs.sk\/app\/uploads\/sites\/9\/2022\/09\/SLK-2015-05-11.pdf\">Program<\/a><\/td>\n<\/tr>\n<tr>\n<td colspan=\"2\"><\/td>\n<\/tr>\n<tr>\n<td class=\"nadpis\" colspan=\"2\" align=\"left\"><strong>Poruchy imunity v detskom veku<\/strong><\/td>\n<\/tr>\n<tr class=\"tmave\">\n<td>Term\u00edn konania:<\/td>\n<td>18. m\u00e1ja 2015 o 15.00 hod.<\/td>\n<\/tr>\n<tr>\n<td>Miesto konania:<\/td>\n<td>Posluch\u00e1re\u0148 \u010d. 1 UPJ\u0160 LF, Ko\u0161ice, Trieda SNP 1<\/td>\n<\/tr>\n<tr class=\"tmave\">\n<td>Organizuj\u00face subjekty:<\/td>\n<td>Spolok lek\u00e1rov Ko\u0161ice<br \/>\nRegion\u00e1lna lek\u00e1rska komora Ko\u0161ice<br \/>\nUPJ\u0160 Lek\u00e1rska fakulta Ko\u0161ice<\/td>\n<\/tr>\n<tr>\n<td>Koordin\u00e1tor:<\/td>\n<td>MUDr. Norbert Luk\u00e1n, PhD.<\/td>\n<\/tr>\n<tr class=\"tmave\">\n<td>Pozn\u00e1mka:<\/td>\n<td><a href=\"https:\/\/www.upjs.sk\/app\/uploads\/sites\/9\/2022\/09\/SLK-2015-05-18.pdf\">Program<\/a><\/td>\n<\/tr>\n<tr>\n<td colspan=\"2\"><\/td>\n<\/tr>\n<tr>\n<td class=\"nadpis\" colspan=\"2\" align=\"left\"><strong>15. vedecko-pedagogick\u00e1 konferencia u\u010dite\u013eov biochemick\u00fdch odborov lek\u00e1rskych fak\u00falt v SR a \u010cR<\/strong><\/td>\n<\/tr>\n<tr class=\"tmave\">\n<td>Term\u00edn konania:<\/td>\n<td>21. \u2013 23. m\u00e1ja 2015<\/td>\n<\/tr>\n<tr>\n<td>Miesto konania:<\/td>\n<td>Posluch\u00e1re\u0148 P2 UPJ\u0160 LF, Trieda SNP 1, Ko\u0161ice<\/td>\n<\/tr>\n<tr class=\"tmave\">\n<td>Organizuj\u00face subjekty:<\/td>\n<td>\u00dastav lek\u00e1rskej a klinickej bioch\u00e9mie UPJ\u0160 LF<br \/>\nSlovensk\u00e1 lek\u00e1rska spolo\u010dnos\u0165 pre bioch\u00e9miu a molekul\u00e1rnu biol\u00f3giu,V\u00fdchodoslovensk\u00e1 pobo\u010dka &#8211; Ko\u0161ice<\/td>\n<\/tr>\n<tr>\n<td>Koordin\u00e1tor:<\/td>\n<td>Prof. Ing. M\u00e1ria Marekov\u00e1, CSc., \u00dastav lek\u00e1rskej a klinickej bioch\u00e9mie UPJ\u0160 LF<\/td>\n<\/tr>\n<tr class=\"tmave\">\n<td>Pozn\u00e1mka:<\/td>\n<td><a href=\"https:\/\/www.upjs.sk\/lekarska-fakulta\/ustav\/lekarska-a-klinicka-biochemia\/konferencia\/\">www str\u00e1nka konferencie<\/a><\/td>\n<\/tr>\n<tr>\n<td colspan=\"2\"><\/td>\n<\/tr>\n<tr>\n<td class=\"nadpis\" colspan=\"2\" align=\"left\"><strong>Dies Jessenii XXI.<\/strong><\/td>\n<\/tr>\n<tr class=\"tmave\">\n<td>Term\u00edn konania:<\/td>\n<td>28. &#8211; 29. m\u00e1ja 2015<\/td>\n<\/tr>\n<tr>\n<td>Miesto konania:<\/td>\n<td>Hotel Centrum, Ju\u017en\u00e1 trieda 2A, Ko\u0161ice<\/td>\n<\/tr>\n<tr class=\"tmave\">\n<td>Organizuj\u00face subjekty:<\/td>\n<td>Slovensk\u00e1 lek\u00e1rska spolo\u010dnos\u0165<br \/>\nSlovensk\u00e1 chirurgick\u00e1 spolo\u010dnos\u0165<br \/>\nI. chirurgick\u00e1 klinika UPJ\u0160 LF a UNLP Ko\u0161ice<br \/>\nLek\u00e1rska fakulta Univerzity Pavla Jozefa \u0160af\u00e1rika Ko\u0161ice<\/td>\n<\/tr>\n<tr>\n<td>Koordin\u00e1tor:<\/td>\n<td>Prof. MUDr. Jozef Rado\u0148ak, CSc., prednosta I. chirurgickej kliniky UPJ\u0160 LF a UN LP<\/td>\n<\/tr>\n<tr class=\"tmave\">\n<td>Pozn\u00e1mka:<\/td>\n<td><a href=\"https:\/\/www.upjs.sk\/app\/uploads\/sites\/9\/2022\/09\/Dies-Jessenii-2015-program.pdf\">Program<\/a><\/td>\n<\/tr>\n<tr>\n<td colspan=\"2\"><\/td>\n<\/tr>\n<tr>\n<td class=\"mesiac\" colspan=\"2\">J\u00daN 2015<\/td>\n<\/tr>\n<tr>\n<td class=\"nadpis\" colspan=\"2\" align=\"left\"><strong>XXXIV. dni mlad\u00fdch internistov<\/strong><\/td>\n<\/tr>\n<tr class=\"tmave\">\n<td>Term\u00edn konania:<\/td>\n<td>4. \u2013 5. j\u00fana 2015<\/td>\n<\/tr>\n<tr>\n<td>Miesto konania:<\/td>\n<td>Ve\u013ek\u00e1 a mal\u00e9 posluch\u00e1rne teoretick\u00fdch \u00fastavov LF UP, Hn\u011bvot\u00ednsk\u00e1 3, Olomouc (are\u00e1l Fakultnej nemocnice)<\/td>\n<\/tr>\n<tr class=\"tmave\">\n<td>Organizuj\u00face subjekty:<\/td>\n<td>\u010cesk\u00e1 internistick\u00e1 spole\u010dnost<br \/>\nSlovensk\u00e1 internistick\u00e1 spolo\u010dnos\u0165<br \/>\nL\u00e9ka\u0159ska fakulta UP v Olomouci<br \/>\nFakultn\u00ed nemocnice v Olomouci<br \/>\nSpolek l\u00e9ka\u0159\u016f JEP v Olomouci<br \/>\nIII. intern\u00e1 klinika LF UP a FN Olomouc<\/td>\n<\/tr>\n<tr>\n<td>Garant podujatia:<\/td>\n<td>Prof. MUDr. Josef Zadra\u017eil, CSc., prednosta III. internej kliniky LF UP a FN Olomouc<\/td>\n<\/tr>\n<tr class=\"tmave\">\n<td>Pozn\u00e1mka:<\/td>\n<td><a href=\"https:\/\/www.upjs.sk\/app\/uploads\/sites\/9\/2022\/09\/DMI-2015-program.pdf\">Program<\/a><\/td>\n<\/tr>\n<tr>\n<td colspan=\"2\"><\/td>\n<\/tr>\n<tr>\n<td class=\"nadpis\" colspan=\"2\" align=\"left\"><strong>XI. slovensk\u00fd pediatrick\u00fd kongres<\/strong><\/td>\n<\/tr>\n<tr class=\"tmave\">\n<td>Term\u00edn konania:<\/td>\n<td>4. \u2013 6. j\u00fana 2015<\/td>\n<\/tr>\n<tr>\n<td>Miesto konania:<\/td>\n<td>Hotel DoubleTree by Hilton, Hlavn\u00e1 1, Ko\u0161ice<\/td>\n<\/tr>\n<tr class=\"tmave\">\n<td>Organizuj\u00face subjekty:<\/td>\n<td>Slovensk\u00e1 lek\u00e1rska spolo\u010dnos\u0165<br \/>\nSlovensk\u00e1 pediatrick\u00e1 spolo\u010dnos\u0165 SLS<br \/>\nKlinika det\u00ed a dorastu UPJ\u0160 LF a DFN<\/td>\n<\/tr>\n<tr>\n<td>Koordin\u00e1tor:<\/td>\n<td>Prof. MUDr. \u013dudmila Podrack\u00e1, CSc.<\/td>\n<\/tr>\n<tr class=\"tmave\">\n<td>Pozn\u00e1mka:<\/td>\n<td><a href=\"http:\/\/www.pediatria-kosice.sk\/\">Program<\/a><\/td>\n<\/tr>\n<tr>\n<td colspan=\"2\"><\/td>\n<\/tr>\n<tr>\n<td class=\"nadpis\" colspan=\"2\" align=\"left\"><strong>International Scientific Conference on Probiotics and Prebiotics \u2013 IPC 2015<\/strong><\/td>\n<\/tr>\n<tr class=\"tmave\">\n<td>Date:<\/td>\n<td>23<sup>rd<\/sup> \u2013 25<sup>th<\/sup> June 2015<\/td>\n<\/tr>\n<tr>\n<td>Congress Venue:<\/td>\n<td>Marriot Hotel, Apaczai Csere Janos u.4, Budapest, Hungary<\/td>\n<\/tr>\n<tr class=\"tmave\">\n<td>Organizing subjects:<\/td>\n<td>Pavol Jozef \u0160af\u00e1rik University in Ko\u0161ice,<br \/>\nFaculty of Medicine,<br \/>\nInstitute of Experimental Medicine<\/td>\n<\/tr>\n<tr>\n<td>Coordinator:<\/td>\n<td>Alojz Bomba, MVD., DrSc.<\/td>\n<\/tr>\n<tr class=\"tmave\">\n<td>Congress Language:<\/td>\n<td>English<\/td>\n<\/tr>\n<tr>\n<td>Web:<\/td>\n<td><a href=\"http:\/\/www.probiotic-conference.net\">http:\/\/www.probiotic-conference.net<\/a><\/td>\n<\/tr>\n<tr>\n<td colspan=\"2\"><\/td>\n<\/tr>\n<tr>\n<td class=\"nadpis\" colspan=\"2\" align=\"left\"><strong>7<sup>th<\/sup> International Student Medical Congress Ko\u0161ice (ISMCK`15)<\/strong><\/td>\n<\/tr>\n<tr class=\"tmave\">\n<td>Date:<\/td>\n<td>24<sup>th<\/sup> \u2013 26<sup>th<\/sup> June 2015<\/td>\n<\/tr>\n<tr>\n<td>Congress Venue:<\/td>\n<td>Lecture Rooms of Pavol Jozef \u0160af\u00e1rik University &#8211; Faculty of Medicine, Trieda SNP 1, Ko\u0161ice<\/td>\n<\/tr>\n<tr class=\"tmave\">\n<td>Organizing Subjects:<\/td>\n<td>The Association of Medical Students in Ko\u0161ice<br \/>\nEdumed, n.o.<br \/>\nPavol Jozef \u0160af\u00e1rik University in Ko\u0161ice<br \/>\nFaculty of Medicine<\/td>\n<\/tr>\n<tr>\n<td>Coordinator:<\/td>\n<td>Luk\u00e1\u0161 Miga\u013e<\/td>\n<\/tr>\n<tr class=\"tmave\">\n<td>Congress Language:<\/td>\n<td>English<\/td>\n<\/tr>\n<tr>\n<td>Web:<\/td>\n<td><a href=\"http:\/\/www.ismck.com\/\">http:\/\/www.ismck.com\/<\/a><\/td>\n<\/tr>\n<tr>\n<td colspan=\"2\"><\/td>\n<\/tr>\n<tr>\n<td class=\"mesiac\" colspan=\"2\">SEPTEMBER 2015<\/td>\n<\/tr>\n<tr>\n<td class=\"nadpis\" colspan=\"2\" align=\"left\"><strong>XVIII. slovensk\u00fd kongres \u00farazovej chirurgie<br \/>\nDni prim\u00e1ra Bauera<\/strong><\/td>\n<\/tr>\n<tr class=\"tmave\">\n<td>Term\u00edn konania:<\/td>\n<td>17. \u2013 18. septembra 2015<\/td>\n<\/tr>\n<tr>\n<td>Miesto konania:<\/td>\n<td>Hotel Centrum, Ju\u017en\u00e1 trieda 2A, Ko\u0161ice<\/td>\n<\/tr>\n<tr class=\"tmave\">\n<td>Organizuj\u00face subjekty:<\/td>\n<td>Klinika \u00farazovej chirurgie UPJ\u0160 LF a UNLP<br \/>\nLek\u00e1rska fakulta Univerzity P. J. \u0160af\u00e1rika v Ko\u0161iciach<br \/>\nUniverzitn\u00e1 nemocnica L. Pasteura Ko\u0161ice<\/td>\n<\/tr>\n<tr>\n<td>Koordin\u00e1tor:<\/td>\n<td>Prof. MUDr. Miroslav Kitka, PhD.<\/td>\n<\/tr>\n<tr class=\"tmave\">\n<td>Pozn\u00e1mka:<\/td>\n<td><a href=\"https:\/\/www.upjs.sk\/app\/uploads\/sites\/9\/2022\/09\/program-kongresu-9_2015-definitivny.pdf\">Program<\/a>, <a href=\"https:\/\/www.upjs.sk\/app\/uploads\/sites\/9\/2022\/09\/sestry-program-kongresu-9_2015-definitivny.pdf\">Program sesterskej sekcie<\/a><\/td>\n<\/tr>\n<tr>\n<td colspan=\"2\"><\/td>\n<\/tr>\n<tr>\n<td class=\"nadpis\" colspan=\"2\" align=\"left\"><strong>S\u00fa\u010dasn\u00e9 trendy vzdel\u00e1vania vo fyzioterapii<\/strong><\/td>\n<\/tr>\n<tr class=\"tmave\">\n<td>Term\u00edn konania:<\/td>\n<td>25. septembra 2015<\/td>\n<\/tr>\n<tr>\n<td>Miesto konania:<\/td>\n<td>TeleDom, Timonova 27, Ko\u0161ice<\/td>\n<\/tr>\n<tr class=\"tmave\">\n<td>Organizuj\u00face subjekty:<\/td>\n<td>Klinika fyziatrie balneol\u00f3gie a lie\u010debnej rehabilit\u00e1cie UPJ\u0160 LF a UNLP<br \/>\nLek\u00e1rska fakulta Univerzity P. J. \u0160af\u00e1rika v Ko\u0161iciach<br \/>\nUniverzitn\u00e1 nemocnica L. Pasteura Ko\u0161ice<\/td>\n<\/tr>\n<tr>\n<td>Koordin\u00e1tor:<\/td>\n<td>doc. MUDr. Peter Tak\u00e1\u010d, PhD., mim. prof.<\/td>\n<\/tr>\n<tr class=\"tmave\">\n<td>Pozn\u00e1mka:<\/td>\n<td><a href=\"https:\/\/www.upjs.sk\/app\/uploads\/sites\/9\/2022\/09\/program_18.9_A5kor1.pdf\">Program<\/a><\/td>\n<\/tr>\n<tr>\n<td colspan=\"2\"><\/td>\n<\/tr>\n<tr>\n<td class=\"nadpis\" colspan=\"2\" align=\"left\"><strong>XXI. Vedeck\u00e1 sch\u00f4dza Spolku lek\u00e1rov v Ko\u0161iciach v spolupr\u00e1ci s obcou Ruskov<\/strong><\/td>\n<\/tr>\n<tr class=\"tmave\">\n<td>Term\u00edn konania:<\/td>\n<td>28. septembra 2015<\/td>\n<\/tr>\n<tr>\n<td>Miesto konania:<\/td>\n<td>Dom kult\u00fary, Ruskov<\/td>\n<\/tr>\n<tr class=\"tmave\">\n<td>Organizuj\u00face subjekty:<\/td>\n<td>Spolok lek\u00e1rov Ko\u0161ice<br \/>\nRegion\u00e1lna lek\u00e1rska komora Ko\u0161ice<br \/>\nUniverzita Pavla Jozefa \u0160af\u00e1rika v Ko\u0161iciach, Lek\u00e1rska fakulta<\/td>\n<\/tr>\n<tr>\n<td>Koordin\u00e1tor:<\/td>\n<td>Prof. MUDr. Miroslav Mydl\u00edk, DrSc., IV. intern\u00e1 klinika UNLP a \u00dastav experiment\u00e1lnej medic\u00edny UPJ\u0160 LF<\/td>\n<\/tr>\n<tr class=\"tmave\">\n<td>Pozn\u00e1mka:<\/td>\n<td><a href=\"https:\/\/www.upjs.sk\/app\/uploads\/sites\/9\/2022\/09\/Program-XXI.-Ruskov-2015.pdf\">Program<\/a><\/td>\n<\/tr>\n<tr>\n<td colspan=\"2\"><\/td>\n<\/tr>\n<tr>\n<td class=\"nadpis\" colspan=\"2\" align=\"left\"><strong>V4 High-level Meeting on NCDs \u201ePriority actions for the prevention and management of chronic diseases\u201c<\/strong><\/td>\n<\/tr>\n<tr class=\"tmave\">\n<td>Term\u00edn konania:<\/td>\n<td>28. \u2013 29. septembra 2015<\/td>\n<\/tr>\n<tr>\n<td>Miesto konania:<\/td>\n<td>Hotel DoubleTree by Hilton, Hlavn\u00e1 1, Ko\u0161ice<\/td>\n<\/tr>\n<tr class=\"tmave\">\n<td>Organizuj\u00face subjekty:<\/td>\n<td>Ministerstvo zdravotn\u00edctva SR, In\u0161tit\u00fat pre zdravotn\u00fa politiku<br \/>\nWorld Health Organisation, Regional Office for Europe<br \/>\nLek\u00e1rska fakulta Univerzity P. J. \u0160af\u00e1rika v Ko\u0161iciach; \u00dastav soci\u00e1lnej a behavior\u00e1lnej medic\u00edny<br \/>\nSlovensk\u00e1 asoci\u00e1cia verejn\u00e9ho zdravia &#8211; SAVEZ<\/td>\n<\/tr>\n<tr>\n<td>Koordin\u00e1tor:<\/td>\n<td>Mrg. Iveta Rajni\u010dov\u00e1 Nagyov\u00e1, PhD.<\/td>\n<\/tr>\n<tr class=\"tmave\">\n<td>Pozn\u00e1mka:<\/td>\n<td><a href=\"https:\/\/www.upjs.sk\/app\/uploads\/sites\/9\/2022\/09\/01_V4_NCDs_2015_programme_EN_final.pdf\">Program<\/a>, <a href=\"http:\/\/v4ncd2015.savez.sk\">web-str\u00e1nka konferencie<\/a><\/td>\n<\/tr>\n<tr>\n<td colspan=\"2\"><\/td>\n<\/tr>\n<tr>\n<td class=\"mesiac\" colspan=\"2\">OKT\u00d3BER 2015<\/td>\n<\/tr>\n<tr>\n<td class=\"nadpis\" colspan=\"2\" align=\"left\"><strong>Krajsk\u00fd semin\u00e1r dermatovenerol\u00f3gov<\/strong><\/td>\n<\/tr>\n<tr class=\"tmave\">\n<td>Term\u00edn konania:<\/td>\n<td>15. okt\u00f3bra 2015 o 13.45 hod.<\/td>\n<\/tr>\n<tr>\n<td>Miesto konania:<\/td>\n<td>Kult\u00farno-spolo\u010densk\u00e9 centrum &#8211; JU\u017dAN, Ko\u0161ice, Smetanova 4<\/td>\n<\/tr>\n<tr class=\"tmave\">\n<td>Organizuj\u00face subjekty:<\/td>\n<td>Slovensk\u00e1 dermatovenerologick\u00e1 spolo\u010dnos\u0165<br \/>\nKrajsk\u00fd odborn\u00edk pre dermatovenerol\u00f3giu Ko\u0161ick\u00e9ho kraja<br \/>\nKlinika dermatovenerol\u00f3gie UPJ\u0160 LF a UNLP v Ko\u0161iciach<\/td>\n<\/tr>\n<tr>\n<td>Koordin\u00e1tor:<\/td>\n<td>Prof. MUDr. Jagienka Jautov\u00e1, PhD.<\/td>\n<\/tr>\n<tr class=\"tmave\">\n<td>Pozn\u00e1mka:<\/td>\n<td><a href=\"https:\/\/www.upjs.sk\/app\/uploads\/sites\/9\/2022\/09\/KSD-pozvanka-2015.pdf\">Program<\/a>, <a href=\"https:\/\/www.upjs.sk\/app\/uploads\/sites\/9\/2022\/09\/KSD-pozvanka-2015.pdf\">N\u00e1vratka na semin\u00e1r<\/a><\/td>\n<\/tr>\n<tr>\n<td colspan=\"2\"><\/td>\n<\/tr>\n<tr>\n<td class=\"nadpis\" colspan=\"2\" align=\"left\"><strong>IV. memori\u00e1l profesora MUDr. Rudolfa Koreca. DrSc.<br \/>\nNov\u00e9 poznatky v oblasti fyziol\u00f3gie a patofyzi\u00f3logie <\/strong><\/td>\n<\/tr>\n<tr class=\"tmave\">\n<td>Term\u00edn konania:<\/td>\n<td>26. okt\u00f3bra 2015 o 15.00 hod.<\/td>\n<\/tr>\n<tr>\n<td>Miesto konania:<\/td>\n<td>Semin\u00e1rna miestnos\u0165 UPJ\u0160 LF, Trieda SNP 1, Ko\u0161ice<\/td>\n<\/tr>\n<tr class=\"tmave\">\n<td>Organizuj\u00face subjekty:<\/td>\n<td>Spolok lek\u00e1rov Ko\u0161ice<br \/>\nRegion\u00e1lna lek\u00e1rska komora Ko\u0161ice<br \/>\nUPJ\u0160 v Ko\u0161iciach, Lek\u00e1rska fakulta<\/td>\n<\/tr>\n<tr>\n<td>Koordin\u00e1tor:<\/td>\n<td>Prof. MUDr. Oliver R\u00e1cz, CSc., predseda Spolku lek\u00e1rov v Ko\u0161iciach<\/td>\n<\/tr>\n<tr class=\"tmave\">\n<td>Pozn\u00e1mka:<\/td>\n<td><a href=\"https:\/\/www.upjs.sk\/app\/uploads\/sites\/9\/2022\/09\/SLK-2015-10-26.pdf\">Program<\/a><\/td>\n<\/tr>\n<tr>\n<td colspan=\"2\"><\/td>\n<\/tr>\n<tr>\n<td class=\"nadpis\" colspan=\"2\" align=\"left\"><strong>II. ko\u0161ick\u00fd Lichtenbergov urologick\u00fd de\u0148<br \/>\nRobotika v urol\u00f3gii<\/strong><\/td>\n<\/tr>\n<tr class=\"tmave\">\n<td>Term\u00edn konania:<\/td>\n<td>30. okt\u00f3bra 2015<\/td>\n<\/tr>\n<tr>\n<td>Miesto konania:<\/td>\n<td>Hotel DoubleTree by Hilton, Hlavn\u00e1 1, Ko\u0161ice<\/td>\n<\/tr>\n<tr class=\"tmave\">\n<td>Organizuj\u00face subjekty:<\/td>\n<td>Slovensk\u00e1 urologick\u00e1 spolo\u010dnos\u0165<br \/>\nUrologick\u00e1 klinika UPJ\u0160 LF a UNLP v Ko\u0161iciach<\/td>\n<\/tr>\n<tr>\n<td>Koordin\u00e1tor:<\/td>\n<td>prof. MUDr. Vincent Nagy, PhD.<\/td>\n<\/tr>\n<tr class=\"tmave\">\n<td>Pozn\u00e1mka:<\/td>\n<td><a href=\"https:\/\/www.upjs.sk\/app\/uploads\/sites\/9\/2022\/09\/Lichtenberg-2015.pdf\">Program<\/a><\/td>\n<\/tr>\n<tr>\n<td colspan=\"2\"><\/td>\n<\/tr>\n<tr>\n<td class=\"mesiac\" colspan=\"2\">NOVEMBER 2015<\/td>\n<\/tr>\n<tr>\n<td class=\"nadpis\" colspan=\"2\" align=\"left\"><strong>Ko\u0161ick\u00fd de\u0148 cievnej chirurgie<\/strong><\/td>\n<\/tr>\n<tr class=\"tmave\">\n<td>Term\u00edn konania:<\/td>\n<td>12. \u2013 13. novembra 2015<\/td>\n<\/tr>\n<tr>\n<td>Miesto konania:<\/td>\n<td>Kongresov\u00e1 s\u00e1la V\u00daSCH, a.s., 3. posch. Ondavsk\u00e1 8, Ko\u0161ice<\/td>\n<\/tr>\n<tr class=\"tmave\">\n<td>Organizuj\u00face subjekty:<\/td>\n<td>Slovensk\u00e1 spolo\u010dnos\u0165 cievnej chirurgie<br \/>\nV\u00fdchodoslovensk\u00fd \u00fastav srdcov\u00fdch a cievnych chor\u00f4b, a.s.<br \/>\nKlinika cievnej chirurgie UPJ\u0160 LF a V\u00daSCH<\/td>\n<\/tr>\n<tr>\n<td>Koordin\u00e1tor:<\/td>\n<td>Prof. MUDr. M\u00e1ria Frankovi\u010dov\u00e1, PhD.<\/td>\n<\/tr>\n<tr class=\"tmave\">\n<td>Pozn\u00e1mka:<\/td>\n<td><a href=\"https:\/\/www.upjs.sk\/app\/uploads\/sites\/9\/2022\/09\/cievy2015-info.pdf\">Pozv\u00e1nka<\/a>, <a href=\"https:\/\/www.upjs.sk\/app\/uploads\/sites\/9\/2022\/09\/cievy2015-program.pdf\">Program<\/a><\/td>\n<\/tr>\n<tr>\n<td colspan=\"2\"><\/td>\n<\/tr>\n<tr>\n<td class=\"nadpis\" colspan=\"2\" align=\"left\"><strong>XXIV. Schwarzov de\u0148<br \/>\nViacplodov\u00e1 gravidita<br \/>\nSexu\u00e1lna agresia z multidisciplin\u00e1rneho poh\u013eadu<\/strong><\/td>\n<\/tr>\n<tr class=\"tmave\">\n<td>Term\u00edn konania:<\/td>\n<td>20. novembra 2015<\/td>\n<\/tr>\n<tr>\n<td>Miesto konania:<\/td>\n<td>Hotel DoubleTree by Hilton, Hlavn\u00e1 1, Ko\u0161ice<\/td>\n<\/tr>\n<tr class=\"tmave\">\n<td>Organizuj\u00face subjekty:<\/td>\n<td>Slovensk\u00e1 gynekologicko-p\u00f4rodn\u00edcka spolo\u010dnos\u0165 SLS<br \/>\nUniverzita P. J. \u0160af\u00e1rika v Ko\u0161iciach, Lek\u00e1rska fakulta<\/td>\n<\/tr>\n<tr>\n<td>Koordin\u00e1tor:<\/td>\n<td>Prof. MUDr. Alexander Ostr\u00f3, CSc.<\/td>\n<\/tr>\n<tr class=\"tmave\">\n<td>Pozn\u00e1mka:<\/td>\n<td><em><a href=\"\/public\/media\/0455\/Schwarz 2015 pozv%C3%A1nka.pdf\">Pozv\u00e1nka<\/a>, <a href=\"\/public\/media\/0455\/PROGRAM - Schwarzov de%C5%88.pdf\">Program<\/a><\/em><\/td>\n<\/tr>\n<tr>\n<td>Web:<\/td>\n<td><a href=\"http:\/\/www.sgps-kongres.sk\/schwarzovden\/\">http:\/\/www.sgps-kongres.sk\/schwarzovden\/<\/a><\/td>\n<\/tr>\n<tr>\n<td colspan=\"2\"><\/td>\n<\/tr>\n<tr>\n<td class=\"nadpis\" colspan=\"2\" align=\"left\"><strong>Sl\u00e1vnostn\u00e9 otvorenie zrekon\u0161truovan\u00e9ho \u00dastavu experiment\u00e1lnej medic\u00edny Lek\u00e1rskej fakulty UPJ\u0160 v\u00a0Ko\u0161iciach<\/strong><\/td>\n<\/tr>\n<tr class=\"tmave\">\n<td>Term\u00edn konania:<\/td>\n<td>25. novembra 2015 o 10.00 hod.<\/td>\n<\/tr>\n<tr>\n<td>Miesto konania:<\/td>\n<td>\u00dastav experiment\u00e1lnej medic\u00edny Lek\u00e1rskej fakulty UPJ\u0160 v Ko\u0161iciach, Trieda SNP 1, Ko\u0161ice<\/td>\n<\/tr>\n<tr class=\"tmave\">\n<td>Organizuj\u00face subjekty:<\/td>\n<td>\u00dastav experiment\u00e1lnej medic\u00edny Lek\u00e1rskej fakulty UPJ\u0160 v Ko\u0161iciach<br \/>\nPAMIDA s.r.o.<\/td>\n<\/tr>\n<tr>\n<td class=\"lefts\">Koordin\u00e1tor:<\/td>\n<td class=\"rights\">MVDr. Alojz Bomba, DrSc., prednosta \u00dastavu experiment\u00e1lnej medic\u00edny UPJ\u0160 LF<\/td>\n<\/tr>\n<tr class=\"tmave\">\n<td class=\"left\">Pozn\u00e1mka:<\/td>\n<td class=\"right\"><a href=\"https:\/\/www.upjs.sk\/app\/uploads\/sites\/9\/2022\/09\/Pozvanka-na-otvorenie-IEM-v3.pdf\">Pozv\u00e1nka<\/a><\/td>\n<\/tr>\n<tr>\n<td width=\"130\"><\/td>\n<td width=\"430\"><\/td>\n<\/tr>\n<tr>\n<td class=\"nadpis\" colspan=\"2\" align=\"left\"><strong>\u0160tudentsk\u00e1 vedeck\u00e1 konferencia lek\u00e1rskych fak\u00falt \u010cR a SR<\/strong><\/td>\n<\/tr>\n<tr class=\"tmave\">\n<td>Term\u00edn konania:<\/td>\n<td>27. \u2013 28. novembra 2015<\/td>\n<\/tr>\n<tr>\n<td>Miesto konania:<\/td>\n<td>Posluch\u00e1rne UPJ\u0160 LF, Trieda SNP 1, Ko\u0161ice<\/td>\n<\/tr>\n<tr class=\"tmave\">\n<td>Organizuj\u00faci subjekt:<\/td>\n<td>Lek\u00e1rska fakulta UPJ\u0160 v Ko\u0161iciach<\/td>\n<\/tr>\n<tr>\n<td class=\"lefts\">Koordin\u00e1tori:<\/td>\n<td class=\"rights\">Prof. MUDr. Viliam Doni\u010d, CSc., prodekan pre vedecko-v\u00fdskumn\u00fa \u010dinnos\u0165 na UPJ\u0160 LF<br \/>\nIng. Jaroslav Majern\u00edk, PhD., \u00dastav lek\u00e1rskej informatiky UPJ\u0160 LF<br \/>\nMgr. Zuzana Tomkov\u00e1, Refer\u00e1t pre vedu a v\u00fdskum UPJ\u0160 LF<\/td>\n<\/tr>\n<tr class=\"tmave\">\n<td class=\"left\">Pozn\u00e1mka:<\/td>\n<td class=\"right\">Viac inform\u00e1ci\u00ed n\u00e1jdete na adrese: <a href=\"http:\/\/www.lf.upjs.sk\/SVK2015\">http:\/\/www.lf.upjs.sk\/SVK2015<\/a><\/td>\n<\/tr>\n<tr>\n<td width=\"130\"><\/td>\n<td width=\"430\"><\/td>\n<\/tr>\n<tr>\n<td class=\"mesiac\" colspan=\"2\">DECEMBER 2015<\/td>\n<\/tr>\n<tr>\n<td class=\"nadpis\" colspan=\"2\" align=\"left\"><strong>1. kurz CEEA<\/strong><\/td>\n<\/tr>\n<tr class=\"tmave\">\n<td>Term\u00edn konania:<\/td>\n<td>2. \u2013 4. decembra 2015<\/td>\n<\/tr>\n<tr>\n<td>Miesto konania:<\/td>\n<td>In\u0161tit\u00fat pre \u010fal\u0161ie vzdel\u00e1vanie veterin\u00e1rnych lek\u00e1rov, Cesta pod Hradovou 13, Ko\u0161ice<\/td>\n<\/tr>\n<tr class=\"tmave\">\n<td>Organizuj\u00face subjekty:<\/td>\n<td>Eur\u00f3pska spolo\u010dnos\u0165 anest\u00e9ziol\u00f3gie<br \/>\nSlovensk\u00e1 spolo\u010dnos\u0165 anest\u00e9ziol\u00f3gie a intenz\u00edvnej medic\u00edny<br \/>\n<a href=\"http:\/\/www.lf.upjs.sk\/ceea\">Slovensk\u00e9 centrum CEEA<\/a><br \/>\n1. klinika anest\u00e9ziol\u00f3gie a intenz\u00edvnej medic\u00edny UPJ\u0160 LF a UNLP Ko\u0161ice<br \/>\nSpolo\u010dnos\u0165 pre kriticky chor\u00fdch pri I. KAIM<\/td>\n<\/tr>\n<tr>\n<td>Koordin\u00e1tor:<\/td>\n<td>MUDr. \u0160tefan Trenkler, PhD., Slovensk\u00e9 centrum CEEA<\/td>\n<\/tr>\n<tr class=\"tmave\">\n<td>Pozn\u00e1mka:<\/td>\n<td><a href=\"http:\/\/www.lf.upjs.sk\/ceea\/Program_CEEA 2015 _25112015.pdf\">Program<\/a><\/td>\n<\/tr>\n<tr>\n<td colspan=\"2\"><\/td>\n<\/tr>\n<tr>\n<td colspan=\"2\"><\/td>\n<\/tr>\n<\/tbody>\n<\/table>\n","protected":false},"excerpt":{"rendered":"<p>JANU\u00c1R 2015 Vedeck\u00e1 pracovn\u00e1 sch\u00f4dza I. psychiatrickej kliniky UPJ\u0160 LF pri pr\u00edle\u017eitosti \u017eivotn\u00e9ho jubilea profesora Kafku Term\u00edn konania: 19. janu\u00e1ra 2015 o 14.00 hod. Miesto konania: Posluch\u00e1re\u0148 \u010d. 3 UPJ\u0160 LF, Trieda SNP 1, Ko\u0161ice Organizuj\u00face subjekty: Spolok lek\u00e1rov Ko\u0161ice Region\u00e1lna lek\u00e1rska komora Ko\u0161ice Univerzita Pavla Jozefa \u0160af\u00e1rika v Ko\u0161iciach, Lek\u00e1rska fakulta Koordin\u00e1tor: Doc. MUDr. &hellip; <a href=\"https:\/\/www.upjs.sk\/lekarska-fakulta\/fakulta\/konferencie-a-podujatia\/podujatia-2015\/\">\u010c\u00edta\u0165 \u010falej<\/a><\/p>\n","protected":false},"author":1,"featured_media":0,"parent":14171,"menu_order":11,"comment_status":"closed","ping_status":"closed","template":"","meta":{"_acf_changed":false,"_editorskit_title_hidden":false,"_editorskit_reading_time":0,"_editorskit_is_block_options_detached":false,"_editorskit_block_options_position":"{}","footnotes":""},"categories":[],"tags":[],"class_list":["post-16636","page","type-page","status-publish","hentry"],"acf":{"acf_link_na_externy_obsah":""},"yoast_head":"<!-- This site is optimized with the Yoast SEO plugin v27.4 - https:\/\/yoast.com\/product\/yoast-seo-wordpress\/ -->\n<title>Podujatia v roku 2015 - Lek\u00e1rska fakulta | UPJ\u0160<\/title>\n<meta name=\"robots\" content=\"index, follow, max-snippet:-1, max-image-preview:large, max-video-preview:-1\" \/>\n<link rel=\"canonical\" href=\"https:\/\/www.upjs.sk\/lekarska-fakulta\/fakulta\/konferencie-a-podujatia\/podujatia-2015\/\" \/>\n<meta property=\"og:locale\" content=\"sk_SK\" \/>\n<meta property=\"og:type\" content=\"article\" \/>\n<meta property=\"og:title\" content=\"Podujatia v roku 2015 - Lek\u00e1rska fakulta | UPJ\u0160\" \/>\n<meta property=\"og:description\" content=\"JANU\u00c1R 2015 Vedeck\u00e1 pracovn\u00e1 sch\u00f4dza I. psychiatrickej kliniky UPJ\u0160 LF pri pr\u00edle\u017eitosti \u017eivotn\u00e9ho jubilea profesora Kafku Term\u00edn konania: 19. janu\u00e1ra 2015 o 14.00 hod. Miesto konania: Posluch\u00e1re\u0148 \u010d. 3 UPJ\u0160 LF, Trieda SNP 1, Ko\u0161ice Organizuj\u00face subjekty: Spolok lek\u00e1rov Ko\u0161ice Region\u00e1lna lek\u00e1rska komora Ko\u0161ice Univerzita Pavla Jozefa \u0160af\u00e1rika v Ko\u0161iciach, Lek\u00e1rska fakulta Koordin\u00e1tor: Doc. MUDr. &hellip; \u010c\u00edta\u0165 \u010falej\" \/>\n<meta property=\"og:url\" content=\"https:\/\/www.upjs.sk\/lekarska-fakulta\/fakulta\/konferencie-a-podujatia\/podujatia-2015\/\" \/>\n<meta property=\"og:site_name\" content=\"Lek\u00e1rska fakulta | UPJ\u0160\" \/>\n<meta property=\"article:modified_time\" content=\"2025-02-21T09:46:30+00:00\" \/>\n<meta name=\"twitter:card\" content=\"summary_large_image\" \/>\n<meta name=\"twitter:label1\" content=\"Predpokladan\u00fd \u010das \u010d\u00edtania\" \/>\n\t<meta name=\"twitter:data1\" content=\"9 min\u00fat\" \/>\n<script type=\"application\/ld+json\" class=\"yoast-schema-graph\">{\"@context\":\"https:\\\/\\\/schema.org\",\"@graph\":[{\"@type\":\"WebPage\",\"@id\":\"https:\\\/\\\/www.upjs.sk\\\/lekarska-fakulta\\\/fakulta\\\/konferencie-a-podujatia\\\/podujatia-2015\\\/\",\"url\":\"https:\\\/\\\/www.upjs.sk\\\/lekarska-fakulta\\\/fakulta\\\/konferencie-a-podujatia\\\/podujatia-2015\\\/\",\"name\":\"Podujatia v roku 2015 - Lek\u00e1rska fakulta | UPJ\u0160\",\"isPartOf\":{\"@id\":\"https:\\\/\\\/www.upjs.sk\\\/lekarska-fakulta\\\/#website\"},\"datePublished\":\"2015-12-08T10:57:46+00:00\",\"dateModified\":\"2025-02-21T09:46:30+00:00\",\"breadcrumb\":{\"@id\":\"https:\\\/\\\/www.upjs.sk\\\/lekarska-fakulta\\\/fakulta\\\/konferencie-a-podujatia\\\/podujatia-2015\\\/#breadcrumb\"},\"inLanguage\":\"sk-SK\",\"potentialAction\":[{\"@type\":\"ReadAction\",\"target\":[\"https:\\\/\\\/www.upjs.sk\\\/lekarska-fakulta\\\/fakulta\\\/konferencie-a-podujatia\\\/podujatia-2015\\\/\"]}]},{\"@type\":\"BreadcrumbList\",\"@id\":\"https:\\\/\\\/www.upjs.sk\\\/lekarska-fakulta\\\/fakulta\\\/konferencie-a-podujatia\\\/podujatia-2015\\\/#breadcrumb\",\"itemListElement\":[{\"@type\":\"ListItem\",\"position\":1,\"name\":\"Home\",\"item\":\"https:\\\/\\\/www.upjs.sk\\\/lekarska-fakulta\\\/\"},{\"@type\":\"ListItem\",\"position\":2,\"name\":\"O fakulte\",\"item\":\"https:\\\/\\\/www.upjs.sk\\\/lekarska-fakulta\\\/fakulta\\\/\"},{\"@type\":\"ListItem\",\"position\":3,\"name\":\"Konferencie a podujatia\",\"item\":\"https:\\\/\\\/www.upjs.sk\\\/lekarska-fakulta\\\/fakulta\\\/konferencie-a-podujatia\\\/\"},{\"@type\":\"ListItem\",\"position\":4,\"name\":\"Podujatia v roku 2015\"}]},{\"@type\":\"WebSite\",\"@id\":\"https:\\\/\\\/www.upjs.sk\\\/lekarska-fakulta\\\/#website\",\"url\":\"https:\\\/\\\/www.upjs.sk\\\/lekarska-fakulta\\\/\",\"name\":\"Lek\u00e1rska fakulta | UPJ\u0160\",\"description\":\"\",\"publisher\":{\"@id\":\"https:\\\/\\\/www.upjs.sk\\\/lekarska-fakulta\\\/#organization\"},\"potentialAction\":[{\"@type\":\"SearchAction\",\"target\":{\"@type\":\"EntryPoint\",\"urlTemplate\":\"https:\\\/\\\/www.upjs.sk\\\/lekarska-fakulta\\\/?s={search_term_string}\"},\"query-input\":{\"@type\":\"PropertyValueSpecification\",\"valueRequired\":true,\"valueName\":\"search_term_string\"}}],\"inLanguage\":\"sk-SK\"},{\"@type\":\"Organization\",\"@id\":\"https:\\\/\\\/www.upjs.sk\\\/lekarska-fakulta\\\/#organization\",\"name\":\"Lek\u00e1rska fakulta | UPJ\u0160\",\"url\":\"https:\\\/\\\/www.upjs.sk\\\/lekarska-fakulta\\\/\",\"logo\":{\"@type\":\"ImageObject\",\"inLanguage\":\"sk-SK\",\"@id\":\"https:\\\/\\\/www.upjs.sk\\\/lekarska-fakulta\\\/#\\\/schema\\\/logo\\\/image\\\/\",\"url\":\"https:\\\/\\\/www.upjs.sk\\\/app\\\/uploads\\\/sites\\\/9\\\/2022\\\/09\\\/logo-lekarska-fakulta.png\",\"contentUrl\":\"https:\\\/\\\/www.upjs.sk\\\/app\\\/uploads\\\/sites\\\/9\\\/2022\\\/09\\\/logo-lekarska-fakulta.png\",\"width\":415,\"height\":87,\"caption\":\"Lek\u00e1rska fakulta | UPJ\u0160\"},\"image\":{\"@id\":\"https:\\\/\\\/www.upjs.sk\\\/lekarska-fakulta\\\/#\\\/schema\\\/logo\\\/image\\\/\"}}]}<\/script>\n<!-- \/ Yoast SEO plugin. -->","yoast_head_json":{"title":"Podujatia v roku 2015 - Lek\u00e1rska fakulta | UPJ\u0160","robots":{"index":"index","follow":"follow","max-snippet":"max-snippet:-1","max-image-preview":"max-image-preview:large","max-video-preview":"max-video-preview:-1"},"canonical":"https:\/\/www.upjs.sk\/lekarska-fakulta\/fakulta\/konferencie-a-podujatia\/podujatia-2015\/","og_locale":"sk_SK","og_type":"article","og_title":"Podujatia v roku 2015 - Lek\u00e1rska fakulta | UPJ\u0160","og_description":"JANU\u00c1R 2015 Vedeck\u00e1 pracovn\u00e1 sch\u00f4dza I. psychiatrickej kliniky UPJ\u0160 LF pri pr\u00edle\u017eitosti \u017eivotn\u00e9ho jubilea profesora Kafku Term\u00edn konania: 19. janu\u00e1ra 2015 o 14.00 hod. Miesto konania: Posluch\u00e1re\u0148 \u010d. 3 UPJ\u0160 LF, Trieda SNP 1, Ko\u0161ice Organizuj\u00face subjekty: Spolok lek\u00e1rov Ko\u0161ice Region\u00e1lna lek\u00e1rska komora Ko\u0161ice Univerzita Pavla Jozefa \u0160af\u00e1rika v Ko\u0161iciach, Lek\u00e1rska fakulta Koordin\u00e1tor: Doc. MUDr. &hellip; \u010c\u00edta\u0165 \u010falej","og_url":"https:\/\/www.upjs.sk\/lekarska-fakulta\/fakulta\/konferencie-a-podujatia\/podujatia-2015\/","og_site_name":"Lek\u00e1rska fakulta | UPJ\u0160","article_modified_time":"2025-02-21T09:46:30+00:00","twitter_card":"summary_large_image","twitter_misc":{"Predpokladan\u00fd \u010das \u010d\u00edtania":"9 min\u00fat"},"schema":{"@context":"https:\/\/schema.org","@graph":[{"@type":"WebPage","@id":"https:\/\/www.upjs.sk\/lekarska-fakulta\/fakulta\/konferencie-a-podujatia\/podujatia-2015\/","url":"https:\/\/www.upjs.sk\/lekarska-fakulta\/fakulta\/konferencie-a-podujatia\/podujatia-2015\/","name":"Podujatia v roku 2015 - Lek\u00e1rska fakulta | UPJ\u0160","isPartOf":{"@id":"https:\/\/www.upjs.sk\/lekarska-fakulta\/#website"},"datePublished":"2015-12-08T10:57:46+00:00","dateModified":"2025-02-21T09:46:30+00:00","breadcrumb":{"@id":"https:\/\/www.upjs.sk\/lekarska-fakulta\/fakulta\/konferencie-a-podujatia\/podujatia-2015\/#breadcrumb"},"inLanguage":"sk-SK","potentialAction":[{"@type":"ReadAction","target":["https:\/\/www.upjs.sk\/lekarska-fakulta\/fakulta\/konferencie-a-podujatia\/podujatia-2015\/"]}]},{"@type":"BreadcrumbList","@id":"https:\/\/www.upjs.sk\/lekarska-fakulta\/fakulta\/konferencie-a-podujatia\/podujatia-2015\/#breadcrumb","itemListElement":[{"@type":"ListItem","position":1,"name":"Home","item":"https:\/\/www.upjs.sk\/lekarska-fakulta\/"},{"@type":"ListItem","position":2,"name":"O fakulte","item":"https:\/\/www.upjs.sk\/lekarska-fakulta\/fakulta\/"},{"@type":"ListItem","position":3,"name":"Konferencie a podujatia","item":"https:\/\/www.upjs.sk\/lekarska-fakulta\/fakulta\/konferencie-a-podujatia\/"},{"@type":"ListItem","position":4,"name":"Podujatia v roku 2015"}]},{"@type":"WebSite","@id":"https:\/\/www.upjs.sk\/lekarska-fakulta\/#website","url":"https:\/\/www.upjs.sk\/lekarska-fakulta\/","name":"Lek\u00e1rska fakulta | UPJ\u0160","description":"","publisher":{"@id":"https:\/\/www.upjs.sk\/lekarska-fakulta\/#organization"},"potentialAction":[{"@type":"SearchAction","target":{"@type":"EntryPoint","urlTemplate":"https:\/\/www.upjs.sk\/lekarska-fakulta\/?s={search_term_string}"},"query-input":{"@type":"PropertyValueSpecification","valueRequired":true,"valueName":"search_term_string"}}],"inLanguage":"sk-SK"},{"@type":"Organization","@id":"https:\/\/www.upjs.sk\/lekarska-fakulta\/#organization","name":"Lek\u00e1rska fakulta | UPJ\u0160","url":"https:\/\/www.upjs.sk\/lekarska-fakulta\/","logo":{"@type":"ImageObject","inLanguage":"sk-SK","@id":"https:\/\/www.upjs.sk\/lekarska-fakulta\/#\/schema\/logo\/image\/","url":"https:\/\/www.upjs.sk\/app\/uploads\/sites\/9\/2022\/09\/logo-lekarska-fakulta.png","contentUrl":"https:\/\/www.upjs.sk\/app\/uploads\/sites\/9\/2022\/09\/logo-lekarska-fakulta.png","width":415,"height":87,"caption":"Lek\u00e1rska fakulta | UPJ\u0160"},"image":{"@id":"https:\/\/www.upjs.sk\/lekarska-fakulta\/#\/schema\/logo\/image\/"}}]}},"_links":{"self":[{"href":"https:\/\/www.upjs.sk\/lekarska-fakulta\/wp-json\/wp\/v2\/pages\/16636","targetHints":{"allow":["GET"]}}],"collection":[{"href":"https:\/\/www.upjs.sk\/lekarska-fakulta\/wp-json\/wp\/v2\/pages"}],"about":[{"href":"https:\/\/www.upjs.sk\/lekarska-fakulta\/wp-json\/wp\/v2\/types\/page"}],"author":[{"embeddable":true,"href":"https:\/\/www.upjs.sk\/lekarska-fakulta\/wp-json\/wp\/v2\/users\/1"}],"replies":[{"embeddable":true,"href":"https:\/\/www.upjs.sk\/lekarska-fakulta\/wp-json\/wp\/v2\/comments?post=16636"}],"version-history":[{"count":3,"href":"https:\/\/www.upjs.sk\/lekarska-fakulta\/wp-json\/wp\/v2\/pages\/16636\/revisions"}],"predecessor-version":[{"id":130465,"href":"https:\/\/www.upjs.sk\/lekarska-fakulta\/wp-json\/wp\/v2\/pages\/16636\/revisions\/130465"}],"up":[{"embeddable":true,"href":"https:\/\/www.upjs.sk\/lekarska-fakulta\/wp-json\/wp\/v2\/pages\/14171"}],"wp:attachment":[{"href":"https:\/\/www.upjs.sk\/lekarska-fakulta\/wp-json\/wp\/v2\/media?parent=16636"}],"wp:term":[{"taxonomy":"category","embeddable":true,"href":"https:\/\/www.upjs.sk\/lekarska-fakulta\/wp-json\/wp\/v2\/categories?post=16636"},{"taxonomy":"post_tag","embeddable":true,"href":"https:\/\/www.upjs.sk\/lekarska-fakulta\/wp-json\/wp\/v2\/tags?post=16636"}],"curies":[{"name":"wp","href":"https:\/\/api.w.org\/{rel}","templated":true}]}}