{"id":16637,"date":"2017-01-03T12:27:33","date_gmt":"2017-01-03T12:27:15","guid":{"rendered":"https:\/\/www.upjs.sk\/lekarska-fakulta\/konferencie\/2016-2\/"},"modified":"2025-02-21T09:47:26","modified_gmt":"2025-02-21T08:47:26","slug":"podujatia-2016","status":"publish","type":"page","link":"https:\/\/www.upjs.sk\/lekarska-fakulta\/fakulta\/konferencie-a-podujatia\/podujatia-2016\/","title":{"rendered":"Podujatia v roku 2016"},"content":{"rendered":"<style type=\"text\/css\"><!-- td.mesiac{color:#b82020;font-weight:bold;padding-top:1em} td.nadpis{font-weight:bold;padding-top:1em;padding-bottom:.5em} tr{vertical-align:top;} tr.tmave{background-color:#FFE4E7;} --> <\/style>\n<table style=\"margin-top: -1em; width: 100%;\" border=\"0\" cellspacing=\"0\" cellpadding=\"0\">\n<tbody>\n<tr>\n<td width=\"130\"><\/td>\n<td width=\"430\"><\/td>\n<\/tr>\n<tr>\n<td class=\"mesiac\" colspan=\"2\">JANU\u00c1R 2016<\/td>\n<\/tr>\n<tr>\n<td class=\"nadpis\" colspan=\"2\" align=\"left\"><strong>53. v\u00fdchodoslovensk\u00e9 lek\u00e1rske dni a XXIII. memori\u00e1l profesora J\u00e1na K\u0148azovick\u00e9ho<br \/>\nPokroky v onkol\u00f3gii<\/strong><\/td>\n<\/tr>\n<tr class=\"tmave\">\n<td>Term\u00edn konania:<\/td>\n<td>14. \u2013 15. janu\u00e1ra 2016<\/td>\n<\/tr>\n<tr>\n<td>Miesto konania:<\/td>\n<td>Posluch\u00e1re\u0148 prof. J\u00e1na K\u0148azovick\u00e9ho na UPJ\u0160 LF, Trieda SNP 1, Ko\u0161ice<\/td>\n<\/tr>\n<tr class=\"tmave\">\n<td>Organizuj\u00face subjekty:<\/td>\n<td>Slovensk\u00e1 lek\u00e1rska spolo\u010dnos\u0165<br \/>\nSpolok lek\u00e1rov v Ko\u0161iciach<br \/>\nRegion\u00e1lna lek\u00e1rska komora v Ko\u0161iciach<br \/>\nUniverzita Pavla Jozefa \u0160af\u00e1rika v Ko\u0161iciach<br \/>\nUniverzita Pavla Jozefa \u0160af\u00e1rika v Ko\u0161iciach, Lek\u00e1rska fakulta<br \/>\nUniverzitn\u00e1 nemocnica Louisa Pasteura v Ko\u0161iciach<br \/>\nV\u00fdchodoslovensk\u00fd onkologick\u00fd \u00fastav, a.s.<br \/>\nV\u00fdchodoslovensk\u00fd \u00fastav srdcov\u00fdch a cievnych chor\u00f4b, a.s.<\/td>\n<\/tr>\n<tr>\n<td>Koordin\u00e1tor:<\/td>\n<td>Doc. MUDr. Norbert Luk\u00e1n, PhD., vedeck\u00fd sekret\u00e1r SL Ko\u0161ice<\/td>\n<\/tr>\n<tr class=\"tmave\">\n<td>Pozn\u00e1mka:<\/td>\n<td><a href=\"https:\/\/www.upjs.sk\/app\/uploads\/sites\/9\/2022\/09\/Vsldni53D.pdf\">Program<\/a><\/td>\n<\/tr>\n<tr>\n<td colspan=\"2\"><\/td>\n<\/tr>\n<tr>\n<td class=\"mesiac\" colspan=\"2\">FEBRU\u00c1R 2016<\/td>\n<\/tr>\n<tr>\n<td class=\"nadpis\" colspan=\"2\" align=\"left\"><strong>Prezent\u00e1cie vedeck\u00fdch pr\u00e1c doktorandov a postdoktorandov<\/strong><\/td>\n<\/tr>\n<tr class=\"tmave\">\n<td>Term\u00edn konania:<\/td>\n<td>8. febru\u00e1ra 2016<\/td>\n<\/tr>\n<tr>\n<td>Miesto konania:<\/td>\n<td>Posluch\u00e1re\u0148 prof. J\u00e1na K\u0148azovick\u00e9ho na UPJ\u0160 LF, Trieda SNP 1, Ko\u0161ice<\/td>\n<\/tr>\n<tr class=\"tmave\">\n<td>Organizuj\u00face subjekty:<\/td>\n<td>Slovensk\u00e1 lek\u00e1rska spolo\u010dnos\u0165<br \/>\nSpolok lek\u00e1rov v Ko\u0161iciach<br \/>\nRegion\u00e1lna lek\u00e1rska komora v Ko\u0161iciach<br \/>\nUniverzita Pavla Jozefa \u0160af\u00e1rika v Ko\u0161iciach<br \/>\nUniverzita Pavla Jozefa \u0160af\u00e1rika v Ko\u0161iciach, Lek\u00e1rska fakulta<br \/>\nUniverzitn\u00e1 nemocnica Louisa Pasteura v Ko\u0161iciach<br \/>\n\u00dastav experiment\u00e1lnej medic\u00edny UPJ\u0160 LF<br \/>\n\u00dastav lek\u00e1rskej a klinickej bioch\u00e9mie UPJ\u0160 LF<br \/>\n\u00dastavu patologickej fyziol\u00f3gie UPJ\u0160 LF<\/td>\n<\/tr>\n<tr>\n<td>Koordin\u00e1tori:<\/td>\n<td>MVDr. Alojz Bomba, DrSc., \u00dastav experiment\u00e1lnej medic\u00edny<br \/>\nprof. Ing. M\u00e1ria Marekov\u00e1, CSc., \u00dastav lek\u00e1rskej a klinickej bioch\u00e9mie<br \/>\ndoc. MUDr. Oliver Racz, CSc., mim. prof., \u00dastav patologickej fyziol\u00f3gie<\/td>\n<\/tr>\n<tr class=\"tmave\">\n<td>Pozn\u00e1mka:<\/td>\n<td><a href=\"https:\/\/www.upjs.sk\/app\/uploads\/sites\/9\/2022\/09\/doktorandi-8-2-2016.pdf\">Program<\/a><\/td>\n<\/tr>\n<tr>\n<td colspan=\"2\"><\/td>\n<\/tr>\n<tr>\n<td class=\"mesiac\" colspan=\"2\">MAREC 2016<\/td>\n<\/tr>\n<tr>\n<td class=\"nadpis\" colspan=\"2\" align=\"left\"><strong>Vedeck\u00e1 sch\u00f4dza \u00dastavu s\u00fadneho lek\u00e1rstva UPJ\u0160 LF v Ko\u0161iciach<br \/>\nusporiadan\u00e1 na pamiatku doc. MUDr. Franti\u0161ka Longauera, CSc. <\/strong><\/td>\n<\/tr>\n<tr class=\"tmave\">\n<td>Term\u00edn konania:<\/td>\n<td>7. marca 2016 o 15.00 hod.<\/td>\n<\/tr>\n<tr>\n<td>Miesto konania:<\/td>\n<td>UPJ\u0160 Lek\u00e1rska fakulta, Trrieda SNP 1, Ko\u0161ice, posluch\u00e1re\u0148 P1<\/td>\n<\/tr>\n<tr class=\"tmave\">\n<td>Organizuj\u00face subjekty:<\/td>\n<td>Slovensk\u00e1 lek\u00e1rska spolo\u010dnos\u0165<br \/>\nSpolok lek\u00e1rov v Ko\u0161iciach<br \/>\nRegion\u00e1lna lek\u00e1rska komora v Ko\u0161iciach<br \/>\nUniverzita Pavla Jozefa \u0160af\u00e1rika v Ko\u0161iciach<br \/>\nUPJ\u0160 Lek\u00e1rska fakulta v Ko\u0161iciach<br \/>\nUniverzitn\u00e1 nemocnica Louisa Pasteura Ko\u0161ice<\/td>\n<\/tr>\n<tr>\n<td>Koordin\u00e1tor:<\/td>\n<td>MUDr. Nikita Bobrov, CSc., prednosta \u00dastavu s\u00fadneho lek\u00e1rstva UPJ\u0160 LF Ko\u0161ice<\/td>\n<\/tr>\n<tr class=\"tmave\">\n<td>Pozn\u00e1mka:<\/td>\n<td><a href=\"https:\/\/www.upjs.sk\/app\/uploads\/sites\/9\/2022\/09\/SLK-2016-03-07.pdf\">Program<\/a><\/td>\n<\/tr>\n<tr>\n<td colspan=\"2\"><\/td>\n<\/tr>\n<tr>\n<td class=\"mesiac\" colspan=\"2\">APR\u00cdL 2016<\/td>\n<\/tr>\n<tr>\n<td class=\"nadpis\" colspan=\"2\" align=\"left\"><strong>XV. STOMATOLOGICK\u00c9 DNI KO\u0160ICE<\/strong><\/td>\n<\/tr>\n<tr class=\"tmave\">\n<td>Term\u00edn konania:<\/td>\n<td>6. \u2013 7. apr\u00edla 2016<\/td>\n<\/tr>\n<tr>\n<td>Miesto konania:<\/td>\n<td>Posluch\u00e1rensk\u00fd trakt, aula LF UPJ\u0160 v Ko\u0161iciach, Trieda SNP \u010d. 1<\/td>\n<\/tr>\n<tr class=\"tmave\">\n<td>Organizuj\u00face subjekty:<\/td>\n<td>UPJ\u0160 v Ko\u0161iciach, Lek\u00e1rska fakulta,<br \/>\nUniverzitn\u00e1 nemocnica L. Pasteura Ko\u0161ice,<br \/>\nSlovensk\u00e1 stomatologick\u00e1 spolo\u010dnos\u0165 v Bratislave,<br \/>\nI. stomatologick\u00e1 klinika UPJ\u0160 LF a UNLP Ko\u0161ice,<br \/>\nRegion\u00e1lna komora zubn\u00fdch lek\u00e1rov v Ko\u0161iciach,<br \/>\nRegion\u00e1lna komora sestier a p\u00f4rodn\u00fdch asistentiek Ko\u0161ice I.,<br \/>\nKVV \u2013 Ing. Igor Kubov\u010d\u00edk<\/td>\n<\/tr>\n<tr>\n<td>Koordin\u00e1tori:<\/td>\n<td>MUDr. Eva Janitorov\u00e1, PhD., MUDr. Jozef Ivan\u010do, CSc.,<br \/>\nMUDr. Lucia Kov\u00e1csov\u00e1, PhD., MUDr. Jozef Min\u010d\u00edk, PhD.,<br \/>\nMUDr. Du\u0161an Hrubala, CSc., Mgr. Juliana Tomkov\u00e1<\/td>\n<\/tr>\n<tr class=\"tmave\">\n<td><em>Pozn\u00e1mka:<\/em><\/td>\n<td><a href=\"\/public\/media\/0455\/XV.SDK.pdf\">Program<\/a><\/td>\n<\/tr>\n<tr>\n<td colspan=\"2\"><\/td>\n<\/tr>\n<tr>\n<td class=\"nadpis\" colspan=\"2\" align=\"left\"><strong>III. ro\u010dn\u00edk medzin\u00e1rodnej vedeckej konferencie<br \/>\nRekrea\u010dn\u00fd \u0161port, zdravie, kvalita \u017eivota<\/strong><\/td>\n<\/tr>\n<tr class=\"tmave\">\n<td>Term\u00edn konania:<\/td>\n<td>14. \u2013 15. apr\u00edla 2016<\/td>\n<\/tr>\n<tr>\n<td>Miesto konania:<\/td>\n<td>Rektor\u00e1t UPJ\u0160 v Ko\u0161iciach, \u0160rob\u00e1rova 2<\/td>\n<\/tr>\n<tr class=\"tmave\">\n<td>Organizuj\u00face subjekty:<\/td>\n<td>\u00dastav telesnej v\u00fdchovy a \u0161portu Univerzity P. J. \u0160af\u00e1rika v Ko\u0161iciach<br \/>\nInstytut wychowania ficzycznego, turystykii fizjoterapii Akad\u00e9mii im. Jana D\u0142ugosza w Cz\u0119stochowie<br \/>\nSlovensk\u00e1 lek\u00e1rska spolo\u010dnos\u0165 &#8211; Spolok lek\u00e1rov Ko\u0161ice<br \/>\nSlovensk\u00fd zv\u00e4z rekrea\u010dnej telesnej v\u00fdchovy a \u0161portu<br \/>\nMesto Ko\u0161ice<\/td>\n<\/tr>\n<tr>\n<td>Koordin\u00e1tori:<\/td>\n<td>Prof. MUDr. Oliver R\u00e1cz, CSc, predseda SL Ko\u0161ice<br \/>\nMgr. Alena Bukov\u00e1, PhD., riadite\u013eka \u00daTV\u0160 UPJ\u0160 Ko\u0161ice<\/td>\n<\/tr>\n<tr class=\"tmave\">\n<td>Pozn\u00e1mka:<\/td>\n<td><a href=\"https:\/\/www.upjs.sk\/app\/uploads\/sites\/9\/2022\/09\/SLK-2016-04-14.pdf\">Pozv\u00e1nka<\/a>, <a href=\"http:\/\/www.rsz.upjs.sk\/\">http:\/\/www.rsz.upjs.sk<\/a><\/td>\n<\/tr>\n<tr>\n<td colspan=\"2\"><\/td>\n<\/tr>\n<tr>\n<td class=\"nadpis\" colspan=\"2\" align=\"left\"><strong>Sl\u00e1vnostn\u00e1 vedeck\u00e1 pracovn\u00e1 sch\u00f4dza Spolku lek\u00e1rov v Ko\u0161iciach<br \/>\npri pr\u00edle\u017eitosti n\u00e1v\u0161tevy synov Wiliama Ganza v Ko\u0161iciach<\/strong><\/td>\n<\/tr>\n<tr class=\"tmave\">\n<td>Term\u00edn konania:<\/td>\n<td>18. apr\u00edla 2016 o 14.00 hod.<\/td>\n<\/tr>\n<tr>\n<td>Miesto konania:<\/td>\n<td>Posluch\u00e1re\u0148 \u010d. 1, UPJ\u0160 LF, Trieda SNP 1, Ko\u0161ice<\/td>\n<\/tr>\n<tr class=\"tmave\">\n<td>Organizuj\u00face subjekty:<\/td>\n<td>Spolok lek\u00e1rov Ko\u0161ice<br \/>\nRegion\u00e1lna lek\u00e1rska komora Ko\u0161ice<br \/>\nUPJ\u0160 Lek\u00e1rska fakulta Ko\u0161ice<\/td>\n<\/tr>\n<tr>\n<td>Koordin\u00e1tor:<\/td>\n<td>prof. MUDr. Miroslav Mydl\u00edk, DrSc., IV. intern\u00e1 klinika UNLP a UPJ\u0160 LF<\/td>\n<\/tr>\n<tr class=\"tmave\">\n<td>Pozn\u00e1mka:<\/td>\n<td><a href=\"https:\/\/www.upjs.sk\/app\/uploads\/sites\/9\/2022\/09\/SLK-2016-04-18.pdf\">Program<\/a><\/td>\n<\/tr>\n<tr>\n<td colspan=\"2\"><\/td>\n<\/tr>\n<tr>\n<td class=\"nadpis\" colspan=\"2\" align=\"left\"><strong>\u0160tudentsk\u00e1 vedeck\u00e1 konferencia UPJ\u0160 v Ko\u0161iciach, Lek\u00e1rskej fakulty<\/strong><\/td>\n<\/tr>\n<tr class=\"tmave\">\n<td>Term\u00edn konania:<\/td>\n<td>27. apr\u00edla 2016<\/td>\n<\/tr>\n<tr>\n<td>Miesto konania:<\/td>\n<td>Posluch\u00e1rne UPJ\u0160 LF, Trieda SNP 1, Ko\u0161ice<\/td>\n<\/tr>\n<tr class=\"tmave\">\n<td>Organizuj\u00faci subjekt:<\/td>\n<td>UPJ\u0160 v Ko\u0161iciach, Lek\u00e1rska fakulta<\/td>\n<\/tr>\n<tr>\n<td>Odborn\u00ed garanti:<\/td>\n<td>Prof. MUDr. Daniel Pella, PhD., dekan UPJ\u0160 LF<br \/>\nProf. MUDr. Viliam Doni\u010d, CSc., prodekan pre vedeckov\u00fdskumn\u00fa \u010dinnos\u0165 na UPJ\u0160 LF<\/td>\n<\/tr>\n<tr class=\"tmave\">\n<td>Pozn\u00e1mka:<\/td>\n<td>S\u00fa\u0165a\u017en\u00e1 prezent\u00e1cia pr\u00e1c \u0161tudentov UPJ\u0160 LF<br \/>\n<a href=\"https:\/\/www.upjs.sk\/app\/uploads\/sites\/9\/2022\/10\/PozvankaINT16.pdf\">Pozv\u00e1nka<\/a>, <a href=\"https:\/\/www.upjs.sk\/app\/uploads\/sites\/9\/2022\/10\/program15_16_2.pdf\">Program<\/a><\/td>\n<\/tr>\n<tr>\n<td colspan=\"2\"><\/td>\n<\/tr>\n<tr>\n<td class=\"mesiac\" colspan=\"2\">M\u00c1J 2016<\/td>\n<\/tr>\n<tr>\n<td class=\"nadpis\" colspan=\"2\" align=\"left\"><strong>XXIII. memori\u00e1l profesora Franti\u0161ka P\u00f3ra<\/strong><\/td>\n<\/tr>\n<tr class=\"tmave\">\n<td>Term\u00edn konania:<\/td>\n<td>2. m\u00e1ja 2016 o 14.00 hod.<\/td>\n<\/tr>\n<tr>\n<td>Miesto konania:<\/td>\n<td>Posluch\u00e1re\u0148 \u010d. 1, UPJ\u0160 LF, Trieda SNP 1, Ko\u0161ice<\/td>\n<\/tr>\n<tr class=\"tmave\">\n<td>Organizuj\u00face subjekty:<\/td>\n<td>Spolok lek\u00e1rov Ko\u0161ice<br \/>\nRegion\u00e1lna lek\u00e1rska komora Ko\u0161ice<br \/>\nUPJ\u0160 Lek\u00e1rska fakulta Ko\u0161ice<\/td>\n<\/tr>\n<tr>\n<td>Koordin\u00e1tori:<\/td>\n<td>prof. MUDr. Miroslav Mydl\u00edk, DrSc.<br \/>\nprof. MUDr. Ivan Tk\u00e1\u010d, PhD.<\/td>\n<\/tr>\n<tr class=\"tmave\">\n<td>Pozn\u00e1mka:<\/td>\n<td><a href=\"https:\/\/www.upjs.sk\/app\/uploads\/sites\/9\/2022\/09\/SLK-2016-05-02.pdf\">Program<\/a><\/td>\n<\/tr>\n<tr>\n<td colspan=\"2\"><\/td>\n<\/tr>\n<tr>\n<td class=\"nadpis\" colspan=\"2\" align=\"left\"><strong>Ko\u0161ick\u00fd kurz extrapyramidov\u00fdch ochoren\u00ed<\/strong><\/td>\n<\/tr>\n<tr class=\"tmave\">\n<td>Term\u00edn konania:<\/td>\n<td>12. \u2013 13. m\u00e1ja 2016<\/td>\n<\/tr>\n<tr>\n<td>Miesto konania:<\/td>\n<td>Double Tree by Hilton, Hlavn\u00e1 1, Ko\u0161ice<\/td>\n<\/tr>\n<tr class=\"tmave\">\n<td>Organizuj\u00face subjekty:<\/td>\n<td>Neurologick\u00e1 klinika UPJ\u0160 LF a UNLP Ko\u0161ice pod z\u00e1\u0161titou dekana LF UPJ\u0160 prof. MUDr. Daniela Pellu, PhD. a riadite\u013ea UNLP MUDr. Milana Ma\u010fara, MPH<br \/>\nExtrapyramidov\u00e1 sekcia Slovenskej Neurologickej Spolo\u010dnosti<br \/>\nInternational Parkinson and Movement Disorder Society<\/td>\n<\/tr>\n<tr>\n<td>Koordin\u00e1tori:<\/td>\n<td>MUDr. Matej \u0160korv\u00e1nek, PhD., prof. MUDr. Zuzana Gdovinov\u00e1, CSc., prof. MUDr. Peter Valkovi\u010d, PhD.<\/td>\n<\/tr>\n<tr class=\"tmave\">\n<td>Web:<\/td>\n<td><a href=\"http:\/\/www.expy-ke.sk\">http:\/\/www.expy-ke.sk<\/a><\/td>\n<\/tr>\n<tr>\n<td colspan=\"2\"><\/td>\n<\/tr>\n<tr>\n<td class=\"nadpis\" colspan=\"2\" align=\"left\"><strong>XXVI. diabetologick\u00e9 dni<\/strong><\/td>\n<\/tr>\n<tr class=\"tmave\">\n<td>Term\u00edn konania:<\/td>\n<td>25. \u2013 27. m\u00e1ja 2016<\/td>\n<\/tr>\n<tr>\n<td>Miesto konania:<\/td>\n<td>Posluch\u00e1rne Lek\u00e1rskej fakulty UPJ\u0160, Trieda SNP 1, Ko\u0161ice<\/td>\n<\/tr>\n<tr class=\"tmave\">\n<td>Organizuj\u00face subjekty:<\/td>\n<td>Slovensk\u00e1 lek\u00e1rska spolo\u010dnos\u0165<br \/>\nSlovensk\u00e1 diabetologick\u00e1 spolo\u010dnos\u0165<br \/>\nUniverzita Pavla Jozefa \u0160af\u00e1rika v Ko\u0161iciach, Lek\u00e1rska fakulta<\/td>\n<\/tr>\n<tr>\n<td>Koordin\u00e1tor:<\/td>\n<td>Prof. MUDr. Ivan Tk\u00e1\u010d, PhD.<\/td>\n<\/tr>\n<tr class=\"tmave\">\n<td>Pozn\u00e1mka:<\/td>\n<td><a href=\"https:\/\/www.upjs.sk\/app\/uploads\/sites\/9\/2022\/09\/DIA_DAYS_2016_v2_1-kompletna-informacia_V4.pdf\">Kompletn\u00e1 inform\u00e1cia<\/a><\/td>\n<\/tr>\n<tr>\n<td colspan=\"2\"><\/td>\n<\/tr>\n<tr>\n<td class=\"nadpis\" colspan=\"2\" align=\"left\"><strong>19. ko\u0161ick\u00fd morfologick\u00fd de\u0148<\/strong><\/td>\n<\/tr>\n<tr class=\"tmave\">\n<td>Term\u00edn konania:<\/td>\n<td>27. m\u00e1ja 2016 o 13.00 hod.<\/td>\n<\/tr>\n<tr>\n<td>Miesto konania:<\/td>\n<td>Posluch\u00e1re\u0148 M6, UPJ\u0160 LF, \u0160rob\u00e1rova 2, Ko\u0161ice<\/td>\n<\/tr>\n<tr class=\"tmave\">\n<td>Organizuj\u00face subjekty:<\/td>\n<td>\u00dastav histol\u00f3gie a embryol\u00f3gie UPJ\u0160 LF<br \/>\nLek\u00e1rska fakulta UPJ\u0160 v Ko\u0161iciach<br \/>\nSlovensk\u00e1 anatomick\u00e1 spolo\u010dnos\u0165<br \/>\n\u00dastav anat\u00f3mie UPJ\u0160 LF<\/td>\n<\/tr>\n<tr>\n<td>Koordin\u00e1tor:<\/td>\n<td>Prof. MUDr. Eva Mech\u00edrov\u00e1, CSc.<\/td>\n<\/tr>\n<tr class=\"tmave\">\n<td>Pozn\u00e1mka:<\/td>\n<td><a href=\"https:\/\/www.upjs.sk\/app\/uploads\/sites\/9\/2022\/09\/KMD-2016-program.pdf\">Program<\/a><\/td>\n<\/tr>\n<tr>\n<td colspan=\"2\"><\/td>\n<\/tr>\n<tr>\n<td class=\"nadpis\" colspan=\"2\" align=\"left\"><strong>XII. kongres Slovenskej spolo\u010dnosti klinickej bioch\u00e9mie<\/strong><\/td>\n<\/tr>\n<tr class=\"tmave\">\n<td>Term\u00edn konania:<\/td>\n<td>29. \u2013 31. m\u00e1ja 2016<\/td>\n<\/tr>\n<tr>\n<td>Miesto konania:<\/td>\n<td>Posluch\u00e1rne Lek\u00e1rskej fakulty UPJ\u0160, Trieda SNP 1, Ko\u0161ice<\/td>\n<\/tr>\n<tr class=\"tmave\">\n<td>Organizuj\u00face subjekty:<\/td>\n<td>Slovensk\u00e1 lek\u00e1rska spolo\u010dnos\u0165<br \/>\nSlovensk\u00e1 spolo\u010dnos\u0165 klinickej bioch\u00e9mie<br \/>\nLek\u00e1rska fakulta UPJ\u0160 v Ko\u0161iciach<\/td>\n<\/tr>\n<tr>\n<td>Koordin\u00e1tor:<\/td>\n<td>Doc. MUDr. Oliver R\u00e1cz, CSc., mim. prof.<\/td>\n<\/tr>\n<tr class=\"tmave\">\n<td>Pozn\u00e1mka:<\/td>\n<td><a href=\"\/public\/media\/0455\/Kongres SSKB 2016- Final.pdf\">Program<\/a>, <a href=\"https:\/\/www.upjs.sk\/app\/uploads\/sites\/9\/2022\/09\/koncert-SSKB-2016.pdf\">Koncert<\/a><\/td>\n<\/tr>\n<tr>\n<td colspan=\"2\"><\/td>\n<\/tr>\n<tr>\n<td class=\"mesiac\" colspan=\"2\">J\u00daN 2016<\/td>\n<\/tr>\n<tr>\n<td class=\"nadpis\" colspan=\"2\" align=\"left\"><strong>XXXII. konferencia Kliniky det\u00ed a dorastu LF UPJ\u0160 a DFN<br \/>\nVIII. D\u00e9mantov de\u0148<\/strong><\/td>\n<\/tr>\n<tr class=\"tmave\">\n<td>Term\u00edn konania:<\/td>\n<td>2. j\u00fana 2016<\/td>\n<\/tr>\n<tr>\n<td>Miesto konania:<\/td>\n<td>Aula SEV\u0160 &#8211; Vzdel\u00e1vacie a konzulta\u010dn\u00e9 pracovisko, Tajovsk\u00e9ho 1383\/15, Ko\u0161ice<\/td>\n<\/tr>\n<tr class=\"tmave\">\n<td>Organizuj\u00face subjekty:<\/td>\n<td>Slovensk\u00e1 pediatrick\u00e1 spolo\u010dnos\u0165<br \/>\nDetsk\u00e1 fakultn\u00e1 nemocnica Ko\u0161ice<br \/>\nLek\u00e1rska fakulta UPJ\u0160 v Ko\u0161iciach<br \/>\nKlinika det\u00ed a dorastu LF UPJ\u0160 a DFN Ko\u0161ice<br \/>\nVydavate\u013estvo AMEDI<\/td>\n<\/tr>\n<tr>\n<td>Koordin\u00e1tor:<\/td>\n<td>Doc. MUDr. Milan Kuchta, CSc., mim. prof.<\/td>\n<\/tr>\n<tr class=\"tmave\">\n<td>Pozn\u00e1mka:<\/td>\n<td><a href=\"http:\/\/www.amedi.sk\/podujatia\/xxxii-konferencia-kliniky-detia-dorastu-lf-upjs-a-dfnviii-demantov-denxvii-konferencia-mladych-pediatrov-      45\/uvod.html\">Program<\/a><\/td>\n<\/tr>\n<tr>\n<td colspan=\"2\"><\/td>\n<\/tr>\n<tr>\n<td class=\"nadpis\" colspan=\"2\" align=\"left\"><strong>X. medzin\u00e1rodn\u00fd kongres plastickej chirurgie<br \/>\nXI. Demj\u00e9nov de\u0148<\/strong><\/td>\n<\/tr>\n<tr class=\"tmave\">\n<td>Term\u00edn konania:<\/td>\n<td>2. \u2013 4. j\u00fana 2016<\/td>\n<\/tr>\n<tr>\n<td>Miesto konania:<\/td>\n<td>Hotel Yasmin, Tyr\u0161ovo n\u00e1bre\u017eie 1, Ko\u0161ice<\/td>\n<\/tr>\n<tr class=\"tmave\">\n<td>Organizuj\u00face subjekty:<\/td>\n<td>Klinika plastickej, rekon\u0161truk\u010dnej a estetickej chirurgie UNLP Ko\u0161ice<br \/>\nLek\u00e1rska fakulta UPJ\u0160 v Ko\u0161iciach<br \/>\nCentrum plastickej a estetickej chirurgie Ko\u0161iciach<br \/>\nSlovensk\u00e1 spolo\u010dnos\u0165 plastickej chirurgie<br \/>\nMEDI-EKO, s.r.o.<\/td>\n<\/tr>\n<tr>\n<td>Koordin\u00e1tor:<\/td>\n<td>MUDr. Teodor Kluka, PhD.<\/td>\n<\/tr>\n<tr class=\"tmave\">\n<td>Pozn\u00e1mka:<\/td>\n<td><a href=\"\/public\/media\/0455\/KPCH 2016 brozurka cela c.2.pdf\">Program<\/a><\/td>\n<\/tr>\n<tr>\n<td colspan=\"2\"><\/td>\n<\/tr>\n<tr>\n<td class=\"nadpis\" colspan=\"2\" align=\"left\"><strong>XVII. konferencia mlad\u00fdch pediatrov<\/strong><\/td>\n<\/tr>\n<tr class=\"tmave\">\n<td>Term\u00edn konania:<\/td>\n<td>3. j\u00fana 2016<\/td>\n<\/tr>\n<tr>\n<td>Miesto konania:<\/td>\n<td>Aula SEV\u0160 &#8211; Vzdel\u00e1vacie a konzulta\u010dn\u00e9 pracovisko, Tajovsk\u00e9ho 1383\/15, Ko\u0161ice<\/td>\n<\/tr>\n<tr class=\"tmave\">\n<td>Organizuj\u00face subjekty:<\/td>\n<td>Slovensk\u00e1 pediatrick\u00e1 spolo\u010dnos\u0165<br \/>\nDetsk\u00e1 fakultn\u00e1 nemocnica Ko\u0161ice<br \/>\nLek\u00e1rska fakulta UPJ\u0160 v Ko\u0161iciach<br \/>\nKlinika det\u00ed a dorastu LF UPJ\u0160 a DFN Ko\u0161ice<br \/>\nVydavate\u013estvo AMEDI<\/td>\n<\/tr>\n<tr>\n<td>Koordin\u00e1tor:<\/td>\n<td>Doc. MUDr. Milan Kuchta, CSc., mim. prof.<\/td>\n<\/tr>\n<tr class=\"tmave\">\n<td>Pozn\u00e1mka:<\/td>\n<td><a href=\"http:\/\/www.amedi.sk\/podujatia\/xxxii-konferencia-kliniky-detia-dorastu-lf-upjs-a-dfnviii-demantov-denxvii-konferencia-mladych-pediatrov-      45\/uvod.html\">Program<\/a><\/td>\n<\/tr>\n<tr>\n<td colspan=\"2\"><\/td>\n<\/tr>\n<tr>\n<td class=\"nadpis\" colspan=\"2\" align=\"left\"><strong>VII. ko\u0161ick\u00e1 neonatologick\u00e1 konferencia<\/strong><\/td>\n<\/tr>\n<tr class=\"tmave\">\n<td>Term\u00edn konania:<\/td>\n<td>13. \u2013 15. j\u00fana 2016<\/td>\n<\/tr>\n<tr>\n<td>Miesto konania:<\/td>\n<td>Kulturpark, Kuku\u010d\u00ednova 2, Ko\u0161ice<\/td>\n<\/tr>\n<tr class=\"tmave\">\n<td>Organizuj\u00face subjekty:<\/td>\n<td>Klinika neonatol\u00f3gie UPJ\u0160 LF a DFN<br \/>\nNeziskov\u00e1 organiz\u00e1cia Novorodenec.sk<br \/>\nLek\u00e1rska fakulta UPJ\u0160 v Ko\u0161iciach<br \/>\nDetsk\u00e1 fakultn\u00e1 nemocnica Ko\u0161ice<br \/>\nA-medi management<\/td>\n<\/tr>\n<tr>\n<td>Koordin\u00e1tor:<\/td>\n<td>MUDr. Peter Krcho, PhD.<\/td>\n<\/tr>\n<tr class=\"tmave\">\n<td>Pozn\u00e1mka:<\/td>\n<td><a href=\"https:\/\/www.upjs.sk\/app\/uploads\/sites\/9\/2022\/09\/VII-NEOKE-program-2016.pdf\">Program<\/a><\/td>\n<\/tr>\n<tr>\n<td colspan=\"2\"><\/td>\n<\/tr>\n<tr>\n<td class=\"nadpis\" colspan=\"2\" align=\"left\"><strong>XI. kongres internej medic\u00edny<\/strong><\/td>\n<\/tr>\n<tr class=\"tmave\">\n<td>Term\u00edn konania:<\/td>\n<td>16.\u00a0\u2013 18. j\u00fana 2016<\/td>\n<\/tr>\n<tr>\n<td>Miesto konania:<\/td>\n<td>Grand Hotel Bellevue, Horn\u00fd Smokovec<\/td>\n<\/tr>\n<tr class=\"tmave\">\n<td>Organizuj\u00face subjekty:<\/td>\n<td>Slovensk\u00e1 lek\u00e1rska spolo\u010dnos\u0165<br \/>\nSlovensk\u00e1 internistick\u00e1 spolo\u010dnos\u0165<br \/>\n\u010cesk\u00e1 internistick\u00e1 spolo\u010dnos\u0165<br \/>\nLek\u00e1rska fakulta UPJ\u0160 v Ko\u0161iciach<br \/>\nI. intern\u00e1 klinika UPJ\u0160 LF a UNLP Ko\u0161ice<\/td>\n<\/tr>\n<tr>\n<td>Koordin\u00e1tor:<\/td>\n<td>Prof. MUDr. Ivica Laz\u00farov\u00e1, DrSc., FRCP<\/td>\n<\/tr>\n<tr class=\"tmave\">\n<td>Pozn\u00e1mka:<\/td>\n<td>Nad kongresom prevzal patron\u00e1t prezident Slovenskej republiky p\u00e1n Andrej Kiska, <a href=\"http:\/\/www.interna2016.sk\/docs\/interna-program-2016.pdf\">Program<\/a><\/td>\n<\/tr>\n<tr>\n<td colspan=\"2\"><\/td>\n<\/tr>\n<tr>\n<td class=\"nadpis\" colspan=\"2\" align=\"left\"><strong>International Scientific Conference on Probiotics and Prebiotics \u2013 IPC 2016<\/strong><\/td>\n<\/tr>\n<tr class=\"tmave\">\n<td>Date:<\/td>\n<td>21<sup>st<\/sup> \u2013 23<sup>rd<\/sup> June 2016<\/td>\n<\/tr>\n<tr>\n<td>Congress Venue:<\/td>\n<td>Marriot Hotel, Apaczai Csere Janos u.4, Budapest, Hungary<\/td>\n<\/tr>\n<tr class=\"tmave\">\n<td>Organizing subjects:<\/td>\n<td>Pavol Jozef \u0160af\u00e1rik University in Ko\u0161ice,<br \/>\nFaculty of Medicine,<br \/>\nInstitute of Experimental Medicine<\/td>\n<\/tr>\n<tr>\n<td>Coordinator:<\/td>\n<td>Alojz Bomba, MVD. DrSc.<\/td>\n<\/tr>\n<tr class=\"tmave\">\n<td>Congress Language:<\/td>\n<td>English<\/td>\n<\/tr>\n<tr>\n<td>Web:<\/td>\n<td><a href=\"http:\/\/www.probiotic-conference.net\">http:\/\/www.probiotic-conference.net<\/a><\/td>\n<\/tr>\n<tr>\n<td colspan=\"2\"><\/td>\n<\/tr>\n<tr>\n<td class=\"nadpis\" colspan=\"2\" align=\"left\"><strong>8<sup>th<\/sup> International Student Medical Congress Ko\u0161ice (ISMCK`16)<\/strong><\/td>\n<\/tr>\n<tr class=\"tmave\">\n<td>Date:<\/td>\n<td>22<sup>nd<\/sup> \u2013 24<sup>th<\/sup> June 2016<\/td>\n<\/tr>\n<tr>\n<td>Congress Venue:<\/td>\n<td>Lecture Rooms of Pavol Jozef \u0160af\u00e1rik University &#8211; Faculty of Medicine, Trieda SNP\u00a01, Ko\u0161ice<\/td>\n<\/tr>\n<tr class=\"tmave\">\n<td>Organizing Subjects:<\/td>\n<td>Medical Students Association of Ko\u0161ice<br \/>\nEdumed, n.o.<br \/>\nPavol Jozef \u0160af\u00e1rik University in Ko\u0161ice<br \/>\nFaculty of Medicine<\/td>\n<\/tr>\n<tr>\n<td>Coordinator:<\/td>\n<td>MUDr. Pavel Sta\u0161ko, PhD.<\/td>\n<\/tr>\n<tr class=\"tmave\">\n<td>Congress Language:<\/td>\n<td>English<\/td>\n<\/tr>\n<tr>\n<td>Web:<\/td>\n<td><a href=\"http:\/\/www.ismck.com\/\">http:\/\/www.ismck.com\/<\/a><\/td>\n<\/tr>\n<tr>\n<td colspan=\"2\"><\/td>\n<\/tr>\n<tr>\n<td class=\"nadpis\" colspan=\"2\" align=\"left\"><strong>XII. slovensk\u00fd psychiatrick\u00fd zjazd<\/strong><\/td>\n<\/tr>\n<tr class=\"tmave\">\n<td>Term\u00edn konania:<\/td>\n<td>23.\u00a0\u2013 25. j\u00fana 2016<\/td>\n<\/tr>\n<tr>\n<td>Miesto konania:<\/td>\n<td>Hotel DoubleTree by Hilton, Ko\u0161ice<\/td>\n<\/tr>\n<tr class=\"tmave\">\n<td>Organizuj\u00faci subjekt:<\/td>\n<td>Slovensk\u00e1 psychiatrick\u00e1 spolo\u010dnos\u0165 SLS<\/td>\n<\/tr>\n<tr>\n<td>\u010clenovia organiza\u010dn\u00e9ho a programov\u00e9ho v\u00fdboru z LF UPJ\u0160:<\/td>\n<td>MUDr. Dagmar Brezno\u0161\u010d\u00e1kov\u00e1, PhD.,<br \/>\nDoc. MUDr. Ivan D\u00f3ci, PhD.,<br \/>\nMUDr. Jozef Draga\u0161ek, PhD.<\/td>\n<\/tr>\n<tr class=\"tmave\">\n<td>Pozn\u00e1mka:<\/td>\n<td><a href=\"https:\/\/www.upjs.sk\/app\/uploads\/sites\/9\/2022\/09\/XII-SPK-2016-final_program.pdf\">Program<\/a><\/td>\n<\/tr>\n<tr>\n<td colspan=\"2\"><\/td>\n<\/tr>\n<tr>\n<td class=\"mesiac\" colspan=\"2\">SEPTEMBER 2016<\/td>\n<\/tr>\n<tr>\n<td class=\"nadpis\" colspan=\"2\" align=\"left\"><strong>Nov\u00fd poh\u013ead na stanovenie mo\u010dov\u00e9ho sedimentu a elektrofor\u00e9zu mo\u010da<\/strong><\/td>\n<\/tr>\n<tr class=\"tmave\">\n<td>Term\u00edn konania:<\/td>\n<td>19. septembra 2016<\/td>\n<\/tr>\n<tr>\n<td>Miesto konania:<\/td>\n<td>Konferen\u010dn\u00e1 miestnos\u0165 penzi\u00f3nu Zlat\u00fd Jele\u0148 Ko\u0161ice, Bankov 7<\/td>\n<\/tr>\n<tr class=\"tmave\">\n<td>Organizuj\u00face subjekty:<\/td>\n<td>GTRADE s.r.o.<br \/>\nSlovensk\u00e1 spolo\u010dnos\u0165 klinickej bioch\u00e9mie<br \/>\nSpolok lek\u00e1rov v Ko\u0161iciach<br \/>\nBioVendor &#8211; Laboratorn\u00ed medic\u00edna a.s.<\/td>\n<\/tr>\n<tr>\n<td>Koordin\u00e1tor:<\/td>\n<td>Prof. MUDr. Oliver R\u00e1cz, CSc., prezident SSKB<\/td>\n<\/tr>\n<tr class=\"tmave\">\n<td>Pozn\u00e1mka:<\/td>\n<td><a href=\"https:\/\/www.upjs.sk\/app\/uploads\/sites\/9\/2022\/09\/pozvanka-Zlaty-jelen2016-pre-SpolMed.docx\">Program<\/a><\/td>\n<\/tr>\n<tr>\n<td colspan=\"2\"><\/td>\n<\/tr>\n<tr>\n<td class=\"nadpis\" colspan=\"2\" align=\"left\"><strong>7. stredoeur\u00f3psky pop\u00e1leninov\u00fd kongres<br \/>\nXXI. v\u00fdro\u010dn\u00e1 konferencia Spolo\u010dnosti pop\u00e1leninovej medic\u00edny<\/strong><\/td>\n<\/tr>\n<tr class=\"tmave\">\n<td>Term\u00edn konania:<\/td>\n<td>22. \u2013 23. septembra 2016<\/td>\n<\/tr>\n<tr>\n<td>Miesto konania:<\/td>\n<td>Double Tree by Hilton, Hlavn\u00e1 1, Ko\u0161ice<\/td>\n<\/tr>\n<tr class=\"tmave\">\n<td>Organizuj\u00face subjekty:<\/td>\n<td>OZ pre lie\u010dbu pop\u00e1len\u00fdch<br \/>\nLek\u00e1rska fakulta UPJ\u0160, Ko\u0161ice<br \/>\nSlovensk\u00e1 lek\u00e1rska spolo\u010dnos\u0165<br \/>\nSlovensk\u00e1 spolo\u010dnos\u0165 plastickej a estetickej chirurgie<br \/>\nSlovensk\u00e1 komora sestier a p\u00f4rodn\u00fdch asistentiek<\/td>\n<\/tr>\n<tr>\n<td>Koordin\u00e1tor:<\/td>\n<td>MUDr. Peter Lengyel, PhD.<\/td>\n<\/tr>\n<tr class=\"tmave\">\n<td>Pozn\u00e1mka:<\/td>\n<td><a href=\"https:\/\/www.upjs.sk\/app\/uploads\/sites\/9\/2022\/09\/program-popaleninoveho-kongresu-2016.pdf\">Program<\/a><\/td>\n<\/tr>\n<tr>\n<td colspan=\"2\"><\/td>\n<\/tr>\n<tr>\n<td class=\"mesiac\" colspan=\"2\">OKT\u00d3BER 2016<\/td>\n<\/tr>\n<tr>\n<td class=\"nadpis\" colspan=\"2\" align=\"left\"><strong>XXII. vedeck\u00e1 sch\u00f4dza Spolku lek\u00e1rov v Ko\u0161iciach v spolupr\u00e1ci s obcou Bla\u017eice<br \/>\nBoles\u0165 &#8211; diagnostika a lie\u010dba<\/strong><\/td>\n<\/tr>\n<tr class=\"tmave\">\n<td>Term\u00edn konania:<\/td>\n<td>3. okt\u00f3bra 2016 o 14.00 hod.<\/td>\n<\/tr>\n<tr>\n<td>Miesto konania:<\/td>\n<td>Dom kult\u00fary, Bla\u017eice, okr. Ko\u0161ice-okolie<\/td>\n<\/tr>\n<tr class=\"tmave\">\n<td>Organizuj\u00face subjekty:<\/td>\n<td>Spolok lek\u00e1rov Ko\u0161ice<br \/>\nRegion\u00e1lna lek\u00e1rska komora Ko\u0161ice<br \/>\nUniverzita Pavla Jozefa \u0160af\u00e1rika v Ko\u0161iciach, Lek\u00e1rska fakulta<br \/>\n\u00dastav experiment\u00e1lnej medic\u00edny, Lek\u00e1rska fakulta UPJ\u0160 v Ko\u0161iciach<\/td>\n<\/tr>\n<tr>\n<td>Koordin\u00e1tor:<\/td>\n<td>Prof. MUDr. Miroslav Mydl\u00edk, DrSc., IV. intern\u00e1 klinika UNLP a \u00dastav experiment\u00e1lnej medic\u00edny UPJ\u0160 LF<\/td>\n<\/tr>\n<tr class=\"tmave\">\n<td>Pozn\u00e1mka:<\/td>\n<td><a href=\"https:\/\/www.upjs.sk\/app\/uploads\/sites\/9\/2022\/09\/Program-XXII.-Blazice-2016.pdf\">Program<\/a><\/td>\n<\/tr>\n<tr>\n<td colspan=\"2\"><\/td>\n<\/tr>\n<tr>\n<td class=\"nadpis\" colspan=\"2\" align=\"left\"><strong>Kongres Slovenskej transplantologickej spolo\u010dnosti<\/strong><\/td>\n<\/tr>\n<tr class=\"tmave\">\n<td>Term\u00edn konania:<\/td>\n<td>6. \u2013 8. okt\u00f3bra 2016<\/td>\n<\/tr>\n<tr>\n<td>Miesto konania:<\/td>\n<td>Hotel Doubletree by Hilton, Ko\u0161ice<\/td>\n<\/tr>\n<tr class=\"tmave\">\n<td>Organizuj\u00face subjekty:<\/td>\n<td>Slovensk\u00e1 lek\u00e1rska spolo\u010dnos\u0165<br \/>\nSlovensk\u00e1 transplantologick\u00e1 spolo\u010dnos\u0165<br \/>\nSlovensk\u00e1 spolo\u010dnos\u0165 anest\u00e9ziol\u00f3gie a intenz\u00edvnej medic\u00edny<\/td>\n<\/tr>\n<tr>\n<td>Koordin\u00e1tori UPJ\u0160 LF:<\/td>\n<td>Doc. MUDr. Jozef Firment, PhD., Doc. MUDr. Peter Jar\u010du\u0161ka, PhD., Prof. MUDr. Jozef Rado\u0148\u00e1k, CSc., MPH, MUDr. Jaroslav Rosenberger, PhD., MVDr. J\u00e1n Rosocha, CSc.<\/td>\n<\/tr>\n<tr class=\"tmave\">\n<td>Pozn\u00e1mka:<\/td>\n<td><a href=\"https:\/\/www.upjs.sk\/app\/uploads\/sites\/9\/2022\/09\/transplant.pdf\">Pozv\u00e1nka<\/a><\/td>\n<\/tr>\n<tr>\n<td colspan=\"2\"><\/td>\n<\/tr>\n<tr>\n<td class=\"mesiac\" colspan=\"2\">NOVEMBER 2016<\/td>\n<\/tr>\n<tr>\n<td class=\"nadpis\" colspan=\"2\" align=\"left\"><strong>Biomedic\u00ednske aspekty regener\u00e1cie a rekon\u0161trukcie tkan\u00edv v oromaxilofaci\u00e1lnej oblasti<\/strong><\/td>\n<\/tr>\n<tr class=\"tmave\">\n<td>Term\u00edn konania:<\/td>\n<td>7. novembra 2016 o 13.00 hod.<\/td>\n<\/tr>\n<tr>\n<td>Miesto konania:<\/td>\n<td>UN LP Ko\u0161ice \u2013 V. pavil\u00f3n, Rastislavova 43<\/td>\n<\/tr>\n<tr class=\"tmave\">\n<td>Organizuj\u00face subjekty:<\/td>\n<td>Univerzita Pavla Jozefa \u0160af\u00e1rika v Ko\u0161iciach<br \/>\nLek\u00e1rska fakulta UPJ\u0160 v Ko\u0161iciach<br \/>\nUniverzitn\u00e1 nemocnica L. Pasteura Ko\u0161ice<br \/>\nKlinika stomatol\u00f3gie a maxilofaci\u00e1lnej chirurgie LF UPJ\u0160 a UN LP v Ko\u0161iciach<br \/>\nAkad\u00e9mia Ko\u0161ice n.o.<br \/>\nSolmea s.r.o. Ko\u0161ice<\/td>\n<\/tr>\n<tr>\n<td>Koordin\u00e1tor:<\/td>\n<td>Dr.h.c. prof. MUDr. Andrej Jen\u010da, CSc., MPH<\/td>\n<\/tr>\n<tr class=\"tmave\">\n<td>Pozn\u00e1mka:<\/td>\n<td><a href=\"https:\/\/www.upjs.sk\/app\/uploads\/sites\/9\/2022\/09\/konferencia-2016-11-07.pdf\">Program<\/a><\/td>\n<\/tr>\n<tr>\n<td colspan=\"2\"><\/td>\n<\/tr>\n<tr>\n<td class=\"nadpis\" colspan=\"2\" align=\"left\"><strong>Vedeck\u00e1 pracovn\u00e1 sch\u00f4dza V\u00fdchodoslovensk\u00e9ho \u00fastavu srdcov\u00fdch chor\u00f4b, a.s.<\/strong><\/td>\n<\/tr>\n<tr class=\"tmave\">\n<td>Term\u00edn konania:<\/td>\n<td>7. novembra 2016 o 14.30 hod.<\/td>\n<\/tr>\n<tr>\n<td>Miesto konania:<\/td>\n<td>Kongresov\u00e1 s\u00e1la V\u00daSCH, a.s., Ondavsk\u00e1 \u010d. 8, Ko\u0161ice<\/td>\n<\/tr>\n<tr class=\"tmave\">\n<td>Organizuj\u00face subjekty:<\/td>\n<td>Spolok lek\u00e1rov Ko\u0161ice<br \/>\nRegion\u00e1lna lek\u00e1rska komora Ko\u0161ice<br \/>\nUPJ\u0160 Lek\u00e1rska fakulta Ko\u0161ice<br \/>\nV\u00daSCH, a.s.<\/td>\n<\/tr>\n<tr>\n<td>Koordin\u00e1tor:<\/td>\n<td>Doc. MUDr. Franti\u0161ek Sabol, PhD., MPH, predseda predstavenstva a gener\u00e1lny riadite\u013e V\u00daSCH, a.s.<\/td>\n<\/tr>\n<tr class=\"tmave\">\n<td>Pozn\u00e1mka:<\/td>\n<td><a href=\"https:\/\/www.upjs.sk\/app\/uploads\/sites\/9\/2022\/09\/VUSCH-7-11-2016.pdf\">Program<\/a><\/td>\n<\/tr>\n<tr>\n<td colspan=\"2\"><\/td>\n<\/tr>\n<tr>\n<td class=\"nadpis\" colspan=\"2\" align=\"left\"><strong>V. memori\u00e1l profesora MUDr. Rudolfa Koreca, DrSc.<br \/>\nNov\u00e9 poznatky v oblasti fyziol\u00f3gie a patofyzi\u00f3logie <\/strong><\/td>\n<\/tr>\n<tr class=\"tmave\">\n<td>Term\u00edn konania:<\/td>\n<td>14. novembra 2015 o 14.30 hod.<\/td>\n<\/tr>\n<tr>\n<td>Miesto konania:<\/td>\n<td>Semin\u00e1rna miestnos\u0165 UPJ\u0160 LF, Trieda SNP 1, Ko\u0161ice<\/td>\n<\/tr>\n<tr class=\"tmave\">\n<td>Organizuj\u00face subjekty:<\/td>\n<td>Spolok lek\u00e1rov Ko\u0161ice<br \/>\nRegion\u00e1lna lek\u00e1rska komora Ko\u0161ice<br \/>\nUPJ\u0160 v Ko\u0161iciach, Lek\u00e1rska fakulta<\/td>\n<\/tr>\n<tr>\n<td>Koordin\u00e1tor:<\/td>\n<td>doc. MUDr. Roman Be\u0148a\u010dka, CSc, mim. prof.,<br \/>\nMUDr. Marta Korecov\u00e1, Nad\u00e1cia profesora MUDr. Rudolfa Koreca, DrSc.<\/td>\n<\/tr>\n<tr class=\"tmave\">\n<td>Pozn\u00e1mka:<\/td>\n<td><a href=\"https:\/\/www.upjs.sk\/app\/uploads\/sites\/9\/2022\/09\/SLK-2016-11-14.pdf\">Program<\/a><\/td>\n<\/tr>\n<tr>\n<td colspan=\"2\"><\/td>\n<\/tr>\n<tr>\n<td class=\"nadpis\" colspan=\"2\" align=\"left\"><strong>XXV. Schwarzov de\u0148<br \/>\nZ\u00e1va\u017en\u00e9 komplik\u00e1cie gynekologicko-p\u00f4rodn\u00edckych opera\u010dn\u00fdch v\u00fdkonov a ich lie\u010dba<\/strong><\/td>\n<\/tr>\n<tr class=\"tmave\">\n<td>Term\u00edn konania:<\/td>\n<td>16. novembra 2016<\/td>\n<\/tr>\n<tr>\n<td>Miesto konania:<\/td>\n<td>Hotel DoubleTree by Hilton, Hlavn\u00e1 1, Ko\u0161ice<\/td>\n<\/tr>\n<tr class=\"tmave\">\n<td>Organizuj\u00face subjekty:<\/td>\n<td>Slovensk\u00e1 gynekologicko-p\u00f4rodn\u00edcka spolo\u010dnos\u0165 SLS<br \/>\nUniverzita P. J. \u0160af\u00e1rika v Ko\u0161iciach, Lek\u00e1rska fakulta<\/td>\n<\/tr>\n<tr>\n<td>Koordin\u00e1tor:<\/td>\n<td>Prof. MUDr. Alexander Ostr\u00f3, CSc., MBA<\/td>\n<\/tr>\n<tr class=\"tmave\">\n<td>Pozn\u00e1mka:<\/td>\n<td><a href=\"https:\/\/www.upjs.sk\/app\/uploads\/sites\/9\/2022\/09\/Schwarzov-den-2016.pdf\">Pozv\u00e1nka<\/a><\/td>\n<\/tr>\n<tr>\n<td>Web:<\/td>\n<td><a href=\"http:\/\/www.sgps-kongres.sk\/schwarzovden\/\">http:\/\/www.sgps-kongres.sk\/schwarzovden\/<\/a><\/td>\n<\/tr>\n<tr>\n<td colspan=\"2\"><\/td>\n<\/tr>\n<tr>\n<td class=\"nadpis\" colspan=\"2\" align=\"left\"><strong>Krajsk\u00fd semin\u00e1r dermatovenerol\u00f3gov<\/strong><\/td>\n<\/tr>\n<tr class=\"tmave\">\n<td>Term\u00edn konania:<\/td>\n<td>24. novembra 2016 o 13.15 hod.<\/td>\n<\/tr>\n<tr>\n<td>Miesto konania:<\/td>\n<td>Kult\u00farno-spolo\u010densk\u00e9 centrum &#8211; JU\u017dAN, Ko\u0161ice, Smetanova 4<\/td>\n<\/tr>\n<tr class=\"tmave\">\n<td>Organizuj\u00face subjekty:<\/td>\n<td>Slovensk\u00e1 dermatovenerologick\u00e1 spolo\u010dnos\u0165<br \/>\nKrajsk\u00fd odborn\u00edk pre dermatovenerol\u00f3giu Ko\u0161ick\u00e9ho kraja<br \/>\nKlinika dermatovenerol\u00f3gie UPJ\u0160 LF a UNLP v Ko\u0161iciach<\/td>\n<\/tr>\n<tr>\n<td>Koordin\u00e1tor:<\/td>\n<td>Prof. MUDr. Jagienka Jautov\u00e1, PhD., MBA<\/td>\n<\/tr>\n<tr class=\"tmave\">\n<td>Pozn\u00e1mka:<\/td>\n<td><a href=\"https:\/\/www.upjs.sk\/app\/uploads\/sites\/9\/2022\/09\/KSD-2016-11-24.pdf\">Program<\/a>, <a href=\"https:\/\/www.upjs.sk\/app\/uploads\/sites\/9\/2022\/09\/KSD-2016-11-24-navratka.doc\">N\u00e1vratka na semin\u00e1r<\/a><\/td>\n<\/tr>\n<tr>\n<td colspan=\"2\"><\/td>\n<\/tr>\n<tr>\n<td class=\"nadpis\" colspan=\"2\" align=\"left\"><strong>2. kurz CEEA<\/strong><\/td>\n<\/tr>\n<tr class=\"tmave\">\n<td>Term\u00edn konania:<\/td>\n<td>30. novembra \u2013 2. decembra 2016<\/td>\n<\/tr>\n<tr>\n<td>Miesto konania:<\/td>\n<td>In\u0161tit\u00fat pre \u010fal\u0161ie vzdel\u00e1vanie veterin\u00e1rnych lek\u00e1rov, Cesta pod Hradovou 13, Ko\u0161ice<\/td>\n<\/tr>\n<tr class=\"tmave\">\n<td>Organizuj\u00face subjekty:<\/td>\n<td><a href=\"http:\/\/www.lf.upjs.sk\/ceea\">Slovensk\u00e9 centrum CEEA<\/a><br \/>\nEur\u00f3pska spolo\u010dnos\u0165 anest\u00e9ziol\u00f3gie<br \/>\nSlovensk\u00e1 spolo\u010dnos\u0165 anest\u00e9ziol\u00f3gie a intenz\u00edvnej medic\u00edny<br \/>\nI. klinika anest\u00e9ziol\u00f3gie a intenz\u00edvnej medic\u00edny UPJ\u0160 LF a UNLP Ko\u0161ice<br \/>\nSpolo\u010dnos\u0165 pre kriticky chor\u00fdch pri I. KAIM<\/td>\n<\/tr>\n<tr>\n<td>Koordin\u00e1tor:<\/td>\n<td>MUDr. \u0160tefan Trenkler, PhD., Slovensk\u00e9 centrum CEEA<\/td>\n<\/tr>\n<tr class=\"tmave\">\n<td>Pozn\u00e1mka:<\/td>\n<td><a href=\"http:\/\/www.lf.upjs.sk\/ceea\/Program_CEEA2016 22112016.pdf\" data-wplink-url-error=\"true\">Program<\/a><\/td>\n<\/tr>\n<tr>\n<td colspan=\"2\"><\/td>\n<\/tr>\n<tr>\n<td class=\"mesiac\" colspan=\"2\">DECEMBER 2016<\/td>\n<\/tr>\n<tr>\n<td class=\"nadpis\" colspan=\"2\" align=\"left\"><strong>ATHERO-PREVENT<br \/>\nMedzin\u00e1rodn\u00e9 symp\u00f3zium<br \/>\nPrevencia ateroskler\u00f3zy a obezity so zameran\u00edm na deti a adolescentov<\/strong><\/td>\n<\/tr>\n<tr class=\"tmave\">\n<td>Term\u00edn konania:<\/td>\n<td>5. decembra 2016 o 12.30 hod.<\/td>\n<\/tr>\n<tr>\n<td>Miesto konania:<\/td>\n<td>Aula SEV\u0160 &#8211; Vzdel\u00e1vacie a konzulta\u010dn\u00e9 pracovisko, Tajovsk\u00e9ho 1383\/15, Ko\u0161ice<\/td>\n<\/tr>\n<tr class=\"tmave\">\n<td>Organizuj\u00face subjekty:<\/td>\n<td>Sekcia pre ateroskler\u00f3zu SSKB<br \/>\nKlinika det\u00ed a dorastu UPJ\u0160 LF a DFN Ko\u0161ice<br \/>\nLaborat\u00f3rium v\u00fdskumn\u00fdch biomodelov UPJ\u0160 LF Ko\u0161ice<br \/>\nV spolupr\u00e1ci so Sekciou prevencie kardiovaskul\u00e1rnych ochoren\u00ed SPS<br \/>\nVydavate\u013estvo AMEDI<\/td>\n<\/tr>\n<tr>\n<td>Koordin\u00e1tori:<\/td>\n<td>Doc. MUDr. Ingrid Schusterov\u00e1, PhD.<\/td>\n<\/tr>\n<tr class=\"tmave\">\n<td>Pozn\u00e1mka:<\/td>\n<td><a href=\"https:\/\/www.upjs.sk\/app\/uploads\/sites\/9\/2022\/09\/PROGRAM_Athero-prevent-2016.pdf\">Program<\/a><\/td>\n<\/tr>\n<tr>\n<td colspan=\"2\"><\/td>\n<\/tr>\n<tr>\n<td class=\"nadpis\" colspan=\"2\" align=\"left\"><strong>Prezent\u00e1cia kn\u00edh spisovate\u013ea Petra Vala<br \/>\n\u010cierny humor v bielom pl\u00e1\u0161ti 1. a 2. diel<\/strong><\/td>\n<\/tr>\n<tr class=\"tmave\">\n<td>Term\u00edn konania:<\/td>\n<td>5. decembra 2016 o 15.00 hod.<\/td>\n<\/tr>\n<tr>\n<td>Miesto konania:<\/td>\n<td>M\u00fazeum Vojtecha L\u00f6fflera, Al\u017ebetina 20, Ko\u0161ice \u2013 Star\u00e9 Mesto<\/td>\n<\/tr>\n<tr class=\"tmave\">\n<td>Organizuj\u00face subjekty:<\/td>\n<td>Spolok lek\u00e1rov Ko\u0161ice<br \/>\nKlub turistov Medic\u00edna Ko\u0161ice<br \/>\nMestsk\u00e1 \u010das\u0165 Ko\u0161ice \u2013 Star\u00e9 mesto<\/td>\n<\/tr>\n<tr>\n<td>Koordin\u00e1tori:<\/td>\n<td>Prof. MUDr. Oliver R\u00e1cz, CSc., Spolok lek\u00e1rov Ko\u0161ice<br \/>\nMUDr. Karol Jutka, Klub turistov Medic\u00edna Ko\u0161ice<\/td>\n<\/tr>\n<tr class=\"tmave\">\n<td>Pozn\u00e1mka:<\/td>\n<td><a href=\"https:\/\/www.upjs.sk\/app\/uploads\/sites\/9\/2022\/09\/SLK-2016-12-05.pdf\">Pozv\u00e1nka<\/a><\/td>\n<\/tr>\n<tr>\n<td colspan=\"2\"><\/td>\n<\/tr>\n<\/tbody>\n<\/table>\n","protected":false},"excerpt":{"rendered":"<p>JANU\u00c1R 2016 53. v\u00fdchodoslovensk\u00e9 lek\u00e1rske dni a XXIII. memori\u00e1l profesora J\u00e1na K\u0148azovick\u00e9ho Pokroky v onkol\u00f3gii Term\u00edn konania: 14. \u2013 15. janu\u00e1ra 2016 Miesto konania: Posluch\u00e1re\u0148 prof. J\u00e1na K\u0148azovick\u00e9ho na UPJ\u0160 LF, Trieda SNP 1, Ko\u0161ice Organizuj\u00face subjekty: Slovensk\u00e1 lek\u00e1rska spolo\u010dnos\u0165 Spolok lek\u00e1rov v Ko\u0161iciach Region\u00e1lna lek\u00e1rska komora v Ko\u0161iciach Univerzita Pavla Jozefa \u0160af\u00e1rika v Ko\u0161iciach &hellip; <a href=\"https:\/\/www.upjs.sk\/lekarska-fakulta\/fakulta\/konferencie-a-podujatia\/podujatia-2016\/\">\u010c\u00edta\u0165 \u010falej<\/a><\/p>\n","protected":false},"author":1,"featured_media":0,"parent":14171,"menu_order":10,"comment_status":"closed","ping_status":"closed","template":"","meta":{"_acf_changed":false,"_editorskit_title_hidden":false,"_editorskit_reading_time":0,"_editorskit_is_block_options_detached":false,"_editorskit_block_options_position":"{}","footnotes":""},"categories":[],"tags":[],"class_list":["post-16637","page","type-page","status-publish","hentry"],"acf":{"acf_link_na_externy_obsah":""},"yoast_head":"<!-- This site is optimized with the Yoast SEO plugin v27.4 - https:\/\/yoast.com\/product\/yoast-seo-wordpress\/ -->\n<title>Podujatia v roku 2016 - Lek\u00e1rska fakulta | UPJ\u0160<\/title>\n<meta name=\"robots\" content=\"index, follow, max-snippet:-1, max-image-preview:large, max-video-preview:-1\" \/>\n<link rel=\"canonical\" href=\"https:\/\/www.upjs.sk\/lekarska-fakulta\/fakulta\/konferencie-a-podujatia\/podujatia-2016\/\" \/>\n<meta property=\"og:locale\" content=\"sk_SK\" \/>\n<meta property=\"og:type\" content=\"article\" \/>\n<meta property=\"og:title\" content=\"Podujatia v roku 2016 - Lek\u00e1rska fakulta | UPJ\u0160\" \/>\n<meta property=\"og:description\" content=\"JANU\u00c1R 2016 53. v\u00fdchodoslovensk\u00e9 lek\u00e1rske dni a XXIII. memori\u00e1l profesora J\u00e1na K\u0148azovick\u00e9ho Pokroky v onkol\u00f3gii Term\u00edn konania: 14. \u2013 15. janu\u00e1ra 2016 Miesto konania: Posluch\u00e1re\u0148 prof. J\u00e1na K\u0148azovick\u00e9ho na UPJ\u0160 LF, Trieda SNP 1, Ko\u0161ice Organizuj\u00face subjekty: Slovensk\u00e1 lek\u00e1rska spolo\u010dnos\u0165 Spolok lek\u00e1rov v Ko\u0161iciach Region\u00e1lna lek\u00e1rska komora v Ko\u0161iciach Univerzita Pavla Jozefa \u0160af\u00e1rika v Ko\u0161iciach &hellip; \u010c\u00edta\u0165 \u010falej\" \/>\n<meta property=\"og:url\" content=\"https:\/\/www.upjs.sk\/lekarska-fakulta\/fakulta\/konferencie-a-podujatia\/podujatia-2016\/\" \/>\n<meta property=\"og:site_name\" content=\"Lek\u00e1rska fakulta | UPJ\u0160\" \/>\n<meta property=\"article:modified_time\" content=\"2025-02-21T08:47:26+00:00\" \/>\n<meta name=\"twitter:card\" content=\"summary_large_image\" \/>\n<meta name=\"twitter:label1\" content=\"Predpokladan\u00fd \u010das \u010d\u00edtania\" \/>\n\t<meta name=\"twitter:data1\" content=\"12 min\u00fat\" \/>\n<script type=\"application\/ld+json\" class=\"yoast-schema-graph\">{\"@context\":\"https:\\\/\\\/schema.org\",\"@graph\":[{\"@type\":\"WebPage\",\"@id\":\"https:\\\/\\\/www.upjs.sk\\\/lekarska-fakulta\\\/fakulta\\\/konferencie-a-podujatia\\\/podujatia-2016\\\/\",\"url\":\"https:\\\/\\\/www.upjs.sk\\\/lekarska-fakulta\\\/fakulta\\\/konferencie-a-podujatia\\\/podujatia-2016\\\/\",\"name\":\"Podujatia v roku 2016 - Lek\u00e1rska fakulta | UPJ\u0160\",\"isPartOf\":{\"@id\":\"https:\\\/\\\/www.upjs.sk\\\/lekarska-fakulta\\\/#website\"},\"datePublished\":\"2017-01-03T12:27:15+00:00\",\"dateModified\":\"2025-02-21T08:47:26+00:00\",\"breadcrumb\":{\"@id\":\"https:\\\/\\\/www.upjs.sk\\\/lekarska-fakulta\\\/fakulta\\\/konferencie-a-podujatia\\\/podujatia-2016\\\/#breadcrumb\"},\"inLanguage\":\"sk-SK\",\"potentialAction\":[{\"@type\":\"ReadAction\",\"target\":[\"https:\\\/\\\/www.upjs.sk\\\/lekarska-fakulta\\\/fakulta\\\/konferencie-a-podujatia\\\/podujatia-2016\\\/\"]}]},{\"@type\":\"BreadcrumbList\",\"@id\":\"https:\\\/\\\/www.upjs.sk\\\/lekarska-fakulta\\\/fakulta\\\/konferencie-a-podujatia\\\/podujatia-2016\\\/#breadcrumb\",\"itemListElement\":[{\"@type\":\"ListItem\",\"position\":1,\"name\":\"Home\",\"item\":\"https:\\\/\\\/www.upjs.sk\\\/lekarska-fakulta\\\/\"},{\"@type\":\"ListItem\",\"position\":2,\"name\":\"O fakulte\",\"item\":\"https:\\\/\\\/www.upjs.sk\\\/lekarska-fakulta\\\/fakulta\\\/\"},{\"@type\":\"ListItem\",\"position\":3,\"name\":\"Konferencie a podujatia\",\"item\":\"https:\\\/\\\/www.upjs.sk\\\/lekarska-fakulta\\\/fakulta\\\/konferencie-a-podujatia\\\/\"},{\"@type\":\"ListItem\",\"position\":4,\"name\":\"Podujatia v roku 2016\"}]},{\"@type\":\"WebSite\",\"@id\":\"https:\\\/\\\/www.upjs.sk\\\/lekarska-fakulta\\\/#website\",\"url\":\"https:\\\/\\\/www.upjs.sk\\\/lekarska-fakulta\\\/\",\"name\":\"Lek\u00e1rska fakulta | UPJ\u0160\",\"description\":\"\",\"publisher\":{\"@id\":\"https:\\\/\\\/www.upjs.sk\\\/lekarska-fakulta\\\/#organization\"},\"potentialAction\":[{\"@type\":\"SearchAction\",\"target\":{\"@type\":\"EntryPoint\",\"urlTemplate\":\"https:\\\/\\\/www.upjs.sk\\\/lekarska-fakulta\\\/?s={search_term_string}\"},\"query-input\":{\"@type\":\"PropertyValueSpecification\",\"valueRequired\":true,\"valueName\":\"search_term_string\"}}],\"inLanguage\":\"sk-SK\"},{\"@type\":\"Organization\",\"@id\":\"https:\\\/\\\/www.upjs.sk\\\/lekarska-fakulta\\\/#organization\",\"name\":\"Lek\u00e1rska fakulta | UPJ\u0160\",\"url\":\"https:\\\/\\\/www.upjs.sk\\\/lekarska-fakulta\\\/\",\"logo\":{\"@type\":\"ImageObject\",\"inLanguage\":\"sk-SK\",\"@id\":\"https:\\\/\\\/www.upjs.sk\\\/lekarska-fakulta\\\/#\\\/schema\\\/logo\\\/image\\\/\",\"url\":\"https:\\\/\\\/www.upjs.sk\\\/app\\\/uploads\\\/sites\\\/9\\\/2022\\\/09\\\/logo-lekarska-fakulta.png\",\"contentUrl\":\"https:\\\/\\\/www.upjs.sk\\\/app\\\/uploads\\\/sites\\\/9\\\/2022\\\/09\\\/logo-lekarska-fakulta.png\",\"width\":415,\"height\":87,\"caption\":\"Lek\u00e1rska fakulta | UPJ\u0160\"},\"image\":{\"@id\":\"https:\\\/\\\/www.upjs.sk\\\/lekarska-fakulta\\\/#\\\/schema\\\/logo\\\/image\\\/\"}}]}<\/script>\n<!-- \/ Yoast SEO plugin. -->","yoast_head_json":{"title":"Podujatia v roku 2016 - Lek\u00e1rska fakulta | UPJ\u0160","robots":{"index":"index","follow":"follow","max-snippet":"max-snippet:-1","max-image-preview":"max-image-preview:large","max-video-preview":"max-video-preview:-1"},"canonical":"https:\/\/www.upjs.sk\/lekarska-fakulta\/fakulta\/konferencie-a-podujatia\/podujatia-2016\/","og_locale":"sk_SK","og_type":"article","og_title":"Podujatia v roku 2016 - Lek\u00e1rska fakulta | UPJ\u0160","og_description":"JANU\u00c1R 2016 53. v\u00fdchodoslovensk\u00e9 lek\u00e1rske dni a XXIII. memori\u00e1l profesora J\u00e1na K\u0148azovick\u00e9ho Pokroky v onkol\u00f3gii Term\u00edn konania: 14. \u2013 15. janu\u00e1ra 2016 Miesto konania: Posluch\u00e1re\u0148 prof. J\u00e1na K\u0148azovick\u00e9ho na UPJ\u0160 LF, Trieda SNP 1, Ko\u0161ice Organizuj\u00face subjekty: Slovensk\u00e1 lek\u00e1rska spolo\u010dnos\u0165 Spolok lek\u00e1rov v Ko\u0161iciach Region\u00e1lna lek\u00e1rska komora v Ko\u0161iciach Univerzita Pavla Jozefa \u0160af\u00e1rika v Ko\u0161iciach &hellip; \u010c\u00edta\u0165 \u010falej","og_url":"https:\/\/www.upjs.sk\/lekarska-fakulta\/fakulta\/konferencie-a-podujatia\/podujatia-2016\/","og_site_name":"Lek\u00e1rska fakulta | UPJ\u0160","article_modified_time":"2025-02-21T08:47:26+00:00","twitter_card":"summary_large_image","twitter_misc":{"Predpokladan\u00fd \u010das \u010d\u00edtania":"12 min\u00fat"},"schema":{"@context":"https:\/\/schema.org","@graph":[{"@type":"WebPage","@id":"https:\/\/www.upjs.sk\/lekarska-fakulta\/fakulta\/konferencie-a-podujatia\/podujatia-2016\/","url":"https:\/\/www.upjs.sk\/lekarska-fakulta\/fakulta\/konferencie-a-podujatia\/podujatia-2016\/","name":"Podujatia v roku 2016 - Lek\u00e1rska fakulta | UPJ\u0160","isPartOf":{"@id":"https:\/\/www.upjs.sk\/lekarska-fakulta\/#website"},"datePublished":"2017-01-03T12:27:15+00:00","dateModified":"2025-02-21T08:47:26+00:00","breadcrumb":{"@id":"https:\/\/www.upjs.sk\/lekarska-fakulta\/fakulta\/konferencie-a-podujatia\/podujatia-2016\/#breadcrumb"},"inLanguage":"sk-SK","potentialAction":[{"@type":"ReadAction","target":["https:\/\/www.upjs.sk\/lekarska-fakulta\/fakulta\/konferencie-a-podujatia\/podujatia-2016\/"]}]},{"@type":"BreadcrumbList","@id":"https:\/\/www.upjs.sk\/lekarska-fakulta\/fakulta\/konferencie-a-podujatia\/podujatia-2016\/#breadcrumb","itemListElement":[{"@type":"ListItem","position":1,"name":"Home","item":"https:\/\/www.upjs.sk\/lekarska-fakulta\/"},{"@type":"ListItem","position":2,"name":"O fakulte","item":"https:\/\/www.upjs.sk\/lekarska-fakulta\/fakulta\/"},{"@type":"ListItem","position":3,"name":"Konferencie a podujatia","item":"https:\/\/www.upjs.sk\/lekarska-fakulta\/fakulta\/konferencie-a-podujatia\/"},{"@type":"ListItem","position":4,"name":"Podujatia v roku 2016"}]},{"@type":"WebSite","@id":"https:\/\/www.upjs.sk\/lekarska-fakulta\/#website","url":"https:\/\/www.upjs.sk\/lekarska-fakulta\/","name":"Lek\u00e1rska fakulta | UPJ\u0160","description":"","publisher":{"@id":"https:\/\/www.upjs.sk\/lekarska-fakulta\/#organization"},"potentialAction":[{"@type":"SearchAction","target":{"@type":"EntryPoint","urlTemplate":"https:\/\/www.upjs.sk\/lekarska-fakulta\/?s={search_term_string}"},"query-input":{"@type":"PropertyValueSpecification","valueRequired":true,"valueName":"search_term_string"}}],"inLanguage":"sk-SK"},{"@type":"Organization","@id":"https:\/\/www.upjs.sk\/lekarska-fakulta\/#organization","name":"Lek\u00e1rska fakulta | UPJ\u0160","url":"https:\/\/www.upjs.sk\/lekarska-fakulta\/","logo":{"@type":"ImageObject","inLanguage":"sk-SK","@id":"https:\/\/www.upjs.sk\/lekarska-fakulta\/#\/schema\/logo\/image\/","url":"https:\/\/www.upjs.sk\/app\/uploads\/sites\/9\/2022\/09\/logo-lekarska-fakulta.png","contentUrl":"https:\/\/www.upjs.sk\/app\/uploads\/sites\/9\/2022\/09\/logo-lekarska-fakulta.png","width":415,"height":87,"caption":"Lek\u00e1rska fakulta | UPJ\u0160"},"image":{"@id":"https:\/\/www.upjs.sk\/lekarska-fakulta\/#\/schema\/logo\/image\/"}}]}},"_links":{"self":[{"href":"https:\/\/www.upjs.sk\/lekarska-fakulta\/wp-json\/wp\/v2\/pages\/16637","targetHints":{"allow":["GET"]}}],"collection":[{"href":"https:\/\/www.upjs.sk\/lekarska-fakulta\/wp-json\/wp\/v2\/pages"}],"about":[{"href":"https:\/\/www.upjs.sk\/lekarska-fakulta\/wp-json\/wp\/v2\/types\/page"}],"author":[{"embeddable":true,"href":"https:\/\/www.upjs.sk\/lekarska-fakulta\/wp-json\/wp\/v2\/users\/1"}],"replies":[{"embeddable":true,"href":"https:\/\/www.upjs.sk\/lekarska-fakulta\/wp-json\/wp\/v2\/comments?post=16637"}],"version-history":[{"count":3,"href":"https:\/\/www.upjs.sk\/lekarska-fakulta\/wp-json\/wp\/v2\/pages\/16637\/revisions"}],"predecessor-version":[{"id":130455,"href":"https:\/\/www.upjs.sk\/lekarska-fakulta\/wp-json\/wp\/v2\/pages\/16637\/revisions\/130455"}],"up":[{"embeddable":true,"href":"https:\/\/www.upjs.sk\/lekarska-fakulta\/wp-json\/wp\/v2\/pages\/14171"}],"wp:attachment":[{"href":"https:\/\/www.upjs.sk\/lekarska-fakulta\/wp-json\/wp\/v2\/media?parent=16637"}],"wp:term":[{"taxonomy":"category","embeddable":true,"href":"https:\/\/www.upjs.sk\/lekarska-fakulta\/wp-json\/wp\/v2\/categories?post=16637"},{"taxonomy":"post_tag","embeddable":true,"href":"https:\/\/www.upjs.sk\/lekarska-fakulta\/wp-json\/wp\/v2\/tags?post=16637"}],"curies":[{"name":"wp","href":"https:\/\/api.w.org\/{rel}","templated":true}]}}