{"id":16638,"date":"2018-02-14T14:37:33","date_gmt":"2018-02-14T14:37:46","guid":{"rendered":"https:\/\/www.upjs.sk\/lekarska-fakulta\/konferencie\/2017-2\/"},"modified":"2025-02-21T09:26:16","modified_gmt":"2025-02-21T08:26:16","slug":"podujatia-2017","status":"publish","type":"page","link":"https:\/\/www.upjs.sk\/lekarska-fakulta\/fakulta\/konferencie-a-podujatia\/podujatia-2017\/","title":{"rendered":"Podujatia v roku 2017"},"content":{"rendered":"<style type=\"text\/css\"><!-- td.mesiac{color:#b82020;font-weight:bold;padding-top:1em} td.nadpis{font-weight:bold;padding-top:1em;padding-bottom:.5em} tr{vertical-align:top;} tr.tmave{background-color:#FFE4E7;} --> <\/style>\n<table style=\"margin-top: -1em; width: 100%;\" border=\"0\" cellspacing=\"0\" cellpadding=\"0\">\n<tbody>\n<tr>\n<td width=\"130\"><\/td>\n<td width=\"430\"><\/td>\n<\/tr>\n<tr>\n<td class=\"mesiac\" colspan=\"2\">JANU\u00c1R 2017<\/td>\n<\/tr>\n<tr>\n<td class=\"nadpis\" colspan=\"2\" align=\"left\"><strong>I. onko-gynekologick\u00fd kongres<\/strong><\/td>\n<\/tr>\n<tr class=\"tmave\">\n<td>Term\u00edn konania:<\/td>\n<td>20. \u2013 21. janu\u00e1ra 2017<\/td>\n<\/tr>\n<tr>\n<td>Miesto konania:<\/td>\n<td>Hotel ROCA Ko\u0161ice, Ju\u017en\u00e1 Trieda 117<\/td>\n<\/tr>\n<tr class=\"tmave\">\n<td>Organizuj\u00face subjekty:<\/td>\n<td>EDUMED, n.o.<br \/>\nSlovensk\u00e1 gynekologicko-p\u00f4rodn\u00edcka spolo\u010dnos\u0165<br \/>\nUniverzita P. J. \u0160af\u00e1rika v Ko\u0161iciach, Lek\u00e1rska fakulta<\/td>\n<\/tr>\n<tr>\n<td>Koordin\u00e1tor:<\/td>\n<td>MUDr. Jozef Adam, Ph.D.<\/td>\n<\/tr>\n<tr class=\"tmave\">\n<td>Pozn\u00e1mka:<\/td>\n<td><a href=\"http:\/\/www.kogk.sk\">www str\u00e1nka kongresu<\/a><\/td>\n<\/tr>\n<tr>\n<td colspan=\"2\"><\/td>\n<\/tr>\n<tr>\n<td class=\"nadpis\" colspan=\"2\" align=\"left\"><strong>Sl\u00e1vnostn\u00e1 pracovn\u00e1 sch\u00f4dza venovan\u00e1 \u017eivotn\u00e9mu jubileu Doc. MUDr. J\u00e1na Sl\u00e1vika, CSc. a Doc. MUDr. Eugena \u010eurovi\u010da, DrSc., mim.prof. <\/strong><\/td>\n<\/tr>\n<tr class=\"tmave\">\n<td>Term\u00edn konania:<\/td>\n<td>31. janu\u00e1ra 2017 o 15.30 hod.<\/td>\n<\/tr>\n<tr>\n<td>Miesto konania:<\/td>\n<td>Posluch\u00e1re\u0148 \u010d. 1, LF UPJ\u0160, Trieda SNP 1, Ko\u0161ice<\/td>\n<\/tr>\n<tr class=\"tmave\">\n<td>Organizuj\u00face subjekty:<\/td>\n<td>Spolok lek\u00e1rov Ko\u0161ice<br \/>\nSlovensk\u00e1 stomatologick\u00e1 spolo\u010dnos\u0165<br \/>\nRegion\u00e1lna komora zubn\u00fdch lek\u00e1rov Ko\u0161ice<br \/>\nUPJ\u0160 Lek\u00e1rska fakulta Ko\u0161ice<\/td>\n<\/tr>\n<tr>\n<td>Koordin\u00e1tor:<\/td>\n<td>MUDr. Jozef Min\u010d\u00edk, PhD., prezident Slovenskej stomatologickej spolo\u010dnosti SLS<\/td>\n<\/tr>\n<tr class=\"tmave\">\n<td>Pozn\u00e1mka:<\/td>\n<td><a href=\"https:\/\/www.upjs.sk\/app\/uploads\/sites\/9\/2022\/09\/SLK-2017-01-31.pdf\">Program<\/a><\/td>\n<\/tr>\n<tr>\n<td colspan=\"2\"><\/td>\n<\/tr>\n<tr>\n<td class=\"nadpis\" colspan=\"2\" align=\"left\"><strong>93. fyziologick\u00e9 dni<\/strong><\/td>\n<\/tr>\n<tr class=\"tmave\">\n<td>Term\u00edn konania:<\/td>\n<td>31. janu\u00e1ra \u2013 2. febru\u00e1ra 2017<\/td>\n<\/tr>\n<tr>\n<td>Miesto konania:<\/td>\n<td>Lek\u00e1rska fakulta Univerzity Pavla Jozefa \u0160af\u00e1rika, Trieda SNP 1, Ko\u0161ice<\/td>\n<\/tr>\n<tr class=\"tmave\">\n<td>Organizuj\u00face subjekty:<\/td>\n<td>Univerzita P. J. \u0160af\u00e1rika v Ko\u0161iciach, Lek\u00e1rska fakulta<br \/>\nSlovensk\u00e1 fyziologick\u00e1 spolo\u010dnos\u0165<br \/>\n\u010cesk\u00e1 fyziologick\u00e1 spolo\u010dnos\u0165<br \/>\nNeurobiologick\u00fd \u00fastav SAV<\/td>\n<\/tr>\n<tr>\n<td>Koordin\u00e1tori:<\/td>\n<td>Prof. MUDr. Viliam Doni\u010d, CSc.<br \/>\nDoc. RNDr. Pavol \u0160vorc, CSc.<\/td>\n<\/tr>\n<tr class=\"tmave\">\n<td>Pozn\u00e1mka:<\/td>\n<td><a href=\"\/lekarska-fakulta\/lekarska-fakulta\/ustav\/lekarska-fyziologia\/fyziologicke-dni\/\">www str\u00e1nka konferencie<\/a><\/td>\n<\/tr>\n<tr>\n<td colspan=\"2\"><\/td>\n<\/tr>\n<tr>\n<td class=\"mesiac\" colspan=\"2\">APR\u00cdL 2017<\/td>\n<\/tr>\n<tr>\n<td class=\"nadpis\" colspan=\"2\" align=\"left\"><strong>XVI. STOMATOLOGICK\u00c9 DNI KO\u0160ICE<\/strong><\/td>\n<\/tr>\n<tr class=\"tmave\">\n<td>Term\u00edn konania:<\/td>\n<td>5. \u2013 6. apr\u00edla 2017<\/td>\n<\/tr>\n<tr>\n<td>Miesto konania:<\/td>\n<td>Posluch\u00e1rensk\u00fd trakt, aula LF UPJ\u0160 v Ko\u0161iciach, Trieda SNP 1<\/td>\n<\/tr>\n<tr class=\"tmave\">\n<td>Organizuj\u00face subjekty:<\/td>\n<td>UPJ\u0160, Lek\u00e1rska fakulta v Ko\u0161iciach,<br \/>\nUniverzitn\u00e1 nemocnica L. Pasteura Ko\u0161ice,<br \/>\nSlovensk\u00e1 stomatologick\u00e1 spolo\u010dnos\u0165 v Bratislave,<br \/>\nKlinika stomatol\u00f3gie a maxilofaci\u00e1lnej chirurgie UPJ\u0160 LF v Ko\u0161iciach,<br \/>\nI. stomatologick\u00e1 klinika UPJ\u0160 LF v Ko\u0161iciach,<br \/>\nRegion\u00e1lna komora zubn\u00fdch lek\u00e1rov v Ko\u0161iciach,<br \/>\nRegion\u00e1lna komora sestier a p\u00f4rodn\u00fdch asistentiek, Ko\u0161ice I.,<br \/>\nIng. Igor Kubov\u010d\u00edk &#8211; KVV<\/td>\n<\/tr>\n<tr>\n<td>Koordin\u00e1tori:<\/td>\n<td>MUDr. Du\u0161an Hrubala, CSc.,<br \/>\nMUDr. Jozef Ivan\u010do, CSc.,<br \/>\nDr.h.c. prof. MUDr. Andrej JEN\u010cA, CSc.,<br \/>\nMUDr. Lucia Kov\u00e1csov\u00e1, PhD.,<br \/>\nprof. MUDr. Neda Markovsk\u00e1, CSc.,<br \/>\nMUDr. Jozef Min\u010d\u00edk, PhD.,<br \/>\nMgr. Juliana Tomkov\u00e1<\/td>\n<\/tr>\n<tr class=\"tmave\">\n<td>Pozn\u00e1mka:<\/td>\n<td><a href=\"https:\/\/www.upjs.sk\/app\/uploads\/sites\/9\/2022\/09\/SDK2017-Program.pdf\">Program<\/a><\/td>\n<\/tr>\n<tr>\n<td colspan=\"2\"><\/td>\n<\/tr>\n<tr>\n<td class=\"nadpis\" colspan=\"2\" align=\"left\"><strong>Semin\u00e1r \u0161portovej medic\u00edny<\/strong><\/td>\n<\/tr>\n<tr class=\"tmave\">\n<td>Term\u00edn konania:<\/td>\n<td>7. \u2013 8. apr\u00edla 2017<\/td>\n<\/tr>\n<tr>\n<td>Miesto konania:<\/td>\n<td>Hotel Yasmin, Tyr\u0161ovo n\u00e1bre\u017eie 1, Ko\u0161ice<\/td>\n<\/tr>\n<tr class=\"tmave\">\n<td>Organizuj\u00face subjekty:<\/td>\n<td>Klinika muskuloskelet\u00e1lnej a \u0161portovej medic\u00edny UPJ\u0160 LF<br \/>\nNemocnica Ko\u0161ice-\u0160aca a.s. 1. s\u00fakromn\u00e1 nemocnica<br \/>\n\u00dastav telov\u00fdchovn\u00e9ho lek\u00e1rstva a telesnej v\u00fdchovy SZU, Bratislava<\/td>\n<\/tr>\n<tr>\n<td>Koordin\u00e1tor:<\/td>\n<td>MUDr. Peter Polan, PhD., MPH<\/td>\n<\/tr>\n<tr class=\"tmave\">\n<td>Pozn\u00e1mka:<\/td>\n<td><a href=\"https:\/\/www.upjs.sk\/app\/uploads\/sites\/9\/2022\/09\/pozvanka_sportova_medicina.pdf\">Pozv\u00e1nka<\/a><br \/>\n<a href=\"http:\/\/www.sportmedicina.nemocnicasaca.sk\">\u010eal\u0161ie inform\u00e1cie a registra\u010dn\u00fd formul\u00e1r<\/a><\/td>\n<\/tr>\n<tr>\n<td colspan=\"2\"><\/td>\n<\/tr>\n<tr>\n<td class=\"nadpis\" colspan=\"2\" align=\"left\"><strong>Sl\u00e1vnostn\u00e1 vedeck\u00e1 sch\u00f4dza pri pr\u00edle\u017eitosti otvorenia v\u00fdstavy o \u017eivote a diele J\u00e1na Selyeho<\/strong><\/td>\n<\/tr>\n<tr class=\"tmave\">\n<td>Term\u00edn konania:<\/td>\n<td>10. apr\u00edla 2017 o 15.30 hod.<\/td>\n<\/tr>\n<tr>\n<td>Miesto konania:<\/td>\n<td>Posluch\u00e1re\u0148 \u010d. 1 LF UPJ\u0160, Trieda SNP 1, Ko\u0161ice<\/td>\n<\/tr>\n<tr class=\"tmave\">\n<td>Organizuj\u00face subjekty:<\/td>\n<td>Gener\u00e1lny konzul\u00e1t Ma\u010farska<br \/>\nSpolok lek\u00e1rov v Ko\u0161iciach<br \/>\nUniverzita P. J. \u0160af\u00e1rika v Ko\u0161iciach, Lek\u00e1rska fakulta<br \/>\nRegion\u00e1lna lek\u00e1rska komora, Ko\u0161ice<\/td>\n<\/tr>\n<tr>\n<td>Koordin\u00e1tor:<\/td>\n<td>Prof. MUDr. Oliver R\u00e1cz, CSc., predseda Spolku lek\u00e1rov v Ko\u0161iciach<\/td>\n<\/tr>\n<tr class=\"tmave\">\n<td>Pozn\u00e1mka:<\/td>\n<td><a href=\"https:\/\/www.upjs.sk\/app\/uploads\/sites\/9\/2022\/09\/SLK-2017-04-10.pdf\">Program<\/a><\/td>\n<\/tr>\n<tr>\n<td colspan=\"2\"><\/td>\n<\/tr>\n<tr>\n<td class=\"nadpis\" colspan=\"2\" align=\"left\"><strong>XIII. OSTEO F\u00d3RUM<\/strong><\/td>\n<\/tr>\n<tr class=\"tmave\">\n<td>Term\u00edn konania:<\/td>\n<td>21. \u2013 22. apr\u00edla 2017<\/td>\n<\/tr>\n<tr>\n<td>Miesto konania:<\/td>\n<td>Hotel Yasmin, Tyr\u0161ovo n\u00e1bre\u017eie 1, Ko\u0161ice<\/td>\n<\/tr>\n<tr class=\"tmave\">\n<td>Organizuj\u00face subjekty:<\/td>\n<td>Slovensk\u00e1 lek\u00e1rska spolo\u010dnos\u0165<br \/>\nSpolo\u010dnos\u0165 pre osteopor\u00f3zu a metabolick\u00e9 ochorenia kost\u00ed<br \/>\nNemocnica Ko\u0161ice-\u0160aca a.s. 1. s\u00fakromn\u00e1 nemocnica<br \/>\nUniverzita P. J. \u0160af\u00e1rika v Ko\u0161iciach, Lek\u00e1rska fakulta<\/td>\n<\/tr>\n<tr>\n<td>Koordin\u00e1tor:<\/td>\n<td>MUDr. So\u0148a Tomkov\u00e1, PhD.<\/td>\n<\/tr>\n<tr class=\"tmave\">\n<td>Pozn\u00e1mka:<\/td>\n<td><a href=\"https:\/\/www.upjs.sk\/app\/uploads\/sites\/9\/2022\/09\/pozvanka_osteoforum.pdf\">Pozv\u00e1nka<\/a><\/td>\n<\/tr>\n<tr>\n<td colspan=\"2\"><\/td>\n<\/tr>\n<tr>\n<td class=\"nadpis\" colspan=\"2\" align=\"left\"><strong>XXIV. memori\u00e1l profesora MUDr. Franti\u0161ka P\u00f3ra<\/strong><\/td>\n<\/tr>\n<tr class=\"tmave\">\n<td>Term\u00edn konania:<\/td>\n<td>24. apr\u00edla 2017 o 15.30 hod.<\/td>\n<\/tr>\n<tr>\n<td>Miesto konania:<\/td>\n<td>Posluch\u00e1re\u0148 \u010d. 1, UPJ\u0160 LF, Trieda SNP 1, Ko\u0161ice<\/td>\n<\/tr>\n<tr class=\"tmave\">\n<td>Organizuj\u00face subjekty:<\/td>\n<td>Spolok lek\u00e1rov Ko\u0161ice<br \/>\nRegion\u00e1lna lek\u00e1rska komora Ko\u0161ice<br \/>\nUPJ\u0160 Lek\u00e1rska fakulta Ko\u0161ice<\/td>\n<\/tr>\n<tr>\n<td>Koordin\u00e1tori:<\/td>\n<td>prof. MUDr. Miroslav Mydl\u00edk, DrSc.<br \/>\nprof. MUDr. Ivan Tk\u00e1\u010d, PhD.<br \/>\nIV. intern\u00e1 klinika UNLP a LF UPJ\u0160 Ko\u0161ice<\/td>\n<\/tr>\n<tr class=\"tmave\">\n<td>Pozn\u00e1mka:<\/td>\n<td><a href=\"https:\/\/www.upjs.sk\/app\/uploads\/sites\/9\/2022\/09\/SLK-2017-04-24.pdf\">Program<\/a><\/td>\n<\/tr>\n<tr>\n<td colspan=\"2\"><\/td>\n<\/tr>\n<tr>\n<td class=\"nadpis\" colspan=\"2\" align=\"left\"><strong>\u0160tudentsk\u00e1 vedeck\u00e1 konferencia UPJ\u0160 v Ko\u0161iciach, Lek\u00e1rskej fakulty<\/strong><\/td>\n<\/tr>\n<tr class=\"tmave\">\n<td>Term\u00edn konania:<\/td>\n<td>26. apr\u00edla 2017<\/td>\n<\/tr>\n<tr>\n<td>Miesto konania:<\/td>\n<td>Posluch\u00e1rne UPJ\u0160 LF, Trieda SNP 1, Ko\u0161ice<\/td>\n<\/tr>\n<tr class=\"tmave\">\n<td>Organizuj\u00faci subjekt:<\/td>\n<td>UPJ\u0160 v Ko\u0161iciach, Lek\u00e1rska fakulta<\/td>\n<\/tr>\n<tr>\n<td>Odborn\u00ed garanti:<\/td>\n<td>Prof. MUDr. Daniel Pella, PhD., dekan UPJ\u0160 LF<br \/>\nProf. MUDr. Viliam Doni\u010d, CSc., prodekan pre vedeckov\u00fdskumn\u00fa \u010dinnos\u0165 na UPJ\u0160 LF<\/td>\n<\/tr>\n<tr class=\"tmave\">\n<td>Pozn\u00e1mka:<\/td>\n<td>S\u00fa\u0165a\u017en\u00e1 prezent\u00e1cia pr\u00e1c \u0161tudentov UPJ\u0160 LF<br \/>\n<a href=\"https:\/\/www.upjs.sk\/app\/uploads\/sites\/9\/2022\/10\/PozvankaINT17.pdf\">Pozv\u00e1nka<\/a>, <a href=\"https:\/\/www.upjs.sk\/app\/uploads\/sites\/9\/2022\/10\/FINAL_program16_17_pdf.pdf\">Program<\/a><\/td>\n<\/tr>\n<tr>\n<td colspan=\"2\"><\/td>\n<\/tr>\n<tr>\n<td class=\"nadpis\" colspan=\"2\" align=\"left\"><strong>XV. Ko\u0161ick\u00e9 vertebrologick\u00e9 dni<\/strong><\/td>\n<\/tr>\n<tr class=\"tmave\">\n<td>Term\u00edn konania:<\/td>\n<td>27. \u2013 28. apr\u00edla 2017<\/td>\n<\/tr>\n<tr>\n<td>Miesto konania:<\/td>\n<td>Technick\u00e1 univerzita, Aula Maxima, Letn\u00e1 6, Ko\u0161ice<\/td>\n<\/tr>\n<tr class=\"tmave\">\n<td>Organizuj\u00face subjekty:<\/td>\n<td>Nemocnica Ko\u0161ice \u2013 \u0160aca a.s. 1. s\u00fakromn\u00e1 nemocnica<br \/>\nKlinika lie\u010debnej rehabilit\u00e1cie UPJ\u0160 LF<br \/>\nSlovensk\u00e1 neurochirurgick\u00e1 spolo\u010dnos\u0165<br \/>\nSlovensk\u00e1 spolo\u010dnos\u0165 pre \u0161t\u00fadium a lie\u010dbu bolesti<br \/>\nKatedra biomedic\u00ednskeho in\u017einierstva a merania, SjF, TU v Ko\u0161iciach<\/td>\n<\/tr>\n<tr>\n<td>Koordin\u00e1tor:<\/td>\n<td>MUDr. \u013dudov\u00edt \u017delinsk\u00fd, PhD.<\/td>\n<\/tr>\n<tr class=\"tmave\">\n<td>Pozn\u00e1mka:<\/td>\n<td><a href=\"https:\/\/www.upjs.sk\/app\/uploads\/sites\/9\/2022\/09\/pozvanka_vertebrologicke_dni_final.pdf\">Pozv\u00e1nka<\/a><\/td>\n<\/tr>\n<tr>\n<td colspan=\"2\"><\/td>\n<\/tr>\n<tr>\n<td class=\"mesiac\" colspan=\"2\">M\u00c1J 2017<\/td>\n<\/tr>\n<tr>\n<td class=\"nadpis\" colspan=\"2\" align=\"left\"><strong>20. ko\u0161ick\u00fd morfologick\u00fd de\u0148<br \/>\nNov\u00e9 pr\u00edstupy a trendy v\u00fdskumu v morfologick\u00fdch discipl\u00ednach<\/strong><\/td>\n<\/tr>\n<tr class=\"tmave\">\n<td>Term\u00edn konania:<\/td>\n<td>25. m\u00e1ja 2017<\/td>\n<\/tr>\n<tr>\n<td>Miesto konania:<\/td>\n<td>\u00dastav anat\u00f3mie UPJ\u0160 LF, \u0160rob\u00e1rova 2, Ko\u0161ice<\/td>\n<\/tr>\n<tr class=\"tmave\">\n<td>Organizuj\u00face subjekty:<\/td>\n<td>Univerzita Pavla Jozefa \u0160af\u00e1rika v Ko\u0161iciach, Lek\u00e1rska fakulta<br \/>\n\u00dastav anat\u00f3mie UPJ\u0160 LF<br \/>\nSlovensk\u00e1 lek\u00e1rska spolo\u010dnos\u0165<br \/>\nSlovensk\u00e1 anatomick\u00e1 spolo\u010dnos\u0165<\/td>\n<\/tr>\n<tr>\n<td>Koordin\u00e1tor:<\/td>\n<td>doc. MUDr. Ingrid Hodorov\u00e1, PhD., prednosta \u00dastavu anat\u00f3mie UPJ\u0160 LF<\/td>\n<\/tr>\n<tr class=\"tmave\">\n<td>Pozn\u00e1mka:<\/td>\n<td><a href=\"https:\/\/www.upjs.sk\/app\/uploads\/sites\/9\/2022\/09\/KMD_Program-2017-05-25.pdf\">Program<\/a><\/td>\n<\/tr>\n<tr>\n<td colspan=\"2\"><\/td>\n<\/tr>\n<tr>\n<td class=\"nadpis\" colspan=\"2\" align=\"left\"><strong>Dies Jessenii XXII.<\/strong><\/td>\n<\/tr>\n<tr class=\"tmave\">\n<td>Term\u00edn konania:<\/td>\n<td>25. \u2013 26. m\u00e1ja 2017<\/td>\n<\/tr>\n<tr>\n<td>Miesto konania:<\/td>\n<td>Kult\u00farno \u2013 spolo\u010densk\u00e9 centrum JU\u017dAN, Smetanova 4, Ko\u0161ice<\/td>\n<\/tr>\n<tr class=\"tmave\">\n<td>Organizuj\u00face subjekty:<\/td>\n<td>Slovensk\u00e1 lek\u00e1rska spolo\u010dnos\u0165<br \/>\nSlovensk\u00e1 chirurgick\u00e1 spolo\u010dnos\u0165<br \/>\nLek\u00e1rska fakulta Univerzity Pavla Jozefa \u0160af\u00e1rika, Ko\u0161ice<br \/>\nUniverzitn\u00e1 nemocnica Louisa Pasteura, Ko\u0161ice<br \/>\nII. chirurgick\u00e1 klinika UPJ\u0160 LF a UNLP Ko\u0161ice<\/td>\n<\/tr>\n<tr>\n<td>Koordin\u00e1tor:<\/td>\n<td>Doc. MUDr. Jozef Bel\u00e1k, PhD., prednosta II. chirurgickej kliniky UPJ\u0160 LF a UN LP<\/td>\n<\/tr>\n<tr class=\"tmave\">\n<td>Pozn\u00e1mka:<\/td>\n<td><a href=\"http:\/\/jeseniovedni2017.sk\/\">www str\u00e1nka konferencie<\/a><\/td>\n<\/tr>\n<tr>\n<td colspan=\"2\"><\/td>\n<\/tr>\n<tr>\n<td class=\"mesiac\" colspan=\"2\">J\u00daN 2017<\/td>\n<\/tr>\n<tr>\n<td class=\"nadpis\" colspan=\"2\" align=\"left\"><strong>XXXIII. konferencia Kliniky det\u00ed a dorastu LF UPJ\u0160 a DFN<br \/>\nIX. D\u00e9mantov de\u0148<\/strong><\/td>\n<\/tr>\n<tr class=\"tmave\">\n<td>Term\u00edn konania:<\/td>\n<td>1. j\u00fana 2017<\/td>\n<\/tr>\n<tr>\n<td>Miesto konania:<\/td>\n<td>Posluch\u00e1rne LF UPJ\u0160, Trieda SNP 1, Ko\u0161ice<\/td>\n<\/tr>\n<tr class=\"tmave\">\n<td>Organizuj\u00face subjekty:<\/td>\n<td>Slovensk\u00e1 pediatrick\u00e1 spolo\u010dnos\u0165<br \/>\nDetsk\u00e1 fakultn\u00e1 nemocnica Ko\u0161ice<br \/>\nLek\u00e1rska fakulta UPJ\u0160 v Ko\u0161iciach<br \/>\nKlinika det\u00ed a dorastu LF UPJ\u0160 a DFN Ko\u0161ice<\/td>\n<\/tr>\n<tr>\n<td>Koordin\u00e1tori:<\/td>\n<td>doc. MUDr. Milan Kuchta, CSc., mim. prof.<br \/>\ndoc. MUDr. Ingrid Schusterov\u00e1, PhD.<\/td>\n<\/tr>\n<tr class=\"tmave\">\n<td>Pozn\u00e1mka:<\/td>\n<td><a href=\"http:\/\/www.amedi.sk\/podujatia\/xxxiii-konferencia-kliniky-deti-a-dorastu-lf-upjs-a-dfn-ix-demantov-den-81\/program-603.html\">Program<\/a><\/td>\n<\/tr>\n<tr>\n<td colspan=\"2\"><\/td>\n<\/tr>\n<tr>\n<td class=\"nadpis\" colspan=\"2\" align=\"left\"><strong>International Scientific Conference on Probiotics and Prebiotics \u2013 IPC 2017<\/strong><\/td>\n<\/tr>\n<tr class=\"tmave\">\n<td>Date:<\/td>\n<td>20<sup>th<\/sup> \u2013 22<sup>nd<\/sup> June 2017<\/td>\n<\/tr>\n<tr>\n<td>Congress Venue:<\/td>\n<td>Marriot Hotel, Apaczai Csere Janos u.4, Budapest, Hungary<\/td>\n<\/tr>\n<tr class=\"tmave\">\n<td>Organizing subjects:<\/td>\n<td>Pavol Jozef \u0160af\u00e1rik University in Ko\u0161ice,<br \/>\nFaculty of Medicine,<br \/>\nInstitute of Experimental Medicine<\/td>\n<\/tr>\n<tr>\n<td>Coordinator:<\/td>\n<td>Alojz Bomba, MVD. DrSc.<\/td>\n<\/tr>\n<tr class=\"tmave\">\n<td>Congress Language:<\/td>\n<td>English<\/td>\n<\/tr>\n<tr>\n<td>Web:<\/td>\n<td><a href=\"http:\/\/www.probiotic-conference.net\">http:\/\/www.probiotic-conference.net<\/a><\/td>\n<\/tr>\n<tr>\n<td colspan=\"2\"><\/td>\n<\/tr>\n<tr>\n<td class=\"mesiac\" colspan=\"2\">SEPTEMBER 2017<\/td>\n<\/tr>\n<tr>\n<td class=\"nadpis\" colspan=\"2\" align=\"left\"><strong>11. ko\u0161ick\u00fd kurz region\u00e1lnej anest\u00e9zie<\/strong><\/td>\n<\/tr>\n<tr class=\"tmave\">\n<td>Term\u00edn konania:<\/td>\n<td>22. septembra 2017<\/td>\n<\/tr>\n<tr>\n<td>Miesto konania:<\/td>\n<td>\u00dastav anat\u00f3mie UPJ\u0160 LF, \u0160rob\u00e1rova 2, Ko\u0161ice<\/td>\n<\/tr>\n<tr class=\"tmave\">\n<td>Organizuj\u00face subjekty:<\/td>\n<td>Slovensk\u00e1 asoci\u00e1cia region\u00e1lnej anest\u00e9zie<br \/>\nI. klinika anest\u00e9ziol\u00f3gie a intenz\u00edvnej medic\u00edny UPJ\u0160 LF a UNLP<br \/>\n\u00dastav anat\u00f3mie UPJ\u0160 LF Ko\u0161ice<br \/>\nLek\u00e1rska fakulta UPJ\u0160 Ko\u0161ice<\/td>\n<\/tr>\n<tr>\n<td>Koordin\u00e1tori:<\/td>\n<td>doc. MUDr. Jozef Firment, PhD.<br \/>\ndoc. MUDr. Ingrid Hodorov\u00e1, PhD.<br \/>\nMUDr. Peter Merjav\u00fd, PhD.<br \/>\nMUDr. Michal Venglar\u010d\u00edk, PhD.<\/td>\n<\/tr>\n<tr class=\"tmave\">\n<td>Pozn\u00e1mka:<\/td>\n<td><a href=\"https:\/\/www.upjs.sk\/app\/uploads\/sites\/9\/2022\/09\/11th-Cadaveric-RA-Course-programme-English-v-2.0.pdf\">Program<\/a><\/td>\n<\/tr>\n<tr>\n<td colspan=\"2\"><\/td>\n<\/tr>\n<tr>\n<td class=\"nadpis\" colspan=\"2\" align=\"left\"><strong>Krajsk\u00fd semin\u00e1r SKZL &#8211; RK Ko\u0161ice<\/strong><\/td>\n<\/tr>\n<tr class=\"tmave\">\n<td>Term\u00edn konania:<\/td>\n<td>22. &#8211; 23. septembra 2017<\/td>\n<\/tr>\n<tr>\n<td>Miesto konania:<\/td>\n<td>Kult\u00farno-spolo\u010densk\u00e9 centrum &#8211; JU\u017dAN, Ko\u0161ice, Smetanova 4<\/td>\n<\/tr>\n<tr class=\"tmave\">\n<td>Organizuj\u00face subjekty:<\/td>\n<td>Slovensk\u00e1 komora zubn\u00fdch lek\u00e1rov<br \/>\nSKZL &#8211; Region\u00e1lna komora Ko\u0161ice<br \/>\nI. stomatologick\u00e1 klinika UPJ\u0160 LF a UNLP<br \/>\nKlinika stomatol\u00f3gie a maxilofaci\u00e1lnej chirurgie UPJ\u0160 LF a UNLP<br \/>\nLek\u00e1rska fakulta UPJ\u0160 Ko\u0161ice<\/td>\n<\/tr>\n<tr>\n<td>Koordin\u00e1tor:<\/td>\n<td>SKZL &#8211; Region\u00e1lna komora Ko\u0161ice<\/td>\n<\/tr>\n<tr class=\"tmave\">\n<td>Pozn\u00e1mka:<\/td>\n<td><a href=\"https:\/\/www.upjs.sk\/app\/uploads\/sites\/9\/2022\/09\/pozvanka_KS-2017.pdf\">Pozv\u00e1nka<\/a><\/td>\n<\/tr>\n<tr>\n<td colspan=\"2\"><\/td>\n<\/tr>\n<tr>\n<td class=\"nadpis\" colspan=\"2\" align=\"left\"><strong>1. medzin\u00e1rodn\u00fd \u010desko-slovensk\u00fd kongres region\u00e1lnej anest\u00e9zie v spolupr\u00e1ci s ESRA<\/strong><\/td>\n<\/tr>\n<tr class=\"tmave\">\n<td>Term\u00edn konania:<\/td>\n<td>23. septembra 2017<\/td>\n<\/tr>\n<tr>\n<td>Miesto konania:<\/td>\n<td>Hotel DoubleTree by Hilton, Hlavn\u00e1 1, Ko\u0161ice<\/td>\n<\/tr>\n<tr class=\"tmave\">\n<td>Organizuj\u00face subjekty:<\/td>\n<td>Slovensk\u00e1 spolo\u010dnos\u0165 anest\u00e9ziol\u00f3gie a intenz\u00edvnej medic\u00edny (SSAIM)<br \/>\nSlovensk\u00e1 asosci\u00e1cia region\u00e1lnej anest\u00e9zie (SKARA)<br \/>\nEur\u00f3pska spolo\u010dnos\u0165 region\u00e1lnej anest\u00e9zie (ESRA)<br \/>\nI. klinika anest\u00e9ziol\u00f3gie a intenz\u00edvnej medic\u00edny UPJ\u0160 LF a UNLP<br \/>\nLek\u00e1rska fakulta UPJ\u0160 Ko\u0161ice<\/td>\n<\/tr>\n<tr>\n<td>Koordin\u00e1tori:<\/td>\n<td>doc. MUDr. Jozef Firment, PhD.<br \/>\nMUDr. Peter Merjav\u00fd, PhD.<br \/>\nMUDr. Michal Venglar\u010d\u00edk, PhD.<\/td>\n<\/tr>\n<tr class=\"tmave\">\n<td>Pozn\u00e1mka:<\/td>\n<td><a href=\"https:\/\/www.upjs.sk\/app\/uploads\/sites\/9\/2022\/09\/Programme-ESRA-Slovakia-Congress-english.pdf\">Program<\/a><\/td>\n<\/tr>\n<tr>\n<td colspan=\"2\"><\/td>\n<\/tr>\n<tr>\n<td class=\"nadpis\" colspan=\"2\" align=\"left\"><strong>XVI. Fytoapiterapeutick\u00e9 dni<\/strong><\/td>\n<\/tr>\n<tr class=\"tmave\">\n<td>Term\u00edn konania:<\/td>\n<td>30. september \u2013 1. okt\u00f3ber 2017<\/td>\n<\/tr>\n<tr>\n<td>Miesto konania:<\/td>\n<td>Kult\u00farno &#8211; spolo\u010densk\u00e9 centrum JU\u017dAN, Smetanova 4, Ko\u0161ice<\/td>\n<\/tr>\n<tr class=\"tmave\">\n<td>Organizuj\u00face subjekty:<\/td>\n<td>Univerzitn\u00e1 nemocnica Louisa Pasteur v Ko\u0161iciach<br \/>\nOddelenie molekul\u00e1rnej apidol\u00f3gie, deta\u0161ovan\u00e9 pracovisko \u00dastavu ekol\u00f3gie lesa vo Zvolene, Slovensk\u00e1 akad\u00e9mia vied<br \/>\n\u00dastav experiment\u00e1lnej medic\u00edny, Lek\u00e1rska fakulta UPJ\u0160 v Ko\u0161iciach<\/td>\n<\/tr>\n<tr>\n<td>Koordin\u00e1tori:<\/td>\n<td>MUDr. \u0160tefan Ko\u0161l\u00edk, CSc.<br \/>\nRNDr. Monika Kvakov\u00e1<br \/>\nMVDr. Alojz Bomba, DrSc.<\/td>\n<\/tr>\n<tr class=\"tmave\">\n<td>Pozn\u00e1mka:<\/td>\n<td><a href=\"http:\/\/www.unlp.sk\/index.php?option=com_content&amp;task=view&amp;id=2408&amp;Itemid=142\">http:\/\/www.unlp.sk\/index.php?option=com_content&amp;task=view&amp;id=2408&amp;Itemid=142<\/a><\/td>\n<\/tr>\n<tr>\n<td colspan=\"2\"><\/td>\n<\/tr>\n<tr>\n<td class=\"mesiac\" colspan=\"2\">OKT\u00d3BER 2017<\/td>\n<\/tr>\n<tr>\n<td class=\"nadpis\" colspan=\"2\" align=\"left\"><strong>45. slovensk\u00fd a \u010desk\u00fd cerebrovaskul\u00e1rny kongres<\/strong><\/td>\n<\/tr>\n<tr class=\"tmave\">\n<td>Term\u00edn konania:<\/td>\n<td>3. &#8211; 6. okt\u00f3bra 2017<\/td>\n<\/tr>\n<tr>\n<td>Miesto konania:<\/td>\n<td>Hotel DoubleTree by Hilton, Hlavn\u00e1 1, Ko\u0161ice<\/td>\n<\/tr>\n<tr class=\"tmave\">\n<td>Organizuj\u00face subjekty:<\/td>\n<td>Slovensk\u00e1 neurologick\u00e1 spolo\u010dnos\u0165 SLS<br \/>\n\u010cesk\u00e1 neurologick\u00e1 spole\u010dnost \u010cLS JEP<br \/>\nSekcia pre cerebrovaskul\u00e1rne ochorenia SNeS<br \/>\nCerebrovaskul\u00e1rn\u00ed sekce \u010cNS<br \/>\nLek\u00e1rska fakulta UPJ\u0160 Ko\u0161ice<br \/>\nUniverzitn\u00e1 nemocnica L. Pasteura Ko\u0161ice<br \/>\nNeurologick\u00e1 klinika LF UPJ\u0160 a UN LP Ko\u0161ice<\/td>\n<\/tr>\n<tr>\n<td>Koordin\u00e1tor:<\/td>\n<td>prof. MUDr. Zuzana Gdovinov\u00e1, CSc., FESO, predseda Cerebrovaskul\u00e1rnej sekcie SNeS<\/td>\n<\/tr>\n<tr class=\"tmave\">\n<td>Web:<\/td>\n<td><a href=\"http:\/\/www.neuro-kosice.sk\">http:\/\/www.neuro-kosice.sk<\/a><\/td>\n<\/tr>\n<tr>\n<td colspan=\"2\"><\/td>\n<\/tr>\n<tr>\n<td class=\"nadpis\" colspan=\"2\" align=\"left\"><strong>XXIII. vedeck\u00e1 sch\u00f4dza Spolku lek\u00e1rov v Ko\u0161iciach v spolupr\u00e1ci s obcou Valaliky<br \/>\nUrologick\u00e1 problematika v praxi v\u0161eobecn\u00e9ho lek\u00e1ra<\/strong><\/td>\n<\/tr>\n<tr class=\"tmave\">\n<td>Term\u00edn konania:<\/td>\n<td>9. okt\u00f3bra 2017 o 14.00 hod.<\/td>\n<\/tr>\n<tr>\n<td>Miesto konania:<\/td>\n<td>Dom kult\u00fary, Valaliky, okr. Ko\u0161ice-okolie<\/td>\n<\/tr>\n<tr class=\"tmave\">\n<td>Organizuj\u00face subjekty:<\/td>\n<td>Spolok lek\u00e1rov Ko\u0161ice<br \/>\nRegion\u00e1lna lek\u00e1rska komora Ko\u0161ice<br \/>\nUniverzita Pavla Jozefa \u0160af\u00e1rika v Ko\u0161iciach, Lek\u00e1rska fakulta<br \/>\n\u00dastav experiment\u00e1lnej medic\u00edny, Lek\u00e1rska fakulta UPJ\u0160 v Ko\u0161iciach<\/td>\n<\/tr>\n<tr>\n<td>Koordin\u00e1tor:<\/td>\n<td>Prof. MUDr. Miroslav Mydl\u00edk, DrSc., IV. intern\u00e1 klinika UNLP a \u00dastav experiment\u00e1lnej medic\u00edny UPJ\u0160 LF<\/td>\n<\/tr>\n<tr class=\"tmave\">\n<td>Pozn\u00e1mka:<\/td>\n<td><a href=\"https:\/\/www.upjs.sk\/app\/uploads\/sites\/9\/2022\/09\/Program-XXIII.-Valaliky-2017.pdf\">Program<\/a><\/td>\n<\/tr>\n<tr>\n<td colspan=\"2\"><\/td>\n<\/tr>\n<tr>\n<td class=\"nadpis\" colspan=\"2\" align=\"left\"><strong>XXXIII. kongres pracovn\u00e9ho lek\u00e1rstva s medzin\u00e1rodnou \u00fa\u010das\u0165ou<br \/>\nV. ko\u0161ick\u00e9 dni pracovn\u00e9ho lek\u00e1rstva a toxikol\u00f3gie<\/strong><\/td>\n<\/tr>\n<tr class=\"tmave\">\n<td>Term\u00edn konania:<\/td>\n<td>19. \u2013 21. okt\u00f3bra 2017<\/td>\n<\/tr>\n<tr>\n<td>Miesto konania:<\/td>\n<td>Hotel Roca, Ju\u017en\u00e1 trieda 117, Ko\u0161ice<\/td>\n<\/tr>\n<tr class=\"tmave\">\n<td>Organizuj\u00face subjekty:<\/td>\n<td>Lek\u00e1rska fakulta Univerzity P. J. \u0160af\u00e1rika v Ko\u0161iciach, Klinika pracovn\u00e9ho lek\u00e1rstva a\u00a0klinickej toxikol\u00f3gie<br \/>\nUniverzitn\u00e1 nemocnica L. Pasteura v Ko\u0161iciach<br \/>\nSlovensk\u00e1 spolo\u010dnos\u0165 pracovn\u00e9ho lek\u00e1rstva Slovenskej lek\u00e1rskej spolo\u010dnosti<br \/>\nSekcia pracovn\u00e9ho lek\u00e1rstva Slovenskej lek\u00e1rskej komory<br \/>\nNational Secretary International Committee on Occupational Health (NS ICOH)<\/td>\n<\/tr>\n<tr>\n<td>Koordin\u00e1tor:<\/td>\n<td>doc. MUDr. \u013dubom\u00edr Leg\u00e1th, PhD.<\/td>\n<\/tr>\n<tr class=\"tmave\">\n<td>Web:<\/td>\n<td><a href=\"http:\/\/ssprl.sk\/kongres\/\">http:\/\/ssprl.sk\/kongres<\/a><\/td>\n<\/tr>\n<tr>\n<td colspan=\"2\"><\/td>\n<\/tr>\n<tr>\n<td class=\"nadpis\" colspan=\"2\" align=\"left\"><strong>VI. memori\u00e1l profesora MUDr. Rudolfa Koreca, DrSc.<br \/>\nNov\u00e9 poznatky v oblasti fyziol\u00f3gie a patofyzi\u00f3logie <\/strong><\/td>\n<\/tr>\n<tr class=\"tmave\">\n<td>Term\u00edn konania:<\/td>\n<td>23. okt\u00f3bra 2017 o 14.30 hod.<\/td>\n<\/tr>\n<tr>\n<td>Miesto konania:<\/td>\n<td>Posluch\u00e1re\u0148 \u010d. 3, Trieda SNP 1, Ko\u0161ice<\/td>\n<\/tr>\n<tr class=\"tmave\">\n<td>Organizuj\u00face subjekty:<\/td>\n<td>Spolok lek\u00e1rov Ko\u0161ice<br \/>\nRegion\u00e1lna lek\u00e1rska komora Ko\u0161ice<br \/>\nUPJ\u0160 v Ko\u0161iciach, Lek\u00e1rska fakulta<\/td>\n<\/tr>\n<tr>\n<td>Koordin\u00e1tor:<\/td>\n<td>doc. MUDr. Roman Be\u0148a\u010dka, CSc, mim. prof.<\/td>\n<\/tr>\n<tr class=\"tmave\">\n<td>Pozn\u00e1mka:<\/td>\n<td><a href=\"https:\/\/www.upjs.sk\/app\/uploads\/sites\/9\/2022\/09\/SLK-2017-10-23.pdf\">Program<\/a><\/td>\n<\/tr>\n<tr>\n<td colspan=\"2\"><\/td>\n<\/tr>\n<tr>\n<td class=\"mesiac\" colspan=\"2\">NOVEMBER 2017<\/td>\n<\/tr>\n<tr>\n<td class=\"nadpis\" colspan=\"2\" align=\"left\"><strong>Biomedic\u00ednske aspekty regener\u00e1cie a rekon\u0161trukcie tkan\u00edv v oromaxilofaci\u00e1lnej oblasti<\/strong><\/td>\n<\/tr>\n<tr class=\"tmave\">\n<td>Term\u00edn konania:<\/td>\n<td>8. novembra 2017 o 14.00 hod.<\/td>\n<\/tr>\n<tr>\n<td>Miesto konania:<\/td>\n<td>Posluch\u00e1re\u0148 KSaMFCH a Akad\u00e9mia Ko\u0161ice n.o., Ba\u010d\u00edkova 7<\/td>\n<\/tr>\n<tr class=\"tmave\">\n<td>Organizuj\u00face subjekty:<\/td>\n<td>Univerzita Pavla Jozefa \u0160af\u00e1rika v Ko\u0161iciach<br \/>\nLek\u00e1rska fakulta UPJ\u0160 v Ko\u0161iciach<br \/>\nUniverzitn\u00e1 nemocnica L. Pasteura Ko\u0161ice<br \/>\nKlinika stomatol\u00f3gie a maxilofaci\u00e1lnej chirurgie LF UPJ\u0160 a UNLP v Ko\u0161iciach<br \/>\nAkad\u00e9mia Ko\u0161ice n.o.<br \/>\nSolmea s.r.o. Ko\u0161ice<\/td>\n<\/tr>\n<tr>\n<td>Koordin\u00e1tor:<\/td>\n<td>Dr.h.c. prof. MUDr. Andrej Jen\u010da, CSc., MPH<\/td>\n<\/tr>\n<tr class=\"tmave\">\n<td>Pozn\u00e1mka:<\/td>\n<td><a href=\"https:\/\/www.upjs.sk\/app\/uploads\/sites\/9\/2022\/09\/konferencia-2017-11-08.pdf\">Pozv\u00e1nka<\/a><\/td>\n<\/tr>\n<tr>\n<td colspan=\"2\"><\/td>\n<\/tr>\n<tr>\n<td class=\"nadpis\" colspan=\"2\" align=\"left\"><strong>Prevent\u00edvna medic\u00edna V.<\/strong><\/td>\n<\/tr>\n<tr class=\"tmave\">\n<td>Term\u00edn konania:<\/td>\n<td>9. novembra 2017 o 8.00 hod.<\/td>\n<\/tr>\n<tr>\n<td>Miesto konania:<\/td>\n<td>Posluch\u00e1re\u0148 \u010d. 1, LF UPJ\u0160, Trieda SNP 1<\/td>\n<\/tr>\n<tr class=\"tmave\">\n<td>Organizuj\u00face subjekty:<\/td>\n<td>Slovensk\u00e1 lek\u00e1rska komora,<br \/>\nNad\u00e1cia LEK\u00c1R,<br \/>\nLEK\u00c1R, a.s.<br \/>\nLek\u00e1rska fakulta UPJ\u0160 v Ko\u0161iciach<\/td>\n<\/tr>\n<tr>\n<td>Koordin\u00e1tor:<\/td>\n<td>Doc. MUDr. Norbert Luk\u00e1n, PhD.<\/td>\n<\/tr>\n<tr class=\"tmave\">\n<td><em><strong>Pozn\u00e1mka:<\/strong><\/em><\/td>\n<td><a href=\"\/public\/media\/0455\/Pozvanka_na_Preventivnu_medicinu_V (1).pdf\">Program<\/a><\/td>\n<\/tr>\n<tr>\n<td colspan=\"2\"><\/td>\n<\/tr>\n<tr>\n<td class=\"nadpis\" colspan=\"2\" align=\"left\"><strong>XXVI. Schwarzov de\u0148<\/strong><\/td>\n<\/tr>\n<tr class=\"tmave\">\n<td>Term\u00edn konania:<\/td>\n<td>16. novembra 2017<\/td>\n<\/tr>\n<tr>\n<td>Miesto konania:<\/td>\n<td>Hotel DoubleTree by Hilton, Hlavn\u00e1 1, Ko\u0161ice<\/td>\n<\/tr>\n<tr class=\"tmave\">\n<td>Organizuj\u00face subjekty:<\/td>\n<td>Slovensk\u00e1 gynekologicko-p\u00f4rodn\u00edcka spolo\u010dnos\u0165 SLS<br \/>\nUniverzita P. J. \u0160af\u00e1rika v Ko\u0161iciach, Lek\u00e1rska fakulta<\/td>\n<\/tr>\n<tr>\n<td>Koordin\u00e1tor:<\/td>\n<td>prof. MUDr. Alexander Ostr\u00f3, CSc., MBA<\/td>\n<\/tr>\n<tr class=\"tmave\">\n<td>Pozn\u00e1mka:<\/td>\n<td><a href=\"https:\/\/www.upjs.sk\/app\/uploads\/sites\/9\/2022\/09\/Schwarz-2017-bulletin-aktual.pdf\">Program<\/a><\/td>\n<\/tr>\n<tr>\n<td>Web:<\/td>\n<td><a href=\"http:\/\/www.sgps-kongres.sk\/schwarzovden\/\">http:\/\/www.sgps-kongres.sk\/schwarzovden\/<\/a><\/td>\n<\/tr>\n<tr>\n<td colspan=\"2\"><\/td>\n<\/tr>\n<tr>\n<td class=\"nadpis\" colspan=\"2\" align=\"left\"><strong>Krajsk\u00fd semin\u00e1r dermatovenerol\u00f3gov<\/strong><\/td>\n<\/tr>\n<tr class=\"tmave\">\n<td>Term\u00edn konania:<\/td>\n<td>23. novembra 2017 o 13.00 hod.<\/td>\n<\/tr>\n<tr>\n<td>Miesto konania:<\/td>\n<td>Kult\u00farne centrum Veritas, Dominik\u00e1nske n\u00e1mestie, Ko\u0161ice<\/td>\n<\/tr>\n<tr class=\"tmave\">\n<td>Organizuj\u00face subjekty:<\/td>\n<td>Slovensk\u00e1 dermatovenerologick\u00e1 spolo\u010dnos\u0165<br \/>\nKrajsk\u00fd odborn\u00edk pre dermatovenerol\u00f3giu Ko\u0161ick\u00e9ho kraja<br \/>\nKlinika dermatovenerol\u00f3gie UPJ\u0160 LF a UNLP v Ko\u0161iciach<\/td>\n<\/tr>\n<tr>\n<td>Koordin\u00e1tor:<\/td>\n<td>Prof. MUDr. Jagienka Jautov\u00e1, PhD., MBA<\/td>\n<\/tr>\n<tr class=\"tmave\">\n<td>Pozn\u00e1mka:<\/td>\n<td><a href=\"\/public\/media\/0455\/KSD-2017-11-23.pdf\">Program<\/a>, <a href=\"\/public\/media\/0455\/KSD-2017-11-23-navratka.doc\">N\u00e1vratka na semin\u00e1r<\/a><\/td>\n<\/tr>\n<tr>\n<td colspan=\"2\"><\/td>\n<\/tr>\n<tr>\n<td class=\"nadpis\" colspan=\"2\" align=\"left\"><strong>3. kurz CEEA<\/strong><\/td>\n<\/tr>\n<tr class=\"tmave\">\n<td>Term\u00edn konania:<\/td>\n<td>29. novembra \u2013 1. decembra 2017<\/td>\n<\/tr>\n<tr>\n<td>Miesto konania:<\/td>\n<td>In\u0161tit\u00fat pre \u010fal\u0161ie vzdel\u00e1vanie veterin\u00e1rnych lek\u00e1rov, Cesta pod Hradovou 13, Ko\u0161ice<\/td>\n<\/tr>\n<tr class=\"tmave\">\n<td>Organizuj\u00face subjekty:<\/td>\n<td><a href=\"http:\/\/www.lf.upjs.sk\/ceea\">Slovensk\u00e9 centrum CEEA<\/a><br \/>\nEur\u00f3pska spolo\u010dnos\u0165 anest\u00e9ziol\u00f3gie<br \/>\nSlovensk\u00e1 spolo\u010dnos\u0165 anest\u00e9ziol\u00f3gie a intenz\u00edvnej medic\u00edny<br \/>\nI. klinika anest\u00e9ziol\u00f3gie a intenz\u00edvnej medic\u00edny UPJ\u0160 LF a UNLP Ko\u0161ice<br \/>\nSpolo\u010dnos\u0165 pre kriticky chor\u00fdch pri I. KAIM<\/td>\n<\/tr>\n<tr>\n<td>Koordin\u00e1tor:<\/td>\n<td>MUDr. \u0160tefan Trenkler, PhD., Slovensk\u00e9 centrum CEEA<\/td>\n<\/tr>\n<tr class=\"tmave\">\n<td>Pozn\u00e1mka:<\/td>\n<td><a href=\"http:\/\/www.lf.upjs.sk\/ceea\/Program CEEA 2017 01122017.pdf\">Program<\/a><\/td>\n<\/tr>\n<tr>\n<td colspan=\"2\"><\/td>\n<\/tr>\n<tr>\n<td colspan=\"2\"><\/td>\n<\/tr>\n<\/tbody>\n<\/table>\n","protected":false},"excerpt":{"rendered":"<p>JANU\u00c1R 2017 I. onko-gynekologick\u00fd kongres Term\u00edn konania: 20. \u2013 21. janu\u00e1ra 2017 Miesto konania: Hotel ROCA Ko\u0161ice, Ju\u017en\u00e1 Trieda 117 Organizuj\u00face subjekty: EDUMED, n.o. Slovensk\u00e1 gynekologicko-p\u00f4rodn\u00edcka spolo\u010dnos\u0165 Univerzita P. J. \u0160af\u00e1rika v Ko\u0161iciach, Lek\u00e1rska fakulta Koordin\u00e1tor: MUDr. Jozef Adam, Ph.D. Pozn\u00e1mka: www str\u00e1nka kongresu Sl\u00e1vnostn\u00e1 pracovn\u00e1 sch\u00f4dza venovan\u00e1 \u017eivotn\u00e9mu jubileu Doc. MUDr. J\u00e1na Sl\u00e1vika, CSc. &hellip; <a href=\"https:\/\/www.upjs.sk\/lekarska-fakulta\/fakulta\/konferencie-a-podujatia\/podujatia-2017\/\">\u010c\u00edta\u0165 \u010falej<\/a><\/p>\n","protected":false},"author":1,"featured_media":0,"parent":14171,"menu_order":9,"comment_status":"closed","ping_status":"closed","template":"","meta":{"_acf_changed":false,"_editorskit_title_hidden":false,"_editorskit_reading_time":0,"_editorskit_is_block_options_detached":false,"_editorskit_block_options_position":"{}","footnotes":""},"categories":[],"tags":[],"class_list":["post-16638","page","type-page","status-publish","hentry"],"acf":{"acf_link_na_externy_obsah":""},"yoast_head":"<!-- This site is optimized with the Yoast SEO plugin v27.4 - https:\/\/yoast.com\/product\/yoast-seo-wordpress\/ -->\n<title>Podujatia v roku 2017 - Lek\u00e1rska fakulta | UPJ\u0160<\/title>\n<meta name=\"robots\" content=\"index, follow, max-snippet:-1, max-image-preview:large, max-video-preview:-1\" \/>\n<link rel=\"canonical\" href=\"https:\/\/www.upjs.sk\/lekarska-fakulta\/fakulta\/konferencie-a-podujatia\/podujatia-2017\/\" \/>\n<meta property=\"og:locale\" content=\"sk_SK\" \/>\n<meta property=\"og:type\" content=\"article\" \/>\n<meta property=\"og:title\" content=\"Podujatia v roku 2017 - Lek\u00e1rska fakulta | UPJ\u0160\" \/>\n<meta property=\"og:description\" content=\"JANU\u00c1R 2017 I. onko-gynekologick\u00fd kongres Term\u00edn konania: 20. \u2013 21. janu\u00e1ra 2017 Miesto konania: Hotel ROCA Ko\u0161ice, Ju\u017en\u00e1 Trieda 117 Organizuj\u00face subjekty: EDUMED, n.o. Slovensk\u00e1 gynekologicko-p\u00f4rodn\u00edcka spolo\u010dnos\u0165 Univerzita P. J. \u0160af\u00e1rika v Ko\u0161iciach, Lek\u00e1rska fakulta Koordin\u00e1tor: MUDr. Jozef Adam, Ph.D. Pozn\u00e1mka: www str\u00e1nka kongresu Sl\u00e1vnostn\u00e1 pracovn\u00e1 sch\u00f4dza venovan\u00e1 \u017eivotn\u00e9mu jubileu Doc. MUDr. J\u00e1na Sl\u00e1vika, CSc. &hellip; \u010c\u00edta\u0165 \u010falej\" \/>\n<meta property=\"og:url\" content=\"https:\/\/www.upjs.sk\/lekarska-fakulta\/fakulta\/konferencie-a-podujatia\/podujatia-2017\/\" \/>\n<meta property=\"og:site_name\" content=\"Lek\u00e1rska fakulta | UPJ\u0160\" \/>\n<meta property=\"article:modified_time\" content=\"2025-02-21T08:26:16+00:00\" \/>\n<meta name=\"twitter:card\" content=\"summary_large_image\" \/>\n<meta name=\"twitter:label1\" content=\"Predpokladan\u00fd \u010das \u010d\u00edtania\" \/>\n\t<meta name=\"twitter:data1\" content=\"10 min\u00fat\" \/>\n<script type=\"application\/ld+json\" class=\"yoast-schema-graph\">{\"@context\":\"https:\\\/\\\/schema.org\",\"@graph\":[{\"@type\":\"WebPage\",\"@id\":\"https:\\\/\\\/www.upjs.sk\\\/lekarska-fakulta\\\/fakulta\\\/konferencie-a-podujatia\\\/podujatia-2017\\\/\",\"url\":\"https:\\\/\\\/www.upjs.sk\\\/lekarska-fakulta\\\/fakulta\\\/konferencie-a-podujatia\\\/podujatia-2017\\\/\",\"name\":\"Podujatia v roku 2017 - Lek\u00e1rska fakulta | UPJ\u0160\",\"isPartOf\":{\"@id\":\"https:\\\/\\\/www.upjs.sk\\\/lekarska-fakulta\\\/#website\"},\"datePublished\":\"2018-02-14T14:37:46+00:00\",\"dateModified\":\"2025-02-21T08:26:16+00:00\",\"breadcrumb\":{\"@id\":\"https:\\\/\\\/www.upjs.sk\\\/lekarska-fakulta\\\/fakulta\\\/konferencie-a-podujatia\\\/podujatia-2017\\\/#breadcrumb\"},\"inLanguage\":\"sk-SK\",\"potentialAction\":[{\"@type\":\"ReadAction\",\"target\":[\"https:\\\/\\\/www.upjs.sk\\\/lekarska-fakulta\\\/fakulta\\\/konferencie-a-podujatia\\\/podujatia-2017\\\/\"]}]},{\"@type\":\"BreadcrumbList\",\"@id\":\"https:\\\/\\\/www.upjs.sk\\\/lekarska-fakulta\\\/fakulta\\\/konferencie-a-podujatia\\\/podujatia-2017\\\/#breadcrumb\",\"itemListElement\":[{\"@type\":\"ListItem\",\"position\":1,\"name\":\"Home\",\"item\":\"https:\\\/\\\/www.upjs.sk\\\/lekarska-fakulta\\\/\"},{\"@type\":\"ListItem\",\"position\":2,\"name\":\"O fakulte\",\"item\":\"https:\\\/\\\/www.upjs.sk\\\/lekarska-fakulta\\\/fakulta\\\/\"},{\"@type\":\"ListItem\",\"position\":3,\"name\":\"Konferencie a podujatia\",\"item\":\"https:\\\/\\\/www.upjs.sk\\\/lekarska-fakulta\\\/fakulta\\\/konferencie-a-podujatia\\\/\"},{\"@type\":\"ListItem\",\"position\":4,\"name\":\"Podujatia v roku 2017\"}]},{\"@type\":\"WebSite\",\"@id\":\"https:\\\/\\\/www.upjs.sk\\\/lekarska-fakulta\\\/#website\",\"url\":\"https:\\\/\\\/www.upjs.sk\\\/lekarska-fakulta\\\/\",\"name\":\"Lek\u00e1rska fakulta | UPJ\u0160\",\"description\":\"\",\"publisher\":{\"@id\":\"https:\\\/\\\/www.upjs.sk\\\/lekarska-fakulta\\\/#organization\"},\"potentialAction\":[{\"@type\":\"SearchAction\",\"target\":{\"@type\":\"EntryPoint\",\"urlTemplate\":\"https:\\\/\\\/www.upjs.sk\\\/lekarska-fakulta\\\/?s={search_term_string}\"},\"query-input\":{\"@type\":\"PropertyValueSpecification\",\"valueRequired\":true,\"valueName\":\"search_term_string\"}}],\"inLanguage\":\"sk-SK\"},{\"@type\":\"Organization\",\"@id\":\"https:\\\/\\\/www.upjs.sk\\\/lekarska-fakulta\\\/#organization\",\"name\":\"Lek\u00e1rska fakulta | UPJ\u0160\",\"url\":\"https:\\\/\\\/www.upjs.sk\\\/lekarska-fakulta\\\/\",\"logo\":{\"@type\":\"ImageObject\",\"inLanguage\":\"sk-SK\",\"@id\":\"https:\\\/\\\/www.upjs.sk\\\/lekarska-fakulta\\\/#\\\/schema\\\/logo\\\/image\\\/\",\"url\":\"https:\\\/\\\/www.upjs.sk\\\/app\\\/uploads\\\/sites\\\/9\\\/2022\\\/09\\\/logo-lekarska-fakulta.png\",\"contentUrl\":\"https:\\\/\\\/www.upjs.sk\\\/app\\\/uploads\\\/sites\\\/9\\\/2022\\\/09\\\/logo-lekarska-fakulta.png\",\"width\":415,\"height\":87,\"caption\":\"Lek\u00e1rska fakulta | UPJ\u0160\"},\"image\":{\"@id\":\"https:\\\/\\\/www.upjs.sk\\\/lekarska-fakulta\\\/#\\\/schema\\\/logo\\\/image\\\/\"}}]}<\/script>\n<!-- \/ Yoast SEO plugin. -->","yoast_head_json":{"title":"Podujatia v roku 2017 - Lek\u00e1rska fakulta | UPJ\u0160","robots":{"index":"index","follow":"follow","max-snippet":"max-snippet:-1","max-image-preview":"max-image-preview:large","max-video-preview":"max-video-preview:-1"},"canonical":"https:\/\/www.upjs.sk\/lekarska-fakulta\/fakulta\/konferencie-a-podujatia\/podujatia-2017\/","og_locale":"sk_SK","og_type":"article","og_title":"Podujatia v roku 2017 - Lek\u00e1rska fakulta | UPJ\u0160","og_description":"JANU\u00c1R 2017 I. onko-gynekologick\u00fd kongres Term\u00edn konania: 20. \u2013 21. janu\u00e1ra 2017 Miesto konania: Hotel ROCA Ko\u0161ice, Ju\u017en\u00e1 Trieda 117 Organizuj\u00face subjekty: EDUMED, n.o. Slovensk\u00e1 gynekologicko-p\u00f4rodn\u00edcka spolo\u010dnos\u0165 Univerzita P. J. \u0160af\u00e1rika v Ko\u0161iciach, Lek\u00e1rska fakulta Koordin\u00e1tor: MUDr. Jozef Adam, Ph.D. Pozn\u00e1mka: www str\u00e1nka kongresu Sl\u00e1vnostn\u00e1 pracovn\u00e1 sch\u00f4dza venovan\u00e1 \u017eivotn\u00e9mu jubileu Doc. MUDr. J\u00e1na Sl\u00e1vika, CSc. &hellip; \u010c\u00edta\u0165 \u010falej","og_url":"https:\/\/www.upjs.sk\/lekarska-fakulta\/fakulta\/konferencie-a-podujatia\/podujatia-2017\/","og_site_name":"Lek\u00e1rska fakulta | UPJ\u0160","article_modified_time":"2025-02-21T08:26:16+00:00","twitter_card":"summary_large_image","twitter_misc":{"Predpokladan\u00fd \u010das \u010d\u00edtania":"10 min\u00fat"},"schema":{"@context":"https:\/\/schema.org","@graph":[{"@type":"WebPage","@id":"https:\/\/www.upjs.sk\/lekarska-fakulta\/fakulta\/konferencie-a-podujatia\/podujatia-2017\/","url":"https:\/\/www.upjs.sk\/lekarska-fakulta\/fakulta\/konferencie-a-podujatia\/podujatia-2017\/","name":"Podujatia v roku 2017 - Lek\u00e1rska fakulta | UPJ\u0160","isPartOf":{"@id":"https:\/\/www.upjs.sk\/lekarska-fakulta\/#website"},"datePublished":"2018-02-14T14:37:46+00:00","dateModified":"2025-02-21T08:26:16+00:00","breadcrumb":{"@id":"https:\/\/www.upjs.sk\/lekarska-fakulta\/fakulta\/konferencie-a-podujatia\/podujatia-2017\/#breadcrumb"},"inLanguage":"sk-SK","potentialAction":[{"@type":"ReadAction","target":["https:\/\/www.upjs.sk\/lekarska-fakulta\/fakulta\/konferencie-a-podujatia\/podujatia-2017\/"]}]},{"@type":"BreadcrumbList","@id":"https:\/\/www.upjs.sk\/lekarska-fakulta\/fakulta\/konferencie-a-podujatia\/podujatia-2017\/#breadcrumb","itemListElement":[{"@type":"ListItem","position":1,"name":"Home","item":"https:\/\/www.upjs.sk\/lekarska-fakulta\/"},{"@type":"ListItem","position":2,"name":"O fakulte","item":"https:\/\/www.upjs.sk\/lekarska-fakulta\/fakulta\/"},{"@type":"ListItem","position":3,"name":"Konferencie a podujatia","item":"https:\/\/www.upjs.sk\/lekarska-fakulta\/fakulta\/konferencie-a-podujatia\/"},{"@type":"ListItem","position":4,"name":"Podujatia v roku 2017"}]},{"@type":"WebSite","@id":"https:\/\/www.upjs.sk\/lekarska-fakulta\/#website","url":"https:\/\/www.upjs.sk\/lekarska-fakulta\/","name":"Lek\u00e1rska fakulta | UPJ\u0160","description":"","publisher":{"@id":"https:\/\/www.upjs.sk\/lekarska-fakulta\/#organization"},"potentialAction":[{"@type":"SearchAction","target":{"@type":"EntryPoint","urlTemplate":"https:\/\/www.upjs.sk\/lekarska-fakulta\/?s={search_term_string}"},"query-input":{"@type":"PropertyValueSpecification","valueRequired":true,"valueName":"search_term_string"}}],"inLanguage":"sk-SK"},{"@type":"Organization","@id":"https:\/\/www.upjs.sk\/lekarska-fakulta\/#organization","name":"Lek\u00e1rska fakulta | UPJ\u0160","url":"https:\/\/www.upjs.sk\/lekarska-fakulta\/","logo":{"@type":"ImageObject","inLanguage":"sk-SK","@id":"https:\/\/www.upjs.sk\/lekarska-fakulta\/#\/schema\/logo\/image\/","url":"https:\/\/www.upjs.sk\/app\/uploads\/sites\/9\/2022\/09\/logo-lekarska-fakulta.png","contentUrl":"https:\/\/www.upjs.sk\/app\/uploads\/sites\/9\/2022\/09\/logo-lekarska-fakulta.png","width":415,"height":87,"caption":"Lek\u00e1rska fakulta | UPJ\u0160"},"image":{"@id":"https:\/\/www.upjs.sk\/lekarska-fakulta\/#\/schema\/logo\/image\/"}}]}},"_links":{"self":[{"href":"https:\/\/www.upjs.sk\/lekarska-fakulta\/wp-json\/wp\/v2\/pages\/16638","targetHints":{"allow":["GET"]}}],"collection":[{"href":"https:\/\/www.upjs.sk\/lekarska-fakulta\/wp-json\/wp\/v2\/pages"}],"about":[{"href":"https:\/\/www.upjs.sk\/lekarska-fakulta\/wp-json\/wp\/v2\/types\/page"}],"author":[{"embeddable":true,"href":"https:\/\/www.upjs.sk\/lekarska-fakulta\/wp-json\/wp\/v2\/users\/1"}],"replies":[{"embeddable":true,"href":"https:\/\/www.upjs.sk\/lekarska-fakulta\/wp-json\/wp\/v2\/comments?post=16638"}],"version-history":[{"count":3,"href":"https:\/\/www.upjs.sk\/lekarska-fakulta\/wp-json\/wp\/v2\/pages\/16638\/revisions"}],"predecessor-version":[{"id":130443,"href":"https:\/\/www.upjs.sk\/lekarska-fakulta\/wp-json\/wp\/v2\/pages\/16638\/revisions\/130443"}],"up":[{"embeddable":true,"href":"https:\/\/www.upjs.sk\/lekarska-fakulta\/wp-json\/wp\/v2\/pages\/14171"}],"wp:attachment":[{"href":"https:\/\/www.upjs.sk\/lekarska-fakulta\/wp-json\/wp\/v2\/media?parent=16638"}],"wp:term":[{"taxonomy":"category","embeddable":true,"href":"https:\/\/www.upjs.sk\/lekarska-fakulta\/wp-json\/wp\/v2\/categories?post=16638"},{"taxonomy":"post_tag","embeddable":true,"href":"https:\/\/www.upjs.sk\/lekarska-fakulta\/wp-json\/wp\/v2\/tags?post=16638"}],"curies":[{"name":"wp","href":"https:\/\/api.w.org\/{rel}","templated":true}]}}