{"id":73692,"date":"2023-01-19T21:33:33","date_gmt":"2023-01-19T20:33:43","guid":{"rendered":"https:\/\/www.upjs.sk\/lekarska-fakulta\/fakulta\/verejnost-a-media\/fakulta-v-mediach\/fakulta-v-mediach-2015\/"},"modified":"2023-01-19T22:06:41","modified_gmt":"2023-01-19T21:06:41","slug":"archiv2015","status":"publish","type":"page","link":"https:\/\/www.upjs.sk\/lekarska-fakulta\/fakulta\/verejnost-a-media\/fakulta-v-mediach\/archiv2015\/","title":{"rendered":"Fakulta v m\u00e9di\u00e1ch 2015"},"content":{"rendered":"\n<p><strong>December 2015<\/strong><\/p>\n\n\n\n<figure id=\"zebra\" class=\"wp-block-table is-style-stripes\"><table><tbody><tr><td class=\"has-text-align-right\" data-align=\"right\">22.12.2015<\/td><td>www.kosice24.sk:&nbsp;<a href=\"http:\/\/kosice.dnes24.sk\/dostalo-samu-obrovskej-pocty-miroslav-mydlik-83-v-dvorane-slavy-slovenskej-mediciny-ako-prvy-profesor-z-kosic-224802\">Miroslav Mydl\u00edk v Dvorane sl\u00e1vy slovenskej medic\u00edny ako prv\u00fd profesor z Ko\u0161\u00edc!<\/a><\/td><\/tr><tr><td class=\"has-text-align-right\" data-align=\"right\">17.12.2015<\/td><td>HOSPOD\u00c1RSKE NOVINY:&nbsp;<a href=\"https:\/\/www.upjs.sk\/public\/media\/12139\/2015-12-17%20Hospodarske%20noviny%20-%20Schreter%20-%20zltacka.pdf\">Tich\u00fd zabijak &#8211; rozhovor s prof. Schr\u00e9terom<\/a><\/td><\/tr><tr><td class=\"has-text-align-right\" data-align=\"right\">17.12.2015<\/td><td>ZDRAVOTN\u00cdCKE NOVINY:&nbsp;<a href=\"https:\/\/www.upjs.sk\/public\/media\/12139\/2015-12-17%20Zdravotnicke%20noviny%20-%20Jarcuska%20-%20HIV.pdf\">Pacienti s v\u00edrusom HIV prib\u00fadaj\u00fa<\/a><\/td><\/tr><tr><td class=\"has-text-align-right\" data-align=\"right\">17.12.2015<\/td><td>ZDRAVOTN\u00cdCKE NOVINY:&nbsp;<a href=\"https:\/\/www.upjs.sk\/public\/media\/12139\/2015-12-17%20Z.%20NOVINY%20-%20indolove%20fytoalexiny.pdf\">Novinky v lie\u010dbe za rok 2015<\/a><\/td><\/tr><tr><td class=\"has-text-align-right\" data-align=\"right\">16.12.2015<\/td><td>www.skolskyservis.sk:&nbsp;<a href=\"http:\/\/skolskyservis.teraz.sk\/vysoke-skoly\/lf-upjs-student-zeneva\/24039-clanok.html\">\u0160tudent LF UPJ\u0160 za z\u00fa\u010dastnil na konferencii v \u017deneve<\/a><\/td><\/tr><tr><td class=\"has-text-align-right\" data-align=\"right\">16.12.2015<\/td><td>www.kosickespravy.sk:&nbsp;<a href=\"http:\/\/www.kosickespravy.sk\/kosicky-medik-v-zeneve\">Ko\u0161ick\u00fd medik v \u017deneve<\/a><\/td><\/tr><tr><td class=\"has-text-align-right\" data-align=\"right\">11.12.2015<\/td><td>www.tech.sme.sk:&nbsp;<a href=\"http:\/\/tech.sme.sk\/c\/20065357\/slovenski-vedci-zistili-ktore-deti-su-sikanovane.html\">Slovensk\u00ed vedci zistili, ktor\u00e9 deti s\u00fa \u0161ikanovan\u00e9<\/a><\/td><\/tr><tr><td class=\"has-text-align-right\" data-align=\"right\">10.12.2015<\/td><td>LEK\u00c1RSKE LISTY:&nbsp;<a href=\"https:\/\/www.upjs.sk\/public\/media\/12139\/2015-12-10%20LEKARSKE%20LISTY%20-%20hypertenzia%20-%20Snincak.pdf\">Art\u00e9riov\u00e1 hypertenzia \u2013 klinick\u00e9 trendy<\/a><\/td><\/tr><tr><td class=\"has-text-align-right\" data-align=\"right\">04.12.2015<\/td><td>www.skolskyservis.teraz.sk:&nbsp;<a href=\"http:\/\/skolskyservis.teraz.sk\/vysoke-skoly\/medici-varovali-studentov-pred-rizikom\/23541-clanok.html\">Medici varovali \u0161tudentov pred rizikom n\u00e1kazy v\u00edrusom HIV<\/a><\/td><\/tr><tr><td class=\"has-text-align-right\" data-align=\"right\">03.12.2015<\/td><td>www.science.sk:&nbsp;<a href=\"http:\/\/science.dennikn.sk\/clanky-a-rozhovory\/ziva-priroda-a-chemicke-vedy\/lekarstvo\/6074-aj-vedci-si-nechali-narast-fuzy-aby-upozornili-na-rakovinu-prostaty\">Vedci si nechali nar\u00e1s\u0165 f\u00fazy, aby upozornili na rakovinu prostaty<\/a><\/td><\/tr><tr><td class=\"has-text-align-right\" data-align=\"right\">02.12.2015<\/td><td>www.dobrenoviny.sk:&nbsp;<a href=\"http:\/\/www.dobrenoviny.sk\/c\/59500\/kosicki-medici-informovali-o-hiv-i-technike-pouzitia-kondomu\">Ko\u0161ick\u00ed medici informovali o HIV i technike pou\u017eitia kond\u00f3mu<\/a><\/td><\/tr><tr><td class=\"has-text-align-right\" data-align=\"right\">02.12.2015<\/td><td>Agent\u00fara SITA, www.webnoviny.sk:&nbsp;<a href=\"http:\/\/vzdravotnictve.webnoviny.sk\/v-kosiciach-sa-budu-vzdelavat-anesteziologovia\/\">V Ko\u0161iciach sa bud\u00fa vzdel\u00e1va\u0165 anest\u00e9ziol\u00f3govia<\/a><\/td><\/tr><tr><td class=\"has-text-align-right\" data-align=\"right\">01.12.2015<\/td><td>www.teraz.sk, www.24hod.sk:&nbsp;<a href=\"http:\/\/www.24hod.sk\/video-kosicki-medici-informovali-o-hiv-i-technike-pouzitia-kondomu-cl402755.html\">Ko\u0161ick\u00ed medici informovali o HIV i technike pou\u017eitia kond\u00f3mu<\/a><\/td><\/tr><tr><td class=\"has-text-align-right\" data-align=\"right\">01.12.2015<\/td><td>Agent\u00fara TASR, www.korzar.sme.sk:&nbsp;<a href=\"https:\/\/www.upjs.sk\/public\/media\/12139\/2015-12-01%20KORZAR%20-%20AIDS%20-%20akcia%20medikov%20-%20Jarcuska.pdf\">Medici informovali o HIV aj o technike pou\u017eitia kond\u00f3mu<\/a><\/td><\/tr><tr><td class=\"has-text-align-right\" data-align=\"right\">01.12.2015<\/td><td>Agent\u00fara SITA, www.korzar.sme.sk:&nbsp;<a href=\"https:\/\/www.upjs.sk\/public\/media\/12139\/2015-12-01%20SITA%20-%20Korzar.sk%20-%20AIDS%20-%20Jarcuska%20-%20medici%20-%20akcia.pdf\">Boj proti AIDS: Medici bud\u00fa pochodova\u0165 so svie\u010dkami<\/a><\/td><\/tr><tr><td class=\"has-text-align-right\" data-align=\"right\">01.12.2015<\/td><td>www.kosickespravy.sk:&nbsp;<a href=\"https:\/\/www.upjs.sk\/public\/media\/12139\/2015-12-01%20kosickespravy.sk%20-%20akcia%20-%20studenti%20-%20AIDS%20-%20Jarcuska.pdf\">Osveta medikov proti AIDS<\/a><\/td><\/tr><tr><td class=\"has-text-align-right\" data-align=\"right\">01.12.2015<\/td><td>www.kosicednes.sk:&nbsp;<a href=\"https:\/\/www.upjs.sk\/public\/media\/12139\/2015-12-01%20www.kosicednes.sk%20-%20studenti%20%20-%20akcia%20-%20AIDS.pdf\">\u0160tudenti bojuj\u00fa proti AIDS<\/a><\/td><\/tr><\/tbody><\/table><\/figure>\n\n\n\n<p><strong>November 2015<\/strong><\/p>\n\n\n\n<figure id=\"zebra\" class=\"wp-block-table is-style-stripes\"><table><tbody><tr><td class=\"has-text-align-right\" data-align=\"right\">30.11.2015<\/td><td>www.cas.sk:&nbsp;<a href=\"http:\/\/vas.cas.sk\/clanok\/12595\/univerzita-v-kosiciach-ziskala-unikatny-pristroj-robi-to-ako-clovek.html\">Univerzita v Ko\u0161iciach z\u00edskala unik\u00e1tny pr\u00edstroj: Rob\u00ed to ako \u010dlovek!<\/a><\/td><\/tr><tr><td class=\"has-text-align-right\" data-align=\"right\">27.11.2015<\/td><td>www.korzar.sme.sk:&nbsp;<a href=\"http:\/\/kosice.korzar.sme.sk\/c\/8086130\/kosicky-kraj-rozdaval-ocenenia.html\">Ko\u0161ick\u00e1 \u017eupa rozd\u00e1vala ocenenia<\/a><\/td><\/tr><tr><td class=\"has-text-align-right\" data-align=\"right\">26.11.2015<\/td><td>www.kosice24.sk:&nbsp;<a href=\"http:\/\/kosice.dnes24.sk\/kosicka-univerzita-ma-stredoeuropsky-unikat-nezvycajny-pristroj-dokaze-travit-ako-clovek-foto-222662\">Ko\u0161ick\u00e1 univerzita m\u00e1 stredoeur\u00f3psky unik\u00e1t: Nezvy\u010dajn\u00fd pr\u00edstroj dok\u00e1\u017ee tr\u00e1vi\u0165 ako \u010dlovek<\/a><\/td><\/tr><tr><td class=\"has-text-align-right\" data-align=\"right\">26.11.2015<\/td><td>www.kosickespravy.sk:&nbsp;<a href=\"https:\/\/www.upjs.sk\/public\/media\/12139\/2015-11-26%20kosickespravy.sk%20-%20otvorenie%20UEM.pdf\">Zrekon\u0161truovali \u00dastav experiment\u00e1lnej medic\u00edny<\/a><\/td><\/tr><tr><td class=\"has-text-align-right\" data-align=\"right\">26.11.2015<\/td><td>www.skolskyservis.sk:<a href=\"https:\/\/www.upjs.sk\/public\/media\/12139\/2015-11-26%20skolskyservis.sk%20-%20imatrikulacia.pdf\">&nbsp;Prv\u00e1kov Lek\u00e1rskej fakulty UPJ\u0160 Ko\u0161ice prijali do akademickej obce<\/a><\/td><\/tr><tr><td class=\"has-text-align-right\" data-align=\"right\">25.11.2015<\/td><td>www.tablet.tv:&nbsp;<a href=\"http:\/\/tv.teraz.sk\/strucne-vystizne-z-tasr\/tasr-kosice-ustav-experimentalnej-mediciny-25112015x3fh8jv\/5598\/\">V Ko\u0161iciach otvorili zrekon\u0161tuovan\u00fd \u00dastav experiment\u00e1lnej medic\u00edny<\/a><\/td><\/tr><tr><td class=\"has-text-align-right\" data-align=\"right\">25.11.2015<\/td><td>Telev\u00edzia STV 2:&nbsp;<a href=\"https:\/\/www.upjs.sk\/public\/media\/12139\/2015-11-25%20STV%20-%20otvorenie%20UEM.pdf\">Skvalitnia v\u00fdskum<\/a><\/td><\/tr><tr><td class=\"has-text-align-right\" data-align=\"right\">25.11.2015<\/td><td>Agent\u00fara SITA, www.webnoviny.sk:&nbsp;<a href=\"http:\/\/vzdravotnictve.webnoviny.sk\/ustav-experimentalnej-mediciny-zrekonstruoval-priestory\/\">\u00dastav experiment\u00e1lnej medic\u00edny zrekon\u0161truoval priestory<\/a><\/td><\/tr><tr><td class=\"has-text-align-right\" data-align=\"right\">25.11.2015<\/td><td>R\u00e1dio KO\u0160ICE:&nbsp;<a href=\"https:\/\/www.upjs.sk\/public\/media\/12139\/2015-11-25%20RadioKOSICE%20-%20otvorenie%20UEM.pdf\">Zrekon\u0161truovan\u00e9 priestory \u00dastavu experiment\u00e1lnej medic\u00edny<\/a><\/td><\/tr><tr><td class=\"has-text-align-right\" data-align=\"right\">25.11.2015<\/td><td>denn\u00edk KORZ\u00c1R:&nbsp;<a href=\"https:\/\/www.upjs.sk\/public\/media\/12139\/2015-11-25%20KORZAR%20-%20otvorenie%20UEM.pdf\">\u00dastav experiment\u00e1lnej medic\u00edny z\u00edskal najmodernej\u0161ie pr\u00edstroje<\/a><\/td><\/tr><tr><td class=\"has-text-align-right\" data-align=\"right\">23.11.2015<\/td><td>www.kosicednes.sk:&nbsp;<a href=\"https:\/\/www.upjs.sk\/public\/media\/12139\/2015-11-23%20www.kosicednes.sk%20-%20Movember.pdf\">Mu\u017esk\u00e9 zdravie na dotyk<\/a><\/td><\/tr><tr><td class=\"has-text-align-right\" data-align=\"right\">22.11.2015<\/td><td>www.korzar.sme.sk:&nbsp;<a href=\"https:\/\/www.upjs.sk\/public\/media\/12139\/2015-11-22%20www.korzar.sk%20-%20Movember.pdf\">\u0160tudenti Lek\u00e1rskej fakulty informovali o samovy\u0161etren\u00ed semenn\u00edkov<\/a><\/td><\/tr><tr><td class=\"has-text-align-right\" data-align=\"right\">22.11.2015<\/td><td>www.hlavnespravy.sk:&nbsp;<a href=\"https:\/\/www.upjs.sk\/public\/media\/12139\/2015-11-22%20www.hlavnespravy.sk%20-%20Movember.pdf\">\u0160tudenti Lek\u00e1rskej fakulty informovali mu\u017eov o samovy\u0161etren\u00ed semenn\u00edkov<\/a><\/td><\/tr><tr><td class=\"has-text-align-right\" data-align=\"right\">21.11.2015<\/td><td>www.skolskyservis.sk:&nbsp;<a href=\"https:\/\/www.upjs.sk\/public\/media\/12139\/2015-11-21%20www.skolskyservis.sk%20-%20Movember.pdf\">Medici bud\u00fa informova\u0165 mu\u017eov o rakovine prostaty a samovy\u0161etren\u00ed<\/a><\/td><\/tr><tr><td class=\"has-text-align-right\" data-align=\"right\">21.11.2015<\/td><td>www.korzar.sme.sk:&nbsp;<a href=\"https:\/\/www.upjs.sk\/public\/media\/12139\/2015-11-21%20korzar.sme.sk%20-%20Movember.pdf\">Medici bud\u00fa informova\u0165 mu\u017eov o rakovine prostaty a samovy\u0161etren\u00ed<\/a><\/td><\/tr><tr><td class=\"has-text-align-right\" data-align=\"right\">21.11.2015<\/td><td>Agent\u00fara TASR:&nbsp;<a href=\"https:\/\/www.upjs.sk\/public\/media\/12139\/2015-11-21%20TASR%20-%20Movember.pdf\">Medici dnes bud\u00fa informova\u0165 mu\u017eov o rakovine prostaty a samovy\u0161etren\u00ed<\/a><\/td><\/tr><tr><td class=\"has-text-align-right\" data-align=\"right\">20.11.2015<\/td><td>www.kosice24.sk:&nbsp;<a href=\"https:\/\/www.upjs.sk\/public\/media\/12139\/2015-11-20%20www.kosice24.sk%20-%20Movember.docx\">Ra\u0161i plus \u010fal\u0161ie zn\u00e1me tv\u00e1re so \u0161ibalsk\u00fdm f\u00fazikom: Na prv\u00fd poh\u013ead sa to nezd\u00e1, ale ide o \u017eivot!<\/a><\/td><\/tr><tr><td class=\"has-text-align-right\" data-align=\"right\">20.11.2015<\/td><td>www.kosickespravy.sk:&nbsp;<a href=\"https:\/\/www.upjs.sk\/public\/media\/12139\/2015-11-20%20www.kosickespravy.sk%20-%20Movember.pdf\">\u201eF\u00fazat\u00fd\u201c november pre mu\u017eov<\/a><\/td><\/tr><tr><td class=\"has-text-align-right\" data-align=\"right\">13.11.2015<\/td><td>www.korzar.sme.sk:&nbsp;<a href=\"https:\/\/www.upjs.sk\/public\/media\/12139\/2015-11-13%20www.korzar.sk%20-%20nova%20ucebnica%20-%20Surgery.pdf\">Medici maj\u00fa nov\u00fa u\u010debnicu chirurgie v angli\u010dtine<\/a><\/td><\/tr><tr><td class=\"has-text-align-right\" data-align=\"right\">13.11.2015<\/td><td>www.skolskyservis.sk:&nbsp;<a href=\"https:\/\/www.upjs.sk\/public\/media\/12139\/2015-11-13%20www.skolskyservis.sk%20-%20Ucebcnica%20Surgery.pdf\">\u0160tudenti UPJ\u0160 LF maj\u00fa nov\u00fa u\u010debnicu chirurgie v angli\u010dtine<\/a><\/td><\/tr><tr><td class=\"has-text-align-right\" data-align=\"right\">13.11.2015<\/td><td>Agent\u00fara TASR:&nbsp;<a href=\"https:\/\/www.upjs.sk\/public\/media\/12139\/2015-11-13%20TASR%20-%20ucebnica%20chirurgie%20v%20anglictine.pdf\">Medici z UPJ\u0160 maj\u00fa nov\u00fa u\u010debnicu chirurgie v angli\u010dtine<\/a><\/td><\/tr><tr><td class=\"has-text-align-right\" data-align=\"right\">05.11.2015<\/td><td>Denn\u00edk KORZ\u00c1R, www.korzar.sk:&nbsp;<a href=\"https:\/\/www.upjs.sk\/public\/media\/12139\/2015-11-05%20KORZAR%20-%20zbierka%20zahranicnych%20studentov%20LF.pdf\">\u0160tudenti pom\u00e1haj\u00fa kolegom v zahrani\u010d\u00ed<\/a><\/td><\/tr><tr><td class=\"has-text-align-right\" data-align=\"right\">04.11.2015<\/td><td>www.kosickespravy.sk:&nbsp;<a href=\"https:\/\/www.upjs.sk\/public\/media\/12139\/2015-11-04%20kosickespravy.sk%20-%20zbierka%20zahranicnych%20studentov.pdf\">Zbierka zahrani\u010dn\u00fdch medikov<\/a><\/td><\/tr><tr><td class=\"has-text-align-right\" data-align=\"right\">04.11.2015<\/td><td>www.skolskyservis.sk:&nbsp;<a href=\"https:\/\/www.upjs.sk\/public\/media\/12139\/2015-11-04%20skolskyservis.sk%20-%20charitativna%20akcia%20-%20zahranicni%20studenti%20LF.pdf\">Zahrani\u010dn\u00ed medici z UPJ\u0160 zorganizovali charitat\u00edvnu akciu<\/a><\/td><\/tr><tr><td class=\"has-text-align-right\" data-align=\"right\">03.11.2015<\/td><td>www.korzar.sme.sk:&nbsp;<a href=\"https:\/\/www.upjs.sk\/public\/media\/12139\/2015-11-03%20www.korzar.sk%20-%20zbierka%20zahranicnych%20studentov.pdf\">Zahrani\u010dn\u00ed \u0161tudenti podporili Lek\u00e1rov bez hran\u00edc<\/a><\/td><\/tr><tr><td class=\"has-text-align-right\" data-align=\"right\">03.11.2015<\/td><td>Agent\u00fara TASR:&nbsp;<a href=\"https:\/\/www.upjs.sk\/public\/media\/12139\/2015-11-03%20TASR%20-%20zahranicni%20studenti%20-%20charitativna%20akcia.pdf\">Zahrani\u010dn\u00ed medici z UPJ\u0160 zorganizovali charitat\u00edvnu akciu<\/a><\/td><\/tr><tr><td class=\"has-text-align-right\" data-align=\"right\">02.11.2015<\/td><td>\u010casopis QUARK:&nbsp;<a href=\"https:\/\/www.upjs.sk\/public\/media\/12139\/2015-11-02%20QUARK%20-%20Je%20kapusta%20lieciva%20-%20Mojzis.pdf\">Je kapusta LIE\u010cIV\u00c1?<\/a><\/td><\/tr><tr><td class=\"has-text-align-right\" data-align=\"right\">02.10.2015<\/td><td>Denn\u00edk KORZ\u00c1R:&nbsp;<a href=\"https:\/\/www.upjs.sk\/public\/media\/12139\/2015-11-02%20KORZAR%20-%20pamiatka%20zosnulych%20na%20Ustave%20anatomie.pdf\">\u0160tudenti spom\u00ednali na darcov tiel<\/a><\/td><\/tr><\/tbody><\/table><\/figure>\n\n\n\n<p><strong>Okt\u00f3ber 2015<\/strong><\/p>\n\n\n\n<figure id=\"zebra\" class=\"wp-block-table is-style-stripes\"><table><tbody><tr><td class=\"has-text-align-right\" data-align=\"right\">31.10.2015<\/td><td>www.skolskyservis.sk:&nbsp;<a href=\"https:\/\/www.upjs.sk\/public\/media\/12139\/2015-10-31%20skolskyservis.sk%20-%20pamiatka%20zosnulych%20na%20Ustave%20anatomie%20-%20Kluchova.pdf\">Pamiatku zosnul\u00fdch darcov tiel si pripomenuli aj \u0161tudenti LF UPJ\u0160<\/a><\/td><\/tr><tr><td class=\"has-text-align-right\" data-align=\"right\">31.10.2015<\/td><td>www.kosickespravy.sk:&nbsp;<a href=\"https:\/\/www.upjs.sk\/public\/media\/12139\/2015-10-31%20www.kosickespravy.sk%20-%20Pamiatka%20zosnulych%20%20na%20Ustave%20anatomie%20-%20Kluchova.pdf\">Spomienka na darcov<\/a><\/td><\/tr><tr><td class=\"has-text-align-right\" data-align=\"right\">30.10.2015<\/td><td>TASR, www.teraz.sk, www.24hod.sk:&nbsp;<a href=\"https:\/\/www.upjs.sk\/public\/media\/12139\/2015-10-30%20TASR%20-%20teraz.sk%20-%2024hod.sk%20-%20pamiatka%20zosnulych%20na%20Ustave%20anatomie%20-%20Kluchova.pdf\">\u00dastav anat\u00f3mie si uctil \u013eud\u00ed, ktor\u00ed poskytli svoje tel\u00e1 medic\u00edne<\/a><\/td><\/tr><tr><td class=\"has-text-align-right\" data-align=\"right\">29.10.2015<\/td><td>&nbsp;www.vedeckykaleidoskop.cvtisr.sk:&nbsp;<a href=\"http:\/\/vedeckykaleidoskop.cvtisr.sk\/e-noviny-2015\/10-2015\/medicinsky-univerzitny-vedecky-park-v-kosiciach.html?page_id=5623\">Medic\u00ednsky univerzitn\u00fd vedeck\u00fd park v Ko\u0161iciach<\/a><\/td><\/tr><tr><td class=\"has-text-align-right\" data-align=\"right\">26.10.2015<\/td><td>www.quark.sk:&nbsp;<a href=\"https:\/\/www.upjs.sk\/public\/media\/7402\/2015-10-26%20www.quark.sk%20-%20posun%20casu%20-%20Dr.%20Feketeova.pdf\">Posun \u010dasu vpl\u00fdva na zdravie<\/a><\/td><\/tr><tr><td class=\"has-text-align-right\" data-align=\"right\">25.10.2015<\/td><td>www.vas.cas.sk:&nbsp;<a href=\"https:\/\/www.upjs.sk\/public\/media\/12139\/2015-10-25-www-vas-cas-sk-lekari-z-upjs-sa-stretli-po-50-rokoch.pdf\">Lek\u00e1ri z Univerzity Pavla Jozefa \u0160af\u00e1rika sa stretli po 50 rokoch: Takto sa spolu\u017eiaci zmenili<\/a><\/td><\/tr><tr><td class=\"has-text-align-right\" data-align=\"right\">25.10.2015<\/td><td>www.sme.sk:&nbsp;<a href=\"https:\/\/www.upjs.sk\/public\/media\/7402\/2015-10-25%20www.sme.sk%20-%20posun%20casu%20-%20Dr.%20Feketeova.pdf\">Nar\u00fa\u0161a v\u00e1m posun \u010dasu sp\u00e1nok? Ak nezaber\u00e1 k\u00e1va, sk\u00faste v\u00f4\u0148u levandule<\/a><\/td><\/tr><tr><td class=\"has-text-align-right\" data-align=\"right\">25.10.2015<\/td><td>Agent\u00fara TASR, www.teraz.sk,&nbsp; www.24hod.sk:&nbsp;<a href=\"https:\/\/www.upjs.sk\/public\/media\/7402\/2015-10-25%20TASR%20-%20teraz.sk%20-%2024hod.sk%20-%20posun%20casu%20-%20Feketeova.pdf\">So zmenou \u010dasu sa m\u00f4\u017eu u \u013eud\u00ed sp\u00e1ja\u0165 \u0165a\u017ekosti<\/a><\/td><\/tr><tr><td class=\"has-text-align-right\" data-align=\"right\">25.10.2015<\/td><td>www.tvnoviny.sk:&nbsp;<a href=\"https:\/\/www.upjs.sk\/public\/media\/7402\/2015-10-25%20www.tvnoviny.sk%20-%20posun%20casu%20-%20Feketeova.pdf\">\u013dudia, ktor\u00ed najviac trpia zmenou \u010dasu<\/a><\/td><\/tr><tr><td class=\"has-text-align-right\" data-align=\"right\">24.10.2015<\/td><td>Agent\u00fara SITA, webnoviny.sk:<a href=\"https:\/\/www.upjs.sk\/public\/media\/7402\/2015-10-24%20SITA%20-%20webnoviny.sk%20-%20posun%20casu%20-%20Dr.%20Feketeova_1.pdf\">&nbsp;Posun \u010dasu m\u00f4\u017ee zapr\u00ed\u010dini\u0165 zhor\u0161en\u00fa koncentr\u00e1ciu a \u00fanavu<\/a><\/td><\/tr><tr><td class=\"has-text-align-right\" data-align=\"right\">24.10.2015<\/td><td>Denn\u00edk \u0160PORT:&nbsp;<a href=\"https:\/\/www.upjs.sk\/public\/media\/7402\/2015-10-24%20dennik%20SPORT%20-%20posun%20casu%20-%20Feketeova.pdf\">\u010ci si sova a \u010di \u0161kovr\u00e1nok &#8211; o tretej dve!<\/a><\/td><\/tr><tr><td class=\"has-text-align-right\" data-align=\"right\">23.10.2015<\/td><td>R\u00c1DIO KO\u0160ICE:&nbsp;<a href=\"https:\/\/www.upjs.sk\/public\/media\/7402\/2015-10-23%20RADIOKOSICE%20-%20posun%20casu%20-%20Feketeova.pdf\">Zmena letn\u00e9ho \u010dasu na zimn\u00fd<\/a><\/td><\/tr><tr><td class=\"has-text-align-right\" data-align=\"right\">21.10.2015<\/td><td>www.24hod.sk, www.teraz.sk:&nbsp;<a href=\"https:\/\/www.upjs.sk\/public\/media\/7402\/2015-10-21%20www.24hod.sk%20-%20medici%20-%20akcia%20-%20samovysetrenie%20prsnikov.pdf\">Medici za\u0161kolili 250 \u017eien na efekt\u00edvne samovy\u0161etrenie prsn\u00edkov<\/a><\/td><\/tr><tr><td class=\"has-text-align-right\" data-align=\"right\">21.10.2015<\/td><td>Agent\u00fara TASR:&nbsp;<a href=\"https:\/\/www.upjs.sk\/public\/media\/7402\/2015-10-21%20-%20TASR%20-%20medici%20-%20samovysetrenie%20prsnikov.pdf\">Medici za\u0161kolili 250 \u017eien, uk\u00e1zali im efekt\u00edvne samovy\u0161etrenie prsn\u00edkov<\/a><\/td><\/tr><tr><td class=\"has-text-align-right\" data-align=\"right\">21.10.2015<\/td><td>www.kosickespravy.sk:&nbsp;<a href=\"https:\/\/www.upjs.sk\/public\/media\/7402\/2015-10-21%20Kosickespravy.sk%20-%20zlata%20promcia%20na%20LF%20UPJS%20-%20u.pdf\">Zlat\u00e1 prom\u00f3cia na Lek\u00e1rskej fakulte UPJ\u0160<\/a><\/td><\/tr><tr><td class=\"has-text-align-right\" data-align=\"right\">20.10.2015<\/td><td>Denn\u00edk KORZ\u00c1R:&nbsp;<a href=\"https:\/\/www.upjs.sk\/public\/media\/7402\/2015-10-20%20KORZAR%20-%20Den%20zachrany%20zivota%20-%20Grochova.pdf\">U\u010dili, ako zachr\u00e1ni\u0165 \u017eivot<\/a><\/td><\/tr><tr><td class=\"has-text-align-right\" data-align=\"right\">20.10.2015<\/td><td>Denn\u00edk KORZ\u00c1R:&nbsp;<a href=\"https:\/\/www.upjs.sk\/public\/media\/7402\/2015-10-20%20Korzar%20-%20Zlata%20promocia.pdf\">Na Lek\u00e1rskej oslavovali zlat\u00e9 prom\u00f3cie<\/a><\/td><\/tr><tr><td class=\"has-text-align-right\" data-align=\"right\">17.10.2015<\/td><td>www.skolskyservis.sk:&nbsp;<a href=\"https:\/\/www.upjs.sk\/public\/media\/7402\/2015-10-17%20skolskyservis.sk%20-%20medici%20-%20akcia%20Ruzovy%20oktober.pdf\">Medici bud\u00fa informova\u0165 \u017eeny o rakovine prsn\u00edka a kr\u010dku maternice<\/a><\/td><\/tr><tr><td class=\"has-text-align-right\" data-align=\"right\">16.10.2015<\/td><td>www.skolskyservis.sk:&nbsp;<a href=\"https:\/\/www.upjs.sk\/public\/media\/7402\/2015-10-16%20skolskyservis.sk%20-%20Zlata%20promocia.pdf\">Absolventi Lek\u00e1rskej fakulty UPJ\u0160 promovali po 50-tich rokoch op\u00e4\u0165<\/a><\/td><\/tr><tr><td class=\"has-text-align-right\" data-align=\"right\">16.10.2015<\/td><td>Agent\u00fara TASR:&nbsp;<a href=\"https:\/\/www.upjs.sk\/public\/media\/7402\/2015-10-16%20TASR%20-%20www.korzar.sk%20-%20Medici%20-%20Aupark%20-%20preventivna%20akcia%20Ruzovy%20oktober.pdf\">Medici bud\u00fa informova\u0165 \u017eeny o rakovine prsn\u00edka a kr\u010dku maternice<\/a><\/td><\/tr><tr><td class=\"has-text-align-right\" data-align=\"right\">15.10.2015<\/td><td>www.korzar.sk:&nbsp;<a href=\"https:\/\/www.upjs.sk\/public\/media\/7402\/2015-10-15%20www.korzar.sk%20-%20Grochova%20-%20Europsky%20den%20zachrany%20zivota.pdf\">Nefunk\u010dn\u00e9 srdce nevedia laici v kraji rozbehn\u00fa\u0165<\/a><\/td><\/tr><tr><td class=\"has-text-align-right\" data-align=\"right\">11.10.2015<\/td><td>www.novycas.sk:&nbsp;<a href=\"https:\/\/www.upjs.sk\/public\/media\/7402\/2015-10-11%20www.novycas.sk%20-%20Oceneny%20Bomba%20a%20Strojny.pdf\">Ko\u0161ick\u00ed vedci sa te\u0161ia z ceny za skvel\u00fd v\u00fdskum<\/a><\/td><\/tr><tr><td class=\"has-text-align-right\" data-align=\"right\">09.10.2015<\/td><td>Telev\u00edzia TA3:&nbsp;<a href=\"https:\/\/www.upjs.sk\/public\/media\/7402\/2015-10-09%20TA3%20-%20ocenene%20technologie%20-%20Pella%20vyjadrenie.pdf\">Oce\u0148ovan\u00e9 technol\u00f3gie<\/a><\/td><\/tr><tr><td class=\"has-text-align-right\" data-align=\"right\">09.10.2015<\/td><td>Agent\u00fara TASR:&nbsp;<a href=\"https:\/\/www.upjs.sk\/public\/media\/12139\/2015-10-09%20TASR%20-%20DOD%20na%20UPJS%20LF.pdf\">Stredo\u0161kol\u00e1ci sa obozn\u00e1mili so \u0161t\u00fadiom na Lek\u00e1rskej fakulte UPJ\u0160<\/a><\/td><\/tr><tr><td class=\"has-text-align-right\" data-align=\"right\">09.10.2015<\/td><td>www.teraz.sk:&nbsp;<a href=\"https:\/\/www.upjs.sk\/public\/media\/7402\/2015-10-09%20teraz.sk%20-%20Den%20otvorenych%20dveri%20na%20LF.pdf\">Stredo\u0161kol\u00e1ci sa obozn\u00e1mili so \u0161t\u00fadiom na Lek\u00e1rskej fakulte UPJ\u0160<\/a><\/td><\/tr><tr><td class=\"has-text-align-right\" data-align=\"right\">09.10.2015<\/td><td>www.primarnykontakt.sk:&nbsp;<a href=\"https:\/\/www.upjs.sk\/public\/media\/7402\/2015-10-09%20primarnykontakt.sk%20-%20ocenenie%20za%20transfer%20-Bomba-Strojny-%20vyjadrenie%20Pella.pdf\">Technol\u00f3gia pri vyu\u017eit\u00ed probiot\u00edk z\u00edskala ocenenie za inov\u00e1ciu<\/a><\/td><\/tr><tr><td class=\"has-text-align-right\" data-align=\"right\">09.10.2015<\/td><td>www.korzar.sk:&nbsp;<a href=\"https:\/\/www.upjs.sk\/public\/media\/7402\/2015-10-09%20www.korzar.sk%20-%20DOD%20na%20LF.pdf\">Stredo\u0161kol\u00e1ci sa obozn\u00e1mili so \u0161t\u00fadiom na Lek\u00e1rskej fakulte UPJ\u0160<\/a><\/td><\/tr><tr><td class=\"has-text-align-right\" data-align=\"right\">09.10.2015<\/td><td>Denn\u00edk KORZ\u00c1R:&nbsp;<a href=\"https:\/\/www.upjs.sk\/public\/media\/7402\/2015-10-09%20KORZAR%20-%20DOD%20na%20LF%20UPJS.pdf\">Lek\u00e1rska fakulta m\u00e1 De\u0148 otvoren\u00fdch dver\u00ed<\/a><\/td><\/tr><tr><td class=\"has-text-align-right\" data-align=\"right\">09.10.2015<\/td><td>www.skoslskyservis.sk:&nbsp;<a href=\"https:\/\/www.upjs.sk\/public\/media\/7402\/2015-10-09%20skolskyservis.sk%20-%20DOD%20na%20LF%20UPJS.pdf\">Stredo\u0161kol\u00e1ci sa obozn\u00e1mili so \u0161t\u00fadiom na Lek\u00e1rskej fakulte UPJ\u0160<\/a><\/td><\/tr><tr><td class=\"has-text-align-right\" data-align=\"right\">09.10.2015<\/td><td>Denn\u00edk KORZ\u00c1R:&nbsp;<a href=\"https:\/\/www.upjs.sk\/public\/media\/7402\/2015-10-09%20KORZAR%20-%20ocenenie%20Bombu%20a%20Strojneho.pdf\">Lek\u00e1rska fakulta z\u00edskala ocenenie<\/a><\/td><\/tr><tr><td class=\"has-text-align-right\" data-align=\"right\">09.10.2015<\/td><td>Denn\u00edk Ko\u0161ice Dnes:&nbsp;<a href=\"https:\/\/www.upjs.sk\/public\/media\/7402\/2015-10-09%20KOSICEDNES%20-%20Oceneny%20Bomba%20a%20Strojny%20-%20laktobacily.pdf\">Z\u00edskali cenu za probiotik\u00e1<\/a><\/td><\/tr><tr><td class=\"has-text-align-right\" data-align=\"right\">08.10.2015<\/td><td>www.priekopnik.sk:&nbsp;<a href=\"https:\/\/www.upjs.sk\/public\/media\/12139\/2015-10-08%20www.priekopnik.sk%20-%20ocenenie%20Bombu%20a%20Strojneho%20-%20probiotika.pdf\">Lek\u00e1rska fakulta UPJ\u0160 z\u00edskala ocenenie za vyu\u017eitie probiotick\u00fdch mikroorganizmov<\/a><\/td><\/tr><tr><td class=\"has-text-align-right\" data-align=\"right\">08.10.2015<\/td><td>www.kosickespravy.sk:&nbsp;<a href=\"https:\/\/www.upjs.sk\/public\/media\/7402\/2015-10-08%20kosickespravy%20-%20ocenenie%20Bombu%20a%20Strojneho_1.pdf\">Pracovn\u00edci Lek\u00e1rskej fakulty ocenen\u00ed<\/a><\/td><\/tr><tr><td class=\"has-text-align-right\" data-align=\"right\">08.10.2015<\/td><td>www.skolskyservis.sk:&nbsp;<a href=\"https:\/\/www.upjs.sk\/public\/media\/7402\/2015-10-08%20skolskyservis.sk%20-%20LF%20-%20ocenenie%20za%20probiotika%20-Bomba%20a%20Strojny.pdf\">Lek\u00e1rska fakulta UPJ\u0160 z\u00edskala ocenenie: Autormi v\u00ed\u0165aznej technol\u00f3gie s\u00fa Ladislav Strojn\u00fd a Alojz Bomba<\/a><\/td><\/tr><tr><td class=\"has-text-align-right\" data-align=\"right\">08.10.2015<\/td><td>Agent\u00fara TASR:&nbsp;<a href=\"https:\/\/www.upjs.sk\/public\/media\/7402\/2015-10-08%20TASR%20-%20LF%20-%20ocenenie%20Bombu%20a%20Strojneho.pdf\">Lek\u00e1rska fakulta UPJ\u0160 z\u00edskala ocenenie za vyu\u017eitie probiotick\u00fdch mikroorganizmov<\/a><\/td><\/tr><tr><td class=\"has-text-align-right\" data-align=\"right\">02.10.2015<\/td><td>Denn\u00edk KORZ\u00c1R:&nbsp;<a href=\"https:\/\/www.upjs.sk\/public\/media\/7402\/2015-10-02%20KORZAR%20-%20Sedlak%20-%20svetovy%20samit.pdf\">Medik z Ko\u0161\u00edc bol na celosvetovom samite<\/a><\/td><\/tr><tr><td class=\"has-text-align-right\" data-align=\"right\">01.10.2015<\/td><td>ZDRAVOTN\u00cdCKE NOVINY:&nbsp;<a href=\"https:\/\/www.upjs.sk\/public\/media\/7402\/2015-10-01%20ZDRAVOTNICKE%20NOVINY%20-%20student%20Sedlak%20%20v%20Katare.pdf\">\u0160tudent medic\u00edny z Ko\u0161\u00edc v Dauhe<\/a><\/td><\/tr><tr><td class=\"has-text-align-right\" data-align=\"right\">01.10.2015<\/td><td>mesa\u010dn\u00edk ZDRAVIE:&nbsp;<a href=\"https:\/\/www.upjs.sk\/public\/media\/7402\/2015-10-01%20ZDRAVIE%20-%20depresia%20-%20Dragasek_1.pdf\">T\u00e9ma depresia \u2013 rozhovor s Jozefom Draga\u0161ekom<\/a><\/td><\/tr><\/tbody><\/table><\/figure>\n\n\n\n<p><strong>September 2015<\/strong><\/p>\n\n\n\n<figure id=\"zebra\" class=\"wp-block-table is-style-stripes\"><table><tbody><tr><td class=\"has-text-align-right\" data-align=\"right\">28.09.2015<\/td><td>www.kosickespravy.sk:&nbsp;<a href=\"https:\/\/www.upjs.sk\/public\/media\/7402\/2015-09-28%20kosickespravy.%20sk%20-%20Medik%20Sedlak%20v%20Katari.pdf\">Ko\u0161ick\u00fd medik na samite v Katari<\/a><\/td><\/tr><tr><td class=\"has-text-align-right\" data-align=\"right\">27.09.2015<\/td><td>www.skolskyservis.sk:&nbsp;<a href=\"https:\/\/www.upjs.sk\/public\/media\/7402\/2015-09-27%20skolskyservis.sk%20-%20Katar%20-%20samit%20-%20Marian%20Sedlak.pdf\">Na svetovom ml\u00e1de\u017en\u00edckom samite v Katarskej Dohe bol iba jeden Slov\u00e1k: \u0161tudent Lek\u00e1rskej fakulty UPJ\u0160 v Ko\u0161iciach Mari\u00e1n Sedl\u00e1k<\/a><\/td><\/tr><tr><td class=\"has-text-align-right\" data-align=\"right\">25.09.2015<\/td><td>www.kosice.dnes24.sk:&nbsp;<a href=\"https:\/\/www.upjs.sk\/public\/media\/7402\/2015-09-25%20www.kosice.dnes24.sk%20-%20STUDENT%20LF%20v%20Katare%20-%20Marian%20Sedlak.pdf\">Ko\u0161ick\u00fd \u0161tudent na summite v Katare: \u010cak\u00e1 ho celosvetov\u00e9 podujatie organizovan\u00e9 OSN<\/a><\/td><\/tr><tr><td class=\"has-text-align-right\" data-align=\"right\">25.09.2015<\/td><td>Denn\u00edk KORZ\u00c1R:&nbsp;<a href=\"https:\/\/www.upjs.sk\/public\/media\/7402\/2015-09-25%20KORZAR%20-%20Schusterova%20-%20Tohatyova%20-%20vysledky%20vyskumu.pdf\">Detsk\u00e9 lek\u00e1rky ocenili na medzin\u00e1rodnom kongrese<\/a><\/td><\/tr><tr><td class=\"has-text-align-right\" data-align=\"right\">22.09.2015<\/td><td>Denn\u00edk KORZ\u00c1R:&nbsp;<a href=\"https:\/\/www.upjs.sk\/public\/media\/7402\/2015-09-22%20KORZAR%20-%20otvorenie%20akademickeho%20roka.pdf\">Otvorenie akademick\u00e9ho roka 2015\/2016 na UPJ\u0160 v Ko\u0161iciach<\/a><\/td><\/tr><tr><td class=\"has-text-align-right\" data-align=\"right\">22.09.2015<\/td><td>Denn\u00edk KO\u0160ICE DNES:&nbsp;<a href=\"https:\/\/www.upjs.sk\/public\/media\/7402\/2015-09-22%20KosiceDnes%20-%20trema%20studentov%20-%20Firment_1.pdf\">T\u00e9ma: tr\u00e9ma. Vyu\u010duj\u00faci na UPJ\u0160 Ko\u0161ice pom\u00e1haj\u00fa \u0161tudentom prekona\u0165 tr\u00e9mu na sk\u00fa\u0161kach<\/a><\/td><\/tr><\/tbody><\/table><\/figure>\n\n\n\n<p><strong>J\u00fal 2015<\/strong><\/p>\n\n\n\n<figure id=\"zebra\" class=\"wp-block-table is-style-stripes\"><table><tbody><tr><td class=\"has-text-align-right\" data-align=\"right\">17.07.2015<\/td><td>Denn\u00edk KORZ\u00c1R:&nbsp;<a href=\"https:\/\/www.upjs.sk\/public\/media\/7402\/2015-07-17%20KORZAR%20-%20indolove%20fytoalexiny.pdf\">Sk\u00famaj\u00fa protin\u00e1dorov\u00fd \u00fa\u010dinok kapusty \u010di kelu<\/a><\/td><\/tr><tr><td class=\"has-text-align-right\" data-align=\"right\">15.07.2015<\/td><td>R\u00e1dio REGINA:&nbsp;<a href=\"http:\/\/www.rtvs.sk\/radio\/archiv\/1541\/250426\">Pracovn\u00edci \u00dastavu psychol\u00f3gie zdravia LF UPJ\u0160 hovoria o&nbsp;N\u00e1rodnej spr\u00e1ve o zdrav\u00ed a so zdrav\u00edm s\u00favisiacim spr\u00e1van\u00edm \u0161kol\u00e1kov<\/a><\/td><\/tr><tr><td class=\"has-text-align-right\" data-align=\"right\">14.07.2015<\/td><td>Telev\u00edzia TA3:&nbsp;<a href=\"http:\/\/www.ta3.com\/clanok\/1065672\/veda-na-dosah-zo-14-jula.html\">Veda na dosah: Rozhovor s prof. Doni\u010dom o Sp\u00e1nkovom laborat\u00f3riu LF UPJ\u0160<\/a><\/td><\/tr><tr><td class=\"has-text-align-right\" data-align=\"right\">09.07.2015<\/td><td>ZDRAVOTN\u00cdCKE NOVINY:&nbsp;<a href=\"https:\/\/www.upjs.sk\/public\/media\/7402\/2015-07-09%20ZDRAVOTNICKE%20NOVINY%20-%20indolove%20fytoalexiny%20-%20Mojzis.pdf\">Ko\u0161ick\u00ed farmakol\u00f3govia sk\u00famaj\u00fa unik\u00e1tne pr\u00edrodn\u00e9 l\u00e1tky<\/a><\/td><\/tr><tr><td class=\"has-text-align-right\" data-align=\"right\">08.07.2015<\/td><td>www.kosickespravy.sk:&nbsp;<a href=\"https:\/\/www.upjs.sk\/public\/media\/7402\/2015-07-08%20www.kosickespravy.sk%20-%20UBH%20na%20LF.pdf\">\u017diaci na Lek\u00e1rskej fakulte<\/a><\/td><\/tr><tr><td class=\"has-text-align-right\" data-align=\"right\">08.07.2015<\/td><td>Denn\u00edk KORZ\u00c1R:&nbsp;<a href=\"https:\/\/www.upjs.sk\/public\/media\/7402\/2015-07-08%20KORZAR%20-%20UBH%20na%20LF.pdf\">Deti sa u\u010dili na Lek\u00e1rskej fakulte<\/a><\/td><\/tr><tr><td class=\"has-text-align-right\" data-align=\"right\">07.07.2015<\/td><td>www.skolskyservi.sk:&nbsp;<a href=\"https:\/\/www.upjs.sk\/public\/media\/7402\/2015-07-07%20www.skolskyservi.sk%20-%20UBH%20na%20LF%20UPJS.pdf\">Mal\u00ed \u0161kol\u00e1ci str\u00e1via de\u0148 na Lek\u00e1rskej fakulte UPJ\u0160<\/a><\/td><\/tr><tr><td class=\"has-text-align-right\" data-align=\"right\">06.07.2015<\/td><td>Denn\u00edk Pravda:&nbsp;<a href=\"https:\/\/www.upjs.sk\/public\/media\/7402\/2015-07-06%20PRVDA%20-%20indolove%20fytoalexiny%20-%20Mojzis.pdf\">Ko\u0161ick\u00ed vedci h\u013eadaj\u00fa liek na rakovinu v kapuste<\/a><\/td><\/tr><tr><td class=\"has-text-align-right\" data-align=\"right\">03.07.2015<\/td><td>Denn\u00edk KO\u0160ICE DNES:&nbsp;<a href=\"https:\/\/www.upjs.sk\/public\/media\/7402\/2015-07-03%20KosiceDnes%20-%20airway%20workshop.pdf\">Radili im Briti<\/a><\/td><\/tr><tr><td class=\"has-text-align-right\" data-align=\"right\">03.07.2015<\/td><td>www.primarnykontakt.sk:&nbsp;<a href=\"https:\/\/www.upjs.sk\/public\/media\/7402\/2015-07-03%20www.primarnykontakt.sk%20-%20indolove%20fytoalexiny%20-%20Mojzis.pdf\">Slovensko vykon\u00e1va unik\u00e1tny v\u00fdskum indolov<\/a><\/td><\/tr><tr><td class=\"has-text-align-right\" data-align=\"right\">03.07.2015<\/td><td>www.topky.sk:&nbsp;<a href=\"https:\/\/www.upjs.sk\/public\/media\/7402\/2015-07-03%20www.topky.sk%20-%20indolove%20fytoalexiny%20-%20Mojzis.pdf\">Unik\u00e1tny v\u00fdskum ko\u0161ick\u00fdch expertov<\/a><\/td><\/tr><tr><td class=\"has-text-align-right\" data-align=\"right\">03.07.2015<\/td><td>www.skolskyservis.sk:<a href=\"https:\/\/www.upjs.sk\/public\/media\/7402\/2015-07-03%20www.skolskyservis.sk%20-%20ISMCK.pdf\">&nbsp;Do Ko\u0161\u00edc zav\u00edtalo 139 \u0161tudentov medic\u00edny z r\u00f4znych kraj\u00edn sveta<\/a><\/td><\/tr><tr><td class=\"has-text-align-right\" data-align=\"right\">03.07.2015<\/td><td>www.kosickespravy.sk:&nbsp;<a href=\"https:\/\/www.upjs.sk\/public\/media\/7402\/2015-07-03%20www.kosickespravy.sk%20-%20airway%20worskop%20-%20Firment.pdf\">Lek\u00e1rsky workshop zameran\u00fd na intub\u00e1cie<\/a><\/td><\/tr><tr><td class=\"has-text-align-right\" data-align=\"right\">02.07.2015<\/td><td>www.teraz.sk:&nbsp;<a href=\"https:\/\/www.upjs.sk\/public\/media\/7402\/2015-07-02%20www.teraz.sk%20-%20Mojzis%20-%20indolove%20fytoalexiny.pdf\">Nov\u00fd bojovn\u00edk proti rakovine sa vol\u00e1 fytoalex\u00edn, nach\u00e1dza sa v kapuste<\/a><\/td><\/tr><tr><td class=\"has-text-align-right\" data-align=\"right\">02.07.2015<\/td><td>Denn\u00edk NOV\u00dd \u010cAS:&nbsp;<a href=\"https:\/\/www.upjs.sk\/public\/media\/7402\/2015-07-02%20novy%20cas%20-%20Mojzis%20-%20indolove%20fytoalexiny.pdf\">Slovensk\u00fd profesor pracuje na prest\u00ed\u017enom v\u00fdskume<\/a><\/td><\/tr><tr><td class=\"has-text-align-right\" data-align=\"right\">01.07.2015<\/td><td>www.mediweb.sk&nbsp;<a href=\"https:\/\/www.upjs.sk\/public\/media\/7402\/2015-07-01%20www.mediweb.sk%20-%20indolove%20fytoalexiny%20-%20Mojzis.pdf\">Ko\u0161ick\u00ed farmakol\u00f3govia sk\u00famaj\u00fa unik\u00e1tne pr\u00edrodn\u00e9 l\u00e1tky<\/a><\/td><\/tr><tr><td class=\"has-text-align-right\" data-align=\"right\">01.07.2015<\/td><td>Agent\u00fara SITA:&nbsp;<a href=\"https:\/\/www.upjs.sk\/public\/media\/7402\/2015-07-01%20SITA%20-%20Mojzis%20-%20indolove%20fytoalexiny.pdf\">Na Slovensku sk\u00famaj\u00fa unik\u00e1tne pr\u00edrodn\u00e9 l\u00e1tky<\/a><\/td><\/tr><tr><td class=\"has-text-align-right\" data-align=\"right\">01.07.2015<\/td><td>www.kosickespravy.sk:&nbsp;<a href=\"https:\/\/www.upjs.sk\/public\/media\/7402\/2015-07-01%20www.kosickespravy.sk%20-%20indolove%20fytoalexiny%20-%20prof.%20Mojzis.pdf\">Unik\u00e1tny v\u00fdskum na Lek\u00e1rskej fakulte UPJ\u0160<\/a><\/td><\/tr><\/tbody><\/table><\/figure>\n\n\n\n<p><strong>J\u00fan 2015<\/strong><\/p>\n\n\n\n<figure id=\"zebra\" class=\"wp-block-table is-style-stripes\"><table><tbody><tr><td class=\"has-text-align-right\" data-align=\"right\">30.06.2015<\/td><td>www.kosice24.sk:&nbsp;<a href=\"http:\/\/www.upjs.sk\/public\/media\/7402\/2015-06-30%20www.kosice24.sk%20-%20ISMCK.docx\">Lek\u00e1rska fakulta organizovala medzin\u00e1rodn\u00fd kongres: Do Ko\u0161\u00edc chcelo 400 mlad\u00fdch medikov, vybrali 150 najlep\u0161\u00edch<\/a><\/td><\/tr><tr><td class=\"has-text-align-right\" data-align=\"right\">29.06.2015<\/td><td>www.portalvs.sk:&nbsp;<a href=\"http:\/\/www.upjs.sk\/public\/media\/7402\/2015-06-29%20www.portalvs.sk%20-%20spickove%20timy%20na%20UPJS.pdf\">Tri \u0161pi\u010dkov\u00e9 vedeck\u00e9 t\u00edmy p\u00f4sobia na UPJ\u0160 v Ko\u0161iciach<\/a><\/td><\/tr><tr><td class=\"has-text-align-right\" data-align=\"right\">25.06.2015<\/td><td>www.kosice24.sk:&nbsp;<a href=\"http:\/\/www.upjs.sk\/public\/media\/7402\/2015-06-25%20www.kosice24-sk%20-%20ISMCK.pdf\">Do Ko\u0161\u00edc zav\u00edta asi 150 mlad\u00fdch medikov z 36 kraj\u00edn<\/a><\/td><\/tr><tr><td class=\"has-text-align-right\" data-align=\"right\">25.06.2015<\/td><td>Denn\u00edk KORZ\u00c1R:&nbsp;<a href=\"http:\/\/www.upjs.sk\/public\/media\/7402\/2015-06-25%20KORZAR%20-%20ISMCK.pdf\">Ko\u0161ice hostili medick\u00fd kongres<\/a><\/td><\/tr><tr><td class=\"has-text-align-right\" data-align=\"right\">24.06.2015<\/td><td>\u010casopis QUARK:&nbsp;<a href=\"http:\/\/www.upjs.sk\/public\/media\/7402\/2015-06-24%20quark%20-%20ISMCK.pdf\">Kongres medikov v Ko\u0161iciach<\/a><\/td><\/tr><tr><td class=\"has-text-align-right\" data-align=\"right\">23.06.2015<\/td><td>www.kosickespravy.sk:&nbsp;<a href=\"http:\/\/www.upjs.sk\/public\/media\/7402\/2015-06-23%20kosickespravy.sk%20-%20ISMCK_1.pdf\">Kongres medikov<\/a><\/td><\/tr><tr><td class=\"has-text-align-right\" data-align=\"right\">18.06.2015<\/td><td>LEK\u00c1RSKE LISTY:&nbsp;<a href=\"http:\/\/www.upjs.sk\/public\/media\/7402\/2015-06-18%20LEKARSKE%20LISTY%20-%20hypertenzia%20-%20geriatria%20-%20Snincak.pdf\">Vo vyspel\u00fdch krajin\u00e1ch s\u00fa v terapii hypertenzie st\u00e1le rezervy<\/a><\/td><\/tr><tr><td class=\"has-text-align-right\" data-align=\"right\">17.06.2015<\/td><td>www.kosice24.sk:&nbsp;<a href=\"http:\/\/www.upjs.sk\/public\/media\/7402\/2015-06-17%20www.kosice24.sk%20-%20umrtie%20prof.%20Bohusa.pdf\">Ve\u013ek\u00e1 strata pre Ko\u0161ice: Zomrel b\u00fdval\u00fd reprezenta\u010dn\u00fd lek\u00e1r a profesor Branislav Bohu\u0161<\/a><\/td><\/tr><tr><td class=\"has-text-align-right\" data-align=\"right\">13.06.2015<\/td><td>Denn\u00edk KORZ\u00c1R:&nbsp;<a href=\"http:\/\/www.upjs.sk\/public\/media\/7402\/2015-06-13%20-%20KORZAR%20-%20umrtie%20prof.%20Bohusa.pdf\">Zomrel jedine\u010dn\u00fd profesor Bohu\u0161<\/a><\/td><\/tr><tr><td class=\"has-text-align-right\" data-align=\"right\">09.06.2015<\/td><td>webnoviny.sk:&nbsp;<a href=\"http:\/\/www.upjs.sk\/public\/media\/7402\/2015-06-09%20www.webnoviny.sk%20-%20vysledky%20studie%20HBSC.pdf\">V\u00fdsledky \u0161t\u00fadie HBSC: \u0160okuj\u00face priznania \u0161kol\u00e1kov, faj\u010dia a vysk\u00fa\u0161ali si aj sex<\/a><\/td><\/tr><tr><td class=\"has-text-align-right\" data-align=\"right\">08.06.2015<\/td><td>www.spravy.pravda.sk:&nbsp;<a href=\"http:\/\/www.upjs.sk\/public\/media\/7402\/2015-06-08%20www.spravy.pravda.sk%20-%20vysledky%20studie%20HBSC.pdf\">\u0160tvrtina \u0161kol\u00e1kov pije ka\u017ed\u00fd de\u0148 sladen\u00e9 n\u00e1poje<\/a><\/td><\/tr><tr><td class=\"has-text-align-right\" data-align=\"right\">08.06.2015<\/td><td>www.kosice24.sk:<a href=\"http:\/\/www.upjs.sk\/public\/media\/7402\/2015-06-08%20www.kosice24.sk%20-%20vysledky%20studie%20HBSC.pdf\">&nbsp;Lek\u00e1rska fakulta sa pustila do v\u00fdskumu: Faj\u010denie, sex a alkohol sk\u00fa\u0161a \u010doraz viac \u0161kol\u00e1kov a nielen to!<\/a><\/td><\/tr><tr><td class=\"has-text-align-right\" data-align=\"right\">08.06.2015<\/td><td>www.aktualne.sk:&nbsp;<a href=\"http:\/\/www.upjs.sk\/public\/media\/7402\/2015-06-08%20www.aktualne.sk%20-%20rozhovor%20s%20psychologickou%20Brindovou.pdf\">Rozhovor s psychologi\u010dkou Danielou Brindovou z Lek\u00e1rskej fakulty UPJ\u0160 v Ko\u0161iciach<\/a><\/td><\/tr><tr><td class=\"has-text-align-right\" data-align=\"right\">08.06.2015<\/td><td>agent\u00fara TASR:&nbsp;<a href=\"http:\/\/www.upjs.sk\/public\/media\/7402\/2015-06-08%20TASR%20-%20vysledky%20HBSC%20studie.pdf\">Sexu\u00e1lne sk\u00fasenosti m\u00e1 st\u00e1le viac 15-ro\u010dn\u00fdch \u0161kol\u00e1kov<\/a><\/td><td>&nbsp;<\/td><\/tr><tr><td class=\"has-text-align-right\" data-align=\"right\">04.06.2015<\/td><td>\u010casopis QUARK:&nbsp;<a href=\"http:\/\/www.upjs.sk\/public\/media\/7402\/2015-06-04%20Quark%20-%20Spolu%20za%20zdravy%20a%20krasny%20usmev.pdf\">Spolu za zdrav\u00fd a kr\u00e1sny \u00fasmev<\/a><\/td><\/tr><\/tbody><\/table><\/figure>\n\n\n\n<p><strong>M\u00e1j 2015<\/strong><\/p>\n\n\n\n<figure id=\"zebra\" class=\"wp-block-table is-style-stripes\"><table><tbody><tr><td class=\"has-text-align-right\" data-align=\"right\">26.05.2015<\/td><td>www.regionoviny.sk:&nbsp;<a href=\"http:\/\/www.upjs.sk\/public\/media\/7402\/2015-05-26%20regionoviny.sk%20-%20Vysledky%20studie%20HBSC.pdf\">Zdravie slovensk\u00fdch \u0161kol\u00e1kov<\/a><\/td><\/tr><tr><td class=\"has-text-align-right\" data-align=\"right\">09.05.2015<\/td><td>R\u00e1dio LUMEN:&nbsp;<a href=\"http:\/\/www.upjs.sk\/public\/media\/7402\/2015-05-09%20LUMEN%20-%20roadshow%20Spolu%20za%20zdravy...%20Pella.pdf\">V Ko\u0161iciach sa konala roadshow nazvan\u00e1 Spolu za zdrav\u00fd a kr\u00e1sny \u00fasmev<\/a><\/td><\/tr><tr><td class=\"has-text-align-right\" data-align=\"right\">06.05.2015<\/td><td>Denn\u00edk NOV\u00dd \u010cAS:&nbsp;<a href=\"http:\/\/www.upjs.sk\/public\/media\/7402\/2015-05-06%20NOVY%20CAS%20-%20ustna%20hygiena%20-%20Pella.pdf\">Bud\u00faci zub\u00e1ri pochodili Slovensko: Prezradili 4 najv\u00e4\u010d\u0161ie zlozvyky, ktor\u00e9 rob\u00edme pri \u00fastnej hygiene!<\/a><\/td><\/tr><tr><td class=\"has-text-align-right\" data-align=\"right\">06.05.2015<\/td><td>Denn\u00edk KORZ\u00c1R:&nbsp;<a href=\"http:\/\/www.upjs.sk\/public\/media\/7402\/2015-05-06%20KORZAR%20-%20roadshow%20Spolu%20za%20zdravy....pdf\">\u0160tudenti pou\u010dili o spr\u00e1vnom \u010disten\u00ed zubov pribli\u017ene 4 500 \u013eud\u00ed<\/a><\/td><\/tr><tr><td class=\"has-text-align-right\" data-align=\"right\">06.05.2015<\/td><td>www.skolskyservis.sk:&nbsp;<a href=\"http:\/\/www.upjs.sk\/public\/media\/7402\/2015-05-06%20www.skolskyservi.sk%20-%20Roadshow%20Spolu%20za%20zdravy....pdf\">\u0160tudenti pou\u010dili o spr\u00e1vnom \u010disten\u00ed zubov pribli\u017ene 4500 \u013eud\u00ed<\/a><\/td><\/tr><tr><td class=\"has-text-align-right\" data-align=\"right\">05.05.2015<\/td><td>R\u00e1dio REGINA:&nbsp;<a href=\"http:\/\/www.upjs.sk\/public\/media\/7402\/2015-05-05%20RADIOREGINA%20-%20Roadshow%20spolu%20za%20zdravy%20...%20Pella.pdf\">Ako si spr\u00e1vne \u010disti\u0165 zuby, to bol cie\u013e najv\u00e4\u010d\u0161ej prevent\u00edvnej akcie v oblasti \u00fastneho zdravia na Slovensku<\/a><\/td><\/tr><tr><td class=\"has-text-align-right\" data-align=\"right\">05.05.2015<\/td><td>Denn\u00edk KO\u0160ICE DNES:&nbsp;<a href=\"http:\/\/www.upjs.sk\/public\/media\/7402\/2015-05-05%20KOSICEDNES%20-%20roadshow%20Spolu%20za%20zdravy....pdf\">\u0160tudenti zubn\u00e9ho lek\u00e1rstva absolvovali nev\u0161edn\u00fa informa\u010dn\u00fa dvojt\u00fd\u017ed\u0148ov\u00fa roadshow<\/a><\/td><\/tr><tr><td class=\"has-text-align-right\" data-align=\"right\">05.05.2015<\/td><td>Agent\u00fara TASR:&nbsp;<a href=\"http:\/\/www.upjs.sk\/public\/media\/7402\/2015-05-05%20TASR%20-%20roadshow%20Spolu%20za%20zdravy....pdf\">\u0160tudenti pou\u010dili o spr\u00e1vnom \u010disten\u00ed zubov pribli\u017ene 4500 \u013eud\u00ed<\/a><\/td><\/tr><tr><td class=\"has-text-align-right\" data-align=\"right\">05.05.2015<\/td><td>R\u00c1DIO KO\u0160ICE:&nbsp;<a href=\"http:\/\/www.upjs.sk\/public\/media\/7402\/2015-05-05%20RADIOKOSICE%20-%20roadshow%20Spolu%20za%20zdravy.pdf\">Osveta o zubnej hygiene<\/a><\/td><\/tr><tr><td class=\"has-text-align-right\" data-align=\"right\">05.05.2015<\/td><td>Telev\u00edzia MARK\u00cdZA:&nbsp;<a href=\"http:\/\/www.upjs.sk\/public\/media\/7402\/2015-05-05%20MARKIZA%20-%20roadshow%20Spolu%20za%20zdravy....pdf\">M\u00e1me zl\u00e9 zuby<\/a><\/td><\/tr><\/tbody><\/table><\/figure>\n\n\n\n<p><strong>Apr\u00edl 2015<\/strong><\/p>\n\n\n\n<figure id=\"zebra\" class=\"wp-block-table is-style-stripes\"><table><tbody><tr><td class=\"has-text-align-right\" data-align=\"right\">30.04.2015<\/td><td>HOSPOD\u00c1RSKE NOVINY:&nbsp;<a href=\"http:\/\/www.upjs.sk\/public\/media\/7402\/2015-04-30%20HN%20-%20pocit%20palenia%20chodidiel%20-%20Gdovinova.pdf\">Pocit p\u00e1lenia chodidiel<\/a><\/td><\/tr><tr><td class=\"has-text-align-right\" data-align=\"right\">24.04.2015<\/td><td>casopis ZIVOT:&nbsp;<a href=\"http:\/\/www.upjs.sk\/public\/media\/7402\/2015-04-24%20www.zivot.sk%20-%20Maros%20Rudnay%20-%20Lovci%20sarlatanov.pdf\">Medik vyvracia bludy \u0161arlat\u00e1nov<\/a><\/td><\/tr><tr><td class=\"has-text-align-right\" data-align=\"right\">24.04.2015<\/td><td>www.kosickespravy.sk:&nbsp;<a href=\"http:\/\/www.upjs.sk\/public\/media\/7402\/2015-04-24%20www.kosickespravy.sk%20-%20Roadshow.pdf\">Ko\u0161ick\u00ed medici na \u201ezubnej Roadshow\u201c<\/a><\/td><\/tr><tr><td class=\"has-text-align-right\" data-align=\"right\">22.04.2015<\/td><td>agent\u00fara TASR:&nbsp;<a href=\"http:\/\/www.upjs.sk\/public\/media\/7402\/2015-04-22%20TASR%20-%20SPolu%20za%20zdravy%20a%20krasny%20usmev.pdf\">Bud\u00faci zub\u00e1ri v mest\u00e1ch uk\u00e1\u017eu, ako sa spr\u00e1vne stara\u0165 o zuby<\/a><\/td><\/tr><tr><td class=\"has-text-align-right\" data-align=\"right\">20.04.2015<\/td><td>Nov\u00fd \u010das:&nbsp;<a href=\"http:\/\/www.upjs.sk\/public\/media\/7402\/2015-04-24%20Novy%20cas%20-%20student%20s%20dystoniou%20-%20dekan%20Pella.pdf\">\u00daspe\u0161ne \u0161tuduje medic\u00ednu &#8211; Predt\u00fdm sa neh\u00fdbal a bez liekov nezaspal<\/a><\/td><\/tr><tr><td class=\"has-text-align-right\" data-align=\"right\">17.04.2015<\/td><td>www.kosice24.sk:<a href=\"http:\/\/www.upjs.sk\/public\/media\/7402\/2015-04-17%20www.kosice24.sk%20-%20medici%20-%20darovanie%20krvi.pdf\">&nbsp;Medici verzus pr\u00e1vnici: Rozdali si to v netredi\u010dnej discipl\u00edne, a pritom e\u0161te pomohli!<\/a><\/td><\/tr><tr><td class=\"has-text-align-right\" data-align=\"right\">16.04.2015<\/td><td>www.science.sk:&nbsp;<a href=\"http:\/\/www.upjs.sk\/public\/media\/7402\/2015-04-16%20www.science.sk%20-%20probiotika%20-%20UEM%20-%20Bomba.pdf\">Probiotik\u00e1 n\u00e1m m\u00f4\u017eu pom\u00e1ha\u0165 v obrane pred rakovinou<\/a><\/td><\/tr><tr><td class=\"has-text-align-right\" data-align=\"right\">16.04.2015<\/td><td>www.24hod.sk:<a href=\"http:\/\/www.upjs.sk\/public\/media\/7402\/2015-04-16%20www.24hod.sk%20-%20medici%20-darovanie%20krvi.pdf\">&nbsp;Medici v Ko\u0161iciach darovali takmer desa\u0165 litrov krvi<\/a><\/td><\/tr><tr><td class=\"has-text-align-right\" data-align=\"right\">16.04.2015<\/td><td>www.skolskyservis.sk:&nbsp;<a href=\"http:\/\/www.upjs.sk\/public\/media\/7402\/2015-04-16%20www.skolskyservis.sk%20-%20medici%20-%20darovanie%20krvi.pdf\">Medici v Ko\u0161iciach porazili pr\u00e1vnikov. \u00b4S\u00fa\u0165a\u017eilo\u00b4 sa v darovan\u00ed krvi!<\/a><\/td><\/tr><tr><td class=\"has-text-align-right\" data-align=\"right\">16.04.2015<\/td><td>www.kosickespravy.sk:&nbsp;<a href=\"http:\/\/www.upjs.sk\/public\/media\/7402\/2015-04-16%20www.kosickespravy.sk%20-%20Medici%20darovali%20krv.pdf\">Darovali 10 litrov<\/a><\/td><\/tr><tr><td class=\"has-text-align-right\" data-align=\"right\">16.04.2015<\/td><td>agent\u00fara TASR:&nbsp;<a href=\"http:\/\/www.upjs.sk\/public\/media\/7402\/2015-04-16%20TASR%20-%20medici%20darovali%20krv.pdf\">Medici v Ko\u0161iciach darovali takmer desa\u0165 litrov krvi<\/a><\/td><\/tr><tr><td class=\"has-text-align-right\" data-align=\"right\">08.04.2015<\/td><td>Pre\u0161ovsk\u00fd ve\u010dern\u00edk:&nbsp;<a href=\"http:\/\/www.upjs.sk\/public\/media\/7402\/2015-04-08%20Presovsky%20vecernik%20-%20student%20s%20dystoniou.pdf\">Ani z\u00e1va\u017en\u00e1 choroba ho nezlomila. Z voz\u00ed\u010dka na vlastn\u00e9 nohy<\/a><\/td><\/tr><tr><td class=\"has-text-align-right\" data-align=\"right\">07.04.2015<\/td><td>www.kosice24.sk:&nbsp;<a href=\"http:\/\/www.upjs.sk\/public\/media\/7402\/2015-04-07%20-%20www.kosice24.sk%20-%20student%20s%20dystoniou_1.pdf\">Kedysi voz\u00ed\u010dkar, dnes u\u017e \u0161tuduje na medic\u00edne, chodi aj na telocvik!<\/a><\/td><\/tr><tr><td class=\"has-text-align-right\" data-align=\"right\">06.04.2015<\/td><td>agent\u00fara TASR: UPJ\u0160:<a href=\"http:\/\/www.upjs.sk\/public\/media\/7402\/2015-04-06%20TASR%20-%20student%20s%20dystoniou.pdf\">&nbsp;Lek\u00e1rstvo \u0161tuduje mlad\u00edk, ktor\u00fd pred rokmi nedok\u00e1zal s\u00e1m chodi\u0165<\/a><\/td><\/tr><tr><td class=\"has-text-align-right\" data-align=\"right\">06.04.2015<\/td><td>Telev\u00edzia MARK\u00cdZA:&nbsp;<a href=\"http:\/\/www.upjs.sk\/public\/media\/7402\/2015-04-06%20TV%20Markiza%20-%20student%20s%20dystoniou.pdf\">Nev\u0161edn\u00fd \u0161tudent medic\u00edny<\/a><\/td><\/tr><tr><td class=\"has-text-align-right\" data-align=\"right\">06.04.2015<\/td><td>Denn\u00edk KORZ\u00c1R:<a href=\"http:\/\/www.upjs.sk\/public\/media\/7402\/2015-04-06%20KORZAR%20-%20student%20s%20dystoniou.pdf\">&nbsp;Lek\u00e1rstvo v Ko\u0161iciach \u0161tuduje Pre\u0161ov\u010dan, ktor\u00fd pred rokmi nedok\u00e1zal chodi\u0165<\/a><\/td><\/tr><tr><td class=\"has-text-align-right\" data-align=\"right\">05.04.2015<\/td><td>www.topky.sk:&nbsp;<a href=\"http:\/\/www.upjs.sk\/public\/media\/7402\/2015-04-05%20www.topky.sk%20-%20student%20s%20dystoniou.pdf\">Pr\u00edbeh mlad\u00e9ho \u0161tudenta Bra\u0148a je in\u0161piruj\u00faci<\/a><\/td><\/tr><tr><td class=\"has-text-align-right\" data-align=\"right\">01.04.2015<\/td><td>www.skolskyservis.sk:&nbsp;<a href=\"http:\/\/www.upjs.sk\/public\/media\/7402\/2015-04-01%20www.skoslskyservis.sk%20-%20student%20s%20dystoniou.pdf\">Bra\u0148o na UPJ\u0160 \u0161tuduje medic\u00ednu, pred rokmi nedok\u00e1zal s\u00e1m chodi\u0165<\/a><\/td><\/tr><\/tbody><\/table><\/figure>\n\n\n\n<p><strong>Marec 2015<\/strong><\/p>\n\n\n\n<figure id=\"zebra\" class=\"wp-block-table is-style-stripes\"><table><tbody><tr><td class=\"has-text-align-right\" data-align=\"right\">31.03.2015<\/td><td>www.aktuality.ikosice.sk:&nbsp;<a href=\"http:\/\/www.upjs.sk\/public\/media\/7402\/2015-03-31%20www.aktuality.ikosice.sk%20-%20student%20s%20dystoniou.pdf\">Pred rokmi nedok\u00e1zal chodi\u0165, dnes \u0161tuduje medic\u00ednu<\/a><\/td><\/tr><tr><td class=\"has-text-align-right\" data-align=\"right\">30.03.2015<\/td><td>www.kosickespravy.sk:&nbsp;<a href=\"http:\/\/www.upjs.sk\/public\/media\/7402\/2015-03-30%20www.kosickespravy.sk%20-%20Student%20LF%20so%20svalovou%20dystoniou.pdf\">Nechodil, teraz \u0161tuduje medic\u00ednu<\/a><\/td><\/tr><tr><td class=\"has-text-align-right\" data-align=\"right\">28.03.2015<\/td><td>www.skolskyservis.sk:&nbsp;<a href=\"http:\/\/www.upjs.sk\/public\/media\/7402\/2015-03-28%20www.skolskyservis.sk%20-%20posun%20casu%20-%20poruchy%20spanku%20-%20Feketeova.pdf\">Ako vpl\u00fdva posun \u010dasu na \u013eudsk\u00fd organizmus<\/a><\/td><\/tr><tr><td class=\"has-text-align-right\" data-align=\"right\">28.03.2015<\/td><td>Agent\u00fara TASR:&nbsp;<a href=\"http:\/\/www.upjs.sk\/public\/media\/7402\/2015-03-28%20TASR%20-%20posun%20casu%20-%20Feketeova.pdf\">Posun \u010dasu m\u00f4\u017ee pod\u013ea neurologi\u010dky sp\u00f4sobi\u0165 probl\u00e9my najm\u00e4 citlivej\u0161\u00edm \u013eu\u010fom<\/a><\/td><\/tr><tr><td class=\"has-text-align-right\" data-align=\"right\">28.03.2015<\/td><td>www.aktu\u00e1lne.sk:&nbsp;<a href=\"http:\/\/www.upjs.sk\/public\/media\/7402\/2015-03-28%20www.aktualne.sk%20-%20posun%20casu%20-%20Feketeova.pdf\">V\u0161etko o posune \u010dasu, \u010do ste chceli v\u017edy vedie\u0165<\/a><\/td><\/tr><tr><td class=\"has-text-align-right\" data-align=\"right\">28.03.2015<\/td><td>R\u00c1DIO SLOVENSKO:&nbsp;<a href=\"http:\/\/www.upjs.sk\/public\/media\/7402\/2015-03-28%20RADIOSLOVENSKO%20-%20posun%20casu%20-%20Feketeova.pdf\">Za\u010d\u00edna letn\u00fd \u010das<\/a><\/td><\/tr><tr><td class=\"has-text-align-right\" data-align=\"right\">28.03.2015<\/td><td>Telev\u00edzia MARK\u00cdZA:&nbsp;<a href=\"http:\/\/www.upjs.sk\/public\/media\/7402\/2015-03-28%20TV%20MARKIZA%20-%20posun%20casu%20-%20Feketeova.pdf\">Sp\u00edme o hodinu menej<\/a><\/td><\/tr><tr><td class=\"has-text-align-right\" data-align=\"right\">28.03.2015<\/td><td>www.dennikn.sk:&nbsp;<a href=\"http:\/\/www.upjs.sk\/public\/media\/7402\/2015-03-28%20www.dennikn.sk%20-%20posun%20cacu%20-%20Feketeova.pdf\">Letn\u00fd \u010das mnoh\u00fdch roz\u010du\u013euje. Je \u00fapln\u00fdm nezmyslom, alebo m\u00e1 v\u00fdznam?<\/a><\/td><\/tr><tr><td class=\"has-text-align-right\" data-align=\"right\">27.03.2015<\/td><td>Denn\u00edk KO\u0160ICEDNES:&nbsp;<a href=\"http:\/\/www.upjs.sk\/public\/media\/7402\/2015-03-27%20KosiceDnes%20-%20posun%20casu%20-%20Feketeova.pdf\">Zmena \u010dasu &#8211; vst\u00e1va\u0165 sa bude \u0165a\u017e\u0161ie<\/a><\/td><\/tr><tr><td class=\"has-text-align-right\" data-align=\"right\">27.03.2015<\/td><td>R\u00c1DIO KO\u0160ICE:&nbsp;<a href=\"http:\/\/www.upjs.sk\/public\/media\/7402\/2015-03-27%20RADIOKOSICE%20-%20posun%20casu%20-%20Feketeova.pdf\">Po\u010das v\u00edkendu n\u00e1s \u010dak\u00e1 zmena \u010dasu<\/a><\/td><\/tr><tr><td class=\"has-text-align-right\" data-align=\"right\">27.03.2015<\/td><td>www.science.sk:&nbsp;<a href=\"http:\/\/www.upjs.sk\/public\/media\/7402\/2015-03-27%20www.science.sk%20-%20posun%20casu%20-%20Feketeova.pdf\">Pri zmene \u010dasu pom\u00f4\u017ee presnej\u0161\u00ed re\u017eim po\u010das v\u00edkendov<\/a><\/td><\/tr><tr><td class=\"has-text-align-right\" data-align=\"right\">23.03.2015<\/td><td>www.kosickespravy.sk:&nbsp;<a href=\"http:\/\/www.upjs.sk\/public\/media\/7402\/2015-03-23%20www.kosickespravy.sk%20-%20posun%20casu%20-%20Feketeova.pdf\">Posun \u010dasu m\u00f4\u017ee sp\u00f4sobi\u0165 \u00fanavu<\/a><\/td><\/tr><tr><td class=\"has-text-align-right\" data-align=\"right\">23.03.2015<\/td><td>www.kosice24.sk:<a href=\"http:\/\/www.upjs.sk\/public\/media\/7402\/2015-03-23%20www.kosice24.sk%20-%20posun%20casu%20-%20poruchy%20spanku%20-%20Feketeova.pdf\">&nbsp;Posun \u010dasu sp\u00f4sobuje poruchy sp\u00e1nku: Pozrite, kto je pod\u013ea ko\u0161ickej neurologi\u010dky na probl\u00e9my n\u00e1chyln\u00fd!<\/a><\/td><\/tr><tr><td class=\"has-text-align-right\" data-align=\"right\">23.03.2015<\/td><td>Denn\u00edk NOV\u00dd \u010cAS:&nbsp;<a href=\"http:\/\/www.upjs.sk\/public\/media\/7402\/2015-03-23%20N.CAS%20-ustna%20hygiena%20-%20Markovska.pdf\">90 % Slov\u00e1kov napadla najroz\u0161\u00edrenej\u0161ia choroba<\/a><\/td><\/tr><tr><td class=\"has-text-align-right\" data-align=\"right\">20.03.2015<\/td><td>\u010casopis Quark:&nbsp;<a href=\"http:\/\/www.upjs.sk\/public\/media\/7402\/2015-03-20%20Quark%20-%20poruchy%20spanku%20-%20Feketeova.pdf\">Svetov\u00fd de\u0148 zdrav\u00e9ho sp\u00e1nku<\/a><\/td><\/tr><tr><td class=\"has-text-align-right\" data-align=\"right\">18.03.2015<\/td><td>Agent\u00fara TASR:&nbsp;<a href=\"http:\/\/www.upjs.sk\/public\/media\/7402\/2015-03-18%20TASR%20-%20ustna%20hygiena.pdf\">Ako sa stara\u0165 o chrup, uk\u00e1\u017eu medici pred magistr\u00e1tom<\/a><\/td><\/tr><tr><td class=\"has-text-align-right\" data-align=\"right\">17.03.2015<\/td><td>Denn\u00edk KO\u0160ICEDNES:&nbsp;<a href=\"http:\/\/www.upjs.sk\/public\/media\/7402\/2015-03-17%20kosicednes%20-%20poruchy%20spanku%20-Tormasiova.pdf\">Nepodce\u0148ujte poruchy sp\u00e1nku, daj\u00fa sa lie\u010di\u0165<\/a><\/td><\/tr><tr><td class=\"has-text-align-right\" data-align=\"right\">13.03.2015<\/td><td>Denn\u00edk Ko\u0161ice Dnes:&nbsp;<a href=\"http:\/\/www.upjs.sk\/public\/media\/7402\/2015-03-13%20dennik%20KosiceDnes%20-%20rozhovor%20s%20prednostom%20Andrasinom.pdf\">Pacient potrebuje od lek\u00e1ra \u010das a pochopenie<\/a><\/td><\/tr><tr><td class=\"has-text-align-right\" data-align=\"right\">13.03.2015<\/td><td>Telev\u00edzia STV1:&nbsp;<a href=\"http:\/\/www.upjs.sk\/public\/media\/7402\/2015-03-13%20STV%20-%20odmenovanie%20na%20LF%20-%20pozastavenie.pdf\">Sporn\u00fd syst\u00e9m odme\u0148ovania zastavili<\/a><\/td><\/tr><tr><td class=\"has-text-align-right\" data-align=\"right\">11.03.2015<\/td><td>Denn\u00edk KORZ\u00c1R:&nbsp;<a href=\"http:\/\/www.upjs.sk\/public\/media\/7402\/2015-03-11%20KORZAR%20-%20studentka%20LF%20u%20prezidenta.pdf\">\u0160tudentka o oslave MD\u017d: Prezident n\u00e1s v\u0161etky vypo\u010dul<\/a><\/td><\/tr><tr><td class=\"has-text-align-right\" data-align=\"right\">11.03.2015<\/td><td>www.topky.sk: P<a href=\"http:\/\/www.upjs.sk\/public\/media\/7402\/2015-03-11%20topky.sk%20-%20studentka%20LF%20u%20prezidenta.pdf\">rijala pozvanie od prezidenta: Michaela prezradila, ako jej chutil obed s Kiskom<\/a><\/td><\/tr><tr><td class=\"has-text-align-right\" data-align=\"right\">10.03.2015<\/td><td>www.kosice24.sk:&nbsp;<a href=\"http:\/\/www.upjs.sk\/public\/media\/7402\/2015-03-10%20kosice24.sk%20-%20studentka%20LF%20u%20prezidenta.pdf\">\u0160tudentke Mi\u0161ke sa dostalo ve\u013ekej pocty: Pozrite, o \u010dom debatovala na obede s prezidentom Kiskom<\/a><\/td><\/tr><tr><td class=\"has-text-align-right\" data-align=\"right\">10.03.2015<\/td><td>www.kosickespravy.sk:<a href=\"http:\/\/www.upjs.sk\/public\/media\/7402\/2015-03-10%20kosickespravy.sk%20-%20studentka%20LF%20u%20prezidenta.pdf\">&nbsp;Medi\u010dka Michaela obedovala s prezidentom<\/a><\/td><\/tr><tr><td class=\"has-text-align-right\" data-align=\"right\">10.03.2015<\/td><td>www.skolskyservis.sk:<a href=\"http:\/\/www.upjs.sk\/public\/media\/7402\/2015-03-10%20LF%20UPJS%20-%20Studentka%20LF%20UPJS%20na%20obede%20u%20prezidenta.pdf\">&nbsp;\u0160tudentka Lek\u00e1rskej fakulty UPJ\u0160 M. Bodn\u00e1rov\u00e1 obedovala s prezidentom<\/a><\/td><\/tr><tr><td class=\"has-text-align-right\" data-align=\"right\">09.03.2015<\/td><td>Denn\u00edk KORZ\u00c1R:<a href=\"http:\/\/www.upjs.sk\/public\/media\/7402\/2015-03-09%20KORZAR%20-%20studentka%20LF%20u%20prezidenta.pdf\">&nbsp;Ko\u0161ick\u00e1 \u0161tudentka bude obedova\u0165 s prezidentom Kiskom<\/a><\/td><\/tr><tr><td class=\"has-text-align-right\" data-align=\"right\">09.03.2015<\/td><td>Denn\u00edk KORZ\u00c1R:&nbsp;<a href=\"http:\/\/www.upjs.sk\/public\/media\/7402\/2015-03-09%20KORZAR%20-%20Volby%20do%20senatu.pdf\">Univerzita Pavla Jozefa \u0160af\u00e1rika m\u00e1 nov\u00fd sen\u00e1t<\/a><\/td><\/tr><tr><td class=\"has-text-align-right\" data-align=\"right\">07.03.2015<\/td><td>Denn\u00edk SME:&nbsp;<a href=\"http:\/\/www.upjs.sk\/public\/media\/7402\/2015-03-07%20SME%20-%20studentka%20LF%20u%20prezidenta.pdf\">Kiska pozval desa\u0165 \u017eien, vybrali ich n\u00e1hodne<\/a><\/td><\/tr><\/tbody><\/table><\/figure>\n\n\n\n<p><strong>Febru\u00e1r 2015<\/strong><\/p>\n\n\n\n<figure id=\"zebra\" class=\"wp-block-table is-style-stripes\"><table><tbody><tr><td class=\"has-text-align-right\" data-align=\"right\">26.02.2015<\/td><td>Denn\u00edk KO\u0160ICE DNES:&nbsp;<a href=\"http:\/\/www.upjs.sk\/public\/media\/7402\/2015-02-26%20Kosicednes%20-%20Spanok%20-%20Tormasiova.pdf\">Sp\u00e1nok je pravidelne sa opakuj\u00faci stav<\/a><\/td><\/tr><tr><td class=\"has-text-align-right\" data-align=\"right\">26.02.2015<\/td><td>HOSPOD\u00c1RSKE NOVINY:&nbsp;<a href=\"http:\/\/www.upjs.sk\/public\/media\/7402\/2015-02-26%20HOSPODARSKE%20NOVINY%20-%20Pasovy%20opar%20-%20Jarcuska.pdf\">P\u00e1sov\u00fd opar<\/a><\/td><\/tr><tr><td class=\"has-text-align-right\" data-align=\"right\">24.02.2015<\/td><td>\u010casopis ZDRAVIE:&nbsp;<a href=\"http:\/\/www.upjs.sk\/public\/media\/7402\/2015-02-24%20ZDRAVIE%20-%20panika.pdf\">Pozn\u00e1te paniku? N\u00e1zor psychiatra<\/a><\/td><\/tr><tr><td class=\"has-text-align-right\" data-align=\"right\">17.02.2015<\/td><td>Denn\u00edk KORZ\u00c1R:&nbsp;<a href=\"http:\/\/www.upjs.sk\/public\/media\/7402\/2015-02-17%20KORZAR%20-%20zahranicni%20studenti%20-%20dekan%20Pella.pdf\">Zahrani\u010dn\u00fdch medikov v Ko\u0161iciach je trikr\u00e1t viac<\/a><\/td><\/tr><tr><td class=\"has-text-align-right\" data-align=\"right\">10.02.2015<\/td><td>Denn\u00edk KORZ\u00c1R:&nbsp;<a href=\"http:\/\/www.upjs.sk\/public\/media\/7402\/2015-02-10%20dennik%20KORZAR%20-%20Cena%20mesta%20-%20oceneni%20budu%20pracovnici%20LF.pdf\">Cenu mesta z\u00edskaj\u00fa aj dvaja pracovn\u00edci Lek\u00e1rskej fakutly UPJ\u0160<\/a><\/td><\/tr><tr><td class=\"has-text-align-right\" data-align=\"right\">10.02.2015<\/td><td>www.primarnykontakt.sk:&nbsp;<a href=\"http:\/\/www.upjs.sk\/public\/media\/7402\/2015-02-10%20www.primarnykontakt.sk%20-%20zahranicni%20studenti%20-%20Pella.pdf\">Lek\u00e1rska fakulta UPJ\u0160 m\u00e1 tretinu \u0161tudentov zo zahrani\u010dia<\/a><\/td><\/tr><tr><td class=\"has-text-align-right\" data-align=\"right\">05.02.2015<\/td><td>www.skolskyservis.sk:&nbsp;<a href=\"http:\/\/www.upjs.sk\/public\/media\/7402\/2015-02-05%20skolskyservis.sk%20-%20oceneny%20Maretta%20-%20vyjadrenie%20dekana.pdf\">\u0160tudentskou osobnos\u0165ou SR v kateg\u00f3rii lek\u00e1rske vedy je Milan Maretta<\/a><\/td><\/tr><tr><td class=\"has-text-align-right\" data-align=\"right\">05.02.2015<\/td><td>denn\u00edk KORZ\u00c1R:&nbsp;<a href=\"http:\/\/www.upjs.sk\/public\/media\/7402\/2015-02-05%20KORZAR%20-%20oceneny%20student%20Maretta.pdf\">Ocenili medika z ko\u0161ickej UPJ\u0160<\/a><\/td><\/tr><tr><td class=\"has-text-align-right\" data-align=\"right\">03.02.2015<\/td><td>www.kosice24.sk:&nbsp;<a href=\"http:\/\/www.upjs.sk\/public\/media\/7402\/2015-02-03%20www.kosice24.sk%20-%20oceneny%20Maretta.pdf\">Mlad\u00fd medik Milan z\u00edskal v\u00fdznamn\u00e9 ocenenie: V\u00fdskum roz\u0161\u00edril m\u00f4j poh\u013ead na \u013eudsk\u00e9 ochorenia<\/a><\/td><\/tr><tr><td class=\"has-text-align-right\" data-align=\"right\">02.02.2015<\/td><td>R\u00c1DIO KO\u0160ICE:&nbsp;<a href=\"http:\/\/www.lf.upjs.sk\/aktuality\/tema-profesor.mp3\">Rozhovor s ocenen\u00fdm profesorom Kafkom<\/a><\/td><\/tr><tr><td class=\"has-text-align-right\" data-align=\"right\">02.02.2015<\/td><td>www.kosice24.sk:&nbsp;<a href=\"http:\/\/www.upjs.sk\/public\/media\/7402\/2015-02-02%20www.kosice24.sk%20-%20pocet%20zahranicnych%20studentov%20-%20dekan%20Pella.pdf\">Na ko\u0161ickej Lek\u00e1rskej fakulte padol rekord: Po\u010det zahrani\u010dn\u00fdch \u0161tudentov sa zn\u00e1sobil!<\/a><\/td><\/tr><tr><td class=\"has-text-align-right\" data-align=\"right\">01.02.2015<\/td><td>www.skolskyservis.sk:&nbsp;<a href=\"http:\/\/www.upjs.sk\/public\/media\/7402\/2015-02-01%20TASR%20-%20LF%20pocet%20zahranicnych%20studentov.pdf\">Lek\u00e1rska fakulta UPJ\u0160 m\u00e1 tretinu \u0161tudentov zo zahrani\u010dia<\/a><\/td><\/tr><\/tbody><\/table><\/figure>\n\n\n\n<p><strong>Janu\u00e1r 2015<\/strong><\/p>\n\n\n\n<figure id=\"zebra\" class=\"wp-block-table is-style-stripes\"><table><tbody><tr><td class=\"has-text-align-right\" data-align=\"right\">31.01.2015<\/td><td>www.kosickespravy.sk:&nbsp;<a href=\"http:\/\/www.upjs.sk\/public\/media\/7402\/2015-01-31%20www.kosickespravy.sk%20-%20oceneny%20Maretta.pdf\">\u0160tudentsk\u00e1 osobnos\u0165 je z Lek\u00e1rskej fakulty<\/a><\/td><\/tr><tr><td class=\"has-text-align-right\" data-align=\"right\">30.01.2015<\/td><td>Agent\u00fara TASR:&nbsp;<a href=\"http:\/\/www.upjs.sk\/public\/media\/7402\/2015-01-30%20TASR%20-%20ustna%20hygiena%20deti%20-%20Markovska.pdf\">Slovensk\u00e9 deti maj\u00fa jedny z najviac skazen\u00fdch zubov v Eur\u00f3pe<\/a><\/td><\/tr><tr><td class=\"has-text-align-right\" data-align=\"right\">16.01.2015<\/td><td>Denn\u00edk KORZ\u00c1R:&nbsp;<a href=\"http:\/\/www.upjs.sk\/public\/media\/7402\/2015-01-16%20KORZAR%20-%20ocenenie%20prof.%20Kafku.pdf\">Prezident Kiska ocenil ko\u0161ick\u00e9ho profesora<\/a><\/td><\/tr><tr><td class=\"has-text-align-right\" data-align=\"right\">14.01.2015<\/td><td>Denn\u00edk SME:&nbsp;<a href=\"http:\/\/www.upjs.sk\/public\/media\/7402\/2015-01-14%20SME%20-%20Kafka%20-%20znalec%20dusi%20-%20ocenenie.pdf\">Znalec du\u0161\u00ed obvinen\u00fdch<\/a><\/td><\/tr><tr><td class=\"has-text-align-right\" data-align=\"right\">14.01.2015<\/td><td>www.skolskyservis.sk:<a href=\"http:\/\/www.upjs.sk\/public\/media\/7402\/2015-01-14%20www.skolskyservis.sk%20-%20ocenenie%20prof.%20Kafku%20prezidentom-u.pdf\">&nbsp;Prezident SR udelil vyznamenanie pracovn\u00edkovi LF UPJ\u0160 Jozefovi Kafkovi<\/a><\/td><\/tr><tr><td class=\"has-text-align-right\" data-align=\"right\">14.01.2015<\/td><td>www.kosickespravy.sk:&nbsp;<a href=\"http:\/\/www.upjs.sk\/public\/media\/7402\/2015-01-14%20www.kosickespravy.sk%20-%20ocenenie%20prof.%20Kafku%20prezidentom.pdf\">Prezident ocenil aj Ko\u0161i\u010dana<\/a><\/td><\/tr><tr><td class=\"has-text-align-right\" data-align=\"right\">14.01.2015<\/td><td>www.kosice24.sk:&nbsp;<a href=\"http:\/\/www.upjs.sk\/public\/media\/7402\/2015-01-14%20www.skolskyservis.sk%20-%20ocenenie%20prof.%20Kafku%20prezidentom.pdf\">Najvy\u0161\u0161ia pocta: Prezident Kiska udelil \u0161t\u00e1tne vyznamenanie ko\u0161ick\u00e9mu lek\u00e1rovi<\/a><\/td><\/tr><tr><td class=\"has-text-align-right\" data-align=\"right\">08.01.2015<\/td><td>www.mediweb.sk:&nbsp;<a href=\"http:\/\/www.upjs.sk\/public\/media\/7402\/2015-01-08%20www.mediweb.sk%20-%20novinky%20v%20liecbe%20-%20probiotika.pdf\">Novinky v lie\u010dbe za rok 2014<\/a><\/td><\/tr><tr><td class=\"has-text-align-right\" data-align=\"right\">03.01.2015<\/td><td>Denn\u00edk NOV\u00dd \u010cAS:&nbsp;<a href=\"http:\/\/www.upjs.sk\/public\/media\/7402\/2015-01-03%20NOVY%20CAS%20-%20Maretta%20-%20studentstka%20osobnost%20roka.pdf\">Milan je \u0161tudentom roka 2014. U\u013eah\u010duje \u017eivot \u013eu\u010fom s chor\u00fdmi cievami<\/a><\/td><\/tr><tr><td class=\"has-text-align-right\" data-align=\"right\">02.01.2015<\/td><td>www.kosicednes.sk:&nbsp;<a href=\"http:\/\/www.upjs.sk\/public\/media\/7402\/2015-01-02%20www.kosicednes.sk%20-%20doktorandi%20LF%20-%20zmluva%20s%20UNLP%20-%20Pella.pdf\">Doktorandi u\u017e m\u00f4\u017eu pracova\u0165 aj v nemocnici<\/a><\/td><\/tr><\/tbody><\/table><\/figure>\n","protected":false},"excerpt":{"rendered":"<p>December 2015 22.12.2015 www.kosice24.sk:&nbsp;Miroslav Mydl\u00edk v Dvorane sl\u00e1vy slovenskej medic\u00edny ako prv\u00fd profesor z Ko\u0161\u00edc! 17.12.2015 HOSPOD\u00c1RSKE NOVINY:&nbsp;Tich\u00fd zabijak &#8211; rozhovor s prof. Schr\u00e9terom 17.12.2015 ZDRAVOTN\u00cdCKE NOVINY:&nbsp;Pacienti s v\u00edrusom HIV prib\u00fadaj\u00fa 17.12.2015 ZDRAVOTN\u00cdCKE NOVINY:&nbsp;Novinky v lie\u010dbe za rok 2015 16.12.2015 www.skolskyservis.sk:&nbsp;\u0160tudent LF UPJ\u0160 za z\u00fa\u010dastnil na konferencii v \u017deneve 16.12.2015 www.kosickespravy.sk:&nbsp;Ko\u0161ick\u00fd medik v \u017deneve 11.12.2015 &hellip; <a href=\"https:\/\/www.upjs.sk\/lekarska-fakulta\/fakulta\/verejnost-a-media\/fakulta-v-mediach\/archiv2015\/\">\u010c\u00edta\u0165 \u010falej<\/a><\/p>\n","protected":false},"author":31,"featured_media":0,"parent":13911,"menu_order":8,"comment_status":"closed","ping_status":"closed","template":"","meta":{"_acf_changed":false,"_editorskit_title_hidden":false,"_editorskit_reading_time":0,"_editorskit_is_block_options_detached":false,"_editorskit_block_options_position":"{}","footnotes":""},"categories":[],"tags":[],"class_list":["post-73692","page","type-page","status-publish","hentry"],"acf":{"acf_link_na_externy_obsah":""},"yoast_head":"<!-- This site is optimized with the Yoast SEO plugin v27.4 - https:\/\/yoast.com\/product\/yoast-seo-wordpress\/ -->\n<title>Fakulta v m\u00e9di\u00e1ch 2015 - Lek\u00e1rska fakulta | UPJ\u0160<\/title>\n<meta name=\"robots\" content=\"index, follow, max-snippet:-1, max-image-preview:large, max-video-preview:-1\" \/>\n<link rel=\"canonical\" href=\"https:\/\/www.upjs.sk\/lekarska-fakulta\/fakulta\/verejnost-a-media\/fakulta-v-mediach\/archiv2015\/\" \/>\n<meta property=\"og:locale\" content=\"sk_SK\" \/>\n<meta property=\"og:type\" content=\"article\" \/>\n<meta property=\"og:title\" content=\"Fakulta v m\u00e9di\u00e1ch 2015 - Lek\u00e1rska fakulta | UPJ\u0160\" \/>\n<meta property=\"og:description\" content=\"December 2015 22.12.2015 www.kosice24.sk:&nbsp;Miroslav Mydl\u00edk v Dvorane sl\u00e1vy slovenskej medic\u00edny ako prv\u00fd profesor z Ko\u0161\u00edc! 17.12.2015 HOSPOD\u00c1RSKE NOVINY:&nbsp;Tich\u00fd zabijak &#8211; rozhovor s prof. Schr\u00e9terom 17.12.2015 ZDRAVOTN\u00cdCKE NOVINY:&nbsp;Pacienti s v\u00edrusom HIV prib\u00fadaj\u00fa 17.12.2015 ZDRAVOTN\u00cdCKE NOVINY:&nbsp;Novinky v lie\u010dbe za rok 2015 16.12.2015 www.skolskyservis.sk:&nbsp;\u0160tudent LF UPJ\u0160 za z\u00fa\u010dastnil na konferencii v \u017deneve 16.12.2015 www.kosickespravy.sk:&nbsp;Ko\u0161ick\u00fd medik v \u017deneve 11.12.2015 &hellip; \u010c\u00edta\u0165 \u010falej\" \/>\n<meta property=\"og:url\" content=\"https:\/\/www.upjs.sk\/lekarska-fakulta\/fakulta\/verejnost-a-media\/fakulta-v-mediach\/archiv2015\/\" \/>\n<meta property=\"og:site_name\" content=\"Lek\u00e1rska fakulta | UPJ\u0160\" \/>\n<meta property=\"article:modified_time\" content=\"2023-01-19T21:06:41+00:00\" \/>\n<meta name=\"twitter:card\" content=\"summary_large_image\" \/>\n<meta name=\"twitter:label1\" content=\"Predpokladan\u00fd \u010das \u010d\u00edtania\" \/>\n\t<meta name=\"twitter:data1\" content=\"12 min\u00fat\" \/>\n<script type=\"application\/ld+json\" class=\"yoast-schema-graph\">{\"@context\":\"https:\\\/\\\/schema.org\",\"@graph\":[{\"@type\":\"WebPage\",\"@id\":\"https:\\\/\\\/www.upjs.sk\\\/lekarska-fakulta\\\/fakulta\\\/verejnost-a-media\\\/fakulta-v-mediach\\\/archiv2015\\\/\",\"url\":\"https:\\\/\\\/www.upjs.sk\\\/lekarska-fakulta\\\/fakulta\\\/verejnost-a-media\\\/fakulta-v-mediach\\\/archiv2015\\\/\",\"name\":\"Fakulta v m\u00e9di\u00e1ch 2015 - Lek\u00e1rska fakulta | UPJ\u0160\",\"isPartOf\":{\"@id\":\"https:\\\/\\\/www.upjs.sk\\\/lekarska-fakulta\\\/#website\"},\"datePublished\":\"2023-01-19T20:33:43+00:00\",\"dateModified\":\"2023-01-19T21:06:41+00:00\",\"breadcrumb\":{\"@id\":\"https:\\\/\\\/www.upjs.sk\\\/lekarska-fakulta\\\/fakulta\\\/verejnost-a-media\\\/fakulta-v-mediach\\\/archiv2015\\\/#breadcrumb\"},\"inLanguage\":\"sk-SK\",\"potentialAction\":[{\"@type\":\"ReadAction\",\"target\":[\"https:\\\/\\\/www.upjs.sk\\\/lekarska-fakulta\\\/fakulta\\\/verejnost-a-media\\\/fakulta-v-mediach\\\/archiv2015\\\/\"]}]},{\"@type\":\"BreadcrumbList\",\"@id\":\"https:\\\/\\\/www.upjs.sk\\\/lekarska-fakulta\\\/fakulta\\\/verejnost-a-media\\\/fakulta-v-mediach\\\/archiv2015\\\/#breadcrumb\",\"itemListElement\":[{\"@type\":\"ListItem\",\"position\":1,\"name\":\"Home\",\"item\":\"https:\\\/\\\/www.upjs.sk\\\/lekarska-fakulta\\\/\"},{\"@type\":\"ListItem\",\"position\":2,\"name\":\"O fakulte\",\"item\":\"https:\\\/\\\/www.upjs.sk\\\/lekarska-fakulta\\\/fakulta\\\/\"},{\"@type\":\"ListItem\",\"position\":3,\"name\":\"Verejnos\u0165 a m\u00e9di\u00e1\",\"item\":\"https:\\\/\\\/www.upjs.sk\\\/lekarska-fakulta\\\/fakulta\\\/verejnost-a-media\\\/\"},{\"@type\":\"ListItem\",\"position\":4,\"name\":\"Fakulta v m\u00e9di\u00e1ch\",\"item\":\"https:\\\/\\\/www.upjs.sk\\\/lekarska-fakulta\\\/fakulta\\\/verejnost-a-media\\\/fakulta-v-mediach\\\/\"},{\"@type\":\"ListItem\",\"position\":5,\"name\":\"Fakulta v m\u00e9di\u00e1ch 2015\"}]},{\"@type\":\"WebSite\",\"@id\":\"https:\\\/\\\/www.upjs.sk\\\/lekarska-fakulta\\\/#website\",\"url\":\"https:\\\/\\\/www.upjs.sk\\\/lekarska-fakulta\\\/\",\"name\":\"Lek\u00e1rska fakulta | UPJ\u0160\",\"description\":\"\",\"publisher\":{\"@id\":\"https:\\\/\\\/www.upjs.sk\\\/lekarska-fakulta\\\/#organization\"},\"potentialAction\":[{\"@type\":\"SearchAction\",\"target\":{\"@type\":\"EntryPoint\",\"urlTemplate\":\"https:\\\/\\\/www.upjs.sk\\\/lekarska-fakulta\\\/?s={search_term_string}\"},\"query-input\":{\"@type\":\"PropertyValueSpecification\",\"valueRequired\":true,\"valueName\":\"search_term_string\"}}],\"inLanguage\":\"sk-SK\"},{\"@type\":\"Organization\",\"@id\":\"https:\\\/\\\/www.upjs.sk\\\/lekarska-fakulta\\\/#organization\",\"name\":\"Lek\u00e1rska fakulta | UPJ\u0160\",\"url\":\"https:\\\/\\\/www.upjs.sk\\\/lekarska-fakulta\\\/\",\"logo\":{\"@type\":\"ImageObject\",\"inLanguage\":\"sk-SK\",\"@id\":\"https:\\\/\\\/www.upjs.sk\\\/lekarska-fakulta\\\/#\\\/schema\\\/logo\\\/image\\\/\",\"url\":\"https:\\\/\\\/www.upjs.sk\\\/app\\\/uploads\\\/sites\\\/9\\\/2022\\\/09\\\/logo-lekarska-fakulta.png\",\"contentUrl\":\"https:\\\/\\\/www.upjs.sk\\\/app\\\/uploads\\\/sites\\\/9\\\/2022\\\/09\\\/logo-lekarska-fakulta.png\",\"width\":415,\"height\":87,\"caption\":\"Lek\u00e1rska fakulta | UPJ\u0160\"},\"image\":{\"@id\":\"https:\\\/\\\/www.upjs.sk\\\/lekarska-fakulta\\\/#\\\/schema\\\/logo\\\/image\\\/\"}}]}<\/script>\n<!-- \/ Yoast SEO plugin. -->","yoast_head_json":{"title":"Fakulta v m\u00e9di\u00e1ch 2015 - Lek\u00e1rska fakulta | UPJ\u0160","robots":{"index":"index","follow":"follow","max-snippet":"max-snippet:-1","max-image-preview":"max-image-preview:large","max-video-preview":"max-video-preview:-1"},"canonical":"https:\/\/www.upjs.sk\/lekarska-fakulta\/fakulta\/verejnost-a-media\/fakulta-v-mediach\/archiv2015\/","og_locale":"sk_SK","og_type":"article","og_title":"Fakulta v m\u00e9di\u00e1ch 2015 - Lek\u00e1rska fakulta | UPJ\u0160","og_description":"December 2015 22.12.2015 www.kosice24.sk:&nbsp;Miroslav Mydl\u00edk v Dvorane sl\u00e1vy slovenskej medic\u00edny ako prv\u00fd profesor z Ko\u0161\u00edc! 17.12.2015 HOSPOD\u00c1RSKE NOVINY:&nbsp;Tich\u00fd zabijak &#8211; rozhovor s prof. Schr\u00e9terom 17.12.2015 ZDRAVOTN\u00cdCKE NOVINY:&nbsp;Pacienti s v\u00edrusom HIV prib\u00fadaj\u00fa 17.12.2015 ZDRAVOTN\u00cdCKE NOVINY:&nbsp;Novinky v lie\u010dbe za rok 2015 16.12.2015 www.skolskyservis.sk:&nbsp;\u0160tudent LF UPJ\u0160 za z\u00fa\u010dastnil na konferencii v \u017deneve 16.12.2015 www.kosickespravy.sk:&nbsp;Ko\u0161ick\u00fd medik v \u017deneve 11.12.2015 &hellip; \u010c\u00edta\u0165 \u010falej","og_url":"https:\/\/www.upjs.sk\/lekarska-fakulta\/fakulta\/verejnost-a-media\/fakulta-v-mediach\/archiv2015\/","og_site_name":"Lek\u00e1rska fakulta | UPJ\u0160","article_modified_time":"2023-01-19T21:06:41+00:00","twitter_card":"summary_large_image","twitter_misc":{"Predpokladan\u00fd \u010das \u010d\u00edtania":"12 min\u00fat"},"schema":{"@context":"https:\/\/schema.org","@graph":[{"@type":"WebPage","@id":"https:\/\/www.upjs.sk\/lekarska-fakulta\/fakulta\/verejnost-a-media\/fakulta-v-mediach\/archiv2015\/","url":"https:\/\/www.upjs.sk\/lekarska-fakulta\/fakulta\/verejnost-a-media\/fakulta-v-mediach\/archiv2015\/","name":"Fakulta v m\u00e9di\u00e1ch 2015 - Lek\u00e1rska fakulta | UPJ\u0160","isPartOf":{"@id":"https:\/\/www.upjs.sk\/lekarska-fakulta\/#website"},"datePublished":"2023-01-19T20:33:43+00:00","dateModified":"2023-01-19T21:06:41+00:00","breadcrumb":{"@id":"https:\/\/www.upjs.sk\/lekarska-fakulta\/fakulta\/verejnost-a-media\/fakulta-v-mediach\/archiv2015\/#breadcrumb"},"inLanguage":"sk-SK","potentialAction":[{"@type":"ReadAction","target":["https:\/\/www.upjs.sk\/lekarska-fakulta\/fakulta\/verejnost-a-media\/fakulta-v-mediach\/archiv2015\/"]}]},{"@type":"BreadcrumbList","@id":"https:\/\/www.upjs.sk\/lekarska-fakulta\/fakulta\/verejnost-a-media\/fakulta-v-mediach\/archiv2015\/#breadcrumb","itemListElement":[{"@type":"ListItem","position":1,"name":"Home","item":"https:\/\/www.upjs.sk\/lekarska-fakulta\/"},{"@type":"ListItem","position":2,"name":"O fakulte","item":"https:\/\/www.upjs.sk\/lekarska-fakulta\/fakulta\/"},{"@type":"ListItem","position":3,"name":"Verejnos\u0165 a m\u00e9di\u00e1","item":"https:\/\/www.upjs.sk\/lekarska-fakulta\/fakulta\/verejnost-a-media\/"},{"@type":"ListItem","position":4,"name":"Fakulta v m\u00e9di\u00e1ch","item":"https:\/\/www.upjs.sk\/lekarska-fakulta\/fakulta\/verejnost-a-media\/fakulta-v-mediach\/"},{"@type":"ListItem","position":5,"name":"Fakulta v m\u00e9di\u00e1ch 2015"}]},{"@type":"WebSite","@id":"https:\/\/www.upjs.sk\/lekarska-fakulta\/#website","url":"https:\/\/www.upjs.sk\/lekarska-fakulta\/","name":"Lek\u00e1rska fakulta | UPJ\u0160","description":"","publisher":{"@id":"https:\/\/www.upjs.sk\/lekarska-fakulta\/#organization"},"potentialAction":[{"@type":"SearchAction","target":{"@type":"EntryPoint","urlTemplate":"https:\/\/www.upjs.sk\/lekarska-fakulta\/?s={search_term_string}"},"query-input":{"@type":"PropertyValueSpecification","valueRequired":true,"valueName":"search_term_string"}}],"inLanguage":"sk-SK"},{"@type":"Organization","@id":"https:\/\/www.upjs.sk\/lekarska-fakulta\/#organization","name":"Lek\u00e1rska fakulta | UPJ\u0160","url":"https:\/\/www.upjs.sk\/lekarska-fakulta\/","logo":{"@type":"ImageObject","inLanguage":"sk-SK","@id":"https:\/\/www.upjs.sk\/lekarska-fakulta\/#\/schema\/logo\/image\/","url":"https:\/\/www.upjs.sk\/app\/uploads\/sites\/9\/2022\/09\/logo-lekarska-fakulta.png","contentUrl":"https:\/\/www.upjs.sk\/app\/uploads\/sites\/9\/2022\/09\/logo-lekarska-fakulta.png","width":415,"height":87,"caption":"Lek\u00e1rska fakulta | UPJ\u0160"},"image":{"@id":"https:\/\/www.upjs.sk\/lekarska-fakulta\/#\/schema\/logo\/image\/"}}]}},"_links":{"self":[{"href":"https:\/\/www.upjs.sk\/lekarska-fakulta\/wp-json\/wp\/v2\/pages\/73692","targetHints":{"allow":["GET"]}}],"collection":[{"href":"https:\/\/www.upjs.sk\/lekarska-fakulta\/wp-json\/wp\/v2\/pages"}],"about":[{"href":"https:\/\/www.upjs.sk\/lekarska-fakulta\/wp-json\/wp\/v2\/types\/page"}],"author":[{"embeddable":true,"href":"https:\/\/www.upjs.sk\/lekarska-fakulta\/wp-json\/wp\/v2\/users\/31"}],"replies":[{"embeddable":true,"href":"https:\/\/www.upjs.sk\/lekarska-fakulta\/wp-json\/wp\/v2\/comments?post=73692"}],"version-history":[{"count":2,"href":"https:\/\/www.upjs.sk\/lekarska-fakulta\/wp-json\/wp\/v2\/pages\/73692\/revisions"}],"predecessor-version":[{"id":73695,"href":"https:\/\/www.upjs.sk\/lekarska-fakulta\/wp-json\/wp\/v2\/pages\/73692\/revisions\/73695"}],"up":[{"embeddable":true,"href":"https:\/\/www.upjs.sk\/lekarska-fakulta\/wp-json\/wp\/v2\/pages\/13911"}],"wp:attachment":[{"href":"https:\/\/www.upjs.sk\/lekarska-fakulta\/wp-json\/wp\/v2\/media?parent=73692"}],"wp:term":[{"taxonomy":"category","embeddable":true,"href":"https:\/\/www.upjs.sk\/lekarska-fakulta\/wp-json\/wp\/v2\/categories?post=73692"},{"taxonomy":"post_tag","embeddable":true,"href":"https:\/\/www.upjs.sk\/lekarska-fakulta\/wp-json\/wp\/v2\/tags?post=73692"}],"curies":[{"name":"wp","href":"https:\/\/api.w.org\/{rel}","templated":true}]}}